{"id":51051,"date":"2021-08-31T10:49:05","date_gmt":"2021-08-31T10:49:05","guid":{"rendered":"https:\/\/www.vallonchene.fr\/produit\/cedrus-libanii-ssp-brevifolia-kenwith\/"},"modified":"2026-03-06T22:41:13","modified_gmt":"2026-03-06T21:41:13","slug":"cedrus-libanii-ssp-brevifolia-kenwith","status":"publish","type":"product","link":"https:\/\/www.vallonchene.fr\/es\/producto\/cedrus-libanii-ssp-brevifolia-kenwith\/","title":{"rendered":"CEDRUS libanii ssp. brevifolia &#8216;Kenwith&#8217;"},"content":{"rendered":"<p>El <br \/> <strong>CEDRUS libanii ssp. brevifolia &#8216;Kenwith&#8217; <\/strong> forma parte de las plantas predilectas para el <strong>Bons\u00e1i<\/strong>. En efecto, este <strong>cedro de L\u00edbano<\/strong> extremadamente raro se clasifica entre las plantas miniatura. Los bot\u00e1nicos lo consideran una subespecie del cedro del L\u00edbano. En ocasiones, tambi\u00e9n se le conoce con el sin\u00f3nimo de CEDRUS brevifolia &#8216;Kenwith&#8217;.<br \/>\nEl ejemplar de nuestra fotograf\u00eda mide aproximadamente <strong>cuarenta cent\u00edmetros y tiene ocho a\u00f1os de edad.<\/strong> Adem\u00e1s, este con\u00edfero en miniatura <strong>crece solamente entre tres y cuatro cent\u00edmetros al a\u00f1o<\/strong>, con una <strong>forma c\u00f3nica bastante estrecha<\/strong>.<br \/>\nPosee un follaje verde diminuto en comparaci\u00f3n con la especie tipo.<br \/>\nDada su reducida talla, encontrar\u00e1 su lugar en cualquier jard\u00edn.    <\/p>\n<h2>\u00bfC\u00f3mo plantar y cuidar el CEDRUS libanii ssp. brevifolia &#8216;Kenwith&#8217;? <br \/> <\/h2>\n<p>Plante el CEDRUS brevifolia &#8216;Kenwith&#8217; en <strong>tierra, maceta o contenedor<\/strong>. Si lo planta en tierra, evite el desarrollo de malas hierbas alrededor de la planta. Dado su crecimiento extremadamente lento, podr\u00eda ser invadida muy r\u00e1pidamente. Este minicon\u00edfera prefiere el <strong>sol pleno<\/strong>, pero tambi\u00e9n se adapta a un lugar <strong>semi-sombr\u00edo<\/strong>. El suelo puede ser <strong>ligero, normal o pesado<\/strong>, siempre que est\u00e9 <strong>h\u00famedo, moderadamente h\u00famedo o seco<\/strong>, con un <strong>pH \u00e1cido, neutro o calc\u00e1reo<\/strong>. Dado que esta planta crece muy poco, la poda no es necesaria en maceta, contenedor o tierra. Sin embargo, la planta la tolera sin problemas. Siga nuestras <a href=\"https:\/\/www.vallonchene.fr\/comment-planter-et-entretenir-des-vegetaux\/comment-planter-en-pot-pour-la-terrasse\/\"><strong>instrucciones para la plantaci\u00f3n en maceta o contenedor aqu\u00ed<\/strong><\/a> y <strong><a href=\"https:\/\/www.vallonchene.fr\/comment-bien-arroser-le-jardin-et-economiser-leau\/\">nuestros consejos sobre el riego aqu\u00ed<\/a><\/strong>.  <\/p>\n<h2>Historia y Origen<\/h2>\n<p>La especie tipo CEDRUS libanii ssp. brevifolia tiene su origen en las monta\u00f1as de <strong><a href=\"https:\/\/fr.wikipedia.org\/wiki\/Chypre_(pays)\" target=\"_blank\" rel=\"noopener\">Chipre<\/a><\/strong> (<strong><a href=\"https:\/\/fr.wikipedia.org\/wiki\/Massif_de_Tr%C3%B3odos\" target=\"_blank\" rel=\"noopener\">macizo de Troodos<\/a><\/strong>). Esta especie es naturalmente m\u00e1s peque\u00f1a que el CEDRUS libanii (cedro del L\u00edbano). El perfume de su follaje y sus hermosos conos lo convierten en un verdadero tesoro para los jardines ornamentales. Finalmente, <strong><a href=\"https:\/\/fr.wikipedia.org\/wiki\/Joseph_Dalton_Hooker\" target=\"_blank\" rel=\"noopener\">Joseph Dalton Hooker<\/a><\/strong> describi\u00f3 la especie por primera vez en 1880 bajo el nombre de CEDRUS libanii var. brevifolia. Existe una relaci\u00f3n de parentesco entre CEDRUS libanii ssp. brevifolia, CEDRUS libanii y CEDRUS atlantica (cedro del Atlas).  <\/p>\n<p>&nbsp;<\/p>\n","protected":false},"excerpt":{"rendered":"<p>Este <strong>cedro de L\u00edbano<\/strong> es una verdadera miniatura vegetal. El <br \/> <strong>CEDRUS libanii ssp. brevifolia &#8216;Kenwith&#8217; <\/strong> crece en forma de cono muy estrecho. Su follaje es muy corto y verde. Es muy adecuado para Bons\u00e1i.  <\/p>\n","protected":false},"featured_media":51049,"comment_status":"open","ping_status":"closed","template":"","meta":[],"product_brand":[],"product_cat":[11502,11821],"product_tag":[11959,11955],"class_list":{"0":"post-51051","1":"product","2":"type-product","3":"status-publish","4":"has-post-thumbnail","6":"product_cat-coniferas","7":"product_cat-plantas-raras-plantas-de-coleccion","8":"product_tag-cedro-de-libano","9":"product_tag-cedrus-es","10":"pa_99-hauteurapproximativeapres1-20-a-50-cm","11":"pa_couleurdufeuillage-verde","12":"pa_exigencesenhumidite-moderadamente-humedo-a-humedo","13":"pa_exigencesenhumidite-promedio","14":"pa_exigencesenhumidite-seco","15":"pa_expositionspossibles-pleno-sol-de-12-a-17-min","16":"pa_expositionspossibles-sombra-parcial-evitar-el-sol-de-12-a-17-horas","17":"pa_hauteurlivree-100-a-125-cm","18":"pa_hauteurlivree-125-a-150-cm-es","19":"pa_hauteurlivree-15-a-20-cm-es","20":"pa_hauteurlivree-150-a-175-cm-es","21":"pa_hauteurlivree-175-a-200-cm-es","22":"pa_hauteurlivree-20-a-25-cm-es","23":"pa_hauteurlivree-20-a-30-cm-es","24":"pa_hauteurlivree-200-a-250-cm-es","25":"pa_hauteurlivree-25-a-30-cm-es","26":"pa_hauteurlivree-250-a-300-cm-es","27":"pa_hauteurlivree-30-a-40-cm-es","28":"pa_hauteurlivree-40-a-50-cm-es","29":"pa_hauteurlivree-40-a-60-cm-es","30":"pa_hauteurlivree-50-a-60-cm-es","31":"pa_hauteurlivree-60-a-80-cm-es","32":"pa_hauteurlivree-60-cm-en-tallo","33":"pa_hauteurlivree-70-a-80-cm-es","34":"pa_hauteurlivree-80-a-100-cm-es","35":"pa_interetauprintemps-follaje","36":"pa_interetauprintemps-habitus","37":"pa_interetenautomne-follaje","38":"pa_interetenautomne-habitus","39":"pa_interetenete-follaje","40":"pa_interetenete-habitus","41":"pa_interetenhiver-follaje","42":"pa_interetenhiver-habitus","43":"pa_naturedufeuillage-siempreverde","44":"pa_naturesdesolpossibles-ligero","45":"pa_naturesdesolpossibles-normal-es","46":"pa_naturesdesolpossibles-pesado","47":"pa_particularites-adecuado-para-bonsai","48":"pa_particularites-habitus","49":"pa_periodedetaille-marzo","50":"pa_phdusolacceptable-acido-menos-de-6_5","51":"pa_phdusolacceptable-calcareo-mas-de-7_5","52":"pa_phdusolacceptable-neutro-entre-6_5-y-7_5","53":"pa_portgraphisme-conico","54":"pa_portgraphisme-fastigiado","55":"pa_resistanceaufroidrusticite-resistente-hasta-menos-20-c","56":"pa_tailledepot-cepellon","57":"pa_tailledepot-maceta-de-1-litro","58":"pa_tailledepot-maceta-de-1_5-litros","59":"pa_tailledepot-maceta-de-10-litros","60":"pa_tailledepot-maceta-de-12-litros","61":"pa_tailledepot-maceta-de-15-litros","62":"pa_tailledepot-maceta-de-2-litros","63":"pa_tailledepot-maceta-de-20-litros","64":"pa_tailledepot-maceta-de-25-litros","65":"pa_tailledepot-maceta-de-3-litros","66":"pa_tailledepot-maceta-de-30-litros","67":"pa_tailledepot-maceta-de-4-litros","68":"pa_tailledepot-maceta-de-40-litros","69":"pa_tailledepot-maceta-de-45-litros","70":"pa_tailledepot-maceta-de-5-litros","71":"pa_tailledepot-maceta-de-7-cm-es","72":"pa_tailledepot-maceta-de-7_5-litros","73":"pa_tailledepot-planta-joven-en-maceta-de-1-litro","74":"pa_tailledepot-planta-joven-en-maceta-de-8-cm","75":"pa_utilisationpossible-arriate","76":"pa_utilisationpossible-contenedor-o-olla","78":"first","79":"outofstock","80":"taxable","81":"shipping-taxable","82":"purchasable","83":"product-type-variable"},"supplier_id":null,"supplier_sku":"","barcode":null,"atum_controlled":true,"out_stock_date":null,"out_stock_threshold":null,"inheritable":true,"inbound_stock":0,"stock_on_hold":0,"sold_today":0,"sales_last_days":0,"reserved_stock":0,"customer_returns":0,"warehouse_damage":0,"lost_in_post":0,"other_logs":0,"out_stock_days":null,"lost_sales":0,"has_location":false,"update_date":"2026-04-13T07:03:30","atum_locations":[],"atum_stock_status":"instock","restock_status":false,"low_stock_amount":"","sales_update_date":"2025-03-08T09:59:18","calc_backorders":null,"yoast_head":"<!-- This site is optimized with the Yoast SEO Premium plugin v27.5 (Yoast SEO v27.5) - https:\/\/yoast.com\/product\/yoast-seo-premium-wordpress\/ -->\n<title>CEDRUS libanii ssp. brevifolia &#039;Kenwith&#039; - cedro del L\u00edbano<\/title>\n<meta name=\"description\" content=\"Este cedro de L\u00edbano es una verdadera miniatura vegetal. El CEDRUS libanii ssp. brevifolia &#039;Kenwith&#039; crece en forma de cono muy estrecho.\" \/>\n<meta name=\"robots\" content=\"index, follow, max-snippet:-1, max-image-preview:large, max-video-preview:-1\" \/>\n<link rel=\"canonical\" href=\"https:\/\/www.vallonchene.fr\/es\/producto\/cedrus-libanii-ssp-brevifolia-kenwith\/\" \/>\n<meta property=\"og:locale\" content=\"es_ES\" \/>\n<meta property=\"og:type\" content=\"article\" \/>\n<meta property=\"og:title\" content=\"CEDRUS libanii ssp. brevifolia &#039;Kenwith&#039;\" \/>\n<meta property=\"og:description\" content=\"Este cedro de L\u00edbano es una verdadera miniatura vegetal. El CEDRUS libanii ssp. brevifolia &#039;Kenwith&#039; crece en forma de cono muy estrecho.\" \/>\n<meta property=\"og:url\" content=\"https:\/\/www.vallonchene.fr\/es\/producto\/cedrus-libanii-ssp-brevifolia-kenwith\/\" \/>\n<meta property=\"og:site_name\" content=\"Vallonch\u00eane\" \/>\n<meta property=\"article:publisher\" content=\"https:\/\/www.facebook.com\/vallonchene.fr\" \/>\n<meta property=\"article:modified_time\" content=\"2026-03-06T21:41:13+00:00\" \/>\n<meta property=\"og:image\" content=\"https:\/\/www.vallonchene.fr\/wp-content\/uploads\/2024\/02\/CEDRUS-libanii-ssp.-brevifolia-Kenwith.webp\" \/>\n\t<meta property=\"og:image:width\" content=\"1200\" \/>\n\t<meta property=\"og:image:height\" content=\"1200\" \/>\n\t<meta property=\"og:image:type\" content=\"image\/webp\" \/>\n<meta name=\"twitter:card\" content=\"summary_large_image\" \/>\n<meta name=\"twitter:label1\" content=\"Disponibilidad\" \/>\n\t<meta name=\"twitter:data1\" content=\"Agotado\" \/>\n<script type=\"application\/ld+json\" class=\"yoast-schema-graph\">{\"@context\":\"https:\\\/\\\/schema.org\",\"@graph\":[{\"@type\":\"WebPage\",\"@id\":\"https:\\\/\\\/www.vallonchene.fr\\\/es\\\/producto\\\/cedrus-libanii-ssp-brevifolia-kenwith\\\/\",\"url\":\"https:\\\/\\\/www.vallonchene.fr\\\/es\\\/producto\\\/cedrus-libanii-ssp-brevifolia-kenwith\\\/\",\"name\":\"CEDRUS libanii ssp. brevifolia 'Kenwith' - cedro del L\u00edbano\",\"isPartOf\":{\"@id\":\"https:\\\/\\\/www.vallonchene.fr\\\/es\\\/#website\"},\"primaryImageOfPage\":{\"@id\":\"https:\\\/\\\/www.vallonchene.fr\\\/es\\\/producto\\\/cedrus-libanii-ssp-brevifolia-kenwith\\\/#primaryimage\"},\"image\":{\"@id\":\"https:\\\/\\\/www.vallonchene.fr\\\/es\\\/producto\\\/cedrus-libanii-ssp-brevifolia-kenwith\\\/#primaryimage\"},\"thumbnailUrl\":\"https:\\\/\\\/www.vallonchene.fr\\\/wp-content\\\/uploads\\\/2024\\\/02\\\/CEDRUS-libanii-ssp.-brevifolia-Kenwith.webp\",\"datePublished\":\"2021-08-31T10:49:05+00:00\",\"dateModified\":\"2026-03-06T21:41:13+00:00\",\"description\":\"Este cedro de L\u00edbano es una verdadera miniatura vegetal. El CEDRUS libanii ssp. brevifolia 'Kenwith' crece en forma de cono muy estrecho.\",\"breadcrumb\":{\"@id\":\"https:\\\/\\\/www.vallonchene.fr\\\/es\\\/producto\\\/cedrus-libanii-ssp-brevifolia-kenwith\\\/#breadcrumb\"},\"inLanguage\":\"es\",\"potentialAction\":[{\"@type\":\"ReadAction\",\"target\":[\"https:\\\/\\\/www.vallonchene.fr\\\/es\\\/producto\\\/cedrus-libanii-ssp-brevifolia-kenwith\\\/\"]}]},{\"@type\":\"ImageObject\",\"inLanguage\":\"es\",\"@id\":\"https:\\\/\\\/www.vallonchene.fr\\\/es\\\/producto\\\/cedrus-libanii-ssp-brevifolia-kenwith\\\/#primaryimage\",\"url\":\"https:\\\/\\\/www.vallonchene.fr\\\/wp-content\\\/uploads\\\/2024\\\/02\\\/CEDRUS-libanii-ssp.-brevifolia-Kenwith.webp\",\"contentUrl\":\"https:\\\/\\\/www.vallonchene.fr\\\/wp-content\\\/uploads\\\/2024\\\/02\\\/CEDRUS-libanii-ssp.-brevifolia-Kenwith.webp\",\"width\":1200,\"height\":1200,\"caption\":\"Un ejemplar de CEDRUS libanii ssp. brevifolia 'Kenwith' de 40 cm de altura\"},{\"@type\":\"BreadcrumbList\",\"@id\":\"https:\\\/\\\/www.vallonchene.fr\\\/es\\\/producto\\\/cedrus-libanii-ssp-brevifolia-kenwith\\\/#breadcrumb\",\"itemListElement\":[{\"@type\":\"ListItem\",\"position\":1,\"name\":\"Home\",\"item\":\"https:\\\/\\\/www.vallonchene.fr\\\/es\\\/\"},{\"@type\":\"ListItem\",\"position\":2,\"name\":\"Tienda\",\"item\":\"https:\\\/\\\/www.vallonchene.fr\\\/tienda\\\/\"},{\"@type\":\"ListItem\",\"position\":3,\"name\":\"CEDRUS libanii ssp. brevifolia &#8216;Kenwith&#8217;\"}]},{\"@type\":\"WebSite\",\"@id\":\"https:\\\/\\\/www.vallonchene.fr\\\/es\\\/#website\",\"url\":\"https:\\\/\\\/www.vallonchene.fr\\\/es\\\/\",\"name\":\"Vallonch\u00eane\",\"description\":\"El vivero donde la calidad tiene sus ra\u00edces \u2013 Tel.: +33 (0)2.35.90.02.02\",\"publisher\":{\"@id\":\"https:\\\/\\\/www.vallonchene.fr\\\/es\\\/#organization\"},\"potentialAction\":[{\"@type\":\"SearchAction\",\"target\":{\"@type\":\"EntryPoint\",\"urlTemplate\":\"https:\\\/\\\/www.vallonchene.fr\\\/es\\\/?s={search_term_string}\"},\"query-input\":{\"@type\":\"PropertyValueSpecification\",\"valueRequired\":true,\"valueName\":\"search_term_string\"}}],\"inLanguage\":\"es\"},{\"@type\":\"Organization\",\"@id\":\"https:\\\/\\\/www.vallonchene.fr\\\/es\\\/#organization\",\"name\":\"VALLONCHENE\",\"url\":\"https:\\\/\\\/www.vallonchene.fr\\\/es\\\/\",\"logo\":{\"@type\":\"ImageObject\",\"inLanguage\":\"es\",\"@id\":\"https:\\\/\\\/www.vallonchene.fr\\\/es\\\/#\\\/schema\\\/logo\\\/image\\\/\",\"url\":\"https:\\\/\\\/www.vallonchene.fr\\\/wp-content\\\/uploads\\\/2023\\\/03\\\/Logo-Vallonchene-site-et-R_hauteur_100.png\",\"contentUrl\":\"https:\\\/\\\/www.vallonchene.fr\\\/wp-content\\\/uploads\\\/2023\\\/03\\\/Logo-Vallonchene-site-et-R_hauteur_100.png\",\"width\":221,\"height\":100,\"caption\":\"VALLONCHENE\"},\"image\":{\"@id\":\"https:\\\/\\\/www.vallonchene.fr\\\/es\\\/#\\\/schema\\\/logo\\\/image\\\/\"},\"sameAs\":[\"https:\\\/\\\/www.facebook.com\\\/vallonchene.fr\",\"https:\\\/\\\/www.instagram.com\\\/vallonchene\\\/\",\"https:\\\/\\\/www.pinterest.fr\\\/vallonchene\\\/\"],\"taxID\":\"49454502300017\",\"hasMerchantReturnPolicy\":{\"@type\":\"MerchantReturnPolicy\",\"merchantReturnLink\":\"https:\\\/\\\/www.vallonchene.fr\\\/remboursements_retours\\\/\"}}]}<\/script>\n<meta property=\"og:availability\" content=\"out of stock\" \/>\n<meta property=\"product:availability\" content=\"out of stock\" \/>\n<meta property=\"product:retailer_item_id\" content=\"68166\" \/>\n<meta property=\"product:condition\" content=\"new\" \/>\n<!-- \/ Yoast SEO Premium plugin. -->","yoast_head_json":{"title":"CEDRUS libanii ssp. brevifolia 'Kenwith' - cedro del L\u00edbano","description":"Este cedro de L\u00edbano es una verdadera miniatura vegetal. El CEDRUS libanii ssp. brevifolia 'Kenwith' crece en forma de cono muy estrecho.","robots":{"index":"index","follow":"follow","max-snippet":"max-snippet:-1","max-image-preview":"max-image-preview:large","max-video-preview":"max-video-preview:-1"},"canonical":"https:\/\/www.vallonchene.fr\/es\/producto\/cedrus-libanii-ssp-brevifolia-kenwith\/","og_locale":"es_ES","og_type":"article","og_title":"CEDRUS libanii ssp. brevifolia 'Kenwith'","og_description":"Este cedro de L\u00edbano es una verdadera miniatura vegetal. El CEDRUS libanii ssp. brevifolia 'Kenwith' crece en forma de cono muy estrecho.","og_url":"https:\/\/www.vallonchene.fr\/es\/producto\/cedrus-libanii-ssp-brevifolia-kenwith\/","og_site_name":"Vallonch\u00eane","article_publisher":"https:\/\/www.facebook.com\/vallonchene.fr","article_modified_time":"2026-03-06T21:41:13+00:00","og_image":[{"width":1200,"height":1200,"url":"https:\/\/www.vallonchene.fr\/wp-content\/uploads\/2024\/02\/CEDRUS-libanii-ssp.-brevifolia-Kenwith.webp","type":"image\/webp"}],"twitter_card":"summary_large_image","twitter_misc":{"Disponibilidad":"Agotado"},"schema":{"@context":"https:\/\/schema.org","@graph":[{"@type":"WebPage","@id":"https:\/\/www.vallonchene.fr\/es\/producto\/cedrus-libanii-ssp-brevifolia-kenwith\/","url":"https:\/\/www.vallonchene.fr\/es\/producto\/cedrus-libanii-ssp-brevifolia-kenwith\/","name":"CEDRUS libanii ssp. brevifolia 'Kenwith' - cedro del L\u00edbano","isPartOf":{"@id":"https:\/\/www.vallonchene.fr\/es\/#website"},"primaryImageOfPage":{"@id":"https:\/\/www.vallonchene.fr\/es\/producto\/cedrus-libanii-ssp-brevifolia-kenwith\/#primaryimage"},"image":{"@id":"https:\/\/www.vallonchene.fr\/es\/producto\/cedrus-libanii-ssp-brevifolia-kenwith\/#primaryimage"},"thumbnailUrl":"https:\/\/www.vallonchene.fr\/wp-content\/uploads\/2024\/02\/CEDRUS-libanii-ssp.-brevifolia-Kenwith.webp","datePublished":"2021-08-31T10:49:05+00:00","dateModified":"2026-03-06T21:41:13+00:00","description":"Este cedro de L\u00edbano es una verdadera miniatura vegetal. El CEDRUS libanii ssp. brevifolia 'Kenwith' crece en forma de cono muy estrecho.","breadcrumb":{"@id":"https:\/\/www.vallonchene.fr\/es\/producto\/cedrus-libanii-ssp-brevifolia-kenwith\/#breadcrumb"},"inLanguage":"es","potentialAction":[{"@type":"ReadAction","target":["https:\/\/www.vallonchene.fr\/es\/producto\/cedrus-libanii-ssp-brevifolia-kenwith\/"]}]},{"@type":"ImageObject","inLanguage":"es","@id":"https:\/\/www.vallonchene.fr\/es\/producto\/cedrus-libanii-ssp-brevifolia-kenwith\/#primaryimage","url":"https:\/\/www.vallonchene.fr\/wp-content\/uploads\/2024\/02\/CEDRUS-libanii-ssp.-brevifolia-Kenwith.webp","contentUrl":"https:\/\/www.vallonchene.fr\/wp-content\/uploads\/2024\/02\/CEDRUS-libanii-ssp.-brevifolia-Kenwith.webp","width":1200,"height":1200,"caption":"Un ejemplar de CEDRUS libanii ssp. brevifolia 'Kenwith' de 40 cm de altura"},{"@type":"BreadcrumbList","@id":"https:\/\/www.vallonchene.fr\/es\/producto\/cedrus-libanii-ssp-brevifolia-kenwith\/#breadcrumb","itemListElement":[{"@type":"ListItem","position":1,"name":"Home","item":"https:\/\/www.vallonchene.fr\/es\/"},{"@type":"ListItem","position":2,"name":"Tienda","item":"https:\/\/www.vallonchene.fr\/tienda\/"},{"@type":"ListItem","position":3,"name":"CEDRUS libanii ssp. brevifolia &#8216;Kenwith&#8217;"}]},{"@type":"WebSite","@id":"https:\/\/www.vallonchene.fr\/es\/#website","url":"https:\/\/www.vallonchene.fr\/es\/","name":"Vallonch\u00eane","description":"El vivero donde la calidad tiene sus ra\u00edces \u2013 Tel.: +33 (0)2.35.90.02.02","publisher":{"@id":"https:\/\/www.vallonchene.fr\/es\/#organization"},"potentialAction":[{"@type":"SearchAction","target":{"@type":"EntryPoint","urlTemplate":"https:\/\/www.vallonchene.fr\/es\/?s={search_term_string}"},"query-input":{"@type":"PropertyValueSpecification","valueRequired":true,"valueName":"search_term_string"}}],"inLanguage":"es"},{"@type":"Organization","@id":"https:\/\/www.vallonchene.fr\/es\/#organization","name":"VALLONCHENE","url":"https:\/\/www.vallonchene.fr\/es\/","logo":{"@type":"ImageObject","inLanguage":"es","@id":"https:\/\/www.vallonchene.fr\/es\/#\/schema\/logo\/image\/","url":"https:\/\/www.vallonchene.fr\/wp-content\/uploads\/2023\/03\/Logo-Vallonchene-site-et-R_hauteur_100.png","contentUrl":"https:\/\/www.vallonchene.fr\/wp-content\/uploads\/2023\/03\/Logo-Vallonchene-site-et-R_hauteur_100.png","width":221,"height":100,"caption":"VALLONCHENE"},"image":{"@id":"https:\/\/www.vallonchene.fr\/es\/#\/schema\/logo\/image\/"},"sameAs":["https:\/\/www.facebook.com\/vallonchene.fr","https:\/\/www.instagram.com\/vallonchene\/","https:\/\/www.pinterest.fr\/vallonchene\/"],"taxID":"49454502300017","hasMerchantReturnPolicy":{"@type":"MerchantReturnPolicy","merchantReturnLink":"https:\/\/www.vallonchene.fr\/remboursements_retours\/"}}]},"og_availability":"out of stock","product_availability":"out of stock","product_retailer_item_id":"68166","product_condition":"new"},"_links":{"self":[{"href":"https:\/\/www.vallonchene.fr\/es\/wp-json\/wp\/v2\/product\/51051","targetHints":{"allow":["GET"]}}],"collection":[{"href":"https:\/\/www.vallonchene.fr\/es\/wp-json\/wp\/v2\/product"}],"about":[{"href":"https:\/\/www.vallonchene.fr\/es\/wp-json\/wp\/v2\/types\/product"}],"replies":[{"embeddable":true,"href":"https:\/\/www.vallonchene.fr\/es\/wp-json\/wp\/v2\/comments?post=51051"}],"wp:featuredmedia":[{"embeddable":true,"href":"https:\/\/www.vallonchene.fr\/es\/wp-json\/wp\/v2\/media\/51049"}],"wp:attachment":[{"href":"https:\/\/www.vallonchene.fr\/es\/wp-json\/wp\/v2\/media?parent=51051"}],"wp:term":[{"taxonomy":"product_brand","embeddable":true,"href":"https:\/\/www.vallonchene.fr\/es\/wp-json\/wp\/v2\/product_brand?post=51051"},{"taxonomy":"product_cat","embeddable":true,"href":"https:\/\/www.vallonchene.fr\/es\/wp-json\/wp\/v2\/product_cat?post=51051"},{"taxonomy":"product_tag","embeddable":true,"href":"https:\/\/www.vallonchene.fr\/es\/wp-json\/wp\/v2\/product_tag?post=51051"}],"curies":[{"name":"wp","href":"https:\/\/api.w.org\/{rel}","templated":true}]}}