{"id":50875,"date":"2024-11-24T16:27:32","date_gmt":"2024-11-24T15:27:32","guid":{"rendered":"https:\/\/www.vallonchene.fr\/produit\/deutzia-scabra-punctata\/"},"modified":"2025-09-11T15:08:10","modified_gmt":"2025-09-11T13:08:10","slug":"deutzia-scabra-punctata","status":"publish","type":"product","link":"https:\/\/www.vallonchene.fr\/es\/producto\/deutzia-scabra-punctata\/","title":{"rendered":"DEUTZIA scabra &#8216;Punctata&#8217;"},"content":{"rendered":"<h2>La Planta<\/h2>\n<p>La <strong>DEUTZIA scabra &#8216;Punctata&#8217;<\/strong> es una <strong>deutzia \u00e1spera<\/strong> que desarrolla <strong>magn\u00edficas hojas blancas salpicadas de verde<\/strong>. Cuanto m\u00e1s se plante en sombra, m\u00e1s pronunciada ser\u00e1 la variegaci\u00f3n.<br \/>\nPor ello, es la <strong>planta ideal para iluminar los rincones oscuros<\/strong> del jard\u00edn. <\/p>\n<p>Este peque\u00f1o arbusto <strong>no superar\u00e1 entre 1 y 1,50 metros<\/strong> de altura.<br \/>\nA finales de la primavera y comienzos del verano, desarrolla una <strong>multitud de flores blancas ligeramente perfumadas<\/strong>. Estas representan una <strong>fuente de polen<\/strong> interesante para las abejas y los polinizadores, ya que en ese per\u00edodo las flores empiezan a escasear. <\/p>\n<h2>\u00bfC\u00f3mo plantar y cuidar la DEUTZIA scabra &#8216;Punctata&#8217;?<\/h2>\n<h3>La plantaci\u00f3n<br \/><\/h3>\n<p>Para cultivar con \u00e9xito su DEUTZIA scabra &#8216;Punctata&#8217;, observe los siguientes puntos:<\/p>\n<ol>\n<li>Esta deutzia \u00e1spera prefiere un lugar en <strong>semisombra<\/strong> o incluso en <strong>sombra<\/strong>. Sin embargo, puede soportar el pleno sol siempre que el terreno permanezca ligeramente h\u00famedo. <\/li>\n<li>El lugar puede ser <strong>moderadamente h\u00famedo o seco<\/strong>. Si es seco, la planta debe estar obligatoriamente en sombra. <\/li>\n<li>El suelo puede ser <strong>ligero, normal o pesado<\/strong>, con un <strong>pH \u00e1cido, neutro o calc\u00e1reo<\/strong>.<\/li>\n<li>Para una buena preparaci\u00f3n del hoyo de plantaci\u00f3n, hemos dise\u00f1ado <a href=\"https:\/\/www.vallonchene.fr\/comment-planter-et-entretenir-des-vegetaux\/comment-planter-et-entretenir-arbres-arbustes-et-coniferes\/\" target=\"_blank\" rel=\"noreferrer noopener\"><strong>instrucciones espec\u00edficas disponibles aqu\u00ed<\/strong><\/a>.<\/li>\n<\/ol>\n<h3>El cuidado <br \/><\/h3>\n<p>La DEUTZIA scabra &#8216;Punctata&#8217; es una planta de muy f\u00e1cil mantenimiento. No obstante, como ocurre con cualquier planta reci\u00e9n plantada, <strong>debe seguir el riego durante los dos primeros a\u00f1os en los per\u00edodos de sequ\u00eda<\/strong>.  Le invitamos a consultar tambi\u00e9n <a href=\"https:\/\/www.vallonchene.fr\/comment-bien-arroser-le-jardin-et-economiser-leau\/\"><strong>nuestros consejos sobre c\u00f3mo regar correctamente y ahorrar agua aqu\u00ed<\/strong><\/a>.<\/p>\n<p>Si debe realizar una poda de este arbusto, h\u00e1galo en <strong>enero o febrero<\/strong> antes de la nueva brotaci\u00f3n.<\/p>\n<h2>Historia y Origen<\/h2>\n<p>La especie tipo, DEUTZIA scabra, es originaria de Jap\u00f3n y m\u00e1s concretamente de regiones como Kanto o de las islas de Kyushu y Shikoku.<\/p>\n<p>Crece all\u00ed en los bordes de los bosques, en terrenos rocosos, taludes o incluso sobre muros de piedra. Esta capacidad de adaptarse a entornos variados la convierte en una planta robusta y tolerante a los cambios del medio ambiente.<br \/>\nHa sido introducida en China, Europa y Am\u00e9rica del Norte. <\/p>\n<p>La DEUTZIA scabra &#8216;Punctata&#8217; no es una planta silvestre, sino una selecci\u00f3n hort\u00edcola probablemente desarrollada en Europa. Esta planta se utiliza a menudo por sus cualidades est\u00e9ticas en el arte floral, gracias a su follaje \u00fanico y su floraci\u00f3n. Este cultivar sigue siendo relativamente raro.  <\/p>\n<p>&nbsp;<\/p>\n","protected":false},"excerpt":{"rendered":"<p>La <strong>DEUTZIA scabra &#8216;Punctata&#8217;<\/strong> es un peque\u00f1o arbusto de follaje jaspeado, ideal para iluminar las zonas sombreadas del jard\u00edn. Su floraci\u00f3n blanca y perfumada en primavera de esta <strong>deutzia \u00e1spera<\/strong> atrae a las abejas y polinizadores en una \u00e9poca en la que las flores empiezan a escasear. <\/p>\n","protected":false},"featured_media":54641,"comment_status":"open","ping_status":"closed","template":"","meta":[],"product_brand":[],"product_cat":[11499],"product_tag":[],"class_list":{"0":"post-50875","1":"product","2":"type-product","3":"status-publish","4":"has-post-thumbnail","6":"product_cat-arbustos-y-arboles","7":"pa_99-hauteurapproximativeapres1-1_00-a-1_50-m","8":"pa_couleurautomnaledufeuillage-rojo","9":"pa_couleurdesfleurs-blanca","10":"pa_couleurnormaledufeuillage-blanco","11":"pa_couleurnormaledufeuillage-variado","12":"pa_couleurnormaledufeuillage-verde","13":"pa_exigencesenhumidite-moderadamente-humedo-a-humedo","14":"pa_exigencesenhumidite-promedio","15":"pa_exigencesenhumidite-seco","16":"pa_expositionspossibles-sombra-sin-sol-directo","17":"pa_expositionspossibles-sombra-parcial-evitar-el-sol-de-12-a-17-horas","18":"pa_hauteurlivree-20-a-30-cm-es","19":"pa_hauteurlivree-30-a-40-cm-es","20":"pa_interetauprintemps-brotes-jovenes","21":"pa_interetauprintemps-flores","22":"pa_interetauprintemps-follaje","23":"pa_interetenautomne-follaje","24":"pa_interetenete-follaje","25":"pa_naturedufeuillage-caduco","26":"pa_naturesdesolpossibles-ligero","27":"pa_naturesdesolpossibles-normal-es","28":"pa_naturesdesolpossibles-pesado","29":"pa_periodedefloraison-primavera","30":"pa_periodedefloraison-verano","31":"pa_periodedetaille-enero","32":"pa_periodedetaille-febrero","33":"pa_phdusolacceptable-acido-menos-de-6_5","34":"pa_phdusolacceptable-calcareo-mas-de-7_5","35":"pa_phdusolacceptable-neutro-entre-6_5-y-7_5","36":"pa_portgraphisme-arbustivo-es","37":"pa_resistanceaufroidrusticite-resistente-por-debajo-de-menos-20-c","38":"pa_tailledepot-maceta-de-5-litros","39":"pa_utilisationpossible-arriate","40":"pa_utilisationpossible-cerca-viva","41":"pa_utilisationpossible-contenedor-o-olla","43":"first","44":"instock","45":"taxable","46":"shipping-taxable","47":"purchasable","48":"product-type-variable"},"supplier_id":null,"supplier_sku":"","barcode":null,"atum_controlled":true,"out_stock_date":null,"out_stock_threshold":null,"inheritable":true,"inbound_stock":0,"stock_on_hold":0,"sold_today":0,"sales_last_days":0,"reserved_stock":0,"customer_returns":0,"warehouse_damage":0,"lost_in_post":0,"other_logs":0,"out_stock_days":null,"lost_sales":0,"has_location":false,"update_date":"2026-04-29T08:11:35","atum_locations":[],"atum_stock_status":"instock","restock_status":false,"low_stock_amount":"","sales_update_date":"2026-04-29T08:11:35","calc_backorders":null,"yoast_head":"<!-- This site is optimized with the Yoast SEO Premium plugin v27.5 (Yoast SEO v27.5) - https:\/\/yoast.com\/product\/yoast-seo-premium-wordpress\/ -->\n<title>DEUTZIA scabra &#039;Punctata&#039; - deutzia \u00e1spera<\/title>\n<meta name=\"description\" content=\"La DEUTZIA scabra &#039;Punctata&#039; florece en blanco en primavera. Las hojas de esta deutzia \u00e1spera son bastante espectaculares, de color blanco salpicado con verde.\" \/>\n<meta name=\"robots\" content=\"index, follow, max-snippet:-1, max-image-preview:large, max-video-preview:-1\" \/>\n<link rel=\"canonical\" href=\"https:\/\/www.vallonchene.fr\/es\/producto\/deutzia-scabra-punctata\/\" \/>\n<meta property=\"og:locale\" content=\"es_ES\" \/>\n<meta property=\"og:type\" content=\"article\" \/>\n<meta property=\"og:title\" content=\"DEUTZIA scabra &#039;Punctata&#039;\" \/>\n<meta property=\"og:description\" content=\"La DEUTZIA scabra &#039;Punctata&#039; florece en blanco en primavera. Las hojas de esta deutzia \u00e1spera son bastante espectaculares, de color blanco salpicado con verde.\" \/>\n<meta property=\"og:url\" content=\"https:\/\/www.vallonchene.fr\/es\/producto\/deutzia-scabra-punctata\/\" \/>\n<meta property=\"og:site_name\" content=\"Vallonch\u00eane\" \/>\n<meta property=\"article:publisher\" content=\"https:\/\/www.facebook.com\/vallonchene.fr\" \/>\n<meta property=\"article:modified_time\" content=\"2025-09-11T13:08:10+00:00\" \/>\n<meta property=\"og:image\" content=\"https:\/\/www.vallonchene.fr\/wp-content\/uploads\/2025\/09\/IMG_20250910_110056.webp\" \/>\n\t<meta property=\"og:image:width\" content=\"1200\" \/>\n\t<meta property=\"og:image:height\" content=\"1200\" \/>\n\t<meta property=\"og:image:type\" content=\"image\/webp\" \/>\n<meta name=\"twitter:card\" content=\"summary_large_image\" \/>\n<meta name=\"twitter:label1\" content=\"Disponibilidad\" \/>\n\t<meta name=\"twitter:data1\" content=\"En stock\" \/>\n<script type=\"application\/ld+json\" class=\"yoast-schema-graph\">{\"@context\":\"https:\\\/\\\/schema.org\",\"@graph\":[{\"@type\":\"WebPage\",\"@id\":\"https:\\\/\\\/www.vallonchene.fr\\\/es\\\/producto\\\/deutzia-scabra-punctata\\\/\",\"url\":\"https:\\\/\\\/www.vallonchene.fr\\\/es\\\/producto\\\/deutzia-scabra-punctata\\\/\",\"name\":\"DEUTZIA scabra 'Punctata' - deutzia \u00e1spera\",\"isPartOf\":{\"@id\":\"https:\\\/\\\/www.vallonchene.fr\\\/es\\\/#website\"},\"primaryImageOfPage\":{\"@id\":\"https:\\\/\\\/www.vallonchene.fr\\\/es\\\/producto\\\/deutzia-scabra-punctata\\\/#primaryimage\"},\"image\":{\"@id\":\"https:\\\/\\\/www.vallonchene.fr\\\/es\\\/producto\\\/deutzia-scabra-punctata\\\/#primaryimage\"},\"thumbnailUrl\":\"https:\\\/\\\/www.vallonchene.fr\\\/wp-content\\\/uploads\\\/2025\\\/09\\\/IMG_20250910_110056.webp\",\"datePublished\":\"2024-11-24T15:27:32+00:00\",\"dateModified\":\"2025-09-11T13:08:10+00:00\",\"description\":\"La DEUTZIA scabra 'Punctata' florece en blanco en primavera. Las hojas de esta deutzia \u00e1spera son bastante espectaculares, de color blanco salpicado con verde.\",\"breadcrumb\":{\"@id\":\"https:\\\/\\\/www.vallonchene.fr\\\/es\\\/producto\\\/deutzia-scabra-punctata\\\/#breadcrumb\"},\"inLanguage\":\"es\",\"potentialAction\":[{\"@type\":\"ReadAction\",\"target\":[\"https:\\\/\\\/www.vallonchene.fr\\\/es\\\/producto\\\/deutzia-scabra-punctata\\\/\"]}]},{\"@type\":\"ImageObject\",\"inLanguage\":\"es\",\"@id\":\"https:\\\/\\\/www.vallonchene.fr\\\/es\\\/producto\\\/deutzia-scabra-punctata\\\/#primaryimage\",\"url\":\"https:\\\/\\\/www.vallonchene.fr\\\/wp-content\\\/uploads\\\/2025\\\/09\\\/IMG_20250910_110056.webp\",\"contentUrl\":\"https:\\\/\\\/www.vallonchene.fr\\\/wp-content\\\/uploads\\\/2025\\\/09\\\/IMG_20250910_110056.webp\",\"width\":1200,\"height\":1200,\"caption\":\"Follaje estival oscuro verde moteada de blanco del DEUTZIA scabra 'Punctata'\"},{\"@type\":\"BreadcrumbList\",\"@id\":\"https:\\\/\\\/www.vallonchene.fr\\\/es\\\/producto\\\/deutzia-scabra-punctata\\\/#breadcrumb\",\"itemListElement\":[{\"@type\":\"ListItem\",\"position\":1,\"name\":\"Home\",\"item\":\"https:\\\/\\\/www.vallonchene.fr\\\/es\\\/\"},{\"@type\":\"ListItem\",\"position\":2,\"name\":\"Tienda\",\"item\":\"https:\\\/\\\/www.vallonchene.fr\\\/tienda\\\/\"},{\"@type\":\"ListItem\",\"position\":3,\"name\":\"Venta en linea\",\"item\":\"https:\\\/\\\/www.vallonchene.fr\\\/es\\\/categoria-producto\\\/venta-en-linea\\\/\"},{\"@type\":\"ListItem\",\"position\":4,\"name\":\"Vivero\",\"item\":\"https:\\\/\\\/www.vallonchene.fr\\\/es\\\/categoria-producto\\\/venta-en-linea\\\/vivero\\\/\"},{\"@type\":\"ListItem\",\"position\":5,\"name\":\"Arbustos y \u00e1rboles\",\"item\":\"https:\\\/\\\/www.vallonchene.fr\\\/es\\\/categoria-producto\\\/venta-en-linea\\\/vivero\\\/arbustos-y-arboles\\\/\"},{\"@type\":\"ListItem\",\"position\":6,\"name\":\"DEUTZIA scabra &#8216;Punctata&#8217;\"}]},{\"@type\":\"WebSite\",\"@id\":\"https:\\\/\\\/www.vallonchene.fr\\\/es\\\/#website\",\"url\":\"https:\\\/\\\/www.vallonchene.fr\\\/es\\\/\",\"name\":\"Vallonch\u00eane\",\"description\":\"El vivero donde la calidad tiene sus ra\u00edces \u2013 Tel.: +33 (0)2.35.90.02.02\",\"publisher\":{\"@id\":\"https:\\\/\\\/www.vallonchene.fr\\\/es\\\/#organization\"},\"potentialAction\":[{\"@type\":\"SearchAction\",\"target\":{\"@type\":\"EntryPoint\",\"urlTemplate\":\"https:\\\/\\\/www.vallonchene.fr\\\/es\\\/?s={search_term_string}\"},\"query-input\":{\"@type\":\"PropertyValueSpecification\",\"valueRequired\":true,\"valueName\":\"search_term_string\"}}],\"inLanguage\":\"es\"},{\"@type\":\"Organization\",\"@id\":\"https:\\\/\\\/www.vallonchene.fr\\\/es\\\/#organization\",\"name\":\"VALLONCHENE\",\"url\":\"https:\\\/\\\/www.vallonchene.fr\\\/es\\\/\",\"logo\":{\"@type\":\"ImageObject\",\"inLanguage\":\"es\",\"@id\":\"https:\\\/\\\/www.vallonchene.fr\\\/es\\\/#\\\/schema\\\/logo\\\/image\\\/\",\"url\":\"https:\\\/\\\/www.vallonchene.fr\\\/wp-content\\\/uploads\\\/2023\\\/03\\\/Logo-Vallonchene-site-et-R_hauteur_100.png\",\"contentUrl\":\"https:\\\/\\\/www.vallonchene.fr\\\/wp-content\\\/uploads\\\/2023\\\/03\\\/Logo-Vallonchene-site-et-R_hauteur_100.png\",\"width\":221,\"height\":100,\"caption\":\"VALLONCHENE\"},\"image\":{\"@id\":\"https:\\\/\\\/www.vallonchene.fr\\\/es\\\/#\\\/schema\\\/logo\\\/image\\\/\"},\"sameAs\":[\"https:\\\/\\\/www.facebook.com\\\/vallonchene.fr\",\"https:\\\/\\\/www.instagram.com\\\/vallonchene\\\/\",\"https:\\\/\\\/www.pinterest.fr\\\/vallonchene\\\/\"],\"taxID\":\"49454502300017\",\"hasMerchantReturnPolicy\":{\"@type\":\"MerchantReturnPolicy\",\"merchantReturnLink\":\"https:\\\/\\\/www.vallonchene.fr\\\/remboursements_retours\\\/\"}}]}<\/script>\n<meta property=\"og:availability\" content=\"instock\" \/>\n<meta property=\"product:availability\" content=\"instock\" \/>\n<meta property=\"product:condition\" content=\"new\" \/>\n<!-- \/ Yoast SEO Premium plugin. -->","yoast_head_json":{"title":"DEUTZIA scabra 'Punctata' - deutzia \u00e1spera","description":"La DEUTZIA scabra 'Punctata' florece en blanco en primavera. Las hojas de esta deutzia \u00e1spera son bastante espectaculares, de color blanco salpicado con verde.","robots":{"index":"index","follow":"follow","max-snippet":"max-snippet:-1","max-image-preview":"max-image-preview:large","max-video-preview":"max-video-preview:-1"},"canonical":"https:\/\/www.vallonchene.fr\/es\/producto\/deutzia-scabra-punctata\/","og_locale":"es_ES","og_type":"article","og_title":"DEUTZIA scabra 'Punctata'","og_description":"La DEUTZIA scabra 'Punctata' florece en blanco en primavera. Las hojas de esta deutzia \u00e1spera son bastante espectaculares, de color blanco salpicado con verde.","og_url":"https:\/\/www.vallonchene.fr\/es\/producto\/deutzia-scabra-punctata\/","og_site_name":"Vallonch\u00eane","article_publisher":"https:\/\/www.facebook.com\/vallonchene.fr","article_modified_time":"2025-09-11T13:08:10+00:00","og_image":[{"width":1200,"height":1200,"url":"https:\/\/www.vallonchene.fr\/wp-content\/uploads\/2025\/09\/IMG_20250910_110056.webp","type":"image\/webp"}],"twitter_card":"summary_large_image","twitter_misc":{"Disponibilidad":"En stock"},"schema":{"@context":"https:\/\/schema.org","@graph":[{"@type":"WebPage","@id":"https:\/\/www.vallonchene.fr\/es\/producto\/deutzia-scabra-punctata\/","url":"https:\/\/www.vallonchene.fr\/es\/producto\/deutzia-scabra-punctata\/","name":"DEUTZIA scabra 'Punctata' - deutzia \u00e1spera","isPartOf":{"@id":"https:\/\/www.vallonchene.fr\/es\/#website"},"primaryImageOfPage":{"@id":"https:\/\/www.vallonchene.fr\/es\/producto\/deutzia-scabra-punctata\/#primaryimage"},"image":{"@id":"https:\/\/www.vallonchene.fr\/es\/producto\/deutzia-scabra-punctata\/#primaryimage"},"thumbnailUrl":"https:\/\/www.vallonchene.fr\/wp-content\/uploads\/2025\/09\/IMG_20250910_110056.webp","datePublished":"2024-11-24T15:27:32+00:00","dateModified":"2025-09-11T13:08:10+00:00","description":"La DEUTZIA scabra 'Punctata' florece en blanco en primavera. Las hojas de esta deutzia \u00e1spera son bastante espectaculares, de color blanco salpicado con verde.","breadcrumb":{"@id":"https:\/\/www.vallonchene.fr\/es\/producto\/deutzia-scabra-punctata\/#breadcrumb"},"inLanguage":"es","potentialAction":[{"@type":"ReadAction","target":["https:\/\/www.vallonchene.fr\/es\/producto\/deutzia-scabra-punctata\/"]}]},{"@type":"ImageObject","inLanguage":"es","@id":"https:\/\/www.vallonchene.fr\/es\/producto\/deutzia-scabra-punctata\/#primaryimage","url":"https:\/\/www.vallonchene.fr\/wp-content\/uploads\/2025\/09\/IMG_20250910_110056.webp","contentUrl":"https:\/\/www.vallonchene.fr\/wp-content\/uploads\/2025\/09\/IMG_20250910_110056.webp","width":1200,"height":1200,"caption":"Follaje estival oscuro verde moteada de blanco del DEUTZIA scabra 'Punctata'"},{"@type":"BreadcrumbList","@id":"https:\/\/www.vallonchene.fr\/es\/producto\/deutzia-scabra-punctata\/#breadcrumb","itemListElement":[{"@type":"ListItem","position":1,"name":"Home","item":"https:\/\/www.vallonchene.fr\/es\/"},{"@type":"ListItem","position":2,"name":"Tienda","item":"https:\/\/www.vallonchene.fr\/tienda\/"},{"@type":"ListItem","position":3,"name":"Venta en linea","item":"https:\/\/www.vallonchene.fr\/es\/categoria-producto\/venta-en-linea\/"},{"@type":"ListItem","position":4,"name":"Vivero","item":"https:\/\/www.vallonchene.fr\/es\/categoria-producto\/venta-en-linea\/vivero\/"},{"@type":"ListItem","position":5,"name":"Arbustos y \u00e1rboles","item":"https:\/\/www.vallonchene.fr\/es\/categoria-producto\/venta-en-linea\/vivero\/arbustos-y-arboles\/"},{"@type":"ListItem","position":6,"name":"DEUTZIA scabra &#8216;Punctata&#8217;"}]},{"@type":"WebSite","@id":"https:\/\/www.vallonchene.fr\/es\/#website","url":"https:\/\/www.vallonchene.fr\/es\/","name":"Vallonch\u00eane","description":"El vivero donde la calidad tiene sus ra\u00edces \u2013 Tel.: +33 (0)2.35.90.02.02","publisher":{"@id":"https:\/\/www.vallonchene.fr\/es\/#organization"},"potentialAction":[{"@type":"SearchAction","target":{"@type":"EntryPoint","urlTemplate":"https:\/\/www.vallonchene.fr\/es\/?s={search_term_string}"},"query-input":{"@type":"PropertyValueSpecification","valueRequired":true,"valueName":"search_term_string"}}],"inLanguage":"es"},{"@type":"Organization","@id":"https:\/\/www.vallonchene.fr\/es\/#organization","name":"VALLONCHENE","url":"https:\/\/www.vallonchene.fr\/es\/","logo":{"@type":"ImageObject","inLanguage":"es","@id":"https:\/\/www.vallonchene.fr\/es\/#\/schema\/logo\/image\/","url":"https:\/\/www.vallonchene.fr\/wp-content\/uploads\/2023\/03\/Logo-Vallonchene-site-et-R_hauteur_100.png","contentUrl":"https:\/\/www.vallonchene.fr\/wp-content\/uploads\/2023\/03\/Logo-Vallonchene-site-et-R_hauteur_100.png","width":221,"height":100,"caption":"VALLONCHENE"},"image":{"@id":"https:\/\/www.vallonchene.fr\/es\/#\/schema\/logo\/image\/"},"sameAs":["https:\/\/www.facebook.com\/vallonchene.fr","https:\/\/www.instagram.com\/vallonchene\/","https:\/\/www.pinterest.fr\/vallonchene\/"],"taxID":"49454502300017","hasMerchantReturnPolicy":{"@type":"MerchantReturnPolicy","merchantReturnLink":"https:\/\/www.vallonchene.fr\/remboursements_retours\/"}}]},"og_availability":"instock","product_availability":"instock","product_condition":"new"},"_links":{"self":[{"href":"https:\/\/www.vallonchene.fr\/es\/wp-json\/wp\/v2\/product\/50875","targetHints":{"allow":["GET"]}}],"collection":[{"href":"https:\/\/www.vallonchene.fr\/es\/wp-json\/wp\/v2\/product"}],"about":[{"href":"https:\/\/www.vallonchene.fr\/es\/wp-json\/wp\/v2\/types\/product"}],"replies":[{"embeddable":true,"href":"https:\/\/www.vallonchene.fr\/es\/wp-json\/wp\/v2\/comments?post=50875"}],"wp:featuredmedia":[{"embeddable":true,"href":"https:\/\/www.vallonchene.fr\/es\/wp-json\/wp\/v2\/media\/54641"}],"wp:attachment":[{"href":"https:\/\/www.vallonchene.fr\/es\/wp-json\/wp\/v2\/media?parent=50875"}],"wp:term":[{"taxonomy":"product_brand","embeddable":true,"href":"https:\/\/www.vallonchene.fr\/es\/wp-json\/wp\/v2\/product_brand?post=50875"},{"taxonomy":"product_cat","embeddable":true,"href":"https:\/\/www.vallonchene.fr\/es\/wp-json\/wp\/v2\/product_cat?post=50875"},{"taxonomy":"product_tag","embeddable":true,"href":"https:\/\/www.vallonchene.fr\/es\/wp-json\/wp\/v2\/product_tag?post=50875"}],"curies":[{"name":"wp","href":"https:\/\/api.w.org\/{rel}","templated":true}]}}