{"id":50861,"date":"2021-08-31T11:42:40","date_gmt":"2021-08-31T11:42:40","guid":{"rendered":"https:\/\/www.vallonchene.fr\/?post_type=product&#038;p=50861"},"modified":"2024-12-12T10:26:44","modified_gmt":"2024-12-12T09:26:44","slug":"viburnum-furcatum","status":"publish","type":"product","link":"https:\/\/www.vallonchene.fr\/es\/producto\/viburnum-furcatum\/","title":{"rendered":"VIBURNUM furcatum"},"content":{"rendered":"<h2>La Planta<\/h2>\n<p>El <strong>VIBURNUM furcatum<\/strong> tambi\u00e9n se conoce como Viburnum bifurcado. Este arbusto raro, muy apreciado por los coleccionistas, es una verdadera maravilla:<\/p>\n<ul>\n<li>En primavera, es uno de los primeros Viburnums en florecer. Sus <strong>flores gr\u00e1ciles son gigantes, blancas y planas<\/strong>. Ser\u00e1n un fest\u00edn para las abejas.<\/li>\n<li>Luego, la planta desarrolla su <strong>follaje acanalado<\/strong>. Al brotar, adquiere un color verde tierno acompa\u00f1ado de un magn\u00edfico tomento blanquecino. Las <strong>grandes hojas son bastante redondeadas y decorativas<\/strong>.<\/li>\n<li>En verano, <strong>frutos rojos<\/strong> suceden a las flores.<\/li>\n<li>En oto\u00f1o, el follaje adquiere <strong>colores llamativos en tonos naranja, rojo y amarillo<\/strong>.<\/li>\n<li>Finalmente, en invierno, la planta se realza con su aspecto gr\u00e1fico y su <strong>desarrollo en niveles<\/strong>.<\/li>\n<\/ul>\n<p>El Viburnum bifurcado crece lentamente. Por esta raz\u00f3n, encuentra su lugar en jardines de todos los tama\u00f1os. En el <strong><a href=\"https:\/\/jardin.vallonchene.fr\">Jard\u00edn de Vallonch\u00eane<\/a><\/strong>, la planta ha resistido temperaturas de hasta -22 \u00b0C.<\/p>\n<p>Para visualizar todos los VIBURNUM actualmente disponibles para la venta, <strong><a href=\"https:\/\/www.vallonchene.fr\/?s=viburnum&amp;post_type=product&amp;dgwt_wcas=1&amp;lang=fr&amp;filter_stock_status=instock\">por favor haga clic aqu\u00ed<\/a><\/strong>.<\/p>\n<h2>Como plantar el VIBURNUM furcatum ?<\/h2>\n<p>Plante el arbusto en un <strong>suelo ligero o normal<\/strong> con un <strong>pH \u00e1cido, neutro o calc\u00e1reo<\/strong>. El lugar puede ser <strong>h\u00famedo, medianamente h\u00famedo o seco<\/strong>. Le gusta el <strong>sol pleno<\/strong> y tambi\u00e9n se adapta a la <strong>semisombra<\/strong>.<\/p>\n<p><strong>Consejo<\/strong>: Evite los lugares excesivamente h\u00famedos en invierno y asegure una buena humedad durante los per\u00edodos secos de primavera y verano.<\/p>\n<p><strong>Astuce<\/strong> : \u00c9vitez les lieux excessivement humides en hiver et assurez une bonne humidit\u00e9 pendant les p\u00e9riodes s\u00e8ches du printemps et de l&#8217;\u00e9t\u00e9.<\/p>\n<p>Puede <strong>podar el Viburnum bifurcado en marzo<\/strong> antes de que brote.<\/p>\n<p>En resumen, es una planta <strong>bastante f\u00e1cil de cultivar<\/strong>.<\/p>\n<p>Para una buena preparaci\u00f3n de la maceta o del agujero de plantaci\u00f3n, hemos elaborado unas <strong><a href=\"https:\/\/www.vallonchene.fr\/es\/como-plantar-y-mantener-plantas\/guia-para-plantar-y-cuidar-arboles-arbustos-y-coniferas\/\">instrucciones espec\u00edficas disponibles aqu\u00ed<\/a><\/strong>.<br \/>\nLe invitamos a consultar tambi\u00e9n <strong><a href=\"https:\/\/www.vallonchene.fr\/es\/como-regar-bien-el-jardin-y-ahorrar-agua\/\">nuestros consejos sobre c\u00f3mo regar correctamente y ahorrar agua aqu\u00ed<\/a><\/strong>.<\/p>\n<h2>Historia y Origne<\/h2>\n<p>Esta especie tiene su origen en las monta\u00f1as de <strong><a href=\"https:\/\/es.wikipedia.org\/wiki\/Sichuan\" target=\"_blank\" rel=\"noopener\">Sichuan<\/a><\/strong> y <strong><a href=\"https:\/\/es.wikipedia.org\/wiki\/Yunnan\" target=\"_blank\" rel=\"noopener\">Yunnan<\/a><\/strong> en China, a altitudes de 1.800 a 3.000 metros. All\u00ed crece en un clima fresco y h\u00famedo.<\/p>\n<p>El bot\u00e1nico Jean-Marie Delavay descubri\u00f3 el <em>VIBURNUM furcatum<\/em> en el siglo XX. Fue introducido en Europa en los a\u00f1os 1900.<\/p>\n<p>En la medicina tradicional china, es apreciado por sus propiedades antiinflamatorias y antibacterianas.<\/p>\n","protected":false},"excerpt":{"rendered":"<p>El <strong>viburnum bifurcado<\/strong> es una planta interesante por sus flores blancas y planas en primavera. El follaje del <strong>VIBURNUM furcatum<\/strong> es verde y acanalado. Adquiere unos colores oto\u00f1ales magn\u00edficos. Esta planta tiene un dise\u00f1o gr\u00e1fico notable.<\/p>\n","protected":false},"featured_media":50859,"comment_status":"open","ping_status":"closed","template":"","meta":[],"product_brand":[],"product_cat":[11499,11821],"product_tag":[],"class_list":{"0":"post-50861","1":"product","2":"type-product","3":"status-publish","4":"has-post-thumbnail","6":"product_cat-arbustos-y-arboles","7":"product_cat-plantas-raras-plantas-de-coleccion","8":"pa_99-hauteurapproximativeapres1-1-00-a-1-50-m","9":"pa_couleurdesfleurs-blanca","10":"pa_couleurdufeuillage-verde","11":"pa_exigencesenhumidite-moderadamente-humedo-a-humedo","12":"pa_exigencesenhumidite-promedio","13":"pa_exigencesenhumidite-seco","14":"pa_expositionspossibles-pleno-sol-de-12-a-17-min","15":"pa_expositionspossibles-sombra-parcial-evitar-el-sol-de-12-a-17-horas","16":"pa_hauteurlivree-25-a-30-cm-es","17":"pa_hauteurlivree-30-a-40-cm-es","18":"pa_hauteurlivree-40-a-50-cm-es","19":"pa_hauteurlivree-40-a-60-cm-es","20":"pa_hauteurlivree-50-a-60-cm-es","21":"pa_interetauprintemps-flores","22":"pa_interetauprintemps-follaje","23":"pa_interetauprintemps-habitus","24":"pa_interetenautomne-follaje","25":"pa_interetenautomne-habitus","26":"pa_interetenete-follaje","27":"pa_interetenete-habitus","28":"pa_interetenhiver-habitus","29":"pa_naturedufeuillage-caduco","30":"pa_naturesdesolpossibles-ligero","31":"pa_naturesdesolpossibles-normal-es","32":"pa_particularites-habitus","33":"pa_periodedefloraison-primavera","34":"pa_periodedetaille-marzo","35":"pa_phdusolacceptable-acido-menos-de-6_5","36":"pa_phdusolacceptable-calcareo-mas-de-7_5","37":"pa_phdusolacceptable-neutro-entre-6_5-y-7_5","38":"pa_portgraphisme-infundibuliforme","39":"pa_resistanceaufroidrusticite-resistente-por-debajo-de-menos-20-c","40":"pa_tailledepot-maceta-de-3-litros","41":"pa_tailledepot-maceta-de-5-litros","42":"pa_tailledepot-maceta-de-7_5-litros","43":"pa_utilisationpossible-arriate","44":"pa_utilisationpossible-cerca-viva","45":"pa_utilisationpossible-contenedor-o-olla","47":"first","48":"instock","49":"taxable","50":"shipping-taxable","51":"purchasable","52":"product-type-variable","53":"has-default-attributes"},"supplier_id":null,"supplier_sku":"","barcode":null,"atum_controlled":true,"out_stock_date":null,"out_stock_threshold":null,"inheritable":true,"inbound_stock":0,"stock_on_hold":0,"sold_today":0,"sales_last_days":0,"reserved_stock":0,"customer_returns":0,"warehouse_damage":0,"lost_in_post":0,"other_logs":0,"out_stock_days":null,"lost_sales":0,"has_location":false,"update_date":"2026-03-20T13:35:09","atum_locations":[],"atum_stock_status":"outofstock","restock_status":false,"low_stock_amount":"","sales_update_date":"2024-07-11T11:13:24","calc_backorders":null,"yoast_head":"<!-- This site is optimized with the Yoast SEO Premium plugin v27.5 (Yoast SEO v27.5) - https:\/\/yoast.com\/product\/yoast-seo-premium-wordpress\/ -->\n<title>VIBURNUM furcatum - viburnum bifurcada<\/title>\n<meta name=\"description\" content=\"La viburnum bifurcada es una planta interesante por sus flores blancas y planas en primavera. El follaje de la VIBURNUM furcatum es verde y acanalado.\" \/>\n<meta name=\"robots\" content=\"index, follow, max-snippet:-1, max-image-preview:large, max-video-preview:-1\" \/>\n<link rel=\"canonical\" href=\"https:\/\/www.vallonchene.fr\/es\/producto\/viburnum-furcatum\/\" \/>\n<meta property=\"og:locale\" content=\"es_ES\" \/>\n<meta property=\"og:type\" content=\"article\" \/>\n<meta property=\"og:title\" content=\"VIBURNUM furcatum\" \/>\n<meta property=\"og:description\" content=\"La viburnum bifurcada es una planta interesante por sus flores blancas y planas en primavera. El follaje de la VIBURNUM furcatum es verde y acanalado.\" \/>\n<meta property=\"og:url\" content=\"https:\/\/www.vallonchene.fr\/es\/producto\/viburnum-furcatum\/\" \/>\n<meta property=\"og:site_name\" content=\"Vallonch\u00eane\" \/>\n<meta property=\"article:publisher\" content=\"https:\/\/www.facebook.com\/vallonchene.fr\" \/>\n<meta property=\"article:modified_time\" content=\"2024-12-12T09:26:44+00:00\" \/>\n<meta property=\"og:image\" content=\"https:\/\/www.vallonchene.fr\/wp-content\/uploads\/2024\/03\/5953.webp\" \/>\n\t<meta property=\"og:image:width\" content=\"1200\" \/>\n\t<meta property=\"og:image:height\" content=\"1200\" \/>\n\t<meta property=\"og:image:type\" content=\"image\/webp\" \/>\n<meta name=\"twitter:card\" content=\"summary_large_image\" \/>\n<meta name=\"twitter:label1\" content=\"Disponibilidad\" \/>\n\t<meta name=\"twitter:data1\" content=\"En stock\" \/>\n<script type=\"application\/ld+json\" class=\"yoast-schema-graph\">{\"@context\":\"https:\\\/\\\/schema.org\",\"@graph\":[{\"@type\":\"WebPage\",\"@id\":\"https:\\\/\\\/www.vallonchene.fr\\\/es\\\/producto\\\/viburnum-furcatum\\\/\",\"url\":\"https:\\\/\\\/www.vallonchene.fr\\\/es\\\/producto\\\/viburnum-furcatum\\\/\",\"name\":\"VIBURNUM furcatum - viburnum bifurcada\",\"isPartOf\":{\"@id\":\"https:\\\/\\\/www.vallonchene.fr\\\/es\\\/#website\"},\"primaryImageOfPage\":{\"@id\":\"https:\\\/\\\/www.vallonchene.fr\\\/es\\\/producto\\\/viburnum-furcatum\\\/#primaryimage\"},\"image\":{\"@id\":\"https:\\\/\\\/www.vallonchene.fr\\\/es\\\/producto\\\/viburnum-furcatum\\\/#primaryimage\"},\"thumbnailUrl\":\"https:\\\/\\\/www.vallonchene.fr\\\/wp-content\\\/uploads\\\/2024\\\/03\\\/5953.webp\",\"datePublished\":\"2021-08-31T11:42:40+00:00\",\"dateModified\":\"2024-12-12T09:26:44+00:00\",\"description\":\"La viburnum bifurcada es una planta interesante por sus flores blancas y planas en primavera. El follaje de la VIBURNUM furcatum es verde y acanalado.\",\"breadcrumb\":{\"@id\":\"https:\\\/\\\/www.vallonchene.fr\\\/es\\\/producto\\\/viburnum-furcatum\\\/#breadcrumb\"},\"inLanguage\":\"es\",\"potentialAction\":[{\"@type\":\"ReadAction\",\"target\":[\"https:\\\/\\\/www.vallonchene.fr\\\/es\\\/producto\\\/viburnum-furcatum\\\/\"]}]},{\"@type\":\"ImageObject\",\"inLanguage\":\"es\",\"@id\":\"https:\\\/\\\/www.vallonchene.fr\\\/es\\\/producto\\\/viburnum-furcatum\\\/#primaryimage\",\"url\":\"https:\\\/\\\/www.vallonchene.fr\\\/wp-content\\\/uploads\\\/2024\\\/03\\\/5953.webp\",\"contentUrl\":\"https:\\\/\\\/www.vallonchene.fr\\\/wp-content\\\/uploads\\\/2024\\\/03\\\/5953.webp\",\"width\":1200,\"height\":1200,\"caption\":\"Primer plano de las flores blancas del VIBURNUM furcatum.\"},{\"@type\":\"BreadcrumbList\",\"@id\":\"https:\\\/\\\/www.vallonchene.fr\\\/es\\\/producto\\\/viburnum-furcatum\\\/#breadcrumb\",\"itemListElement\":[{\"@type\":\"ListItem\",\"position\":1,\"name\":\"Home\",\"item\":\"https:\\\/\\\/www.vallonchene.fr\\\/es\\\/\"},{\"@type\":\"ListItem\",\"position\":2,\"name\":\"Tienda\",\"item\":\"https:\\\/\\\/www.vallonchene.fr\\\/tienda\\\/\"},{\"@type\":\"ListItem\",\"position\":3,\"name\":\"Venta en linea\",\"item\":\"https:\\\/\\\/www.vallonchene.fr\\\/es\\\/categoria-producto\\\/venta-en-linea\\\/\"},{\"@type\":\"ListItem\",\"position\":4,\"name\":\"Vivero\",\"item\":\"https:\\\/\\\/www.vallonchene.fr\\\/es\\\/categoria-producto\\\/venta-en-linea\\\/vivero\\\/\"},{\"@type\":\"ListItem\",\"position\":5,\"name\":\"Plantas raras (plantas de colecci\u00f3n)\",\"item\":\"https:\\\/\\\/www.vallonchene.fr\\\/es\\\/categoria-producto\\\/venta-en-linea\\\/vivero\\\/plantas-raras-plantas-de-coleccion\\\/\"},{\"@type\":\"ListItem\",\"position\":6,\"name\":\"VIBURNUM furcatum\"}]},{\"@type\":\"WebSite\",\"@id\":\"https:\\\/\\\/www.vallonchene.fr\\\/es\\\/#website\",\"url\":\"https:\\\/\\\/www.vallonchene.fr\\\/es\\\/\",\"name\":\"Vallonch\u00eane\",\"description\":\"El vivero donde la calidad tiene sus ra\u00edces \u2013 Tel.: +33 (0)2.35.90.02.02\",\"publisher\":{\"@id\":\"https:\\\/\\\/www.vallonchene.fr\\\/es\\\/#organization\"},\"potentialAction\":[{\"@type\":\"SearchAction\",\"target\":{\"@type\":\"EntryPoint\",\"urlTemplate\":\"https:\\\/\\\/www.vallonchene.fr\\\/es\\\/?s={search_term_string}\"},\"query-input\":{\"@type\":\"PropertyValueSpecification\",\"valueRequired\":true,\"valueName\":\"search_term_string\"}}],\"inLanguage\":\"es\"},{\"@type\":\"Organization\",\"@id\":\"https:\\\/\\\/www.vallonchene.fr\\\/es\\\/#organization\",\"name\":\"VALLONCHENE\",\"url\":\"https:\\\/\\\/www.vallonchene.fr\\\/es\\\/\",\"logo\":{\"@type\":\"ImageObject\",\"inLanguage\":\"es\",\"@id\":\"https:\\\/\\\/www.vallonchene.fr\\\/es\\\/#\\\/schema\\\/logo\\\/image\\\/\",\"url\":\"https:\\\/\\\/www.vallonchene.fr\\\/wp-content\\\/uploads\\\/2023\\\/03\\\/Logo-Vallonchene-site-et-R_hauteur_100.png\",\"contentUrl\":\"https:\\\/\\\/www.vallonchene.fr\\\/wp-content\\\/uploads\\\/2023\\\/03\\\/Logo-Vallonchene-site-et-R_hauteur_100.png\",\"width\":221,\"height\":100,\"caption\":\"VALLONCHENE\"},\"image\":{\"@id\":\"https:\\\/\\\/www.vallonchene.fr\\\/es\\\/#\\\/schema\\\/logo\\\/image\\\/\"},\"sameAs\":[\"https:\\\/\\\/www.facebook.com\\\/vallonchene.fr\",\"https:\\\/\\\/www.instagram.com\\\/vallonchene\\\/\",\"https:\\\/\\\/www.pinterest.fr\\\/vallonchene\\\/\"],\"taxID\":\"49454502300017\",\"hasMerchantReturnPolicy\":{\"@type\":\"MerchantReturnPolicy\",\"merchantReturnLink\":\"https:\\\/\\\/www.vallonchene.fr\\\/remboursements_retours\\\/\"}}]}<\/script>\n<meta property=\"og:availability\" content=\"instock\" \/>\n<meta property=\"product:availability\" content=\"instock\" \/>\n<meta property=\"product:condition\" content=\"new\" \/>\n<!-- \/ Yoast SEO Premium plugin. -->","yoast_head_json":{"title":"VIBURNUM furcatum - viburnum bifurcada","description":"La viburnum bifurcada es una planta interesante por sus flores blancas y planas en primavera. El follaje de la VIBURNUM furcatum es verde y acanalado.","robots":{"index":"index","follow":"follow","max-snippet":"max-snippet:-1","max-image-preview":"max-image-preview:large","max-video-preview":"max-video-preview:-1"},"canonical":"https:\/\/www.vallonchene.fr\/es\/producto\/viburnum-furcatum\/","og_locale":"es_ES","og_type":"article","og_title":"VIBURNUM furcatum","og_description":"La viburnum bifurcada es una planta interesante por sus flores blancas y planas en primavera. El follaje de la VIBURNUM furcatum es verde y acanalado.","og_url":"https:\/\/www.vallonchene.fr\/es\/producto\/viburnum-furcatum\/","og_site_name":"Vallonch\u00eane","article_publisher":"https:\/\/www.facebook.com\/vallonchene.fr","article_modified_time":"2024-12-12T09:26:44+00:00","og_image":[{"width":1200,"height":1200,"url":"https:\/\/www.vallonchene.fr\/wp-content\/uploads\/2024\/03\/5953.webp","type":"image\/webp"}],"twitter_card":"summary_large_image","twitter_misc":{"Disponibilidad":"En stock"},"schema":{"@context":"https:\/\/schema.org","@graph":[{"@type":"WebPage","@id":"https:\/\/www.vallonchene.fr\/es\/producto\/viburnum-furcatum\/","url":"https:\/\/www.vallonchene.fr\/es\/producto\/viburnum-furcatum\/","name":"VIBURNUM furcatum - viburnum bifurcada","isPartOf":{"@id":"https:\/\/www.vallonchene.fr\/es\/#website"},"primaryImageOfPage":{"@id":"https:\/\/www.vallonchene.fr\/es\/producto\/viburnum-furcatum\/#primaryimage"},"image":{"@id":"https:\/\/www.vallonchene.fr\/es\/producto\/viburnum-furcatum\/#primaryimage"},"thumbnailUrl":"https:\/\/www.vallonchene.fr\/wp-content\/uploads\/2024\/03\/5953.webp","datePublished":"2021-08-31T11:42:40+00:00","dateModified":"2024-12-12T09:26:44+00:00","description":"La viburnum bifurcada es una planta interesante por sus flores blancas y planas en primavera. El follaje de la VIBURNUM furcatum es verde y acanalado.","breadcrumb":{"@id":"https:\/\/www.vallonchene.fr\/es\/producto\/viburnum-furcatum\/#breadcrumb"},"inLanguage":"es","potentialAction":[{"@type":"ReadAction","target":["https:\/\/www.vallonchene.fr\/es\/producto\/viburnum-furcatum\/"]}]},{"@type":"ImageObject","inLanguage":"es","@id":"https:\/\/www.vallonchene.fr\/es\/producto\/viburnum-furcatum\/#primaryimage","url":"https:\/\/www.vallonchene.fr\/wp-content\/uploads\/2024\/03\/5953.webp","contentUrl":"https:\/\/www.vallonchene.fr\/wp-content\/uploads\/2024\/03\/5953.webp","width":1200,"height":1200,"caption":"Primer plano de las flores blancas del VIBURNUM furcatum."},{"@type":"BreadcrumbList","@id":"https:\/\/www.vallonchene.fr\/es\/producto\/viburnum-furcatum\/#breadcrumb","itemListElement":[{"@type":"ListItem","position":1,"name":"Home","item":"https:\/\/www.vallonchene.fr\/es\/"},{"@type":"ListItem","position":2,"name":"Tienda","item":"https:\/\/www.vallonchene.fr\/tienda\/"},{"@type":"ListItem","position":3,"name":"Venta en linea","item":"https:\/\/www.vallonchene.fr\/es\/categoria-producto\/venta-en-linea\/"},{"@type":"ListItem","position":4,"name":"Vivero","item":"https:\/\/www.vallonchene.fr\/es\/categoria-producto\/venta-en-linea\/vivero\/"},{"@type":"ListItem","position":5,"name":"Plantas raras (plantas de colecci\u00f3n)","item":"https:\/\/www.vallonchene.fr\/es\/categoria-producto\/venta-en-linea\/vivero\/plantas-raras-plantas-de-coleccion\/"},{"@type":"ListItem","position":6,"name":"VIBURNUM furcatum"}]},{"@type":"WebSite","@id":"https:\/\/www.vallonchene.fr\/es\/#website","url":"https:\/\/www.vallonchene.fr\/es\/","name":"Vallonch\u00eane","description":"El vivero donde la calidad tiene sus ra\u00edces \u2013 Tel.: +33 (0)2.35.90.02.02","publisher":{"@id":"https:\/\/www.vallonchene.fr\/es\/#organization"},"potentialAction":[{"@type":"SearchAction","target":{"@type":"EntryPoint","urlTemplate":"https:\/\/www.vallonchene.fr\/es\/?s={search_term_string}"},"query-input":{"@type":"PropertyValueSpecification","valueRequired":true,"valueName":"search_term_string"}}],"inLanguage":"es"},{"@type":"Organization","@id":"https:\/\/www.vallonchene.fr\/es\/#organization","name":"VALLONCHENE","url":"https:\/\/www.vallonchene.fr\/es\/","logo":{"@type":"ImageObject","inLanguage":"es","@id":"https:\/\/www.vallonchene.fr\/es\/#\/schema\/logo\/image\/","url":"https:\/\/www.vallonchene.fr\/wp-content\/uploads\/2023\/03\/Logo-Vallonchene-site-et-R_hauteur_100.png","contentUrl":"https:\/\/www.vallonchene.fr\/wp-content\/uploads\/2023\/03\/Logo-Vallonchene-site-et-R_hauteur_100.png","width":221,"height":100,"caption":"VALLONCHENE"},"image":{"@id":"https:\/\/www.vallonchene.fr\/es\/#\/schema\/logo\/image\/"},"sameAs":["https:\/\/www.facebook.com\/vallonchene.fr","https:\/\/www.instagram.com\/vallonchene\/","https:\/\/www.pinterest.fr\/vallonchene\/"],"taxID":"49454502300017","hasMerchantReturnPolicy":{"@type":"MerchantReturnPolicy","merchantReturnLink":"https:\/\/www.vallonchene.fr\/remboursements_retours\/"}}]},"og_availability":"instock","product_availability":"instock","product_condition":"new"},"_links":{"self":[{"href":"https:\/\/www.vallonchene.fr\/es\/wp-json\/wp\/v2\/product\/50861","targetHints":{"allow":["GET"]}}],"collection":[{"href":"https:\/\/www.vallonchene.fr\/es\/wp-json\/wp\/v2\/product"}],"about":[{"href":"https:\/\/www.vallonchene.fr\/es\/wp-json\/wp\/v2\/types\/product"}],"replies":[{"embeddable":true,"href":"https:\/\/www.vallonchene.fr\/es\/wp-json\/wp\/v2\/comments?post=50861"}],"wp:featuredmedia":[{"embeddable":true,"href":"https:\/\/www.vallonchene.fr\/es\/wp-json\/wp\/v2\/media\/50859"}],"wp:attachment":[{"href":"https:\/\/www.vallonchene.fr\/es\/wp-json\/wp\/v2\/media?parent=50861"}],"wp:term":[{"taxonomy":"product_brand","embeddable":true,"href":"https:\/\/www.vallonchene.fr\/es\/wp-json\/wp\/v2\/product_brand?post=50861"},{"taxonomy":"product_cat","embeddable":true,"href":"https:\/\/www.vallonchene.fr\/es\/wp-json\/wp\/v2\/product_cat?post=50861"},{"taxonomy":"product_tag","embeddable":true,"href":"https:\/\/www.vallonchene.fr\/es\/wp-json\/wp\/v2\/product_tag?post=50861"}],"curies":[{"name":"wp","href":"https:\/\/api.w.org\/{rel}","templated":true}]}}