{"id":50850,"date":"2022-09-17T16:11:32","date_gmt":"2022-09-17T15:11:32","guid":{"rendered":"https:\/\/www.vallonchene.fr\/?post_type=product&#038;p=50850"},"modified":"2024-12-12T09:48:31","modified_gmt":"2024-12-12T08:48:31","slug":"acer-platanoides-princeton-gold-r","status":"publish","type":"product","link":"https:\/\/www.vallonchene.fr\/es\/producto\/acer-platanoides-princeton-gold-r\/","title":{"rendered":"ACER platanoides &#8216;Princeton Gold&#8217; (R)"},"content":{"rendered":"<h2>La Plante<\/h2>\n<p>El <strong>ACER platanoides &#8216;Princeton Gold&#8217;<\/strong> (R) se encuentra entre los <strong>arces reales<\/strong> (o <strong>arces de Noruega<\/strong>) m\u00e1s excepcionales. Sus <strong>flores amarillas<\/strong> aparecen sobre la madera desnuda. A continuaci\u00f3n, se desarrollan las <strong>hojas de un luminoso color amarillo<\/strong>. De esta manera, este \u00e1rbol aporta un verdadero punto de luz al jard\u00edn y se convierte en un aut\u00e9ntico espect\u00e1culo. <strong>A diferencia de muchas otras plantas de hojas amarillas, las de este arce plano resisten perfectamente a pleno sol<\/strong>.<br \/>\nEn verano, el follaje permanece muy claro. Luego, en oto\u00f1o, comienza un nuevo espect\u00e1culo muy colorido. De hecho, los <strong>vivos colores oto\u00f1ales<\/strong> var\u00edan del amarillo al rojo pasando por el naranja (ver fotos).<\/p>\n<h2>C\u00f3mo plantar y cuidar el ACER platanoides &#8216;Princeton Gold&#8217;?<\/h2>\n<ol>\n<li>Busque un <strong>lugar aislado<\/strong> o dentro de un <strong>macizo<\/strong>, pero con una <strong>exposici\u00f3n a pleno sol<\/strong>.<\/li>\n<li>El suelo debe ser <strong>ligero, normal o pesado<\/strong>, y <strong>moderadamente h\u00famedo o seco<\/strong>, con un <strong>pH \u00e1cido o neutro<\/strong>.<\/li>\n<li>Usted puede podar este \u00e1rbol en febrero o en marzo, antes de que brote nuevamente.<\/li>\n<\/ol>\n<p>Para una buena preparaci\u00f3n de la maceta o del hoyo de plantaci\u00f3n, hemos elaborado unas <strong><a href=\"https:\/\/www.vallonchene.fr\/comment-planter-et-entretenir-des-vegetaux\/\">instrucciones espec\u00edficas que puede consultar aqu\u00ed<\/a><\/strong><em>.<br \/>\n<\/em>Le invitamos a consultar <strong><a href=\"https:\/\/www.vallonchene.fr\/es\/como-regar-bien-el-jardin-y-ahorrar-agua\/\">nuestros consejos sobre c\u00f3mo regar correctamente y ahorrar agua aqu\u00ed<\/a><\/strong>.<\/p>\n<h2>Historia y Origen<\/h2>\n<p>Fue seleccionado en 1964 e introducido por el <strong>vivero Princeton<\/strong> en Nueva Jersey (Estados Unidos). Tambi\u00e9n se encuentra la ortograf\u00eda &#8216;Princeton Golden&#8217;. Este cultivar est\u00e1 protegido por una patente vegetal en los Estados Unidos..<\/p>\n<p>La madera del arce real es dura y se utiliza para la fabricaci\u00f3n de muebles.<\/p>\n<p>La especie tipo ACER platanoides se hizo popular como \u00e1rbol de calle en los a\u00f1os 1950 a 1960. Esto se debe a que tolera f\u00e1cilmente suelos pobres y compactos, as\u00ed como la contaminaci\u00f3n urbana.<\/p>\n<p>A pesar de un crecimiento bastante r\u00e1pido, el A. platanoides se utiliza en Europa tambi\u00e9n para bons\u00e1is de tama\u00f1o medio o grande.<\/p>\n","protected":false},"excerpt":{"rendered":"<p>Este arce real (o arce de Noruega) tiene un follaje de un amarillo intenso desde la primavera hasta el verano. Las hojas del ACER platanoides \u2018Princeton Gold\u2019 (R) no se queman con el sol. Florece de color amarillo en primavera y adquiere colores llamativos en oto\u00f1o.<\/p>\n","protected":false},"featured_media":50847,"comment_status":"open","ping_status":"closed","template":"","meta":[],"product_brand":[],"product_cat":[11499,11821],"product_tag":[],"class_list":{"0":"post-50850","1":"product","2":"type-product","3":"status-publish","4":"has-post-thumbnail","6":"product_cat-arbustos-y-arboles","7":"product_cat-plantas-raras-plantas-de-coleccion","8":"pa_99-hauteurapproximativeapres1-3-a-5-m","9":"pa_couleurautomnaledufeuillage-naranja","10":"pa_couleurautomnaledufeuillage-rojo","11":"pa_couleurdesfleurs-amarilla","12":"pa_couleurdufeuillage-amarilla","13":"pa_exigencesenhumidite-promedio","14":"pa_exigencesenhumidite-seco","15":"pa_expositionspossibles-pleno-sol-de-12-a-17-min","16":"pa_hauteurlivree-100-a-125-cm","17":"pa_hauteurlivree-125-a-150-cm-es","18":"pa_hauteurlivree-15-a-20-cm-es","19":"pa_hauteurlivree-150-a-175-cm-es","20":"pa_hauteurlivree-200-a-250-cm-es","21":"pa_hauteurlivree-250-a-300-cm-es","22":"pa_hauteurlivree-30-a-40-cm-es","23":"pa_hauteurlivree-350-a-400-cm-es","24":"pa_hauteurlivree-40-a-50-cm-es","25":"pa_hauteurlivree-40-a-60-cm-es","26":"pa_hauteurlivree-50-a-60-cm-es","27":"pa_hauteurlivree-60-a-80-cm-es","28":"pa_hauteurlivree-80-a-100-cm-es","29":"pa_interetauprintemps-brotes-jovenes","30":"pa_interetauprintemps-habitus","31":"pa_interetenautomne-follaje","32":"pa_interetenautomne-habitus","33":"pa_interetenete-follaje","34":"pa_interetenete-habitus","35":"pa_interetenhiver-habitus","36":"pa_naturedufeuillage-caduco","37":"pa_naturesdesolpossibles-ligero","38":"pa_naturesdesolpossibles-normal-es","39":"pa_naturesdesolpossibles-pesado","40":"pa_periodedefloraison-primavera","41":"pa_periodedetaille-febrero","42":"pa_periodedetaille-marzo","43":"pa_phdusolacceptable-acido-menos-de-6_5","44":"pa_phdusolacceptable-neutro-entre-6_5-y-7_5","45":"pa_resistanceaufroidrusticite-resistente-por-debajo-de-menos-20-c","46":"pa_tailledepot-cepellon","47":"pa_tailledepot-desconocido","48":"pa_tailledepot-maceta-de-1-litro","49":"pa_tailledepot-maceta-de-1_5-litros","50":"pa_tailledepot-maceta-de-10-litros","51":"pa_tailledepot-maceta-de-15-litros","52":"pa_tailledepot-maceta-de-2-litros","53":"pa_tailledepot-maceta-de-20-litros","54":"pa_tailledepot-maceta-de-25-litros","55":"pa_tailledepot-maceta-de-3-litros","56":"pa_tailledepot-maceta-de-4-litros","57":"pa_tailledepot-maceta-de-5-litros","58":"pa_tailledepot-maceta-de-7_5-litros","59":"pa_utilisationpossible-aislado","61":"first","62":"instock","63":"taxable","64":"shipping-taxable","65":"purchasable","66":"product-type-variable"},"supplier_id":null,"supplier_sku":"","barcode":null,"atum_controlled":true,"out_stock_date":null,"out_stock_threshold":null,"inheritable":true,"inbound_stock":0,"stock_on_hold":0,"sold_today":0,"sales_last_days":0,"reserved_stock":0,"customer_returns":0,"warehouse_damage":0,"lost_in_post":0,"other_logs":0,"out_stock_days":null,"lost_sales":0,"has_location":false,"update_date":"2025-11-19T13:35:47","atum_locations":[],"atum_stock_status":"instock","restock_status":false,"low_stock_amount":"","sales_update_date":"2025-11-19T09:30:10","calc_backorders":null,"yoast_head":"<!-- This site is optimized with the Yoast SEO Premium plugin v27.5 (Yoast SEO v27.5) - https:\/\/yoast.com\/product\/yoast-seo-premium-wordpress\/ -->\n<title>ACER platanoides Princeton Gold - arce real, arce de Noruega<\/title>\n<meta name=\"description\" content=\"Este arce real tiene un follaje de un amarillo intenso desde la primavera hasta el verano. Las hojas del ACER platanoides \u2018Princeton Gold\u2019 (R) no se queman con el sol.\" \/>\n<meta name=\"robots\" content=\"index, follow, max-snippet:-1, max-image-preview:large, max-video-preview:-1\" \/>\n<link rel=\"canonical\" href=\"https:\/\/www.vallonchene.fr\/es\/producto\/acer-platanoides-princeton-gold-r\/\" \/>\n<meta property=\"og:locale\" content=\"es_ES\" \/>\n<meta property=\"og:type\" content=\"article\" \/>\n<meta property=\"og:title\" content=\"ACER platanoides &#039;Princeton Gold&#039; (R)\" \/>\n<meta property=\"og:description\" content=\"Este arce real tiene un follaje de un amarillo intenso desde la primavera hasta el verano. Las hojas del ACER platanoides \u2018Princeton Gold\u2019 (R) no se queman con el sol.\" \/>\n<meta property=\"og:url\" content=\"https:\/\/www.vallonchene.fr\/es\/producto\/acer-platanoides-princeton-gold-r\/\" \/>\n<meta property=\"og:site_name\" content=\"Vallonch\u00eane\" \/>\n<meta property=\"article:publisher\" content=\"https:\/\/www.facebook.com\/vallonchene.fr\" \/>\n<meta property=\"article:modified_time\" content=\"2024-12-12T08:48:31+00:00\" \/>\n<meta property=\"og:image\" content=\"https:\/\/www.vallonchene.fr\/wp-content\/uploads\/2024\/03\/ACER-pseudoplatanus-Princeton-Gold.webp\" \/>\n\t<meta property=\"og:image:width\" content=\"1023\" \/>\n\t<meta property=\"og:image:height\" content=\"1023\" \/>\n\t<meta property=\"og:image:type\" content=\"image\/webp\" \/>\n<meta name=\"twitter:card\" content=\"summary_large_image\" \/>\n<meta name=\"twitter:label1\" content=\"Disponibilidad\" \/>\n\t<meta name=\"twitter:data1\" content=\"En stock\" \/>\n<script type=\"application\/ld+json\" class=\"yoast-schema-graph\">{\"@context\":\"https:\\\/\\\/schema.org\",\"@graph\":[{\"@type\":\"WebPage\",\"@id\":\"https:\\\/\\\/www.vallonchene.fr\\\/es\\\/producto\\\/acer-platanoides-princeton-gold-r\\\/\",\"url\":\"https:\\\/\\\/www.vallonchene.fr\\\/es\\\/producto\\\/acer-platanoides-princeton-gold-r\\\/\",\"name\":\"ACER platanoides Princeton Gold - arce real, arce de Noruega\",\"isPartOf\":{\"@id\":\"https:\\\/\\\/www.vallonchene.fr\\\/es\\\/#website\"},\"primaryImageOfPage\":{\"@id\":\"https:\\\/\\\/www.vallonchene.fr\\\/es\\\/producto\\\/acer-platanoides-princeton-gold-r\\\/#primaryimage\"},\"image\":{\"@id\":\"https:\\\/\\\/www.vallonchene.fr\\\/es\\\/producto\\\/acer-platanoides-princeton-gold-r\\\/#primaryimage\"},\"thumbnailUrl\":\"https:\\\/\\\/www.vallonchene.fr\\\/wp-content\\\/uploads\\\/2024\\\/03\\\/ACER-pseudoplatanus-Princeton-Gold.webp\",\"datePublished\":\"2022-09-17T15:11:32+00:00\",\"dateModified\":\"2024-12-12T08:48:31+00:00\",\"description\":\"Este arce real tiene un follaje de un amarillo intenso desde la primavera hasta el verano. Las hojas del ACER platanoides \u2018Princeton Gold\u2019 (R) no se queman con el sol.\",\"breadcrumb\":{\"@id\":\"https:\\\/\\\/www.vallonchene.fr\\\/es\\\/producto\\\/acer-platanoides-princeton-gold-r\\\/#breadcrumb\"},\"inLanguage\":\"es\",\"potentialAction\":[{\"@type\":\"ReadAction\",\"target\":[\"https:\\\/\\\/www.vallonchene.fr\\\/es\\\/producto\\\/acer-platanoides-princeton-gold-r\\\/\"]}]},{\"@type\":\"ImageObject\",\"inLanguage\":\"es\",\"@id\":\"https:\\\/\\\/www.vallonchene.fr\\\/es\\\/producto\\\/acer-platanoides-princeton-gold-r\\\/#primaryimage\",\"url\":\"https:\\\/\\\/www.vallonchene.fr\\\/wp-content\\\/uploads\\\/2024\\\/03\\\/ACER-pseudoplatanus-Princeton-Gold.webp\",\"contentUrl\":\"https:\\\/\\\/www.vallonchene.fr\\\/wp-content\\\/uploads\\\/2024\\\/03\\\/ACER-pseudoplatanus-Princeton-Gold.webp\",\"width\":1023,\"height\":1023,\"caption\":\"Un ACER platanoides 'Princeton Gold' de quince a\u00f1os, ba\u00f1ado en un mar de hojas amarillas\"},{\"@type\":\"BreadcrumbList\",\"@id\":\"https:\\\/\\\/www.vallonchene.fr\\\/es\\\/producto\\\/acer-platanoides-princeton-gold-r\\\/#breadcrumb\",\"itemListElement\":[{\"@type\":\"ListItem\",\"position\":1,\"name\":\"Home\",\"item\":\"https:\\\/\\\/www.vallonchene.fr\\\/es\\\/\"},{\"@type\":\"ListItem\",\"position\":2,\"name\":\"Tienda\",\"item\":\"https:\\\/\\\/www.vallonchene.fr\\\/tienda\\\/\"},{\"@type\":\"ListItem\",\"position\":3,\"name\":\"Venta en linea\",\"item\":\"https:\\\/\\\/www.vallonchene.fr\\\/es\\\/categoria-producto\\\/venta-en-linea\\\/\"},{\"@type\":\"ListItem\",\"position\":4,\"name\":\"Vivero\",\"item\":\"https:\\\/\\\/www.vallonchene.fr\\\/es\\\/categoria-producto\\\/venta-en-linea\\\/vivero\\\/\"},{\"@type\":\"ListItem\",\"position\":5,\"name\":\"Plantas raras (plantas de colecci\u00f3n)\",\"item\":\"https:\\\/\\\/www.vallonchene.fr\\\/es\\\/categoria-producto\\\/venta-en-linea\\\/vivero\\\/plantas-raras-plantas-de-coleccion\\\/\"},{\"@type\":\"ListItem\",\"position\":6,\"name\":\"ACER platanoides &lsquo;Princeton Gold&rsquo; (R)\"}]},{\"@type\":\"WebSite\",\"@id\":\"https:\\\/\\\/www.vallonchene.fr\\\/es\\\/#website\",\"url\":\"https:\\\/\\\/www.vallonchene.fr\\\/es\\\/\",\"name\":\"Vallonch\u00eane\",\"description\":\"El vivero donde la calidad tiene sus ra\u00edces \u2013 Tel.: +33 (0)2.35.90.02.02\",\"publisher\":{\"@id\":\"https:\\\/\\\/www.vallonchene.fr\\\/es\\\/#organization\"},\"potentialAction\":[{\"@type\":\"SearchAction\",\"target\":{\"@type\":\"EntryPoint\",\"urlTemplate\":\"https:\\\/\\\/www.vallonchene.fr\\\/es\\\/?s={search_term_string}\"},\"query-input\":{\"@type\":\"PropertyValueSpecification\",\"valueRequired\":true,\"valueName\":\"search_term_string\"}}],\"inLanguage\":\"es\"},{\"@type\":\"Organization\",\"@id\":\"https:\\\/\\\/www.vallonchene.fr\\\/es\\\/#organization\",\"name\":\"VALLONCHENE\",\"url\":\"https:\\\/\\\/www.vallonchene.fr\\\/es\\\/\",\"logo\":{\"@type\":\"ImageObject\",\"inLanguage\":\"es\",\"@id\":\"https:\\\/\\\/www.vallonchene.fr\\\/es\\\/#\\\/schema\\\/logo\\\/image\\\/\",\"url\":\"https:\\\/\\\/www.vallonchene.fr\\\/wp-content\\\/uploads\\\/2023\\\/03\\\/Logo-Vallonchene-site-et-R_hauteur_100.png\",\"contentUrl\":\"https:\\\/\\\/www.vallonchene.fr\\\/wp-content\\\/uploads\\\/2023\\\/03\\\/Logo-Vallonchene-site-et-R_hauteur_100.png\",\"width\":221,\"height\":100,\"caption\":\"VALLONCHENE\"},\"image\":{\"@id\":\"https:\\\/\\\/www.vallonchene.fr\\\/es\\\/#\\\/schema\\\/logo\\\/image\\\/\"},\"sameAs\":[\"https:\\\/\\\/www.facebook.com\\\/vallonchene.fr\",\"https:\\\/\\\/www.instagram.com\\\/vallonchene\\\/\",\"https:\\\/\\\/www.pinterest.fr\\\/vallonchene\\\/\"],\"taxID\":\"49454502300017\",\"hasMerchantReturnPolicy\":{\"@type\":\"MerchantReturnPolicy\",\"merchantReturnLink\":\"https:\\\/\\\/www.vallonchene.fr\\\/remboursements_retours\\\/\"}}]}<\/script>\n<meta property=\"og:availability\" content=\"instock\" \/>\n<meta property=\"product:availability\" content=\"instock\" \/>\n<meta property=\"product:condition\" content=\"new\" \/>\n<!-- \/ Yoast SEO Premium plugin. -->","yoast_head_json":{"title":"ACER platanoides Princeton Gold - arce real, arce de Noruega","description":"Este arce real tiene un follaje de un amarillo intenso desde la primavera hasta el verano. Las hojas del ACER platanoides \u2018Princeton Gold\u2019 (R) no se queman con el sol.","robots":{"index":"index","follow":"follow","max-snippet":"max-snippet:-1","max-image-preview":"max-image-preview:large","max-video-preview":"max-video-preview:-1"},"canonical":"https:\/\/www.vallonchene.fr\/es\/producto\/acer-platanoides-princeton-gold-r\/","og_locale":"es_ES","og_type":"article","og_title":"ACER platanoides 'Princeton Gold' (R)","og_description":"Este arce real tiene un follaje de un amarillo intenso desde la primavera hasta el verano. Las hojas del ACER platanoides \u2018Princeton Gold\u2019 (R) no se queman con el sol.","og_url":"https:\/\/www.vallonchene.fr\/es\/producto\/acer-platanoides-princeton-gold-r\/","og_site_name":"Vallonch\u00eane","article_publisher":"https:\/\/www.facebook.com\/vallonchene.fr","article_modified_time":"2024-12-12T08:48:31+00:00","og_image":[{"width":1023,"height":1023,"url":"https:\/\/www.vallonchene.fr\/wp-content\/uploads\/2024\/03\/ACER-pseudoplatanus-Princeton-Gold.webp","type":"image\/webp"}],"twitter_card":"summary_large_image","twitter_misc":{"Disponibilidad":"En stock"},"schema":{"@context":"https:\/\/schema.org","@graph":[{"@type":"WebPage","@id":"https:\/\/www.vallonchene.fr\/es\/producto\/acer-platanoides-princeton-gold-r\/","url":"https:\/\/www.vallonchene.fr\/es\/producto\/acer-platanoides-princeton-gold-r\/","name":"ACER platanoides Princeton Gold - arce real, arce de Noruega","isPartOf":{"@id":"https:\/\/www.vallonchene.fr\/es\/#website"},"primaryImageOfPage":{"@id":"https:\/\/www.vallonchene.fr\/es\/producto\/acer-platanoides-princeton-gold-r\/#primaryimage"},"image":{"@id":"https:\/\/www.vallonchene.fr\/es\/producto\/acer-platanoides-princeton-gold-r\/#primaryimage"},"thumbnailUrl":"https:\/\/www.vallonchene.fr\/wp-content\/uploads\/2024\/03\/ACER-pseudoplatanus-Princeton-Gold.webp","datePublished":"2022-09-17T15:11:32+00:00","dateModified":"2024-12-12T08:48:31+00:00","description":"Este arce real tiene un follaje de un amarillo intenso desde la primavera hasta el verano. Las hojas del ACER platanoides \u2018Princeton Gold\u2019 (R) no se queman con el sol.","breadcrumb":{"@id":"https:\/\/www.vallonchene.fr\/es\/producto\/acer-platanoides-princeton-gold-r\/#breadcrumb"},"inLanguage":"es","potentialAction":[{"@type":"ReadAction","target":["https:\/\/www.vallonchene.fr\/es\/producto\/acer-platanoides-princeton-gold-r\/"]}]},{"@type":"ImageObject","inLanguage":"es","@id":"https:\/\/www.vallonchene.fr\/es\/producto\/acer-platanoides-princeton-gold-r\/#primaryimage","url":"https:\/\/www.vallonchene.fr\/wp-content\/uploads\/2024\/03\/ACER-pseudoplatanus-Princeton-Gold.webp","contentUrl":"https:\/\/www.vallonchene.fr\/wp-content\/uploads\/2024\/03\/ACER-pseudoplatanus-Princeton-Gold.webp","width":1023,"height":1023,"caption":"Un ACER platanoides 'Princeton Gold' de quince a\u00f1os, ba\u00f1ado en un mar de hojas amarillas"},{"@type":"BreadcrumbList","@id":"https:\/\/www.vallonchene.fr\/es\/producto\/acer-platanoides-princeton-gold-r\/#breadcrumb","itemListElement":[{"@type":"ListItem","position":1,"name":"Home","item":"https:\/\/www.vallonchene.fr\/es\/"},{"@type":"ListItem","position":2,"name":"Tienda","item":"https:\/\/www.vallonchene.fr\/tienda\/"},{"@type":"ListItem","position":3,"name":"Venta en linea","item":"https:\/\/www.vallonchene.fr\/es\/categoria-producto\/venta-en-linea\/"},{"@type":"ListItem","position":4,"name":"Vivero","item":"https:\/\/www.vallonchene.fr\/es\/categoria-producto\/venta-en-linea\/vivero\/"},{"@type":"ListItem","position":5,"name":"Plantas raras (plantas de colecci\u00f3n)","item":"https:\/\/www.vallonchene.fr\/es\/categoria-producto\/venta-en-linea\/vivero\/plantas-raras-plantas-de-coleccion\/"},{"@type":"ListItem","position":6,"name":"ACER platanoides &lsquo;Princeton Gold&rsquo; (R)"}]},{"@type":"WebSite","@id":"https:\/\/www.vallonchene.fr\/es\/#website","url":"https:\/\/www.vallonchene.fr\/es\/","name":"Vallonch\u00eane","description":"El vivero donde la calidad tiene sus ra\u00edces \u2013 Tel.: +33 (0)2.35.90.02.02","publisher":{"@id":"https:\/\/www.vallonchene.fr\/es\/#organization"},"potentialAction":[{"@type":"SearchAction","target":{"@type":"EntryPoint","urlTemplate":"https:\/\/www.vallonchene.fr\/es\/?s={search_term_string}"},"query-input":{"@type":"PropertyValueSpecification","valueRequired":true,"valueName":"search_term_string"}}],"inLanguage":"es"},{"@type":"Organization","@id":"https:\/\/www.vallonchene.fr\/es\/#organization","name":"VALLONCHENE","url":"https:\/\/www.vallonchene.fr\/es\/","logo":{"@type":"ImageObject","inLanguage":"es","@id":"https:\/\/www.vallonchene.fr\/es\/#\/schema\/logo\/image\/","url":"https:\/\/www.vallonchene.fr\/wp-content\/uploads\/2023\/03\/Logo-Vallonchene-site-et-R_hauteur_100.png","contentUrl":"https:\/\/www.vallonchene.fr\/wp-content\/uploads\/2023\/03\/Logo-Vallonchene-site-et-R_hauteur_100.png","width":221,"height":100,"caption":"VALLONCHENE"},"image":{"@id":"https:\/\/www.vallonchene.fr\/es\/#\/schema\/logo\/image\/"},"sameAs":["https:\/\/www.facebook.com\/vallonchene.fr","https:\/\/www.instagram.com\/vallonchene\/","https:\/\/www.pinterest.fr\/vallonchene\/"],"taxID":"49454502300017","hasMerchantReturnPolicy":{"@type":"MerchantReturnPolicy","merchantReturnLink":"https:\/\/www.vallonchene.fr\/remboursements_retours\/"}}]},"og_availability":"instock","product_availability":"instock","product_condition":"new"},"_links":{"self":[{"href":"https:\/\/www.vallonchene.fr\/es\/wp-json\/wp\/v2\/product\/50850","targetHints":{"allow":["GET"]}}],"collection":[{"href":"https:\/\/www.vallonchene.fr\/es\/wp-json\/wp\/v2\/product"}],"about":[{"href":"https:\/\/www.vallonchene.fr\/es\/wp-json\/wp\/v2\/types\/product"}],"replies":[{"embeddable":true,"href":"https:\/\/www.vallonchene.fr\/es\/wp-json\/wp\/v2\/comments?post=50850"}],"wp:featuredmedia":[{"embeddable":true,"href":"https:\/\/www.vallonchene.fr\/es\/wp-json\/wp\/v2\/media\/50847"}],"wp:attachment":[{"href":"https:\/\/www.vallonchene.fr\/es\/wp-json\/wp\/v2\/media?parent=50850"}],"wp:term":[{"taxonomy":"product_brand","embeddable":true,"href":"https:\/\/www.vallonchene.fr\/es\/wp-json\/wp\/v2\/product_brand?post=50850"},{"taxonomy":"product_cat","embeddable":true,"href":"https:\/\/www.vallonchene.fr\/es\/wp-json\/wp\/v2\/product_cat?post=50850"},{"taxonomy":"product_tag","embeddable":true,"href":"https:\/\/www.vallonchene.fr\/es\/wp-json\/wp\/v2\/product_tag?post=50850"}],"curies":[{"name":"wp","href":"https:\/\/api.w.org\/{rel}","templated":true}]}}