{"id":50820,"date":"2021-08-31T11:15:26","date_gmt":"2021-08-31T11:15:26","guid":{"rendered":"https:\/\/www.vallonchene.fr\/?post_type=product&#038;p=50820"},"modified":"2026-03-08T14:58:17","modified_gmt":"2026-03-08T13:58:17","slug":"magnolia-black-tulip","status":"publish","type":"product","link":"https:\/\/www.vallonchene.fr\/es\/producto\/magnolia-black-tulip\/","title":{"rendered":"MAGNOLIA &#8216;Black Tulip&#8217;"},"content":{"rendered":"<h2>La Planta<\/h2>\n<p data-sourcepos=\"5:1-5:296\">La <strong>MAGNOLIA &#8216;Black Tulip&#8217;<\/strong> produce abundantemente <strong>grandes flores dobles de un rosa intenso<\/strong>. Sin embargo, esta <strong>magnolia caduca<\/strong> se clasifica entre los magnolios de desarrollo reducido. Tiene un porte <strong>casi arbustivo<\/strong>. El ejemplar del <strong><a href=\"https:\/\/jardin.vallonchene.fr\">Jard\u00edn de Vallonch\u00eane<\/a><\/strong> no supera los 4 metros despu\u00e9s de veinte a\u00f1os.<br \/>\nSus <strong>flores, bastante singulares en cuanto a su forma<\/strong> (ver foto), aparecen en primavera sobre la madera desnuda. Adem\u00e1s, esta peque\u00f1a maravilla <strong>a veces ofrece una segunda floraci\u00f3n a finales de verano<\/strong>. La intensidad del color puede variar seg\u00fan la temperatura.<br \/>\nLuego, en oto\u00f1o, las hojas verdes adquieren un <strong>hermoso color amarillo bastante intenso<\/strong>, alegrando nuevamente el jard\u00edn. En resumen, esta planta es interesante durante muchos meses.<\/p>\n<p data-sourcepos=\"5:1-5:296\"><a href=\"https:\/\/www.vallonchene.fr\/?s=magnolia&amp;post_type=product&amp;dgwt_wcas=1&amp;lang=fr&amp;filter_stock_status=instock\"><strong>Haga clic aqu\u00ed para consultar el cat\u00e1logo completo de MAGNOLIAS disponibles para la compra.<\/strong><\/a><\/p>\n<h2>\u00bfC\u00f3mo plantar y cuidar la MAGNOLIA &#8216;Black Tulip&#8217;?<\/h2>\n<h3>La plantaci\u00f3n<\/h3>\n<ol>\n<li>Pl\u00e1ntelo en un lugar donde disfrute de <strong>sol pleno durante todo el d\u00eda<\/strong>. A semisombra, desarrollar\u00e1 menos flores.<\/li>\n<li>Puede plantarse <strong>en un macizo o de forma aislada<\/strong>.<\/li>\n<li>El terreno puede ser <strong>h\u00famedo o moderadamente h\u00famedo<\/strong>, con una <strong>tierra ligera o normal<\/strong> y un <strong>pH \u00e1cido o neutro<\/strong>.<\/li>\n<\/ol>\n<p>Para una preparaci\u00f3n \u00f3ptima de la maceta o del hoyo de plantaci\u00f3n, hemos elaborado unas <strong><a href=\"https:\/\/www.vallonchene.fr\/es\/como-plantar-y-mantener-plantas\/guia-para-plantar-y-cuidar-arboles-arbustos-y-coniferas\/\">instrucciones espec\u00edficas que puede consultar aqu\u00ed<\/a><\/strong>.<\/p>\n<p>Pour une bonne pr\u00e9paration du pot ou du trou de plantation, nous avons con\u00e7u des <a href=\"https:\/\/www.vallonchene.fr\/comment-planter-et-entretenir-des-vegetaux\/\" target=\"_blank\" rel=\"noreferrer noopener\"><strong>instructions sp\u00e9cifiques disponibles ici<\/strong><\/a>.<br \/>\nLe invitamos a <strong><a href=\"https:\/\/www.vallonchene.fr\/es\/como-regar-bien-el-jardin-y-ahorrar-agua\/\">consultar tambi\u00e9n nuestros consejos para un riego eficiente y sostenible aqu\u00ed<\/a><\/strong>.<\/p>\n<h3>El cuidado de la MAGNOLIA &#8216;Black Tulip&#8217;<\/h3>\n<p>Esta magnolia generalmente no requiere cuidados especiales.<br \/>\nSi desea podarlo, h\u00e1galo a finales del verano, <strong>en agosto<\/strong>, y aplique un cicatrizante sobre las heridas secas para favorecer su cicatrizaci\u00f3n.<br \/>\n<strong>Mientras la planta sea joven, retire las flores marchitas<\/strong> lo antes posible para evitar la producci\u00f3n de frutos. Estos no tienen ning\u00fan inter\u00e9s ornamental y debilitan la planta.<\/p>\n<h2>Historia y Origen<\/h2>\n<p>El MAGNOLIA es un g\u00e9nero bot\u00e1nico muy antiguo. Apareci\u00f3 antes que las abejas. Se han encontrado f\u00f3siles de M. acuminata datados de hace 20 millones de a\u00f1os.<\/p>\n<p>El nombre MAGNOLIA aparece por primera vez en 1703 en un escrito del bot\u00e1nico franc\u00e9s Charles Plumier. Lo deriv\u00f3 del nombre del bot\u00e1nico franc\u00e9s Pierre Magnol.<\/p>\n<p>A finales del siglo XVIII, los magnolias de Asia comenzaron a ser descritos por los bot\u00e1nicos y cazadores de plantas que exploraban ese continente.<\/p>\n<p>La Universidad de Bournemouth inform\u00f3 el 4 de abril de 2007 que la Lista Roja de Magnoliaceae inclu\u00eda 132 especies. La principal amenaza es la destrucci\u00f3n de su h\u00e1bitat natural debido a la agricultura.<\/p>\n<p>Los MAGNOLIA, como el MAGNOLIA &#8216;Black Tulip&#8217;, se cultivan principalmente por la belleza de sus flores. Sin embargo, el MAGNOLIA officinalis se utiliza en la medicina tradicional china y la madera del MAGNOLIA obovata se emplea en Jap\u00f3n para fabricar mangos de sables.<\/p>\n","protected":false},"excerpt":{"rendered":"<p>Esta magnolia florece en la madera desnuda. La MAGNOLIA<strong> &#8216;Black Tulip&#8217;<\/strong> desarrolla grandes flores dobles de un rosa profundo. Es perfectamente r\u00fastico.<\/p>\n","protected":false},"featured_media":50821,"comment_status":"open","ping_status":"closed","template":"","meta":[],"product_brand":[],"product_cat":[11499,11493],"product_tag":[12267],"class_list":{"0":"post-50820","1":"product","2":"type-product","3":"status-publish","4":"has-post-thumbnail","6":"product_cat-arbustos-y-arboles","7":"product_cat-venta-en-linea","8":"product_tag-magnolia-es","9":"pa_99-hauteurapproximativeapres1-2-a-3-m","10":"pa_couleurdesfleurs-rosa","11":"pa_couleurdufeuillage-verde","12":"pa_exigencesenhumidite-moderadamente-humedo-a-humedo","13":"pa_exigencesenhumidite-promedio","14":"pa_expositionspossibles-pleno-sol-de-12-a-17-min","15":"pa_hauteurlivree-100-a-125-cm","16":"pa_hauteurlivree-125-a-150-cm-es","17":"pa_hauteurlivree-15-a-20-cm-es","18":"pa_hauteurlivree-150-a-175-cm-es","19":"pa_hauteurlivree-175-a-200-cm-es","20":"pa_hauteurlivree-20-a-30-cm-es","21":"pa_hauteurlivree-200-a-250-cm-es","22":"pa_hauteurlivree-25-a-30-cm-es","23":"pa_hauteurlivree-30-a-40-cm-es","24":"pa_hauteurlivree-40-a-50-cm-es","25":"pa_hauteurlivree-40-a-60-cm-es","26":"pa_hauteurlivree-50-a-60-cm-es","27":"pa_hauteurlivree-60-a-80-cm-es","28":"pa_hauteurlivree-70-a-80-cm-es","29":"pa_hauteurlivree-80-a-100-cm-es","30":"pa_interetauprintemps-flores","31":"pa_interetauprintemps-follaje","32":"pa_interetenautomne-follaje","33":"pa_interetenete-follaje","34":"pa_naturedufeuillage-caduco","35":"pa_naturesdesolpossibles-ligero","36":"pa_naturesdesolpossibles-normal-es","37":"pa_periodedefloraison-primavera","38":"pa_periodedetaille-agosto","39":"pa_phdusolacceptable-acido-menos-de-6_5","40":"pa_phdusolacceptable-neutro-entre-6_5-y-7_5","41":"pa_portgraphisme-globoso","42":"pa_resistanceaufroidrusticite-resistente-por-debajo-de-menos-20-c","43":"pa_tailledepot-cepellon","44":"pa_tailledepot-maceta-de-10-litros","45":"pa_tailledepot-maceta-de-12-litros","46":"pa_tailledepot-maceta-de-15-litros","47":"pa_tailledepot-maceta-de-2-litros","48":"pa_tailledepot-maceta-de-20-litros","49":"pa_tailledepot-maceta-de-3-litros","50":"pa_tailledepot-maceta-de-30-litros","51":"pa_tailledepot-maceta-de-4-litros","52":"pa_tailledepot-maceta-de-40-litros","53":"pa_tailledepot-maceta-de-45-litros","54":"pa_tailledepot-maceta-de-5-litros","55":"pa_tailledepot-maceta-de-7-cm-es","56":"pa_tailledepot-maceta-de-7_5-litros","57":"pa_utilisationpossible-aislado","58":"pa_utilisationpossible-arriate","60":"first","61":"instock","62":"taxable","63":"shipping-taxable","64":"purchasable","65":"product-type-variable","66":"has-default-attributes"},"supplier_id":null,"supplier_sku":"","barcode":null,"atum_controlled":true,"out_stock_date":null,"out_stock_threshold":null,"inheritable":true,"inbound_stock":0,"stock_on_hold":0,"sold_today":0,"sales_last_days":0,"reserved_stock":0,"customer_returns":0,"warehouse_damage":0,"lost_in_post":0,"other_logs":0,"out_stock_days":null,"lost_sales":0,"has_location":false,"update_date":"2026-03-11T15:08:13","atum_locations":[],"atum_stock_status":"instock","restock_status":false,"low_stock_amount":"","sales_update_date":"2026-03-08T13:57:53","calc_backorders":null,"yoast_head":"<!-- This site is optimized with the Yoast SEO Premium plugin v27.5 (Yoast SEO v27.5) - https:\/\/yoast.com\/product\/yoast-seo-premium-wordpress\/ -->\n<title>MAGNOLIA &#039;Black Tulip&#039;<\/title>\n<meta name=\"description\" content=\"Esta magnolia florece en la madera desnuda. La MAGNOLIA &#039;Black Tulip&#039; desarrolla grandes flores dobles de un rosa profundo. Es perfectamente r\u00fastico.\" \/>\n<meta name=\"robots\" content=\"index, follow, max-snippet:-1, max-image-preview:large, max-video-preview:-1\" \/>\n<link rel=\"canonical\" href=\"https:\/\/www.vallonchene.fr\/es\/producto\/magnolia-black-tulip\/\" \/>\n<meta property=\"og:locale\" content=\"es_ES\" \/>\n<meta property=\"og:type\" content=\"article\" \/>\n<meta property=\"og:title\" content=\"MAGNOLIA &#039;Black Tulip&#039;\" \/>\n<meta property=\"og:description\" content=\"Esta magnolia florece en la madera desnuda. La MAGNOLIA &#039;Black Tulip&#039; desarrolla grandes flores dobles de un rosa profundo. Es perfectamente r\u00fastico.\" \/>\n<meta property=\"og:url\" content=\"https:\/\/www.vallonchene.fr\/es\/producto\/magnolia-black-tulip\/\" \/>\n<meta property=\"og:site_name\" content=\"Vallonch\u00eane\" \/>\n<meta property=\"article:publisher\" content=\"https:\/\/www.facebook.com\/vallonchene.fr\" \/>\n<meta property=\"article:modified_time\" content=\"2026-03-08T13:58:17+00:00\" \/>\n<meta name=\"twitter:card\" content=\"summary_large_image\" \/>\n<meta name=\"twitter:label1\" content=\"Disponibilidad\" \/>\n\t<meta name=\"twitter:data1\" content=\"En stock\" \/>\n<script type=\"application\/ld+json\" class=\"yoast-schema-graph\">{\"@context\":\"https:\\\/\\\/schema.org\",\"@graph\":[{\"@type\":\"WebPage\",\"@id\":\"https:\\\/\\\/www.vallonchene.fr\\\/es\\\/producto\\\/magnolia-black-tulip\\\/\",\"url\":\"https:\\\/\\\/www.vallonchene.fr\\\/es\\\/producto\\\/magnolia-black-tulip\\\/\",\"name\":\"MAGNOLIA 'Black Tulip'\",\"isPartOf\":{\"@id\":\"https:\\\/\\\/www.vallonchene.fr\\\/es\\\/#website\"},\"primaryImageOfPage\":{\"@id\":\"https:\\\/\\\/www.vallonchene.fr\\\/es\\\/producto\\\/magnolia-black-tulip\\\/#primaryimage\"},\"image\":{\"@id\":\"https:\\\/\\\/www.vallonchene.fr\\\/es\\\/producto\\\/magnolia-black-tulip\\\/#primaryimage\"},\"thumbnailUrl\":\"https:\\\/\\\/www.vallonchene.fr\\\/wp-content\\\/uploads\\\/2024\\\/04\\\/MAGNOLIA-Black-Tulip-1.avif\",\"datePublished\":\"2021-08-31T11:15:26+00:00\",\"dateModified\":\"2026-03-08T13:58:17+00:00\",\"description\":\"Esta magnolia florece en la madera desnuda. La MAGNOLIA 'Black Tulip' desarrolla grandes flores dobles de un rosa profundo. Es perfectamente r\u00fastico.\",\"breadcrumb\":{\"@id\":\"https:\\\/\\\/www.vallonchene.fr\\\/es\\\/producto\\\/magnolia-black-tulip\\\/#breadcrumb\"},\"inLanguage\":\"es\",\"potentialAction\":[{\"@type\":\"ReadAction\",\"target\":[\"https:\\\/\\\/www.vallonchene.fr\\\/es\\\/producto\\\/magnolia-black-tulip\\\/\"]}]},{\"@type\":\"ImageObject\",\"inLanguage\":\"es\",\"@id\":\"https:\\\/\\\/www.vallonchene.fr\\\/es\\\/producto\\\/magnolia-black-tulip\\\/#primaryimage\",\"url\":\"https:\\\/\\\/www.vallonchene.fr\\\/wp-content\\\/uploads\\\/2024\\\/04\\\/MAGNOLIA-Black-Tulip-1.avif\",\"contentUrl\":\"https:\\\/\\\/www.vallonchene.fr\\\/wp-content\\\/uploads\\\/2024\\\/04\\\/MAGNOLIA-Black-Tulip-1.avif\",\"width\":1024,\"height\":1024,\"caption\":\"Gros plan sur la fleur ouverte d'un MAGNOLIA 'Black Tulip' toute ouverte\"},{\"@type\":\"BreadcrumbList\",\"@id\":\"https:\\\/\\\/www.vallonchene.fr\\\/es\\\/producto\\\/magnolia-black-tulip\\\/#breadcrumb\",\"itemListElement\":[{\"@type\":\"ListItem\",\"position\":1,\"name\":\"Home\",\"item\":\"https:\\\/\\\/www.vallonchene.fr\\\/es\\\/\"},{\"@type\":\"ListItem\",\"position\":2,\"name\":\"Tienda\",\"item\":\"https:\\\/\\\/www.vallonchene.fr\\\/tienda\\\/\"},{\"@type\":\"ListItem\",\"position\":3,\"name\":\"Venta en linea\",\"item\":\"https:\\\/\\\/www.vallonchene.fr\\\/es\\\/categoria-producto\\\/venta-en-linea\\\/\"},{\"@type\":\"ListItem\",\"position\":4,\"name\":\"Vivero\",\"item\":\"https:\\\/\\\/www.vallonchene.fr\\\/es\\\/categoria-producto\\\/venta-en-linea\\\/vivero\\\/\"},{\"@type\":\"ListItem\",\"position\":5,\"name\":\"Arbustos y \u00e1rboles\",\"item\":\"https:\\\/\\\/www.vallonchene.fr\\\/es\\\/categoria-producto\\\/venta-en-linea\\\/vivero\\\/arbustos-y-arboles\\\/\"},{\"@type\":\"ListItem\",\"position\":6,\"name\":\"MAGNOLIA &lsquo;Black Tulip&rsquo;\"}]},{\"@type\":\"WebSite\",\"@id\":\"https:\\\/\\\/www.vallonchene.fr\\\/es\\\/#website\",\"url\":\"https:\\\/\\\/www.vallonchene.fr\\\/es\\\/\",\"name\":\"Vallonch\u00eane\",\"description\":\"El vivero donde la calidad tiene sus ra\u00edces \u2013 Tel.: +33 (0)2.35.90.02.02\",\"publisher\":{\"@id\":\"https:\\\/\\\/www.vallonchene.fr\\\/es\\\/#organization\"},\"potentialAction\":[{\"@type\":\"SearchAction\",\"target\":{\"@type\":\"EntryPoint\",\"urlTemplate\":\"https:\\\/\\\/www.vallonchene.fr\\\/es\\\/?s={search_term_string}\"},\"query-input\":{\"@type\":\"PropertyValueSpecification\",\"valueRequired\":true,\"valueName\":\"search_term_string\"}}],\"inLanguage\":\"es\"},{\"@type\":\"Organization\",\"@id\":\"https:\\\/\\\/www.vallonchene.fr\\\/es\\\/#organization\",\"name\":\"VALLONCHENE\",\"url\":\"https:\\\/\\\/www.vallonchene.fr\\\/es\\\/\",\"logo\":{\"@type\":\"ImageObject\",\"inLanguage\":\"es\",\"@id\":\"https:\\\/\\\/www.vallonchene.fr\\\/es\\\/#\\\/schema\\\/logo\\\/image\\\/\",\"url\":\"https:\\\/\\\/www.vallonchene.fr\\\/wp-content\\\/uploads\\\/2023\\\/03\\\/Logo-Vallonchene-site-et-R_hauteur_100.png\",\"contentUrl\":\"https:\\\/\\\/www.vallonchene.fr\\\/wp-content\\\/uploads\\\/2023\\\/03\\\/Logo-Vallonchene-site-et-R_hauteur_100.png\",\"width\":221,\"height\":100,\"caption\":\"VALLONCHENE\"},\"image\":{\"@id\":\"https:\\\/\\\/www.vallonchene.fr\\\/es\\\/#\\\/schema\\\/logo\\\/image\\\/\"},\"sameAs\":[\"https:\\\/\\\/www.facebook.com\\\/vallonchene.fr\",\"https:\\\/\\\/www.instagram.com\\\/vallonchene\\\/\",\"https:\\\/\\\/www.pinterest.fr\\\/vallonchene\\\/\"],\"taxID\":\"49454502300017\",\"hasMerchantReturnPolicy\":{\"@type\":\"MerchantReturnPolicy\",\"merchantReturnLink\":\"https:\\\/\\\/www.vallonchene.fr\\\/remboursements_retours\\\/\"}}]}<\/script>\n<meta property=\"og:availability\" content=\"instock\" \/>\n<meta property=\"product:availability\" content=\"instock\" \/>\n<meta property=\"product:condition\" content=\"new\" \/>\n<!-- \/ Yoast SEO Premium plugin. -->","yoast_head_json":{"title":"MAGNOLIA 'Black Tulip'","description":"Esta magnolia florece en la madera desnuda. La MAGNOLIA 'Black Tulip' desarrolla grandes flores dobles de un rosa profundo. Es perfectamente r\u00fastico.","robots":{"index":"index","follow":"follow","max-snippet":"max-snippet:-1","max-image-preview":"max-image-preview:large","max-video-preview":"max-video-preview:-1"},"canonical":"https:\/\/www.vallonchene.fr\/es\/producto\/magnolia-black-tulip\/","og_locale":"es_ES","og_type":"article","og_title":"MAGNOLIA 'Black Tulip'","og_description":"Esta magnolia florece en la madera desnuda. La MAGNOLIA 'Black Tulip' desarrolla grandes flores dobles de un rosa profundo. Es perfectamente r\u00fastico.","og_url":"https:\/\/www.vallonchene.fr\/es\/producto\/magnolia-black-tulip\/","og_site_name":"Vallonch\u00eane","article_publisher":"https:\/\/www.facebook.com\/vallonchene.fr","article_modified_time":"2026-03-08T13:58:17+00:00","twitter_card":"summary_large_image","twitter_misc":{"Disponibilidad":"En stock"},"schema":{"@context":"https:\/\/schema.org","@graph":[{"@type":"WebPage","@id":"https:\/\/www.vallonchene.fr\/es\/producto\/magnolia-black-tulip\/","url":"https:\/\/www.vallonchene.fr\/es\/producto\/magnolia-black-tulip\/","name":"MAGNOLIA 'Black Tulip'","isPartOf":{"@id":"https:\/\/www.vallonchene.fr\/es\/#website"},"primaryImageOfPage":{"@id":"https:\/\/www.vallonchene.fr\/es\/producto\/magnolia-black-tulip\/#primaryimage"},"image":{"@id":"https:\/\/www.vallonchene.fr\/es\/producto\/magnolia-black-tulip\/#primaryimage"},"thumbnailUrl":"https:\/\/www.vallonchene.fr\/wp-content\/uploads\/2024\/04\/MAGNOLIA-Black-Tulip-1.avif","datePublished":"2021-08-31T11:15:26+00:00","dateModified":"2026-03-08T13:58:17+00:00","description":"Esta magnolia florece en la madera desnuda. La MAGNOLIA 'Black Tulip' desarrolla grandes flores dobles de un rosa profundo. Es perfectamente r\u00fastico.","breadcrumb":{"@id":"https:\/\/www.vallonchene.fr\/es\/producto\/magnolia-black-tulip\/#breadcrumb"},"inLanguage":"es","potentialAction":[{"@type":"ReadAction","target":["https:\/\/www.vallonchene.fr\/es\/producto\/magnolia-black-tulip\/"]}]},{"@type":"ImageObject","inLanguage":"es","@id":"https:\/\/www.vallonchene.fr\/es\/producto\/magnolia-black-tulip\/#primaryimage","url":"https:\/\/www.vallonchene.fr\/wp-content\/uploads\/2024\/04\/MAGNOLIA-Black-Tulip-1.avif","contentUrl":"https:\/\/www.vallonchene.fr\/wp-content\/uploads\/2024\/04\/MAGNOLIA-Black-Tulip-1.avif","width":1024,"height":1024,"caption":"Gros plan sur la fleur ouverte d'un MAGNOLIA 'Black Tulip' toute ouverte"},{"@type":"BreadcrumbList","@id":"https:\/\/www.vallonchene.fr\/es\/producto\/magnolia-black-tulip\/#breadcrumb","itemListElement":[{"@type":"ListItem","position":1,"name":"Home","item":"https:\/\/www.vallonchene.fr\/es\/"},{"@type":"ListItem","position":2,"name":"Tienda","item":"https:\/\/www.vallonchene.fr\/tienda\/"},{"@type":"ListItem","position":3,"name":"Venta en linea","item":"https:\/\/www.vallonchene.fr\/es\/categoria-producto\/venta-en-linea\/"},{"@type":"ListItem","position":4,"name":"Vivero","item":"https:\/\/www.vallonchene.fr\/es\/categoria-producto\/venta-en-linea\/vivero\/"},{"@type":"ListItem","position":5,"name":"Arbustos y \u00e1rboles","item":"https:\/\/www.vallonchene.fr\/es\/categoria-producto\/venta-en-linea\/vivero\/arbustos-y-arboles\/"},{"@type":"ListItem","position":6,"name":"MAGNOLIA &lsquo;Black Tulip&rsquo;"}]},{"@type":"WebSite","@id":"https:\/\/www.vallonchene.fr\/es\/#website","url":"https:\/\/www.vallonchene.fr\/es\/","name":"Vallonch\u00eane","description":"El vivero donde la calidad tiene sus ra\u00edces \u2013 Tel.: +33 (0)2.35.90.02.02","publisher":{"@id":"https:\/\/www.vallonchene.fr\/es\/#organization"},"potentialAction":[{"@type":"SearchAction","target":{"@type":"EntryPoint","urlTemplate":"https:\/\/www.vallonchene.fr\/es\/?s={search_term_string}"},"query-input":{"@type":"PropertyValueSpecification","valueRequired":true,"valueName":"search_term_string"}}],"inLanguage":"es"},{"@type":"Organization","@id":"https:\/\/www.vallonchene.fr\/es\/#organization","name":"VALLONCHENE","url":"https:\/\/www.vallonchene.fr\/es\/","logo":{"@type":"ImageObject","inLanguage":"es","@id":"https:\/\/www.vallonchene.fr\/es\/#\/schema\/logo\/image\/","url":"https:\/\/www.vallonchene.fr\/wp-content\/uploads\/2023\/03\/Logo-Vallonchene-site-et-R_hauteur_100.png","contentUrl":"https:\/\/www.vallonchene.fr\/wp-content\/uploads\/2023\/03\/Logo-Vallonchene-site-et-R_hauteur_100.png","width":221,"height":100,"caption":"VALLONCHENE"},"image":{"@id":"https:\/\/www.vallonchene.fr\/es\/#\/schema\/logo\/image\/"},"sameAs":["https:\/\/www.facebook.com\/vallonchene.fr","https:\/\/www.instagram.com\/vallonchene\/","https:\/\/www.pinterest.fr\/vallonchene\/"],"taxID":"49454502300017","hasMerchantReturnPolicy":{"@type":"MerchantReturnPolicy","merchantReturnLink":"https:\/\/www.vallonchene.fr\/remboursements_retours\/"}}]},"og_availability":"instock","product_availability":"instock","product_condition":"new"},"_links":{"self":[{"href":"https:\/\/www.vallonchene.fr\/es\/wp-json\/wp\/v2\/product\/50820","targetHints":{"allow":["GET"]}}],"collection":[{"href":"https:\/\/www.vallonchene.fr\/es\/wp-json\/wp\/v2\/product"}],"about":[{"href":"https:\/\/www.vallonchene.fr\/es\/wp-json\/wp\/v2\/types\/product"}],"replies":[{"embeddable":true,"href":"https:\/\/www.vallonchene.fr\/es\/wp-json\/wp\/v2\/comments?post=50820"}],"wp:featuredmedia":[{"embeddable":true,"href":"https:\/\/www.vallonchene.fr\/es\/wp-json\/wp\/v2\/media\/50821"}],"wp:attachment":[{"href":"https:\/\/www.vallonchene.fr\/es\/wp-json\/wp\/v2\/media?parent=50820"}],"wp:term":[{"taxonomy":"product_brand","embeddable":true,"href":"https:\/\/www.vallonchene.fr\/es\/wp-json\/wp\/v2\/product_brand?post=50820"},{"taxonomy":"product_cat","embeddable":true,"href":"https:\/\/www.vallonchene.fr\/es\/wp-json\/wp\/v2\/product_cat?post=50820"},{"taxonomy":"product_tag","embeddable":true,"href":"https:\/\/www.vallonchene.fr\/es\/wp-json\/wp\/v2\/product_tag?post=50820"}],"curies":[{"name":"wp","href":"https:\/\/api.w.org\/{rel}","templated":true}]}}