{"id":50776,"date":"2021-08-31T10:58:34","date_gmt":"2021-08-31T10:58:34","guid":{"rendered":"https:\/\/www.vallonchene.fr\/?post_type=product&#038;p=50776"},"modified":"2026-03-11T02:24:38","modified_gmt":"2026-03-11T01:24:38","slug":"fitzroya-cupressoides","status":"publish","type":"product","link":"https:\/\/www.vallonchene.fr\/es\/producto\/fitzroya-cupressoides\/","title":{"rendered":"FITZROYA cupressoides"},"content":{"rendered":"<h2>La Planta<\/h2>\n<p data-sourcepos=\"5:3-5:238\">El cipr\u00e9s de la Patagonia es una planta sumamente apreciada por los coleccionistas. El <em>FITZROYA cupressoides<\/em> se caracteriza por su follaje azulado y sus densas ramas colgantes. Su exquisito porte le confiere una elegancia majestuosa.<br \/>\nPara obtener el tono azul m\u00e1s intenso, es recomendable plantarlo a pleno sol. Este con\u00edfero, muy raro, crece a un ritmo bastante lento.<br \/>\nEl g\u00e9nero <em>FITZROYA<\/em> comprende una \u00fanica especie. En su h\u00e1bitat natural, se pueden encontrar ejemplares milenarios que alcanzan los 40 a 60 metros de altura, e incluso los 70 metros. Sin embargo, en Europa, su desarrollo es mucho m\u00e1s moderado. En nuestro continente, podemos esperar una altura de 1,50 a 2 metros despu\u00e9s de diez a\u00f1os.<br \/>\nEvidentemente, es tambi\u00e9n una planta perfecta para el bons\u00e1i.<\/p>\n<p>Para descubrir nuestras otras plantas raras y muy raras, disponibles para la venta, le invitamos a <strong><a href=\"https:\/\/www.vallonchene.fr\/es\/categoria-producto\/venta-en-linea\/vivero\/plantas-raras-plantas-de-coleccion\/?filter_stock_status=instock\">hacer clic aqu\u00ed<\/a><\/strong>.<\/p>\n<h2>\u00bfC\u00f3mo plantar y cuidar el FITZROYA cupressoides?<\/h2>\n<h3>La plantaci\u00f3n<\/h3>\n<ol>\n<li>Asigne a este extraordinario con\u00edfero un lugar a pleno sol. Esta condici\u00f3n es indispensable para lograr el tono azulado m\u00e1s intenso de su follaje.<\/li>\n<li>Seleccione un lugar h\u00famedo, medianamente h\u00famedo o seco, ya sea en un macizo o aislado.<\/li>\n<li>El suelo debe ser ligero o normal, con un pH \u00e1cido, neutro o alcalino.<\/li>\n<li>Aseg\u00farese de proteger la planta de los vientos fr\u00edos, ya que resiste hasta -10\u00b0C, incluso hasta -15\u00b0C cuando ha desarrollado un tronco suficientemente grueso.<\/li>\n<li>Para una preparaci\u00f3n \u00f3ptima del hoyo de plantaci\u00f3n, hemos elaborado unas <strong><a href=\"https:\/\/www.vallonchene.fr\/es\/como-plantar-y-mantener-plantas\/guia-para-plantar-y-cuidar-arboles-arbustos-y-coniferas\/\">instrucciones espec\u00edficas que puede consultar aqu\u00ed<\/a><\/strong>.<\/li>\n<\/ol>\n<h3>El cuidado<\/h3>\n<p>Mientras la planta sea joven y durante per\u00edodos especialmente fr\u00edos, prot\u00e9jala con una manta t\u00e9rmica y acolche el suelo a sus pies.<br \/>\nSi es necesario, puede podar este con\u00edfero en marzo, antes de que brote nuevamente.<br \/>\n<strong><a href=\"https:\/\/www.vallonchene.fr\/es\/como-regar-bien-el-jardin-y-ahorrar-agua\/\">Lea tambi\u00e9n nuestros consejos sobre c\u00f3mo regar de manera eficiente y ahorrar agua aqu\u00ed<\/a><\/strong>.<\/p>\n<h2>Historia y Origen del FITZROYA cupressoides<\/h2>\n<p>El <em>Fitzroya cupressoides<\/em> pertenece a la familia de las Cupressaceae. Es la \u00fanica especie de su g\u00e9nero.<\/p>\n<p>Desafortunadamente, el cipr\u00e9s de la Patagonia se encuentra amenazado, incluso en peligro de extinci\u00f3n, en su h\u00e1bitat natural.<\/p>\n<p>El hallazgo de esta especie en el sitio arqueol\u00f3gico de <strong><a href=\"https:\/\/es.wikipedia.org\/wiki\/Monte_Verde\" target=\"_blank\" rel=\"noopener\">Monte Verde<\/a><\/strong> permite deducir que su uso se remonta a al menos 13.000 a\u00f1os. El pueblo huilliche en Chile utilizaba su madera para fabricar herramientas y armas.<\/p>\n<p>Durante la conquista espa\u00f1ola del <strong><a href=\"https:\/\/es.wikipedia.org\/wiki\/Archipi%C3%A9lago_de_Chilo%C3%A9\" target=\"_blank\" rel=\"noopener\">Archipi\u00e9lago de Chilo\u00e9<\/a><\/strong> en 1567, la mayor\u00eda de las islas estaban cubiertas por <em>F. cupressoides<\/em>. En aquel entonces, constitu\u00edan el principal medio de intercambio con el Per\u00fa.<\/p>\n<p>Alrededor de 1860, Vicente P\u00e9rez Rosales, diplom\u00e1tico chileno, orden\u00f3 la quema de grandes extensiones forestales para establecer colonias de alemanes y proporcionarles tierras cultivables.<\/p>\n<p>Una ley de 1976 prohibi\u00f3 la explotaci\u00f3n forestal, excepto la de \u00e1rboles muertos. Sin embargo, la tala ilegal a\u00fan ocurre ocasionalmente.<\/p>\n","protected":false},"excerpt":{"rendered":"<p>El <strong>cipr\u00e9s de la Patagonia<\/strong> es una con\u00edfera extremadamente rara en Europa. El <strong>FITZROYA cupressoides<\/strong> pertenece a la familia de las Cupressaceae y comprende una \u00fanica especie con un follaje azulado. Este con\u00edfero tiene una forma p\u00e9ndula.<\/p>\n","protected":false},"featured_media":50775,"comment_status":"open","ping_status":"closed","template":"","meta":[],"product_brand":[],"product_cat":[11502,11821],"product_tag":[],"class_list":{"0":"post-50776","1":"product","2":"type-product","3":"status-publish","4":"has-post-thumbnail","6":"product_cat-coniferas","7":"product_cat-plantas-raras-plantas-de-coleccion","8":"pa_99-hauteurapproximativeapres1-1_00-a-1_50-m","9":"pa_couleurdufeuillage-verde","10":"pa_exigencesenhumidite-moderadamente-humedo-a-humedo","11":"pa_exigencesenhumidite-promedio","12":"pa_exigencesenhumidite-seco","13":"pa_expositionspossibles-pleno-sol-de-12-a-17-min","14":"pa_hauteurlivree-10-a-15-cm-es","15":"pa_hauteurlivree-100-a-125-cm","16":"pa_hauteurlivree-125-a-150-cm-es","17":"pa_hauteurlivree-150-a-175-cm-es","18":"pa_hauteurlivree-250-a-300-cm-es","19":"pa_hauteurlivree-30-a-40-cm-es","20":"pa_hauteurlivree-40-a-50-cm-es","21":"pa_hauteurlivree-50-a-60-cm-es","22":"pa_hauteurlivree-60-a-80-cm-es","23":"pa_hauteurlivree-70-a-80-cm-es","24":"pa_hauteurlivree-80-a-100-cm-es","25":"pa_interetauprintemps-follaje","26":"pa_interetauprintemps-habitus","27":"pa_interetenautomne-follaje","28":"pa_interetenautomne-habitus","29":"pa_interetenete-follaje","30":"pa_interetenete-habitus","31":"pa_interetenhiver-follaje","32":"pa_interetenhiver-habitus","33":"pa_naturedufeuillage-siempreverde","34":"pa_naturesdesolpossibles-ligero","35":"pa_naturesdesolpossibles-normal-es","36":"pa_particularites-adecuado-para-bonsai","37":"pa_periodedetaille-marzo","38":"pa_phdusolacceptable-acido-menos-de-6_5","39":"pa_phdusolacceptable-calcareo-mas-de-7_5","40":"pa_phdusolacceptable-neutro-entre-6_5-y-7_5","41":"pa_portgraphisme-fastigiado","42":"pa_resistanceaufroidrusticite-resistente-hasta-menos-10-c","43":"pa_tailledepot-maceta-de-1_5-litros","44":"pa_tailledepot-maceta-de-10-litros","45":"pa_tailledepot-maceta-de-15-litros","46":"pa_tailledepot-maceta-de-2-litros","47":"pa_tailledepot-maceta-de-3-litros","48":"pa_tailledepot-maceta-de-4-litros","49":"pa_tailledepot-maceta-de-40-litros","50":"pa_tailledepot-maceta-de-5-litros","51":"pa_tailledepot-maceta-de-7_5-litros","52":"pa_utilisationpossible-aislado","53":"pa_utilisationpossible-arriate","55":"first","56":"outofstock","57":"taxable","58":"shipping-taxable","59":"purchasable","60":"product-type-variable"},"supplier_id":null,"supplier_sku":"","barcode":null,"atum_controlled":true,"out_stock_date":null,"out_stock_threshold":null,"inheritable":true,"inbound_stock":0,"stock_on_hold":0,"sold_today":0,"sales_last_days":0,"reserved_stock":0,"customer_returns":0,"warehouse_damage":0,"lost_in_post":0,"other_logs":0,"out_stock_days":0,"lost_sales":0,"has_location":false,"update_date":"2026-03-15T08:43:44","atum_locations":[],"atum_stock_status":"outofstock","restock_status":false,"low_stock_amount":"","sales_update_date":"2025-06-01T12:23:39","calc_backorders":null,"yoast_head":"<!-- This site is optimized with the Yoast SEO Premium plugin v27.5 (Yoast SEO v27.5) - https:\/\/yoast.com\/product\/yoast-seo-premium-wordpress\/ -->\n<title>FITZROYA cupressoides<\/title>\n<meta name=\"description\" content=\"El cipr\u00e9s de la Patagonia es una con\u00edfera extremadamente rara en Europa. El FITZROYA cupressoides pertenece a la familia de las Cupressaceae.\" \/>\n<meta name=\"robots\" content=\"index, follow, max-snippet:-1, max-image-preview:large, max-video-preview:-1\" \/>\n<link rel=\"canonical\" href=\"https:\/\/www.vallonchene.fr\/es\/producto\/fitzroya-cupressoides\/\" \/>\n<meta property=\"og:locale\" content=\"es_ES\" \/>\n<meta property=\"og:type\" content=\"article\" \/>\n<meta property=\"og:title\" content=\"FITZROYA cupressoides\" \/>\n<meta property=\"og:description\" content=\"El cipr\u00e9s de la Patagonia es una con\u00edfera extremadamente rara en Europa. El FITZROYA cupressoides pertenece a la familia de las Cupressaceae.\" \/>\n<meta property=\"og:url\" content=\"https:\/\/www.vallonchene.fr\/es\/producto\/fitzroya-cupressoides\/\" \/>\n<meta property=\"og:site_name\" content=\"Vallonch\u00eane\" \/>\n<meta property=\"article:publisher\" content=\"https:\/\/www.facebook.com\/vallonchene.fr\" \/>\n<meta property=\"article:modified_time\" content=\"2026-03-11T01:24:38+00:00\" \/>\n<meta property=\"og:image\" content=\"https:\/\/www.vallonchene.fr\/wp-content\/uploads\/2024\/05\/FITZROYA-cupressoides_01.webp\" \/>\n\t<meta property=\"og:image:width\" content=\"1024\" \/>\n\t<meta property=\"og:image:height\" content=\"1024\" \/>\n\t<meta property=\"og:image:type\" content=\"image\/webp\" \/>\n<meta name=\"twitter:card\" content=\"summary_large_image\" \/>\n<meta name=\"twitter:label1\" content=\"Disponibilidad\" \/>\n\t<meta name=\"twitter:data1\" content=\"Agotado\" \/>\n<script type=\"application\/ld+json\" class=\"yoast-schema-graph\">{\"@context\":\"https:\\\/\\\/schema.org\",\"@graph\":[{\"@type\":\"WebPage\",\"@id\":\"https:\\\/\\\/www.vallonchene.fr\\\/es\\\/producto\\\/fitzroya-cupressoides\\\/\",\"url\":\"https:\\\/\\\/www.vallonchene.fr\\\/es\\\/producto\\\/fitzroya-cupressoides\\\/\",\"name\":\"FITZROYA cupressoides\",\"isPartOf\":{\"@id\":\"https:\\\/\\\/www.vallonchene.fr\\\/es\\\/#website\"},\"primaryImageOfPage\":{\"@id\":\"https:\\\/\\\/www.vallonchene.fr\\\/es\\\/producto\\\/fitzroya-cupressoides\\\/#primaryimage\"},\"image\":{\"@id\":\"https:\\\/\\\/www.vallonchene.fr\\\/es\\\/producto\\\/fitzroya-cupressoides\\\/#primaryimage\"},\"thumbnailUrl\":\"https:\\\/\\\/www.vallonchene.fr\\\/wp-content\\\/uploads\\\/2024\\\/05\\\/FITZROYA-cupressoides_01.webp\",\"datePublished\":\"2021-08-31T10:58:34+00:00\",\"dateModified\":\"2026-03-11T01:24:38+00:00\",\"description\":\"El cipr\u00e9s de la Patagonia es una con\u00edfera extremadamente rara en Europa. El FITZROYA cupressoides pertenece a la familia de las Cupressaceae.\",\"breadcrumb\":{\"@id\":\"https:\\\/\\\/www.vallonchene.fr\\\/es\\\/producto\\\/fitzroya-cupressoides\\\/#breadcrumb\"},\"inLanguage\":\"es\",\"potentialAction\":[{\"@type\":\"ReadAction\",\"target\":[\"https:\\\/\\\/www.vallonchene.fr\\\/es\\\/producto\\\/fitzroya-cupressoides\\\/\"]}]},{\"@type\":\"ImageObject\",\"inLanguage\":\"es\",\"@id\":\"https:\\\/\\\/www.vallonchene.fr\\\/es\\\/producto\\\/fitzroya-cupressoides\\\/#primaryimage\",\"url\":\"https:\\\/\\\/www.vallonchene.fr\\\/wp-content\\\/uploads\\\/2024\\\/05\\\/FITZROYA-cupressoides_01.webp\",\"contentUrl\":\"https:\\\/\\\/www.vallonchene.fr\\\/wp-content\\\/uploads\\\/2024\\\/05\\\/FITZROYA-cupressoides_01.webp\",\"width\":1024,\"height\":1024,\"caption\":\"Ejemplar muy viejo de Fitzroya cupressoides en un jard\u00edn irland\u00e9s\"},{\"@type\":\"BreadcrumbList\",\"@id\":\"https:\\\/\\\/www.vallonchene.fr\\\/es\\\/producto\\\/fitzroya-cupressoides\\\/#breadcrumb\",\"itemListElement\":[{\"@type\":\"ListItem\",\"position\":1,\"name\":\"Home\",\"item\":\"https:\\\/\\\/www.vallonchene.fr\\\/es\\\/\"},{\"@type\":\"ListItem\",\"position\":2,\"name\":\"Tienda\",\"item\":\"https:\\\/\\\/www.vallonchene.fr\\\/tienda\\\/\"},{\"@type\":\"ListItem\",\"position\":3,\"name\":\"Venta en linea\",\"item\":\"https:\\\/\\\/www.vallonchene.fr\\\/es\\\/categoria-producto\\\/venta-en-linea\\\/\"},{\"@type\":\"ListItem\",\"position\":4,\"name\":\"Vivero\",\"item\":\"https:\\\/\\\/www.vallonchene.fr\\\/es\\\/categoria-producto\\\/venta-en-linea\\\/vivero\\\/\"},{\"@type\":\"ListItem\",\"position\":5,\"name\":\"Plantas raras (plantas de colecci\u00f3n)\",\"item\":\"https:\\\/\\\/www.vallonchene.fr\\\/es\\\/categoria-producto\\\/venta-en-linea\\\/vivero\\\/plantas-raras-plantas-de-coleccion\\\/\"},{\"@type\":\"ListItem\",\"position\":6,\"name\":\"FITZROYA cupressoides\"}]},{\"@type\":\"WebSite\",\"@id\":\"https:\\\/\\\/www.vallonchene.fr\\\/es\\\/#website\",\"url\":\"https:\\\/\\\/www.vallonchene.fr\\\/es\\\/\",\"name\":\"Vallonch\u00eane\",\"description\":\"El vivero donde la calidad tiene sus ra\u00edces \u2013 Tel.: +33 (0)2.35.90.02.02\",\"publisher\":{\"@id\":\"https:\\\/\\\/www.vallonchene.fr\\\/es\\\/#organization\"},\"potentialAction\":[{\"@type\":\"SearchAction\",\"target\":{\"@type\":\"EntryPoint\",\"urlTemplate\":\"https:\\\/\\\/www.vallonchene.fr\\\/es\\\/?s={search_term_string}\"},\"query-input\":{\"@type\":\"PropertyValueSpecification\",\"valueRequired\":true,\"valueName\":\"search_term_string\"}}],\"inLanguage\":\"es\"},{\"@type\":\"Organization\",\"@id\":\"https:\\\/\\\/www.vallonchene.fr\\\/es\\\/#organization\",\"name\":\"VALLONCHENE\",\"url\":\"https:\\\/\\\/www.vallonchene.fr\\\/es\\\/\",\"logo\":{\"@type\":\"ImageObject\",\"inLanguage\":\"es\",\"@id\":\"https:\\\/\\\/www.vallonchene.fr\\\/es\\\/#\\\/schema\\\/logo\\\/image\\\/\",\"url\":\"https:\\\/\\\/www.vallonchene.fr\\\/wp-content\\\/uploads\\\/2023\\\/03\\\/Logo-Vallonchene-site-et-R_hauteur_100.png\",\"contentUrl\":\"https:\\\/\\\/www.vallonchene.fr\\\/wp-content\\\/uploads\\\/2023\\\/03\\\/Logo-Vallonchene-site-et-R_hauteur_100.png\",\"width\":221,\"height\":100,\"caption\":\"VALLONCHENE\"},\"image\":{\"@id\":\"https:\\\/\\\/www.vallonchene.fr\\\/es\\\/#\\\/schema\\\/logo\\\/image\\\/\"},\"sameAs\":[\"https:\\\/\\\/www.facebook.com\\\/vallonchene.fr\",\"https:\\\/\\\/www.instagram.com\\\/vallonchene\\\/\",\"https:\\\/\\\/www.pinterest.fr\\\/vallonchene\\\/\"],\"taxID\":\"49454502300017\",\"hasMerchantReturnPolicy\":{\"@type\":\"MerchantReturnPolicy\",\"merchantReturnLink\":\"https:\\\/\\\/www.vallonchene.fr\\\/remboursements_retours\\\/\"}}]}<\/script>\n<meta property=\"og:availability\" content=\"out of stock\" \/>\n<meta property=\"product:availability\" content=\"out of stock\" \/>\n<meta property=\"product:retailer_item_id\" content=\"61241\" \/>\n<meta property=\"product:condition\" content=\"new\" \/>\n<!-- \/ Yoast SEO Premium plugin. -->","yoast_head_json":{"title":"FITZROYA cupressoides","description":"El cipr\u00e9s de la Patagonia es una con\u00edfera extremadamente rara en Europa. El FITZROYA cupressoides pertenece a la familia de las Cupressaceae.","robots":{"index":"index","follow":"follow","max-snippet":"max-snippet:-1","max-image-preview":"max-image-preview:large","max-video-preview":"max-video-preview:-1"},"canonical":"https:\/\/www.vallonchene.fr\/es\/producto\/fitzroya-cupressoides\/","og_locale":"es_ES","og_type":"article","og_title":"FITZROYA cupressoides","og_description":"El cipr\u00e9s de la Patagonia es una con\u00edfera extremadamente rara en Europa. El FITZROYA cupressoides pertenece a la familia de las Cupressaceae.","og_url":"https:\/\/www.vallonchene.fr\/es\/producto\/fitzroya-cupressoides\/","og_site_name":"Vallonch\u00eane","article_publisher":"https:\/\/www.facebook.com\/vallonchene.fr","article_modified_time":"2026-03-11T01:24:38+00:00","og_image":[{"width":1024,"height":1024,"url":"https:\/\/www.vallonchene.fr\/wp-content\/uploads\/2024\/05\/FITZROYA-cupressoides_01.webp","type":"image\/webp"}],"twitter_card":"summary_large_image","twitter_misc":{"Disponibilidad":"Agotado"},"schema":{"@context":"https:\/\/schema.org","@graph":[{"@type":"WebPage","@id":"https:\/\/www.vallonchene.fr\/es\/producto\/fitzroya-cupressoides\/","url":"https:\/\/www.vallonchene.fr\/es\/producto\/fitzroya-cupressoides\/","name":"FITZROYA cupressoides","isPartOf":{"@id":"https:\/\/www.vallonchene.fr\/es\/#website"},"primaryImageOfPage":{"@id":"https:\/\/www.vallonchene.fr\/es\/producto\/fitzroya-cupressoides\/#primaryimage"},"image":{"@id":"https:\/\/www.vallonchene.fr\/es\/producto\/fitzroya-cupressoides\/#primaryimage"},"thumbnailUrl":"https:\/\/www.vallonchene.fr\/wp-content\/uploads\/2024\/05\/FITZROYA-cupressoides_01.webp","datePublished":"2021-08-31T10:58:34+00:00","dateModified":"2026-03-11T01:24:38+00:00","description":"El cipr\u00e9s de la Patagonia es una con\u00edfera extremadamente rara en Europa. El FITZROYA cupressoides pertenece a la familia de las Cupressaceae.","breadcrumb":{"@id":"https:\/\/www.vallonchene.fr\/es\/producto\/fitzroya-cupressoides\/#breadcrumb"},"inLanguage":"es","potentialAction":[{"@type":"ReadAction","target":["https:\/\/www.vallonchene.fr\/es\/producto\/fitzroya-cupressoides\/"]}]},{"@type":"ImageObject","inLanguage":"es","@id":"https:\/\/www.vallonchene.fr\/es\/producto\/fitzroya-cupressoides\/#primaryimage","url":"https:\/\/www.vallonchene.fr\/wp-content\/uploads\/2024\/05\/FITZROYA-cupressoides_01.webp","contentUrl":"https:\/\/www.vallonchene.fr\/wp-content\/uploads\/2024\/05\/FITZROYA-cupressoides_01.webp","width":1024,"height":1024,"caption":"Ejemplar muy viejo de Fitzroya cupressoides en un jard\u00edn irland\u00e9s"},{"@type":"BreadcrumbList","@id":"https:\/\/www.vallonchene.fr\/es\/producto\/fitzroya-cupressoides\/#breadcrumb","itemListElement":[{"@type":"ListItem","position":1,"name":"Home","item":"https:\/\/www.vallonchene.fr\/es\/"},{"@type":"ListItem","position":2,"name":"Tienda","item":"https:\/\/www.vallonchene.fr\/tienda\/"},{"@type":"ListItem","position":3,"name":"Venta en linea","item":"https:\/\/www.vallonchene.fr\/es\/categoria-producto\/venta-en-linea\/"},{"@type":"ListItem","position":4,"name":"Vivero","item":"https:\/\/www.vallonchene.fr\/es\/categoria-producto\/venta-en-linea\/vivero\/"},{"@type":"ListItem","position":5,"name":"Plantas raras (plantas de colecci\u00f3n)","item":"https:\/\/www.vallonchene.fr\/es\/categoria-producto\/venta-en-linea\/vivero\/plantas-raras-plantas-de-coleccion\/"},{"@type":"ListItem","position":6,"name":"FITZROYA cupressoides"}]},{"@type":"WebSite","@id":"https:\/\/www.vallonchene.fr\/es\/#website","url":"https:\/\/www.vallonchene.fr\/es\/","name":"Vallonch\u00eane","description":"El vivero donde la calidad tiene sus ra\u00edces \u2013 Tel.: +33 (0)2.35.90.02.02","publisher":{"@id":"https:\/\/www.vallonchene.fr\/es\/#organization"},"potentialAction":[{"@type":"SearchAction","target":{"@type":"EntryPoint","urlTemplate":"https:\/\/www.vallonchene.fr\/es\/?s={search_term_string}"},"query-input":{"@type":"PropertyValueSpecification","valueRequired":true,"valueName":"search_term_string"}}],"inLanguage":"es"},{"@type":"Organization","@id":"https:\/\/www.vallonchene.fr\/es\/#organization","name":"VALLONCHENE","url":"https:\/\/www.vallonchene.fr\/es\/","logo":{"@type":"ImageObject","inLanguage":"es","@id":"https:\/\/www.vallonchene.fr\/es\/#\/schema\/logo\/image\/","url":"https:\/\/www.vallonchene.fr\/wp-content\/uploads\/2023\/03\/Logo-Vallonchene-site-et-R_hauteur_100.png","contentUrl":"https:\/\/www.vallonchene.fr\/wp-content\/uploads\/2023\/03\/Logo-Vallonchene-site-et-R_hauteur_100.png","width":221,"height":100,"caption":"VALLONCHENE"},"image":{"@id":"https:\/\/www.vallonchene.fr\/es\/#\/schema\/logo\/image\/"},"sameAs":["https:\/\/www.facebook.com\/vallonchene.fr","https:\/\/www.instagram.com\/vallonchene\/","https:\/\/www.pinterest.fr\/vallonchene\/"],"taxID":"49454502300017","hasMerchantReturnPolicy":{"@type":"MerchantReturnPolicy","merchantReturnLink":"https:\/\/www.vallonchene.fr\/remboursements_retours\/"}}]},"og_availability":"out of stock","product_availability":"out of stock","product_retailer_item_id":"61241","product_condition":"new"},"_links":{"self":[{"href":"https:\/\/www.vallonchene.fr\/es\/wp-json\/wp\/v2\/product\/50776","targetHints":{"allow":["GET"]}}],"collection":[{"href":"https:\/\/www.vallonchene.fr\/es\/wp-json\/wp\/v2\/product"}],"about":[{"href":"https:\/\/www.vallonchene.fr\/es\/wp-json\/wp\/v2\/types\/product"}],"replies":[{"embeddable":true,"href":"https:\/\/www.vallonchene.fr\/es\/wp-json\/wp\/v2\/comments?post=50776"}],"wp:featuredmedia":[{"embeddable":true,"href":"https:\/\/www.vallonchene.fr\/es\/wp-json\/wp\/v2\/media\/50775"}],"wp:attachment":[{"href":"https:\/\/www.vallonchene.fr\/es\/wp-json\/wp\/v2\/media?parent=50776"}],"wp:term":[{"taxonomy":"product_brand","embeddable":true,"href":"https:\/\/www.vallonchene.fr\/es\/wp-json\/wp\/v2\/product_brand?post=50776"},{"taxonomy":"product_cat","embeddable":true,"href":"https:\/\/www.vallonchene.fr\/es\/wp-json\/wp\/v2\/product_cat?post=50776"},{"taxonomy":"product_tag","embeddable":true,"href":"https:\/\/www.vallonchene.fr\/es\/wp-json\/wp\/v2\/product_tag?post=50776"}],"curies":[{"name":"wp","href":"https:\/\/api.w.org\/{rel}","templated":true}]}}