{"id":50745,"date":"2021-08-31T11:20:58","date_gmt":"2021-08-31T10:20:58","guid":{"rendered":"https:\/\/www.vallonchene.fr\/produit\/picea-abies-pusch\/"},"modified":"2025-10-31T11:58:25","modified_gmt":"2025-10-31T10:58:25","slug":"picea-abies-pusch","status":"publish","type":"product","link":"https:\/\/www.vallonchene.fr\/es\/producto\/picea-abies-pusch\/","title":{"rendered":"PICEA abies &#8216;Pusch&#8217;"},"content":{"rendered":"<h2>La Planta<\/h2>\n<p>El <strong>PICEA abies &#8216;Pusch&#8217;<\/strong> pertenece al g\u00e9nero de las p\u00edceas<strong> comunes (o p\u00edceas de Noruega),<\/strong> aunque esta variedad haya sido elegida con\u00edfera del a\u00f1o. En efecto, se trata de una <strong>forma muy compacta<\/strong> que no superar\u00e1 los 50 cm despu\u00e9s de diez a\u00f1os. Este <strong>con\u00edfero en miniatura<\/strong> sorprende en primavera cuando desarrolla sus <strong>pi\u00f1as de un rojo y luego rosa vivo<\/strong> (ver foto) al final del brote del a\u00f1o anterior. Estas permanecen en la planta hasta el invierno siguiente.<br \/>\nPor otra parte, los brotes primaverales son de un verde claro y muy luminoso como en la especie tipo.<br \/>\nUsted puede plantar este con\u00edfero en miniatura en una maceta, un macizo o un jard\u00edn rocoso. Para consultar todos los <strong>PICEA<\/strong> actualmente disponibles a la venta, <strong><a href=\"https:\/\/www.vallonchene.fr\/?s=picea&amp;post_type=product&amp;dgwt_wcas=1&amp;lang=fr&amp;filter_stock_status=instock\">por favor haga clic aqu\u00ed<\/a><\/strong>.<\/p>\n<h2>\u00bfC\u00f3mo plantar y cuidar la PICEA abies &#8216;Pusch&#8217;? <br \/><\/h2>\n<h3>La plantaci\u00f3n<br \/><\/h3>\n<ol>\n<li>Busque para el P. abies &#8216;Pusch&#8217; un lugar <strong>a pleno sol o semisombra<\/strong>, ya sea en <strong>una maceta, un macizo o un jard\u00edn rocoso<\/strong>.<\/li>\n<li>El suelo puede ser <strong>ligero, normal o pesado<\/strong>, con un <strong>pH \u00e1cido, neutro o calc\u00e1reo<\/strong>.<\/li>\n<li>Tolera <strong>lugares h\u00famedos, de humedad media y secos<\/strong>. Sin embargo, si lo mantiene en maceta, deber\u00e1 prestar atenci\u00f3n al riego, ya que la humedad no puede regularse de forma natural, como ocurre en tierra abierta. <\/li>\n<\/ol>\n<p>Para una preparaci\u00f3n \u00f3ptima del contenedor o del hoyo de plantaci\u00f3n, hemos elaborado unas <a href=\"https:\/\/www.vallonchene.fr\/comment-planter-et-entretenir-des-vegetaux\/\" target=\"_blank\" rel=\"noreferrer noopener\"><strong>instrucciones detalladas que puede consultar aqu\u00ed<\/strong><\/a>.<\/p>\n<h3>El cuidado <br \/><\/h3>\n<p>Es una planta que no requiere cuidados especiales. Resiste muy bien las grandes heladas (por debajo de -20 \u00b0C) y la sequ\u00eda en tierra (con un enraizamiento completo despu\u00e9s de aproximadamente dos a\u00f1os). Si planta la P. abies &#8216;Pusch&#8217; en un contenedor o maceta, le recomendamos un riego regular, ya que la lluvia no ser\u00e1 suficiente para garantizar una buena humedad. <a href=\"https:\/\/www.vallonchene.fr\/comment-bien-arroser-le-jardin-et-economiser-leau\/\"><strong>Lea tambi\u00e9n nuestros consejos sobre c\u00f3mo regar correctamente y ahorrar agua aqu\u00ed<\/strong><\/a>.<\/p>\n<h2>Historia y Origen<\/h2>\n<p>La especie tipo, PICEA abies, tambi\u00e9n conocida como p\u00edcea com\u00fan, es end\u00e9mica de toda Europa, a excepci\u00f3n de las Islas Brit\u00e1nicas y la Pen\u00ednsula Ib\u00e9rica. Sin embargo, est\u00e1 especialmente presente en el norte, este y centro de Europa. Aunque la PICEA abies cl\u00e1sico puede alcanzar alturas de 50 metros, el PICEA abies &#8216;Pusch&#8217; es un con\u00edfero verdaderamente en miniatura. De hecho, crece solo unos pocos cent\u00edmetros por a\u00f1o. El cultivar P. abies &#8216;Pusch&#8217; fue seleccionado en 1980, en Alemania, por Hans Pusch e introducido en el mercado en 1990. En 2008, obtuvo el premio \u00abCon\u00edfera del A\u00f1o\u00bb otorgado por la Asociaci\u00f3n Alemana de Viveristas. Los p\u00edceas comunes representan un refugio importante para las aves y una fuente de alimento para insectos, algunos de ellos en peligro de extinci\u00f3n (por ejemplo, el <strong><a href=\"https:\/\/fr.wikipedia.org\/wiki\/Rosalie_des_Alpes\" target=\"_blank\" rel=\"noopener\">longicornio de los Alpes<\/a><\/strong>, ROSALIA alpina). <\/p>\n<p>&nbsp;<\/p>\n<p>&nbsp;<\/p>\n","protected":false},"excerpt":{"rendered":"<p>Esta <strong>p\u00edcea com\u00fan (o p\u00edcea de Noruega)<\/strong> tiene una forma irregular. Al final de los brotes primaverales de color verde claro del <strong>PICEA abies &#8216;Pusch&#8217;<\/strong> se desarrollan <strong>pi\u00f1as de un rosa luminoso<\/strong>. Es un atractivo para cualquier jard\u00edn.  <\/p>\n","protected":false},"featured_media":50746,"comment_status":"open","ping_status":"closed","template":"","meta":[],"product_brand":[],"product_cat":[11502],"product_tag":[11880,11881,11884,11883,11882,11885],"class_list":{"0":"post-50745","1":"product","2":"type-product","3":"status-publish","4":"has-post-thumbnail","6":"product_cat-coniferas","7":"product_tag-picea-es","8":"product_tag-picea-abies-es","9":"product_tag-picea-abies-pusch-es","10":"product_tag-picea-comun","11":"product_tag-picea-de-noruega","12":"product_tag-pusch-es","13":"pa_99-hauteurapproximativeapres1-20-a-50-cm","14":"pa_couleurdesfruits-rosa-es","15":"pa_couleurdufeuillage-verde","16":"pa_exigencesenhumidite-moderadamente-humedo-a-humedo","17":"pa_exigencesenhumidite-promedio","18":"pa_exigencesenhumidite-seco","19":"pa_expositionspossibles-pleno-sol-de-12-a-17-min","20":"pa_expositionspossibles-sombra-sin-sol-directo","21":"pa_expositionspossibles-sombra-parcial-evitar-el-sol-de-12-a-17-horas","22":"pa_hauteurlivree-25-a-30-cm-es","23":"pa_hauteurlivree-30-a-40-cm-es","24":"pa_interetauprintemps-brotes-jovenes","25":"pa_interetauprintemps-conos","26":"pa_interetauprintemps-follaje","27":"pa_interetauprintemps-habitus","28":"pa_interetenautomne-conos","29":"pa_interetenautomne-follaje","30":"pa_interetenautomne-habitus","31":"pa_interetenete-conos","32":"pa_interetenete-follaje","33":"pa_interetenete-habitus","34":"pa_interetenhiver-conos","35":"pa_interetenhiver-follaje","36":"pa_interetenhiver-habitus","37":"pa_naturedufeuillage-siempreverde","38":"pa_naturesdesolpossibles-ligero","39":"pa_naturesdesolpossibles-normal-es","40":"pa_naturesdesolpossibles-pesado","41":"pa_particularites-habitus","42":"pa_periodedetaille-marzo","43":"pa_phdusolacceptable-acido-menos-de-6_5","44":"pa_phdusolacceptable-calcareo-mas-de-7_5","45":"pa_phdusolacceptable-neutro-entre-6_5-y-7_5","46":"pa_portgraphisme-infundibuliforme","47":"pa_resistanceaufroidrusticite-resistente-por-debajo-de-menos-20-c","48":"pa_tailledepot-maceta-de-5-litros","49":"pa_utilisationpossible-arriate","50":"pa_utilisationpossible-contenedor-o-olla","52":"first","53":"outofstock","54":"taxable","55":"shipping-taxable","56":"purchasable","57":"product-type-variable","58":"has-default-attributes"},"supplier_id":null,"supplier_sku":"","barcode":null,"atum_controlled":true,"out_stock_date":null,"out_stock_threshold":null,"inheritable":true,"inbound_stock":0,"stock_on_hold":0,"sold_today":0,"sales_last_days":0,"reserved_stock":0,"customer_returns":0,"warehouse_damage":0,"lost_in_post":0,"other_logs":0,"out_stock_days":null,"lost_sales":0,"has_location":false,"update_date":"2025-11-03T07:51:27","atum_locations":[],"atum_stock_status":"outofstock","restock_status":false,"low_stock_amount":"","sales_update_date":"2025-05-15T07:31:18","calc_backorders":null,"yoast_head":"<!-- This site is optimized with the Yoast SEO Premium plugin v27.4 (Yoast SEO v27.4) - https:\/\/yoast.com\/product\/yoast-seo-premium-wordpress\/ -->\n<title>PICEA abies &#039;Pusch&#039; - p\u00edcea com\u00fan, p\u00edcea de Noruega<\/title>\n<meta name=\"description\" content=\"Esta p\u00edcea com\u00fan (o p\u00edcea de Noruega) tiene una forma irregular. En los extremos de sus brotes de color verde claro, el PICEA abies &#039;Pusch&#039; desarrolla pi\u00f1as de un rosa luminoso.\" \/>\n<meta name=\"robots\" content=\"index, follow, max-snippet:-1, max-image-preview:large, max-video-preview:-1\" \/>\n<link rel=\"canonical\" href=\"https:\/\/www.vallonchene.fr\/es\/producto\/picea-abies-pusch\/\" \/>\n<meta property=\"og:locale\" content=\"es_ES\" \/>\n<meta property=\"og:type\" content=\"article\" \/>\n<meta property=\"og:title\" content=\"PICEA abies &#039;Pusch&#039;\" \/>\n<meta property=\"og:description\" content=\"Esta p\u00edcea com\u00fan (o p\u00edcea de Noruega) tiene una forma irregular. En los extremos de sus brotes de color verde claro, el PICEA abies &#039;Pusch&#039; desarrolla pi\u00f1as de un rosa luminoso.\" \/>\n<meta property=\"og:url\" content=\"https:\/\/www.vallonchene.fr\/es\/producto\/picea-abies-pusch\/\" \/>\n<meta property=\"og:site_name\" content=\"Vallonch\u00eane\" \/>\n<meta property=\"article:publisher\" content=\"https:\/\/www.facebook.com\/vallonchene.fr\" \/>\n<meta property=\"article:modified_time\" content=\"2025-10-31T10:58:25+00:00\" \/>\n<meta property=\"og:image\" content=\"https:\/\/www.vallonchene.fr\/wp-content\/uploads\/2024\/05\/PICEA-abies-Pusch_01.webp\" \/>\n\t<meta property=\"og:image:width\" content=\"1024\" \/>\n\t<meta property=\"og:image:height\" content=\"1024\" \/>\n\t<meta property=\"og:image:type\" content=\"image\/webp\" \/>\n<meta name=\"twitter:card\" content=\"summary_large_image\" \/>\n<meta name=\"twitter:label1\" content=\"Disponibilidad\" \/>\n\t<meta name=\"twitter:data1\" content=\"Agotado\" \/>\n<script type=\"application\/ld+json\" class=\"yoast-schema-graph\">{\"@context\":\"https:\\\/\\\/schema.org\",\"@graph\":[{\"@type\":\"WebPage\",\"@id\":\"https:\\\/\\\/www.vallonchene.fr\\\/es\\\/producto\\\/picea-abies-pusch\\\/\",\"url\":\"https:\\\/\\\/www.vallonchene.fr\\\/es\\\/producto\\\/picea-abies-pusch\\\/\",\"name\":\"PICEA abies 'Pusch' - p\u00edcea com\u00fan, p\u00edcea de Noruega\",\"isPartOf\":{\"@id\":\"https:\\\/\\\/www.vallonchene.fr\\\/es\\\/#website\"},\"primaryImageOfPage\":{\"@id\":\"https:\\\/\\\/www.vallonchene.fr\\\/es\\\/producto\\\/picea-abies-pusch\\\/#primaryimage\"},\"image\":{\"@id\":\"https:\\\/\\\/www.vallonchene.fr\\\/es\\\/producto\\\/picea-abies-pusch\\\/#primaryimage\"},\"thumbnailUrl\":\"https:\\\/\\\/www.vallonchene.fr\\\/wp-content\\\/uploads\\\/2024\\\/05\\\/PICEA-abies-Pusch_01.webp\",\"datePublished\":\"2021-08-31T10:20:58+00:00\",\"dateModified\":\"2025-10-31T10:58:25+00:00\",\"description\":\"Esta p\u00edcea com\u00fan (o p\u00edcea de Noruega) tiene una forma irregular. En los extremos de sus brotes de color verde claro, el PICEA abies 'Pusch' desarrolla pi\u00f1as de un rosa luminoso.\",\"breadcrumb\":{\"@id\":\"https:\\\/\\\/www.vallonchene.fr\\\/es\\\/producto\\\/picea-abies-pusch\\\/#breadcrumb\"},\"inLanguage\":\"es\",\"potentialAction\":[{\"@type\":\"ReadAction\",\"target\":[\"https:\\\/\\\/www.vallonchene.fr\\\/es\\\/producto\\\/picea-abies-pusch\\\/\"]}]},{\"@type\":\"ImageObject\",\"inLanguage\":\"es\",\"@id\":\"https:\\\/\\\/www.vallonchene.fr\\\/es\\\/producto\\\/picea-abies-pusch\\\/#primaryimage\",\"url\":\"https:\\\/\\\/www.vallonchene.fr\\\/wp-content\\\/uploads\\\/2024\\\/05\\\/PICEA-abies-Pusch_01.webp\",\"contentUrl\":\"https:\\\/\\\/www.vallonchene.fr\\\/wp-content\\\/uploads\\\/2024\\\/05\\\/PICEA-abies-Pusch_01.webp\",\"width\":1024,\"height\":1024,\"caption\":\"En primavera, el PICEA abies 'Pusch' nos deleita con sus brotes tiernos de un verde luminoso y sus llamativas pi\u00f1as rosadas.\"},{\"@type\":\"BreadcrumbList\",\"@id\":\"https:\\\/\\\/www.vallonchene.fr\\\/es\\\/producto\\\/picea-abies-pusch\\\/#breadcrumb\",\"itemListElement\":[{\"@type\":\"ListItem\",\"position\":1,\"name\":\"Home\",\"item\":\"https:\\\/\\\/www.vallonchene.fr\\\/es\\\/\"},{\"@type\":\"ListItem\",\"position\":2,\"name\":\"Tienda\",\"item\":\"https:\\\/\\\/www.vallonchene.fr\\\/tienda\\\/\"},{\"@type\":\"ListItem\",\"position\":3,\"name\":\"Venta en linea\",\"item\":\"https:\\\/\\\/www.vallonchene.fr\\\/es\\\/categoria-producto\\\/venta-en-linea\\\/\"},{\"@type\":\"ListItem\",\"position\":4,\"name\":\"Vivero\",\"item\":\"https:\\\/\\\/www.vallonchene.fr\\\/es\\\/categoria-producto\\\/venta-en-linea\\\/vivero\\\/\"},{\"@type\":\"ListItem\",\"position\":5,\"name\":\"Coniferas\",\"item\":\"https:\\\/\\\/www.vallonchene.fr\\\/es\\\/categoria-producto\\\/venta-en-linea\\\/vivero\\\/coniferas\\\/\"},{\"@type\":\"ListItem\",\"position\":6,\"name\":\"PICEA abies &#8216;Pusch&#8217;\"}]},{\"@type\":\"WebSite\",\"@id\":\"https:\\\/\\\/www.vallonchene.fr\\\/es\\\/#website\",\"url\":\"https:\\\/\\\/www.vallonchene.fr\\\/es\\\/\",\"name\":\"Vallonch\u00eane\",\"description\":\"El vivero donde la calidad tiene sus ra\u00edces \u2013 Tel.: +33 (0)2.35.90.02.02\",\"publisher\":{\"@id\":\"https:\\\/\\\/www.vallonchene.fr\\\/es\\\/#organization\"},\"potentialAction\":[{\"@type\":\"SearchAction\",\"target\":{\"@type\":\"EntryPoint\",\"urlTemplate\":\"https:\\\/\\\/www.vallonchene.fr\\\/es\\\/?s={search_term_string}\"},\"query-input\":{\"@type\":\"PropertyValueSpecification\",\"valueRequired\":true,\"valueName\":\"search_term_string\"}}],\"inLanguage\":\"es\"},{\"@type\":\"Organization\",\"@id\":\"https:\\\/\\\/www.vallonchene.fr\\\/es\\\/#organization\",\"name\":\"VALLONCHENE\",\"url\":\"https:\\\/\\\/www.vallonchene.fr\\\/es\\\/\",\"logo\":{\"@type\":\"ImageObject\",\"inLanguage\":\"es\",\"@id\":\"https:\\\/\\\/www.vallonchene.fr\\\/es\\\/#\\\/schema\\\/logo\\\/image\\\/\",\"url\":\"https:\\\/\\\/www.vallonchene.fr\\\/wp-content\\\/uploads\\\/2023\\\/03\\\/Logo-Vallonchene-site-et-R_hauteur_100.png\",\"contentUrl\":\"https:\\\/\\\/www.vallonchene.fr\\\/wp-content\\\/uploads\\\/2023\\\/03\\\/Logo-Vallonchene-site-et-R_hauteur_100.png\",\"width\":221,\"height\":100,\"caption\":\"VALLONCHENE\"},\"image\":{\"@id\":\"https:\\\/\\\/www.vallonchene.fr\\\/es\\\/#\\\/schema\\\/logo\\\/image\\\/\"},\"sameAs\":[\"https:\\\/\\\/www.facebook.com\\\/vallonchene.fr\",\"https:\\\/\\\/www.instagram.com\\\/vallonchene\\\/\",\"https:\\\/\\\/www.pinterest.fr\\\/vallonchene\\\/\"],\"taxID\":\"49454502300017\",\"hasMerchantReturnPolicy\":{\"@type\":\"MerchantReturnPolicy\",\"merchantReturnLink\":\"https:\\\/\\\/www.vallonchene.fr\\\/remboursements_retours\\\/\"}}]}<\/script>\n<meta property=\"og:availability\" content=\"out of stock\" \/>\n<meta property=\"product:availability\" content=\"out of stock\" \/>\n<meta property=\"product:retailer_item_id\" content=\"36891\" \/>\n<meta property=\"product:condition\" content=\"new\" \/>\n<!-- \/ Yoast SEO Premium plugin. -->","yoast_head_json":{"title":"PICEA abies 'Pusch' - p\u00edcea com\u00fan, p\u00edcea de Noruega","description":"Esta p\u00edcea com\u00fan (o p\u00edcea de Noruega) tiene una forma irregular. En los extremos de sus brotes de color verde claro, el PICEA abies 'Pusch' desarrolla pi\u00f1as de un rosa luminoso.","robots":{"index":"index","follow":"follow","max-snippet":"max-snippet:-1","max-image-preview":"max-image-preview:large","max-video-preview":"max-video-preview:-1"},"canonical":"https:\/\/www.vallonchene.fr\/es\/producto\/picea-abies-pusch\/","og_locale":"es_ES","og_type":"article","og_title":"PICEA abies 'Pusch'","og_description":"Esta p\u00edcea com\u00fan (o p\u00edcea de Noruega) tiene una forma irregular. En los extremos de sus brotes de color verde claro, el PICEA abies 'Pusch' desarrolla pi\u00f1as de un rosa luminoso.","og_url":"https:\/\/www.vallonchene.fr\/es\/producto\/picea-abies-pusch\/","og_site_name":"Vallonch\u00eane","article_publisher":"https:\/\/www.facebook.com\/vallonchene.fr","article_modified_time":"2025-10-31T10:58:25+00:00","og_image":[{"width":1024,"height":1024,"url":"https:\/\/www.vallonchene.fr\/wp-content\/uploads\/2024\/05\/PICEA-abies-Pusch_01.webp","type":"image\/webp"}],"twitter_card":"summary_large_image","twitter_misc":{"Disponibilidad":"Agotado"},"schema":{"@context":"https:\/\/schema.org","@graph":[{"@type":"WebPage","@id":"https:\/\/www.vallonchene.fr\/es\/producto\/picea-abies-pusch\/","url":"https:\/\/www.vallonchene.fr\/es\/producto\/picea-abies-pusch\/","name":"PICEA abies 'Pusch' - p\u00edcea com\u00fan, p\u00edcea de Noruega","isPartOf":{"@id":"https:\/\/www.vallonchene.fr\/es\/#website"},"primaryImageOfPage":{"@id":"https:\/\/www.vallonchene.fr\/es\/producto\/picea-abies-pusch\/#primaryimage"},"image":{"@id":"https:\/\/www.vallonchene.fr\/es\/producto\/picea-abies-pusch\/#primaryimage"},"thumbnailUrl":"https:\/\/www.vallonchene.fr\/wp-content\/uploads\/2024\/05\/PICEA-abies-Pusch_01.webp","datePublished":"2021-08-31T10:20:58+00:00","dateModified":"2025-10-31T10:58:25+00:00","description":"Esta p\u00edcea com\u00fan (o p\u00edcea de Noruega) tiene una forma irregular. En los extremos de sus brotes de color verde claro, el PICEA abies 'Pusch' desarrolla pi\u00f1as de un rosa luminoso.","breadcrumb":{"@id":"https:\/\/www.vallonchene.fr\/es\/producto\/picea-abies-pusch\/#breadcrumb"},"inLanguage":"es","potentialAction":[{"@type":"ReadAction","target":["https:\/\/www.vallonchene.fr\/es\/producto\/picea-abies-pusch\/"]}]},{"@type":"ImageObject","inLanguage":"es","@id":"https:\/\/www.vallonchene.fr\/es\/producto\/picea-abies-pusch\/#primaryimage","url":"https:\/\/www.vallonchene.fr\/wp-content\/uploads\/2024\/05\/PICEA-abies-Pusch_01.webp","contentUrl":"https:\/\/www.vallonchene.fr\/wp-content\/uploads\/2024\/05\/PICEA-abies-Pusch_01.webp","width":1024,"height":1024,"caption":"En primavera, el PICEA abies 'Pusch' nos deleita con sus brotes tiernos de un verde luminoso y sus llamativas pi\u00f1as rosadas."},{"@type":"BreadcrumbList","@id":"https:\/\/www.vallonchene.fr\/es\/producto\/picea-abies-pusch\/#breadcrumb","itemListElement":[{"@type":"ListItem","position":1,"name":"Home","item":"https:\/\/www.vallonchene.fr\/es\/"},{"@type":"ListItem","position":2,"name":"Tienda","item":"https:\/\/www.vallonchene.fr\/tienda\/"},{"@type":"ListItem","position":3,"name":"Venta en linea","item":"https:\/\/www.vallonchene.fr\/es\/categoria-producto\/venta-en-linea\/"},{"@type":"ListItem","position":4,"name":"Vivero","item":"https:\/\/www.vallonchene.fr\/es\/categoria-producto\/venta-en-linea\/vivero\/"},{"@type":"ListItem","position":5,"name":"Coniferas","item":"https:\/\/www.vallonchene.fr\/es\/categoria-producto\/venta-en-linea\/vivero\/coniferas\/"},{"@type":"ListItem","position":6,"name":"PICEA abies &#8216;Pusch&#8217;"}]},{"@type":"WebSite","@id":"https:\/\/www.vallonchene.fr\/es\/#website","url":"https:\/\/www.vallonchene.fr\/es\/","name":"Vallonch\u00eane","description":"El vivero donde la calidad tiene sus ra\u00edces \u2013 Tel.: +33 (0)2.35.90.02.02","publisher":{"@id":"https:\/\/www.vallonchene.fr\/es\/#organization"},"potentialAction":[{"@type":"SearchAction","target":{"@type":"EntryPoint","urlTemplate":"https:\/\/www.vallonchene.fr\/es\/?s={search_term_string}"},"query-input":{"@type":"PropertyValueSpecification","valueRequired":true,"valueName":"search_term_string"}}],"inLanguage":"es"},{"@type":"Organization","@id":"https:\/\/www.vallonchene.fr\/es\/#organization","name":"VALLONCHENE","url":"https:\/\/www.vallonchene.fr\/es\/","logo":{"@type":"ImageObject","inLanguage":"es","@id":"https:\/\/www.vallonchene.fr\/es\/#\/schema\/logo\/image\/","url":"https:\/\/www.vallonchene.fr\/wp-content\/uploads\/2023\/03\/Logo-Vallonchene-site-et-R_hauteur_100.png","contentUrl":"https:\/\/www.vallonchene.fr\/wp-content\/uploads\/2023\/03\/Logo-Vallonchene-site-et-R_hauteur_100.png","width":221,"height":100,"caption":"VALLONCHENE"},"image":{"@id":"https:\/\/www.vallonchene.fr\/es\/#\/schema\/logo\/image\/"},"sameAs":["https:\/\/www.facebook.com\/vallonchene.fr","https:\/\/www.instagram.com\/vallonchene\/","https:\/\/www.pinterest.fr\/vallonchene\/"],"taxID":"49454502300017","hasMerchantReturnPolicy":{"@type":"MerchantReturnPolicy","merchantReturnLink":"https:\/\/www.vallonchene.fr\/remboursements_retours\/"}}]},"og_availability":"out of stock","product_availability":"out of stock","product_retailer_item_id":"36891","product_condition":"new"},"_links":{"self":[{"href":"https:\/\/www.vallonchene.fr\/es\/wp-json\/wp\/v2\/product\/50745","targetHints":{"allow":["GET"]}}],"collection":[{"href":"https:\/\/www.vallonchene.fr\/es\/wp-json\/wp\/v2\/product"}],"about":[{"href":"https:\/\/www.vallonchene.fr\/es\/wp-json\/wp\/v2\/types\/product"}],"replies":[{"embeddable":true,"href":"https:\/\/www.vallonchene.fr\/es\/wp-json\/wp\/v2\/comments?post=50745"}],"wp:featuredmedia":[{"embeddable":true,"href":"https:\/\/www.vallonchene.fr\/es\/wp-json\/wp\/v2\/media\/50746"}],"wp:attachment":[{"href":"https:\/\/www.vallonchene.fr\/es\/wp-json\/wp\/v2\/media?parent=50745"}],"wp:term":[{"taxonomy":"product_brand","embeddable":true,"href":"https:\/\/www.vallonchene.fr\/es\/wp-json\/wp\/v2\/product_brand?post=50745"},{"taxonomy":"product_cat","embeddable":true,"href":"https:\/\/www.vallonchene.fr\/es\/wp-json\/wp\/v2\/product_cat?post=50745"},{"taxonomy":"product_tag","embeddable":true,"href":"https:\/\/www.vallonchene.fr\/es\/wp-json\/wp\/v2\/product_tag?post=50745"}],"curies":[{"name":"wp","href":"https:\/\/api.w.org\/{rel}","templated":true}]}}