{"id":50710,"date":"2021-08-31T10:39:59","date_gmt":"2021-08-31T10:39:59","guid":{"rendered":"https:\/\/www.vallonchene.fr\/produit\/abies-koreana-silberlocke\/"},"modified":"2021-08-31T10:39:59","modified_gmt":"2021-08-31T09:39:59","slug":"abies-koreana-silberlocke","status":"publish","type":"product","link":"https:\/\/www.vallonchene.fr\/es\/producto\/abies-koreana-silberlocke\/","title":{"rendered":"ABIES koreana &#8216;Silberlocke&#8217;"},"content":{"rendered":"<h2 data-sourcepos=\"3:1-3:42\">La Planta<\/h2>\n<p data-sourcepos=\"3:1-3:42\">Entre los abetos de Corea, el ABIES koreana &#8216;Silberlocke&#8217; destaca por su <strong>porte refinado y su follaje singular<\/strong>.<br \/>\nSus <strong>agujas, delicadamente curvadas hacia arriba, revelan un reverso de un blanco resplandeciente<\/strong>, creando un contraste sorprendente con el verde oscuro de su cara superior. Este juego de luces atrae irresistiblemente la mirada y convierte a esta con\u00edfera en una aut\u00e9ntica joya para cualquier jard\u00edn.<br \/>\nAdem\u00e1s, en primavera, <strong>unos encantadores conos morados perfeccionan la belleza<\/strong> de esta gema vegetal. <strong>Su crecimiento lento y su porte inicialmente extendido<\/strong> lo convierten en una elecci\u00f3n ideal para espacios reducidos, donde se desarrolla con gracia. Con el paso de los a\u00f1os, se eleva y adopta una forma m\u00e1s erguida, sin perder nunca su elegancia natural. <strong>Ya sea en un jard\u00edn amplio o en uno peque\u00f1o<\/strong>, el ABIES koreana &#8216;Silberlocke&#8217; se integrar\u00e1 armoniosamente, aportando un toque de sofisticaci\u00f3n y una presencia notable. <strong>Perfectamente r\u00fastico<\/strong>, el ABIES koreana &#8216;Silberlocke&#8217; se adapta sin problemas a los climas fr\u00edos. <\/p>\n<p data-sourcepos=\"3:1-3:42\">Si desea ver otros abetos coreanos disponibles, <strong><a href=\"https:\/\/www.vallonchene.fr\/?s=ABIES+KOREANA&amp;post_type=product&amp;dgwt_wcas=1&amp;lang=fr&amp;filter_stock_status=instock\">haga clic aqu\u00ed<\/a><\/strong>.<\/p>\n<h2 data-sourcepos=\"3:1-3:42\">\u00bfC\u00f3mo plantar y cuidar el ABIES koreana &#8216;Silberlocke&#8217;? <br \/><\/h2>\n<h3>La plantaci\u00f3n<br \/><\/h3>\n<ol>\n<li data-sourcepos=\"3:1-3:64\"><strong>Para que su abeto de Corea luzca en todo su esplendor<\/strong>, es esencial ubicarlo en un lugar soleado. Inst\u00e1lelo en un sitio donde reciba al menos 12 horas de luz solar directa al d\u00eda, idealmente entre las 12 y las 17 horas. Un lugar semi-sombreado es posible, pero tenga en cuenta que el follaje perder\u00e1 su brillo plateado.  <\/li>\n<li data-sourcepos=\"3:1-3:64\">Adem\u00e1s, <strong>el ABIES koreana &#8216;Silberlocke&#8217; se adapta a diversas situaciones<\/strong>: puede plantarlo directamente en el suelo, en un macizo, cultivarlo en maceta en su terraza o instalarlo como ejemplar aislado para resaltar su elegante silueta.<\/li>\n<li data-sourcepos=\"3:1-3:64\">Por \u00faltimo, en cuanto al suelo, no es muy exigente. <strong>Se adapta a suelos secos, medianamente h\u00famedos o h\u00famedos<\/strong>, y tolera texturas ligeras, normales o pesadas. Adem\u00e1s, puede crecer en suelos \u00e1cidos, neutros o calc\u00e1reos.  <\/li>\n<\/ol>\n<p>Para una preparaci\u00f3n \u00f3ptima del contenedor o del hoyo de plantaci\u00f3n, hemos elaborado unas <a href=\"https:\/\/www.vallonchene.fr\/comment-planter-et-entretenir-des-vegetaux\/\" target=\"_blank\" rel=\"noreferrer noopener\"><strong>instrucciones detalladas que puede consultar aqu\u00ed<\/strong><\/a>.<\/p>\n<h3>El cuidado <br \/><\/h3>\n<p data-sourcepos=\"3:1-3:31\"><strong>El ABIES koreana &#8216;Silberlocke&#8217; pertenece a los con\u00edferos de una rareza simplicidad.<\/strong> No requiere de muchos cuidados para ofrecerle a\u00f1os de belleza radiante.<\/p>\n<p data-sourcepos=\"5:1-5:4\"><strong>Si desea modificar su forma<\/strong>, puede podarlo ligeramente en febrero o marzo, antes de que aparezcan los nuevos brotes.<\/p>\n<p data-sourcepos=\"7:1-7:2\"><strong>A excepci\u00f3n de esta poda opcional<\/strong>, su Abies koreana &#8216;Silberlocke&#8217; no requiere cuidados especiales. Se conforma con un suelo bien drenado y un riego moderado, especialmente durante los per\u00edodos secos. <\/p>\n<h2 data-sourcepos=\"7:1-7:2\">Historia y Origen<\/h2>\n<p><strong>El ABIES koreana, especie de la cual el &#8216;Silberlocke&#8217; es una variedad excepcional<\/strong>, es originario de las altas monta\u00f1as del sur de Corea. Crece de forma natural entre los 1 000 y 1 900 metros de altitud, en bosques lluviosos templados. <strong>Acostumbrado a un clima fresco y h\u00famedo<\/strong>, el Abies koreana prospera en zonas con abundantes precipitaciones. <strong>Su origen monta\u00f1oso le confiere un encanto \u00fanico<\/strong>, con un porte compacto y un follaje plateado que lo hacen ideal para jardines de cualquier tama\u00f1o. <\/p>\n<p>&nbsp;<\/p>\n","protected":false},"excerpt":{"rendered":"<p>Este <strong>abeto de Corea<\/strong> es muy resistente. El follaje rizado del <strong>ABIES koreana &#8216;Silberlocke&#8217;<\/strong> es verde por encima y blanco por debajo. Adem\u00e1s, se adapta perfectamente a jardines peque\u00f1os.  <\/p>\n","protected":false},"featured_media":50711,"comment_status":"open","ping_status":"closed","template":"","meta":[],"product_brand":[],"product_cat":[11502],"product_tag":[11876,11874,11875,11877,11878],"class_list":{"0":"post-50710","1":"product","2":"type-product","3":"status-publish","4":"has-post-thumbnail","6":"product_cat-coniferas","7":"product_tag-abeto-de-corea","8":"product_tag-abies-es","9":"product_tag-abies-koreana-es","10":"product_tag-abies-koreana-silberlocke-es","11":"product_tag-silberlocke-es","12":"pa_99-hauteurapproximativeapres1-1_00-a-1_50-m","13":"pa_couleurdesfruits-color-de-malva","14":"pa_couleurdufeuillage-blanca","15":"pa_couleurdufeuillage-verde","16":"pa_exigencesenhumidite-moderadamente-humedo-a-humedo","17":"pa_exigencesenhumidite-promedio","18":"pa_exigencesenhumidite-seco","19":"pa_expositionspossibles-pleno-sol-de-12-a-17-min","20":"pa_hauteurlivree-100-a-125-cm","21":"pa_hauteurlivree-40-a-50-cm-es","22":"pa_hauteurlivree-60-a-80-cm-es","23":"pa_hauteurlivree-70-a-80-cm-es","24":"pa_interetauprintemps-conos","25":"pa_interetauprintemps-follaje","26":"pa_interetauprintemps-habitus","27":"pa_interetenautomne-conos","28":"pa_interetenautomne-follaje","29":"pa_interetenautomne-habitus","30":"pa_interetenete-conos","31":"pa_interetenete-follaje","32":"pa_interetenete-habitus","33":"pa_interetenhiver-conos","34":"pa_interetenhiver-follaje","35":"pa_interetenhiver-habitus","36":"pa_naturedufeuillage-siempreverde","37":"pa_naturesdesolpossibles-ligero","38":"pa_naturesdesolpossibles-normal-es","39":"pa_naturesdesolpossibles-pesado","40":"pa_particularites-adecuado-para-bonsai","41":"pa_particularites-habitus","42":"pa_periodedetaille-febrero","43":"pa_periodedetaille-marzo","44":"pa_phdusolacceptable-acido-menos-de-6_5","45":"pa_phdusolacceptable-calcareo-mas-de-7_5","46":"pa_phdusolacceptable-neutro-entre-6_5-y-7_5","47":"pa_portgraphisme-infundibuliforme","48":"pa_resistanceaufroidrusticite-resistente-por-debajo-de-menos-20-c","49":"pa_tailledepot-maceta-de-10-litros","50":"pa_tailledepot-maceta-de-20-litros","51":"pa_tailledepot-maceta-de-7_5-litros","52":"pa_utilisationpossible-aislado","53":"pa_utilisationpossible-arriate","54":"pa_utilisationpossible-contenedor-o-olla","56":"first","57":"outofstock","58":"taxable","59":"shipping-taxable","60":"purchasable","61":"product-type-variable","62":"has-default-attributes"},"supplier_id":null,"supplier_sku":"","barcode":null,"atum_controlled":true,"out_stock_date":null,"out_stock_threshold":null,"inheritable":true,"inbound_stock":0,"stock_on_hold":0,"sold_today":0,"sales_last_days":0,"reserved_stock":0,"customer_returns":0,"warehouse_damage":0,"lost_in_post":0,"other_logs":0,"out_stock_days":null,"lost_sales":0,"has_location":false,"update_date":"2026-01-14T07:57:15","atum_locations":[],"atum_stock_status":"instock","restock_status":false,"low_stock_amount":"","sales_update_date":"2025-03-08T09:59:18","calc_backorders":null,"yoast_head":"<!-- This site is optimized with the Yoast SEO Premium plugin v27.5 (Yoast SEO v27.5) - https:\/\/yoast.com\/product\/yoast-seo-premium-wordpress\/ -->\n<title>ABIES koreana &#039;Silberlocke&#039; - abeto de Corea<\/title>\n<meta name=\"description\" content=\"Este abeto de Corea es muy r\u00fastico. El follaje rizado del ABIES koreana &#039;Silberlocke&#039; es verde por encima y blanco por debajo.\" \/>\n<meta name=\"robots\" content=\"index, follow, max-snippet:-1, max-image-preview:large, max-video-preview:-1\" \/>\n<link rel=\"canonical\" href=\"https:\/\/www.vallonchene.fr\/es\/producto\/abies-koreana-silberlocke\/\" \/>\n<meta property=\"og:locale\" content=\"es_ES\" \/>\n<meta property=\"og:type\" content=\"article\" \/>\n<meta property=\"og:title\" content=\"ABIES koreana &#039;Silberlocke&#039;\" \/>\n<meta property=\"og:description\" content=\"Este abeto de Corea es muy r\u00fastico. El follaje rizado del ABIES koreana &#039;Silberlocke&#039; es verde por encima y blanco por debajo.\" \/>\n<meta property=\"og:url\" content=\"https:\/\/www.vallonchene.fr\/es\/producto\/abies-koreana-silberlocke\/\" \/>\n<meta property=\"og:site_name\" content=\"Vallonch\u00eane\" \/>\n<meta property=\"article:publisher\" content=\"https:\/\/www.facebook.com\/vallonchene.fr\" \/>\n<meta property=\"og:image\" content=\"https:\/\/www.vallonchene.fr\/wp-content\/uploads\/2024\/06\/ABIES-koreana-Silberlocke.webp\" \/>\n\t<meta property=\"og:image:width\" content=\"1024\" \/>\n\t<meta property=\"og:image:height\" content=\"1024\" \/>\n\t<meta property=\"og:image:type\" content=\"image\/webp\" \/>\n<meta name=\"twitter:card\" content=\"summary_large_image\" \/>\n<meta name=\"twitter:label1\" content=\"Disponibilidad\" \/>\n\t<meta name=\"twitter:data1\" content=\"Agotado\" \/>\n<script type=\"application\/ld+json\" class=\"yoast-schema-graph\">{\"@context\":\"https:\\\/\\\/schema.org\",\"@graph\":[{\"@type\":\"WebPage\",\"@id\":\"https:\\\/\\\/www.vallonchene.fr\\\/es\\\/producto\\\/abies-koreana-silberlocke\\\/\",\"url\":\"https:\\\/\\\/www.vallonchene.fr\\\/es\\\/producto\\\/abies-koreana-silberlocke\\\/\",\"name\":\"ABIES koreana 'Silberlocke' - abeto de Corea\",\"isPartOf\":{\"@id\":\"https:\\\/\\\/www.vallonchene.fr\\\/es\\\/#website\"},\"primaryImageOfPage\":{\"@id\":\"https:\\\/\\\/www.vallonchene.fr\\\/es\\\/producto\\\/abies-koreana-silberlocke\\\/#primaryimage\"},\"image\":{\"@id\":\"https:\\\/\\\/www.vallonchene.fr\\\/es\\\/producto\\\/abies-koreana-silberlocke\\\/#primaryimage\"},\"thumbnailUrl\":\"https:\\\/\\\/www.vallonchene.fr\\\/wp-content\\\/uploads\\\/2024\\\/06\\\/ABIES-koreana-Silberlocke.webp\",\"datePublished\":\"2021-08-31T10:39:59+00:00\",\"description\":\"Este abeto de Corea es muy r\u00fastico. El follaje rizado del ABIES koreana 'Silberlocke' es verde por encima y blanco por debajo.\",\"breadcrumb\":{\"@id\":\"https:\\\/\\\/www.vallonchene.fr\\\/es\\\/producto\\\/abies-koreana-silberlocke\\\/#breadcrumb\"},\"inLanguage\":\"es\",\"potentialAction\":[{\"@type\":\"ReadAction\",\"target\":[\"https:\\\/\\\/www.vallonchene.fr\\\/es\\\/producto\\\/abies-koreana-silberlocke\\\/\"]}]},{\"@type\":\"ImageObject\",\"inLanguage\":\"es\",\"@id\":\"https:\\\/\\\/www.vallonchene.fr\\\/es\\\/producto\\\/abies-koreana-silberlocke\\\/#primaryimage\",\"url\":\"https:\\\/\\\/www.vallonchene.fr\\\/wp-content\\\/uploads\\\/2024\\\/06\\\/ABIES-koreana-Silberlocke.webp\",\"contentUrl\":\"https:\\\/\\\/www.vallonchene.fr\\\/wp-content\\\/uploads\\\/2024\\\/06\\\/ABIES-koreana-Silberlocke.webp\",\"width\":1024,\"height\":1024,\"caption\":\"Ramas con ac\u00edculas blancas y curvadas del ABIES koreana 'Silberlocke'\"},{\"@type\":\"BreadcrumbList\",\"@id\":\"https:\\\/\\\/www.vallonchene.fr\\\/es\\\/producto\\\/abies-koreana-silberlocke\\\/#breadcrumb\",\"itemListElement\":[{\"@type\":\"ListItem\",\"position\":1,\"name\":\"Home\",\"item\":\"https:\\\/\\\/www.vallonchene.fr\\\/es\\\/\"},{\"@type\":\"ListItem\",\"position\":2,\"name\":\"Tienda\",\"item\":\"https:\\\/\\\/www.vallonchene.fr\\\/tienda\\\/\"},{\"@type\":\"ListItem\",\"position\":3,\"name\":\"Venta en linea\",\"item\":\"https:\\\/\\\/www.vallonchene.fr\\\/es\\\/categoria-producto\\\/venta-en-linea\\\/\"},{\"@type\":\"ListItem\",\"position\":4,\"name\":\"Vivero\",\"item\":\"https:\\\/\\\/www.vallonchene.fr\\\/es\\\/categoria-producto\\\/venta-en-linea\\\/vivero\\\/\"},{\"@type\":\"ListItem\",\"position\":5,\"name\":\"Coniferas\",\"item\":\"https:\\\/\\\/www.vallonchene.fr\\\/es\\\/categoria-producto\\\/venta-en-linea\\\/vivero\\\/coniferas\\\/\"},{\"@type\":\"ListItem\",\"position\":6,\"name\":\"ABIES koreana &#8216;Silberlocke&#8217;\"}]},{\"@type\":\"WebSite\",\"@id\":\"https:\\\/\\\/www.vallonchene.fr\\\/es\\\/#website\",\"url\":\"https:\\\/\\\/www.vallonchene.fr\\\/es\\\/\",\"name\":\"Vallonch\u00eane\",\"description\":\"El vivero donde la calidad tiene sus ra\u00edces \u2013 Tel.: +33 (0)2.35.90.02.02\",\"publisher\":{\"@id\":\"https:\\\/\\\/www.vallonchene.fr\\\/es\\\/#organization\"},\"potentialAction\":[{\"@type\":\"SearchAction\",\"target\":{\"@type\":\"EntryPoint\",\"urlTemplate\":\"https:\\\/\\\/www.vallonchene.fr\\\/es\\\/?s={search_term_string}\"},\"query-input\":{\"@type\":\"PropertyValueSpecification\",\"valueRequired\":true,\"valueName\":\"search_term_string\"}}],\"inLanguage\":\"es\"},{\"@type\":\"Organization\",\"@id\":\"https:\\\/\\\/www.vallonchene.fr\\\/es\\\/#organization\",\"name\":\"VALLONCHENE\",\"url\":\"https:\\\/\\\/www.vallonchene.fr\\\/es\\\/\",\"logo\":{\"@type\":\"ImageObject\",\"inLanguage\":\"es\",\"@id\":\"https:\\\/\\\/www.vallonchene.fr\\\/es\\\/#\\\/schema\\\/logo\\\/image\\\/\",\"url\":\"https:\\\/\\\/www.vallonchene.fr\\\/wp-content\\\/uploads\\\/2023\\\/03\\\/Logo-Vallonchene-site-et-R_hauteur_100.png\",\"contentUrl\":\"https:\\\/\\\/www.vallonchene.fr\\\/wp-content\\\/uploads\\\/2023\\\/03\\\/Logo-Vallonchene-site-et-R_hauteur_100.png\",\"width\":221,\"height\":100,\"caption\":\"VALLONCHENE\"},\"image\":{\"@id\":\"https:\\\/\\\/www.vallonchene.fr\\\/es\\\/#\\\/schema\\\/logo\\\/image\\\/\"},\"sameAs\":[\"https:\\\/\\\/www.facebook.com\\\/vallonchene.fr\",\"https:\\\/\\\/www.instagram.com\\\/vallonchene\\\/\",\"https:\\\/\\\/www.pinterest.fr\\\/vallonchene\\\/\"],\"taxID\":\"49454502300017\",\"hasMerchantReturnPolicy\":{\"@type\":\"MerchantReturnPolicy\",\"merchantReturnLink\":\"https:\\\/\\\/www.vallonchene.fr\\\/remboursements_retours\\\/\"}}]}<\/script>\n<meta property=\"og:availability\" content=\"out of stock\" \/>\n<meta property=\"product:availability\" content=\"out of stock\" \/>\n<meta property=\"product:retailer_item_id\" content=\"12768\" \/>\n<meta property=\"product:condition\" content=\"new\" \/>\n<!-- \/ Yoast SEO Premium plugin. -->","yoast_head_json":{"title":"ABIES koreana 'Silberlocke' - abeto de Corea","description":"Este abeto de Corea es muy r\u00fastico. El follaje rizado del ABIES koreana 'Silberlocke' es verde por encima y blanco por debajo.","robots":{"index":"index","follow":"follow","max-snippet":"max-snippet:-1","max-image-preview":"max-image-preview:large","max-video-preview":"max-video-preview:-1"},"canonical":"https:\/\/www.vallonchene.fr\/es\/producto\/abies-koreana-silberlocke\/","og_locale":"es_ES","og_type":"article","og_title":"ABIES koreana 'Silberlocke'","og_description":"Este abeto de Corea es muy r\u00fastico. El follaje rizado del ABIES koreana 'Silberlocke' es verde por encima y blanco por debajo.","og_url":"https:\/\/www.vallonchene.fr\/es\/producto\/abies-koreana-silberlocke\/","og_site_name":"Vallonch\u00eane","article_publisher":"https:\/\/www.facebook.com\/vallonchene.fr","og_image":[{"width":1024,"height":1024,"url":"https:\/\/www.vallonchene.fr\/wp-content\/uploads\/2024\/06\/ABIES-koreana-Silberlocke.webp","type":"image\/webp"}],"twitter_card":"summary_large_image","twitter_misc":{"Disponibilidad":"Agotado"},"schema":{"@context":"https:\/\/schema.org","@graph":[{"@type":"WebPage","@id":"https:\/\/www.vallonchene.fr\/es\/producto\/abies-koreana-silberlocke\/","url":"https:\/\/www.vallonchene.fr\/es\/producto\/abies-koreana-silberlocke\/","name":"ABIES koreana 'Silberlocke' - abeto de Corea","isPartOf":{"@id":"https:\/\/www.vallonchene.fr\/es\/#website"},"primaryImageOfPage":{"@id":"https:\/\/www.vallonchene.fr\/es\/producto\/abies-koreana-silberlocke\/#primaryimage"},"image":{"@id":"https:\/\/www.vallonchene.fr\/es\/producto\/abies-koreana-silberlocke\/#primaryimage"},"thumbnailUrl":"https:\/\/www.vallonchene.fr\/wp-content\/uploads\/2024\/06\/ABIES-koreana-Silberlocke.webp","datePublished":"2021-08-31T10:39:59+00:00","description":"Este abeto de Corea es muy r\u00fastico. El follaje rizado del ABIES koreana 'Silberlocke' es verde por encima y blanco por debajo.","breadcrumb":{"@id":"https:\/\/www.vallonchene.fr\/es\/producto\/abies-koreana-silberlocke\/#breadcrumb"},"inLanguage":"es","potentialAction":[{"@type":"ReadAction","target":["https:\/\/www.vallonchene.fr\/es\/producto\/abies-koreana-silberlocke\/"]}]},{"@type":"ImageObject","inLanguage":"es","@id":"https:\/\/www.vallonchene.fr\/es\/producto\/abies-koreana-silberlocke\/#primaryimage","url":"https:\/\/www.vallonchene.fr\/wp-content\/uploads\/2024\/06\/ABIES-koreana-Silberlocke.webp","contentUrl":"https:\/\/www.vallonchene.fr\/wp-content\/uploads\/2024\/06\/ABIES-koreana-Silberlocke.webp","width":1024,"height":1024,"caption":"Ramas con ac\u00edculas blancas y curvadas del ABIES koreana 'Silberlocke'"},{"@type":"BreadcrumbList","@id":"https:\/\/www.vallonchene.fr\/es\/producto\/abies-koreana-silberlocke\/#breadcrumb","itemListElement":[{"@type":"ListItem","position":1,"name":"Home","item":"https:\/\/www.vallonchene.fr\/es\/"},{"@type":"ListItem","position":2,"name":"Tienda","item":"https:\/\/www.vallonchene.fr\/tienda\/"},{"@type":"ListItem","position":3,"name":"Venta en linea","item":"https:\/\/www.vallonchene.fr\/es\/categoria-producto\/venta-en-linea\/"},{"@type":"ListItem","position":4,"name":"Vivero","item":"https:\/\/www.vallonchene.fr\/es\/categoria-producto\/venta-en-linea\/vivero\/"},{"@type":"ListItem","position":5,"name":"Coniferas","item":"https:\/\/www.vallonchene.fr\/es\/categoria-producto\/venta-en-linea\/vivero\/coniferas\/"},{"@type":"ListItem","position":6,"name":"ABIES koreana &#8216;Silberlocke&#8217;"}]},{"@type":"WebSite","@id":"https:\/\/www.vallonchene.fr\/es\/#website","url":"https:\/\/www.vallonchene.fr\/es\/","name":"Vallonch\u00eane","description":"El vivero donde la calidad tiene sus ra\u00edces \u2013 Tel.: +33 (0)2.35.90.02.02","publisher":{"@id":"https:\/\/www.vallonchene.fr\/es\/#organization"},"potentialAction":[{"@type":"SearchAction","target":{"@type":"EntryPoint","urlTemplate":"https:\/\/www.vallonchene.fr\/es\/?s={search_term_string}"},"query-input":{"@type":"PropertyValueSpecification","valueRequired":true,"valueName":"search_term_string"}}],"inLanguage":"es"},{"@type":"Organization","@id":"https:\/\/www.vallonchene.fr\/es\/#organization","name":"VALLONCHENE","url":"https:\/\/www.vallonchene.fr\/es\/","logo":{"@type":"ImageObject","inLanguage":"es","@id":"https:\/\/www.vallonchene.fr\/es\/#\/schema\/logo\/image\/","url":"https:\/\/www.vallonchene.fr\/wp-content\/uploads\/2023\/03\/Logo-Vallonchene-site-et-R_hauteur_100.png","contentUrl":"https:\/\/www.vallonchene.fr\/wp-content\/uploads\/2023\/03\/Logo-Vallonchene-site-et-R_hauteur_100.png","width":221,"height":100,"caption":"VALLONCHENE"},"image":{"@id":"https:\/\/www.vallonchene.fr\/es\/#\/schema\/logo\/image\/"},"sameAs":["https:\/\/www.facebook.com\/vallonchene.fr","https:\/\/www.instagram.com\/vallonchene\/","https:\/\/www.pinterest.fr\/vallonchene\/"],"taxID":"49454502300017","hasMerchantReturnPolicy":{"@type":"MerchantReturnPolicy","merchantReturnLink":"https:\/\/www.vallonchene.fr\/remboursements_retours\/"}}]},"og_availability":"out of stock","product_availability":"out of stock","product_retailer_item_id":"12768","product_condition":"new"},"_links":{"self":[{"href":"https:\/\/www.vallonchene.fr\/es\/wp-json\/wp\/v2\/product\/50710","targetHints":{"allow":["GET"]}}],"collection":[{"href":"https:\/\/www.vallonchene.fr\/es\/wp-json\/wp\/v2\/product"}],"about":[{"href":"https:\/\/www.vallonchene.fr\/es\/wp-json\/wp\/v2\/types\/product"}],"replies":[{"embeddable":true,"href":"https:\/\/www.vallonchene.fr\/es\/wp-json\/wp\/v2\/comments?post=50710"}],"wp:featuredmedia":[{"embeddable":true,"href":"https:\/\/www.vallonchene.fr\/es\/wp-json\/wp\/v2\/media\/50711"}],"wp:attachment":[{"href":"https:\/\/www.vallonchene.fr\/es\/wp-json\/wp\/v2\/media?parent=50710"}],"wp:term":[{"taxonomy":"product_brand","embeddable":true,"href":"https:\/\/www.vallonchene.fr\/es\/wp-json\/wp\/v2\/product_brand?post=50710"},{"taxonomy":"product_cat","embeddable":true,"href":"https:\/\/www.vallonchene.fr\/es\/wp-json\/wp\/v2\/product_cat?post=50710"},{"taxonomy":"product_tag","embeddable":true,"href":"https:\/\/www.vallonchene.fr\/es\/wp-json\/wp\/v2\/product_tag?post=50710"}],"curies":[{"name":"wp","href":"https:\/\/api.w.org\/{rel}","templated":true}]}}