{"id":50678,"date":"2023-08-23T09:53:46","date_gmt":"2023-08-23T09:53:46","guid":{"rendered":"https:\/\/www.vallonchene.fr\/?post_type=product&#038;p=50678"},"modified":"2025-03-15T22:51:12","modified_gmt":"2025-03-15T21:51:12","slug":"aralia-schmidtii-var-verticillata-arbol-de-angelica","status":"publish","type":"product","link":"https:\/\/www.vallonchene.fr\/es\/producto\/aralia-schmidtii-var-verticillata-arbol-de-angelica\/","title":{"rendered":"ARALIA schmidtii var. verticillata"},"content":{"rendered":"<h2>La Planta<\/h2>\n<p>La <strong>ARALIA schmidtii var. verticillata<\/strong>, con sus grandes <strong>hojas lobuladas de un verde profundo y brillante<\/strong>, es una planta perenne impresionante. Esta aralia aportar\u00e1 un <strong>toque ex\u00f3tico<\/strong> a su jard\u00edn. Su <strong>porte arbustivo<\/strong> y su <strong>r\u00e1pido crecimiento<\/strong> la convierten en un elemento arquitect\u00f3nico notable.<br \/>\nEn verano, delicadas <strong>umbelas de flores blancas<\/strong> coronan esta majestuosa planta, atrayendo a numerosos insectos polinizadores.<br \/>\nLuego, en oto\u00f1o, estas mismas inflorescencias llevar\u00e1n <strong>frutos negros muy decorativos<\/strong>. Ser\u00e1n un manjar para las aves.<\/p>\n<h2>\u00bfC\u00f3mo plantar y cuidar la ARALIA schmidtii var. verticillata?<\/h2>\n<h3>La plantaci\u00f3n<\/h3>\n<p>En resumen, se trata de una planta de f\u00e1cil cultivo. <strong>Robusta y poco exigente<\/strong>, la <em>Aralia schmidtii var. verticillata<\/em> <strong>se adapta a diversos tipos de suelos, siempre que sean frescos y bien drenados<\/strong>.<br \/>\nAprecia una <strong>exposici\u00f3n de semisombra a sombra<\/strong>, ideal para crear sotobosques exuberantes o aportar altura a un macizo. Elija un <strong>lugar protegido de los vientos fuertes<\/strong>.<br \/>\nCave un hoyo el doble de ancho que el cepell\u00f3n y afloje la tierra. Plante su Aralia al nivel del cuello y riegue generosamente.<\/p>\n<h3>El cuidado<\/h3>\n<p>La <em>Aralia schmidtii var. verticillata<\/em> requiere muy poco mantenimiento. Un acolchado al pie de la planta permitir\u00e1 conservar la frescura del suelo y limitar la evaporaci\u00f3n. Despu\u00e9s de las primeras heladas, pode la planta completamente.<\/p>\n<h2>Historia y Origen<\/h2>\n<p>Originaria de Asia, la <em>Aralia schmidtii var. verticillata<\/em> fue introducida en Europa en el siglo XIX. Su ep\u00edteto espec\u00edfico, \u00abverticillata\u00bb, hace referencia a la disposici\u00f3n verticilada de sus hojas. Esta planta seduce a los jardineros por su aspecto ex\u00f3tico y su facilidad de cultivo.<\/p>\n","protected":false},"excerpt":{"rendered":"<p>Los <strong>ARALIA schmidtii var. verticillata<\/strong> (<b>\u00e1rboles de ang\u00e9lica<\/b>) desarrollan hojas que pueden alcanzar hasta 45 cm. La planta en s\u00ed alcanza una altura de aproximadamente 3 metros.<\/p>\n","protected":false},"featured_media":50679,"comment_status":"open","ping_status":"closed","template":"","meta":[],"product_brand":[],"product_cat":[11832,11821],"product_tag":[],"class_list":{"0":"post-50678","1":"product","2":"type-product","3":"status-publish","4":"has-post-thumbnail","6":"product_cat-plantas-perennes","7":"product_cat-plantas-raras-plantas-de-coleccion","8":"pa_couleurautomnaledufeuillage-amarillo","9":"pa_couleurdesfleurs-blanca","10":"pa_couleurnormaledufeuillage-verde","11":"pa_exigencesenhumidite-moderadamente-humedo-a-humedo","12":"pa_exigencesenhumidite-promedio","13":"pa_expositionspossibles-sombra-sin-sol-directo","14":"pa_expositionspossibles-sombra-parcial-evitar-el-sol-de-12-a-17-horas","15":"pa_hauteurlivree-100-a-125-cm","16":"pa_hauteurlivree-125-a-150-cm-es","17":"pa_hauteurlivree-15-a-20-cm-es","18":"pa_hauteurlivree-150-a-175-cm-es","19":"pa_hauteurlivree-20-a-25-cm-es","20":"pa_hauteurlivree-200-a-250-cm-es","21":"pa_hauteurlivree-25-a-30-cm-es","22":"pa_hauteurlivree-30-a-35-cm-es","23":"pa_hauteurlivree-30-a-40-cm-es","24":"pa_hauteurlivree-40-a-50-cm-es","25":"pa_hauteurlivree-50-a-60-cm-es","26":"pa_hauteurlivree-60-a-80-cm-es","27":"pa_hauteurlivree-80-a-100-cm-es","28":"pa_hauteurlivree-n-a-es","29":"pa_interetauprintemps-brotes-jovenes","30":"pa_interetauprintemps-habitus","31":"pa_interetenautomne-follaje","32":"pa_interetenete-flores","33":"pa_interetenete-follaje","34":"pa_interetenete-habitus","35":"pa_naturedufeuillage-caduco","36":"pa_naturesdesolpossibles-ligero","37":"pa_naturesdesolpossibles-normal-es","38":"pa_periodedefloraison-verano","39":"pa_phdusolacceptable-acido-menos-de-6_5","40":"pa_phdusolacceptable-neutro-entre-6_5-y-7_5","41":"pa_resistanceaufroidrusticite-resistente-por-debajo-de-menos-20-c","42":"pa_tailledepot-maceta-de-1-litro","43":"pa_tailledepot-maceta-de-10-litros","44":"pa_tailledepot-maceta-de-12-litros","45":"pa_tailledepot-maceta-de-15-litros","46":"pa_tailledepot-maceta-de-2-litros","47":"pa_tailledepot-maceta-de-20-litros","48":"pa_tailledepot-maceta-de-25-litros","49":"pa_tailledepot-maceta-de-3-litros","50":"pa_tailledepot-maceta-de-4-litros","51":"pa_tailledepot-maceta-de-5-litros","52":"pa_tailledepot-maceta-de-7-cm-es","53":"pa_tailledepot-maceta-de-7_5-litros","54":"pa_utilisationpossible-arriate","56":"first","57":"instock","58":"taxable","59":"shipping-taxable","60":"purchasable","61":"product-type-variable"},"supplier_id":null,"supplier_sku":"","barcode":null,"atum_controlled":true,"out_stock_date":null,"out_stock_threshold":null,"inheritable":true,"inbound_stock":0,"stock_on_hold":0,"sold_today":0,"sales_last_days":0,"reserved_stock":0,"customer_returns":0,"warehouse_damage":0,"lost_in_post":0,"other_logs":0,"out_stock_days":null,"lost_sales":0,"has_location":false,"update_date":"2026-02-20T13:17:13","atum_locations":[],"atum_stock_status":"instock","restock_status":false,"low_stock_amount":"","sales_update_date":"2025-12-03T15:32:58","calc_backorders":null,"yoast_head":"<!-- This site is optimized with the Yoast SEO Premium plugin v27.5 (Yoast SEO v27.5) - https:\/\/yoast.com\/product\/yoast-seo-premium-wordpress\/ -->\n<title>ARALIA schmidtii var. verticillata - \u00e1rbol de ang\u00e9lica<\/title>\n<meta name=\"description\" content=\"Los ARALIA schmidtii var. verticillata (\u00e1rboles de ang\u00e9lica) desarrollan hojas que pueden alcanzar hasta 45 cm. La planta en s\u00ed alcanza una altura de ca. 3 metros.\" \/>\n<meta name=\"robots\" content=\"index, follow, max-snippet:-1, max-image-preview:large, max-video-preview:-1\" \/>\n<link rel=\"canonical\" href=\"https:\/\/www.vallonchene.fr\/es\/producto\/aralia-schmidtii-var-verticillata-arbol-de-angelica\/\" \/>\n<meta property=\"og:locale\" content=\"es_ES\" \/>\n<meta property=\"og:type\" content=\"article\" \/>\n<meta property=\"og:title\" content=\"ARALIA schmidtii var. verticillata\" \/>\n<meta property=\"og:description\" content=\"Los ARALIA schmidtii var. verticillata (\u00e1rboles de ang\u00e9lica) desarrollan hojas que pueden alcanzar hasta 45 cm. La planta en s\u00ed alcanza una altura de ca. 3 metros.\" \/>\n<meta property=\"og:url\" content=\"https:\/\/www.vallonchene.fr\/es\/producto\/aralia-schmidtii-var-verticillata-arbol-de-angelica\/\" \/>\n<meta property=\"og:site_name\" content=\"Vallonch\u00eane\" \/>\n<meta property=\"article:publisher\" content=\"https:\/\/www.facebook.com\/vallonchene.fr\" \/>\n<meta property=\"article:modified_time\" content=\"2025-03-15T21:51:12+00:00\" \/>\n<meta property=\"og:image\" content=\"https:\/\/www.vallonchene.fr\/wp-content\/uploads\/2024\/09\/ARALIA-schmidtii-var.-verticillata_01.webp\" \/>\n\t<meta property=\"og:image:width\" content=\"1200\" \/>\n\t<meta property=\"og:image:height\" content=\"1200\" \/>\n\t<meta property=\"og:image:type\" content=\"image\/webp\" \/>\n<meta name=\"twitter:card\" content=\"summary_large_image\" \/>\n<meta name=\"twitter:label1\" content=\"Disponibilidad\" \/>\n\t<meta name=\"twitter:data1\" content=\"En stock\" \/>\n<script type=\"application\/ld+json\" class=\"yoast-schema-graph\">{\"@context\":\"https:\\\/\\\/schema.org\",\"@graph\":[{\"@type\":\"WebPage\",\"@id\":\"https:\\\/\\\/www.vallonchene.fr\\\/es\\\/producto\\\/aralia-schmidtii-var-verticillata-arbol-de-angelica\\\/\",\"url\":\"https:\\\/\\\/www.vallonchene.fr\\\/es\\\/producto\\\/aralia-schmidtii-var-verticillata-arbol-de-angelica\\\/\",\"name\":\"ARALIA schmidtii var. verticillata - \u00e1rbol de ang\u00e9lica\",\"isPartOf\":{\"@id\":\"https:\\\/\\\/www.vallonchene.fr\\\/es\\\/#website\"},\"primaryImageOfPage\":{\"@id\":\"https:\\\/\\\/www.vallonchene.fr\\\/es\\\/producto\\\/aralia-schmidtii-var-verticillata-arbol-de-angelica\\\/#primaryimage\"},\"image\":{\"@id\":\"https:\\\/\\\/www.vallonchene.fr\\\/es\\\/producto\\\/aralia-schmidtii-var-verticillata-arbol-de-angelica\\\/#primaryimage\"},\"thumbnailUrl\":\"https:\\\/\\\/www.vallonchene.fr\\\/wp-content\\\/uploads\\\/2024\\\/09\\\/ARALIA-schmidtii-var.-verticillata_01.webp\",\"datePublished\":\"2023-08-23T09:53:46+00:00\",\"dateModified\":\"2025-03-15T21:51:12+00:00\",\"description\":\"Los ARALIA schmidtii var. verticillata (\u00e1rboles de ang\u00e9lica) desarrollan hojas que pueden alcanzar hasta 45 cm. La planta en s\u00ed alcanza una altura de ca. 3 metros.\",\"breadcrumb\":{\"@id\":\"https:\\\/\\\/www.vallonchene.fr\\\/es\\\/producto\\\/aralia-schmidtii-var-verticillata-arbol-de-angelica\\\/#breadcrumb\"},\"inLanguage\":\"es\",\"potentialAction\":[{\"@type\":\"ReadAction\",\"target\":[\"https:\\\/\\\/www.vallonchene.fr\\\/es\\\/producto\\\/aralia-schmidtii-var-verticillata-arbol-de-angelica\\\/\"]}]},{\"@type\":\"ImageObject\",\"inLanguage\":\"es\",\"@id\":\"https:\\\/\\\/www.vallonchene.fr\\\/es\\\/producto\\\/aralia-schmidtii-var-verticillata-arbol-de-angelica\\\/#primaryimage\",\"url\":\"https:\\\/\\\/www.vallonchene.fr\\\/wp-content\\\/uploads\\\/2024\\\/09\\\/ARALIA-schmidtii-var.-verticillata_01.webp\",\"contentUrl\":\"https:\\\/\\\/www.vallonchene.fr\\\/wp-content\\\/uploads\\\/2024\\\/09\\\/ARALIA-schmidtii-var.-verticillata_01.webp\",\"width\":1200,\"height\":1200,\"caption\":\"Primer plano de la flor de la ARALIA schmidtii var. verticillata\"},{\"@type\":\"BreadcrumbList\",\"@id\":\"https:\\\/\\\/www.vallonchene.fr\\\/es\\\/producto\\\/aralia-schmidtii-var-verticillata-arbol-de-angelica\\\/#breadcrumb\",\"itemListElement\":[{\"@type\":\"ListItem\",\"position\":1,\"name\":\"Home\",\"item\":\"https:\\\/\\\/www.vallonchene.fr\\\/es\\\/\"},{\"@type\":\"ListItem\",\"position\":2,\"name\":\"Tienda\",\"item\":\"https:\\\/\\\/www.vallonchene.fr\\\/tienda\\\/\"},{\"@type\":\"ListItem\",\"position\":3,\"name\":\"Venta en linea\",\"item\":\"https:\\\/\\\/www.vallonchene.fr\\\/es\\\/categoria-producto\\\/venta-en-linea\\\/\"},{\"@type\":\"ListItem\",\"position\":4,\"name\":\"Vivero\",\"item\":\"https:\\\/\\\/www.vallonchene.fr\\\/es\\\/categoria-producto\\\/venta-en-linea\\\/vivero\\\/\"},{\"@type\":\"ListItem\",\"position\":5,\"name\":\"Plantas raras (plantas de colecci\u00f3n)\",\"item\":\"https:\\\/\\\/www.vallonchene.fr\\\/es\\\/categoria-producto\\\/venta-en-linea\\\/vivero\\\/plantas-raras-plantas-de-coleccion\\\/\"},{\"@type\":\"ListItem\",\"position\":6,\"name\":\"ARALIA schmidtii var. verticillata\"}]},{\"@type\":\"WebSite\",\"@id\":\"https:\\\/\\\/www.vallonchene.fr\\\/es\\\/#website\",\"url\":\"https:\\\/\\\/www.vallonchene.fr\\\/es\\\/\",\"name\":\"Vallonch\u00eane\",\"description\":\"El vivero donde la calidad tiene sus ra\u00edces \u2013 Tel.: +33 (0)2.35.90.02.02\",\"publisher\":{\"@id\":\"https:\\\/\\\/www.vallonchene.fr\\\/es\\\/#organization\"},\"potentialAction\":[{\"@type\":\"SearchAction\",\"target\":{\"@type\":\"EntryPoint\",\"urlTemplate\":\"https:\\\/\\\/www.vallonchene.fr\\\/es\\\/?s={search_term_string}\"},\"query-input\":{\"@type\":\"PropertyValueSpecification\",\"valueRequired\":true,\"valueName\":\"search_term_string\"}}],\"inLanguage\":\"es\"},{\"@type\":\"Organization\",\"@id\":\"https:\\\/\\\/www.vallonchene.fr\\\/es\\\/#organization\",\"name\":\"VALLONCHENE\",\"url\":\"https:\\\/\\\/www.vallonchene.fr\\\/es\\\/\",\"logo\":{\"@type\":\"ImageObject\",\"inLanguage\":\"es\",\"@id\":\"https:\\\/\\\/www.vallonchene.fr\\\/es\\\/#\\\/schema\\\/logo\\\/image\\\/\",\"url\":\"https:\\\/\\\/www.vallonchene.fr\\\/wp-content\\\/uploads\\\/2023\\\/03\\\/Logo-Vallonchene-site-et-R_hauteur_100.png\",\"contentUrl\":\"https:\\\/\\\/www.vallonchene.fr\\\/wp-content\\\/uploads\\\/2023\\\/03\\\/Logo-Vallonchene-site-et-R_hauteur_100.png\",\"width\":221,\"height\":100,\"caption\":\"VALLONCHENE\"},\"image\":{\"@id\":\"https:\\\/\\\/www.vallonchene.fr\\\/es\\\/#\\\/schema\\\/logo\\\/image\\\/\"},\"sameAs\":[\"https:\\\/\\\/www.facebook.com\\\/vallonchene.fr\",\"https:\\\/\\\/www.instagram.com\\\/vallonchene\\\/\",\"https:\\\/\\\/www.pinterest.fr\\\/vallonchene\\\/\"],\"taxID\":\"49454502300017\",\"hasMerchantReturnPolicy\":{\"@type\":\"MerchantReturnPolicy\",\"merchantReturnLink\":\"https:\\\/\\\/www.vallonchene.fr\\\/remboursements_retours\\\/\"}}]}<\/script>\n<meta property=\"og:availability\" content=\"instock\" \/>\n<meta property=\"product:availability\" content=\"instock\" \/>\n<meta property=\"product:condition\" content=\"new\" \/>\n<!-- \/ Yoast SEO Premium plugin. -->","yoast_head_json":{"title":"ARALIA schmidtii var. verticillata - \u00e1rbol de ang\u00e9lica","description":"Los ARALIA schmidtii var. verticillata (\u00e1rboles de ang\u00e9lica) desarrollan hojas que pueden alcanzar hasta 45 cm. La planta en s\u00ed alcanza una altura de ca. 3 metros.","robots":{"index":"index","follow":"follow","max-snippet":"max-snippet:-1","max-image-preview":"max-image-preview:large","max-video-preview":"max-video-preview:-1"},"canonical":"https:\/\/www.vallonchene.fr\/es\/producto\/aralia-schmidtii-var-verticillata-arbol-de-angelica\/","og_locale":"es_ES","og_type":"article","og_title":"ARALIA schmidtii var. verticillata","og_description":"Los ARALIA schmidtii var. verticillata (\u00e1rboles de ang\u00e9lica) desarrollan hojas que pueden alcanzar hasta 45 cm. La planta en s\u00ed alcanza una altura de ca. 3 metros.","og_url":"https:\/\/www.vallonchene.fr\/es\/producto\/aralia-schmidtii-var-verticillata-arbol-de-angelica\/","og_site_name":"Vallonch\u00eane","article_publisher":"https:\/\/www.facebook.com\/vallonchene.fr","article_modified_time":"2025-03-15T21:51:12+00:00","og_image":[{"width":1200,"height":1200,"url":"https:\/\/www.vallonchene.fr\/wp-content\/uploads\/2024\/09\/ARALIA-schmidtii-var.-verticillata_01.webp","type":"image\/webp"}],"twitter_card":"summary_large_image","twitter_misc":{"Disponibilidad":"En stock"},"schema":{"@context":"https:\/\/schema.org","@graph":[{"@type":"WebPage","@id":"https:\/\/www.vallonchene.fr\/es\/producto\/aralia-schmidtii-var-verticillata-arbol-de-angelica\/","url":"https:\/\/www.vallonchene.fr\/es\/producto\/aralia-schmidtii-var-verticillata-arbol-de-angelica\/","name":"ARALIA schmidtii var. verticillata - \u00e1rbol de ang\u00e9lica","isPartOf":{"@id":"https:\/\/www.vallonchene.fr\/es\/#website"},"primaryImageOfPage":{"@id":"https:\/\/www.vallonchene.fr\/es\/producto\/aralia-schmidtii-var-verticillata-arbol-de-angelica\/#primaryimage"},"image":{"@id":"https:\/\/www.vallonchene.fr\/es\/producto\/aralia-schmidtii-var-verticillata-arbol-de-angelica\/#primaryimage"},"thumbnailUrl":"https:\/\/www.vallonchene.fr\/wp-content\/uploads\/2024\/09\/ARALIA-schmidtii-var.-verticillata_01.webp","datePublished":"2023-08-23T09:53:46+00:00","dateModified":"2025-03-15T21:51:12+00:00","description":"Los ARALIA schmidtii var. verticillata (\u00e1rboles de ang\u00e9lica) desarrollan hojas que pueden alcanzar hasta 45 cm. La planta en s\u00ed alcanza una altura de ca. 3 metros.","breadcrumb":{"@id":"https:\/\/www.vallonchene.fr\/es\/producto\/aralia-schmidtii-var-verticillata-arbol-de-angelica\/#breadcrumb"},"inLanguage":"es","potentialAction":[{"@type":"ReadAction","target":["https:\/\/www.vallonchene.fr\/es\/producto\/aralia-schmidtii-var-verticillata-arbol-de-angelica\/"]}]},{"@type":"ImageObject","inLanguage":"es","@id":"https:\/\/www.vallonchene.fr\/es\/producto\/aralia-schmidtii-var-verticillata-arbol-de-angelica\/#primaryimage","url":"https:\/\/www.vallonchene.fr\/wp-content\/uploads\/2024\/09\/ARALIA-schmidtii-var.-verticillata_01.webp","contentUrl":"https:\/\/www.vallonchene.fr\/wp-content\/uploads\/2024\/09\/ARALIA-schmidtii-var.-verticillata_01.webp","width":1200,"height":1200,"caption":"Primer plano de la flor de la ARALIA schmidtii var. verticillata"},{"@type":"BreadcrumbList","@id":"https:\/\/www.vallonchene.fr\/es\/producto\/aralia-schmidtii-var-verticillata-arbol-de-angelica\/#breadcrumb","itemListElement":[{"@type":"ListItem","position":1,"name":"Home","item":"https:\/\/www.vallonchene.fr\/es\/"},{"@type":"ListItem","position":2,"name":"Tienda","item":"https:\/\/www.vallonchene.fr\/tienda\/"},{"@type":"ListItem","position":3,"name":"Venta en linea","item":"https:\/\/www.vallonchene.fr\/es\/categoria-producto\/venta-en-linea\/"},{"@type":"ListItem","position":4,"name":"Vivero","item":"https:\/\/www.vallonchene.fr\/es\/categoria-producto\/venta-en-linea\/vivero\/"},{"@type":"ListItem","position":5,"name":"Plantas raras (plantas de colecci\u00f3n)","item":"https:\/\/www.vallonchene.fr\/es\/categoria-producto\/venta-en-linea\/vivero\/plantas-raras-plantas-de-coleccion\/"},{"@type":"ListItem","position":6,"name":"ARALIA schmidtii var. verticillata"}]},{"@type":"WebSite","@id":"https:\/\/www.vallonchene.fr\/es\/#website","url":"https:\/\/www.vallonchene.fr\/es\/","name":"Vallonch\u00eane","description":"El vivero donde la calidad tiene sus ra\u00edces \u2013 Tel.: +33 (0)2.35.90.02.02","publisher":{"@id":"https:\/\/www.vallonchene.fr\/es\/#organization"},"potentialAction":[{"@type":"SearchAction","target":{"@type":"EntryPoint","urlTemplate":"https:\/\/www.vallonchene.fr\/es\/?s={search_term_string}"},"query-input":{"@type":"PropertyValueSpecification","valueRequired":true,"valueName":"search_term_string"}}],"inLanguage":"es"},{"@type":"Organization","@id":"https:\/\/www.vallonchene.fr\/es\/#organization","name":"VALLONCHENE","url":"https:\/\/www.vallonchene.fr\/es\/","logo":{"@type":"ImageObject","inLanguage":"es","@id":"https:\/\/www.vallonchene.fr\/es\/#\/schema\/logo\/image\/","url":"https:\/\/www.vallonchene.fr\/wp-content\/uploads\/2023\/03\/Logo-Vallonchene-site-et-R_hauteur_100.png","contentUrl":"https:\/\/www.vallonchene.fr\/wp-content\/uploads\/2023\/03\/Logo-Vallonchene-site-et-R_hauteur_100.png","width":221,"height":100,"caption":"VALLONCHENE"},"image":{"@id":"https:\/\/www.vallonchene.fr\/es\/#\/schema\/logo\/image\/"},"sameAs":["https:\/\/www.facebook.com\/vallonchene.fr","https:\/\/www.instagram.com\/vallonchene\/","https:\/\/www.pinterest.fr\/vallonchene\/"],"taxID":"49454502300017","hasMerchantReturnPolicy":{"@type":"MerchantReturnPolicy","merchantReturnLink":"https:\/\/www.vallonchene.fr\/remboursements_retours\/"}}]},"og_availability":"instock","product_availability":"instock","product_condition":"new"},"_links":{"self":[{"href":"https:\/\/www.vallonchene.fr\/es\/wp-json\/wp\/v2\/product\/50678","targetHints":{"allow":["GET"]}}],"collection":[{"href":"https:\/\/www.vallonchene.fr\/es\/wp-json\/wp\/v2\/product"}],"about":[{"href":"https:\/\/www.vallonchene.fr\/es\/wp-json\/wp\/v2\/types\/product"}],"replies":[{"embeddable":true,"href":"https:\/\/www.vallonchene.fr\/es\/wp-json\/wp\/v2\/comments?post=50678"}],"wp:featuredmedia":[{"embeddable":true,"href":"https:\/\/www.vallonchene.fr\/es\/wp-json\/wp\/v2\/media\/50679"}],"wp:attachment":[{"href":"https:\/\/www.vallonchene.fr\/es\/wp-json\/wp\/v2\/media?parent=50678"}],"wp:term":[{"taxonomy":"product_brand","embeddable":true,"href":"https:\/\/www.vallonchene.fr\/es\/wp-json\/wp\/v2\/product_brand?post=50678"},{"taxonomy":"product_cat","embeddable":true,"href":"https:\/\/www.vallonchene.fr\/es\/wp-json\/wp\/v2\/product_cat?post=50678"},{"taxonomy":"product_tag","embeddable":true,"href":"https:\/\/www.vallonchene.fr\/es\/wp-json\/wp\/v2\/product_tag?post=50678"}],"curies":[{"name":"wp","href":"https:\/\/api.w.org\/{rel}","templated":true}]}}