{"id":50647,"date":"2021-08-31T11:31:36","date_gmt":"2021-08-31T11:31:36","guid":{"rendered":"https:\/\/www.vallonchene.fr\/produit\/quercus-palustris-isabel\/"},"modified":"2021-08-31T11:31:36","modified_gmt":"2021-08-31T10:31:36","slug":"quercus-palustris-isabel","status":"publish","type":"product","link":"https:\/\/www.vallonchene.fr\/es\/producto\/quercus-palustris-isabel\/","title":{"rendered":"QUERCUS palustris &#8216;Isabel&#8217;"},"content":{"rendered":"<h2>La Planta<\/h2>\n<p>El <strong>QUERCUS palustris &#8216;Isabel&#8217;<\/strong>, m\u00e1s com\u00fanmente conocido como <strong>roble de los pantanos enano<\/strong>, es un verdadero tesoro para los amantes de los jardines. En efecto, esta <strong>variedad enana<\/strong> del roble de los pantanos desarrolla una <strong>forma globular y compacta<\/strong> con un <strong>follaje verde muy denso<\/strong>. Esta planta crece muy lentamente. Aunque ofrece un espect\u00e1culo \u00fanico durante todo el a\u00f1o, sorprende especialmente en oto\u00f1o. Entonces, el follaje, de un verde tierno en primavera, se viste de <strong>tonos c\u00e1lidos y vibrantes<\/strong> con la llegada de los primeros fr\u00edos. Pasa del amarillo dorado al naranja brillante y luego al rojo intenso. Esta paleta de colores lo convierte en un elemento imprescindible para crear ambientes c\u00e1lidos y acogedores en su jard\u00edn.      <\/p>\n<h2>\u00bfC\u00f3mo plantar y cuidar el QUERCUS palustris &#8216;Isabel&#8217;? <br \/><\/h2>\n<h3>Plantaci\u00f3n <br \/><\/h3>\n<p>Este verdadero enano se encuentra entre los \u00e1rboles m\u00e1s <strong>r\u00fasticos<\/strong> y <strong>f\u00e1ciles de cultivar<\/strong>. Se adapta a diferentes tipos de suelo. Aprecia las <strong>exposiciones soleadas<\/strong>, pero tambi\u00e9n tolera la <strong>semisombra<\/strong>. El pH del suelo puede ser <strong>\u00e1cido, neutro o calc\u00e1reo<\/strong>. Le invitamos a <strong><a href=\"https:\/\/www.vallonchene.fr\/comment-planter-et-entretenir-des-vegetaux\/\">consultar nuestros consejos de plantaci\u00f3n aqu\u00ed para plantar<\/a><\/strong> esta peque\u00f1a maravilla.    <\/p>\n<h3>Cuidado <br \/><\/h3>\n<p>Despu\u00e9s de la plantaci\u00f3n, es necesario un riego regular durante el primer a\u00f1o para favorecer el enraizamiento (<strong><a href=\"https:\/\/www.vallonchene.fr\/comment-bien-arroser-le-jardin-et-economiser-leau\/\">puede consultar nuestros consejos de riego aqu\u00ed<\/a><\/strong>). Posteriormente, los riegos ser\u00e1n m\u00e1s espaciados, excepto en per\u00edodos de sequ\u00eda prolongada. Este diminuto \u00e1rbol no requiere de una poda especial.  <\/p>\n<h2>Historia y Origen<\/h2>\n<p data-sourcepos=\"5:1-5:559\">El QUERCUS palustris &#8216;Isabel&#8217; es una mutaci\u00f3n natural y reciente del roble de los pantanos, un \u00e1rbol majestuoso originario de las zonas h\u00famedas del este de Estados Unidos y Canad\u00e1.<br \/>\nEl roble de los pantanos ha sido apreciado durante mucho tiempo en Am\u00e9rica del Norte por su madera de calidad y su inter\u00e9s ornamental.<br \/>\nIntroducido en Europa en el siglo XVIII, se naturaliz\u00f3 r\u00e1pidamente en numerosas regiones. De hecho, en Francia, se planta a menudo en alineaciones a lo largo de las carreteras o en parques. <\/p>\n<p data-sourcepos=\"7:1-7:590\">El QUERCUS palustris &#8216;Isabel&#8217; surgi\u00f3 como un individuo que presentaba caracter\u00edsticas originales:<\/p>\n<ul>\n<li data-sourcepos=\"7:1-7:590\">un tama\u00f1o muy reducido, <\/li>\n<li data-sourcepos=\"7:1-7:590\">un porte compact y<\/li>\n<li data-sourcepos=\"7:1-7:590\">un crecimiento extremadamente lento. <\/li>\n<\/ul>\n<p>Las circunstancias exactas de este descubrimiento siguen siendo vagas, pero parece que esta variedad enana fue identificada en un jard\u00edn privado en los Pa\u00edses Bajos. Finalmente, los bot\u00e1nicos muestran un gran inter\u00e9s, ya que han entendido el potencial ornamental de esta nueva variedad. <\/p>\n","protected":false},"excerpt":{"rendered":"<p>Este <strong>roble de los pantanos<\/strong> es una forma enana. El <strong>QUERCUS palustris &#8216;Isabel&#8217;<\/strong> adquiere colores vibrantes en oto\u00f1o. Crece muy lentamente y permanece bastante denso.  <\/p>\n","protected":false},"featured_media":50648,"comment_status":"open","ping_status":"closed","template":"","meta":[],"product_brand":[],"product_cat":[11499],"product_tag":[11862,11848,11861,11860],"class_list":{"0":"post-50647","1":"product","2":"type-product","3":"status-publish","4":"has-post-thumbnail","6":"product_cat-arbustos-y-arboles","7":"product_tag-isabel-es","8":"product_tag-quercus-es","9":"product_tag-quercus-palustris-es","10":"product_tag-quercus-palustris-isabel-es","11":"pa_99-hauteurapproximativeapres1-1_00-a-1_50-m","12":"pa_couleurautomnaledufeuillage-amarillo","13":"pa_couleurautomnaledufeuillage-rojo","14":"pa_couleurnormaledufeuillage-verde","15":"pa_exigencesenhumidite-moderadamente-humedo-a-humedo","16":"pa_exigencesenhumidite-promedio","17":"pa_expositionspossibles-pleno-sol-de-12-a-17-min","18":"pa_expositionspossibles-sombra-parcial-evitar-el-sol-de-12-a-17-horas","19":"pa_hauteurlivree-100-a-125-cm","20":"pa_hauteurlivree-125-a-150-cm-es","21":"pa_hauteurlivree-150-a-175-cm-es","22":"pa_hauteurlivree-175-a-200-cm-es","23":"pa_hauteurlivree-20-a-30-cm-es","24":"pa_hauteurlivree-200-a-250-cm-es","25":"pa_hauteurlivree-250-a-300-cm-es","26":"pa_hauteurlivree-30-a-40-cm-es","27":"pa_hauteurlivree-40-a-50-cm-es","28":"pa_hauteurlivree-40-a-60-cm-es","29":"pa_hauteurlivree-50-a-60-cm-es","30":"pa_hauteurlivree-60-a-80-cm-es","31":"pa_hauteurlivree-70-a-80-cm-es","32":"pa_hauteurlivree-80-a-100-cm-es","33":"pa_interetauprintemps-brotes-jovenes","34":"pa_interetauprintemps-follaje","35":"pa_interetauprintemps-habitus","36":"pa_interetenautomne-follaje","37":"pa_interetenautomne-habitus","38":"pa_interetenete-follaje","39":"pa_interetenete-habitus","40":"pa_interetenhiver-habitus","41":"pa_naturedufeuillage-caduco","42":"pa_naturesdesolpossibles-ligero","43":"pa_naturesdesolpossibles-normal-es","44":"pa_naturesdesolpossibles-pesado","45":"pa_particularites-adecuado-para-bonsai","46":"pa_periodedetaille-enero","47":"pa_periodedetaille-febrero","48":"pa_phdusolacceptable-acido-menos-de-6_5","49":"pa_phdusolacceptable-calcareo-mas-de-7_5","50":"pa_phdusolacceptable-neutro-entre-6_5-y-7_5","51":"pa_portgraphisme-globoso","52":"pa_resistanceaufroidrusticite-resistente-por-debajo-de-menos-20-c","53":"pa_tailledepot-maceta-de-10-litros","54":"pa_tailledepot-maceta-de-15-litros","55":"pa_tailledepot-maceta-de-2-litros","56":"pa_tailledepot-maceta-de-20-litros","57":"pa_tailledepot-maceta-de-3-litros","58":"pa_tailledepot-maceta-de-4-litros","59":"pa_tailledepot-maceta-de-5-litros","60":"pa_tailledepot-maceta-de-7_5-litros","61":"pa_tailledepot-planta-joven-en-maceta-de-1-litro","62":"pa_tailledepot-planta-joven-en-maceta-de-8-cm","63":"pa_utilisationpossible-arriate","64":"pa_utilisationpossible-contenedor-o-olla","66":"first","67":"instock","68":"taxable","69":"shipping-taxable","70":"purchasable","71":"product-type-variable","72":"has-default-attributes"},"supplier_id":null,"supplier_sku":"","barcode":null,"atum_controlled":true,"out_stock_date":null,"out_stock_threshold":null,"inheritable":true,"inbound_stock":0,"stock_on_hold":0,"sold_today":0,"sales_last_days":0,"reserved_stock":0,"customer_returns":0,"warehouse_damage":0,"lost_in_post":0,"other_logs":0,"out_stock_days":0,"lost_sales":0,"has_location":false,"update_date":"2025-11-30T16:28:10","atum_locations":[],"atum_stock_status":"instock","restock_status":false,"low_stock_amount":"","sales_update_date":"2024-04-04T12:23:49","calc_backorders":null,"yoast_head":"<!-- This site is optimized with the Yoast SEO Premium plugin v27.5 (Yoast SEO v27.5) - https:\/\/yoast.com\/product\/yoast-seo-premium-wordpress\/ -->\n<title>QUERCUS palustris &#039;Isabel&#039; - roble de los pantanos<\/title>\n<meta name=\"description\" content=\"Este roble de los pantanos es una forma enana. El QUERCUS palustris &#039;Isabel&#039; adquiere colores vibrantes en oto\u00f1o. Crece lentamente y mantiene una forma bastante densa.\" \/>\n<meta name=\"robots\" content=\"index, follow, max-snippet:-1, max-image-preview:large, max-video-preview:-1\" \/>\n<link rel=\"canonical\" href=\"https:\/\/www.vallonchene.fr\/es\/producto\/quercus-palustris-isabel\/\" \/>\n<meta property=\"og:locale\" content=\"es_ES\" \/>\n<meta property=\"og:type\" content=\"article\" \/>\n<meta property=\"og:title\" content=\"QUERCUS palustris &#039;Isabel&#039;\" \/>\n<meta property=\"og:description\" content=\"Este roble de los pantanos es una forma enana. El QUERCUS palustris &#039;Isabel&#039; adquiere colores vibrantes en oto\u00f1o. Crece lentamente y mantiene una forma bastante densa.\" \/>\n<meta property=\"og:url\" content=\"https:\/\/www.vallonchene.fr\/es\/producto\/quercus-palustris-isabel\/\" \/>\n<meta property=\"og:site_name\" content=\"Vallonch\u00eane\" \/>\n<meta property=\"article:publisher\" content=\"https:\/\/www.facebook.com\/vallonchene.fr\" \/>\n<meta property=\"og:image\" content=\"https:\/\/www.vallonchene.fr\/wp-content\/uploads\/2024\/10\/QUERCUS-palustris-Isabel_05.webp\" \/>\n\t<meta property=\"og:image:width\" content=\"1200\" \/>\n\t<meta property=\"og:image:height\" content=\"1200\" \/>\n\t<meta property=\"og:image:type\" content=\"image\/webp\" \/>\n<meta name=\"twitter:card\" content=\"summary_large_image\" \/>\n<meta name=\"twitter:label1\" content=\"Disponibilidad\" \/>\n\t<meta name=\"twitter:data1\" content=\"En stock\" \/>\n<script type=\"application\/ld+json\" class=\"yoast-schema-graph\">{\"@context\":\"https:\\\/\\\/schema.org\",\"@graph\":[{\"@type\":\"WebPage\",\"@id\":\"https:\\\/\\\/www.vallonchene.fr\\\/es\\\/producto\\\/quercus-palustris-isabel\\\/\",\"url\":\"https:\\\/\\\/www.vallonchene.fr\\\/es\\\/producto\\\/quercus-palustris-isabel\\\/\",\"name\":\"QUERCUS palustris 'Isabel' - roble de los pantanos\",\"isPartOf\":{\"@id\":\"https:\\\/\\\/www.vallonchene.fr\\\/es\\\/#website\"},\"primaryImageOfPage\":{\"@id\":\"https:\\\/\\\/www.vallonchene.fr\\\/es\\\/producto\\\/quercus-palustris-isabel\\\/#primaryimage\"},\"image\":{\"@id\":\"https:\\\/\\\/www.vallonchene.fr\\\/es\\\/producto\\\/quercus-palustris-isabel\\\/#primaryimage\"},\"thumbnailUrl\":\"https:\\\/\\\/www.vallonchene.fr\\\/wp-content\\\/uploads\\\/2024\\\/10\\\/QUERCUS-palustris-Isabel_05.webp\",\"datePublished\":\"2021-08-31T11:31:36+00:00\",\"description\":\"Este roble de los pantanos es una forma enana. El QUERCUS palustris 'Isabel' adquiere colores vibrantes en oto\u00f1o. Crece lentamente y mantiene una forma bastante densa.\",\"breadcrumb\":{\"@id\":\"https:\\\/\\\/www.vallonchene.fr\\\/es\\\/producto\\\/quercus-palustris-isabel\\\/#breadcrumb\"},\"inLanguage\":\"es\",\"potentialAction\":[{\"@type\":\"ReadAction\",\"target\":[\"https:\\\/\\\/www.vallonchene.fr\\\/es\\\/producto\\\/quercus-palustris-isabel\\\/\"]}]},{\"@type\":\"ImageObject\",\"inLanguage\":\"es\",\"@id\":\"https:\\\/\\\/www.vallonchene.fr\\\/es\\\/producto\\\/quercus-palustris-isabel\\\/#primaryimage\",\"url\":\"https:\\\/\\\/www.vallonchene.fr\\\/wp-content\\\/uploads\\\/2024\\\/10\\\/QUERCUS-palustris-Isabel_05.webp\",\"contentUrl\":\"https:\\\/\\\/www.vallonchene.fr\\\/wp-content\\\/uploads\\\/2024\\\/10\\\/QUERCUS-palustris-Isabel_05.webp\",\"width\":1200,\"height\":1200,\"caption\":\"Follaje rojo intenso del QUERCUS palaustris 'Isabel'\"},{\"@type\":\"BreadcrumbList\",\"@id\":\"https:\\\/\\\/www.vallonchene.fr\\\/es\\\/producto\\\/quercus-palustris-isabel\\\/#breadcrumb\",\"itemListElement\":[{\"@type\":\"ListItem\",\"position\":1,\"name\":\"Home\",\"item\":\"https:\\\/\\\/www.vallonchene.fr\\\/es\\\/\"},{\"@type\":\"ListItem\",\"position\":2,\"name\":\"Tienda\",\"item\":\"https:\\\/\\\/www.vallonchene.fr\\\/tienda\\\/\"},{\"@type\":\"ListItem\",\"position\":3,\"name\":\"Venta en linea\",\"item\":\"https:\\\/\\\/www.vallonchene.fr\\\/es\\\/categoria-producto\\\/venta-en-linea\\\/\"},{\"@type\":\"ListItem\",\"position\":4,\"name\":\"Vivero\",\"item\":\"https:\\\/\\\/www.vallonchene.fr\\\/es\\\/categoria-producto\\\/venta-en-linea\\\/vivero\\\/\"},{\"@type\":\"ListItem\",\"position\":5,\"name\":\"Arbustos y \u00e1rboles\",\"item\":\"https:\\\/\\\/www.vallonchene.fr\\\/es\\\/categoria-producto\\\/venta-en-linea\\\/vivero\\\/arbustos-y-arboles\\\/\"},{\"@type\":\"ListItem\",\"position\":6,\"name\":\"QUERCUS palustris &#8216;Isabel&#8217;\"}]},{\"@type\":\"WebSite\",\"@id\":\"https:\\\/\\\/www.vallonchene.fr\\\/es\\\/#website\",\"url\":\"https:\\\/\\\/www.vallonchene.fr\\\/es\\\/\",\"name\":\"Vallonch\u00eane\",\"description\":\"El vivero donde la calidad tiene sus ra\u00edces \u2013 Tel.: +33 (0)2.35.90.02.02\",\"publisher\":{\"@id\":\"https:\\\/\\\/www.vallonchene.fr\\\/es\\\/#organization\"},\"potentialAction\":[{\"@type\":\"SearchAction\",\"target\":{\"@type\":\"EntryPoint\",\"urlTemplate\":\"https:\\\/\\\/www.vallonchene.fr\\\/es\\\/?s={search_term_string}\"},\"query-input\":{\"@type\":\"PropertyValueSpecification\",\"valueRequired\":true,\"valueName\":\"search_term_string\"}}],\"inLanguage\":\"es\"},{\"@type\":\"Organization\",\"@id\":\"https:\\\/\\\/www.vallonchene.fr\\\/es\\\/#organization\",\"name\":\"VALLONCHENE\",\"url\":\"https:\\\/\\\/www.vallonchene.fr\\\/es\\\/\",\"logo\":{\"@type\":\"ImageObject\",\"inLanguage\":\"es\",\"@id\":\"https:\\\/\\\/www.vallonchene.fr\\\/es\\\/#\\\/schema\\\/logo\\\/image\\\/\",\"url\":\"https:\\\/\\\/www.vallonchene.fr\\\/wp-content\\\/uploads\\\/2023\\\/03\\\/Logo-Vallonchene-site-et-R_hauteur_100.png\",\"contentUrl\":\"https:\\\/\\\/www.vallonchene.fr\\\/wp-content\\\/uploads\\\/2023\\\/03\\\/Logo-Vallonchene-site-et-R_hauteur_100.png\",\"width\":221,\"height\":100,\"caption\":\"VALLONCHENE\"},\"image\":{\"@id\":\"https:\\\/\\\/www.vallonchene.fr\\\/es\\\/#\\\/schema\\\/logo\\\/image\\\/\"},\"sameAs\":[\"https:\\\/\\\/www.facebook.com\\\/vallonchene.fr\",\"https:\\\/\\\/www.instagram.com\\\/vallonchene\\\/\",\"https:\\\/\\\/www.pinterest.fr\\\/vallonchene\\\/\"],\"taxID\":\"49454502300017\",\"hasMerchantReturnPolicy\":{\"@type\":\"MerchantReturnPolicy\",\"merchantReturnLink\":\"https:\\\/\\\/www.vallonchene.fr\\\/remboursements_retours\\\/\"}}]}<\/script>\n<meta property=\"og:availability\" content=\"instock\" \/>\n<meta property=\"product:availability\" content=\"instock\" \/>\n<meta property=\"product:retailer_item_id\" content=\"11674\" \/>\n<meta property=\"product:condition\" content=\"new\" \/>\n<!-- \/ Yoast SEO Premium plugin. -->","yoast_head_json":{"title":"QUERCUS palustris 'Isabel' - roble de los pantanos","description":"Este roble de los pantanos es una forma enana. El QUERCUS palustris 'Isabel' adquiere colores vibrantes en oto\u00f1o. Crece lentamente y mantiene una forma bastante densa.","robots":{"index":"index","follow":"follow","max-snippet":"max-snippet:-1","max-image-preview":"max-image-preview:large","max-video-preview":"max-video-preview:-1"},"canonical":"https:\/\/www.vallonchene.fr\/es\/producto\/quercus-palustris-isabel\/","og_locale":"es_ES","og_type":"article","og_title":"QUERCUS palustris 'Isabel'","og_description":"Este roble de los pantanos es una forma enana. El QUERCUS palustris 'Isabel' adquiere colores vibrantes en oto\u00f1o. Crece lentamente y mantiene una forma bastante densa.","og_url":"https:\/\/www.vallonchene.fr\/es\/producto\/quercus-palustris-isabel\/","og_site_name":"Vallonch\u00eane","article_publisher":"https:\/\/www.facebook.com\/vallonchene.fr","og_image":[{"width":1200,"height":1200,"url":"https:\/\/www.vallonchene.fr\/wp-content\/uploads\/2024\/10\/QUERCUS-palustris-Isabel_05.webp","type":"image\/webp"}],"twitter_card":"summary_large_image","twitter_misc":{"Disponibilidad":"En stock"},"schema":{"@context":"https:\/\/schema.org","@graph":[{"@type":"WebPage","@id":"https:\/\/www.vallonchene.fr\/es\/producto\/quercus-palustris-isabel\/","url":"https:\/\/www.vallonchene.fr\/es\/producto\/quercus-palustris-isabel\/","name":"QUERCUS palustris 'Isabel' - roble de los pantanos","isPartOf":{"@id":"https:\/\/www.vallonchene.fr\/es\/#website"},"primaryImageOfPage":{"@id":"https:\/\/www.vallonchene.fr\/es\/producto\/quercus-palustris-isabel\/#primaryimage"},"image":{"@id":"https:\/\/www.vallonchene.fr\/es\/producto\/quercus-palustris-isabel\/#primaryimage"},"thumbnailUrl":"https:\/\/www.vallonchene.fr\/wp-content\/uploads\/2024\/10\/QUERCUS-palustris-Isabel_05.webp","datePublished":"2021-08-31T11:31:36+00:00","description":"Este roble de los pantanos es una forma enana. El QUERCUS palustris 'Isabel' adquiere colores vibrantes en oto\u00f1o. Crece lentamente y mantiene una forma bastante densa.","breadcrumb":{"@id":"https:\/\/www.vallonchene.fr\/es\/producto\/quercus-palustris-isabel\/#breadcrumb"},"inLanguage":"es","potentialAction":[{"@type":"ReadAction","target":["https:\/\/www.vallonchene.fr\/es\/producto\/quercus-palustris-isabel\/"]}]},{"@type":"ImageObject","inLanguage":"es","@id":"https:\/\/www.vallonchene.fr\/es\/producto\/quercus-palustris-isabel\/#primaryimage","url":"https:\/\/www.vallonchene.fr\/wp-content\/uploads\/2024\/10\/QUERCUS-palustris-Isabel_05.webp","contentUrl":"https:\/\/www.vallonchene.fr\/wp-content\/uploads\/2024\/10\/QUERCUS-palustris-Isabel_05.webp","width":1200,"height":1200,"caption":"Follaje rojo intenso del QUERCUS palaustris 'Isabel'"},{"@type":"BreadcrumbList","@id":"https:\/\/www.vallonchene.fr\/es\/producto\/quercus-palustris-isabel\/#breadcrumb","itemListElement":[{"@type":"ListItem","position":1,"name":"Home","item":"https:\/\/www.vallonchene.fr\/es\/"},{"@type":"ListItem","position":2,"name":"Tienda","item":"https:\/\/www.vallonchene.fr\/tienda\/"},{"@type":"ListItem","position":3,"name":"Venta en linea","item":"https:\/\/www.vallonchene.fr\/es\/categoria-producto\/venta-en-linea\/"},{"@type":"ListItem","position":4,"name":"Vivero","item":"https:\/\/www.vallonchene.fr\/es\/categoria-producto\/venta-en-linea\/vivero\/"},{"@type":"ListItem","position":5,"name":"Arbustos y \u00e1rboles","item":"https:\/\/www.vallonchene.fr\/es\/categoria-producto\/venta-en-linea\/vivero\/arbustos-y-arboles\/"},{"@type":"ListItem","position":6,"name":"QUERCUS palustris &#8216;Isabel&#8217;"}]},{"@type":"WebSite","@id":"https:\/\/www.vallonchene.fr\/es\/#website","url":"https:\/\/www.vallonchene.fr\/es\/","name":"Vallonch\u00eane","description":"El vivero donde la calidad tiene sus ra\u00edces \u2013 Tel.: +33 (0)2.35.90.02.02","publisher":{"@id":"https:\/\/www.vallonchene.fr\/es\/#organization"},"potentialAction":[{"@type":"SearchAction","target":{"@type":"EntryPoint","urlTemplate":"https:\/\/www.vallonchene.fr\/es\/?s={search_term_string}"},"query-input":{"@type":"PropertyValueSpecification","valueRequired":true,"valueName":"search_term_string"}}],"inLanguage":"es"},{"@type":"Organization","@id":"https:\/\/www.vallonchene.fr\/es\/#organization","name":"VALLONCHENE","url":"https:\/\/www.vallonchene.fr\/es\/","logo":{"@type":"ImageObject","inLanguage":"es","@id":"https:\/\/www.vallonchene.fr\/es\/#\/schema\/logo\/image\/","url":"https:\/\/www.vallonchene.fr\/wp-content\/uploads\/2023\/03\/Logo-Vallonchene-site-et-R_hauteur_100.png","contentUrl":"https:\/\/www.vallonchene.fr\/wp-content\/uploads\/2023\/03\/Logo-Vallonchene-site-et-R_hauteur_100.png","width":221,"height":100,"caption":"VALLONCHENE"},"image":{"@id":"https:\/\/www.vallonchene.fr\/es\/#\/schema\/logo\/image\/"},"sameAs":["https:\/\/www.facebook.com\/vallonchene.fr","https:\/\/www.instagram.com\/vallonchene\/","https:\/\/www.pinterest.fr\/vallonchene\/"],"taxID":"49454502300017","hasMerchantReturnPolicy":{"@type":"MerchantReturnPolicy","merchantReturnLink":"https:\/\/www.vallonchene.fr\/remboursements_retours\/"}}]},"og_availability":"instock","product_availability":"instock","product_retailer_item_id":"11674","product_condition":"new"},"_links":{"self":[{"href":"https:\/\/www.vallonchene.fr\/es\/wp-json\/wp\/v2\/product\/50647","targetHints":{"allow":["GET"]}}],"collection":[{"href":"https:\/\/www.vallonchene.fr\/es\/wp-json\/wp\/v2\/product"}],"about":[{"href":"https:\/\/www.vallonchene.fr\/es\/wp-json\/wp\/v2\/types\/product"}],"replies":[{"embeddable":true,"href":"https:\/\/www.vallonchene.fr\/es\/wp-json\/wp\/v2\/comments?post=50647"}],"wp:featuredmedia":[{"embeddable":true,"href":"https:\/\/www.vallonchene.fr\/es\/wp-json\/wp\/v2\/media\/50648"}],"wp:attachment":[{"href":"https:\/\/www.vallonchene.fr\/es\/wp-json\/wp\/v2\/media?parent=50647"}],"wp:term":[{"taxonomy":"product_brand","embeddable":true,"href":"https:\/\/www.vallonchene.fr\/es\/wp-json\/wp\/v2\/product_brand?post=50647"},{"taxonomy":"product_cat","embeddable":true,"href":"https:\/\/www.vallonchene.fr\/es\/wp-json\/wp\/v2\/product_cat?post=50647"},{"taxonomy":"product_tag","embeddable":true,"href":"https:\/\/www.vallonchene.fr\/es\/wp-json\/wp\/v2\/product_tag?post=50647"}],"curies":[{"name":"wp","href":"https:\/\/api.w.org\/{rel}","templated":true}]}}