{"id":50620,"date":"2024-10-20T14:26:41","date_gmt":"2024-10-20T14:26:41","guid":{"rendered":"https:\/\/www.vallonchene.fr\/produit\/acer-rubrum-brandywine\/"},"modified":"2024-10-20T14:26:41","modified_gmt":"2024-10-20T13:26:41","slug":"acer-rubrum-brandywine","status":"publish","type":"product","link":"https:\/\/www.vallonchene.fr\/es\/producto\/acer-rubrum-brandywine\/","title":{"rendered":"ACER rubrum &#8216;Brandywine&#8217;"},"content":{"rendered":"<h2>La Planta<\/h2>\n<p>El <strong>ACER rubrum &#8216;Brandywine&#8217;<\/strong> es un cultivar de <strong>arce rojo americano<\/strong> especialmente apreciado por sus <strong>espectaculares colores oto\u00f1ales<\/strong>. En efecto, este \u00e1rbol de tama\u00f1o medio desarrolla una copa densa y redondeada. En oto\u00f1o, se adorna con una paleta de colores intensos que van desde el amarillo brillante hasta el rojo carmes\u00ed, pasando por magn\u00edficas tonalidades de rosa y naranja. Estos colores extraordinarios <strong>perduran m\u00e1s tiempo<\/strong> que en la mayor\u00eda de las otras selecciones de arce rojo.<br \/>\nFinalmente, su porte elegante y su r\u00e1pido crecimiento lo convierten en un <strong>\u00e1rbol de sombra<\/strong> ideal.<\/p>\n<h2>\u00bfC\u00f3mo plantar y cuidar el ACER rubrum &#8216;Brandywine&#8217;?<\/h2>\n<ol>\n<li>Plantaci\u00f3n:<br \/>\nEl ACER rubrum &#8216;Brandywine&#8217; es muy adaptable. Le gustan los suelos frescos y bien drenados, y prefiere el sol o la semisombra. Puedes plantarlo en un grupo de arbustos o solo.<br \/>\n<strong><a href=\"https:\/\/www.vallonchene.fr\/comment-planter-et-entretenir-des-vegetaux\/\">\u00a1Aqu\u00ed tienes algunos consejos para plantarlo correctamente!<\/a><\/strong>   <\/li>\n<li>Cuidado:<br \/>\nRiega tu arce regularmente los dos primeros a\u00f1os, sobre todo en primavera y verano. <strong><a href=\"https:\/\/www.vallonchene.fr\/comment-bien-arroser-le-jardin-et-economiser-leau\/\">\u00a1Aqu\u00ed tienes m\u00e1s consejos sobre el riego!<\/a><\/strong><br \/>\nUna vez establecido, este \u00e1rbol es muy resistente a la sequ\u00eda y no necesita muchos cuidados. Puedes podarlo ligeramente a finales de invierno si lo deseas. <\/li>\n<\/ol>\n<h2>Historia y Origen<\/h2>\n<p>El ACER rubrum &#8216;Brandywine&#8217; es un cultivar seleccionado a partir del arce rojo norteamericano (ACER rubrum), una especie muy extendida en los bosques h\u00famedos del este de este continente. Adem\u00e1s, los amerindios apreciaban esta especie desde hace mucho tiempo por su corteza, madera y savia dulce. Los colonos europeos la adoptaron r\u00e1pidamente por sus cualidades ornamentales y su madera para le\u00f1a. A lo largo de los siglos, se han creado o seleccionado numerosos cultivares a partir del ACER rubrum. Cada uno ofrece caracter\u00edsticas \u00fanicas en t\u00e9rminos de color, follaje, porte y tama\u00f1o. El ACER rubrum &#8216;Brandywine&#8217; se distingue por la intensidad y duraci\u00f3n de sus colores oto\u00f1ales, lo que lo convierte en uno de los cultivares m\u00e1s interesantes.<\/p>\n<p>&nbsp;<\/p>\n","protected":false},"excerpt":{"rendered":"<p>Este <strong>arce rojo<\/strong> adquiere tonalidades rosas y rojas en oto\u00f1o. Esta coloraci\u00f3n del <strong>ACER rubrum &#8216;Brandywine&#8217;<\/strong> es m\u00e1s duradera que la de otras variedades. <\/p>\n","protected":false},"featured_media":50621,"comment_status":"open","ping_status":"closed","template":"","meta":[],"product_brand":[],"product_cat":[11499],"product_tag":[],"class_list":{"0":"post-50620","1":"product","2":"type-product","3":"status-publish","4":"has-post-thumbnail","6":"product_cat-arbustos-y-arboles","7":"pa_99-hauteurapproximativeapres1-3-a-5-m","8":"pa_couleurautomnaledufeuillage-rojo","9":"pa_couleurnormaledufeuillage-verde","10":"pa_exigencesenhumidite-promedio","11":"pa_expositionspossibles-pleno-sol-de-12-a-17-min","12":"pa_expositionspossibles-sombra-parcial-evitar-el-sol-de-12-a-17-horas","13":"pa_hauteurlivree-125-a-150-cm-es","14":"pa_interetauprintemps-flores","15":"pa_interetauprintemps-follaje","16":"pa_interetenautomne-follaje","17":"pa_interetenete-follaje","18":"pa_naturedufeuillage-caduco","19":"pa_naturesdesolpossibles-ligero","20":"pa_naturesdesolpossibles-normal-es","21":"pa_periodedefloraison-primavera","22":"pa_periodedetaille-enero","23":"pa_periodedetaille-febrero","24":"pa_phdusolacceptable-acido-menos-de-6_5","25":"pa_phdusolacceptable-neutro-entre-6_5-y-7_5","26":"pa_portgraphisme-globoso","27":"pa_resistanceaufroidrusticite-resistente-por-debajo-de-menos-20-c","28":"pa_tailledepot-maceta-de-3-litros","29":"pa_utilisationpossible-aislado","30":"pa_utilisationpossible-arriate","32":"first","33":"instock","34":"taxable","35":"shipping-taxable","36":"purchasable","37":"product-type-variable"},"supplier_id":null,"supplier_sku":"","barcode":null,"atum_controlled":true,"out_stock_date":null,"out_stock_threshold":null,"inheritable":true,"inbound_stock":0,"stock_on_hold":0,"sold_today":0,"sales_last_days":0,"reserved_stock":0,"customer_returns":0,"warehouse_damage":0,"lost_in_post":0,"other_logs":0,"out_stock_days":null,"lost_sales":0,"has_location":false,"update_date":"2026-04-24T14:39:03","atum_locations":[],"atum_stock_status":"instock","restock_status":false,"low_stock_amount":"","sales_update_date":"2026-04-24T14:39:03","calc_backorders":null,"yoast_head":"<!-- This site is optimized with the Yoast SEO Premium plugin v27.4 (Yoast SEO v27.4) - https:\/\/yoast.com\/product\/yoast-seo-premium-wordpress\/ -->\n<title>ACER rubrum &#039;Brandywine&#039; (arce rojo americano)<\/title>\n<meta name=\"description\" content=\"Este arce rojo adquiere tonalidades rosas y rojas en oto\u00f1o. Esta coloraci\u00f3n del ACER rubrum &#039;Brandywine&#039; es m\u00e1s duradera que la de otras variedades.\" \/>\n<meta name=\"robots\" content=\"index, follow, max-snippet:-1, max-image-preview:large, max-video-preview:-1\" \/>\n<link rel=\"canonical\" href=\"https:\/\/www.vallonchene.fr\/es\/producto\/acer-rubrum-brandywine\/\" \/>\n<meta property=\"og:locale\" content=\"es_ES\" \/>\n<meta property=\"og:type\" content=\"article\" \/>\n<meta property=\"og:title\" content=\"ACER rubrum &#039;Brandywine&#039;\" \/>\n<meta property=\"og:description\" content=\"Este arce rojo adquiere tonalidades rosas y rojas en oto\u00f1o. Esta coloraci\u00f3n del ACER rubrum &#039;Brandywine&#039; es m\u00e1s duradera que la de otras variedades.\" \/>\n<meta property=\"og:url\" content=\"https:\/\/www.vallonchene.fr\/es\/producto\/acer-rubrum-brandywine\/\" \/>\n<meta property=\"og:site_name\" content=\"Vallonch\u00eane\" \/>\n<meta property=\"article:publisher\" content=\"https:\/\/www.facebook.com\/vallonchene.fr\" \/>\n<meta property=\"og:image\" content=\"https:\/\/www.vallonchene.fr\/wp-content\/uploads\/2024\/10\/ACER-rubrum-Brandywine_01.webp\" \/>\n\t<meta property=\"og:image:width\" content=\"1200\" \/>\n\t<meta property=\"og:image:height\" content=\"1200\" \/>\n\t<meta property=\"og:image:type\" content=\"image\/webp\" \/>\n<meta name=\"twitter:card\" content=\"summary_large_image\" \/>\n<meta name=\"twitter:label1\" content=\"Disponibilidad\" \/>\n\t<meta name=\"twitter:data1\" content=\"En stock\" \/>\n<script type=\"application\/ld+json\" class=\"yoast-schema-graph\">{\"@context\":\"https:\\\/\\\/schema.org\",\"@graph\":[{\"@type\":\"WebPage\",\"@id\":\"https:\\\/\\\/www.vallonchene.fr\\\/es\\\/producto\\\/acer-rubrum-brandywine\\\/\",\"url\":\"https:\\\/\\\/www.vallonchene.fr\\\/es\\\/producto\\\/acer-rubrum-brandywine\\\/\",\"name\":\"ACER rubrum 'Brandywine' (arce rojo americano)\",\"isPartOf\":{\"@id\":\"https:\\\/\\\/www.vallonchene.fr\\\/es\\\/#website\"},\"primaryImageOfPage\":{\"@id\":\"https:\\\/\\\/www.vallonchene.fr\\\/es\\\/producto\\\/acer-rubrum-brandywine\\\/#primaryimage\"},\"image\":{\"@id\":\"https:\\\/\\\/www.vallonchene.fr\\\/es\\\/producto\\\/acer-rubrum-brandywine\\\/#primaryimage\"},\"thumbnailUrl\":\"https:\\\/\\\/www.vallonchene.fr\\\/wp-content\\\/uploads\\\/2024\\\/10\\\/ACER-rubrum-Brandywine_01.webp\",\"datePublished\":\"2024-10-20T14:26:41+00:00\",\"description\":\"Este arce rojo adquiere tonalidades rosas y rojas en oto\u00f1o. Esta coloraci\u00f3n del ACER rubrum 'Brandywine' es m\u00e1s duradera que la de otras variedades.\",\"breadcrumb\":{\"@id\":\"https:\\\/\\\/www.vallonchene.fr\\\/es\\\/producto\\\/acer-rubrum-brandywine\\\/#breadcrumb\"},\"inLanguage\":\"es\",\"potentialAction\":[{\"@type\":\"ReadAction\",\"target\":[\"https:\\\/\\\/www.vallonchene.fr\\\/es\\\/producto\\\/acer-rubrum-brandywine\\\/\"]}]},{\"@type\":\"ImageObject\",\"inLanguage\":\"es\",\"@id\":\"https:\\\/\\\/www.vallonchene.fr\\\/es\\\/producto\\\/acer-rubrum-brandywine\\\/#primaryimage\",\"url\":\"https:\\\/\\\/www.vallonchene.fr\\\/wp-content\\\/uploads\\\/2024\\\/10\\\/ACER-rubrum-Brandywine_01.webp\",\"contentUrl\":\"https:\\\/\\\/www.vallonchene.fr\\\/wp-content\\\/uploads\\\/2024\\\/10\\\/ACER-rubrum-Brandywine_01.webp\",\"width\":1200,\"height\":1200,\"caption\":\"Colores vibrantes de oto\u00f1o del ACER rubrum 'Brandywine'\"},{\"@type\":\"BreadcrumbList\",\"@id\":\"https:\\\/\\\/www.vallonchene.fr\\\/es\\\/producto\\\/acer-rubrum-brandywine\\\/#breadcrumb\",\"itemListElement\":[{\"@type\":\"ListItem\",\"position\":1,\"name\":\"Home\",\"item\":\"https:\\\/\\\/www.vallonchene.fr\\\/es\\\/\"},{\"@type\":\"ListItem\",\"position\":2,\"name\":\"Tienda\",\"item\":\"https:\\\/\\\/www.vallonchene.fr\\\/tienda\\\/\"},{\"@type\":\"ListItem\",\"position\":3,\"name\":\"Venta en linea\",\"item\":\"https:\\\/\\\/www.vallonchene.fr\\\/es\\\/categoria-producto\\\/venta-en-linea\\\/\"},{\"@type\":\"ListItem\",\"position\":4,\"name\":\"Vivero\",\"item\":\"https:\\\/\\\/www.vallonchene.fr\\\/es\\\/categoria-producto\\\/venta-en-linea\\\/vivero\\\/\"},{\"@type\":\"ListItem\",\"position\":5,\"name\":\"Arbustos y \u00e1rboles\",\"item\":\"https:\\\/\\\/www.vallonchene.fr\\\/es\\\/categoria-producto\\\/venta-en-linea\\\/vivero\\\/arbustos-y-arboles\\\/\"},{\"@type\":\"ListItem\",\"position\":6,\"name\":\"ACER rubrum &#8216;Brandywine&#8217;\"}]},{\"@type\":\"WebSite\",\"@id\":\"https:\\\/\\\/www.vallonchene.fr\\\/es\\\/#website\",\"url\":\"https:\\\/\\\/www.vallonchene.fr\\\/es\\\/\",\"name\":\"Vallonch\u00eane\",\"description\":\"El vivero donde la calidad tiene sus ra\u00edces \u2013 Tel.: +33 (0)2.35.90.02.02\",\"publisher\":{\"@id\":\"https:\\\/\\\/www.vallonchene.fr\\\/es\\\/#organization\"},\"potentialAction\":[{\"@type\":\"SearchAction\",\"target\":{\"@type\":\"EntryPoint\",\"urlTemplate\":\"https:\\\/\\\/www.vallonchene.fr\\\/es\\\/?s={search_term_string}\"},\"query-input\":{\"@type\":\"PropertyValueSpecification\",\"valueRequired\":true,\"valueName\":\"search_term_string\"}}],\"inLanguage\":\"es\"},{\"@type\":\"Organization\",\"@id\":\"https:\\\/\\\/www.vallonchene.fr\\\/es\\\/#organization\",\"name\":\"VALLONCHENE\",\"url\":\"https:\\\/\\\/www.vallonchene.fr\\\/es\\\/\",\"logo\":{\"@type\":\"ImageObject\",\"inLanguage\":\"es\",\"@id\":\"https:\\\/\\\/www.vallonchene.fr\\\/es\\\/#\\\/schema\\\/logo\\\/image\\\/\",\"url\":\"https:\\\/\\\/www.vallonchene.fr\\\/wp-content\\\/uploads\\\/2023\\\/03\\\/Logo-Vallonchene-site-et-R_hauteur_100.png\",\"contentUrl\":\"https:\\\/\\\/www.vallonchene.fr\\\/wp-content\\\/uploads\\\/2023\\\/03\\\/Logo-Vallonchene-site-et-R_hauteur_100.png\",\"width\":221,\"height\":100,\"caption\":\"VALLONCHENE\"},\"image\":{\"@id\":\"https:\\\/\\\/www.vallonchene.fr\\\/es\\\/#\\\/schema\\\/logo\\\/image\\\/\"},\"sameAs\":[\"https:\\\/\\\/www.facebook.com\\\/vallonchene.fr\",\"https:\\\/\\\/www.instagram.com\\\/vallonchene\\\/\",\"https:\\\/\\\/www.pinterest.fr\\\/vallonchene\\\/\"],\"taxID\":\"49454502300017\",\"hasMerchantReturnPolicy\":{\"@type\":\"MerchantReturnPolicy\",\"merchantReturnLink\":\"https:\\\/\\\/www.vallonchene.fr\\\/remboursements_retours\\\/\"}}]}<\/script>\n<meta property=\"og:availability\" content=\"instock\" \/>\n<meta property=\"product:availability\" content=\"instock\" \/>\n<meta property=\"product:condition\" content=\"new\" \/>\n<!-- \/ Yoast SEO Premium plugin. -->","yoast_head_json":{"title":"ACER rubrum 'Brandywine' (arce rojo americano)","description":"Este arce rojo adquiere tonalidades rosas y rojas en oto\u00f1o. Esta coloraci\u00f3n del ACER rubrum 'Brandywine' es m\u00e1s duradera que la de otras variedades.","robots":{"index":"index","follow":"follow","max-snippet":"max-snippet:-1","max-image-preview":"max-image-preview:large","max-video-preview":"max-video-preview:-1"},"canonical":"https:\/\/www.vallonchene.fr\/es\/producto\/acer-rubrum-brandywine\/","og_locale":"es_ES","og_type":"article","og_title":"ACER rubrum 'Brandywine'","og_description":"Este arce rojo adquiere tonalidades rosas y rojas en oto\u00f1o. Esta coloraci\u00f3n del ACER rubrum 'Brandywine' es m\u00e1s duradera que la de otras variedades.","og_url":"https:\/\/www.vallonchene.fr\/es\/producto\/acer-rubrum-brandywine\/","og_site_name":"Vallonch\u00eane","article_publisher":"https:\/\/www.facebook.com\/vallonchene.fr","og_image":[{"width":1200,"height":1200,"url":"https:\/\/www.vallonchene.fr\/wp-content\/uploads\/2024\/10\/ACER-rubrum-Brandywine_01.webp","type":"image\/webp"}],"twitter_card":"summary_large_image","twitter_misc":{"Disponibilidad":"En stock"},"schema":{"@context":"https:\/\/schema.org","@graph":[{"@type":"WebPage","@id":"https:\/\/www.vallonchene.fr\/es\/producto\/acer-rubrum-brandywine\/","url":"https:\/\/www.vallonchene.fr\/es\/producto\/acer-rubrum-brandywine\/","name":"ACER rubrum 'Brandywine' (arce rojo americano)","isPartOf":{"@id":"https:\/\/www.vallonchene.fr\/es\/#website"},"primaryImageOfPage":{"@id":"https:\/\/www.vallonchene.fr\/es\/producto\/acer-rubrum-brandywine\/#primaryimage"},"image":{"@id":"https:\/\/www.vallonchene.fr\/es\/producto\/acer-rubrum-brandywine\/#primaryimage"},"thumbnailUrl":"https:\/\/www.vallonchene.fr\/wp-content\/uploads\/2024\/10\/ACER-rubrum-Brandywine_01.webp","datePublished":"2024-10-20T14:26:41+00:00","description":"Este arce rojo adquiere tonalidades rosas y rojas en oto\u00f1o. Esta coloraci\u00f3n del ACER rubrum 'Brandywine' es m\u00e1s duradera que la de otras variedades.","breadcrumb":{"@id":"https:\/\/www.vallonchene.fr\/es\/producto\/acer-rubrum-brandywine\/#breadcrumb"},"inLanguage":"es","potentialAction":[{"@type":"ReadAction","target":["https:\/\/www.vallonchene.fr\/es\/producto\/acer-rubrum-brandywine\/"]}]},{"@type":"ImageObject","inLanguage":"es","@id":"https:\/\/www.vallonchene.fr\/es\/producto\/acer-rubrum-brandywine\/#primaryimage","url":"https:\/\/www.vallonchene.fr\/wp-content\/uploads\/2024\/10\/ACER-rubrum-Brandywine_01.webp","contentUrl":"https:\/\/www.vallonchene.fr\/wp-content\/uploads\/2024\/10\/ACER-rubrum-Brandywine_01.webp","width":1200,"height":1200,"caption":"Colores vibrantes de oto\u00f1o del ACER rubrum 'Brandywine'"},{"@type":"BreadcrumbList","@id":"https:\/\/www.vallonchene.fr\/es\/producto\/acer-rubrum-brandywine\/#breadcrumb","itemListElement":[{"@type":"ListItem","position":1,"name":"Home","item":"https:\/\/www.vallonchene.fr\/es\/"},{"@type":"ListItem","position":2,"name":"Tienda","item":"https:\/\/www.vallonchene.fr\/tienda\/"},{"@type":"ListItem","position":3,"name":"Venta en linea","item":"https:\/\/www.vallonchene.fr\/es\/categoria-producto\/venta-en-linea\/"},{"@type":"ListItem","position":4,"name":"Vivero","item":"https:\/\/www.vallonchene.fr\/es\/categoria-producto\/venta-en-linea\/vivero\/"},{"@type":"ListItem","position":5,"name":"Arbustos y \u00e1rboles","item":"https:\/\/www.vallonchene.fr\/es\/categoria-producto\/venta-en-linea\/vivero\/arbustos-y-arboles\/"},{"@type":"ListItem","position":6,"name":"ACER rubrum &#8216;Brandywine&#8217;"}]},{"@type":"WebSite","@id":"https:\/\/www.vallonchene.fr\/es\/#website","url":"https:\/\/www.vallonchene.fr\/es\/","name":"Vallonch\u00eane","description":"El vivero donde la calidad tiene sus ra\u00edces \u2013 Tel.: +33 (0)2.35.90.02.02","publisher":{"@id":"https:\/\/www.vallonchene.fr\/es\/#organization"},"potentialAction":[{"@type":"SearchAction","target":{"@type":"EntryPoint","urlTemplate":"https:\/\/www.vallonchene.fr\/es\/?s={search_term_string}"},"query-input":{"@type":"PropertyValueSpecification","valueRequired":true,"valueName":"search_term_string"}}],"inLanguage":"es"},{"@type":"Organization","@id":"https:\/\/www.vallonchene.fr\/es\/#organization","name":"VALLONCHENE","url":"https:\/\/www.vallonchene.fr\/es\/","logo":{"@type":"ImageObject","inLanguage":"es","@id":"https:\/\/www.vallonchene.fr\/es\/#\/schema\/logo\/image\/","url":"https:\/\/www.vallonchene.fr\/wp-content\/uploads\/2023\/03\/Logo-Vallonchene-site-et-R_hauteur_100.png","contentUrl":"https:\/\/www.vallonchene.fr\/wp-content\/uploads\/2023\/03\/Logo-Vallonchene-site-et-R_hauteur_100.png","width":221,"height":100,"caption":"VALLONCHENE"},"image":{"@id":"https:\/\/www.vallonchene.fr\/es\/#\/schema\/logo\/image\/"},"sameAs":["https:\/\/www.facebook.com\/vallonchene.fr","https:\/\/www.instagram.com\/vallonchene\/","https:\/\/www.pinterest.fr\/vallonchene\/"],"taxID":"49454502300017","hasMerchantReturnPolicy":{"@type":"MerchantReturnPolicy","merchantReturnLink":"https:\/\/www.vallonchene.fr\/remboursements_retours\/"}}]},"og_availability":"instock","product_availability":"instock","product_condition":"new"},"_links":{"self":[{"href":"https:\/\/www.vallonchene.fr\/es\/wp-json\/wp\/v2\/product\/50620","targetHints":{"allow":["GET"]}}],"collection":[{"href":"https:\/\/www.vallonchene.fr\/es\/wp-json\/wp\/v2\/product"}],"about":[{"href":"https:\/\/www.vallonchene.fr\/es\/wp-json\/wp\/v2\/types\/product"}],"replies":[{"embeddable":true,"href":"https:\/\/www.vallonchene.fr\/es\/wp-json\/wp\/v2\/comments?post=50620"}],"wp:featuredmedia":[{"embeddable":true,"href":"https:\/\/www.vallonchene.fr\/es\/wp-json\/wp\/v2\/media\/50621"}],"wp:attachment":[{"href":"https:\/\/www.vallonchene.fr\/es\/wp-json\/wp\/v2\/media?parent=50620"}],"wp:term":[{"taxonomy":"product_brand","embeddable":true,"href":"https:\/\/www.vallonchene.fr\/es\/wp-json\/wp\/v2\/product_brand?post=50620"},{"taxonomy":"product_cat","embeddable":true,"href":"https:\/\/www.vallonchene.fr\/es\/wp-json\/wp\/v2\/product_cat?post=50620"},{"taxonomy":"product_tag","embeddable":true,"href":"https:\/\/www.vallonchene.fr\/es\/wp-json\/wp\/v2\/product_tag?post=50620"}],"curies":[{"name":"wp","href":"https:\/\/api.w.org\/{rel}","templated":true}]}}