{"id":50607,"date":"2021-08-31T11:04:10","date_gmt":"2021-08-31T11:04:10","guid":{"rendered":"https:\/\/www.vallonchene.fr\/produit\/frangula-alnus-fine-line\/"},"modified":"2025-01-22T20:38:31","modified_gmt":"2025-01-22T19:38:31","slug":"frangula-alnus-fine-line","status":"publish","type":"product","link":"https:\/\/www.vallonchene.fr\/es\/producto\/frangula-alnus-fine-line\/","title":{"rendered":"FRANGULA alnus &#8216;Fine Line&#8217;"},"content":{"rendered":"<h2>La Planta<\/h2>\n<p>El <strong>FRANGULA alnus &#8216;Fine Line&#8217;<\/strong>, tambi\u00e9n conocido como <strong>aracl\u00e1n<\/strong>, cautivar\u00e1 a los amantes de los jardines minimalistas y de l\u00edneas puras. Su <strong>porte erguido<\/strong> y estrecho lo convierte en un elemento arquitect\u00f3nico destacado, capaz de estructurar un espacio sin sobrecargarlo.<br \/>\nAdem\u00e1s, sus <strong>hojas, excepcionalmente finas y largas<\/strong>, de unos 15 cm, le confieren un aspecto delicado y a\u00e9reo.<br \/>\nEn oto\u00f1o, se visten de <strong>tonos dorados<\/strong>, ofreciendo un espect\u00e1culo luminoso y c\u00e1lido.<br \/>\nEsta variedad presenta una ventaja adicional: <strong>mantiene su forma estrecha<\/strong> a lo largo del tiempo, lo que la hace ideal para jardines peque\u00f1os o espacios reducidos. Para ver todos nuestros FRANGULA disponibles, <strong><a href=\"https:\/\/www.vallonchene.fr\/es\/?s=frangula&amp;post_type=product&amp;dgwt_wcas=1&amp;lang=es&amp;filter_stock_status=instock <br \/>\u00ab>haga clic aqu\u00ed.<\/a><\/strong><\/p>\n<h2>\u00bfC\u00f3mo plantar y cuidar el Alnus incana &#8216;Fine Line&#8217;?<\/h2>\n<ol>\n<li><strong>Plantaci\u00f3n:<\/strong><br \/>\nLa plantaci\u00f3n de este arbusto es sumamente sencilla<strong>.<\/strong> Adem\u00e1s, se adapta a una gran variedad de suelos (ligeros, normales o pesados) y exposiciones. Aprecia tanto las zonas soleadas como las de semisombra. Puede plantarse en maceta, en un macizo o en un seto.<br \/>\n<strong><a href=\"\">Le invitamos a consultar nuestros consejos de plantaci\u00f3n aqu\u00ed<\/a><\/strong>.  <\/li>\n<li><strong>Cuidado:<\/strong><br \/>\nUna vez plantado, este arbusto requiere muy poco mantenimiento. Es resistente y tolera bien la sequ\u00eda una vez establecido. Una poda ligera a finales de invierno (marzo) puede ser suficiente si lo considera necesario. De lo contrario, la planta crecer\u00e1 sin problemas por s\u00ed sola.<br \/>\n<a href=\"\"><strong>Le invitamos a consultar nuestros consejos sobre c\u00f3mo regar de manera eficiente y ahorrar agua aqu\u00ed<\/strong><\/a>.   <\/li>\n<\/ol>\n<h2>Historia y Origen<\/h2>\n<p>El FRANGULA alnus, especie de la que se origin\u00f3 la variedad &#8216;Fine Line&#8217;, es un arbusto nativo de Europa y Asia. Perteneciente a la familia de las Rhamnaceae, es apreciado por su madera y su corteza. Esta \u00faltima se utiliza en la medicina tradicional y sus frutos sirven de alimento para las aves. El FRANGULA alnus &#8216;Fine Line&#8217; es un cultivar hort\u00edcola seleccionado por sus caracter\u00edsticas ornamentales particulares: su porte estrecho y su follaje fino y elegante. Aunque los or\u00edgenes exactos de este cultivar son dif\u00edciles de rastrear, es el resultado de numerosos cruces y selecciones realizados por apasionados. En conclusi\u00f3n, el F. alnus &#8216;Fine Line&#8217; es un arbusto notable que combina elegancia y rusticidad. Su porte erguido y su follaje particular lo convierten en un elemento indispensable en los jardines. Ya sea en un macizo, un seto o una maceta, aportar\u00e1 un toque de verticalidad y delicadeza a su espacio verde.<br data-mce-bogus=\"1\"><\/p>\n","protected":false},"excerpt":{"rendered":"<p>Este <strong>aracl\u00e1n<\/strong> tiene una forma columnar. El <strong>FRANGULA alnus &#8216;Fine Line&#8217;<\/strong> posee un elegante follaje verde, fino y esbelto que se torna amarillo brillante en oto\u00f1o. <\/p>\n","protected":false},"featured_media":50608,"comment_status":"open","ping_status":"closed","template":"","meta":[],"product_brand":[],"product_cat":[11499],"product_tag":[11841,11840,11844,11843,11842,11839],"class_list":{"0":"post-50607","1":"product","2":"type-product","3":"status-publish","4":"has-post-thumbnail","6":"product_cat-arbustos-y-arboles","7":"product_tag-araclan","8":"product_tag-fine-line-es","9":"product_tag-frangula-es","10":"product_tag-frangula-alnus-es","11":"product_tag-frangula-alnus-fine-line-es","12":"product_tag-rhamnus-frangula-es","13":"pa_99-hauteurapproximativeapres1-1_00-a-1_50-m","14":"pa_couleurdesfleurs-blanca","15":"pa_couleurdufeuillage-verde","16":"pa_exigencesenhumidite-moderadamente-humedo-a-humedo","17":"pa_exigencesenhumidite-promedio","18":"pa_exigencesenhumidite-seco","19":"pa_expositionspossibles-pleno-sol-de-12-a-17-min","20":"pa_expositionspossibles-sombra-parcial-evitar-el-sol-de-12-a-17-horas","21":"pa_hauteurlivree-100-a-125-cm","22":"pa_hauteurlivree-125-a-150-cm-es","23":"pa_hauteurlivree-15-a-20-cm-es","24":"pa_hauteurlivree-150-a-175-cm-es","25":"pa_hauteurlivree-20-a-25-cm-es","26":"pa_hauteurlivree-25-a-30-cm-es","27":"pa_hauteurlivree-30-a-35-cm-es","28":"pa_hauteurlivree-30-a-40-cm-es","29":"pa_hauteurlivree-40-a-50-cm-es","30":"pa_hauteurlivree-50-a-60-cm-es","31":"pa_hauteurlivree-60-a-80-cm-es","32":"pa_hauteurlivree-80-a-100-cm-es","33":"pa_interetauprintemps-flores","34":"pa_interetauprintemps-follaje","35":"pa_interetauprintemps-habitus","36":"pa_interetenautomne-follaje","37":"pa_interetenautomne-habitus","38":"pa_interetenete-follaje","39":"pa_interetenete-habitus","40":"pa_interetenhiver-habitus","41":"pa_naturedufeuillage-caduco","42":"pa_naturesdesolpossibles-ligero","43":"pa_naturesdesolpossibles-normal-es","44":"pa_naturesdesolpossibles-pesado","45":"pa_periodedefloraison-primavera","46":"pa_periodedetaille-marzo","47":"pa_phdusolacceptable-acido-menos-de-6_5","48":"pa_phdusolacceptable-calcareo-mas-de-7_5","49":"pa_phdusolacceptable-neutro-entre-6_5-y-7_5","50":"pa_portgraphisme-fastigiado","51":"pa_resistanceaufroidrusticite-resistente-por-debajo-de-menos-20-c","52":"pa_tailledepot-maceta-de-1-litro","53":"pa_tailledepot-maceta-de-10-litros","54":"pa_tailledepot-maceta-de-12-litros","55":"pa_tailledepot-maceta-de-15-litros","56":"pa_tailledepot-maceta-de-2-litros","57":"pa_tailledepot-maceta-de-20-litros","58":"pa_tailledepot-maceta-de-25-litros","59":"pa_tailledepot-maceta-de-3-litros","60":"pa_tailledepot-maceta-de-4-litros","61":"pa_tailledepot-maceta-de-5-litros","62":"pa_tailledepot-maceta-de-7_5-litros","63":"pa_utilisationpossible-arriate","64":"pa_utilisationpossible-cerca-viva","65":"pa_utilisationpossible-contenedor-o-olla","67":"first","68":"instock","69":"taxable","70":"shipping-taxable","71":"purchasable","72":"product-type-variable","73":"has-default-attributes"},"supplier_id":null,"supplier_sku":"","barcode":null,"atum_controlled":true,"out_stock_date":null,"out_stock_threshold":null,"inheritable":true,"inbound_stock":0,"stock_on_hold":0,"sold_today":0,"sales_last_days":0,"reserved_stock":0,"customer_returns":0,"warehouse_damage":0,"lost_in_post":0,"other_logs":0,"out_stock_days":null,"lost_sales":0,"has_location":false,"update_date":"2025-12-01T10:17:34","atum_locations":[],"atum_stock_status":"instock","restock_status":false,"low_stock_amount":"","sales_update_date":"2024-11-07T08:30:08","calc_backorders":null,"yoast_head":"<!-- This site is optimized with the Yoast SEO Premium plugin v27.5 (Yoast SEO v27.5) - https:\/\/yoast.com\/product\/yoast-seo-premium-wordpress\/ -->\n<title>FRANGULA alnus &#039;Fine Line&#039; - arracl\u00e1n<\/title>\n<meta name=\"description\" content=\"Este aracl\u00e1n tiene una forma columnar. El FRANGULA alnus &#039;Fine Line&#039; posee un elegante follaje verde, fino y esbelto en verano y flameante en oto\u00f1o.\" \/>\n<meta name=\"robots\" content=\"index, follow, max-snippet:-1, max-image-preview:large, max-video-preview:-1\" \/>\n<link rel=\"canonical\" href=\"https:\/\/www.vallonchene.fr\/es\/producto\/frangula-alnus-fine-line\/\" \/>\n<meta property=\"og:locale\" content=\"es_ES\" \/>\n<meta property=\"og:type\" content=\"article\" \/>\n<meta property=\"og:title\" content=\"FRANGULA alnus &#039;Fine Line&#039;\" \/>\n<meta property=\"og:description\" content=\"Este aracl\u00e1n tiene una forma columnar. El FRANGULA alnus &#039;Fine Line&#039; posee un elegante follaje verde, fino y esbelto en verano y flameante en oto\u00f1o.\" \/>\n<meta property=\"og:url\" content=\"https:\/\/www.vallonchene.fr\/es\/producto\/frangula-alnus-fine-line\/\" \/>\n<meta property=\"og:site_name\" content=\"Vallonch\u00eane\" \/>\n<meta property=\"article:publisher\" content=\"https:\/\/www.facebook.com\/vallonchene.fr\" \/>\n<meta property=\"article:modified_time\" content=\"2025-01-22T19:38:31+00:00\" \/>\n<meta property=\"og:image\" content=\"https:\/\/www.vallonchene.fr\/wp-content\/uploads\/2021\/08\/1418-eb2-FRANGULA-alnus-Fine-Line-en-Septembre.jpg\" \/>\n\t<meta property=\"og:image:width\" content=\"1600\" \/>\n\t<meta property=\"og:image:height\" content=\"1600\" \/>\n\t<meta property=\"og:image:type\" content=\"image\/jpeg\" \/>\n<meta name=\"twitter:card\" content=\"summary_large_image\" \/>\n<meta name=\"twitter:label1\" content=\"Disponibilidad\" \/>\n\t<meta name=\"twitter:data1\" content=\"En stock\" \/>\n<script type=\"application\/ld+json\" class=\"yoast-schema-graph\">{\"@context\":\"https:\\\/\\\/schema.org\",\"@graph\":[{\"@type\":\"WebPage\",\"@id\":\"https:\\\/\\\/www.vallonchene.fr\\\/es\\\/producto\\\/frangula-alnus-fine-line\\\/\",\"url\":\"https:\\\/\\\/www.vallonchene.fr\\\/es\\\/producto\\\/frangula-alnus-fine-line\\\/\",\"name\":\"FRANGULA alnus 'Fine Line' - arracl\u00e1n\",\"isPartOf\":{\"@id\":\"https:\\\/\\\/www.vallonchene.fr\\\/es\\\/#website\"},\"primaryImageOfPage\":{\"@id\":\"https:\\\/\\\/www.vallonchene.fr\\\/es\\\/producto\\\/frangula-alnus-fine-line\\\/#primaryimage\"},\"image\":{\"@id\":\"https:\\\/\\\/www.vallonchene.fr\\\/es\\\/producto\\\/frangula-alnus-fine-line\\\/#primaryimage\"},\"thumbnailUrl\":\"https:\\\/\\\/www.vallonchene.fr\\\/wp-content\\\/uploads\\\/2021\\\/08\\\/1418-eb2-FRANGULA-alnus-Fine-Line-en-Septembre.jpg\",\"datePublished\":\"2021-08-31T11:04:10+00:00\",\"dateModified\":\"2025-01-22T19:38:31+00:00\",\"description\":\"Este aracl\u00e1n tiene una forma columnar. El FRANGULA alnus 'Fine Line' posee un elegante follaje verde, fino y esbelto en verano y flameante en oto\u00f1o.\",\"breadcrumb\":{\"@id\":\"https:\\\/\\\/www.vallonchene.fr\\\/es\\\/producto\\\/frangula-alnus-fine-line\\\/#breadcrumb\"},\"inLanguage\":\"es\",\"potentialAction\":[{\"@type\":\"ReadAction\",\"target\":[\"https:\\\/\\\/www.vallonchene.fr\\\/es\\\/producto\\\/frangula-alnus-fine-line\\\/\"]}]},{\"@type\":\"ImageObject\",\"inLanguage\":\"es\",\"@id\":\"https:\\\/\\\/www.vallonchene.fr\\\/es\\\/producto\\\/frangula-alnus-fine-line\\\/#primaryimage\",\"url\":\"https:\\\/\\\/www.vallonchene.fr\\\/wp-content\\\/uploads\\\/2021\\\/08\\\/1418-eb2-FRANGULA-alnus-Fine-Line-en-Septembre.jpg\",\"contentUrl\":\"https:\\\/\\\/www.vallonchene.fr\\\/wp-content\\\/uploads\\\/2021\\\/08\\\/1418-eb2-FRANGULA-alnus-Fine-Line-en-Septembre.jpg\",\"width\":1600,\"height\":1600},{\"@type\":\"BreadcrumbList\",\"@id\":\"https:\\\/\\\/www.vallonchene.fr\\\/es\\\/producto\\\/frangula-alnus-fine-line\\\/#breadcrumb\",\"itemListElement\":[{\"@type\":\"ListItem\",\"position\":1,\"name\":\"Home\",\"item\":\"https:\\\/\\\/www.vallonchene.fr\\\/es\\\/\"},{\"@type\":\"ListItem\",\"position\":2,\"name\":\"Tienda\",\"item\":\"https:\\\/\\\/www.vallonchene.fr\\\/tienda\\\/\"},{\"@type\":\"ListItem\",\"position\":3,\"name\":\"Venta en linea\",\"item\":\"https:\\\/\\\/www.vallonchene.fr\\\/es\\\/categoria-producto\\\/venta-en-linea\\\/\"},{\"@type\":\"ListItem\",\"position\":4,\"name\":\"Vivero\",\"item\":\"https:\\\/\\\/www.vallonchene.fr\\\/es\\\/categoria-producto\\\/venta-en-linea\\\/vivero\\\/\"},{\"@type\":\"ListItem\",\"position\":5,\"name\":\"Arbustos y \u00e1rboles\",\"item\":\"https:\\\/\\\/www.vallonchene.fr\\\/es\\\/categoria-producto\\\/venta-en-linea\\\/vivero\\\/arbustos-y-arboles\\\/\"},{\"@type\":\"ListItem\",\"position\":6,\"name\":\"FRANGULA alnus &#8216;Fine Line&#8217;\"}]},{\"@type\":\"WebSite\",\"@id\":\"https:\\\/\\\/www.vallonchene.fr\\\/es\\\/#website\",\"url\":\"https:\\\/\\\/www.vallonchene.fr\\\/es\\\/\",\"name\":\"Vallonch\u00eane\",\"description\":\"El vivero donde la calidad tiene sus ra\u00edces \u2013 Tel.: +33 (0)2.35.90.02.02\",\"publisher\":{\"@id\":\"https:\\\/\\\/www.vallonchene.fr\\\/es\\\/#organization\"},\"potentialAction\":[{\"@type\":\"SearchAction\",\"target\":{\"@type\":\"EntryPoint\",\"urlTemplate\":\"https:\\\/\\\/www.vallonchene.fr\\\/es\\\/?s={search_term_string}\"},\"query-input\":{\"@type\":\"PropertyValueSpecification\",\"valueRequired\":true,\"valueName\":\"search_term_string\"}}],\"inLanguage\":\"es\"},{\"@type\":\"Organization\",\"@id\":\"https:\\\/\\\/www.vallonchene.fr\\\/es\\\/#organization\",\"name\":\"VALLONCHENE\",\"url\":\"https:\\\/\\\/www.vallonchene.fr\\\/es\\\/\",\"logo\":{\"@type\":\"ImageObject\",\"inLanguage\":\"es\",\"@id\":\"https:\\\/\\\/www.vallonchene.fr\\\/es\\\/#\\\/schema\\\/logo\\\/image\\\/\",\"url\":\"https:\\\/\\\/www.vallonchene.fr\\\/wp-content\\\/uploads\\\/2023\\\/03\\\/Logo-Vallonchene-site-et-R_hauteur_100.png\",\"contentUrl\":\"https:\\\/\\\/www.vallonchene.fr\\\/wp-content\\\/uploads\\\/2023\\\/03\\\/Logo-Vallonchene-site-et-R_hauteur_100.png\",\"width\":221,\"height\":100,\"caption\":\"VALLONCHENE\"},\"image\":{\"@id\":\"https:\\\/\\\/www.vallonchene.fr\\\/es\\\/#\\\/schema\\\/logo\\\/image\\\/\"},\"sameAs\":[\"https:\\\/\\\/www.facebook.com\\\/vallonchene.fr\",\"https:\\\/\\\/www.instagram.com\\\/vallonchene\\\/\",\"https:\\\/\\\/www.pinterest.fr\\\/vallonchene\\\/\"],\"taxID\":\"49454502300017\",\"hasMerchantReturnPolicy\":{\"@type\":\"MerchantReturnPolicy\",\"merchantReturnLink\":\"https:\\\/\\\/www.vallonchene.fr\\\/remboursements_retours\\\/\"}}]}<\/script>\n<meta property=\"og:availability\" content=\"instock\" \/>\n<meta property=\"product:availability\" content=\"instock\" \/>\n<meta property=\"product:retailer_item_id\" content=\"55371\" \/>\n<meta property=\"product:condition\" content=\"new\" \/>\n<!-- \/ Yoast SEO Premium plugin. -->","yoast_head_json":{"title":"FRANGULA alnus 'Fine Line' - arracl\u00e1n","description":"Este aracl\u00e1n tiene una forma columnar. El FRANGULA alnus 'Fine Line' posee un elegante follaje verde, fino y esbelto en verano y flameante en oto\u00f1o.","robots":{"index":"index","follow":"follow","max-snippet":"max-snippet:-1","max-image-preview":"max-image-preview:large","max-video-preview":"max-video-preview:-1"},"canonical":"https:\/\/www.vallonchene.fr\/es\/producto\/frangula-alnus-fine-line\/","og_locale":"es_ES","og_type":"article","og_title":"FRANGULA alnus 'Fine Line'","og_description":"Este aracl\u00e1n tiene una forma columnar. El FRANGULA alnus 'Fine Line' posee un elegante follaje verde, fino y esbelto en verano y flameante en oto\u00f1o.","og_url":"https:\/\/www.vallonchene.fr\/es\/producto\/frangula-alnus-fine-line\/","og_site_name":"Vallonch\u00eane","article_publisher":"https:\/\/www.facebook.com\/vallonchene.fr","article_modified_time":"2025-01-22T19:38:31+00:00","og_image":[{"width":1600,"height":1600,"url":"https:\/\/www.vallonchene.fr\/wp-content\/uploads\/2021\/08\/1418-eb2-FRANGULA-alnus-Fine-Line-en-Septembre.jpg","type":"image\/jpeg"}],"twitter_card":"summary_large_image","twitter_misc":{"Disponibilidad":"En stock"},"schema":{"@context":"https:\/\/schema.org","@graph":[{"@type":"WebPage","@id":"https:\/\/www.vallonchene.fr\/es\/producto\/frangula-alnus-fine-line\/","url":"https:\/\/www.vallonchene.fr\/es\/producto\/frangula-alnus-fine-line\/","name":"FRANGULA alnus 'Fine Line' - arracl\u00e1n","isPartOf":{"@id":"https:\/\/www.vallonchene.fr\/es\/#website"},"primaryImageOfPage":{"@id":"https:\/\/www.vallonchene.fr\/es\/producto\/frangula-alnus-fine-line\/#primaryimage"},"image":{"@id":"https:\/\/www.vallonchene.fr\/es\/producto\/frangula-alnus-fine-line\/#primaryimage"},"thumbnailUrl":"https:\/\/www.vallonchene.fr\/wp-content\/uploads\/2021\/08\/1418-eb2-FRANGULA-alnus-Fine-Line-en-Septembre.jpg","datePublished":"2021-08-31T11:04:10+00:00","dateModified":"2025-01-22T19:38:31+00:00","description":"Este aracl\u00e1n tiene una forma columnar. El FRANGULA alnus 'Fine Line' posee un elegante follaje verde, fino y esbelto en verano y flameante en oto\u00f1o.","breadcrumb":{"@id":"https:\/\/www.vallonchene.fr\/es\/producto\/frangula-alnus-fine-line\/#breadcrumb"},"inLanguage":"es","potentialAction":[{"@type":"ReadAction","target":["https:\/\/www.vallonchene.fr\/es\/producto\/frangula-alnus-fine-line\/"]}]},{"@type":"ImageObject","inLanguage":"es","@id":"https:\/\/www.vallonchene.fr\/es\/producto\/frangula-alnus-fine-line\/#primaryimage","url":"https:\/\/www.vallonchene.fr\/wp-content\/uploads\/2021\/08\/1418-eb2-FRANGULA-alnus-Fine-Line-en-Septembre.jpg","contentUrl":"https:\/\/www.vallonchene.fr\/wp-content\/uploads\/2021\/08\/1418-eb2-FRANGULA-alnus-Fine-Line-en-Septembre.jpg","width":1600,"height":1600},{"@type":"BreadcrumbList","@id":"https:\/\/www.vallonchene.fr\/es\/producto\/frangula-alnus-fine-line\/#breadcrumb","itemListElement":[{"@type":"ListItem","position":1,"name":"Home","item":"https:\/\/www.vallonchene.fr\/es\/"},{"@type":"ListItem","position":2,"name":"Tienda","item":"https:\/\/www.vallonchene.fr\/tienda\/"},{"@type":"ListItem","position":3,"name":"Venta en linea","item":"https:\/\/www.vallonchene.fr\/es\/categoria-producto\/venta-en-linea\/"},{"@type":"ListItem","position":4,"name":"Vivero","item":"https:\/\/www.vallonchene.fr\/es\/categoria-producto\/venta-en-linea\/vivero\/"},{"@type":"ListItem","position":5,"name":"Arbustos y \u00e1rboles","item":"https:\/\/www.vallonchene.fr\/es\/categoria-producto\/venta-en-linea\/vivero\/arbustos-y-arboles\/"},{"@type":"ListItem","position":6,"name":"FRANGULA alnus &#8216;Fine Line&#8217;"}]},{"@type":"WebSite","@id":"https:\/\/www.vallonchene.fr\/es\/#website","url":"https:\/\/www.vallonchene.fr\/es\/","name":"Vallonch\u00eane","description":"El vivero donde la calidad tiene sus ra\u00edces \u2013 Tel.: +33 (0)2.35.90.02.02","publisher":{"@id":"https:\/\/www.vallonchene.fr\/es\/#organization"},"potentialAction":[{"@type":"SearchAction","target":{"@type":"EntryPoint","urlTemplate":"https:\/\/www.vallonchene.fr\/es\/?s={search_term_string}"},"query-input":{"@type":"PropertyValueSpecification","valueRequired":true,"valueName":"search_term_string"}}],"inLanguage":"es"},{"@type":"Organization","@id":"https:\/\/www.vallonchene.fr\/es\/#organization","name":"VALLONCHENE","url":"https:\/\/www.vallonchene.fr\/es\/","logo":{"@type":"ImageObject","inLanguage":"es","@id":"https:\/\/www.vallonchene.fr\/es\/#\/schema\/logo\/image\/","url":"https:\/\/www.vallonchene.fr\/wp-content\/uploads\/2023\/03\/Logo-Vallonchene-site-et-R_hauteur_100.png","contentUrl":"https:\/\/www.vallonchene.fr\/wp-content\/uploads\/2023\/03\/Logo-Vallonchene-site-et-R_hauteur_100.png","width":221,"height":100,"caption":"VALLONCHENE"},"image":{"@id":"https:\/\/www.vallonchene.fr\/es\/#\/schema\/logo\/image\/"},"sameAs":["https:\/\/www.facebook.com\/vallonchene.fr","https:\/\/www.instagram.com\/vallonchene\/","https:\/\/www.pinterest.fr\/vallonchene\/"],"taxID":"49454502300017","hasMerchantReturnPolicy":{"@type":"MerchantReturnPolicy","merchantReturnLink":"https:\/\/www.vallonchene.fr\/remboursements_retours\/"}}]},"og_availability":"instock","product_availability":"instock","product_retailer_item_id":"55371","product_condition":"new"},"_links":{"self":[{"href":"https:\/\/www.vallonchene.fr\/es\/wp-json\/wp\/v2\/product\/50607","targetHints":{"allow":["GET"]}}],"collection":[{"href":"https:\/\/www.vallonchene.fr\/es\/wp-json\/wp\/v2\/product"}],"about":[{"href":"https:\/\/www.vallonchene.fr\/es\/wp-json\/wp\/v2\/types\/product"}],"replies":[{"embeddable":true,"href":"https:\/\/www.vallonchene.fr\/es\/wp-json\/wp\/v2\/comments?post=50607"}],"wp:featuredmedia":[{"embeddable":true,"href":"https:\/\/www.vallonchene.fr\/es\/wp-json\/wp\/v2\/media\/50608"}],"wp:attachment":[{"href":"https:\/\/www.vallonchene.fr\/es\/wp-json\/wp\/v2\/media?parent=50607"}],"wp:term":[{"taxonomy":"product_brand","embeddable":true,"href":"https:\/\/www.vallonchene.fr\/es\/wp-json\/wp\/v2\/product_brand?post=50607"},{"taxonomy":"product_cat","embeddable":true,"href":"https:\/\/www.vallonchene.fr\/es\/wp-json\/wp\/v2\/product_cat?post=50607"},{"taxonomy":"product_tag","embeddable":true,"href":"https:\/\/www.vallonchene.fr\/es\/wp-json\/wp\/v2\/product_tag?post=50607"}],"curies":[{"name":"wp","href":"https:\/\/api.w.org\/{rel}","templated":true}]}}