{"id":50574,"date":"2021-08-31T11:23:24","date_gmt":"2021-08-31T11:23:24","guid":{"rendered":"https:\/\/www.vallonchene.fr\/produit\/pilgerodendron-uviferum\/"},"modified":"2026-01-20T11:16:07","modified_gmt":"2026-01-20T10:16:07","slug":"pilgerodendron-uviferum","status":"publish","type":"product","link":"https:\/\/www.vallonchene.fr\/es\/producto\/pilgerodendron-uviferum\/","title":{"rendered":"PILGERODENDRON uviferum"},"content":{"rendered":"<h2>La Planta<\/h2>\n<p>El <b>cipr\u00e9s de las Guaitecas<\/b> es uno de los con\u00edferos m\u00e1s codiciados por los conocedores. De hecho, el <strong>PILGERODENDRON uviferum<\/strong> es la <strong>\u00fanica especie conocida de su g\u00e9nero<\/strong> hasta la fecha. Aportar\u00e1 un toque de <strong>originalidad<\/strong> y <strong>elegancia<\/strong> a su jard\u00edn. Originario de las h\u00famedas regiones de Sudam\u00e9rica, este \u00e1rbol de <strong>lento crecimiento<\/strong> se distingue por su <strong>porte c\u00f3nico estrecho<\/strong> y su denso <strong>follaje de un verde encantador<\/strong>. Su <strong>corteza marr\u00f3n rojiza<\/strong>, que se exfolia en placas, le confiere un aspecto \u00fanico. Hoy en d\u00eda, a\u00fan se pueden encontrar en su h\u00e1bitat natural ejemplares con troncos de 1,50 m (de gran edad), aunque se han reportado espec\u00edmenes con di\u00e1metros de hasta 3 m antes de su sobreexplotaci\u00f3n.  <\/p>\n<h2>\u00bfC\u00f3mo plantar y cuidar un PILGERODENDRON uviferum?<\/h2>\n<ol>\n<li><strong>Plantaci\u00f3n:<\/strong><br \/>\nPara garantizar el \u00e9xito en la plantaci\u00f3n de su cipr\u00e9s de las Guaitecas, seleccione un lugar soleado o de semisombra con un suelo bien drenado. El suelo puede ser ligero, normal o pesado, con un pH \u00e1cido, neutro o alcalino.<br \/>\nEste \u00e1rbol aprecia los climas frescos y h\u00famedos, pero una vez establecido puede tolerar per\u00edodos de sequ\u00eda.<br \/>\n<strong><a href=\"https:\/\/www.vallonchene.fr\/comment-planter-et-entretenir-des-vegetaux\/\">Para preparar el hoyo de plantaci\u00f3n, siga nuestros consejos detallados aqu\u00ed. <\/a><\/strong> <\/li>\n<li><strong>Mantenimiento:<\/strong><br \/>\nEl cipr\u00e9s de las Guaitecas requiere muy poco mantenimiento. Se recomienda un riego regular durante el primer y segundo a\u00f1o despu\u00e9s de la plantaci\u00f3n. Posteriormente, los riegos pueden espaciarse.<br \/>\n<a href=\"https:\/\/www.vallonchene.fr\/comment-bien-arroser-le-jardin-et-economiser-leau\/\"><strong>Consulte nuestros consejos para un riego eficiente y ahorrar agua aqu\u00ed. <\/strong><\/a> <\/li>\n<\/ol>\n<h2>Historia y Origen<\/h2>\n<p data-sourcepos=\"13:1-13:519\">El cipr\u00e9s de las Guaitecas es un verdadero testigo de la historia del planeta. De hecho, es la con\u00edfera que crece m\u00e1s al sur de la Tierra, en regiones con condiciones clim\u00e1ticas extremas. <\/p>\n<p data-sourcepos=\"13:1-13:519\">Los ind\u00edgenas lo utilizaban para construir barcos y casas. En el siglo XIX, el PILGERODENDRON uviferum experiment\u00f3 un verdadero auge. Su madera se utilizaba para fabricar durmientes de ferrocarril.  <\/p>\n<p data-sourcepos=\"13:1-13:519\">M\u00e1s all\u00e1 de su inter\u00e9s bot\u00e1nico, este \u00e1rbol tiene tambi\u00e9n una importancia econ\u00f3mica. Su madera, muy densa y resistente, es especialmente apreciada en ebanister\u00eda y construcci\u00f3n naval. <\/p>\n<p data-sourcepos=\"13:1-13:519\">Sin embargo, una explotaci\u00f3n intensiva ha llevado a una escasez de la especie, haciendo necesaria su protecci\u00f3n. Adem\u00e1s, figura en la lista de especies amenazadas. <\/p>\n<p data-sourcepos=\"15:1-15:266\">Al elegir un cipr\u00e9s de las Guaitecas, <strong>contribuyes a la preservaci\u00f3n de una especie \u00fanica<\/strong>. Adem\u00e1s, le ofreces a tu jard\u00edn un ejemplar excepcional. Este \u00e1rbol, cargado de historia y simbolismo, te sorprender\u00e1 durante muchos a\u00f1os.  <\/p>\n<p>&nbsp;<\/p>\n","protected":false},"excerpt":{"rendered":"<p>\u00a1EXTREMADAMENTE RARO! El <b>cipr\u00e9s de las Guaitecas<\/b> es la \u00daNICA especie de su g\u00e9nero. El <b>PILGERODENDRON uviferum<\/b> crece muy denso en forma de columna muy estrecha.  <\/p>\n","protected":false},"featured_media":50575,"comment_status":"open","ping_status":"closed","template":"","meta":[],"product_brand":[],"product_cat":[11499,11821],"product_tag":[11838,11837],"class_list":{"0":"post-50574","1":"product","2":"type-product","3":"status-publish","4":"has-post-thumbnail","6":"product_cat-arbustos-y-arboles","7":"product_cat-plantas-raras-plantas-de-coleccion","8":"product_tag-cipres-de-las-guaitecas","9":"product_tag-pilgerodendron-uviferum-es","10":"pa_99-hauteurapproximativeapres1-1-00-a-1-50-m","11":"pa_couleurdufeuillage-verde","12":"pa_exigencesenhumidite-moderadamente-humedo-a-humedo","13":"pa_exigencesenhumidite-promedio","14":"pa_exigencesenhumidite-seco","15":"pa_expositionspossibles-pleno-sol-de-12-a-17-min","16":"pa_expositionspossibles-sombra-parcial-evitar-el-sol-de-12-a-17-horas","17":"pa_hauteurlivree-100-a-125-cm","18":"pa_hauteurlivree-15-a-20-cm-es","19":"pa_hauteurlivree-40-a-50-cm-es","20":"pa_hauteurlivree-40-a-60-cm-es","21":"pa_hauteurlivree-60-a-80-cm-es","22":"pa_hauteurlivree-70-a-80-cm-es","23":"pa_hauteurlivree-80-a-100-cm-es","24":"pa_interetauprintemps-follaje","25":"pa_interetauprintemps-habitus","26":"pa_interetenautomne-follaje","27":"pa_interetenautomne-habitus","28":"pa_interetenete-follaje","29":"pa_interetenete-habitus","30":"pa_interetenhiver-follaje","31":"pa_interetenhiver-habitus","32":"pa_naturedufeuillage-siempreverde","33":"pa_naturesdesolpossibles-ligero","34":"pa_naturesdesolpossibles-normal-es","35":"pa_naturesdesolpossibles-pesado","36":"pa_particularites-adecuado-para-bonsai","37":"pa_periodedetaille-marzo","38":"pa_phdusolacceptable-acido-menos-de-6_5","39":"pa_phdusolacceptable-calcareo-mas-de-7_5","40":"pa_phdusolacceptable-neutro-entre-6_5-y-7_5","41":"pa_portgraphisme-fastigiado","42":"pa_resistanceaufroidrusticite-resistente-hasta-menos-20-c","43":"pa_tailledepot-maceta-de-2-litros","44":"pa_tailledepot-maceta-de-3-litros","45":"pa_tailledepot-maceta-de-5-litros","46":"pa_tailledepot-maceta-de-7_5-litros","47":"pa_utilisationpossible-aislado","48":"pa_utilisationpossible-arriate","50":"first","51":"instock","52":"taxable","53":"shipping-taxable","54":"purchasable","55":"product-type-variable","56":"has-default-attributes"},"supplier_id":null,"supplier_sku":"","barcode":null,"atum_controlled":true,"out_stock_date":null,"out_stock_threshold":null,"inheritable":true,"inbound_stock":0,"stock_on_hold":1,"sold_today":0,"sales_last_days":0,"reserved_stock":0,"customer_returns":0,"warehouse_damage":0,"lost_in_post":0,"other_logs":0,"out_stock_days":null,"lost_sales":0,"has_location":false,"update_date":"2026-04-29T10:04:04","atum_locations":[],"atum_stock_status":"instock","restock_status":false,"low_stock_amount":"","sales_update_date":"2025-07-05T13:08:46","calc_backorders":null,"yoast_head":"<!-- This site is optimized with the Yoast SEO Premium plugin v27.5 (Yoast SEO v27.5) - https:\/\/yoast.com\/product\/yoast-seo-premium-wordpress\/ -->\n<title>PILGERODENDRON uviferum - cipr\u00e9s de Las Guaitecas<\/title>\n<meta name=\"description\" content=\"\u00a1EXTREMADAMENTE RARO! Este cipr\u00e9s de las Guaitecas es la \u00daNICA especie de su g\u00e9nero. El PILGERODENDRON uviferum crece muy denso en forma de columna muy estrecha.\" \/>\n<meta name=\"robots\" content=\"index, follow, max-snippet:-1, max-image-preview:large, max-video-preview:-1\" \/>\n<link rel=\"canonical\" href=\"https:\/\/www.vallonchene.fr\/es\/producto\/pilgerodendron-uviferum\/\" \/>\n<meta property=\"og:locale\" content=\"es_ES\" \/>\n<meta property=\"og:type\" content=\"article\" \/>\n<meta property=\"og:title\" content=\"PILGERODENDRON uviferum\" \/>\n<meta property=\"og:description\" content=\"\u00a1EXTREMADAMENTE RARO! Este cipr\u00e9s de las Guaitecas es la \u00daNICA especie de su g\u00e9nero. El PILGERODENDRON uviferum crece muy denso en forma de columna muy estrecha.\" \/>\n<meta property=\"og:url\" content=\"https:\/\/www.vallonchene.fr\/es\/producto\/pilgerodendron-uviferum\/\" \/>\n<meta property=\"og:site_name\" content=\"Vallonch\u00eane\" \/>\n<meta property=\"article:publisher\" content=\"https:\/\/www.facebook.com\/vallonchene.fr\" \/>\n<meta property=\"article:modified_time\" content=\"2026-01-20T10:16:07+00:00\" \/>\n<meta property=\"og:image\" content=\"https:\/\/www.vallonchene.fr\/wp-content\/uploads\/2024\/11\/PILGERODENDRON-uviferum.webp\" \/>\n\t<meta property=\"og:image:width\" content=\"1200\" \/>\n\t<meta property=\"og:image:height\" content=\"1200\" \/>\n\t<meta property=\"og:image:type\" content=\"image\/webp\" \/>\n<meta name=\"twitter:card\" content=\"summary_large_image\" \/>\n<meta name=\"twitter:label1\" content=\"Disponibilidad\" \/>\n\t<meta name=\"twitter:data1\" content=\"En stock\" \/>\n<script type=\"application\/ld+json\" class=\"yoast-schema-graph\">{\"@context\":\"https:\\\/\\\/schema.org\",\"@graph\":[{\"@type\":\"WebPage\",\"@id\":\"https:\\\/\\\/www.vallonchene.fr\\\/es\\\/producto\\\/pilgerodendron-uviferum\\\/\",\"url\":\"https:\\\/\\\/www.vallonchene.fr\\\/es\\\/producto\\\/pilgerodendron-uviferum\\\/\",\"name\":\"PILGERODENDRON uviferum - cipr\u00e9s de Las Guaitecas\",\"isPartOf\":{\"@id\":\"https:\\\/\\\/www.vallonchene.fr\\\/es\\\/#website\"},\"primaryImageOfPage\":{\"@id\":\"https:\\\/\\\/www.vallonchene.fr\\\/es\\\/producto\\\/pilgerodendron-uviferum\\\/#primaryimage\"},\"image\":{\"@id\":\"https:\\\/\\\/www.vallonchene.fr\\\/es\\\/producto\\\/pilgerodendron-uviferum\\\/#primaryimage\"},\"thumbnailUrl\":\"https:\\\/\\\/www.vallonchene.fr\\\/wp-content\\\/uploads\\\/2024\\\/11\\\/PILGERODENDRON-uviferum.webp\",\"datePublished\":\"2021-08-31T11:23:24+00:00\",\"dateModified\":\"2026-01-20T10:16:07+00:00\",\"description\":\"\u00a1EXTREMADAMENTE RARO! Este cipr\u00e9s de las Guaitecas es la \u00daNICA especie de su g\u00e9nero. El PILGERODENDRON uviferum crece muy denso en forma de columna muy estrecha.\",\"breadcrumb\":{\"@id\":\"https:\\\/\\\/www.vallonchene.fr\\\/es\\\/producto\\\/pilgerodendron-uviferum\\\/#breadcrumb\"},\"inLanguage\":\"es\",\"potentialAction\":[{\"@type\":\"ReadAction\",\"target\":[\"https:\\\/\\\/www.vallonchene.fr\\\/es\\\/producto\\\/pilgerodendron-uviferum\\\/\"]}]},{\"@type\":\"ImageObject\",\"inLanguage\":\"es\",\"@id\":\"https:\\\/\\\/www.vallonchene.fr\\\/es\\\/producto\\\/pilgerodendron-uviferum\\\/#primaryimage\",\"url\":\"https:\\\/\\\/www.vallonchene.fr\\\/wp-content\\\/uploads\\\/2024\\\/11\\\/PILGERODENDRON-uviferum.webp\",\"contentUrl\":\"https:\\\/\\\/www.vallonchene.fr\\\/wp-content\\\/uploads\\\/2024\\\/11\\\/PILGERODENDRON-uviferum.webp\",\"width\":1200,\"height\":1200,\"caption\":\"Primer plano del follaje reverso del PILGERODENDRON uviferum\"},{\"@type\":\"BreadcrumbList\",\"@id\":\"https:\\\/\\\/www.vallonchene.fr\\\/es\\\/producto\\\/pilgerodendron-uviferum\\\/#breadcrumb\",\"itemListElement\":[{\"@type\":\"ListItem\",\"position\":1,\"name\":\"Home\",\"item\":\"https:\\\/\\\/www.vallonchene.fr\\\/es\\\/\"},{\"@type\":\"ListItem\",\"position\":2,\"name\":\"Tienda\",\"item\":\"https:\\\/\\\/www.vallonchene.fr\\\/tienda\\\/\"},{\"@type\":\"ListItem\",\"position\":3,\"name\":\"Venta en linea\",\"item\":\"https:\\\/\\\/www.vallonchene.fr\\\/es\\\/categoria-producto\\\/venta-en-linea\\\/\"},{\"@type\":\"ListItem\",\"position\":4,\"name\":\"Vivero\",\"item\":\"https:\\\/\\\/www.vallonchene.fr\\\/es\\\/categoria-producto\\\/venta-en-linea\\\/vivero\\\/\"},{\"@type\":\"ListItem\",\"position\":5,\"name\":\"Arbustos y \u00e1rboles\",\"item\":\"https:\\\/\\\/www.vallonchene.fr\\\/es\\\/categoria-producto\\\/venta-en-linea\\\/vivero\\\/arbustos-y-arboles\\\/\"},{\"@type\":\"ListItem\",\"position\":6,\"name\":\"PILGERODENDRON uviferum\"}]},{\"@type\":\"WebSite\",\"@id\":\"https:\\\/\\\/www.vallonchene.fr\\\/es\\\/#website\",\"url\":\"https:\\\/\\\/www.vallonchene.fr\\\/es\\\/\",\"name\":\"Vallonch\u00eane\",\"description\":\"El vivero donde la calidad tiene sus ra\u00edces \u2013 Tel.: +33 (0)2.35.90.02.02\",\"publisher\":{\"@id\":\"https:\\\/\\\/www.vallonchene.fr\\\/es\\\/#organization\"},\"potentialAction\":[{\"@type\":\"SearchAction\",\"target\":{\"@type\":\"EntryPoint\",\"urlTemplate\":\"https:\\\/\\\/www.vallonchene.fr\\\/es\\\/?s={search_term_string}\"},\"query-input\":{\"@type\":\"PropertyValueSpecification\",\"valueRequired\":true,\"valueName\":\"search_term_string\"}}],\"inLanguage\":\"es\"},{\"@type\":\"Organization\",\"@id\":\"https:\\\/\\\/www.vallonchene.fr\\\/es\\\/#organization\",\"name\":\"VALLONCHENE\",\"url\":\"https:\\\/\\\/www.vallonchene.fr\\\/es\\\/\",\"logo\":{\"@type\":\"ImageObject\",\"inLanguage\":\"es\",\"@id\":\"https:\\\/\\\/www.vallonchene.fr\\\/es\\\/#\\\/schema\\\/logo\\\/image\\\/\",\"url\":\"https:\\\/\\\/www.vallonchene.fr\\\/wp-content\\\/uploads\\\/2023\\\/03\\\/Logo-Vallonchene-site-et-R_hauteur_100.png\",\"contentUrl\":\"https:\\\/\\\/www.vallonchene.fr\\\/wp-content\\\/uploads\\\/2023\\\/03\\\/Logo-Vallonchene-site-et-R_hauteur_100.png\",\"width\":221,\"height\":100,\"caption\":\"VALLONCHENE\"},\"image\":{\"@id\":\"https:\\\/\\\/www.vallonchene.fr\\\/es\\\/#\\\/schema\\\/logo\\\/image\\\/\"},\"sameAs\":[\"https:\\\/\\\/www.facebook.com\\\/vallonchene.fr\",\"https:\\\/\\\/www.instagram.com\\\/vallonchene\\\/\",\"https:\\\/\\\/www.pinterest.fr\\\/vallonchene\\\/\"],\"taxID\":\"49454502300017\",\"hasMerchantReturnPolicy\":{\"@type\":\"MerchantReturnPolicy\",\"merchantReturnLink\":\"https:\\\/\\\/www.vallonchene.fr\\\/remboursements_retours\\\/\"}}]}<\/script>\n<meta property=\"og:availability\" content=\"instock\" \/>\n<meta property=\"product:availability\" content=\"instock\" \/>\n<meta property=\"product:retailer_item_id\" content=\"17689\" \/>\n<meta property=\"product:condition\" content=\"new\" \/>\n<!-- \/ Yoast SEO Premium plugin. -->","yoast_head_json":{"title":"PILGERODENDRON uviferum - cipr\u00e9s de Las Guaitecas","description":"\u00a1EXTREMADAMENTE RARO! Este cipr\u00e9s de las Guaitecas es la \u00daNICA especie de su g\u00e9nero. El PILGERODENDRON uviferum crece muy denso en forma de columna muy estrecha.","robots":{"index":"index","follow":"follow","max-snippet":"max-snippet:-1","max-image-preview":"max-image-preview:large","max-video-preview":"max-video-preview:-1"},"canonical":"https:\/\/www.vallonchene.fr\/es\/producto\/pilgerodendron-uviferum\/","og_locale":"es_ES","og_type":"article","og_title":"PILGERODENDRON uviferum","og_description":"\u00a1EXTREMADAMENTE RARO! Este cipr\u00e9s de las Guaitecas es la \u00daNICA especie de su g\u00e9nero. El PILGERODENDRON uviferum crece muy denso en forma de columna muy estrecha.","og_url":"https:\/\/www.vallonchene.fr\/es\/producto\/pilgerodendron-uviferum\/","og_site_name":"Vallonch\u00eane","article_publisher":"https:\/\/www.facebook.com\/vallonchene.fr","article_modified_time":"2026-01-20T10:16:07+00:00","og_image":[{"width":1200,"height":1200,"url":"https:\/\/www.vallonchene.fr\/wp-content\/uploads\/2024\/11\/PILGERODENDRON-uviferum.webp","type":"image\/webp"}],"twitter_card":"summary_large_image","twitter_misc":{"Disponibilidad":"En stock"},"schema":{"@context":"https:\/\/schema.org","@graph":[{"@type":"WebPage","@id":"https:\/\/www.vallonchene.fr\/es\/producto\/pilgerodendron-uviferum\/","url":"https:\/\/www.vallonchene.fr\/es\/producto\/pilgerodendron-uviferum\/","name":"PILGERODENDRON uviferum - cipr\u00e9s de Las Guaitecas","isPartOf":{"@id":"https:\/\/www.vallonchene.fr\/es\/#website"},"primaryImageOfPage":{"@id":"https:\/\/www.vallonchene.fr\/es\/producto\/pilgerodendron-uviferum\/#primaryimage"},"image":{"@id":"https:\/\/www.vallonchene.fr\/es\/producto\/pilgerodendron-uviferum\/#primaryimage"},"thumbnailUrl":"https:\/\/www.vallonchene.fr\/wp-content\/uploads\/2024\/11\/PILGERODENDRON-uviferum.webp","datePublished":"2021-08-31T11:23:24+00:00","dateModified":"2026-01-20T10:16:07+00:00","description":"\u00a1EXTREMADAMENTE RARO! Este cipr\u00e9s de las Guaitecas es la \u00daNICA especie de su g\u00e9nero. El PILGERODENDRON uviferum crece muy denso en forma de columna muy estrecha.","breadcrumb":{"@id":"https:\/\/www.vallonchene.fr\/es\/producto\/pilgerodendron-uviferum\/#breadcrumb"},"inLanguage":"es","potentialAction":[{"@type":"ReadAction","target":["https:\/\/www.vallonchene.fr\/es\/producto\/pilgerodendron-uviferum\/"]}]},{"@type":"ImageObject","inLanguage":"es","@id":"https:\/\/www.vallonchene.fr\/es\/producto\/pilgerodendron-uviferum\/#primaryimage","url":"https:\/\/www.vallonchene.fr\/wp-content\/uploads\/2024\/11\/PILGERODENDRON-uviferum.webp","contentUrl":"https:\/\/www.vallonchene.fr\/wp-content\/uploads\/2024\/11\/PILGERODENDRON-uviferum.webp","width":1200,"height":1200,"caption":"Primer plano del follaje reverso del PILGERODENDRON uviferum"},{"@type":"BreadcrumbList","@id":"https:\/\/www.vallonchene.fr\/es\/producto\/pilgerodendron-uviferum\/#breadcrumb","itemListElement":[{"@type":"ListItem","position":1,"name":"Home","item":"https:\/\/www.vallonchene.fr\/es\/"},{"@type":"ListItem","position":2,"name":"Tienda","item":"https:\/\/www.vallonchene.fr\/tienda\/"},{"@type":"ListItem","position":3,"name":"Venta en linea","item":"https:\/\/www.vallonchene.fr\/es\/categoria-producto\/venta-en-linea\/"},{"@type":"ListItem","position":4,"name":"Vivero","item":"https:\/\/www.vallonchene.fr\/es\/categoria-producto\/venta-en-linea\/vivero\/"},{"@type":"ListItem","position":5,"name":"Arbustos y \u00e1rboles","item":"https:\/\/www.vallonchene.fr\/es\/categoria-producto\/venta-en-linea\/vivero\/arbustos-y-arboles\/"},{"@type":"ListItem","position":6,"name":"PILGERODENDRON uviferum"}]},{"@type":"WebSite","@id":"https:\/\/www.vallonchene.fr\/es\/#website","url":"https:\/\/www.vallonchene.fr\/es\/","name":"Vallonch\u00eane","description":"El vivero donde la calidad tiene sus ra\u00edces \u2013 Tel.: +33 (0)2.35.90.02.02","publisher":{"@id":"https:\/\/www.vallonchene.fr\/es\/#organization"},"potentialAction":[{"@type":"SearchAction","target":{"@type":"EntryPoint","urlTemplate":"https:\/\/www.vallonchene.fr\/es\/?s={search_term_string}"},"query-input":{"@type":"PropertyValueSpecification","valueRequired":true,"valueName":"search_term_string"}}],"inLanguage":"es"},{"@type":"Organization","@id":"https:\/\/www.vallonchene.fr\/es\/#organization","name":"VALLONCHENE","url":"https:\/\/www.vallonchene.fr\/es\/","logo":{"@type":"ImageObject","inLanguage":"es","@id":"https:\/\/www.vallonchene.fr\/es\/#\/schema\/logo\/image\/","url":"https:\/\/www.vallonchene.fr\/wp-content\/uploads\/2023\/03\/Logo-Vallonchene-site-et-R_hauteur_100.png","contentUrl":"https:\/\/www.vallonchene.fr\/wp-content\/uploads\/2023\/03\/Logo-Vallonchene-site-et-R_hauteur_100.png","width":221,"height":100,"caption":"VALLONCHENE"},"image":{"@id":"https:\/\/www.vallonchene.fr\/es\/#\/schema\/logo\/image\/"},"sameAs":["https:\/\/www.facebook.com\/vallonchene.fr","https:\/\/www.instagram.com\/vallonchene\/","https:\/\/www.pinterest.fr\/vallonchene\/"],"taxID":"49454502300017","hasMerchantReturnPolicy":{"@type":"MerchantReturnPolicy","merchantReturnLink":"https:\/\/www.vallonchene.fr\/remboursements_retours\/"}}]},"og_availability":"instock","product_availability":"instock","product_retailer_item_id":"17689","product_condition":"new"},"_links":{"self":[{"href":"https:\/\/www.vallonchene.fr\/es\/wp-json\/wp\/v2\/product\/50574","targetHints":{"allow":["GET"]}}],"collection":[{"href":"https:\/\/www.vallonchene.fr\/es\/wp-json\/wp\/v2\/product"}],"about":[{"href":"https:\/\/www.vallonchene.fr\/es\/wp-json\/wp\/v2\/types\/product"}],"replies":[{"embeddable":true,"href":"https:\/\/www.vallonchene.fr\/es\/wp-json\/wp\/v2\/comments?post=50574"}],"wp:featuredmedia":[{"embeddable":true,"href":"https:\/\/www.vallonchene.fr\/es\/wp-json\/wp\/v2\/media\/50575"}],"wp:attachment":[{"href":"https:\/\/www.vallonchene.fr\/es\/wp-json\/wp\/v2\/media?parent=50574"}],"wp:term":[{"taxonomy":"product_brand","embeddable":true,"href":"https:\/\/www.vallonchene.fr\/es\/wp-json\/wp\/v2\/product_brand?post=50574"},{"taxonomy":"product_cat","embeddable":true,"href":"https:\/\/www.vallonchene.fr\/es\/wp-json\/wp\/v2\/product_cat?post=50574"},{"taxonomy":"product_tag","embeddable":true,"href":"https:\/\/www.vallonchene.fr\/es\/wp-json\/wp\/v2\/product_tag?post=50574"}],"curies":[{"name":"wp","href":"https:\/\/api.w.org\/{rel}","templated":true}]}}