{"id":4654,"date":"2021-08-31T11:23:43","date_gmt":"2021-08-31T11:23:43","guid":{"rendered":"https:\/\/testing.vallonchene.fr\/produit\/pinus-contorta-chief-joseph\/"},"modified":"2025-12-19T16:54:37","modified_gmt":"2025-12-19T15:54:37","slug":"pinus-contorta-chief-joseph","status":"publish","type":"product","link":"https:\/\/www.vallonchene.fr\/es\/producto\/pinus-contorta-chief-joseph\/","title":{"rendered":"PINUS contorta &#8216;Chief Joseph&#8217;"},"content":{"rendered":"","protected":false},"excerpt":{"rendered":"<p>Ce <strong>pin tordu<\/strong> est un v\u00e9ritable cham\u00e9l\u00e9on. En \u00e9t\u00e9, le <strong>PINUS contorta &#8216;Chief Joseph&#8217;<\/strong> est vert alors qu&#8217;en hiver il prend une couleur jaune vive. Il pousse lentement et s&#8217;adapte bien aux petits jardins ou \u00e0 la rocaille. Il est tr\u00e8s rustique.<\/p>\n","protected":false},"featured_media":4645,"comment_status":"open","ping_status":"closed","template":"","meta":[],"product_brand":[],"product_cat":[11502,11821],"product_tag":[2432,2430,12034,2429,2431],"class_list":{"0":"post-4654","1":"product","2":"type-product","3":"status-publish","4":"has-post-thumbnail","6":"product_cat-coniferas","7":"product_cat-plantas-raras-plantas-de-coleccion","8":"product_tag-chief-joseph","9":"product_tag-pin-tordu","10":"product_tag-pinus-es","11":"product_tag-pinus-contorta","12":"product_tag-pinus-contorta-chief-joseph","13":"pa_99-hauteurapproximativeapres1-1_00-a-1_50-m","14":"pa_couleurdufeuillage-amarilla","15":"pa_couleurdufeuillage-verde","16":"pa_exigencesenhumidite-moderadamente-humedo-a-humedo","17":"pa_exigencesenhumidite-promedio","18":"pa_exigencesenhumidite-seco","19":"pa_expositionspossibles-sombra-parcial-evitar-el-sol-de-12-a-17-horas","20":"pa_expositionspossibles-pleno-sol-de-12-a-17-min","21":"pa_hauteurlivree-15-a-20-cm-es","22":"pa_hauteurlivree-20-a-25-cm-es","23":"pa_hauteurlivree-25-a-30-cm-es","24":"pa_interetauprintemps-follaje","25":"pa_interetauprintemps-habitus","26":"pa_interetauprintemps-brotes-jovenes","27":"pa_interetenautomne-follaje","28":"pa_interetenautomne-habitus","29":"pa_interetenete-follaje","30":"pa_interetenete-habitus","31":"pa_interetenhiver-follaje","32":"pa_interetenhiver-habitus","33":"pa_naturedufeuillage-siempreverde","34":"pa_naturesdesolpossibles-ligero","35":"pa_naturesdesolpossibles-pesado","36":"pa_naturesdesolpossibles-normal-es","37":"pa_particularites-adecuado-para-bonsai","38":"pa_particularites-habitus","39":"pa_periodedetaille-marzo","40":"pa_phdusolacceptable-acido-menos-de-6_5","41":"pa_phdusolacceptable-calcareo-mas-de-7_5","42":"pa_phdusolacceptable-neutro-entre-6_5-y-7_5","43":"pa_portgraphisme-globoso","44":"pa_portgraphisme-arbustivo-es","45":"pa_resistanceaufroidrusticite-resistente-por-debajo-de-menos-20-c","46":"pa_tailledepot-maceta-de-3-litros","47":"pa_tailledepot-maceta-de-4-litros","48":"pa_utilisationpossible-contenedor-o-olla","49":"pa_utilisationpossible-arriate","51":"first","52":"outofstock","53":"taxable","54":"shipping-taxable","55":"purchasable","56":"product-type-variable","57":"has-default-attributes"},"supplier_id":null,"supplier_sku":"","barcode":null,"atum_controlled":true,"out_stock_date":null,"out_stock_threshold":null,"inheritable":true,"inbound_stock":0,"stock_on_hold":0,"sold_today":0,"sales_last_days":0,"reserved_stock":0,"customer_returns":null,"warehouse_damage":null,"lost_in_post":null,"other_logs":null,"out_stock_days":null,"lost_sales":0,"has_location":false,"update_date":"2025-12-19T15:54:39","atum_locations":[],"atum_stock_status":"outofstock","restock_status":false,"low_stock_amount":"","sales_update_date":null,"calc_backorders":null,"yoast_head":"<!-- This site is optimized with the Yoast SEO Premium plugin v27.4 (Yoast SEO v27.4) - https:\/\/yoast.com\/product\/yoast-seo-premium-wordpress\/ -->\n<title>PINUS contorta &#039;Chief Joseph&#039; - pin tordu<\/title>\n<meta name=\"description\" content=\"Ce pin tordu est un v\u00e9ritable cham\u00e9l\u00e9on. En \u00e9t\u00e9, le PINUS contorta &#039;Chief Joseph&#039; est vert alors qu&#039;en hiver il prend une couleur jaune vive. Il pousse lentement et s&#039;adapte bien aux petits jardins ou...\" \/>\n<meta name=\"robots\" content=\"index, follow, max-snippet:-1, max-image-preview:large, max-video-preview:-1\" \/>\n<link rel=\"canonical\" href=\"https:\/\/www.vallonchene.fr\/es\/producto\/pinus-contorta-chief-joseph\/\" \/>\n<meta property=\"og:locale\" content=\"es_ES\" \/>\n<meta property=\"og:type\" content=\"article\" \/>\n<meta property=\"og:title\" content=\"PINUS contorta &#039;Chief Joseph&#039;\" \/>\n<meta property=\"og:description\" content=\"Ce pin tordu est un v\u00e9ritable cham\u00e9l\u00e9on. En \u00e9t\u00e9, le PINUS contorta &#039;Chief Joseph&#039; est vert alors qu&#039;en hiver il prend une couleur jaune vive. Il pousse lentement et s&#039;adapte bien aux petits jardins ou...\" \/>\n<meta property=\"og:url\" content=\"https:\/\/www.vallonchene.fr\/es\/producto\/pinus-contorta-chief-joseph\/\" \/>\n<meta property=\"og:site_name\" content=\"Vallonch\u00eane\" \/>\n<meta property=\"article:publisher\" content=\"https:\/\/www.facebook.com\/vallonchene.fr\" \/>\n<meta property=\"article:modified_time\" content=\"2025-12-19T15:54:37+00:00\" \/>\n<meta property=\"og:image\" content=\"https:\/\/www.vallonchene.fr\/wp-content\/uploads\/2021\/08\/2791-1ab-PINUS-contorta-Chief-Joseph-en-Novembre.jpg\" \/>\n\t<meta property=\"og:image:width\" content=\"1600\" \/>\n\t<meta property=\"og:image:height\" content=\"1600\" \/>\n\t<meta property=\"og:image:type\" content=\"image\/jpeg\" \/>\n<meta name=\"twitter:card\" content=\"summary_large_image\" \/>\n<meta name=\"twitter:label1\" content=\"Disponibilidad\" \/>\n\t<meta name=\"twitter:data1\" content=\"Agotado\" \/>\n<script type=\"application\/ld+json\" class=\"yoast-schema-graph\">{\"@context\":\"https:\\\/\\\/schema.org\",\"@graph\":[{\"@type\":\"WebPage\",\"@id\":\"https:\\\/\\\/www.vallonchene.fr\\\/es\\\/producto\\\/pinus-contorta-chief-joseph\\\/\",\"url\":\"https:\\\/\\\/www.vallonchene.fr\\\/es\\\/producto\\\/pinus-contorta-chief-joseph\\\/\",\"name\":\"PINUS contorta 'Chief Joseph' - pin tordu\",\"isPartOf\":{\"@id\":\"https:\\\/\\\/www.vallonchene.fr\\\/es\\\/#website\"},\"primaryImageOfPage\":{\"@id\":\"https:\\\/\\\/www.vallonchene.fr\\\/es\\\/producto\\\/pinus-contorta-chief-joseph\\\/#primaryimage\"},\"image\":{\"@id\":\"https:\\\/\\\/www.vallonchene.fr\\\/es\\\/producto\\\/pinus-contorta-chief-joseph\\\/#primaryimage\"},\"thumbnailUrl\":\"https:\\\/\\\/www.vallonchene.fr\\\/wp-content\\\/uploads\\\/2021\\\/08\\\/2791-1ab-PINUS-contorta-Chief-Joseph-en-Novembre.jpg\",\"datePublished\":\"2021-08-31T11:23:43+00:00\",\"dateModified\":\"2025-12-19T15:54:37+00:00\",\"description\":\"Ce pin tordu est un v\u00e9ritable cham\u00e9l\u00e9on. En \u00e9t\u00e9, le PINUS contorta 'Chief Joseph' est vert alors qu'en hiver il prend une couleur jaune vive. Il pousse lentement et s'adapte bien aux petits jardins ou...\",\"breadcrumb\":{\"@id\":\"https:\\\/\\\/www.vallonchene.fr\\\/es\\\/producto\\\/pinus-contorta-chief-joseph\\\/#breadcrumb\"},\"inLanguage\":\"es\",\"potentialAction\":[{\"@type\":\"ReadAction\",\"target\":[\"https:\\\/\\\/www.vallonchene.fr\\\/es\\\/producto\\\/pinus-contorta-chief-joseph\\\/\"]}]},{\"@type\":\"ImageObject\",\"inLanguage\":\"es\",\"@id\":\"https:\\\/\\\/www.vallonchene.fr\\\/es\\\/producto\\\/pinus-contorta-chief-joseph\\\/#primaryimage\",\"url\":\"https:\\\/\\\/www.vallonchene.fr\\\/wp-content\\\/uploads\\\/2021\\\/08\\\/2791-1ab-PINUS-contorta-Chief-Joseph-en-Novembre.jpg\",\"contentUrl\":\"https:\\\/\\\/www.vallonchene.fr\\\/wp-content\\\/uploads\\\/2021\\\/08\\\/2791-1ab-PINUS-contorta-Chief-Joseph-en-Novembre.jpg\",\"width\":1600,\"height\":1600,\"caption\":\"PINUS contorta 'Chief Joseph' en Novembre\"},{\"@type\":\"BreadcrumbList\",\"@id\":\"https:\\\/\\\/www.vallonchene.fr\\\/es\\\/producto\\\/pinus-contorta-chief-joseph\\\/#breadcrumb\",\"itemListElement\":[{\"@type\":\"ListItem\",\"position\":1,\"name\":\"Home\",\"item\":\"https:\\\/\\\/www.vallonchene.fr\\\/es\\\/\"},{\"@type\":\"ListItem\",\"position\":2,\"name\":\"Tienda\",\"item\":\"https:\\\/\\\/www.vallonchene.fr\\\/tienda\\\/\"},{\"@type\":\"ListItem\",\"position\":3,\"name\":\"Venta en linea\",\"item\":\"https:\\\/\\\/www.vallonchene.fr\\\/es\\\/categoria-producto\\\/venta-en-linea\\\/\"},{\"@type\":\"ListItem\",\"position\":4,\"name\":\"Vivero\",\"item\":\"https:\\\/\\\/www.vallonchene.fr\\\/es\\\/categoria-producto\\\/venta-en-linea\\\/vivero\\\/\"},{\"@type\":\"ListItem\",\"position\":5,\"name\":\"Coniferas\",\"item\":\"https:\\\/\\\/www.vallonchene.fr\\\/es\\\/categoria-producto\\\/venta-en-linea\\\/vivero\\\/coniferas\\\/\"},{\"@type\":\"ListItem\",\"position\":6,\"name\":\"PINUS contorta &lsquo;Chief Joseph&rsquo;\"}]},{\"@type\":\"WebSite\",\"@id\":\"https:\\\/\\\/www.vallonchene.fr\\\/es\\\/#website\",\"url\":\"https:\\\/\\\/www.vallonchene.fr\\\/es\\\/\",\"name\":\"Vallonch\u00eane\",\"description\":\"El vivero donde la calidad tiene sus ra\u00edces \u2013 Tel.: +33 (0)2.35.90.02.02\",\"publisher\":{\"@id\":\"https:\\\/\\\/www.vallonchene.fr\\\/es\\\/#organization\"},\"potentialAction\":[{\"@type\":\"SearchAction\",\"target\":{\"@type\":\"EntryPoint\",\"urlTemplate\":\"https:\\\/\\\/www.vallonchene.fr\\\/es\\\/?s={search_term_string}\"},\"query-input\":{\"@type\":\"PropertyValueSpecification\",\"valueRequired\":true,\"valueName\":\"search_term_string\"}}],\"inLanguage\":\"es\"},{\"@type\":\"Organization\",\"@id\":\"https:\\\/\\\/www.vallonchene.fr\\\/es\\\/#organization\",\"name\":\"VALLONCHENE\",\"url\":\"https:\\\/\\\/www.vallonchene.fr\\\/es\\\/\",\"logo\":{\"@type\":\"ImageObject\",\"inLanguage\":\"es\",\"@id\":\"https:\\\/\\\/www.vallonchene.fr\\\/es\\\/#\\\/schema\\\/logo\\\/image\\\/\",\"url\":\"https:\\\/\\\/www.vallonchene.fr\\\/wp-content\\\/uploads\\\/2023\\\/03\\\/Logo-Vallonchene-site-et-R_hauteur_100.png\",\"contentUrl\":\"https:\\\/\\\/www.vallonchene.fr\\\/wp-content\\\/uploads\\\/2023\\\/03\\\/Logo-Vallonchene-site-et-R_hauteur_100.png\",\"width\":221,\"height\":100,\"caption\":\"VALLONCHENE\"},\"image\":{\"@id\":\"https:\\\/\\\/www.vallonchene.fr\\\/es\\\/#\\\/schema\\\/logo\\\/image\\\/\"},\"sameAs\":[\"https:\\\/\\\/www.facebook.com\\\/vallonchene.fr\",\"https:\\\/\\\/www.instagram.com\\\/vallonchene\\\/\",\"https:\\\/\\\/www.pinterest.fr\\\/vallonchene\\\/\"],\"taxID\":\"49454502300017\",\"hasMerchantReturnPolicy\":{\"@type\":\"MerchantReturnPolicy\",\"merchantReturnLink\":\"https:\\\/\\\/www.vallonchene.fr\\\/remboursements_retours\\\/\"}}]}<\/script>\n<meta property=\"og:availability\" content=\"out of stock\" \/>\n<meta property=\"product:availability\" content=\"out of stock\" \/>\n<meta property=\"product:retailer_item_id\" content=\"14742\" \/>\n<meta property=\"product:condition\" content=\"new\" \/>\n<!-- \/ Yoast SEO Premium plugin. -->","yoast_head_json":{"title":"PINUS contorta 'Chief Joseph' - pin tordu","description":"Ce pin tordu est un v\u00e9ritable cham\u00e9l\u00e9on. En \u00e9t\u00e9, le PINUS contorta 'Chief Joseph' est vert alors qu'en hiver il prend une couleur jaune vive. Il pousse lentement et s'adapte bien aux petits jardins ou...","robots":{"index":"index","follow":"follow","max-snippet":"max-snippet:-1","max-image-preview":"max-image-preview:large","max-video-preview":"max-video-preview:-1"},"canonical":"https:\/\/www.vallonchene.fr\/es\/producto\/pinus-contorta-chief-joseph\/","og_locale":"es_ES","og_type":"article","og_title":"PINUS contorta 'Chief Joseph'","og_description":"Ce pin tordu est un v\u00e9ritable cham\u00e9l\u00e9on. En \u00e9t\u00e9, le PINUS contorta 'Chief Joseph' est vert alors qu'en hiver il prend une couleur jaune vive. Il pousse lentement et s'adapte bien aux petits jardins ou...","og_url":"https:\/\/www.vallonchene.fr\/es\/producto\/pinus-contorta-chief-joseph\/","og_site_name":"Vallonch\u00eane","article_publisher":"https:\/\/www.facebook.com\/vallonchene.fr","article_modified_time":"2025-12-19T15:54:37+00:00","og_image":[{"width":1600,"height":1600,"url":"https:\/\/www.vallonchene.fr\/wp-content\/uploads\/2021\/08\/2791-1ab-PINUS-contorta-Chief-Joseph-en-Novembre.jpg","type":"image\/jpeg"}],"twitter_card":"summary_large_image","twitter_misc":{"Disponibilidad":"Agotado"},"schema":{"@context":"https:\/\/schema.org","@graph":[{"@type":"WebPage","@id":"https:\/\/www.vallonchene.fr\/es\/producto\/pinus-contorta-chief-joseph\/","url":"https:\/\/www.vallonchene.fr\/es\/producto\/pinus-contorta-chief-joseph\/","name":"PINUS contorta 'Chief Joseph' - pin tordu","isPartOf":{"@id":"https:\/\/www.vallonchene.fr\/es\/#website"},"primaryImageOfPage":{"@id":"https:\/\/www.vallonchene.fr\/es\/producto\/pinus-contorta-chief-joseph\/#primaryimage"},"image":{"@id":"https:\/\/www.vallonchene.fr\/es\/producto\/pinus-contorta-chief-joseph\/#primaryimage"},"thumbnailUrl":"https:\/\/www.vallonchene.fr\/wp-content\/uploads\/2021\/08\/2791-1ab-PINUS-contorta-Chief-Joseph-en-Novembre.jpg","datePublished":"2021-08-31T11:23:43+00:00","dateModified":"2025-12-19T15:54:37+00:00","description":"Ce pin tordu est un v\u00e9ritable cham\u00e9l\u00e9on. En \u00e9t\u00e9, le PINUS contorta 'Chief Joseph' est vert alors qu'en hiver il prend une couleur jaune vive. Il pousse lentement et s'adapte bien aux petits jardins ou...","breadcrumb":{"@id":"https:\/\/www.vallonchene.fr\/es\/producto\/pinus-contorta-chief-joseph\/#breadcrumb"},"inLanguage":"es","potentialAction":[{"@type":"ReadAction","target":["https:\/\/www.vallonchene.fr\/es\/producto\/pinus-contorta-chief-joseph\/"]}]},{"@type":"ImageObject","inLanguage":"es","@id":"https:\/\/www.vallonchene.fr\/es\/producto\/pinus-contorta-chief-joseph\/#primaryimage","url":"https:\/\/www.vallonchene.fr\/wp-content\/uploads\/2021\/08\/2791-1ab-PINUS-contorta-Chief-Joseph-en-Novembre.jpg","contentUrl":"https:\/\/www.vallonchene.fr\/wp-content\/uploads\/2021\/08\/2791-1ab-PINUS-contorta-Chief-Joseph-en-Novembre.jpg","width":1600,"height":1600,"caption":"PINUS contorta 'Chief Joseph' en Novembre"},{"@type":"BreadcrumbList","@id":"https:\/\/www.vallonchene.fr\/es\/producto\/pinus-contorta-chief-joseph\/#breadcrumb","itemListElement":[{"@type":"ListItem","position":1,"name":"Home","item":"https:\/\/www.vallonchene.fr\/es\/"},{"@type":"ListItem","position":2,"name":"Tienda","item":"https:\/\/www.vallonchene.fr\/tienda\/"},{"@type":"ListItem","position":3,"name":"Venta en linea","item":"https:\/\/www.vallonchene.fr\/es\/categoria-producto\/venta-en-linea\/"},{"@type":"ListItem","position":4,"name":"Vivero","item":"https:\/\/www.vallonchene.fr\/es\/categoria-producto\/venta-en-linea\/vivero\/"},{"@type":"ListItem","position":5,"name":"Coniferas","item":"https:\/\/www.vallonchene.fr\/es\/categoria-producto\/venta-en-linea\/vivero\/coniferas\/"},{"@type":"ListItem","position":6,"name":"PINUS contorta &lsquo;Chief Joseph&rsquo;"}]},{"@type":"WebSite","@id":"https:\/\/www.vallonchene.fr\/es\/#website","url":"https:\/\/www.vallonchene.fr\/es\/","name":"Vallonch\u00eane","description":"El vivero donde la calidad tiene sus ra\u00edces \u2013 Tel.: +33 (0)2.35.90.02.02","publisher":{"@id":"https:\/\/www.vallonchene.fr\/es\/#organization"},"potentialAction":[{"@type":"SearchAction","target":{"@type":"EntryPoint","urlTemplate":"https:\/\/www.vallonchene.fr\/es\/?s={search_term_string}"},"query-input":{"@type":"PropertyValueSpecification","valueRequired":true,"valueName":"search_term_string"}}],"inLanguage":"es"},{"@type":"Organization","@id":"https:\/\/www.vallonchene.fr\/es\/#organization","name":"VALLONCHENE","url":"https:\/\/www.vallonchene.fr\/es\/","logo":{"@type":"ImageObject","inLanguage":"es","@id":"https:\/\/www.vallonchene.fr\/es\/#\/schema\/logo\/image\/","url":"https:\/\/www.vallonchene.fr\/wp-content\/uploads\/2023\/03\/Logo-Vallonchene-site-et-R_hauteur_100.png","contentUrl":"https:\/\/www.vallonchene.fr\/wp-content\/uploads\/2023\/03\/Logo-Vallonchene-site-et-R_hauteur_100.png","width":221,"height":100,"caption":"VALLONCHENE"},"image":{"@id":"https:\/\/www.vallonchene.fr\/es\/#\/schema\/logo\/image\/"},"sameAs":["https:\/\/www.facebook.com\/vallonchene.fr","https:\/\/www.instagram.com\/vallonchene\/","https:\/\/www.pinterest.fr\/vallonchene\/"],"taxID":"49454502300017","hasMerchantReturnPolicy":{"@type":"MerchantReturnPolicy","merchantReturnLink":"https:\/\/www.vallonchene.fr\/remboursements_retours\/"}}]},"og_availability":"out of stock","product_availability":"out of stock","product_retailer_item_id":"14742","product_condition":"new"},"_links":{"self":[{"href":"https:\/\/www.vallonchene.fr\/es\/wp-json\/wp\/v2\/product\/4654","targetHints":{"allow":["GET"]}}],"collection":[{"href":"https:\/\/www.vallonchene.fr\/es\/wp-json\/wp\/v2\/product"}],"about":[{"href":"https:\/\/www.vallonchene.fr\/es\/wp-json\/wp\/v2\/types\/product"}],"replies":[{"embeddable":true,"href":"https:\/\/www.vallonchene.fr\/es\/wp-json\/wp\/v2\/comments?post=4654"}],"wp:featuredmedia":[{"embeddable":true,"href":"https:\/\/www.vallonchene.fr\/es\/wp-json\/wp\/v2\/media\/4645"}],"wp:attachment":[{"href":"https:\/\/www.vallonchene.fr\/es\/wp-json\/wp\/v2\/media?parent=4654"}],"wp:term":[{"taxonomy":"product_brand","embeddable":true,"href":"https:\/\/www.vallonchene.fr\/es\/wp-json\/wp\/v2\/product_brand?post=4654"},{"taxonomy":"product_cat","embeddable":true,"href":"https:\/\/www.vallonchene.fr\/es\/wp-json\/wp\/v2\/product_cat?post=4654"},{"taxonomy":"product_tag","embeddable":true,"href":"https:\/\/www.vallonchene.fr\/es\/wp-json\/wp\/v2\/product_tag?post=4654"}],"curies":[{"name":"wp","href":"https:\/\/api.w.org\/{rel}","templated":true}]}}