{"id":4579,"date":"2021-08-31T11:21:23","date_gmt":"2021-08-31T11:21:23","guid":{"rendered":"https:\/\/testing.vallonchene.fr\/produit\/picea-engelmannii-lace\/"},"modified":"2024-09-26T15:10:21","modified_gmt":"2024-09-26T15:10:21","slug":"picea-engelmannii-lace","status":"publish","type":"product","link":"https:\/\/www.vallonchene.fr\/es\/producto\/picea-engelmannii-lace\/","title":{"rendered":"PICEA engelmannii &#8216;Lace&#8217;"},"content":{"rendered":"","protected":false},"excerpt":{"rendered":"<p>Cette <strong>\u00e9pinette d&#8217;Engelmann<\/strong> est une splendeur aussi bien par sa forme que par sa couleur bleue. Le <strong>PICEA engelmannii &#8216;Lace&#8217;<\/strong> pousse de fa\u00e7on tr\u00e8s \u00e9lanc\u00e9e avec des branches retombantes.<\/p>\n","protected":false},"featured_media":4576,"comment_status":"open","ping_status":"closed","template":"","meta":[],"product_brand":[],"product_cat":[254],"product_tag":[2402,2401,2404,668,1103,2403],"class_list":{"0":"post-4579","1":"product","2":"type-product","3":"status-publish","4":"has-post-thumbnail","6":"product_cat-coniferes","7":"product_tag-epicea-dengelmann","8":"product_tag-epinette-dengelmann","9":"product_tag-lace","10":"product_tag-picea","11":"product_tag-picea-engelmannii","12":"product_tag-picea-engelmannii-lace","13":"pa_99-hauteurapproximativeapres1-2a3m","14":"pa_couleurdufeuillage-bleu","15":"pa_exigencesenhumidite-fraisahumide","16":"pa_exigencesenhumidite-moyen","17":"pa_exigencesenhumidite-sec","18":"pa_expositionspossibles-pleinsoleilde12ha17hmin","19":"pa_hauteurlivree-175-a-200-cm","20":"pa_hauteurlivree-60-a-80-cm","21":"pa_hauteurlivree-80-a-100-cm","22":"pa_interetauprintemps-feuillage","23":"pa_interetauprintemps-graphismeforme","24":"pa_interetauprintemps-jeunespousses","25":"pa_interetenautomne-feuillage","26":"pa_interetenautomne-graphismeforme","27":"pa_interetenete-feuillage","28":"pa_interetenete-graphismeforme","29":"pa_interetenhiver-feuillage","30":"pa_interetenhiver-graphismeforme","31":"pa_naturedufeuillage-persistant","32":"pa_naturesdesolpossibles-leger","33":"pa_naturesdesolpossibles-lourd","34":"pa_naturesdesolpossibles-normal","35":"pa_particularites-graphismeforme","36":"pa_periodedetaille-mars","37":"pa_phdusolacceptable-acidemoinsde65","38":"pa_phdusolacceptable-calcaireplusde75","39":"pa_phdusolacceptable-neutreentre65et75","40":"pa_portgraphisme-fastigie","41":"pa_portgraphisme-pleureur","42":"pa_resistanceaufroidrusticite-resistant-en-dessous-de-moins-20-degree-c","43":"pa_tailledepot-pot-de-10-litres","44":"pa_tailledepot-pot-de-25-litres","45":"pa_utilisationpossible-bacoupot","46":"pa_utilisationpossible-isole","47":"pa_utilisationpossible-massif","49":"first","50":"instock","51":"taxable","52":"shipping-taxable","53":"purchasable","54":"product-type-variable","55":"has-default-attributes"},"supplier_id":null,"supplier_sku":"","barcode":null,"atum_controlled":true,"out_stock_date":null,"out_stock_threshold":null,"inheritable":false,"inbound_stock":null,"stock_on_hold":0,"sold_today":0,"sales_last_days":0,"reserved_stock":0,"customer_returns":null,"warehouse_damage":null,"lost_in_post":null,"other_logs":null,"out_stock_days":null,"lost_sales":0,"has_location":null,"update_date":"2025-04-30T11:30:03","atum_locations":[],"atum_stock_status":"instock","restock_status":false,"low_stock_amount":"","sales_update_date":null,"calc_backorders":null,"yoast_head":"<!-- This site is optimized with the Yoast SEO Premium plugin v27.4 (Yoast SEO v27.4) - https:\/\/yoast.com\/product\/yoast-seo-premium-wordpress\/ -->\n<title>PICEA engelmannii &#039;Lace&#039; - \u00e9pinette d&#039;Engelmann<\/title>\n<meta name=\"description\" content=\"Cette \u00e9pinette d&#039;Engelmann est une splendeur aussi bien par sa forme que par sa couleur bleue. Le PICEA engelmannii &#039;Lace&#039; pousse de fa\u00e7on tr\u00e8s \u00e9lanc\u00e9e avec des branches retombantes.\" \/>\n<meta name=\"robots\" content=\"index, follow, max-snippet:-1, max-image-preview:large, max-video-preview:-1\" \/>\n<link rel=\"canonical\" href=\"https:\/\/www.vallonchene.fr\/es\/producto\/picea-engelmannii-lace\/\" \/>\n<meta property=\"og:locale\" content=\"es_ES\" \/>\n<meta property=\"og:type\" content=\"article\" \/>\n<meta property=\"og:title\" content=\"PICEA engelmannii &#039;Lace&#039;\" \/>\n<meta property=\"og:description\" content=\"Cette \u00e9pinette d&#039;Engelmann est une splendeur aussi bien par sa forme que par sa couleur bleue. Le PICEA engelmannii &#039;Lace&#039; pousse de fa\u00e7on tr\u00e8s \u00e9lanc\u00e9e avec des branches retombantes.\" \/>\n<meta property=\"og:url\" content=\"https:\/\/www.vallonchene.fr\/es\/producto\/picea-engelmannii-lace\/\" \/>\n<meta property=\"og:site_name\" content=\"Vallonch\u00eane\" \/>\n<meta property=\"article:publisher\" content=\"https:\/\/www.facebook.com\/vallonchene.fr\" \/>\n<meta property=\"article:modified_time\" content=\"2024-09-26T15:10:21+00:00\" \/>\n<meta property=\"og:image\" content=\"https:\/\/www.vallonchene.fr\/wp-content\/uploads\/2021\/08\/2644-2d3-PICEA-engelmannii-Lace-en-Juin.jpg\" \/>\n\t<meta property=\"og:image:width\" content=\"1600\" \/>\n\t<meta property=\"og:image:height\" content=\"1600\" \/>\n\t<meta property=\"og:image:type\" content=\"image\/jpeg\" \/>\n<meta name=\"twitter:card\" content=\"summary_large_image\" \/>\n<meta name=\"twitter:label1\" content=\"Disponibilidad\" \/>\n\t<meta name=\"twitter:data1\" content=\"En stock\" \/>\n<script type=\"application\/ld+json\" class=\"yoast-schema-graph\">{\"@context\":\"https:\\\/\\\/schema.org\",\"@graph\":[{\"@type\":\"WebPage\",\"@id\":\"https:\\\/\\\/www.vallonchene.fr\\\/es\\\/producto\\\/picea-engelmannii-lace\\\/\",\"url\":\"https:\\\/\\\/www.vallonchene.fr\\\/es\\\/producto\\\/picea-engelmannii-lace\\\/\",\"name\":\"PICEA engelmannii 'Lace' - \u00e9pinette d'Engelmann\",\"isPartOf\":{\"@id\":\"https:\\\/\\\/www.vallonchene.fr\\\/es\\\/#website\"},\"primaryImageOfPage\":{\"@id\":\"https:\\\/\\\/www.vallonchene.fr\\\/es\\\/producto\\\/picea-engelmannii-lace\\\/#primaryimage\"},\"image\":{\"@id\":\"https:\\\/\\\/www.vallonchene.fr\\\/es\\\/producto\\\/picea-engelmannii-lace\\\/#primaryimage\"},\"thumbnailUrl\":\"https:\\\/\\\/www.vallonchene.fr\\\/wp-content\\\/uploads\\\/2021\\\/08\\\/2644-2d3-PICEA-engelmannii-Lace-en-Juin.jpg\",\"datePublished\":\"2021-08-31T11:21:23+00:00\",\"dateModified\":\"2024-09-26T15:10:21+00:00\",\"description\":\"Cette \u00e9pinette d'Engelmann est une splendeur aussi bien par sa forme que par sa couleur bleue. Le PICEA engelmannii 'Lace' pousse de fa\u00e7on tr\u00e8s \u00e9lanc\u00e9e avec des branches retombantes.\",\"breadcrumb\":{\"@id\":\"https:\\\/\\\/www.vallonchene.fr\\\/es\\\/producto\\\/picea-engelmannii-lace\\\/#breadcrumb\"},\"inLanguage\":\"es\",\"potentialAction\":[{\"@type\":\"ReadAction\",\"target\":[\"https:\\\/\\\/www.vallonchene.fr\\\/es\\\/producto\\\/picea-engelmannii-lace\\\/\"]}]},{\"@type\":\"ImageObject\",\"inLanguage\":\"es\",\"@id\":\"https:\\\/\\\/www.vallonchene.fr\\\/es\\\/producto\\\/picea-engelmannii-lace\\\/#primaryimage\",\"url\":\"https:\\\/\\\/www.vallonchene.fr\\\/wp-content\\\/uploads\\\/2021\\\/08\\\/2644-2d3-PICEA-engelmannii-Lace-en-Juin.jpg\",\"contentUrl\":\"https:\\\/\\\/www.vallonchene.fr\\\/wp-content\\\/uploads\\\/2021\\\/08\\\/2644-2d3-PICEA-engelmannii-Lace-en-Juin.jpg\",\"width\":1600,\"height\":1600,\"caption\":\"PICEA engelmannii 'Lace' en Juin\"},{\"@type\":\"BreadcrumbList\",\"@id\":\"https:\\\/\\\/www.vallonchene.fr\\\/es\\\/producto\\\/picea-engelmannii-lace\\\/#breadcrumb\",\"itemListElement\":[{\"@type\":\"ListItem\",\"position\":1,\"name\":\"Home\",\"item\":\"https:\\\/\\\/www.vallonchene.fr\\\/es\\\/\"},{\"@type\":\"ListItem\",\"position\":2,\"name\":\"Tienda\",\"item\":\"https:\\\/\\\/www.vallonchene.fr\\\/tienda\\\/\"},{\"@type\":\"ListItem\",\"position\":3,\"name\":\"Venta en linea\",\"item\":\"https:\\\/\\\/www.vallonchene.fr\\\/es\\\/categoria-producto\\\/venta-en-linea\\\/\"},{\"@type\":\"ListItem\",\"position\":4,\"name\":\"Vivero\",\"item\":\"https:\\\/\\\/www.vallonchene.fr\\\/es\\\/categoria-producto\\\/venta-en-linea\\\/vivero\\\/\"},{\"@type\":\"ListItem\",\"position\":5,\"name\":\"Coniferas\",\"item\":\"https:\\\/\\\/www.vallonchene.fr\\\/es\\\/categoria-producto\\\/venta-en-linea\\\/vivero\\\/coniferas\\\/\"},{\"@type\":\"ListItem\",\"position\":6,\"name\":\"PICEA engelmannii &#8216;Lace&#8217;\"}]},{\"@type\":\"WebSite\",\"@id\":\"https:\\\/\\\/www.vallonchene.fr\\\/es\\\/#website\",\"url\":\"https:\\\/\\\/www.vallonchene.fr\\\/es\\\/\",\"name\":\"Vallonch\u00eane\",\"description\":\"El vivero donde la calidad tiene sus ra\u00edces \u2013 Tel.: +33 (0)2.35.90.02.02\",\"publisher\":{\"@id\":\"https:\\\/\\\/www.vallonchene.fr\\\/es\\\/#organization\"},\"potentialAction\":[{\"@type\":\"SearchAction\",\"target\":{\"@type\":\"EntryPoint\",\"urlTemplate\":\"https:\\\/\\\/www.vallonchene.fr\\\/es\\\/?s={search_term_string}\"},\"query-input\":{\"@type\":\"PropertyValueSpecification\",\"valueRequired\":true,\"valueName\":\"search_term_string\"}}],\"inLanguage\":\"es\"},{\"@type\":\"Organization\",\"@id\":\"https:\\\/\\\/www.vallonchene.fr\\\/es\\\/#organization\",\"name\":\"VALLONCHENE\",\"url\":\"https:\\\/\\\/www.vallonchene.fr\\\/es\\\/\",\"logo\":{\"@type\":\"ImageObject\",\"inLanguage\":\"es\",\"@id\":\"https:\\\/\\\/www.vallonchene.fr\\\/es\\\/#\\\/schema\\\/logo\\\/image\\\/\",\"url\":\"https:\\\/\\\/www.vallonchene.fr\\\/wp-content\\\/uploads\\\/2023\\\/03\\\/Logo-Vallonchene-site-et-R_hauteur_100.png\",\"contentUrl\":\"https:\\\/\\\/www.vallonchene.fr\\\/wp-content\\\/uploads\\\/2023\\\/03\\\/Logo-Vallonchene-site-et-R_hauteur_100.png\",\"width\":221,\"height\":100,\"caption\":\"VALLONCHENE\"},\"image\":{\"@id\":\"https:\\\/\\\/www.vallonchene.fr\\\/es\\\/#\\\/schema\\\/logo\\\/image\\\/\"},\"sameAs\":[\"https:\\\/\\\/www.facebook.com\\\/vallonchene.fr\",\"https:\\\/\\\/www.instagram.com\\\/vallonchene\\\/\",\"https:\\\/\\\/www.pinterest.fr\\\/vallonchene\\\/\"],\"taxID\":\"49454502300017\",\"hasMerchantReturnPolicy\":{\"@type\":\"MerchantReturnPolicy\",\"merchantReturnLink\":\"https:\\\/\\\/www.vallonchene.fr\\\/remboursements_retours\\\/\"}}]}<\/script>\n<meta property=\"og:availability\" content=\"instock\" \/>\n<meta property=\"product:availability\" content=\"instock\" \/>\n<meta property=\"product:retailer_item_id\" content=\"37472\" \/>\n<meta property=\"product:condition\" content=\"new\" \/>\n<!-- \/ Yoast SEO Premium plugin. -->","yoast_head_json":{"title":"PICEA engelmannii 'Lace' - \u00e9pinette d'Engelmann","description":"Cette \u00e9pinette d'Engelmann est une splendeur aussi bien par sa forme que par sa couleur bleue. Le PICEA engelmannii 'Lace' pousse de fa\u00e7on tr\u00e8s \u00e9lanc\u00e9e avec des branches retombantes.","robots":{"index":"index","follow":"follow","max-snippet":"max-snippet:-1","max-image-preview":"max-image-preview:large","max-video-preview":"max-video-preview:-1"},"canonical":"https:\/\/www.vallonchene.fr\/es\/producto\/picea-engelmannii-lace\/","og_locale":"es_ES","og_type":"article","og_title":"PICEA engelmannii 'Lace'","og_description":"Cette \u00e9pinette d'Engelmann est une splendeur aussi bien par sa forme que par sa couleur bleue. Le PICEA engelmannii 'Lace' pousse de fa\u00e7on tr\u00e8s \u00e9lanc\u00e9e avec des branches retombantes.","og_url":"https:\/\/www.vallonchene.fr\/es\/producto\/picea-engelmannii-lace\/","og_site_name":"Vallonch\u00eane","article_publisher":"https:\/\/www.facebook.com\/vallonchene.fr","article_modified_time":"2024-09-26T15:10:21+00:00","og_image":[{"width":1600,"height":1600,"url":"https:\/\/www.vallonchene.fr\/wp-content\/uploads\/2021\/08\/2644-2d3-PICEA-engelmannii-Lace-en-Juin.jpg","type":"image\/jpeg"}],"twitter_card":"summary_large_image","twitter_misc":{"Disponibilidad":"En stock"},"schema":{"@context":"https:\/\/schema.org","@graph":[{"@type":"WebPage","@id":"https:\/\/www.vallonchene.fr\/es\/producto\/picea-engelmannii-lace\/","url":"https:\/\/www.vallonchene.fr\/es\/producto\/picea-engelmannii-lace\/","name":"PICEA engelmannii 'Lace' - \u00e9pinette d'Engelmann","isPartOf":{"@id":"https:\/\/www.vallonchene.fr\/es\/#website"},"primaryImageOfPage":{"@id":"https:\/\/www.vallonchene.fr\/es\/producto\/picea-engelmannii-lace\/#primaryimage"},"image":{"@id":"https:\/\/www.vallonchene.fr\/es\/producto\/picea-engelmannii-lace\/#primaryimage"},"thumbnailUrl":"https:\/\/www.vallonchene.fr\/wp-content\/uploads\/2021\/08\/2644-2d3-PICEA-engelmannii-Lace-en-Juin.jpg","datePublished":"2021-08-31T11:21:23+00:00","dateModified":"2024-09-26T15:10:21+00:00","description":"Cette \u00e9pinette d'Engelmann est une splendeur aussi bien par sa forme que par sa couleur bleue. Le PICEA engelmannii 'Lace' pousse de fa\u00e7on tr\u00e8s \u00e9lanc\u00e9e avec des branches retombantes.","breadcrumb":{"@id":"https:\/\/www.vallonchene.fr\/es\/producto\/picea-engelmannii-lace\/#breadcrumb"},"inLanguage":"es","potentialAction":[{"@type":"ReadAction","target":["https:\/\/www.vallonchene.fr\/es\/producto\/picea-engelmannii-lace\/"]}]},{"@type":"ImageObject","inLanguage":"es","@id":"https:\/\/www.vallonchene.fr\/es\/producto\/picea-engelmannii-lace\/#primaryimage","url":"https:\/\/www.vallonchene.fr\/wp-content\/uploads\/2021\/08\/2644-2d3-PICEA-engelmannii-Lace-en-Juin.jpg","contentUrl":"https:\/\/www.vallonchene.fr\/wp-content\/uploads\/2021\/08\/2644-2d3-PICEA-engelmannii-Lace-en-Juin.jpg","width":1600,"height":1600,"caption":"PICEA engelmannii 'Lace' en Juin"},{"@type":"BreadcrumbList","@id":"https:\/\/www.vallonchene.fr\/es\/producto\/picea-engelmannii-lace\/#breadcrumb","itemListElement":[{"@type":"ListItem","position":1,"name":"Home","item":"https:\/\/www.vallonchene.fr\/es\/"},{"@type":"ListItem","position":2,"name":"Tienda","item":"https:\/\/www.vallonchene.fr\/tienda\/"},{"@type":"ListItem","position":3,"name":"Venta en linea","item":"https:\/\/www.vallonchene.fr\/es\/categoria-producto\/venta-en-linea\/"},{"@type":"ListItem","position":4,"name":"Vivero","item":"https:\/\/www.vallonchene.fr\/es\/categoria-producto\/venta-en-linea\/vivero\/"},{"@type":"ListItem","position":5,"name":"Coniferas","item":"https:\/\/www.vallonchene.fr\/es\/categoria-producto\/venta-en-linea\/vivero\/coniferas\/"},{"@type":"ListItem","position":6,"name":"PICEA engelmannii &#8216;Lace&#8217;"}]},{"@type":"WebSite","@id":"https:\/\/www.vallonchene.fr\/es\/#website","url":"https:\/\/www.vallonchene.fr\/es\/","name":"Vallonch\u00eane","description":"El vivero donde la calidad tiene sus ra\u00edces \u2013 Tel.: +33 (0)2.35.90.02.02","publisher":{"@id":"https:\/\/www.vallonchene.fr\/es\/#organization"},"potentialAction":[{"@type":"SearchAction","target":{"@type":"EntryPoint","urlTemplate":"https:\/\/www.vallonchene.fr\/es\/?s={search_term_string}"},"query-input":{"@type":"PropertyValueSpecification","valueRequired":true,"valueName":"search_term_string"}}],"inLanguage":"es"},{"@type":"Organization","@id":"https:\/\/www.vallonchene.fr\/es\/#organization","name":"VALLONCHENE","url":"https:\/\/www.vallonchene.fr\/es\/","logo":{"@type":"ImageObject","inLanguage":"es","@id":"https:\/\/www.vallonchene.fr\/es\/#\/schema\/logo\/image\/","url":"https:\/\/www.vallonchene.fr\/wp-content\/uploads\/2023\/03\/Logo-Vallonchene-site-et-R_hauteur_100.png","contentUrl":"https:\/\/www.vallonchene.fr\/wp-content\/uploads\/2023\/03\/Logo-Vallonchene-site-et-R_hauteur_100.png","width":221,"height":100,"caption":"VALLONCHENE"},"image":{"@id":"https:\/\/www.vallonchene.fr\/es\/#\/schema\/logo\/image\/"},"sameAs":["https:\/\/www.facebook.com\/vallonchene.fr","https:\/\/www.instagram.com\/vallonchene\/","https:\/\/www.pinterest.fr\/vallonchene\/"],"taxID":"49454502300017","hasMerchantReturnPolicy":{"@type":"MerchantReturnPolicy","merchantReturnLink":"https:\/\/www.vallonchene.fr\/remboursements_retours\/"}}]},"og_availability":"instock","product_availability":"instock","product_retailer_item_id":"37472","product_condition":"new"},"_links":{"self":[{"href":"https:\/\/www.vallonchene.fr\/es\/wp-json\/wp\/v2\/product\/4579","targetHints":{"allow":["GET"]}}],"collection":[{"href":"https:\/\/www.vallonchene.fr\/es\/wp-json\/wp\/v2\/product"}],"about":[{"href":"https:\/\/www.vallonchene.fr\/es\/wp-json\/wp\/v2\/types\/product"}],"replies":[{"embeddable":true,"href":"https:\/\/www.vallonchene.fr\/es\/wp-json\/wp\/v2\/comments?post=4579"}],"wp:featuredmedia":[{"embeddable":true,"href":"https:\/\/www.vallonchene.fr\/es\/wp-json\/wp\/v2\/media\/4576"}],"wp:attachment":[{"href":"https:\/\/www.vallonchene.fr\/es\/wp-json\/wp\/v2\/media?parent=4579"}],"wp:term":[{"taxonomy":"product_brand","embeddable":true,"href":"https:\/\/www.vallonchene.fr\/es\/wp-json\/wp\/v2\/product_brand?post=4579"},{"taxonomy":"product_cat","embeddable":true,"href":"https:\/\/www.vallonchene.fr\/es\/wp-json\/wp\/v2\/product_cat?post=4579"},{"taxonomy":"product_tag","embeddable":true,"href":"https:\/\/www.vallonchene.fr\/es\/wp-json\/wp\/v2\/product_tag?post=4579"}],"curies":[{"name":"wp","href":"https:\/\/api.w.org\/{rel}","templated":true}]}}