{"id":4516,"date":"2021-08-31T11:13:13","date_gmt":"2021-08-31T11:13:13","guid":{"rendered":"https:\/\/testing.vallonchene.fr\/produit\/larix-kaempferi-diana\/"},"modified":"2024-10-21T07:33:36","modified_gmt":"2024-10-21T07:33:36","slug":"larix-kaempferi-diana","status":"publish","type":"product","link":"https:\/\/www.vallonchene.fr\/es\/producto\/larix-kaempferi-diana\/","title":{"rendered":"LARIX kaempferi &#8216;Diana&#8217;"},"content":{"rendered":"","protected":false},"excerpt":{"rendered":"<p>Ce <strong>m\u00e9l\u00e8ze du Japon<\/strong> pousse en forme de colonne sans \u00eatre tuteur\u00e9. Les branches du <strong>LARIX kaempferi &#8216;Diana&#8217;<\/strong> sont tortueuses. Son feuillage est vert et prend en automne une belle couleur jaune. Il est totalement rustique.<\/p>\n","protected":false},"featured_media":4510,"comment_status":"open","ping_status":"closed","template":"","meta":[],"product_brand":[],"product_cat":[254],"product_tag":[2384,1251,2385,2386],"class_list":{"0":"post-4516","1":"product","2":"type-product","3":"status-publish","4":"has-post-thumbnail","6":"product_cat-coniferes","7":"product_tag-diana","8":"product_tag-larix","9":"product_tag-larix-kaempferi","10":"product_tag-larix-kaempferi-diana","11":"pa_99-hauteurapproximativeapres1-3a5m","12":"pa_couleurdesfleurs-rose","13":"pa_couleurdufeuillage-vert","14":"pa_exigencesenhumidite-fraisahumide","15":"pa_exigencesenhumidite-moyen","16":"pa_exigencesenhumidite-sec","17":"pa_expositionspossibles-33-mi_ombreeviterlesoleilde12","18":"pa_expositionspossibles-pleinsoleilde12ha17hmin","19":"pa_hauteurlivree-125-a-150cm","20":"pa_hauteurlivree-150-a-175-cm","21":"pa_hauteurlivree-60-a-80-cm","22":"pa_interetauprintemps-feuillage","23":"pa_interetauprintemps-fleurs","24":"pa_interetauprintemps-graphismeforme","25":"pa_interetauprintemps-jeunespousses","26":"pa_interetenautomne-feuillage","27":"pa_interetenautomne-graphismeforme","28":"pa_interetenete-feuillage","29":"pa_interetenete-graphismeforme","30":"pa_interetenhiver-graphismeforme","31":"pa_naturedufeuillage-caduc","32":"pa_naturesdesolpossibles-leger","33":"pa_naturesdesolpossibles-lourd","34":"pa_naturesdesolpossibles-normal","35":"pa_particularites-graphismeforme","36":"pa_periodedefloraison-printemps","37":"pa_periodedetaille-mars","38":"pa_phdusolacceptable-acidemoinsde65","39":"pa_phdusolacceptable-calcaireplusde75","40":"pa_phdusolacceptable-neutreentre65et75","41":"pa_portgraphisme-fastigie","42":"pa_resistanceaufroidrusticite-resistant-en-dessous-de-moins-20-degree-c","43":"pa_tailledepot-pot-de-10-litres","44":"pa_tailledepot-pot-de-3-litres","45":"pa_tailledepot-pot-de-7_5-litres","46":"pa_utilisationpossible-isole","47":"pa_utilisationpossible-massif","49":"first","50":"outofstock","51":"taxable","52":"shipping-taxable","53":"purchasable","54":"product-type-variable","55":"has-default-attributes"},"supplier_id":null,"supplier_sku":"","barcode":null,"atum_controlled":true,"out_stock_date":null,"out_stock_threshold":null,"inheritable":false,"inbound_stock":0,"stock_on_hold":0,"sold_today":0,"sales_last_days":0,"reserved_stock":0,"customer_returns":0,"warehouse_damage":0,"lost_in_post":0,"other_logs":0,"out_stock_days":null,"lost_sales":0,"has_location":false,"update_date":"2026-03-03T10:45:07","atum_locations":[],"atum_stock_status":"instock","restock_status":false,"low_stock_amount":"","sales_update_date":"2026-03-03T10:45:07","calc_backorders":null,"yoast_head":"<!-- This site is optimized with the Yoast SEO Premium plugin v27.5 (Yoast SEO v27.5) - https:\/\/yoast.com\/product\/yoast-seo-premium-wordpress\/ -->\n<title>LARIX kaempferi &#039;Diana&#039;<\/title>\n<meta name=\"description\" content=\"Ce m\u00e9l\u00e8ze du Japon pousse en forme de colonne sans \u00eatre tuteur\u00e9. Les branches du LARIX kaempferi &#039;Diana&#039; sont tortueuses. Son feuillage est vert et prend en automne une belle couleur jaune. Il est...\" \/>\n<meta name=\"robots\" content=\"index, follow, max-snippet:-1, max-image-preview:large, max-video-preview:-1\" \/>\n<link rel=\"canonical\" href=\"https:\/\/www.vallonchene.fr\/es\/producto\/larix-kaempferi-diana\/\" \/>\n<meta property=\"og:locale\" content=\"es_ES\" \/>\n<meta property=\"og:type\" content=\"article\" \/>\n<meta property=\"og:title\" content=\"LARIX kaempferi &#039;Diana&#039;\" \/>\n<meta property=\"og:description\" content=\"Ce m\u00e9l\u00e8ze du Japon pousse en forme de colonne sans \u00eatre tuteur\u00e9. Les branches du LARIX kaempferi &#039;Diana&#039; sont tortueuses. Son feuillage est vert et prend en automne une belle couleur jaune. Il est...\" \/>\n<meta property=\"og:url\" content=\"https:\/\/www.vallonchene.fr\/es\/producto\/larix-kaempferi-diana\/\" \/>\n<meta property=\"og:site_name\" content=\"Vallonch\u00eane\" \/>\n<meta property=\"article:publisher\" content=\"https:\/\/www.facebook.com\/vallonchene.fr\" \/>\n<meta property=\"article:modified_time\" content=\"2024-10-21T07:33:36+00:00\" \/>\n<meta property=\"og:image\" content=\"https:\/\/www.vallonchene.fr\/wp-content\/uploads\/2021\/08\/2120-485-LARIX-kaempferi-Diana-en-Mars.jpg\" \/>\n\t<meta property=\"og:image:width\" content=\"1600\" \/>\n\t<meta property=\"og:image:height\" content=\"1600\" \/>\n\t<meta property=\"og:image:type\" content=\"image\/jpeg\" \/>\n<meta name=\"twitter:card\" content=\"summary_large_image\" \/>\n<meta name=\"twitter:label1\" content=\"Disponibilidad\" \/>\n\t<meta name=\"twitter:data1\" content=\"Agotado\" \/>\n<script type=\"application\/ld+json\" class=\"yoast-schema-graph\">{\"@context\":\"https:\\\/\\\/schema.org\",\"@graph\":[{\"@type\":\"WebPage\",\"@id\":\"https:\\\/\\\/www.vallonchene.fr\\\/es\\\/producto\\\/larix-kaempferi-diana\\\/\",\"url\":\"https:\\\/\\\/www.vallonchene.fr\\\/es\\\/producto\\\/larix-kaempferi-diana\\\/\",\"name\":\"LARIX kaempferi 'Diana'\",\"isPartOf\":{\"@id\":\"https:\\\/\\\/www.vallonchene.fr\\\/es\\\/#website\"},\"primaryImageOfPage\":{\"@id\":\"https:\\\/\\\/www.vallonchene.fr\\\/es\\\/producto\\\/larix-kaempferi-diana\\\/#primaryimage\"},\"image\":{\"@id\":\"https:\\\/\\\/www.vallonchene.fr\\\/es\\\/producto\\\/larix-kaempferi-diana\\\/#primaryimage\"},\"thumbnailUrl\":\"https:\\\/\\\/www.vallonchene.fr\\\/wp-content\\\/uploads\\\/2021\\\/08\\\/2120-485-LARIX-kaempferi-Diana-en-Mars.jpg\",\"datePublished\":\"2021-08-31T11:13:13+00:00\",\"dateModified\":\"2024-10-21T07:33:36+00:00\",\"description\":\"Ce m\u00e9l\u00e8ze du Japon pousse en forme de colonne sans \u00eatre tuteur\u00e9. Les branches du LARIX kaempferi 'Diana' sont tortueuses. Son feuillage est vert et prend en automne une belle couleur jaune. Il est...\",\"breadcrumb\":{\"@id\":\"https:\\\/\\\/www.vallonchene.fr\\\/es\\\/producto\\\/larix-kaempferi-diana\\\/#breadcrumb\"},\"inLanguage\":\"es\",\"potentialAction\":[{\"@type\":\"ReadAction\",\"target\":[\"https:\\\/\\\/www.vallonchene.fr\\\/es\\\/producto\\\/larix-kaempferi-diana\\\/\"]}]},{\"@type\":\"ImageObject\",\"inLanguage\":\"es\",\"@id\":\"https:\\\/\\\/www.vallonchene.fr\\\/es\\\/producto\\\/larix-kaempferi-diana\\\/#primaryimage\",\"url\":\"https:\\\/\\\/www.vallonchene.fr\\\/wp-content\\\/uploads\\\/2021\\\/08\\\/2120-485-LARIX-kaempferi-Diana-en-Mars.jpg\",\"contentUrl\":\"https:\\\/\\\/www.vallonchene.fr\\\/wp-content\\\/uploads\\\/2021\\\/08\\\/2120-485-LARIX-kaempferi-Diana-en-Mars.jpg\",\"width\":1600,\"height\":1600,\"caption\":\"LARIX kaempferi 'Diana' en Mars\"},{\"@type\":\"BreadcrumbList\",\"@id\":\"https:\\\/\\\/www.vallonchene.fr\\\/es\\\/producto\\\/larix-kaempferi-diana\\\/#breadcrumb\",\"itemListElement\":[{\"@type\":\"ListItem\",\"position\":1,\"name\":\"Home\",\"item\":\"https:\\\/\\\/www.vallonchene.fr\\\/es\\\/\"},{\"@type\":\"ListItem\",\"position\":2,\"name\":\"Tienda\",\"item\":\"https:\\\/\\\/www.vallonchene.fr\\\/tienda\\\/\"},{\"@type\":\"ListItem\",\"position\":3,\"name\":\"Venta en linea\",\"item\":\"https:\\\/\\\/www.vallonchene.fr\\\/es\\\/categoria-producto\\\/venta-en-linea\\\/\"},{\"@type\":\"ListItem\",\"position\":4,\"name\":\"Vivero\",\"item\":\"https:\\\/\\\/www.vallonchene.fr\\\/es\\\/categoria-producto\\\/venta-en-linea\\\/vivero\\\/\"},{\"@type\":\"ListItem\",\"position\":5,\"name\":\"Coniferas\",\"item\":\"https:\\\/\\\/www.vallonchene.fr\\\/es\\\/categoria-producto\\\/venta-en-linea\\\/vivero\\\/coniferas\\\/\"},{\"@type\":\"ListItem\",\"position\":6,\"name\":\"LARIX kaempferi &#8216;Diana&#8217;\"}]},{\"@type\":\"WebSite\",\"@id\":\"https:\\\/\\\/www.vallonchene.fr\\\/es\\\/#website\",\"url\":\"https:\\\/\\\/www.vallonchene.fr\\\/es\\\/\",\"name\":\"Vallonch\u00eane\",\"description\":\"El vivero donde la calidad tiene sus ra\u00edces \u2013 Tel.: +33 (0)2.35.90.02.02\",\"publisher\":{\"@id\":\"https:\\\/\\\/www.vallonchene.fr\\\/es\\\/#organization\"},\"potentialAction\":[{\"@type\":\"SearchAction\",\"target\":{\"@type\":\"EntryPoint\",\"urlTemplate\":\"https:\\\/\\\/www.vallonchene.fr\\\/es\\\/?s={search_term_string}\"},\"query-input\":{\"@type\":\"PropertyValueSpecification\",\"valueRequired\":true,\"valueName\":\"search_term_string\"}}],\"inLanguage\":\"es\"},{\"@type\":\"Organization\",\"@id\":\"https:\\\/\\\/www.vallonchene.fr\\\/es\\\/#organization\",\"name\":\"VALLONCHENE\",\"url\":\"https:\\\/\\\/www.vallonchene.fr\\\/es\\\/\",\"logo\":{\"@type\":\"ImageObject\",\"inLanguage\":\"es\",\"@id\":\"https:\\\/\\\/www.vallonchene.fr\\\/es\\\/#\\\/schema\\\/logo\\\/image\\\/\",\"url\":\"https:\\\/\\\/www.vallonchene.fr\\\/wp-content\\\/uploads\\\/2023\\\/03\\\/Logo-Vallonchene-site-et-R_hauteur_100.png\",\"contentUrl\":\"https:\\\/\\\/www.vallonchene.fr\\\/wp-content\\\/uploads\\\/2023\\\/03\\\/Logo-Vallonchene-site-et-R_hauteur_100.png\",\"width\":221,\"height\":100,\"caption\":\"VALLONCHENE\"},\"image\":{\"@id\":\"https:\\\/\\\/www.vallonchene.fr\\\/es\\\/#\\\/schema\\\/logo\\\/image\\\/\"},\"sameAs\":[\"https:\\\/\\\/www.facebook.com\\\/vallonchene.fr\",\"https:\\\/\\\/www.instagram.com\\\/vallonchene\\\/\",\"https:\\\/\\\/www.pinterest.fr\\\/vallonchene\\\/\"],\"taxID\":\"49454502300017\",\"hasMerchantReturnPolicy\":{\"@type\":\"MerchantReturnPolicy\",\"merchantReturnLink\":\"https:\\\/\\\/www.vallonchene.fr\\\/remboursements_retours\\\/\"}}]}<\/script>\n<meta property=\"og:availability\" content=\"out of stock\" \/>\n<meta property=\"product:availability\" content=\"out of stock\" \/>\n<meta property=\"product:retailer_item_id\" content=\"12454\" \/>\n<meta property=\"product:condition\" content=\"new\" \/>\n<!-- \/ Yoast SEO Premium plugin. -->","yoast_head_json":{"title":"LARIX kaempferi 'Diana'","description":"Ce m\u00e9l\u00e8ze du Japon pousse en forme de colonne sans \u00eatre tuteur\u00e9. Les branches du LARIX kaempferi 'Diana' sont tortueuses. Son feuillage est vert et prend en automne une belle couleur jaune. Il est...","robots":{"index":"index","follow":"follow","max-snippet":"max-snippet:-1","max-image-preview":"max-image-preview:large","max-video-preview":"max-video-preview:-1"},"canonical":"https:\/\/www.vallonchene.fr\/es\/producto\/larix-kaempferi-diana\/","og_locale":"es_ES","og_type":"article","og_title":"LARIX kaempferi 'Diana'","og_description":"Ce m\u00e9l\u00e8ze du Japon pousse en forme de colonne sans \u00eatre tuteur\u00e9. Les branches du LARIX kaempferi 'Diana' sont tortueuses. Son feuillage est vert et prend en automne une belle couleur jaune. Il est...","og_url":"https:\/\/www.vallonchene.fr\/es\/producto\/larix-kaempferi-diana\/","og_site_name":"Vallonch\u00eane","article_publisher":"https:\/\/www.facebook.com\/vallonchene.fr","article_modified_time":"2024-10-21T07:33:36+00:00","og_image":[{"width":1600,"height":1600,"url":"https:\/\/www.vallonchene.fr\/wp-content\/uploads\/2021\/08\/2120-485-LARIX-kaempferi-Diana-en-Mars.jpg","type":"image\/jpeg"}],"twitter_card":"summary_large_image","twitter_misc":{"Disponibilidad":"Agotado"},"schema":{"@context":"https:\/\/schema.org","@graph":[{"@type":"WebPage","@id":"https:\/\/www.vallonchene.fr\/es\/producto\/larix-kaempferi-diana\/","url":"https:\/\/www.vallonchene.fr\/es\/producto\/larix-kaempferi-diana\/","name":"LARIX kaempferi 'Diana'","isPartOf":{"@id":"https:\/\/www.vallonchene.fr\/es\/#website"},"primaryImageOfPage":{"@id":"https:\/\/www.vallonchene.fr\/es\/producto\/larix-kaempferi-diana\/#primaryimage"},"image":{"@id":"https:\/\/www.vallonchene.fr\/es\/producto\/larix-kaempferi-diana\/#primaryimage"},"thumbnailUrl":"https:\/\/www.vallonchene.fr\/wp-content\/uploads\/2021\/08\/2120-485-LARIX-kaempferi-Diana-en-Mars.jpg","datePublished":"2021-08-31T11:13:13+00:00","dateModified":"2024-10-21T07:33:36+00:00","description":"Ce m\u00e9l\u00e8ze du Japon pousse en forme de colonne sans \u00eatre tuteur\u00e9. Les branches du LARIX kaempferi 'Diana' sont tortueuses. Son feuillage est vert et prend en automne une belle couleur jaune. Il est...","breadcrumb":{"@id":"https:\/\/www.vallonchene.fr\/es\/producto\/larix-kaempferi-diana\/#breadcrumb"},"inLanguage":"es","potentialAction":[{"@type":"ReadAction","target":["https:\/\/www.vallonchene.fr\/es\/producto\/larix-kaempferi-diana\/"]}]},{"@type":"ImageObject","inLanguage":"es","@id":"https:\/\/www.vallonchene.fr\/es\/producto\/larix-kaempferi-diana\/#primaryimage","url":"https:\/\/www.vallonchene.fr\/wp-content\/uploads\/2021\/08\/2120-485-LARIX-kaempferi-Diana-en-Mars.jpg","contentUrl":"https:\/\/www.vallonchene.fr\/wp-content\/uploads\/2021\/08\/2120-485-LARIX-kaempferi-Diana-en-Mars.jpg","width":1600,"height":1600,"caption":"LARIX kaempferi 'Diana' en Mars"},{"@type":"BreadcrumbList","@id":"https:\/\/www.vallonchene.fr\/es\/producto\/larix-kaempferi-diana\/#breadcrumb","itemListElement":[{"@type":"ListItem","position":1,"name":"Home","item":"https:\/\/www.vallonchene.fr\/es\/"},{"@type":"ListItem","position":2,"name":"Tienda","item":"https:\/\/www.vallonchene.fr\/tienda\/"},{"@type":"ListItem","position":3,"name":"Venta en linea","item":"https:\/\/www.vallonchene.fr\/es\/categoria-producto\/venta-en-linea\/"},{"@type":"ListItem","position":4,"name":"Vivero","item":"https:\/\/www.vallonchene.fr\/es\/categoria-producto\/venta-en-linea\/vivero\/"},{"@type":"ListItem","position":5,"name":"Coniferas","item":"https:\/\/www.vallonchene.fr\/es\/categoria-producto\/venta-en-linea\/vivero\/coniferas\/"},{"@type":"ListItem","position":6,"name":"LARIX kaempferi &#8216;Diana&#8217;"}]},{"@type":"WebSite","@id":"https:\/\/www.vallonchene.fr\/es\/#website","url":"https:\/\/www.vallonchene.fr\/es\/","name":"Vallonch\u00eane","description":"El vivero donde la calidad tiene sus ra\u00edces \u2013 Tel.: +33 (0)2.35.90.02.02","publisher":{"@id":"https:\/\/www.vallonchene.fr\/es\/#organization"},"potentialAction":[{"@type":"SearchAction","target":{"@type":"EntryPoint","urlTemplate":"https:\/\/www.vallonchene.fr\/es\/?s={search_term_string}"},"query-input":{"@type":"PropertyValueSpecification","valueRequired":true,"valueName":"search_term_string"}}],"inLanguage":"es"},{"@type":"Organization","@id":"https:\/\/www.vallonchene.fr\/es\/#organization","name":"VALLONCHENE","url":"https:\/\/www.vallonchene.fr\/es\/","logo":{"@type":"ImageObject","inLanguage":"es","@id":"https:\/\/www.vallonchene.fr\/es\/#\/schema\/logo\/image\/","url":"https:\/\/www.vallonchene.fr\/wp-content\/uploads\/2023\/03\/Logo-Vallonchene-site-et-R_hauteur_100.png","contentUrl":"https:\/\/www.vallonchene.fr\/wp-content\/uploads\/2023\/03\/Logo-Vallonchene-site-et-R_hauteur_100.png","width":221,"height":100,"caption":"VALLONCHENE"},"image":{"@id":"https:\/\/www.vallonchene.fr\/es\/#\/schema\/logo\/image\/"},"sameAs":["https:\/\/www.facebook.com\/vallonchene.fr","https:\/\/www.instagram.com\/vallonchene\/","https:\/\/www.pinterest.fr\/vallonchene\/"],"taxID":"49454502300017","hasMerchantReturnPolicy":{"@type":"MerchantReturnPolicy","merchantReturnLink":"https:\/\/www.vallonchene.fr\/remboursements_retours\/"}}]},"og_availability":"out of stock","product_availability":"out of stock","product_retailer_item_id":"12454","product_condition":"new"},"_links":{"self":[{"href":"https:\/\/www.vallonchene.fr\/es\/wp-json\/wp\/v2\/product\/4516","targetHints":{"allow":["GET"]}}],"collection":[{"href":"https:\/\/www.vallonchene.fr\/es\/wp-json\/wp\/v2\/product"}],"about":[{"href":"https:\/\/www.vallonchene.fr\/es\/wp-json\/wp\/v2\/types\/product"}],"replies":[{"embeddable":true,"href":"https:\/\/www.vallonchene.fr\/es\/wp-json\/wp\/v2\/comments?post=4516"}],"wp:featuredmedia":[{"embeddable":true,"href":"https:\/\/www.vallonchene.fr\/es\/wp-json\/wp\/v2\/media\/4510"}],"wp:attachment":[{"href":"https:\/\/www.vallonchene.fr\/es\/wp-json\/wp\/v2\/media?parent=4516"}],"wp:term":[{"taxonomy":"product_brand","embeddable":true,"href":"https:\/\/www.vallonchene.fr\/es\/wp-json\/wp\/v2\/product_brand?post=4516"},{"taxonomy":"product_cat","embeddable":true,"href":"https:\/\/www.vallonchene.fr\/es\/wp-json\/wp\/v2\/product_cat?post=4516"},{"taxonomy":"product_tag","embeddable":true,"href":"https:\/\/www.vallonchene.fr\/es\/wp-json\/wp\/v2\/product_tag?post=4516"}],"curies":[{"name":"wp","href":"https:\/\/api.w.org\/{rel}","templated":true}]}}