{"id":3664,"date":"2021-08-31T11:18:32","date_gmt":"2021-08-31T11:18:32","guid":{"rendered":"https:\/\/testing.vallonchene.fr\/produit\/nothofagus-betuloides\/"},"modified":"2025-12-02T09:38:20","modified_gmt":"2025-12-02T08:38:20","slug":"nothofagus-betuloides","status":"publish","type":"product","link":"https:\/\/www.vallonchene.fr\/es\/producto\/nothofagus-betuloides\/","title":{"rendered":"NOTHOFAGUS betuloides"},"content":{"rendered":"<p>Le <strong>NOTHOFAGUS betuloides<\/strong> se nomme \u00e9galement <strong>h\u00eatre de Magellan<\/strong> ou encore <strong>guindo<\/strong> (dans sa r\u00e9gion d&#8217;origine). C&#8217;est un petit arbre tr\u00e8s recherch\u00e9 par les collectionneurs pour sa raret\u00e9.<br \/>\nSon <strong>minuscule feuillage assez coriace d&#8217;un vert fonc\u00e9<\/strong> est <strong>luisant et persistant<\/strong>. Les arbres feuillus persistants sont peu nombreux en Europe. Ajoutez \u00e0 cela ses <strong>branches fines et gracieuses<\/strong> ainsi que son <strong>\u00e9corce lisse<\/strong> et vous obtenez une plante extraordinaire. De plus, son port est <strong>colonnaire<\/strong> tout en ayant des branches lat\u00e9rales qui poussent en \u00e9tages.<br \/>\nAu printemps, son feuillage est l\u00e9g\u00e8rement brun avant de prendre sa couleur vert fonc\u00e9.<br \/>\nQuant \u00e0 sa taille, en Europe, il pousse beaucoup plus lentement que dans son habitat naturel, la <strong><a href=\"https:\/\/fr.wikipedia.org\/wiki\/Patagonie\" target=\"_blank\" rel=\"noopener\">Patagonie<\/a><\/strong>. Avec sa croissance d&#8217;une quinzaine de centim\u00e8tres par an, il atteindra une hauteur de 1,50 m seulement apr\u00e8s dix ans. Le sujet sur notre photo se trouve dans le <strong><a href=\"https:\/\/jardin.vallonchene.fr\/fr\/\" target=\"_blank\" rel=\"noopener\">Jardin de Vallonch\u00eane<\/a><\/strong> et est \u00e2g\u00e9 d&#8217;une douzaine d&#8217;ann\u00e9es.<br \/>\nLe plus grand sp\u00e9cimen que nous avons connu en France \u00e9tait celui du <strong><a href=\"https:\/\/vasterival.fr\/\" target=\"_blank\" rel=\"noopener\">Jardin du Vasterival<\/a><\/strong> avec une hauteur d&#8217;approximativement 5 m\u00e8tres. Ce sujet avait une trentaine d&#8217;ann\u00e9es avant d&#8217;\u00eatre la victime d&#8217;une temp\u00eate.<br \/>\nEnfin, c&#8217;est la plante par excellence pour le Bonsa\u00ef.<\/p>\n<h2>Comment planter et prendre soin du NOTHOFAGUS betuloides ?<\/h2>\n<p>Plantez-le \u00e0 un endroit <strong>prot\u00e9g\u00e9 du vent<\/strong>, \u00e0 <strong>mi-ombre<\/strong> ou en <strong>plein soleil<\/strong>. Le sol doit \u00eatre <strong>l\u00e9ger \u00e0 normal<\/strong>, <strong>frais \u00e0 humide<\/strong>, voire <strong>sec<\/strong>. Ce petit arbre accepte <strong>tout pH<\/strong>.<\/p>\n<p>Compte tenu de sa faible croissance, cette plante se plaira m\u00eame dans les petits jardins.<\/p>\n<p>Par ailleurs, il <strong>r\u00e9siste tr\u00e8s bien au froid<\/strong> (jusqu&#8217;\u00e0 environ -20\u00b0 C).<\/p>\n<p>Pour une bonne pr\u00e9paration du pot ou du trou de plantation, nous avons con\u00e7u des <a href=\"https:\/\/www.vallonchene.fr\/comment-planter-et-entretenir-des-vegetaux\/\" target=\"_blank\" rel=\"noreferrer noopener\"><strong>instructions sp\u00e9cifiques disponibles ici<\/strong><\/a>. Lisez aussi <a href=\"https:\/\/www.vallonchene.fr\/comment-bien-arroser-le-jardin-et-economiser-leau\/\"><strong>nos astuces comment bien arroser et \u00e9conomiser l\u2019eau ici<\/strong><\/a>.<\/p>\n<h2>Histoire et Origine<\/h2>\n<p>Le NOTHOFAGUS betuloides trouve ses origines dans le sud d&#8217;Am\u00e9rique et plus particuli\u00e8rement au <strong><a href=\"https:\/\/fr.wikipedia.org\/wiki\/Chili\" target=\"_blank\" rel=\"noopener\">Chili<\/a><\/strong>, en <strong><a href=\"https:\/\/fr.wikipedia.org\/wiki\/Argentine\" target=\"_blank\" rel=\"noopener\">Argentine<\/a><\/strong> et en <strong><a href=\"https:\/\/fr.wikipedia.org\/wiki\/Terre_de_Feu\" target=\"_blank\" rel=\"noopener\">terre de feu<\/a><\/strong>. Il appartient aux arbres les plus <strong><a href=\"https:\/\/fr.wikipedia.org\/wiki\/Sud\" target=\"_blank\" rel=\"noopener\">m\u00e9ridionaux<\/a><\/strong> de notre plan\u00e8te. Le N. betuloides joue un r\u00f4le important dans l&#8217;\u00e9cosyst\u00e8me de la Patagonie.<br \/>\nCette plante merveilleuse a aussi \u00e9t\u00e9 introduite en <strong><a href=\"https:\/\/fr.wikipedia.org\/wiki\/%C3%89cosse\" target=\"_blank\" rel=\"noopener\">\u00c9cosse<\/a><\/strong>.<\/p>\n<p>L&#8217;esp\u00e8ce se voit d\u00e9crite pour la premi\u00e8re fois en 1827 par <strong><a href=\"https:\/\/de.wikipedia.org\/wiki\/Charles_Fran%C3%A7ois_Brisseau_de_Mirbel\" target=\"_blank\" rel=\"noopener\">Charles Fran\u00e7ois Brisseau de Mirbel<\/a><\/strong> dans <em>M\u00e9moires du Mus\u00e9um d&#8217;Histoire Naturelle<\/em> sous le nom de <em>FAGUS betuloides<\/em>.<\/p>\n<p>On le nomme h\u00eatre de Magellan en honneur du grand navigateur portugais <strong><a href=\"https:\/\/fr.wikipedia.org\/wiki\/Fernand_de_Magellan\" target=\"_blank\" rel=\"noopener\">Ferdiand Magellan<\/a><\/strong>. Toutefois, ce n&#8217;est pas un h\u00eatre (FAGUS) proprement dit. Il existe juste une apparence similaire (notamment au niveau de l&#8217;\u00e9corce).<\/p>\n<p>Puis, le bois est joliment marqu\u00e9 et d&#8217;une couleur ros\u00e2tre. Gr\u00e2ce \u00e0 une duret\u00e9 et un poids semi-lourd, il s&#8217;utilise dans la construction et la fabrication de mobilier.<\/p>\n<p>Comme tous les arbres, il fournit un abri pour les oiseaux.<\/p>\n<p>&nbsp;<\/p>\n<p>&nbsp;<\/p>\n","protected":false},"excerpt":{"rendered":"<p>Cet <strong>h\u00eatre de Magellan<\/strong> est tr\u00e8s rare. Le\u00a0<strong>NOTHOFAGUS betuloides<\/strong> est un petit arbre \u00e0 feuillage persistant en provenance du sud d&#8217;Am\u00e9rique.<\/p>\n","protected":false},"featured_media":45632,"comment_status":"open","ping_status":"closed","template":"","meta":[],"product_brand":[],"product_cat":[11499],"product_tag":[2051,2050],"class_list":{"0":"post-3664","1":"product","2":"type-product","3":"status-publish","4":"has-post-thumbnail","6":"product_cat-arbustos-y-arboles","7":"product_tag-hetre-de-magellan","8":"product_tag-nothofagus-betuloides","9":"pa_99-hauteurapproximativeapres1-1-00-a-1-50-m","10":"pa_couleurdufeuillage-verde","11":"pa_exigencesenhumidite-moderadamente-humedo-a-humedo","12":"pa_exigencesenhumidite-promedio","13":"pa_exigencesenhumidite-seco","14":"pa_expositionspossibles-sombra-parcial-evitar-el-sol-de-12-a-17-horas","15":"pa_expositionspossibles-pleno-sol-de-12-a-17-min","16":"pa_hauteurlivree-100-a-125-cm","17":"pa_hauteurlivree-50-a-60-cm-es","18":"pa_hauteurlivree-60-a-80-cm-es","19":"pa_interetauprintemps-follaje","20":"pa_interetauprintemps-habitus","21":"pa_interetenautomne-follaje","22":"pa_interetenautomne-habitus","23":"pa_interetenete-follaje","24":"pa_interetenete-habitus","25":"pa_interetenhiver-follaje","26":"pa_interetenhiver-habitus","27":"pa_naturedufeuillage-siempreverde","28":"pa_naturesdesolpossibles-ligero","29":"pa_naturesdesolpossibles-normal-es","30":"pa_particularites-habitus","31":"pa_periodedetaille-marzo","32":"pa_phdusolacceptable-acido-menos-de-6_5","33":"pa_phdusolacceptable-calcareo-mas-de-7_5","34":"pa_phdusolacceptable-neutro-entre-6_5-y-7_5","35":"pa_portgraphisme-fastigiado","36":"pa_resistanceaufroidrusticite-resistente-hasta-menos-20-c","37":"pa_tailledepot-maceta-de-3-litros","38":"pa_tailledepot-maceta-de-7_5-litros","39":"pa_utilisationpossible-aislado","40":"pa_utilisationpossible-arriate","42":"first","43":"outofstock","44":"taxable","45":"shipping-taxable","46":"purchasable","47":"product-type-variable","48":"has-default-attributes"},"supplier_id":null,"supplier_sku":"","barcode":null,"atum_controlled":true,"out_stock_date":null,"out_stock_threshold":null,"inheritable":true,"inbound_stock":0,"stock_on_hold":0,"sold_today":0,"sales_last_days":0,"reserved_stock":0,"customer_returns":0,"warehouse_damage":0,"lost_in_post":0,"other_logs":0,"out_stock_days":null,"lost_sales":0,"has_location":false,"update_date":"2025-12-02T08:38:21","atum_locations":[],"atum_stock_status":"outofstock","restock_status":false,"low_stock_amount":"","sales_update_date":"2024-05-29T12:42:03","calc_backorders":null,"yoast_head":"<!-- This site is optimized with the Yoast SEO Premium plugin v27.5 (Yoast SEO v27.5) - https:\/\/yoast.com\/product\/yoast-seo-premium-wordpress\/ -->\n<title>NOTHOFAGUS betuloides - h\u00eatre de Magellan<\/title>\n<meta name=\"description\" content=\"Cet h\u00eatre de Magellan est tr\u00e8s rare. Le\u00a0NOTHOFAGUS betuloides est un petit arbre \u00e0 feuillage persistant en provenance du sud d&#039;Am\u00e9rique.\" \/>\n<meta name=\"robots\" content=\"index, follow, max-snippet:-1, max-image-preview:large, max-video-preview:-1\" \/>\n<link rel=\"canonical\" href=\"https:\/\/www.vallonchene.fr\/es\/producto\/nothofagus-betuloides\/\" \/>\n<meta property=\"og:locale\" content=\"es_ES\" \/>\n<meta property=\"og:type\" content=\"article\" \/>\n<meta property=\"og:title\" content=\"NOTHOFAGUS betuloides\" \/>\n<meta property=\"og:description\" content=\"Cet h\u00eatre de Magellan est tr\u00e8s rare. Le\u00a0NOTHOFAGUS betuloides est un petit arbre \u00e0 feuillage persistant en provenance du sud d&#039;Am\u00e9rique.\" \/>\n<meta property=\"og:url\" content=\"https:\/\/www.vallonchene.fr\/es\/producto\/nothofagus-betuloides\/\" \/>\n<meta property=\"og:site_name\" content=\"Vallonch\u00eane\" \/>\n<meta property=\"article:publisher\" content=\"https:\/\/www.facebook.com\/vallonchene.fr\" \/>\n<meta property=\"article:modified_time\" content=\"2025-12-02T08:38:20+00:00\" \/>\n<meta property=\"og:image\" content=\"https:\/\/www.vallonchene.fr\/wp-content\/uploads\/2024\/02\/IMG_20240211_163218.webp\" \/>\n\t<meta property=\"og:image:width\" content=\"1200\" \/>\n\t<meta property=\"og:image:height\" content=\"1200\" \/>\n\t<meta property=\"og:image:type\" content=\"image\/webp\" \/>\n<meta name=\"twitter:card\" content=\"summary_large_image\" \/>\n<meta name=\"twitter:label1\" content=\"Disponibilidad\" \/>\n\t<meta name=\"twitter:data1\" content=\"Agotado\" \/>\n<script type=\"application\/ld+json\" class=\"yoast-schema-graph\">{\"@context\":\"https:\\\/\\\/schema.org\",\"@graph\":[{\"@type\":\"WebPage\",\"@id\":\"https:\\\/\\\/www.vallonchene.fr\\\/es\\\/producto\\\/nothofagus-betuloides\\\/\",\"url\":\"https:\\\/\\\/www.vallonchene.fr\\\/es\\\/producto\\\/nothofagus-betuloides\\\/\",\"name\":\"NOTHOFAGUS betuloides - h\u00eatre de Magellan\",\"isPartOf\":{\"@id\":\"https:\\\/\\\/www.vallonchene.fr\\\/es\\\/#website\"},\"primaryImageOfPage\":{\"@id\":\"https:\\\/\\\/www.vallonchene.fr\\\/es\\\/producto\\\/nothofagus-betuloides\\\/#primaryimage\"},\"image\":{\"@id\":\"https:\\\/\\\/www.vallonchene.fr\\\/es\\\/producto\\\/nothofagus-betuloides\\\/#primaryimage\"},\"thumbnailUrl\":\"https:\\\/\\\/www.vallonchene.fr\\\/wp-content\\\/uploads\\\/2024\\\/02\\\/IMG_20240211_163218.webp\",\"datePublished\":\"2021-08-31T11:18:32+00:00\",\"dateModified\":\"2025-12-02T08:38:20+00:00\",\"description\":\"Cet h\u00eatre de Magellan est tr\u00e8s rare. Le\u00a0NOTHOFAGUS betuloides est un petit arbre \u00e0 feuillage persistant en provenance du sud d'Am\u00e9rique.\",\"breadcrumb\":{\"@id\":\"https:\\\/\\\/www.vallonchene.fr\\\/es\\\/producto\\\/nothofagus-betuloides\\\/#breadcrumb\"},\"inLanguage\":\"es\",\"potentialAction\":[{\"@type\":\"ReadAction\",\"target\":[\"https:\\\/\\\/www.vallonchene.fr\\\/es\\\/producto\\\/nothofagus-betuloides\\\/\"]}]},{\"@type\":\"ImageObject\",\"inLanguage\":\"es\",\"@id\":\"https:\\\/\\\/www.vallonchene.fr\\\/es\\\/producto\\\/nothofagus-betuloides\\\/#primaryimage\",\"url\":\"https:\\\/\\\/www.vallonchene.fr\\\/wp-content\\\/uploads\\\/2024\\\/02\\\/IMG_20240211_163218.webp\",\"contentUrl\":\"https:\\\/\\\/www.vallonchene.fr\\\/wp-content\\\/uploads\\\/2024\\\/02\\\/IMG_20240211_163218.webp\",\"width\":1200,\"height\":1200,\"caption\":\"Gros plan sur le feuillage et les boutons couleur cuivre du NOTHOFAGUS betuloides\"},{\"@type\":\"BreadcrumbList\",\"@id\":\"https:\\\/\\\/www.vallonchene.fr\\\/es\\\/producto\\\/nothofagus-betuloides\\\/#breadcrumb\",\"itemListElement\":[{\"@type\":\"ListItem\",\"position\":1,\"name\":\"Home\",\"item\":\"https:\\\/\\\/www.vallonchene.fr\\\/es\\\/\"},{\"@type\":\"ListItem\",\"position\":2,\"name\":\"Tienda\",\"item\":\"https:\\\/\\\/www.vallonchene.fr\\\/tienda\\\/\"},{\"@type\":\"ListItem\",\"position\":3,\"name\":\"Venta en linea\",\"item\":\"https:\\\/\\\/www.vallonchene.fr\\\/es\\\/categoria-producto\\\/venta-en-linea\\\/\"},{\"@type\":\"ListItem\",\"position\":4,\"name\":\"Vivero\",\"item\":\"https:\\\/\\\/www.vallonchene.fr\\\/es\\\/categoria-producto\\\/venta-en-linea\\\/vivero\\\/\"},{\"@type\":\"ListItem\",\"position\":5,\"name\":\"Arbustos y \u00e1rboles\",\"item\":\"https:\\\/\\\/www.vallonchene.fr\\\/es\\\/categoria-producto\\\/venta-en-linea\\\/vivero\\\/arbustos-y-arboles\\\/\"},{\"@type\":\"ListItem\",\"position\":6,\"name\":\"NOTHOFAGUS betuloides\"}]},{\"@type\":\"WebSite\",\"@id\":\"https:\\\/\\\/www.vallonchene.fr\\\/es\\\/#website\",\"url\":\"https:\\\/\\\/www.vallonchene.fr\\\/es\\\/\",\"name\":\"Vallonch\u00eane\",\"description\":\"El vivero donde la calidad tiene sus ra\u00edces \u2013 Tel.: +33 (0)2.35.90.02.02\",\"publisher\":{\"@id\":\"https:\\\/\\\/www.vallonchene.fr\\\/es\\\/#organization\"},\"potentialAction\":[{\"@type\":\"SearchAction\",\"target\":{\"@type\":\"EntryPoint\",\"urlTemplate\":\"https:\\\/\\\/www.vallonchene.fr\\\/es\\\/?s={search_term_string}\"},\"query-input\":{\"@type\":\"PropertyValueSpecification\",\"valueRequired\":true,\"valueName\":\"search_term_string\"}}],\"inLanguage\":\"es\"},{\"@type\":\"Organization\",\"@id\":\"https:\\\/\\\/www.vallonchene.fr\\\/es\\\/#organization\",\"name\":\"VALLONCHENE\",\"url\":\"https:\\\/\\\/www.vallonchene.fr\\\/es\\\/\",\"logo\":{\"@type\":\"ImageObject\",\"inLanguage\":\"es\",\"@id\":\"https:\\\/\\\/www.vallonchene.fr\\\/es\\\/#\\\/schema\\\/logo\\\/image\\\/\",\"url\":\"https:\\\/\\\/www.vallonchene.fr\\\/wp-content\\\/uploads\\\/2023\\\/03\\\/Logo-Vallonchene-site-et-R_hauteur_100.png\",\"contentUrl\":\"https:\\\/\\\/www.vallonchene.fr\\\/wp-content\\\/uploads\\\/2023\\\/03\\\/Logo-Vallonchene-site-et-R_hauteur_100.png\",\"width\":221,\"height\":100,\"caption\":\"VALLONCHENE\"},\"image\":{\"@id\":\"https:\\\/\\\/www.vallonchene.fr\\\/es\\\/#\\\/schema\\\/logo\\\/image\\\/\"},\"sameAs\":[\"https:\\\/\\\/www.facebook.com\\\/vallonchene.fr\",\"https:\\\/\\\/www.instagram.com\\\/vallonchene\\\/\",\"https:\\\/\\\/www.pinterest.fr\\\/vallonchene\\\/\"],\"taxID\":\"49454502300017\",\"hasMerchantReturnPolicy\":{\"@type\":\"MerchantReturnPolicy\",\"merchantReturnLink\":\"https:\\\/\\\/www.vallonchene.fr\\\/remboursements_retours\\\/\"}}]}<\/script>\n<meta property=\"og:availability\" content=\"out of stock\" \/>\n<meta property=\"product:availability\" content=\"out of stock\" \/>\n<meta property=\"product:retailer_item_id\" content=\"89263\" \/>\n<meta property=\"product:condition\" content=\"new\" \/>\n<!-- \/ Yoast SEO Premium plugin. -->","yoast_head_json":{"title":"NOTHOFAGUS betuloides - h\u00eatre de Magellan","description":"Cet h\u00eatre de Magellan est tr\u00e8s rare. Le\u00a0NOTHOFAGUS betuloides est un petit arbre \u00e0 feuillage persistant en provenance du sud d'Am\u00e9rique.","robots":{"index":"index","follow":"follow","max-snippet":"max-snippet:-1","max-image-preview":"max-image-preview:large","max-video-preview":"max-video-preview:-1"},"canonical":"https:\/\/www.vallonchene.fr\/es\/producto\/nothofagus-betuloides\/","og_locale":"es_ES","og_type":"article","og_title":"NOTHOFAGUS betuloides","og_description":"Cet h\u00eatre de Magellan est tr\u00e8s rare. Le\u00a0NOTHOFAGUS betuloides est un petit arbre \u00e0 feuillage persistant en provenance du sud d'Am\u00e9rique.","og_url":"https:\/\/www.vallonchene.fr\/es\/producto\/nothofagus-betuloides\/","og_site_name":"Vallonch\u00eane","article_publisher":"https:\/\/www.facebook.com\/vallonchene.fr","article_modified_time":"2025-12-02T08:38:20+00:00","og_image":[{"width":1200,"height":1200,"url":"https:\/\/www.vallonchene.fr\/wp-content\/uploads\/2024\/02\/IMG_20240211_163218.webp","type":"image\/webp"}],"twitter_card":"summary_large_image","twitter_misc":{"Disponibilidad":"Agotado"},"schema":{"@context":"https:\/\/schema.org","@graph":[{"@type":"WebPage","@id":"https:\/\/www.vallonchene.fr\/es\/producto\/nothofagus-betuloides\/","url":"https:\/\/www.vallonchene.fr\/es\/producto\/nothofagus-betuloides\/","name":"NOTHOFAGUS betuloides - h\u00eatre de Magellan","isPartOf":{"@id":"https:\/\/www.vallonchene.fr\/es\/#website"},"primaryImageOfPage":{"@id":"https:\/\/www.vallonchene.fr\/es\/producto\/nothofagus-betuloides\/#primaryimage"},"image":{"@id":"https:\/\/www.vallonchene.fr\/es\/producto\/nothofagus-betuloides\/#primaryimage"},"thumbnailUrl":"https:\/\/www.vallonchene.fr\/wp-content\/uploads\/2024\/02\/IMG_20240211_163218.webp","datePublished":"2021-08-31T11:18:32+00:00","dateModified":"2025-12-02T08:38:20+00:00","description":"Cet h\u00eatre de Magellan est tr\u00e8s rare. Le\u00a0NOTHOFAGUS betuloides est un petit arbre \u00e0 feuillage persistant en provenance du sud d'Am\u00e9rique.","breadcrumb":{"@id":"https:\/\/www.vallonchene.fr\/es\/producto\/nothofagus-betuloides\/#breadcrumb"},"inLanguage":"es","potentialAction":[{"@type":"ReadAction","target":["https:\/\/www.vallonchene.fr\/es\/producto\/nothofagus-betuloides\/"]}]},{"@type":"ImageObject","inLanguage":"es","@id":"https:\/\/www.vallonchene.fr\/es\/producto\/nothofagus-betuloides\/#primaryimage","url":"https:\/\/www.vallonchene.fr\/wp-content\/uploads\/2024\/02\/IMG_20240211_163218.webp","contentUrl":"https:\/\/www.vallonchene.fr\/wp-content\/uploads\/2024\/02\/IMG_20240211_163218.webp","width":1200,"height":1200,"caption":"Gros plan sur le feuillage et les boutons couleur cuivre du NOTHOFAGUS betuloides"},{"@type":"BreadcrumbList","@id":"https:\/\/www.vallonchene.fr\/es\/producto\/nothofagus-betuloides\/#breadcrumb","itemListElement":[{"@type":"ListItem","position":1,"name":"Home","item":"https:\/\/www.vallonchene.fr\/es\/"},{"@type":"ListItem","position":2,"name":"Tienda","item":"https:\/\/www.vallonchene.fr\/tienda\/"},{"@type":"ListItem","position":3,"name":"Venta en linea","item":"https:\/\/www.vallonchene.fr\/es\/categoria-producto\/venta-en-linea\/"},{"@type":"ListItem","position":4,"name":"Vivero","item":"https:\/\/www.vallonchene.fr\/es\/categoria-producto\/venta-en-linea\/vivero\/"},{"@type":"ListItem","position":5,"name":"Arbustos y \u00e1rboles","item":"https:\/\/www.vallonchene.fr\/es\/categoria-producto\/venta-en-linea\/vivero\/arbustos-y-arboles\/"},{"@type":"ListItem","position":6,"name":"NOTHOFAGUS betuloides"}]},{"@type":"WebSite","@id":"https:\/\/www.vallonchene.fr\/es\/#website","url":"https:\/\/www.vallonchene.fr\/es\/","name":"Vallonch\u00eane","description":"El vivero donde la calidad tiene sus ra\u00edces \u2013 Tel.: +33 (0)2.35.90.02.02","publisher":{"@id":"https:\/\/www.vallonchene.fr\/es\/#organization"},"potentialAction":[{"@type":"SearchAction","target":{"@type":"EntryPoint","urlTemplate":"https:\/\/www.vallonchene.fr\/es\/?s={search_term_string}"},"query-input":{"@type":"PropertyValueSpecification","valueRequired":true,"valueName":"search_term_string"}}],"inLanguage":"es"},{"@type":"Organization","@id":"https:\/\/www.vallonchene.fr\/es\/#organization","name":"VALLONCHENE","url":"https:\/\/www.vallonchene.fr\/es\/","logo":{"@type":"ImageObject","inLanguage":"es","@id":"https:\/\/www.vallonchene.fr\/es\/#\/schema\/logo\/image\/","url":"https:\/\/www.vallonchene.fr\/wp-content\/uploads\/2023\/03\/Logo-Vallonchene-site-et-R_hauteur_100.png","contentUrl":"https:\/\/www.vallonchene.fr\/wp-content\/uploads\/2023\/03\/Logo-Vallonchene-site-et-R_hauteur_100.png","width":221,"height":100,"caption":"VALLONCHENE"},"image":{"@id":"https:\/\/www.vallonchene.fr\/es\/#\/schema\/logo\/image\/"},"sameAs":["https:\/\/www.facebook.com\/vallonchene.fr","https:\/\/www.instagram.com\/vallonchene\/","https:\/\/www.pinterest.fr\/vallonchene\/"],"taxID":"49454502300017","hasMerchantReturnPolicy":{"@type":"MerchantReturnPolicy","merchantReturnLink":"https:\/\/www.vallonchene.fr\/remboursements_retours\/"}}]},"og_availability":"out of stock","product_availability":"out of stock","product_retailer_item_id":"89263","product_condition":"new"},"_links":{"self":[{"href":"https:\/\/www.vallonchene.fr\/es\/wp-json\/wp\/v2\/product\/3664","targetHints":{"allow":["GET"]}}],"collection":[{"href":"https:\/\/www.vallonchene.fr\/es\/wp-json\/wp\/v2\/product"}],"about":[{"href":"https:\/\/www.vallonchene.fr\/es\/wp-json\/wp\/v2\/types\/product"}],"replies":[{"embeddable":true,"href":"https:\/\/www.vallonchene.fr\/es\/wp-json\/wp\/v2\/comments?post=3664"}],"wp:featuredmedia":[{"embeddable":true,"href":"https:\/\/www.vallonchene.fr\/es\/wp-json\/wp\/v2\/media\/45632"}],"wp:attachment":[{"href":"https:\/\/www.vallonchene.fr\/es\/wp-json\/wp\/v2\/media?parent=3664"}],"wp:term":[{"taxonomy":"product_brand","embeddable":true,"href":"https:\/\/www.vallonchene.fr\/es\/wp-json\/wp\/v2\/product_brand?post=3664"},{"taxonomy":"product_cat","embeddable":true,"href":"https:\/\/www.vallonchene.fr\/es\/wp-json\/wp\/v2\/product_cat?post=3664"},{"taxonomy":"product_tag","embeddable":true,"href":"https:\/\/www.vallonchene.fr\/es\/wp-json\/wp\/v2\/product_tag?post=3664"}],"curies":[{"name":"wp","href":"https:\/\/api.w.org\/{rel}","templated":true}]}}