{"id":316,"date":"2021-08-31T10:39:48","date_gmt":"2021-08-31T10:39:48","guid":{"rendered":"https:\/\/testing.vallonchene.fr\/produit\/abies-koreana-kristallkugel\/"},"modified":"2024-09-27T09:19:00","modified_gmt":"2024-09-27T09:19:00","slug":"abies-koreana-kristallkugel","status":"publish","type":"product","link":"https:\/\/www.vallonchene.fr\/es\/producto\/abies-koreana-kristallkugel\/","title":{"rendered":"ABIES koreana &#8216;Kristallkugel&#8217;"},"content":{"rendered":"","protected":false},"excerpt":{"rendered":"<p>Ce <strong>sapin de Cor\u00e9e<\/strong> pousse extr\u00eamement lentement en boule. De ce fait, l&#8217;<strong>ABIES koreana &#8216;Kristallkugel&#8217;<\/strong> est tr\u00e8s bien adapt\u00e9 aux petits jardins et aux rocailles. Son est feuillage est vert gris et il est tr\u00e8s rustique.<\/p>\n","protected":false},"featured_media":307,"comment_status":"open","ping_status":"closed","template":"","meta":[],"product_brand":[],"product_cat":[11502],"product_tag":[11874,11875,651,652,11876],"class_list":{"0":"post-316","1":"product","2":"type-product","3":"status-publish","4":"has-post-thumbnail","6":"product_cat-coniferas","7":"product_tag-abies-es","8":"product_tag-abies-koreana-es","9":"product_tag-abies-koreana-kristallkugel","10":"product_tag-kristallkugel","11":"product_tag-abeto-de-corea","12":"pa_99-hauteurapproximativeapres1-50-a-100-cm","13":"pa_couleurdufeuillage-azul","14":"pa_couleurdufeuillage-verde","15":"pa_exigencesenhumidite-moderadamente-humedo-a-humedo","16":"pa_exigencesenhumidite-promedio","17":"pa_exigencesenhumidite-seco","18":"pa_expositionspossibles-sombra-parcial-evitar-el-sol-de-12-a-17-horas","19":"pa_expositionspossibles-pleno-sol-de-12-a-17-min","20":"pa_hauteurlivree-n-a-es","21":"pa_interetauprintemps-follaje","22":"pa_interetauprintemps-habitus","23":"pa_interetenautomne-follaje","24":"pa_interetenautomne-habitus","25":"pa_interetenete-follaje","26":"pa_interetenete-habitus","27":"pa_interetenhiver-follaje","28":"pa_interetenhiver-habitus","29":"pa_naturedufeuillage-siempreverde","30":"pa_naturesdesolpossibles-ligero","31":"pa_naturesdesolpossibles-pesado","32":"pa_naturesdesolpossibles-normal-es","33":"pa_particularites-adecuado-para-bonsai","34":"pa_particularites-habitus","35":"pa_periodedetaille-marzo","36":"pa_phdusolacceptable-acido-menos-de-6_5","37":"pa_phdusolacceptable-calcareo-mas-de-7_5","38":"pa_phdusolacceptable-neutro-entre-6_5-y-7_5","39":"pa_portgraphisme-globoso","40":"pa_resistanceaufroidrusticite-resistente-por-debajo-de-menos-20-c","41":"pa_tailledepot-maceta-de-7_5-litros","42":"pa_utilisationpossible-contenedor-o-olla","43":"pa_utilisationpossible-arriate","45":"first","46":"outofstock","47":"taxable","48":"shipping-taxable","49":"purchasable","50":"product-type-variable","51":"has-default-attributes"},"supplier_id":null,"supplier_sku":"","barcode":null,"atum_controlled":true,"out_stock_date":null,"out_stock_threshold":null,"inheritable":false,"inbound_stock":0,"stock_on_hold":0,"sold_today":null,"sales_last_days":null,"reserved_stock":0,"customer_returns":0,"warehouse_damage":0,"lost_in_post":0,"other_logs":0,"out_stock_days":null,"lost_sales":null,"has_location":false,"update_date":"2024-09-27T07:19:44","atum_locations":[],"atum_stock_status":"outofstock","restock_status":false,"low_stock_amount":"","sales_update_date":"2023-11-03T14:56:09","calc_backorders":null,"yoast_head":"<!-- This site is optimized with the Yoast SEO Premium plugin v27.5 (Yoast SEO v27.5) - https:\/\/yoast.com\/product\/yoast-seo-premium-wordpress\/ -->\n<title>ABIES koreana &#039;Kristallkugel&#039; - sapin de Cor\u00e9e<\/title>\n<meta name=\"description\" content=\"Ce sapin de Cor\u00e9e pousse extr\u00eamement lentement en boule. De ce fait, l&#039;ABIES koreana &#039;Kristallkugel&#039; est tr\u00e8s bien adapt\u00e9 aux petits jardins et aux rocailles. Son est feuillage est vert gris et il est...\" \/>\n<meta name=\"robots\" content=\"index, follow, max-snippet:-1, max-image-preview:large, max-video-preview:-1\" \/>\n<link rel=\"canonical\" href=\"https:\/\/www.vallonchene.fr\/es\/producto\/abies-koreana-kristallkugel\/\" \/>\n<meta property=\"og:locale\" content=\"es_ES\" \/>\n<meta property=\"og:type\" content=\"article\" \/>\n<meta property=\"og:title\" content=\"ABIES koreana &#039;Kristallkugel&#039;\" \/>\n<meta property=\"og:description\" content=\"Ce sapin de Cor\u00e9e pousse extr\u00eamement lentement en boule. De ce fait, l&#039;ABIES koreana &#039;Kristallkugel&#039; est tr\u00e8s bien adapt\u00e9 aux petits jardins et aux rocailles. Son est feuillage est vert gris et il est...\" \/>\n<meta property=\"og:url\" content=\"https:\/\/www.vallonchene.fr\/es\/producto\/abies-koreana-kristallkugel\/\" \/>\n<meta property=\"og:site_name\" content=\"Vallonch\u00eane\" \/>\n<meta property=\"article:publisher\" content=\"https:\/\/www.facebook.com\/vallonchene.fr\" \/>\n<meta property=\"article:modified_time\" content=\"2024-09-27T09:19:00+00:00\" \/>\n<meta property=\"og:image\" content=\"https:\/\/www.vallonchene.fr\/wp-content\/uploads\/2021\/08\/151-ac6-ABIES-koreana-Kristallkugel-en-Octobre.jpg\" \/>\n\t<meta property=\"og:image:width\" content=\"1600\" \/>\n\t<meta property=\"og:image:height\" content=\"1600\" \/>\n\t<meta property=\"og:image:type\" content=\"image\/jpeg\" \/>\n<meta name=\"twitter:card\" content=\"summary_large_image\" \/>\n<meta name=\"twitter:label1\" content=\"Disponibilidad\" \/>\n\t<meta name=\"twitter:data1\" content=\"Agotado\" \/>\n<script type=\"application\/ld+json\" class=\"yoast-schema-graph\">{\"@context\":\"https:\\\/\\\/schema.org\",\"@graph\":[{\"@type\":\"WebPage\",\"@id\":\"https:\\\/\\\/www.vallonchene.fr\\\/es\\\/producto\\\/abies-koreana-kristallkugel\\\/\",\"url\":\"https:\\\/\\\/www.vallonchene.fr\\\/es\\\/producto\\\/abies-koreana-kristallkugel\\\/\",\"name\":\"ABIES koreana 'Kristallkugel' - sapin de Cor\u00e9e\",\"isPartOf\":{\"@id\":\"https:\\\/\\\/www.vallonchene.fr\\\/es\\\/#website\"},\"primaryImageOfPage\":{\"@id\":\"https:\\\/\\\/www.vallonchene.fr\\\/es\\\/producto\\\/abies-koreana-kristallkugel\\\/#primaryimage\"},\"image\":{\"@id\":\"https:\\\/\\\/www.vallonchene.fr\\\/es\\\/producto\\\/abies-koreana-kristallkugel\\\/#primaryimage\"},\"thumbnailUrl\":\"https:\\\/\\\/www.vallonchene.fr\\\/wp-content\\\/uploads\\\/2021\\\/08\\\/151-ac6-ABIES-koreana-Kristallkugel-en-Octobre.jpg\",\"datePublished\":\"2021-08-31T10:39:48+00:00\",\"dateModified\":\"2024-09-27T09:19:00+00:00\",\"description\":\"Ce sapin de Cor\u00e9e pousse extr\u00eamement lentement en boule. De ce fait, l'ABIES koreana 'Kristallkugel' est tr\u00e8s bien adapt\u00e9 aux petits jardins et aux rocailles. Son est feuillage est vert gris et il est...\",\"breadcrumb\":{\"@id\":\"https:\\\/\\\/www.vallonchene.fr\\\/es\\\/producto\\\/abies-koreana-kristallkugel\\\/#breadcrumb\"},\"inLanguage\":\"es\",\"potentialAction\":[{\"@type\":\"ReadAction\",\"target\":[\"https:\\\/\\\/www.vallonchene.fr\\\/es\\\/producto\\\/abies-koreana-kristallkugel\\\/\"]}]},{\"@type\":\"ImageObject\",\"inLanguage\":\"es\",\"@id\":\"https:\\\/\\\/www.vallonchene.fr\\\/es\\\/producto\\\/abies-koreana-kristallkugel\\\/#primaryimage\",\"url\":\"https:\\\/\\\/www.vallonchene.fr\\\/wp-content\\\/uploads\\\/2021\\\/08\\\/151-ac6-ABIES-koreana-Kristallkugel-en-Octobre.jpg\",\"contentUrl\":\"https:\\\/\\\/www.vallonchene.fr\\\/wp-content\\\/uploads\\\/2021\\\/08\\\/151-ac6-ABIES-koreana-Kristallkugel-en-Octobre.jpg\",\"width\":1600,\"height\":1600,\"caption\":\"ABIES koreana 'Kristallkugel' en Octobre\"},{\"@type\":\"BreadcrumbList\",\"@id\":\"https:\\\/\\\/www.vallonchene.fr\\\/es\\\/producto\\\/abies-koreana-kristallkugel\\\/#breadcrumb\",\"itemListElement\":[{\"@type\":\"ListItem\",\"position\":1,\"name\":\"Home\",\"item\":\"https:\\\/\\\/www.vallonchene.fr\\\/es\\\/\"},{\"@type\":\"ListItem\",\"position\":2,\"name\":\"Tienda\",\"item\":\"https:\\\/\\\/www.vallonchene.fr\\\/tienda\\\/\"},{\"@type\":\"ListItem\",\"position\":3,\"name\":\"Venta en linea\",\"item\":\"https:\\\/\\\/www.vallonchene.fr\\\/es\\\/categoria-producto\\\/venta-en-linea\\\/\"},{\"@type\":\"ListItem\",\"position\":4,\"name\":\"Vivero\",\"item\":\"https:\\\/\\\/www.vallonchene.fr\\\/es\\\/categoria-producto\\\/venta-en-linea\\\/vivero\\\/\"},{\"@type\":\"ListItem\",\"position\":5,\"name\":\"Coniferas\",\"item\":\"https:\\\/\\\/www.vallonchene.fr\\\/es\\\/categoria-producto\\\/venta-en-linea\\\/vivero\\\/coniferas\\\/\"},{\"@type\":\"ListItem\",\"position\":6,\"name\":\"ABIES koreana &#8216;Kristallkugel&#8217;\"}]},{\"@type\":\"WebSite\",\"@id\":\"https:\\\/\\\/www.vallonchene.fr\\\/es\\\/#website\",\"url\":\"https:\\\/\\\/www.vallonchene.fr\\\/es\\\/\",\"name\":\"Vallonch\u00eane\",\"description\":\"El vivero donde la calidad tiene sus ra\u00edces \u2013 Tel.: +33 (0)2.35.90.02.02\",\"publisher\":{\"@id\":\"https:\\\/\\\/www.vallonchene.fr\\\/es\\\/#organization\"},\"potentialAction\":[{\"@type\":\"SearchAction\",\"target\":{\"@type\":\"EntryPoint\",\"urlTemplate\":\"https:\\\/\\\/www.vallonchene.fr\\\/es\\\/?s={search_term_string}\"},\"query-input\":{\"@type\":\"PropertyValueSpecification\",\"valueRequired\":true,\"valueName\":\"search_term_string\"}}],\"inLanguage\":\"es\"},{\"@type\":\"Organization\",\"@id\":\"https:\\\/\\\/www.vallonchene.fr\\\/es\\\/#organization\",\"name\":\"VALLONCHENE\",\"url\":\"https:\\\/\\\/www.vallonchene.fr\\\/es\\\/\",\"logo\":{\"@type\":\"ImageObject\",\"inLanguage\":\"es\",\"@id\":\"https:\\\/\\\/www.vallonchene.fr\\\/es\\\/#\\\/schema\\\/logo\\\/image\\\/\",\"url\":\"https:\\\/\\\/www.vallonchene.fr\\\/wp-content\\\/uploads\\\/2023\\\/03\\\/Logo-Vallonchene-site-et-R_hauteur_100.png\",\"contentUrl\":\"https:\\\/\\\/www.vallonchene.fr\\\/wp-content\\\/uploads\\\/2023\\\/03\\\/Logo-Vallonchene-site-et-R_hauteur_100.png\",\"width\":221,\"height\":100,\"caption\":\"VALLONCHENE\"},\"image\":{\"@id\":\"https:\\\/\\\/www.vallonchene.fr\\\/es\\\/#\\\/schema\\\/logo\\\/image\\\/\"},\"sameAs\":[\"https:\\\/\\\/www.facebook.com\\\/vallonchene.fr\",\"https:\\\/\\\/www.instagram.com\\\/vallonchene\\\/\",\"https:\\\/\\\/www.pinterest.fr\\\/vallonchene\\\/\"],\"taxID\":\"49454502300017\",\"hasMerchantReturnPolicy\":{\"@type\":\"MerchantReturnPolicy\",\"merchantReturnLink\":\"https:\\\/\\\/www.vallonchene.fr\\\/remboursements_retours\\\/\"}}]}<\/script>\n<meta property=\"og:availability\" content=\"out of stock\" \/>\n<meta property=\"product:availability\" content=\"out of stock\" \/>\n<meta property=\"product:retailer_item_id\" content=\"34383\" \/>\n<meta property=\"product:condition\" content=\"new\" \/>\n<!-- \/ Yoast SEO Premium plugin. -->","yoast_head_json":{"title":"ABIES koreana 'Kristallkugel' - sapin de Cor\u00e9e","description":"Ce sapin de Cor\u00e9e pousse extr\u00eamement lentement en boule. De ce fait, l'ABIES koreana 'Kristallkugel' est tr\u00e8s bien adapt\u00e9 aux petits jardins et aux rocailles. Son est feuillage est vert gris et il est...","robots":{"index":"index","follow":"follow","max-snippet":"max-snippet:-1","max-image-preview":"max-image-preview:large","max-video-preview":"max-video-preview:-1"},"canonical":"https:\/\/www.vallonchene.fr\/es\/producto\/abies-koreana-kristallkugel\/","og_locale":"es_ES","og_type":"article","og_title":"ABIES koreana 'Kristallkugel'","og_description":"Ce sapin de Cor\u00e9e pousse extr\u00eamement lentement en boule. De ce fait, l'ABIES koreana 'Kristallkugel' est tr\u00e8s bien adapt\u00e9 aux petits jardins et aux rocailles. Son est feuillage est vert gris et il est...","og_url":"https:\/\/www.vallonchene.fr\/es\/producto\/abies-koreana-kristallkugel\/","og_site_name":"Vallonch\u00eane","article_publisher":"https:\/\/www.facebook.com\/vallonchene.fr","article_modified_time":"2024-09-27T09:19:00+00:00","og_image":[{"width":1600,"height":1600,"url":"https:\/\/www.vallonchene.fr\/wp-content\/uploads\/2021\/08\/151-ac6-ABIES-koreana-Kristallkugel-en-Octobre.jpg","type":"image\/jpeg"}],"twitter_card":"summary_large_image","twitter_misc":{"Disponibilidad":"Agotado"},"schema":{"@context":"https:\/\/schema.org","@graph":[{"@type":"WebPage","@id":"https:\/\/www.vallonchene.fr\/es\/producto\/abies-koreana-kristallkugel\/","url":"https:\/\/www.vallonchene.fr\/es\/producto\/abies-koreana-kristallkugel\/","name":"ABIES koreana 'Kristallkugel' - sapin de Cor\u00e9e","isPartOf":{"@id":"https:\/\/www.vallonchene.fr\/es\/#website"},"primaryImageOfPage":{"@id":"https:\/\/www.vallonchene.fr\/es\/producto\/abies-koreana-kristallkugel\/#primaryimage"},"image":{"@id":"https:\/\/www.vallonchene.fr\/es\/producto\/abies-koreana-kristallkugel\/#primaryimage"},"thumbnailUrl":"https:\/\/www.vallonchene.fr\/wp-content\/uploads\/2021\/08\/151-ac6-ABIES-koreana-Kristallkugel-en-Octobre.jpg","datePublished":"2021-08-31T10:39:48+00:00","dateModified":"2024-09-27T09:19:00+00:00","description":"Ce sapin de Cor\u00e9e pousse extr\u00eamement lentement en boule. De ce fait, l'ABIES koreana 'Kristallkugel' est tr\u00e8s bien adapt\u00e9 aux petits jardins et aux rocailles. Son est feuillage est vert gris et il est...","breadcrumb":{"@id":"https:\/\/www.vallonchene.fr\/es\/producto\/abies-koreana-kristallkugel\/#breadcrumb"},"inLanguage":"es","potentialAction":[{"@type":"ReadAction","target":["https:\/\/www.vallonchene.fr\/es\/producto\/abies-koreana-kristallkugel\/"]}]},{"@type":"ImageObject","inLanguage":"es","@id":"https:\/\/www.vallonchene.fr\/es\/producto\/abies-koreana-kristallkugel\/#primaryimage","url":"https:\/\/www.vallonchene.fr\/wp-content\/uploads\/2021\/08\/151-ac6-ABIES-koreana-Kristallkugel-en-Octobre.jpg","contentUrl":"https:\/\/www.vallonchene.fr\/wp-content\/uploads\/2021\/08\/151-ac6-ABIES-koreana-Kristallkugel-en-Octobre.jpg","width":1600,"height":1600,"caption":"ABIES koreana 'Kristallkugel' en Octobre"},{"@type":"BreadcrumbList","@id":"https:\/\/www.vallonchene.fr\/es\/producto\/abies-koreana-kristallkugel\/#breadcrumb","itemListElement":[{"@type":"ListItem","position":1,"name":"Home","item":"https:\/\/www.vallonchene.fr\/es\/"},{"@type":"ListItem","position":2,"name":"Tienda","item":"https:\/\/www.vallonchene.fr\/tienda\/"},{"@type":"ListItem","position":3,"name":"Venta en linea","item":"https:\/\/www.vallonchene.fr\/es\/categoria-producto\/venta-en-linea\/"},{"@type":"ListItem","position":4,"name":"Vivero","item":"https:\/\/www.vallonchene.fr\/es\/categoria-producto\/venta-en-linea\/vivero\/"},{"@type":"ListItem","position":5,"name":"Coniferas","item":"https:\/\/www.vallonchene.fr\/es\/categoria-producto\/venta-en-linea\/vivero\/coniferas\/"},{"@type":"ListItem","position":6,"name":"ABIES koreana &#8216;Kristallkugel&#8217;"}]},{"@type":"WebSite","@id":"https:\/\/www.vallonchene.fr\/es\/#website","url":"https:\/\/www.vallonchene.fr\/es\/","name":"Vallonch\u00eane","description":"El vivero donde la calidad tiene sus ra\u00edces \u2013 Tel.: +33 (0)2.35.90.02.02","publisher":{"@id":"https:\/\/www.vallonchene.fr\/es\/#organization"},"potentialAction":[{"@type":"SearchAction","target":{"@type":"EntryPoint","urlTemplate":"https:\/\/www.vallonchene.fr\/es\/?s={search_term_string}"},"query-input":{"@type":"PropertyValueSpecification","valueRequired":true,"valueName":"search_term_string"}}],"inLanguage":"es"},{"@type":"Organization","@id":"https:\/\/www.vallonchene.fr\/es\/#organization","name":"VALLONCHENE","url":"https:\/\/www.vallonchene.fr\/es\/","logo":{"@type":"ImageObject","inLanguage":"es","@id":"https:\/\/www.vallonchene.fr\/es\/#\/schema\/logo\/image\/","url":"https:\/\/www.vallonchene.fr\/wp-content\/uploads\/2023\/03\/Logo-Vallonchene-site-et-R_hauteur_100.png","contentUrl":"https:\/\/www.vallonchene.fr\/wp-content\/uploads\/2023\/03\/Logo-Vallonchene-site-et-R_hauteur_100.png","width":221,"height":100,"caption":"VALLONCHENE"},"image":{"@id":"https:\/\/www.vallonchene.fr\/es\/#\/schema\/logo\/image\/"},"sameAs":["https:\/\/www.facebook.com\/vallonchene.fr","https:\/\/www.instagram.com\/vallonchene\/","https:\/\/www.pinterest.fr\/vallonchene\/"],"taxID":"49454502300017","hasMerchantReturnPolicy":{"@type":"MerchantReturnPolicy","merchantReturnLink":"https:\/\/www.vallonchene.fr\/remboursements_retours\/"}}]},"og_availability":"out of stock","product_availability":"out of stock","product_retailer_item_id":"34383","product_condition":"new"},"_links":{"self":[{"href":"https:\/\/www.vallonchene.fr\/es\/wp-json\/wp\/v2\/product\/316","targetHints":{"allow":["GET"]}}],"collection":[{"href":"https:\/\/www.vallonchene.fr\/es\/wp-json\/wp\/v2\/product"}],"about":[{"href":"https:\/\/www.vallonchene.fr\/es\/wp-json\/wp\/v2\/types\/product"}],"replies":[{"embeddable":true,"href":"https:\/\/www.vallonchene.fr\/es\/wp-json\/wp\/v2\/comments?post=316"}],"wp:featuredmedia":[{"embeddable":true,"href":"https:\/\/www.vallonchene.fr\/es\/wp-json\/wp\/v2\/media\/307"}],"wp:attachment":[{"href":"https:\/\/www.vallonchene.fr\/es\/wp-json\/wp\/v2\/media?parent=316"}],"wp:term":[{"taxonomy":"product_brand","embeddable":true,"href":"https:\/\/www.vallonchene.fr\/es\/wp-json\/wp\/v2\/product_brand?post=316"},{"taxonomy":"product_cat","embeddable":true,"href":"https:\/\/www.vallonchene.fr\/es\/wp-json\/wp\/v2\/product_cat?post=316"},{"taxonomy":"product_tag","embeddable":true,"href":"https:\/\/www.vallonchene.fr\/es\/wp-json\/wp\/v2\/product_tag?post=316"}],"curies":[{"name":"wp","href":"https:\/\/api.w.org\/{rel}","templated":true}]}}