{"id":23880,"date":"2021-09-30T10:16:31","date_gmt":"2021-09-30T10:16:31","guid":{"rendered":"https:\/\/testing.vallonchene.fr\/produit\/castanea-sativa-aspleniifolia-chataignier-commun\/"},"modified":"2024-09-26T14:36:11","modified_gmt":"2024-09-26T14:36:11","slug":"castanea-sativa-aspleniifolia-chataignier-commun","status":"publish","type":"product","link":"https:\/\/www.vallonchene.fr\/es\/producto\/castanea-sativa-aspleniifolia-chataignier-commun\/","title":{"rendered":"CASTANEA sativa &#8216;Aspleniifolia&#8217; (ch\u00e2taignier commun)"},"content":{"rendered":"","protected":false},"excerpt":{"rendered":"<p>Ce <strong>ch\u00e2taignier commun<\/strong> se distingue par son feuillage tr\u00e8s lacini\u00e9. Le <strong>CASTANEA sativa &#8216;Aspleniifolia&#8217;<\/strong> est une plante facile \u00e0 cultiver et tr\u00e8s r\u00e9sistante.<\/p>\n","protected":false},"featured_media":23877,"comment_status":"open","ping_status":"closed","template":"","meta":[],"product_brand":[],"product_cat":[11499],"product_tag":[],"class_list":{"0":"post-23880","1":"product","2":"type-product","3":"status-publish","4":"has-post-thumbnail","6":"product_cat-arbustos-y-arboles","7":"pa_99-hauteurapproximativeapres1-2-a-3-m","8":"pa_couleurdesfleurs-amarilla","9":"pa_couleurdesfruits-verde","10":"pa_couleurdufeuillage-verde","11":"pa_exigencesenhumidite-moderadamente-humedo-a-humedo","12":"pa_exigencesenhumidite-promedio","13":"pa_exigencesenhumidite-seco","14":"pa_expositionspossibles-pleno-sol-de-12-a-17-min","15":"pa_hauteurlivree-40-a-60-cm-es","16":"pa_interetauprintemps-follaje","17":"pa_interetauprintemps-flores","18":"pa_interetauprintemps-brotes-jovenes","19":"pa_interetenautomne-follaje","20":"pa_interetenautomne-frutas","21":"pa_interetenete-follaje","22":"pa_interetenete-frutas","23":"pa_naturedufeuillage-caduco","24":"pa_naturedufeuillage-laciniado","25":"pa_naturesdesolpossibles-ligero","26":"pa_naturesdesolpossibles-pesado","27":"pa_naturesdesolpossibles-normal-es","28":"pa_particularites-comestible-es","29":"pa_periodedefloraison-primavera","30":"pa_periodederecolte-octubre","31":"pa_periodederecolte-septiembre","32":"pa_periodedetaille-marzo","33":"pa_phdusolacceptable-acido-menos-de-6_5","34":"pa_phdusolacceptable-calcareo-mas-de-7_5","35":"pa_phdusolacceptable-neutro-entre-6_5-y-7_5","36":"pa_portgraphisme-globoso","37":"pa_resistanceaufroidrusticite-resistente-por-debajo-de-menos-20-c","38":"pa_tailledepot-maceta-de-3-litros","39":"pa_utilisationpossible-aislado","40":"pa_utilisationpossible-arriate","42":"first","43":"outofstock","44":"taxable","45":"shipping-taxable","46":"product-type-variable","47":"has-default-attributes"},"supplier_id":null,"supplier_sku":"","barcode":null,"atum_controlled":true,"out_stock_date":null,"out_stock_threshold":null,"inheritable":false,"inbound_stock":0,"stock_on_hold":0,"sold_today":0,"sales_last_days":0,"reserved_stock":0,"customer_returns":0,"warehouse_damage":0,"lost_in_post":0,"other_logs":0,"out_stock_days":null,"lost_sales":0,"has_location":false,"update_date":"2025-08-31T13:01:53","atum_locations":[],"atum_stock_status":"outofstock","restock_status":false,"low_stock_amount":"","sales_update_date":"2025-08-31T13:01:53","calc_backorders":null,"yoast_head":"<!-- This site is optimized with the Yoast SEO Premium plugin v27.5 (Yoast SEO v27.5) - https:\/\/yoast.com\/product\/yoast-seo-premium-wordpress\/ -->\n<title>CASTANEA sativa &#039;Aspleniifolia&#039; (sweet chestnut, Spanish chestnut)<\/title>\n<meta name=\"description\" content=\"Ce ch\u00e2taignier commun se distingue par son feuillage tr\u00e8s lacini\u00e9. Le CASTANEA sativa &#039;Aspleniifolia&#039; est une plante facile \u00e0 cultiver et tr\u00e8s r\u00e9sistante.\" \/>\n<meta name=\"robots\" content=\"index, follow, max-snippet:-1, max-image-preview:large, max-video-preview:-1\" \/>\n<link rel=\"canonical\" href=\"https:\/\/www.vallonchene.fr\/es\/producto\/castanea-sativa-aspleniifolia-chataignier-commun\/\" \/>\n<meta property=\"og:locale\" content=\"es_ES\" \/>\n<meta property=\"og:type\" content=\"article\" \/>\n<meta property=\"og:title\" content=\"CASTANEA sativa &#039;Aspleniifolia&#039; (ch\u00e2taignier commun)\" \/>\n<meta property=\"og:description\" content=\"Ce ch\u00e2taignier commun se distingue par son feuillage tr\u00e8s lacini\u00e9. Le CASTANEA sativa &#039;Aspleniifolia&#039; est une plante facile \u00e0 cultiver et tr\u00e8s r\u00e9sistante.\" \/>\n<meta property=\"og:url\" content=\"https:\/\/www.vallonchene.fr\/es\/producto\/castanea-sativa-aspleniifolia-chataignier-commun\/\" \/>\n<meta property=\"og:site_name\" content=\"Vallonch\u00eane\" \/>\n<meta property=\"article:publisher\" content=\"https:\/\/www.facebook.com\/vallonchene.fr\" \/>\n<meta property=\"article:modified_time\" content=\"2024-09-26T14:36:11+00:00\" \/>\n<meta property=\"og:image\" content=\"https:\/\/www.vallonchene.fr\/wp-content\/uploads\/2021\/09\/4122-a39-Feuillage-du-CASTANEA-sativa-Aspleniifolia-en-debut-dautomne.jpg\" \/>\n\t<meta property=\"og:image:width\" content=\"800\" \/>\n\t<meta property=\"og:image:height\" content=\"800\" \/>\n\t<meta property=\"og:image:type\" content=\"image\/jpeg\" \/>\n<meta name=\"twitter:card\" content=\"summary_large_image\" \/>\n<meta name=\"twitter:label1\" content=\"Disponibilidad\" \/>\n\t<meta name=\"twitter:data1\" content=\"Agotado\" \/>\n<script type=\"application\/ld+json\" class=\"yoast-schema-graph\">{\"@context\":\"https:\\\/\\\/schema.org\",\"@graph\":[{\"@type\":\"WebPage\",\"@id\":\"https:\\\/\\\/www.vallonchene.fr\\\/es\\\/producto\\\/castanea-sativa-aspleniifolia-chataignier-commun\\\/\",\"url\":\"https:\\\/\\\/www.vallonchene.fr\\\/es\\\/producto\\\/castanea-sativa-aspleniifolia-chataignier-commun\\\/\",\"name\":\"CASTANEA sativa 'Aspleniifolia' (sweet chestnut, Spanish chestnut)\",\"isPartOf\":{\"@id\":\"https:\\\/\\\/www.vallonchene.fr\\\/es\\\/#website\"},\"primaryImageOfPage\":{\"@id\":\"https:\\\/\\\/www.vallonchene.fr\\\/es\\\/producto\\\/castanea-sativa-aspleniifolia-chataignier-commun\\\/#primaryimage\"},\"image\":{\"@id\":\"https:\\\/\\\/www.vallonchene.fr\\\/es\\\/producto\\\/castanea-sativa-aspleniifolia-chataignier-commun\\\/#primaryimage\"},\"thumbnailUrl\":\"https:\\\/\\\/www.vallonchene.fr\\\/wp-content\\\/uploads\\\/2021\\\/09\\\/4122-a39-Feuillage-du-CASTANEA-sativa-Aspleniifolia-en-debut-dautomne.jpg\",\"datePublished\":\"2021-09-30T10:16:31+00:00\",\"dateModified\":\"2024-09-26T14:36:11+00:00\",\"description\":\"Ce ch\u00e2taignier commun se distingue par son feuillage tr\u00e8s lacini\u00e9. Le CASTANEA sativa 'Aspleniifolia' est une plante facile \u00e0 cultiver et tr\u00e8s r\u00e9sistante.\",\"breadcrumb\":{\"@id\":\"https:\\\/\\\/www.vallonchene.fr\\\/es\\\/producto\\\/castanea-sativa-aspleniifolia-chataignier-commun\\\/#breadcrumb\"},\"inLanguage\":\"es\",\"potentialAction\":[{\"@type\":\"ReadAction\",\"target\":[\"https:\\\/\\\/www.vallonchene.fr\\\/es\\\/producto\\\/castanea-sativa-aspleniifolia-chataignier-commun\\\/\"]}]},{\"@type\":\"ImageObject\",\"inLanguage\":\"es\",\"@id\":\"https:\\\/\\\/www.vallonchene.fr\\\/es\\\/producto\\\/castanea-sativa-aspleniifolia-chataignier-commun\\\/#primaryimage\",\"url\":\"https:\\\/\\\/www.vallonchene.fr\\\/wp-content\\\/uploads\\\/2021\\\/09\\\/4122-a39-Feuillage-du-CASTANEA-sativa-Aspleniifolia-en-debut-dautomne.jpg\",\"contentUrl\":\"https:\\\/\\\/www.vallonchene.fr\\\/wp-content\\\/uploads\\\/2021\\\/09\\\/4122-a39-Feuillage-du-CASTANEA-sativa-Aspleniifolia-en-debut-dautomne.jpg\",\"width\":800,\"height\":800,\"caption\":\"Feuillage du CASTANEA sativa 'Aspleniifolia' en d\u00e9but d'automne\"},{\"@type\":\"BreadcrumbList\",\"@id\":\"https:\\\/\\\/www.vallonchene.fr\\\/es\\\/producto\\\/castanea-sativa-aspleniifolia-chataignier-commun\\\/#breadcrumb\",\"itemListElement\":[{\"@type\":\"ListItem\",\"position\":1,\"name\":\"Home\",\"item\":\"https:\\\/\\\/www.vallonchene.fr\\\/es\\\/\"},{\"@type\":\"ListItem\",\"position\":2,\"name\":\"Tienda\",\"item\":\"https:\\\/\\\/www.vallonchene.fr\\\/tienda\\\/\"},{\"@type\":\"ListItem\",\"position\":3,\"name\":\"Venta en linea\",\"item\":\"https:\\\/\\\/www.vallonchene.fr\\\/es\\\/categoria-producto\\\/venta-en-linea\\\/\"},{\"@type\":\"ListItem\",\"position\":4,\"name\":\"Vivero\",\"item\":\"https:\\\/\\\/www.vallonchene.fr\\\/es\\\/categoria-producto\\\/venta-en-linea\\\/vivero\\\/\"},{\"@type\":\"ListItem\",\"position\":5,\"name\":\"Arbustos y \u00e1rboles\",\"item\":\"https:\\\/\\\/www.vallonchene.fr\\\/es\\\/categoria-producto\\\/venta-en-linea\\\/vivero\\\/arbustos-y-arboles\\\/\"},{\"@type\":\"ListItem\",\"position\":6,\"name\":\"CASTANEA sativa &#8216;Aspleniifolia&#8217; (ch\u00e2taignier commun)\"}]},{\"@type\":\"WebSite\",\"@id\":\"https:\\\/\\\/www.vallonchene.fr\\\/es\\\/#website\",\"url\":\"https:\\\/\\\/www.vallonchene.fr\\\/es\\\/\",\"name\":\"Vallonch\u00eane\",\"description\":\"El vivero donde la calidad tiene sus ra\u00edces \u2013 Tel.: +33 (0)2.35.90.02.02\",\"publisher\":{\"@id\":\"https:\\\/\\\/www.vallonchene.fr\\\/es\\\/#organization\"},\"potentialAction\":[{\"@type\":\"SearchAction\",\"target\":{\"@type\":\"EntryPoint\",\"urlTemplate\":\"https:\\\/\\\/www.vallonchene.fr\\\/es\\\/?s={search_term_string}\"},\"query-input\":{\"@type\":\"PropertyValueSpecification\",\"valueRequired\":true,\"valueName\":\"search_term_string\"}}],\"inLanguage\":\"es\"},{\"@type\":\"Organization\",\"@id\":\"https:\\\/\\\/www.vallonchene.fr\\\/es\\\/#organization\",\"name\":\"VALLONCHENE\",\"url\":\"https:\\\/\\\/www.vallonchene.fr\\\/es\\\/\",\"logo\":{\"@type\":\"ImageObject\",\"inLanguage\":\"es\",\"@id\":\"https:\\\/\\\/www.vallonchene.fr\\\/es\\\/#\\\/schema\\\/logo\\\/image\\\/\",\"url\":\"https:\\\/\\\/www.vallonchene.fr\\\/wp-content\\\/uploads\\\/2023\\\/03\\\/Logo-Vallonchene-site-et-R_hauteur_100.png\",\"contentUrl\":\"https:\\\/\\\/www.vallonchene.fr\\\/wp-content\\\/uploads\\\/2023\\\/03\\\/Logo-Vallonchene-site-et-R_hauteur_100.png\",\"width\":221,\"height\":100,\"caption\":\"VALLONCHENE\"},\"image\":{\"@id\":\"https:\\\/\\\/www.vallonchene.fr\\\/es\\\/#\\\/schema\\\/logo\\\/image\\\/\"},\"sameAs\":[\"https:\\\/\\\/www.facebook.com\\\/vallonchene.fr\",\"https:\\\/\\\/www.instagram.com\\\/vallonchene\\\/\",\"https:\\\/\\\/www.pinterest.fr\\\/vallonchene\\\/\"],\"taxID\":\"49454502300017\",\"hasMerchantReturnPolicy\":{\"@type\":\"MerchantReturnPolicy\",\"merchantReturnLink\":\"https:\\\/\\\/www.vallonchene.fr\\\/remboursements_retours\\\/\"}}]}<\/script>\n<meta property=\"og:availability\" content=\"out of stock\" \/>\n<meta property=\"product:availability\" content=\"out of stock\" \/>\n<meta property=\"product:retailer_item_id\" content=\"18528\" \/>\n<meta property=\"product:condition\" content=\"new\" \/>\n<!-- \/ Yoast SEO Premium plugin. -->","yoast_head_json":{"title":"CASTANEA sativa 'Aspleniifolia' (sweet chestnut, Spanish chestnut)","description":"Ce ch\u00e2taignier commun se distingue par son feuillage tr\u00e8s lacini\u00e9. Le CASTANEA sativa 'Aspleniifolia' est une plante facile \u00e0 cultiver et tr\u00e8s r\u00e9sistante.","robots":{"index":"index","follow":"follow","max-snippet":"max-snippet:-1","max-image-preview":"max-image-preview:large","max-video-preview":"max-video-preview:-1"},"canonical":"https:\/\/www.vallonchene.fr\/es\/producto\/castanea-sativa-aspleniifolia-chataignier-commun\/","og_locale":"es_ES","og_type":"article","og_title":"CASTANEA sativa 'Aspleniifolia' (ch\u00e2taignier commun)","og_description":"Ce ch\u00e2taignier commun se distingue par son feuillage tr\u00e8s lacini\u00e9. Le CASTANEA sativa 'Aspleniifolia' est une plante facile \u00e0 cultiver et tr\u00e8s r\u00e9sistante.","og_url":"https:\/\/www.vallonchene.fr\/es\/producto\/castanea-sativa-aspleniifolia-chataignier-commun\/","og_site_name":"Vallonch\u00eane","article_publisher":"https:\/\/www.facebook.com\/vallonchene.fr","article_modified_time":"2024-09-26T14:36:11+00:00","og_image":[{"width":800,"height":800,"url":"https:\/\/www.vallonchene.fr\/wp-content\/uploads\/2021\/09\/4122-a39-Feuillage-du-CASTANEA-sativa-Aspleniifolia-en-debut-dautomne.jpg","type":"image\/jpeg"}],"twitter_card":"summary_large_image","twitter_misc":{"Disponibilidad":"Agotado"},"schema":{"@context":"https:\/\/schema.org","@graph":[{"@type":"WebPage","@id":"https:\/\/www.vallonchene.fr\/es\/producto\/castanea-sativa-aspleniifolia-chataignier-commun\/","url":"https:\/\/www.vallonchene.fr\/es\/producto\/castanea-sativa-aspleniifolia-chataignier-commun\/","name":"CASTANEA sativa 'Aspleniifolia' (sweet chestnut, Spanish chestnut)","isPartOf":{"@id":"https:\/\/www.vallonchene.fr\/es\/#website"},"primaryImageOfPage":{"@id":"https:\/\/www.vallonchene.fr\/es\/producto\/castanea-sativa-aspleniifolia-chataignier-commun\/#primaryimage"},"image":{"@id":"https:\/\/www.vallonchene.fr\/es\/producto\/castanea-sativa-aspleniifolia-chataignier-commun\/#primaryimage"},"thumbnailUrl":"https:\/\/www.vallonchene.fr\/wp-content\/uploads\/2021\/09\/4122-a39-Feuillage-du-CASTANEA-sativa-Aspleniifolia-en-debut-dautomne.jpg","datePublished":"2021-09-30T10:16:31+00:00","dateModified":"2024-09-26T14:36:11+00:00","description":"Ce ch\u00e2taignier commun se distingue par son feuillage tr\u00e8s lacini\u00e9. Le CASTANEA sativa 'Aspleniifolia' est une plante facile \u00e0 cultiver et tr\u00e8s r\u00e9sistante.","breadcrumb":{"@id":"https:\/\/www.vallonchene.fr\/es\/producto\/castanea-sativa-aspleniifolia-chataignier-commun\/#breadcrumb"},"inLanguage":"es","potentialAction":[{"@type":"ReadAction","target":["https:\/\/www.vallonchene.fr\/es\/producto\/castanea-sativa-aspleniifolia-chataignier-commun\/"]}]},{"@type":"ImageObject","inLanguage":"es","@id":"https:\/\/www.vallonchene.fr\/es\/producto\/castanea-sativa-aspleniifolia-chataignier-commun\/#primaryimage","url":"https:\/\/www.vallonchene.fr\/wp-content\/uploads\/2021\/09\/4122-a39-Feuillage-du-CASTANEA-sativa-Aspleniifolia-en-debut-dautomne.jpg","contentUrl":"https:\/\/www.vallonchene.fr\/wp-content\/uploads\/2021\/09\/4122-a39-Feuillage-du-CASTANEA-sativa-Aspleniifolia-en-debut-dautomne.jpg","width":800,"height":800,"caption":"Feuillage du CASTANEA sativa 'Aspleniifolia' en d\u00e9but d'automne"},{"@type":"BreadcrumbList","@id":"https:\/\/www.vallonchene.fr\/es\/producto\/castanea-sativa-aspleniifolia-chataignier-commun\/#breadcrumb","itemListElement":[{"@type":"ListItem","position":1,"name":"Home","item":"https:\/\/www.vallonchene.fr\/es\/"},{"@type":"ListItem","position":2,"name":"Tienda","item":"https:\/\/www.vallonchene.fr\/tienda\/"},{"@type":"ListItem","position":3,"name":"Venta en linea","item":"https:\/\/www.vallonchene.fr\/es\/categoria-producto\/venta-en-linea\/"},{"@type":"ListItem","position":4,"name":"Vivero","item":"https:\/\/www.vallonchene.fr\/es\/categoria-producto\/venta-en-linea\/vivero\/"},{"@type":"ListItem","position":5,"name":"Arbustos y \u00e1rboles","item":"https:\/\/www.vallonchene.fr\/es\/categoria-producto\/venta-en-linea\/vivero\/arbustos-y-arboles\/"},{"@type":"ListItem","position":6,"name":"CASTANEA sativa &#8216;Aspleniifolia&#8217; (ch\u00e2taignier commun)"}]},{"@type":"WebSite","@id":"https:\/\/www.vallonchene.fr\/es\/#website","url":"https:\/\/www.vallonchene.fr\/es\/","name":"Vallonch\u00eane","description":"El vivero donde la calidad tiene sus ra\u00edces \u2013 Tel.: +33 (0)2.35.90.02.02","publisher":{"@id":"https:\/\/www.vallonchene.fr\/es\/#organization"},"potentialAction":[{"@type":"SearchAction","target":{"@type":"EntryPoint","urlTemplate":"https:\/\/www.vallonchene.fr\/es\/?s={search_term_string}"},"query-input":{"@type":"PropertyValueSpecification","valueRequired":true,"valueName":"search_term_string"}}],"inLanguage":"es"},{"@type":"Organization","@id":"https:\/\/www.vallonchene.fr\/es\/#organization","name":"VALLONCHENE","url":"https:\/\/www.vallonchene.fr\/es\/","logo":{"@type":"ImageObject","inLanguage":"es","@id":"https:\/\/www.vallonchene.fr\/es\/#\/schema\/logo\/image\/","url":"https:\/\/www.vallonchene.fr\/wp-content\/uploads\/2023\/03\/Logo-Vallonchene-site-et-R_hauteur_100.png","contentUrl":"https:\/\/www.vallonchene.fr\/wp-content\/uploads\/2023\/03\/Logo-Vallonchene-site-et-R_hauteur_100.png","width":221,"height":100,"caption":"VALLONCHENE"},"image":{"@id":"https:\/\/www.vallonchene.fr\/es\/#\/schema\/logo\/image\/"},"sameAs":["https:\/\/www.facebook.com\/vallonchene.fr","https:\/\/www.instagram.com\/vallonchene\/","https:\/\/www.pinterest.fr\/vallonchene\/"],"taxID":"49454502300017","hasMerchantReturnPolicy":{"@type":"MerchantReturnPolicy","merchantReturnLink":"https:\/\/www.vallonchene.fr\/remboursements_retours\/"}}]},"og_availability":"out of stock","product_availability":"out of stock","product_retailer_item_id":"18528","product_condition":"new"},"_links":{"self":[{"href":"https:\/\/www.vallonchene.fr\/es\/wp-json\/wp\/v2\/product\/23880","targetHints":{"allow":["GET"]}}],"collection":[{"href":"https:\/\/www.vallonchene.fr\/es\/wp-json\/wp\/v2\/product"}],"about":[{"href":"https:\/\/www.vallonchene.fr\/es\/wp-json\/wp\/v2\/types\/product"}],"replies":[{"embeddable":true,"href":"https:\/\/www.vallonchene.fr\/es\/wp-json\/wp\/v2\/comments?post=23880"}],"wp:featuredmedia":[{"embeddable":true,"href":"https:\/\/www.vallonchene.fr\/es\/wp-json\/wp\/v2\/media\/23877"}],"wp:attachment":[{"href":"https:\/\/www.vallonchene.fr\/es\/wp-json\/wp\/v2\/media?parent=23880"}],"wp:term":[{"taxonomy":"product_brand","embeddable":true,"href":"https:\/\/www.vallonchene.fr\/es\/wp-json\/wp\/v2\/product_brand?post=23880"},{"taxonomy":"product_cat","embeddable":true,"href":"https:\/\/www.vallonchene.fr\/es\/wp-json\/wp\/v2\/product_cat?post=23880"},{"taxonomy":"product_tag","embeddable":true,"href":"https:\/\/www.vallonchene.fr\/es\/wp-json\/wp\/v2\/product_tag?post=23880"}],"curies":[{"name":"wp","href":"https:\/\/api.w.org\/{rel}","templated":true}]}}