{"id":22386,"date":"2021-08-31T11:35:42","date_gmt":"2021-08-31T11:35:42","guid":{"rendered":"https:\/\/testing.vallonchene.fr\/produit\/sambucus-racemosa-golden-tower\/"},"modified":"2025-05-20T09:28:37","modified_gmt":"2025-05-20T07:28:37","slug":"sambucus-nigra-golden-tower-sureau-noir","status":"publish","type":"product","link":"https:\/\/www.vallonchene.fr\/es\/producto\/sambucus-nigra-golden-tower-sureau-noir\/","title":{"rendered":"SAMBUCUS nigra &#8216;Golden Tower&#8217; (sureau noir)"},"content":{"rendered":"\r\n<p>Le <strong>SAMBUCUS nigra &#8216;Golden Tower&#8217;<\/strong> appartient aux plantes de l&#8217;avenir. Ce <strong>sureau noir<\/strong> r\u00e9siste parfaitement \u00e0 la s\u00e8cheresse (apr\u00e8s environ deux ann\u00e9es de plantation). <br \/>Il pousse en <strong>colonne tr\u00e8s \u00e9troite<\/strong> avec une largeur de 60 \u00e0 70 cm pour une hauteur de 2,50 m \u00e0 3 m\u00e8tres. Par ailleurs, son <strong>feuillage jaune tr\u00e8s d\u00e9coup\u00e9<\/strong> lui conf\u00e8re des allures d&#8217;\u00e9rable du Japon. Ses <strong>feuilles tr\u00e8s lumineuses<\/strong> apportent une touche de couleur int\u00e9ressante en plein \u00e9t\u00e9 o\u00f9 il y a beaucoup moins de fleurs dans les jardins. <br \/>De plus, ce petit arbuste d\u00e9veloppe au printemps de <strong>grandes fleurs plates et blanches en abondance<\/strong>.<\/p>\r\n\r\n\r\n\r\n<p>Pour voir les autres SAMBUCUS actuellement en vente, <a href=\"https:\/\/www.vallonchene.fr\/?s=sambucus&amp;post_type=product&amp;dgwt_wcas=1&amp;lang=fr&amp;filter_stock_status=instock\"><strong>merci de cliquer ici<\/strong><\/a>.<\/p>\r\n\r\n<h2 id=\"h-comment-planter-le-sambucus-racemosa-golden-tower\" class=\"wp-block-heading has-x-large-font-size\">Comment planter le SAMBUCUS nigra &#8216;Golden Tower&#8217;<\/h2>\r\n\r\n\r\n\r\n<p>Ce sureau noir \u00e0 feuillage jaune tr\u00e8s d\u00e9coup\u00e9 et au port colonnaire est un arbuste <strong>peu exigeant<\/strong>. De ce fait, il s&#8217;adresse aux <strong>jardiniers d\u00e9butants comme confirm\u00e9s<\/strong>.<\/p>\r\n\r\n\r\n\r\n<p>Comme nous l&#8217;avons d\u00e9j\u00e0 indiqu\u00e9, une fois repris en pleine terre, cette plante est <strong>vraiment r\u00e9sistante \u00e0 la s\u00e8cheresse<\/strong>. Vous pouvez la planter <strong>en pot ou en pleine terre<\/strong>. Trouvez-lui une place en <strong>plein soleil<\/strong>. Le plus de soleil, elle recevra, le plus jaune ses feuilles deviendront.<\/p>\r\n\r\n\r\n\r\n<p>Le SAMBUCUS nigra &#8216;Golden Tower&#8217; se satisfait d&#8217;un sol <strong>frais \u00e0 humide, moyennement humide ou sec<\/strong>. Il tol\u00e8re <strong>tout pH<\/strong>. La terre peut \u00eatre <strong>l\u00e9g\u00e8re, normale ou lourde<\/strong>. Bien s\u00fbr, il survit sans difficult\u00e9s aux temp\u00e9ratures inf\u00e9rieures \u00e0 -20\u00b0 C.<\/p>\r\n\r\n\r\n\r\n<p>M\u00eame si cet arbuste prend peu de place au sol, il <strong>supporte facilement la taille<\/strong>.<\/p>\r\n\r\n\r\n\r\n<p>Pour une bonne pr\u00e9paration du pot ou du trou de plantation, nous avons con\u00e7u des <a href=\"https:\/\/www.vallonchene.fr\/comment-planter-et-entretenir-des-vegetaux\/\" target=\"_blank\" rel=\"noreferrer noopener\"><strong>instructions sp\u00e9cifiques disponibles ici<\/strong><\/a>.<\/p>\r\n\r\n<h2 id=\"h-histoire-et-origine\" class=\"wp-block-heading has-x-large-font-size\">Histoire et Origine<\/h2>\r\n\r\n\r\n\r\n<p>L&#8217;esp\u00e8ce type, SAMBUCUS racemosa, est end\u00e9mique en<strong> Europe, dans le nord temp\u00e9r\u00e9 d&#8217;Asie et en Am\u00e9rique du Nord<\/strong> \u00e0 travers le Canada et les \u00c9tats-Unis.<\/p>\r\n\r\n\r\n\r\n<p>Le SAMBUCUS racemosa <strong>a \u00e9t\u00e9 utilis\u00e9 comme plante m\u00e9dicinale<\/strong> par les peuples autochtones am\u00e9ricains. Ils l&#8217;utilisaient entre autres contre les diarrh\u00e9es, les rhumes et la toux.<\/p>\r\n\r\n\r\n\r\n<p>Les peuples indig\u00e8nes am\u00e9ricains les utilisaient aussi en cuisine apr\u00e8s les avoir fait cuire.<\/p>\r\n\r\n\r\n\r\n<p><strong>Les oiseaux adorent les fruits<\/strong> de SAMBUCUS racemosa alors que les <strong>fleurs attirent les papillons<\/strong> et les colibris.<\/p>\r\n\r\n\r\n\r\n<p>Les sureaux \u00e0 grappes sont largement utilis\u00e9s comme <strong>plante d&#8217;ornement<\/strong> dans des jardins traditionnels et sauvages.<\/p>\r\n","protected":false},"excerpt":{"rendered":"<p>Ce <b>sureau noir<\/b> est une forme fastigi\u00e9e. Le feuillage du <b>SAMBUCUS nigra &#8216;Golden Tower&#8217;<\/b> est jaune et finement d\u00e9coup\u00e9.<\/p>\n","protected":false},"featured_media":22383,"comment_status":"open","ping_status":"closed","template":"","meta":[],"product_brand":[],"product_cat":[11499],"product_tag":[8922,12531,1898,8921,8923,8924],"class_list":{"0":"post-22386","1":"product","2":"type-product","3":"status-publish","4":"has-post-thumbnail","6":"product_cat-arbustos-y-arboles","7":"product_tag-golden-tower","8":"product_tag-sambucus-es","9":"product_tag-sambucus-racemosa","10":"product_tag-sambucus-racemosa-golden-tower","11":"product_tag-sureau-a-feuilles-laciniees-et-f","12":"product_tag-sureau-a-feuilles-laciniees-et-fastigie","13":"pa_99-hauteurapproximativeapres1-2-a-3-m","14":"pa_couleurdesfleurs-blanca","15":"pa_couleurdufeuillage-amarilla","16":"pa_exigencesenhumidite-moderadamente-humedo-a-humedo","17":"pa_exigencesenhumidite-promedio","18":"pa_exigencesenhumidite-seco","19":"pa_expositionspossibles-pleno-sol-de-12-a-17-min","20":"pa_hauteurlivree-50-a-60-cm-es","21":"pa_interetauprintemps-follaje","22":"pa_interetauprintemps-flores","23":"pa_interetauprintemps-brotes-jovenes","24":"pa_interetenautomne-follaje","25":"pa_interetenete-follaje","26":"pa_naturedufeuillage-caduco","27":"pa_naturedufeuillage-laciniado","28":"pa_naturesdesolpossibles-ligero","29":"pa_naturesdesolpossibles-pesado","30":"pa_naturesdesolpossibles-normal-es","31":"pa_particularites-habitus","32":"pa_periodedefloraison-primavera","33":"pa_periodedetaille-marzo","34":"pa_phdusolacceptable-acido-menos-de-6_5","35":"pa_phdusolacceptable-calcareo-mas-de-7_5","36":"pa_phdusolacceptable-neutro-entre-6_5-y-7_5","37":"pa_portgraphisme-fastigiado","38":"pa_resistanceaufroidrusticite-resistente-por-debajo-de-menos-20-c","39":"pa_tailledepot-maceta-de-5-litros","40":"pa_utilisationpossible-contenedor-o-olla","41":"pa_utilisationpossible-cerca-viva","42":"pa_utilisationpossible-arriate","44":"first","45":"outofstock","46":"taxable","47":"shipping-taxable","48":"purchasable","49":"product-type-variable"},"supplier_id":null,"supplier_sku":"","barcode":null,"atum_controlled":true,"out_stock_date":null,"out_stock_threshold":null,"inheritable":true,"inbound_stock":0,"stock_on_hold":0,"sold_today":0,"sales_last_days":0,"reserved_stock":0,"customer_returns":0,"warehouse_damage":0,"lost_in_post":0,"other_logs":0,"out_stock_days":null,"lost_sales":0,"has_location":false,"update_date":"2025-05-21T12:08:08","atum_locations":[],"atum_stock_status":"instock","restock_status":false,"low_stock_amount":"","sales_update_date":"2023-07-04T06:08:37","calc_backorders":null,"yoast_head":"<!-- This site is optimized with the Yoast SEO Premium plugin v27.4 (Yoast SEO v27.4) - https:\/\/yoast.com\/product\/yoast-seo-premium-wordpress\/ -->\n<title>SAMBUCUS nigra &#039;Golden Tower&#039; - sureau noir fastigi\u00e9 jaune<\/title>\n<meta name=\"description\" content=\"Ce sureau noir est une forme fastigi\u00e9e. Le feuillage du SAMBUCUS nigra &#039;Golden Tower&#039; est jaune et finement d\u00e9coup\u00e9. Son port est colonnaire.\" \/>\n<meta name=\"robots\" content=\"index, follow, max-snippet:-1, max-image-preview:large, max-video-preview:-1\" \/>\n<link rel=\"canonical\" href=\"https:\/\/www.vallonchene.fr\/es\/producto\/sambucus-nigra-golden-tower-sureau-noir\/\" \/>\n<meta property=\"og:locale\" content=\"es_ES\" \/>\n<meta property=\"og:type\" content=\"article\" \/>\n<meta property=\"og:title\" content=\"SAMBUCUS nigra &#039;Golden Tower&#039; (sureau noir)\" \/>\n<meta property=\"og:description\" content=\"Ce sureau noir est une forme fastigi\u00e9e. Le feuillage du SAMBUCUS nigra &#039;Golden Tower&#039; est jaune et finement d\u00e9coup\u00e9. Son port est colonnaire.\" \/>\n<meta property=\"og:url\" content=\"https:\/\/www.vallonchene.fr\/es\/producto\/sambucus-nigra-golden-tower-sureau-noir\/\" \/>\n<meta property=\"og:site_name\" content=\"Vallonch\u00eane\" \/>\n<meta property=\"article:publisher\" content=\"https:\/\/www.facebook.com\/vallonchene.fr\" \/>\n<meta property=\"article:modified_time\" content=\"2025-05-20T07:28:37+00:00\" \/>\n<meta property=\"og:image\" content=\"https:\/\/www.vallonchene.fr\/wp-content\/uploads\/2021\/08\/4026-648-Feuillage-du-SAMBUCUS-racemosa-Golden-Tower.jpg\" \/>\n\t<meta property=\"og:image:width\" content=\"1500\" \/>\n\t<meta property=\"og:image:height\" content=\"1500\" \/>\n\t<meta property=\"og:image:type\" content=\"image\/jpeg\" \/>\n<meta name=\"twitter:card\" content=\"summary_large_image\" \/>\n<meta name=\"twitter:label1\" content=\"Disponibilidad\" \/>\n\t<meta name=\"twitter:data1\" content=\"Agotado\" \/>\n<script type=\"application\/ld+json\" class=\"yoast-schema-graph\">{\"@context\":\"https:\\\/\\\/schema.org\",\"@graph\":[{\"@type\":\"WebPage\",\"@id\":\"https:\\\/\\\/www.vallonchene.fr\\\/es\\\/producto\\\/sambucus-nigra-golden-tower-sureau-noir\\\/\",\"url\":\"https:\\\/\\\/www.vallonchene.fr\\\/es\\\/producto\\\/sambucus-nigra-golden-tower-sureau-noir\\\/\",\"name\":\"SAMBUCUS nigra 'Golden Tower' - sureau noir fastigi\u00e9 jaune\",\"isPartOf\":{\"@id\":\"https:\\\/\\\/www.vallonchene.fr\\\/es\\\/#website\"},\"primaryImageOfPage\":{\"@id\":\"https:\\\/\\\/www.vallonchene.fr\\\/es\\\/producto\\\/sambucus-nigra-golden-tower-sureau-noir\\\/#primaryimage\"},\"image\":{\"@id\":\"https:\\\/\\\/www.vallonchene.fr\\\/es\\\/producto\\\/sambucus-nigra-golden-tower-sureau-noir\\\/#primaryimage\"},\"thumbnailUrl\":\"https:\\\/\\\/www.vallonchene.fr\\\/wp-content\\\/uploads\\\/2021\\\/08\\\/4026-648-Feuillage-du-SAMBUCUS-racemosa-Golden-Tower.jpg\",\"datePublished\":\"2021-08-31T11:35:42+00:00\",\"dateModified\":\"2025-05-20T07:28:37+00:00\",\"description\":\"Ce sureau noir est une forme fastigi\u00e9e. Le feuillage du SAMBUCUS nigra 'Golden Tower' est jaune et finement d\u00e9coup\u00e9. Son port est colonnaire.\",\"breadcrumb\":{\"@id\":\"https:\\\/\\\/www.vallonchene.fr\\\/es\\\/producto\\\/sambucus-nigra-golden-tower-sureau-noir\\\/#breadcrumb\"},\"inLanguage\":\"es\",\"potentialAction\":[{\"@type\":\"ReadAction\",\"target\":[\"https:\\\/\\\/www.vallonchene.fr\\\/es\\\/producto\\\/sambucus-nigra-golden-tower-sureau-noir\\\/\"]}]},{\"@type\":\"ImageObject\",\"inLanguage\":\"es\",\"@id\":\"https:\\\/\\\/www.vallonchene.fr\\\/es\\\/producto\\\/sambucus-nigra-golden-tower-sureau-noir\\\/#primaryimage\",\"url\":\"https:\\\/\\\/www.vallonchene.fr\\\/wp-content\\\/uploads\\\/2021\\\/08\\\/4026-648-Feuillage-du-SAMBUCUS-racemosa-Golden-Tower.jpg\",\"contentUrl\":\"https:\\\/\\\/www.vallonchene.fr\\\/wp-content\\\/uploads\\\/2021\\\/08\\\/4026-648-Feuillage-du-SAMBUCUS-racemosa-Golden-Tower.jpg\",\"width\":1500,\"height\":1500,\"caption\":\"Feuillage du SAMBUCUS racemosa 'Golden Tower'\"},{\"@type\":\"BreadcrumbList\",\"@id\":\"https:\\\/\\\/www.vallonchene.fr\\\/es\\\/producto\\\/sambucus-nigra-golden-tower-sureau-noir\\\/#breadcrumb\",\"itemListElement\":[{\"@type\":\"ListItem\",\"position\":1,\"name\":\"Home\",\"item\":\"https:\\\/\\\/www.vallonchene.fr\\\/es\\\/\"},{\"@type\":\"ListItem\",\"position\":2,\"name\":\"Tienda\",\"item\":\"https:\\\/\\\/www.vallonchene.fr\\\/tienda\\\/\"},{\"@type\":\"ListItem\",\"position\":3,\"name\":\"Venta en linea\",\"item\":\"https:\\\/\\\/www.vallonchene.fr\\\/es\\\/categoria-producto\\\/venta-en-linea\\\/\"},{\"@type\":\"ListItem\",\"position\":4,\"name\":\"Vivero\",\"item\":\"https:\\\/\\\/www.vallonchene.fr\\\/es\\\/categoria-producto\\\/venta-en-linea\\\/vivero\\\/\"},{\"@type\":\"ListItem\",\"position\":5,\"name\":\"Arbustos y \u00e1rboles\",\"item\":\"https:\\\/\\\/www.vallonchene.fr\\\/es\\\/categoria-producto\\\/venta-en-linea\\\/vivero\\\/arbustos-y-arboles\\\/\"},{\"@type\":\"ListItem\",\"position\":6,\"name\":\"SAMBUCUS nigra &#8216;Golden Tower&#8217; (sureau noir)\"}]},{\"@type\":\"WebSite\",\"@id\":\"https:\\\/\\\/www.vallonchene.fr\\\/es\\\/#website\",\"url\":\"https:\\\/\\\/www.vallonchene.fr\\\/es\\\/\",\"name\":\"Vallonch\u00eane\",\"description\":\"El vivero donde la calidad tiene sus ra\u00edces \u2013 Tel.: +33 (0)2.35.90.02.02\",\"publisher\":{\"@id\":\"https:\\\/\\\/www.vallonchene.fr\\\/es\\\/#organization\"},\"potentialAction\":[{\"@type\":\"SearchAction\",\"target\":{\"@type\":\"EntryPoint\",\"urlTemplate\":\"https:\\\/\\\/www.vallonchene.fr\\\/es\\\/?s={search_term_string}\"},\"query-input\":{\"@type\":\"PropertyValueSpecification\",\"valueRequired\":true,\"valueName\":\"search_term_string\"}}],\"inLanguage\":\"es\"},{\"@type\":\"Organization\",\"@id\":\"https:\\\/\\\/www.vallonchene.fr\\\/es\\\/#organization\",\"name\":\"VALLONCHENE\",\"url\":\"https:\\\/\\\/www.vallonchene.fr\\\/es\\\/\",\"logo\":{\"@type\":\"ImageObject\",\"inLanguage\":\"es\",\"@id\":\"https:\\\/\\\/www.vallonchene.fr\\\/es\\\/#\\\/schema\\\/logo\\\/image\\\/\",\"url\":\"https:\\\/\\\/www.vallonchene.fr\\\/wp-content\\\/uploads\\\/2023\\\/03\\\/Logo-Vallonchene-site-et-R_hauteur_100.png\",\"contentUrl\":\"https:\\\/\\\/www.vallonchene.fr\\\/wp-content\\\/uploads\\\/2023\\\/03\\\/Logo-Vallonchene-site-et-R_hauteur_100.png\",\"width\":221,\"height\":100,\"caption\":\"VALLONCHENE\"},\"image\":{\"@id\":\"https:\\\/\\\/www.vallonchene.fr\\\/es\\\/#\\\/schema\\\/logo\\\/image\\\/\"},\"sameAs\":[\"https:\\\/\\\/www.facebook.com\\\/vallonchene.fr\",\"https:\\\/\\\/www.instagram.com\\\/vallonchene\\\/\",\"https:\\\/\\\/www.pinterest.fr\\\/vallonchene\\\/\"],\"taxID\":\"49454502300017\",\"hasMerchantReturnPolicy\":{\"@type\":\"MerchantReturnPolicy\",\"merchantReturnLink\":\"https:\\\/\\\/www.vallonchene.fr\\\/remboursements_retours\\\/\"}}]}<\/script>\n<meta property=\"og:availability\" content=\"out of stock\" \/>\n<meta property=\"product:availability\" content=\"out of stock\" \/>\n<meta property=\"product:retailer_item_id\" content=\"62239\" \/>\n<meta property=\"product:condition\" content=\"new\" \/>\n<!-- \/ Yoast SEO Premium plugin. -->","yoast_head_json":{"title":"SAMBUCUS nigra 'Golden Tower' - sureau noir fastigi\u00e9 jaune","description":"Ce sureau noir est une forme fastigi\u00e9e. Le feuillage du SAMBUCUS nigra 'Golden Tower' est jaune et finement d\u00e9coup\u00e9. Son port est colonnaire.","robots":{"index":"index","follow":"follow","max-snippet":"max-snippet:-1","max-image-preview":"max-image-preview:large","max-video-preview":"max-video-preview:-1"},"canonical":"https:\/\/www.vallonchene.fr\/es\/producto\/sambucus-nigra-golden-tower-sureau-noir\/","og_locale":"es_ES","og_type":"article","og_title":"SAMBUCUS nigra 'Golden Tower' (sureau noir)","og_description":"Ce sureau noir est une forme fastigi\u00e9e. Le feuillage du SAMBUCUS nigra 'Golden Tower' est jaune et finement d\u00e9coup\u00e9. Son port est colonnaire.","og_url":"https:\/\/www.vallonchene.fr\/es\/producto\/sambucus-nigra-golden-tower-sureau-noir\/","og_site_name":"Vallonch\u00eane","article_publisher":"https:\/\/www.facebook.com\/vallonchene.fr","article_modified_time":"2025-05-20T07:28:37+00:00","og_image":[{"width":1500,"height":1500,"url":"https:\/\/www.vallonchene.fr\/wp-content\/uploads\/2021\/08\/4026-648-Feuillage-du-SAMBUCUS-racemosa-Golden-Tower.jpg","type":"image\/jpeg"}],"twitter_card":"summary_large_image","twitter_misc":{"Disponibilidad":"Agotado"},"schema":{"@context":"https:\/\/schema.org","@graph":[{"@type":"WebPage","@id":"https:\/\/www.vallonchene.fr\/es\/producto\/sambucus-nigra-golden-tower-sureau-noir\/","url":"https:\/\/www.vallonchene.fr\/es\/producto\/sambucus-nigra-golden-tower-sureau-noir\/","name":"SAMBUCUS nigra 'Golden Tower' - sureau noir fastigi\u00e9 jaune","isPartOf":{"@id":"https:\/\/www.vallonchene.fr\/es\/#website"},"primaryImageOfPage":{"@id":"https:\/\/www.vallonchene.fr\/es\/producto\/sambucus-nigra-golden-tower-sureau-noir\/#primaryimage"},"image":{"@id":"https:\/\/www.vallonchene.fr\/es\/producto\/sambucus-nigra-golden-tower-sureau-noir\/#primaryimage"},"thumbnailUrl":"https:\/\/www.vallonchene.fr\/wp-content\/uploads\/2021\/08\/4026-648-Feuillage-du-SAMBUCUS-racemosa-Golden-Tower.jpg","datePublished":"2021-08-31T11:35:42+00:00","dateModified":"2025-05-20T07:28:37+00:00","description":"Ce sureau noir est une forme fastigi\u00e9e. Le feuillage du SAMBUCUS nigra 'Golden Tower' est jaune et finement d\u00e9coup\u00e9. Son port est colonnaire.","breadcrumb":{"@id":"https:\/\/www.vallonchene.fr\/es\/producto\/sambucus-nigra-golden-tower-sureau-noir\/#breadcrumb"},"inLanguage":"es","potentialAction":[{"@type":"ReadAction","target":["https:\/\/www.vallonchene.fr\/es\/producto\/sambucus-nigra-golden-tower-sureau-noir\/"]}]},{"@type":"ImageObject","inLanguage":"es","@id":"https:\/\/www.vallonchene.fr\/es\/producto\/sambucus-nigra-golden-tower-sureau-noir\/#primaryimage","url":"https:\/\/www.vallonchene.fr\/wp-content\/uploads\/2021\/08\/4026-648-Feuillage-du-SAMBUCUS-racemosa-Golden-Tower.jpg","contentUrl":"https:\/\/www.vallonchene.fr\/wp-content\/uploads\/2021\/08\/4026-648-Feuillage-du-SAMBUCUS-racemosa-Golden-Tower.jpg","width":1500,"height":1500,"caption":"Feuillage du SAMBUCUS racemosa 'Golden Tower'"},{"@type":"BreadcrumbList","@id":"https:\/\/www.vallonchene.fr\/es\/producto\/sambucus-nigra-golden-tower-sureau-noir\/#breadcrumb","itemListElement":[{"@type":"ListItem","position":1,"name":"Home","item":"https:\/\/www.vallonchene.fr\/es\/"},{"@type":"ListItem","position":2,"name":"Tienda","item":"https:\/\/www.vallonchene.fr\/tienda\/"},{"@type":"ListItem","position":3,"name":"Venta en linea","item":"https:\/\/www.vallonchene.fr\/es\/categoria-producto\/venta-en-linea\/"},{"@type":"ListItem","position":4,"name":"Vivero","item":"https:\/\/www.vallonchene.fr\/es\/categoria-producto\/venta-en-linea\/vivero\/"},{"@type":"ListItem","position":5,"name":"Arbustos y \u00e1rboles","item":"https:\/\/www.vallonchene.fr\/es\/categoria-producto\/venta-en-linea\/vivero\/arbustos-y-arboles\/"},{"@type":"ListItem","position":6,"name":"SAMBUCUS nigra &#8216;Golden Tower&#8217; (sureau noir)"}]},{"@type":"WebSite","@id":"https:\/\/www.vallonchene.fr\/es\/#website","url":"https:\/\/www.vallonchene.fr\/es\/","name":"Vallonch\u00eane","description":"El vivero donde la calidad tiene sus ra\u00edces \u2013 Tel.: +33 (0)2.35.90.02.02","publisher":{"@id":"https:\/\/www.vallonchene.fr\/es\/#organization"},"potentialAction":[{"@type":"SearchAction","target":{"@type":"EntryPoint","urlTemplate":"https:\/\/www.vallonchene.fr\/es\/?s={search_term_string}"},"query-input":{"@type":"PropertyValueSpecification","valueRequired":true,"valueName":"search_term_string"}}],"inLanguage":"es"},{"@type":"Organization","@id":"https:\/\/www.vallonchene.fr\/es\/#organization","name":"VALLONCHENE","url":"https:\/\/www.vallonchene.fr\/es\/","logo":{"@type":"ImageObject","inLanguage":"es","@id":"https:\/\/www.vallonchene.fr\/es\/#\/schema\/logo\/image\/","url":"https:\/\/www.vallonchene.fr\/wp-content\/uploads\/2023\/03\/Logo-Vallonchene-site-et-R_hauteur_100.png","contentUrl":"https:\/\/www.vallonchene.fr\/wp-content\/uploads\/2023\/03\/Logo-Vallonchene-site-et-R_hauteur_100.png","width":221,"height":100,"caption":"VALLONCHENE"},"image":{"@id":"https:\/\/www.vallonchene.fr\/es\/#\/schema\/logo\/image\/"},"sameAs":["https:\/\/www.facebook.com\/vallonchene.fr","https:\/\/www.instagram.com\/vallonchene\/","https:\/\/www.pinterest.fr\/vallonchene\/"],"taxID":"49454502300017","hasMerchantReturnPolicy":{"@type":"MerchantReturnPolicy","merchantReturnLink":"https:\/\/www.vallonchene.fr\/remboursements_retours\/"}}]},"og_availability":"out of stock","product_availability":"out of stock","product_retailer_item_id":"62239","product_condition":"new"},"_links":{"self":[{"href":"https:\/\/www.vallonchene.fr\/es\/wp-json\/wp\/v2\/product\/22386","targetHints":{"allow":["GET"]}}],"collection":[{"href":"https:\/\/www.vallonchene.fr\/es\/wp-json\/wp\/v2\/product"}],"about":[{"href":"https:\/\/www.vallonchene.fr\/es\/wp-json\/wp\/v2\/types\/product"}],"replies":[{"embeddable":true,"href":"https:\/\/www.vallonchene.fr\/es\/wp-json\/wp\/v2\/comments?post=22386"}],"wp:featuredmedia":[{"embeddable":true,"href":"https:\/\/www.vallonchene.fr\/es\/wp-json\/wp\/v2\/media\/22383"}],"wp:attachment":[{"href":"https:\/\/www.vallonchene.fr\/es\/wp-json\/wp\/v2\/media?parent=22386"}],"wp:term":[{"taxonomy":"product_brand","embeddable":true,"href":"https:\/\/www.vallonchene.fr\/es\/wp-json\/wp\/v2\/product_brand?post=22386"},{"taxonomy":"product_cat","embeddable":true,"href":"https:\/\/www.vallonchene.fr\/es\/wp-json\/wp\/v2\/product_cat?post=22386"},{"taxonomy":"product_tag","embeddable":true,"href":"https:\/\/www.vallonchene.fr\/es\/wp-json\/wp\/v2\/product_tag?post=22386"}],"curies":[{"name":"wp","href":"https:\/\/api.w.org\/{rel}","templated":true}]}}