{"id":21990,"date":"2021-08-31T10:44:00","date_gmt":"2021-08-31T10:44:00","guid":{"rendered":"https:\/\/testing.vallonchene.fr\/produit\/acer-pseudoplatanus-worley\/"},"modified":"2024-09-27T09:14:18","modified_gmt":"2024-09-27T09:14:18","slug":"acer-pseudoplatanus-worley","status":"publish","type":"product","link":"https:\/\/www.vallonchene.fr\/es\/producto\/acer-pseudoplatanus-worley\/","title":{"rendered":"ACER pseudoplatanus &#8216;Worley&#8217;"},"content":{"rendered":"","protected":false},"excerpt":{"rendered":"<p>Cet <b>\u00e9rable sycomore<\/b> a des jeunes pousses avec un feuillage dor\u00e9. L&#8217;<b>ACER pseudoplatanus &#8216;Worley&#8217;<\/b> a une croissance assez mod\u00e9r\u00e9e.<\/p>\n","protected":false},"featured_media":21987,"comment_status":"open","ping_status":"closed","template":"","meta":[],"product_brand":[],"product_cat":[251],"product_tag":[595,7949,8739,7950,7951,7952,8740],"class_list":{"0":"post-21990","1":"product","2":"type-product","3":"status-publish","4":"has-post-thumbnail","6":"product_cat-arbustes-et-arbres","7":"product_tag-acer","8":"product_tag-acer-pseudoplatanus","9":"product_tag-acer-pseudoplatanus-worley","10":"product_tag-erable-sycomore","11":"product_tag-faux-platane","12":"product_tag-grand-erable","13":"product_tag-worley","14":"pa_99-hauteurapproximativeapres1-3a5m","15":"pa_couleurdesfleurs-jaune","16":"pa_couleurdufeuillage-jaune","17":"pa_couleurdufeuillage-vert","18":"pa_exigencesenhumidite-fraisahumide","19":"pa_exigencesenhumidite-moyen","20":"pa_exigencesenhumidite-sec","21":"pa_expositionspossibles-pleinsoleilde12ha17hmin","22":"pa_hauteurlivree-250-a-300-cm","23":"pa_interetauprintemps-feuillage","24":"pa_interetauprintemps-fleurs","25":"pa_interetauprintemps-jeunespousses","26":"pa_interetenautomne-feuillage","27":"pa_interetenete-feuillage","28":"pa_naturedufeuillage-caduc","29":"pa_naturesdesolpossibles-leger","30":"pa_naturesdesolpossibles-lourd","31":"pa_naturesdesolpossibles-normal","32":"pa_periodedetaille-mars","33":"pa_phdusolacceptable-acidemoinsde65","34":"pa_phdusolacceptable-calcaireplusde75","35":"pa_phdusolacceptable-neutreentre65et75","36":"pa_portgraphisme-arrondi","37":"pa_resistanceaufroidrusticite-resistant-en-dessous-de-moins-20-degree-c","38":"pa_tailledepot-pot-de-15-litres","39":"pa_utilisationpossible-isole","40":"pa_utilisationpossible-massif","42":"first","43":"outofstock","44":"taxable","45":"shipping-taxable","46":"purchasable","47":"product-type-variable","48":"has-default-attributes"},"supplier_id":null,"supplier_sku":"","barcode":null,"atum_controlled":true,"out_stock_date":null,"out_stock_threshold":null,"inheritable":false,"inbound_stock":0,"stock_on_hold":0,"sold_today":null,"sales_last_days":null,"reserved_stock":0,"customer_returns":0,"warehouse_damage":0,"lost_in_post":0,"other_logs":0,"out_stock_days":null,"lost_sales":null,"has_location":false,"update_date":"2025-10-29T14:10:12","atum_locations":[],"atum_stock_status":"outofstock","restock_status":false,"low_stock_amount":"","sales_update_date":"2025-10-29T14:10:12","calc_backorders":null,"yoast_head":"<!-- This site is optimized with the Yoast SEO Premium plugin v27.4 (Yoast SEO v27.4) - https:\/\/yoast.com\/product\/yoast-seo-premium-wordpress\/ -->\n<title>ACER pseudoplatanus &#039;Worley&#039; - \u00e9rable sycomore<\/title>\n<meta name=\"description\" content=\"Cet \u00e9rable sycomore a des jeunes pousses avec un feuillage dor\u00e9. L&#039;ACER pseudoplatanus &#039;Worley&#039; a une croissance assez mod\u00e9r\u00e9e.\" \/>\n<meta name=\"robots\" content=\"index, follow, max-snippet:-1, max-image-preview:large, max-video-preview:-1\" \/>\n<link rel=\"canonical\" href=\"https:\/\/www.vallonchene.fr\/es\/producto\/acer-pseudoplatanus-worley\/\" \/>\n<meta property=\"og:locale\" content=\"es_ES\" \/>\n<meta property=\"og:type\" content=\"article\" \/>\n<meta property=\"og:title\" content=\"ACER pseudoplatanus &#039;Worley&#039;\" \/>\n<meta property=\"og:description\" content=\"Cet \u00e9rable sycomore a des jeunes pousses avec un feuillage dor\u00e9. L&#039;ACER pseudoplatanus &#039;Worley&#039; a une croissance assez mod\u00e9r\u00e9e.\" \/>\n<meta property=\"og:url\" content=\"https:\/\/www.vallonchene.fr\/es\/producto\/acer-pseudoplatanus-worley\/\" \/>\n<meta property=\"og:site_name\" content=\"Vallonch\u00eane\" \/>\n<meta property=\"article:publisher\" content=\"https:\/\/www.facebook.com\/vallonchene.fr\" \/>\n<meta property=\"article:modified_time\" content=\"2024-09-27T09:14:18+00:00\" \/>\n<meta property=\"og:image\" content=\"https:\/\/www.vallonchene.fr\/wp-content\/uploads\/2021\/08\/4065-508-Feuillage-de-lACER-pseudoplatanus-Worley-a-lombre.jpg\" \/>\n\t<meta property=\"og:image:width\" content=\"1500\" \/>\n\t<meta property=\"og:image:height\" content=\"1500\" \/>\n\t<meta property=\"og:image:type\" content=\"image\/jpeg\" \/>\n<meta name=\"twitter:card\" content=\"summary_large_image\" \/>\n<meta name=\"twitter:label1\" content=\"Disponibilidad\" \/>\n\t<meta name=\"twitter:data1\" content=\"Agotado\" \/>\n<script type=\"application\/ld+json\" class=\"yoast-schema-graph\">{\"@context\":\"https:\\\/\\\/schema.org\",\"@graph\":[{\"@type\":\"WebPage\",\"@id\":\"https:\\\/\\\/www.vallonchene.fr\\\/es\\\/producto\\\/acer-pseudoplatanus-worley\\\/\",\"url\":\"https:\\\/\\\/www.vallonchene.fr\\\/es\\\/producto\\\/acer-pseudoplatanus-worley\\\/\",\"name\":\"ACER pseudoplatanus 'Worley' - \u00e9rable sycomore\",\"isPartOf\":{\"@id\":\"https:\\\/\\\/www.vallonchene.fr\\\/es\\\/#website\"},\"primaryImageOfPage\":{\"@id\":\"https:\\\/\\\/www.vallonchene.fr\\\/es\\\/producto\\\/acer-pseudoplatanus-worley\\\/#primaryimage\"},\"image\":{\"@id\":\"https:\\\/\\\/www.vallonchene.fr\\\/es\\\/producto\\\/acer-pseudoplatanus-worley\\\/#primaryimage\"},\"thumbnailUrl\":\"https:\\\/\\\/www.vallonchene.fr\\\/wp-content\\\/uploads\\\/2021\\\/08\\\/4065-508-Feuillage-de-lACER-pseudoplatanus-Worley-a-lombre.jpg\",\"datePublished\":\"2021-08-31T10:44:00+00:00\",\"dateModified\":\"2024-09-27T09:14:18+00:00\",\"description\":\"Cet \u00e9rable sycomore a des jeunes pousses avec un feuillage dor\u00e9. L'ACER pseudoplatanus 'Worley' a une croissance assez mod\u00e9r\u00e9e.\",\"breadcrumb\":{\"@id\":\"https:\\\/\\\/www.vallonchene.fr\\\/es\\\/producto\\\/acer-pseudoplatanus-worley\\\/#breadcrumb\"},\"inLanguage\":\"es\",\"potentialAction\":[{\"@type\":\"ReadAction\",\"target\":[\"https:\\\/\\\/www.vallonchene.fr\\\/es\\\/producto\\\/acer-pseudoplatanus-worley\\\/\"]}]},{\"@type\":\"ImageObject\",\"inLanguage\":\"es\",\"@id\":\"https:\\\/\\\/www.vallonchene.fr\\\/es\\\/producto\\\/acer-pseudoplatanus-worley\\\/#primaryimage\",\"url\":\"https:\\\/\\\/www.vallonchene.fr\\\/wp-content\\\/uploads\\\/2021\\\/08\\\/4065-508-Feuillage-de-lACER-pseudoplatanus-Worley-a-lombre.jpg\",\"contentUrl\":\"https:\\\/\\\/www.vallonchene.fr\\\/wp-content\\\/uploads\\\/2021\\\/08\\\/4065-508-Feuillage-de-lACER-pseudoplatanus-Worley-a-lombre.jpg\",\"width\":1500,\"height\":1500,\"caption\":\"Feuillage de l'ACER pseudoplatanus 'Worley' \u00e0 l'ombre\"},{\"@type\":\"BreadcrumbList\",\"@id\":\"https:\\\/\\\/www.vallonchene.fr\\\/es\\\/producto\\\/acer-pseudoplatanus-worley\\\/#breadcrumb\",\"itemListElement\":[{\"@type\":\"ListItem\",\"position\":1,\"name\":\"Home\",\"item\":\"https:\\\/\\\/www.vallonchene.fr\\\/es\\\/\"},{\"@type\":\"ListItem\",\"position\":2,\"name\":\"Tienda\",\"item\":\"https:\\\/\\\/www.vallonchene.fr\\\/tienda\\\/\"},{\"@type\":\"ListItem\",\"position\":3,\"name\":\"Venta en linea\",\"item\":\"https:\\\/\\\/www.vallonchene.fr\\\/es\\\/categoria-producto\\\/venta-en-linea\\\/\"},{\"@type\":\"ListItem\",\"position\":4,\"name\":\"Vivero\",\"item\":\"https:\\\/\\\/www.vallonchene.fr\\\/es\\\/categoria-producto\\\/venta-en-linea\\\/vivero\\\/\"},{\"@type\":\"ListItem\",\"position\":5,\"name\":\"Arbustos y \u00e1rboles\",\"item\":\"https:\\\/\\\/www.vallonchene.fr\\\/es\\\/categoria-producto\\\/venta-en-linea\\\/vivero\\\/arbustos-y-arboles\\\/\"},{\"@type\":\"ListItem\",\"position\":6,\"name\":\"ACER pseudoplatanus &#8216;Worley&#8217;\"}]},{\"@type\":\"WebSite\",\"@id\":\"https:\\\/\\\/www.vallonchene.fr\\\/es\\\/#website\",\"url\":\"https:\\\/\\\/www.vallonchene.fr\\\/es\\\/\",\"name\":\"Vallonch\u00eane\",\"description\":\"El vivero donde la calidad tiene sus ra\u00edces \u2013 Tel.: +33 (0)2.35.90.02.02\",\"publisher\":{\"@id\":\"https:\\\/\\\/www.vallonchene.fr\\\/es\\\/#organization\"},\"potentialAction\":[{\"@type\":\"SearchAction\",\"target\":{\"@type\":\"EntryPoint\",\"urlTemplate\":\"https:\\\/\\\/www.vallonchene.fr\\\/es\\\/?s={search_term_string}\"},\"query-input\":{\"@type\":\"PropertyValueSpecification\",\"valueRequired\":true,\"valueName\":\"search_term_string\"}}],\"inLanguage\":\"es\"},{\"@type\":\"Organization\",\"@id\":\"https:\\\/\\\/www.vallonchene.fr\\\/es\\\/#organization\",\"name\":\"VALLONCHENE\",\"url\":\"https:\\\/\\\/www.vallonchene.fr\\\/es\\\/\",\"logo\":{\"@type\":\"ImageObject\",\"inLanguage\":\"es\",\"@id\":\"https:\\\/\\\/www.vallonchene.fr\\\/es\\\/#\\\/schema\\\/logo\\\/image\\\/\",\"url\":\"https:\\\/\\\/www.vallonchene.fr\\\/wp-content\\\/uploads\\\/2023\\\/03\\\/Logo-Vallonchene-site-et-R_hauteur_100.png\",\"contentUrl\":\"https:\\\/\\\/www.vallonchene.fr\\\/wp-content\\\/uploads\\\/2023\\\/03\\\/Logo-Vallonchene-site-et-R_hauteur_100.png\",\"width\":221,\"height\":100,\"caption\":\"VALLONCHENE\"},\"image\":{\"@id\":\"https:\\\/\\\/www.vallonchene.fr\\\/es\\\/#\\\/schema\\\/logo\\\/image\\\/\"},\"sameAs\":[\"https:\\\/\\\/www.facebook.com\\\/vallonchene.fr\",\"https:\\\/\\\/www.instagram.com\\\/vallonchene\\\/\",\"https:\\\/\\\/www.pinterest.fr\\\/vallonchene\\\/\"],\"taxID\":\"49454502300017\",\"hasMerchantReturnPolicy\":{\"@type\":\"MerchantReturnPolicy\",\"merchantReturnLink\":\"https:\\\/\\\/www.vallonchene.fr\\\/remboursements_retours\\\/\"}}]}<\/script>\n<meta property=\"og:availability\" content=\"out of stock\" \/>\n<meta property=\"product:availability\" content=\"out of stock\" \/>\n<meta property=\"product:retailer_item_id\" content=\"13632\" \/>\n<meta property=\"product:condition\" content=\"new\" \/>\n<!-- \/ Yoast SEO Premium plugin. -->","yoast_head_json":{"title":"ACER pseudoplatanus 'Worley' - \u00e9rable sycomore","description":"Cet \u00e9rable sycomore a des jeunes pousses avec un feuillage dor\u00e9. L'ACER pseudoplatanus 'Worley' a une croissance assez mod\u00e9r\u00e9e.","robots":{"index":"index","follow":"follow","max-snippet":"max-snippet:-1","max-image-preview":"max-image-preview:large","max-video-preview":"max-video-preview:-1"},"canonical":"https:\/\/www.vallonchene.fr\/es\/producto\/acer-pseudoplatanus-worley\/","og_locale":"es_ES","og_type":"article","og_title":"ACER pseudoplatanus 'Worley'","og_description":"Cet \u00e9rable sycomore a des jeunes pousses avec un feuillage dor\u00e9. L'ACER pseudoplatanus 'Worley' a une croissance assez mod\u00e9r\u00e9e.","og_url":"https:\/\/www.vallonchene.fr\/es\/producto\/acer-pseudoplatanus-worley\/","og_site_name":"Vallonch\u00eane","article_publisher":"https:\/\/www.facebook.com\/vallonchene.fr","article_modified_time":"2024-09-27T09:14:18+00:00","og_image":[{"width":1500,"height":1500,"url":"https:\/\/www.vallonchene.fr\/wp-content\/uploads\/2021\/08\/4065-508-Feuillage-de-lACER-pseudoplatanus-Worley-a-lombre.jpg","type":"image\/jpeg"}],"twitter_card":"summary_large_image","twitter_misc":{"Disponibilidad":"Agotado"},"schema":{"@context":"https:\/\/schema.org","@graph":[{"@type":"WebPage","@id":"https:\/\/www.vallonchene.fr\/es\/producto\/acer-pseudoplatanus-worley\/","url":"https:\/\/www.vallonchene.fr\/es\/producto\/acer-pseudoplatanus-worley\/","name":"ACER pseudoplatanus 'Worley' - \u00e9rable sycomore","isPartOf":{"@id":"https:\/\/www.vallonchene.fr\/es\/#website"},"primaryImageOfPage":{"@id":"https:\/\/www.vallonchene.fr\/es\/producto\/acer-pseudoplatanus-worley\/#primaryimage"},"image":{"@id":"https:\/\/www.vallonchene.fr\/es\/producto\/acer-pseudoplatanus-worley\/#primaryimage"},"thumbnailUrl":"https:\/\/www.vallonchene.fr\/wp-content\/uploads\/2021\/08\/4065-508-Feuillage-de-lACER-pseudoplatanus-Worley-a-lombre.jpg","datePublished":"2021-08-31T10:44:00+00:00","dateModified":"2024-09-27T09:14:18+00:00","description":"Cet \u00e9rable sycomore a des jeunes pousses avec un feuillage dor\u00e9. L'ACER pseudoplatanus 'Worley' a une croissance assez mod\u00e9r\u00e9e.","breadcrumb":{"@id":"https:\/\/www.vallonchene.fr\/es\/producto\/acer-pseudoplatanus-worley\/#breadcrumb"},"inLanguage":"es","potentialAction":[{"@type":"ReadAction","target":["https:\/\/www.vallonchene.fr\/es\/producto\/acer-pseudoplatanus-worley\/"]}]},{"@type":"ImageObject","inLanguage":"es","@id":"https:\/\/www.vallonchene.fr\/es\/producto\/acer-pseudoplatanus-worley\/#primaryimage","url":"https:\/\/www.vallonchene.fr\/wp-content\/uploads\/2021\/08\/4065-508-Feuillage-de-lACER-pseudoplatanus-Worley-a-lombre.jpg","contentUrl":"https:\/\/www.vallonchene.fr\/wp-content\/uploads\/2021\/08\/4065-508-Feuillage-de-lACER-pseudoplatanus-Worley-a-lombre.jpg","width":1500,"height":1500,"caption":"Feuillage de l'ACER pseudoplatanus 'Worley' \u00e0 l'ombre"},{"@type":"BreadcrumbList","@id":"https:\/\/www.vallonchene.fr\/es\/producto\/acer-pseudoplatanus-worley\/#breadcrumb","itemListElement":[{"@type":"ListItem","position":1,"name":"Home","item":"https:\/\/www.vallonchene.fr\/es\/"},{"@type":"ListItem","position":2,"name":"Tienda","item":"https:\/\/www.vallonchene.fr\/tienda\/"},{"@type":"ListItem","position":3,"name":"Venta en linea","item":"https:\/\/www.vallonchene.fr\/es\/categoria-producto\/venta-en-linea\/"},{"@type":"ListItem","position":4,"name":"Vivero","item":"https:\/\/www.vallonchene.fr\/es\/categoria-producto\/venta-en-linea\/vivero\/"},{"@type":"ListItem","position":5,"name":"Arbustos y \u00e1rboles","item":"https:\/\/www.vallonchene.fr\/es\/categoria-producto\/venta-en-linea\/vivero\/arbustos-y-arboles\/"},{"@type":"ListItem","position":6,"name":"ACER pseudoplatanus &#8216;Worley&#8217;"}]},{"@type":"WebSite","@id":"https:\/\/www.vallonchene.fr\/es\/#website","url":"https:\/\/www.vallonchene.fr\/es\/","name":"Vallonch\u00eane","description":"El vivero donde la calidad tiene sus ra\u00edces \u2013 Tel.: +33 (0)2.35.90.02.02","publisher":{"@id":"https:\/\/www.vallonchene.fr\/es\/#organization"},"potentialAction":[{"@type":"SearchAction","target":{"@type":"EntryPoint","urlTemplate":"https:\/\/www.vallonchene.fr\/es\/?s={search_term_string}"},"query-input":{"@type":"PropertyValueSpecification","valueRequired":true,"valueName":"search_term_string"}}],"inLanguage":"es"},{"@type":"Organization","@id":"https:\/\/www.vallonchene.fr\/es\/#organization","name":"VALLONCHENE","url":"https:\/\/www.vallonchene.fr\/es\/","logo":{"@type":"ImageObject","inLanguage":"es","@id":"https:\/\/www.vallonchene.fr\/es\/#\/schema\/logo\/image\/","url":"https:\/\/www.vallonchene.fr\/wp-content\/uploads\/2023\/03\/Logo-Vallonchene-site-et-R_hauteur_100.png","contentUrl":"https:\/\/www.vallonchene.fr\/wp-content\/uploads\/2023\/03\/Logo-Vallonchene-site-et-R_hauteur_100.png","width":221,"height":100,"caption":"VALLONCHENE"},"image":{"@id":"https:\/\/www.vallonchene.fr\/es\/#\/schema\/logo\/image\/"},"sameAs":["https:\/\/www.facebook.com\/vallonchene.fr","https:\/\/www.instagram.com\/vallonchene\/","https:\/\/www.pinterest.fr\/vallonchene\/"],"taxID":"49454502300017","hasMerchantReturnPolicy":{"@type":"MerchantReturnPolicy","merchantReturnLink":"https:\/\/www.vallonchene.fr\/remboursements_retours\/"}}]},"og_availability":"out of stock","product_availability":"out of stock","product_retailer_item_id":"13632","product_condition":"new"},"_links":{"self":[{"href":"https:\/\/www.vallonchene.fr\/es\/wp-json\/wp\/v2\/product\/21990","targetHints":{"allow":["GET"]}}],"collection":[{"href":"https:\/\/www.vallonchene.fr\/es\/wp-json\/wp\/v2\/product"}],"about":[{"href":"https:\/\/www.vallonchene.fr\/es\/wp-json\/wp\/v2\/types\/product"}],"replies":[{"embeddable":true,"href":"https:\/\/www.vallonchene.fr\/es\/wp-json\/wp\/v2\/comments?post=21990"}],"wp:featuredmedia":[{"embeddable":true,"href":"https:\/\/www.vallonchene.fr\/es\/wp-json\/wp\/v2\/media\/21987"}],"wp:attachment":[{"href":"https:\/\/www.vallonchene.fr\/es\/wp-json\/wp\/v2\/media?parent=21990"}],"wp:term":[{"taxonomy":"product_brand","embeddable":true,"href":"https:\/\/www.vallonchene.fr\/es\/wp-json\/wp\/v2\/product_brand?post=21990"},{"taxonomy":"product_cat","embeddable":true,"href":"https:\/\/www.vallonchene.fr\/es\/wp-json\/wp\/v2\/product_cat?post=21990"},{"taxonomy":"product_tag","embeddable":true,"href":"https:\/\/www.vallonchene.fr\/es\/wp-json\/wp\/v2\/product_tag?post=21990"}],"curies":[{"name":"wp","href":"https:\/\/api.w.org\/{rel}","templated":true}]}}