{"id":21531,"date":"2021-08-31T10:46:56","date_gmt":"2021-08-31T10:46:56","guid":{"rendered":"https:\/\/testing.vallonchene.fr\/produit\/brassaiopsis-mitis\/"},"modified":"2024-09-27T08:57:10","modified_gmt":"2024-09-27T08:57:10","slug":"brassaiopsis-mitis","status":"publish","type":"product","link":"https:\/\/www.vallonchene.fr\/es\/producto\/brassaiopsis-mitis\/","title":{"rendered":"BRASSAIOPSIS mitis"},"content":{"rendered":"\r\n<p>Le <strong>BRASSAIOPSIS mitis<\/strong> est probablement <strong>LA plante des collectionneurs<\/strong> en ce moment. Ses <strong>imposantes feuilles juv\u00e9niles<\/strong> avec leur <strong>d\u00e9coupe totalement inhabituelle<\/strong> au bout de leur longue tige conf\u00e8rent au jardin une ambiance vraiment exotique. Elles ressemblent \u00e0 des plumes vertes accroch\u00e9es autour d&#8217;un disque. Le diam\u00e8tre de chaque feuille de la s\u00e9lection que nous produisons mesure environ 60 \u00e0 80 cm.<br \/>Au d\u00e9bourrement, le feuillage est franchement gris (voir la photo) pour ensuite devenir bien vert. Les tiges, elles, mesurent approximativement 80 cm. <br \/>Le BRASSAIOPSIS mitis d\u00e9veloppe de multiples troncs. Ils sont gris clair et \u00e9pineux. <br \/><strong>Tous les BRASSAIOPSIS vendus sur notre site Internet sont multipli\u00e9s chez nous par bouture pour assurer l&#8217;identit\u00e9 g\u00e9n\u00e9tique et disposent d\u00e9j\u00e0 d&#8217;un tronc. <\/strong>Sa hauteur est pr\u00e9cis\u00e9e en centim\u00e8tres pour chaque taille. Cela est aussi essentiel pour une bonne reprise.<\/p>\r\n<p>Pour visionner les autres vari\u00e9t\u00e9s de BRASSAIOPSIS actuellement disponibles, <a href=\"https:\/\/www.vallonchene.fr\/?s=brassaiopsis&amp;post_type=product&amp;dgwt_wcas=1&amp;lang=fr&amp;filter_stock_status=instock\"><strong>merci de cliquer ici<\/strong><\/a>.<\/p>\r\n\r\n<h2 id=\"h-comment-planter-le-brassaiopsis-mitis\" class=\"wp-block-heading has-x-large-font-size\">Comment planter le BRASSAIOPSIS mitis<\/h2>\r\n\r\n\r\n\r\n<p>Le BRASSAIOPSIS aime les endroits <strong>\u00e0 l&#8217;ombre ou \u00e0 mi-ombre<\/strong>.<\/p>\r\n<p>De plus, il appr\u00e9cie les <strong>sols normaux ou l\u00e9gers<\/strong>, mais <strong>moyennement humides ou humides<\/strong>. N\u00e9anmoins, abstenez-vous de le planter dans des lieux o\u00f9 l&#8217;eau stagne en hiver pour \u00e9viter le pourrissement. Il supporte des <strong>temp\u00e9ratures jusqu&#8217;\u00e0 -10\u00b0 C<\/strong>. Cette plante tol\u00e8re <strong>tout pH<\/strong>.<\/p>\r\n<p>Pour une bonne pr\u00e9paration du pot ou du trou de plantation, nous avons con\u00e7u des <a href=\"https:\/\/www.vallonchene.fr\/comment-planter-et-entretenir-des-vegetaux\/\" target=\"_blank\" rel=\"noreferrer noopener\"><strong>instructions sp\u00e9cifiques disponibles ici<\/strong><\/a>. Lisez aussi <a href=\"https:\/\/www.vallonchene.fr\/comment-bien-arroser-le-jardin-et-economiser-leau\/\"><strong>nos astuces comment bien arroser et \u00e9conomiser l&#8217;eau ici<\/strong><\/a>.<\/p>\r\n\r\n<h2 id=\"h-histoire-et-origine\" class=\"wp-block-heading has-x-large-font-size\">Histoire et Origine<\/h2>\r\n\r\n\r\n\r\n<p>Le BRASSAIOPSIS mitis fait partie de la <strong>famille des araliaceae<\/strong>. Le genre est compos\u00e9 d&#8217;une petite cinquantaine d&#8217;esp\u00e8ces.<\/p>\r\n<p>Si les BRASSAIOPSIS ont tous des formes de feuilles extraordinaires, le feuillage du <strong>B. mitis est probablement le plus impressionnant<\/strong>.<\/p>\r\n<p>Par ailleurs, le BRASSAIOPSIS mitis est end\u00e9mique dans l&#8217;<a href=\"https:\/\/fr.wikipedia.org\/wiki\/Himalaya\" target=\"_blank\" rel=\"noreferrer noopener\"><strong>Himalaya<\/strong><\/a>. Il y pousse en sous-bois.<\/p>\r\n<p>La plante a \u00e9t\u00e9 d\u00e9crite pour la premi\u00e8re fois par le botaniste <a href=\"https:\/\/fr.wikipedia.org\/wiki\/Charles_Baron_Clarke\" target=\"_blank\" rel=\"noreferrer noopener\"><strong>C.B. Clarke<\/strong><\/a> en 1879.<\/p>\r\n","protected":false},"excerpt":{"rendered":"<p>Le\u00a0<b>BRASSAIOPSIS mitis<\/b> fait partie des <b>araliac\u00e9es<\/b>. C&#8217;est une plante extr\u00eamement rare et tr\u00e8s originale par la forme de ses feuilles g\u00e9antes et d\u00e9coup\u00e9es.<\/p>\n<p><strong>Tous les BRASSAIOPSIS vendus sur notre site Internet sont multipli\u00e9s chez nous par bouture pour assurer l&#8217;identit\u00e9 g\u00e9n\u00e9tique et disposent d\u00e9j\u00e0 d&#8217;un tronc. <\/strong>Sa hauteur est pr\u00e9cis\u00e9e en centim\u00e8tres pour chaque taille.<\/p>\n","protected":false},"featured_media":42087,"comment_status":"open","ping_status":"closed","template":"","meta":[],"product_brand":[],"product_cat":[11499,11821],"product_tag":[2319,8586,8587],"class_list":{"0":"post-21531","1":"product","2":"type-product","3":"status-publish","4":"has-post-thumbnail","6":"product_cat-arbustos-y-arboles","7":"product_cat-plantas-raras-plantas-de-coleccion","8":"product_tag-aralia","9":"product_tag-araliacees","10":"product_tag-brassaiopsis-mitis","11":"pa_99-hauteurapproximativeapres1-3-a-5-m","12":"pa_couleurdelecorce-gris-es","13":"pa_couleurdufeuillage-verde","14":"pa_exigencesenhumidite-moderadamente-humedo-a-humedo","15":"pa_exigencesenhumidite-promedio","16":"pa_expositionspossibles-sombra-parcial-evitar-el-sol-de-12-a-17-horas","17":"pa_expositionspossibles-sombra-sin-sol-directo","18":"pa_hauteurlivree-10-a-20-cm-excluyendo-tronco","19":"pa_hauteurlivree-100-a-125-cm","20":"pa_hauteurlivree-15-a-20-cm-es","21":"pa_hauteurlivree-25-a-30-cm-es","22":"pa_hauteurlivree-30-a-40-cm-es","23":"pa_hauteurlivree-40-a-50-cm-es","24":"pa_hauteurlivree-50-a-60-cm-es","25":"pa_interetauprintemps-corteza","26":"pa_interetauprintemps-follaje","27":"pa_interetauprintemps-habitus","28":"pa_interetauprintemps-brotes-jovenes","29":"pa_interetenautomne-corteza","30":"pa_interetenautomne-follaje","31":"pa_interetenautomne-habitus","32":"pa_interetenete-corteza","33":"pa_interetenete-follaje","34":"pa_interetenete-habitus","35":"pa_interetenhiver-corteza","36":"pa_interetenhiver-habitus","37":"pa_naturedufeuillage-caduco","38":"pa_naturesdesolpossibles-ligero","39":"pa_naturesdesolpossibles-normal-es","40":"pa_particularites-habitus","41":"pa_periodedetaille-marzo","42":"pa_phdusolacceptable-acido-menos-de-6_5","43":"pa_phdusolacceptable-neutro-entre-6_5-y-7_5","44":"pa_portgraphisme-fastigiado","45":"pa_resistanceaufroidrusticite-resistente-hasta-menos-10-c","46":"pa_tailledepot-maceta-de-12-litros","47":"pa_tailledepot-maceta-de-4-litros","48":"pa_tailledepot-maceta-de-5-litros","49":"pa_utilisationpossible-aislado","50":"pa_utilisationpossible-arriate","52":"first","53":"outofstock","54":"taxable","55":"shipping-taxable","56":"purchasable","57":"product-type-variable","58":"has-default-attributes"},"supplier_id":null,"supplier_sku":"","barcode":null,"atum_controlled":true,"out_stock_date":null,"out_stock_threshold":null,"inheritable":true,"inbound_stock":0,"stock_on_hold":0,"sold_today":0,"sales_last_days":0,"reserved_stock":0,"customer_returns":0,"warehouse_damage":0,"lost_in_post":0,"other_logs":0,"out_stock_days":null,"lost_sales":0,"has_location":false,"update_date":"2024-09-27T06:58:33","atum_locations":[],"atum_stock_status":"outofstock","restock_status":false,"low_stock_amount":"","sales_update_date":"2024-06-14T08:02:18","calc_backorders":null,"yoast_head":"<!-- This site is optimized with the Yoast SEO Premium plugin v27.4 (Yoast SEO v27.4) - https:\/\/yoast.com\/product\/yoast-seo-premium-wordpress\/ -->\n<title>BRASSAIOPSIS mitis - aralia<\/title>\n<meta name=\"description\" content=\"Le\u00a0BRASSAIOPSIS mitis fait partie des araliac\u00e9es. C&#039;est une plante extr\u00eamement rare et tr\u00e8s originale par la forme de ses feuilles g\u00e9antes et d\u00e9coup\u00e9es.\" \/>\n<meta name=\"robots\" content=\"index, follow, max-snippet:-1, max-image-preview:large, max-video-preview:-1\" \/>\n<link rel=\"canonical\" href=\"https:\/\/www.vallonchene.fr\/es\/producto\/brassaiopsis-mitis\/\" \/>\n<meta property=\"og:locale\" content=\"es_ES\" \/>\n<meta property=\"og:type\" content=\"article\" \/>\n<meta property=\"og:title\" content=\"BRASSAIOPSIS mitis\" \/>\n<meta property=\"og:description\" content=\"Le\u00a0BRASSAIOPSIS mitis fait partie des araliac\u00e9es. C&#039;est une plante extr\u00eamement rare et tr\u00e8s originale par la forme de ses feuilles g\u00e9antes et d\u00e9coup\u00e9es.\" \/>\n<meta property=\"og:url\" content=\"https:\/\/www.vallonchene.fr\/es\/producto\/brassaiopsis-mitis\/\" \/>\n<meta property=\"og:site_name\" content=\"Vallonch\u00eane\" \/>\n<meta property=\"article:publisher\" content=\"https:\/\/www.facebook.com\/vallonchene.fr\" \/>\n<meta property=\"article:modified_time\" content=\"2024-09-27T08:57:10+00:00\" \/>\n<meta property=\"og:image\" content=\"https:\/\/www.vallonchene.fr\/wp-content\/uploads\/2023\/07\/BRASSAIOPSIS-mitis_05.webp\" \/>\n\t<meta property=\"og:image:width\" content=\"1000\" \/>\n\t<meta property=\"og:image:height\" content=\"1000\" \/>\n\t<meta property=\"og:image:type\" content=\"image\/webp\" \/>\n<meta name=\"twitter:card\" content=\"summary_large_image\" \/>\n<meta name=\"twitter:label1\" content=\"Disponibilidad\" \/>\n\t<meta name=\"twitter:data1\" content=\"Agotado\" \/>\n<script type=\"application\/ld+json\" class=\"yoast-schema-graph\">{\"@context\":\"https:\\\/\\\/schema.org\",\"@graph\":[{\"@type\":\"WebPage\",\"@id\":\"https:\\\/\\\/www.vallonchene.fr\\\/es\\\/producto\\\/brassaiopsis-mitis\\\/\",\"url\":\"https:\\\/\\\/www.vallonchene.fr\\\/es\\\/producto\\\/brassaiopsis-mitis\\\/\",\"name\":\"BRASSAIOPSIS mitis - aralia\",\"isPartOf\":{\"@id\":\"https:\\\/\\\/www.vallonchene.fr\\\/es\\\/#website\"},\"primaryImageOfPage\":{\"@id\":\"https:\\\/\\\/www.vallonchene.fr\\\/es\\\/producto\\\/brassaiopsis-mitis\\\/#primaryimage\"},\"image\":{\"@id\":\"https:\\\/\\\/www.vallonchene.fr\\\/es\\\/producto\\\/brassaiopsis-mitis\\\/#primaryimage\"},\"thumbnailUrl\":\"https:\\\/\\\/www.vallonchene.fr\\\/wp-content\\\/uploads\\\/2023\\\/07\\\/BRASSAIOPSIS-mitis_05.webp\",\"datePublished\":\"2021-08-31T10:46:56+00:00\",\"dateModified\":\"2024-09-27T08:57:10+00:00\",\"description\":\"Le\u00a0BRASSAIOPSIS mitis fait partie des araliac\u00e9es. C'est une plante extr\u00eamement rare et tr\u00e8s originale par la forme de ses feuilles g\u00e9antes et d\u00e9coup\u00e9es.\",\"breadcrumb\":{\"@id\":\"https:\\\/\\\/www.vallonchene.fr\\\/es\\\/producto\\\/brassaiopsis-mitis\\\/#breadcrumb\"},\"inLanguage\":\"es\",\"potentialAction\":[{\"@type\":\"ReadAction\",\"target\":[\"https:\\\/\\\/www.vallonchene.fr\\\/es\\\/producto\\\/brassaiopsis-mitis\\\/\"]}]},{\"@type\":\"ImageObject\",\"inLanguage\":\"es\",\"@id\":\"https:\\\/\\\/www.vallonchene.fr\\\/es\\\/producto\\\/brassaiopsis-mitis\\\/#primaryimage\",\"url\":\"https:\\\/\\\/www.vallonchene.fr\\\/wp-content\\\/uploads\\\/2023\\\/07\\\/BRASSAIOPSIS-mitis_05.webp\",\"contentUrl\":\"https:\\\/\\\/www.vallonchene.fr\\\/wp-content\\\/uploads\\\/2023\\\/07\\\/BRASSAIOPSIS-mitis_05.webp\",\"width\":1000,\"height\":1000,\"caption\":\"Feuillage juv\u00e9nil du BRASSAIOPSIS mitis compar\u00e9 \u00e0 une main d'homme\"},{\"@type\":\"BreadcrumbList\",\"@id\":\"https:\\\/\\\/www.vallonchene.fr\\\/es\\\/producto\\\/brassaiopsis-mitis\\\/#breadcrumb\",\"itemListElement\":[{\"@type\":\"ListItem\",\"position\":1,\"name\":\"Home\",\"item\":\"https:\\\/\\\/www.vallonchene.fr\\\/es\\\/\"},{\"@type\":\"ListItem\",\"position\":2,\"name\":\"Tienda\",\"item\":\"https:\\\/\\\/www.vallonchene.fr\\\/tienda\\\/\"},{\"@type\":\"ListItem\",\"position\":3,\"name\":\"Venta en linea\",\"item\":\"https:\\\/\\\/www.vallonchene.fr\\\/es\\\/categoria-producto\\\/venta-en-linea\\\/\"},{\"@type\":\"ListItem\",\"position\":4,\"name\":\"Vivero\",\"item\":\"https:\\\/\\\/www.vallonchene.fr\\\/es\\\/categoria-producto\\\/venta-en-linea\\\/vivero\\\/\"},{\"@type\":\"ListItem\",\"position\":5,\"name\":\"Arbustos y \u00e1rboles\",\"item\":\"https:\\\/\\\/www.vallonchene.fr\\\/es\\\/categoria-producto\\\/venta-en-linea\\\/vivero\\\/arbustos-y-arboles\\\/\"},{\"@type\":\"ListItem\",\"position\":6,\"name\":\"BRASSAIOPSIS mitis\"}]},{\"@type\":\"WebSite\",\"@id\":\"https:\\\/\\\/www.vallonchene.fr\\\/es\\\/#website\",\"url\":\"https:\\\/\\\/www.vallonchene.fr\\\/es\\\/\",\"name\":\"Vallonch\u00eane\",\"description\":\"El vivero donde la calidad tiene sus ra\u00edces \u2013 Tel.: +33 (0)2.35.90.02.02\",\"publisher\":{\"@id\":\"https:\\\/\\\/www.vallonchene.fr\\\/es\\\/#organization\"},\"potentialAction\":[{\"@type\":\"SearchAction\",\"target\":{\"@type\":\"EntryPoint\",\"urlTemplate\":\"https:\\\/\\\/www.vallonchene.fr\\\/es\\\/?s={search_term_string}\"},\"query-input\":{\"@type\":\"PropertyValueSpecification\",\"valueRequired\":true,\"valueName\":\"search_term_string\"}}],\"inLanguage\":\"es\"},{\"@type\":\"Organization\",\"@id\":\"https:\\\/\\\/www.vallonchene.fr\\\/es\\\/#organization\",\"name\":\"VALLONCHENE\",\"url\":\"https:\\\/\\\/www.vallonchene.fr\\\/es\\\/\",\"logo\":{\"@type\":\"ImageObject\",\"inLanguage\":\"es\",\"@id\":\"https:\\\/\\\/www.vallonchene.fr\\\/es\\\/#\\\/schema\\\/logo\\\/image\\\/\",\"url\":\"https:\\\/\\\/www.vallonchene.fr\\\/wp-content\\\/uploads\\\/2023\\\/03\\\/Logo-Vallonchene-site-et-R_hauteur_100.png\",\"contentUrl\":\"https:\\\/\\\/www.vallonchene.fr\\\/wp-content\\\/uploads\\\/2023\\\/03\\\/Logo-Vallonchene-site-et-R_hauteur_100.png\",\"width\":221,\"height\":100,\"caption\":\"VALLONCHENE\"},\"image\":{\"@id\":\"https:\\\/\\\/www.vallonchene.fr\\\/es\\\/#\\\/schema\\\/logo\\\/image\\\/\"},\"sameAs\":[\"https:\\\/\\\/www.facebook.com\\\/vallonchene.fr\",\"https:\\\/\\\/www.instagram.com\\\/vallonchene\\\/\",\"https:\\\/\\\/www.pinterest.fr\\\/vallonchene\\\/\"],\"taxID\":\"49454502300017\",\"hasMerchantReturnPolicy\":{\"@type\":\"MerchantReturnPolicy\",\"merchantReturnLink\":\"https:\\\/\\\/www.vallonchene.fr\\\/remboursements_retours\\\/\"}}]}<\/script>\n<meta property=\"og:availability\" content=\"out of stock\" \/>\n<meta property=\"product:availability\" content=\"out of stock\" \/>\n<meta property=\"product:retailer_item_id\" content=\"44621\" \/>\n<meta property=\"product:condition\" content=\"new\" \/>\n<!-- \/ Yoast SEO Premium plugin. -->","yoast_head_json":{"title":"BRASSAIOPSIS mitis - aralia","description":"Le\u00a0BRASSAIOPSIS mitis fait partie des araliac\u00e9es. C'est une plante extr\u00eamement rare et tr\u00e8s originale par la forme de ses feuilles g\u00e9antes et d\u00e9coup\u00e9es.","robots":{"index":"index","follow":"follow","max-snippet":"max-snippet:-1","max-image-preview":"max-image-preview:large","max-video-preview":"max-video-preview:-1"},"canonical":"https:\/\/www.vallonchene.fr\/es\/producto\/brassaiopsis-mitis\/","og_locale":"es_ES","og_type":"article","og_title":"BRASSAIOPSIS mitis","og_description":"Le\u00a0BRASSAIOPSIS mitis fait partie des araliac\u00e9es. C'est une plante extr\u00eamement rare et tr\u00e8s originale par la forme de ses feuilles g\u00e9antes et d\u00e9coup\u00e9es.","og_url":"https:\/\/www.vallonchene.fr\/es\/producto\/brassaiopsis-mitis\/","og_site_name":"Vallonch\u00eane","article_publisher":"https:\/\/www.facebook.com\/vallonchene.fr","article_modified_time":"2024-09-27T08:57:10+00:00","og_image":[{"width":1000,"height":1000,"url":"https:\/\/www.vallonchene.fr\/wp-content\/uploads\/2023\/07\/BRASSAIOPSIS-mitis_05.webp","type":"image\/webp"}],"twitter_card":"summary_large_image","twitter_misc":{"Disponibilidad":"Agotado"},"schema":{"@context":"https:\/\/schema.org","@graph":[{"@type":"WebPage","@id":"https:\/\/www.vallonchene.fr\/es\/producto\/brassaiopsis-mitis\/","url":"https:\/\/www.vallonchene.fr\/es\/producto\/brassaiopsis-mitis\/","name":"BRASSAIOPSIS mitis - aralia","isPartOf":{"@id":"https:\/\/www.vallonchene.fr\/es\/#website"},"primaryImageOfPage":{"@id":"https:\/\/www.vallonchene.fr\/es\/producto\/brassaiopsis-mitis\/#primaryimage"},"image":{"@id":"https:\/\/www.vallonchene.fr\/es\/producto\/brassaiopsis-mitis\/#primaryimage"},"thumbnailUrl":"https:\/\/www.vallonchene.fr\/wp-content\/uploads\/2023\/07\/BRASSAIOPSIS-mitis_05.webp","datePublished":"2021-08-31T10:46:56+00:00","dateModified":"2024-09-27T08:57:10+00:00","description":"Le\u00a0BRASSAIOPSIS mitis fait partie des araliac\u00e9es. C'est une plante extr\u00eamement rare et tr\u00e8s originale par la forme de ses feuilles g\u00e9antes et d\u00e9coup\u00e9es.","breadcrumb":{"@id":"https:\/\/www.vallonchene.fr\/es\/producto\/brassaiopsis-mitis\/#breadcrumb"},"inLanguage":"es","potentialAction":[{"@type":"ReadAction","target":["https:\/\/www.vallonchene.fr\/es\/producto\/brassaiopsis-mitis\/"]}]},{"@type":"ImageObject","inLanguage":"es","@id":"https:\/\/www.vallonchene.fr\/es\/producto\/brassaiopsis-mitis\/#primaryimage","url":"https:\/\/www.vallonchene.fr\/wp-content\/uploads\/2023\/07\/BRASSAIOPSIS-mitis_05.webp","contentUrl":"https:\/\/www.vallonchene.fr\/wp-content\/uploads\/2023\/07\/BRASSAIOPSIS-mitis_05.webp","width":1000,"height":1000,"caption":"Feuillage juv\u00e9nil du BRASSAIOPSIS mitis compar\u00e9 \u00e0 une main d'homme"},{"@type":"BreadcrumbList","@id":"https:\/\/www.vallonchene.fr\/es\/producto\/brassaiopsis-mitis\/#breadcrumb","itemListElement":[{"@type":"ListItem","position":1,"name":"Home","item":"https:\/\/www.vallonchene.fr\/es\/"},{"@type":"ListItem","position":2,"name":"Tienda","item":"https:\/\/www.vallonchene.fr\/tienda\/"},{"@type":"ListItem","position":3,"name":"Venta en linea","item":"https:\/\/www.vallonchene.fr\/es\/categoria-producto\/venta-en-linea\/"},{"@type":"ListItem","position":4,"name":"Vivero","item":"https:\/\/www.vallonchene.fr\/es\/categoria-producto\/venta-en-linea\/vivero\/"},{"@type":"ListItem","position":5,"name":"Arbustos y \u00e1rboles","item":"https:\/\/www.vallonchene.fr\/es\/categoria-producto\/venta-en-linea\/vivero\/arbustos-y-arboles\/"},{"@type":"ListItem","position":6,"name":"BRASSAIOPSIS mitis"}]},{"@type":"WebSite","@id":"https:\/\/www.vallonchene.fr\/es\/#website","url":"https:\/\/www.vallonchene.fr\/es\/","name":"Vallonch\u00eane","description":"El vivero donde la calidad tiene sus ra\u00edces \u2013 Tel.: +33 (0)2.35.90.02.02","publisher":{"@id":"https:\/\/www.vallonchene.fr\/es\/#organization"},"potentialAction":[{"@type":"SearchAction","target":{"@type":"EntryPoint","urlTemplate":"https:\/\/www.vallonchene.fr\/es\/?s={search_term_string}"},"query-input":{"@type":"PropertyValueSpecification","valueRequired":true,"valueName":"search_term_string"}}],"inLanguage":"es"},{"@type":"Organization","@id":"https:\/\/www.vallonchene.fr\/es\/#organization","name":"VALLONCHENE","url":"https:\/\/www.vallonchene.fr\/es\/","logo":{"@type":"ImageObject","inLanguage":"es","@id":"https:\/\/www.vallonchene.fr\/es\/#\/schema\/logo\/image\/","url":"https:\/\/www.vallonchene.fr\/wp-content\/uploads\/2023\/03\/Logo-Vallonchene-site-et-R_hauteur_100.png","contentUrl":"https:\/\/www.vallonchene.fr\/wp-content\/uploads\/2023\/03\/Logo-Vallonchene-site-et-R_hauteur_100.png","width":221,"height":100,"caption":"VALLONCHENE"},"image":{"@id":"https:\/\/www.vallonchene.fr\/es\/#\/schema\/logo\/image\/"},"sameAs":["https:\/\/www.facebook.com\/vallonchene.fr","https:\/\/www.instagram.com\/vallonchene\/","https:\/\/www.pinterest.fr\/vallonchene\/"],"taxID":"49454502300017","hasMerchantReturnPolicy":{"@type":"MerchantReturnPolicy","merchantReturnLink":"https:\/\/www.vallonchene.fr\/remboursements_retours\/"}}]},"og_availability":"out of stock","product_availability":"out of stock","product_retailer_item_id":"44621","product_condition":"new"},"_links":{"self":[{"href":"https:\/\/www.vallonchene.fr\/es\/wp-json\/wp\/v2\/product\/21531","targetHints":{"allow":["GET"]}}],"collection":[{"href":"https:\/\/www.vallonchene.fr\/es\/wp-json\/wp\/v2\/product"}],"about":[{"href":"https:\/\/www.vallonchene.fr\/es\/wp-json\/wp\/v2\/types\/product"}],"replies":[{"embeddable":true,"href":"https:\/\/www.vallonchene.fr\/es\/wp-json\/wp\/v2\/comments?post=21531"}],"wp:featuredmedia":[{"embeddable":true,"href":"https:\/\/www.vallonchene.fr\/es\/wp-json\/wp\/v2\/media\/42087"}],"wp:attachment":[{"href":"https:\/\/www.vallonchene.fr\/es\/wp-json\/wp\/v2\/media?parent=21531"}],"wp:term":[{"taxonomy":"product_brand","embeddable":true,"href":"https:\/\/www.vallonchene.fr\/es\/wp-json\/wp\/v2\/product_brand?post=21531"},{"taxonomy":"product_cat","embeddable":true,"href":"https:\/\/www.vallonchene.fr\/es\/wp-json\/wp\/v2\/product_cat?post=21531"},{"taxonomy":"product_tag","embeddable":true,"href":"https:\/\/www.vallonchene.fr\/es\/wp-json\/wp\/v2\/product_tag?post=21531"}],"curies":[{"name":"wp","href":"https:\/\/api.w.org\/{rel}","templated":true}]}}