{"id":20041,"date":"2021-08-31T11:36:05","date_gmt":"2021-08-31T11:36:05","guid":{"rendered":"https:\/\/testing.vallonchene.fr\/produit\/sassafras-albidum\/"},"modified":"2025-04-11T21:14:32","modified_gmt":"2025-04-11T20:14:32","slug":"sassafras-albidum","status":"publish","type":"product","link":"https:\/\/www.vallonchene.fr\/es\/producto\/sassafras-albidum\/","title":{"rendered":"SASSAFRAS albidum"},"content":{"rendered":"<p>Le <strong>SASSAFRAS albidum<\/strong>, \u00e9galement appel\u00e9 <strong>laurier des Iroquois<\/strong>, appartient aux plantes rares. Curieusement, cette plante caduque <strong>produit trois formes de feuillage<\/strong> simultan\u00e9ment (\u00e0 un lobe, deux lobes et trois lobes).<br \/>\nD&#8217;ailleurs, les feuilles vertes se transforment \u00e0 l&#8217;automne en un v\u00e9ritable feu d&#8217;artifice. En effet, elles prennent alors des <strong>couleurs tr\u00e8s intensives de jaune, orange et rouge<\/strong> (voir photos).<br \/>\nM\u00eame si cette plante se classe dans les arbres, retenez qu&#8217;elle ne pousse que tr\u00e8s lentement et peut se consid\u00e9rer comme <strong>un petit, voire tr\u00e8s petit arbre<\/strong>. Il a une forme buissonnante et <strong>fleurit vert\/jaune<\/strong> avant l&#8217;apparition des feuilles. Les fruits prennent une couleur bleue\/noire et disposent d&#8217;une tige rouge\u00e2tre.<\/p>\n<h2>Comment planter le SASSAFRAS albidum ?<\/h2>\n<p>Trouvez-lui un endroit <strong>\u00e0 mi-ombre ou en plein soleil<\/strong>. Il peut trouver sa place <strong>en massif ou en isol\u00e9<\/strong>.<br \/>\nLe sol doit \u00eatre <strong>frais \u00e0 humide, moyennement humide ou m\u00eame sec<\/strong>. Toutefois, ce tr\u00e8s petit arbre pr\u00e9f\u00e8re l&#8217;humidit\u00e9.<br \/>\nCependant, <strong>le sol doit \u00eatre bien drain\u00e9<\/strong> et l\u00e9ger ou normal, mais pas lourd avec un <strong>pH acide ou neutre<\/strong>.<\/p>\n<p>Pour une bonne pr\u00e9paration du pot ou du trou de plantation, nous avons con\u00e7u des <a href=\"https:\/\/www.vallonchene.fr\/comment-planter-et-entretenir-des-vegetaux\/\" target=\"_blank\" rel=\"noreferrer noopener\"><strong>instructions sp\u00e9cifiques disponibles ici<\/strong><\/a>. Lisez aussi <a href=\"https:\/\/www.vallonchene.fr\/comment-bien-arroser-le-jardin-et-economiser-leau\/\"><strong>nos astuces comment bien arroser et \u00e9conomiser l\u2019eau ici<\/strong><\/a>.<\/p>\n<h2>Histoire et Origine<\/h2>\n<p><strong><a href=\"https:\/\/fr.wikipedia.org\/wiki\/Thomas_Nuttall\" target=\"_blank\" rel=\"noopener\">Thomas Nuttall<\/a><\/strong> d\u00e9crit le SASSAFRAS albidum pour la premi\u00e8re fois en 1818 sous le nom de <em>Laurus albida<\/em>. Christian Gottfried Daniel Nees von Esenbeck lui attribue le nom actuel en 1836.<br \/>\nD&#8217;autres synonymes existent tels que : <em>Laurus sassafras<\/em>, <em>S. albidum var. molle<\/em>, <em>S. officinalis<\/em> ou encore <em>S. variifolium<\/em>.<\/p>\n<p>Le S. albidum trouve ses origines dans l&#8217;est de l&#8217;Am\u00e9rique du Nord : <a href=\"https:\/\/fr.wikipedia.org\/wiki\/Ontario\" target=\"_blank\" rel=\"noopener\">Ontario<\/a> (Canada) et de nombreux \u00c9tats des Etats-Unis d&#8217;Am\u00e9rique dans cette r\u00e9gion.<br \/>\nOn le rencontre dans les habitats tr\u00e8s diff\u00e9rents : For\u00eats, terrains vagues, terrains nus ou encore des terres d&#8217;errosions.<br \/>\nIl pousse aussi dans la for\u00eat vierge du V\u00e9n\u00e9zu\u00e9la.<\/p>\n<p>Par ailleurs, on obtient l&#8217;huile de sassafras par distillation \u00e0 la vapeur \u00e0 partir de l&#8217;\u00e9corce et des fruits. Cette huile s&#8217;appelle aussi le <strong><a href=\"https:\/\/fr.wikipedia.org\/wiki\/Safrole\" target=\"_blank\" rel=\"noopener\">Safrole<\/a><\/strong>. Il s&#8217;utilise comme parfum et ar\u00f4me.<br \/>\nPuis, certains peuples indig\u00e8nes utilisaient les branches comme bois \u00e0 m\u00e2cher. Parfois, des substances de l&#8217;\u00e9corce s&#8217;emploient dans les dentifrices.<br \/>\nLe safrole fournit aussi des mati\u00e8res premi\u00e8res pour la production de l&#8217;<strong><a href=\"https:\/\/fr.wikipedia.org\/wiki\/MDMA\" target=\"_blank\" rel=\"noopener\">Ecstasy (MDMA)<\/a><\/strong>. \u00c0 ce titre, le commerce des extraits de Sassafras est interdit en Union Europ\u00e9enne.<br \/>\nEnfin, le bois du sassafras peut \u00eatre utilis\u00e9 dans la fabrication d&#8217;instruments.<\/p>\n","protected":false},"excerpt":{"rendered":"<p>Ce <strong>laurier des iroquois<\/strong> est spectaculaire par son feuillage avec trois formes diff\u00e9rentes. Le <strong>SASSAFRAS albidum<\/strong> prend des couleurs flamboyantes \u00e0 l&#8217;automne. C&#8217;est une plante tr\u00e8s rare.<\/p>\n","protected":false},"featured_media":44444,"comment_status":"open","ping_status":"closed","template":"","meta":[],"product_brand":[],"product_cat":[11499,11821],"product_tag":[7923,7922],"class_list":{"0":"post-20041","1":"product","2":"type-product","3":"status-publish","4":"has-post-thumbnail","6":"product_cat-arbustos-y-arboles","7":"product_cat-plantas-raras-plantas-de-coleccion","8":"product_tag-laurier-des-iroquois","9":"product_tag-sassafras-albidum","10":"pa_99-hauteurapproximativeapres1-1-00-a-1-50-m","11":"pa_couleurdesfleurs-amarilla","12":"pa_couleurdufeuillage-verde","13":"pa_exigencesenhumidite-moderadamente-humedo-a-humedo","14":"pa_exigencesenhumidite-promedio","15":"pa_exigencesenhumidite-seco","16":"pa_expositionspossibles-sombra-parcial-evitar-el-sol-de-12-a-17-horas","17":"pa_expositionspossibles-pleno-sol-de-12-a-17-min","18":"pa_hauteurlivree-100-a-125-cm","19":"pa_hauteurlivree-40-a-50-cm-es","20":"pa_interetauprintemps-follaje","21":"pa_interetauprintemps-flores","22":"pa_interetenautomne-follaje","23":"pa_interetenete-follaje","24":"pa_naturedufeuillage-caduco","25":"pa_naturesdesolpossibles-ligero","26":"pa_naturesdesolpossibles-normal-es","27":"pa_periodedefloraison-primavera","28":"pa_periodedetaille-marzo","29":"pa_phdusolacceptable-acido-menos-de-6_5","30":"pa_phdusolacceptable-neutro-entre-6_5-y-7_5","31":"pa_portgraphisme-arbustivo-es","32":"pa_resistanceaufroidrusticite-resistente-hasta-menos-20-c","33":"pa_tailledepot-maceta-de-3-litros","34":"pa_tailledepot-maceta-de-4-litros","35":"pa_tailledepot-maceta-de-7_5-litros","36":"pa_utilisationpossible-aislado","37":"pa_utilisationpossible-arriate","39":"first","40":"instock","41":"taxable","42":"shipping-taxable","43":"purchasable","44":"product-type-variable","45":"has-default-attributes"},"supplier_id":null,"supplier_sku":"","barcode":null,"atum_controlled":true,"out_stock_date":null,"out_stock_threshold":null,"inheritable":true,"inbound_stock":0,"stock_on_hold":0,"sold_today":0,"sales_last_days":0,"reserved_stock":0,"customer_returns":0,"warehouse_damage":0,"lost_in_post":0,"other_logs":0,"out_stock_days":null,"lost_sales":0,"has_location":false,"update_date":"2025-05-09T07:45:43","atum_locations":[],"atum_stock_status":"instock","restock_status":false,"low_stock_amount":"","sales_update_date":"2025-05-09T07:45:43","calc_backorders":null,"yoast_head":"<!-- This site is optimized with the Yoast SEO Premium plugin v27.5 (Yoast SEO v27.5) - https:\/\/yoast.com\/product\/yoast-seo-premium-wordpress\/ -->\n<title>SASSAFRAS albidum - Laurier des Iroquois<\/title>\n<meta name=\"description\" content=\"Ce laurier des iroquois est spectaculaire par son feuillage avec trois formes diff\u00e9rentes. Le SASSAFRAS albidum prend des couleurs flamboyantes \u00e0 l&#039;automne.\" \/>\n<meta name=\"robots\" content=\"index, follow, max-snippet:-1, max-image-preview:large, max-video-preview:-1\" \/>\n<link rel=\"canonical\" href=\"https:\/\/www.vallonchene.fr\/es\/producto\/sassafras-albidum\/\" \/>\n<meta property=\"og:locale\" content=\"es_ES\" \/>\n<meta property=\"og:type\" content=\"article\" \/>\n<meta property=\"og:title\" content=\"SASSAFRAS albidum\" \/>\n<meta property=\"og:description\" content=\"Ce laurier des iroquois est spectaculaire par son feuillage avec trois formes diff\u00e9rentes. Le SASSAFRAS albidum prend des couleurs flamboyantes \u00e0 l&#039;automne.\" \/>\n<meta property=\"og:url\" content=\"https:\/\/www.vallonchene.fr\/es\/producto\/sassafras-albidum\/\" \/>\n<meta property=\"og:site_name\" content=\"Vallonch\u00eane\" \/>\n<meta property=\"article:publisher\" content=\"https:\/\/www.facebook.com\/vallonchene.fr\" \/>\n<meta property=\"article:modified_time\" content=\"2025-04-11T20:14:32+00:00\" \/>\n<meta property=\"og:image\" content=\"https:\/\/www.vallonchene.fr\/wp-content\/uploads\/2023\/10\/SASSAFRAS-albidum_01.webp\" \/>\n\t<meta property=\"og:image:width\" content=\"1200\" \/>\n\t<meta property=\"og:image:height\" content=\"1200\" \/>\n\t<meta property=\"og:image:type\" content=\"image\/webp\" \/>\n<meta name=\"twitter:card\" content=\"summary_large_image\" \/>\n<meta name=\"twitter:label1\" content=\"Disponibilidad\" \/>\n\t<meta name=\"twitter:data1\" content=\"En stock\" \/>\n<script type=\"application\/ld+json\" class=\"yoast-schema-graph\">{\"@context\":\"https:\\\/\\\/schema.org\",\"@graph\":[{\"@type\":\"WebPage\",\"@id\":\"https:\\\/\\\/www.vallonchene.fr\\\/es\\\/producto\\\/sassafras-albidum\\\/\",\"url\":\"https:\\\/\\\/www.vallonchene.fr\\\/es\\\/producto\\\/sassafras-albidum\\\/\",\"name\":\"SASSAFRAS albidum - Laurier des Iroquois\",\"isPartOf\":{\"@id\":\"https:\\\/\\\/www.vallonchene.fr\\\/es\\\/#website\"},\"primaryImageOfPage\":{\"@id\":\"https:\\\/\\\/www.vallonchene.fr\\\/es\\\/producto\\\/sassafras-albidum\\\/#primaryimage\"},\"image\":{\"@id\":\"https:\\\/\\\/www.vallonchene.fr\\\/es\\\/producto\\\/sassafras-albidum\\\/#primaryimage\"},\"thumbnailUrl\":\"https:\\\/\\\/www.vallonchene.fr\\\/wp-content\\\/uploads\\\/2023\\\/10\\\/SASSAFRAS-albidum_01.webp\",\"datePublished\":\"2021-08-31T11:36:05+00:00\",\"dateModified\":\"2025-04-11T20:14:32+00:00\",\"description\":\"Ce laurier des iroquois est spectaculaire par son feuillage avec trois formes diff\u00e9rentes. Le SASSAFRAS albidum prend des couleurs flamboyantes \u00e0 l'automne.\",\"breadcrumb\":{\"@id\":\"https:\\\/\\\/www.vallonchene.fr\\\/es\\\/producto\\\/sassafras-albidum\\\/#breadcrumb\"},\"inLanguage\":\"es\",\"potentialAction\":[{\"@type\":\"ReadAction\",\"target\":[\"https:\\\/\\\/www.vallonchene.fr\\\/es\\\/producto\\\/sassafras-albidum\\\/\"]}]},{\"@type\":\"ImageObject\",\"inLanguage\":\"es\",\"@id\":\"https:\\\/\\\/www.vallonchene.fr\\\/es\\\/producto\\\/sassafras-albidum\\\/#primaryimage\",\"url\":\"https:\\\/\\\/www.vallonchene.fr\\\/wp-content\\\/uploads\\\/2023\\\/10\\\/SASSAFRAS-albidum_01.webp\",\"contentUrl\":\"https:\\\/\\\/www.vallonchene.fr\\\/wp-content\\\/uploads\\\/2023\\\/10\\\/SASSAFRAS-albidum_01.webp\",\"width\":1200,\"height\":1200,\"caption\":\"Gros plan sur le feuillage vert \u00e0 formes variables du SASSAFRAS albidum\"},{\"@type\":\"BreadcrumbList\",\"@id\":\"https:\\\/\\\/www.vallonchene.fr\\\/es\\\/producto\\\/sassafras-albidum\\\/#breadcrumb\",\"itemListElement\":[{\"@type\":\"ListItem\",\"position\":1,\"name\":\"Home\",\"item\":\"https:\\\/\\\/www.vallonchene.fr\\\/es\\\/\"},{\"@type\":\"ListItem\",\"position\":2,\"name\":\"Tienda\",\"item\":\"https:\\\/\\\/www.vallonchene.fr\\\/tienda\\\/\"},{\"@type\":\"ListItem\",\"position\":3,\"name\":\"Venta en linea\",\"item\":\"https:\\\/\\\/www.vallonchene.fr\\\/es\\\/categoria-producto\\\/venta-en-linea\\\/\"},{\"@type\":\"ListItem\",\"position\":4,\"name\":\"Vivero\",\"item\":\"https:\\\/\\\/www.vallonchene.fr\\\/es\\\/categoria-producto\\\/venta-en-linea\\\/vivero\\\/\"},{\"@type\":\"ListItem\",\"position\":5,\"name\":\"Arbustos y \u00e1rboles\",\"item\":\"https:\\\/\\\/www.vallonchene.fr\\\/es\\\/categoria-producto\\\/venta-en-linea\\\/vivero\\\/arbustos-y-arboles\\\/\"},{\"@type\":\"ListItem\",\"position\":6,\"name\":\"SASSAFRAS albidum\"}]},{\"@type\":\"WebSite\",\"@id\":\"https:\\\/\\\/www.vallonchene.fr\\\/es\\\/#website\",\"url\":\"https:\\\/\\\/www.vallonchene.fr\\\/es\\\/\",\"name\":\"Vallonch\u00eane\",\"description\":\"El vivero donde la calidad tiene sus ra\u00edces \u2013 Tel.: +33 (0)2.35.90.02.02\",\"publisher\":{\"@id\":\"https:\\\/\\\/www.vallonchene.fr\\\/es\\\/#organization\"},\"potentialAction\":[{\"@type\":\"SearchAction\",\"target\":{\"@type\":\"EntryPoint\",\"urlTemplate\":\"https:\\\/\\\/www.vallonchene.fr\\\/es\\\/?s={search_term_string}\"},\"query-input\":{\"@type\":\"PropertyValueSpecification\",\"valueRequired\":true,\"valueName\":\"search_term_string\"}}],\"inLanguage\":\"es\"},{\"@type\":\"Organization\",\"@id\":\"https:\\\/\\\/www.vallonchene.fr\\\/es\\\/#organization\",\"name\":\"VALLONCHENE\",\"url\":\"https:\\\/\\\/www.vallonchene.fr\\\/es\\\/\",\"logo\":{\"@type\":\"ImageObject\",\"inLanguage\":\"es\",\"@id\":\"https:\\\/\\\/www.vallonchene.fr\\\/es\\\/#\\\/schema\\\/logo\\\/image\\\/\",\"url\":\"https:\\\/\\\/www.vallonchene.fr\\\/wp-content\\\/uploads\\\/2023\\\/03\\\/Logo-Vallonchene-site-et-R_hauteur_100.png\",\"contentUrl\":\"https:\\\/\\\/www.vallonchene.fr\\\/wp-content\\\/uploads\\\/2023\\\/03\\\/Logo-Vallonchene-site-et-R_hauteur_100.png\",\"width\":221,\"height\":100,\"caption\":\"VALLONCHENE\"},\"image\":{\"@id\":\"https:\\\/\\\/www.vallonchene.fr\\\/es\\\/#\\\/schema\\\/logo\\\/image\\\/\"},\"sameAs\":[\"https:\\\/\\\/www.facebook.com\\\/vallonchene.fr\",\"https:\\\/\\\/www.instagram.com\\\/vallonchene\\\/\",\"https:\\\/\\\/www.pinterest.fr\\\/vallonchene\\\/\"],\"taxID\":\"49454502300017\",\"hasMerchantReturnPolicy\":{\"@type\":\"MerchantReturnPolicy\",\"merchantReturnLink\":\"https:\\\/\\\/www.vallonchene.fr\\\/remboursements_retours\\\/\"}}]}<\/script>\n<meta property=\"og:availability\" content=\"instock\" \/>\n<meta property=\"product:availability\" content=\"instock\" \/>\n<meta property=\"product:retailer_item_id\" content=\"64139\" \/>\n<meta property=\"product:condition\" content=\"new\" \/>\n<!-- \/ Yoast SEO Premium plugin. -->","yoast_head_json":{"title":"SASSAFRAS albidum - Laurier des Iroquois","description":"Ce laurier des iroquois est spectaculaire par son feuillage avec trois formes diff\u00e9rentes. Le SASSAFRAS albidum prend des couleurs flamboyantes \u00e0 l'automne.","robots":{"index":"index","follow":"follow","max-snippet":"max-snippet:-1","max-image-preview":"max-image-preview:large","max-video-preview":"max-video-preview:-1"},"canonical":"https:\/\/www.vallonchene.fr\/es\/producto\/sassafras-albidum\/","og_locale":"es_ES","og_type":"article","og_title":"SASSAFRAS albidum","og_description":"Ce laurier des iroquois est spectaculaire par son feuillage avec trois formes diff\u00e9rentes. Le SASSAFRAS albidum prend des couleurs flamboyantes \u00e0 l'automne.","og_url":"https:\/\/www.vallonchene.fr\/es\/producto\/sassafras-albidum\/","og_site_name":"Vallonch\u00eane","article_publisher":"https:\/\/www.facebook.com\/vallonchene.fr","article_modified_time":"2025-04-11T20:14:32+00:00","og_image":[{"width":1200,"height":1200,"url":"https:\/\/www.vallonchene.fr\/wp-content\/uploads\/2023\/10\/SASSAFRAS-albidum_01.webp","type":"image\/webp"}],"twitter_card":"summary_large_image","twitter_misc":{"Disponibilidad":"En stock"},"schema":{"@context":"https:\/\/schema.org","@graph":[{"@type":"WebPage","@id":"https:\/\/www.vallonchene.fr\/es\/producto\/sassafras-albidum\/","url":"https:\/\/www.vallonchene.fr\/es\/producto\/sassafras-albidum\/","name":"SASSAFRAS albidum - Laurier des Iroquois","isPartOf":{"@id":"https:\/\/www.vallonchene.fr\/es\/#website"},"primaryImageOfPage":{"@id":"https:\/\/www.vallonchene.fr\/es\/producto\/sassafras-albidum\/#primaryimage"},"image":{"@id":"https:\/\/www.vallonchene.fr\/es\/producto\/sassafras-albidum\/#primaryimage"},"thumbnailUrl":"https:\/\/www.vallonchene.fr\/wp-content\/uploads\/2023\/10\/SASSAFRAS-albidum_01.webp","datePublished":"2021-08-31T11:36:05+00:00","dateModified":"2025-04-11T20:14:32+00:00","description":"Ce laurier des iroquois est spectaculaire par son feuillage avec trois formes diff\u00e9rentes. Le SASSAFRAS albidum prend des couleurs flamboyantes \u00e0 l'automne.","breadcrumb":{"@id":"https:\/\/www.vallonchene.fr\/es\/producto\/sassafras-albidum\/#breadcrumb"},"inLanguage":"es","potentialAction":[{"@type":"ReadAction","target":["https:\/\/www.vallonchene.fr\/es\/producto\/sassafras-albidum\/"]}]},{"@type":"ImageObject","inLanguage":"es","@id":"https:\/\/www.vallonchene.fr\/es\/producto\/sassafras-albidum\/#primaryimage","url":"https:\/\/www.vallonchene.fr\/wp-content\/uploads\/2023\/10\/SASSAFRAS-albidum_01.webp","contentUrl":"https:\/\/www.vallonchene.fr\/wp-content\/uploads\/2023\/10\/SASSAFRAS-albidum_01.webp","width":1200,"height":1200,"caption":"Gros plan sur le feuillage vert \u00e0 formes variables du SASSAFRAS albidum"},{"@type":"BreadcrumbList","@id":"https:\/\/www.vallonchene.fr\/es\/producto\/sassafras-albidum\/#breadcrumb","itemListElement":[{"@type":"ListItem","position":1,"name":"Home","item":"https:\/\/www.vallonchene.fr\/es\/"},{"@type":"ListItem","position":2,"name":"Tienda","item":"https:\/\/www.vallonchene.fr\/tienda\/"},{"@type":"ListItem","position":3,"name":"Venta en linea","item":"https:\/\/www.vallonchene.fr\/es\/categoria-producto\/venta-en-linea\/"},{"@type":"ListItem","position":4,"name":"Vivero","item":"https:\/\/www.vallonchene.fr\/es\/categoria-producto\/venta-en-linea\/vivero\/"},{"@type":"ListItem","position":5,"name":"Arbustos y \u00e1rboles","item":"https:\/\/www.vallonchene.fr\/es\/categoria-producto\/venta-en-linea\/vivero\/arbustos-y-arboles\/"},{"@type":"ListItem","position":6,"name":"SASSAFRAS albidum"}]},{"@type":"WebSite","@id":"https:\/\/www.vallonchene.fr\/es\/#website","url":"https:\/\/www.vallonchene.fr\/es\/","name":"Vallonch\u00eane","description":"El vivero donde la calidad tiene sus ra\u00edces \u2013 Tel.: +33 (0)2.35.90.02.02","publisher":{"@id":"https:\/\/www.vallonchene.fr\/es\/#organization"},"potentialAction":[{"@type":"SearchAction","target":{"@type":"EntryPoint","urlTemplate":"https:\/\/www.vallonchene.fr\/es\/?s={search_term_string}"},"query-input":{"@type":"PropertyValueSpecification","valueRequired":true,"valueName":"search_term_string"}}],"inLanguage":"es"},{"@type":"Organization","@id":"https:\/\/www.vallonchene.fr\/es\/#organization","name":"VALLONCHENE","url":"https:\/\/www.vallonchene.fr\/es\/","logo":{"@type":"ImageObject","inLanguage":"es","@id":"https:\/\/www.vallonchene.fr\/es\/#\/schema\/logo\/image\/","url":"https:\/\/www.vallonchene.fr\/wp-content\/uploads\/2023\/03\/Logo-Vallonchene-site-et-R_hauteur_100.png","contentUrl":"https:\/\/www.vallonchene.fr\/wp-content\/uploads\/2023\/03\/Logo-Vallonchene-site-et-R_hauteur_100.png","width":221,"height":100,"caption":"VALLONCHENE"},"image":{"@id":"https:\/\/www.vallonchene.fr\/es\/#\/schema\/logo\/image\/"},"sameAs":["https:\/\/www.facebook.com\/vallonchene.fr","https:\/\/www.instagram.com\/vallonchene\/","https:\/\/www.pinterest.fr\/vallonchene\/"],"taxID":"49454502300017","hasMerchantReturnPolicy":{"@type":"MerchantReturnPolicy","merchantReturnLink":"https:\/\/www.vallonchene.fr\/remboursements_retours\/"}}]},"og_availability":"instock","product_availability":"instock","product_retailer_item_id":"64139","product_condition":"new"},"_links":{"self":[{"href":"https:\/\/www.vallonchene.fr\/es\/wp-json\/wp\/v2\/product\/20041","targetHints":{"allow":["GET"]}}],"collection":[{"href":"https:\/\/www.vallonchene.fr\/es\/wp-json\/wp\/v2\/product"}],"about":[{"href":"https:\/\/www.vallonchene.fr\/es\/wp-json\/wp\/v2\/types\/product"}],"replies":[{"embeddable":true,"href":"https:\/\/www.vallonchene.fr\/es\/wp-json\/wp\/v2\/comments?post=20041"}],"wp:featuredmedia":[{"embeddable":true,"href":"https:\/\/www.vallonchene.fr\/es\/wp-json\/wp\/v2\/media\/44444"}],"wp:attachment":[{"href":"https:\/\/www.vallonchene.fr\/es\/wp-json\/wp\/v2\/media?parent=20041"}],"wp:term":[{"taxonomy":"product_brand","embeddable":true,"href":"https:\/\/www.vallonchene.fr\/es\/wp-json\/wp\/v2\/product_brand?post=20041"},{"taxonomy":"product_cat","embeddable":true,"href":"https:\/\/www.vallonchene.fr\/es\/wp-json\/wp\/v2\/product_cat?post=20041"},{"taxonomy":"product_tag","embeddable":true,"href":"https:\/\/www.vallonchene.fr\/es\/wp-json\/wp\/v2\/product_tag?post=20041"}],"curies":[{"name":"wp","href":"https:\/\/api.w.org\/{rel}","templated":true}]}}