{"id":19438,"date":"2021-08-31T11:39:52","date_gmt":"2021-08-31T11:39:52","guid":{"rendered":"https:\/\/testing.vallonchene.fr\/produit\/taxus-baccata\/"},"modified":"2026-01-02T11:18:31","modified_gmt":"2026-01-02T10:18:31","slug":"taxus-baccata","status":"publish","type":"product","link":"https:\/\/www.vallonchene.fr\/es\/producto\/taxus-baccata\/","title":{"rendered":"TAXUS baccata"},"content":{"rendered":"","protected":false},"excerpt":{"rendered":"<p>L&#8217;<strong>if commun<\/strong> est une excellente plante de haie que l&#8217;on peut laisser pousser libre ou tailler de fa\u00e7on r\u00e9guli\u00e8re, m\u00eame en topiaire. Le <strong>TAXUS baccata<\/strong> est tr\u00e8s r\u00e9sistant au froid. Le grand avantage de ce conif\u00e8re par rapport aux thuyas et leylandii est son aptitude \u00e0 supporter tr\u00e8s bien la taille s\u00e9v\u00e8re.<\/p>\n","protected":false},"featured_media":19432,"comment_status":"open","ping_status":"closed","template":"","meta":[],"product_brand":[],"product_cat":[11502],"product_tag":[13163,13158],"class_list":{"0":"post-19438","1":"product","2":"type-product","3":"status-publish","4":"has-post-thumbnail","6":"product_cat-coniferas","7":"product_tag-tejo-comun","8":"product_tag-taxus-baccata","9":"pa_99-hauteurapproximativeapres1-2-a-3-m","10":"pa_couleurdesfruits-roja","11":"pa_couleurdufeuillage-verde","12":"pa_exigencesenhumidite-moderadamente-humedo-a-humedo","13":"pa_exigencesenhumidite-promedio","14":"pa_exigencesenhumidite-seco","15":"pa_expositionspossibles-sombra-parcial-evitar-el-sol-de-12-a-17-horas","16":"pa_expositionspossibles-sombra-sin-sol-directo","17":"pa_expositionspossibles-pleno-sol-de-12-a-17-min","18":"pa_hauteurlivree-100-a-125-cm","19":"pa_hauteurlivree-125-a-150-cm-es","20":"pa_hauteurlivree-150-a-175-cm-es","21":"pa_hauteurlivree-175-a-200-cm-es","22":"pa_hauteurlivree-200-a-250-cm-es","23":"pa_hauteurlivree-25-a-30-cm-es","24":"pa_hauteurlivree-30-a-40-cm-es","25":"pa_hauteurlivree-40-a-50-cm-es","26":"pa_hauteurlivree-40-a-60-cm-es","27":"pa_hauteurlivree-50-a-60-cm-es","28":"pa_hauteurlivree-60-a-80-cm-es","29":"pa_hauteurlivree-80-a-100-cm-es","30":"pa_interetauprintemps-follaje","31":"pa_interetenautomne-follaje","32":"pa_interetenautomne-frutas","33":"pa_interetenete-follaje","34":"pa_interetenhiver-follaje","35":"pa_interetenhiver-frutas","36":"pa_naturedufeuillage-siempreverde","37":"pa_naturesdesolpossibles-ligero","38":"pa_naturesdesolpossibles-pesado","39":"pa_naturesdesolpossibles-normal-es","40":"pa_periodedetaille-abril","41":"pa_periodedetaille-septiembre","42":"pa_phdusolacceptable-acido-menos-de-6_5","43":"pa_phdusolacceptable-calcareo-mas-de-7_5","44":"pa_phdusolacceptable-neutro-entre-6_5-y-7_5","45":"pa_portgraphisme-globoso","46":"pa_portgraphisme-arbustivo-es","47":"pa_resistanceaufroidrusticite-resistente-por-debajo-de-menos-20-c","48":"pa_tailledepot-cepellon","49":"pa_tailledepot-maceta-de-10-litros","50":"pa_tailledepot-maceta-de-12-litros","51":"pa_tailledepot-maceta-de-15-litros","52":"pa_tailledepot-maceta-de-2-litros","53":"pa_tailledepot-maceta-de-20-litros","54":"pa_tailledepot-maceta-de-3-litros","55":"pa_tailledepot-maceta-de-30-litros","56":"pa_tailledepot-maceta-de-4-litros","57":"pa_tailledepot-maceta-de-45-litros","58":"pa_tailledepot-maceta-de-5-litros","59":"pa_tailledepot-maceta-de-7_5-litros","60":"pa_utilisationpossible-contenedor-o-olla","61":"pa_utilisationpossible-cerca-viva","62":"pa_utilisationpossible-aislado","63":"pa_utilisationpossible-arriate","65":"first","66":"outofstock","67":"taxable","68":"shipping-taxable","69":"purchasable","70":"product-type-variable","71":"has-default-attributes"},"supplier_id":null,"supplier_sku":"","barcode":null,"atum_controlled":true,"out_stock_date":null,"out_stock_threshold":null,"inheritable":true,"inbound_stock":0,"stock_on_hold":0,"sold_today":0,"sales_last_days":0,"reserved_stock":0,"customer_returns":0,"warehouse_damage":0,"lost_in_post":0,"other_logs":0,"out_stock_days":null,"lost_sales":0,"has_location":false,"update_date":"2026-01-02T10:18:33","atum_locations":[],"atum_stock_status":"outofstock","restock_status":false,"low_stock_amount":"","sales_update_date":"2024-07-11T11:18:05","calc_backorders":null,"yoast_head":"<!-- This site is optimized with the Yoast SEO Premium plugin v27.5 (Yoast SEO v27.5) - https:\/\/yoast.com\/product\/yoast-seo-premium-wordpress\/ -->\n<title>TAXUS baccata - if commun<\/title>\n<meta name=\"description\" content=\"L&#039;if commun est une excellente plante de haie que l&#039;on peut laisser pousser libre ou tailler de fa\u00e7on r\u00e9guli\u00e8re, m\u00eame en topiaire. Le TAXUS baccata est tr\u00e8s r\u00e9sistant au froid. Le grand avantage de ce...\" \/>\n<meta name=\"robots\" content=\"index, follow, max-snippet:-1, max-image-preview:large, max-video-preview:-1\" \/>\n<link rel=\"canonical\" href=\"https:\/\/www.vallonchene.fr\/es\/producto\/taxus-baccata\/\" \/>\n<meta property=\"og:locale\" content=\"es_ES\" \/>\n<meta property=\"og:type\" content=\"article\" \/>\n<meta property=\"og:title\" content=\"TAXUS baccata\" \/>\n<meta property=\"og:description\" content=\"L&#039;if commun est une excellente plante de haie que l&#039;on peut laisser pousser libre ou tailler de fa\u00e7on r\u00e9guli\u00e8re, m\u00eame en topiaire. Le TAXUS baccata est tr\u00e8s r\u00e9sistant au froid. Le grand avantage de ce...\" \/>\n<meta property=\"og:url\" content=\"https:\/\/www.vallonchene.fr\/es\/producto\/taxus-baccata\/\" \/>\n<meta property=\"og:site_name\" content=\"Vallonch\u00eane\" \/>\n<meta property=\"article:publisher\" content=\"https:\/\/www.facebook.com\/vallonchene.fr\" \/>\n<meta property=\"article:modified_time\" content=\"2026-01-02T10:18:31+00:00\" \/>\n<meta property=\"og:image\" content=\"https:\/\/www.vallonchene.fr\/wp-content\/uploads\/2021\/08\/3692-ef9-TAXUS-baccata-en-Septembre.jpg\" \/>\n\t<meta property=\"og:image:width\" content=\"1600\" \/>\n\t<meta property=\"og:image:height\" content=\"1600\" \/>\n\t<meta property=\"og:image:type\" content=\"image\/jpeg\" \/>\n<meta name=\"twitter:card\" content=\"summary_large_image\" \/>\n<meta name=\"twitter:label1\" content=\"Disponibilidad\" \/>\n\t<meta name=\"twitter:data1\" content=\"Agotado\" \/>\n<script type=\"application\/ld+json\" class=\"yoast-schema-graph\">{\"@context\":\"https:\\\/\\\/schema.org\",\"@graph\":[{\"@type\":\"WebPage\",\"@id\":\"https:\\\/\\\/www.vallonchene.fr\\\/es\\\/producto\\\/taxus-baccata\\\/\",\"url\":\"https:\\\/\\\/www.vallonchene.fr\\\/es\\\/producto\\\/taxus-baccata\\\/\",\"name\":\"TAXUS baccata - if commun\",\"isPartOf\":{\"@id\":\"https:\\\/\\\/www.vallonchene.fr\\\/es\\\/#website\"},\"primaryImageOfPage\":{\"@id\":\"https:\\\/\\\/www.vallonchene.fr\\\/es\\\/producto\\\/taxus-baccata\\\/#primaryimage\"},\"image\":{\"@id\":\"https:\\\/\\\/www.vallonchene.fr\\\/es\\\/producto\\\/taxus-baccata\\\/#primaryimage\"},\"thumbnailUrl\":\"https:\\\/\\\/www.vallonchene.fr\\\/wp-content\\\/uploads\\\/2021\\\/08\\\/3692-ef9-TAXUS-baccata-en-Septembre.jpg\",\"datePublished\":\"2021-08-31T11:39:52+00:00\",\"dateModified\":\"2026-01-02T10:18:31+00:00\",\"description\":\"L'if commun est une excellente plante de haie que l'on peut laisser pousser libre ou tailler de fa\u00e7on r\u00e9guli\u00e8re, m\u00eame en topiaire. Le TAXUS baccata est tr\u00e8s r\u00e9sistant au froid. Le grand avantage de ce...\",\"breadcrumb\":{\"@id\":\"https:\\\/\\\/www.vallonchene.fr\\\/es\\\/producto\\\/taxus-baccata\\\/#breadcrumb\"},\"inLanguage\":\"es\",\"potentialAction\":[{\"@type\":\"ReadAction\",\"target\":[\"https:\\\/\\\/www.vallonchene.fr\\\/es\\\/producto\\\/taxus-baccata\\\/\"]}]},{\"@type\":\"ImageObject\",\"inLanguage\":\"es\",\"@id\":\"https:\\\/\\\/www.vallonchene.fr\\\/es\\\/producto\\\/taxus-baccata\\\/#primaryimage\",\"url\":\"https:\\\/\\\/www.vallonchene.fr\\\/wp-content\\\/uploads\\\/2021\\\/08\\\/3692-ef9-TAXUS-baccata-en-Septembre.jpg\",\"contentUrl\":\"https:\\\/\\\/www.vallonchene.fr\\\/wp-content\\\/uploads\\\/2021\\\/08\\\/3692-ef9-TAXUS-baccata-en-Septembre.jpg\",\"width\":1600,\"height\":1600,\"caption\":\"TAXUS baccata en Septembre\"},{\"@type\":\"BreadcrumbList\",\"@id\":\"https:\\\/\\\/www.vallonchene.fr\\\/es\\\/producto\\\/taxus-baccata\\\/#breadcrumb\",\"itemListElement\":[{\"@type\":\"ListItem\",\"position\":1,\"name\":\"Home\",\"item\":\"https:\\\/\\\/www.vallonchene.fr\\\/es\\\/\"},{\"@type\":\"ListItem\",\"position\":2,\"name\":\"Tienda\",\"item\":\"https:\\\/\\\/www.vallonchene.fr\\\/tienda\\\/\"},{\"@type\":\"ListItem\",\"position\":3,\"name\":\"Venta en linea\",\"item\":\"https:\\\/\\\/www.vallonchene.fr\\\/es\\\/categoria-producto\\\/venta-en-linea\\\/\"},{\"@type\":\"ListItem\",\"position\":4,\"name\":\"Vivero\",\"item\":\"https:\\\/\\\/www.vallonchene.fr\\\/es\\\/categoria-producto\\\/venta-en-linea\\\/vivero\\\/\"},{\"@type\":\"ListItem\",\"position\":5,\"name\":\"Coniferas\",\"item\":\"https:\\\/\\\/www.vallonchene.fr\\\/es\\\/categoria-producto\\\/venta-en-linea\\\/vivero\\\/coniferas\\\/\"},{\"@type\":\"ListItem\",\"position\":6,\"name\":\"TAXUS baccata\"}]},{\"@type\":\"WebSite\",\"@id\":\"https:\\\/\\\/www.vallonchene.fr\\\/es\\\/#website\",\"url\":\"https:\\\/\\\/www.vallonchene.fr\\\/es\\\/\",\"name\":\"Vallonch\u00eane\",\"description\":\"El vivero donde la calidad tiene sus ra\u00edces \u2013 Tel.: +33 (0)2.35.90.02.02\",\"publisher\":{\"@id\":\"https:\\\/\\\/www.vallonchene.fr\\\/es\\\/#organization\"},\"potentialAction\":[{\"@type\":\"SearchAction\",\"target\":{\"@type\":\"EntryPoint\",\"urlTemplate\":\"https:\\\/\\\/www.vallonchene.fr\\\/es\\\/?s={search_term_string}\"},\"query-input\":{\"@type\":\"PropertyValueSpecification\",\"valueRequired\":true,\"valueName\":\"search_term_string\"}}],\"inLanguage\":\"es\"},{\"@type\":\"Organization\",\"@id\":\"https:\\\/\\\/www.vallonchene.fr\\\/es\\\/#organization\",\"name\":\"VALLONCHENE\",\"url\":\"https:\\\/\\\/www.vallonchene.fr\\\/es\\\/\",\"logo\":{\"@type\":\"ImageObject\",\"inLanguage\":\"es\",\"@id\":\"https:\\\/\\\/www.vallonchene.fr\\\/es\\\/#\\\/schema\\\/logo\\\/image\\\/\",\"url\":\"https:\\\/\\\/www.vallonchene.fr\\\/wp-content\\\/uploads\\\/2023\\\/03\\\/Logo-Vallonchene-site-et-R_hauteur_100.png\",\"contentUrl\":\"https:\\\/\\\/www.vallonchene.fr\\\/wp-content\\\/uploads\\\/2023\\\/03\\\/Logo-Vallonchene-site-et-R_hauteur_100.png\",\"width\":221,\"height\":100,\"caption\":\"VALLONCHENE\"},\"image\":{\"@id\":\"https:\\\/\\\/www.vallonchene.fr\\\/es\\\/#\\\/schema\\\/logo\\\/image\\\/\"},\"sameAs\":[\"https:\\\/\\\/www.facebook.com\\\/vallonchene.fr\",\"https:\\\/\\\/www.instagram.com\\\/vallonchene\\\/\",\"https:\\\/\\\/www.pinterest.fr\\\/vallonchene\\\/\"],\"taxID\":\"49454502300017\",\"hasMerchantReturnPolicy\":{\"@type\":\"MerchantReturnPolicy\",\"merchantReturnLink\":\"https:\\\/\\\/www.vallonchene.fr\\\/remboursements_retours\\\/\"}}]}<\/script>\n<meta property=\"og:availability\" content=\"out of stock\" \/>\n<meta property=\"product:availability\" content=\"out of stock\" \/>\n<meta property=\"product:retailer_item_id\" content=\"75365\" \/>\n<meta property=\"product:condition\" content=\"new\" \/>\n<!-- \/ Yoast SEO Premium plugin. -->","yoast_head_json":{"title":"TAXUS baccata - if commun","description":"L'if commun est une excellente plante de haie que l'on peut laisser pousser libre ou tailler de fa\u00e7on r\u00e9guli\u00e8re, m\u00eame en topiaire. Le TAXUS baccata est tr\u00e8s r\u00e9sistant au froid. Le grand avantage de ce...","robots":{"index":"index","follow":"follow","max-snippet":"max-snippet:-1","max-image-preview":"max-image-preview:large","max-video-preview":"max-video-preview:-1"},"canonical":"https:\/\/www.vallonchene.fr\/es\/producto\/taxus-baccata\/","og_locale":"es_ES","og_type":"article","og_title":"TAXUS baccata","og_description":"L'if commun est une excellente plante de haie que l'on peut laisser pousser libre ou tailler de fa\u00e7on r\u00e9guli\u00e8re, m\u00eame en topiaire. Le TAXUS baccata est tr\u00e8s r\u00e9sistant au froid. Le grand avantage de ce...","og_url":"https:\/\/www.vallonchene.fr\/es\/producto\/taxus-baccata\/","og_site_name":"Vallonch\u00eane","article_publisher":"https:\/\/www.facebook.com\/vallonchene.fr","article_modified_time":"2026-01-02T10:18:31+00:00","og_image":[{"width":1600,"height":1600,"url":"https:\/\/www.vallonchene.fr\/wp-content\/uploads\/2021\/08\/3692-ef9-TAXUS-baccata-en-Septembre.jpg","type":"image\/jpeg"}],"twitter_card":"summary_large_image","twitter_misc":{"Disponibilidad":"Agotado"},"schema":{"@context":"https:\/\/schema.org","@graph":[{"@type":"WebPage","@id":"https:\/\/www.vallonchene.fr\/es\/producto\/taxus-baccata\/","url":"https:\/\/www.vallonchene.fr\/es\/producto\/taxus-baccata\/","name":"TAXUS baccata - if commun","isPartOf":{"@id":"https:\/\/www.vallonchene.fr\/es\/#website"},"primaryImageOfPage":{"@id":"https:\/\/www.vallonchene.fr\/es\/producto\/taxus-baccata\/#primaryimage"},"image":{"@id":"https:\/\/www.vallonchene.fr\/es\/producto\/taxus-baccata\/#primaryimage"},"thumbnailUrl":"https:\/\/www.vallonchene.fr\/wp-content\/uploads\/2021\/08\/3692-ef9-TAXUS-baccata-en-Septembre.jpg","datePublished":"2021-08-31T11:39:52+00:00","dateModified":"2026-01-02T10:18:31+00:00","description":"L'if commun est une excellente plante de haie que l'on peut laisser pousser libre ou tailler de fa\u00e7on r\u00e9guli\u00e8re, m\u00eame en topiaire. Le TAXUS baccata est tr\u00e8s r\u00e9sistant au froid. Le grand avantage de ce...","breadcrumb":{"@id":"https:\/\/www.vallonchene.fr\/es\/producto\/taxus-baccata\/#breadcrumb"},"inLanguage":"es","potentialAction":[{"@type":"ReadAction","target":["https:\/\/www.vallonchene.fr\/es\/producto\/taxus-baccata\/"]}]},{"@type":"ImageObject","inLanguage":"es","@id":"https:\/\/www.vallonchene.fr\/es\/producto\/taxus-baccata\/#primaryimage","url":"https:\/\/www.vallonchene.fr\/wp-content\/uploads\/2021\/08\/3692-ef9-TAXUS-baccata-en-Septembre.jpg","contentUrl":"https:\/\/www.vallonchene.fr\/wp-content\/uploads\/2021\/08\/3692-ef9-TAXUS-baccata-en-Septembre.jpg","width":1600,"height":1600,"caption":"TAXUS baccata en Septembre"},{"@type":"BreadcrumbList","@id":"https:\/\/www.vallonchene.fr\/es\/producto\/taxus-baccata\/#breadcrumb","itemListElement":[{"@type":"ListItem","position":1,"name":"Home","item":"https:\/\/www.vallonchene.fr\/es\/"},{"@type":"ListItem","position":2,"name":"Tienda","item":"https:\/\/www.vallonchene.fr\/tienda\/"},{"@type":"ListItem","position":3,"name":"Venta en linea","item":"https:\/\/www.vallonchene.fr\/es\/categoria-producto\/venta-en-linea\/"},{"@type":"ListItem","position":4,"name":"Vivero","item":"https:\/\/www.vallonchene.fr\/es\/categoria-producto\/venta-en-linea\/vivero\/"},{"@type":"ListItem","position":5,"name":"Coniferas","item":"https:\/\/www.vallonchene.fr\/es\/categoria-producto\/venta-en-linea\/vivero\/coniferas\/"},{"@type":"ListItem","position":6,"name":"TAXUS baccata"}]},{"@type":"WebSite","@id":"https:\/\/www.vallonchene.fr\/es\/#website","url":"https:\/\/www.vallonchene.fr\/es\/","name":"Vallonch\u00eane","description":"El vivero donde la calidad tiene sus ra\u00edces \u2013 Tel.: +33 (0)2.35.90.02.02","publisher":{"@id":"https:\/\/www.vallonchene.fr\/es\/#organization"},"potentialAction":[{"@type":"SearchAction","target":{"@type":"EntryPoint","urlTemplate":"https:\/\/www.vallonchene.fr\/es\/?s={search_term_string}"},"query-input":{"@type":"PropertyValueSpecification","valueRequired":true,"valueName":"search_term_string"}}],"inLanguage":"es"},{"@type":"Organization","@id":"https:\/\/www.vallonchene.fr\/es\/#organization","name":"VALLONCHENE","url":"https:\/\/www.vallonchene.fr\/es\/","logo":{"@type":"ImageObject","inLanguage":"es","@id":"https:\/\/www.vallonchene.fr\/es\/#\/schema\/logo\/image\/","url":"https:\/\/www.vallonchene.fr\/wp-content\/uploads\/2023\/03\/Logo-Vallonchene-site-et-R_hauteur_100.png","contentUrl":"https:\/\/www.vallonchene.fr\/wp-content\/uploads\/2023\/03\/Logo-Vallonchene-site-et-R_hauteur_100.png","width":221,"height":100,"caption":"VALLONCHENE"},"image":{"@id":"https:\/\/www.vallonchene.fr\/es\/#\/schema\/logo\/image\/"},"sameAs":["https:\/\/www.facebook.com\/vallonchene.fr","https:\/\/www.instagram.com\/vallonchene\/","https:\/\/www.pinterest.fr\/vallonchene\/"],"taxID":"49454502300017","hasMerchantReturnPolicy":{"@type":"MerchantReturnPolicy","merchantReturnLink":"https:\/\/www.vallonchene.fr\/remboursements_retours\/"}}]},"og_availability":"out of stock","product_availability":"out of stock","product_retailer_item_id":"75365","product_condition":"new"},"_links":{"self":[{"href":"https:\/\/www.vallonchene.fr\/es\/wp-json\/wp\/v2\/product\/19438","targetHints":{"allow":["GET"]}}],"collection":[{"href":"https:\/\/www.vallonchene.fr\/es\/wp-json\/wp\/v2\/product"}],"about":[{"href":"https:\/\/www.vallonchene.fr\/es\/wp-json\/wp\/v2\/types\/product"}],"replies":[{"embeddable":true,"href":"https:\/\/www.vallonchene.fr\/es\/wp-json\/wp\/v2\/comments?post=19438"}],"wp:featuredmedia":[{"embeddable":true,"href":"https:\/\/www.vallonchene.fr\/es\/wp-json\/wp\/v2\/media\/19432"}],"wp:attachment":[{"href":"https:\/\/www.vallonchene.fr\/es\/wp-json\/wp\/v2\/media?parent=19438"}],"wp:term":[{"taxonomy":"product_brand","embeddable":true,"href":"https:\/\/www.vallonchene.fr\/es\/wp-json\/wp\/v2\/product_brand?post=19438"},{"taxonomy":"product_cat","embeddable":true,"href":"https:\/\/www.vallonchene.fr\/es\/wp-json\/wp\/v2\/product_cat?post=19438"},{"taxonomy":"product_tag","embeddable":true,"href":"https:\/\/www.vallonchene.fr\/es\/wp-json\/wp\/v2\/product_tag?post=19438"}],"curies":[{"name":"wp","href":"https:\/\/api.w.org\/{rel}","templated":true}]}}