{"id":19201,"date":"2021-08-31T10:45:25","date_gmt":"2021-08-31T10:45:25","guid":{"rendered":"https:\/\/testing.vallonchene.fr\/produit\/armoracia-rusticana-variegata\/"},"modified":"2025-12-08T16:43:00","modified_gmt":"2025-12-08T15:43:00","slug":"armoracia-rusticana-variegata-raifort-panache","status":"publish","type":"product","link":"https:\/\/www.vallonchene.fr\/es\/producto\/armoracia-rusticana-variegata-raifort-panache\/","title":{"rendered":"ARMORACIA rusticana &#8216;Variegata&#8217;"},"content":{"rendered":"<h2>La Plante<\/h2>\n<p>L\u2019<strong>ARMORACIA rusticana \u2018Variegata\u2019<\/strong> est une plante vivace plus connue sous le nom de <strong>raifort panach\u00e9<\/strong>. Bien qu\u2019il se cultive au potager habituellement, la s\u00e9lection que nous vous proposons d\u00e9core par son <strong>feuillage hyper panach\u00e9<\/strong>. Les feuilles mesurent de 50 \u00e0 60 cm de long. Elles peuvent \u00e9galement servir pour assembler vos compositions florales en vase. C\u2019est la plante vivace id\u00e9ale pour illuminer un massif au soleil ou \u00e0 l\u2019ombre.<br \/>\nL\u2019ARMORACIA rusticana \u2018Variegata\u2019 est issu de division, livr\u00e9 en grands pots. Ainsi, vous \u00eates certains de profiter aussit\u00f4t de la beaut\u00e9 de cette plante.<\/p>\n<p>Pour voir toutes nos plantes vivaces rares \u00e0 la vente actuellement, <strong><a href=\"https:\/\/www.vallonchene.fr\/es\/categoria-producto\/venta-en-linea\/vivero\/plantas-perennes\/?filter_stock_status=instock\">merci de cliquer ici<\/a><\/strong>.<\/p>\n<h2 id=\"h-comment-faire-pousser-l-armoracia-rusticana-variegata\" class=\"wp-block-heading has-x-large-font-size\">Comment faire pousser l\u2019ARMORACIA rusticana \u2018Variegata\u2019<\/h2>\n<p>De culture simple, en terre ordinaire, ce raifort panach\u00e9 peut se faire cultiver par <strong>tout jardinier, m\u00eame d\u00e9butant<\/strong>. Il r\u00e9siste parfaitement aux temp\u00e9ratures en dessous de \u221220 \u00b0C. Cette plante vivace tol\u00e8re tous les taux de pH. Elle se plante aussi bien en <strong>plein soleil qu\u2019\u00e0 mi-ombre ou \u00e0 l\u2019ombre<\/strong>.<\/p>\n<h2 id=\"h-histoire-et-origine\" class=\"wp-block-heading has-x-large-font-size\">Histoire et Origine<\/h2>\n<p>L\u2019ARMORACIA rusticana se cultive depuis l&#8217;Antiquit\u00e9. Une d\u00e9coration murale de Pomp\u00e9i expose la plante.<\/p>\n<p>Dans la nature, on le trouve dans des p\u00e2turages humides, le long des rivi\u00e8res et des fleuves.<\/p>\n<p>Au Moyen \u00c2ge, les feuilles aussi bien que les racines s\u2019utilisaient dans la m\u00e9decine traditionnelle. Les racines s\u2019utilisent toujours comme condiment en Allemagne, Scandinavie et Grande-Bretagne principalement. Toutefois, on s\u2019en sert \u00e9galement en Ukraine, Bi\u00e9lorussie, Pologne et Russie.<\/p>\n<p>Par ailleurs, il s\u2019emploie de nos jours aussi fr\u00e9quemment au Japon dans la pr\u00e9paration du wasabi. Habituellement, le wasabi se compose de la plante du wasabi (<strong><a href=\"https:\/\/fr.wikipedia.org\/wiki\/Wasabi\" target=\"_blank\" rel=\"noopener\">WASABIA japonica<\/a><\/strong>). Cependant, sa raret\u00e9 incite les cuisiniers japonais \u00e0 utiliser le raifort pour la remplacer.<\/p>\n<p>De plus, on utilise le raifort pour augmenter les d\u00e9fenses naturelles et la r\u00e9sistance aux rhumes. Il contient beaucoup de vitamine C. Certaines huiles \u00e0 base de raifort ont des capacit\u00e9s antivirales. Les Allemands le d\u00e9clarent en 2021 comme la plante m\u00e9dicinale de l\u2019ann\u00e9e. Cette distinction a \u00e9t\u00e9 cr\u00e9\u00e9e en 1990 par le Verband der Heilkr\u00e4uterfreunde Deutschlands e.\u00a0V. Elle se perp\u00e9tue avec le <strong><a href=\"https:\/\/www.google.com\/url?sa=t&amp;rct=j&amp;q=&amp;esrc=s&amp;source=web&amp;cd=&amp;cad=rja&amp;uact=8&amp;ved=2ahUKEwjWk4TK_of8AhWZXqQEHYuxAhEQFnoECBEQAQ&amp;url=https%3A%2F%2Fwww.nhv-theophrastus.de%2F&amp;usg=AOvVaw0jKB27FP_VxLwn6gKocR-p\" target=\"_blank\" rel=\"noreferrer noopener\">NHV Theophrastus<\/a><\/strong>.<\/p>\n<p>Le raifort commun, tout comme l\u2019ARMORACIA rusticana \u2018Variegata\u2019, ne produit quasiment pas de graines. De ce fait, sa multiplication se fait par division.<\/p>\n<p>Enfin, l\u2019enzyme peroxydase de raifort contenu dans l\u2019ARMORACIA rusticana s\u2019emploie largement en m\u00e9decine mol\u00e9culaire et la biochimie. En effet, il dispose de la facult\u00e9 de renforcer un signal et d\u2019augmenter la d\u00e9tectabilit\u00e9 d\u2019une mol\u00e9cule cible.<\/p>\n<p>&nbsp;<\/p>\n","protected":false},"excerpt":{"rendered":"<p>Ce <strong>raifort<\/strong> est une plante exceptionnelle par son <strong>feuillage panach\u00e9<\/strong> de vert et de blanc. Les feuilles de l&#8217;<strong>ARMORACIA rusticana &#8216;Variegata&#8217;<\/strong> peuvent servir dans la composition florale et les jeunes pousses en cuisine.<\/p>\n","protected":false},"featured_media":41021,"comment_status":"open","ping_status":"closed","template":"","meta":[],"product_brand":[],"product_cat":[10731,263],"product_tag":[7581,7580,7579,7583,7582,2062],"class_list":{"0":"post-19201","1":"product","2":"type-product","3":"status-publish","4":"has-post-thumbnail","6":"product_cat-plantes-rares-plantes-de-collection","7":"product_cat-vivaces","8":"product_tag-armoracia","9":"product_tag-armoracia-rusticana","10":"product_tag-armoracia-rusticana-variegata","11":"product_tag-moutarde-des-allemands","12":"product_tag-raifort-panache","13":"product_tag-variegata","14":"pa_99-hauteurapproximativeapres1-50a100cm","15":"pa_couleurdesfleurs-blanc","16":"pa_couleurdufeuillage-blanc","17":"pa_couleurdufeuillage-panache","18":"pa_couleurdufeuillage-vert","19":"pa_exigencesenhumidite-fraisahumide","20":"pa_exigencesenhumidite-moyen","21":"pa_exigencesenhumidite-sec","22":"pa_expositionspossibles-33-mi_ombreeviterlesoleilde12","23":"pa_expositionspossibles-pleinsoleilde12ha17hmin","24":"pa_hauteurlivree-n-a","25":"pa_interetauprintemps-feuillage","26":"pa_interetenautomne-feuillage","27":"pa_interetenete-feuillage","28":"pa_naturedufeuillage-caduc","29":"pa_naturesdesolpossibles-leger","30":"pa_naturesdesolpossibles-lourd","31":"pa_naturesdesolpossibles-normal","32":"pa_particularites-comestible","33":"pa_periodedefloraison-printemps","34":"pa_periodedetaille-oct","35":"pa_phdusolacceptable-acidemoinsde65","36":"pa_phdusolacceptable-calcaireplusde75","37":"pa_phdusolacceptable-neutreentre65et75","38":"pa_portgraphisme-arrondi","39":"pa_resistanceaufroidrusticite-resistant-en-dessous-de-moins-20-degree-c","40":"pa_tailledepot-pot-de-3-litres","41":"pa_tailledepot-pot-de-4-litres","42":"pa_utilisationpossible-bacoupot","43":"pa_utilisationpossible-massif","45":"first","46":"instock","47":"taxable","48":"shipping-taxable","49":"purchasable","50":"product-type-variable","51":"has-default-attributes"},"supplier_id":null,"supplier_sku":"","barcode":null,"atum_controlled":true,"out_stock_date":null,"out_stock_threshold":null,"inheritable":true,"inbound_stock":0,"stock_on_hold":0,"sold_today":0,"sales_last_days":0,"reserved_stock":0,"customer_returns":0,"warehouse_damage":0,"lost_in_post":0,"other_logs":0,"out_stock_days":null,"lost_sales":0,"has_location":false,"update_date":"2026-02-05T13:11:10","atum_locations":[],"atum_stock_status":"instock","restock_status":false,"low_stock_amount":"","sales_update_date":"2023-11-03T14:57:09","calc_backorders":null,"yoast_head":"<!-- This site is optimized with the Yoast SEO Premium plugin v27.5 (Yoast SEO v27.5) - https:\/\/yoast.com\/product\/yoast-seo-premium-wordpress\/ -->\n<title>ARMORACIA rusticana &#039;Variegata&#039; - raifort panach\u00e9<\/title>\n<meta name=\"description\" content=\"Ce raifort a un feuillage panach\u00e9 de vert et de blanc. Les jeunes pousses de l&#039;ARMORACIA rusticana &#039;Variegata&#039; sont comestibles.\" \/>\n<meta name=\"robots\" content=\"index, follow, max-snippet:-1, max-image-preview:large, max-video-preview:-1\" \/>\n<link rel=\"canonical\" href=\"https:\/\/www.vallonchene.fr\/es\/producto\/armoracia-rusticana-variegata-raifort-panache\/\" \/>\n<meta property=\"og:locale\" content=\"es_ES\" \/>\n<meta property=\"og:type\" content=\"article\" \/>\n<meta property=\"og:title\" content=\"ARMORACIA rusticana &#039;Variegata&#039;\" \/>\n<meta property=\"og:description\" content=\"Ce raifort a un feuillage panach\u00e9 de vert et de blanc. Les jeunes pousses de l&#039;ARMORACIA rusticana &#039;Variegata&#039; sont comestibles.\" \/>\n<meta property=\"og:url\" content=\"https:\/\/www.vallonchene.fr\/es\/producto\/armoracia-rusticana-variegata-raifort-panache\/\" \/>\n<meta property=\"og:site_name\" content=\"Vallonch\u00eane\" \/>\n<meta property=\"article:publisher\" content=\"https:\/\/www.facebook.com\/vallonchene.fr\" \/>\n<meta property=\"article:modified_time\" content=\"2025-12-08T15:43:00+00:00\" \/>\n<meta property=\"og:image\" content=\"https:\/\/www.vallonchene.fr\/wp-content\/uploads\/2023\/06\/ARMORACIA-rusticana-Variegata_02-1.webp\" \/>\n\t<meta property=\"og:image:width\" content=\"1000\" \/>\n\t<meta property=\"og:image:height\" content=\"1000\" \/>\n\t<meta property=\"og:image:type\" content=\"image\/webp\" \/>\n<meta name=\"twitter:card\" content=\"summary_large_image\" \/>\n<meta name=\"twitter:label1\" content=\"Disponibilidad\" \/>\n\t<meta name=\"twitter:data1\" content=\"En stock\" \/>\n<script type=\"application\/ld+json\" class=\"yoast-schema-graph\">{\"@context\":\"https:\\\/\\\/schema.org\",\"@graph\":[{\"@type\":\"WebPage\",\"@id\":\"https:\\\/\\\/www.vallonchene.fr\\\/es\\\/producto\\\/armoracia-rusticana-variegata-raifort-panache\\\/\",\"url\":\"https:\\\/\\\/www.vallonchene.fr\\\/es\\\/producto\\\/armoracia-rusticana-variegata-raifort-panache\\\/\",\"name\":\"ARMORACIA rusticana 'Variegata' - raifort panach\u00e9\",\"isPartOf\":{\"@id\":\"https:\\\/\\\/www.vallonchene.fr\\\/es\\\/#website\"},\"primaryImageOfPage\":{\"@id\":\"https:\\\/\\\/www.vallonchene.fr\\\/es\\\/producto\\\/armoracia-rusticana-variegata-raifort-panache\\\/#primaryimage\"},\"image\":{\"@id\":\"https:\\\/\\\/www.vallonchene.fr\\\/es\\\/producto\\\/armoracia-rusticana-variegata-raifort-panache\\\/#primaryimage\"},\"thumbnailUrl\":\"https:\\\/\\\/www.vallonchene.fr\\\/wp-content\\\/uploads\\\/2023\\\/06\\\/ARMORACIA-rusticana-Variegata_02-1.webp\",\"datePublished\":\"2021-08-31T10:45:25+00:00\",\"dateModified\":\"2025-12-08T15:43:00+00:00\",\"description\":\"Ce raifort a un feuillage panach\u00e9 de vert et de blanc. Les jeunes pousses de l'ARMORACIA rusticana 'Variegata' sont comestibles.\",\"breadcrumb\":{\"@id\":\"https:\\\/\\\/www.vallonchene.fr\\\/es\\\/producto\\\/armoracia-rusticana-variegata-raifort-panache\\\/#breadcrumb\"},\"inLanguage\":\"es\",\"potentialAction\":[{\"@type\":\"ReadAction\",\"target\":[\"https:\\\/\\\/www.vallonchene.fr\\\/es\\\/producto\\\/armoracia-rusticana-variegata-raifort-panache\\\/\"]}]},{\"@type\":\"ImageObject\",\"inLanguage\":\"es\",\"@id\":\"https:\\\/\\\/www.vallonchene.fr\\\/es\\\/producto\\\/armoracia-rusticana-variegata-raifort-panache\\\/#primaryimage\",\"url\":\"https:\\\/\\\/www.vallonchene.fr\\\/wp-content\\\/uploads\\\/2023\\\/06\\\/ARMORACIA-rusticana-Variegata_02-1.webp\",\"contentUrl\":\"https:\\\/\\\/www.vallonchene.fr\\\/wp-content\\\/uploads\\\/2023\\\/06\\\/ARMORACIA-rusticana-Variegata_02-1.webp\",\"width\":1000,\"height\":1000,\"caption\":\"Feuillage panach\u00e9 de tons verts et de blanc de l'ARMORACIA rusticana 'Variegata' au printemps\"},{\"@type\":\"BreadcrumbList\",\"@id\":\"https:\\\/\\\/www.vallonchene.fr\\\/es\\\/producto\\\/armoracia-rusticana-variegata-raifort-panache\\\/#breadcrumb\",\"itemListElement\":[{\"@type\":\"ListItem\",\"position\":1,\"name\":\"Home\",\"item\":\"https:\\\/\\\/www.vallonchene.fr\\\/es\\\/\"},{\"@type\":\"ListItem\",\"position\":2,\"name\":\"Tienda\",\"item\":\"https:\\\/\\\/www.vallonchene.fr\\\/tienda\\\/\"},{\"@type\":\"ListItem\",\"position\":3,\"name\":\"Venta en linea\",\"item\":\"https:\\\/\\\/www.vallonchene.fr\\\/es\\\/categoria-producto\\\/venta-en-linea\\\/\"},{\"@type\":\"ListItem\",\"position\":4,\"name\":\"Vivero\",\"item\":\"https:\\\/\\\/www.vallonchene.fr\\\/es\\\/categoria-producto\\\/venta-en-linea\\\/vivero\\\/\"},{\"@type\":\"ListItem\",\"position\":5,\"name\":\"Plantas perennes\",\"item\":\"https:\\\/\\\/www.vallonchene.fr\\\/es\\\/categoria-producto\\\/venta-en-linea\\\/vivero\\\/plantas-perennes\\\/\"},{\"@type\":\"ListItem\",\"position\":6,\"name\":\"ARMORACIA rusticana &#8216;Variegata&#8217;\"}]},{\"@type\":\"WebSite\",\"@id\":\"https:\\\/\\\/www.vallonchene.fr\\\/es\\\/#website\",\"url\":\"https:\\\/\\\/www.vallonchene.fr\\\/es\\\/\",\"name\":\"Vallonch\u00eane\",\"description\":\"El vivero donde la calidad tiene sus ra\u00edces \u2013 Tel.: +33 (0)2.35.90.02.02\",\"publisher\":{\"@id\":\"https:\\\/\\\/www.vallonchene.fr\\\/es\\\/#organization\"},\"potentialAction\":[{\"@type\":\"SearchAction\",\"target\":{\"@type\":\"EntryPoint\",\"urlTemplate\":\"https:\\\/\\\/www.vallonchene.fr\\\/es\\\/?s={search_term_string}\"},\"query-input\":{\"@type\":\"PropertyValueSpecification\",\"valueRequired\":true,\"valueName\":\"search_term_string\"}}],\"inLanguage\":\"es\"},{\"@type\":\"Organization\",\"@id\":\"https:\\\/\\\/www.vallonchene.fr\\\/es\\\/#organization\",\"name\":\"VALLONCHENE\",\"url\":\"https:\\\/\\\/www.vallonchene.fr\\\/es\\\/\",\"logo\":{\"@type\":\"ImageObject\",\"inLanguage\":\"es\",\"@id\":\"https:\\\/\\\/www.vallonchene.fr\\\/es\\\/#\\\/schema\\\/logo\\\/image\\\/\",\"url\":\"https:\\\/\\\/www.vallonchene.fr\\\/wp-content\\\/uploads\\\/2023\\\/03\\\/Logo-Vallonchene-site-et-R_hauteur_100.png\",\"contentUrl\":\"https:\\\/\\\/www.vallonchene.fr\\\/wp-content\\\/uploads\\\/2023\\\/03\\\/Logo-Vallonchene-site-et-R_hauteur_100.png\",\"width\":221,\"height\":100,\"caption\":\"VALLONCHENE\"},\"image\":{\"@id\":\"https:\\\/\\\/www.vallonchene.fr\\\/es\\\/#\\\/schema\\\/logo\\\/image\\\/\"},\"sameAs\":[\"https:\\\/\\\/www.facebook.com\\\/vallonchene.fr\",\"https:\\\/\\\/www.instagram.com\\\/vallonchene\\\/\",\"https:\\\/\\\/www.pinterest.fr\\\/vallonchene\\\/\"],\"taxID\":\"49454502300017\",\"hasMerchantReturnPolicy\":{\"@type\":\"MerchantReturnPolicy\",\"merchantReturnLink\":\"https:\\\/\\\/www.vallonchene.fr\\\/remboursements_retours\\\/\"}}]}<\/script>\n<meta property=\"og:availability\" content=\"instock\" \/>\n<meta property=\"product:availability\" content=\"instock\" \/>\n<meta property=\"product:retailer_item_id\" content=\"51995\" \/>\n<meta property=\"product:condition\" content=\"new\" \/>\n<!-- \/ Yoast SEO Premium plugin. -->","yoast_head_json":{"title":"ARMORACIA rusticana 'Variegata' - raifort panach\u00e9","description":"Ce raifort a un feuillage panach\u00e9 de vert et de blanc. Les jeunes pousses de l'ARMORACIA rusticana 'Variegata' sont comestibles.","robots":{"index":"index","follow":"follow","max-snippet":"max-snippet:-1","max-image-preview":"max-image-preview:large","max-video-preview":"max-video-preview:-1"},"canonical":"https:\/\/www.vallonchene.fr\/es\/producto\/armoracia-rusticana-variegata-raifort-panache\/","og_locale":"es_ES","og_type":"article","og_title":"ARMORACIA rusticana 'Variegata'","og_description":"Ce raifort a un feuillage panach\u00e9 de vert et de blanc. Les jeunes pousses de l'ARMORACIA rusticana 'Variegata' sont comestibles.","og_url":"https:\/\/www.vallonchene.fr\/es\/producto\/armoracia-rusticana-variegata-raifort-panache\/","og_site_name":"Vallonch\u00eane","article_publisher":"https:\/\/www.facebook.com\/vallonchene.fr","article_modified_time":"2025-12-08T15:43:00+00:00","og_image":[{"width":1000,"height":1000,"url":"https:\/\/www.vallonchene.fr\/wp-content\/uploads\/2023\/06\/ARMORACIA-rusticana-Variegata_02-1.webp","type":"image\/webp"}],"twitter_card":"summary_large_image","twitter_misc":{"Disponibilidad":"En stock"},"schema":{"@context":"https:\/\/schema.org","@graph":[{"@type":"WebPage","@id":"https:\/\/www.vallonchene.fr\/es\/producto\/armoracia-rusticana-variegata-raifort-panache\/","url":"https:\/\/www.vallonchene.fr\/es\/producto\/armoracia-rusticana-variegata-raifort-panache\/","name":"ARMORACIA rusticana 'Variegata' - raifort panach\u00e9","isPartOf":{"@id":"https:\/\/www.vallonchene.fr\/es\/#website"},"primaryImageOfPage":{"@id":"https:\/\/www.vallonchene.fr\/es\/producto\/armoracia-rusticana-variegata-raifort-panache\/#primaryimage"},"image":{"@id":"https:\/\/www.vallonchene.fr\/es\/producto\/armoracia-rusticana-variegata-raifort-panache\/#primaryimage"},"thumbnailUrl":"https:\/\/www.vallonchene.fr\/wp-content\/uploads\/2023\/06\/ARMORACIA-rusticana-Variegata_02-1.webp","datePublished":"2021-08-31T10:45:25+00:00","dateModified":"2025-12-08T15:43:00+00:00","description":"Ce raifort a un feuillage panach\u00e9 de vert et de blanc. Les jeunes pousses de l'ARMORACIA rusticana 'Variegata' sont comestibles.","breadcrumb":{"@id":"https:\/\/www.vallonchene.fr\/es\/producto\/armoracia-rusticana-variegata-raifort-panache\/#breadcrumb"},"inLanguage":"es","potentialAction":[{"@type":"ReadAction","target":["https:\/\/www.vallonchene.fr\/es\/producto\/armoracia-rusticana-variegata-raifort-panache\/"]}]},{"@type":"ImageObject","inLanguage":"es","@id":"https:\/\/www.vallonchene.fr\/es\/producto\/armoracia-rusticana-variegata-raifort-panache\/#primaryimage","url":"https:\/\/www.vallonchene.fr\/wp-content\/uploads\/2023\/06\/ARMORACIA-rusticana-Variegata_02-1.webp","contentUrl":"https:\/\/www.vallonchene.fr\/wp-content\/uploads\/2023\/06\/ARMORACIA-rusticana-Variegata_02-1.webp","width":1000,"height":1000,"caption":"Feuillage panach\u00e9 de tons verts et de blanc de l'ARMORACIA rusticana 'Variegata' au printemps"},{"@type":"BreadcrumbList","@id":"https:\/\/www.vallonchene.fr\/es\/producto\/armoracia-rusticana-variegata-raifort-panache\/#breadcrumb","itemListElement":[{"@type":"ListItem","position":1,"name":"Home","item":"https:\/\/www.vallonchene.fr\/es\/"},{"@type":"ListItem","position":2,"name":"Tienda","item":"https:\/\/www.vallonchene.fr\/tienda\/"},{"@type":"ListItem","position":3,"name":"Venta en linea","item":"https:\/\/www.vallonchene.fr\/es\/categoria-producto\/venta-en-linea\/"},{"@type":"ListItem","position":4,"name":"Vivero","item":"https:\/\/www.vallonchene.fr\/es\/categoria-producto\/venta-en-linea\/vivero\/"},{"@type":"ListItem","position":5,"name":"Plantas perennes","item":"https:\/\/www.vallonchene.fr\/es\/categoria-producto\/venta-en-linea\/vivero\/plantas-perennes\/"},{"@type":"ListItem","position":6,"name":"ARMORACIA rusticana &#8216;Variegata&#8217;"}]},{"@type":"WebSite","@id":"https:\/\/www.vallonchene.fr\/es\/#website","url":"https:\/\/www.vallonchene.fr\/es\/","name":"Vallonch\u00eane","description":"El vivero donde la calidad tiene sus ra\u00edces \u2013 Tel.: +33 (0)2.35.90.02.02","publisher":{"@id":"https:\/\/www.vallonchene.fr\/es\/#organization"},"potentialAction":[{"@type":"SearchAction","target":{"@type":"EntryPoint","urlTemplate":"https:\/\/www.vallonchene.fr\/es\/?s={search_term_string}"},"query-input":{"@type":"PropertyValueSpecification","valueRequired":true,"valueName":"search_term_string"}}],"inLanguage":"es"},{"@type":"Organization","@id":"https:\/\/www.vallonchene.fr\/es\/#organization","name":"VALLONCHENE","url":"https:\/\/www.vallonchene.fr\/es\/","logo":{"@type":"ImageObject","inLanguage":"es","@id":"https:\/\/www.vallonchene.fr\/es\/#\/schema\/logo\/image\/","url":"https:\/\/www.vallonchene.fr\/wp-content\/uploads\/2023\/03\/Logo-Vallonchene-site-et-R_hauteur_100.png","contentUrl":"https:\/\/www.vallonchene.fr\/wp-content\/uploads\/2023\/03\/Logo-Vallonchene-site-et-R_hauteur_100.png","width":221,"height":100,"caption":"VALLONCHENE"},"image":{"@id":"https:\/\/www.vallonchene.fr\/es\/#\/schema\/logo\/image\/"},"sameAs":["https:\/\/www.facebook.com\/vallonchene.fr","https:\/\/www.instagram.com\/vallonchene\/","https:\/\/www.pinterest.fr\/vallonchene\/"],"taxID":"49454502300017","hasMerchantReturnPolicy":{"@type":"MerchantReturnPolicy","merchantReturnLink":"https:\/\/www.vallonchene.fr\/remboursements_retours\/"}}]},"og_availability":"instock","product_availability":"instock","product_retailer_item_id":"51995","product_condition":"new"},"_links":{"self":[{"href":"https:\/\/www.vallonchene.fr\/es\/wp-json\/wp\/v2\/product\/19201","targetHints":{"allow":["GET"]}}],"collection":[{"href":"https:\/\/www.vallonchene.fr\/es\/wp-json\/wp\/v2\/product"}],"about":[{"href":"https:\/\/www.vallonchene.fr\/es\/wp-json\/wp\/v2\/types\/product"}],"replies":[{"embeddable":true,"href":"https:\/\/www.vallonchene.fr\/es\/wp-json\/wp\/v2\/comments?post=19201"}],"wp:featuredmedia":[{"embeddable":true,"href":"https:\/\/www.vallonchene.fr\/es\/wp-json\/wp\/v2\/media\/41021"}],"wp:attachment":[{"href":"https:\/\/www.vallonchene.fr\/es\/wp-json\/wp\/v2\/media?parent=19201"}],"wp:term":[{"taxonomy":"product_brand","embeddable":true,"href":"https:\/\/www.vallonchene.fr\/es\/wp-json\/wp\/v2\/product_brand?post=19201"},{"taxonomy":"product_cat","embeddable":true,"href":"https:\/\/www.vallonchene.fr\/es\/wp-json\/wp\/v2\/product_cat?post=19201"},{"taxonomy":"product_tag","embeddable":true,"href":"https:\/\/www.vallonchene.fr\/es\/wp-json\/wp\/v2\/product_tag?post=19201"}],"curies":[{"name":"wp","href":"https:\/\/api.w.org\/{rel}","templated":true}]}}