{"id":18931,"date":"2021-08-31T10:45:25","date_gmt":"2021-08-31T10:45:25","guid":{"rendered":"https:\/\/testing.vallonchene.fr\/produit\/aralia-elata\/"},"modified":"2025-03-23T17:58:21","modified_gmt":"2025-03-23T16:58:21","slug":"aralia-elata","status":"publish","type":"product","link":"https:\/\/www.vallonchene.fr\/es\/producto\/aralia-elata\/","title":{"rendered":"ARALIA elata (ang\u00e9lique de la Cor\u00e9e, aralie japonaise)"},"content":{"rendered":"<p>L&#8217;<strong>ang\u00e9lique de la Cor\u00e9e<\/strong> ou encore <strong>aralie japonaise<\/strong> est particuli\u00e8rement d\u00e9corative par le graphisme que son feuillage et ses troncs lui conf\u00e8rent. Les feuilles peuvent atteindre 60 \u00e0 120 cm. Les fleurs blanches apparaissent en \u00e9t\u00e9 au bout des pousses. Le feuillage de l&#8217;<strong>ARALIA elata<\/strong> est vert et prend de superbes couleurs d&#8217;automne jaunes, oranges et rouges. Au Japon et en Cor\u00e9e, les jeunes pousses sont consomm\u00e9es. Ces plats s&#8217;appellent tara-no-me ou encore namul respectivement.<\/p>\n","protected":false},"excerpt":{"rendered":"<p>L&#8217;<strong>ang\u00e9lique de Cor\u00e9e (aralie japonaise)<\/strong> est une plante tr\u00e8s d\u00e9corative par son graphisme japonisant. Le feuillage de l&#8217;<strong>ARALIA elata<\/strong> est exub\u00e9rant et vert. La floraison abondante est blanche en fin d&#8217;\u00e9t\u00e9. Belles couleurs d&#8217;automne.<\/p>\n","protected":false},"featured_media":18922,"comment_status":"open","ping_status":"closed","template":"","meta":[],"product_brand":[],"product_cat":[251],"product_tag":[2318,2317,7488],"class_list":{"0":"post-18931","1":"product","2":"type-product","3":"status-publish","4":"has-post-thumbnail","6":"product_cat-arbustes-et-arbres","7":"product_tag-angelique-du-japon","8":"product_tag-aralia-elata","9":"product_tag-arelie-du-japon","10":"pa_99-hauteurapproximativeapres1-3a5m","11":"pa_couleurdelecorce-gris","12":"pa_couleurdesfleurs-blanc","13":"pa_couleurdufeuillage-vert","14":"pa_exigencesenhumidite-fraisahumide","15":"pa_exigencesenhumidite-moyen","16":"pa_exigencesenhumidite-sec","17":"pa_expositionspossibles-33-mi_ombreeviterlesoleilde12","18":"pa_expositionspossibles-ombrepasdesoleildirect","19":"pa_hauteurlivree-100-a-125cm","20":"pa_hauteurlivree-125-a-150cm","21":"pa_hauteurlivree-80-a-100-cm","22":"pa_interetauprintemps-ecorce","23":"pa_interetauprintemps-feuillage","24":"pa_interetauprintemps-graphismeforme","25":"pa_interetauprintemps-jeunespousses","26":"pa_interetenautomne-ecorce","27":"pa_interetenautomne-feuillage","28":"pa_interetenautomne-graphismeforme","29":"pa_interetenete-ecorce","30":"pa_interetenete-feuillage","31":"pa_interetenete-fleurs","32":"pa_interetenete-graphismeforme","33":"pa_interetenhiver-ecorce","34":"pa_interetenhiver-graphismeforme","35":"pa_naturedufeuillage-caduc","36":"pa_naturesdesolpossibles-leger","37":"pa_naturesdesolpossibles-lourd","38":"pa_naturesdesolpossibles-normal","39":"pa_particularites-graphismeforme","40":"pa_periodedefloraison-ete","41":"pa_periodedetaille-mars","42":"pa_phdusolacceptable-acidemoinsde65","43":"pa_phdusolacceptable-calcaireplusde75","44":"pa_phdusolacceptable-neutreentre65et75","45":"pa_portgraphisme-fastigie","46":"pa_resistanceaufroidrusticite-resistant-en-dessous-de-moins-20-degree-c","47":"pa_tailledepot-pot-de-10-litres","48":"pa_tailledepot-pot-de-4-litres","49":"pa_tailledepot-pot-de-7_5-litres","50":"pa_utilisationpossible-bacoupot","51":"pa_utilisationpossible-isole","52":"pa_utilisationpossible-massif","54":"first","55":"instock","56":"taxable","57":"shipping-taxable","58":"purchasable","59":"product-type-variable","60":"has-default-attributes"},"supplier_id":null,"supplier_sku":"","barcode":null,"atum_controlled":true,"out_stock_date":null,"out_stock_threshold":null,"inheritable":false,"inbound_stock":0,"stock_on_hold":0,"sold_today":0,"sales_last_days":0,"reserved_stock":0,"customer_returns":0,"warehouse_damage":0,"lost_in_post":0,"other_logs":0,"out_stock_days":null,"lost_sales":0,"has_location":false,"update_date":"2025-03-23T16:58:22","atum_locations":[],"atum_stock_status":"instock","restock_status":false,"low_stock_amount":"","sales_update_date":"2024-01-07T09:11:43","calc_backorders":null,"yoast_head":"<!-- This site is optimized with the Yoast SEO Premium plugin v27.5 (Yoast SEO v27.5) - https:\/\/yoast.com\/product\/yoast-seo-premium-wordpress\/ -->\n<title>ARALIA elata (ang\u00e9lique de la Cor\u00e9e, aralie japonaise)<\/title>\n<meta name=\"description\" content=\"L&#039;ang\u00e9lique de la Cor\u00e9e (aralie japonaise) est une plante tr\u00e8s d\u00e9corative par son graphisme japonisant. Le feuillage de l&#039;ARALIA elata est exub\u00e9rant et vert. La floraison abondante est blanche en fin d&#039;\u00e9t\u00e9. Belles couleurs...\" \/>\n<meta name=\"robots\" content=\"index, follow, max-snippet:-1, max-image-preview:large, max-video-preview:-1\" \/>\n<link rel=\"canonical\" href=\"https:\/\/www.vallonchene.fr\/es\/producto\/aralia-elata\/\" \/>\n<meta property=\"og:locale\" content=\"es_ES\" \/>\n<meta property=\"og:type\" content=\"article\" \/>\n<meta property=\"og:title\" content=\"ARALIA elata (ang\u00e9lique de la Cor\u00e9e, aralie japonaise)\" \/>\n<meta property=\"og:description\" content=\"L&#039;ang\u00e9lique de la Cor\u00e9e (aralie japonaise) est une plante tr\u00e8s d\u00e9corative par son graphisme japonisant. Le feuillage de l&#039;ARALIA elata est exub\u00e9rant et vert. La floraison abondante est blanche en fin d&#039;\u00e9t\u00e9. Belles couleurs...\" \/>\n<meta property=\"og:url\" content=\"https:\/\/www.vallonchene.fr\/es\/producto\/aralia-elata\/\" \/>\n<meta property=\"og:site_name\" content=\"Vallonch\u00eane\" \/>\n<meta property=\"article:publisher\" content=\"https:\/\/www.facebook.com\/vallonchene.fr\" \/>\n<meta property=\"article:modified_time\" content=\"2025-03-23T16:58:21+00:00\" \/>\n<meta property=\"og:image\" content=\"https:\/\/www.vallonchene.fr\/wp-content\/uploads\/2021\/08\/576-5b7-ARALIA-elata-en-Aout-avec-un-debut-de-coloration-dautomne.jpg\" \/>\n\t<meta property=\"og:image:width\" content=\"1600\" \/>\n\t<meta property=\"og:image:height\" content=\"1600\" \/>\n\t<meta property=\"og:image:type\" content=\"image\/jpeg\" \/>\n<meta name=\"twitter:card\" content=\"summary_large_image\" \/>\n<meta name=\"twitter:label1\" content=\"Disponibilidad\" \/>\n\t<meta name=\"twitter:data1\" content=\"En stock\" \/>\n<script type=\"application\/ld+json\" class=\"yoast-schema-graph\">{\"@context\":\"https:\\\/\\\/schema.org\",\"@graph\":[{\"@type\":\"WebPage\",\"@id\":\"https:\\\/\\\/www.vallonchene.fr\\\/es\\\/producto\\\/aralia-elata\\\/\",\"url\":\"https:\\\/\\\/www.vallonchene.fr\\\/es\\\/producto\\\/aralia-elata\\\/\",\"name\":\"ARALIA elata (ang\u00e9lique de la Cor\u00e9e, aralie japonaise)\",\"isPartOf\":{\"@id\":\"https:\\\/\\\/www.vallonchene.fr\\\/es\\\/#website\"},\"primaryImageOfPage\":{\"@id\":\"https:\\\/\\\/www.vallonchene.fr\\\/es\\\/producto\\\/aralia-elata\\\/#primaryimage\"},\"image\":{\"@id\":\"https:\\\/\\\/www.vallonchene.fr\\\/es\\\/producto\\\/aralia-elata\\\/#primaryimage\"},\"thumbnailUrl\":\"https:\\\/\\\/www.vallonchene.fr\\\/wp-content\\\/uploads\\\/2021\\\/08\\\/576-5b7-ARALIA-elata-en-Aout-avec-un-debut-de-coloration-dautomne.jpg\",\"datePublished\":\"2021-08-31T10:45:25+00:00\",\"dateModified\":\"2025-03-23T16:58:21+00:00\",\"description\":\"L'ang\u00e9lique de la Cor\u00e9e (aralie japonaise) est une plante tr\u00e8s d\u00e9corative par son graphisme japonisant. Le feuillage de l'ARALIA elata est exub\u00e9rant et vert. La floraison abondante est blanche en fin d'\u00e9t\u00e9. Belles couleurs...\",\"breadcrumb\":{\"@id\":\"https:\\\/\\\/www.vallonchene.fr\\\/es\\\/producto\\\/aralia-elata\\\/#breadcrumb\"},\"inLanguage\":\"es\",\"potentialAction\":[{\"@type\":\"ReadAction\",\"target\":[\"https:\\\/\\\/www.vallonchene.fr\\\/es\\\/producto\\\/aralia-elata\\\/\"]}]},{\"@type\":\"ImageObject\",\"inLanguage\":\"es\",\"@id\":\"https:\\\/\\\/www.vallonchene.fr\\\/es\\\/producto\\\/aralia-elata\\\/#primaryimage\",\"url\":\"https:\\\/\\\/www.vallonchene.fr\\\/wp-content\\\/uploads\\\/2021\\\/08\\\/576-5b7-ARALIA-elata-en-Aout-avec-un-debut-de-coloration-dautomne.jpg\",\"contentUrl\":\"https:\\\/\\\/www.vallonchene.fr\\\/wp-content\\\/uploads\\\/2021\\\/08\\\/576-5b7-ARALIA-elata-en-Aout-avec-un-debut-de-coloration-dautomne.jpg\",\"width\":1600,\"height\":1600,\"caption\":\"ARALIA elata en Ao\u00fbt avec un d\u00e9but de coloration d'automne\"},{\"@type\":\"BreadcrumbList\",\"@id\":\"https:\\\/\\\/www.vallonchene.fr\\\/es\\\/producto\\\/aralia-elata\\\/#breadcrumb\",\"itemListElement\":[{\"@type\":\"ListItem\",\"position\":1,\"name\":\"Home\",\"item\":\"https:\\\/\\\/www.vallonchene.fr\\\/es\\\/\"},{\"@type\":\"ListItem\",\"position\":2,\"name\":\"Tienda\",\"item\":\"https:\\\/\\\/www.vallonchene.fr\\\/tienda\\\/\"},{\"@type\":\"ListItem\",\"position\":3,\"name\":\"Venta en linea\",\"item\":\"https:\\\/\\\/www.vallonchene.fr\\\/es\\\/categoria-producto\\\/venta-en-linea\\\/\"},{\"@type\":\"ListItem\",\"position\":4,\"name\":\"Vivero\",\"item\":\"https:\\\/\\\/www.vallonchene.fr\\\/es\\\/categoria-producto\\\/venta-en-linea\\\/vivero\\\/\"},{\"@type\":\"ListItem\",\"position\":5,\"name\":\"Arbustos y \u00e1rboles\",\"item\":\"https:\\\/\\\/www.vallonchene.fr\\\/es\\\/categoria-producto\\\/venta-en-linea\\\/vivero\\\/arbustos-y-arboles\\\/\"},{\"@type\":\"ListItem\",\"position\":6,\"name\":\"ARALIA elata (ang\u00e9lique de la Cor\u00e9e, aralie japonaise)\"}]},{\"@type\":\"WebSite\",\"@id\":\"https:\\\/\\\/www.vallonchene.fr\\\/es\\\/#website\",\"url\":\"https:\\\/\\\/www.vallonchene.fr\\\/es\\\/\",\"name\":\"Vallonch\u00eane\",\"description\":\"El vivero donde la calidad tiene sus ra\u00edces \u2013 Tel.: +33 (0)2.35.90.02.02\",\"publisher\":{\"@id\":\"https:\\\/\\\/www.vallonchene.fr\\\/es\\\/#organization\"},\"potentialAction\":[{\"@type\":\"SearchAction\",\"target\":{\"@type\":\"EntryPoint\",\"urlTemplate\":\"https:\\\/\\\/www.vallonchene.fr\\\/es\\\/?s={search_term_string}\"},\"query-input\":{\"@type\":\"PropertyValueSpecification\",\"valueRequired\":true,\"valueName\":\"search_term_string\"}}],\"inLanguage\":\"es\"},{\"@type\":\"Organization\",\"@id\":\"https:\\\/\\\/www.vallonchene.fr\\\/es\\\/#organization\",\"name\":\"VALLONCHENE\",\"url\":\"https:\\\/\\\/www.vallonchene.fr\\\/es\\\/\",\"logo\":{\"@type\":\"ImageObject\",\"inLanguage\":\"es\",\"@id\":\"https:\\\/\\\/www.vallonchene.fr\\\/es\\\/#\\\/schema\\\/logo\\\/image\\\/\",\"url\":\"https:\\\/\\\/www.vallonchene.fr\\\/wp-content\\\/uploads\\\/2023\\\/03\\\/Logo-Vallonchene-site-et-R_hauteur_100.png\",\"contentUrl\":\"https:\\\/\\\/www.vallonchene.fr\\\/wp-content\\\/uploads\\\/2023\\\/03\\\/Logo-Vallonchene-site-et-R_hauteur_100.png\",\"width\":221,\"height\":100,\"caption\":\"VALLONCHENE\"},\"image\":{\"@id\":\"https:\\\/\\\/www.vallonchene.fr\\\/es\\\/#\\\/schema\\\/logo\\\/image\\\/\"},\"sameAs\":[\"https:\\\/\\\/www.facebook.com\\\/vallonchene.fr\",\"https:\\\/\\\/www.instagram.com\\\/vallonchene\\\/\",\"https:\\\/\\\/www.pinterest.fr\\\/vallonchene\\\/\"],\"taxID\":\"49454502300017\",\"hasMerchantReturnPolicy\":{\"@type\":\"MerchantReturnPolicy\",\"merchantReturnLink\":\"https:\\\/\\\/www.vallonchene.fr\\\/remboursements_retours\\\/\"}}]}<\/script>\n<meta property=\"og:availability\" content=\"instock\" \/>\n<meta property=\"product:availability\" content=\"instock\" \/>\n<meta property=\"product:retailer_item_id\" content=\"93476\" \/>\n<meta property=\"product:condition\" content=\"new\" \/>\n<!-- \/ Yoast SEO Premium plugin. -->","yoast_head_json":{"title":"ARALIA elata (ang\u00e9lique de la Cor\u00e9e, aralie japonaise)","description":"L'ang\u00e9lique de la Cor\u00e9e (aralie japonaise) est une plante tr\u00e8s d\u00e9corative par son graphisme japonisant. Le feuillage de l'ARALIA elata est exub\u00e9rant et vert. La floraison abondante est blanche en fin d'\u00e9t\u00e9. Belles couleurs...","robots":{"index":"index","follow":"follow","max-snippet":"max-snippet:-1","max-image-preview":"max-image-preview:large","max-video-preview":"max-video-preview:-1"},"canonical":"https:\/\/www.vallonchene.fr\/es\/producto\/aralia-elata\/","og_locale":"es_ES","og_type":"article","og_title":"ARALIA elata (ang\u00e9lique de la Cor\u00e9e, aralie japonaise)","og_description":"L'ang\u00e9lique de la Cor\u00e9e (aralie japonaise) est une plante tr\u00e8s d\u00e9corative par son graphisme japonisant. Le feuillage de l'ARALIA elata est exub\u00e9rant et vert. La floraison abondante est blanche en fin d'\u00e9t\u00e9. Belles couleurs...","og_url":"https:\/\/www.vallonchene.fr\/es\/producto\/aralia-elata\/","og_site_name":"Vallonch\u00eane","article_publisher":"https:\/\/www.facebook.com\/vallonchene.fr","article_modified_time":"2025-03-23T16:58:21+00:00","og_image":[{"width":1600,"height":1600,"url":"https:\/\/www.vallonchene.fr\/wp-content\/uploads\/2021\/08\/576-5b7-ARALIA-elata-en-Aout-avec-un-debut-de-coloration-dautomne.jpg","type":"image\/jpeg"}],"twitter_card":"summary_large_image","twitter_misc":{"Disponibilidad":"En stock"},"schema":{"@context":"https:\/\/schema.org","@graph":[{"@type":"WebPage","@id":"https:\/\/www.vallonchene.fr\/es\/producto\/aralia-elata\/","url":"https:\/\/www.vallonchene.fr\/es\/producto\/aralia-elata\/","name":"ARALIA elata (ang\u00e9lique de la Cor\u00e9e, aralie japonaise)","isPartOf":{"@id":"https:\/\/www.vallonchene.fr\/es\/#website"},"primaryImageOfPage":{"@id":"https:\/\/www.vallonchene.fr\/es\/producto\/aralia-elata\/#primaryimage"},"image":{"@id":"https:\/\/www.vallonchene.fr\/es\/producto\/aralia-elata\/#primaryimage"},"thumbnailUrl":"https:\/\/www.vallonchene.fr\/wp-content\/uploads\/2021\/08\/576-5b7-ARALIA-elata-en-Aout-avec-un-debut-de-coloration-dautomne.jpg","datePublished":"2021-08-31T10:45:25+00:00","dateModified":"2025-03-23T16:58:21+00:00","description":"L'ang\u00e9lique de la Cor\u00e9e (aralie japonaise) est une plante tr\u00e8s d\u00e9corative par son graphisme japonisant. Le feuillage de l'ARALIA elata est exub\u00e9rant et vert. La floraison abondante est blanche en fin d'\u00e9t\u00e9. Belles couleurs...","breadcrumb":{"@id":"https:\/\/www.vallonchene.fr\/es\/producto\/aralia-elata\/#breadcrumb"},"inLanguage":"es","potentialAction":[{"@type":"ReadAction","target":["https:\/\/www.vallonchene.fr\/es\/producto\/aralia-elata\/"]}]},{"@type":"ImageObject","inLanguage":"es","@id":"https:\/\/www.vallonchene.fr\/es\/producto\/aralia-elata\/#primaryimage","url":"https:\/\/www.vallonchene.fr\/wp-content\/uploads\/2021\/08\/576-5b7-ARALIA-elata-en-Aout-avec-un-debut-de-coloration-dautomne.jpg","contentUrl":"https:\/\/www.vallonchene.fr\/wp-content\/uploads\/2021\/08\/576-5b7-ARALIA-elata-en-Aout-avec-un-debut-de-coloration-dautomne.jpg","width":1600,"height":1600,"caption":"ARALIA elata en Ao\u00fbt avec un d\u00e9but de coloration d'automne"},{"@type":"BreadcrumbList","@id":"https:\/\/www.vallonchene.fr\/es\/producto\/aralia-elata\/#breadcrumb","itemListElement":[{"@type":"ListItem","position":1,"name":"Home","item":"https:\/\/www.vallonchene.fr\/es\/"},{"@type":"ListItem","position":2,"name":"Tienda","item":"https:\/\/www.vallonchene.fr\/tienda\/"},{"@type":"ListItem","position":3,"name":"Venta en linea","item":"https:\/\/www.vallonchene.fr\/es\/categoria-producto\/venta-en-linea\/"},{"@type":"ListItem","position":4,"name":"Vivero","item":"https:\/\/www.vallonchene.fr\/es\/categoria-producto\/venta-en-linea\/vivero\/"},{"@type":"ListItem","position":5,"name":"Arbustos y \u00e1rboles","item":"https:\/\/www.vallonchene.fr\/es\/categoria-producto\/venta-en-linea\/vivero\/arbustos-y-arboles\/"},{"@type":"ListItem","position":6,"name":"ARALIA elata (ang\u00e9lique de la Cor\u00e9e, aralie japonaise)"}]},{"@type":"WebSite","@id":"https:\/\/www.vallonchene.fr\/es\/#website","url":"https:\/\/www.vallonchene.fr\/es\/","name":"Vallonch\u00eane","description":"El vivero donde la calidad tiene sus ra\u00edces \u2013 Tel.: +33 (0)2.35.90.02.02","publisher":{"@id":"https:\/\/www.vallonchene.fr\/es\/#organization"},"potentialAction":[{"@type":"SearchAction","target":{"@type":"EntryPoint","urlTemplate":"https:\/\/www.vallonchene.fr\/es\/?s={search_term_string}"},"query-input":{"@type":"PropertyValueSpecification","valueRequired":true,"valueName":"search_term_string"}}],"inLanguage":"es"},{"@type":"Organization","@id":"https:\/\/www.vallonchene.fr\/es\/#organization","name":"VALLONCHENE","url":"https:\/\/www.vallonchene.fr\/es\/","logo":{"@type":"ImageObject","inLanguage":"es","@id":"https:\/\/www.vallonchene.fr\/es\/#\/schema\/logo\/image\/","url":"https:\/\/www.vallonchene.fr\/wp-content\/uploads\/2023\/03\/Logo-Vallonchene-site-et-R_hauteur_100.png","contentUrl":"https:\/\/www.vallonchene.fr\/wp-content\/uploads\/2023\/03\/Logo-Vallonchene-site-et-R_hauteur_100.png","width":221,"height":100,"caption":"VALLONCHENE"},"image":{"@id":"https:\/\/www.vallonchene.fr\/es\/#\/schema\/logo\/image\/"},"sameAs":["https:\/\/www.facebook.com\/vallonchene.fr","https:\/\/www.instagram.com\/vallonchene\/","https:\/\/www.pinterest.fr\/vallonchene\/"],"taxID":"49454502300017","hasMerchantReturnPolicy":{"@type":"MerchantReturnPolicy","merchantReturnLink":"https:\/\/www.vallonchene.fr\/remboursements_retours\/"}}]},"og_availability":"instock","product_availability":"instock","product_retailer_item_id":"93476","product_condition":"new"},"_links":{"self":[{"href":"https:\/\/www.vallonchene.fr\/es\/wp-json\/wp\/v2\/product\/18931","targetHints":{"allow":["GET"]}}],"collection":[{"href":"https:\/\/www.vallonchene.fr\/es\/wp-json\/wp\/v2\/product"}],"about":[{"href":"https:\/\/www.vallonchene.fr\/es\/wp-json\/wp\/v2\/types\/product"}],"replies":[{"embeddable":true,"href":"https:\/\/www.vallonchene.fr\/es\/wp-json\/wp\/v2\/comments?post=18931"}],"wp:featuredmedia":[{"embeddable":true,"href":"https:\/\/www.vallonchene.fr\/es\/wp-json\/wp\/v2\/media\/18922"}],"wp:attachment":[{"href":"https:\/\/www.vallonchene.fr\/es\/wp-json\/wp\/v2\/media?parent=18931"}],"wp:term":[{"taxonomy":"product_brand","embeddable":true,"href":"https:\/\/www.vallonchene.fr\/es\/wp-json\/wp\/v2\/product_brand?post=18931"},{"taxonomy":"product_cat","embeddable":true,"href":"https:\/\/www.vallonchene.fr\/es\/wp-json\/wp\/v2\/product_cat?post=18931"},{"taxonomy":"product_tag","embeddable":true,"href":"https:\/\/www.vallonchene.fr\/es\/wp-json\/wp\/v2\/product_tag?post=18931"}],"curies":[{"name":"wp","href":"https:\/\/api.w.org\/{rel}","templated":true}]}}