{"id":15775,"date":"2021-08-31T10:44:09","date_gmt":"2021-08-31T10:44:09","guid":{"rendered":"https:\/\/testing.vallonchene.fr\/produit\/acer-rubrum-schlesingeri-erable-rouge\/"},"modified":"2025-12-01T10:55:26","modified_gmt":"2025-12-01T09:55:26","slug":"acer-rubrum-schlesingeri-erable-rouge","status":"publish","type":"product","link":"https:\/\/www.vallonchene.fr\/es\/producto\/acer-rubrum-schlesingeri-erable-rouge\/","title":{"rendered":"ACER rubrum &#8216;Schlesingeri&#8217; (\u00e9rable rouge)"},"content":{"rendered":"<p>L&#8217;<strong>ACER rubrum &#8216;Schlesingeri&#8217;<\/strong> est un <strong>\u00e9rable rouge<\/strong>. Au fil du temps, il s&#8217;est cristallis\u00e9 comme <strong>LA r\u00e9f\u00e9rence parmi les \u00e9rables rouges<\/strong>. En effet, son feuillage habituellement vert se colore tr\u00e8s t\u00f4t en automne et met le jardin en feu. Il devient alors d&#8217;abord <strong>rouge vif<\/strong> pour ensuite prendre un ton jaune.<br \/>\nDe plus, il <strong>fleurit rouge<\/strong> au printemps avant la feuillaison. Les fruits sont \u00e9galement rouges.<br \/>\nPar ailleurs, son \u00e9corce est grise et lisse.<br \/>\nEnfin, cet arbre <strong>appartient aux plantes faciles de culture<\/strong> et procure tr\u00e8s rapidement de l&#8217;ombre au jardin.<\/p>\n<h2>Comment planter et entretenir l&#8217;ACER rubrum &#8216;Schlesingeri&#8217; ?<\/h2>\n<p>Trouvez \u00e0 cet \u00e9rable rouge une place <strong>au soleil<\/strong> ou <strong>\u00e0 mi-ombre<\/strong>. Un endroit <strong>humide<\/strong>, <strong>moyennement humide<\/strong> ou <strong>sec<\/strong> lui conviendra. Le sol peut \u00eatre <strong>l\u00e9ger<\/strong>, <strong>normal<\/strong> ou <strong>lourd<\/strong> avec un <strong>pH acide<\/strong>\u00a0ou <strong>neutre<\/strong>.<br \/>\nCet arbre supporte sans difficult\u00e9 les temp\u00e9ratures <strong>en dessous de -20\u00b0 C<\/strong>.<\/p>\n<p><strong>Astuce<\/strong> : Si vous souhaitez le maintenir \u00e0 une hauteur plus r\u00e9duite, n&#8217;h\u00e9sitez pas \u00e0 le tailler au mois de janvier ou f\u00e9vrier.<\/p>\n<h2>Histoire et Origine<\/h2>\n<p>L&#8217;esp\u00e8ce type <em>ACER rubrum<\/em> nous provient de l&#8217;est et du nord central de l&#8217;Am\u00e9rique du Nord. Elle y pousse \u00e0 des hauteurs entre le niveau de la mer jusqu&#8217;\u00e0 environ 900 m\u00e8tres d&#8217;altitude.<br \/>\nD&#8217;ailleurs, l&#8217;\u00c9tat de <a href=\"https:\/\/fr.wikipedia.org\/wiki\/Rhode_Island\" target=\"_blank\" rel=\"noopener\"><strong>Rhode Island<\/strong><\/a> en a fait son arbre d&#8217;\u00e9tat.<br \/>\nLes Anglais l&#8217;introduisent en 1656 et d\u00e9marrent sa culture peu apr\u00e8s.<\/p>\n<p>La plante originale de l&#8217;<em>ACER rubrum &#8216;Schlesingeri&#8217;<\/em> poussait dans le jardin de Barthold Schlesinger \u00e0 <strong><a href=\"https:\/\/fr.wikipedia.org\/wiki\/Brookline_(Massachusetts)\">Brookline, Massachusetts<\/a><\/strong>.<\/p>\n<p>L&#8217;<em>A. rubrum<\/em> s&#8217;exploite pour son sirop \u00e0 petite \u00e9chelle, car la p\u00e9riode de r\u00e9colte est plus courte que chez les autres \u00e9rables \u00e0 sirop. Puis, son bois s&#8217;utilise aussi pour la construction. Il est consid\u00e9r\u00e9 de moyenne \u00e0 haute qualit\u00e9.<br \/>\nEn outre, les peuples autochtones employaient l&#8217;\u00e9corce dans leur m\u00e9decine alors que les pionniers produisaient de l&#8217;encre avec elle.<br \/>\nPour conclure, il se classe dans la qualit\u00e9 moyenne comme bois de chauffage.<\/p>\n","protected":false},"excerpt":{"rendered":"<p>Cet <strong>\u00e9rable rouge<\/strong> a un feuillage vert en \u00e9t\u00e9. Tr\u00e8s t\u00f4t \u00e0 l&#8217;automne, l&#8217;<strong>ACER rubrum &#8216;Schlesingeri&#8217;<\/strong> d\u00e9veloppe un feuillage rouge tr\u00e8s, tr\u00e8s vif. Il est parfaitement rustique.<\/p>\n","protected":false},"featured_media":44705,"comment_status":"open","ping_status":"closed","template":"","meta":[],"product_brand":[],"product_cat":[11499],"product_tag":[11855,12255,6297,6290,6298],"class_list":{"0":"post-15775","1":"product","2":"type-product","3":"status-publish","4":"has-post-thumbnail","6":"product_cat-arbustos-y-arboles","7":"product_tag-acer-es","8":"product_tag-acer-rubrum-es","9":"product_tag-acer-rubrum-schlesingeri","10":"product_tag-erable-rouge","11":"product_tag-schlesingeri","12":"pa_99-hauteurapproximativeapres1-3-a-5-m","13":"pa_couleurdufeuillage-verde","14":"pa_exigencesenhumidite-moderadamente-humedo-a-humedo","15":"pa_exigencesenhumidite-promedio","16":"pa_exigencesenhumidite-seco","17":"pa_expositionspossibles-pleno-sol-de-12-a-17-min","18":"pa_expositionspossibles-sombra-parcial-evitar-el-sol-de-12-a-17-horas","19":"pa_hauteurlivree-10-a-15-cm-es","20":"pa_hauteurlivree-100-a-125-cm","21":"pa_hauteurlivree-125-a-150-cm-es","22":"pa_hauteurlivree-150-a-175-cm-es","23":"pa_hauteurlivree-175-a-200-cm-es","24":"pa_hauteurlivree-20-a-25-cm-es","25":"pa_hauteurlivree-200-a-250-cm-es","26":"pa_hauteurlivree-25-a-30-cm-es","27":"pa_hauteurlivree-250-a-300-cm-es","28":"pa_hauteurlivree-30-a-40-cm-es","29":"pa_hauteurlivree-40-a-50-cm-es","30":"pa_hauteurlivree-50-a-60-cm-es","31":"pa_hauteurlivree-60-a-80-cm-es","32":"pa_hauteurlivree-70-a-80-cm-es","33":"pa_hauteurlivree-80-a-100-cm-es","34":"pa_hauteurlivree-80-cm-en-tallo","35":"pa_interetauprintemps-follaje","36":"pa_interetenautomne-follaje","37":"pa_interetenete-follaje","38":"pa_naturedufeuillage-caduco","39":"pa_naturesdesolpossibles-ligero","40":"pa_naturesdesolpossibles-normal-es","41":"pa_naturesdesolpossibles-pesado","42":"pa_periodedetaille-marzo","43":"pa_phdusolacceptable-acido-menos-de-6_5","44":"pa_phdusolacceptable-neutro-entre-6_5-y-7_5","45":"pa_portgraphisme-globoso","46":"pa_resistanceaufroidrusticite-resistente-por-debajo-de-menos-20-c","47":"pa_tailledepot-maceta-de-1-litro","48":"pa_tailledepot-maceta-de-1_5-litros","49":"pa_tailledepot-maceta-de-10-litros","50":"pa_tailledepot-maceta-de-12-litros","51":"pa_tailledepot-maceta-de-15-litros","52":"pa_tailledepot-maceta-de-2-litros","53":"pa_tailledepot-maceta-de-20-litros","54":"pa_tailledepot-maceta-de-3-litros","55":"pa_tailledepot-maceta-de-4-litros","56":"pa_tailledepot-maceta-de-40-litros","57":"pa_tailledepot-maceta-de-5-litros","58":"pa_tailledepot-maceta-de-7_5-litros","59":"pa_utilisationpossible-aislado","60":"pa_utilisationpossible-arriate","62":"first","63":"instock","64":"taxable","65":"shipping-taxable","66":"purchasable","67":"product-type-variable","68":"has-default-attributes"},"supplier_id":null,"supplier_sku":"","barcode":null,"atum_controlled":true,"out_stock_date":null,"out_stock_threshold":null,"inheritable":true,"inbound_stock":0,"stock_on_hold":0,"sold_today":0,"sales_last_days":0,"reserved_stock":0,"customer_returns":0,"warehouse_damage":0,"lost_in_post":0,"other_logs":0,"out_stock_days":null,"lost_sales":0,"has_location":false,"update_date":"2025-12-01T09:55:28","atum_locations":[],"atum_stock_status":"instock","restock_status":false,"low_stock_amount":"","sales_update_date":"2025-10-29T14:10:11","calc_backorders":null,"yoast_head":"<!-- This site is optimized with the Yoast SEO Premium plugin v27.4 (Yoast SEO v27.4) - https:\/\/yoast.com\/product\/yoast-seo-premium-wordpress\/ -->\n<title>ACER rubrum &#039;Schlesingeri&#039; (\u00e9rable rouge)<\/title>\n<meta name=\"description\" content=\"Cet \u00e9rable rouge a un feuillage vert en \u00e9t\u00e9. Tr\u00e8s t\u00f4t \u00e0 l&#039;automne, l&#039;ACER rubrum &#039;Schlesingeri&#039; d\u00e9veloppe un feuillage rouge tr\u00e8s, tr\u00e8s vif.\" \/>\n<meta name=\"robots\" content=\"index, follow, max-snippet:-1, max-image-preview:large, max-video-preview:-1\" \/>\n<link rel=\"canonical\" href=\"https:\/\/www.vallonchene.fr\/es\/producto\/acer-rubrum-schlesingeri-erable-rouge\/\" \/>\n<meta property=\"og:locale\" content=\"es_ES\" \/>\n<meta property=\"og:type\" content=\"article\" \/>\n<meta property=\"og:title\" content=\"ACER rubrum &#039;Schlesingeri&#039; (\u00e9rable rouge)\" \/>\n<meta property=\"og:description\" content=\"Cet \u00e9rable rouge a un feuillage vert en \u00e9t\u00e9. Tr\u00e8s t\u00f4t \u00e0 l&#039;automne, l&#039;ACER rubrum &#039;Schlesingeri&#039; d\u00e9veloppe un feuillage rouge tr\u00e8s, tr\u00e8s vif.\" \/>\n<meta property=\"og:url\" content=\"https:\/\/www.vallonchene.fr\/es\/producto\/acer-rubrum-schlesingeri-erable-rouge\/\" \/>\n<meta property=\"og:site_name\" content=\"Vallonch\u00eane\" \/>\n<meta property=\"article:publisher\" content=\"https:\/\/www.facebook.com\/vallonchene.fr\" \/>\n<meta property=\"article:modified_time\" content=\"2025-12-01T09:55:26+00:00\" \/>\n<meta property=\"og:image\" content=\"https:\/\/www.vallonchene.fr\/wp-content\/uploads\/2023\/11\/ACER-rubrum-Schlesingeri_02.webp\" \/>\n\t<meta property=\"og:image:width\" content=\"1200\" \/>\n\t<meta property=\"og:image:height\" content=\"1200\" \/>\n\t<meta property=\"og:image:type\" content=\"image\/webp\" \/>\n<meta name=\"twitter:card\" content=\"summary_large_image\" \/>\n<meta name=\"twitter:label1\" content=\"Disponibilidad\" \/>\n\t<meta name=\"twitter:data1\" content=\"En stock\" \/>\n<script type=\"application\/ld+json\" class=\"yoast-schema-graph\">{\"@context\":\"https:\\\/\\\/schema.org\",\"@graph\":[{\"@type\":\"WebPage\",\"@id\":\"https:\\\/\\\/www.vallonchene.fr\\\/es\\\/producto\\\/acer-rubrum-schlesingeri-erable-rouge\\\/\",\"url\":\"https:\\\/\\\/www.vallonchene.fr\\\/es\\\/producto\\\/acer-rubrum-schlesingeri-erable-rouge\\\/\",\"name\":\"ACER rubrum 'Schlesingeri' (\u00e9rable rouge)\",\"isPartOf\":{\"@id\":\"https:\\\/\\\/www.vallonchene.fr\\\/es\\\/#website\"},\"primaryImageOfPage\":{\"@id\":\"https:\\\/\\\/www.vallonchene.fr\\\/es\\\/producto\\\/acer-rubrum-schlesingeri-erable-rouge\\\/#primaryimage\"},\"image\":{\"@id\":\"https:\\\/\\\/www.vallonchene.fr\\\/es\\\/producto\\\/acer-rubrum-schlesingeri-erable-rouge\\\/#primaryimage\"},\"thumbnailUrl\":\"https:\\\/\\\/www.vallonchene.fr\\\/wp-content\\\/uploads\\\/2023\\\/11\\\/ACER-rubrum-Schlesingeri_02.webp\",\"datePublished\":\"2021-08-31T10:44:09+00:00\",\"dateModified\":\"2025-12-01T09:55:26+00:00\",\"description\":\"Cet \u00e9rable rouge a un feuillage vert en \u00e9t\u00e9. Tr\u00e8s t\u00f4t \u00e0 l'automne, l'ACER rubrum 'Schlesingeri' d\u00e9veloppe un feuillage rouge tr\u00e8s, tr\u00e8s vif.\",\"breadcrumb\":{\"@id\":\"https:\\\/\\\/www.vallonchene.fr\\\/es\\\/producto\\\/acer-rubrum-schlesingeri-erable-rouge\\\/#breadcrumb\"},\"inLanguage\":\"es\",\"potentialAction\":[{\"@type\":\"ReadAction\",\"target\":[\"https:\\\/\\\/www.vallonchene.fr\\\/es\\\/producto\\\/acer-rubrum-schlesingeri-erable-rouge\\\/\"]}]},{\"@type\":\"ImageObject\",\"inLanguage\":\"es\",\"@id\":\"https:\\\/\\\/www.vallonchene.fr\\\/es\\\/producto\\\/acer-rubrum-schlesingeri-erable-rouge\\\/#primaryimage\",\"url\":\"https:\\\/\\\/www.vallonchene.fr\\\/wp-content\\\/uploads\\\/2023\\\/11\\\/ACER-rubrum-Schlesingeri_02.webp\",\"contentUrl\":\"https:\\\/\\\/www.vallonchene.fr\\\/wp-content\\\/uploads\\\/2023\\\/11\\\/ACER-rubrum-Schlesingeri_02.webp\",\"width\":1200,\"height\":1200,\"caption\":\"Gros plan en automne sur le feuillage rouge vig de l'ACER rubrum 'Schlesingeri'\"},{\"@type\":\"BreadcrumbList\",\"@id\":\"https:\\\/\\\/www.vallonchene.fr\\\/es\\\/producto\\\/acer-rubrum-schlesingeri-erable-rouge\\\/#breadcrumb\",\"itemListElement\":[{\"@type\":\"ListItem\",\"position\":1,\"name\":\"Home\",\"item\":\"https:\\\/\\\/www.vallonchene.fr\\\/es\\\/\"},{\"@type\":\"ListItem\",\"position\":2,\"name\":\"Tienda\",\"item\":\"https:\\\/\\\/www.vallonchene.fr\\\/tienda\\\/\"},{\"@type\":\"ListItem\",\"position\":3,\"name\":\"Venta en linea\",\"item\":\"https:\\\/\\\/www.vallonchene.fr\\\/es\\\/categoria-producto\\\/venta-en-linea\\\/\"},{\"@type\":\"ListItem\",\"position\":4,\"name\":\"Vivero\",\"item\":\"https:\\\/\\\/www.vallonchene.fr\\\/es\\\/categoria-producto\\\/venta-en-linea\\\/vivero\\\/\"},{\"@type\":\"ListItem\",\"position\":5,\"name\":\"Arbustos y \u00e1rboles\",\"item\":\"https:\\\/\\\/www.vallonchene.fr\\\/es\\\/categoria-producto\\\/venta-en-linea\\\/vivero\\\/arbustos-y-arboles\\\/\"},{\"@type\":\"ListItem\",\"position\":6,\"name\":\"ACER rubrum &lsquo;Schlesingeri&rsquo; (\u00e9rable rouge)\"}]},{\"@type\":\"WebSite\",\"@id\":\"https:\\\/\\\/www.vallonchene.fr\\\/es\\\/#website\",\"url\":\"https:\\\/\\\/www.vallonchene.fr\\\/es\\\/\",\"name\":\"Vallonch\u00eane\",\"description\":\"El vivero donde la calidad tiene sus ra\u00edces \u2013 Tel.: +33 (0)2.35.90.02.02\",\"publisher\":{\"@id\":\"https:\\\/\\\/www.vallonchene.fr\\\/es\\\/#organization\"},\"potentialAction\":[{\"@type\":\"SearchAction\",\"target\":{\"@type\":\"EntryPoint\",\"urlTemplate\":\"https:\\\/\\\/www.vallonchene.fr\\\/es\\\/?s={search_term_string}\"},\"query-input\":{\"@type\":\"PropertyValueSpecification\",\"valueRequired\":true,\"valueName\":\"search_term_string\"}}],\"inLanguage\":\"es\"},{\"@type\":\"Organization\",\"@id\":\"https:\\\/\\\/www.vallonchene.fr\\\/es\\\/#organization\",\"name\":\"VALLONCHENE\",\"url\":\"https:\\\/\\\/www.vallonchene.fr\\\/es\\\/\",\"logo\":{\"@type\":\"ImageObject\",\"inLanguage\":\"es\",\"@id\":\"https:\\\/\\\/www.vallonchene.fr\\\/es\\\/#\\\/schema\\\/logo\\\/image\\\/\",\"url\":\"https:\\\/\\\/www.vallonchene.fr\\\/wp-content\\\/uploads\\\/2023\\\/03\\\/Logo-Vallonchene-site-et-R_hauteur_100.png\",\"contentUrl\":\"https:\\\/\\\/www.vallonchene.fr\\\/wp-content\\\/uploads\\\/2023\\\/03\\\/Logo-Vallonchene-site-et-R_hauteur_100.png\",\"width\":221,\"height\":100,\"caption\":\"VALLONCHENE\"},\"image\":{\"@id\":\"https:\\\/\\\/www.vallonchene.fr\\\/es\\\/#\\\/schema\\\/logo\\\/image\\\/\"},\"sameAs\":[\"https:\\\/\\\/www.facebook.com\\\/vallonchene.fr\",\"https:\\\/\\\/www.instagram.com\\\/vallonchene\\\/\",\"https:\\\/\\\/www.pinterest.fr\\\/vallonchene\\\/\"],\"taxID\":\"49454502300017\",\"hasMerchantReturnPolicy\":{\"@type\":\"MerchantReturnPolicy\",\"merchantReturnLink\":\"https:\\\/\\\/www.vallonchene.fr\\\/remboursements_retours\\\/\"}}]}<\/script>\n<meta property=\"og:availability\" content=\"instock\" \/>\n<meta property=\"product:availability\" content=\"instock\" \/>\n<meta property=\"product:retailer_item_id\" content=\"47445\" \/>\n<meta property=\"product:condition\" content=\"new\" \/>\n<!-- \/ Yoast SEO Premium plugin. -->","yoast_head_json":{"title":"ACER rubrum 'Schlesingeri' (\u00e9rable rouge)","description":"Cet \u00e9rable rouge a un feuillage vert en \u00e9t\u00e9. Tr\u00e8s t\u00f4t \u00e0 l'automne, l'ACER rubrum 'Schlesingeri' d\u00e9veloppe un feuillage rouge tr\u00e8s, tr\u00e8s vif.","robots":{"index":"index","follow":"follow","max-snippet":"max-snippet:-1","max-image-preview":"max-image-preview:large","max-video-preview":"max-video-preview:-1"},"canonical":"https:\/\/www.vallonchene.fr\/es\/producto\/acer-rubrum-schlesingeri-erable-rouge\/","og_locale":"es_ES","og_type":"article","og_title":"ACER rubrum 'Schlesingeri' (\u00e9rable rouge)","og_description":"Cet \u00e9rable rouge a un feuillage vert en \u00e9t\u00e9. Tr\u00e8s t\u00f4t \u00e0 l'automne, l'ACER rubrum 'Schlesingeri' d\u00e9veloppe un feuillage rouge tr\u00e8s, tr\u00e8s vif.","og_url":"https:\/\/www.vallonchene.fr\/es\/producto\/acer-rubrum-schlesingeri-erable-rouge\/","og_site_name":"Vallonch\u00eane","article_publisher":"https:\/\/www.facebook.com\/vallonchene.fr","article_modified_time":"2025-12-01T09:55:26+00:00","og_image":[{"width":1200,"height":1200,"url":"https:\/\/www.vallonchene.fr\/wp-content\/uploads\/2023\/11\/ACER-rubrum-Schlesingeri_02.webp","type":"image\/webp"}],"twitter_card":"summary_large_image","twitter_misc":{"Disponibilidad":"En stock"},"schema":{"@context":"https:\/\/schema.org","@graph":[{"@type":"WebPage","@id":"https:\/\/www.vallonchene.fr\/es\/producto\/acer-rubrum-schlesingeri-erable-rouge\/","url":"https:\/\/www.vallonchene.fr\/es\/producto\/acer-rubrum-schlesingeri-erable-rouge\/","name":"ACER rubrum 'Schlesingeri' (\u00e9rable rouge)","isPartOf":{"@id":"https:\/\/www.vallonchene.fr\/es\/#website"},"primaryImageOfPage":{"@id":"https:\/\/www.vallonchene.fr\/es\/producto\/acer-rubrum-schlesingeri-erable-rouge\/#primaryimage"},"image":{"@id":"https:\/\/www.vallonchene.fr\/es\/producto\/acer-rubrum-schlesingeri-erable-rouge\/#primaryimage"},"thumbnailUrl":"https:\/\/www.vallonchene.fr\/wp-content\/uploads\/2023\/11\/ACER-rubrum-Schlesingeri_02.webp","datePublished":"2021-08-31T10:44:09+00:00","dateModified":"2025-12-01T09:55:26+00:00","description":"Cet \u00e9rable rouge a un feuillage vert en \u00e9t\u00e9. Tr\u00e8s t\u00f4t \u00e0 l'automne, l'ACER rubrum 'Schlesingeri' d\u00e9veloppe un feuillage rouge tr\u00e8s, tr\u00e8s vif.","breadcrumb":{"@id":"https:\/\/www.vallonchene.fr\/es\/producto\/acer-rubrum-schlesingeri-erable-rouge\/#breadcrumb"},"inLanguage":"es","potentialAction":[{"@type":"ReadAction","target":["https:\/\/www.vallonchene.fr\/es\/producto\/acer-rubrum-schlesingeri-erable-rouge\/"]}]},{"@type":"ImageObject","inLanguage":"es","@id":"https:\/\/www.vallonchene.fr\/es\/producto\/acer-rubrum-schlesingeri-erable-rouge\/#primaryimage","url":"https:\/\/www.vallonchene.fr\/wp-content\/uploads\/2023\/11\/ACER-rubrum-Schlesingeri_02.webp","contentUrl":"https:\/\/www.vallonchene.fr\/wp-content\/uploads\/2023\/11\/ACER-rubrum-Schlesingeri_02.webp","width":1200,"height":1200,"caption":"Gros plan en automne sur le feuillage rouge vig de l'ACER rubrum 'Schlesingeri'"},{"@type":"BreadcrumbList","@id":"https:\/\/www.vallonchene.fr\/es\/producto\/acer-rubrum-schlesingeri-erable-rouge\/#breadcrumb","itemListElement":[{"@type":"ListItem","position":1,"name":"Home","item":"https:\/\/www.vallonchene.fr\/es\/"},{"@type":"ListItem","position":2,"name":"Tienda","item":"https:\/\/www.vallonchene.fr\/tienda\/"},{"@type":"ListItem","position":3,"name":"Venta en linea","item":"https:\/\/www.vallonchene.fr\/es\/categoria-producto\/venta-en-linea\/"},{"@type":"ListItem","position":4,"name":"Vivero","item":"https:\/\/www.vallonchene.fr\/es\/categoria-producto\/venta-en-linea\/vivero\/"},{"@type":"ListItem","position":5,"name":"Arbustos y \u00e1rboles","item":"https:\/\/www.vallonchene.fr\/es\/categoria-producto\/venta-en-linea\/vivero\/arbustos-y-arboles\/"},{"@type":"ListItem","position":6,"name":"ACER rubrum &lsquo;Schlesingeri&rsquo; (\u00e9rable rouge)"}]},{"@type":"WebSite","@id":"https:\/\/www.vallonchene.fr\/es\/#website","url":"https:\/\/www.vallonchene.fr\/es\/","name":"Vallonch\u00eane","description":"El vivero donde la calidad tiene sus ra\u00edces \u2013 Tel.: +33 (0)2.35.90.02.02","publisher":{"@id":"https:\/\/www.vallonchene.fr\/es\/#organization"},"potentialAction":[{"@type":"SearchAction","target":{"@type":"EntryPoint","urlTemplate":"https:\/\/www.vallonchene.fr\/es\/?s={search_term_string}"},"query-input":{"@type":"PropertyValueSpecification","valueRequired":true,"valueName":"search_term_string"}}],"inLanguage":"es"},{"@type":"Organization","@id":"https:\/\/www.vallonchene.fr\/es\/#organization","name":"VALLONCHENE","url":"https:\/\/www.vallonchene.fr\/es\/","logo":{"@type":"ImageObject","inLanguage":"es","@id":"https:\/\/www.vallonchene.fr\/es\/#\/schema\/logo\/image\/","url":"https:\/\/www.vallonchene.fr\/wp-content\/uploads\/2023\/03\/Logo-Vallonchene-site-et-R_hauteur_100.png","contentUrl":"https:\/\/www.vallonchene.fr\/wp-content\/uploads\/2023\/03\/Logo-Vallonchene-site-et-R_hauteur_100.png","width":221,"height":100,"caption":"VALLONCHENE"},"image":{"@id":"https:\/\/www.vallonchene.fr\/es\/#\/schema\/logo\/image\/"},"sameAs":["https:\/\/www.facebook.com\/vallonchene.fr","https:\/\/www.instagram.com\/vallonchene\/","https:\/\/www.pinterest.fr\/vallonchene\/"],"taxID":"49454502300017","hasMerchantReturnPolicy":{"@type":"MerchantReturnPolicy","merchantReturnLink":"https:\/\/www.vallonchene.fr\/remboursements_retours\/"}}]},"og_availability":"instock","product_availability":"instock","product_retailer_item_id":"47445","product_condition":"new"},"_links":{"self":[{"href":"https:\/\/www.vallonchene.fr\/es\/wp-json\/wp\/v2\/product\/15775","targetHints":{"allow":["GET"]}}],"collection":[{"href":"https:\/\/www.vallonchene.fr\/es\/wp-json\/wp\/v2\/product"}],"about":[{"href":"https:\/\/www.vallonchene.fr\/es\/wp-json\/wp\/v2\/types\/product"}],"replies":[{"embeddable":true,"href":"https:\/\/www.vallonchene.fr\/es\/wp-json\/wp\/v2\/comments?post=15775"}],"wp:featuredmedia":[{"embeddable":true,"href":"https:\/\/www.vallonchene.fr\/es\/wp-json\/wp\/v2\/media\/44705"}],"wp:attachment":[{"href":"https:\/\/www.vallonchene.fr\/es\/wp-json\/wp\/v2\/media?parent=15775"}],"wp:term":[{"taxonomy":"product_brand","embeddable":true,"href":"https:\/\/www.vallonchene.fr\/es\/wp-json\/wp\/v2\/product_brand?post=15775"},{"taxonomy":"product_cat","embeddable":true,"href":"https:\/\/www.vallonchene.fr\/es\/wp-json\/wp\/v2\/product_cat?post=15775"},{"taxonomy":"product_tag","embeddable":true,"href":"https:\/\/www.vallonchene.fr\/es\/wp-json\/wp\/v2\/product_tag?post=15775"}],"curies":[{"name":"wp","href":"https:\/\/api.w.org\/{rel}","templated":true}]}}