{"id":15202,"date":"2021-08-31T11:20:51","date_gmt":"2021-08-31T11:20:51","guid":{"rendered":"https:\/\/testing.vallonchene.fr\/produit\/picea-abies-little-gem\/"},"modified":"2025-09-13T15:51:42","modified_gmt":"2025-09-13T13:51:42","slug":"picea-abies-little-gem","status":"publish","type":"product","link":"https:\/\/www.vallonchene.fr\/es\/producto\/picea-abies-little-gem\/","title":{"rendered":"PICEA abies &#8216;Little Gem&#8217;"},"content":{"rendered":"","protected":false},"excerpt":{"rendered":"<p>Cet <strong>\u00e9pic\u00e9a commun<\/strong> est un v\u00e9ritable nain. Le feuillage du <strong>PICEA abies &#8216;Little Gem&#8217;<\/strong> est vert et ses pousses printani\u00e8res plus claires sont tr\u00e8s int\u00e9ressantes. Il est bien adapt\u00e9 aux petits jardins et au bonsa\u00ef. Parfaitement rustique.<\/p>\n","protected":false},"featured_media":15190,"comment_status":"open","ping_status":"closed","template":"","meta":[],"product_brand":[],"product_cat":[254],"product_tag":[732,733,6053,668,731,6054],"class_list":{"0":"post-15202","1":"product","2":"type-product","3":"status-publish","4":"has-post-thumbnail","6":"product_cat-coniferes","7":"product_tag-epicea","8":"product_tag-epicea-commun","9":"product_tag-little-gem","10":"product_tag-picea","11":"product_tag-picea-abies","12":"product_tag-picea-abies-little-gem","13":"pa_99-hauteurapproximativeapres1-20a50cm","14":"pa_couleurdufeuillage-vert","15":"pa_exigencesenhumidite-fraisahumide","16":"pa_exigencesenhumidite-moyen","17":"pa_exigencesenhumidite-sec","18":"pa_expositionspossibles-33-mi_ombreeviterlesoleilde12","19":"pa_expositionspossibles-pleinsoleilde12ha17hmin","20":"pa_interetauprintemps-feuillage","21":"pa_interetauprintemps-graphismeforme","22":"pa_interetauprintemps-jeunespousses","23":"pa_interetenautomne-feuillage","24":"pa_interetenautomne-graphismeforme","25":"pa_interetenete-feuillage","26":"pa_interetenete-graphismeforme","27":"pa_interetenhiver-feuillage","28":"pa_interetenhiver-graphismeforme","29":"pa_naturedufeuillage-persistant","30":"pa_naturesdesolpossibles-leger","31":"pa_naturesdesolpossibles-lourd","32":"pa_naturesdesolpossibles-normal","33":"pa_particularites-adapteaubonsai","34":"pa_particularites-graphismeforme","35":"pa_periodedetaille-mars","36":"pa_phdusolacceptable-acidemoinsde65","37":"pa_phdusolacceptable-calcaireplusde75","38":"pa_phdusolacceptable-neutreentre65et75","39":"pa_portgraphisme-arrondi","40":"pa_resistanceaufroidrusticite-resistant-en-dessous-de-moins-20-degree-c","41":"pa_utilisationpossible-bacoupot","42":"pa_utilisationpossible-massif","44":"first","45":"outofstock","46":"taxable","47":"shipping-taxable","48":"purchasable","49":"product-type-simple"},"supplier_id":null,"supplier_sku":"","barcode":null,"atum_controlled":true,"out_stock_date":"2024-09-26 15:10:48","out_stock_threshold":null,"inheritable":false,"inbound_stock":0,"stock_on_hold":0,"sold_today":0,"sales_last_days":0,"reserved_stock":0,"customer_returns":0,"warehouse_damage":0,"lost_in_post":0,"other_logs":0,"out_stock_days":351,"lost_sales":0,"has_location":false,"update_date":"2025-09-13T13:51:44","atum_locations":[],"atum_stock_status":"outofstock","restock_status":false,"low_stock_amount":"","sales_update_date":"2025-09-13T13:29:31","calc_backorders":null,"yoast_head":"<!-- This site is optimized with the Yoast SEO Premium plugin v27.4 (Yoast SEO v27.4) - https:\/\/yoast.com\/product\/yoast-seo-premium-wordpress\/ -->\n<title>PICEA abies &#039;Little Gem&#039; - \u00e9pic\u00e9a<\/title>\n<meta name=\"description\" content=\"Cet \u00e9pic\u00e9a commun est un v\u00e9ritable nain. Le feuillage du PICEA abies &#039;Little Gem&#039; est vert et ses pousses printani\u00e8res plus claires sont tr\u00e8s int\u00e9ressantes. Il est bien adapt\u00e9 aux petits jardins et au...\" \/>\n<meta name=\"robots\" content=\"index, follow, max-snippet:-1, max-image-preview:large, max-video-preview:-1\" \/>\n<link rel=\"canonical\" href=\"https:\/\/www.vallonchene.fr\/es\/producto\/picea-abies-little-gem\/\" \/>\n<meta property=\"og:locale\" content=\"es_ES\" \/>\n<meta property=\"og:type\" content=\"article\" \/>\n<meta property=\"og:title\" content=\"PICEA abies &#039;Little Gem&#039;\" \/>\n<meta property=\"og:description\" content=\"Cet \u00e9pic\u00e9a commun est un v\u00e9ritable nain. Le feuillage du PICEA abies &#039;Little Gem&#039; est vert et ses pousses printani\u00e8res plus claires sont tr\u00e8s int\u00e9ressantes. Il est bien adapt\u00e9 aux petits jardins et au...\" \/>\n<meta property=\"og:url\" content=\"https:\/\/www.vallonchene.fr\/es\/producto\/picea-abies-little-gem\/\" \/>\n<meta property=\"og:site_name\" content=\"Vallonch\u00eane\" \/>\n<meta property=\"article:publisher\" content=\"https:\/\/www.facebook.com\/vallonchene.fr\" \/>\n<meta property=\"article:modified_time\" content=\"2025-09-13T13:51:42+00:00\" \/>\n<meta property=\"og:image\" content=\"https:\/\/www.vallonchene.fr\/wp-content\/uploads\/2021\/08\/2616-9b6-PICEA-abies-Little-Gem-en-Octobre.jpg\" \/>\n\t<meta property=\"og:image:width\" content=\"1600\" \/>\n\t<meta property=\"og:image:height\" content=\"1600\" \/>\n\t<meta property=\"og:image:type\" content=\"image\/jpeg\" \/>\n<meta name=\"twitter:card\" content=\"summary_large_image\" \/>\n<meta name=\"twitter:label1\" content=\"Precio\" \/>\n\t<meta name=\"twitter:data1\" content=\"0,00&nbsp;&euro;\" \/>\n\t<meta name=\"twitter:label2\" content=\"Disponibilidad\" \/>\n\t<meta name=\"twitter:data2\" content=\"Agotado\" \/>\n<script type=\"application\/ld+json\" class=\"yoast-schema-graph\">{\"@context\":\"https:\\\/\\\/schema.org\",\"@graph\":[{\"@type\":\"WebPage\",\"@id\":\"https:\\\/\\\/www.vallonchene.fr\\\/es\\\/producto\\\/picea-abies-little-gem\\\/\",\"url\":\"https:\\\/\\\/www.vallonchene.fr\\\/es\\\/producto\\\/picea-abies-little-gem\\\/\",\"name\":\"PICEA abies 'Little Gem' - \u00e9pic\u00e9a\",\"isPartOf\":{\"@id\":\"https:\\\/\\\/www.vallonchene.fr\\\/es\\\/#website\"},\"primaryImageOfPage\":{\"@id\":\"https:\\\/\\\/www.vallonchene.fr\\\/es\\\/producto\\\/picea-abies-little-gem\\\/#primaryimage\"},\"image\":{\"@id\":\"https:\\\/\\\/www.vallonchene.fr\\\/es\\\/producto\\\/picea-abies-little-gem\\\/#primaryimage\"},\"thumbnailUrl\":\"https:\\\/\\\/www.vallonchene.fr\\\/wp-content\\\/uploads\\\/2021\\\/08\\\/2616-9b6-PICEA-abies-Little-Gem-en-Octobre.jpg\",\"datePublished\":\"2021-08-31T11:20:51+00:00\",\"dateModified\":\"2025-09-13T13:51:42+00:00\",\"description\":\"Cet \u00e9pic\u00e9a commun est un v\u00e9ritable nain. Le feuillage du PICEA abies 'Little Gem' est vert et ses pousses printani\u00e8res plus claires sont tr\u00e8s int\u00e9ressantes. Il est bien adapt\u00e9 aux petits jardins et au...\",\"breadcrumb\":{\"@id\":\"https:\\\/\\\/www.vallonchene.fr\\\/es\\\/producto\\\/picea-abies-little-gem\\\/#breadcrumb\"},\"inLanguage\":\"es\",\"potentialAction\":[{\"@type\":\"ReadAction\",\"target\":[\"https:\\\/\\\/www.vallonchene.fr\\\/es\\\/producto\\\/picea-abies-little-gem\\\/\"]}]},{\"@type\":\"ImageObject\",\"inLanguage\":\"es\",\"@id\":\"https:\\\/\\\/www.vallonchene.fr\\\/es\\\/producto\\\/picea-abies-little-gem\\\/#primaryimage\",\"url\":\"https:\\\/\\\/www.vallonchene.fr\\\/wp-content\\\/uploads\\\/2021\\\/08\\\/2616-9b6-PICEA-abies-Little-Gem-en-Octobre.jpg\",\"contentUrl\":\"https:\\\/\\\/www.vallonchene.fr\\\/wp-content\\\/uploads\\\/2021\\\/08\\\/2616-9b6-PICEA-abies-Little-Gem-en-Octobre.jpg\",\"width\":1600,\"height\":1600,\"caption\":\"PICEA abies 'Little Gem' en Octobre\"},{\"@type\":\"BreadcrumbList\",\"@id\":\"https:\\\/\\\/www.vallonchene.fr\\\/es\\\/producto\\\/picea-abies-little-gem\\\/#breadcrumb\",\"itemListElement\":[{\"@type\":\"ListItem\",\"position\":1,\"name\":\"Home\",\"item\":\"https:\\\/\\\/www.vallonchene.fr\\\/es\\\/\"},{\"@type\":\"ListItem\",\"position\":2,\"name\":\"Tienda\",\"item\":\"https:\\\/\\\/www.vallonchene.fr\\\/tienda\\\/\"},{\"@type\":\"ListItem\",\"position\":3,\"name\":\"Venta en linea\",\"item\":\"https:\\\/\\\/www.vallonchene.fr\\\/es\\\/categoria-producto\\\/venta-en-linea\\\/\"},{\"@type\":\"ListItem\",\"position\":4,\"name\":\"Vivero\",\"item\":\"https:\\\/\\\/www.vallonchene.fr\\\/es\\\/categoria-producto\\\/venta-en-linea\\\/vivero\\\/\"},{\"@type\":\"ListItem\",\"position\":5,\"name\":\"Coniferas\",\"item\":\"https:\\\/\\\/www.vallonchene.fr\\\/es\\\/categoria-producto\\\/venta-en-linea\\\/vivero\\\/coniferas\\\/\"},{\"@type\":\"ListItem\",\"position\":6,\"name\":\"PICEA abies &lsquo;Little Gem&rsquo;\"}]},{\"@type\":\"WebSite\",\"@id\":\"https:\\\/\\\/www.vallonchene.fr\\\/es\\\/#website\",\"url\":\"https:\\\/\\\/www.vallonchene.fr\\\/es\\\/\",\"name\":\"Vallonch\u00eane\",\"description\":\"El vivero donde la calidad tiene sus ra\u00edces \u2013 Tel.: +33 (0)2.35.90.02.02\",\"publisher\":{\"@id\":\"https:\\\/\\\/www.vallonchene.fr\\\/es\\\/#organization\"},\"potentialAction\":[{\"@type\":\"SearchAction\",\"target\":{\"@type\":\"EntryPoint\",\"urlTemplate\":\"https:\\\/\\\/www.vallonchene.fr\\\/es\\\/?s={search_term_string}\"},\"query-input\":{\"@type\":\"PropertyValueSpecification\",\"valueRequired\":true,\"valueName\":\"search_term_string\"}}],\"inLanguage\":\"es\"},{\"@type\":\"Organization\",\"@id\":\"https:\\\/\\\/www.vallonchene.fr\\\/es\\\/#organization\",\"name\":\"VALLONCHENE\",\"url\":\"https:\\\/\\\/www.vallonchene.fr\\\/es\\\/\",\"logo\":{\"@type\":\"ImageObject\",\"inLanguage\":\"es\",\"@id\":\"https:\\\/\\\/www.vallonchene.fr\\\/es\\\/#\\\/schema\\\/logo\\\/image\\\/\",\"url\":\"https:\\\/\\\/www.vallonchene.fr\\\/wp-content\\\/uploads\\\/2023\\\/03\\\/Logo-Vallonchene-site-et-R_hauteur_100.png\",\"contentUrl\":\"https:\\\/\\\/www.vallonchene.fr\\\/wp-content\\\/uploads\\\/2023\\\/03\\\/Logo-Vallonchene-site-et-R_hauteur_100.png\",\"width\":221,\"height\":100,\"caption\":\"VALLONCHENE\"},\"image\":{\"@id\":\"https:\\\/\\\/www.vallonchene.fr\\\/es\\\/#\\\/schema\\\/logo\\\/image\\\/\"},\"sameAs\":[\"https:\\\/\\\/www.facebook.com\\\/vallonchene.fr\",\"https:\\\/\\\/www.instagram.com\\\/vallonchene\\\/\",\"https:\\\/\\\/www.pinterest.fr\\\/vallonchene\\\/\"],\"taxID\":\"49454502300017\",\"hasMerchantReturnPolicy\":{\"@type\":\"MerchantReturnPolicy\",\"merchantReturnLink\":\"https:\\\/\\\/www.vallonchene.fr\\\/remboursements_retours\\\/\"}}]}<\/script>\n<meta property=\"product:price:amount\" content=\"0.00\" \/>\n<meta property=\"product:price:currency\" content=\"EUR\" \/>\n<meta property=\"og:availability\" content=\"out of stock\" \/>\n<meta property=\"product:availability\" content=\"out of stock\" \/>\n<meta property=\"product:retailer_item_id\" content=\"27516\" \/>\n<meta property=\"product:condition\" content=\"new\" \/>\n<!-- \/ Yoast SEO Premium plugin. -->","yoast_head_json":{"title":"PICEA abies 'Little Gem' - \u00e9pic\u00e9a","description":"Cet \u00e9pic\u00e9a commun est un v\u00e9ritable nain. Le feuillage du PICEA abies 'Little Gem' est vert et ses pousses printani\u00e8res plus claires sont tr\u00e8s int\u00e9ressantes. Il est bien adapt\u00e9 aux petits jardins et au...","robots":{"index":"index","follow":"follow","max-snippet":"max-snippet:-1","max-image-preview":"max-image-preview:large","max-video-preview":"max-video-preview:-1"},"canonical":"https:\/\/www.vallonchene.fr\/es\/producto\/picea-abies-little-gem\/","og_locale":"es_ES","og_type":"article","og_title":"PICEA abies 'Little Gem'","og_description":"Cet \u00e9pic\u00e9a commun est un v\u00e9ritable nain. Le feuillage du PICEA abies 'Little Gem' est vert et ses pousses printani\u00e8res plus claires sont tr\u00e8s int\u00e9ressantes. Il est bien adapt\u00e9 aux petits jardins et au...","og_url":"https:\/\/www.vallonchene.fr\/es\/producto\/picea-abies-little-gem\/","og_site_name":"Vallonch\u00eane","article_publisher":"https:\/\/www.facebook.com\/vallonchene.fr","article_modified_time":"2025-09-13T13:51:42+00:00","og_image":[{"width":1600,"height":1600,"url":"https:\/\/www.vallonchene.fr\/wp-content\/uploads\/2021\/08\/2616-9b6-PICEA-abies-Little-Gem-en-Octobre.jpg","type":"image\/jpeg"}],"twitter_card":"summary_large_image","twitter_misc":{"Precio":"0,00&nbsp;&euro;","Disponibilidad":"Agotado"},"schema":{"@context":"https:\/\/schema.org","@graph":[{"@type":"WebPage","@id":"https:\/\/www.vallonchene.fr\/es\/producto\/picea-abies-little-gem\/","url":"https:\/\/www.vallonchene.fr\/es\/producto\/picea-abies-little-gem\/","name":"PICEA abies 'Little Gem' - \u00e9pic\u00e9a","isPartOf":{"@id":"https:\/\/www.vallonchene.fr\/es\/#website"},"primaryImageOfPage":{"@id":"https:\/\/www.vallonchene.fr\/es\/producto\/picea-abies-little-gem\/#primaryimage"},"image":{"@id":"https:\/\/www.vallonchene.fr\/es\/producto\/picea-abies-little-gem\/#primaryimage"},"thumbnailUrl":"https:\/\/www.vallonchene.fr\/wp-content\/uploads\/2021\/08\/2616-9b6-PICEA-abies-Little-Gem-en-Octobre.jpg","datePublished":"2021-08-31T11:20:51+00:00","dateModified":"2025-09-13T13:51:42+00:00","description":"Cet \u00e9pic\u00e9a commun est un v\u00e9ritable nain. Le feuillage du PICEA abies 'Little Gem' est vert et ses pousses printani\u00e8res plus claires sont tr\u00e8s int\u00e9ressantes. Il est bien adapt\u00e9 aux petits jardins et au...","breadcrumb":{"@id":"https:\/\/www.vallonchene.fr\/es\/producto\/picea-abies-little-gem\/#breadcrumb"},"inLanguage":"es","potentialAction":[{"@type":"ReadAction","target":["https:\/\/www.vallonchene.fr\/es\/producto\/picea-abies-little-gem\/"]}]},{"@type":"ImageObject","inLanguage":"es","@id":"https:\/\/www.vallonchene.fr\/es\/producto\/picea-abies-little-gem\/#primaryimage","url":"https:\/\/www.vallonchene.fr\/wp-content\/uploads\/2021\/08\/2616-9b6-PICEA-abies-Little-Gem-en-Octobre.jpg","contentUrl":"https:\/\/www.vallonchene.fr\/wp-content\/uploads\/2021\/08\/2616-9b6-PICEA-abies-Little-Gem-en-Octobre.jpg","width":1600,"height":1600,"caption":"PICEA abies 'Little Gem' en Octobre"},{"@type":"BreadcrumbList","@id":"https:\/\/www.vallonchene.fr\/es\/producto\/picea-abies-little-gem\/#breadcrumb","itemListElement":[{"@type":"ListItem","position":1,"name":"Home","item":"https:\/\/www.vallonchene.fr\/es\/"},{"@type":"ListItem","position":2,"name":"Tienda","item":"https:\/\/www.vallonchene.fr\/tienda\/"},{"@type":"ListItem","position":3,"name":"Venta en linea","item":"https:\/\/www.vallonchene.fr\/es\/categoria-producto\/venta-en-linea\/"},{"@type":"ListItem","position":4,"name":"Vivero","item":"https:\/\/www.vallonchene.fr\/es\/categoria-producto\/venta-en-linea\/vivero\/"},{"@type":"ListItem","position":5,"name":"Coniferas","item":"https:\/\/www.vallonchene.fr\/es\/categoria-producto\/venta-en-linea\/vivero\/coniferas\/"},{"@type":"ListItem","position":6,"name":"PICEA abies &lsquo;Little Gem&rsquo;"}]},{"@type":"WebSite","@id":"https:\/\/www.vallonchene.fr\/es\/#website","url":"https:\/\/www.vallonchene.fr\/es\/","name":"Vallonch\u00eane","description":"El vivero donde la calidad tiene sus ra\u00edces \u2013 Tel.: +33 (0)2.35.90.02.02","publisher":{"@id":"https:\/\/www.vallonchene.fr\/es\/#organization"},"potentialAction":[{"@type":"SearchAction","target":{"@type":"EntryPoint","urlTemplate":"https:\/\/www.vallonchene.fr\/es\/?s={search_term_string}"},"query-input":{"@type":"PropertyValueSpecification","valueRequired":true,"valueName":"search_term_string"}}],"inLanguage":"es"},{"@type":"Organization","@id":"https:\/\/www.vallonchene.fr\/es\/#organization","name":"VALLONCHENE","url":"https:\/\/www.vallonchene.fr\/es\/","logo":{"@type":"ImageObject","inLanguage":"es","@id":"https:\/\/www.vallonchene.fr\/es\/#\/schema\/logo\/image\/","url":"https:\/\/www.vallonchene.fr\/wp-content\/uploads\/2023\/03\/Logo-Vallonchene-site-et-R_hauteur_100.png","contentUrl":"https:\/\/www.vallonchene.fr\/wp-content\/uploads\/2023\/03\/Logo-Vallonchene-site-et-R_hauteur_100.png","width":221,"height":100,"caption":"VALLONCHENE"},"image":{"@id":"https:\/\/www.vallonchene.fr\/es\/#\/schema\/logo\/image\/"},"sameAs":["https:\/\/www.facebook.com\/vallonchene.fr","https:\/\/www.instagram.com\/vallonchene\/","https:\/\/www.pinterest.fr\/vallonchene\/"],"taxID":"49454502300017","hasMerchantReturnPolicy":{"@type":"MerchantReturnPolicy","merchantReturnLink":"https:\/\/www.vallonchene.fr\/remboursements_retours\/"}}]},"product_price_amount":"0.00","product_price_currency":"EUR","og_availability":"out of stock","product_availability":"out of stock","product_retailer_item_id":"27516","product_condition":"new"},"_links":{"self":[{"href":"https:\/\/www.vallonchene.fr\/es\/wp-json\/wp\/v2\/product\/15202","targetHints":{"allow":["GET"]}}],"collection":[{"href":"https:\/\/www.vallonchene.fr\/es\/wp-json\/wp\/v2\/product"}],"about":[{"href":"https:\/\/www.vallonchene.fr\/es\/wp-json\/wp\/v2\/types\/product"}],"replies":[{"embeddable":true,"href":"https:\/\/www.vallonchene.fr\/es\/wp-json\/wp\/v2\/comments?post=15202"}],"wp:featuredmedia":[{"embeddable":true,"href":"https:\/\/www.vallonchene.fr\/es\/wp-json\/wp\/v2\/media\/15190"}],"wp:attachment":[{"href":"https:\/\/www.vallonchene.fr\/es\/wp-json\/wp\/v2\/media?parent=15202"}],"wp:term":[{"taxonomy":"product_brand","embeddable":true,"href":"https:\/\/www.vallonchene.fr\/es\/wp-json\/wp\/v2\/product_brand?post=15202"},{"taxonomy":"product_cat","embeddable":true,"href":"https:\/\/www.vallonchene.fr\/es\/wp-json\/wp\/v2\/product_cat?post=15202"},{"taxonomy":"product_tag","embeddable":true,"href":"https:\/\/www.vallonchene.fr\/es\/wp-json\/wp\/v2\/product_tag?post=15202"}],"curies":[{"name":"wp","href":"https:\/\/api.w.org\/{rel}","templated":true}]}}