{"id":15085,"date":"2021-08-31T10:38:57","date_gmt":"2021-08-31T10:38:57","guid":{"rendered":"https:\/\/testing.vallonchene.fr\/produit\/abies-koreana-brilliant\/"},"modified":"2026-03-23T00:33:16","modified_gmt":"2026-03-22T23:33:16","slug":"abies-koreana-brilliant","status":"publish","type":"product","link":"https:\/\/www.vallonchene.fr\/es\/producto\/abies-koreana-brilliant\/","title":{"rendered":"ABIES koreana &#8216;Brilliant&#8217;"},"content":{"rendered":"","protected":false},"excerpt":{"rendered":"<p>Ce <strong>sapin de Cor\u00e9e<\/strong> pousse extr\u00eamement lentement. De ce fait, l&#8217;<strong>ABIES koreana &#8216;Brilliant&#8217;<\/strong> est tr\u00e8s bien adapt\u00e9 aux petits jardins et aux rocailles. Son est feuillage est vert et il est tr\u00e8s rustique.<\/p>\n","protected":false},"featured_media":15073,"comment_status":"open","ping_status":"closed","template":"","meta":[],"product_brand":[],"product_cat":[254],"product_tag":[644,645,6029,6030,646],"class_list":{"0":"post-15085","1":"product","2":"type-product","3":"status-publish","4":"has-post-thumbnail","6":"product_cat-coniferes","7":"product_tag-abies","8":"product_tag-abies-koreana","9":"product_tag-abies-koreana-brilliant","10":"product_tag-brilliant","11":"product_tag-sapin-de-coree","12":"pa_99-hauteurapproximativeapres1-20a50cm","13":"pa_couleurdufeuillage-vert","14":"pa_exigencesenhumidite-fraisahumide","15":"pa_exigencesenhumidite-moyen","16":"pa_exigencesenhumidite-sec","17":"pa_expositionspossibles-33-mi_ombreeviterlesoleilde12","18":"pa_expositionspossibles-pleinsoleilde12ha17hmin","19":"pa_hauteurlivree-20-a-25-cm","20":"pa_interetauprintemps-feuillage","21":"pa_interetauprintemps-graphismeforme","22":"pa_interetenautomne-feuillage","23":"pa_interetenautomne-graphismeforme","24":"pa_interetenete-feuillage","25":"pa_interetenete-graphismeforme","26":"pa_interetenhiver-feuillage","27":"pa_interetenhiver-graphismeforme","28":"pa_naturedufeuillage-persistant","29":"pa_naturesdesolpossibles-leger","30":"pa_naturesdesolpossibles-lourd","31":"pa_naturesdesolpossibles-normal","32":"pa_particularites-adapteaubonsai","33":"pa_particularites-graphismeforme","34":"pa_periodedetaille-mars","35":"pa_phdusolacceptable-acidemoinsde65","36":"pa_phdusolacceptable-calcaireplusde75","37":"pa_phdusolacceptable-neutreentre65et75","38":"pa_portgraphisme-arrondi","39":"pa_resistanceaufroidrusticite-resistant-en-dessous-de-moins-20-degree-c","40":"pa_tailledepot-pot-de-5-litres","41":"pa_utilisationpossible-bacoupot","42":"pa_utilisationpossible-massif","44":"first","45":"instock","46":"taxable","47":"shipping-taxable","48":"purchasable","49":"product-type-variable"},"supplier_id":null,"supplier_sku":"","barcode":null,"atum_controlled":true,"out_stock_date":"2024-09-27 09:19:18","out_stock_threshold":null,"inheritable":true,"inbound_stock":0,"stock_on_hold":0,"sold_today":0,"sales_last_days":0,"reserved_stock":0,"customer_returns":0,"warehouse_damage":0,"lost_in_post":0,"other_logs":0,"out_stock_days":436,"lost_sales":0,"has_location":false,"update_date":"2026-03-23T08:37:03","atum_locations":[],"atum_stock_status":"outofstock","restock_status":false,"low_stock_amount":"","sales_update_date":"2024-09-15T13:47:18","calc_backorders":null,"yoast_head":"<!-- This site is optimized with the Yoast SEO Premium plugin v27.5 (Yoast SEO v27.5) - https:\/\/yoast.com\/product\/yoast-seo-premium-wordpress\/ -->\n<title>ABIES koreana &#039;Brilliant&#039; - sapin de Cor\u00e9e<\/title>\n<meta name=\"description\" content=\"Ce sapin de Cor\u00e9e pousse extr\u00eamement lentement. De ce fait, l&#039;ABIES koreana &#039;Brilliant&#039; est tr\u00e8s bien adapt\u00e9 aux petits jardins et aux rocailles. Son est feuillage est vert et il est tr\u00e8s rustique.\" \/>\n<meta name=\"robots\" content=\"index, follow, max-snippet:-1, max-image-preview:large, max-video-preview:-1\" \/>\n<link rel=\"canonical\" href=\"https:\/\/www.vallonchene.fr\/es\/producto\/abies-koreana-brilliant\/\" \/>\n<meta property=\"og:locale\" content=\"es_ES\" \/>\n<meta property=\"og:type\" content=\"article\" \/>\n<meta property=\"og:title\" content=\"ABIES koreana &#039;Brilliant&#039;\" \/>\n<meta property=\"og:description\" content=\"Ce sapin de Cor\u00e9e pousse extr\u00eamement lentement. De ce fait, l&#039;ABIES koreana &#039;Brilliant&#039; est tr\u00e8s bien adapt\u00e9 aux petits jardins et aux rocailles. Son est feuillage est vert et il est tr\u00e8s rustique.\" \/>\n<meta property=\"og:url\" content=\"https:\/\/www.vallonchene.fr\/es\/producto\/abies-koreana-brilliant\/\" \/>\n<meta property=\"og:site_name\" content=\"Vallonch\u00eane\" \/>\n<meta property=\"article:publisher\" content=\"https:\/\/www.facebook.com\/vallonchene.fr\" \/>\n<meta property=\"article:modified_time\" content=\"2026-03-22T23:33:16+00:00\" \/>\n<meta property=\"og:image\" content=\"https:\/\/www.vallonchene.fr\/wp-content\/uploads\/2021\/08\/69-7ef-ABIES-koreana-Brilliant-en-Octobre.jpg\" \/>\n\t<meta property=\"og:image:width\" content=\"1600\" \/>\n\t<meta property=\"og:image:height\" content=\"1600\" \/>\n\t<meta property=\"og:image:type\" content=\"image\/jpeg\" \/>\n<meta name=\"twitter:card\" content=\"summary_large_image\" \/>\n<meta name=\"twitter:label1\" content=\"Disponibilidad\" \/>\n\t<meta name=\"twitter:data1\" content=\"En stock\" \/>\n<script type=\"application\/ld+json\" class=\"yoast-schema-graph\">{\"@context\":\"https:\\\/\\\/schema.org\",\"@graph\":[{\"@type\":\"WebPage\",\"@id\":\"https:\\\/\\\/www.vallonchene.fr\\\/es\\\/producto\\\/abies-koreana-brilliant\\\/\",\"url\":\"https:\\\/\\\/www.vallonchene.fr\\\/es\\\/producto\\\/abies-koreana-brilliant\\\/\",\"name\":\"ABIES koreana 'Brilliant' - sapin de Cor\u00e9e\",\"isPartOf\":{\"@id\":\"https:\\\/\\\/www.vallonchene.fr\\\/es\\\/#website\"},\"primaryImageOfPage\":{\"@id\":\"https:\\\/\\\/www.vallonchene.fr\\\/es\\\/producto\\\/abies-koreana-brilliant\\\/#primaryimage\"},\"image\":{\"@id\":\"https:\\\/\\\/www.vallonchene.fr\\\/es\\\/producto\\\/abies-koreana-brilliant\\\/#primaryimage\"},\"thumbnailUrl\":\"https:\\\/\\\/www.vallonchene.fr\\\/wp-content\\\/uploads\\\/2021\\\/08\\\/69-7ef-ABIES-koreana-Brilliant-en-Octobre.jpg\",\"datePublished\":\"2021-08-31T10:38:57+00:00\",\"dateModified\":\"2026-03-22T23:33:16+00:00\",\"description\":\"Ce sapin de Cor\u00e9e pousse extr\u00eamement lentement. De ce fait, l'ABIES koreana 'Brilliant' est tr\u00e8s bien adapt\u00e9 aux petits jardins et aux rocailles. Son est feuillage est vert et il est tr\u00e8s rustique.\",\"breadcrumb\":{\"@id\":\"https:\\\/\\\/www.vallonchene.fr\\\/es\\\/producto\\\/abies-koreana-brilliant\\\/#breadcrumb\"},\"inLanguage\":\"es\",\"potentialAction\":[{\"@type\":\"ReadAction\",\"target\":[\"https:\\\/\\\/www.vallonchene.fr\\\/es\\\/producto\\\/abies-koreana-brilliant\\\/\"]}]},{\"@type\":\"ImageObject\",\"inLanguage\":\"es\",\"@id\":\"https:\\\/\\\/www.vallonchene.fr\\\/es\\\/producto\\\/abies-koreana-brilliant\\\/#primaryimage\",\"url\":\"https:\\\/\\\/www.vallonchene.fr\\\/wp-content\\\/uploads\\\/2021\\\/08\\\/69-7ef-ABIES-koreana-Brilliant-en-Octobre.jpg\",\"contentUrl\":\"https:\\\/\\\/www.vallonchene.fr\\\/wp-content\\\/uploads\\\/2021\\\/08\\\/69-7ef-ABIES-koreana-Brilliant-en-Octobre.jpg\",\"width\":1600,\"height\":1600,\"caption\":\"ABIES koreana 'Brilliant' en Octobre\"},{\"@type\":\"BreadcrumbList\",\"@id\":\"https:\\\/\\\/www.vallonchene.fr\\\/es\\\/producto\\\/abies-koreana-brilliant\\\/#breadcrumb\",\"itemListElement\":[{\"@type\":\"ListItem\",\"position\":1,\"name\":\"Home\",\"item\":\"https:\\\/\\\/www.vallonchene.fr\\\/es\\\/\"},{\"@type\":\"ListItem\",\"position\":2,\"name\":\"Tienda\",\"item\":\"https:\\\/\\\/www.vallonchene.fr\\\/tienda\\\/\"},{\"@type\":\"ListItem\",\"position\":3,\"name\":\"Venta en linea\",\"item\":\"https:\\\/\\\/www.vallonchene.fr\\\/es\\\/categoria-producto\\\/venta-en-linea\\\/\"},{\"@type\":\"ListItem\",\"position\":4,\"name\":\"Vivero\",\"item\":\"https:\\\/\\\/www.vallonchene.fr\\\/es\\\/categoria-producto\\\/venta-en-linea\\\/vivero\\\/\"},{\"@type\":\"ListItem\",\"position\":5,\"name\":\"Coniferas\",\"item\":\"https:\\\/\\\/www.vallonchene.fr\\\/es\\\/categoria-producto\\\/venta-en-linea\\\/vivero\\\/coniferas\\\/\"},{\"@type\":\"ListItem\",\"position\":6,\"name\":\"ABIES koreana &lsquo;Brilliant&rsquo;\"}]},{\"@type\":\"WebSite\",\"@id\":\"https:\\\/\\\/www.vallonchene.fr\\\/es\\\/#website\",\"url\":\"https:\\\/\\\/www.vallonchene.fr\\\/es\\\/\",\"name\":\"Vallonch\u00eane\",\"description\":\"El vivero donde la calidad tiene sus ra\u00edces \u2013 Tel.: +33 (0)2.35.90.02.02\",\"publisher\":{\"@id\":\"https:\\\/\\\/www.vallonchene.fr\\\/es\\\/#organization\"},\"potentialAction\":[{\"@type\":\"SearchAction\",\"target\":{\"@type\":\"EntryPoint\",\"urlTemplate\":\"https:\\\/\\\/www.vallonchene.fr\\\/es\\\/?s={search_term_string}\"},\"query-input\":{\"@type\":\"PropertyValueSpecification\",\"valueRequired\":true,\"valueName\":\"search_term_string\"}}],\"inLanguage\":\"es\"},{\"@type\":\"Organization\",\"@id\":\"https:\\\/\\\/www.vallonchene.fr\\\/es\\\/#organization\",\"name\":\"VALLONCHENE\",\"url\":\"https:\\\/\\\/www.vallonchene.fr\\\/es\\\/\",\"logo\":{\"@type\":\"ImageObject\",\"inLanguage\":\"es\",\"@id\":\"https:\\\/\\\/www.vallonchene.fr\\\/es\\\/#\\\/schema\\\/logo\\\/image\\\/\",\"url\":\"https:\\\/\\\/www.vallonchene.fr\\\/wp-content\\\/uploads\\\/2023\\\/03\\\/Logo-Vallonchene-site-et-R_hauteur_100.png\",\"contentUrl\":\"https:\\\/\\\/www.vallonchene.fr\\\/wp-content\\\/uploads\\\/2023\\\/03\\\/Logo-Vallonchene-site-et-R_hauteur_100.png\",\"width\":221,\"height\":100,\"caption\":\"VALLONCHENE\"},\"image\":{\"@id\":\"https:\\\/\\\/www.vallonchene.fr\\\/es\\\/#\\\/schema\\\/logo\\\/image\\\/\"},\"sameAs\":[\"https:\\\/\\\/www.facebook.com\\\/vallonchene.fr\",\"https:\\\/\\\/www.instagram.com\\\/vallonchene\\\/\",\"https:\\\/\\\/www.pinterest.fr\\\/vallonchene\\\/\"],\"taxID\":\"49454502300017\",\"hasMerchantReturnPolicy\":{\"@type\":\"MerchantReturnPolicy\",\"merchantReturnLink\":\"https:\\\/\\\/www.vallonchene.fr\\\/remboursements_retours\\\/\"}}]}<\/script>\n<meta property=\"og:availability\" content=\"instock\" \/>\n<meta property=\"product:availability\" content=\"instock\" \/>\n<meta property=\"product:retailer_item_id\" content=\"31624\" \/>\n<meta property=\"product:condition\" content=\"new\" \/>\n<!-- \/ Yoast SEO Premium plugin. -->","yoast_head_json":{"title":"ABIES koreana 'Brilliant' - sapin de Cor\u00e9e","description":"Ce sapin de Cor\u00e9e pousse extr\u00eamement lentement. De ce fait, l'ABIES koreana 'Brilliant' est tr\u00e8s bien adapt\u00e9 aux petits jardins et aux rocailles. Son est feuillage est vert et il est tr\u00e8s rustique.","robots":{"index":"index","follow":"follow","max-snippet":"max-snippet:-1","max-image-preview":"max-image-preview:large","max-video-preview":"max-video-preview:-1"},"canonical":"https:\/\/www.vallonchene.fr\/es\/producto\/abies-koreana-brilliant\/","og_locale":"es_ES","og_type":"article","og_title":"ABIES koreana 'Brilliant'","og_description":"Ce sapin de Cor\u00e9e pousse extr\u00eamement lentement. De ce fait, l'ABIES koreana 'Brilliant' est tr\u00e8s bien adapt\u00e9 aux petits jardins et aux rocailles. Son est feuillage est vert et il est tr\u00e8s rustique.","og_url":"https:\/\/www.vallonchene.fr\/es\/producto\/abies-koreana-brilliant\/","og_site_name":"Vallonch\u00eane","article_publisher":"https:\/\/www.facebook.com\/vallonchene.fr","article_modified_time":"2026-03-22T23:33:16+00:00","og_image":[{"width":1600,"height":1600,"url":"https:\/\/www.vallonchene.fr\/wp-content\/uploads\/2021\/08\/69-7ef-ABIES-koreana-Brilliant-en-Octobre.jpg","type":"image\/jpeg"}],"twitter_card":"summary_large_image","twitter_misc":{"Disponibilidad":"En stock"},"schema":{"@context":"https:\/\/schema.org","@graph":[{"@type":"WebPage","@id":"https:\/\/www.vallonchene.fr\/es\/producto\/abies-koreana-brilliant\/","url":"https:\/\/www.vallonchene.fr\/es\/producto\/abies-koreana-brilliant\/","name":"ABIES koreana 'Brilliant' - sapin de Cor\u00e9e","isPartOf":{"@id":"https:\/\/www.vallonchene.fr\/es\/#website"},"primaryImageOfPage":{"@id":"https:\/\/www.vallonchene.fr\/es\/producto\/abies-koreana-brilliant\/#primaryimage"},"image":{"@id":"https:\/\/www.vallonchene.fr\/es\/producto\/abies-koreana-brilliant\/#primaryimage"},"thumbnailUrl":"https:\/\/www.vallonchene.fr\/wp-content\/uploads\/2021\/08\/69-7ef-ABIES-koreana-Brilliant-en-Octobre.jpg","datePublished":"2021-08-31T10:38:57+00:00","dateModified":"2026-03-22T23:33:16+00:00","description":"Ce sapin de Cor\u00e9e pousse extr\u00eamement lentement. De ce fait, l'ABIES koreana 'Brilliant' est tr\u00e8s bien adapt\u00e9 aux petits jardins et aux rocailles. Son est feuillage est vert et il est tr\u00e8s rustique.","breadcrumb":{"@id":"https:\/\/www.vallonchene.fr\/es\/producto\/abies-koreana-brilliant\/#breadcrumb"},"inLanguage":"es","potentialAction":[{"@type":"ReadAction","target":["https:\/\/www.vallonchene.fr\/es\/producto\/abies-koreana-brilliant\/"]}]},{"@type":"ImageObject","inLanguage":"es","@id":"https:\/\/www.vallonchene.fr\/es\/producto\/abies-koreana-brilliant\/#primaryimage","url":"https:\/\/www.vallonchene.fr\/wp-content\/uploads\/2021\/08\/69-7ef-ABIES-koreana-Brilliant-en-Octobre.jpg","contentUrl":"https:\/\/www.vallonchene.fr\/wp-content\/uploads\/2021\/08\/69-7ef-ABIES-koreana-Brilliant-en-Octobre.jpg","width":1600,"height":1600,"caption":"ABIES koreana 'Brilliant' en Octobre"},{"@type":"BreadcrumbList","@id":"https:\/\/www.vallonchene.fr\/es\/producto\/abies-koreana-brilliant\/#breadcrumb","itemListElement":[{"@type":"ListItem","position":1,"name":"Home","item":"https:\/\/www.vallonchene.fr\/es\/"},{"@type":"ListItem","position":2,"name":"Tienda","item":"https:\/\/www.vallonchene.fr\/tienda\/"},{"@type":"ListItem","position":3,"name":"Venta en linea","item":"https:\/\/www.vallonchene.fr\/es\/categoria-producto\/venta-en-linea\/"},{"@type":"ListItem","position":4,"name":"Vivero","item":"https:\/\/www.vallonchene.fr\/es\/categoria-producto\/venta-en-linea\/vivero\/"},{"@type":"ListItem","position":5,"name":"Coniferas","item":"https:\/\/www.vallonchene.fr\/es\/categoria-producto\/venta-en-linea\/vivero\/coniferas\/"},{"@type":"ListItem","position":6,"name":"ABIES koreana &lsquo;Brilliant&rsquo;"}]},{"@type":"WebSite","@id":"https:\/\/www.vallonchene.fr\/es\/#website","url":"https:\/\/www.vallonchene.fr\/es\/","name":"Vallonch\u00eane","description":"El vivero donde la calidad tiene sus ra\u00edces \u2013 Tel.: +33 (0)2.35.90.02.02","publisher":{"@id":"https:\/\/www.vallonchene.fr\/es\/#organization"},"potentialAction":[{"@type":"SearchAction","target":{"@type":"EntryPoint","urlTemplate":"https:\/\/www.vallonchene.fr\/es\/?s={search_term_string}"},"query-input":{"@type":"PropertyValueSpecification","valueRequired":true,"valueName":"search_term_string"}}],"inLanguage":"es"},{"@type":"Organization","@id":"https:\/\/www.vallonchene.fr\/es\/#organization","name":"VALLONCHENE","url":"https:\/\/www.vallonchene.fr\/es\/","logo":{"@type":"ImageObject","inLanguage":"es","@id":"https:\/\/www.vallonchene.fr\/es\/#\/schema\/logo\/image\/","url":"https:\/\/www.vallonchene.fr\/wp-content\/uploads\/2023\/03\/Logo-Vallonchene-site-et-R_hauteur_100.png","contentUrl":"https:\/\/www.vallonchene.fr\/wp-content\/uploads\/2023\/03\/Logo-Vallonchene-site-et-R_hauteur_100.png","width":221,"height":100,"caption":"VALLONCHENE"},"image":{"@id":"https:\/\/www.vallonchene.fr\/es\/#\/schema\/logo\/image\/"},"sameAs":["https:\/\/www.facebook.com\/vallonchene.fr","https:\/\/www.instagram.com\/vallonchene\/","https:\/\/www.pinterest.fr\/vallonchene\/"],"taxID":"49454502300017","hasMerchantReturnPolicy":{"@type":"MerchantReturnPolicy","merchantReturnLink":"https:\/\/www.vallonchene.fr\/remboursements_retours\/"}}]},"og_availability":"instock","product_availability":"instock","product_retailer_item_id":"31624","product_condition":"new"},"_links":{"self":[{"href":"https:\/\/www.vallonchene.fr\/es\/wp-json\/wp\/v2\/product\/15085","targetHints":{"allow":["GET"]}}],"collection":[{"href":"https:\/\/www.vallonchene.fr\/es\/wp-json\/wp\/v2\/product"}],"about":[{"href":"https:\/\/www.vallonchene.fr\/es\/wp-json\/wp\/v2\/types\/product"}],"replies":[{"embeddable":true,"href":"https:\/\/www.vallonchene.fr\/es\/wp-json\/wp\/v2\/comments?post=15085"}],"wp:featuredmedia":[{"embeddable":true,"href":"https:\/\/www.vallonchene.fr\/es\/wp-json\/wp\/v2\/media\/15073"}],"wp:attachment":[{"href":"https:\/\/www.vallonchene.fr\/es\/wp-json\/wp\/v2\/media?parent=15085"}],"wp:term":[{"taxonomy":"product_brand","embeddable":true,"href":"https:\/\/www.vallonchene.fr\/es\/wp-json\/wp\/v2\/product_brand?post=15085"},{"taxonomy":"product_cat","embeddable":true,"href":"https:\/\/www.vallonchene.fr\/es\/wp-json\/wp\/v2\/product_cat?post=15085"},{"taxonomy":"product_tag","embeddable":true,"href":"https:\/\/www.vallonchene.fr\/es\/wp-json\/wp\/v2\/product_tag?post=15085"}],"curies":[{"name":"wp","href":"https:\/\/api.w.org\/{rel}","templated":true}]}}