{"id":14950,"date":"2021-08-31T10:47:23","date_gmt":"2021-08-31T10:47:23","guid":{"rendered":"https:\/\/testing.vallonchene.fr\/produit\/calocedrus-decurrens-aureovariegata\/"},"modified":"2026-04-16T09:32:02","modified_gmt":"2026-04-16T07:32:02","slug":"calocedrus-decurrens-aureovariegata","status":"publish","type":"product","link":"https:\/\/www.vallonchene.fr\/es\/producto\/calocedrus-decurrens-aureovariegata\/","title":{"rendered":"CALOCEDRUS decurrens &#8216;Aureovariegata&#8217;"},"content":{"rendered":"<p>Ce <strong>caloc\u00e8dre<\/strong> a un joli feuillage panach\u00e9 de jaune et de vert. Le <strong>CALOCEDRUS decurrens &#8216;Aureovariegata&#8217;<\/strong> nous provient du nord d&#8217;Am\u00e9rique. Il pousse en forme de colonne qui reste m\u00eame en vieillissant tr\u00e8s \u00e9troite par rapport \u00e0 sa hauteur. Son feuillage se d\u00e9veloppe de mani\u00e8re plate, tout \u00e0 fait atypique pour un conif\u00e8re (voir les photos ci-contre). Il s&#8217;agit l\u00e0 d&#8217;un des conif\u00e8res des plus tol\u00e9rants au feu en Californie. Son bois est la mati\u00e8re premi\u00e8re pour les crayons en bois.<\/p>\n","protected":false},"excerpt":{"rendered":"<p>Ce <strong>caloc\u00e8dre<\/strong> se distingue par son beau feuillage panach\u00e9 de vert et de jaune. Le <strong>CALOCEDRUS decurrens &#8216;Aureovariegata&#8217;<\/strong> pousse en colonne. Il est parfaitement rustique.<\/p>\n","protected":false},"featured_media":14941,"comment_status":"open","ping_status":"closed","template":"","meta":[],"product_brand":[],"product_cat":[254],"product_tag":[1112,940,939,6008,6009],"class_list":{"0":"post-14950","1":"product","2":"type-product","3":"status-publish","4":"has-post-thumbnail","6":"product_cat-coniferes","7":"product_tag-aureovariegata","8":"product_tag-calocedrus","9":"product_tag-calocedrus-decurrens","10":"product_tag-calocedrus-decurrens-aureovarieg","11":"product_tag-calocedrus-decurrens-aureovariegata","12":"pa_99-hauteurapproximativeapres1-2a3m","13":"pa_couleurdufeuillage-jaune","14":"pa_couleurdufeuillage-vert","15":"pa_exigencesenhumidite-fraisahumide","16":"pa_exigencesenhumidite-moyen","17":"pa_exigencesenhumidite-sec","18":"pa_expositionspossibles-33-mi_ombreeviterlesoleilde12","19":"pa_expositionspossibles-pleinsoleilde12ha17hmin","20":"pa_hauteurlivree-50-a-60-cm","21":"pa_hauteurlivree-70-a-80-cm","22":"pa_interetauprintemps-feuillage","23":"pa_interetauprintemps-graphismeforme","24":"pa_interetenautomne-feuillage","25":"pa_interetenautomne-graphismeforme","26":"pa_interetenete-feuillage","27":"pa_interetenete-graphismeforme","28":"pa_interetenhiver-feuillage","29":"pa_interetenhiver-graphismeforme","30":"pa_naturedufeuillage-persistant","31":"pa_naturesdesolpossibles-leger","32":"pa_naturesdesolpossibles-lourd","33":"pa_naturesdesolpossibles-normal","34":"pa_particularites-graphismeforme","35":"pa_periodedetaille-mars","36":"pa_phdusolacceptable-acidemoinsde65","37":"pa_phdusolacceptable-calcaireplusde75","38":"pa_phdusolacceptable-neutreentre65et75","39":"pa_portgraphisme-fastigie","40":"pa_resistanceaufroidrusticite-resistant-en-dessous-de-moins-20-degree-c","41":"pa_tailledepot-pot-de-4-litres","42":"pa_tailledepot-pot-de-7_5-litres","43":"pa_utilisationpossible-bacoupot","44":"pa_utilisationpossible-isole","45":"pa_utilisationpossible-massif","47":"first","48":"instock","49":"taxable","50":"shipping-taxable","51":"purchasable","52":"product-type-variable"},"supplier_id":null,"supplier_sku":"","barcode":null,"atum_controlled":true,"out_stock_date":null,"out_stock_threshold":null,"inheritable":true,"inbound_stock":0,"stock_on_hold":0,"sold_today":0,"sales_last_days":0,"reserved_stock":0,"customer_returns":0,"warehouse_damage":0,"lost_in_post":0,"other_logs":0,"out_stock_days":null,"lost_sales":0,"has_location":false,"update_date":"2026-04-20T07:35:05","atum_locations":[],"atum_stock_status":"instock","restock_status":false,"low_stock_amount":"","sales_update_date":"2025-01-31T13:12:45","calc_backorders":null,"yoast_head":"<!-- This site is optimized with the Yoast SEO Premium plugin v27.5 (Yoast SEO v27.5) - https:\/\/yoast.com\/product\/yoast-seo-premium-wordpress\/ -->\n<title>CALOCEDRUS decurrens &#039;Aureovariegata&#039; (caloc\u00e8dre panach\u00e9, c\u00e8dre \u00e0 encens)<\/title>\n<meta name=\"description\" content=\"Ce caloc\u00e8dre se distingue par son beau feuillage panach\u00e9 de vert et de jaune. Le CALOCEDRUS decurrens &#039;Aureovariegata&#039; pousse en colonne. Il est parfaitement rustique.\" \/>\n<meta name=\"robots\" content=\"index, follow, max-snippet:-1, max-image-preview:large, max-video-preview:-1\" \/>\n<link rel=\"canonical\" href=\"https:\/\/www.vallonchene.fr\/es\/producto\/calocedrus-decurrens-aureovariegata\/\" \/>\n<meta property=\"og:locale\" content=\"es_ES\" \/>\n<meta property=\"og:type\" content=\"article\" \/>\n<meta property=\"og:title\" content=\"CALOCEDRUS decurrens &#039;Aureovariegata&#039;\" \/>\n<meta property=\"og:description\" content=\"Ce caloc\u00e8dre se distingue par son beau feuillage panach\u00e9 de vert et de jaune. Le CALOCEDRUS decurrens &#039;Aureovariegata&#039; pousse en colonne. Il est parfaitement rustique.\" \/>\n<meta property=\"og:url\" content=\"https:\/\/www.vallonchene.fr\/es\/producto\/calocedrus-decurrens-aureovariegata\/\" \/>\n<meta property=\"og:site_name\" content=\"Vallonch\u00eane\" \/>\n<meta property=\"article:publisher\" content=\"https:\/\/www.facebook.com\/vallonchene.fr\" \/>\n<meta property=\"article:modified_time\" content=\"2026-04-16T07:32:02+00:00\" \/>\n<meta property=\"og:image\" content=\"https:\/\/www.vallonchene.fr\/wp-content\/uploads\/2021\/08\/685-cbd-CALOCEDRUS-decurrens-Aureovariegata-en-Octobre.jpg\" \/>\n\t<meta property=\"og:image:width\" content=\"1600\" \/>\n\t<meta property=\"og:image:height\" content=\"1600\" \/>\n\t<meta property=\"og:image:type\" content=\"image\/jpeg\" \/>\n<meta name=\"twitter:card\" content=\"summary_large_image\" \/>\n<meta name=\"twitter:label1\" content=\"Disponibilidad\" \/>\n\t<meta name=\"twitter:data1\" content=\"En stock\" \/>\n<script type=\"application\/ld+json\" class=\"yoast-schema-graph\">{\"@context\":\"https:\\\/\\\/schema.org\",\"@graph\":[{\"@type\":\"WebPage\",\"@id\":\"https:\\\/\\\/www.vallonchene.fr\\\/es\\\/producto\\\/calocedrus-decurrens-aureovariegata\\\/\",\"url\":\"https:\\\/\\\/www.vallonchene.fr\\\/es\\\/producto\\\/calocedrus-decurrens-aureovariegata\\\/\",\"name\":\"CALOCEDRUS decurrens 'Aureovariegata' (caloc\u00e8dre panach\u00e9, c\u00e8dre \u00e0 encens)\",\"isPartOf\":{\"@id\":\"https:\\\/\\\/www.vallonchene.fr\\\/es\\\/#website\"},\"primaryImageOfPage\":{\"@id\":\"https:\\\/\\\/www.vallonchene.fr\\\/es\\\/producto\\\/calocedrus-decurrens-aureovariegata\\\/#primaryimage\"},\"image\":{\"@id\":\"https:\\\/\\\/www.vallonchene.fr\\\/es\\\/producto\\\/calocedrus-decurrens-aureovariegata\\\/#primaryimage\"},\"thumbnailUrl\":\"https:\\\/\\\/www.vallonchene.fr\\\/wp-content\\\/uploads\\\/2021\\\/08\\\/685-cbd-CALOCEDRUS-decurrens-Aureovariegata-en-Octobre.jpg\",\"datePublished\":\"2021-08-31T10:47:23+00:00\",\"dateModified\":\"2026-04-16T07:32:02+00:00\",\"description\":\"Ce caloc\u00e8dre se distingue par son beau feuillage panach\u00e9 de vert et de jaune. Le CALOCEDRUS decurrens 'Aureovariegata' pousse en colonne. Il est parfaitement rustique.\",\"breadcrumb\":{\"@id\":\"https:\\\/\\\/www.vallonchene.fr\\\/es\\\/producto\\\/calocedrus-decurrens-aureovariegata\\\/#breadcrumb\"},\"inLanguage\":\"es\",\"potentialAction\":[{\"@type\":\"ReadAction\",\"target\":[\"https:\\\/\\\/www.vallonchene.fr\\\/es\\\/producto\\\/calocedrus-decurrens-aureovariegata\\\/\"]}]},{\"@type\":\"ImageObject\",\"inLanguage\":\"es\",\"@id\":\"https:\\\/\\\/www.vallonchene.fr\\\/es\\\/producto\\\/calocedrus-decurrens-aureovariegata\\\/#primaryimage\",\"url\":\"https:\\\/\\\/www.vallonchene.fr\\\/wp-content\\\/uploads\\\/2021\\\/08\\\/685-cbd-CALOCEDRUS-decurrens-Aureovariegata-en-Octobre.jpg\",\"contentUrl\":\"https:\\\/\\\/www.vallonchene.fr\\\/wp-content\\\/uploads\\\/2021\\\/08\\\/685-cbd-CALOCEDRUS-decurrens-Aureovariegata-en-Octobre.jpg\",\"width\":1600,\"height\":1600,\"caption\":\"CALOCEDRUS decurrens 'Aureovariegata' en Octobre\"},{\"@type\":\"BreadcrumbList\",\"@id\":\"https:\\\/\\\/www.vallonchene.fr\\\/es\\\/producto\\\/calocedrus-decurrens-aureovariegata\\\/#breadcrumb\",\"itemListElement\":[{\"@type\":\"ListItem\",\"position\":1,\"name\":\"Home\",\"item\":\"https:\\\/\\\/www.vallonchene.fr\\\/es\\\/\"},{\"@type\":\"ListItem\",\"position\":2,\"name\":\"Tienda\",\"item\":\"https:\\\/\\\/www.vallonchene.fr\\\/tienda\\\/\"},{\"@type\":\"ListItem\",\"position\":3,\"name\":\"Venta en linea\",\"item\":\"https:\\\/\\\/www.vallonchene.fr\\\/es\\\/categoria-producto\\\/venta-en-linea\\\/\"},{\"@type\":\"ListItem\",\"position\":4,\"name\":\"Vivero\",\"item\":\"https:\\\/\\\/www.vallonchene.fr\\\/es\\\/categoria-producto\\\/venta-en-linea\\\/vivero\\\/\"},{\"@type\":\"ListItem\",\"position\":5,\"name\":\"Coniferas\",\"item\":\"https:\\\/\\\/www.vallonchene.fr\\\/es\\\/categoria-producto\\\/venta-en-linea\\\/vivero\\\/coniferas\\\/\"},{\"@type\":\"ListItem\",\"position\":6,\"name\":\"CALOCEDRUS decurrens &lsquo;Aureovariegata&rsquo;\"}]},{\"@type\":\"WebSite\",\"@id\":\"https:\\\/\\\/www.vallonchene.fr\\\/es\\\/#website\",\"url\":\"https:\\\/\\\/www.vallonchene.fr\\\/es\\\/\",\"name\":\"Vallonch\u00eane\",\"description\":\"El vivero donde la calidad tiene sus ra\u00edces \u2013 Tel.: +33 (0)2.35.90.02.02\",\"publisher\":{\"@id\":\"https:\\\/\\\/www.vallonchene.fr\\\/es\\\/#organization\"},\"potentialAction\":[{\"@type\":\"SearchAction\",\"target\":{\"@type\":\"EntryPoint\",\"urlTemplate\":\"https:\\\/\\\/www.vallonchene.fr\\\/es\\\/?s={search_term_string}\"},\"query-input\":{\"@type\":\"PropertyValueSpecification\",\"valueRequired\":true,\"valueName\":\"search_term_string\"}}],\"inLanguage\":\"es\"},{\"@type\":\"Organization\",\"@id\":\"https:\\\/\\\/www.vallonchene.fr\\\/es\\\/#organization\",\"name\":\"VALLONCHENE\",\"url\":\"https:\\\/\\\/www.vallonchene.fr\\\/es\\\/\",\"logo\":{\"@type\":\"ImageObject\",\"inLanguage\":\"es\",\"@id\":\"https:\\\/\\\/www.vallonchene.fr\\\/es\\\/#\\\/schema\\\/logo\\\/image\\\/\",\"url\":\"https:\\\/\\\/www.vallonchene.fr\\\/wp-content\\\/uploads\\\/2023\\\/03\\\/Logo-Vallonchene-site-et-R_hauteur_100.png\",\"contentUrl\":\"https:\\\/\\\/www.vallonchene.fr\\\/wp-content\\\/uploads\\\/2023\\\/03\\\/Logo-Vallonchene-site-et-R_hauteur_100.png\",\"width\":221,\"height\":100,\"caption\":\"VALLONCHENE\"},\"image\":{\"@id\":\"https:\\\/\\\/www.vallonchene.fr\\\/es\\\/#\\\/schema\\\/logo\\\/image\\\/\"},\"sameAs\":[\"https:\\\/\\\/www.facebook.com\\\/vallonchene.fr\",\"https:\\\/\\\/www.instagram.com\\\/vallonchene\\\/\",\"https:\\\/\\\/www.pinterest.fr\\\/vallonchene\\\/\"],\"taxID\":\"49454502300017\",\"hasMerchantReturnPolicy\":{\"@type\":\"MerchantReturnPolicy\",\"merchantReturnLink\":\"https:\\\/\\\/www.vallonchene.fr\\\/remboursements_retours\\\/\"}}]}<\/script>\n<meta property=\"og:availability\" content=\"instock\" \/>\n<meta property=\"product:availability\" content=\"instock\" \/>\n<meta property=\"product:retailer_item_id\" content=\"71732\" \/>\n<meta property=\"product:condition\" content=\"new\" \/>\n<!-- \/ Yoast SEO Premium plugin. -->","yoast_head_json":{"title":"CALOCEDRUS decurrens 'Aureovariegata' (caloc\u00e8dre panach\u00e9, c\u00e8dre \u00e0 encens)","description":"Ce caloc\u00e8dre se distingue par son beau feuillage panach\u00e9 de vert et de jaune. Le CALOCEDRUS decurrens 'Aureovariegata' pousse en colonne. Il est parfaitement rustique.","robots":{"index":"index","follow":"follow","max-snippet":"max-snippet:-1","max-image-preview":"max-image-preview:large","max-video-preview":"max-video-preview:-1"},"canonical":"https:\/\/www.vallonchene.fr\/es\/producto\/calocedrus-decurrens-aureovariegata\/","og_locale":"es_ES","og_type":"article","og_title":"CALOCEDRUS decurrens 'Aureovariegata'","og_description":"Ce caloc\u00e8dre se distingue par son beau feuillage panach\u00e9 de vert et de jaune. Le CALOCEDRUS decurrens 'Aureovariegata' pousse en colonne. Il est parfaitement rustique.","og_url":"https:\/\/www.vallonchene.fr\/es\/producto\/calocedrus-decurrens-aureovariegata\/","og_site_name":"Vallonch\u00eane","article_publisher":"https:\/\/www.facebook.com\/vallonchene.fr","article_modified_time":"2026-04-16T07:32:02+00:00","og_image":[{"width":1600,"height":1600,"url":"https:\/\/www.vallonchene.fr\/wp-content\/uploads\/2021\/08\/685-cbd-CALOCEDRUS-decurrens-Aureovariegata-en-Octobre.jpg","type":"image\/jpeg"}],"twitter_card":"summary_large_image","twitter_misc":{"Disponibilidad":"En stock"},"schema":{"@context":"https:\/\/schema.org","@graph":[{"@type":"WebPage","@id":"https:\/\/www.vallonchene.fr\/es\/producto\/calocedrus-decurrens-aureovariegata\/","url":"https:\/\/www.vallonchene.fr\/es\/producto\/calocedrus-decurrens-aureovariegata\/","name":"CALOCEDRUS decurrens 'Aureovariegata' (caloc\u00e8dre panach\u00e9, c\u00e8dre \u00e0 encens)","isPartOf":{"@id":"https:\/\/www.vallonchene.fr\/es\/#website"},"primaryImageOfPage":{"@id":"https:\/\/www.vallonchene.fr\/es\/producto\/calocedrus-decurrens-aureovariegata\/#primaryimage"},"image":{"@id":"https:\/\/www.vallonchene.fr\/es\/producto\/calocedrus-decurrens-aureovariegata\/#primaryimage"},"thumbnailUrl":"https:\/\/www.vallonchene.fr\/wp-content\/uploads\/2021\/08\/685-cbd-CALOCEDRUS-decurrens-Aureovariegata-en-Octobre.jpg","datePublished":"2021-08-31T10:47:23+00:00","dateModified":"2026-04-16T07:32:02+00:00","description":"Ce caloc\u00e8dre se distingue par son beau feuillage panach\u00e9 de vert et de jaune. Le CALOCEDRUS decurrens 'Aureovariegata' pousse en colonne. Il est parfaitement rustique.","breadcrumb":{"@id":"https:\/\/www.vallonchene.fr\/es\/producto\/calocedrus-decurrens-aureovariegata\/#breadcrumb"},"inLanguage":"es","potentialAction":[{"@type":"ReadAction","target":["https:\/\/www.vallonchene.fr\/es\/producto\/calocedrus-decurrens-aureovariegata\/"]}]},{"@type":"ImageObject","inLanguage":"es","@id":"https:\/\/www.vallonchene.fr\/es\/producto\/calocedrus-decurrens-aureovariegata\/#primaryimage","url":"https:\/\/www.vallonchene.fr\/wp-content\/uploads\/2021\/08\/685-cbd-CALOCEDRUS-decurrens-Aureovariegata-en-Octobre.jpg","contentUrl":"https:\/\/www.vallonchene.fr\/wp-content\/uploads\/2021\/08\/685-cbd-CALOCEDRUS-decurrens-Aureovariegata-en-Octobre.jpg","width":1600,"height":1600,"caption":"CALOCEDRUS decurrens 'Aureovariegata' en Octobre"},{"@type":"BreadcrumbList","@id":"https:\/\/www.vallonchene.fr\/es\/producto\/calocedrus-decurrens-aureovariegata\/#breadcrumb","itemListElement":[{"@type":"ListItem","position":1,"name":"Home","item":"https:\/\/www.vallonchene.fr\/es\/"},{"@type":"ListItem","position":2,"name":"Tienda","item":"https:\/\/www.vallonchene.fr\/tienda\/"},{"@type":"ListItem","position":3,"name":"Venta en linea","item":"https:\/\/www.vallonchene.fr\/es\/categoria-producto\/venta-en-linea\/"},{"@type":"ListItem","position":4,"name":"Vivero","item":"https:\/\/www.vallonchene.fr\/es\/categoria-producto\/venta-en-linea\/vivero\/"},{"@type":"ListItem","position":5,"name":"Coniferas","item":"https:\/\/www.vallonchene.fr\/es\/categoria-producto\/venta-en-linea\/vivero\/coniferas\/"},{"@type":"ListItem","position":6,"name":"CALOCEDRUS decurrens &lsquo;Aureovariegata&rsquo;"}]},{"@type":"WebSite","@id":"https:\/\/www.vallonchene.fr\/es\/#website","url":"https:\/\/www.vallonchene.fr\/es\/","name":"Vallonch\u00eane","description":"El vivero donde la calidad tiene sus ra\u00edces \u2013 Tel.: +33 (0)2.35.90.02.02","publisher":{"@id":"https:\/\/www.vallonchene.fr\/es\/#organization"},"potentialAction":[{"@type":"SearchAction","target":{"@type":"EntryPoint","urlTemplate":"https:\/\/www.vallonchene.fr\/es\/?s={search_term_string}"},"query-input":{"@type":"PropertyValueSpecification","valueRequired":true,"valueName":"search_term_string"}}],"inLanguage":"es"},{"@type":"Organization","@id":"https:\/\/www.vallonchene.fr\/es\/#organization","name":"VALLONCHENE","url":"https:\/\/www.vallonchene.fr\/es\/","logo":{"@type":"ImageObject","inLanguage":"es","@id":"https:\/\/www.vallonchene.fr\/es\/#\/schema\/logo\/image\/","url":"https:\/\/www.vallonchene.fr\/wp-content\/uploads\/2023\/03\/Logo-Vallonchene-site-et-R_hauteur_100.png","contentUrl":"https:\/\/www.vallonchene.fr\/wp-content\/uploads\/2023\/03\/Logo-Vallonchene-site-et-R_hauteur_100.png","width":221,"height":100,"caption":"VALLONCHENE"},"image":{"@id":"https:\/\/www.vallonchene.fr\/es\/#\/schema\/logo\/image\/"},"sameAs":["https:\/\/www.facebook.com\/vallonchene.fr","https:\/\/www.instagram.com\/vallonchene\/","https:\/\/www.pinterest.fr\/vallonchene\/"],"taxID":"49454502300017","hasMerchantReturnPolicy":{"@type":"MerchantReturnPolicy","merchantReturnLink":"https:\/\/www.vallonchene.fr\/remboursements_retours\/"}}]},"og_availability":"instock","product_availability":"instock","product_retailer_item_id":"71732","product_condition":"new"},"_links":{"self":[{"href":"https:\/\/www.vallonchene.fr\/es\/wp-json\/wp\/v2\/product\/14950","targetHints":{"allow":["GET"]}}],"collection":[{"href":"https:\/\/www.vallonchene.fr\/es\/wp-json\/wp\/v2\/product"}],"about":[{"href":"https:\/\/www.vallonchene.fr\/es\/wp-json\/wp\/v2\/types\/product"}],"replies":[{"embeddable":true,"href":"https:\/\/www.vallonchene.fr\/es\/wp-json\/wp\/v2\/comments?post=14950"}],"wp:featuredmedia":[{"embeddable":true,"href":"https:\/\/www.vallonchene.fr\/es\/wp-json\/wp\/v2\/media\/14941"}],"wp:attachment":[{"href":"https:\/\/www.vallonchene.fr\/es\/wp-json\/wp\/v2\/media?parent=14950"}],"wp:term":[{"taxonomy":"product_brand","embeddable":true,"href":"https:\/\/www.vallonchene.fr\/es\/wp-json\/wp\/v2\/product_brand?post=14950"},{"taxonomy":"product_cat","embeddable":true,"href":"https:\/\/www.vallonchene.fr\/es\/wp-json\/wp\/v2\/product_cat?post=14950"},{"taxonomy":"product_tag","embeddable":true,"href":"https:\/\/www.vallonchene.fr\/es\/wp-json\/wp\/v2\/product_tag?post=14950"}],"curies":[{"name":"wp","href":"https:\/\/api.w.org\/{rel}","templated":true}]}}