{"id":1396,"date":"2021-08-31T11:26:23","date_gmt":"2021-08-31T11:26:23","guid":{"rendered":"https:\/\/testing.vallonchene.fr\/produit\/pinus-parviflora-fukai\/"},"modified":"2025-12-01T10:02:54","modified_gmt":"2025-12-01T09:02:54","slug":"pinus-parviflora-fukai","status":"publish","type":"product","link":"https:\/\/www.vallonchene.fr\/es\/producto\/pinus-parviflora-fukai\/","title":{"rendered":"PINUS parviflora &#8216;Fukai&#8217;"},"content":{"rendered":"","protected":false},"excerpt":{"rendered":"<p>Ce <strong>pin blanc du Japon<\/strong> est tr\u00e8s rustique. Le <strong>PINUS parviflora &#8216;Fukai&#8217;<\/strong> se distingue avec son joli graphisme en \u00e9tages. Ses aiguilles sont panach\u00e9es de blanc.<\/p>\n","protected":false},"featured_media":1384,"comment_status":"open","ping_status":"closed","template":"","meta":[],"product_brand":[],"product_cat":[11502],"product_tag":[1071,12034,12048,1070],"class_list":{"0":"post-1396","1":"product","2":"type-product","3":"status-publish","4":"has-post-thumbnail","6":"product_cat-coniferas","7":"product_tag-fukai","8":"product_tag-pinus-es","9":"product_tag-pinus-parviflora-es","10":"product_tag-pinus-parviflora-fukai","11":"pa_99-hauteurapproximativeapres1-1_00-a-1_50-m","12":"pa_couleurdelecorce-gris-es","13":"pa_couleurdufeuillage-blanca","14":"pa_couleurdufeuillage-variado","15":"pa_couleurdufeuillage-verde","16":"pa_exigencesenhumidite-moderadamente-humedo-a-humedo","17":"pa_exigencesenhumidite-promedio","18":"pa_exigencesenhumidite-seco","19":"pa_expositionspossibles-sombra-parcial-evitar-el-sol-de-12-a-17-horas","20":"pa_expositionspossibles-pleno-sol-de-12-a-17-min","21":"pa_hauteurlivree-100-a-125-cm","22":"pa_hauteurlivree-125-a-150-cm-es","23":"pa_hauteurlivree-150-a-175-cm-es","24":"pa_hauteurlivree-175-a-200-cm-es","25":"pa_hauteurlivree-20-a-25-cm-es","26":"pa_hauteurlivree-200-a-250-cm-es","27":"pa_hauteurlivree-25-a-30-cm-es","28":"pa_hauteurlivree-30-a-40-cm-es","29":"pa_hauteurlivree-40-a-50-cm-es","30":"pa_hauteurlivree-50-a-60-cm-es","31":"pa_hauteurlivree-60-a-80-cm-es","32":"pa_hauteurlivree-70-a-80-cm-es","33":"pa_hauteurlivree-80-a-100-cm-es","34":"pa_interetauprintemps-follaje","35":"pa_interetauprintemps-habitus","36":"pa_interetenautomne-follaje","37":"pa_interetenautomne-habitus","38":"pa_interetenete-follaje","39":"pa_interetenete-habitus","40":"pa_interetenhiver-follaje","41":"pa_interetenhiver-habitus","42":"pa_naturedufeuillage-siempreverde","43":"pa_naturesdesolpossibles-ligero","44":"pa_naturesdesolpossibles-pesado","45":"pa_naturesdesolpossibles-normal-es","46":"pa_particularites-adecuado-para-bonsai","47":"pa_particularites-habitus","48":"pa_periodedetaille-febrero","49":"pa_periodedetaille-marzo","50":"pa_phdusolacceptable-acido-menos-de-6_5","51":"pa_phdusolacceptable-calcareo-mas-de-7_5","52":"pa_phdusolacceptable-neutro-entre-6_5-y-7_5","53":"pa_portgraphisme-infundibuliforme","54":"pa_resistanceaufroidrusticite-resistente-por-debajo-de-menos-20-c","55":"pa_tailledepot-maceta-de-10-litros","56":"pa_tailledepot-maceta-de-12-litros","57":"pa_tailledepot-maceta-de-15-litros","58":"pa_tailledepot-maceta-de-20-litros","59":"pa_tailledepot-maceta-de-25-litros","60":"pa_tailledepot-maceta-de-3-litros","61":"pa_tailledepot-maceta-de-4-litros","62":"pa_tailledepot-maceta-de-5-litros","63":"pa_tailledepot-maceta-de-7_5-litros","64":"pa_utilisationpossible-contenedor-o-olla","65":"pa_utilisationpossible-arriate","67":"first","68":"outofstock","69":"taxable","70":"shipping-taxable","71":"purchasable","72":"product-type-variable","73":"has-default-attributes"},"supplier_id":null,"supplier_sku":"","barcode":null,"atum_controlled":true,"out_stock_date":null,"out_stock_threshold":null,"inheritable":true,"inbound_stock":0,"stock_on_hold":0,"sold_today":0,"sales_last_days":0,"reserved_stock":0,"customer_returns":0,"warehouse_damage":0,"lost_in_post":0,"other_logs":0,"out_stock_days":null,"lost_sales":0,"has_location":false,"update_date":"2025-12-01T09:02:56","atum_locations":[],"atum_stock_status":"outofstock","restock_status":false,"low_stock_amount":"","sales_update_date":"2024-09-15T13:47:28","calc_backorders":null,"yoast_head":"<!-- This site is optimized with the Yoast SEO Premium plugin v27.5 (Yoast SEO v27.5) - https:\/\/yoast.com\/product\/yoast-seo-premium-wordpress\/ -->\n<title>PINUS parviflora &#039;Fukai&#039;<\/title>\n<meta name=\"description\" content=\"Ce pin blanc du Japon est tr\u00e8s rustique. Le PINUS parviflora &#039;Fukai&#039; se distingue avec son joli graphisme en \u00e9tages. Ses aiguilles sont panach\u00e9es de blanc.\" \/>\n<meta name=\"robots\" content=\"index, follow, max-snippet:-1, max-image-preview:large, max-video-preview:-1\" \/>\n<link rel=\"canonical\" href=\"https:\/\/www.vallonchene.fr\/es\/producto\/pinus-parviflora-fukai\/\" \/>\n<meta property=\"og:locale\" content=\"es_ES\" \/>\n<meta property=\"og:type\" content=\"article\" \/>\n<meta property=\"og:title\" content=\"PINUS parviflora &#039;Fukai&#039;\" \/>\n<meta property=\"og:description\" content=\"Ce pin blanc du Japon est tr\u00e8s rustique. Le PINUS parviflora &#039;Fukai&#039; se distingue avec son joli graphisme en \u00e9tages. Ses aiguilles sont panach\u00e9es de blanc.\" \/>\n<meta property=\"og:url\" content=\"https:\/\/www.vallonchene.fr\/es\/producto\/pinus-parviflora-fukai\/\" \/>\n<meta property=\"og:site_name\" content=\"Vallonch\u00eane\" \/>\n<meta property=\"article:publisher\" content=\"https:\/\/www.facebook.com\/vallonchene.fr\" \/>\n<meta property=\"article:modified_time\" content=\"2025-12-01T09:02:54+00:00\" \/>\n<meta property=\"og:image\" content=\"https:\/\/www.vallonchene.fr\/wp-content\/uploads\/2021\/08\/2914-458-PINUS-parviflora-Fukai-en-Avril.jpg\" \/>\n\t<meta property=\"og:image:width\" content=\"1600\" \/>\n\t<meta property=\"og:image:height\" content=\"1600\" \/>\n\t<meta property=\"og:image:type\" content=\"image\/jpeg\" \/>\n<meta name=\"twitter:card\" content=\"summary_large_image\" \/>\n<meta name=\"twitter:label1\" content=\"Disponibilidad\" \/>\n\t<meta name=\"twitter:data1\" content=\"Agotado\" \/>\n<script type=\"application\/ld+json\" class=\"yoast-schema-graph\">{\"@context\":\"https:\\\/\\\/schema.org\",\"@graph\":[{\"@type\":\"WebPage\",\"@id\":\"https:\\\/\\\/www.vallonchene.fr\\\/es\\\/producto\\\/pinus-parviflora-fukai\\\/\",\"url\":\"https:\\\/\\\/www.vallonchene.fr\\\/es\\\/producto\\\/pinus-parviflora-fukai\\\/\",\"name\":\"PINUS parviflora 'Fukai'\",\"isPartOf\":{\"@id\":\"https:\\\/\\\/www.vallonchene.fr\\\/es\\\/#website\"},\"primaryImageOfPage\":{\"@id\":\"https:\\\/\\\/www.vallonchene.fr\\\/es\\\/producto\\\/pinus-parviflora-fukai\\\/#primaryimage\"},\"image\":{\"@id\":\"https:\\\/\\\/www.vallonchene.fr\\\/es\\\/producto\\\/pinus-parviflora-fukai\\\/#primaryimage\"},\"thumbnailUrl\":\"https:\\\/\\\/www.vallonchene.fr\\\/wp-content\\\/uploads\\\/2021\\\/08\\\/2914-458-PINUS-parviflora-Fukai-en-Avril.jpg\",\"datePublished\":\"2021-08-31T11:26:23+00:00\",\"dateModified\":\"2025-12-01T09:02:54+00:00\",\"description\":\"Ce pin blanc du Japon est tr\u00e8s rustique. Le PINUS parviflora 'Fukai' se distingue avec son joli graphisme en \u00e9tages. Ses aiguilles sont panach\u00e9es de blanc.\",\"breadcrumb\":{\"@id\":\"https:\\\/\\\/www.vallonchene.fr\\\/es\\\/producto\\\/pinus-parviflora-fukai\\\/#breadcrumb\"},\"inLanguage\":\"es\",\"potentialAction\":[{\"@type\":\"ReadAction\",\"target\":[\"https:\\\/\\\/www.vallonchene.fr\\\/es\\\/producto\\\/pinus-parviflora-fukai\\\/\"]}]},{\"@type\":\"ImageObject\",\"inLanguage\":\"es\",\"@id\":\"https:\\\/\\\/www.vallonchene.fr\\\/es\\\/producto\\\/pinus-parviflora-fukai\\\/#primaryimage\",\"url\":\"https:\\\/\\\/www.vallonchene.fr\\\/wp-content\\\/uploads\\\/2021\\\/08\\\/2914-458-PINUS-parviflora-Fukai-en-Avril.jpg\",\"contentUrl\":\"https:\\\/\\\/www.vallonchene.fr\\\/wp-content\\\/uploads\\\/2021\\\/08\\\/2914-458-PINUS-parviflora-Fukai-en-Avril.jpg\",\"width\":1600,\"height\":1600,\"caption\":\"PINUS parviflora 'Fukai' en Avril\"},{\"@type\":\"BreadcrumbList\",\"@id\":\"https:\\\/\\\/www.vallonchene.fr\\\/es\\\/producto\\\/pinus-parviflora-fukai\\\/#breadcrumb\",\"itemListElement\":[{\"@type\":\"ListItem\",\"position\":1,\"name\":\"Home\",\"item\":\"https:\\\/\\\/www.vallonchene.fr\\\/es\\\/\"},{\"@type\":\"ListItem\",\"position\":2,\"name\":\"Tienda\",\"item\":\"https:\\\/\\\/www.vallonchene.fr\\\/tienda\\\/\"},{\"@type\":\"ListItem\",\"position\":3,\"name\":\"Venta en linea\",\"item\":\"https:\\\/\\\/www.vallonchene.fr\\\/es\\\/categoria-producto\\\/venta-en-linea\\\/\"},{\"@type\":\"ListItem\",\"position\":4,\"name\":\"Vivero\",\"item\":\"https:\\\/\\\/www.vallonchene.fr\\\/es\\\/categoria-producto\\\/venta-en-linea\\\/vivero\\\/\"},{\"@type\":\"ListItem\",\"position\":5,\"name\":\"Coniferas\",\"item\":\"https:\\\/\\\/www.vallonchene.fr\\\/es\\\/categoria-producto\\\/venta-en-linea\\\/vivero\\\/coniferas\\\/\"},{\"@type\":\"ListItem\",\"position\":6,\"name\":\"PINUS parviflora &lsquo;Fukai&rsquo;\"}]},{\"@type\":\"WebSite\",\"@id\":\"https:\\\/\\\/www.vallonchene.fr\\\/es\\\/#website\",\"url\":\"https:\\\/\\\/www.vallonchene.fr\\\/es\\\/\",\"name\":\"Vallonch\u00eane\",\"description\":\"El vivero donde la calidad tiene sus ra\u00edces \u2013 Tel.: +33 (0)2.35.90.02.02\",\"publisher\":{\"@id\":\"https:\\\/\\\/www.vallonchene.fr\\\/es\\\/#organization\"},\"potentialAction\":[{\"@type\":\"SearchAction\",\"target\":{\"@type\":\"EntryPoint\",\"urlTemplate\":\"https:\\\/\\\/www.vallonchene.fr\\\/es\\\/?s={search_term_string}\"},\"query-input\":{\"@type\":\"PropertyValueSpecification\",\"valueRequired\":true,\"valueName\":\"search_term_string\"}}],\"inLanguage\":\"es\"},{\"@type\":\"Organization\",\"@id\":\"https:\\\/\\\/www.vallonchene.fr\\\/es\\\/#organization\",\"name\":\"VALLONCHENE\",\"url\":\"https:\\\/\\\/www.vallonchene.fr\\\/es\\\/\",\"logo\":{\"@type\":\"ImageObject\",\"inLanguage\":\"es\",\"@id\":\"https:\\\/\\\/www.vallonchene.fr\\\/es\\\/#\\\/schema\\\/logo\\\/image\\\/\",\"url\":\"https:\\\/\\\/www.vallonchene.fr\\\/wp-content\\\/uploads\\\/2023\\\/03\\\/Logo-Vallonchene-site-et-R_hauteur_100.png\",\"contentUrl\":\"https:\\\/\\\/www.vallonchene.fr\\\/wp-content\\\/uploads\\\/2023\\\/03\\\/Logo-Vallonchene-site-et-R_hauteur_100.png\",\"width\":221,\"height\":100,\"caption\":\"VALLONCHENE\"},\"image\":{\"@id\":\"https:\\\/\\\/www.vallonchene.fr\\\/es\\\/#\\\/schema\\\/logo\\\/image\\\/\"},\"sameAs\":[\"https:\\\/\\\/www.facebook.com\\\/vallonchene.fr\",\"https:\\\/\\\/www.instagram.com\\\/vallonchene\\\/\",\"https:\\\/\\\/www.pinterest.fr\\\/vallonchene\\\/\"],\"taxID\":\"49454502300017\",\"hasMerchantReturnPolicy\":{\"@type\":\"MerchantReturnPolicy\",\"merchantReturnLink\":\"https:\\\/\\\/www.vallonchene.fr\\\/remboursements_retours\\\/\"}}]}<\/script>\n<meta property=\"og:availability\" content=\"out of stock\" \/>\n<meta property=\"product:availability\" content=\"out of stock\" \/>\n<meta property=\"product:retailer_item_id\" content=\"24677\" \/>\n<meta property=\"product:condition\" content=\"new\" \/>\n<!-- \/ Yoast SEO Premium plugin. -->","yoast_head_json":{"title":"PINUS parviflora 'Fukai'","description":"Ce pin blanc du Japon est tr\u00e8s rustique. Le PINUS parviflora 'Fukai' se distingue avec son joli graphisme en \u00e9tages. Ses aiguilles sont panach\u00e9es de blanc.","robots":{"index":"index","follow":"follow","max-snippet":"max-snippet:-1","max-image-preview":"max-image-preview:large","max-video-preview":"max-video-preview:-1"},"canonical":"https:\/\/www.vallonchene.fr\/es\/producto\/pinus-parviflora-fukai\/","og_locale":"es_ES","og_type":"article","og_title":"PINUS parviflora 'Fukai'","og_description":"Ce pin blanc du Japon est tr\u00e8s rustique. Le PINUS parviflora 'Fukai' se distingue avec son joli graphisme en \u00e9tages. Ses aiguilles sont panach\u00e9es de blanc.","og_url":"https:\/\/www.vallonchene.fr\/es\/producto\/pinus-parviflora-fukai\/","og_site_name":"Vallonch\u00eane","article_publisher":"https:\/\/www.facebook.com\/vallonchene.fr","article_modified_time":"2025-12-01T09:02:54+00:00","og_image":[{"width":1600,"height":1600,"url":"https:\/\/www.vallonchene.fr\/wp-content\/uploads\/2021\/08\/2914-458-PINUS-parviflora-Fukai-en-Avril.jpg","type":"image\/jpeg"}],"twitter_card":"summary_large_image","twitter_misc":{"Disponibilidad":"Agotado"},"schema":{"@context":"https:\/\/schema.org","@graph":[{"@type":"WebPage","@id":"https:\/\/www.vallonchene.fr\/es\/producto\/pinus-parviflora-fukai\/","url":"https:\/\/www.vallonchene.fr\/es\/producto\/pinus-parviflora-fukai\/","name":"PINUS parviflora 'Fukai'","isPartOf":{"@id":"https:\/\/www.vallonchene.fr\/es\/#website"},"primaryImageOfPage":{"@id":"https:\/\/www.vallonchene.fr\/es\/producto\/pinus-parviflora-fukai\/#primaryimage"},"image":{"@id":"https:\/\/www.vallonchene.fr\/es\/producto\/pinus-parviflora-fukai\/#primaryimage"},"thumbnailUrl":"https:\/\/www.vallonchene.fr\/wp-content\/uploads\/2021\/08\/2914-458-PINUS-parviflora-Fukai-en-Avril.jpg","datePublished":"2021-08-31T11:26:23+00:00","dateModified":"2025-12-01T09:02:54+00:00","description":"Ce pin blanc du Japon est tr\u00e8s rustique. Le PINUS parviflora 'Fukai' se distingue avec son joli graphisme en \u00e9tages. Ses aiguilles sont panach\u00e9es de blanc.","breadcrumb":{"@id":"https:\/\/www.vallonchene.fr\/es\/producto\/pinus-parviflora-fukai\/#breadcrumb"},"inLanguage":"es","potentialAction":[{"@type":"ReadAction","target":["https:\/\/www.vallonchene.fr\/es\/producto\/pinus-parviflora-fukai\/"]}]},{"@type":"ImageObject","inLanguage":"es","@id":"https:\/\/www.vallonchene.fr\/es\/producto\/pinus-parviflora-fukai\/#primaryimage","url":"https:\/\/www.vallonchene.fr\/wp-content\/uploads\/2021\/08\/2914-458-PINUS-parviflora-Fukai-en-Avril.jpg","contentUrl":"https:\/\/www.vallonchene.fr\/wp-content\/uploads\/2021\/08\/2914-458-PINUS-parviflora-Fukai-en-Avril.jpg","width":1600,"height":1600,"caption":"PINUS parviflora 'Fukai' en Avril"},{"@type":"BreadcrumbList","@id":"https:\/\/www.vallonchene.fr\/es\/producto\/pinus-parviflora-fukai\/#breadcrumb","itemListElement":[{"@type":"ListItem","position":1,"name":"Home","item":"https:\/\/www.vallonchene.fr\/es\/"},{"@type":"ListItem","position":2,"name":"Tienda","item":"https:\/\/www.vallonchene.fr\/tienda\/"},{"@type":"ListItem","position":3,"name":"Venta en linea","item":"https:\/\/www.vallonchene.fr\/es\/categoria-producto\/venta-en-linea\/"},{"@type":"ListItem","position":4,"name":"Vivero","item":"https:\/\/www.vallonchene.fr\/es\/categoria-producto\/venta-en-linea\/vivero\/"},{"@type":"ListItem","position":5,"name":"Coniferas","item":"https:\/\/www.vallonchene.fr\/es\/categoria-producto\/venta-en-linea\/vivero\/coniferas\/"},{"@type":"ListItem","position":6,"name":"PINUS parviflora &lsquo;Fukai&rsquo;"}]},{"@type":"WebSite","@id":"https:\/\/www.vallonchene.fr\/es\/#website","url":"https:\/\/www.vallonchene.fr\/es\/","name":"Vallonch\u00eane","description":"El vivero donde la calidad tiene sus ra\u00edces \u2013 Tel.: +33 (0)2.35.90.02.02","publisher":{"@id":"https:\/\/www.vallonchene.fr\/es\/#organization"},"potentialAction":[{"@type":"SearchAction","target":{"@type":"EntryPoint","urlTemplate":"https:\/\/www.vallonchene.fr\/es\/?s={search_term_string}"},"query-input":{"@type":"PropertyValueSpecification","valueRequired":true,"valueName":"search_term_string"}}],"inLanguage":"es"},{"@type":"Organization","@id":"https:\/\/www.vallonchene.fr\/es\/#organization","name":"VALLONCHENE","url":"https:\/\/www.vallonchene.fr\/es\/","logo":{"@type":"ImageObject","inLanguage":"es","@id":"https:\/\/www.vallonchene.fr\/es\/#\/schema\/logo\/image\/","url":"https:\/\/www.vallonchene.fr\/wp-content\/uploads\/2023\/03\/Logo-Vallonchene-site-et-R_hauteur_100.png","contentUrl":"https:\/\/www.vallonchene.fr\/wp-content\/uploads\/2023\/03\/Logo-Vallonchene-site-et-R_hauteur_100.png","width":221,"height":100,"caption":"VALLONCHENE"},"image":{"@id":"https:\/\/www.vallonchene.fr\/es\/#\/schema\/logo\/image\/"},"sameAs":["https:\/\/www.facebook.com\/vallonchene.fr","https:\/\/www.instagram.com\/vallonchene\/","https:\/\/www.pinterest.fr\/vallonchene\/"],"taxID":"49454502300017","hasMerchantReturnPolicy":{"@type":"MerchantReturnPolicy","merchantReturnLink":"https:\/\/www.vallonchene.fr\/remboursements_retours\/"}}]},"og_availability":"out of stock","product_availability":"out of stock","product_retailer_item_id":"24677","product_condition":"new"},"_links":{"self":[{"href":"https:\/\/www.vallonchene.fr\/es\/wp-json\/wp\/v2\/product\/1396","targetHints":{"allow":["GET"]}}],"collection":[{"href":"https:\/\/www.vallonchene.fr\/es\/wp-json\/wp\/v2\/product"}],"about":[{"href":"https:\/\/www.vallonchene.fr\/es\/wp-json\/wp\/v2\/types\/product"}],"replies":[{"embeddable":true,"href":"https:\/\/www.vallonchene.fr\/es\/wp-json\/wp\/v2\/comments?post=1396"}],"wp:featuredmedia":[{"embeddable":true,"href":"https:\/\/www.vallonchene.fr\/es\/wp-json\/wp\/v2\/media\/1384"}],"wp:attachment":[{"href":"https:\/\/www.vallonchene.fr\/es\/wp-json\/wp\/v2\/media?parent=1396"}],"wp:term":[{"taxonomy":"product_brand","embeddable":true,"href":"https:\/\/www.vallonchene.fr\/es\/wp-json\/wp\/v2\/product_brand?post=1396"},{"taxonomy":"product_cat","embeddable":true,"href":"https:\/\/www.vallonchene.fr\/es\/wp-json\/wp\/v2\/product_cat?post=1396"},{"taxonomy":"product_tag","embeddable":true,"href":"https:\/\/www.vallonchene.fr\/es\/wp-json\/wp\/v2\/product_tag?post=1396"}],"curies":[{"name":"wp","href":"https:\/\/api.w.org\/{rel}","templated":true}]}}