{"id":10411,"date":"2021-08-31T10:54:05","date_gmt":"2021-08-31T10:54:05","guid":{"rendered":"https:\/\/testing.vallonchene.fr\/produit\/cornus-mas-jolico\/"},"modified":"2026-04-14T12:06:54","modified_gmt":"2026-04-14T10:06:54","slug":"cornus-mas-jolico-cornouiller-male","status":"publish","type":"product","link":"https:\/\/www.vallonchene.fr\/es\/producto\/cornus-mas-jolico-cornouiller-male\/","title":{"rendered":"CORNUS mas &#8216;Jolico&#8217; (cornouiller m\u00e2le)"},"content":{"rendered":"<p>Le <strong>CORNUS mas &#8216;Jolico&#8217;<\/strong> est une plante merveilleuse pour de multiples raisons. Pour commencer, il apporte une <strong>mar\u00e9e de fleurs jaunes<\/strong> en plein hiver lorsqu&#8217;il fleurit sur son bois nu.<br \/>\nEnsuite, il produit des fruits, aussi appel\u00e9s <strong>cornouilles<\/strong>, du double de la taille habituelle. Ces fruits sont riches en vitamine C et comestibles. Elles se d\u00e9gustent presque m\u00fbrs ou presque trop m\u00fbrs lorsqu&#8217;elles commencent \u00e0 ramollir.<br \/>\nEnfin, \u00e0 l&#8217;automne, son feuillage habituellement vert prend une belle couleur jaune.<br \/>\nSon nom vernaculaire est <strong>cornouiller m\u00e2le &#8216;Jolico&#8217;<\/strong>.<\/p>\n","protected":false},"excerpt":{"rendered":"<p>Ce <b>cornouiller m\u00e2le<\/b> fleurit jaune en fin d&#8217;hiver. Ensuite, le <b>CORNUS mas &#8216;Jolico&#8217;<\/b> d\u00e9veloppe de grands fruits rouges, tr\u00e8s d\u00e9coratifs.<\/p>\n","protected":false},"featured_media":45746,"comment_status":"open","ping_status":"closed","template":"","meta":[],"product_brand":[],"product_cat":[251],"product_tag":[2220,1520,2219,4518,4519],"class_list":{"0":"post-10411","1":"product","2":"type-product","3":"status-publish","4":"has-post-thumbnail","6":"product_cat-arbustes-et-arbres","7":"product_tag-cornouiller-male","8":"product_tag-cornus","9":"product_tag-cornus-mas","10":"product_tag-cornus-mas-jolico","11":"product_tag-jolico","12":"pa_99-hauteurapproximativeapres1-150a200m","13":"pa_couleurdesfleurs-jaune","14":"pa_couleurdesfruits-rouge","15":"pa_couleurdufeuillage-vert","16":"pa_exigencesenhumidite-fraisahumide","17":"pa_exigencesenhumidite-moyen","18":"pa_exigencesenhumidite-sec","19":"pa_expositionspossibles-pleinsoleilde12ha17hmin","20":"pa_hauteurlivree-100-a-125cm","21":"pa_hauteurlivree-125-a-150cm","22":"pa_hauteurlivree-150-a-175-cm","23":"pa_hauteurlivree-175-a-200-cm","24":"pa_hauteurlivree-200-a-250-cm","25":"pa_hauteurlivree-25-a-30-cm","26":"pa_hauteurlivree-30-a-40-cm","27":"pa_hauteurlivree-350-a-400-cm","28":"pa_hauteurlivree-40-a-50-cm","29":"pa_hauteurlivree-40-a-60-cm","30":"pa_hauteurlivree-50-a-60-cm","31":"pa_hauteurlivree-60-a-80-cm","32":"pa_hauteurlivree-60-cm-sur-tige","33":"pa_hauteurlivree-70-a-80-cm","34":"pa_hauteurlivree-80-a-100-cm","35":"pa_interetauprintemps-feuillage","36":"pa_interetauprintemps-fleurs","37":"pa_interetenautomne-feuillage","38":"pa_interetenautomne-fruits","39":"pa_interetenete-feuillage","40":"pa_interetenete-fruits","41":"pa_naturedufeuillage-caduc","42":"pa_naturesdesolpossibles-leger","43":"pa_naturesdesolpossibles-lourd","44":"pa_naturesdesolpossibles-normal","45":"pa_periodedefloraison-hiver","46":"pa_periodedetaille-fevr","47":"pa_phdusolacceptable-acidemoinsde65","48":"pa_phdusolacceptable-calcaireplusde75","49":"pa_phdusolacceptable-neutreentre65et75","50":"pa_portgraphisme-buissonnant","51":"pa_resistanceaufroidrusticite-resistant-en-dessous-de-moins-20-degree-c","52":"pa_tailledepot-jeune-plant-pot-de-1-litre","53":"pa_tailledepot-motte","54":"pa_tailledepot-pot-de-1-litre","55":"pa_tailledepot-pot-de-10-litres","56":"pa_tailledepot-pot-de-12-litres","57":"pa_tailledepot-pot-de-15-litres","58":"pa_tailledepot-pot-de-2-litres","59":"pa_tailledepot-pot-de-20-litres","60":"pa_tailledepot-pot-de-3-litres","61":"pa_tailledepot-pot-de-30-litres","62":"pa_tailledepot-pot-de-4-litres","63":"pa_tailledepot-pot-de-40-litres","64":"pa_tailledepot-pot-de-45-litres","65":"pa_tailledepot-pot-de-5-litres","66":"pa_tailledepot-pot-de-7_5-litres","67":"pa_utilisationpossible-bacoupot","68":"pa_utilisationpossible-haie","69":"pa_utilisationpossible-massif","71":"first","72":"instock","73":"taxable","74":"shipping-taxable","75":"purchasable","76":"product-type-variable","77":"has-default-attributes"},"supplier_id":null,"supplier_sku":"","barcode":null,"atum_controlled":true,"out_stock_date":null,"out_stock_threshold":null,"inheritable":true,"inbound_stock":0,"stock_on_hold":1,"sold_today":0,"sales_last_days":1,"reserved_stock":0,"customer_returns":0,"warehouse_damage":0,"lost_in_post":0,"other_logs":0,"out_stock_days":null,"lost_sales":0,"has_location":false,"update_date":"2026-04-14T10:07:04","atum_locations":[],"atum_stock_status":"instock","restock_status":false,"low_stock_amount":"","sales_update_date":"2025-10-21T07:51:24","calc_backorders":null,"yoast_head":"<!-- This site is optimized with the Yoast SEO Premium plugin v27.5 (Yoast SEO v27.5) - https:\/\/yoast.com\/product\/yoast-seo-premium-wordpress\/ -->\n<title>CORNUS mas &#039;Jolico&#039; - cornouiller m\u00e2le<\/title>\n<meta name=\"description\" content=\"Ce cornouiller m\u00e2le fleurit jaune en fin d&#039;hiver. Le\u00a0CORNUS mas &#039;Jolico&#039; d\u00e9veloppe ensuite de grands fruits rouges, tr\u00e8s d\u00e9coratifs.\" \/>\n<meta name=\"robots\" content=\"index, follow, max-snippet:-1, max-image-preview:large, max-video-preview:-1\" \/>\n<link rel=\"canonical\" href=\"https:\/\/www.vallonchene.fr\/es\/producto\/cornus-mas-jolico-cornouiller-male\/\" \/>\n<meta property=\"og:locale\" content=\"es_ES\" \/>\n<meta property=\"og:type\" content=\"article\" \/>\n<meta property=\"og:title\" content=\"CORNUS mas &#039;Jolico&#039; (cornouiller m\u00e2le)\" \/>\n<meta property=\"og:description\" content=\"Ce cornouiller m\u00e2le fleurit jaune en fin d&#039;hiver. Le\u00a0CORNUS mas &#039;Jolico&#039; d\u00e9veloppe ensuite de grands fruits rouges, tr\u00e8s d\u00e9coratifs.\" \/>\n<meta property=\"og:url\" content=\"https:\/\/www.vallonchene.fr\/es\/producto\/cornus-mas-jolico-cornouiller-male\/\" \/>\n<meta property=\"og:site_name\" content=\"Vallonch\u00eane\" \/>\n<meta property=\"article:publisher\" content=\"https:\/\/www.facebook.com\/vallonchene.fr\" \/>\n<meta property=\"article:modified_time\" content=\"2026-04-14T10:06:54+00:00\" \/>\n<meta property=\"og:image\" content=\"https:\/\/www.vallonchene.fr\/wp-content\/uploads\/2024\/02\/CORNUS-mas-Jolico_01.webp\" \/>\n\t<meta property=\"og:image:width\" content=\"1200\" \/>\n\t<meta property=\"og:image:height\" content=\"1200\" \/>\n\t<meta property=\"og:image:type\" content=\"image\/webp\" \/>\n<meta name=\"twitter:card\" content=\"summary_large_image\" \/>\n<meta name=\"twitter:label1\" content=\"Disponibilidad\" \/>\n\t<meta name=\"twitter:data1\" content=\"En stock\" \/>\n<script type=\"application\/ld+json\" class=\"yoast-schema-graph\">{\"@context\":\"https:\\\/\\\/schema.org\",\"@graph\":[{\"@type\":\"WebPage\",\"@id\":\"https:\\\/\\\/www.vallonchene.fr\\\/es\\\/producto\\\/cornus-mas-jolico-cornouiller-male\\\/\",\"url\":\"https:\\\/\\\/www.vallonchene.fr\\\/es\\\/producto\\\/cornus-mas-jolico-cornouiller-male\\\/\",\"name\":\"CORNUS mas 'Jolico' - cornouiller m\u00e2le\",\"isPartOf\":{\"@id\":\"https:\\\/\\\/www.vallonchene.fr\\\/es\\\/#website\"},\"primaryImageOfPage\":{\"@id\":\"https:\\\/\\\/www.vallonchene.fr\\\/es\\\/producto\\\/cornus-mas-jolico-cornouiller-male\\\/#primaryimage\"},\"image\":{\"@id\":\"https:\\\/\\\/www.vallonchene.fr\\\/es\\\/producto\\\/cornus-mas-jolico-cornouiller-male\\\/#primaryimage\"},\"thumbnailUrl\":\"https:\\\/\\\/www.vallonchene.fr\\\/wp-content\\\/uploads\\\/2024\\\/02\\\/CORNUS-mas-Jolico_01.webp\",\"datePublished\":\"2021-08-31T10:54:05+00:00\",\"dateModified\":\"2026-04-14T10:06:54+00:00\",\"description\":\"Ce cornouiller m\u00e2le fleurit jaune en fin d'hiver. Le\u00a0CORNUS mas 'Jolico' d\u00e9veloppe ensuite de grands fruits rouges, tr\u00e8s d\u00e9coratifs.\",\"breadcrumb\":{\"@id\":\"https:\\\/\\\/www.vallonchene.fr\\\/es\\\/producto\\\/cornus-mas-jolico-cornouiller-male\\\/#breadcrumb\"},\"inLanguage\":\"es\",\"potentialAction\":[{\"@type\":\"ReadAction\",\"target\":[\"https:\\\/\\\/www.vallonchene.fr\\\/es\\\/producto\\\/cornus-mas-jolico-cornouiller-male\\\/\"]}]},{\"@type\":\"ImageObject\",\"inLanguage\":\"es\",\"@id\":\"https:\\\/\\\/www.vallonchene.fr\\\/es\\\/producto\\\/cornus-mas-jolico-cornouiller-male\\\/#primaryimage\",\"url\":\"https:\\\/\\\/www.vallonchene.fr\\\/wp-content\\\/uploads\\\/2024\\\/02\\\/CORNUS-mas-Jolico_01.webp\",\"contentUrl\":\"https:\\\/\\\/www.vallonchene.fr\\\/wp-content\\\/uploads\\\/2024\\\/02\\\/CORNUS-mas-Jolico_01.webp\",\"width\":1200,\"height\":1200,\"caption\":\"Gros plan sur une fleur jaune de CORNUS mas 'Jolico'\"},{\"@type\":\"BreadcrumbList\",\"@id\":\"https:\\\/\\\/www.vallonchene.fr\\\/es\\\/producto\\\/cornus-mas-jolico-cornouiller-male\\\/#breadcrumb\",\"itemListElement\":[{\"@type\":\"ListItem\",\"position\":1,\"name\":\"Home\",\"item\":\"https:\\\/\\\/www.vallonchene.fr\\\/es\\\/\"},{\"@type\":\"ListItem\",\"position\":2,\"name\":\"Tienda\",\"item\":\"https:\\\/\\\/www.vallonchene.fr\\\/tienda\\\/\"},{\"@type\":\"ListItem\",\"position\":3,\"name\":\"Venta en linea\",\"item\":\"https:\\\/\\\/www.vallonchene.fr\\\/es\\\/categoria-producto\\\/venta-en-linea\\\/\"},{\"@type\":\"ListItem\",\"position\":4,\"name\":\"Vivero\",\"item\":\"https:\\\/\\\/www.vallonchene.fr\\\/es\\\/categoria-producto\\\/venta-en-linea\\\/vivero\\\/\"},{\"@type\":\"ListItem\",\"position\":5,\"name\":\"Arbustos y \u00e1rboles\",\"item\":\"https:\\\/\\\/www.vallonchene.fr\\\/es\\\/categoria-producto\\\/venta-en-linea\\\/vivero\\\/arbustos-y-arboles\\\/\"},{\"@type\":\"ListItem\",\"position\":6,\"name\":\"CORNUS mas &lsquo;Jolico&rsquo; (cornouiller m\u00e2le)\"}]},{\"@type\":\"WebSite\",\"@id\":\"https:\\\/\\\/www.vallonchene.fr\\\/es\\\/#website\",\"url\":\"https:\\\/\\\/www.vallonchene.fr\\\/es\\\/\",\"name\":\"Vallonch\u00eane\",\"description\":\"El vivero donde la calidad tiene sus ra\u00edces \u2013 Tel.: +33 (0)2.35.90.02.02\",\"publisher\":{\"@id\":\"https:\\\/\\\/www.vallonchene.fr\\\/es\\\/#organization\"},\"potentialAction\":[{\"@type\":\"SearchAction\",\"target\":{\"@type\":\"EntryPoint\",\"urlTemplate\":\"https:\\\/\\\/www.vallonchene.fr\\\/es\\\/?s={search_term_string}\"},\"query-input\":{\"@type\":\"PropertyValueSpecification\",\"valueRequired\":true,\"valueName\":\"search_term_string\"}}],\"inLanguage\":\"es\"},{\"@type\":\"Organization\",\"@id\":\"https:\\\/\\\/www.vallonchene.fr\\\/es\\\/#organization\",\"name\":\"VALLONCHENE\",\"url\":\"https:\\\/\\\/www.vallonchene.fr\\\/es\\\/\",\"logo\":{\"@type\":\"ImageObject\",\"inLanguage\":\"es\",\"@id\":\"https:\\\/\\\/www.vallonchene.fr\\\/es\\\/#\\\/schema\\\/logo\\\/image\\\/\",\"url\":\"https:\\\/\\\/www.vallonchene.fr\\\/wp-content\\\/uploads\\\/2023\\\/03\\\/Logo-Vallonchene-site-et-R_hauteur_100.png\",\"contentUrl\":\"https:\\\/\\\/www.vallonchene.fr\\\/wp-content\\\/uploads\\\/2023\\\/03\\\/Logo-Vallonchene-site-et-R_hauteur_100.png\",\"width\":221,\"height\":100,\"caption\":\"VALLONCHENE\"},\"image\":{\"@id\":\"https:\\\/\\\/www.vallonchene.fr\\\/es\\\/#\\\/schema\\\/logo\\\/image\\\/\"},\"sameAs\":[\"https:\\\/\\\/www.facebook.com\\\/vallonchene.fr\",\"https:\\\/\\\/www.instagram.com\\\/vallonchene\\\/\",\"https:\\\/\\\/www.pinterest.fr\\\/vallonchene\\\/\"],\"taxID\":\"49454502300017\",\"hasMerchantReturnPolicy\":{\"@type\":\"MerchantReturnPolicy\",\"merchantReturnLink\":\"https:\\\/\\\/www.vallonchene.fr\\\/remboursements_retours\\\/\"}}]}<\/script>\n<meta property=\"og:availability\" content=\"instock\" \/>\n<meta property=\"product:availability\" content=\"instock\" \/>\n<meta property=\"product:retailer_item_id\" content=\"61642\" \/>\n<meta property=\"product:condition\" content=\"new\" \/>\n<!-- \/ Yoast SEO Premium plugin. -->","yoast_head_json":{"title":"CORNUS mas 'Jolico' - cornouiller m\u00e2le","description":"Ce cornouiller m\u00e2le fleurit jaune en fin d'hiver. Le\u00a0CORNUS mas 'Jolico' d\u00e9veloppe ensuite de grands fruits rouges, tr\u00e8s d\u00e9coratifs.","robots":{"index":"index","follow":"follow","max-snippet":"max-snippet:-1","max-image-preview":"max-image-preview:large","max-video-preview":"max-video-preview:-1"},"canonical":"https:\/\/www.vallonchene.fr\/es\/producto\/cornus-mas-jolico-cornouiller-male\/","og_locale":"es_ES","og_type":"article","og_title":"CORNUS mas 'Jolico' (cornouiller m\u00e2le)","og_description":"Ce cornouiller m\u00e2le fleurit jaune en fin d'hiver. Le\u00a0CORNUS mas 'Jolico' d\u00e9veloppe ensuite de grands fruits rouges, tr\u00e8s d\u00e9coratifs.","og_url":"https:\/\/www.vallonchene.fr\/es\/producto\/cornus-mas-jolico-cornouiller-male\/","og_site_name":"Vallonch\u00eane","article_publisher":"https:\/\/www.facebook.com\/vallonchene.fr","article_modified_time":"2026-04-14T10:06:54+00:00","og_image":[{"width":1200,"height":1200,"url":"https:\/\/www.vallonchene.fr\/wp-content\/uploads\/2024\/02\/CORNUS-mas-Jolico_01.webp","type":"image\/webp"}],"twitter_card":"summary_large_image","twitter_misc":{"Disponibilidad":"En stock"},"schema":{"@context":"https:\/\/schema.org","@graph":[{"@type":"WebPage","@id":"https:\/\/www.vallonchene.fr\/es\/producto\/cornus-mas-jolico-cornouiller-male\/","url":"https:\/\/www.vallonchene.fr\/es\/producto\/cornus-mas-jolico-cornouiller-male\/","name":"CORNUS mas 'Jolico' - cornouiller m\u00e2le","isPartOf":{"@id":"https:\/\/www.vallonchene.fr\/es\/#website"},"primaryImageOfPage":{"@id":"https:\/\/www.vallonchene.fr\/es\/producto\/cornus-mas-jolico-cornouiller-male\/#primaryimage"},"image":{"@id":"https:\/\/www.vallonchene.fr\/es\/producto\/cornus-mas-jolico-cornouiller-male\/#primaryimage"},"thumbnailUrl":"https:\/\/www.vallonchene.fr\/wp-content\/uploads\/2024\/02\/CORNUS-mas-Jolico_01.webp","datePublished":"2021-08-31T10:54:05+00:00","dateModified":"2026-04-14T10:06:54+00:00","description":"Ce cornouiller m\u00e2le fleurit jaune en fin d'hiver. Le\u00a0CORNUS mas 'Jolico' d\u00e9veloppe ensuite de grands fruits rouges, tr\u00e8s d\u00e9coratifs.","breadcrumb":{"@id":"https:\/\/www.vallonchene.fr\/es\/producto\/cornus-mas-jolico-cornouiller-male\/#breadcrumb"},"inLanguage":"es","potentialAction":[{"@type":"ReadAction","target":["https:\/\/www.vallonchene.fr\/es\/producto\/cornus-mas-jolico-cornouiller-male\/"]}]},{"@type":"ImageObject","inLanguage":"es","@id":"https:\/\/www.vallonchene.fr\/es\/producto\/cornus-mas-jolico-cornouiller-male\/#primaryimage","url":"https:\/\/www.vallonchene.fr\/wp-content\/uploads\/2024\/02\/CORNUS-mas-Jolico_01.webp","contentUrl":"https:\/\/www.vallonchene.fr\/wp-content\/uploads\/2024\/02\/CORNUS-mas-Jolico_01.webp","width":1200,"height":1200,"caption":"Gros plan sur une fleur jaune de CORNUS mas 'Jolico'"},{"@type":"BreadcrumbList","@id":"https:\/\/www.vallonchene.fr\/es\/producto\/cornus-mas-jolico-cornouiller-male\/#breadcrumb","itemListElement":[{"@type":"ListItem","position":1,"name":"Home","item":"https:\/\/www.vallonchene.fr\/es\/"},{"@type":"ListItem","position":2,"name":"Tienda","item":"https:\/\/www.vallonchene.fr\/tienda\/"},{"@type":"ListItem","position":3,"name":"Venta en linea","item":"https:\/\/www.vallonchene.fr\/es\/categoria-producto\/venta-en-linea\/"},{"@type":"ListItem","position":4,"name":"Vivero","item":"https:\/\/www.vallonchene.fr\/es\/categoria-producto\/venta-en-linea\/vivero\/"},{"@type":"ListItem","position":5,"name":"Arbustos y \u00e1rboles","item":"https:\/\/www.vallonchene.fr\/es\/categoria-producto\/venta-en-linea\/vivero\/arbustos-y-arboles\/"},{"@type":"ListItem","position":6,"name":"CORNUS mas &lsquo;Jolico&rsquo; (cornouiller m\u00e2le)"}]},{"@type":"WebSite","@id":"https:\/\/www.vallonchene.fr\/es\/#website","url":"https:\/\/www.vallonchene.fr\/es\/","name":"Vallonch\u00eane","description":"El vivero donde la calidad tiene sus ra\u00edces \u2013 Tel.: +33 (0)2.35.90.02.02","publisher":{"@id":"https:\/\/www.vallonchene.fr\/es\/#organization"},"potentialAction":[{"@type":"SearchAction","target":{"@type":"EntryPoint","urlTemplate":"https:\/\/www.vallonchene.fr\/es\/?s={search_term_string}"},"query-input":{"@type":"PropertyValueSpecification","valueRequired":true,"valueName":"search_term_string"}}],"inLanguage":"es"},{"@type":"Organization","@id":"https:\/\/www.vallonchene.fr\/es\/#organization","name":"VALLONCHENE","url":"https:\/\/www.vallonchene.fr\/es\/","logo":{"@type":"ImageObject","inLanguage":"es","@id":"https:\/\/www.vallonchene.fr\/es\/#\/schema\/logo\/image\/","url":"https:\/\/www.vallonchene.fr\/wp-content\/uploads\/2023\/03\/Logo-Vallonchene-site-et-R_hauteur_100.png","contentUrl":"https:\/\/www.vallonchene.fr\/wp-content\/uploads\/2023\/03\/Logo-Vallonchene-site-et-R_hauteur_100.png","width":221,"height":100,"caption":"VALLONCHENE"},"image":{"@id":"https:\/\/www.vallonchene.fr\/es\/#\/schema\/logo\/image\/"},"sameAs":["https:\/\/www.facebook.com\/vallonchene.fr","https:\/\/www.instagram.com\/vallonchene\/","https:\/\/www.pinterest.fr\/vallonchene\/"],"taxID":"49454502300017","hasMerchantReturnPolicy":{"@type":"MerchantReturnPolicy","merchantReturnLink":"https:\/\/www.vallonchene.fr\/remboursements_retours\/"}}]},"og_availability":"instock","product_availability":"instock","product_retailer_item_id":"61642","product_condition":"new"},"_links":{"self":[{"href":"https:\/\/www.vallonchene.fr\/es\/wp-json\/wp\/v2\/product\/10411","targetHints":{"allow":["GET"]}}],"collection":[{"href":"https:\/\/www.vallonchene.fr\/es\/wp-json\/wp\/v2\/product"}],"about":[{"href":"https:\/\/www.vallonchene.fr\/es\/wp-json\/wp\/v2\/types\/product"}],"replies":[{"embeddable":true,"href":"https:\/\/www.vallonchene.fr\/es\/wp-json\/wp\/v2\/comments?post=10411"}],"wp:featuredmedia":[{"embeddable":true,"href":"https:\/\/www.vallonchene.fr\/es\/wp-json\/wp\/v2\/media\/45746"}],"wp:attachment":[{"href":"https:\/\/www.vallonchene.fr\/es\/wp-json\/wp\/v2\/media?parent=10411"}],"wp:term":[{"taxonomy":"product_brand","embeddable":true,"href":"https:\/\/www.vallonchene.fr\/es\/wp-json\/wp\/v2\/product_brand?post=10411"},{"taxonomy":"product_cat","embeddable":true,"href":"https:\/\/www.vallonchene.fr\/es\/wp-json\/wp\/v2\/product_cat?post=10411"},{"taxonomy":"product_tag","embeddable":true,"href":"https:\/\/www.vallonchene.fr\/es\/wp-json\/wp\/v2\/product_tag?post=10411"}],"curies":[{"name":"wp","href":"https:\/\/api.w.org\/{rel}","templated":true}]}}