{"id":10252,"date":"2021-08-31T11:05:02","date_gmt":"2021-08-31T11:05:02","guid":{"rendered":"https:\/\/testing.vallonchene.fr\/produit\/hakonechloa-macra-aureola\/"},"modified":"2024-09-27T08:15:23","modified_gmt":"2024-09-27T08:15:23","slug":"hakonechloa-macra-aureola","status":"publish","type":"product","link":"https:\/\/www.vallonchene.fr\/es\/producto\/hakonechloa-macra-aureola\/","title":{"rendered":"HAKONECHLOA macra &#8216;Aureola&#8217;"},"content":{"rendered":"","protected":false},"excerpt":{"rendered":"<p>Cette <strong>herbe foresti\u00e8re du Japon<\/strong> est tr\u00e8s \u00e9l\u00e9gante par son graphisme et son feuillage qui bouge dans le vente. L&#8217;<strong>HAKONECHLOA macra &#8216;Aureola&#8217;<\/strong> est sans doute une des meilleures gramin\u00e9es. Son feuillage est panach\u00e9 de vert et jaune.<\/p>\n","protected":false},"featured_media":10249,"comment_status":"open","ping_status":"closed","template":"","meta":[],"product_brand":[],"product_cat":[263],"product_tag":[4457,3443,3719,4456,4458,4459],"class_list":{"0":"post-10252","1":"product","2":"type-product","3":"status-publish","4":"has-post-thumbnail","6":"product_cat-vivaces","7":"product_tag-aureola","8":"product_tag-hakonechloa","9":"product_tag-hakonechloa-macra","10":"product_tag-hakonechloa-macra-aureola","11":"product_tag-herbe-forestiere-du-japon","12":"product_tag-herbe-hakone","13":"pa_99-hauteurapproximativeapres1-20a50cm","14":"pa_couleurdufeuillage-jaune","15":"pa_couleurdufeuillage-panache","16":"pa_couleurdufeuillage-vert","17":"pa_exigencesenhumidite-fraisahumide","18":"pa_exigencesenhumidite-moyen","19":"pa_exigencesenhumidite-sec","20":"pa_expositionspossibles-33-mi_ombreeviterlesoleilde12","21":"pa_expositionspossibles-pleinsoleilde12ha17hmin","22":"pa_hauteurlivree-n-a","23":"pa_interetauprintemps-feuillage","24":"pa_interetauprintemps-graphismeforme","25":"pa_interetenautomne-feuillage","26":"pa_interetenautomne-graphismeforme","27":"pa_interetenete-feuillage","28":"pa_interetenete-graphismeforme","29":"pa_naturedufeuillage-caduc","30":"pa_naturesdesolpossibles-leger","31":"pa_naturesdesolpossibles-lourd","32":"pa_naturesdesolpossibles-normal","33":"pa_particularites-graphismeforme","34":"pa_periodedetaille-mars","35":"pa_phdusolacceptable-acidemoinsde65","36":"pa_phdusolacceptable-calcaireplusde75","37":"pa_phdusolacceptable-neutreentre65et75","38":"pa_portgraphisme-arrondi","39":"pa_resistanceaufroidrusticite-resistant-en-dessous-de-moins-20-degree-c","40":"pa_tailledepot-inconnu","41":"pa_utilisationpossible-bacoupot","42":"pa_utilisationpossible-couvre_sol","43":"pa_utilisationpossible-massif","45":"first","46":"outofstock","47":"taxable","48":"shipping-taxable","49":"purchasable","50":"product-type-variable","51":"has-default-attributes"},"supplier_id":null,"supplier_sku":"","barcode":null,"atum_controlled":true,"out_stock_date":null,"out_stock_threshold":null,"inheritable":false,"inbound_stock":null,"stock_on_hold":null,"sold_today":null,"sales_last_days":null,"reserved_stock":0,"customer_returns":null,"warehouse_damage":null,"lost_in_post":null,"other_logs":null,"out_stock_days":null,"lost_sales":null,"has_location":null,"update_date":"2024-09-27T06:16:57","atum_locations":[],"atum_stock_status":"outofstock","restock_status":false,"low_stock_amount":"","sales_update_date":null,"calc_backorders":null,"yoast_head":"<!-- This site is optimized with the Yoast SEO Premium plugin v27.4 (Yoast SEO v27.4) - https:\/\/yoast.com\/product\/yoast-seo-premium-wordpress\/ -->\n<title>HAKONECHLOA macra &#039;Aureola&#039; - herbe foresti\u00e8re du Japon<\/title>\n<meta name=\"description\" content=\"Cette herbe foresti\u00e8re du Japon est tr\u00e8s \u00e9l\u00e9gante par son graphisme et son feuillage qui bouge dans le vente. L&#039;HAKONECHLOA macra &#039;Aureola&#039; est sans doute une des meilleures gramin\u00e9es. Son feuillage est...\" \/>\n<meta name=\"robots\" content=\"index, follow, max-snippet:-1, max-image-preview:large, max-video-preview:-1\" \/>\n<link rel=\"canonical\" href=\"https:\/\/www.vallonchene.fr\/es\/producto\/hakonechloa-macra-aureola\/\" \/>\n<meta property=\"og:locale\" content=\"es_ES\" \/>\n<meta property=\"og:type\" content=\"article\" \/>\n<meta property=\"og:title\" content=\"HAKONECHLOA macra &#039;Aureola&#039;\" \/>\n<meta property=\"og:description\" content=\"Cette herbe foresti\u00e8re du Japon est tr\u00e8s \u00e9l\u00e9gante par son graphisme et son feuillage qui bouge dans le vente. L&#039;HAKONECHLOA macra &#039;Aureola&#039; est sans doute une des meilleures gramin\u00e9es. Son feuillage est...\" \/>\n<meta property=\"og:url\" content=\"https:\/\/www.vallonchene.fr\/es\/producto\/hakonechloa-macra-aureola\/\" \/>\n<meta property=\"og:site_name\" content=\"Vallonch\u00eane\" \/>\n<meta property=\"article:publisher\" content=\"https:\/\/www.facebook.com\/vallonchene.fr\" \/>\n<meta property=\"article:modified_time\" content=\"2024-09-27T08:15:23+00:00\" \/>\n<meta property=\"og:image\" content=\"https:\/\/www.vallonchene.fr\/wp-content\/uploads\/2021\/08\/1474-0d8-HAKONECHLOA-macra-Aureola-en-Septembre.jpg\" \/>\n\t<meta property=\"og:image:width\" content=\"1600\" \/>\n\t<meta property=\"og:image:height\" content=\"1600\" \/>\n\t<meta property=\"og:image:type\" content=\"image\/jpeg\" \/>\n<meta name=\"twitter:card\" content=\"summary_large_image\" \/>\n<meta name=\"twitter:label1\" content=\"Disponibilidad\" \/>\n\t<meta name=\"twitter:data1\" content=\"Agotado\" \/>\n<script type=\"application\/ld+json\" class=\"yoast-schema-graph\">{\"@context\":\"https:\\\/\\\/schema.org\",\"@graph\":[{\"@type\":\"WebPage\",\"@id\":\"https:\\\/\\\/www.vallonchene.fr\\\/es\\\/producto\\\/hakonechloa-macra-aureola\\\/\",\"url\":\"https:\\\/\\\/www.vallonchene.fr\\\/es\\\/producto\\\/hakonechloa-macra-aureola\\\/\",\"name\":\"HAKONECHLOA macra 'Aureola' - herbe foresti\u00e8re du Japon\",\"isPartOf\":{\"@id\":\"https:\\\/\\\/www.vallonchene.fr\\\/es\\\/#website\"},\"primaryImageOfPage\":{\"@id\":\"https:\\\/\\\/www.vallonchene.fr\\\/es\\\/producto\\\/hakonechloa-macra-aureola\\\/#primaryimage\"},\"image\":{\"@id\":\"https:\\\/\\\/www.vallonchene.fr\\\/es\\\/producto\\\/hakonechloa-macra-aureola\\\/#primaryimage\"},\"thumbnailUrl\":\"https:\\\/\\\/www.vallonchene.fr\\\/wp-content\\\/uploads\\\/2021\\\/08\\\/1474-0d8-HAKONECHLOA-macra-Aureola-en-Septembre.jpg\",\"datePublished\":\"2021-08-31T11:05:02+00:00\",\"dateModified\":\"2024-09-27T08:15:23+00:00\",\"description\":\"Cette herbe foresti\u00e8re du Japon est tr\u00e8s \u00e9l\u00e9gante par son graphisme et son feuillage qui bouge dans le vente. L'HAKONECHLOA macra 'Aureola' est sans doute une des meilleures gramin\u00e9es. Son feuillage est...\",\"breadcrumb\":{\"@id\":\"https:\\\/\\\/www.vallonchene.fr\\\/es\\\/producto\\\/hakonechloa-macra-aureola\\\/#breadcrumb\"},\"inLanguage\":\"es\",\"potentialAction\":[{\"@type\":\"ReadAction\",\"target\":[\"https:\\\/\\\/www.vallonchene.fr\\\/es\\\/producto\\\/hakonechloa-macra-aureola\\\/\"]}]},{\"@type\":\"ImageObject\",\"inLanguage\":\"es\",\"@id\":\"https:\\\/\\\/www.vallonchene.fr\\\/es\\\/producto\\\/hakonechloa-macra-aureola\\\/#primaryimage\",\"url\":\"https:\\\/\\\/www.vallonchene.fr\\\/wp-content\\\/uploads\\\/2021\\\/08\\\/1474-0d8-HAKONECHLOA-macra-Aureola-en-Septembre.jpg\",\"contentUrl\":\"https:\\\/\\\/www.vallonchene.fr\\\/wp-content\\\/uploads\\\/2021\\\/08\\\/1474-0d8-HAKONECHLOA-macra-Aureola-en-Septembre.jpg\",\"width\":1600,\"height\":1600,\"caption\":\"HAKONECHLOA macra 'Aureola' en Septembre\"},{\"@type\":\"BreadcrumbList\",\"@id\":\"https:\\\/\\\/www.vallonchene.fr\\\/es\\\/producto\\\/hakonechloa-macra-aureola\\\/#breadcrumb\",\"itemListElement\":[{\"@type\":\"ListItem\",\"position\":1,\"name\":\"Home\",\"item\":\"https:\\\/\\\/www.vallonchene.fr\\\/es\\\/\"},{\"@type\":\"ListItem\",\"position\":2,\"name\":\"Tienda\",\"item\":\"https:\\\/\\\/www.vallonchene.fr\\\/tienda\\\/\"},{\"@type\":\"ListItem\",\"position\":3,\"name\":\"Venta en linea\",\"item\":\"https:\\\/\\\/www.vallonchene.fr\\\/es\\\/categoria-producto\\\/venta-en-linea\\\/\"},{\"@type\":\"ListItem\",\"position\":4,\"name\":\"Vivero\",\"item\":\"https:\\\/\\\/www.vallonchene.fr\\\/es\\\/categoria-producto\\\/venta-en-linea\\\/vivero\\\/\"},{\"@type\":\"ListItem\",\"position\":5,\"name\":\"Plantas perennes\",\"item\":\"https:\\\/\\\/www.vallonchene.fr\\\/es\\\/categoria-producto\\\/venta-en-linea\\\/vivero\\\/plantas-perennes\\\/\"},{\"@type\":\"ListItem\",\"position\":6,\"name\":\"HAKONECHLOA macra &#8216;Aureola&#8217;\"}]},{\"@type\":\"WebSite\",\"@id\":\"https:\\\/\\\/www.vallonchene.fr\\\/es\\\/#website\",\"url\":\"https:\\\/\\\/www.vallonchene.fr\\\/es\\\/\",\"name\":\"Vallonch\u00eane\",\"description\":\"El vivero donde la calidad tiene sus ra\u00edces \u2013 Tel.: +33 (0)2.35.90.02.02\",\"publisher\":{\"@id\":\"https:\\\/\\\/www.vallonchene.fr\\\/es\\\/#organization\"},\"potentialAction\":[{\"@type\":\"SearchAction\",\"target\":{\"@type\":\"EntryPoint\",\"urlTemplate\":\"https:\\\/\\\/www.vallonchene.fr\\\/es\\\/?s={search_term_string}\"},\"query-input\":{\"@type\":\"PropertyValueSpecification\",\"valueRequired\":true,\"valueName\":\"search_term_string\"}}],\"inLanguage\":\"es\"},{\"@type\":\"Organization\",\"@id\":\"https:\\\/\\\/www.vallonchene.fr\\\/es\\\/#organization\",\"name\":\"VALLONCHENE\",\"url\":\"https:\\\/\\\/www.vallonchene.fr\\\/es\\\/\",\"logo\":{\"@type\":\"ImageObject\",\"inLanguage\":\"es\",\"@id\":\"https:\\\/\\\/www.vallonchene.fr\\\/es\\\/#\\\/schema\\\/logo\\\/image\\\/\",\"url\":\"https:\\\/\\\/www.vallonchene.fr\\\/wp-content\\\/uploads\\\/2023\\\/03\\\/Logo-Vallonchene-site-et-R_hauteur_100.png\",\"contentUrl\":\"https:\\\/\\\/www.vallonchene.fr\\\/wp-content\\\/uploads\\\/2023\\\/03\\\/Logo-Vallonchene-site-et-R_hauteur_100.png\",\"width\":221,\"height\":100,\"caption\":\"VALLONCHENE\"},\"image\":{\"@id\":\"https:\\\/\\\/www.vallonchene.fr\\\/es\\\/#\\\/schema\\\/logo\\\/image\\\/\"},\"sameAs\":[\"https:\\\/\\\/www.facebook.com\\\/vallonchene.fr\",\"https:\\\/\\\/www.instagram.com\\\/vallonchene\\\/\",\"https:\\\/\\\/www.pinterest.fr\\\/vallonchene\\\/\"],\"taxID\":\"49454502300017\",\"hasMerchantReturnPolicy\":{\"@type\":\"MerchantReturnPolicy\",\"merchantReturnLink\":\"https:\\\/\\\/www.vallonchene.fr\\\/remboursements_retours\\\/\"}}]}<\/script>\n<meta property=\"og:availability\" content=\"out of stock\" \/>\n<meta property=\"product:availability\" content=\"out of stock\" \/>\n<meta property=\"product:retailer_item_id\" content=\"47381\" \/>\n<meta property=\"product:condition\" content=\"new\" \/>\n<!-- \/ Yoast SEO Premium plugin. -->","yoast_head_json":{"title":"HAKONECHLOA macra 'Aureola' - herbe foresti\u00e8re du Japon","description":"Cette herbe foresti\u00e8re du Japon est tr\u00e8s \u00e9l\u00e9gante par son graphisme et son feuillage qui bouge dans le vente. L'HAKONECHLOA macra 'Aureola' est sans doute une des meilleures gramin\u00e9es. Son feuillage est...","robots":{"index":"index","follow":"follow","max-snippet":"max-snippet:-1","max-image-preview":"max-image-preview:large","max-video-preview":"max-video-preview:-1"},"canonical":"https:\/\/www.vallonchene.fr\/es\/producto\/hakonechloa-macra-aureola\/","og_locale":"es_ES","og_type":"article","og_title":"HAKONECHLOA macra 'Aureola'","og_description":"Cette herbe foresti\u00e8re du Japon est tr\u00e8s \u00e9l\u00e9gante par son graphisme et son feuillage qui bouge dans le vente. L'HAKONECHLOA macra 'Aureola' est sans doute une des meilleures gramin\u00e9es. Son feuillage est...","og_url":"https:\/\/www.vallonchene.fr\/es\/producto\/hakonechloa-macra-aureola\/","og_site_name":"Vallonch\u00eane","article_publisher":"https:\/\/www.facebook.com\/vallonchene.fr","article_modified_time":"2024-09-27T08:15:23+00:00","og_image":[{"width":1600,"height":1600,"url":"https:\/\/www.vallonchene.fr\/wp-content\/uploads\/2021\/08\/1474-0d8-HAKONECHLOA-macra-Aureola-en-Septembre.jpg","type":"image\/jpeg"}],"twitter_card":"summary_large_image","twitter_misc":{"Disponibilidad":"Agotado"},"schema":{"@context":"https:\/\/schema.org","@graph":[{"@type":"WebPage","@id":"https:\/\/www.vallonchene.fr\/es\/producto\/hakonechloa-macra-aureola\/","url":"https:\/\/www.vallonchene.fr\/es\/producto\/hakonechloa-macra-aureola\/","name":"HAKONECHLOA macra 'Aureola' - herbe foresti\u00e8re du Japon","isPartOf":{"@id":"https:\/\/www.vallonchene.fr\/es\/#website"},"primaryImageOfPage":{"@id":"https:\/\/www.vallonchene.fr\/es\/producto\/hakonechloa-macra-aureola\/#primaryimage"},"image":{"@id":"https:\/\/www.vallonchene.fr\/es\/producto\/hakonechloa-macra-aureola\/#primaryimage"},"thumbnailUrl":"https:\/\/www.vallonchene.fr\/wp-content\/uploads\/2021\/08\/1474-0d8-HAKONECHLOA-macra-Aureola-en-Septembre.jpg","datePublished":"2021-08-31T11:05:02+00:00","dateModified":"2024-09-27T08:15:23+00:00","description":"Cette herbe foresti\u00e8re du Japon est tr\u00e8s \u00e9l\u00e9gante par son graphisme et son feuillage qui bouge dans le vente. L'HAKONECHLOA macra 'Aureola' est sans doute une des meilleures gramin\u00e9es. Son feuillage est...","breadcrumb":{"@id":"https:\/\/www.vallonchene.fr\/es\/producto\/hakonechloa-macra-aureola\/#breadcrumb"},"inLanguage":"es","potentialAction":[{"@type":"ReadAction","target":["https:\/\/www.vallonchene.fr\/es\/producto\/hakonechloa-macra-aureola\/"]}]},{"@type":"ImageObject","inLanguage":"es","@id":"https:\/\/www.vallonchene.fr\/es\/producto\/hakonechloa-macra-aureola\/#primaryimage","url":"https:\/\/www.vallonchene.fr\/wp-content\/uploads\/2021\/08\/1474-0d8-HAKONECHLOA-macra-Aureola-en-Septembre.jpg","contentUrl":"https:\/\/www.vallonchene.fr\/wp-content\/uploads\/2021\/08\/1474-0d8-HAKONECHLOA-macra-Aureola-en-Septembre.jpg","width":1600,"height":1600,"caption":"HAKONECHLOA macra 'Aureola' en Septembre"},{"@type":"BreadcrumbList","@id":"https:\/\/www.vallonchene.fr\/es\/producto\/hakonechloa-macra-aureola\/#breadcrumb","itemListElement":[{"@type":"ListItem","position":1,"name":"Home","item":"https:\/\/www.vallonchene.fr\/es\/"},{"@type":"ListItem","position":2,"name":"Tienda","item":"https:\/\/www.vallonchene.fr\/tienda\/"},{"@type":"ListItem","position":3,"name":"Venta en linea","item":"https:\/\/www.vallonchene.fr\/es\/categoria-producto\/venta-en-linea\/"},{"@type":"ListItem","position":4,"name":"Vivero","item":"https:\/\/www.vallonchene.fr\/es\/categoria-producto\/venta-en-linea\/vivero\/"},{"@type":"ListItem","position":5,"name":"Plantas perennes","item":"https:\/\/www.vallonchene.fr\/es\/categoria-producto\/venta-en-linea\/vivero\/plantas-perennes\/"},{"@type":"ListItem","position":6,"name":"HAKONECHLOA macra &#8216;Aureola&#8217;"}]},{"@type":"WebSite","@id":"https:\/\/www.vallonchene.fr\/es\/#website","url":"https:\/\/www.vallonchene.fr\/es\/","name":"Vallonch\u00eane","description":"El vivero donde la calidad tiene sus ra\u00edces \u2013 Tel.: +33 (0)2.35.90.02.02","publisher":{"@id":"https:\/\/www.vallonchene.fr\/es\/#organization"},"potentialAction":[{"@type":"SearchAction","target":{"@type":"EntryPoint","urlTemplate":"https:\/\/www.vallonchene.fr\/es\/?s={search_term_string}"},"query-input":{"@type":"PropertyValueSpecification","valueRequired":true,"valueName":"search_term_string"}}],"inLanguage":"es"},{"@type":"Organization","@id":"https:\/\/www.vallonchene.fr\/es\/#organization","name":"VALLONCHENE","url":"https:\/\/www.vallonchene.fr\/es\/","logo":{"@type":"ImageObject","inLanguage":"es","@id":"https:\/\/www.vallonchene.fr\/es\/#\/schema\/logo\/image\/","url":"https:\/\/www.vallonchene.fr\/wp-content\/uploads\/2023\/03\/Logo-Vallonchene-site-et-R_hauteur_100.png","contentUrl":"https:\/\/www.vallonchene.fr\/wp-content\/uploads\/2023\/03\/Logo-Vallonchene-site-et-R_hauteur_100.png","width":221,"height":100,"caption":"VALLONCHENE"},"image":{"@id":"https:\/\/www.vallonchene.fr\/es\/#\/schema\/logo\/image\/"},"sameAs":["https:\/\/www.facebook.com\/vallonchene.fr","https:\/\/www.instagram.com\/vallonchene\/","https:\/\/www.pinterest.fr\/vallonchene\/"],"taxID":"49454502300017","hasMerchantReturnPolicy":{"@type":"MerchantReturnPolicy","merchantReturnLink":"https:\/\/www.vallonchene.fr\/remboursements_retours\/"}}]},"og_availability":"out of stock","product_availability":"out of stock","product_retailer_item_id":"47381","product_condition":"new"},"_links":{"self":[{"href":"https:\/\/www.vallonchene.fr\/es\/wp-json\/wp\/v2\/product\/10252","targetHints":{"allow":["GET"]}}],"collection":[{"href":"https:\/\/www.vallonchene.fr\/es\/wp-json\/wp\/v2\/product"}],"about":[{"href":"https:\/\/www.vallonchene.fr\/es\/wp-json\/wp\/v2\/types\/product"}],"replies":[{"embeddable":true,"href":"https:\/\/www.vallonchene.fr\/es\/wp-json\/wp\/v2\/comments?post=10252"}],"wp:featuredmedia":[{"embeddable":true,"href":"https:\/\/www.vallonchene.fr\/es\/wp-json\/wp\/v2\/media\/10249"}],"wp:attachment":[{"href":"https:\/\/www.vallonchene.fr\/es\/wp-json\/wp\/v2\/media?parent=10252"}],"wp:term":[{"taxonomy":"product_brand","embeddable":true,"href":"https:\/\/www.vallonchene.fr\/es\/wp-json\/wp\/v2\/product_brand?post=10252"},{"taxonomy":"product_cat","embeddable":true,"href":"https:\/\/www.vallonchene.fr\/es\/wp-json\/wp\/v2\/product_cat?post=10252"},{"taxonomy":"product_tag","embeddable":true,"href":"https:\/\/www.vallonchene.fr\/es\/wp-json\/wp\/v2\/product_tag?post=10252"}],"curies":[{"name":"wp","href":"https:\/\/api.w.org\/{rel}","templated":true}]}}