{"id":50916,"date":"2023-04-10T09:47:33","date_gmt":"2023-04-10T08:47:33","guid":{"rendered":"https:\/\/www.vallonchene.fr\/?page_id=50916"},"modified":"2024-12-12T16:27:22","modified_gmt":"2024-12-12T15:27:22","slug":"como-plantar-en-una-maceta-para-la-terraza","status":"publish","type":"page","link":"https:\/\/www.vallonchene.fr\/es\/como-plantar-y-mantener-plantas\/como-plantar-en-una-maceta-para-la-terraza\/","title":{"rendered":"C\u00f3mo plantar en una maceta para la terraza"},"content":{"rendered":"\n<p>Descubra con nuestras fichas pr\u00e1cticas <strong>c\u00f3mo plantar en un maceta para la terraza<\/strong> y c\u00f3mo cuidar posteriormente estas plantas.<\/p>\n\n\n\n<h2 class=\"wp-block-heading\" id=\"h-como-plantar-en-una-maceta-para-la-terraza\">C\u00f3mo plantar en una maceta para la terraza<\/h2>\n\n\n<div class=\"wp-block-image\">\n<figure class=\"alignright size-full\"><a href=\"https:\/\/www.vallonchene.fr\/wp-content\/uploads\/2021\/09\/plante-en-pot-250x-270-SCIADOPYTIS-verticillata-en-pot.jpg\"><img decoding=\"async\" width=\"141\" height=\"251\" src=\"https:\/\/www.vallonchene.fr\/wp-content\/uploads\/2021\/09\/plante-en-pot-250x-270-SCIADOPYTIS-verticillata-en-pot.jpg\" alt=\"SCIADOPYTIS verticillata en pot\" class=\"wp-image-151\" srcset=\"https:\/\/www.vallonchene.fr\/wp-content\/uploads\/2021\/09\/plante-en-pot-250x-270-SCIADOPYTIS-verticillata-en-pot.jpg 141w, https:\/\/www.vallonchene.fr\/wp-content\/uploads\/2021\/09\/plante-en-pot-250x-270-SCIADOPYTIS-verticillata-en-pot-64x114.jpg 64w\" sizes=\"(max-width: 141px) 100vw, 141px\" \/><\/a><figcaption class=\"wp-element-caption\">SCIADOPYTIS verticillata en una maceta<\/figcaption><\/figure>\n<\/div>\n\n\n<ol class=\"wp-block-list\">\n<li>Antes de comenzar, <strong>compruebe que su maceta tenga agujeros en el fondo<\/strong>. Todo el exceso de agua debe poder drenarse (agua de riego y tambi\u00e9n agua de lluvia). Si no es as\u00ed, \u00a1perfore! No utilice sistem\u00e1ticamente platillos, ya que estos tambi\u00e9n pueden provocar un estancamiento de agua.<\/li>\n\n\n\n<li><strong>Deposite una fina capa de grava en el fondo<\/strong> para facilitar el drenaje.<\/li>\n\n\n\n<li><strong>Elija bien la ubicaci\u00f3n en relaci\u00f3n con la insolaci\u00f3n<\/strong>. Tenga en cuenta que las plantas en maceta sufren m\u00e1s una exposici\u00f3n soleada que las que est\u00e1n en tierra.<\/li>\n\n\n\n<li><strong>Prepare una mezcla de 50% de compost (a la venta en Vallonch\u00eane\u00ae) y 50% de tierra de jard\u00edn<\/strong>. La tierra de jard\u00edn permitir\u00e1 una humedad m\u00e1s equilibrada en per\u00edodos c\u00e1lidos. <strong>No utilice EN NING\u00daN CASO tierra de brezo<\/strong> (\u00a1incluso para las plantas llamadas de brezo!). Se seca demasiado en per\u00edodos de poca lluvia y es dif\u00edcil de humedecer nuevamente. Resultado: sus plantas sufrir\u00e1n de falta de agua.<\/li>\n\n\n\n<li><strong>Deposite una parte de su mezcla en el fondo de la maceta, por encima de la grava<\/strong>. El grosor variar\u00e1 seg\u00fan la altura del cepell\u00f3n de su planta. No ponga mezcla por encima del cepell\u00f3n. Si cubre el cuello, el crecimiento de la planta puede ralentizarse considerablemente, detenerse o incluso la planta puede morir a largo plazo.<\/li>\n\n\n\n<li><strong>Coloque la planta en la maceta para luego llenar los espacios alrededor del cepell\u00f3n<\/strong> con su mezcla de compost y tierra de jard\u00edn.<\/li>\n\n\n\n<li>Aplaste suavemente y riegue abundantemente la maceta.<\/li>\n\n\n\n<li><strong>Cuidado con la orina de los animales dom\u00e9sticos,<\/strong> especialmente gatos y perros. El riego por parte de los animales es muy a menudo fatal para las plantas. La orina sobre las perennes, especialmente tejos, bojes y con\u00edferas, puede actuar como un verdadero herbicida sist\u00e9mico: destruye la planta comenzando por el punto de contacto de la rama y contin\u00faa hacia el resto de la planta. Las orinas de zorros o tejones tambi\u00e9n pueden ser peligrosas.<\/li>\n\n\n\n<li>Si se trata de un \u00e1rbol, <strong>puede ser \u00fatil atarlo<\/strong> (seg\u00fan el tama\u00f1o). Esto estabiliza el cepell\u00f3n y favorece un buen enraizamiento.<\/li>\n<\/ol>\n\n\n\n<h2 class=\"wp-block-heading\" id=\"h-como-cuidar-sus-macetas-en-la-terraza\">C\u00f3mo cuidar sus macetas en la terraza<\/h2>\n\n\n\n<p>Si ha seguido cuidadosamente las instrucciones de plantaci\u00f3n anteriores, el mantenimiento de sus plantas ser\u00e1 mucho m\u00e1s sencillo (tanto en riego como en deshierbe):<\/p>\n\n\n\n<ol class=\"wp-block-list\">\n<li><strong>Mantenga una buena humedad para su planta, especialmente durante los per\u00edodos secos.<\/strong> <strong>\u00a1ATENCI\u00d3N!<\/strong> La lluvia natural no puede asegurar el riego de la planta, ya que la superficie de captaci\u00f3n de la maceta es demasiado peque\u00f1a. Verifique, en caso de necesidad, con sus dedos para sentir la tierra de la maceta o lev\u00e1ntela para pesarla. Esta es la \u00fanica forma de controlar la humedad en una maceta. La observaci\u00f3n de la humedad adecuada es a\u00fan m\u00e1s importante en las plantas perennes que en las plantas caducas. De hecho, las perennes a menudo muestran falta de agua mediante el amarillamiento o la ca\u00edda de las hojas cuando ya es demasiado tarde.<\/li>\n\n\n\n<li><strong>Administre fertilizante los a\u00f1os siguientes a la plantaci\u00f3n<\/strong>, ya que el compost se agota con el tiempo.<\/li>\n\n\n\n<li><strong>Elimine las flores marchitas<\/strong>. Estas agotan a las plantas con la producci\u00f3n de semillas. Su planta ser\u00e1 a\u00fan m\u00e1s fuerte y m\u00e1s hermosa el a\u00f1o siguiente.<\/li>\n\n\n\n<li><strong>Si se ausenta durante varios d\u00edas, incluso semanas, aseg\u00farese de que sus plantas est\u00e9n bien regadas<\/strong>. Si no tiene ayuda, llene botellas de agua con un cuello largo y delgado. Luego invi\u00e9rtalas con un movimiento r\u00e1pido para insertarlas en la maceta. De esta manera, el agua se liberar\u00e1 lentamente y garantizar\u00e1 la supervivencia de la planta. Este truco tambi\u00e9n es aplicable para las plantas de interior. Dependiendo del tama\u00f1o de la maceta y de la planta, pueden ser necesarias varias botellas por maceta.<\/li>\n<\/ol>\n\n\n\n<p>Si usted no encuentra la respuesta a sus preguntas sobre una planta que haya comprado en Vallonch\u00eane, estaremos encantados de ayudarle. En ese caso, <a href=\"https:\/\/www.vallonchene.fr\/contact\/\"><strong>env\u00edenos un mensaje<\/strong><\/a>.<\/p>\n\n\n\n<h2 class=\"wp-block-heading\" id=\"block-131005a0-26fa-4efd-bbd4-db126a9b5796\">\u00a1Suscr\u00edbase a nuestra newsletter gratuita!<\/h2>\n\n\n\n<p id=\"block-8224cbb0-e145-4e1c-b276-f9d8df46a089\">Suscr\u00edbase a nuestra newsletter gratuita y reciba autom\u00e1ticamente nuestras nuevas publicaciones sobre plantas y jardiner\u00eda en general. Si ya no desea recibirla, puede darse de baja con un simple clic.<\/p>\n\n\n<div class='fluentform ff-default fluentform_wrapper_18 ffs_default_wrap'><form data-form_id=\"18\" id=\"fluentform_18\" class=\"frm-fluent-form fluent_form_18 ff-el-form-top ff_form_instance_18_1 ff-form-loading ffs_default\" data-form_instance=\"ff_form_instance_18_1\" method=\"POST\" ><fieldset  style=\"border: none!important;margin: 0!important;padding: 0!important;background-color: transparent!important;box-shadow: none!important;outline: none!important; min-inline-size: 100%;\">\n                    <legend class=\"ff_screen_reader_title\" style=\"display: block; margin: 0!important;padding: 0!important;height: 0!important;text-indent: -999999px;width: 0!important;overflow:hidden;\">Souscription G\u00e9n\u00e9rale ES sans OPT-IN<\/legend>        <div\n                style=\"display: none!important; position: absolute!important; transform: translateX(1000%)!important;\"\n                class=\"ff-el-group ff-hpsf-container\"\n        >\n            <div class=\"ff-el-input--label asterisk-right\">\n                <label for=\"ff_18_item_sf\" aria-label=\"Newsletter\">\n                    Newsletter                <\/label>\n            <\/div>\n            <div class=\"ff-el-input--content\">\n                <input type=\"text\"\n                       name=\"item_18__fluent_sf\"\n                       class=\"ff-el-form-control\"\n                       id=\"ff_18_item_sf\"\n                \/>\n            <\/div>\n        <\/div>\n        <input type='hidden' name='__fluent_form_embded_post_id' value='50916' \/><input type=\"hidden\" id=\"_fluentform_18_fluentformnonce\" name=\"_fluentform_18_fluentformnonce\" value=\"2c231c3678\" \/><input type=\"hidden\" name=\"_wp_http_referer\" value=\"\/es\/wp-json\/wp\/v2\/pages\/50916\" \/><div data-type=\"name-element\" data-name=\"names\" class=\" ff-field_container ff-name-field-wrapper\" ><div class='ff-t-container'><div class='ff-t-cell '><div class='ff-el-group'><div class=\"ff-el-input--label ff-el-is-required asterisk-right\"><label for='ff_18_names_first_name_' id='label_ff_18_names_first_name_' >Nombre<\/label><\/div><div class='ff-el-input--content'><input type=\"text\" name=\"names[first_name]\" id=\"ff_18_names_first_name_\" class=\"ff-el-form-control\" aria-invalid=\"false\" aria-required=true><\/div><\/div><\/div><div class='ff-t-cell '><div class='ff-el-group'><div class=\"ff-el-input--label ff-el-is-required asterisk-right\"><label for='ff_18_names_last_name_' id='label_ff_18_names_last_name_' >Apellito<\/label><\/div><div class='ff-el-input--content'><input type=\"text\" name=\"names[last_name]\" id=\"ff_18_names_last_name_\" class=\"ff-el-form-control\" aria-invalid=\"false\" aria-required=true><\/div><\/div><\/div><\/div><\/div><div class='ff-el-group'><div class=\"ff-el-input--label ff-el-is-required asterisk-right\"><label for='ff_18_email' id='label_ff_18_email' aria-label=\"Email\">Email<\/label><\/div><div class='ff-el-input--content'><input type=\"email\" name=\"email\" id=\"ff_18_email\" class=\"ff-el-form-control\" data-name=\"email\"  aria-invalid=\"false\" aria-required=true><\/div><\/div><div class='ff-el-group    ff-el-input--content'><div class='ff-el-form-check ff-el-tc'><label aria-label='Consiento que este sitio web guarde mis datos para gestionar mi suscripci\u00f3n de acuerdo con su pol\u00edtica de privacidad.\nPuedo darme de baja en cualquier momento utilizando el enlace que aparece al final de cada correo electr\u00f3nico.' class='ff-el-form-check-label ff_tc_label' for=gdpr-agreement_45c78ef5a6f23b742ca4f71ff798cdb8><span class='ff_tc_checkbox'><input type=\"checkbox\" name=\"gdpr-agreement\" class=\"ff-el-form-check-input ff_gdpr_field\" data-name=\"gdpr-agreement\" id=\"gdpr-agreement_45c78ef5a6f23b742ca4f71ff798cdb8\"  value='on' aria-invalid='false' aria-required=true><\/span> <div class='ff_t_c'>Consiento que este sitio web guarde mis datos para gestionar mi suscripci\u00f3n de acuerdo con su pol\u00edtica de privacidad.\nPuedo darme de baja en cualquier momento utilizando el enlace que aparece al final de cada correo electr\u00f3nico.<\/div><\/label><\/div><\/div><div class='ff-el-group ff-text-left ff_submit_btn_wrapper'><button type=\"submit\" class=\"ff-btn ff-btn-submit ff-btn-md ff_btn_style\"  aria-label=\"Suscribirse gratuitamente\">Suscribirse gratuitamente<\/button><\/div>\t\t<div id=\"cf-turnstile-fluent-505639955\"\r\n\t\tclass=\"cf-turnstile\" \t\tdata-sitekey=\"0x4AAAAAAAEQmtNTo7HKVVoq\"\r\n\t\tdata-theme=\"light\"\r\n\t\tdata-language=\"auto\"\r\n\t\tdata-size=\"normal\"\r\n\t\tdata-retry=\"auto\" data-retry-interval=\"1000\"\r\n\t\tdata-refresh-expired=\"auto\"\r\n\t\tdata-refresh-timeout=\"auto\"\r\n\t\tdata-action=\"fluent-form-18\"\r\n\t\tdata-callback=\"turnstileFluentCallback\"\r\n\t\t\t\tdata-appearance=\"always\"><\/div>\r\n\t\t\t<script>document.addEventListener(\"DOMContentLoaded\", function() { setTimeout(function(){ var e=document.getElementById(\"cf-turnstile-fluent-505639955\"); if(e&&!e.innerHTML.trim()){turnstile.render(e, {sitekey:\"0x4AAAAAAAEQmtNTo7HKVVoq\"});} }, 200); });<\/script>\r\n\t\t\t<br class=\"cf-turnstile-br cf-turnstile-br-fluent-505639955\">\r\n\t\t\t\t<style>#cf-turnstile-fluent-505639955 { margin-left: -15px; }<\/style>\r\n\t\t<\/fieldset><\/form><div id='fluentform_18_errors' class='ff-errors-in-stack ff_form_instance_18_1 ff-form-loading_errors ff_form_instance_18_1_errors'><\/div><\/div>            <script type=\"text\/javascript\">\n                window.fluent_form_ff_form_instance_18_1 = {\"id\":\"18\",\"ajaxUrl\":\"https:\\\/\\\/www.vallonchene.fr\\\/wp-admin\\\/admin-ajax.php\",\"settings\":{\"layout\":{\"labelPlacement\":\"top\",\"helpMessagePlacement\":\"with_label\",\"errorMessagePlacement\":\"inline\"},\"restrictions\":{\"denyEmptySubmission\":{\"enabled\":false}}},\"form_instance\":\"ff_form_instance_18_1\",\"form_id_selector\":\"fluentform_18\",\"rules\":{\"names[first_name]\":{\"required\":{\"value\":true,\"message\":\"Este campo es obligatorio\",\"global\":false,\"global_message\":\"Ce champ est requis\"}},\"names[middle_name]\":{\"required\":{\"value\":false,\"message\":\"This field is required\",\"global\":false,\"global_message\":\"Ce champ est requis\"}},\"names[last_name]\":{\"required\":{\"value\":true,\"message\":\"Este campo es obligatorio\",\"global\":false,\"global_message\":\"Ce champ est requis\"}},\"email\":{\"required\":{\"value\":true,\"message\":\"Dieses Feld ist erforderlich\",\"global\":false,\"global_message\":\"Ce champ est requis\"},\"email\":{\"value\":true,\"message\":\"Bitte geben Sie eine g\\u00fcltige Email-Adresse ein\",\"global\":false,\"global_message\":\"Ce champ doit contenir un e-mail valide\"}},\"gdpr-agreement\":{\"required\":{\"value\":true,\"message\":\"Dieses K\\u00e4stchen ist erforderlich\",\"global\":false,\"global_message\":\"Ce champ est requis\"}}},\"debounce_time\":300};\n                            <\/script>\n            \n","protected":false},"excerpt":{"rendered":"<p>Descubra con nuestras fichas pr\u00e1cticas c\u00f3mo plantar en un maceta para la terraza y c\u00f3mo cuidar posteriormente estas plantas. C\u00f3mo plantar en una maceta para la terraza C\u00f3mo cuidar sus macetas en la terraza Si ha seguido cuidadosamente las instrucciones de plantaci\u00f3n anteriores, el mantenimiento de sus plantas ser\u00e1 mucho m\u00e1s sencillo (tanto en riego [&hellip;]<\/p>\n","protected":false},"author":1,"featured_media":0,"parent":50457,"menu_order":0,"comment_status":"closed","ping_status":"closed","template":"","meta":{"footnotes":""},"class_list":["post-50916","page","type-page","status-publish","hentry"],"yoast_head":"<!-- This site is optimized with the Yoast SEO Premium plugin v27.4 (Yoast SEO v27.4) - https:\/\/yoast.com\/product\/yoast-seo-premium-wordpress\/ -->\n<title>C\u00f3mo plantar en una maceta para la terraza - Vallonch\u00eane<\/title>\n<meta name=\"robots\" content=\"index, follow, max-snippet:-1, max-image-preview:large, max-video-preview:-1\" \/>\n<link rel=\"canonical\" href=\"https:\/\/www.vallonchene.fr\/es\/como-plantar-y-mantener-plantas\/como-plantar-en-una-maceta-para-la-terraza\/\" \/>\n<meta property=\"og:locale\" content=\"es_ES\" \/>\n<meta property=\"og:type\" content=\"article\" \/>\n<meta property=\"og:title\" content=\"C\u00f3mo plantar en una maceta para la terraza\" \/>\n<meta property=\"og:description\" content=\"Descubra con nuestras fichas pr\u00e1cticas c\u00f3mo plantar en un maceta para la terraza y c\u00f3mo cuidar posteriormente estas plantas. C\u00f3mo plantar en una maceta para la terraza C\u00f3mo cuidar sus macetas en la terraza Si ha seguido cuidadosamente las instrucciones de plantaci\u00f3n anteriores, el mantenimiento de sus plantas ser\u00e1 mucho m\u00e1s sencillo (tanto en riego [&hellip;]\" \/>\n<meta property=\"og:url\" content=\"https:\/\/www.vallonchene.fr\/es\/como-plantar-y-mantener-plantas\/como-plantar-en-una-maceta-para-la-terraza\/\" \/>\n<meta property=\"og:site_name\" content=\"Vallonch\u00eane\" \/>\n<meta property=\"article:publisher\" content=\"https:\/\/www.facebook.com\/vallonchene.fr\" \/>\n<meta property=\"article:modified_time\" content=\"2024-12-12T15:27:22+00:00\" \/>\n<meta property=\"og:image\" content=\"https:\/\/www.vallonchene.fr\/wp-content\/uploads\/2021\/09\/plante-en-pot-250x-270-SCIADOPYTIS-verticillata-en-pot.jpg\" \/>\n\t<meta property=\"og:image:width\" content=\"141\" \/>\n\t<meta property=\"og:image:height\" content=\"251\" \/>\n\t<meta property=\"og:image:type\" content=\"image\/jpeg\" \/>\n<meta name=\"twitter:card\" content=\"summary_large_image\" \/>\n<meta name=\"twitter:label1\" content=\"Tiempo de lectura\" \/>\n\t<meta name=\"twitter:data1\" content=\"4 minutos\" \/>\n<script type=\"application\/ld+json\" class=\"yoast-schema-graph\">{\"@context\":\"https:\\\/\\\/schema.org\",\"@graph\":[{\"@type\":\"WebPage\",\"@id\":\"https:\\\/\\\/www.vallonchene.fr\\\/es\\\/como-plantar-y-mantener-plantas\\\/como-plantar-en-una-maceta-para-la-terraza\\\/\",\"url\":\"https:\\\/\\\/www.vallonchene.fr\\\/es\\\/como-plantar-y-mantener-plantas\\\/como-plantar-en-una-maceta-para-la-terraza\\\/\",\"name\":\"C\u00f3mo plantar en una maceta para la terraza - Vallonch\u00eane\",\"isPartOf\":{\"@id\":\"https:\\\/\\\/www.vallonchene.fr\\\/es\\\/#website\"},\"primaryImageOfPage\":{\"@id\":\"https:\\\/\\\/www.vallonchene.fr\\\/es\\\/como-plantar-y-mantener-plantas\\\/como-plantar-en-una-maceta-para-la-terraza\\\/#primaryimage\"},\"image\":{\"@id\":\"https:\\\/\\\/www.vallonchene.fr\\\/es\\\/como-plantar-y-mantener-plantas\\\/como-plantar-en-una-maceta-para-la-terraza\\\/#primaryimage\"},\"thumbnailUrl\":\"https:\\\/\\\/www.vallonchene.fr\\\/wp-content\\\/uploads\\\/2021\\\/09\\\/plante-en-pot-250x-270-SCIADOPYTIS-verticillata-en-pot.jpg\",\"datePublished\":\"2023-04-10T08:47:33+00:00\",\"dateModified\":\"2024-12-12T15:27:22+00:00\",\"breadcrumb\":{\"@id\":\"https:\\\/\\\/www.vallonchene.fr\\\/es\\\/como-plantar-y-mantener-plantas\\\/como-plantar-en-una-maceta-para-la-terraza\\\/#breadcrumb\"},\"inLanguage\":\"es\",\"potentialAction\":[{\"@type\":\"ReadAction\",\"target\":[\"https:\\\/\\\/www.vallonchene.fr\\\/es\\\/como-plantar-y-mantener-plantas\\\/como-plantar-en-una-maceta-para-la-terraza\\\/\"]}]},{\"@type\":\"ImageObject\",\"inLanguage\":\"es\",\"@id\":\"https:\\\/\\\/www.vallonchene.fr\\\/es\\\/como-plantar-y-mantener-plantas\\\/como-plantar-en-una-maceta-para-la-terraza\\\/#primaryimage\",\"url\":\"https:\\\/\\\/www.vallonchene.fr\\\/wp-content\\\/uploads\\\/2021\\\/09\\\/plante-en-pot-250x-270-SCIADOPYTIS-verticillata-en-pot.jpg\",\"contentUrl\":\"https:\\\/\\\/www.vallonchene.fr\\\/wp-content\\\/uploads\\\/2021\\\/09\\\/plante-en-pot-250x-270-SCIADOPYTIS-verticillata-en-pot.jpg\"},{\"@type\":\"BreadcrumbList\",\"@id\":\"https:\\\/\\\/www.vallonchene.fr\\\/es\\\/como-plantar-y-mantener-plantas\\\/como-plantar-en-una-maceta-para-la-terraza\\\/#breadcrumb\",\"itemListElement\":[{\"@type\":\"ListItem\",\"position\":1,\"name\":\"Home\",\"item\":\"https:\\\/\\\/www.vallonchene.fr\\\/es\\\/\"},{\"@type\":\"ListItem\",\"position\":2,\"name\":\"C\u00f3mo plantar y mantener plantas\",\"item\":\"https:\\\/\\\/www.vallonchene.fr\\\/es\\\/como-plantar-y-mantener-plantas\\\/\"},{\"@type\":\"ListItem\",\"position\":3,\"name\":\"C\u00f3mo plantar en una maceta para la terraza\"}]},{\"@type\":\"WebSite\",\"@id\":\"https:\\\/\\\/www.vallonchene.fr\\\/es\\\/#website\",\"url\":\"https:\\\/\\\/www.vallonchene.fr\\\/es\\\/\",\"name\":\"Vallonch\u00eane\",\"description\":\"El vivero donde la calidad tiene sus ra\u00edces \u2013 Tel.: +33 (0)2.35.90.02.02\",\"publisher\":{\"@id\":\"https:\\\/\\\/www.vallonchene.fr\\\/es\\\/#organization\"},\"potentialAction\":[{\"@type\":\"SearchAction\",\"target\":{\"@type\":\"EntryPoint\",\"urlTemplate\":\"https:\\\/\\\/www.vallonchene.fr\\\/es\\\/?s={search_term_string}\"},\"query-input\":{\"@type\":\"PropertyValueSpecification\",\"valueRequired\":true,\"valueName\":\"search_term_string\"}}],\"inLanguage\":\"es\"},{\"@type\":\"Organization\",\"@id\":\"https:\\\/\\\/www.vallonchene.fr\\\/es\\\/#organization\",\"name\":\"VALLONCHENE\",\"url\":\"https:\\\/\\\/www.vallonchene.fr\\\/es\\\/\",\"logo\":{\"@type\":\"ImageObject\",\"inLanguage\":\"es\",\"@id\":\"https:\\\/\\\/www.vallonchene.fr\\\/es\\\/#\\\/schema\\\/logo\\\/image\\\/\",\"url\":\"https:\\\/\\\/www.vallonchene.fr\\\/wp-content\\\/uploads\\\/2023\\\/03\\\/Logo-Vallonchene-site-et-R_hauteur_100.png\",\"contentUrl\":\"https:\\\/\\\/www.vallonchene.fr\\\/wp-content\\\/uploads\\\/2023\\\/03\\\/Logo-Vallonchene-site-et-R_hauteur_100.png\",\"width\":221,\"height\":100,\"caption\":\"VALLONCHENE\"},\"image\":{\"@id\":\"https:\\\/\\\/www.vallonchene.fr\\\/es\\\/#\\\/schema\\\/logo\\\/image\\\/\"},\"sameAs\":[\"https:\\\/\\\/www.facebook.com\\\/vallonchene.fr\",\"https:\\\/\\\/www.instagram.com\\\/vallonchene\\\/\",\"https:\\\/\\\/www.pinterest.fr\\\/vallonchene\\\/\"],\"taxID\":\"49454502300017\",\"hasMerchantReturnPolicy\":{\"@type\":\"MerchantReturnPolicy\",\"merchantReturnLink\":\"https:\\\/\\\/www.vallonchene.fr\\\/remboursements_retours\\\/\"}}]}<\/script>\n<!-- \/ Yoast SEO Premium plugin. -->","yoast_head_json":{"title":"C\u00f3mo plantar en una maceta para la terraza - Vallonch\u00eane","robots":{"index":"index","follow":"follow","max-snippet":"max-snippet:-1","max-image-preview":"max-image-preview:large","max-video-preview":"max-video-preview:-1"},"canonical":"https:\/\/www.vallonchene.fr\/es\/como-plantar-y-mantener-plantas\/como-plantar-en-una-maceta-para-la-terraza\/","og_locale":"es_ES","og_type":"article","og_title":"C\u00f3mo plantar en una maceta para la terraza","og_description":"Descubra con nuestras fichas pr\u00e1cticas c\u00f3mo plantar en un maceta para la terraza y c\u00f3mo cuidar posteriormente estas plantas. C\u00f3mo plantar en una maceta para la terraza C\u00f3mo cuidar sus macetas en la terraza Si ha seguido cuidadosamente las instrucciones de plantaci\u00f3n anteriores, el mantenimiento de sus plantas ser\u00e1 mucho m\u00e1s sencillo (tanto en riego [&hellip;]","og_url":"https:\/\/www.vallonchene.fr\/es\/como-plantar-y-mantener-plantas\/como-plantar-en-una-maceta-para-la-terraza\/","og_site_name":"Vallonch\u00eane","article_publisher":"https:\/\/www.facebook.com\/vallonchene.fr","article_modified_time":"2024-12-12T15:27:22+00:00","og_image":[{"width":141,"height":251,"url":"https:\/\/www.vallonchene.fr\/wp-content\/uploads\/2021\/09\/plante-en-pot-250x-270-SCIADOPYTIS-verticillata-en-pot.jpg","type":"image\/jpeg"}],"twitter_card":"summary_large_image","twitter_misc":{"Tiempo de lectura":"4 minutos"},"schema":{"@context":"https:\/\/schema.org","@graph":[{"@type":"WebPage","@id":"https:\/\/www.vallonchene.fr\/es\/como-plantar-y-mantener-plantas\/como-plantar-en-una-maceta-para-la-terraza\/","url":"https:\/\/www.vallonchene.fr\/es\/como-plantar-y-mantener-plantas\/como-plantar-en-una-maceta-para-la-terraza\/","name":"C\u00f3mo plantar en una maceta para la terraza - Vallonch\u00eane","isPartOf":{"@id":"https:\/\/www.vallonchene.fr\/es\/#website"},"primaryImageOfPage":{"@id":"https:\/\/www.vallonchene.fr\/es\/como-plantar-y-mantener-plantas\/como-plantar-en-una-maceta-para-la-terraza\/#primaryimage"},"image":{"@id":"https:\/\/www.vallonchene.fr\/es\/como-plantar-y-mantener-plantas\/como-plantar-en-una-maceta-para-la-terraza\/#primaryimage"},"thumbnailUrl":"https:\/\/www.vallonchene.fr\/wp-content\/uploads\/2021\/09\/plante-en-pot-250x-270-SCIADOPYTIS-verticillata-en-pot.jpg","datePublished":"2023-04-10T08:47:33+00:00","dateModified":"2024-12-12T15:27:22+00:00","breadcrumb":{"@id":"https:\/\/www.vallonchene.fr\/es\/como-plantar-y-mantener-plantas\/como-plantar-en-una-maceta-para-la-terraza\/#breadcrumb"},"inLanguage":"es","potentialAction":[{"@type":"ReadAction","target":["https:\/\/www.vallonchene.fr\/es\/como-plantar-y-mantener-plantas\/como-plantar-en-una-maceta-para-la-terraza\/"]}]},{"@type":"ImageObject","inLanguage":"es","@id":"https:\/\/www.vallonchene.fr\/es\/como-plantar-y-mantener-plantas\/como-plantar-en-una-maceta-para-la-terraza\/#primaryimage","url":"https:\/\/www.vallonchene.fr\/wp-content\/uploads\/2021\/09\/plante-en-pot-250x-270-SCIADOPYTIS-verticillata-en-pot.jpg","contentUrl":"https:\/\/www.vallonchene.fr\/wp-content\/uploads\/2021\/09\/plante-en-pot-250x-270-SCIADOPYTIS-verticillata-en-pot.jpg"},{"@type":"BreadcrumbList","@id":"https:\/\/www.vallonchene.fr\/es\/como-plantar-y-mantener-plantas\/como-plantar-en-una-maceta-para-la-terraza\/#breadcrumb","itemListElement":[{"@type":"ListItem","position":1,"name":"Home","item":"https:\/\/www.vallonchene.fr\/es\/"},{"@type":"ListItem","position":2,"name":"C\u00f3mo plantar y mantener plantas","item":"https:\/\/www.vallonchene.fr\/es\/como-plantar-y-mantener-plantas\/"},{"@type":"ListItem","position":3,"name":"C\u00f3mo plantar en una maceta para la terraza"}]},{"@type":"WebSite","@id":"https:\/\/www.vallonchene.fr\/es\/#website","url":"https:\/\/www.vallonchene.fr\/es\/","name":"Vallonch\u00eane","description":"El vivero donde la calidad tiene sus ra\u00edces \u2013 Tel.: +33 (0)2.35.90.02.02","publisher":{"@id":"https:\/\/www.vallonchene.fr\/es\/#organization"},"potentialAction":[{"@type":"SearchAction","target":{"@type":"EntryPoint","urlTemplate":"https:\/\/www.vallonchene.fr\/es\/?s={search_term_string}"},"query-input":{"@type":"PropertyValueSpecification","valueRequired":true,"valueName":"search_term_string"}}],"inLanguage":"es"},{"@type":"Organization","@id":"https:\/\/www.vallonchene.fr\/es\/#organization","name":"VALLONCHENE","url":"https:\/\/www.vallonchene.fr\/es\/","logo":{"@type":"ImageObject","inLanguage":"es","@id":"https:\/\/www.vallonchene.fr\/es\/#\/schema\/logo\/image\/","url":"https:\/\/www.vallonchene.fr\/wp-content\/uploads\/2023\/03\/Logo-Vallonchene-site-et-R_hauteur_100.png","contentUrl":"https:\/\/www.vallonchene.fr\/wp-content\/uploads\/2023\/03\/Logo-Vallonchene-site-et-R_hauteur_100.png","width":221,"height":100,"caption":"VALLONCHENE"},"image":{"@id":"https:\/\/www.vallonchene.fr\/es\/#\/schema\/logo\/image\/"},"sameAs":["https:\/\/www.facebook.com\/vallonchene.fr","https:\/\/www.instagram.com\/vallonchene\/","https:\/\/www.pinterest.fr\/vallonchene\/"],"taxID":"49454502300017","hasMerchantReturnPolicy":{"@type":"MerchantReturnPolicy","merchantReturnLink":"https:\/\/www.vallonchene.fr\/remboursements_retours\/"}}]}},"_links":{"self":[{"href":"https:\/\/www.vallonchene.fr\/es\/wp-json\/wp\/v2\/pages\/50916","targetHints":{"allow":["GET"]}}],"collection":[{"href":"https:\/\/www.vallonchene.fr\/es\/wp-json\/wp\/v2\/pages"}],"about":[{"href":"https:\/\/www.vallonchene.fr\/es\/wp-json\/wp\/v2\/types\/page"}],"author":[{"embeddable":true,"href":"https:\/\/www.vallonchene.fr\/es\/wp-json\/wp\/v2\/users\/1"}],"replies":[{"embeddable":true,"href":"https:\/\/www.vallonchene.fr\/es\/wp-json\/wp\/v2\/comments?post=50916"}],"version-history":[{"count":0,"href":"https:\/\/www.vallonchene.fr\/es\/wp-json\/wp\/v2\/pages\/50916\/revisions"}],"up":[{"embeddable":true,"href":"https:\/\/www.vallonchene.fr\/es\/wp-json\/wp\/v2\/pages\/50457"}],"wp:attachment":[{"href":"https:\/\/www.vallonchene.fr\/es\/wp-json\/wp\/v2\/media?parent=50916"}],"curies":[{"name":"wp","href":"https:\/\/api.w.org\/{rel}","templated":true}]}}