{"id":50908,"date":"2023-04-10T07:44:40","date_gmt":"2023-04-10T06:44:40","guid":{"rendered":"https:\/\/www.vallonchene.fr\/?page_id=50908"},"modified":"2024-12-12T16:28:22","modified_gmt":"2024-12-12T15:28:22","slug":"como-plantar-y-cuidar-los-arces-del-japon","status":"publish","type":"page","link":"https:\/\/www.vallonchene.fr\/es\/como-plantar-y-mantener-plantas\/como-plantar-y-cuidar-los-arces-del-japon\/","title":{"rendered":"C\u00f3mo plantar y cuidar los arces del Jap\u00f3n"},"content":{"rendered":"\n<p>Descubra <strong>c\u00f3mo plantar y cuidar los arces del Jap\u00f3n (ACER palmatum):<\/strong><\/p>\n\n\n\n<h1 class=\"wp-block-heading\" id=\"h-plantacion\">Plantaci\u00f3n<\/h1>\n\n\n\n<ol class=\"wp-block-list\">\n<li><strong>Elija bien la ubicaci\u00f3n seg\u00fan la insolaci\u00f3n:<\/strong> la gran mayor\u00eda de los arces japoneses prefieren la sombra o la semisombra (para obtener m\u00e1s informaci\u00f3n sobre la exposici\u00f3n del suyo, consulte nuestra p\u00e1gina web). Para comprender bien las denominaciones \u00abpleno sol\u00bb, por ejemplo, no se deje influenciar por la orientaci\u00f3n \u00absur\u00bb del lugar. Es el horario de insolaci\u00f3n lo que cuenta. El \u00abpleno sol\u00bb es una insolaci\u00f3n de 12 a 17 horas (encontrar\u00e1 m\u00e1s explicaciones en las fichas de nuestras plantas en nuestra p\u00e1gina web). Evite sobre todo los lugares h\u00famedos donde el agua tiende a estancarse en invierno o en verano. Los arces japoneses est\u00e1n muy bien adaptados a terrenos en pendiente o a la plantaci\u00f3n en maceta (incluso para Bons\u00e1i).<\/li>\n\n\n\n<li><strong>Prepare un buen hoyo de plantaci\u00f3n:<\/strong> para los arces japoneses, se recomienda hacer un hoyo de 1 m x 1 m x 1 m. Separe la primera capa de tierra buena de la mala, m\u00e1s profunda, y reempl\u00e1cela en un 50% con un compost (a la venta en Vallonch\u00eane\u00ae) o un abono org\u00e1nico. Las plantas necesitan alimentarse, como usted, y el aporte de compost constituir\u00e1 un aporte de materia org\u00e1nica. No utilice EN NING\u00daN CASO tierra de brezo (ya que contiene turba que transmite la verticilosis). Adem\u00e1s, se seca demasiado en per\u00edodos de poca lluvia y es dif\u00edcil de humedecer nuevamente despu\u00e9s. Resultado: sus plantas sufrir\u00e1n de falta de agua.<\/li>\n\n\n\n<li>Al rellenar el hoyo y plantar la planta, no coloque tierra ni compost sobre el cepell\u00f3n inicial de la planta. Para los arces japoneses, \u00a1incluso es bueno ver el principio de las ra\u00edces a nivel del cuello!<\/li>\n\n\n\n<li>Riegue abundantemente directamente al pie de la planta (al menos un riego de 12 litros).<\/li>\n\n\n\n<li>Si dispone de mantillo (mezcla de hojas y agujas de pino), cubra la superficie del hoyo de plantaci\u00f3n con \u00e9l (evitando el cuello de la planta). Esto le permitir\u00e1 reducir el desarrollo de malas hierbas y conservar m\u00e1s tiempo la frescura al pie de su planta. No utilice EN NING\u00daN CASO el c\u00e9sped cortado. El \u00abcompost\u00bb a base de c\u00e9sped cortado debe evitarse absolutamente.<\/li>\n\n\n\n<li>Desconf\u00ede de la orina de los animales dom\u00e9sticos, especialmente gatos y perros. El riego por parte de los animales es muy a menudo fatal para las plantas. La orina sobre las perennes, especialmente tejos, bojes y con\u00edferas, puede actuar como un verdadero herbicida sist\u00e9mico.<\/li>\n\n\n\n<li>Seg\u00fan el tama\u00f1o, puede ser \u00fatil tutorizar su arce japon\u00e9s. Esto estabiliza el cepell\u00f3n y favorece el buen enraizamiento.<\/li>\n<\/ol>\n\n\n\n<h2 class=\"wp-block-heading\" id=\"h-cuidado\">Cuidado<\/h2>\n\n\n\n<ol class=\"wp-block-list\">\n<li><strong>Mantenga una buena humedad para su planta durante el primer a\u00f1o y especialmente durante los per\u00edodos secos.<\/strong> \u00a1ATENCI\u00d3N! Es muy frecuente creer err\u00f3neamente que la lluvia aporta suficiente agua a las plantas reci\u00e9n plantadas. \u00a1Esto es falso! Si desea tener \u00e9xito con su jard\u00edn y asegurar un buen riego a sus plantas, compre un pluvi\u00f3metro b\u00e1sico (recipiente normalizado sobre un palo). Es la \u00fanica forma de controlar la humedad en el jard\u00edn. \u00a1El pluvi\u00f3metro es tan importante como la pala o la azada!<\/li>\n\n\n\n<li>Los arces japoneses son sensibles a la verticilosis: para prevenirla, trate sus arces japoneses con caldo bordel\u00e9s (utilizado en agricultura ecol\u00f3gica) regularmente, ramas y follaje. Puede disminuir la dosis si aumenta la frecuencia. La verticilosis se manifiesta con puntas de ramas que se secan o ramas que desarrollan sombras negras en la corteza siguiendo la rama. \u00bfQu\u00e9 hacer entonces? Es imprescindible eliminar estas ramas (hasta la madera sana), aplicar un cicatrizante sobre la herida y tratar el arce integralmente con caldo bordel\u00e9s.<\/li>\n\n\n\n<li>Si no ha cubierto la zona de plantaci\u00f3n con mantillo, rompa a menudo la costra superficial que se desarrolla con el tiempo. Esto permitir\u00e1 que el agua de riego y de lluvia penetre mejor en el suelo y alcance las ra\u00edces de manera m\u00e1s eficaz.<\/li>\n\n\n\n<li>Evite podar su arce japon\u00e9s. Si no puede evitarlo, p\u00f3delo \u00fanicamente la \u00faltima semana de mayo y la primera de junio. Luego, siga nuestros consejos para combatir la verticilosis (ver 3).<\/li>\n<\/ol>\n\n\n\n<p>Si usted no encuentra la respuesta a sus preguntas sobre una planta que haya comprado en Vallonch\u00eane, estaremos encantados de ayudarle. En ese caso, <a href=\"https:\/\/www.vallonchene.fr\/contact\/\"><strong>env\u00edenos un mensaje<\/strong><\/a>.<\/p>\n\n\n\n<h2 class=\"wp-block-heading\" id=\"block-131005a0-26fa-4efd-bbd4-db126a9b5796\">\u00a1Suscr\u00edbase a nuestra newsletter gratuita!<\/h2>\n\n\n\n<p id=\"block-8224cbb0-e145-4e1c-b276-f9d8df46a089\">Suscr\u00edbase a nuestra newsletter gratuita y reciba autom\u00e1ticamente nuestras nuevas publicaciones sobre plantas y jardiner\u00eda en general. Si ya no desea recibirla, puede darse de baja con un simple clic.<\/p>\n\n\n<div class='fluentform ff-default fluentform_wrapper_18 ffs_default_wrap'><form data-form_id=\"18\" id=\"fluentform_18\" class=\"frm-fluent-form fluent_form_18 ff-el-form-top ff_form_instance_18_1 ff-form-loading ffs_default\" data-form_instance=\"ff_form_instance_18_1\" method=\"POST\" ><fieldset  style=\"border: none!important;margin: 0!important;padding: 0!important;background-color: transparent!important;box-shadow: none!important;outline: none!important; min-inline-size: 100%;\">\n                    <legend class=\"ff_screen_reader_title\" style=\"display: block; margin: 0!important;padding: 0!important;height: 0!important;text-indent: -999999px;width: 0!important;overflow:hidden;\">Souscription G\u00e9n\u00e9rale ES sans OPT-IN<\/legend>        <div\n                style=\"display: none!important; position: absolute!important; transform: translateX(1000%)!important;\"\n                class=\"ff-el-group ff-hpsf-container\"\n        >\n            <div class=\"ff-el-input--label asterisk-right\">\n                <label for=\"ff_18_item_sf\" aria-label=\"Newsletter\">\n                    Newsletter                <\/label>\n            <\/div>\n            <div class=\"ff-el-input--content\">\n                <input type=\"text\"\n                       name=\"item_18__fluent_sf\"\n                       class=\"ff-el-form-control\"\n                       id=\"ff_18_item_sf\"\n                \/>\n            <\/div>\n        <\/div>\n        <input type='hidden' name='__fluent_form_embded_post_id' value='50908' \/><input type=\"hidden\" id=\"_fluentform_18_fluentformnonce\" name=\"_fluentform_18_fluentformnonce\" value=\"2c231c3678\" \/><input type=\"hidden\" name=\"_wp_http_referer\" value=\"\/es\/wp-json\/wp\/v2\/pages\/50908\" \/><div data-type=\"name-element\" data-name=\"names\" class=\" ff-field_container ff-name-field-wrapper\" ><div class='ff-t-container'><div class='ff-t-cell '><div class='ff-el-group'><div class=\"ff-el-input--label ff-el-is-required asterisk-right\"><label for='ff_18_names_first_name_' id='label_ff_18_names_first_name_' >Nombre<\/label><\/div><div class='ff-el-input--content'><input type=\"text\" name=\"names[first_name]\" id=\"ff_18_names_first_name_\" class=\"ff-el-form-control\" aria-invalid=\"false\" aria-required=true><\/div><\/div><\/div><div class='ff-t-cell '><div class='ff-el-group'><div class=\"ff-el-input--label ff-el-is-required asterisk-right\"><label for='ff_18_names_last_name_' id='label_ff_18_names_last_name_' >Apellito<\/label><\/div><div class='ff-el-input--content'><input type=\"text\" name=\"names[last_name]\" id=\"ff_18_names_last_name_\" class=\"ff-el-form-control\" aria-invalid=\"false\" aria-required=true><\/div><\/div><\/div><\/div><\/div><div class='ff-el-group'><div class=\"ff-el-input--label ff-el-is-required asterisk-right\"><label for='ff_18_email' id='label_ff_18_email' aria-label=\"Email\">Email<\/label><\/div><div class='ff-el-input--content'><input type=\"email\" name=\"email\" id=\"ff_18_email\" class=\"ff-el-form-control\" data-name=\"email\"  aria-invalid=\"false\" aria-required=true><\/div><\/div><div class='ff-el-group    ff-el-input--content'><div class='ff-el-form-check ff-el-tc'><label aria-label='Consiento que este sitio web guarde mis datos para gestionar mi suscripci\u00f3n de acuerdo con su pol\u00edtica de privacidad.\nPuedo darme de baja en cualquier momento utilizando el enlace que aparece al final de cada correo electr\u00f3nico.' class='ff-el-form-check-label ff_tc_label' for=gdpr-agreement_739115b47fac1467164fc08e0551c301><span class='ff_tc_checkbox'><input type=\"checkbox\" name=\"gdpr-agreement\" class=\"ff-el-form-check-input ff_gdpr_field\" data-name=\"gdpr-agreement\" id=\"gdpr-agreement_739115b47fac1467164fc08e0551c301\"  value='on' aria-invalid='false' aria-required=true><\/span> <div class='ff_t_c'>Consiento que este sitio web guarde mis datos para gestionar mi suscripci\u00f3n de acuerdo con su pol\u00edtica de privacidad.\nPuedo darme de baja en cualquier momento utilizando el enlace que aparece al final de cada correo electr\u00f3nico.<\/div><\/label><\/div><\/div><div class='ff-el-group ff-text-left ff_submit_btn_wrapper'><button type=\"submit\" class=\"ff-btn ff-btn-submit ff-btn-md ff_btn_style\"  aria-label=\"Suscribirse gratuitamente\">Suscribirse gratuitamente<\/button><\/div>\t\t<div id=\"cf-turnstile-fluent-2072384348\"\r\n\t\tclass=\"cf-turnstile\" \t\tdata-sitekey=\"0x4AAAAAAAEQmtNTo7HKVVoq\"\r\n\t\tdata-theme=\"light\"\r\n\t\tdata-language=\"auto\"\r\n\t\tdata-size=\"normal\"\r\n\t\tdata-retry=\"auto\" data-retry-interval=\"1000\"\r\n\t\tdata-refresh-expired=\"auto\"\r\n\t\tdata-refresh-timeout=\"auto\"\r\n\t\tdata-action=\"fluent-form-18\"\r\n\t\tdata-callback=\"turnstileFluentCallback\"\r\n\t\t\t\tdata-appearance=\"always\"><\/div>\r\n\t\t\t<script>document.addEventListener(\"DOMContentLoaded\", function() { setTimeout(function(){ var e=document.getElementById(\"cf-turnstile-fluent-2072384348\"); if(e&&!e.innerHTML.trim()){turnstile.render(e, {sitekey:\"0x4AAAAAAAEQmtNTo7HKVVoq\"});} }, 200); });<\/script>\r\n\t\t\t<br class=\"cf-turnstile-br cf-turnstile-br-fluent-2072384348\">\r\n\t\t\t\t<style>#cf-turnstile-fluent-2072384348 { margin-left: -15px; }<\/style>\r\n\t\t<\/fieldset><\/form><div id='fluentform_18_errors' class='ff-errors-in-stack ff_form_instance_18_1 ff-form-loading_errors ff_form_instance_18_1_errors'><\/div><\/div>            <script type=\"text\/javascript\">\n                window.fluent_form_ff_form_instance_18_1 = {\"id\":\"18\",\"ajaxUrl\":\"https:\\\/\\\/www.vallonchene.fr\\\/wp-admin\\\/admin-ajax.php\",\"settings\":{\"layout\":{\"labelPlacement\":\"top\",\"helpMessagePlacement\":\"with_label\",\"errorMessagePlacement\":\"inline\"},\"restrictions\":{\"denyEmptySubmission\":{\"enabled\":false}}},\"form_instance\":\"ff_form_instance_18_1\",\"form_id_selector\":\"fluentform_18\",\"rules\":{\"names[first_name]\":{\"required\":{\"value\":true,\"message\":\"Este campo es obligatorio\",\"global\":false,\"global_message\":\"Ce champ est requis\"}},\"names[middle_name]\":{\"required\":{\"value\":false,\"message\":\"This field is required\",\"global\":false,\"global_message\":\"Ce champ est requis\"}},\"names[last_name]\":{\"required\":{\"value\":true,\"message\":\"Este campo es obligatorio\",\"global\":false,\"global_message\":\"Ce champ est requis\"}},\"email\":{\"required\":{\"value\":true,\"message\":\"Dieses Feld ist erforderlich\",\"global\":false,\"global_message\":\"Ce champ est requis\"},\"email\":{\"value\":true,\"message\":\"Bitte geben Sie eine g\\u00fcltige Email-Adresse ein\",\"global\":false,\"global_message\":\"Ce champ doit contenir un e-mail valide\"}},\"gdpr-agreement\":{\"required\":{\"value\":true,\"message\":\"Dieses K\\u00e4stchen ist erforderlich\",\"global\":false,\"global_message\":\"Ce champ est requis\"}}},\"debounce_time\":300};\n                            <\/script>\n            \n","protected":false},"excerpt":{"rendered":"<p>Descubra c\u00f3mo plantar y cuidar los arces del Jap\u00f3n (ACER palmatum): Plantaci\u00f3n Cuidado Si usted no encuentra la respuesta a sus preguntas sobre una planta que haya comprado en Vallonch\u00eane, estaremos encantados de ayudarle. En ese caso, env\u00edenos un mensaje. \u00a1Suscr\u00edbase a nuestra newsletter gratuita! Suscr\u00edbase a nuestra newsletter gratuita y reciba autom\u00e1ticamente nuestras nuevas [&hellip;]<\/p>\n","protected":false},"author":1,"featured_media":0,"parent":50457,"menu_order":0,"comment_status":"closed","ping_status":"closed","template":"","meta":{"footnotes":""},"class_list":["post-50908","page","type-page","status-publish","hentry"],"yoast_head":"<!-- This site is optimized with the Yoast SEO Premium plugin v27.4 (Yoast SEO v27.4) - https:\/\/yoast.com\/product\/yoast-seo-premium-wordpress\/ -->\n<title>C\u00f3mo plantar y cuidar los arces del Jap\u00f3n - Vallonch\u00eane<\/title>\n<meta name=\"robots\" content=\"index, follow, max-snippet:-1, max-image-preview:large, max-video-preview:-1\" \/>\n<link rel=\"canonical\" href=\"https:\/\/www.vallonchene.fr\/es\/como-plantar-y-mantener-plantas\/como-plantar-y-cuidar-los-arces-del-japon\/\" \/>\n<meta property=\"og:locale\" content=\"es_ES\" \/>\n<meta property=\"og:type\" content=\"article\" \/>\n<meta property=\"og:title\" content=\"C\u00f3mo plantar y cuidar los arces del Jap\u00f3n\" \/>\n<meta property=\"og:description\" content=\"Descubra c\u00f3mo plantar y cuidar los arces del Jap\u00f3n (ACER palmatum): Plantaci\u00f3n Cuidado Si usted no encuentra la respuesta a sus preguntas sobre una planta que haya comprado en Vallonch\u00eane, estaremos encantados de ayudarle. En ese caso, env\u00edenos un mensaje. \u00a1Suscr\u00edbase a nuestra newsletter gratuita! Suscr\u00edbase a nuestra newsletter gratuita y reciba autom\u00e1ticamente nuestras nuevas [&hellip;]\" \/>\n<meta property=\"og:url\" content=\"https:\/\/www.vallonchene.fr\/es\/como-plantar-y-mantener-plantas\/como-plantar-y-cuidar-los-arces-del-japon\/\" \/>\n<meta property=\"og:site_name\" content=\"Vallonch\u00eane\" \/>\n<meta property=\"article:publisher\" content=\"https:\/\/www.facebook.com\/vallonchene.fr\" \/>\n<meta property=\"article:modified_time\" content=\"2024-12-12T15:28:22+00:00\" \/>\n<meta name=\"twitter:card\" content=\"summary_large_image\" \/>\n<meta name=\"twitter:label1\" content=\"Tiempo de lectura\" \/>\n\t<meta name=\"twitter:data1\" content=\"4 minutos\" \/>\n<script type=\"application\/ld+json\" class=\"yoast-schema-graph\">{\"@context\":\"https:\\\/\\\/schema.org\",\"@graph\":[{\"@type\":\"WebPage\",\"@id\":\"https:\\\/\\\/www.vallonchene.fr\\\/es\\\/como-plantar-y-mantener-plantas\\\/como-plantar-y-cuidar-los-arces-del-japon\\\/\",\"url\":\"https:\\\/\\\/www.vallonchene.fr\\\/es\\\/como-plantar-y-mantener-plantas\\\/como-plantar-y-cuidar-los-arces-del-japon\\\/\",\"name\":\"C\u00f3mo plantar y cuidar los arces del Jap\u00f3n - Vallonch\u00eane\",\"isPartOf\":{\"@id\":\"https:\\\/\\\/www.vallonchene.fr\\\/es\\\/#website\"},\"datePublished\":\"2023-04-10T06:44:40+00:00\",\"dateModified\":\"2024-12-12T15:28:22+00:00\",\"breadcrumb\":{\"@id\":\"https:\\\/\\\/www.vallonchene.fr\\\/es\\\/como-plantar-y-mantener-plantas\\\/como-plantar-y-cuidar-los-arces-del-japon\\\/#breadcrumb\"},\"inLanguage\":\"es\",\"potentialAction\":[{\"@type\":\"ReadAction\",\"target\":[\"https:\\\/\\\/www.vallonchene.fr\\\/es\\\/como-plantar-y-mantener-plantas\\\/como-plantar-y-cuidar-los-arces-del-japon\\\/\"]}]},{\"@type\":\"BreadcrumbList\",\"@id\":\"https:\\\/\\\/www.vallonchene.fr\\\/es\\\/como-plantar-y-mantener-plantas\\\/como-plantar-y-cuidar-los-arces-del-japon\\\/#breadcrumb\",\"itemListElement\":[{\"@type\":\"ListItem\",\"position\":1,\"name\":\"Home\",\"item\":\"https:\\\/\\\/www.vallonchene.fr\\\/es\\\/\"},{\"@type\":\"ListItem\",\"position\":2,\"name\":\"C\u00f3mo plantar y mantener plantas\",\"item\":\"https:\\\/\\\/www.vallonchene.fr\\\/es\\\/como-plantar-y-mantener-plantas\\\/\"},{\"@type\":\"ListItem\",\"position\":3,\"name\":\"C\u00f3mo plantar y cuidar los arces del Jap\u00f3n\"}]},{\"@type\":\"WebSite\",\"@id\":\"https:\\\/\\\/www.vallonchene.fr\\\/es\\\/#website\",\"url\":\"https:\\\/\\\/www.vallonchene.fr\\\/es\\\/\",\"name\":\"Vallonch\u00eane\",\"description\":\"El vivero donde la calidad tiene sus ra\u00edces \u2013 Tel.: +33 (0)2.35.90.02.02\",\"publisher\":{\"@id\":\"https:\\\/\\\/www.vallonchene.fr\\\/es\\\/#organization\"},\"potentialAction\":[{\"@type\":\"SearchAction\",\"target\":{\"@type\":\"EntryPoint\",\"urlTemplate\":\"https:\\\/\\\/www.vallonchene.fr\\\/es\\\/?s={search_term_string}\"},\"query-input\":{\"@type\":\"PropertyValueSpecification\",\"valueRequired\":true,\"valueName\":\"search_term_string\"}}],\"inLanguage\":\"es\"},{\"@type\":\"Organization\",\"@id\":\"https:\\\/\\\/www.vallonchene.fr\\\/es\\\/#organization\",\"name\":\"VALLONCHENE\",\"url\":\"https:\\\/\\\/www.vallonchene.fr\\\/es\\\/\",\"logo\":{\"@type\":\"ImageObject\",\"inLanguage\":\"es\",\"@id\":\"https:\\\/\\\/www.vallonchene.fr\\\/es\\\/#\\\/schema\\\/logo\\\/image\\\/\",\"url\":\"https:\\\/\\\/www.vallonchene.fr\\\/wp-content\\\/uploads\\\/2023\\\/03\\\/Logo-Vallonchene-site-et-R_hauteur_100.png\",\"contentUrl\":\"https:\\\/\\\/www.vallonchene.fr\\\/wp-content\\\/uploads\\\/2023\\\/03\\\/Logo-Vallonchene-site-et-R_hauteur_100.png\",\"width\":221,\"height\":100,\"caption\":\"VALLONCHENE\"},\"image\":{\"@id\":\"https:\\\/\\\/www.vallonchene.fr\\\/es\\\/#\\\/schema\\\/logo\\\/image\\\/\"},\"sameAs\":[\"https:\\\/\\\/www.facebook.com\\\/vallonchene.fr\",\"https:\\\/\\\/www.instagram.com\\\/vallonchene\\\/\",\"https:\\\/\\\/www.pinterest.fr\\\/vallonchene\\\/\"],\"taxID\":\"49454502300017\",\"hasMerchantReturnPolicy\":{\"@type\":\"MerchantReturnPolicy\",\"merchantReturnLink\":\"https:\\\/\\\/www.vallonchene.fr\\\/remboursements_retours\\\/\"}}]}<\/script>\n<!-- \/ Yoast SEO Premium plugin. -->","yoast_head_json":{"title":"C\u00f3mo plantar y cuidar los arces del Jap\u00f3n - Vallonch\u00eane","robots":{"index":"index","follow":"follow","max-snippet":"max-snippet:-1","max-image-preview":"max-image-preview:large","max-video-preview":"max-video-preview:-1"},"canonical":"https:\/\/www.vallonchene.fr\/es\/como-plantar-y-mantener-plantas\/como-plantar-y-cuidar-los-arces-del-japon\/","og_locale":"es_ES","og_type":"article","og_title":"C\u00f3mo plantar y cuidar los arces del Jap\u00f3n","og_description":"Descubra c\u00f3mo plantar y cuidar los arces del Jap\u00f3n (ACER palmatum): Plantaci\u00f3n Cuidado Si usted no encuentra la respuesta a sus preguntas sobre una planta que haya comprado en Vallonch\u00eane, estaremos encantados de ayudarle. En ese caso, env\u00edenos un mensaje. \u00a1Suscr\u00edbase a nuestra newsletter gratuita! Suscr\u00edbase a nuestra newsletter gratuita y reciba autom\u00e1ticamente nuestras nuevas [&hellip;]","og_url":"https:\/\/www.vallonchene.fr\/es\/como-plantar-y-mantener-plantas\/como-plantar-y-cuidar-los-arces-del-japon\/","og_site_name":"Vallonch\u00eane","article_publisher":"https:\/\/www.facebook.com\/vallonchene.fr","article_modified_time":"2024-12-12T15:28:22+00:00","twitter_card":"summary_large_image","twitter_misc":{"Tiempo de lectura":"4 minutos"},"schema":{"@context":"https:\/\/schema.org","@graph":[{"@type":"WebPage","@id":"https:\/\/www.vallonchene.fr\/es\/como-plantar-y-mantener-plantas\/como-plantar-y-cuidar-los-arces-del-japon\/","url":"https:\/\/www.vallonchene.fr\/es\/como-plantar-y-mantener-plantas\/como-plantar-y-cuidar-los-arces-del-japon\/","name":"C\u00f3mo plantar y cuidar los arces del Jap\u00f3n - Vallonch\u00eane","isPartOf":{"@id":"https:\/\/www.vallonchene.fr\/es\/#website"},"datePublished":"2023-04-10T06:44:40+00:00","dateModified":"2024-12-12T15:28:22+00:00","breadcrumb":{"@id":"https:\/\/www.vallonchene.fr\/es\/como-plantar-y-mantener-plantas\/como-plantar-y-cuidar-los-arces-del-japon\/#breadcrumb"},"inLanguage":"es","potentialAction":[{"@type":"ReadAction","target":["https:\/\/www.vallonchene.fr\/es\/como-plantar-y-mantener-plantas\/como-plantar-y-cuidar-los-arces-del-japon\/"]}]},{"@type":"BreadcrumbList","@id":"https:\/\/www.vallonchene.fr\/es\/como-plantar-y-mantener-plantas\/como-plantar-y-cuidar-los-arces-del-japon\/#breadcrumb","itemListElement":[{"@type":"ListItem","position":1,"name":"Home","item":"https:\/\/www.vallonchene.fr\/es\/"},{"@type":"ListItem","position":2,"name":"C\u00f3mo plantar y mantener plantas","item":"https:\/\/www.vallonchene.fr\/es\/como-plantar-y-mantener-plantas\/"},{"@type":"ListItem","position":3,"name":"C\u00f3mo plantar y cuidar los arces del Jap\u00f3n"}]},{"@type":"WebSite","@id":"https:\/\/www.vallonchene.fr\/es\/#website","url":"https:\/\/www.vallonchene.fr\/es\/","name":"Vallonch\u00eane","description":"El vivero donde la calidad tiene sus ra\u00edces \u2013 Tel.: +33 (0)2.35.90.02.02","publisher":{"@id":"https:\/\/www.vallonchene.fr\/es\/#organization"},"potentialAction":[{"@type":"SearchAction","target":{"@type":"EntryPoint","urlTemplate":"https:\/\/www.vallonchene.fr\/es\/?s={search_term_string}"},"query-input":{"@type":"PropertyValueSpecification","valueRequired":true,"valueName":"search_term_string"}}],"inLanguage":"es"},{"@type":"Organization","@id":"https:\/\/www.vallonchene.fr\/es\/#organization","name":"VALLONCHENE","url":"https:\/\/www.vallonchene.fr\/es\/","logo":{"@type":"ImageObject","inLanguage":"es","@id":"https:\/\/www.vallonchene.fr\/es\/#\/schema\/logo\/image\/","url":"https:\/\/www.vallonchene.fr\/wp-content\/uploads\/2023\/03\/Logo-Vallonchene-site-et-R_hauteur_100.png","contentUrl":"https:\/\/www.vallonchene.fr\/wp-content\/uploads\/2023\/03\/Logo-Vallonchene-site-et-R_hauteur_100.png","width":221,"height":100,"caption":"VALLONCHENE"},"image":{"@id":"https:\/\/www.vallonchene.fr\/es\/#\/schema\/logo\/image\/"},"sameAs":["https:\/\/www.facebook.com\/vallonchene.fr","https:\/\/www.instagram.com\/vallonchene\/","https:\/\/www.pinterest.fr\/vallonchene\/"],"taxID":"49454502300017","hasMerchantReturnPolicy":{"@type":"MerchantReturnPolicy","merchantReturnLink":"https:\/\/www.vallonchene.fr\/remboursements_retours\/"}}]}},"_links":{"self":[{"href":"https:\/\/www.vallonchene.fr\/es\/wp-json\/wp\/v2\/pages\/50908","targetHints":{"allow":["GET"]}}],"collection":[{"href":"https:\/\/www.vallonchene.fr\/es\/wp-json\/wp\/v2\/pages"}],"about":[{"href":"https:\/\/www.vallonchene.fr\/es\/wp-json\/wp\/v2\/types\/page"}],"author":[{"embeddable":true,"href":"https:\/\/www.vallonchene.fr\/es\/wp-json\/wp\/v2\/users\/1"}],"replies":[{"embeddable":true,"href":"https:\/\/www.vallonchene.fr\/es\/wp-json\/wp\/v2\/comments?post=50908"}],"version-history":[{"count":0,"href":"https:\/\/www.vallonchene.fr\/es\/wp-json\/wp\/v2\/pages\/50908\/revisions"}],"up":[{"embeddable":true,"href":"https:\/\/www.vallonchene.fr\/es\/wp-json\/wp\/v2\/pages\/50457"}],"wp:attachment":[{"href":"https:\/\/www.vallonchene.fr\/es\/wp-json\/wp\/v2\/media?parent=50908"}],"curies":[{"name":"wp","href":"https:\/\/api.w.org\/{rel}","templated":true}]}}