{"id":50520,"date":"2023-09-06T14:50:00","date_gmt":"2023-09-06T12:50:00","guid":{"rendered":"https:\/\/www.vallonchene.fr\/?page_id=50520"},"modified":"2026-05-01T10:39:20","modified_gmt":"2026-05-01T08:39:20","slug":"recursos-de-jardineria","status":"publish","type":"page","link":"https:\/\/www.vallonchene.fr\/es\/recursos-de-jardineria\/","title":{"rendered":"Recursos de jardiner\u00eda"},"content":{"rendered":"\n<p>En Vallonch\u00eane, nos comprometemos con la preservaci\u00f3n de especies y la promoci\u00f3n de la jardiner\u00eda. Para ello, ofrecemos una amplia gama de publicaciones sobre plantas y temas relacionados, pensadas para inspirar y ayudar a jardineros de todos los niveles.<\/p>\n\n\n\n<p>En esta secci\u00f3n, encontrar\u00e1 nuestros \u00faltimos art\u00edculos, ordenados de m\u00e1s reciente a m\u00e1s antiguo. Para acceder a nuestro archivo completo, visite la p\u00e1gina dedicada del <a href=\"https:\/\/jardin.vallonchene.fr\"><strong>Jard\u00edn de Vallonch\u00eane aqu\u00ed<\/strong><\/a>.<\/p>\n\n\n\n<p>Si necesita consejos espec\u00edficos sobre plantaci\u00f3n, <a href=\"https:\/\/www.vallonchene.fr\/es\/como-plantar-y-mantener-plantas\/\"><strong>nuestras fichas t\u00e9cnicas le ser\u00e1n de gran utilidad<\/strong><\/a>.<\/p>\n\n\n\n<p>\u00a1Suscr\u00edbase gratuitamente al final de esta p\u00e1gina!<\/p>\n\n\n\n<h2 class=\"wp-block-heading\" id=\"h-le-presentamos-nuestras-publicaciones-sobre-plantas-interesantes-y-jardineria\">Le presentamos nuestras publicaciones sobre plantas interesantes y jardiner\u00eda.<\/h2>\n\n\n\n<p><strong>Es posible que algunos art\u00edculos a\u00fan no hayan sido traducidos al espa\u00f1ol. Estamos trabajando arduamente para finalizar la traducci\u00f3n y le pedimos disculpas por cualquier inconveniente.<\/strong><\/p>\n\n\n\n<div class=\"wp-block-media-text is-stacked-on-mobile\" style=\"grid-template-columns:25% auto\"><figure class=\"wp-block-media-text__media\"><a href=\"https:\/\/www.vallonchene.fr\/es\/producto\/cercidiphyllum-japonicum-rotfuchs\/#tab-title-description\"><img decoding=\"async\" width=\"1024\" height=\"1024\" src=\"https:\/\/www.vallonchene.fr\/wp-content\/uploads\/2026\/04\/CERCIDIPHYLLUM-japonicum-Rotfuchs-1024x1024.jpg\" alt=\"Follaje p\u00farpura de CERCIDIPHYLLUM japonicum \u2018Rotfuchs\u2019\" class=\"wp-image-58705 size-medium\" srcset=\"https:\/\/www.vallonchene.fr\/wp-content\/uploads\/2026\/04\/CERCIDIPHYLLUM-japonicum-Rotfuchs-1024x1024.jpg 1024w, https:\/\/www.vallonchene.fr\/wp-content\/uploads\/2026\/04\/CERCIDIPHYLLUM-japonicum-Rotfuchs-300x300.jpg 300w, https:\/\/www.vallonchene.fr\/wp-content\/uploads\/2026\/04\/CERCIDIPHYLLUM-japonicum-Rotfuchs-150x150.jpg 150w, https:\/\/www.vallonchene.fr\/wp-content\/uploads\/2026\/04\/CERCIDIPHYLLUM-japonicum-Rotfuchs-768x768.jpg 768w, https:\/\/www.vallonchene.fr\/wp-content\/uploads\/2026\/04\/CERCIDIPHYLLUM-japonicum-Rotfuchs-324x324.jpg 324w, https:\/\/www.vallonchene.fr\/wp-content\/uploads\/2026\/04\/CERCIDIPHYLLUM-japonicum-Rotfuchs-416x416.jpg 416w, https:\/\/www.vallonchene.fr\/wp-content\/uploads\/2026\/04\/CERCIDIPHYLLUM-japonicum-Rotfuchs-100x100.jpg 100w, https:\/\/www.vallonchene.fr\/wp-content\/uploads\/2026\/04\/CERCIDIPHYLLUM-japonicum-Rotfuchs-32x32.jpg 32w, https:\/\/www.vallonchene.fr\/wp-content\/uploads\/2026\/04\/CERCIDIPHYLLUM-japonicum-Rotfuchs.jpg 1200w\" sizes=\"(max-width: 1024px) 100vw, 1024px\" \/><\/a><\/figure><div class=\"wp-block-media-text__content\">\n<h3 class=\"wp-block-heading has-normal-font-size\" id=\"h-cercidiphyllum-japonicum-rotfuchs\"><a href=\"https:\/\/www.vallonchene.fr\/es\/producto\/cercidiphyllum-japonicum-rotfuchs\/#tab-title-description\"><strong>CERCIDIPHYLLUM japonicum &#8216;Rotfuchs&#8217;<\/strong><\/a><\/h3>\n\n\n\n<p class=\"has-small-font-size\">28 de abril de 2026<\/p>\n\n\n\n<p>El <em>CERCIDIPHYLLUM japonicum \u2018Rotfuchs\u2019<\/em> es un <em>\u00e1rbol de Katsura<\/em> particular. De hecho, su follaje y sus brotes primaverales se distinguen por un color rojo profundo, incluso burdeos. Es un fen\u00f3meno raro en\u2026<br><a href=\"https:\/\/www.vallonchene.fr\/es\/producto\/cercidiphyllum-japonicum-rotfuchs\/#tab-title-description\"><strong>Leer m\u00e1s<\/strong><\/a><\/p>\n<\/div><\/div>\n\n\n\n<div class=\"wp-block-media-text is-stacked-on-mobile\" style=\"grid-template-columns:25% auto\"><figure class=\"wp-block-media-text__media\"><a href=\"https:\/\/www.vallonchene.fr\/es\/producto\/magnolia-coral-lake\/#tab-title-description\"><img decoding=\"async\" width=\"1024\" height=\"1024\" src=\"https:\/\/www.vallonchene.fr\/wp-content\/uploads\/2024\/04\/MAGNOLIA-Coral-Lake.webp\" alt=\"Primer plano de una flor rosa del MAGNOLIA 'Coral Lake'\" class=\"wp-image-57804 size-medium\" srcset=\"https:\/\/www.vallonchene.fr\/wp-content\/uploads\/2024\/04\/MAGNOLIA-Coral-Lake.webp 1024w, https:\/\/www.vallonchene.fr\/wp-content\/uploads\/2024\/04\/MAGNOLIA-Coral-Lake-300x300.webp 300w, https:\/\/www.vallonchene.fr\/wp-content\/uploads\/2024\/04\/MAGNOLIA-Coral-Lake-150x150.webp 150w, https:\/\/www.vallonchene.fr\/wp-content\/uploads\/2024\/04\/MAGNOLIA-Coral-Lake-768x768.webp 768w, https:\/\/www.vallonchene.fr\/wp-content\/uploads\/2024\/04\/MAGNOLIA-Coral-Lake-324x324.webp 324w, https:\/\/www.vallonchene.fr\/wp-content\/uploads\/2024\/04\/MAGNOLIA-Coral-Lake-416x416.webp 416w, https:\/\/www.vallonchene.fr\/wp-content\/uploads\/2024\/04\/MAGNOLIA-Coral-Lake-100x100.webp 100w, https:\/\/www.vallonchene.fr\/wp-content\/uploads\/2024\/04\/MAGNOLIA-Coral-Lake-32x32.webp 32w, https:\/\/www.vallonchene.fr\/wp-content\/uploads\/2024\/04\/MAGNOLIA-Coral-Lake-64x64.webp 64w\" sizes=\"(max-width: 1024px) 100vw, 1024px\" \/><\/a><\/figure><div class=\"wp-block-media-text__content\">\n<h3 class=\"wp-block-heading has-normal-font-size\" id=\"h-magnolia-coral-lake-0\"><a href=\"https:\/\/www.vallonchene.fr\/es\/producto\/magnolia-coral-lake\/#tab-title-description\"><strong>MAGNOLIA &#8216;Coral Lake&#8217;<\/strong><\/a><\/h3>\n\n\n\n<p class=\"has-small-font-size\">22 de abril de 2026<\/p>\n\n\n\n<p>El <em>MAGNOLIA \u2018Coral Lake\u2019<\/em> es un <em>magnolia<\/em> fabuloso y sin duda pertenece a las variedades excepcionales en m\u00e1s de un sentido. En primer lugar, lleva bien su nombre que\u2026<br><a href=\"https:\/\/www.vallonchene.fr\/es\/producto\/magnolia-coral-lake\/#tab-title-description\"><strong>Leer m\u00e1s<\/strong><\/a><\/p>\n<\/div><\/div>\n\n\n\n<div class=\"wp-block-media-text is-stacked-on-mobile\" style=\"grid-template-columns:25% auto\"><figure class=\"wp-block-media-text__media\"><a href=\"https:\/\/www.vallonchene.fr\/es\/producto\/magnolia-judy-zuk\/#tab-title-description\"><img decoding=\"async\" width=\"1000\" height=\"1000\" src=\"https:\/\/www.vallonchene.fr\/wp-content\/uploads\/2026\/04\/MAGNOLIA-Judy-Zuk_03.webp\" alt=\"Flor amarilla casi abierta de MAGNOLIA 'Judy Zuk'\" class=\"wp-image-58505 size-medium\" srcset=\"https:\/\/www.vallonchene.fr\/wp-content\/uploads\/2026\/04\/MAGNOLIA-Judy-Zuk_03.webp 1000w, https:\/\/www.vallonchene.fr\/wp-content\/uploads\/2026\/04\/MAGNOLIA-Judy-Zuk_03-300x300.webp 300w, https:\/\/www.vallonchene.fr\/wp-content\/uploads\/2026\/04\/MAGNOLIA-Judy-Zuk_03-150x150.webp 150w, https:\/\/www.vallonchene.fr\/wp-content\/uploads\/2026\/04\/MAGNOLIA-Judy-Zuk_03-768x768.webp 768w, https:\/\/www.vallonchene.fr\/wp-content\/uploads\/2026\/04\/MAGNOLIA-Judy-Zuk_03-324x324.webp 324w, https:\/\/www.vallonchene.fr\/wp-content\/uploads\/2026\/04\/MAGNOLIA-Judy-Zuk_03-416x416.webp 416w, https:\/\/www.vallonchene.fr\/wp-content\/uploads\/2026\/04\/MAGNOLIA-Judy-Zuk_03-100x100.webp 100w, https:\/\/www.vallonchene.fr\/wp-content\/uploads\/2026\/04\/MAGNOLIA-Judy-Zuk_03-32x32.webp 32w\" sizes=\"(max-width: 1000px) 100vw, 1000px\" \/><\/a><\/figure><div class=\"wp-block-media-text__content\">\n<h3 class=\"wp-block-heading has-normal-font-size\" id=\"h-magnolia-judy-zuk\"><a href=\"https:\/\/www.vallonchene.fr\/es\/producto\/magnolia-judy-zuk\/#tab-title-description\"><strong>MAGNOLIA &#8216;Judy Zuk&#8217;<\/strong><\/a><\/h3>\n\n\n\n<p class=\"has-small-font-size\">15 de abril de 2026<\/p>\n\n\n\n<p>La <em>MAGNOLIA \u2018Judy Zuk\u2019<\/em> puede considerarse una de las <em>magnolias<\/em> de flores amarillas m\u00e1s espectaculares. Destaca no solo por sus colores, sino tambi\u00e9n por su experiencia multisensorial. De hecho, muchas magnolias de flores\u2026<br><a href=\"https:\/\/www.vallonchene.fr\/es\/producto\/magnolia-judy-zuk\/#tab-title-description\"><strong>Leer m\u00e1s<\/strong><\/a><\/p>\n<\/div><\/div>\n\n\n\n<div class=\"wp-block-media-text is-stacked-on-mobile\" style=\"grid-template-columns:25% auto\"><figure class=\"wp-block-media-text__media\"><a href=\"https:\/\/www.vallonchene.fr\/es\/producto\/koelreuteria-paniculata-coral-sun-savonnier\/#tab-title-description\"><img decoding=\"async\" width=\"1024\" height=\"1024\" src=\"https:\/\/www.vallonchene.fr\/wp-content\/uploads\/2024\/03\/KOELREUTERIA-paniculata-Coral-Sun_02-1-1024x1024.webp\" alt=\"Follaje rosado de la KOELREUTERIA paniculata 'Coral Sun' a principios de primavera\" class=\"wp-image-57992 size-medium\" srcset=\"https:\/\/www.vallonchene.fr\/wp-content\/uploads\/2024\/03\/KOELREUTERIA-paniculata-Coral-Sun_02-1-1024x1024.webp 1024w, https:\/\/www.vallonchene.fr\/wp-content\/uploads\/2024\/03\/KOELREUTERIA-paniculata-Coral-Sun_02-1-300x300.webp 300w, https:\/\/www.vallonchene.fr\/wp-content\/uploads\/2024\/03\/KOELREUTERIA-paniculata-Coral-Sun_02-1-150x150.webp 150w, https:\/\/www.vallonchene.fr\/wp-content\/uploads\/2024\/03\/KOELREUTERIA-paniculata-Coral-Sun_02-1-768x768.webp 768w, https:\/\/www.vallonchene.fr\/wp-content\/uploads\/2024\/03\/KOELREUTERIA-paniculata-Coral-Sun_02-1-324x324.webp 324w, https:\/\/www.vallonchene.fr\/wp-content\/uploads\/2024\/03\/KOELREUTERIA-paniculata-Coral-Sun_02-1-416x416.webp 416w, https:\/\/www.vallonchene.fr\/wp-content\/uploads\/2024\/03\/KOELREUTERIA-paniculata-Coral-Sun_02-1-100x100.webp 100w, https:\/\/www.vallonchene.fr\/wp-content\/uploads\/2024\/03\/KOELREUTERIA-paniculata-Coral-Sun_02-1-32x32.webp 32w, https:\/\/www.vallonchene.fr\/wp-content\/uploads\/2024\/03\/KOELREUTERIA-paniculata-Coral-Sun_02-1-64x64.webp 64w, https:\/\/www.vallonchene.fr\/wp-content\/uploads\/2024\/03\/KOELREUTERIA-paniculata-Coral-Sun_02-1.webp 1200w\" sizes=\"(max-width: 1024px) 100vw, 1024px\" \/><\/a><\/figure><div class=\"wp-block-media-text__content\">\n<h3 class=\"wp-block-heading has-normal-font-size\" id=\"h-koelreuteria-paniculata-coral-sun\"><a href=\"https:\/\/www.vallonchene.fr\/es\/producto\/koelreuteria-paniculata-coral-sun-savonnier\/#tab-title-description\"><strong>KOELREUTERIA paniculata &#8216;Coral Sun&#8217;<\/strong><\/a><\/h3>\n\n\n\n<p class=\"has-small-font-size\">8 de abril de 2026<\/p>\n\n\n\n<p>La <em>KOELREUTERIA paniculata \u2018Coral Sun\u2019<\/em> es un <em>jabonero de China<\/em> que desarrolla brotes de un color coral impresionante en primavera. Este fen\u00f3meno afecta tanto a las hojas como a los tallos. M\u00e1s tarde\u2026<br><a href=\"https:\/\/www.vallonchene.fr\/es\/producto\/koelreuteria-paniculata-coral-sun-savonnier\/#tab-title-description\"><strong>Leer m\u00e1s<\/strong><\/a><\/p>\n<\/div><\/div>\n\n\n\n<div class=\"wp-block-media-text is-stacked-on-mobile\" style=\"grid-template-columns:25% auto\"><figure class=\"wp-block-media-text__media\"><a href=\"https:\/\/www.vallonchene.fr\/es\/producto\/aesculus-neglecta-erythroblastos\/#tab-title-description\"><img decoding=\"async\" width=\"1024\" height=\"1024\" src=\"https:\/\/www.vallonchene.fr\/wp-content\/uploads\/2025\/02\/AESCULUS-neglecta-Erythroblastos_05-1024x1024.webp\" alt=\"Primer plano del follaje rosado y arrugado de AESCULUS neglecta 'Erythroblastos'\" class=\"wp-image-52565 size-medium\" srcset=\"https:\/\/www.vallonchene.fr\/wp-content\/uploads\/2025\/02\/AESCULUS-neglecta-Erythroblastos_05-1024x1024.webp 1024w, https:\/\/www.vallonchene.fr\/wp-content\/uploads\/2025\/02\/AESCULUS-neglecta-Erythroblastos_05-300x300.webp 300w, https:\/\/www.vallonchene.fr\/wp-content\/uploads\/2025\/02\/AESCULUS-neglecta-Erythroblastos_05-150x150.webp 150w, https:\/\/www.vallonchene.fr\/wp-content\/uploads\/2025\/02\/AESCULUS-neglecta-Erythroblastos_05-768x768.webp 768w, https:\/\/www.vallonchene.fr\/wp-content\/uploads\/2025\/02\/AESCULUS-neglecta-Erythroblastos_05-324x324.webp 324w, https:\/\/www.vallonchene.fr\/wp-content\/uploads\/2025\/02\/AESCULUS-neglecta-Erythroblastos_05-416x416.webp 416w, https:\/\/www.vallonchene.fr\/wp-content\/uploads\/2025\/02\/AESCULUS-neglecta-Erythroblastos_05-100x100.webp 100w, https:\/\/www.vallonchene.fr\/wp-content\/uploads\/2025\/02\/AESCULUS-neglecta-Erythroblastos_05-32x32.webp 32w, https:\/\/www.vallonchene.fr\/wp-content\/uploads\/2025\/02\/AESCULUS-neglecta-Erythroblastos_05-64x64.webp 64w, https:\/\/www.vallonchene.fr\/wp-content\/uploads\/2025\/02\/AESCULUS-neglecta-Erythroblastos_05.webp 1200w\" sizes=\"(max-width: 1024px) 100vw, 1024px\" \/><\/a><\/figure><div class=\"wp-block-media-text__content\">\n<h3 class=\"wp-block-heading has-normal-font-size\" id=\"h-aesculus-neglecta-erythroblastos\"><a href=\"https:\/\/www.vallonchene.fr\/es\/producto\/aesculus-neglecta-erythroblastos\/#tab-title-description\"><strong>AESCULUS neglecta &#8216;Erythroblastos&#8217;<\/strong><\/a><\/h3>\n\n\n\n<p class=\"has-small-font-size\">2 de abril de 2026<\/p>\n\n\n\n<p>El AESCULUS neglecta \u2018Erythroblastos\u2019, tambi\u00e9n conocido como Casta\u00f1o de Indias Amanecer, es una verdadera maravilla hort\u00edcola muy rara que embellece su espacio exterior desde el primer vistazo. En primer lugar\u2026<br><a href=\"https:\/\/www.vallonchene.fr\/es\/producto\/aesculus-neglecta-erythroblastos\/#tab-title-description\"><strong>Leer m\u00e1s<\/strong><\/a><\/p>\n<\/div><\/div>\n\n\n\n<div class=\"wp-block-media-text is-stacked-on-mobile\" style=\"grid-template-columns:25% auto\"><figure class=\"wp-block-media-text__media\"><a href=\"https:\/\/www.vallonchene.fr\/es\/producto\/prunus-tai-haku\/#tab-title-description\"><img decoding=\"async\" width=\"1024\" height=\"1024\" src=\"https:\/\/www.vallonchene.fr\/wp-content\/uploads\/2023\/11\/FILE_NAME_08-1024x1024.webp\" alt=\"Flores blancas de PRUNUS 'Tai-Haku'\" class=\"wp-image-57436 size-medium\" srcset=\"https:\/\/www.vallonchene.fr\/wp-content\/uploads\/2023\/11\/FILE_NAME_08-1024x1024.webp 1024w, https:\/\/www.vallonchene.fr\/wp-content\/uploads\/2023\/11\/FILE_NAME_08-300x300.webp 300w, https:\/\/www.vallonchene.fr\/wp-content\/uploads\/2023\/11\/FILE_NAME_08-150x150.webp 150w, https:\/\/www.vallonchene.fr\/wp-content\/uploads\/2023\/11\/FILE_NAME_08-768x768.webp 768w, https:\/\/www.vallonchene.fr\/wp-content\/uploads\/2023\/11\/FILE_NAME_08-324x324.webp 324w, https:\/\/www.vallonchene.fr\/wp-content\/uploads\/2023\/11\/FILE_NAME_08-416x416.webp 416w, https:\/\/www.vallonchene.fr\/wp-content\/uploads\/2023\/11\/FILE_NAME_08-100x100.webp 100w, https:\/\/www.vallonchene.fr\/wp-content\/uploads\/2023\/11\/FILE_NAME_08-32x32.webp 32w, https:\/\/www.vallonchene.fr\/wp-content\/uploads\/2023\/11\/FILE_NAME_08-64x64.webp 64w, https:\/\/www.vallonchene.fr\/wp-content\/uploads\/2023\/11\/FILE_NAME_08.webp 1200w\" sizes=\"(max-width: 1024px) 100vw, 1024px\" \/><\/a><\/figure><div class=\"wp-block-media-text__content\">\n<h3 class=\"wp-block-heading has-normal-font-size\" id=\"h-prunus-tai-haku\"><a href=\"https:\/\/www.vallonchene.fr\/es\/producto\/prunus-tai-haku\/#tab-title-description\"><strong>PRUNUS &#8216;Tai-haku&#8217;<\/strong><\/a><\/h3>\n\n\n\n<p class=\"has-small-font-size\">25 de marzo de 2026<\/p>\n\n\n\n<p>El <em>PRUNUS \u2018Tai-Haku\u2019<\/em> es el <em>Cerezo Blanco Grande<\/em> con una historia extraordinaria. En su pa\u00eds de origen, Jap\u00f3n, se consideraba desde hac\u00eda tiempo extinguido. Solo los dibujos ancestrales recordaban su existencia\u2026<br><strong><a href=\"https:\/\/www.vallonchene.fr\/es\/producto\/prunus-tai-haku\/#tab-title-description\">Leer m\u00e1s<\/a><\/strong><\/p>\n<\/div><\/div>\n\n\n\n<div class=\"wp-block-media-text is-stacked-on-mobile\" style=\"grid-template-columns:25% auto\"><figure class=\"wp-block-media-text__media\"><a href=\"https:\/\/www.vallonchene.fr\/es\/producto\/prunus-the-bride\/#tab-title-description\"><img decoding=\"async\" width=\"1000\" height=\"1000\" src=\"https:\/\/www.vallonchene.fr\/wp-content\/uploads\/2026\/03\/P1000299.webp\" alt=\"Primer plano de las flores de PRUNUS 'The Bride'\" class=\"wp-image-58196 size-medium\" srcset=\"https:\/\/www.vallonchene.fr\/wp-content\/uploads\/2026\/03\/P1000299.webp 1000w, https:\/\/www.vallonchene.fr\/wp-content\/uploads\/2026\/03\/P1000299-300x300.webp 300w, https:\/\/www.vallonchene.fr\/wp-content\/uploads\/2026\/03\/P1000299-150x150.webp 150w, https:\/\/www.vallonchene.fr\/wp-content\/uploads\/2026\/03\/P1000299-768x768.webp 768w, https:\/\/www.vallonchene.fr\/wp-content\/uploads\/2026\/03\/P1000299-324x324.webp 324w, https:\/\/www.vallonchene.fr\/wp-content\/uploads\/2026\/03\/P1000299-416x416.webp 416w, https:\/\/www.vallonchene.fr\/wp-content\/uploads\/2026\/03\/P1000299-100x100.webp 100w, https:\/\/www.vallonchene.fr\/wp-content\/uploads\/2026\/03\/P1000299-32x32.webp 32w\" sizes=\"(max-width: 1000px) 100vw, 1000px\" \/><\/a><\/figure><div class=\"wp-block-media-text__content\">\n<h3 class=\"wp-block-heading has-normal-font-size\" id=\"h-prunus-the-bride\"><a href=\"https:\/\/www.vallonchene.fr\/es\/producto\/prunus-the-bride\/#tab-title-description\"><strong>PRUNUS &#8216;The Bride&#8217;<\/strong><\/a><\/h3>\n\n\n\n<p class=\"has-small-font-size\">18 de marzo de 2026<\/p>\n\n\n\n<p>El <em>PRUNUS &#8216;The Bride&#8217;<\/em> se presenta como un <em>cerezo ornamental<\/em> que se puede considerar una joya. De hecho, es mucho menos conocido que los grandes cl\u00e1sicos de cerezos ornamentales japoneses. Esto\u2026<br><strong><a href=\"https:\/\/www.vallonchene.fr\/es\/producto\/prunus-the-bride\/#tab-title-description\">Leer m\u00e1s<\/a><\/strong><\/p>\n<\/div><\/div>\n\n\n\n<div class=\"wp-block-media-text is-stacked-on-mobile\" style=\"grid-template-columns:25% auto\"><figure class=\"wp-block-media-text__media\"><a href=\"https:\/\/www.vallonchene.fr\/es\/producto\/prunus-x-yedoensis\/#tab-title-description\"><img decoding=\"async\" width=\"1000\" height=\"1000\" src=\"https:\/\/www.vallonchene.fr\/wp-content\/uploads\/2026\/03\/PRUNUS-yedoensis_04.webp\" alt=\"Primer plano de las flores a\u00fan no completamente blancas de PRUNUS yedoensis\" class=\"wp-image-58070 size-medium\" srcset=\"https:\/\/www.vallonchene.fr\/wp-content\/uploads\/2026\/03\/PRUNUS-yedoensis_04.webp 1000w, https:\/\/www.vallonchene.fr\/wp-content\/uploads\/2026\/03\/PRUNUS-yedoensis_04-300x300.webp 300w, https:\/\/www.vallonchene.fr\/wp-content\/uploads\/2026\/03\/PRUNUS-yedoensis_04-150x150.webp 150w, https:\/\/www.vallonchene.fr\/wp-content\/uploads\/2026\/03\/PRUNUS-yedoensis_04-768x768.webp 768w, https:\/\/www.vallonchene.fr\/wp-content\/uploads\/2026\/03\/PRUNUS-yedoensis_04-324x324.webp 324w, https:\/\/www.vallonchene.fr\/wp-content\/uploads\/2026\/03\/PRUNUS-yedoensis_04-416x416.webp 416w, https:\/\/www.vallonchene.fr\/wp-content\/uploads\/2026\/03\/PRUNUS-yedoensis_04-100x100.webp 100w, https:\/\/www.vallonchene.fr\/wp-content\/uploads\/2026\/03\/PRUNUS-yedoensis_04-32x32.webp 32w\" sizes=\"(max-width: 1000px) 100vw, 1000px\" \/><\/a><\/figure><div class=\"wp-block-media-text__content\">\n<h3 class=\"wp-block-heading has-normal-font-size\" id=\"h-prunus-x-yedoensis\"><a href=\"https:\/\/www.vallonchene.fr\/es\/producto\/prunus-x-yedoensis\/#tab-title-description\"><strong>PRUNUS x yedoensis<\/strong><\/a><\/h3>\n\n\n\n<p class=\"has-small-font-size\">11 de marzo de 2026<\/p>\n\n\n\n<p>El <em>PRUNUS x yedoensis<\/em>, tambi\u00e9n llamado <em>cerezo Yoshino<\/em>, es muy apreciado por su espectacular y abundante floraci\u00f3n a principios de primavera (o incluso a finales de invierno). Sus grandes flores comienzan\u2026<br><strong><a href=\"https:\/\/www.vallonchene.fr\/es\/producto\/prunus-x-yedoensis\/#tab-title-description\">Leer m\u00e1s<\/a><\/strong><\/p>\n<\/div><\/div>\n\n\n\n<div class=\"wp-block-media-text is-stacked-on-mobile\" style=\"grid-template-columns:25% auto\"><figure class=\"wp-block-media-text__media\"><a href=\"https:\/\/www.vallonchene.fr\/es\/producto\/sciadopitys-verticillata\/#tab-title-description\"><img decoding=\"async\" width=\"1000\" height=\"1000\" src=\"https:\/\/www.vallonchene.fr\/wp-content\/uploads\/2026\/03\/SCIADOPITYS-verticillata_01.webp\" alt=\"Primer plano del follaje verde intenso de SCIADOPITYS verticillata, que deja ver la madera de color cobrizo\" class=\"wp-image-57954 size-medium\" srcset=\"https:\/\/www.vallonchene.fr\/wp-content\/uploads\/2026\/03\/SCIADOPITYS-verticillata_01.webp 1000w, https:\/\/www.vallonchene.fr\/wp-content\/uploads\/2026\/03\/SCIADOPITYS-verticillata_01-300x300.webp 300w, https:\/\/www.vallonchene.fr\/wp-content\/uploads\/2026\/03\/SCIADOPITYS-verticillata_01-150x150.webp 150w, https:\/\/www.vallonchene.fr\/wp-content\/uploads\/2026\/03\/SCIADOPITYS-verticillata_01-768x768.webp 768w, https:\/\/www.vallonchene.fr\/wp-content\/uploads\/2026\/03\/SCIADOPITYS-verticillata_01-324x324.webp 324w, https:\/\/www.vallonchene.fr\/wp-content\/uploads\/2026\/03\/SCIADOPITYS-verticillata_01-416x416.webp 416w, https:\/\/www.vallonchene.fr\/wp-content\/uploads\/2026\/03\/SCIADOPITYS-verticillata_01-100x100.webp 100w, https:\/\/www.vallonchene.fr\/wp-content\/uploads\/2026\/03\/SCIADOPITYS-verticillata_01-32x32.webp 32w\" sizes=\"(max-width: 1000px) 100vw, 1000px\" \/><\/a><\/figure><div class=\"wp-block-media-text__content\">\n<h3 class=\"wp-block-heading has-normal-font-size\" id=\"h-sciadopitys-verticillata\"><a href=\"https:\/\/www.vallonchene.fr\/es\/producto\/sciadopitys-verticillata\/#tab-title-description\"><strong>SCIADOPITYS verticillata<\/strong><\/a><\/h3>\n\n\n\n<p class=\"has-small-font-size\">4 de marzo de 2026<\/p>\n\n\n\n<p>La <em>SCIADOPITYS verticillata<\/em> representa una planta bot\u00e1nicamente aislada y visualmente ineludible. Tambi\u00e9n llamado <em>pino sombrilla de Jap\u00f3n<\/em>, est\u00e1 \u00edntimamente ligada a la cultura nipona. Este con\u00edfero constituye tanto la\u2026<br><strong><a href=\"https:\/\/www.vallonchene.fr\/es\/producto\/sciadopitys-verticillata\/#tab-title-description\">Leer m\u00e1s<\/a><\/strong><\/p>\n<\/div><\/div>\n\n\n\n<div class=\"wp-block-media-text is-stacked-on-mobile\" style=\"grid-template-columns:25% auto\"><figure class=\"wp-block-media-text__media\"><a href=\"https:\/\/www.vallonchene.fr\/es\/producto\/magnolia-officinalis\/#tab-title-description\"><img decoding=\"async\" width=\"1024\" height=\"1024\" src=\"https:\/\/www.vallonchene.fr\/wp-content\/uploads\/2025\/12\/IMG_20251006_114134.webp\" alt=\"Follaje del MAGNOLIA officinalis comenzando su coloraci\u00f3n oto\u00f1al en el Begdebury National Pinetum.\" class=\"wp-image-56561 size-medium\" srcset=\"https:\/\/www.vallonchene.fr\/wp-content\/uploads\/2025\/12\/IMG_20251006_114134.webp 1024w, https:\/\/www.vallonchene.fr\/wp-content\/uploads\/2025\/12\/IMG_20251006_114134-300x300.webp 300w, https:\/\/www.vallonchene.fr\/wp-content\/uploads\/2025\/12\/IMG_20251006_114134-150x150.webp 150w, https:\/\/www.vallonchene.fr\/wp-content\/uploads\/2025\/12\/IMG_20251006_114134-768x768.webp 768w, https:\/\/www.vallonchene.fr\/wp-content\/uploads\/2025\/12\/IMG_20251006_114134-324x324.webp 324w, https:\/\/www.vallonchene.fr\/wp-content\/uploads\/2025\/12\/IMG_20251006_114134-416x416.webp 416w, https:\/\/www.vallonchene.fr\/wp-content\/uploads\/2025\/12\/IMG_20251006_114134-100x100.webp 100w, https:\/\/www.vallonchene.fr\/wp-content\/uploads\/2025\/12\/IMG_20251006_114134-32x32.webp 32w\" sizes=\"(max-width: 1024px) 100vw, 1024px\" \/><\/a><\/figure><div class=\"wp-block-media-text__content\">\n<h3 class=\"wp-block-heading has-normal-font-size\" id=\"h-magnolia-officinalis\"><a href=\"https:\/\/www.vallonchene.fr\/es\/producto\/magnolia-officinalis\/#tab-title-description\"><strong>MAGNOLIA officinalis<\/strong><\/a><\/h3>\n\n\n\n<p class=\"has-small-font-size\">18 de febrero de 2026<\/p>\n\n\n\n<p>La <em>MAGNOLIA officinalis<\/em>, com\u00fanmente llamada magnolia medicinal, es un \u00e1rbol caducifolio. Desarrolla hojas enormes que pueden alcanzar los 50 cm de largo. Adem\u00e1s, su follaje espectacular no resta inter\u00e9s a sus flores. Como\u2026<br><strong><a href=\"https:\/\/www.vallonchene.fr\/es\/producto\/magnolia-officinalis\/#tab-title-description\">Leer m\u00e1s<\/a><\/strong><\/p>\n<\/div><\/div>\n\n\n\n<div class=\"wp-block-media-text is-stacked-on-mobile\" style=\"grid-template-columns:25% auto\"><figure class=\"wp-block-media-text__media\"><a href=\"https:\/\/www.vallonchene.fr\/es\/producto\/pinus-mugo-wintersonne\/#tab-title-description\"><img decoding=\"async\" width=\"1000\" height=\"1000\" src=\"https:\/\/www.vallonchene.fr\/wp-content\/uploads\/2026\/02\/PINUS-mugo-Wintersonne.webp\" alt=\"Follaje invernal del PINUS mugo 'Wintersonne' de un amarillo intenso notable\" class=\"wp-image-56888 size-medium\" srcset=\"https:\/\/www.vallonchene.fr\/wp-content\/uploads\/2026\/02\/PINUS-mugo-Wintersonne.webp 1000w, https:\/\/www.vallonchene.fr\/wp-content\/uploads\/2026\/02\/PINUS-mugo-Wintersonne-300x300.webp 300w, https:\/\/www.vallonchene.fr\/wp-content\/uploads\/2026\/02\/PINUS-mugo-Wintersonne-150x150.webp 150w, https:\/\/www.vallonchene.fr\/wp-content\/uploads\/2026\/02\/PINUS-mugo-Wintersonne-768x768.webp 768w, https:\/\/www.vallonchene.fr\/wp-content\/uploads\/2026\/02\/PINUS-mugo-Wintersonne-324x324.webp 324w, https:\/\/www.vallonchene.fr\/wp-content\/uploads\/2026\/02\/PINUS-mugo-Wintersonne-416x416.webp 416w, https:\/\/www.vallonchene.fr\/wp-content\/uploads\/2026\/02\/PINUS-mugo-Wintersonne-100x100.webp 100w, https:\/\/www.vallonchene.fr\/wp-content\/uploads\/2026\/02\/PINUS-mugo-Wintersonne-32x32.webp 32w\" sizes=\"(max-width: 1000px) 100vw, 1000px\" \/><\/a><\/figure><div class=\"wp-block-media-text__content\">\n<h3 class=\"wp-block-heading has-normal-font-size\" id=\"h-pinus-mugo-wintersonne-winter-sun\"><a href=\"https:\/\/www.vallonchene.fr\/es\/producto\/pinus-mugo-wintersonne\/#tab-title-description\"><strong>PINUS mugo &#8216;Wintersonne&#8217; (Winter Sun)<\/strong><\/a><\/h3>\n\n\n\n<p class=\"has-small-font-size\">11 de febrero de 2026<\/p>\n\n\n\n<p>El <em>PINUS mugo \u2018Wintersonne\u2019<\/em> forma parte de los <em>pinos de monta\u00f1a<\/em>. Su nombre significa sol de invierno en espa\u00f1ol y lo merece bien. En efecto, con su forma enana muy compacta, podr\u00eda parecerse a muchos otros pinos enanos. Sin embargo, es en pleno invierno cuando desarrolla su verdadero\u2026<br><strong><a href=\"https:\/\/www.vallonchene.fr\/es\/producto\/pinus-mugo-wintersonne\/#tab-title-description\">Leer m\u00e1s<\/a><\/strong><\/p>\n<\/div><\/div>\n\n\n\n<div class=\"wp-block-media-text is-stacked-on-mobile\" style=\"grid-template-columns:25% auto\"><figure class=\"wp-block-media-text__media\"><a href=\"https:\/\/www.vallonchene.fr\/es\/producto\/davidia-involucrata-lady-sunshine\/#tab-title-description\"><img decoding=\"async\" width=\"1024\" height=\"1024\" src=\"https:\/\/www.vallonchene.fr\/wp-content\/uploads\/2026\/02\/DAVIDIA-involucrata-Lady-Sunshine.webp\" alt=\"La flor del DAVIDIA involucrata 'Lady Sunshine' y su follaje variegado\" class=\"wp-image-56794 size-medium\" srcset=\"https:\/\/www.vallonchene.fr\/wp-content\/uploads\/2026\/02\/DAVIDIA-involucrata-Lady-Sunshine.webp 1024w, https:\/\/www.vallonchene.fr\/wp-content\/uploads\/2026\/02\/DAVIDIA-involucrata-Lady-Sunshine-300x300.webp 300w, https:\/\/www.vallonchene.fr\/wp-content\/uploads\/2026\/02\/DAVIDIA-involucrata-Lady-Sunshine-150x150.webp 150w, https:\/\/www.vallonchene.fr\/wp-content\/uploads\/2026\/02\/DAVIDIA-involucrata-Lady-Sunshine-768x768.webp 768w, https:\/\/www.vallonchene.fr\/wp-content\/uploads\/2026\/02\/DAVIDIA-involucrata-Lady-Sunshine-324x324.webp 324w, https:\/\/www.vallonchene.fr\/wp-content\/uploads\/2026\/02\/DAVIDIA-involucrata-Lady-Sunshine-416x416.webp 416w, https:\/\/www.vallonchene.fr\/wp-content\/uploads\/2026\/02\/DAVIDIA-involucrata-Lady-Sunshine-100x100.webp 100w, https:\/\/www.vallonchene.fr\/wp-content\/uploads\/2026\/02\/DAVIDIA-involucrata-Lady-Sunshine-32x32.webp 32w\" sizes=\"(max-width: 1024px) 100vw, 1024px\" \/><\/a><\/figure><div class=\"wp-block-media-text__content\">\n<h3 class=\"wp-block-heading has-normal-font-size\" id=\"h-davidia-involucrata-lady-sunshine\"><a href=\"https:\/\/www.vallonchene.fr\/es\/producto\/davidia-involucrata-lady-sunshine\/#tab-title-description\"><strong>DAVIDIA involucrata &#8216;Lady Sunshine&#8217;<\/strong><\/a><\/h3>\n\n\n\n<p class=\"has-small-font-size\">5 de febrero de 2026<\/p>\n\n\n\n<p>El <em>DAVIDIA involucrata \u2018Lady Sunshine\u2019<\/em> es un \u00e1rbol de los pa\u00f1uelos con follaje variegado extremadamente raro y muy buscado por los coleccionistas. Cabe destacar que esta variegaci\u00f3n es especialmente estable, a diferencia de\u2026<br><strong><a href=\"https:\/\/www.vallonchene.fr\/es\/producto\/davidia-involucrata-lady-sunshine\/#tab-title-description\">Leer m\u00e1s<\/a><\/strong><\/p>\n<\/div><\/div>\n\n\n\n<div class=\"wp-block-media-text is-stacked-on-mobile\" style=\"grid-template-columns:25% auto\"><figure class=\"wp-block-media-text__media\"><a href=\"https:\/\/www.vallonchene.fr\/es\/producto\/juniperus-recurva-var-coxii\/#tab-title-description\"><img decoding=\"async\" width=\"1024\" height=\"1024\" src=\"https:\/\/www.vallonchene.fr\/wp-content\/uploads\/2025\/12\/IMG_20251007_114816.webp\" alt=\"Un JUNIPERUS recurva coxii muy viejo en Sheffield Park, Reino Unido\" class=\"wp-image-56596 size-medium\" srcset=\"https:\/\/www.vallonchene.fr\/wp-content\/uploads\/2025\/12\/IMG_20251007_114816.webp 1024w, https:\/\/www.vallonchene.fr\/wp-content\/uploads\/2025\/12\/IMG_20251007_114816-300x300.webp 300w, https:\/\/www.vallonchene.fr\/wp-content\/uploads\/2025\/12\/IMG_20251007_114816-150x150.webp 150w, https:\/\/www.vallonchene.fr\/wp-content\/uploads\/2025\/12\/IMG_20251007_114816-768x768.webp 768w, https:\/\/www.vallonchene.fr\/wp-content\/uploads\/2025\/12\/IMG_20251007_114816-324x324.webp 324w, https:\/\/www.vallonchene.fr\/wp-content\/uploads\/2025\/12\/IMG_20251007_114816-416x416.webp 416w, https:\/\/www.vallonchene.fr\/wp-content\/uploads\/2025\/12\/IMG_20251007_114816-100x100.webp 100w, https:\/\/www.vallonchene.fr\/wp-content\/uploads\/2025\/12\/IMG_20251007_114816-32x32.webp 32w\" sizes=\"(max-width: 1024px) 100vw, 1024px\" \/><\/a><\/figure><div class=\"wp-block-media-text__content\">\n<h3 class=\"wp-block-heading has-normal-font-size\" id=\"h-juniperus-recurva-var-coxii-juniperus-coxii\"><a href=\"https:\/\/www.vallonchene.fr\/es\/producto\/juniperus-recurva-var-coxii\/#tab-title-description\"><strong>JUNIPERUS recurva var. coxii (JUNIPERUS coxii)<\/strong><\/a><\/h3>\n\n\n\n<p class=\"has-small-font-size\">28 de enero de 2026<\/p>\n\n\n\n<p>El <em>JUNIPERUS recurva var. coxii<\/em>, tambi\u00e9n llamado enebro de Cox o <em>JUNIPERUS coxii<\/em>, es un juniperus raro y elegante que procede del Himalaya. Sus ramas colgantes le confieren un porte absolutamente\u2026<br><strong><a href=\"https:\/\/www.vallonchene.fr\/es\/producto\/juniperus-recurva-var-coxii\/#tab-title-description\">Leer m\u00e1s<\/a><\/strong><\/p>\n<\/div><\/div>\n\n\n\n<div class=\"wp-block-media-text is-stacked-on-mobile\" style=\"grid-template-columns:25% auto\"><figure class=\"wp-block-media-text__media\"><a href=\"https:\/\/www.vallonchene.fr\/es\/producto\/callicarpa-kwangtungensis\/#tab-title-description\"><img decoding=\"async\" width=\"1024\" height=\"1024\" src=\"https:\/\/www.vallonchene.fr\/wp-content\/uploads\/2025\/11\/CARPINUS-fangiana-1.webp\" alt=\"Hojas y flores de un CARPINUS fangiana\" class=\"wp-image-56070 size-medium\" srcset=\"https:\/\/www.vallonchene.fr\/wp-content\/uploads\/2025\/11\/CARPINUS-fangiana-1.webp 1024w, https:\/\/www.vallonchene.fr\/wp-content\/uploads\/2025\/11\/CARPINUS-fangiana-1-300x300.webp 300w, https:\/\/www.vallonchene.fr\/wp-content\/uploads\/2025\/11\/CARPINUS-fangiana-1-150x150.webp 150w, https:\/\/www.vallonchene.fr\/wp-content\/uploads\/2025\/11\/CARPINUS-fangiana-1-768x768.webp 768w, https:\/\/www.vallonchene.fr\/wp-content\/uploads\/2025\/11\/CARPINUS-fangiana-1-324x324.webp 324w, https:\/\/www.vallonchene.fr\/wp-content\/uploads\/2025\/11\/CARPINUS-fangiana-1-416x416.webp 416w, https:\/\/www.vallonchene.fr\/wp-content\/uploads\/2025\/11\/CARPINUS-fangiana-1-100x100.webp 100w, https:\/\/www.vallonchene.fr\/wp-content\/uploads\/2025\/11\/CARPINUS-fangiana-1-32x32.webp 32w\" sizes=\"(max-width: 1024px) 100vw, 1024px\" \/><\/a><\/figure><div class=\"wp-block-media-text__content\">\n<h3 class=\"wp-block-heading has-normal-font-size\" id=\"h-carpinus-fangiana\"><a href=\"https:\/\/www.vallonchene.fr\/es\/producto\/carpinus-fangiana\/#tab-title-description\"><strong>CARPINUS fangiana<\/strong><\/a><\/h3>\n\n\n\n<p class=\"has-small-font-size\">3 de diciembre de 2025<\/p>\n\n\n\n<p>El&nbsp;CARPINUS fangiana, tambi\u00e9n llamado&nbsp;carpe de Fang o carpe cola de mono, forma parte de los \u00e1rboles ornamentales extremadamente raros. Se distingue ante todo por sus&nbsp;enormes\u2026<br><a href=\"https:\/\/www.vallonchene.fr\/es\/producto\/davidia-involucrata-sonoma\/#tab-title-description\"><strong>Leer <\/strong><\/a><strong><a href=\"https:\/\/www.vallonchene.fr\/es\/producto\/carpinus-fangiana\/#tab-title-description\">m<\/a><\/strong><a href=\"https:\/\/www.vallonchene.fr\/es\/producto\/acer-cappadocicum-aureum\/#tab-title-description\"><strong>\u00e1s<\/strong><\/a><\/p>\n<\/div><\/div>\n\n\n\n<div class=\"wp-block-media-text is-stacked-on-mobile\" style=\"grid-template-columns:25% auto\"><figure class=\"wp-block-media-text__media\"><a href=\"https:\/\/www.vallonchene.fr\/es\/producto\/callicarpa-kwangtungensis\/#tab-title-description\"><img decoding=\"async\" width=\"1024\" height=\"1024\" src=\"https:\/\/www.vallonchene.fr\/wp-content\/uploads\/2025\/11\/IMG_20251125_131421.webp\" alt=\"Botones florales del CALLICARPA kwangtungensis en oto\u00f1o\" class=\"wp-image-55989 size-medium\" srcset=\"https:\/\/www.vallonchene.fr\/wp-content\/uploads\/2025\/11\/IMG_20251125_131421.webp 1024w, https:\/\/www.vallonchene.fr\/wp-content\/uploads\/2025\/11\/IMG_20251125_131421-300x300.webp 300w, https:\/\/www.vallonchene.fr\/wp-content\/uploads\/2025\/11\/IMG_20251125_131421-150x150.webp 150w, https:\/\/www.vallonchene.fr\/wp-content\/uploads\/2025\/11\/IMG_20251125_131421-768x768.webp 768w, https:\/\/www.vallonchene.fr\/wp-content\/uploads\/2025\/11\/IMG_20251125_131421-324x324.webp 324w, https:\/\/www.vallonchene.fr\/wp-content\/uploads\/2025\/11\/IMG_20251125_131421-416x416.webp 416w, https:\/\/www.vallonchene.fr\/wp-content\/uploads\/2025\/11\/IMG_20251125_131421-100x100.webp 100w, https:\/\/www.vallonchene.fr\/wp-content\/uploads\/2025\/11\/IMG_20251125_131421-32x32.webp 32w\" sizes=\"(max-width: 1024px) 100vw, 1024px\" \/><\/a><\/figure><div class=\"wp-block-media-text__content\">\n<h3 class=\"wp-block-heading has-normal-font-size\" id=\"h-callicarpa-kwangtungensis\"><a href=\"https:\/\/www.vallonchene.fr\/es\/producto\/callicarpa-kwangtungensis\/#tab-title-description\"><strong>CALLICARPA kwangtungensis<\/strong><\/a><\/h3>\n\n\n\n<p class=\"has-small-font-size\">26 de noviembre de 2025<\/p>\n\n\n\n<p>El&nbsp;CALLICARPA kwangtungensis, tambi\u00e9n llamado&nbsp;baya hermosa de China, no es comparable con otras formas de CALLICARPA comunes. Este arbusto es&nbsp;particularmente espectacular\u2026<br><a href=\"https:\/\/www.vallonchene.fr\/es\/producto\/davidia-involucrata-sonoma\/#tab-title-description\"><strong>Leer <\/strong><\/a><strong><a href=\"https:\/\/www.vallonchene.fr\/es\/producto\/callicarpa-kwangtungensis\/#tab-title-description\">m<\/a><\/strong><a href=\"https:\/\/www.vallonchene.fr\/es\/producto\/acer-cappadocicum-aureum\/#tab-title-description\"><strong>\u00e1s<\/strong><\/a><\/p>\n<\/div><\/div>\n\n\n\n<div class=\"wp-block-media-text is-stacked-on-mobile\" style=\"grid-template-columns:25% auto\"><figure class=\"wp-block-media-text__media\"><a href=\"https:\/\/www.vallonchene.fr\/es\/producto\/davidia-involucrata-sonoma\/#tab-title-description\"><img decoding=\"async\" width=\"1000\" height=\"1000\" src=\"https:\/\/www.vallonchene.fr\/wp-content\/uploads\/2025\/11\/IMG_20180430_092430935.webp\" alt=\"Flores blancas con su centro rojo del DAVIDIA involucrata 'Sonoma'\" class=\"wp-image-55775 size-medium\" srcset=\"https:\/\/www.vallonchene.fr\/wp-content\/uploads\/2025\/11\/IMG_20180430_092430935.webp 1000w, https:\/\/www.vallonchene.fr\/wp-content\/uploads\/2025\/11\/IMG_20180430_092430935-300x300.webp 300w, https:\/\/www.vallonchene.fr\/wp-content\/uploads\/2025\/11\/IMG_20180430_092430935-150x150.webp 150w, https:\/\/www.vallonchene.fr\/wp-content\/uploads\/2025\/11\/IMG_20180430_092430935-768x768.webp 768w, https:\/\/www.vallonchene.fr\/wp-content\/uploads\/2025\/11\/IMG_20180430_092430935-324x324.webp 324w, https:\/\/www.vallonchene.fr\/wp-content\/uploads\/2025\/11\/IMG_20180430_092430935-416x416.webp 416w, https:\/\/www.vallonchene.fr\/wp-content\/uploads\/2025\/11\/IMG_20180430_092430935-100x100.webp 100w, https:\/\/www.vallonchene.fr\/wp-content\/uploads\/2025\/11\/IMG_20180430_092430935-32x32.webp 32w\" sizes=\"(max-width: 1000px) 100vw, 1000px\" \/><\/a><\/figure><div class=\"wp-block-media-text__content\">\n<h3 class=\"wp-block-heading has-normal-font-size\" id=\"h-davidia-involucrata-sonoma\"><a href=\"https:\/\/www.vallonchene.fr\/es\/producto\/davidia-involucrata-sonoma\/#tab-title-description\"><strong>DAVIDIA involucrata &#8216;Sonoma&#8217;<\/strong><\/a><\/h3>\n\n\n\n<p class=\"has-small-font-size\">19 de noviembre de 2025<\/p>\n\n\n\n<p>El&nbsp;DAVIDIA involucrata \u2018Sonoma\u2019&nbsp;es una forma muy rara y bastante reciente del&nbsp;\u00e1rbol de los pa\u00f1uelos. Las flores de este \u00e1rbol, cuyas&nbsp;br\u00e1cteas pueden alcanzar los 15 cm, se asemejan\u2026<br><a href=\"https:\/\/www.vallonchene.fr\/es\/producto\/davidia-involucrata-sonoma\/#tab-title-description\"><strong>Leer <\/strong><\/a><strong><a href=\"https:\/\/www.vallonchene.fr\/es\/producto\/quercus-x-hispanica-waasland-select\/#tab-title-description\">m<\/a><\/strong><a href=\"https:\/\/www.vallonchene.fr\/es\/producto\/acer-cappadocicum-aureum\/#tab-title-description\"><strong>\u00e1s<\/strong><\/a><\/p>\n<\/div><\/div>\n\n\n\n<div class=\"wp-block-media-text is-stacked-on-mobile\" style=\"grid-template-columns:25% auto\"><figure class=\"wp-block-media-text__media\"><a href=\"https:\/\/www.vallonchene.fr\/es\/producto\/quercus-x-hispanica-waasland-select\/#tab-title-description\"><img decoding=\"async\" width=\"1024\" height=\"1024\" src=\"https:\/\/www.vallonchene.fr\/wp-content\/uploads\/2025\/11\/IMG_20251105_104124-1024x1024.webp\" alt=\"Un QUERCUS x hispanica 'Waasland Select' de unos veinte a\u00f1os en el Jard\u00edn de Vallonch\u00eane\" class=\"wp-image-55641 size-medium\" srcset=\"https:\/\/www.vallonchene.fr\/wp-content\/uploads\/2025\/11\/IMG_20251105_104124-1024x1024.webp 1024w, https:\/\/www.vallonchene.fr\/wp-content\/uploads\/2025\/11\/IMG_20251105_104124-300x300.webp 300w, https:\/\/www.vallonchene.fr\/wp-content\/uploads\/2025\/11\/IMG_20251105_104124-150x150.webp 150w, https:\/\/www.vallonchene.fr\/wp-content\/uploads\/2025\/11\/IMG_20251105_104124-768x768.webp 768w, https:\/\/www.vallonchene.fr\/wp-content\/uploads\/2025\/11\/IMG_20251105_104124-324x324.webp 324w, https:\/\/www.vallonchene.fr\/wp-content\/uploads\/2025\/11\/IMG_20251105_104124-416x416.webp 416w, https:\/\/www.vallonchene.fr\/wp-content\/uploads\/2025\/11\/IMG_20251105_104124-100x100.webp 100w, https:\/\/www.vallonchene.fr\/wp-content\/uploads\/2025\/11\/IMG_20251105_104124-32x32.webp 32w, https:\/\/www.vallonchene.fr\/wp-content\/uploads\/2025\/11\/IMG_20251105_104124-64x64.webp 64w, https:\/\/www.vallonchene.fr\/wp-content\/uploads\/2025\/11\/IMG_20251105_104124.webp 1200w\" sizes=\"(max-width: 1024px) 100vw, 1024px\" \/><\/a><\/figure><div class=\"wp-block-media-text__content\">\n<h3 class=\"wp-block-heading has-normal-font-size\" id=\"h-quercus-x-hispanica-waasland-select\"><a href=\"https:\/\/www.vallonchene.fr\/es\/producto\/quercus-x-hispanica-waasland-select\/#tab-title-description\"><strong>QUERCUS x hispanica &#8216;Waasland Select&#8217;<\/strong><\/a><\/h3>\n\n\n\n<p class=\"has-small-font-size\">5 de noviembre de 2025<\/p>\n\n\n\n<p>El QUERCUS x hispanica \u2018Waasland Select\u2019 (sin. Q. hispanica \u2018Waasland\u2019), tambi\u00e9n llamado roble espa\u00f1ol, es un magn\u00edfico roble perenne. Su hermoso follaje, verde oscuro por encima y blanco por\u2026<br><a href=\"https:\/\/www.vallonchene.fr\/es\/producto\/acer-cappadocicum-aureum\/#tab-title-description\"><strong>Leer <\/strong><\/a><strong><a href=\"https:\/\/www.vallonchene.fr\/es\/producto\/quercus-x-hispanica-waasland-select\/#tab-title-description\">m<\/a><\/strong><a href=\"https:\/\/www.vallonchene.fr\/es\/producto\/acer-cappadocicum-aureum\/#tab-title-description\"><strong>\u00e1s<\/strong><\/a><\/p>\n<\/div><\/div>\n\n\n\n<div class=\"wp-block-media-text is-stacked-on-mobile\" style=\"grid-template-columns:25% auto\"><figure class=\"wp-block-media-text__media\"><a href=\"https:\/\/www.vallonchene.fr\/es\/producto\/acer-cappadocicum-aureum\/#tab-title-description\"><img decoding=\"async\" width=\"1024\" height=\"1024\" src=\"https:\/\/www.vallonchene.fr\/wp-content\/uploads\/2025\/10\/IMG_20191105_105934-1024x1024.webp\" alt=\"Follaje del ACER cappadocicum 'Aureum' de un amarillo anaranjado intenso en su apogeo oto\u00f1al\" class=\"wp-image-55513 size-medium\" srcset=\"https:\/\/www.vallonchene.fr\/wp-content\/uploads\/2025\/10\/IMG_20191105_105934-1024x1024.webp 1024w, https:\/\/www.vallonchene.fr\/wp-content\/uploads\/2025\/10\/IMG_20191105_105934-300x300.webp 300w, https:\/\/www.vallonchene.fr\/wp-content\/uploads\/2025\/10\/IMG_20191105_105934-150x150.webp 150w, https:\/\/www.vallonchene.fr\/wp-content\/uploads\/2025\/10\/IMG_20191105_105934-768x768.webp 768w, https:\/\/www.vallonchene.fr\/wp-content\/uploads\/2025\/10\/IMG_20191105_105934-324x324.webp 324w, https:\/\/www.vallonchene.fr\/wp-content\/uploads\/2025\/10\/IMG_20191105_105934-416x416.webp 416w, https:\/\/www.vallonchene.fr\/wp-content\/uploads\/2025\/10\/IMG_20191105_105934-100x100.webp 100w, https:\/\/www.vallonchene.fr\/wp-content\/uploads\/2025\/10\/IMG_20191105_105934-32x32.webp 32w, https:\/\/www.vallonchene.fr\/wp-content\/uploads\/2025\/10\/IMG_20191105_105934-64x64.webp 64w, https:\/\/www.vallonchene.fr\/wp-content\/uploads\/2025\/10\/IMG_20191105_105934.webp 1200w\" sizes=\"(max-width: 1024px) 100vw, 1024px\" \/><\/a><\/figure><div class=\"wp-block-media-text__content\">\n<h3 class=\"wp-block-heading has-normal-font-size\" id=\"h-acer-cappadocicum-aureum\"><a href=\"https:\/\/www.vallonchene.fr\/es\/producto\/acer-cappadocicum-aureum\/#tab-title-description\"><strong>ACER cappadocicum &#8216;Aureum&#8217;<\/strong><\/a><\/h3>\n\n\n\n<p class=\"has-small-font-size\">29 de octubre de 2025<\/p>\n\n\n\n<p>El&nbsp;ACER cappadocicum \u2018Aureum\u2019&nbsp;forma parte de los peque\u00f1os \u00e1rboles deslumbrantes en m\u00e1s de un sentido. Se le llama com\u00fanmente&nbsp;arce de Capadocia amarillo. En primavera, desarrolla&nbsp;brotes de color\u2026<br><a href=\"https:\/\/www.vallonchene.fr\/es\/producto\/acer-cappadocicum-aureum\/#tab-title-description\"><strong>Leer m\u00e1s<\/strong><\/a> (secci\u00f3n descripci\u00f3n)<\/p>\n<\/div><\/div>\n\n\n\n<div class=\"wp-block-media-text is-stacked-on-mobile\" style=\"grid-template-columns:25% auto\"><figure class=\"wp-block-media-text__media\"><a href=\"https:\/\/www.vallonchene.fr\/es\/producto\/franklinia-alatamaha\/#tab-title-description\"><img decoding=\"async\" width=\"1024\" height=\"1024\" src=\"https:\/\/www.vallonchene.fr\/wp-content\/uploads\/2025\/10\/4248-8ae-FRANKLINIA-alatamaha-1024x1024.webp\" alt=\"Flores blancas con centro amarillo del FRANKLINIA alatamaha, similares en tama\u00f1o y forma a las de un camelia.\" class=\"wp-image-55287 size-medium\" srcset=\"https:\/\/www.vallonchene.fr\/wp-content\/uploads\/2025\/10\/4248-8ae-FRANKLINIA-alatamaha-1024x1024.webp 1024w, https:\/\/www.vallonchene.fr\/wp-content\/uploads\/2025\/10\/4248-8ae-FRANKLINIA-alatamaha-300x300.webp 300w, https:\/\/www.vallonchene.fr\/wp-content\/uploads\/2025\/10\/4248-8ae-FRANKLINIA-alatamaha-150x150.webp 150w, https:\/\/www.vallonchene.fr\/wp-content\/uploads\/2025\/10\/4248-8ae-FRANKLINIA-alatamaha-768x768.webp 768w, https:\/\/www.vallonchene.fr\/wp-content\/uploads\/2025\/10\/4248-8ae-FRANKLINIA-alatamaha-324x324.webp 324w, https:\/\/www.vallonchene.fr\/wp-content\/uploads\/2025\/10\/4248-8ae-FRANKLINIA-alatamaha-416x416.webp 416w, https:\/\/www.vallonchene.fr\/wp-content\/uploads\/2025\/10\/4248-8ae-FRANKLINIA-alatamaha-100x100.webp 100w, https:\/\/www.vallonchene.fr\/wp-content\/uploads\/2025\/10\/4248-8ae-FRANKLINIA-alatamaha-32x32.webp 32w, https:\/\/www.vallonchene.fr\/wp-content\/uploads\/2025\/10\/4248-8ae-FRANKLINIA-alatamaha-64x64.webp 64w, https:\/\/www.vallonchene.fr\/wp-content\/uploads\/2025\/10\/4248-8ae-FRANKLINIA-alatamaha.webp 1200w\" sizes=\"(max-width: 1024px) 100vw, 1024px\" \/><\/a><\/figure><div class=\"wp-block-media-text__content\">\n<h3 class=\"wp-block-heading has-normal-font-size\" id=\"h-franklinia-alatamaha\"><a href=\"https:\/\/www.vallonchene.fr\/es\/producto\/franklinia-alatamaha\/#tab-title-description\"><strong>FRANKLINIA alatamaha<\/strong><\/a><\/h3>\n\n\n\n<p class=\"has-small-font-size\">22 de octubre de 2025<\/p>\n\n\n\n<p>El&nbsp;FRANKLINIA alatamaha&nbsp;o&nbsp;\u00e1rbol de Franklin&nbsp;representa una especie de&nbsp;extrema rareza. Lo consideramos una verdadera joya bot\u00e1nica. Esta maravillosa planta posee&nbsp;cualidades ornamentales\u2026<br><a href=\"https:\/\/www.vallonchene.fr\/es\/producto\/franklinia-alatamaha\/#tab-title-description\"><strong>Leer m\u00e1s<\/strong><\/a> (secci\u00f3n descripci\u00f3n)<\/p>\n<\/div><\/div>\n\n\n\n<div class=\"wp-block-media-text is-stacked-on-mobile\" style=\"grid-template-columns:25% auto\"><figure class=\"wp-block-media-text__media\"><a href=\"https:\/\/www.vallonchene.fr\/es\/producto\/hamamelis-x-intermedia-double-gold\/#tab-title-description\"><img decoding=\"async\" width=\"1024\" height=\"1024\" src=\"https:\/\/www.vallonchene.fr\/wp-content\/uploads\/2025\/09\/20250511_144931-1024x1024.webp\" alt=\"Follaje verde con bordes amarillos del HAMAMELIS \u00d7 intermedia \u2018Double Gold\u2019 en primavera\" class=\"wp-image-54956 size-medium\" srcset=\"https:\/\/www.vallonchene.fr\/wp-content\/uploads\/2025\/09\/20250511_144931-1024x1024.webp 1024w, https:\/\/www.vallonchene.fr\/wp-content\/uploads\/2025\/09\/20250511_144931-300x300.webp 300w, https:\/\/www.vallonchene.fr\/wp-content\/uploads\/2025\/09\/20250511_144931-150x150.webp 150w, https:\/\/www.vallonchene.fr\/wp-content\/uploads\/2025\/09\/20250511_144931-768x768.webp 768w, https:\/\/www.vallonchene.fr\/wp-content\/uploads\/2025\/09\/20250511_144931-324x324.webp 324w, https:\/\/www.vallonchene.fr\/wp-content\/uploads\/2025\/09\/20250511_144931-416x416.webp 416w, https:\/\/www.vallonchene.fr\/wp-content\/uploads\/2025\/09\/20250511_144931-100x100.webp 100w, https:\/\/www.vallonchene.fr\/wp-content\/uploads\/2025\/09\/20250511_144931-32x32.webp 32w, https:\/\/www.vallonchene.fr\/wp-content\/uploads\/2025\/09\/20250511_144931-64x64.webp 64w, https:\/\/www.vallonchene.fr\/wp-content\/uploads\/2025\/09\/20250511_144931.webp 1200w\" sizes=\"(max-width: 1024px) 100vw, 1024px\" \/><\/a><\/figure><div class=\"wp-block-media-text__content\">\n<h3 class=\"wp-block-heading has-normal-font-size\" id=\"h-hamamelis-x-intermedia-double-gold\"><a href=\"https:\/\/www.vallonchene.fr\/es\/producto\/hamamelis-x-intermedia-double-gold\/#tab-title-description\"><strong>HAMAMELIS x intermedia &#8216;Double Gold&#8217;<\/strong><\/a><\/h3>\n\n\n\n<p class=\"has-small-font-size\">16 de octubre de 2025<\/p>\n\n\n\n<p>HAMAMELIS x intermedia \u2018Double Gold\u2019&nbsp;es un&nbsp;hamamelis muy raro&nbsp;y especialmente interesante. Su follaje abigarrado de verde con bordes amarillos es excepcional para esta especie. Lo hace\u2026<br><a href=\"https:\/\/www.vallonchene.fr\/es\/producto\/hamamelis-x-intermedia-double-gold\/#tab-title-description\"><strong>Leer m\u00e1s<\/strong><\/a> (secci\u00f3n descripci\u00f3n)<\/p>\n<\/div><\/div>\n\n\n\n<div class=\"wp-block-media-text is-stacked-on-mobile\" style=\"grid-template-columns:25% auto\"><figure class=\"wp-block-media-text__media\"><a href=\"https:\/\/www.vallonchene.fr\/es\/producto\/aesculus-hippocastanum-f-laciniata\/#tab-title-description\"><img decoding=\"async\" width=\"1024\" height=\"1024\" src=\"https:\/\/www.vallonchene.fr\/wp-content\/uploads\/2025\/10\/IMG_20251001_100030-1024x1024.webp\" alt=\"Primer plano del follaje laciniado de Aesculus hippocastanum f. laciniata.\" class=\"wp-image-55029 size-medium\" srcset=\"https:\/\/www.vallonchene.fr\/wp-content\/uploads\/2025\/10\/IMG_20251001_100030-1024x1024.webp 1024w, https:\/\/www.vallonchene.fr\/wp-content\/uploads\/2025\/10\/IMG_20251001_100030-300x300.webp 300w, https:\/\/www.vallonchene.fr\/wp-content\/uploads\/2025\/10\/IMG_20251001_100030-150x150.webp 150w, https:\/\/www.vallonchene.fr\/wp-content\/uploads\/2025\/10\/IMG_20251001_100030-768x768.webp 768w, https:\/\/www.vallonchene.fr\/wp-content\/uploads\/2025\/10\/IMG_20251001_100030-324x324.webp 324w, https:\/\/www.vallonchene.fr\/wp-content\/uploads\/2025\/10\/IMG_20251001_100030-416x416.webp 416w, https:\/\/www.vallonchene.fr\/wp-content\/uploads\/2025\/10\/IMG_20251001_100030-100x100.webp 100w, https:\/\/www.vallonchene.fr\/wp-content\/uploads\/2025\/10\/IMG_20251001_100030-32x32.webp 32w, https:\/\/www.vallonchene.fr\/wp-content\/uploads\/2025\/10\/IMG_20251001_100030-64x64.webp 64w, https:\/\/www.vallonchene.fr\/wp-content\/uploads\/2025\/10\/IMG_20251001_100030.webp 1200w\" sizes=\"(max-width: 1024px) 100vw, 1024px\" \/><\/a><\/figure><div class=\"wp-block-media-text__content\">\n<h3 class=\"wp-block-heading has-normal-font-size\" id=\"h-aesculus-hippocastanum-f-laciniata\"><a href=\"https:\/\/www.vallonchene.fr\/es\/producto\/aesculus-hippocastanum-f-laciniata\/#tab-title-description\"><strong>AESCULUS hippocastanum f. laciniata<\/strong><\/a><\/h3>\n\n\n\n<p class=\"has-small-font-size\">1 de octubre de 2025<\/p>\n\n\n\n<p>El&nbsp;AESCULUS hippocastanum f. laciniata&nbsp;representa una forma rara y elegante del&nbsp;casta\u00f1o de India. Su follaje est\u00e1 finamente laciniado y crece literalmente\u2026<br><a href=\"https:\/\/www.vallonchene.fr\/es\/producto\/aesculus-hippocastanum-f-laciniata\/#tab-title-description\"><strong>Leer m\u00e1s<\/strong><\/a> (secci\u00f3n descripci\u00f3n)<\/p>\n<\/div><\/div>\n\n\n\n<div class=\"wp-block-media-text is-stacked-on-mobile\" style=\"grid-template-columns:25% auto\"><figure class=\"wp-block-media-text__media\"><a href=\"https:\/\/www.vallonchene.fr\/es\/producto\/pinus-strobus-blue-clovers\/#tab-title-description\"><img decoding=\"async\" width=\"1024\" height=\"1024\" src=\"https:\/\/www.vallonchene.fr\/wp-content\/uploads\/2025\/09\/IMG_20211119_145020-1024x1024.jpg\" alt=\"Ac\u00edculas azul gris\u00e1ceo del PINUS strobus 'Blue Clovers'\" class=\"wp-image-54837 size-medium\" srcset=\"https:\/\/www.vallonchene.fr\/wp-content\/uploads\/2025\/09\/IMG_20211119_145020-1024x1024.jpg 1024w, https:\/\/www.vallonchene.fr\/wp-content\/uploads\/2025\/09\/IMG_20211119_145020-300x300.jpg 300w, https:\/\/www.vallonchene.fr\/wp-content\/uploads\/2025\/09\/IMG_20211119_145020-150x150.jpg 150w, https:\/\/www.vallonchene.fr\/wp-content\/uploads\/2025\/09\/IMG_20211119_145020-768x768.jpg 768w, https:\/\/www.vallonchene.fr\/wp-content\/uploads\/2025\/09\/IMG_20211119_145020-324x324.jpg 324w, https:\/\/www.vallonchene.fr\/wp-content\/uploads\/2025\/09\/IMG_20211119_145020-416x416.jpg 416w, https:\/\/www.vallonchene.fr\/wp-content\/uploads\/2025\/09\/IMG_20211119_145020-100x100.jpg 100w, https:\/\/www.vallonchene.fr\/wp-content\/uploads\/2025\/09\/IMG_20211119_145020-32x32.jpg 32w, https:\/\/www.vallonchene.fr\/wp-content\/uploads\/2025\/09\/IMG_20211119_145020-64x64.jpg 64w, https:\/\/www.vallonchene.fr\/wp-content\/uploads\/2025\/09\/IMG_20211119_145020.jpg 1200w\" sizes=\"(max-width: 1024px) 100vw, 1024px\" \/><\/a><\/figure><div class=\"wp-block-media-text__content\">\n<h3 class=\"wp-block-heading has-normal-font-size\" id=\"h-pinus-strobus-blue-clovers\"><a href=\"https:\/\/www.vallonchene.fr\/es\/producto\/pinus-strobus-blue-clovers\/#tab-title-description\"><strong>PINUS strobus &#8216;Blue Clovers&#8217;<\/strong><\/a><\/h3>\n\n\n\n<p class=\"has-small-font-size\">24 de septiembre de 2025<\/p>\n\n\n\n<p>PINUS strobus \u2018Blue Clovers\u2019&nbsp;sorprende por sus&nbsp;encantadoras agujas muy finas&nbsp;y de&nbsp;un azul bastante pronunciado&nbsp;en primavera.&nbsp;No pinchan&nbsp;y confieren a este pino de Weymouth una\u2026<br><a href=\"https:\/\/www.vallonchene.fr\/es\/producto\/pinus-strobus-blue-clovers\/#tab-title-description\"><strong>Leer m\u00e1s<\/strong><\/a> (secci\u00f3n descripci\u00f3n)<\/p>\n<\/div><\/div>\n\n\n\n<div class=\"wp-block-media-text is-stacked-on-mobile\" style=\"grid-template-columns:25% auto\"><figure class=\"wp-block-media-text__media\"><a href=\"https:\/\/www.vallonchene.fr\/es\/producto\/deutzia-scabra-punctata\/#tab-title-description\"><img decoding=\"async\" width=\"1024\" height=\"1024\" src=\"https:\/\/www.vallonchene.fr\/wp-content\/uploads\/2025\/09\/IMG_20250910_110056-1024x1024.webp\" alt=\"Follaje estival oscuro verde moteada de blanco del DEUTZIA scabra 'Punctata'\" class=\"wp-image-54641 size-medium\" srcset=\"https:\/\/www.vallonchene.fr\/wp-content\/uploads\/2025\/09\/IMG_20250910_110056-1024x1024.webp 1024w, https:\/\/www.vallonchene.fr\/wp-content\/uploads\/2025\/09\/IMG_20250910_110056-300x300.webp 300w, https:\/\/www.vallonchene.fr\/wp-content\/uploads\/2025\/09\/IMG_20250910_110056-150x150.webp 150w, https:\/\/www.vallonchene.fr\/wp-content\/uploads\/2025\/09\/IMG_20250910_110056-768x768.webp 768w, https:\/\/www.vallonchene.fr\/wp-content\/uploads\/2025\/09\/IMG_20250910_110056-324x324.webp 324w, https:\/\/www.vallonchene.fr\/wp-content\/uploads\/2025\/09\/IMG_20250910_110056-416x416.webp 416w, https:\/\/www.vallonchene.fr\/wp-content\/uploads\/2025\/09\/IMG_20250910_110056-100x100.webp 100w, https:\/\/www.vallonchene.fr\/wp-content\/uploads\/2025\/09\/IMG_20250910_110056-32x32.webp 32w, https:\/\/www.vallonchene.fr\/wp-content\/uploads\/2025\/09\/IMG_20250910_110056-64x64.webp 64w, https:\/\/www.vallonchene.fr\/wp-content\/uploads\/2025\/09\/IMG_20250910_110056.webp 1200w\" sizes=\"(max-width: 1024px) 100vw, 1024px\" \/><\/a><\/figure><div class=\"wp-block-media-text__content\">\n<h3 class=\"wp-block-heading has-normal-font-size\" id=\"h-deutzia-scabra-punctata\"><a href=\"https:\/\/www.vallonchene.fr\/es\/producto\/deutzia-scabra-punctata\/#tab-title-description\"><strong>DEUTZIA scabra &#8216;Punctata&#8217;<\/strong><\/a><\/h3>\n\n\n\n<p class=\"has-small-font-size\">11 de septiembre de 2025<\/p>\n\n\n\n<p>DEUTZIA scabra \u2018Punctata\u2019 es una deutzia \u00e1spera que desarrolla magn\u00edficas hojas blancas salpicadas de verde. Cuanto m\u00e1s se plante en sombra, m\u00e1s pronunciada ser\u00e1 la variegaci\u00f3n. Por ello, es la planta ideal\u2026<br><a href=\"https:\/\/www.vallonchene.fr\/es\/producto\/deutzia-scabra-punctata\/#tab-title-description\"><strong>Leer m\u00e1s<\/strong><\/a> (secci\u00f3n descripci\u00f3n)<\/p>\n<\/div><\/div>\n\n\n\n<div class=\"wp-block-media-text is-stacked-on-mobile\" style=\"grid-template-columns:25% auto\"><figure class=\"wp-block-media-text__media\"><a href=\"https:\/\/www.vallonchene.fr\/es\/producto\/cornus-sanguinea-compressa\/#tab-title-description\"><img decoding=\"async\" width=\"999\" height=\"999\" src=\"https:\/\/www.vallonchene.fr\/wp-content\/uploads\/2023\/07\/CORNUS-sanguinea-Compressa.webp\" alt=\"\" class=\"wp-image-51782 size-medium\" srcset=\"https:\/\/www.vallonchene.fr\/wp-content\/uploads\/2023\/07\/CORNUS-sanguinea-Compressa.webp 999w, https:\/\/www.vallonchene.fr\/wp-content\/uploads\/2023\/07\/CORNUS-sanguinea-Compressa-324x324.webp 324w, https:\/\/www.vallonchene.fr\/wp-content\/uploads\/2023\/07\/CORNUS-sanguinea-Compressa-100x100.webp 100w, https:\/\/www.vallonchene.fr\/wp-content\/uploads\/2023\/07\/CORNUS-sanguinea-Compressa-416x416.webp 416w, https:\/\/www.vallonchene.fr\/wp-content\/uploads\/2023\/07\/CORNUS-sanguinea-Compressa-64x64.webp 64w, https:\/\/www.vallonchene.fr\/wp-content\/uploads\/2023\/07\/CORNUS-sanguinea-Compressa-300x300.webp 300w, https:\/\/www.vallonchene.fr\/wp-content\/uploads\/2023\/07\/CORNUS-sanguinea-Compressa-150x150.webp 150w, https:\/\/www.vallonchene.fr\/wp-content\/uploads\/2023\/07\/CORNUS-sanguinea-Compressa-768x768.webp 768w, https:\/\/www.vallonchene.fr\/wp-content\/uploads\/2023\/07\/CORNUS-sanguinea-Compressa-32x32.webp 32w\" sizes=\"(max-width: 999px) 100vw, 999px\" \/><\/a><\/figure><div class=\"wp-block-media-text__content\">\n<h3 class=\"wp-block-heading has-normal-font-size\" id=\"h-cornus-sanguinea-compressa\"><a href=\"https:\/\/www.vallonchene.fr\/es\/producto\/ginkgo-biloba-mariken\/#tab-title-description\"><strong>CORNUS sanguinea &#8216;Compressa&#8217;<\/strong><\/a><\/h3>\n\n\n\n<p class=\"has-small-font-size\">4 de septiembre de 2025<\/p>\n\n\n\n<p>CORNUS sanguinea \u2018Compressa\u2019&nbsp;es un&nbsp;cornejo enano&nbsp;con follaje arrugado y porte arquitect\u00f3nico. Es ideal para jardines peque\u00f1os, bons\u00e1is y para quienes aprecian formas\u2026<br><a href=\"https:\/\/www.vallonchene.fr\/es\/producto\/cornus-sanguinea-compressa\/#tab-title-description\"><strong>Leer m\u00e1s<\/strong><\/a> (secci\u00f3n descripci\u00f3n)<\/p>\n<\/div><\/div>\n\n\n\n<div class=\"wp-block-media-text is-stacked-on-mobile is-image-fill-element\" style=\"grid-template-columns:25% auto\"><figure class=\"wp-block-media-text__media\"><a href=\"https:\/\/www.vallonchene.fr\/es\/arboles-de-jardin-aires-acondicionados-naturales-captadores-de-carbono-y-heroes-silenciosos\/\"><img decoding=\"async\" width=\"1024\" height=\"683\" src=\"https:\/\/www.vallonchene.fr\/wp-content\/uploads\/2025\/07\/Personnes-a-lombre-dun-abre-1024x683.webp\" alt=\"Relajaci\u00f3n a la sombra de un \u00e1rbol\" class=\"wp-image-54169 size-medium\" style=\"object-position:50% 50%\" srcset=\"https:\/\/www.vallonchene.fr\/wp-content\/uploads\/2025\/07\/Personnes-a-lombre-dun-abre-1024x683.webp 1024w, https:\/\/www.vallonchene.fr\/wp-content\/uploads\/2025\/07\/Personnes-a-lombre-dun-abre-300x200.webp 300w, https:\/\/www.vallonchene.fr\/wp-content\/uploads\/2025\/07\/Personnes-a-lombre-dun-abre-768x512.webp 768w, https:\/\/www.vallonchene.fr\/wp-content\/uploads\/2025\/07\/Personnes-a-lombre-dun-abre-416x277.webp 416w, https:\/\/www.vallonchene.fr\/wp-content\/uploads\/2025\/07\/Personnes-a-lombre-dun-abre-64x43.webp 64w, https:\/\/www.vallonchene.fr\/wp-content\/uploads\/2025\/07\/Personnes-a-lombre-dun-abre.webp 1200w\" sizes=\"(max-width: 1024px) 100vw, 1024px\" \/><\/a><\/figure><div class=\"wp-block-media-text__content\">\n<h3 class=\"wp-block-heading has-normal-font-size\" id=\"h-arboles-de-jardin-aires-acondicionados-naturales-captadores-de-carbono-y-heroes-silenciosos\"><a href=\"https:\/\/www.vallonchene.fr\/es\/arboles-de-jardin-aires-acondicionados-naturales-captadores-de-carbono-y-heroes-silenciosos\/\"><strong>\u00c1rboles de jard\u00edn: aires acondicionados naturales, captadores de carbono y h\u00e9roes silenciosos<\/strong><\/a><\/h3>\n\n\n\n<p class=\"has-small-font-size\">2 de julio de 2025<\/p>\n\n\n\n<p>A medida que las temperaturas globales aumentan y las ciudades se convierten en islas de calor, los \u00e1rboles se revelan como nuestros aliados m\u00e1s elegantes. Refrescan el aire mediante la\u2026<br><a href=\"https:\/\/www.vallonchene.fr\/es\/arboles-de-jardin-aires-acondicionados-naturales-captadores-de-carbono-y-heroes-silenciosos\/\"><strong>Leer m\u00e1s<\/strong><\/a><\/p>\n<\/div><\/div>\n\n\n\n<div class=\"wp-block-media-text is-stacked-on-mobile\" style=\"grid-template-columns:25% auto\"><figure class=\"wp-block-media-text__media\"><a href=\"https:\/\/www.vallonchene.fr\/es\/producto\/ginkgo-biloba-mariken\/#tab-title-description\"><img decoding=\"async\" width=\"1024\" height=\"1024\" src=\"https:\/\/www.vallonchene.fr\/wp-content\/uploads\/2025\/06\/IMG_20250611_101043-1024x1024.webp\" alt=\"Vista superior de las hojas del GINKGO biloba 'Mariken'\" class=\"wp-image-54036 size-medium\" srcset=\"https:\/\/www.vallonchene.fr\/wp-content\/uploads\/2025\/06\/IMG_20250611_101043-1024x1024.webp 1024w, https:\/\/www.vallonchene.fr\/wp-content\/uploads\/2025\/06\/IMG_20250611_101043-300x300.webp 300w, https:\/\/www.vallonchene.fr\/wp-content\/uploads\/2025\/06\/IMG_20250611_101043-150x150.webp 150w, https:\/\/www.vallonchene.fr\/wp-content\/uploads\/2025\/06\/IMG_20250611_101043-768x768.webp 768w, https:\/\/www.vallonchene.fr\/wp-content\/uploads\/2025\/06\/IMG_20250611_101043-324x324.webp 324w, https:\/\/www.vallonchene.fr\/wp-content\/uploads\/2025\/06\/IMG_20250611_101043-416x416.webp 416w, https:\/\/www.vallonchene.fr\/wp-content\/uploads\/2025\/06\/IMG_20250611_101043-100x100.webp 100w, https:\/\/www.vallonchene.fr\/wp-content\/uploads\/2025\/06\/IMG_20250611_101043-32x32.webp 32w, https:\/\/www.vallonchene.fr\/wp-content\/uploads\/2025\/06\/IMG_20250611_101043-64x64.webp 64w, https:\/\/www.vallonchene.fr\/wp-content\/uploads\/2025\/06\/IMG_20250611_101043.webp 1200w\" sizes=\"(max-width: 1024px) 100vw, 1024px\" \/><\/a><\/figure><div class=\"wp-block-media-text__content\">\n<h3 class=\"wp-block-heading has-normal-font-size\" id=\"h-ginkgo-biloba-mariken\"><a href=\"https:\/\/www.vallonchene.fr\/es\/producto\/ginkgo-biloba-mariken\/#tab-title-description\"><strong>GINKGO biloba &#8216;Mariken&#8217;<\/strong><\/a><\/h3>\n\n\n\n<p class=\"has-small-font-size\">12 de junio de 2025<\/p>\n\n\n\n<p>El GINKGO biloba \u2018Mariken\u2019 es un \u00e1rbol de los cuarenta escudos en miniatura. A diferencia de sus antecesores, bastante erguidos, solo crece unos pocos cent\u00edmetros por a\u00f1o en una forma\u2026<br><a href=\"https:\/\/www.vallonchene.fr\/es\/producto\/ginkgo-biloba-mariken\/#tab-title-description\"><strong>Leer m\u00e1s<\/strong><\/a> (secci\u00f3n descripci\u00f3n)<\/p>\n<\/div><\/div>\n\n\n\n<div class=\"wp-block-media-text is-stacked-on-mobile\" style=\"grid-template-columns:25% auto\"><figure class=\"wp-block-media-text__media\"><a href=\"https:\/\/www.vallonchene.fr\/es\/producto\/betula-pendula-ssp-pendula-karaca-r\/#tab-title-description\"><img decoding=\"async\" width=\"1024\" height=\"1024\" src=\"https:\/\/www.vallonchene.fr\/wp-content\/uploads\/2025\/05\/BETULA-pendula-ssp.-pendula-Karaca-R-1024x1024.webp\" alt=\"El follaje de Betula pendula ssp. pendula 'Karaca' es fino como el encaje\" class=\"wp-image-53959 size-medium\" srcset=\"https:\/\/www.vallonchene.fr\/wp-content\/uploads\/2025\/05\/BETULA-pendula-ssp.-pendula-Karaca-R-1024x1024.webp 1024w, https:\/\/www.vallonchene.fr\/wp-content\/uploads\/2025\/05\/BETULA-pendula-ssp.-pendula-Karaca-R-300x300.webp 300w, https:\/\/www.vallonchene.fr\/wp-content\/uploads\/2025\/05\/BETULA-pendula-ssp.-pendula-Karaca-R-150x150.webp 150w, https:\/\/www.vallonchene.fr\/wp-content\/uploads\/2025\/05\/BETULA-pendula-ssp.-pendula-Karaca-R-768x768.webp 768w, https:\/\/www.vallonchene.fr\/wp-content\/uploads\/2025\/05\/BETULA-pendula-ssp.-pendula-Karaca-R-324x324.webp 324w, https:\/\/www.vallonchene.fr\/wp-content\/uploads\/2025\/05\/BETULA-pendula-ssp.-pendula-Karaca-R-416x416.webp 416w, https:\/\/www.vallonchene.fr\/wp-content\/uploads\/2025\/05\/BETULA-pendula-ssp.-pendula-Karaca-R-100x100.webp 100w, https:\/\/www.vallonchene.fr\/wp-content\/uploads\/2025\/05\/BETULA-pendula-ssp.-pendula-Karaca-R-32x32.webp 32w, https:\/\/www.vallonchene.fr\/wp-content\/uploads\/2025\/05\/BETULA-pendula-ssp.-pendula-Karaca-R-64x64.webp 64w, https:\/\/www.vallonchene.fr\/wp-content\/uploads\/2025\/05\/BETULA-pendula-ssp.-pendula-Karaca-R.webp 1200w\" sizes=\"(max-width: 1024px) 100vw, 1024px\" \/><\/a><\/figure><div class=\"wp-block-media-text__content\">\n<h3 class=\"wp-block-heading has-normal-font-size\" id=\"h-betula-pendula-ssp-pendula-karaca\"><a href=\"https:\/\/www.vallonchene.fr\/es\/producto\/betula-pendula-ssp-pendula-karaca-r\/#tab-title-description\"><strong>BETULA pendula ssp. pendula &#8216;Karaca&#8217;<\/strong><\/a><\/h3>\n\n\n\n<p class=\"has-small-font-size\">28 de mayo de 2025<\/p>\n\n\n\n<p>El BETULA pendula ssp. pendula \u2018Karaca\u2019 (R) es un abedul com\u00fan fascinante. De hecho, sus hojas son extremadamente finas, como encaje. Se podr\u00edan incluso calificar como ramilletes de hilos. Se asemejan a\u2026<br><a href=\"https:\/\/www.vallonchene.fr\/es\/producto\/betula-pendula-ssp-pendula-karaca-r\/#tab-title-description\"><strong>Leer m\u00e1s<\/strong><\/a> (secci\u00f3n descripci\u00f3n)<\/p>\n<\/div><\/div>\n\n\n\n<div class=\"wp-block-media-text is-stacked-on-mobile\" style=\"grid-template-columns:25% auto\"><figure class=\"wp-block-media-text__media\"><a href=\"https:\/\/www.vallonchene.fr\/es\/producto\/acer-pseuodplatanus-f-variegatum-simon-louis-freres\/#tab-title-description\"><img decoding=\"async\" width=\"999\" height=\"999\" src=\"https:\/\/www.vallonchene.fr\/wp-content\/uploads\/2023\/09\/ACER-pseudoplatanus-Simon-Louis-Freres.webp\" alt=\"Follaje primaveral de color rosa brillante de ACER pseudoplatanus 'Simon-Louis Fr\u00e8res'\" class=\"wp-image-51711 size-medium\" srcset=\"https:\/\/www.vallonchene.fr\/wp-content\/uploads\/2023\/09\/ACER-pseudoplatanus-Simon-Louis-Freres.webp 999w, https:\/\/www.vallonchene.fr\/wp-content\/uploads\/2023\/09\/ACER-pseudoplatanus-Simon-Louis-Freres-324x324.webp 324w, https:\/\/www.vallonchene.fr\/wp-content\/uploads\/2023\/09\/ACER-pseudoplatanus-Simon-Louis-Freres-100x100.webp 100w, https:\/\/www.vallonchene.fr\/wp-content\/uploads\/2023\/09\/ACER-pseudoplatanus-Simon-Louis-Freres-416x416.webp 416w, https:\/\/www.vallonchene.fr\/wp-content\/uploads\/2023\/09\/ACER-pseudoplatanus-Simon-Louis-Freres-64x64.webp 64w, https:\/\/www.vallonchene.fr\/wp-content\/uploads\/2023\/09\/ACER-pseudoplatanus-Simon-Louis-Freres-300x300.webp 300w, https:\/\/www.vallonchene.fr\/wp-content\/uploads\/2023\/09\/ACER-pseudoplatanus-Simon-Louis-Freres-150x150.webp 150w, https:\/\/www.vallonchene.fr\/wp-content\/uploads\/2023\/09\/ACER-pseudoplatanus-Simon-Louis-Freres-768x768.webp 768w, https:\/\/www.vallonchene.fr\/wp-content\/uploads\/2023\/09\/ACER-pseudoplatanus-Simon-Louis-Freres-32x32.webp 32w\" sizes=\"(max-width: 999px) 100vw, 999px\" \/><\/a><\/figure><div class=\"wp-block-media-text__content\">\n<h3 class=\"wp-block-heading has-normal-font-size\" id=\"h-acer-pseudoplatanus-f-variegatum-simon-louis-freres\"><a href=\"https:\/\/www.vallonchene.fr\/es\/producto\/acer-pseuodplatanus-f-variegatum-simon-louis-freres\/#tab-title-description\"><strong>ACER pseudoplatanus f. variegatum &#8216;Simon-Louis Fr\u00e8res&#8217;<\/strong><\/a><\/h3>\n\n\n\n<p class=\"has-small-font-size\">21 de mayo de 2025<\/p>\n\n\n\n<p>El ACER pseudoplatanus f. variegatum \u2018Simon-Louis Fr\u00e8res\u2019 forma parte de los arces sic\u00f3moros y produce colores espectaculares. En efecto, en primavera inicia su espect\u00e1culo con\u2026<br><a href=\"https:\/\/www.vallonchene.fr\/es\/producto\/acer-pseuodplatanus-f-variegatum-simon-louis-freres\/#tab-title-description\"><strong>Leer m\u00e1s<\/strong><\/a> (secci\u00f3n descripci\u00f3n)<\/p>\n<\/div><\/div>\n\n\n\n<div class=\"wp-block-media-text is-stacked-on-mobile\" style=\"grid-template-columns:25% auto\"><figure class=\"wp-block-media-text__media\"><a href=\"https:\/\/www.vallonchene.fr\/es\/producto\/populus-tremula-erecta-fastigiata\/#tab-title-description\"><img decoding=\"async\" width=\"1024\" height=\"1024\" src=\"https:\/\/www.vallonchene.fr\/wp-content\/uploads\/2025\/05\/POPULUS-tremula-Erecta_02-1024x1024.webp\" alt=\"Dos POPULUS tremula 'Erecta' (Fastigiata) ocupando muy poco espacio\" class=\"wp-image-53826 size-medium\" srcset=\"https:\/\/www.vallonchene.fr\/wp-content\/uploads\/2025\/05\/POPULUS-tremula-Erecta_02-1024x1024.webp 1024w, https:\/\/www.vallonchene.fr\/wp-content\/uploads\/2025\/05\/POPULUS-tremula-Erecta_02-300x300.webp 300w, https:\/\/www.vallonchene.fr\/wp-content\/uploads\/2025\/05\/POPULUS-tremula-Erecta_02-150x150.webp 150w, https:\/\/www.vallonchene.fr\/wp-content\/uploads\/2025\/05\/POPULUS-tremula-Erecta_02-768x768.webp 768w, https:\/\/www.vallonchene.fr\/wp-content\/uploads\/2025\/05\/POPULUS-tremula-Erecta_02-324x324.webp 324w, https:\/\/www.vallonchene.fr\/wp-content\/uploads\/2025\/05\/POPULUS-tremula-Erecta_02-416x416.webp 416w, https:\/\/www.vallonchene.fr\/wp-content\/uploads\/2025\/05\/POPULUS-tremula-Erecta_02-100x100.webp 100w, https:\/\/www.vallonchene.fr\/wp-content\/uploads\/2025\/05\/POPULUS-tremula-Erecta_02-32x32.webp 32w, https:\/\/www.vallonchene.fr\/wp-content\/uploads\/2025\/05\/POPULUS-tremula-Erecta_02-64x64.webp 64w, https:\/\/www.vallonchene.fr\/wp-content\/uploads\/2025\/05\/POPULUS-tremula-Erecta_02.webp 1200w\" sizes=\"(max-width: 1024px) 100vw, 1024px\" \/><\/a><\/figure><div class=\"wp-block-media-text__content\">\n<h3 class=\"wp-block-heading has-normal-font-size\" id=\"h-populus-tremula-erecta\"><a href=\"https:\/\/www.vallonchene.fr\/es\/producto\/populus-tremula-erecta-fastigiata\/#tab-title-description\"><strong>POPULUS tremula &#8216;Erecta&#8217;<\/strong><\/a><\/h3>\n\n\n\n<p class=\"has-small-font-size\">14 de mayo de 2025<\/p>\n\n\n\n<p>El POPULUS tremula \u2018Erecta\u2019 (sin. Fastigiata), com\u00fanmente llamado \u00e1lamo tembl\u00f3n fastigiado, representa un elemento estructural y decorativo importante para cualquier jard\u00edn, grande o peque\u00f1o. En efecto\u2026<br><a href=\"https:\/\/www.vallonchene.fr\/es\/producto\/populus-tremula-erecta-fastigiata\/#tab-title-description\"><strong>Leer m\u00e1s<\/strong><\/a> (secci\u00f3n descripci\u00f3n)<\/p>\n<\/div><\/div>\n\n\n\n<div class=\"wp-block-media-text is-stacked-on-mobile\" style=\"grid-template-columns:25% auto\"><figure class=\"wp-block-media-text__media\"><a href=\"https:\/\/www.vallonchene.fr\/es\/producto\/juglans-regia-purpurea\/#tab-title-description\"><img decoding=\"async\" width=\"1024\" height=\"1024\" src=\"https:\/\/www.vallonchene.fr\/wp-content\/uploads\/2025\/05\/JUGLANS-regia-Purpurea-1024x1024.webp\" alt=\"Follaje p\u00farpura del JUGLANS regia 'Purpurea'\" class=\"wp-image-53772 size-medium\" srcset=\"https:\/\/www.vallonchene.fr\/wp-content\/uploads\/2025\/05\/JUGLANS-regia-Purpurea-1024x1024.webp 1024w, https:\/\/www.vallonchene.fr\/wp-content\/uploads\/2025\/05\/JUGLANS-regia-Purpurea-300x300.webp 300w, https:\/\/www.vallonchene.fr\/wp-content\/uploads\/2025\/05\/JUGLANS-regia-Purpurea-150x150.webp 150w, https:\/\/www.vallonchene.fr\/wp-content\/uploads\/2025\/05\/JUGLANS-regia-Purpurea-768x768.webp 768w, https:\/\/www.vallonchene.fr\/wp-content\/uploads\/2025\/05\/JUGLANS-regia-Purpurea-324x324.webp 324w, https:\/\/www.vallonchene.fr\/wp-content\/uploads\/2025\/05\/JUGLANS-regia-Purpurea-416x416.webp 416w, https:\/\/www.vallonchene.fr\/wp-content\/uploads\/2025\/05\/JUGLANS-regia-Purpurea-100x100.webp 100w, https:\/\/www.vallonchene.fr\/wp-content\/uploads\/2025\/05\/JUGLANS-regia-Purpurea-32x32.webp 32w, https:\/\/www.vallonchene.fr\/wp-content\/uploads\/2025\/05\/JUGLANS-regia-Purpurea-64x64.webp 64w, https:\/\/www.vallonchene.fr\/wp-content\/uploads\/2025\/05\/JUGLANS-regia-Purpurea.webp 1200w\" sizes=\"(max-width: 1024px) 100vw, 1024px\" \/><\/a><\/figure><div class=\"wp-block-media-text__content\">\n<h3 class=\"wp-block-heading has-normal-font-size\" id=\"h-juglans-regia-purpurea\"><a href=\"https:\/\/www.vallonchene.fr\/es\/producto\/juglans-regia-purpurea\/#tab-title-description\"><strong>JUGLANS regia &#8216;Purpurea&#8217;<\/strong><\/a><\/h3>\n\n\n\n<p class=\"has-small-font-size\">7 de mayo de 2025<\/p>\n\n\n\n<p>El JUGLANS regia \u2018Purpurea\u2019, com\u00fanmente llamado nogal p\u00farpura, desarrolla, como su nombre lo sugiere, un magn\u00edfico follaje de color p\u00farpura. En primavera, este es m\u00e1s claro, mientras que\u2026<br><a href=\"https:\/\/www.vallonchene.fr\/es\/producto\/juglans-regia-purpurea\/#tab-title-description\"><strong>Leer m\u00e1s<\/strong><\/a> (secci\u00f3n descripci\u00f3n)<\/p>\n<\/div><\/div>\n\n\n\n<div class=\"wp-block-media-text is-stacked-on-mobile\" style=\"grid-template-columns:25% auto\"><figure class=\"wp-block-media-text__media\"><a href=\"https:\/\/www.vallonchene.fr\/es\/producto\/cornus-x-rutgersensis-celestial-shadow\/#tab-title-description\"><img decoding=\"async\" width=\"1024\" height=\"1024\" src=\"https:\/\/www.vallonchene.fr\/wp-content\/uploads\/2025\/04\/CORNUS-x-rutgersensis-Celestial-Shadow-1024x1024.webp\" alt=\"Flores blancas y follaje verde con borde amarillo del CORNUS x rutgersensis 'Celestial Shadow'.\" class=\"wp-image-53712 size-medium\" srcset=\"https:\/\/www.vallonchene.fr\/wp-content\/uploads\/2025\/04\/CORNUS-x-rutgersensis-Celestial-Shadow-1024x1024.webp 1024w, https:\/\/www.vallonchene.fr\/wp-content\/uploads\/2025\/04\/CORNUS-x-rutgersensis-Celestial-Shadow-300x300.webp 300w, https:\/\/www.vallonchene.fr\/wp-content\/uploads\/2025\/04\/CORNUS-x-rutgersensis-Celestial-Shadow-150x150.webp 150w, https:\/\/www.vallonchene.fr\/wp-content\/uploads\/2025\/04\/CORNUS-x-rutgersensis-Celestial-Shadow-768x768.webp 768w, https:\/\/www.vallonchene.fr\/wp-content\/uploads\/2025\/04\/CORNUS-x-rutgersensis-Celestial-Shadow-324x324.webp 324w, https:\/\/www.vallonchene.fr\/wp-content\/uploads\/2025\/04\/CORNUS-x-rutgersensis-Celestial-Shadow-416x416.webp 416w, https:\/\/www.vallonchene.fr\/wp-content\/uploads\/2025\/04\/CORNUS-x-rutgersensis-Celestial-Shadow-100x100.webp 100w, https:\/\/www.vallonchene.fr\/wp-content\/uploads\/2025\/04\/CORNUS-x-rutgersensis-Celestial-Shadow-32x32.webp 32w, https:\/\/www.vallonchene.fr\/wp-content\/uploads\/2025\/04\/CORNUS-x-rutgersensis-Celestial-Shadow-64x64.webp 64w, https:\/\/www.vallonchene.fr\/wp-content\/uploads\/2025\/04\/CORNUS-x-rutgersensis-Celestial-Shadow.webp 1200w\" sizes=\"(max-width: 1024px) 100vw, 1024px\" \/><\/a><\/figure><div class=\"wp-block-media-text__content\">\n<h3 class=\"wp-block-heading has-normal-font-size\" id=\"h-cornus-x-rutgersensis-celestial-shadow\"><a href=\"https:\/\/www.vallonchene.fr\/es\/producto\/cornus-x-rutgersensis-celestial-shadow\/#tab-title-description\"><strong>CORNUS x rutgersensis &#8216;Celestial Shadow&#8217;<\/strong><\/a><\/h3>\n\n\n\n<p class=\"has-small-font-size\">30 de abril de 2025<\/p>\n\n\n\n<p>El&nbsp;CORNUS x rutgersensis \u2018Celestial Shadow\u2019, tambi\u00e9n conocido como&nbsp;cornejo de Rutgers, sorprende por su&nbsp;follaje muy luminoso, verde con un borde bastante amplio de un\u2026<br><a href=\"https:\/\/www.vallonchene.fr\/es\/producto\/cornus-x-rutgersensis-celestial-shadow\/#tab-title-description\"><strong>Leer m\u00e1s<\/strong><\/a> (secci\u00f3n descripci\u00f3n)<\/p>\n<\/div><\/div>\n\n\n\n<div class=\"wp-block-media-text is-stacked-on-mobile\" style=\"grid-template-columns:25% auto\"><figure class=\"wp-block-media-text__media\"><a href=\"https:\/\/www.vallonchene.fr\/es\/producto\/chamaecyparis-lawsoniana-wissels-saguaro-falso-cipres-de-lawson\/#tab-title-description\"><img decoding=\"async\" width=\"1024\" height=\"1024\" src=\"https:\/\/www.vallonchene.fr\/wp-content\/uploads\/2025\/04\/CHAMAECYPARIS-lawsoniana-Wissels-Saguaro_03-1024x1024.webp\" alt=\"Forma de crecimiento extremadamente vertical de CHAMAECYPARIS lawsoniana 'Wissel's Saguaro'\" class=\"wp-image-53658 size-medium\" srcset=\"https:\/\/www.vallonchene.fr\/wp-content\/uploads\/2025\/04\/CHAMAECYPARIS-lawsoniana-Wissels-Saguaro_03-1024x1024.webp 1024w, https:\/\/www.vallonchene.fr\/wp-content\/uploads\/2025\/04\/CHAMAECYPARIS-lawsoniana-Wissels-Saguaro_03-300x300.webp 300w, https:\/\/www.vallonchene.fr\/wp-content\/uploads\/2025\/04\/CHAMAECYPARIS-lawsoniana-Wissels-Saguaro_03-150x150.webp 150w, https:\/\/www.vallonchene.fr\/wp-content\/uploads\/2025\/04\/CHAMAECYPARIS-lawsoniana-Wissels-Saguaro_03-768x768.webp 768w, https:\/\/www.vallonchene.fr\/wp-content\/uploads\/2025\/04\/CHAMAECYPARIS-lawsoniana-Wissels-Saguaro_03-324x324.webp 324w, https:\/\/www.vallonchene.fr\/wp-content\/uploads\/2025\/04\/CHAMAECYPARIS-lawsoniana-Wissels-Saguaro_03-416x416.webp 416w, https:\/\/www.vallonchene.fr\/wp-content\/uploads\/2025\/04\/CHAMAECYPARIS-lawsoniana-Wissels-Saguaro_03-100x100.webp 100w, https:\/\/www.vallonchene.fr\/wp-content\/uploads\/2025\/04\/CHAMAECYPARIS-lawsoniana-Wissels-Saguaro_03-32x32.webp 32w, https:\/\/www.vallonchene.fr\/wp-content\/uploads\/2025\/04\/CHAMAECYPARIS-lawsoniana-Wissels-Saguaro_03-64x64.webp 64w, https:\/\/www.vallonchene.fr\/wp-content\/uploads\/2025\/04\/CHAMAECYPARIS-lawsoniana-Wissels-Saguaro_03.webp 1200w\" sizes=\"(max-width: 1024px) 100vw, 1024px\" \/><\/a><\/figure><div class=\"wp-block-media-text__content\">\n<h3 class=\"wp-block-heading has-normal-font-size\" id=\"h-chamaecyparis-lawsoniana-wissel-s-saguaro\"><a href=\"https:\/\/www.vallonchene.fr\/es\/producto\/chamaecyparis-lawsoniana-wissels-saguaro-falso-cipres-de-lawson\/#tab-title-description\"><strong>CHAMAECYPARIS lawsoniana &#8216;Wissel&#8217;s Saguaro&#8217;<\/strong><\/a><\/h3>\n\n\n\n<p class=\"has-small-font-size\">24 de abril de 2025<\/p>\n\n\n\n<p>El CHAMAECYPARIS lawsoniana \u2018Wissel\u2019s Saguaro\u2019 (cipr\u00e9s de Lawson) se encuentra entre las plantas excepcionales. De hecho, su porte extremadamente estrecho y muy vertical es una rareza en\u2026<br><a href=\"https:\/\/www.vallonchene.fr\/es\/producto\/chamaecyparis-lawsoniana-wissels-saguaro-falso-cipres-de-lawson\/#tab-title-description\"><strong>Leer m\u00e1s<\/strong><\/a> (secci\u00f3n descripci\u00f3n)<\/p>\n<\/div><\/div>\n\n\n\n<div class=\"wp-block-media-text is-stacked-on-mobile\" style=\"grid-template-columns:25% auto\"><figure class=\"wp-block-media-text__media\"><a href=\"https:\/\/www.vallonchene.fr\/es\/producto\/acer-negundo-kellys-gold\/#tab-title-description\"><img decoding=\"async\" width=\"1024\" height=\"1024\" src=\"https:\/\/www.vallonchene.fr\/wp-content\/uploads\/2025\/04\/ACER-negundo-Kellys-Gold_01-1024x1024.webp\" alt=\"Un ACER negundo 'Kelly's Gold' de aproximadamente 25 a\u00f1os a principios de primavera en el Jard\u00edn de Vallonch\u00eane.\" class=\"wp-image-53589 size-medium\" srcset=\"https:\/\/www.vallonchene.fr\/wp-content\/uploads\/2025\/04\/ACER-negundo-Kellys-Gold_01-1024x1024.webp 1024w, https:\/\/www.vallonchene.fr\/wp-content\/uploads\/2025\/04\/ACER-negundo-Kellys-Gold_01-300x300.webp 300w, https:\/\/www.vallonchene.fr\/wp-content\/uploads\/2025\/04\/ACER-negundo-Kellys-Gold_01-150x150.webp 150w, https:\/\/www.vallonchene.fr\/wp-content\/uploads\/2025\/04\/ACER-negundo-Kellys-Gold_01-768x768.webp 768w, https:\/\/www.vallonchene.fr\/wp-content\/uploads\/2025\/04\/ACER-negundo-Kellys-Gold_01-324x324.webp 324w, https:\/\/www.vallonchene.fr\/wp-content\/uploads\/2025\/04\/ACER-negundo-Kellys-Gold_01-416x416.webp 416w, https:\/\/www.vallonchene.fr\/wp-content\/uploads\/2025\/04\/ACER-negundo-Kellys-Gold_01-100x100.webp 100w, https:\/\/www.vallonchene.fr\/wp-content\/uploads\/2025\/04\/ACER-negundo-Kellys-Gold_01-32x32.webp 32w, https:\/\/www.vallonchene.fr\/wp-content\/uploads\/2025\/04\/ACER-negundo-Kellys-Gold_01-64x64.webp 64w, https:\/\/www.vallonchene.fr\/wp-content\/uploads\/2025\/04\/ACER-negundo-Kellys-Gold_01.webp 1200w\" sizes=\"(max-width: 1024px) 100vw, 1024px\" \/><\/a><\/figure><div class=\"wp-block-media-text__content\">\n<h3 class=\"wp-block-heading has-normal-font-size\" id=\"h-acer-negundo-kelly-s-gold\"><a href=\"https:\/\/www.vallonchene.fr\/es\/producto\/acer-negundo-kellys-gold\/#tab-title-description\"><strong>ACER negundo &#8216;Kelly&#8217;s Gold&#8217;<\/strong><\/a><\/h3>\n\n\n\n<p class=\"has-small-font-size\">16 de abril de 2025<\/p>\n\n\n\n<p>ACER negunda \u2018Kelly\u2019s Gold\u2019 es un arce de hojas de fresno que desarrolla flores masculinas en la madera desnuda a principios de primavera. Estas est\u00e1n formadas por racimos de hilos\u2026<br><a href=\"https:\/\/www.vallonchene.fr\/es\/producto\/acer-negundo-kellys-gold\/#tab-title-description\"><strong>Leer m\u00e1s<\/strong><\/a> (secci\u00f3n descripci\u00f3n)<\/p>\n<\/div><\/div>\n\n\n\n<div class=\"wp-block-media-text is-stacked-on-mobile\" style=\"grid-template-columns:25% auto\"><figure class=\"wp-block-media-text__media\"><a href=\"https:\/\/www.vallonchene.fr\/es\/producto\/alchornea-davidii\/#tab-title-description\"><img decoding=\"async\" width=\"1024\" height=\"1024\" src=\"https:\/\/www.vallonchene.fr\/wp-content\/uploads\/2025\/04\/ALCHORNEA-davidii_03-1024x1024.webp\" alt=\"Follaje rojo de ALCHORNEA davidii en primavera\" class=\"wp-image-53509 size-medium\" srcset=\"https:\/\/www.vallonchene.fr\/wp-content\/uploads\/2025\/04\/ALCHORNEA-davidii_03-1024x1024.webp 1024w, https:\/\/www.vallonchene.fr\/wp-content\/uploads\/2025\/04\/ALCHORNEA-davidii_03-300x300.webp 300w, https:\/\/www.vallonchene.fr\/wp-content\/uploads\/2025\/04\/ALCHORNEA-davidii_03-150x150.webp 150w, https:\/\/www.vallonchene.fr\/wp-content\/uploads\/2025\/04\/ALCHORNEA-davidii_03-768x768.webp 768w, https:\/\/www.vallonchene.fr\/wp-content\/uploads\/2025\/04\/ALCHORNEA-davidii_03-324x324.webp 324w, https:\/\/www.vallonchene.fr\/wp-content\/uploads\/2025\/04\/ALCHORNEA-davidii_03-416x416.webp 416w, https:\/\/www.vallonchene.fr\/wp-content\/uploads\/2025\/04\/ALCHORNEA-davidii_03-100x100.webp 100w, https:\/\/www.vallonchene.fr\/wp-content\/uploads\/2025\/04\/ALCHORNEA-davidii_03-32x32.webp 32w, https:\/\/www.vallonchene.fr\/wp-content\/uploads\/2025\/04\/ALCHORNEA-davidii_03-64x64.webp 64w, https:\/\/www.vallonchene.fr\/wp-content\/uploads\/2025\/04\/ALCHORNEA-davidii_03.webp 1200w\" sizes=\"(max-width: 1024px) 100vw, 1024px\" \/><\/a><\/figure><div class=\"wp-block-media-text__content\">\n<h3 class=\"wp-block-heading has-normal-font-size\" id=\"h-alchornea-davidii\"><a href=\"https:\/\/www.vallonchene.fr\/es\/producto\/alchornea-davidii\/#tab-title-description\"><strong>ALCHORNEA davidii<\/strong><\/a><\/h3>\n\n\n\n<p class=\"has-small-font-size\">9 de abril de 2025<\/p>\n\n\n\n<p>La ALCHORNEA davidii, tambi\u00e9n conocida como Alcornea de David, es una planta caduca que nos llega desde China. En primavera, desarrolla un follaje de un\u2026<br><a href=\"https:\/\/www.vallonchene.fr\/es\/producto\/alchornea-davidii\/#tab-title-description\"><strong>Leer m\u00e1s<\/strong><\/a> (secci\u00f3n descripci\u00f3n)<\/p>\n<\/div><\/div>\n\n\n\n<div class=\"wp-block-media-text is-stacked-on-mobile\" style=\"grid-template-columns:25% auto\"><figure class=\"wp-block-media-text__media\"><a href=\"https:\/\/www.vallonchene.fr\/es\/producto\/aesculus-x-carnea-aureomarginata\/#tab-title-description\"><img decoding=\"async\" width=\"1024\" height=\"1024\" src=\"https:\/\/www.vallonchene.fr\/wp-content\/uploads\/2024\/10\/AESCULUS-x-carnea-Aureomarginata-1024x1024.webp\" alt=\"Follaje verde bordeado de amarillo del AESCULUS x carnea 'Aureomarginata' (sin. A. carnea 'Variegata').\" class=\"wp-image-53391 size-medium\" srcset=\"https:\/\/www.vallonchene.fr\/wp-content\/uploads\/2024\/10\/AESCULUS-x-carnea-Aureomarginata-1024x1024.webp 1024w, https:\/\/www.vallonchene.fr\/wp-content\/uploads\/2024\/10\/AESCULUS-x-carnea-Aureomarginata-300x300.webp 300w, https:\/\/www.vallonchene.fr\/wp-content\/uploads\/2024\/10\/AESCULUS-x-carnea-Aureomarginata-150x150.webp 150w, https:\/\/www.vallonchene.fr\/wp-content\/uploads\/2024\/10\/AESCULUS-x-carnea-Aureomarginata-768x768.webp 768w, https:\/\/www.vallonchene.fr\/wp-content\/uploads\/2024\/10\/AESCULUS-x-carnea-Aureomarginata-324x324.webp 324w, https:\/\/www.vallonchene.fr\/wp-content\/uploads\/2024\/10\/AESCULUS-x-carnea-Aureomarginata-416x416.webp 416w, https:\/\/www.vallonchene.fr\/wp-content\/uploads\/2024\/10\/AESCULUS-x-carnea-Aureomarginata-100x100.webp 100w, https:\/\/www.vallonchene.fr\/wp-content\/uploads\/2024\/10\/AESCULUS-x-carnea-Aureomarginata-32x32.webp 32w, https:\/\/www.vallonchene.fr\/wp-content\/uploads\/2024\/10\/AESCULUS-x-carnea-Aureomarginata-64x64.webp 64w, https:\/\/www.vallonchene.fr\/wp-content\/uploads\/2024\/10\/AESCULUS-x-carnea-Aureomarginata.webp 1200w\" sizes=\"(max-width: 1024px) 100vw, 1024px\" \/><\/a><\/figure><div class=\"wp-block-media-text__content\">\n<h3 class=\"wp-block-heading has-normal-font-size\" id=\"h-aesculus-x-carnea-aureomarginata\"><a href=\"https:\/\/www.vallonchene.fr\/es\/producto\/aesculus-x-carnea-aureomarginata\/#tab-title-description\"><strong>AESCULUS x carnea &#8216;Aureomarginata&#8217;<\/strong><\/a><\/h3>\n\n\n\n<p class=\"has-small-font-size\">2 de abril de 2025<\/p>\n\n\n\n<p>El AESCULUS x carnea \u2018Aureomarginata\u2019 (sin. AESCULUS x carnea \u2018Variegata\u2019), tambi\u00e9n conocido como casta\u00f1o rojo, es un \u00e1rbol peque\u00f1o y maravilloso. En primer lugar, crece mucho m\u00e1s\u2026<br><a href=\"https:\/\/www.vallonchene.fr\/es\/producto\/aesculus-x-carnea-aureomarginata\/#tab-title-description\"><strong>Leer m\u00e1s<\/strong><\/a> (secci\u00f3n descripci\u00f3n)<\/p>\n<\/div><\/div>\n\n\n\n<div class=\"wp-block-media-text is-stacked-on-mobile\" style=\"grid-template-columns:25% auto\"><figure class=\"wp-block-media-text__media\"><a href=\"https:\/\/www.vallonchene.fr\/es\/producto\/abies-koreana-blue-emperor\/#tab-title-description\"><img decoding=\"async\" width=\"1024\" height=\"1024\" src=\"https:\/\/www.vallonchene.fr\/wp-content\/uploads\/2025\/03\/ABIES-koreana-Blue-Emperor_02-1024x1024.webp\" alt=\"Primer plano de los conos azules de ABIES koreana \u2018Blue Emperor\u2019\" class=\"wp-image-53289 size-medium\" srcset=\"https:\/\/www.vallonchene.fr\/wp-content\/uploads\/2025\/03\/ABIES-koreana-Blue-Emperor_02-1024x1024.webp 1024w, https:\/\/www.vallonchene.fr\/wp-content\/uploads\/2025\/03\/ABIES-koreana-Blue-Emperor_02-300x300.webp 300w, https:\/\/www.vallonchene.fr\/wp-content\/uploads\/2025\/03\/ABIES-koreana-Blue-Emperor_02-150x150.webp 150w, https:\/\/www.vallonchene.fr\/wp-content\/uploads\/2025\/03\/ABIES-koreana-Blue-Emperor_02-768x768.webp 768w, https:\/\/www.vallonchene.fr\/wp-content\/uploads\/2025\/03\/ABIES-koreana-Blue-Emperor_02-324x324.webp 324w, https:\/\/www.vallonchene.fr\/wp-content\/uploads\/2025\/03\/ABIES-koreana-Blue-Emperor_02-416x416.webp 416w, https:\/\/www.vallonchene.fr\/wp-content\/uploads\/2025\/03\/ABIES-koreana-Blue-Emperor_02-100x100.webp 100w, https:\/\/www.vallonchene.fr\/wp-content\/uploads\/2025\/03\/ABIES-koreana-Blue-Emperor_02-32x32.webp 32w, https:\/\/www.vallonchene.fr\/wp-content\/uploads\/2025\/03\/ABIES-koreana-Blue-Emperor_02-64x64.webp 64w, https:\/\/www.vallonchene.fr\/wp-content\/uploads\/2025\/03\/ABIES-koreana-Blue-Emperor_02.webp 1200w\" sizes=\"(max-width: 1024px) 100vw, 1024px\" \/><\/a><\/figure><div class=\"wp-block-media-text__content\">\n<h3 class=\"wp-block-heading has-normal-font-size\" id=\"h-abies-koreana-blue-emperor\"><a href=\"https:\/\/www.vallonchene.fr\/es\/producto\/abies-koreana-blue-emperor\/#tab-title-description\"><strong>ABIES koreana &#8216;Blue Emperor&#8217;<\/strong><\/a><\/h3>\n\n\n\n<p class=\"has-small-font-size\">27 de marzo de 2025<\/p>\n\n\n\n<p>El ABIES koreana \u2018Blue Emperor\u2019 se clasifica entre los abetos de Corea. Es una planta bastante fabulosa. De hecho, este peque\u00f1o con\u00edfero desarrolla en primavera grandes\u2026<br><a href=\"https:\/\/www.vallonchene.fr\/es\/producto\/abies-koreana-blue-emperor\/#tab-title-description\"><strong>Leer m\u00e1s<\/strong><\/a> (secci\u00f3n descripci\u00f3n)<\/p>\n<\/div><\/div>\n\n\n\n<div class=\"wp-block-media-text is-stacked-on-mobile\" style=\"grid-template-columns:25% auto\"><figure class=\"wp-block-media-text__media\"><a href=\"https:\/\/www.vallonchene.fr\/es\/producto\/cornus-mas-aurea\/#tab-title-description\"><img decoding=\"async\" width=\"1023\" height=\"1023\" src=\"https:\/\/www.vallonchene.fr\/wp-content\/uploads\/2024\/05\/CORNUS-mas-Aurea.webp\" alt=\"Follaje amarillo brillante de CORNUS mas 'Aurea'\" class=\"wp-image-51820 size-medium\" srcset=\"https:\/\/www.vallonchene.fr\/wp-content\/uploads\/2024\/05\/CORNUS-mas-Aurea.webp 1023w, https:\/\/www.vallonchene.fr\/wp-content\/uploads\/2024\/05\/CORNUS-mas-Aurea-300x300.webp 300w, https:\/\/www.vallonchene.fr\/wp-content\/uploads\/2024\/05\/CORNUS-mas-Aurea-150x150.webp 150w, https:\/\/www.vallonchene.fr\/wp-content\/uploads\/2024\/05\/CORNUS-mas-Aurea-768x768.webp 768w, https:\/\/www.vallonchene.fr\/wp-content\/uploads\/2024\/05\/CORNUS-mas-Aurea-324x324.webp 324w, https:\/\/www.vallonchene.fr\/wp-content\/uploads\/2024\/05\/CORNUS-mas-Aurea-416x416.webp 416w, https:\/\/www.vallonchene.fr\/wp-content\/uploads\/2024\/05\/CORNUS-mas-Aurea-100x100.webp 100w, https:\/\/www.vallonchene.fr\/wp-content\/uploads\/2024\/05\/CORNUS-mas-Aurea-32x32.webp 32w, https:\/\/www.vallonchene.fr\/wp-content\/uploads\/2024\/05\/CORNUS-mas-Aurea-64x64.webp 64w\" sizes=\"(max-width: 1023px) 100vw, 1023px\" \/><\/a><\/figure><div class=\"wp-block-media-text__content\">\n<h3 class=\"wp-block-heading has-normal-font-size\" id=\"h-cornus-mas-aurea\"><a href=\"https:\/\/www.vallonchene.fr\/es\/producto\/cornus-mas-aurea\/#tab-title-description\"><strong>CORNUS mas &#8216;Aurea&#8217;<\/strong><\/a><\/h3>\n\n\n\n<p class=\"has-small-font-size\">19 de marzo de 2025<\/p>\n\n\n\n<p>El CORNUS mas \u2018Aurea\u2019 es un arbusto notable que iluminar\u00e1 su jard\u00edn durante todas las estaciones. En verano, el follaje brillante de un amarillo dorado de este cornejo macho realza los\u2026<br><a href=\"https:\/\/www.vallonchene.fr\/es\/producto\/cornus-mas-aurea\/#tab-title-description\"><strong>Leer m\u00e1s<\/strong><\/a> (secci\u00f3n descripci\u00f3n)<\/p>\n<\/div><\/div>\n\n\n\n<div class=\"wp-block-media-text is-stacked-on-mobile\" style=\"grid-template-columns:25% auto\"><figure class=\"wp-block-media-text__media\"><a href=\"https:\/\/www.vallonchene.fr\/es\/producto\/cedrus-libani-ssp-atlantica-saphire-nymph\/#tab-title-description\"><img decoding=\"async\" width=\"1024\" height=\"1024\" src=\"https:\/\/www.vallonchene.fr\/wp-content\/uploads\/2025\/03\/CEDRUS-libani-ssp.-atlantica-Saphire-Nymph_01-1024x1024.jpg\" alt=\"Agujas azules de CEDRUS libani ssp. atlantica 'Saphire Nymph'\" class=\"wp-image-52734 size-medium\" srcset=\"https:\/\/www.vallonchene.fr\/wp-content\/uploads\/2025\/03\/CEDRUS-libani-ssp.-atlantica-Saphire-Nymph_01-1024x1024.jpg 1024w, https:\/\/www.vallonchene.fr\/wp-content\/uploads\/2025\/03\/CEDRUS-libani-ssp.-atlantica-Saphire-Nymph_01-300x300.jpg 300w, https:\/\/www.vallonchene.fr\/wp-content\/uploads\/2025\/03\/CEDRUS-libani-ssp.-atlantica-Saphire-Nymph_01-150x150.jpg 150w, https:\/\/www.vallonchene.fr\/wp-content\/uploads\/2025\/03\/CEDRUS-libani-ssp.-atlantica-Saphire-Nymph_01-768x768.jpg 768w, https:\/\/www.vallonchene.fr\/wp-content\/uploads\/2025\/03\/CEDRUS-libani-ssp.-atlantica-Saphire-Nymph_01-324x324.jpg 324w, https:\/\/www.vallonchene.fr\/wp-content\/uploads\/2025\/03\/CEDRUS-libani-ssp.-atlantica-Saphire-Nymph_01-416x416.jpg 416w, https:\/\/www.vallonchene.fr\/wp-content\/uploads\/2025\/03\/CEDRUS-libani-ssp.-atlantica-Saphire-Nymph_01-100x100.jpg 100w, https:\/\/www.vallonchene.fr\/wp-content\/uploads\/2025\/03\/CEDRUS-libani-ssp.-atlantica-Saphire-Nymph_01-32x32.jpg 32w, https:\/\/www.vallonchene.fr\/wp-content\/uploads\/2025\/03\/CEDRUS-libani-ssp.-atlantica-Saphire-Nymph_01-64x64.jpg 64w, https:\/\/www.vallonchene.fr\/wp-content\/uploads\/2025\/03\/CEDRUS-libani-ssp.-atlantica-Saphire-Nymph_01.jpg 1200w\" sizes=\"(max-width: 1024px) 100vw, 1024px\" \/><\/a><\/figure><div class=\"wp-block-media-text__content\">\n<h3 class=\"wp-block-heading has-normal-font-size\" id=\"h-cedrus-libani-ssp-atlantica-saphire-nymph\"><a href=\"https:\/\/www.vallonchene.fr\/es\/producto\/cedrus-libani-ssp-atlantica-saphire-nymph\/#tab-title-description\"><strong>CEDRUS libani ssp atlantica &#8216;Saphire Nymph&#8217;<\/strong><\/a><\/h3>\n\n\n\n<p class=\"has-small-font-size\">13 de marzo de 2025<\/p>\n\n\n\n<p>D\u00e9jese cautivar por la espl\u00e9ndida singularidad del CEDRUS libani ssp. atlantica \u2018Saphire Nymph\u2019 , com\u00fanmente llamado Cedro del Atlas enano. Este majestuoso cedro se distingue por sus agujas de un\u2026<br><a href=\"https:\/\/www.vallonchene.fr\/es\/producto\/cedrus-libani-ssp-atlantica-saphire-nymph\/#tab-title-description\"><strong>Leer m\u00e1s<\/strong><\/a> (secci\u00f3n descripci\u00f3n)<\/p>\n<\/div><\/div>\n\n\n\n<div class=\"wp-block-media-text is-stacked-on-mobile\" style=\"grid-template-columns:25% auto\"><figure class=\"wp-block-media-text__media\"><a href=\"https:\/\/www.vallonchene.fr\/es\/producto\/stewartia-malacodendron-camelia-sedosa-stewartia-sedosa\/#tab-title-description\"><img decoding=\"async\" width=\"1024\" height=\"866\" src=\"https:\/\/www.vallonchene.fr\/wp-content\/uploads\/2025\/03\/Stewartia_malacodendron-1024x866.jpg\" alt=\"Flores blancas de STEWARTIA malacodendron\" class=\"wp-image-52653 size-medium\" srcset=\"https:\/\/www.vallonchene.fr\/wp-content\/uploads\/2025\/03\/Stewartia_malacodendron-1024x866.jpg 1024w, https:\/\/www.vallonchene.fr\/wp-content\/uploads\/2025\/03\/Stewartia_malacodendron-300x254.jpg 300w, https:\/\/www.vallonchene.fr\/wp-content\/uploads\/2025\/03\/Stewartia_malacodendron-768x649.jpg 768w, https:\/\/www.vallonchene.fr\/wp-content\/uploads\/2025\/03\/Stewartia_malacodendron-416x352.jpg 416w, https:\/\/www.vallonchene.fr\/wp-content\/uploads\/2025\/03\/Stewartia_malacodendron-64x54.jpg 64w, https:\/\/www.vallonchene.fr\/wp-content\/uploads\/2025\/03\/Stewartia_malacodendron.jpg 1183w\" sizes=\"(max-width: 1024px) 100vw, 1024px\" \/><\/a><\/figure><div class=\"wp-block-media-text__content\">\n<h3 class=\"wp-block-heading has-normal-font-size\" id=\"h-stewartia-malacodendron\"><a href=\"https:\/\/www.vallonchene.fr\/es\/producto\/stewartia-malacodendron-camelia-sedosa-stewartia-sedosa\/#tab-title-description\"><strong>STEWARTIA malacodendron<\/strong><\/a><\/h3>\n\n\n\n<p class=\"has-small-font-size\">5 de marzo de 2025<\/p>\n\n\n\n<p>En primer lugar, el STEWARTIA malacodendron se distingue por sus cualidades excepcionales. De hecho, esta planta extremadamente rara produce flores de un blanco radiante, s\u00edmbolo de\u2026<br><a href=\"https:\/\/www.vallonchene.fr\/es\/producto\/stewartia-malacodendron-camelia-sedosa-stewartia-sedosa\/#tab-title-description\"><strong>Leer m\u00e1s<\/strong><\/a> (secci\u00f3n descripci\u00f3n)<\/p>\n<\/div><\/div>\n\n\n\n<div class=\"wp-block-media-text is-stacked-on-mobile\" style=\"grid-template-columns:25% auto\"><figure class=\"wp-block-media-text__media\"><a href=\"https:\/\/www.vallonchene.fr\/es\/producto\/pinus-jeffreyi-joppi\/#tab-title-description\"><img decoding=\"async\" src=\"https:\/\/www.vallonchene.fr\/wp-content\/uploads\/2025\/02\/PINUS-jeffreyi-Joppi_04-1024x1024.webp\" alt=\"Gros plan des aiguilles du PINUS jeffreyi 'Joppi' en comparaison avec une main\" class=\"wp-image-52519 size-medium\"\/><\/a><\/figure><div class=\"wp-block-media-text__content\">\n<h3 class=\"wp-block-heading has-normal-font-size\" id=\"h-pinus-jeffreyi-joppi\"><a href=\"https:\/\/www.vallonchene.fr\/es\/producto\/pinus-jeffreyi-joppi\/#tab-title-description\"><strong>PINUS jeffreyi &#8216;Joppi&#8217;<\/strong><\/a><\/h3>\n\n\n\n<p class=\"has-small-font-size\">20 de febrero de 2025<\/p>\n\n\n\n<p>Si est\u00e1 buscando una planta excepcional para embellecer su jard\u00edn, el PINUS jeffreyi \u2018Joppi\u2019 es una opci\u00f3n ideal. Tambi\u00e9n se le conoce como Pino de Jeffrey enano. De hecho, este raro con\u00edfero encanta con\u2026<br><a href=\"https:\/\/www.vallonchene.fr\/es\/producto\/pinus-jeffreyi-joppi\/#tab-title-description\"><strong>Leer m\u00e1s<\/strong><\/a> (secci\u00f3n descripci\u00f3n)<\/p>\n<\/div><\/div>\n\n\n\n<div class=\"wp-block-media-text is-stacked-on-mobile\" style=\"grid-template-columns:25% auto\"><figure class=\"wp-block-media-text__media\"><a href=\"https:\/\/www.vallonchene.fr\/es\/producto\/cryptomeria-japonica-elegans\/#tab-title-description\"><img decoding=\"async\" width=\"1024\" height=\"1024\" src=\"https:\/\/www.vallonchene.fr\/wp-content\/uploads\/2025\/02\/CRYPTOMERIA-japonica-Elegans_01-1024x1024.webp\" alt=\"Primer plano del follaje verde del CRYPTOMERIA japonica 'Elegans'\" class=\"wp-image-52296 size-medium\" srcset=\"https:\/\/www.vallonchene.fr\/wp-content\/uploads\/2025\/02\/CRYPTOMERIA-japonica-Elegans_01-1024x1024.webp 1024w, https:\/\/www.vallonchene.fr\/wp-content\/uploads\/2025\/02\/CRYPTOMERIA-japonica-Elegans_01-300x300.webp 300w, https:\/\/www.vallonchene.fr\/wp-content\/uploads\/2025\/02\/CRYPTOMERIA-japonica-Elegans_01-150x150.webp 150w, https:\/\/www.vallonchene.fr\/wp-content\/uploads\/2025\/02\/CRYPTOMERIA-japonica-Elegans_01-768x768.webp 768w, https:\/\/www.vallonchene.fr\/wp-content\/uploads\/2025\/02\/CRYPTOMERIA-japonica-Elegans_01-324x324.webp 324w, https:\/\/www.vallonchene.fr\/wp-content\/uploads\/2025\/02\/CRYPTOMERIA-japonica-Elegans_01-416x416.webp 416w, https:\/\/www.vallonchene.fr\/wp-content\/uploads\/2025\/02\/CRYPTOMERIA-japonica-Elegans_01-100x100.webp 100w, https:\/\/www.vallonchene.fr\/wp-content\/uploads\/2025\/02\/CRYPTOMERIA-japonica-Elegans_01-32x32.webp 32w, https:\/\/www.vallonchene.fr\/wp-content\/uploads\/2025\/02\/CRYPTOMERIA-japonica-Elegans_01-64x64.webp 64w, https:\/\/www.vallonchene.fr\/wp-content\/uploads\/2025\/02\/CRYPTOMERIA-japonica-Elegans_01.webp 1200w\" sizes=\"(max-width: 1024px) 100vw, 1024px\" \/><\/a><\/figure><div class=\"wp-block-media-text__content\">\n<h3 class=\"wp-block-heading has-normal-font-size\" id=\"h-cryptomeria-japonica-elegans\"><a href=\"https:\/\/www.vallonchene.fr\/es\/producto\/cryptomeria-japonica-elegans\/#tab-title-description\"><strong>CRYPTOMERIA japonica &#8216;Elegans&#8217;<\/strong><\/a><\/h3>\n\n\n\n<p class=\"has-small-font-size\">6 de febrero de 2025<\/p>\n\n\n\n<p>El CRYPTOMERIA japonica \u2018Elegans\u2019 es un sugi excepcional que seducir\u00e1 a los aficionados a la jardiner\u00eda y a los entusiastas de las plantas ex\u00f3ticas. Esta maravilla vegetal\u2026<br><a href=\"https:\/\/www.vallonchene.fr\/es\/producto\/cryptomeria-japonica-elegans\/#tab-title-description\"><strong>Leer m\u00e1s<\/strong><\/a> (secci\u00f3n descripci\u00f3n)<\/p>\n<\/div><\/div>\n\n\n\n<div class=\"wp-block-media-text is-stacked-on-mobile\" style=\"grid-template-columns:25% auto\"><figure class=\"wp-block-media-text__media\"><a href=\"https:\/\/www.vallonchene.fr\/es\/producto\/chamaecyparis-lawsoniana-luna\/#tab-title-description\"><img decoding=\"async\" width=\"1024\" height=\"1024\" src=\"https:\/\/www.vallonchene.fr\/wp-content\/uploads\/2024\/10\/CHAMAECYPARIS-lawsoniana-Luna_02-1024x1024.webp\" alt=\"Primer plano del follaje blanco del CHAMAECYPARIS lawsoniana 'Luna'\" class=\"wp-image-51094 size-medium\" srcset=\"https:\/\/www.vallonchene.fr\/wp-content\/uploads\/2024\/10\/CHAMAECYPARIS-lawsoniana-Luna_02-1024x1024.webp 1024w, https:\/\/www.vallonchene.fr\/wp-content\/uploads\/2024\/10\/CHAMAECYPARIS-lawsoniana-Luna_02-300x300.webp 300w, https:\/\/www.vallonchene.fr\/wp-content\/uploads\/2024\/10\/CHAMAECYPARIS-lawsoniana-Luna_02-150x150.webp 150w, https:\/\/www.vallonchene.fr\/wp-content\/uploads\/2024\/10\/CHAMAECYPARIS-lawsoniana-Luna_02-768x768.webp 768w, https:\/\/www.vallonchene.fr\/wp-content\/uploads\/2024\/10\/CHAMAECYPARIS-lawsoniana-Luna_02-324x324.webp 324w, https:\/\/www.vallonchene.fr\/wp-content\/uploads\/2024\/10\/CHAMAECYPARIS-lawsoniana-Luna_02-416x416.webp 416w, https:\/\/www.vallonchene.fr\/wp-content\/uploads\/2024\/10\/CHAMAECYPARIS-lawsoniana-Luna_02-100x100.webp 100w, https:\/\/www.vallonchene.fr\/wp-content\/uploads\/2024\/10\/CHAMAECYPARIS-lawsoniana-Luna_02-32x32.webp 32w, https:\/\/www.vallonchene.fr\/wp-content\/uploads\/2024\/10\/CHAMAECYPARIS-lawsoniana-Luna_02-64x64.webp 64w, https:\/\/www.vallonchene.fr\/wp-content\/uploads\/2024\/10\/CHAMAECYPARIS-lawsoniana-Luna_02.webp 1200w\" sizes=\"(max-width: 1024px) 100vw, 1024px\" \/><\/a><\/figure><div class=\"wp-block-media-text__content\">\n<h3 class=\"wp-block-heading has-normal-font-size\" id=\"h-chamaecyparis-lawsoniana-luna\"><a href=\"https:\/\/www.vallonchene.fr\/es\/producto\/chamaecyparis-lawsoniana-luna\/#tab-title-description\"><strong>CHAMAECYPARIS lawsoniana &#8216;Luna&#8217;<\/strong><\/a><\/h3>\n\n\n\n<p class=\"has-small-font-size\">30 de enero de 2025<\/p>\n\n\n\n<p>Primero, el CHAMAECYPARIS lawsoniana \u2018Luna\u2019 es una maravilla de la naturaleza que aportar\u00e1 un punto de atracci\u00f3n a su jard\u00edn. Esta variedad excepcional de cipr\u00e9s de Lawson se distingue por sus\u2026<br><a href=\"https:\/\/www.vallonchene.fr\/es\/producto\/chamaecyparis-lawsoniana-luna\/#tab-title-description\"><strong>Leer m\u00e1s<\/strong><\/a> (secci\u00f3n descripci\u00f3n)<\/p>\n<\/div><\/div>\n\n\n\n<div class=\"wp-block-media-text is-stacked-on-mobile\" style=\"grid-template-columns:25% auto\"><figure class=\"wp-block-media-text__media\"><a href=\"https:\/\/www.vallonchene.fr\/es\/producto\/cornus-wilsoniana-swida-wilsoniana\/#tab-title-description\"><img decoding=\"async\" width=\"1024\" height=\"1024\" src=\"https:\/\/www.vallonchene.fr\/wp-content\/uploads\/2024\/12\/CORNUS-wilsoniana-SWIDA-wilsoniana-1024x1024.jpg\" alt=\"Follaje verde del CORNUS wilsoniana (SWIDA wilsoniana)\" class=\"wp-image-50492 size-medium\" srcset=\"https:\/\/www.vallonchene.fr\/wp-content\/uploads\/2024\/12\/CORNUS-wilsoniana-SWIDA-wilsoniana-1024x1024.jpg 1024w, https:\/\/www.vallonchene.fr\/wp-content\/uploads\/2024\/12\/CORNUS-wilsoniana-SWIDA-wilsoniana-300x300.jpg 300w, https:\/\/www.vallonchene.fr\/wp-content\/uploads\/2024\/12\/CORNUS-wilsoniana-SWIDA-wilsoniana-150x150.jpg 150w, https:\/\/www.vallonchene.fr\/wp-content\/uploads\/2024\/12\/CORNUS-wilsoniana-SWIDA-wilsoniana-768x768.jpg 768w, https:\/\/www.vallonchene.fr\/wp-content\/uploads\/2024\/12\/CORNUS-wilsoniana-SWIDA-wilsoniana-324x324.jpg 324w, https:\/\/www.vallonchene.fr\/wp-content\/uploads\/2024\/12\/CORNUS-wilsoniana-SWIDA-wilsoniana-416x416.jpg 416w, https:\/\/www.vallonchene.fr\/wp-content\/uploads\/2024\/12\/CORNUS-wilsoniana-SWIDA-wilsoniana-100x100.jpg 100w, https:\/\/www.vallonchene.fr\/wp-content\/uploads\/2024\/12\/CORNUS-wilsoniana-SWIDA-wilsoniana-32x32.jpg 32w, https:\/\/www.vallonchene.fr\/wp-content\/uploads\/2024\/12\/CORNUS-wilsoniana-SWIDA-wilsoniana-64x64.jpg 64w, https:\/\/www.vallonchene.fr\/wp-content\/uploads\/2024\/12\/CORNUS-wilsoniana-SWIDA-wilsoniana.jpg 1200w\" sizes=\"(max-width: 1024px) 100vw, 1024px\" \/><\/a><\/figure><div class=\"wp-block-media-text__content\">\n<h3 class=\"wp-block-heading has-normal-font-size\" id=\"h-aesculus-hippocastanum-monstrosa\"><a href=\"https:\/\/www.vallonchene.fr\/es\/producto\/cornus-wilsoniana-swida-wilsoniana\/#tab-title-description\"><strong>AESCULUS hippocastanum &#8216;Monstrosa&#8217;<\/strong><\/a><\/h3>\n\n\n\n<p class=\"has-small-font-size\">5 de diciembre de 2024<\/p>\n\n\n\n<p>El CORNUS wilsoniana (sin. SWIDA wilsoniana), o cornejo de Wilson, es un \u00e1rbol ornamental que destaca por la singular belleza de su corteza. Esta se desprende en l\u00e1minas revelando tonalidades\u2026<br><a href=\"https:\/\/www.vallonchene.fr\/es\/producto\/cornus-wilsoniana-swida-wilsoniana\/#tab-title-description\"><strong>Leer m\u00e1s<\/strong><\/a> (secci\u00f3n descripci\u00f3n)<\/p>\n<\/div><\/div>\n\n\n\n<div class=\"wp-block-media-text is-stacked-on-mobile\" style=\"grid-template-columns:25% auto\"><figure class=\"wp-block-media-text__media\"><a href=\"https:\/\/www.vallonchene.fr\/es\/producto\/aesculus-hippocastanum-monstrosa\/#tab-title-description\"><img decoding=\"async\" width=\"1024\" height=\"1024\" src=\"https:\/\/www.vallonchene.fr\/wp-content\/uploads\/2024\/11\/AESCULUS-hippocastanum-Monstrosa-1024x1024.webp\" alt=\"Bois de l'AESCULUS hippocastanum 'Monstrosa' apr\u00e8s la chute des feuilles montrant les fasciations sur son bois\" class=\"wp-image-50191 size-medium\" srcset=\"https:\/\/www.vallonchene.fr\/wp-content\/uploads\/2024\/11\/AESCULUS-hippocastanum-Monstrosa-1024x1024.webp 1024w, https:\/\/www.vallonchene.fr\/wp-content\/uploads\/2024\/11\/AESCULUS-hippocastanum-Monstrosa-300x300.webp 300w, https:\/\/www.vallonchene.fr\/wp-content\/uploads\/2024\/11\/AESCULUS-hippocastanum-Monstrosa-150x150.webp 150w, https:\/\/www.vallonchene.fr\/wp-content\/uploads\/2024\/11\/AESCULUS-hippocastanum-Monstrosa-768x768.webp 768w, https:\/\/www.vallonchene.fr\/wp-content\/uploads\/2024\/11\/AESCULUS-hippocastanum-Monstrosa-324x324.webp 324w, https:\/\/www.vallonchene.fr\/wp-content\/uploads\/2024\/11\/AESCULUS-hippocastanum-Monstrosa-416x416.webp 416w, https:\/\/www.vallonchene.fr\/wp-content\/uploads\/2024\/11\/AESCULUS-hippocastanum-Monstrosa-100x100.webp 100w, https:\/\/www.vallonchene.fr\/wp-content\/uploads\/2024\/11\/AESCULUS-hippocastanum-Monstrosa-32x32.webp 32w, https:\/\/www.vallonchene.fr\/wp-content\/uploads\/2024\/11\/AESCULUS-hippocastanum-Monstrosa-64x64.webp 64w, https:\/\/www.vallonchene.fr\/wp-content\/uploads\/2024\/11\/AESCULUS-hippocastanum-Monstrosa.webp 1200w\" sizes=\"(max-width: 1024px) 100vw, 1024px\" \/><\/a><\/figure><div class=\"wp-block-media-text__content\">\n<h3 class=\"wp-block-heading has-normal-font-size\" id=\"h-aesculus-hippocastanum-monstrosa-0\"><a href=\"https:\/\/www.vallonchene.fr\/es\/producto\/aesculus-hippocastanum-monstrosa\/#tab-title-description\"><strong>AESCULUS hippocastanum &#8216;Monstrosa&#8217;<\/strong><\/a><\/h3>\n\n\n\n<p class=\"has-small-font-size\">21 de noviembre de 2024<\/p>\n\n\n\n<p>El AESCULUS hippocastanum \u2018Monstrosa\u2019 pertenece a la familia de los falsos casta\u00f1os. Es un peque\u00f1o \u00e1rbol ornamental de una belleza singular.<br>Su porte compacto y sus ramas tortuosas con fasciaciones\u2026<br><a href=\"https:\/\/www.vallonchene.fr\/es\/producto\/aesculus-hippocastanum-monstrosa\/#tab-title-description\"><strong>Leer m\u00e1s<\/strong><\/a> (secci\u00f3n descripci\u00f3n)<\/p>\n<\/div><\/div>\n\n\n\n<div class=\"wp-block-media-text is-stacked-on-mobile\" style=\"grid-template-columns:25% auto\"><figure class=\"wp-block-media-text__media\"><a href=\"https:\/\/www.vallonchene.fr\/es\/producto\/pilgerodendron-uviferum\/#tab-title-description\"><img decoding=\"async\" width=\"1024\" height=\"1024\" src=\"https:\/\/www.vallonchene.fr\/wp-content\/uploads\/2024\/11\/PILGERODENDRON-uviferum-1024x1024.webp\" alt=\"Gros plan sur le feuillage vers du PILGERODENDRON uviferum\" class=\"wp-image-50069 size-medium\" srcset=\"https:\/\/www.vallonchene.fr\/wp-content\/uploads\/2024\/11\/PILGERODENDRON-uviferum-1024x1024.webp 1024w, https:\/\/www.vallonchene.fr\/wp-content\/uploads\/2024\/11\/PILGERODENDRON-uviferum-300x300.webp 300w, https:\/\/www.vallonchene.fr\/wp-content\/uploads\/2024\/11\/PILGERODENDRON-uviferum-150x150.webp 150w, https:\/\/www.vallonchene.fr\/wp-content\/uploads\/2024\/11\/PILGERODENDRON-uviferum-768x768.webp 768w, https:\/\/www.vallonchene.fr\/wp-content\/uploads\/2024\/11\/PILGERODENDRON-uviferum-324x324.webp 324w, https:\/\/www.vallonchene.fr\/wp-content\/uploads\/2024\/11\/PILGERODENDRON-uviferum-416x416.webp 416w, https:\/\/www.vallonchene.fr\/wp-content\/uploads\/2024\/11\/PILGERODENDRON-uviferum-100x100.webp 100w, https:\/\/www.vallonchene.fr\/wp-content\/uploads\/2024\/11\/PILGERODENDRON-uviferum-32x32.webp 32w, https:\/\/www.vallonchene.fr\/wp-content\/uploads\/2024\/11\/PILGERODENDRON-uviferum-64x64.webp 64w, https:\/\/www.vallonchene.fr\/wp-content\/uploads\/2024\/11\/PILGERODENDRON-uviferum.webp 1200w\" sizes=\"(max-width: 1024px) 100vw, 1024px\" \/><\/a><\/figure><div class=\"wp-block-media-text__content\">\n<h3 class=\"wp-block-heading has-normal-font-size\" id=\"h-pilgerodendron-uviferum\"><a href=\"https:\/\/www.vallonchene.fr\/es\/producto\/pilgerodendron-uviferum\/#tab-title-description\"><strong>PILGERODENDRON uviferum<\/strong><\/a><\/h3>\n\n\n\n<p class=\"has-small-font-size\">14 de noviembre de 2024<\/p>\n\n\n\n<p>El cipr\u00e9s de las Guaitecas es uno de los con\u00edferos m\u00e1s codiciados por los conocedores. De hecho, el PILGERODENDRON uviferum es la \u00fanica especie conocida de su g\u00e9nero hasta la fecha. Aportar\u00e1 un\u2026<br><a href=\"https:\/\/www.vallonchene.fr\/es\/producto\/pilgerodendron-uviferum\/#tab-title-description\"><strong>Leer m\u00e1s<\/strong><\/a> (secci\u00f3n descripci\u00f3n)<\/p>\n<\/div><\/div>\n\n\n\n<div class=\"wp-block-media-text is-stacked-on-mobile\" style=\"grid-template-columns:25% auto\"><figure class=\"wp-block-media-text__media\"><a href=\"https:\/\/www.vallonchene.fr\/es\/producto\/frangula-alnus-fine-line\/#tab-title-description\"><img decoding=\"async\" width=\"1024\" height=\"1024\" src=\"https:\/\/www.vallonchene.fr\/wp-content\/uploads\/2024\/11\/FRANGULA-alnus-Fine-Line-1024x1024.webp\" alt=\"Graphisme tr\u00e8s verticale des branches du FRANGULA alnus 'Fine Line' avec son feuillage commen\u00e7ant la coloration automnale d'un jaune intense\" class=\"wp-image-50008 size-medium\" srcset=\"https:\/\/www.vallonchene.fr\/wp-content\/uploads\/2024\/11\/FRANGULA-alnus-Fine-Line-1024x1024.webp 1024w, https:\/\/www.vallonchene.fr\/wp-content\/uploads\/2024\/11\/FRANGULA-alnus-Fine-Line-300x300.webp 300w, https:\/\/www.vallonchene.fr\/wp-content\/uploads\/2024\/11\/FRANGULA-alnus-Fine-Line-150x150.webp 150w, https:\/\/www.vallonchene.fr\/wp-content\/uploads\/2024\/11\/FRANGULA-alnus-Fine-Line-768x768.webp 768w, https:\/\/www.vallonchene.fr\/wp-content\/uploads\/2024\/11\/FRANGULA-alnus-Fine-Line-324x324.webp 324w, https:\/\/www.vallonchene.fr\/wp-content\/uploads\/2024\/11\/FRANGULA-alnus-Fine-Line-416x416.webp 416w, https:\/\/www.vallonchene.fr\/wp-content\/uploads\/2024\/11\/FRANGULA-alnus-Fine-Line-100x100.webp 100w, https:\/\/www.vallonchene.fr\/wp-content\/uploads\/2024\/11\/FRANGULA-alnus-Fine-Line-32x32.webp 32w, https:\/\/www.vallonchene.fr\/wp-content\/uploads\/2024\/11\/FRANGULA-alnus-Fine-Line-64x64.webp 64w, https:\/\/www.vallonchene.fr\/wp-content\/uploads\/2024\/11\/FRANGULA-alnus-Fine-Line.webp 1200w\" sizes=\"(max-width: 1024px) 100vw, 1024px\" \/><\/a><\/figure><div class=\"wp-block-media-text__content\">\n<h3 class=\"wp-block-heading has-normal-font-size\" id=\"h-frangula-alnus-fine-line\"><a href=\"https:\/\/www.vallonchene.fr\/es\/producto\/frangula-alnus-fine-line\/#tab-title-description\"><strong>FRANGULA alnus &#8216;Fine Line&#8217;<\/strong><\/a><\/h3>\n\n\n\n<p class=\"has-small-font-size\">7 de noviembre de 2024<\/p>\n\n\n\n<p>El FRANGULA alnus \u2018Fine Line\u2019, tambi\u00e9n conocido como aracl\u00e1n, cautivar\u00e1 a los amantes de los jardines minimalistas y de l\u00edneas puras. Su porte erguido y estrecho lo convierte en un elemento\u2026<br><a href=\"https:\/\/www.vallonchene.fr\/es\/producto\/frangula-alnus-fine-line\/#tab-title-description\"><strong>Leer m\u00e1s<\/strong><\/a> (secci\u00f3n descripci\u00f3n)<\/p>\n<\/div><\/div>\n\n\n\n<div class=\"wp-block-media-text is-stacked-on-mobile\" style=\"grid-template-columns:25% auto\"><figure class=\"wp-block-media-text__media\"><a href=\"https:\/\/www.vallonchene.fr\/es\/producto\/acer-rubrum-brandywine\/#tab-title-description\"><img decoding=\"async\" width=\"1024\" height=\"1024\" src=\"https:\/\/www.vallonchene.fr\/wp-content\/uploads\/2024\/10\/ACER-rubrum-Brandywine_01-1024x1024.webp\" alt=\"Couleurs flamboyantes en automne de l'ACER rubrum 'Brandywine'\" class=\"wp-image-49925 size-medium\" srcset=\"https:\/\/www.vallonchene.fr\/wp-content\/uploads\/2024\/10\/ACER-rubrum-Brandywine_01-1024x1024.webp 1024w, https:\/\/www.vallonchene.fr\/wp-content\/uploads\/2024\/10\/ACER-rubrum-Brandywine_01-300x300.webp 300w, https:\/\/www.vallonchene.fr\/wp-content\/uploads\/2024\/10\/ACER-rubrum-Brandywine_01-150x150.webp 150w, https:\/\/www.vallonchene.fr\/wp-content\/uploads\/2024\/10\/ACER-rubrum-Brandywine_01-768x768.webp 768w, https:\/\/www.vallonchene.fr\/wp-content\/uploads\/2024\/10\/ACER-rubrum-Brandywine_01-324x324.webp 324w, https:\/\/www.vallonchene.fr\/wp-content\/uploads\/2024\/10\/ACER-rubrum-Brandywine_01-416x416.webp 416w, https:\/\/www.vallonchene.fr\/wp-content\/uploads\/2024\/10\/ACER-rubrum-Brandywine_01-100x100.webp 100w, https:\/\/www.vallonchene.fr\/wp-content\/uploads\/2024\/10\/ACER-rubrum-Brandywine_01-32x32.webp 32w, https:\/\/www.vallonchene.fr\/wp-content\/uploads\/2024\/10\/ACER-rubrum-Brandywine_01-64x64.webp 64w, https:\/\/www.vallonchene.fr\/wp-content\/uploads\/2024\/10\/ACER-rubrum-Brandywine_01.webp 1200w\" sizes=\"(max-width: 1024px) 100vw, 1024px\" \/><\/a><\/figure><div class=\"wp-block-media-text__content\">\n<h3 class=\"wp-block-heading has-normal-font-size\" id=\"h-acer-rubrum-brandywine\"><a href=\"https:\/\/www.vallonchene.fr\/es\/producto\/acer-rubrum-brandywine\/#tab-title-description\"><strong>ACER rubrum &#8216;Brandywine&#8217;<\/strong><\/a><\/h3>\n\n\n\n<p class=\"has-small-font-size\">31 de octubre de 2024<\/p>\n\n\n\n<p>El ACER rubrum \u2018Brandywine\u2019 es un cultivar de arce rojo americano especialmente apreciado por sus espectaculares colores oto\u00f1ales. En efecto, este \u00e1rbol de tama\u00f1o medio desarrolla\u2026<br><a href=\"https:\/\/www.vallonchene.fr\/es\/producto\/acer-rubrum-brandywine\/#tab-title-description\"><strong>Leer m\u00e1s<\/strong><\/a> (secci\u00f3n descripci\u00f3n)<\/p>\n<\/div><\/div>\n\n\n\n<div class=\"wp-block-media-text is-stacked-on-mobile\" style=\"grid-template-columns:25% auto\"><figure class=\"wp-block-media-text__media\"><a href=\"https:\/\/www.vallonchene.fr\/es\/producto\/quercus-dentata-carl-ferris-miller\/#tab-title-description\"><img decoding=\"async\" width=\"1024\" height=\"1024\" src=\"https:\/\/www.vallonchene.fr\/wp-content\/uploads\/2024\/10\/QUERCUS-dentata-Carl-Ferris-Miller-1024x1024.webp\" alt=\"Gros plan sur le feuillage vert du QUERCUS dentata 'Carl Ferris Miller' bord\u00e9 d'un duvet blanc\" class=\"wp-image-49878 size-medium\" srcset=\"https:\/\/www.vallonchene.fr\/wp-content\/uploads\/2024\/10\/QUERCUS-dentata-Carl-Ferris-Miller-1024x1024.webp 1024w, https:\/\/www.vallonchene.fr\/wp-content\/uploads\/2024\/10\/QUERCUS-dentata-Carl-Ferris-Miller-300x300.webp 300w, https:\/\/www.vallonchene.fr\/wp-content\/uploads\/2024\/10\/QUERCUS-dentata-Carl-Ferris-Miller-150x150.webp 150w, https:\/\/www.vallonchene.fr\/wp-content\/uploads\/2024\/10\/QUERCUS-dentata-Carl-Ferris-Miller-768x768.webp 768w, https:\/\/www.vallonchene.fr\/wp-content\/uploads\/2024\/10\/QUERCUS-dentata-Carl-Ferris-Miller-324x324.webp 324w, https:\/\/www.vallonchene.fr\/wp-content\/uploads\/2024\/10\/QUERCUS-dentata-Carl-Ferris-Miller-416x416.webp 416w, https:\/\/www.vallonchene.fr\/wp-content\/uploads\/2024\/10\/QUERCUS-dentata-Carl-Ferris-Miller-100x100.webp 100w, https:\/\/www.vallonchene.fr\/wp-content\/uploads\/2024\/10\/QUERCUS-dentata-Carl-Ferris-Miller-32x32.webp 32w, https:\/\/www.vallonchene.fr\/wp-content\/uploads\/2024\/10\/QUERCUS-dentata-Carl-Ferris-Miller-64x64.webp 64w, https:\/\/www.vallonchene.fr\/wp-content\/uploads\/2024\/10\/QUERCUS-dentata-Carl-Ferris-Miller.webp 1200w\" sizes=\"(max-width: 1024px) 100vw, 1024px\" \/><\/a><\/figure><div class=\"wp-block-media-text__content\">\n<h3 class=\"wp-block-heading has-normal-font-size\" id=\"h-quercus-dentata-carl-ferris-miller\"><a href=\"https:\/\/www.vallonchene.fr\/es\/producto\/quercus-dentata-carl-ferris-miller\/#tab-title-description\"><strong>QUERCUS dentata &#8216;Carl Ferris Miller&#8217;<\/strong><\/a><\/h3>\n\n\n\n<p class=\"has-small-font-size\">24 de octubre de 2024<\/p>\n\n\n\n<p>El QUERCUS dentata \u2018Carl Ferris Miller\u2019 no dejar\u00e1 de cautivar las miradas. En efecto, sus hojas pueden alcanzar m\u00e1s de 30 cm de longitud, convirti\u00e9ndolas en algunas de las m\u00e1s grandes del\u2026<br><a href=\"https:\/\/www.vallonchene.fr\/es\/producto\/quercus-dentata-carl-ferris-miller\/#tab-title-description\"><strong>Leer m\u00e1s<\/strong><\/a> (secci\u00f3n descripci\u00f3n)<\/p>\n<\/div><\/div>\n\n\n\n<div class=\"wp-block-media-text is-stacked-on-mobile\" style=\"grid-template-columns:25% auto\"><figure class=\"wp-block-media-text__media\"><a href=\"https:\/\/www.vallonchene.fr\/es\/producto\/acer-conspicuum-phoenix\/\"><img decoding=\"async\" width=\"1024\" height=\"1024\" src=\"https:\/\/www.vallonchene.fr\/wp-content\/uploads\/2024\/10\/ACER-x-conspicuum-Phoenix-1024x1024.webp\" alt=\"En hiver, l'\u00e9corce de l'ACER conspiccum 'Phoenix' devient flamboyante\" class=\"wp-image-49548 size-medium\" srcset=\"https:\/\/www.vallonchene.fr\/wp-content\/uploads\/2024\/10\/ACER-x-conspicuum-Phoenix-1024x1024.webp 1024w, https:\/\/www.vallonchene.fr\/wp-content\/uploads\/2024\/10\/ACER-x-conspicuum-Phoenix-300x300.webp 300w, https:\/\/www.vallonchene.fr\/wp-content\/uploads\/2024\/10\/ACER-x-conspicuum-Phoenix-150x150.webp 150w, https:\/\/www.vallonchene.fr\/wp-content\/uploads\/2024\/10\/ACER-x-conspicuum-Phoenix-768x768.webp 768w, https:\/\/www.vallonchene.fr\/wp-content\/uploads\/2024\/10\/ACER-x-conspicuum-Phoenix-324x324.webp 324w, https:\/\/www.vallonchene.fr\/wp-content\/uploads\/2024\/10\/ACER-x-conspicuum-Phoenix-416x416.webp 416w, https:\/\/www.vallonchene.fr\/wp-content\/uploads\/2024\/10\/ACER-x-conspicuum-Phoenix-100x100.webp 100w, https:\/\/www.vallonchene.fr\/wp-content\/uploads\/2024\/10\/ACER-x-conspicuum-Phoenix-32x32.webp 32w, https:\/\/www.vallonchene.fr\/wp-content\/uploads\/2024\/10\/ACER-x-conspicuum-Phoenix-64x64.webp 64w, https:\/\/www.vallonchene.fr\/wp-content\/uploads\/2024\/10\/ACER-x-conspicuum-Phoenix.webp 1200w\" sizes=\"(max-width: 1024px) 100vw, 1024px\" \/><\/a><\/figure><div class=\"wp-block-media-text__content\">\n<h3 class=\"wp-block-heading has-normal-font-size\" id=\"h-acer-conspicuum-phoenix\"><a href=\"https:\/\/www.vallonchene.fr\/es\/producto\/acer-conspicuum-phoenix\/\"><strong>ACER conspicuum &#8216;Phoenix&#8217;<\/strong><\/a><\/h3>\n\n\n\n<p class=\"has-small-font-size\">10 de octubre de 2024<\/p>\n\n\n\n<p>El Acer conspicuum \u2018Phoenix\u2019, com\u00fanmente conocido como arce de corteza de serpiente, es un verdadero tesoro para los amantes de los jardines. Este peque\u00f1o \u00e1rbol crece de forma\u2026<br><a href=\"https:\/\/www.vallonchene.fr\/es\/producto\/acer-conspicuum-phoenix\/\"><strong>Leer m\u00e1s<\/strong><\/a> (secci\u00f3n descripci\u00f3n)<\/p>\n<\/div><\/div>\n\n\n\n<div class=\"wp-block-media-text is-stacked-on-mobile\" style=\"grid-template-columns:25% auto\"><figure class=\"wp-block-media-text__media\"><a href=\"https:\/\/www.vallonchene.fr\/es\/producto\/quercus-palustris-isabel\/#tab-title-description\"><img decoding=\"async\" width=\"1024\" height=\"1024\" src=\"https:\/\/www.vallonchene.fr\/wp-content\/uploads\/2024\/10\/QUERCUS-palustris-Isabel_05-1024x1024.webp\" alt=\"Feuillage d'un rouge vif du QUERCUS palaustris 'Isabel'\" class=\"wp-image-49454 size-medium\" srcset=\"https:\/\/www.vallonchene.fr\/wp-content\/uploads\/2024\/10\/QUERCUS-palustris-Isabel_05-1024x1024.webp 1024w, https:\/\/www.vallonchene.fr\/wp-content\/uploads\/2024\/10\/QUERCUS-palustris-Isabel_05-300x300.webp 300w, https:\/\/www.vallonchene.fr\/wp-content\/uploads\/2024\/10\/QUERCUS-palustris-Isabel_05-150x150.webp 150w, https:\/\/www.vallonchene.fr\/wp-content\/uploads\/2024\/10\/QUERCUS-palustris-Isabel_05-768x768.webp 768w, https:\/\/www.vallonchene.fr\/wp-content\/uploads\/2024\/10\/QUERCUS-palustris-Isabel_05-324x324.webp 324w, https:\/\/www.vallonchene.fr\/wp-content\/uploads\/2024\/10\/QUERCUS-palustris-Isabel_05-416x416.webp 416w, https:\/\/www.vallonchene.fr\/wp-content\/uploads\/2024\/10\/QUERCUS-palustris-Isabel_05-100x100.webp 100w, https:\/\/www.vallonchene.fr\/wp-content\/uploads\/2024\/10\/QUERCUS-palustris-Isabel_05-32x32.webp 32w, https:\/\/www.vallonchene.fr\/wp-content\/uploads\/2024\/10\/QUERCUS-palustris-Isabel_05-64x64.webp 64w, https:\/\/www.vallonchene.fr\/wp-content\/uploads\/2024\/10\/QUERCUS-palustris-Isabel_05.webp 1200w\" sizes=\"(max-width: 1024px) 100vw, 1024px\" \/><\/a><\/figure><div class=\"wp-block-media-text__content\">\n<h3 class=\"wp-block-heading has-normal-font-size\" id=\"h-quercus-palustris-isabel\"><a href=\"https:\/\/www.vallonchene.fr\/es\/producto\/quercus-palustris-isabel\/#tab-title-description\"><strong>QUERCUS palustris &#8216;Isabel&#8217;<\/strong><\/a><\/h3>\n\n\n\n<p class=\"has-small-font-size\">03 de octubre de 2024<\/p>\n\n\n\n<p>El QUERCUS palustris \u2018Isabel\u2019, m\u00e1s com\u00fanmente conocido como roble de los pantanos enano, es un verdadero tesoro para los amantes de los jardines. En efecto, esta variedad enana del roble de los\u2026<br><a href=\"https:\/\/www.vallonchene.fr\/es\/producto\/quercus-palustris-isabel\/#tab-title-description\"><strong>Leer m\u00e1s<\/strong><\/a> (secci\u00f3n descripci\u00f3n)<\/p>\n<\/div><\/div>\n\n\n\n<div class=\"wp-block-media-text is-stacked-on-mobile\" style=\"grid-template-columns:25% auto\"><figure class=\"wp-block-media-text__media\"><a href=\"https:\/\/www.vallonchene.fr\/es\/producto\/fagus-sylvatica-f-tortuosa\/#tab-title-description\"><img decoding=\"async\" width=\"1024\" height=\"1024\" src=\"https:\/\/www.vallonchene.fr\/wp-content\/uploads\/2024\/09\/FAGUS-sylvatica-f.-tortuosa-1024x1024.webp\" alt=\"Un FAGUS sylvatica f. tortusa avec ses branches tortueuses et retombantes\" class=\"wp-image-49385 size-medium\" srcset=\"https:\/\/www.vallonchene.fr\/wp-content\/uploads\/2024\/09\/FAGUS-sylvatica-f.-tortuosa-1024x1024.webp 1024w, https:\/\/www.vallonchene.fr\/wp-content\/uploads\/2024\/09\/FAGUS-sylvatica-f.-tortuosa-300x300.webp 300w, https:\/\/www.vallonchene.fr\/wp-content\/uploads\/2024\/09\/FAGUS-sylvatica-f.-tortuosa-150x150.webp 150w, https:\/\/www.vallonchene.fr\/wp-content\/uploads\/2024\/09\/FAGUS-sylvatica-f.-tortuosa-768x768.webp 768w, https:\/\/www.vallonchene.fr\/wp-content\/uploads\/2024\/09\/FAGUS-sylvatica-f.-tortuosa-324x324.webp 324w, https:\/\/www.vallonchene.fr\/wp-content\/uploads\/2024\/09\/FAGUS-sylvatica-f.-tortuosa-416x416.webp 416w, https:\/\/www.vallonchene.fr\/wp-content\/uploads\/2024\/09\/FAGUS-sylvatica-f.-tortuosa-100x100.webp 100w, https:\/\/www.vallonchene.fr\/wp-content\/uploads\/2024\/09\/FAGUS-sylvatica-f.-tortuosa-32x32.webp 32w, https:\/\/www.vallonchene.fr\/wp-content\/uploads\/2024\/09\/FAGUS-sylvatica-f.-tortuosa-64x64.webp 64w, https:\/\/www.vallonchene.fr\/wp-content\/uploads\/2024\/09\/FAGUS-sylvatica-f.-tortuosa.webp 1200w\" sizes=\"(max-width: 1024px) 100vw, 1024px\" \/><\/a><\/figure><div class=\"wp-block-media-text__content\">\n<h3 class=\"wp-block-heading has-normal-font-size\" id=\"h-fagus-sylvatica-f-tortuosa\"><a href=\"https:\/\/www.vallonchene.fr\/es\/producto\/fagus-sylvatica-f-tortuosa\/#tab-title-description\"><strong>FAGUS sylvatica f. tortuosa<\/strong><\/a><\/h3>\n\n\n\n<p class=\"has-small-font-size\">26 de septiembre de 2024<\/p>\n\n\n\n<p>El FAGUS sylvatica f. tortuosa , o haya com\u00fan tortuosa, no deja a nadie indiferente. Su aspecto singular la convierte en una verdadera escultura viviente. De hecho, sus ramas retorcidas y nudosas parecen\u2026<br><a href=\"https:\/\/www.vallonchene.fr\/es\/producto\/fagus-sylvatica-f-tortuosa\/#tab-title-description\"><strong>Leer m\u00e1s<\/strong><\/a> (secci\u00f3n descripci\u00f3n)<\/p>\n<\/div><\/div>\n\n\n\n<div class=\"wp-block-media-text is-stacked-on-mobile\" style=\"grid-template-columns:25% auto\"><figure class=\"wp-block-media-text__media\"><a href=\"https:\/\/www.vallonchene.fr\/es\/producto\/cryptomeria-japonica-cristata\/#tab-title-description\"><img decoding=\"async\" width=\"1024\" height=\"1022\" src=\"https:\/\/www.vallonchene.fr\/wp-content\/uploads\/2024\/09\/CRYPTOMERIA-japonica-Cristata_01-1024x1022.webp\" alt=\"Fasciation en forme de cr\u00eate de coq d'un CRYPTOMERIA japonica 'Cristata'\" class=\"wp-image-49116 size-medium\" srcset=\"https:\/\/www.vallonchene.fr\/wp-content\/uploads\/2024\/09\/CRYPTOMERIA-japonica-Cristata_01-1024x1022.webp 1024w, https:\/\/www.vallonchene.fr\/wp-content\/uploads\/2024\/09\/CRYPTOMERIA-japonica-Cristata_01-300x300.webp 300w, https:\/\/www.vallonchene.fr\/wp-content\/uploads\/2024\/09\/CRYPTOMERIA-japonica-Cristata_01-150x150.webp 150w, https:\/\/www.vallonchene.fr\/wp-content\/uploads\/2024\/09\/CRYPTOMERIA-japonica-Cristata_01-768x767.webp 768w, https:\/\/www.vallonchene.fr\/wp-content\/uploads\/2024\/09\/CRYPTOMERIA-japonica-Cristata_01-324x324.webp 324w, https:\/\/www.vallonchene.fr\/wp-content\/uploads\/2024\/09\/CRYPTOMERIA-japonica-Cristata_01-416x415.webp 416w, https:\/\/www.vallonchene.fr\/wp-content\/uploads\/2024\/09\/CRYPTOMERIA-japonica-Cristata_01-100x100.webp 100w, https:\/\/www.vallonchene.fr\/wp-content\/uploads\/2024\/09\/CRYPTOMERIA-japonica-Cristata_01-32x32.webp 32w, https:\/\/www.vallonchene.fr\/wp-content\/uploads\/2024\/09\/CRYPTOMERIA-japonica-Cristata_01-64x64.webp 64w, https:\/\/www.vallonchene.fr\/wp-content\/uploads\/2024\/09\/CRYPTOMERIA-japonica-Cristata_01.webp 1200w\" sizes=\"(max-width: 1024px) 100vw, 1024px\" \/><\/a><\/figure><div class=\"wp-block-media-text__content\">\n<h3 class=\"wp-block-heading has-normal-font-size\" id=\"h-cryptomeria-japonica-cristata\"><a href=\"https:\/\/www.vallonchene.fr\/es\/producto\/cryptomeria-japonica-cristata\/#tab-title-description\"><strong>CRYPTOMERIA japonica &#8216;Cristata&#8217;<\/strong><\/a><\/h3>\n\n\n\n<p class=\"has-small-font-size\">11 de septiembre de 2024<\/p>\n\n\n\n<p>El CRYPTOMEREIA japonica \u2018Cristata\u2019, tambi\u00e9n conocido como cryptom\u00e9ria (sugi) de follaje en forma de cresta de gallo, es un con\u00edfero que no dejar\u00e1 de sorprenderle por su aspecto original. Sus\u2026<br><a href=\"https:\/\/www.vallonchene.fr\/es\/producto\/cryptomeria-japonica-cristata\/#tab-title-description\"><strong>Leer m\u00e1s<\/strong><\/a> (secci\u00f3n descripci\u00f3n)<\/p>\n<\/div><\/div>\n\n\n\n<div class=\"wp-block-media-text is-stacked-on-mobile\" style=\"grid-template-columns:25% auto\"><figure class=\"wp-block-media-text__media\"><a href=\"https:\/\/www.vallonchene.fr\/es\/producto\/aralia-schmidtii-var-verticillata-arbol-de-angelica\/#tab-title-description\"><img decoding=\"async\" width=\"1024\" height=\"1022\" src=\"https:\/\/www.vallonchene.fr\/wp-content\/uploads\/2024\/09\/AMPELOPSIS-megalophylla_01-1024x1022.webp\" alt=\"Feuillage et fleurs de l'AMPELOPSIS megalophylla\" class=\"wp-image-49075 size-medium\" srcset=\"https:\/\/www.vallonchene.fr\/wp-content\/uploads\/2024\/09\/AMPELOPSIS-megalophylla_01-1024x1022.webp 1024w, https:\/\/www.vallonchene.fr\/wp-content\/uploads\/2024\/09\/AMPELOPSIS-megalophylla_01-300x300.webp 300w, https:\/\/www.vallonchene.fr\/wp-content\/uploads\/2024\/09\/AMPELOPSIS-megalophylla_01-150x150.webp 150w, https:\/\/www.vallonchene.fr\/wp-content\/uploads\/2024\/09\/AMPELOPSIS-megalophylla_01-768x767.webp 768w, https:\/\/www.vallonchene.fr\/wp-content\/uploads\/2024\/09\/AMPELOPSIS-megalophylla_01-324x324.webp 324w, https:\/\/www.vallonchene.fr\/wp-content\/uploads\/2024\/09\/AMPELOPSIS-megalophylla_01-416x415.webp 416w, https:\/\/www.vallonchene.fr\/wp-content\/uploads\/2024\/09\/AMPELOPSIS-megalophylla_01-100x100.webp 100w, https:\/\/www.vallonchene.fr\/wp-content\/uploads\/2024\/09\/AMPELOPSIS-megalophylla_01-32x32.webp 32w, https:\/\/www.vallonchene.fr\/wp-content\/uploads\/2024\/09\/AMPELOPSIS-megalophylla_01-64x64.webp 64w, https:\/\/www.vallonchene.fr\/wp-content\/uploads\/2024\/09\/AMPELOPSIS-megalophylla_01.webp 1200w\" sizes=\"(max-width: 1024px) 100vw, 1024px\" \/><\/a><\/figure><div class=\"wp-block-media-text__content\">\n<h3 class=\"wp-block-heading has-normal-font-size\" id=\"h-aralia-schmidtii-var-verticillata\"><a href=\"https:\/\/www.vallonchene.fr\/es\/producto\/aralia-schmidtii-var-verticillata-arbol-de-angelica\/#tab-title-description\"><strong>ARALIA schmidtii var. verticillata<\/strong><\/a><\/h3>\n\n\n\n<p class=\"has-small-font-size\">4 de septiembre de 2024<\/p>\n\n\n\n<p>La ARALIA schmidtii var. verticillata, con sus grandes hojas lobuladas de un verde profundo y brillante, es una planta perenne impresionante. Esta aralia aportar\u00e1 un toque ex\u00f3tico\u2026<br><a href=\"https:\/\/www.vallonchene.fr\/es\/producto\/aralia-schmidtii-var-verticillata-arbol-de-angelica\/#tab-title-description\"><strong>Leer m\u00e1s<\/strong><\/a> (secci\u00f3n descripci\u00f3n)<\/p>\n<\/div><\/div>\n\n\n\n<div class=\"wp-block-media-text is-stacked-on-mobile\" style=\"grid-template-columns:25% auto\"><figure class=\"wp-block-media-text__media\"><a href=\"https:\/\/www.vallonchene.fr\/es\/producto\/robinia-pseudoacacia-twisty-baby\/#tab-title-description\"><img decoding=\"async\" width=\"1024\" height=\"1024\" src=\"https:\/\/www.vallonchene.fr\/wp-content\/uploads\/2024\/06\/ROBINIA-pseudoacacia-Twisty-Baby_02.webp\" alt=\"Un majestueux exemplaire du ROBINIA pseudoacacia 'Twisty Baby' dans le Jardin de Valerianes\" class=\"wp-image-47826 size-medium\" srcset=\"https:\/\/www.vallonchene.fr\/wp-content\/uploads\/2024\/06\/ROBINIA-pseudoacacia-Twisty-Baby_02.webp 1024w, https:\/\/www.vallonchene.fr\/wp-content\/uploads\/2024\/06\/ROBINIA-pseudoacacia-Twisty-Baby_02-300x300.webp 300w, https:\/\/www.vallonchene.fr\/wp-content\/uploads\/2024\/06\/ROBINIA-pseudoacacia-Twisty-Baby_02-150x150.webp 150w, https:\/\/www.vallonchene.fr\/wp-content\/uploads\/2024\/06\/ROBINIA-pseudoacacia-Twisty-Baby_02-768x768.webp 768w, https:\/\/www.vallonchene.fr\/wp-content\/uploads\/2024\/06\/ROBINIA-pseudoacacia-Twisty-Baby_02-324x324.webp 324w, https:\/\/www.vallonchene.fr\/wp-content\/uploads\/2024\/06\/ROBINIA-pseudoacacia-Twisty-Baby_02-416x416.webp 416w, https:\/\/www.vallonchene.fr\/wp-content\/uploads\/2024\/06\/ROBINIA-pseudoacacia-Twisty-Baby_02-100x100.webp 100w, https:\/\/www.vallonchene.fr\/wp-content\/uploads\/2024\/06\/ROBINIA-pseudoacacia-Twisty-Baby_02-32x32.webp 32w, https:\/\/www.vallonchene.fr\/wp-content\/uploads\/2024\/06\/ROBINIA-pseudoacacia-Twisty-Baby_02-64x64.webp 64w\" sizes=\"(max-width: 1024px) 100vw, 1024px\" \/><\/a><\/figure><div class=\"wp-block-media-text__content\">\n<h3 class=\"wp-block-heading has-normal-font-size\" id=\"h-robinia-pseudoacacia-twisty-baby\"><a href=\"https:\/\/www.vallonchene.fr\/es\/producto\/robinia-pseudoacacia-twisty-baby\/#tab-title-description\"><strong>ROBINIA pseudoacacia &#8216;Twisty Baby&#8217;<\/strong><\/a><\/h3>\n\n\n\n<p class=\"has-small-font-size\">27 de junio de 2024<\/p>\n\n\n\n<p>\u00bfBusca un \u00e1rbol tan decorativo como resistente para su jard\u00edn? \u00a1No busque m\u00e1s all\u00e1 de la ROBINIA pseudoacacia \u2018Twisty Baby\u2019! Esta verdadera joya hort\u00edcola, de \u2026<br><a href=\"https:\/\/www.vallonchene.fr\/es\/producto\/robinia-pseudoacacia-twisty-baby\/#tab-title-description\"><strong>Leer m\u00e1s<\/strong><\/a> (secci\u00f3n descripci\u00f3n)<\/p>\n<\/div><\/div>\n\n\n\n<div class=\"wp-block-media-text is-stacked-on-mobile\" style=\"grid-template-columns:25% auto\"><figure class=\"wp-block-media-text__media\"><a href=\"https:\/\/www.vallonchene.fr\/es\/producto\/abies-koreana-silberlocke\/#tab-title-description\"><img decoding=\"async\" width=\"1024\" height=\"1024\" src=\"https:\/\/www.vallonchene.fr\/wp-content\/uploads\/2024\/06\/ABIES-koreana-Silberlocke.webp\" alt=\"Branches avec des aiguilles blanches recourb\u00e9es de l'ABIES koreana 'Silberlocke'\" class=\"wp-image-47782 size-medium\" srcset=\"https:\/\/www.vallonchene.fr\/wp-content\/uploads\/2024\/06\/ABIES-koreana-Silberlocke.webp 1024w, https:\/\/www.vallonchene.fr\/wp-content\/uploads\/2024\/06\/ABIES-koreana-Silberlocke-300x300.webp 300w, https:\/\/www.vallonchene.fr\/wp-content\/uploads\/2024\/06\/ABIES-koreana-Silberlocke-150x150.webp 150w, https:\/\/www.vallonchene.fr\/wp-content\/uploads\/2024\/06\/ABIES-koreana-Silberlocke-768x768.webp 768w, https:\/\/www.vallonchene.fr\/wp-content\/uploads\/2024\/06\/ABIES-koreana-Silberlocke-324x324.webp 324w, https:\/\/www.vallonchene.fr\/wp-content\/uploads\/2024\/06\/ABIES-koreana-Silberlocke-416x416.webp 416w, https:\/\/www.vallonchene.fr\/wp-content\/uploads\/2024\/06\/ABIES-koreana-Silberlocke-100x100.webp 100w, https:\/\/www.vallonchene.fr\/wp-content\/uploads\/2024\/06\/ABIES-koreana-Silberlocke-32x32.webp 32w, https:\/\/www.vallonchene.fr\/wp-content\/uploads\/2024\/06\/ABIES-koreana-Silberlocke-64x64.webp 64w\" sizes=\"(max-width: 1024px) 100vw, 1024px\" \/><\/a><\/figure><div class=\"wp-block-media-text__content\">\n<h3 class=\"wp-block-heading has-normal-font-size\" id=\"h-abies-koreana-silberlocke\"><a href=\"https:\/\/www.vallonchene.fr\/es\/producto\/abies-koreana-silberlocke\/#tab-title-description\"><strong>ABIES koreana &#8216;Silberlocke&#8217;<\/strong><\/a><\/h3>\n\n\n\n<p class=\"has-small-font-size\">19 de junio de 2024<\/p>\n\n\n\n<p>Entre los abetos de Corea, el ABIES koreana \u2018Silberlocke\u2019 destaca por su porte refinado y su follaje singular. Sus agujas, delicadamente curvadas hacia arriba, revelan un reverso \u2026<br><a href=\"https:\/\/www.vallonchene.fr\/es\/producto\/abies-koreana-silberlocke\/#tab-title-description\"><strong>Leer m\u00e1s<\/strong><\/a> (secci\u00f3n descripci\u00f3n)<\/p>\n<\/div><\/div>\n\n\n\n<div class=\"wp-block-media-text is-stacked-on-mobile\" style=\"grid-template-columns:25% auto\"><figure class=\"wp-block-media-text__media\"><a href=\"https:\/\/www.vallonchene.fr\/es\/vallonchene-conozca-nuestros-compromisos-con-la-excelencia-y-la-sostenibilidad\/\"><img decoding=\"async\" width=\"1024\" height=\"1024\" src=\"https:\/\/www.vallonchene.fr\/wp-content\/uploads\/2024\/06\/production-durable-et-de-qualite-a-Vallonchene_01.jpg\" alt=\"Vallonch\u00eane produit de meilleures plantes de haute qualit\u00e9 avec des m\u00e9thodes de culture durables\" class=\"wp-image-47705 size-medium\" srcset=\"https:\/\/www.vallonchene.fr\/wp-content\/uploads\/2024\/06\/production-durable-et-de-qualite-a-Vallonchene_01.jpg 1024w, https:\/\/www.vallonchene.fr\/wp-content\/uploads\/2024\/06\/production-durable-et-de-qualite-a-Vallonchene_01-300x300.jpg 300w, https:\/\/www.vallonchene.fr\/wp-content\/uploads\/2024\/06\/production-durable-et-de-qualite-a-Vallonchene_01-150x150.jpg 150w, https:\/\/www.vallonchene.fr\/wp-content\/uploads\/2024\/06\/production-durable-et-de-qualite-a-Vallonchene_01-768x768.jpg 768w, https:\/\/www.vallonchene.fr\/wp-content\/uploads\/2024\/06\/production-durable-et-de-qualite-a-Vallonchene_01-324x324.jpg 324w, https:\/\/www.vallonchene.fr\/wp-content\/uploads\/2024\/06\/production-durable-et-de-qualite-a-Vallonchene_01-416x416.jpg 416w, https:\/\/www.vallonchene.fr\/wp-content\/uploads\/2024\/06\/production-durable-et-de-qualite-a-Vallonchene_01-100x100.jpg 100w, https:\/\/www.vallonchene.fr\/wp-content\/uploads\/2024\/06\/production-durable-et-de-qualite-a-Vallonchene_01-32x32.jpg 32w, https:\/\/www.vallonchene.fr\/wp-content\/uploads\/2024\/06\/production-durable-et-de-qualite-a-Vallonchene_01-64x64.jpg 64w\" sizes=\"(max-width: 1024px) 100vw, 1024px\" \/><\/a><\/figure><div class=\"wp-block-media-text__content\">\n<h3 class=\"wp-block-heading has-normal-font-size\" id=\"h-vallonchene-nuestros-compromisos-con-la-excelencia-y-la-sostenibilidad\"><a href=\"https:\/\/www.vallonchene.fr\/es\/vallonchene-conozca-nuestros-compromisos-con-la-excelencia-y-la-sostenibilidad\/\"><strong>Vallonch\u00eane: Nuestros compromisos con la excelencia y la sostenibilidad<\/strong><\/a><\/h3>\n\n\n\n<p class=\"has-small-font-size\">12 juin 2024<\/p>\n\n\n\n<p>En Vallonch\u00eane, tenemos una profunda convicci\u00f3n: las plantas no son simples mercanc\u00edas. Son seres vivos, dotados de una fuerza y belleza \u00fanicas, que deben cultivarse con respeto y cuidado. Por eso\u2026<br><strong><a href=\"https:\/\/www.vallonchene.fr\/es\/vallonchene-conozca-nuestros-compromisos-con-la-excelencia-y-la-sostenibilidad\/\"><\/a><a href=\"https:\/\/www.vallonchene.fr\/es\/producto\/robinia-pseudoacacia-twisty-baby\/#tab-title-description\"><strong>Leer m\u00e1s<\/strong><\/a> <\/strong>(secci\u00f3n descripci\u00f3n)<\/p>\n<\/div><\/div>\n\n\n\n<div class=\"wp-block-media-text is-stacked-on-mobile\" style=\"grid-template-columns:25% auto\"><figure class=\"wp-block-media-text__media\"><a href=\"https:\/\/www.vallonchene.fr\/es\/producto\/aesculus-wilsonii\/#tab-title-description\"><img decoding=\"async\" width=\"1024\" height=\"1024\" src=\"https:\/\/www.vallonchene.fr\/wp-content\/uploads\/2024\/06\/AESCULUS-wilsonii_02.webp\" alt=\"Le feuillage printanier vert nervur\u00e9 de rouge de l'AESCULUS wilsonii\" class=\"wp-image-47514 size-medium\" srcset=\"https:\/\/www.vallonchene.fr\/wp-content\/uploads\/2024\/06\/AESCULUS-wilsonii_02.webp 1024w, https:\/\/www.vallonchene.fr\/wp-content\/uploads\/2024\/06\/AESCULUS-wilsonii_02-300x300.webp 300w, https:\/\/www.vallonchene.fr\/wp-content\/uploads\/2024\/06\/AESCULUS-wilsonii_02-150x150.webp 150w, https:\/\/www.vallonchene.fr\/wp-content\/uploads\/2024\/06\/AESCULUS-wilsonii_02-768x768.webp 768w, https:\/\/www.vallonchene.fr\/wp-content\/uploads\/2024\/06\/AESCULUS-wilsonii_02-324x324.webp 324w, https:\/\/www.vallonchene.fr\/wp-content\/uploads\/2024\/06\/AESCULUS-wilsonii_02-416x416.webp 416w, https:\/\/www.vallonchene.fr\/wp-content\/uploads\/2024\/06\/AESCULUS-wilsonii_02-100x100.webp 100w, https:\/\/www.vallonchene.fr\/wp-content\/uploads\/2024\/06\/AESCULUS-wilsonii_02-32x32.webp 32w, https:\/\/www.vallonchene.fr\/wp-content\/uploads\/2024\/06\/AESCULUS-wilsonii_02-64x64.webp 64w\" sizes=\"(max-width: 1024px) 100vw, 1024px\" \/><\/a><\/figure><div class=\"wp-block-media-text__content\">\n<h3 class=\"wp-block-heading has-normal-font-size\" id=\"h-aesculus-wilsonii\"><a href=\"https:\/\/www.vallonchene.fr\/es\/producto\/aesculus-wilsonii\/#tab-title-description\"><strong>AESCULUS wilsonii<\/strong><\/a><\/h3>\n\n\n\n<p class=\"has-small-font-size\">5 de junio de 2024<\/p>\n\n\n\n<p>El casta\u00f1o de China, conocido tambi\u00e9n como casta\u00f1o de Wilson, es un \u00e1rbol excepcional y a\u00fan bastante raro en Europa. De hecho, el AESCULUS wilsonii inicia la primavera con mucha fuerza, produciendo\u2026<br><a href=\"https:\/\/www.vallonchene.fr\/es\/producto\/aesculus-wilsonii\/#tab-title-description\"><strong>Leer m\u00e1s<\/strong><\/a> (secci\u00f3n descripci\u00f3n)<\/p>\n<\/div><\/div>\n\n\n\n<div class=\"wp-block-media-text is-stacked-on-mobile\" style=\"grid-template-columns:25% auto\"><figure class=\"wp-block-media-text__media\"><a href=\"https:\/\/www.vallonchene.fr\/es\/producto\/brassaiopsis-hispida\/#tab-title-description\"><img decoding=\"async\" width=\"1024\" height=\"1021\" src=\"https:\/\/www.vallonchene.fr\/wp-content\/uploads\/2024\/05\/BRASSAIOPSIS-hispida.webp\" alt=\"Jeune pousse couleur bronze du BRASSAIOPSIS hispida\" class=\"wp-image-47457 size-medium\" srcset=\"https:\/\/www.vallonchene.fr\/wp-content\/uploads\/2024\/05\/BRASSAIOPSIS-hispida.webp 1024w, https:\/\/www.vallonchene.fr\/wp-content\/uploads\/2024\/05\/BRASSAIOPSIS-hispida-300x300.webp 300w, https:\/\/www.vallonchene.fr\/wp-content\/uploads\/2024\/05\/BRASSAIOPSIS-hispida-150x150.webp 150w, https:\/\/www.vallonchene.fr\/wp-content\/uploads\/2024\/05\/BRASSAIOPSIS-hispida-768x766.webp 768w, https:\/\/www.vallonchene.fr\/wp-content\/uploads\/2024\/05\/BRASSAIOPSIS-hispida-324x324.webp 324w, https:\/\/www.vallonchene.fr\/wp-content\/uploads\/2024\/05\/BRASSAIOPSIS-hispida-416x415.webp 416w, https:\/\/www.vallonchene.fr\/wp-content\/uploads\/2024\/05\/BRASSAIOPSIS-hispida-100x100.webp 100w, https:\/\/www.vallonchene.fr\/wp-content\/uploads\/2024\/05\/BRASSAIOPSIS-hispida-32x32.webp 32w, https:\/\/www.vallonchene.fr\/wp-content\/uploads\/2024\/05\/BRASSAIOPSIS-hispida-64x64.webp 64w\" sizes=\"(max-width: 1024px) 100vw, 1024px\" \/><\/a><\/figure><div class=\"wp-block-media-text__content\">\n<h3 class=\"wp-block-heading has-normal-font-size\" id=\"h-brassaiopsis-hispida\"><a href=\"https:\/\/www.vallonchene.fr\/es\/producto\/brassaiopsis-hispida\/#tab-title-description\"><strong>BRASSAIOPSIS hispida<\/strong><\/a><\/h3>\n\n\n\n<p class=\"has-small-font-size\">29 de mayo de 2024<\/p>\n\n\n\n<p>El BRASSAIOPSIS hispida, al igual que el BRASSAIOPSIS mitis o el BRASSAIOPSIS hainla, se han convertido sin duda en algunas de las plantas m\u00e1s codiciadas por los coleccionistas en los\u2026<br><a href=\"https:\/\/www.vallonchene.fr\/es\/producto\/brassaiopsis-hispida\/#tab-title-description\"><strong>Leer m\u00e1s<\/strong><\/a> (secci\u00f3n descripci\u00f3n)<\/p>\n<\/div><\/div>\n\n\n\n<div class=\"wp-block-media-text is-stacked-on-mobile\" style=\"grid-template-columns:25% auto\"><figure class=\"wp-block-media-text__media\"><a href=\"https:\/\/www.vallonchene.fr\/produit\/armoracia-rusticana-variegata\/#tab-title-description\"><img decoding=\"async\" width=\"1000\" height=\"1000\" src=\"https:\/\/www.vallonchene.fr\/wp-content\/uploads\/2023\/06\/ARMORACIA-rusticana-Variegata_02-1.webp\" alt=\"Feuillage panach\u00e9 de tons verts et de blanc de l'ARMORACIA rusticana 'Variegata' au printemps\" class=\"wp-image-41021 size-medium\" srcset=\"https:\/\/www.vallonchene.fr\/wp-content\/uploads\/2023\/06\/ARMORACIA-rusticana-Variegata_02-1.webp 1000w, https:\/\/www.vallonchene.fr\/wp-content\/uploads\/2023\/06\/ARMORACIA-rusticana-Variegata_02-1-324x324.webp 324w, https:\/\/www.vallonchene.fr\/wp-content\/uploads\/2023\/06\/ARMORACIA-rusticana-Variegata_02-1-100x100.webp 100w, https:\/\/www.vallonchene.fr\/wp-content\/uploads\/2023\/06\/ARMORACIA-rusticana-Variegata_02-1-416x416.webp 416w, https:\/\/www.vallonchene.fr\/wp-content\/uploads\/2023\/06\/ARMORACIA-rusticana-Variegata_02-1-64x64.webp 64w, https:\/\/www.vallonchene.fr\/wp-content\/uploads\/2023\/06\/ARMORACIA-rusticana-Variegata_02-1-300x300.webp 300w, https:\/\/www.vallonchene.fr\/wp-content\/uploads\/2023\/06\/ARMORACIA-rusticana-Variegata_02-1-150x150.webp 150w, https:\/\/www.vallonchene.fr\/wp-content\/uploads\/2023\/06\/ARMORACIA-rusticana-Variegata_02-1-768x768.webp 768w, https:\/\/www.vallonchene.fr\/wp-content\/uploads\/2023\/06\/ARMORACIA-rusticana-Variegata_02-1-32x32.webp 32w\" sizes=\"(max-width: 1000px) 100vw, 1000px\" \/><\/a><\/figure><div class=\"wp-block-media-text__content\">\n<h3 class=\"wp-block-heading has-normal-font-size\" id=\"h-armoracia-rusticana-variegata\"><a href=\"https:\/\/www.vallonchene.fr\/produit\/armoracia-rusticana-variegata\/#tab-title-description\"><strong>ARMORACIA rusticana &#8216;Variegata&#8217;<\/strong><\/a><\/h3>\n\n\n\n<p class=\"has-small-font-size\">22 mai 2024<\/p>\n\n\n\n<p>L\u2019ARMORACIA rusticana \u2018Variegata\u2019 est une plante vivace plus connue sous le nom de raifort panach\u00e9. Bien qu\u2019il se cultive au potager habituellement, la s\u00e9lection que nous vous\u2026<br><strong><a href=\"https:\/\/www.vallonchene.fr\/produit\/armoracia-rusticana-variegata\/#tab-title-description\">Lire la suite<\/a><\/strong> (rubrique description)<\/p>\n<\/div><\/div>\n\n\n\n<div class=\"wp-block-media-text is-stacked-on-mobile\" style=\"grid-template-columns:25% auto\"><figure class=\"wp-block-media-text__media\"><a href=\"https:\/\/www.vallonchene.fr\/es\/producto\/picea-abies-pusch\/#tab-title-description\"><img decoding=\"async\" width=\"1024\" height=\"1024\" src=\"https:\/\/www.vallonchene.fr\/wp-content\/uploads\/2024\/05\/PICEA-abies-Pusch_01.webp\" alt=\"Pousses vert clair et c\u00f4nes roses du PICEA abies 'Pusch' au printemps\" class=\"wp-image-47356 size-medium\" srcset=\"https:\/\/www.vallonchene.fr\/wp-content\/uploads\/2024\/05\/PICEA-abies-Pusch_01.webp 1024w, https:\/\/www.vallonchene.fr\/wp-content\/uploads\/2024\/05\/PICEA-abies-Pusch_01-300x300.webp 300w, https:\/\/www.vallonchene.fr\/wp-content\/uploads\/2024\/05\/PICEA-abies-Pusch_01-150x150.webp 150w, https:\/\/www.vallonchene.fr\/wp-content\/uploads\/2024\/05\/PICEA-abies-Pusch_01-768x768.webp 768w, https:\/\/www.vallonchene.fr\/wp-content\/uploads\/2024\/05\/PICEA-abies-Pusch_01-324x324.webp 324w, https:\/\/www.vallonchene.fr\/wp-content\/uploads\/2024\/05\/PICEA-abies-Pusch_01-416x416.webp 416w, https:\/\/www.vallonchene.fr\/wp-content\/uploads\/2024\/05\/PICEA-abies-Pusch_01-100x100.webp 100w, https:\/\/www.vallonchene.fr\/wp-content\/uploads\/2024\/05\/PICEA-abies-Pusch_01-32x32.webp 32w, https:\/\/www.vallonchene.fr\/wp-content\/uploads\/2024\/05\/PICEA-abies-Pusch_01-64x64.webp 64w\" sizes=\"(max-width: 1024px) 100vw, 1024px\" \/><\/a><\/figure><div class=\"wp-block-media-text__content\">\n<h3 class=\"wp-block-heading has-normal-font-size\" id=\"h-picea-abies-pusch\"><a href=\"https:\/\/www.vallonchene.fr\/es\/producto\/picea-abies-pusch\/#tab-title-description\"><strong>PICEA abies &#8216;Pusch&#8217;<\/strong><\/a><\/h3>\n\n\n\n<p class=\"has-small-font-size\">15 de mayo de 2024<\/p>\n\n\n\n<p>La PICEA abies \u2018Pusch\u2019 pertenece al g\u00e9nero de las p\u00edceas comunes (o p\u00edceas de Noruega), aunque esta variedad haya sido elegida con\u00edfera del a\u00f1o. En efecto, se trata de una forma muy compacta que\u2026<br><a href=\"https:\/\/www.vallonchene.fr\/es\/producto\/picea-abies-pusch\/#tab-title-description\"><strong>Leer m\u00e1s<\/strong><\/a> (secci\u00f3n descripci\u00f3n)<\/p>\n<\/div><\/div>\n\n\n\n<div class=\"wp-block-media-text is-stacked-on-mobile\" style=\"grid-template-columns:25% auto\"><figure class=\"wp-block-media-text__media\"><a href=\"https:\/\/www.vallonchene.fr\/es\/producto\/larix-kaempferi-magic-gold\/#tab-title-description\"><img decoding=\"async\" width=\"1024\" height=\"1024\" src=\"https:\/\/www.vallonchene.fr\/wp-content\/uploads\/2024\/05\/LARIX-kaempferi-Magic-Gold-d.webp\" alt=\"Feuillage d'un jaune lumineux du LARIX kaempferi 'Magic Gold'\" class=\"wp-image-47198 size-medium\" srcset=\"https:\/\/www.vallonchene.fr\/wp-content\/uploads\/2024\/05\/LARIX-kaempferi-Magic-Gold-d.webp 1024w, https:\/\/www.vallonchene.fr\/wp-content\/uploads\/2024\/05\/LARIX-kaempferi-Magic-Gold-d-300x300.webp 300w, https:\/\/www.vallonchene.fr\/wp-content\/uploads\/2024\/05\/LARIX-kaempferi-Magic-Gold-d-150x150.webp 150w, https:\/\/www.vallonchene.fr\/wp-content\/uploads\/2024\/05\/LARIX-kaempferi-Magic-Gold-d-768x768.webp 768w, https:\/\/www.vallonchene.fr\/wp-content\/uploads\/2024\/05\/LARIX-kaempferi-Magic-Gold-d-324x324.webp 324w, https:\/\/www.vallonchene.fr\/wp-content\/uploads\/2024\/05\/LARIX-kaempferi-Magic-Gold-d-416x416.webp 416w, https:\/\/www.vallonchene.fr\/wp-content\/uploads\/2024\/05\/LARIX-kaempferi-Magic-Gold-d-100x100.webp 100w, https:\/\/www.vallonchene.fr\/wp-content\/uploads\/2024\/05\/LARIX-kaempferi-Magic-Gold-d-32x32.webp 32w, https:\/\/www.vallonchene.fr\/wp-content\/uploads\/2024\/05\/LARIX-kaempferi-Magic-Gold-d-64x64.webp 64w\" sizes=\"(max-width: 1024px) 100vw, 1024px\" \/><\/a><\/figure><div class=\"wp-block-media-text__content\">\n<h3 class=\"wp-block-heading has-normal-font-size\" id=\"h-larix-kaempferi-magic-gold\"><a href=\"https:\/\/www.vallonchene.fr\/es\/producto\/larix-kaempferi-magic-gold\/#tab-title-description\"><strong>LARIX kaempferi &#8216;Magic Gold&#8217;<\/strong><\/a><\/h3>\n\n\n\n<p class=\"has-small-font-size\">9 de mayo de 2024<\/p>\n\n\n\n<p>El LARIX kaempferi \u2018Magic Gold\u2019 es un alerce del Jap\u00f3n absolutamente fabuloso y singular. Desde el mismo inicio de la primavera, su follaje de un amarillo luminoso surge, iluminando el \u00e1rbol como\u2026<br><a href=\"https:\/\/www.vallonchene.fr\/es\/producto\/larix-kaempferi-magic-gold\/#tab-title-description\"><strong>Leer m\u00e1s<\/strong><\/a> (secci\u00f3n descripci\u00f3n)<\/p>\n<\/div><\/div>\n\n\n\n<div class=\"wp-block-media-text is-stacked-on-mobile\" style=\"grid-template-columns:25% auto\"><figure class=\"wp-block-media-text__media\"><a href=\"https:\/\/www.vallonchene.fr\/es\/producto\/fitzroya-cupressoides\/#tab-title-description\"><img decoding=\"async\" width=\"1024\" height=\"1024\" src=\"https:\/\/www.vallonchene.fr\/wp-content\/uploads\/2024\/05\/FITZROYA-cupressoides_01.webp\" alt=\"Tr\u00e8s vieux sujet d'un FITZROYA cupressoides dans un jardin irlandais\" class=\"wp-image-46713 size-medium\" srcset=\"https:\/\/www.vallonchene.fr\/wp-content\/uploads\/2024\/05\/FITZROYA-cupressoides_01.webp 1024w, https:\/\/www.vallonchene.fr\/wp-content\/uploads\/2024\/05\/FITZROYA-cupressoides_01-300x300.webp 300w, https:\/\/www.vallonchene.fr\/wp-content\/uploads\/2024\/05\/FITZROYA-cupressoides_01-150x150.webp 150w, https:\/\/www.vallonchene.fr\/wp-content\/uploads\/2024\/05\/FITZROYA-cupressoides_01-768x768.webp 768w, https:\/\/www.vallonchene.fr\/wp-content\/uploads\/2024\/05\/FITZROYA-cupressoides_01-324x324.webp 324w, https:\/\/www.vallonchene.fr\/wp-content\/uploads\/2024\/05\/FITZROYA-cupressoides_01-416x416.webp 416w, https:\/\/www.vallonchene.fr\/wp-content\/uploads\/2024\/05\/FITZROYA-cupressoides_01-100x100.webp 100w, https:\/\/www.vallonchene.fr\/wp-content\/uploads\/2024\/05\/FITZROYA-cupressoides_01-32x32.webp 32w, https:\/\/www.vallonchene.fr\/wp-content\/uploads\/2024\/05\/FITZROYA-cupressoides_01-64x64.webp 64w\" sizes=\"(max-width: 1024px) 100vw, 1024px\" \/><\/a><\/figure><div class=\"wp-block-media-text__content\">\n<h3 class=\"wp-block-heading has-normal-font-size\" id=\"h-fitzroya-cupressoides\"><a href=\"https:\/\/www.vallonchene.fr\/es\/producto\/fitzroya-cupressoides\/#tab-title-description\"><strong>FITZROYA cupressoides<\/strong><\/a><\/h3>\n\n\n\n<p class=\"has-small-font-size\">1 de mayo de 2024<\/p>\n\n\n\n<p>El cipr\u00e9s de la Patagonia es una planta sumamente apreciada por los coleccionistas. El FITZROYA cupressoides se caracteriza por su follaje azulado y sus densas ramas colgantes. Su exquisito\u2026<br><a href=\"https:\/\/www.vallonchene.fr\/es\/producto\/fitzroya-cupressoides\/#tab-title-description\"><strong>Leer m\u00e1s<\/strong><\/a> (secci\u00f3n descripci\u00f3n)<\/p>\n<\/div><\/div>\n\n\n\n<div class=\"wp-block-media-text is-stacked-on-mobile\" style=\"grid-template-columns:25% auto\"><figure class=\"wp-block-media-text__media\"><a href=\"https:\/\/www.vallonchene.fr\/es\/producto\/carpinus-x-betulus-williamsons-gold\/#tab-title-description\"><img decoding=\"async\" width=\"1024\" height=\"1024\" src=\"https:\/\/www.vallonchene.fr\/wp-content\/uploads\/2024\/04\/CARPINUS-x-betulus-Williamsons-Gold_02.webp\" alt=\"Feuillage jaune et jeune pousse du CARPINUS x betulus 'Williamson's Gold'\" class=\"wp-image-46652 size-medium\" srcset=\"https:\/\/www.vallonchene.fr\/wp-content\/uploads\/2024\/04\/CARPINUS-x-betulus-Williamsons-Gold_02.webp 1024w, https:\/\/www.vallonchene.fr\/wp-content\/uploads\/2024\/04\/CARPINUS-x-betulus-Williamsons-Gold_02-300x300.webp 300w, https:\/\/www.vallonchene.fr\/wp-content\/uploads\/2024\/04\/CARPINUS-x-betulus-Williamsons-Gold_02-150x150.webp 150w, https:\/\/www.vallonchene.fr\/wp-content\/uploads\/2024\/04\/CARPINUS-x-betulus-Williamsons-Gold_02-768x768.webp 768w, https:\/\/www.vallonchene.fr\/wp-content\/uploads\/2024\/04\/CARPINUS-x-betulus-Williamsons-Gold_02-324x324.webp 324w, https:\/\/www.vallonchene.fr\/wp-content\/uploads\/2024\/04\/CARPINUS-x-betulus-Williamsons-Gold_02-416x416.webp 416w, https:\/\/www.vallonchene.fr\/wp-content\/uploads\/2024\/04\/CARPINUS-x-betulus-Williamsons-Gold_02-100x100.webp 100w, https:\/\/www.vallonchene.fr\/wp-content\/uploads\/2024\/04\/CARPINUS-x-betulus-Williamsons-Gold_02-32x32.webp 32w, https:\/\/www.vallonchene.fr\/wp-content\/uploads\/2024\/04\/CARPINUS-x-betulus-Williamsons-Gold_02-64x64.webp 64w\" sizes=\"(max-width: 1024px) 100vw, 1024px\" \/><\/a><\/figure><div class=\"wp-block-media-text__content\">\n<h3 class=\"wp-block-heading has-normal-font-size\" id=\"h-carpinus-x-betulus-williamson-s-gold\"><a href=\"https:\/\/www.vallonchene.fr\/es\/producto\/carpinus-x-betulus-williamsons-gold\/#tab-title-description\"><strong>CARPINUS x betulus &#8216;Williamson&#8217;s Gold&#8217;<\/strong><\/a><\/h3>\n\n\n\n<p class=\"has-small-font-size\">24 de abril de 2024<\/p>\n\n\n\n<p>El CARPINUS x betulus \u2018Williamson\u2019s Gold\u2019 sorprende por su follaje de un amarillo intenso (v\u00e9ase las im\u00e1genes). Este carpe blanco (carpe europeo) excepcional se distingue claramente de otras carpes. Rad\u00eda\u2026<br><a href=\"https:\/\/www.vallonchene.fr\/es\/producto\/carpinus-x-betulus-williamsons-gold\/#tab-title-description\"><strong>Leer m\u00e1s<\/strong><\/a> (secci\u00f3n descripci\u00f3n)<\/p>\n<\/div><\/div>\n\n\n\n<div class=\"wp-block-media-text is-stacked-on-mobile\" style=\"grid-template-columns:25% auto\"><figure class=\"wp-block-media-text__media\"><a href=\"https:\/\/www.vallonchene.fr\/produit\/prunus-serrulata-royal-burgundy\/#tab-title-description\"><img decoding=\"async\" width=\"1024\" height=\"1024\" src=\"https:\/\/www.vallonchene.fr\/wp-content\/uploads\/2024\/04\/PRUNUS-serrulata-Royal-Burgundy.webp\" alt=\"Gros plan sur les fleurs du PRUNUS serrulata 'Royal Burgundy'\" class=\"wp-image-46508 size-medium\" srcset=\"https:\/\/www.vallonchene.fr\/wp-content\/uploads\/2024\/04\/PRUNUS-serrulata-Royal-Burgundy.webp 1024w, https:\/\/www.vallonchene.fr\/wp-content\/uploads\/2024\/04\/PRUNUS-serrulata-Royal-Burgundy-300x300.webp 300w, https:\/\/www.vallonchene.fr\/wp-content\/uploads\/2024\/04\/PRUNUS-serrulata-Royal-Burgundy-150x150.webp 150w, https:\/\/www.vallonchene.fr\/wp-content\/uploads\/2024\/04\/PRUNUS-serrulata-Royal-Burgundy-768x768.webp 768w, https:\/\/www.vallonchene.fr\/wp-content\/uploads\/2024\/04\/PRUNUS-serrulata-Royal-Burgundy-324x324.webp 324w, https:\/\/www.vallonchene.fr\/wp-content\/uploads\/2024\/04\/PRUNUS-serrulata-Royal-Burgundy-416x416.webp 416w, https:\/\/www.vallonchene.fr\/wp-content\/uploads\/2024\/04\/PRUNUS-serrulata-Royal-Burgundy-100x100.webp 100w, https:\/\/www.vallonchene.fr\/wp-content\/uploads\/2024\/04\/PRUNUS-serrulata-Royal-Burgundy-32x32.webp 32w, https:\/\/www.vallonchene.fr\/wp-content\/uploads\/2024\/04\/PRUNUS-serrulata-Royal-Burgundy-64x64.webp 64w\" sizes=\"(max-width: 1024px) 100vw, 1024px\" \/><\/a><\/figure><div class=\"wp-block-media-text__content\">\n<h3 class=\"wp-block-heading has-normal-font-size\" id=\"h-prunus-serrulata-royal-burgundy\"><a href=\"https:\/\/www.vallonchene.fr\/produit\/prunus-serrulata-royal-burgundy\/#tab-title-description\"><strong>PRUNUS serrulata &#8216;Royal Burgundy&#8217;<\/strong><\/a><\/h3>\n\n\n\n<p class=\"has-small-font-size\">17 avril 2024<\/p>\n\n\n\n<p>Le PRUNUS serrulata \u2018Royal Burgundy\u2019 est une vraie merveille au printemps, en \u00e9t\u00e9 et \u00e0 l\u2019automne. En effet, au printemps, il produit un v\u00e9ritable raz de mar\u00e9e de grosses fleurs doubles roses en bouquets\u2026<br><strong><a href=\"https:\/\/www.vallonchene.fr\/produit\/prunus-serrulata-royal-burgundy\/#tab-title-description\">Lire la suite<\/a><\/strong> (rubrique description)<\/p>\n<\/div><\/div>\n\n\n\n<div class=\"wp-block-media-text is-stacked-on-mobile\" style=\"grid-template-columns:25% auto\"><figure class=\"wp-block-media-text__media\"><a href=\"https:\/\/www.vallonchene.fr\/es\/producto\/pinus-schwerinii-wiethorst\/#tab-title-description\"><img decoding=\"async\" width=\"1024\" height=\"1024\" src=\"https:\/\/www.vallonchene.fr\/wp-content\/uploads\/2024\/04\/PINUS-schwerinii-Wiethorst_03.webp\" alt=\"C\u00f4nes ouverts impressionnant du PINUS schwerinii 'Wiethorst'\" class=\"wp-image-46429 size-medium\" srcset=\"https:\/\/www.vallonchene.fr\/wp-content\/uploads\/2024\/04\/PINUS-schwerinii-Wiethorst_03.webp 1024w, https:\/\/www.vallonchene.fr\/wp-content\/uploads\/2024\/04\/PINUS-schwerinii-Wiethorst_03-300x300.webp 300w, https:\/\/www.vallonchene.fr\/wp-content\/uploads\/2024\/04\/PINUS-schwerinii-Wiethorst_03-150x150.webp 150w, https:\/\/www.vallonchene.fr\/wp-content\/uploads\/2024\/04\/PINUS-schwerinii-Wiethorst_03-768x768.webp 768w, https:\/\/www.vallonchene.fr\/wp-content\/uploads\/2024\/04\/PINUS-schwerinii-Wiethorst_03-324x324.webp 324w, https:\/\/www.vallonchene.fr\/wp-content\/uploads\/2024\/04\/PINUS-schwerinii-Wiethorst_03-416x416.webp 416w, https:\/\/www.vallonchene.fr\/wp-content\/uploads\/2024\/04\/PINUS-schwerinii-Wiethorst_03-100x100.webp 100w, https:\/\/www.vallonchene.fr\/wp-content\/uploads\/2024\/04\/PINUS-schwerinii-Wiethorst_03-32x32.webp 32w, https:\/\/www.vallonchene.fr\/wp-content\/uploads\/2024\/04\/PINUS-schwerinii-Wiethorst_03-64x64.webp 64w\" sizes=\"(max-width: 1024px) 100vw, 1024px\" \/><\/a><\/figure><div class=\"wp-block-media-text__content\">\n<h3 class=\"wp-block-heading has-normal-font-size\" id=\"h-pinus-schwerinii-wiethorst\"><a href=\"https:\/\/www.vallonchene.fr\/es\/producto\/pinus-schwerinii-wiethorst\/#tab-title-description\"><strong>PINUS schwerinii &#8216;Wiethorst&#8217;<\/strong><\/a><\/h3>\n\n\n\n<p class=\"has-small-font-size\">10 de abril de 2024<\/p>\n\n\n\n<p>El PINUS schwerinii \u2018Wiethorst\u2019 es una con\u00edfera tan r\u00fastica como inusual. De hecho, sus agujas de un color verde azulado son muy finas y largas. Al igual que sus ramas, tambi\u00e9n son muy densas. Dada su\u2026<br><a href=\"https:\/\/www.vallonchene.fr\/es\/producto\/pinus-schwerinii-wiethorst\/#tab-title-description\"><strong>Leer m\u00e1s<\/strong><\/a> (secci\u00f3n descripci\u00f3n)<\/p>\n<\/div><\/div>\n\n\n\n<div class=\"wp-block-media-text is-stacked-on-mobile\" style=\"grid-template-columns:25% auto\"><figure class=\"wp-block-media-text__media\"><a href=\"https:\/\/www.vallonchene.fr\/es\/producto\/magnolia-black-tulip\/#tab-title-description\"><img decoding=\"async\" width=\"1024\" height=\"1024\" src=\"https:\/\/www.vallonchene.fr\/wp-content\/uploads\/2024\/04\/MAGNOLIA-Black-Tulip-1.avif\" alt=\"Gros plan sur la fleur ouverte d'un MAGNOLIA 'Black Tulip' toute ouverte\" class=\"wp-image-46256 size-medium\" srcset=\"https:\/\/www.vallonchene.fr\/wp-content\/uploads\/2024\/04\/MAGNOLIA-Black-Tulip-1.avif 1024w, https:\/\/www.vallonchene.fr\/wp-content\/uploads\/2024\/04\/MAGNOLIA-Black-Tulip-1-300x300.avif 300w, https:\/\/www.vallonchene.fr\/wp-content\/uploads\/2024\/04\/MAGNOLIA-Black-Tulip-1-150x150.avif 150w, https:\/\/www.vallonchene.fr\/wp-content\/uploads\/2024\/04\/MAGNOLIA-Black-Tulip-1-768x768.avif 768w, https:\/\/www.vallonchene.fr\/wp-content\/uploads\/2024\/04\/MAGNOLIA-Black-Tulip-1-324x324.avif 324w, https:\/\/www.vallonchene.fr\/wp-content\/uploads\/2024\/04\/MAGNOLIA-Black-Tulip-1-416x416.avif 416w, https:\/\/www.vallonchene.fr\/wp-content\/uploads\/2024\/04\/MAGNOLIA-Black-Tulip-1-100x100.avif 100w, https:\/\/www.vallonchene.fr\/wp-content\/uploads\/2024\/04\/MAGNOLIA-Black-Tulip-1-32x32.avif 32w, https:\/\/www.vallonchene.fr\/wp-content\/uploads\/2024\/04\/MAGNOLIA-Black-Tulip-1-64x64.avif 64w\" sizes=\"(max-width: 1024px) 100vw, 1024px\" \/><\/a><\/figure><div class=\"wp-block-media-text__content\">\n<h3 class=\"wp-block-heading has-normal-font-size\" id=\"h-magnolia-black-tulip\"><a href=\"https:\/\/www.vallonchene.fr\/es\/producto\/magnolia-black-tulip\/#tab-title-description\"><strong>MAGNOLIA &#8216;Black Tulip&#8217;<\/strong><\/a><\/h3>\n\n\n\n<p class=\"has-small-font-size\">3 de abril de 2024<\/p>\n\n\n\n<p>La MAGNOLIA \u2018Black Tulip\u2019 produce abundantemente grandes flores dobles de un rosa intenso. Sin embargo, esta magnolia caduca se clasifica entre los magnolios de desarrollo reducido. Tiene un\u2026<br><a href=\"https:\/\/www.vallonchene.fr\/es\/producto\/magnolia-black-tulip\/#tab-title-description\"><strong>Leer m\u00e1s<\/strong><\/a> (secci\u00f3n descripci\u00f3n)<\/p>\n<\/div><\/div>\n\n\n\n<div class=\"wp-block-media-text is-stacked-on-mobile\" style=\"grid-template-columns:25% auto\"><figure class=\"wp-block-media-text__media\"><a href=\"https:\/\/www.vallonchene.fr\/es\/producto\/acer-platanoides-princeton-gold-r\/#tab-title-description\"><img decoding=\"async\" width=\"1023\" height=\"1023\" src=\"https:\/\/www.vallonchene.fr\/wp-content\/uploads\/2024\/03\/ACER-pseudoplatanus-Princeton-Gold.webp\" alt=\"Sujet d'une quinzaine d'ann\u00e9e de l'ACER platanoides 'Princeton Gold' avec son feuillage d'un jaune lumineux\" class=\"wp-image-46073 size-medium\" srcset=\"https:\/\/www.vallonchene.fr\/wp-content\/uploads\/2024\/03\/ACER-pseudoplatanus-Princeton-Gold.webp 1023w, https:\/\/www.vallonchene.fr\/wp-content\/uploads\/2024\/03\/ACER-pseudoplatanus-Princeton-Gold-300x300.webp 300w, https:\/\/www.vallonchene.fr\/wp-content\/uploads\/2024\/03\/ACER-pseudoplatanus-Princeton-Gold-150x150.webp 150w, https:\/\/www.vallonchene.fr\/wp-content\/uploads\/2024\/03\/ACER-pseudoplatanus-Princeton-Gold-768x768.webp 768w, https:\/\/www.vallonchene.fr\/wp-content\/uploads\/2024\/03\/ACER-pseudoplatanus-Princeton-Gold-324x324.webp 324w, https:\/\/www.vallonchene.fr\/wp-content\/uploads\/2024\/03\/ACER-pseudoplatanus-Princeton-Gold-416x416.webp 416w, https:\/\/www.vallonchene.fr\/wp-content\/uploads\/2024\/03\/ACER-pseudoplatanus-Princeton-Gold-100x100.webp 100w, https:\/\/www.vallonchene.fr\/wp-content\/uploads\/2024\/03\/ACER-pseudoplatanus-Princeton-Gold-32x32.webp 32w, https:\/\/www.vallonchene.fr\/wp-content\/uploads\/2024\/03\/ACER-pseudoplatanus-Princeton-Gold-64x64.webp 64w\" sizes=\"(max-width: 1023px) 100vw, 1023px\" \/><\/a><\/figure><div class=\"wp-block-media-text__content\">\n<h3 class=\"wp-block-heading has-normal-font-size\" id=\"h-acer-platanoides-princeton-gold\"><a href=\"https:\/\/www.vallonchene.fr\/es\/producto\/acer-platanoides-princeton-gold-r\/#tab-title-description\"><strong>ACER platanoides &#8216;Princeton Gold&#8217;<\/strong><\/a><\/h3>\n\n\n\n<p class=\"has-small-font-size\">20 de marzo de 2024<\/p>\n\n\n\n<p>El ACER platanoides \u2018Princeton Gold\u2019 (R) se encuentra entre los arces reales (o arces de Noruega) m\u00e1s excepcionales. Sus flores amarillas aparecen sobre la madera desnuda. A continuaci\u00f3n, se\u2026<br><a href=\"https:\/\/www.vallonchene.fr\/es\/producto\/acer-platanoides-princeton-gold-r\/#tab-title-description\"><strong>Leer m\u00e1s<\/strong><\/a> (secci\u00f3n descripci\u00f3n)<\/p>\n<\/div><\/div>\n\n\n\n<div class=\"wp-block-media-text is-stacked-on-mobile\" style=\"grid-template-columns:25% auto\"><figure class=\"wp-block-media-text__media\"><a href=\"https:\/\/www.vallonchene.fr\/es\/producto\/tsuga-canadensis-gentsch-white\/#tab-title-description\"><img decoding=\"async\" width=\"1000\" height=\"1000\" src=\"https:\/\/www.vallonchene.fr\/wp-content\/uploads\/2024\/03\/TSUGA-canadensis-Gentsch-White_01.webp\" alt=\"Gros plan sur les pousses blanches et le feuillage vert du TSUGA canadensis 'Gentsch White'\" class=\"wp-image-46000 size-medium\" srcset=\"https:\/\/www.vallonchene.fr\/wp-content\/uploads\/2024\/03\/TSUGA-canadensis-Gentsch-White_01.webp 1000w, https:\/\/www.vallonchene.fr\/wp-content\/uploads\/2024\/03\/TSUGA-canadensis-Gentsch-White_01-300x300.webp 300w, https:\/\/www.vallonchene.fr\/wp-content\/uploads\/2024\/03\/TSUGA-canadensis-Gentsch-White_01-150x150.webp 150w, https:\/\/www.vallonchene.fr\/wp-content\/uploads\/2024\/03\/TSUGA-canadensis-Gentsch-White_01-768x768.webp 768w, https:\/\/www.vallonchene.fr\/wp-content\/uploads\/2024\/03\/TSUGA-canadensis-Gentsch-White_01-324x324.webp 324w, https:\/\/www.vallonchene.fr\/wp-content\/uploads\/2024\/03\/TSUGA-canadensis-Gentsch-White_01-416x416.webp 416w, https:\/\/www.vallonchene.fr\/wp-content\/uploads\/2024\/03\/TSUGA-canadensis-Gentsch-White_01-100x100.webp 100w, https:\/\/www.vallonchene.fr\/wp-content\/uploads\/2024\/03\/TSUGA-canadensis-Gentsch-White_01-32x32.webp 32w, https:\/\/www.vallonchene.fr\/wp-content\/uploads\/2024\/03\/TSUGA-canadensis-Gentsch-White_01-64x64.webp 64w\" sizes=\"(max-width: 1000px) 100vw, 1000px\" \/><\/a><\/figure><div class=\"wp-block-media-text__content\">\n<h3 class=\"wp-block-heading has-normal-font-size\" id=\"h-tsuga-canadensis-gentsch-white\"><a href=\"https:\/\/www.vallonchene.fr\/es\/producto\/tsuga-canadensis-gentsch-white\/#tab-title-description\"><strong>TSUGA canadensis &#8216;Gentsch White&#8217;<\/strong><\/a><\/h3>\n\n\n\n<p class=\"has-small-font-size\">13 de marzo de 2024<\/p>\n\n\n\n<p>TSUGA canadensis \u2018Gentsch White\u2019 es una tsuga de Canad\u00e1. Tiene muchas cualidades: En primavera los brotes son claramente blancos. Esto es muy\u2026<br><a href=\"https:\/\/www.vallonchene.fr\/es\/producto\/tsuga-canadensis-gentsch-white\/#tab-title-description\"><strong>Leer m\u00e1s<\/strong><\/a> (secci\u00f3n descripci\u00f3n)<\/p>\n<\/div><\/div>\n\n\n\n<div class=\"wp-block-media-text is-stacked-on-mobile\" style=\"grid-template-columns:25% auto\"><figure class=\"wp-block-media-text__media\"><a href=\"https:\/\/www.vallonchene.fr\/es\/producto\/viburnum-furcatum\/#tab-title-description\"><img decoding=\"async\" width=\"1024\" height=\"1024\" src=\"https:\/\/www.vallonchene.fr\/wp-content\/uploads\/2024\/03\/5953-1024x1024.webp\" alt=\"Gros plan sur le fleurs blanches du VIBURNUM furcatum\" class=\"wp-image-45869 size-medium\" srcset=\"https:\/\/www.vallonchene.fr\/wp-content\/uploads\/2024\/03\/5953-1024x1024.webp 1024w, https:\/\/www.vallonchene.fr\/wp-content\/uploads\/2024\/03\/5953-300x300.webp 300w, https:\/\/www.vallonchene.fr\/wp-content\/uploads\/2024\/03\/5953-150x150.webp 150w, https:\/\/www.vallonchene.fr\/wp-content\/uploads\/2024\/03\/5953-768x768.webp 768w, https:\/\/www.vallonchene.fr\/wp-content\/uploads\/2024\/03\/5953-324x324.webp 324w, https:\/\/www.vallonchene.fr\/wp-content\/uploads\/2024\/03\/5953-416x416.webp 416w, https:\/\/www.vallonchene.fr\/wp-content\/uploads\/2024\/03\/5953-100x100.webp 100w, https:\/\/www.vallonchene.fr\/wp-content\/uploads\/2024\/03\/5953-32x32.webp 32w, https:\/\/www.vallonchene.fr\/wp-content\/uploads\/2024\/03\/5953-64x64.webp 64w, https:\/\/www.vallonchene.fr\/wp-content\/uploads\/2024\/03\/5953.webp 1200w\" sizes=\"(max-width: 1024px) 100vw, 1024px\" \/><\/a><\/figure><div class=\"wp-block-media-text__content\">\n<h3 class=\"wp-block-heading has-normal-font-size\" id=\"h-viburnum-furcatum\"><a href=\"https:\/\/www.vallonchene.fr\/es\/producto\/viburnum-furcatum\/#tab-title-description\"><strong>VIBURNUM furcatum<\/strong><\/a><\/h3>\n\n\n\n<p class=\"has-small-font-size\">7 de marzo de 2024<\/p>\n\n\n\n<p>El VIBURNUM furcatum tambi\u00e9n se conoce como Viburnum bifurcado. Este arbusto raro, muy apreciado por los coleccionistas, es una verdadera maravilla\u2026<br><a href=\"https:\/\/www.vallonchene.fr\/es\/producto\/viburnum-furcatum\/#tab-title-description\"><strong>Leer m\u00e1s<\/strong><\/a> (secci\u00f3n descripci\u00f3n)<\/p>\n<\/div><\/div>\n\n\n\n<div class=\"wp-block-media-text is-stacked-on-mobile\" style=\"grid-template-columns:25% auto\"><figure class=\"wp-block-media-text__media\"><a href=\"https:\/\/www.vallonchene.fr\/es\/producto\/cedrus-libanii-ssp-brevifolia-kenwith\/#tab-title-description\"><img decoding=\"async\" width=\"1024\" height=\"1024\" src=\"https:\/\/www.vallonchene.fr\/wp-content\/uploads\/2024\/02\/CEDRUS-libanii-ssp.-brevifolia-Kenwith-1024x1024.webp\" alt=\"Un exemplaire du CEDRUS libanii ssp. brevifolia 'Kenwith' d'une hauteur de 40 cm\" class=\"wp-image-45784 size-medium\" srcset=\"https:\/\/www.vallonchene.fr\/wp-content\/uploads\/2024\/02\/CEDRUS-libanii-ssp.-brevifolia-Kenwith-1024x1024.webp 1024w, https:\/\/www.vallonchene.fr\/wp-content\/uploads\/2024\/02\/CEDRUS-libanii-ssp.-brevifolia-Kenwith-300x300.webp 300w, https:\/\/www.vallonchene.fr\/wp-content\/uploads\/2024\/02\/CEDRUS-libanii-ssp.-brevifolia-Kenwith-150x150.webp 150w, https:\/\/www.vallonchene.fr\/wp-content\/uploads\/2024\/02\/CEDRUS-libanii-ssp.-brevifolia-Kenwith-768x768.webp 768w, https:\/\/www.vallonchene.fr\/wp-content\/uploads\/2024\/02\/CEDRUS-libanii-ssp.-brevifolia-Kenwith-324x324.webp 324w, https:\/\/www.vallonchene.fr\/wp-content\/uploads\/2024\/02\/CEDRUS-libanii-ssp.-brevifolia-Kenwith-416x416.webp 416w, https:\/\/www.vallonchene.fr\/wp-content\/uploads\/2024\/02\/CEDRUS-libanii-ssp.-brevifolia-Kenwith-100x100.webp 100w, https:\/\/www.vallonchene.fr\/wp-content\/uploads\/2024\/02\/CEDRUS-libanii-ssp.-brevifolia-Kenwith-32x32.webp 32w, https:\/\/www.vallonchene.fr\/wp-content\/uploads\/2024\/02\/CEDRUS-libanii-ssp.-brevifolia-Kenwith-64x64.webp 64w, https:\/\/www.vallonchene.fr\/wp-content\/uploads\/2024\/02\/CEDRUS-libanii-ssp.-brevifolia-Kenwith.webp 1200w\" sizes=\"(max-width: 1024px) 100vw, 1024px\" \/><\/a><\/figure><div class=\"wp-block-media-text__content\">\n<h3 class=\"wp-block-heading has-normal-font-size\" id=\"h-cedrus-libanii-ssp-brevifolia-kenwith\"><a href=\"https:\/\/www.vallonchene.fr\/es\/producto\/cedrus-libanii-ssp-brevifolia-kenwith\/#tab-title-description\"><strong>CEDRUS libanii ssp. brevifolia &#8216;Kenwith&#8217;<\/strong><\/a><\/h3>\n\n\n\n<p class=\"has-small-font-size\">29 de febrero de 2024<\/p>\n\n\n\n<p>El CEDRUS libanii ssp. brevifolia \u2018Kenwith\u2019 forma parte de las plantas predilectas para el Bons\u00e1i. En efecto, este cedro de L\u00edbano extremadamente raro se clasifica\u2026<br><a href=\"https:\/\/www.vallonchene.fr\/es\/producto\/cedrus-libanii-ssp-brevifolia-kenwith\/#tab-title-description\"><strong>Leer m\u00e1s<\/strong><\/a> (secci\u00f3n descripci\u00f3n)<\/p>\n<\/div><\/div>\n\n\n\n<div class=\"wp-block-media-text is-stacked-on-mobile\" style=\"grid-template-columns:25% auto\"><figure class=\"wp-block-media-text__media\"><a href=\"https:\/\/www.vallonchene.fr\/produit\/cornus-officinalis\/#tab-title-description\"><img decoding=\"async\" width=\"1024\" height=\"1024\" src=\"https:\/\/www.vallonchene.fr\/wp-content\/uploads\/2024\/02\/IMG_20240216_144031-1024x1024.webp\" alt=\"Gros plan sur les fleurs jaunes du CORNUS officinalis en plein hiver\" class=\"wp-image-45677 size-medium\" srcset=\"https:\/\/www.vallonchene.fr\/wp-content\/uploads\/2024\/02\/IMG_20240216_144031-1024x1024.webp 1024w, https:\/\/www.vallonchene.fr\/wp-content\/uploads\/2024\/02\/IMG_20240216_144031-300x300.webp 300w, https:\/\/www.vallonchene.fr\/wp-content\/uploads\/2024\/02\/IMG_20240216_144031-150x150.webp 150w, https:\/\/www.vallonchene.fr\/wp-content\/uploads\/2024\/02\/IMG_20240216_144031-768x768.webp 768w, https:\/\/www.vallonchene.fr\/wp-content\/uploads\/2024\/02\/IMG_20240216_144031-324x324.webp 324w, https:\/\/www.vallonchene.fr\/wp-content\/uploads\/2024\/02\/IMG_20240216_144031-416x416.webp 416w, https:\/\/www.vallonchene.fr\/wp-content\/uploads\/2024\/02\/IMG_20240216_144031-100x100.webp 100w, https:\/\/www.vallonchene.fr\/wp-content\/uploads\/2024\/02\/IMG_20240216_144031-32x32.webp 32w, https:\/\/www.vallonchene.fr\/wp-content\/uploads\/2024\/02\/IMG_20240216_144031-64x64.webp 64w, https:\/\/www.vallonchene.fr\/wp-content\/uploads\/2024\/02\/IMG_20240216_144031.webp 1200w\" sizes=\"(max-width: 1024px) 100vw, 1024px\" \/><\/a><\/figure><div class=\"wp-block-media-text__content\">\n<h3 class=\"wp-block-heading has-normal-font-size\" id=\"h-cornus-officinalis\"><a href=\"https:\/\/www.vallonchene.fr\/produit\/cornus-officinalis\/#tab-title-description\"><strong>CORNUS officinalis<\/strong><\/a><\/h3>\n\n\n\n<p class=\"has-small-font-size\">22 f\u00e9vrier 2024<\/p>\n\n\n\n<p>Le CORNUS officinalis porte aussi les noms vernaculaires de cornouiller officinal et cornouiller du Japon. En effet, cette esp\u00e8ce type est une plante fabuleuse \u00e0 plus d\u2019un titre\u2026<br><strong><a href=\"https:\/\/www.vallonchene.fr\/produit\/cornus-officinalis\/#tab-title-description\">Lire la suite<\/a><\/strong> (rubrique description)<\/p>\n<\/div><\/div>\n\n\n\n<div class=\"wp-block-media-text is-stacked-on-mobile\" style=\"grid-template-columns:25% auto\"><figure class=\"wp-block-media-text__media\"><a href=\"https:\/\/www.vallonchene.fr\/produit\/nothofagus-betuloides\/#tab-title-description\"><img decoding=\"async\" width=\"1024\" height=\"1024\" src=\"https:\/\/www.vallonchene.fr\/wp-content\/uploads\/2024\/02\/IMG_20240211_163218-1024x1024.webp\" alt=\"Gros plan sur le feuillage et les boutons couleur cuivre du NOTHOFAGUS betuloides\" class=\"wp-image-45632 size-medium\" srcset=\"https:\/\/www.vallonchene.fr\/wp-content\/uploads\/2024\/02\/IMG_20240211_163218-1024x1024.webp 1024w, https:\/\/www.vallonchene.fr\/wp-content\/uploads\/2024\/02\/IMG_20240211_163218-300x300.webp 300w, https:\/\/www.vallonchene.fr\/wp-content\/uploads\/2024\/02\/IMG_20240211_163218-150x150.webp 150w, https:\/\/www.vallonchene.fr\/wp-content\/uploads\/2024\/02\/IMG_20240211_163218-768x768.webp 768w, https:\/\/www.vallonchene.fr\/wp-content\/uploads\/2024\/02\/IMG_20240211_163218-324x324.webp 324w, https:\/\/www.vallonchene.fr\/wp-content\/uploads\/2024\/02\/IMG_20240211_163218-416x416.webp 416w, https:\/\/www.vallonchene.fr\/wp-content\/uploads\/2024\/02\/IMG_20240211_163218-100x100.webp 100w, https:\/\/www.vallonchene.fr\/wp-content\/uploads\/2024\/02\/IMG_20240211_163218-32x32.webp 32w, https:\/\/www.vallonchene.fr\/wp-content\/uploads\/2024\/02\/IMG_20240211_163218-64x64.webp 64w, https:\/\/www.vallonchene.fr\/wp-content\/uploads\/2024\/02\/IMG_20240211_163218.webp 1200w\" sizes=\"(max-width: 1024px) 100vw, 1024px\" \/><\/a><\/figure><div class=\"wp-block-media-text__content\">\n<h3 class=\"wp-block-heading has-normal-font-size\" id=\"h-nothofagus-betuloides\"><a href=\"https:\/\/www.vallonchene.fr\/produit\/nothofagus-betuloides\/#tab-title-description\"><strong>NOTHOFAGUS betuloides<\/strong><\/a><\/h3>\n\n\n\n<p class=\"has-small-font-size\">15 f\u00e9vrier 2024<\/p>\n\n\n\n<p>Le NOTHOFAGUS betuloides se nomme \u00e9galement h\u00eatre de Magellan ou encore guindo (dans sa r\u00e9gion d\u2019origine). C\u2019est un petit arbre tr\u00e8s recherch\u00e9 par les collectionneurs pour\u2026<br><strong><a href=\"https:\/\/www.vallonchene.fr\/produit\/nothofagus-betuloides\/#tab-title-description\">Lire la suite<\/a><\/strong> (rubrique description)<\/p>\n<\/div><\/div>\n\n\n\n<div class=\"wp-block-media-text is-stacked-on-mobile\" style=\"grid-template-columns:25% auto\"><figure class=\"wp-block-media-text__media\"><a href=\"https:\/\/www.vallonchene.fr\/produit\/chamaecyparis-lawsoniana-pembury-blue-cypres-de-lawson\/#tab-title-description\"><img decoding=\"async\" width=\"1024\" height=\"1024\" src=\"https:\/\/www.vallonchene.fr\/wp-content\/uploads\/2023\/09\/CHAMAECYPARIS-lawsoniana-Pembury-Blue-1024x1024.webp\" alt=\"Gros plan du feuillage bleu du CHAMAECYPARIS lawsoniana 'Pembury Blue'\" class=\"wp-image-43924 size-medium\" srcset=\"https:\/\/www.vallonchene.fr\/wp-content\/uploads\/2023\/09\/CHAMAECYPARIS-lawsoniana-Pembury-Blue-1024x1024.webp 1024w, https:\/\/www.vallonchene.fr\/wp-content\/uploads\/2023\/09\/CHAMAECYPARIS-lawsoniana-Pembury-Blue-324x324.webp 324w, https:\/\/www.vallonchene.fr\/wp-content\/uploads\/2023\/09\/CHAMAECYPARIS-lawsoniana-Pembury-Blue-100x100.webp 100w, https:\/\/www.vallonchene.fr\/wp-content\/uploads\/2023\/09\/CHAMAECYPARIS-lawsoniana-Pembury-Blue-416x416.webp 416w, https:\/\/www.vallonchene.fr\/wp-content\/uploads\/2023\/09\/CHAMAECYPARIS-lawsoniana-Pembury-Blue-64x64.webp 64w, https:\/\/www.vallonchene.fr\/wp-content\/uploads\/2023\/09\/CHAMAECYPARIS-lawsoniana-Pembury-Blue-300x300.webp 300w, https:\/\/www.vallonchene.fr\/wp-content\/uploads\/2023\/09\/CHAMAECYPARIS-lawsoniana-Pembury-Blue-150x150.webp 150w, https:\/\/www.vallonchene.fr\/wp-content\/uploads\/2023\/09\/CHAMAECYPARIS-lawsoniana-Pembury-Blue-768x768.webp 768w, https:\/\/www.vallonchene.fr\/wp-content\/uploads\/2023\/09\/CHAMAECYPARIS-lawsoniana-Pembury-Blue-32x32.webp 32w, https:\/\/www.vallonchene.fr\/wp-content\/uploads\/2023\/09\/CHAMAECYPARIS-lawsoniana-Pembury-Blue.webp 1200w\" sizes=\"(max-width: 1024px) 100vw, 1024px\" \/><\/a><\/figure><div class=\"wp-block-media-text__content\">\n<h3 class=\"wp-block-heading has-normal-font-size\" id=\"h-chamaecyparis-lawsoniana-pembury-blue\"><a href=\"https:\/\/www.vallonchene.fr\/produit\/chamaecyparis-lawsoniana-pembury-blue-cypres-de-lawson\/#tab-title-description\"><strong>CHAMAECYPARIS lawsoniana &#8216;Pembury Blue&#8217;<\/strong><\/a><\/h3>\n\n\n\n<p class=\"has-small-font-size\">07 f\u00e9vrier 2024<\/p>\n\n\n\n<p>Le CHAMAECYPARIS lawsoniana \u2018Pembury Blue\u2019, commun\u00e9ment appel\u00e9 cypr\u00e8s de Lawson bleu, est renomm\u00e9 pour son feuillage d\u2019une couleur exceptionnelle (voir photos). C\u2019est un des conif\u00e8res des plus\u2026<br><strong><a href=\"https:\/\/www.vallonchene.fr\/produit\/chamaecyparis-lawsoniana-pembury-blue-cypres-de-lawson\/#tab-title-description\">Lire la suite<\/a><\/strong> (rubrique description)<\/p>\n<\/div><\/div>\n\n\n\n<div class=\"wp-block-media-text is-stacked-on-mobile\" style=\"grid-template-columns:25% auto\"><figure class=\"wp-block-media-text__media\"><a href=\"https:\/\/www.vallonchene.fr\/es\/producto\/cryptomeria-japonica-tomahawk\/#tab-title-description\"><img decoding=\"async\" width=\"1024\" height=\"1024\" src=\"https:\/\/www.vallonchene.fr\/wp-content\/uploads\/2023\/11\/CRYPTOMERIA-japonica-Tomahawk_02-1024x1024.webp\" alt=\"Gros plan sur le feuillage en forme de cr\u00eate de coq du CRYPTOMERIA japonica 'Tomahawk'\" class=\"wp-image-45216 size-medium\" srcset=\"https:\/\/www.vallonchene.fr\/wp-content\/uploads\/2023\/11\/CRYPTOMERIA-japonica-Tomahawk_02-1024x1024.webp 1024w, https:\/\/www.vallonchene.fr\/wp-content\/uploads\/2023\/11\/CRYPTOMERIA-japonica-Tomahawk_02-300x300.webp 300w, https:\/\/www.vallonchene.fr\/wp-content\/uploads\/2023\/11\/CRYPTOMERIA-japonica-Tomahawk_02-150x150.webp 150w, https:\/\/www.vallonchene.fr\/wp-content\/uploads\/2023\/11\/CRYPTOMERIA-japonica-Tomahawk_02-768x768.webp 768w, https:\/\/www.vallonchene.fr\/wp-content\/uploads\/2023\/11\/CRYPTOMERIA-japonica-Tomahawk_02-324x324.webp 324w, https:\/\/www.vallonchene.fr\/wp-content\/uploads\/2023\/11\/CRYPTOMERIA-japonica-Tomahawk_02-416x416.webp 416w, https:\/\/www.vallonchene.fr\/wp-content\/uploads\/2023\/11\/CRYPTOMERIA-japonica-Tomahawk_02-100x100.webp 100w, https:\/\/www.vallonchene.fr\/wp-content\/uploads\/2023\/11\/CRYPTOMERIA-japonica-Tomahawk_02-32x32.webp 32w, https:\/\/www.vallonchene.fr\/wp-content\/uploads\/2023\/11\/CRYPTOMERIA-japonica-Tomahawk_02-64x64.webp 64w, https:\/\/www.vallonchene.fr\/wp-content\/uploads\/2023\/11\/CRYPTOMERIA-japonica-Tomahawk_02.webp 1200w\" sizes=\"(max-width: 1024px) 100vw, 1024px\" \/><\/a><\/figure><div class=\"wp-block-media-text__content\">\n<h3 class=\"wp-block-heading has-normal-font-size\" id=\"h-crytpomeria-japonica-tomahawk\"><a href=\"https:\/\/www.vallonchene.fr\/es\/producto\/cryptomeria-japonica-tomahawk\/#tab-title-description\"><strong>CRYTPOMERIA japonica &#8216;Tomahawk&#8217;<\/strong><\/a><\/h3>\n\n\n\n<p class=\"has-small-font-size\">28 de noviembre de 2023<\/p>\n\n\n\n<p>Este sugi (cedro japon\u00e9s) extraordinario desarrolla brotes bastante densos similares a las crestas de gallo. Esto confiere al CRYPTOMERIA japonica \u2018Tomahawk\u2019 un aspecto muy\u2026<br><a href=\"https:\/\/www.vallonchene.fr\/es\/producto\/cryptomeria-japonica-tomahawk\/#tab-title-description\"><strong>Leer m\u00e1s<\/strong><\/a> (secci\u00f3n descripci\u00f3n)<\/p>\n<\/div><\/div>\n\n\n\n<div class=\"wp-block-media-text is-stacked-on-mobile\" style=\"grid-template-columns:25% auto\"><figure class=\"wp-block-media-text__media\"><a href=\"https:\/\/www.vallonchene.fr\/es\/producto\/tilia-cordata-winter-orange\/#tab-title-description\"><img decoding=\"async\" width=\"1024\" height=\"1024\" src=\"https:\/\/www.vallonchene.fr\/wp-content\/uploads\/2023\/11\/TILIA-cordata-Winter-Orange_01-1024x1024.webp\" alt=\"Branches oranges et feuillage au d\u00e9bourrement du TILIA cordata 'Winter Orange'\" class=\"wp-image-44962 size-medium\" srcset=\"https:\/\/www.vallonchene.fr\/wp-content\/uploads\/2023\/11\/TILIA-cordata-Winter-Orange_01-1024x1024.webp 1024w, https:\/\/www.vallonchene.fr\/wp-content\/uploads\/2023\/11\/TILIA-cordata-Winter-Orange_01-300x300.webp 300w, https:\/\/www.vallonchene.fr\/wp-content\/uploads\/2023\/11\/TILIA-cordata-Winter-Orange_01-150x150.webp 150w, https:\/\/www.vallonchene.fr\/wp-content\/uploads\/2023\/11\/TILIA-cordata-Winter-Orange_01-768x768.webp 768w, https:\/\/www.vallonchene.fr\/wp-content\/uploads\/2023\/11\/TILIA-cordata-Winter-Orange_01-324x324.webp 324w, https:\/\/www.vallonchene.fr\/wp-content\/uploads\/2023\/11\/TILIA-cordata-Winter-Orange_01-416x416.webp 416w, https:\/\/www.vallonchene.fr\/wp-content\/uploads\/2023\/11\/TILIA-cordata-Winter-Orange_01-100x100.webp 100w, https:\/\/www.vallonchene.fr\/wp-content\/uploads\/2023\/11\/TILIA-cordata-Winter-Orange_01-32x32.webp 32w, https:\/\/www.vallonchene.fr\/wp-content\/uploads\/2023\/11\/TILIA-cordata-Winter-Orange_01-64x64.webp 64w, https:\/\/www.vallonchene.fr\/wp-content\/uploads\/2023\/11\/TILIA-cordata-Winter-Orange_01.webp 1200w\" sizes=\"(max-width: 1024px) 100vw, 1024px\" \/><\/a><\/figure><div class=\"wp-block-media-text__content\">\n<h3 class=\"wp-block-heading has-normal-font-size\" id=\"h-tilia-cordata-winter-orange\"><a href=\"https:\/\/www.vallonchene.fr\/es\/producto\/tilia-cordata-winter-orange\/#tab-title-description\"><strong>TILIA cordata &#8216;Winter Orange&#8217;<\/strong><\/a><\/h3>\n\n\n\n<p class=\"has-small-font-size\">22 de noviembre de 2023<\/p>\n\n\n\n<p>El TILIA cordata \u2018Winter Orange\u2019 pertenece a las plantas con muchos atributos: Primero, la madera de este tilo de hojas peque\u00f1as adquiere un tono naranja brillante en\u2026<br><strong><a href=\"https:\/\/www.vallonchene.fr\/es\/producto\/tilia-cordata-winter-orange\/#tab-title-description\">Leer <strong>m\u00e1s<\/strong><\/a><\/strong> (secci\u00f3n descripci\u00f3n)<\/p>\n<\/div><\/div>\n\n\n\n<div class=\"wp-block-media-text is-stacked-on-mobile\" style=\"grid-template-columns:25% auto\"><figure class=\"wp-block-media-text__media\"><a href=\"https:\/\/www.vallonchene.fr\/es\/producto\/pinus-thunbergii-thunderhead\/#tab-title-description\"><img decoding=\"async\" width=\"1024\" height=\"1024\" src=\"https:\/\/www.vallonchene.fr\/wp-content\/uploads\/2023\/11\/PINUS-thunbergi-Thunderhead-1024x1024.webp\" alt=\"Un sujet de PINUS thunbergii 'Thunderhead' d'une vingtaine d'ann\u00e9e \u00e0 Vallonch\u00eane\" class=\"wp-image-44838 size-medium\" srcset=\"https:\/\/www.vallonchene.fr\/wp-content\/uploads\/2023\/11\/PINUS-thunbergi-Thunderhead-1024x1024.webp 1024w, https:\/\/www.vallonchene.fr\/wp-content\/uploads\/2023\/11\/PINUS-thunbergi-Thunderhead-300x300.webp 300w, https:\/\/www.vallonchene.fr\/wp-content\/uploads\/2023\/11\/PINUS-thunbergi-Thunderhead-150x150.webp 150w, https:\/\/www.vallonchene.fr\/wp-content\/uploads\/2023\/11\/PINUS-thunbergi-Thunderhead-768x768.webp 768w, https:\/\/www.vallonchene.fr\/wp-content\/uploads\/2023\/11\/PINUS-thunbergi-Thunderhead-324x324.webp 324w, https:\/\/www.vallonchene.fr\/wp-content\/uploads\/2023\/11\/PINUS-thunbergi-Thunderhead-416x416.webp 416w, https:\/\/www.vallonchene.fr\/wp-content\/uploads\/2023\/11\/PINUS-thunbergi-Thunderhead-100x100.webp 100w, https:\/\/www.vallonchene.fr\/wp-content\/uploads\/2023\/11\/PINUS-thunbergi-Thunderhead-32x32.webp 32w, https:\/\/www.vallonchene.fr\/wp-content\/uploads\/2023\/11\/PINUS-thunbergi-Thunderhead-64x64.webp 64w, https:\/\/www.vallonchene.fr\/wp-content\/uploads\/2023\/11\/PINUS-thunbergi-Thunderhead.webp 1200w\" sizes=\"(max-width: 1024px) 100vw, 1024px\" \/><\/a><\/figure><div class=\"wp-block-media-text__content\">\n<h3 class=\"wp-block-heading has-normal-font-size\" id=\"h-pinus-thunbergii-thunderhead\"><a href=\"https:\/\/www.vallonchene.fr\/es\/producto\/pinus-thunbergii-thunderhead\/#tab-title-description\"><strong>PINUS thunbergii &#8216;Thunderhead&#8217;<\/strong><\/a><\/h3>\n\n\n\n<p class=\"has-small-font-size\">15 de noviembre de 2023<\/p>\n\n\n\n<p>El PINUS thunbergii \u2018Thunderhead\u2019 crece lentamente. Por esta raz\u00f3n, este pino japon\u00e9s de Thunberg no superar\u00e1 los 2 m despu\u00e9s de unos veinte a\u00f1os (vea el ejemplar en nuestra foto). Finalmente, se\u2026<br><a href=\"https:\/\/www.vallonchene.fr\/es\/producto\/pinus-thunbergii-thunderhead\/#tab-title-description\"><strong>Leer m\u00e1s<\/strong><\/a> (secci\u00f3n descripci\u00f3n)<\/p>\n<\/div><\/div>\n\n\n\n<div class=\"wp-block-media-text is-stacked-on-mobile\" style=\"grid-template-columns:25% auto\"><figure class=\"wp-block-media-text__media\"><a href=\"https:\/\/www.vallonchene.fr\/produit\/acer-rubrum-schlesingeri-erable-rouge\/#tab-title-description\"><img decoding=\"async\" width=\"1024\" height=\"1024\" src=\"https:\/\/www.vallonchene.fr\/wp-content\/uploads\/2023\/11\/ACER-rubrum-Schlesingeri_02-1024x1024.webp\" alt=\"Gros plan en automne sur le feuillage rouge vig de l'ACER rubrum 'Schlesingeri'\" class=\"wp-image-44705 size-medium\" srcset=\"https:\/\/www.vallonchene.fr\/wp-content\/uploads\/2023\/11\/ACER-rubrum-Schlesingeri_02-1024x1024.webp 1024w, https:\/\/www.vallonchene.fr\/wp-content\/uploads\/2023\/11\/ACER-rubrum-Schlesingeri_02-300x300.webp 300w, https:\/\/www.vallonchene.fr\/wp-content\/uploads\/2023\/11\/ACER-rubrum-Schlesingeri_02-150x150.webp 150w, https:\/\/www.vallonchene.fr\/wp-content\/uploads\/2023\/11\/ACER-rubrum-Schlesingeri_02-768x768.webp 768w, https:\/\/www.vallonchene.fr\/wp-content\/uploads\/2023\/11\/ACER-rubrum-Schlesingeri_02-324x324.webp 324w, https:\/\/www.vallonchene.fr\/wp-content\/uploads\/2023\/11\/ACER-rubrum-Schlesingeri_02-416x416.webp 416w, https:\/\/www.vallonchene.fr\/wp-content\/uploads\/2023\/11\/ACER-rubrum-Schlesingeri_02-100x100.webp 100w, https:\/\/www.vallonchene.fr\/wp-content\/uploads\/2023\/11\/ACER-rubrum-Schlesingeri_02-32x32.webp 32w, https:\/\/www.vallonchene.fr\/wp-content\/uploads\/2023\/11\/ACER-rubrum-Schlesingeri_02-64x64.webp 64w, https:\/\/www.vallonchene.fr\/wp-content\/uploads\/2023\/11\/ACER-rubrum-Schlesingeri_02.webp 1200w\" sizes=\"(max-width: 1024px) 100vw, 1024px\" \/><\/a><\/figure><div class=\"wp-block-media-text__content\">\n<h3 class=\"wp-block-heading has-normal-font-size\" id=\"h-acer-rubrum-schlesingeri\"><a href=\"https:\/\/www.vallonchene.fr\/produit\/acer-rubrum-schlesingeri-erable-rouge\/#tab-title-description\"><strong>ACER rubrum &#8216;Schlesingeri&#8217;<\/strong><\/a><\/h3>\n\n\n\n<p class=\"has-small-font-size\">08 novembre 2023<\/p>\n\n\n\n<p>L\u2019ACER rubrum \u2018Schlesingeri\u2019 est un \u00e9rable rouge. Au fil du temps, il s\u2019est cristallis\u00e9 comme LA r\u00e9f\u00e9rence parmi les \u00e9rables rouges. En effet, son feuillage habituellement\u2026<br><strong><a href=\"https:\/\/www.vallonchene.fr\/produit\/acer-rubrum-schlesingeri-erable-rouge\/#tab-title-description\">Lire la suite<\/a><\/strong> (rubrique description)<\/p>\n<\/div><\/div>\n\n\n\n<div class=\"wp-block-media-text is-stacked-on-mobile\" style=\"grid-template-columns:25% auto\"><figure class=\"wp-block-media-text__media\"><a href=\"https:\/\/www.vallonchene.fr\/produit\/pyrus-salicifolia-pendula-poirier-a-feuilles-de-saule-pleureur\/\"><img decoding=\"async\" width=\"1024\" height=\"1024\" src=\"https:\/\/www.vallonchene.fr\/wp-content\/uploads\/2023\/11\/PYRUS-salicifolia-Pendula-1024x1024.webp\" alt=\"Gros plan sur fleur blanche du PYRUS salicifolia 'Pendula' avec son feuillage gris\" class=\"wp-image-44595 size-medium\" srcset=\"https:\/\/www.vallonchene.fr\/wp-content\/uploads\/2023\/11\/PYRUS-salicifolia-Pendula-1024x1024.webp 1024w, https:\/\/www.vallonchene.fr\/wp-content\/uploads\/2023\/11\/PYRUS-salicifolia-Pendula-324x324.webp 324w, https:\/\/www.vallonchene.fr\/wp-content\/uploads\/2023\/11\/PYRUS-salicifolia-Pendula-100x100.webp 100w, https:\/\/www.vallonchene.fr\/wp-content\/uploads\/2023\/11\/PYRUS-salicifolia-Pendula-416x416.webp 416w, https:\/\/www.vallonchene.fr\/wp-content\/uploads\/2023\/11\/PYRUS-salicifolia-Pendula-64x64.webp 64w, https:\/\/www.vallonchene.fr\/wp-content\/uploads\/2023\/11\/PYRUS-salicifolia-Pendula-300x300.webp 300w, https:\/\/www.vallonchene.fr\/wp-content\/uploads\/2023\/11\/PYRUS-salicifolia-Pendula-150x150.webp 150w, https:\/\/www.vallonchene.fr\/wp-content\/uploads\/2023\/11\/PYRUS-salicifolia-Pendula-768x768.webp 768w, https:\/\/www.vallonchene.fr\/wp-content\/uploads\/2023\/11\/PYRUS-salicifolia-Pendula-32x32.webp 32w, https:\/\/www.vallonchene.fr\/wp-content\/uploads\/2023\/11\/PYRUS-salicifolia-Pendula.webp 1200w\" sizes=\"(max-width: 1024px) 100vw, 1024px\" \/><\/a><\/figure><div class=\"wp-block-media-text__content\">\n<h3 class=\"wp-block-heading has-normal-font-size\" id=\"h-pyrus-salicifolia-pendula\"><a href=\"https:\/\/www.vallonchene.fr\/produit\/pyrus-salicifolia-pendula-poirier-a-feuilles-de-saule-pleureur\/\"><strong>PYRUS salicifolia &#8216;Pendula&#8217;<\/strong><\/a><\/h3>\n\n\n\n<p class=\"has-small-font-size\">01 novembre 2023<\/p>\n\n\n\n<p>Le PYRUS salicifolia \u2018Pendula\u2019 repr\u00e9sente un petit arbre pleureur avec des branches franchement retombantes. De ce fait, cette plante assez extraordinaire\u2026<br><strong><a href=\"https:\/\/www.vallonchene.fr\/produit\/pyrus-salicifolia-pendula-poirier-a-feuilles-de-saule-pleureur\/\">Lire la suite<\/a><\/strong> (rubrique description)<\/p>\n<\/div><\/div>\n\n\n\n<div class=\"wp-block-media-text is-stacked-on-mobile\" style=\"grid-template-columns:25% auto\"><figure class=\"wp-block-media-text__media\"><a href=\"https:\/\/www.vallonchene.fr\/produit\/sassafras-albidum\/\"><img decoding=\"async\" width=\"1024\" height=\"1024\" src=\"https:\/\/www.vallonchene.fr\/wp-content\/uploads\/2023\/10\/SASSAFRAS-albidum-1024x1024.webp\" alt=\"Feuille avec une couleur d'un rouge vif et jaune lumineux du SASSAFRAS albidum\" class=\"wp-image-44441 size-medium\" srcset=\"https:\/\/www.vallonchene.fr\/wp-content\/uploads\/2023\/10\/SASSAFRAS-albidum-1024x1024.webp 1024w, https:\/\/www.vallonchene.fr\/wp-content\/uploads\/2023\/10\/SASSAFRAS-albidum-324x324.webp 324w, https:\/\/www.vallonchene.fr\/wp-content\/uploads\/2023\/10\/SASSAFRAS-albidum-100x100.webp 100w, https:\/\/www.vallonchene.fr\/wp-content\/uploads\/2023\/10\/SASSAFRAS-albidum-416x416.webp 416w, https:\/\/www.vallonchene.fr\/wp-content\/uploads\/2023\/10\/SASSAFRAS-albidum-64x64.webp 64w, https:\/\/www.vallonchene.fr\/wp-content\/uploads\/2023\/10\/SASSAFRAS-albidum-300x300.webp 300w, https:\/\/www.vallonchene.fr\/wp-content\/uploads\/2023\/10\/SASSAFRAS-albidum-150x150.webp 150w, https:\/\/www.vallonchene.fr\/wp-content\/uploads\/2023\/10\/SASSAFRAS-albidum-768x768.webp 768w, https:\/\/www.vallonchene.fr\/wp-content\/uploads\/2023\/10\/SASSAFRAS-albidum-32x32.webp 32w, https:\/\/www.vallonchene.fr\/wp-content\/uploads\/2023\/10\/SASSAFRAS-albidum.webp 1200w\" sizes=\"(max-width: 1024px) 100vw, 1024px\" \/><\/a><\/figure><div class=\"wp-block-media-text__content\">\n<h3 class=\"wp-block-heading has-normal-font-size\" id=\"h-sassafras-albidum\"><a href=\"https:\/\/www.vallonchene.fr\/produit\/sassafras-albidum\/\"><strong>SASSAFRAS albidum<\/strong><\/a><\/h3>\n\n\n\n<p class=\"has-small-font-size\">25 octobre 2023<\/p>\n\n\n\n<p>Le SASSAFRAS albidum, \u00e9galement appel\u00e9 laurier des Iroquois, appartient aux plantes rares. Curieusement, cette plante caduque produit trois formes de\u2026<br><strong><a href=\"https:\/\/www.vallonchene.fr\/produit\/sassafras-albidum\/\">Lire la suite<\/a><\/strong> (rubrique description)<\/p>\n<\/div><\/div>\n\n\n\n<div class=\"wp-block-media-text is-stacked-on-mobile\" style=\"grid-template-columns:25% auto\"><figure class=\"wp-block-media-text__media\"><a href=\"https:\/\/www.vallonchene.fr\/es\/producto\/glyptostrobus-pensilis\/#tab-title-description\"><img decoding=\"async\" width=\"1024\" height=\"1024\" src=\"https:\/\/www.vallonchene.fr\/wp-content\/uploads\/2022\/09\/GLYPTOSTROBUS-pensilis-1024x1024.webp\" alt=\"Branches et feuillage vert du GLYPTOSTROBUS pensilis\" class=\"wp-image-44312 size-medium\" srcset=\"https:\/\/www.vallonchene.fr\/wp-content\/uploads\/2022\/09\/GLYPTOSTROBUS-pensilis-1024x1024.webp 1024w, https:\/\/www.vallonchene.fr\/wp-content\/uploads\/2022\/09\/GLYPTOSTROBUS-pensilis-324x324.webp 324w, https:\/\/www.vallonchene.fr\/wp-content\/uploads\/2022\/09\/GLYPTOSTROBUS-pensilis-100x100.webp 100w, https:\/\/www.vallonchene.fr\/wp-content\/uploads\/2022\/09\/GLYPTOSTROBUS-pensilis-416x416.webp 416w, https:\/\/www.vallonchene.fr\/wp-content\/uploads\/2022\/09\/GLYPTOSTROBUS-pensilis-64x64.webp 64w, https:\/\/www.vallonchene.fr\/wp-content\/uploads\/2022\/09\/GLYPTOSTROBUS-pensilis-300x300.webp 300w, https:\/\/www.vallonchene.fr\/wp-content\/uploads\/2022\/09\/GLYPTOSTROBUS-pensilis-150x150.webp 150w, https:\/\/www.vallonchene.fr\/wp-content\/uploads\/2022\/09\/GLYPTOSTROBUS-pensilis-768x768.webp 768w, https:\/\/www.vallonchene.fr\/wp-content\/uploads\/2022\/09\/GLYPTOSTROBUS-pensilis-32x32.webp 32w, https:\/\/www.vallonchene.fr\/wp-content\/uploads\/2022\/09\/GLYPTOSTROBUS-pensilis.webp 1200w\" sizes=\"(max-width: 1024px) 100vw, 1024px\" \/><\/a><\/figure><div class=\"wp-block-media-text__content\">\n<h3 class=\"wp-block-heading has-normal-font-size\" id=\"h-glyptostrobus-pensilis\"><a href=\"https:\/\/www.vallonchene.fr\/es\/producto\/glyptostrobus-pensilis\/#tab-title-description\"><strong>GLYPTOSTROBUS pensilis<\/strong><\/a><\/h3>\n\n\n\n<p class=\"has-small-font-size\">18 de octubre de 2023<\/p>\n\n\n\n<p>El GLYPTOSTROBUS pensilis es una con\u00edfera extremadamente rara y muy apreciada por los coleccionistas. De hecho, est\u00e1 clasificada como \u00aben peligro cr\u00edtico\u00ab. El cipr\u00e9s chino ha desaparecido casi\u2026<br><a href=\"https:\/\/www.vallonchene.fr\/es\/producto\/glyptostrobus-pensilis\/#tab-title-description\"><strong>Leer m\u00e1s<\/strong><\/a> (secci\u00f3n descripci\u00f3n)<\/p>\n<\/div><\/div>\n\n\n\n<div class=\"wp-block-media-text is-stacked-on-mobile\" style=\"grid-template-columns:25% auto\"><figure class=\"wp-block-media-text__media\"><a href=\"https:\/\/www.vallonchene.fr\/produit\/acer-palmatum-shishigashira\/\"><img decoding=\"async\" width=\"1024\" height=\"1024\" src=\"https:\/\/www.vallonchene.fr\/wp-content\/uploads\/2023\/10\/ACER-palmatum-Shishigashira-1024x1024.webp\" alt=\"Feuillage vert crisp\u00e9 de l'ACER palmatum 'Shishigashira'\" class=\"wp-image-44268 size-medium\" srcset=\"https:\/\/www.vallonchene.fr\/wp-content\/uploads\/2023\/10\/ACER-palmatum-Shishigashira-1024x1024.webp 1024w, https:\/\/www.vallonchene.fr\/wp-content\/uploads\/2023\/10\/ACER-palmatum-Shishigashira-324x324.webp 324w, https:\/\/www.vallonchene.fr\/wp-content\/uploads\/2023\/10\/ACER-palmatum-Shishigashira-100x100.webp 100w, https:\/\/www.vallonchene.fr\/wp-content\/uploads\/2023\/10\/ACER-palmatum-Shishigashira-416x416.webp 416w, https:\/\/www.vallonchene.fr\/wp-content\/uploads\/2023\/10\/ACER-palmatum-Shishigashira-64x64.webp 64w, https:\/\/www.vallonchene.fr\/wp-content\/uploads\/2023\/10\/ACER-palmatum-Shishigashira-300x300.webp 300w, https:\/\/www.vallonchene.fr\/wp-content\/uploads\/2023\/10\/ACER-palmatum-Shishigashira-150x150.webp 150w, https:\/\/www.vallonchene.fr\/wp-content\/uploads\/2023\/10\/ACER-palmatum-Shishigashira-768x768.webp 768w, https:\/\/www.vallonchene.fr\/wp-content\/uploads\/2023\/10\/ACER-palmatum-Shishigashira-32x32.webp 32w, https:\/\/www.vallonchene.fr\/wp-content\/uploads\/2023\/10\/ACER-palmatum-Shishigashira.webp 1200w\" sizes=\"(max-width: 1024px) 100vw, 1024px\" \/><\/a><\/figure><div class=\"wp-block-media-text__content\">\n<h3 class=\"wp-block-heading has-normal-font-size\" id=\"h-acer-palmatum-shishigashira\"><a href=\"https:\/\/www.vallonchene.fr\/produit\/acer-palmatum-shishigashira\/\"><strong>ACER palmatum &#8216;Shishigashira&#8217;<\/strong><\/a><\/h3>\n\n\n\n<p class=\"has-small-font-size\">11 octobre 2023<\/p>\n\n\n\n<p>L\u2019ACER palmatum \u2018Shishigashira\u2019 est un merveilleux petit \u00e9rable du Japon se d\u00e9veloppant tr\u00e8s lentement. D\u2019ailleurs, cela le rend parfaitement adapt\u00e9 aux petits jardins \u00e9galement. Il se distingue parmi\u2026<br><strong><a href=\"https:\/\/www.vallonchene.fr\/produit\/acer-palmatum-shishigashira\/\">Lire la suite<\/a><\/strong> (rubrique description)<\/p>\n<\/div><\/div>\n\n\n\n<div class=\"wp-block-media-text is-stacked-on-mobile\" style=\"grid-template-columns:25% auto\"><figure class=\"wp-block-media-text__media\"><a href=\"https:\/\/www.vallonchene.fr\/produit\/liquidambar-styraciflua-aurea-copalme-d-amerique-panache\/\"><img decoding=\"async\" width=\"1024\" height=\"1024\" src=\"https:\/\/www.vallonchene.fr\/wp-content\/uploads\/2023\/10\/LIQUIDAMBAR-styraciflua-Aurea-1024x1024.webp\" alt=\"Feuillage estival vert et jaune du LIQUIDAMBAR styraciflua 'Aurea'\" class=\"wp-image-44073 size-medium\" srcset=\"https:\/\/www.vallonchene.fr\/wp-content\/uploads\/2023\/10\/LIQUIDAMBAR-styraciflua-Aurea-1024x1024.webp 1024w, https:\/\/www.vallonchene.fr\/wp-content\/uploads\/2023\/10\/LIQUIDAMBAR-styraciflua-Aurea-324x324.webp 324w, https:\/\/www.vallonchene.fr\/wp-content\/uploads\/2023\/10\/LIQUIDAMBAR-styraciflua-Aurea-100x100.webp 100w, https:\/\/www.vallonchene.fr\/wp-content\/uploads\/2023\/10\/LIQUIDAMBAR-styraciflua-Aurea-416x416.webp 416w, https:\/\/www.vallonchene.fr\/wp-content\/uploads\/2023\/10\/LIQUIDAMBAR-styraciflua-Aurea-64x64.webp 64w, https:\/\/www.vallonchene.fr\/wp-content\/uploads\/2023\/10\/LIQUIDAMBAR-styraciflua-Aurea-300x300.webp 300w, https:\/\/www.vallonchene.fr\/wp-content\/uploads\/2023\/10\/LIQUIDAMBAR-styraciflua-Aurea-150x150.webp 150w, https:\/\/www.vallonchene.fr\/wp-content\/uploads\/2023\/10\/LIQUIDAMBAR-styraciflua-Aurea-768x768.webp 768w, https:\/\/www.vallonchene.fr\/wp-content\/uploads\/2023\/10\/LIQUIDAMBAR-styraciflua-Aurea-32x32.webp 32w, https:\/\/www.vallonchene.fr\/wp-content\/uploads\/2023\/10\/LIQUIDAMBAR-styraciflua-Aurea.webp 1200w\" sizes=\"(max-width: 1024px) 100vw, 1024px\" \/><\/a><\/figure><div class=\"wp-block-media-text__content\">\n<h3 class=\"wp-block-heading has-normal-font-size\" id=\"h-liquidambar-styraciflua-aurea\"><a href=\"https:\/\/www.vallonchene.fr\/produit\/liquidambar-styraciflua-aurea-copalme-d-amerique-panache\/\"><strong>LIQUIDAMBAR styraciflua &#8216;Aurea&#8217;<\/strong><\/a><\/h3>\n\n\n\n<p class=\"has-small-font-size\">4 octobre 2023<\/p>\n\n\n\n<p>Le LIQUIDAMBAR styraciflua \u2018Aurea\u2019 a un beau feuillage \u00e9toil\u00e9 panach\u00e9 de jaune et de vert. La couleur jaune r\u00e9siste parfaitement au soleil d\u2019\u00e9t\u00e9 et ne br\u00fble pas. Puis\u2026<br><strong><a href=\"https:\/\/www.vallonchene.fr\/produit\/liquidambar-styraciflua-aurea-copalme-d-amerique-panache\/\">Lire la suite<\/a><\/strong> (rubrique description)<\/p>\n<\/div><\/div>\n\n\n\n<div class=\"wp-block-media-text is-stacked-on-mobile\" style=\"grid-template-columns:25% auto\"><figure class=\"wp-block-media-text__media\"><a href=\"https:\/\/www.vallonchene.fr\/produit\/cercidiphyllum-japonicum-arbre-a-caramel\/\"><img decoding=\"async\" width=\"1024\" height=\"1024\" src=\"https:\/\/www.vallonchene.fr\/wp-content\/uploads\/2023\/09\/CERCIDIPHYLLUM-japonicum-Rotfuchs_01-1024x1024.webp\" alt=\"Feuillage automnal en jaune, orange et vert du CERCIDIPHYLLUM japonicum\" class=\"wp-image-43971 size-medium\" srcset=\"https:\/\/www.vallonchene.fr\/wp-content\/uploads\/2023\/09\/CERCIDIPHYLLUM-japonicum-Rotfuchs_01-1024x1024.webp 1024w, https:\/\/www.vallonchene.fr\/wp-content\/uploads\/2023\/09\/CERCIDIPHYLLUM-japonicum-Rotfuchs_01-324x324.webp 324w, https:\/\/www.vallonchene.fr\/wp-content\/uploads\/2023\/09\/CERCIDIPHYLLUM-japonicum-Rotfuchs_01-100x100.webp 100w, https:\/\/www.vallonchene.fr\/wp-content\/uploads\/2023\/09\/CERCIDIPHYLLUM-japonicum-Rotfuchs_01-416x416.webp 416w, https:\/\/www.vallonchene.fr\/wp-content\/uploads\/2023\/09\/CERCIDIPHYLLUM-japonicum-Rotfuchs_01-64x64.webp 64w, https:\/\/www.vallonchene.fr\/wp-content\/uploads\/2023\/09\/CERCIDIPHYLLUM-japonicum-Rotfuchs_01-300x300.webp 300w, https:\/\/www.vallonchene.fr\/wp-content\/uploads\/2023\/09\/CERCIDIPHYLLUM-japonicum-Rotfuchs_01-150x150.webp 150w, https:\/\/www.vallonchene.fr\/wp-content\/uploads\/2023\/09\/CERCIDIPHYLLUM-japonicum-Rotfuchs_01-768x768.webp 768w, https:\/\/www.vallonchene.fr\/wp-content\/uploads\/2023\/09\/CERCIDIPHYLLUM-japonicum-Rotfuchs_01-32x32.webp 32w, https:\/\/www.vallonchene.fr\/wp-content\/uploads\/2023\/09\/CERCIDIPHYLLUM-japonicum-Rotfuchs_01.webp 1200w\" sizes=\"(max-width: 1024px) 100vw, 1024px\" \/><\/a><\/figure><div class=\"wp-block-media-text__content\">\n<h3 class=\"wp-block-heading has-normal-font-size\" id=\"h-cercidiphyllum-japonicum\"><a href=\"https:\/\/www.vallonchene.fr\/produit\/cercidiphyllum-japonicum-arbre-a-caramel\/\"><strong>CERCIDIPHYLLUM japonicum<\/strong><\/a><a href=\"https:\/\/www.vallonchene.fr\/produit\/taxodium-distichum-nutans\/\"><\/a><\/h3>\n\n\n\n<p class=\"has-small-font-size\">27 septembre 2023<\/p>\n\n\n\n<p>Le CERCIDIPHYLLUM japonicum est un merveilleux arbre \u00e0 plus d\u2019un titre. Son feuillage vert et presque rond avec ses p\u00e9tioles rouges (voir photo) est tout simplement magnifique. De plus\u2026<br><strong><a href=\"https:\/\/www.vallonchene.fr\/produit\/cercidiphyllum-japonicum-arbre-a-caramel\/\">Lire la suite<\/a><\/strong> (rubrique description)<\/p>\n<\/div><\/div>\n\n\n\n<div class=\"wp-block-media-text is-stacked-on-mobile\" style=\"grid-template-columns:25% auto\"><figure class=\"wp-block-media-text__media\"><a href=\"https:\/\/www.vallonchene.fr\/es\/producto\/taxodium-distichum-nutans\/#tab-title-description\"><img decoding=\"async\" width=\"300\" height=\"300\" src=\"https:\/\/www.vallonchene.fr\/wp-content\/uploads\/2023\/09\/TAXODIUM-disticum-Nutans-300x300.webp\" alt=\"Feuillage vert du TAXODIUM distichum 'Nutans'\" class=\"wp-image-43242 size-medium\" srcset=\"https:\/\/www.vallonchene.fr\/wp-content\/uploads\/2023\/09\/TAXODIUM-disticum-Nutans-300x300.webp 300w, https:\/\/www.vallonchene.fr\/wp-content\/uploads\/2023\/09\/TAXODIUM-disticum-Nutans-324x324.webp 324w, https:\/\/www.vallonchene.fr\/wp-content\/uploads\/2023\/09\/TAXODIUM-disticum-Nutans-100x100.webp 100w, https:\/\/www.vallonchene.fr\/wp-content\/uploads\/2023\/09\/TAXODIUM-disticum-Nutans-416x416.webp 416w, https:\/\/www.vallonchene.fr\/wp-content\/uploads\/2023\/09\/TAXODIUM-disticum-Nutans-64x64.webp 64w, https:\/\/www.vallonchene.fr\/wp-content\/uploads\/2023\/09\/TAXODIUM-disticum-Nutans-150x150.webp 150w, https:\/\/www.vallonchene.fr\/wp-content\/uploads\/2023\/09\/TAXODIUM-disticum-Nutans-768x768.webp 768w, https:\/\/www.vallonchene.fr\/wp-content\/uploads\/2023\/09\/TAXODIUM-disticum-Nutans-32x32.webp 32w, https:\/\/www.vallonchene.fr\/wp-content\/uploads\/2023\/09\/TAXODIUM-disticum-Nutans.webp 1000w\" sizes=\"(max-width: 300px) 100vw, 300px\" \/><\/a><\/figure><div class=\"wp-block-media-text__content\">\n<h3 class=\"wp-block-heading has-normal-font-size\" id=\"h-taxodium-distichum-nutans\"><a href=\"https:\/\/www.vallonchene.fr\/es\/producto\/taxodium-distichum-nutans\/#tab-title-description\"><strong>TAXODIUM distichum &#8216;Nutans&#8217;<\/strong><\/a><a href=\"https:\/\/www.vallonchene.fr\/produit\/taxodium-distichum-nutans\/\"><\/a><\/h3>\n\n\n\n<p class=\"has-small-font-size\">13 de septiembre de 2023<\/p>\n\n\n\n<p>El TAXODIUM distichum \u2018Nutans\u2019 es un cipr\u00e9s calvo con un follaje verde, fino y elegante que no se parece a ninguna otra con\u00edfera. Sus hojas le dan un aspecto \u00abnuboso\u00bb. Luego, en oto\u00f1o, el\u2026<br><a href=\"https:\/\/www.vallonchene.fr\/es\/producto\/taxodium-distichum-nutans\/#tab-title-description\"><strong>Leer m\u00e1s<\/strong><\/a> (secci\u00f3n descripci\u00f3n)<\/p>\n<\/div><\/div>\n\n\n\n<div class=\"wp-block-media-text is-stacked-on-mobile\" style=\"grid-template-columns:25% auto\"><figure class=\"wp-block-media-text__media\"><a href=\"https:\/\/www.vallonchene.fr\/produit\/frangula-alnus-aspleniifolia-rhamnus-frangula-aspleniifolia\/\"><img decoding=\"async\" width=\"300\" height=\"300\" src=\"https:\/\/www.vallonchene.fr\/wp-content\/uploads\/2023\/09\/FRANGULA-alnus-Fine-Line_01-300x300.webp\" alt=\"Gros plan sur le feuillage vert et fin du FRANGULA alnus 'Aspleniifolia'\" class=\"wp-image-42789 size-medium\" srcset=\"https:\/\/www.vallonchene.fr\/wp-content\/uploads\/2023\/09\/FRANGULA-alnus-Fine-Line_01-300x300.webp 300w, https:\/\/www.vallonchene.fr\/wp-content\/uploads\/2023\/09\/FRANGULA-alnus-Fine-Line_01-324x324.webp 324w, https:\/\/www.vallonchene.fr\/wp-content\/uploads\/2023\/09\/FRANGULA-alnus-Fine-Line_01-100x100.webp 100w, https:\/\/www.vallonchene.fr\/wp-content\/uploads\/2023\/09\/FRANGULA-alnus-Fine-Line_01-416x416.webp 416w, https:\/\/www.vallonchene.fr\/wp-content\/uploads\/2023\/09\/FRANGULA-alnus-Fine-Line_01-64x64.webp 64w, https:\/\/www.vallonchene.fr\/wp-content\/uploads\/2023\/09\/FRANGULA-alnus-Fine-Line_01-150x150.webp 150w, https:\/\/www.vallonchene.fr\/wp-content\/uploads\/2023\/09\/FRANGULA-alnus-Fine-Line_01-768x768.webp 768w, https:\/\/www.vallonchene.fr\/wp-content\/uploads\/2023\/09\/FRANGULA-alnus-Fine-Line_01-32x32.webp 32w, https:\/\/www.vallonchene.fr\/wp-content\/uploads\/2023\/09\/FRANGULA-alnus-Fine-Line_01.webp 1000w\" sizes=\"(max-width: 300px) 100vw, 300px\" \/><\/a><\/figure><div class=\"wp-block-media-text__content\">\n<h3 class=\"wp-block-heading has-normal-font-size\" id=\"h-frangula-alnus-aspleniifolia\"><a href=\"https:\/\/www.vallonchene.fr\/produit\/frangula-alnus-aspleniifolia-rhamnus-frangula-aspleniifolia\/\"><strong>FRANGULA alnus &#8216;Aspleniifolia&#8217;<\/strong><\/a><\/h3>\n\n\n\n<p class=\"has-small-font-size\">6 septembre 2023<\/p>\n\n\n\n<p>Le FRANGULA alnus \u2018Aspleniifolia\u2019 se nommait autrefois RHAMNUS frangula \u2018Aspleniifolia\u2019. Il porte le nom vernaculaire de Bourdaine ou encore Bourg\u00e8ne. Ce petit arbuste qui ne d\u00e9passera pas&#8230; <br><strong><a href=\"https:\/\/www.vallonchene.fr\/produit\/frangula-alnus-aspleniifolia-rhamnus-frangula-aspleniifolia\/\">Lire la suite<\/a><\/strong> (rubrique description)<\/p>\n<\/div><\/div>\n\n\n\n<div class=\"wp-block-media-text is-stacked-on-mobile\" style=\"grid-template-columns:25% auto\"><figure class=\"wp-block-media-text__media\"><a href=\"https:\/\/www.vallonchene.fr\/produit\/hydrangea-panciluata-hercules-grhp14\/\"><img decoding=\"async\" width=\"300\" height=\"300\" src=\"https:\/\/www.vallonchene.fr\/wp-content\/uploads\/2023\/08\/HYDRANGEA-paniculata-Hercules-300x300.webp\" alt=\"Fleurs blanches et roses de l'HYDRANGEA paniculata 'Hercules' (R)\" class=\"wp-image-42621 size-medium\" srcset=\"https:\/\/www.vallonchene.fr\/wp-content\/uploads\/2023\/08\/HYDRANGEA-paniculata-Hercules-300x300.webp 300w, https:\/\/www.vallonchene.fr\/wp-content\/uploads\/2023\/08\/HYDRANGEA-paniculata-Hercules-324x324.webp 324w, https:\/\/www.vallonchene.fr\/wp-content\/uploads\/2023\/08\/HYDRANGEA-paniculata-Hercules-100x100.webp 100w, https:\/\/www.vallonchene.fr\/wp-content\/uploads\/2023\/08\/HYDRANGEA-paniculata-Hercules-416x416.webp 416w, https:\/\/www.vallonchene.fr\/wp-content\/uploads\/2023\/08\/HYDRANGEA-paniculata-Hercules-64x64.webp 64w, https:\/\/www.vallonchene.fr\/wp-content\/uploads\/2023\/08\/HYDRANGEA-paniculata-Hercules-150x150.webp 150w, https:\/\/www.vallonchene.fr\/wp-content\/uploads\/2023\/08\/HYDRANGEA-paniculata-Hercules-768x768.webp 768w, https:\/\/www.vallonchene.fr\/wp-content\/uploads\/2023\/08\/HYDRANGEA-paniculata-Hercules-32x32.webp 32w, https:\/\/www.vallonchene.fr\/wp-content\/uploads\/2023\/08\/HYDRANGEA-paniculata-Hercules.webp 1000w\" sizes=\"(max-width: 300px) 100vw, 300px\" \/><\/a><\/figure><div class=\"wp-block-media-text__content\">\n<h3 class=\"wp-block-heading has-normal-font-size\" id=\"h-hydrangea-paniculata-hercules\"><a href=\"https:\/\/www.vallonchene.fr\/produit\/hydrangea-panciluata-hercules-grhp14\/\"><strong>HYDRANGEA paniculata &#8216;Hercules&#8217;<\/strong><\/a><\/h3>\n\n\n\n<p class=\"has-small-font-size\">30 ao\u00fbt 2023<\/p>\n\n\n\n<p>L\u2019HYDRANGEA paniculata \u2018Hercules\u2019 (R) fait partie des hortensias panicul\u00e9s qu\u2019il faut absolument avoir. En effet, il d\u00e9veloppe de grosses et nombreuses fleurs. Elles d\u00e9butent couleur cr\u00e8me pour devenir &#8230;<br><strong><a href=\"https:\/\/www.vallonchene.fr\/produit\/hydrangea-panciluata-hercules-grhp14\/\">Lire la suite<\/a><\/strong> (rubrique description)<\/p>\n<\/div><\/div>\n\n\n\n<div class=\"wp-block-media-text is-stacked-on-mobile\" style=\"grid-template-columns:25% auto\"><figure class=\"wp-block-media-text__media\"><a href=\"https:\/\/www.vallonchene.fr\/produit\/brassaiopsis-mitis\/\"><img decoding=\"async\" width=\"1000\" height=\"1000\" src=\"https:\/\/www.vallonchene.fr\/wp-content\/uploads\/2021\/08\/BRASSAIOPSIS-mitis_03.webp\" alt=\"Feuille du BRASSAIOPSIS mitis\" class=\"wp-image-32039 size-medium\" srcset=\"https:\/\/www.vallonchene.fr\/wp-content\/uploads\/2021\/08\/BRASSAIOPSIS-mitis_03.webp 1000w, https:\/\/www.vallonchene.fr\/wp-content\/uploads\/2021\/08\/BRASSAIOPSIS-mitis_03-324x324.webp 324w, https:\/\/www.vallonchene.fr\/wp-content\/uploads\/2021\/08\/BRASSAIOPSIS-mitis_03-100x100.webp 100w, https:\/\/www.vallonchene.fr\/wp-content\/uploads\/2021\/08\/BRASSAIOPSIS-mitis_03-416x416.webp 416w, https:\/\/www.vallonchene.fr\/wp-content\/uploads\/2021\/08\/BRASSAIOPSIS-mitis_03-64x64.webp 64w, https:\/\/www.vallonchene.fr\/wp-content\/uploads\/2021\/08\/BRASSAIOPSIS-mitis_03-300x300.webp 300w, https:\/\/www.vallonchene.fr\/wp-content\/uploads\/2021\/08\/BRASSAIOPSIS-mitis_03-150x150.webp 150w, https:\/\/www.vallonchene.fr\/wp-content\/uploads\/2021\/08\/BRASSAIOPSIS-mitis_03-768x768.webp 768w, https:\/\/www.vallonchene.fr\/wp-content\/uploads\/2021\/08\/BRASSAIOPSIS-mitis_03-32x32.webp 32w\" sizes=\"(max-width: 1000px) 100vw, 1000px\" \/><\/a><\/figure><div class=\"wp-block-media-text__content\">\n<h3 class=\"wp-block-heading has-normal-font-size\" id=\"h-brassaiopsis-mitis\"><a href=\"https:\/\/www.vallonchene.fr\/produit\/brassaiopsis-mitis\/\"><strong>BRASSAIOPSIS mitis<\/strong><\/a><\/h3>\n\n\n\n<p class=\"has-small-font-size\">19 juillet 2023<\/p>\n\n\n\n<p>Le BRASSAIOPSIS mitis est probablement LA plante des collectionneurs en ce moment. Ses imposantes feuilles juv\u00e9niles avec leur d\u00e9coupe totalement inhabituelle au bout de leur longue tige conf\u00e8rent &#8230;<br><strong><a href=\"https:\/\/www.vallonchene.fr\/produit\/brassaiopsis-mitis\/\">Lire la suite<\/a><\/strong> (rubrique description)<\/p>\n<\/div><\/div>\n\n\n\n<div class=\"wp-block-media-text is-stacked-on-mobile\" style=\"grid-template-columns:25% auto\"><figure class=\"wp-block-media-text__media\"><a href=\"https:\/\/www.vallonchene.fr\/produit\/ligustrum-japonicum-texanum\/\"><img decoding=\"async\" width=\"1024\" height=\"1024\" src=\"https:\/\/www.vallonchene.fr\/wp-content\/uploads\/2023\/07\/LIGUSTRUM-japonicum-Texanum_04-1024x1024.webp\" alt=\"Fleurs blanches avec avec une abeille du LIGUSTRUM japonicum 'Texanum'\" class=\"wp-image-41850 size-medium\" srcset=\"https:\/\/www.vallonchene.fr\/wp-content\/uploads\/2023\/07\/LIGUSTRUM-japonicum-Texanum_04-1024x1024.webp 1024w, https:\/\/www.vallonchene.fr\/wp-content\/uploads\/2023\/07\/LIGUSTRUM-japonicum-Texanum_04-324x324.webp 324w, https:\/\/www.vallonchene.fr\/wp-content\/uploads\/2023\/07\/LIGUSTRUM-japonicum-Texanum_04-100x100.webp 100w, https:\/\/www.vallonchene.fr\/wp-content\/uploads\/2023\/07\/LIGUSTRUM-japonicum-Texanum_04-416x416.webp 416w, https:\/\/www.vallonchene.fr\/wp-content\/uploads\/2023\/07\/LIGUSTRUM-japonicum-Texanum_04-64x64.webp 64w, https:\/\/www.vallonchene.fr\/wp-content\/uploads\/2023\/07\/LIGUSTRUM-japonicum-Texanum_04-300x300.webp 300w, https:\/\/www.vallonchene.fr\/wp-content\/uploads\/2023\/07\/LIGUSTRUM-japonicum-Texanum_04-150x150.webp 150w, https:\/\/www.vallonchene.fr\/wp-content\/uploads\/2023\/07\/LIGUSTRUM-japonicum-Texanum_04-768x768.webp 768w, https:\/\/www.vallonchene.fr\/wp-content\/uploads\/2023\/07\/LIGUSTRUM-japonicum-Texanum_04-32x32.webp 32w, https:\/\/www.vallonchene.fr\/wp-content\/uploads\/2023\/07\/LIGUSTRUM-japonicum-Texanum_04.webp 1200w\" sizes=\"(max-width: 1024px) 100vw, 1024px\" \/><\/a><\/figure><div class=\"wp-block-media-text__content\">\n<h3 class=\"wp-block-heading has-normal-font-size\" id=\"h-ligustrum-japonicum-texanum\"><a href=\"https:\/\/www.vallonchene.fr\/produit\/ligustrum-japonicum-texanum\/\"><strong>LIGUSTRUM japonicum &#8216;Texanum&#8217;<\/strong><\/a><\/h3>\n\n\n\n<p class=\"has-small-font-size\">13 juillet 2023<\/p>\n\n\n\n<p>Le LIGUSTRUM japonicum \u2018Texanum\u2019 d\u00e9veloppe de magnifiques feuilles luisantes et l\u00e9g\u00e8rement ondul\u00e9es. Elles sont plus \u00e9paisses que celles d\u2019autres tro\u00e8nes. Parfois, on peut lire que &#8230;<br><strong><a href=\"https:\/\/www.vallonchene.fr\/produit\/ligustrum-japonicum-texanum\/\">Lire la suite<\/a><\/strong> (rubrique description)<\/p>\n<\/div><\/div>\n\n\n\n<div class=\"wp-block-media-text is-stacked-on-mobile\" style=\"grid-template-columns:25% auto\"><figure class=\"wp-block-media-text__media\"><a href=\"https:\/\/www.vallonchene.fr\/es\/producto\/cryptomeria-japonica-little-champion\/#tab-title-description\"><img decoding=\"async\" width=\"1024\" height=\"1024\" src=\"https:\/\/www.vallonchene.fr\/wp-content\/uploads\/2023\/07\/CRYPTOMERIA-japonica-Little-Champion_02-1024x1024.webp\" alt=\"Feuillage vert du CRYPTOMERIA japonica 'Little Champion'\" class=\"wp-image-41684 size-medium\" srcset=\"https:\/\/www.vallonchene.fr\/wp-content\/uploads\/2023\/07\/CRYPTOMERIA-japonica-Little-Champion_02-1024x1024.webp 1024w, https:\/\/www.vallonchene.fr\/wp-content\/uploads\/2023\/07\/CRYPTOMERIA-japonica-Little-Champion_02-324x324.webp 324w, https:\/\/www.vallonchene.fr\/wp-content\/uploads\/2023\/07\/CRYPTOMERIA-japonica-Little-Champion_02-100x100.webp 100w, https:\/\/www.vallonchene.fr\/wp-content\/uploads\/2023\/07\/CRYPTOMERIA-japonica-Little-Champion_02-416x416.webp 416w, https:\/\/www.vallonchene.fr\/wp-content\/uploads\/2023\/07\/CRYPTOMERIA-japonica-Little-Champion_02-64x64.webp 64w, https:\/\/www.vallonchene.fr\/wp-content\/uploads\/2023\/07\/CRYPTOMERIA-japonica-Little-Champion_02-300x300.webp 300w, https:\/\/www.vallonchene.fr\/wp-content\/uploads\/2023\/07\/CRYPTOMERIA-japonica-Little-Champion_02-150x150.webp 150w, https:\/\/www.vallonchene.fr\/wp-content\/uploads\/2023\/07\/CRYPTOMERIA-japonica-Little-Champion_02-768x768.webp 768w, https:\/\/www.vallonchene.fr\/wp-content\/uploads\/2023\/07\/CRYPTOMERIA-japonica-Little-Champion_02-32x32.webp 32w, https:\/\/www.vallonchene.fr\/wp-content\/uploads\/2023\/07\/CRYPTOMERIA-japonica-Little-Champion_02.webp 1200w\" sizes=\"(max-width: 1024px) 100vw, 1024px\" \/><\/a><\/figure><div class=\"wp-block-media-text__content\">\n<h3 class=\"wp-block-heading has-normal-font-size\" id=\"h-cryptomeria-japonica-little-champion\"><a href=\"https:\/\/www.vallonchene.fr\/es\/producto\/cryptomeria-japonica-little-champion\/#tab-title-description\"><strong>CRYPTOMERIA japonica &#8216;Little Champion&#8217;<\/strong><\/a><\/h3>\n\n\n\n<p class=\"has-small-font-size\">5 de julio de 2023<\/p>\n\n\n\n<p>El CRYPTOMERIA japonica \u2018Little Champion\u2019 sorprende por su follaje y forma totalmente inusuales. De hecho, este sugi (cedro japon\u00e9s) es una planta enana, ya que crece muy lentamente y no superar\u00e1&#8230;<br><a href=\"https:\/\/www.vallonchene.fr\/es\/producto\/cryptomeria-japonica-little-champion\/#tab-title-description\"><strong>Leer m\u00e1s<\/strong><\/a> (secci\u00f3n descripci\u00f3n)<\/p>\n<\/div><\/div>\n\n\n\n<div class=\"wp-block-media-text is-stacked-on-mobile\" style=\"grid-template-columns:25% auto\"><figure class=\"wp-block-media-text__media\"><a href=\"https:\/\/www.vallonchene.fr\/produit\/sambucus-racemosa-golden-tower\/\"><img decoding=\"async\" width=\"1000\" height=\"1000\" src=\"https:\/\/www.vallonchene.fr\/wp-content\/uploads\/2023\/06\/SAMBUCUS-racemosa-Golden-Tower_01.webp\" alt=\"Feuillage jaune tr\u00e8s d\u00e9coup\u00e9 du SAMBUCUS racemosa 'Golden Tower'\" class=\"wp-image-41528 size-medium\" srcset=\"https:\/\/www.vallonchene.fr\/wp-content\/uploads\/2023\/06\/SAMBUCUS-racemosa-Golden-Tower_01.webp 1000w, https:\/\/www.vallonchene.fr\/wp-content\/uploads\/2023\/06\/SAMBUCUS-racemosa-Golden-Tower_01-324x324.webp 324w, https:\/\/www.vallonchene.fr\/wp-content\/uploads\/2023\/06\/SAMBUCUS-racemosa-Golden-Tower_01-100x100.webp 100w, https:\/\/www.vallonchene.fr\/wp-content\/uploads\/2023\/06\/SAMBUCUS-racemosa-Golden-Tower_01-416x416.webp 416w, https:\/\/www.vallonchene.fr\/wp-content\/uploads\/2023\/06\/SAMBUCUS-racemosa-Golden-Tower_01-64x64.webp 64w, https:\/\/www.vallonchene.fr\/wp-content\/uploads\/2023\/06\/SAMBUCUS-racemosa-Golden-Tower_01-300x300.webp 300w, https:\/\/www.vallonchene.fr\/wp-content\/uploads\/2023\/06\/SAMBUCUS-racemosa-Golden-Tower_01-150x150.webp 150w, https:\/\/www.vallonchene.fr\/wp-content\/uploads\/2023\/06\/SAMBUCUS-racemosa-Golden-Tower_01-768x768.webp 768w, https:\/\/www.vallonchene.fr\/wp-content\/uploads\/2023\/06\/SAMBUCUS-racemosa-Golden-Tower_01-32x32.webp 32w\" sizes=\"(max-width: 1000px) 100vw, 1000px\" \/><\/a><\/figure><div class=\"wp-block-media-text__content\">\n<h3 class=\"wp-block-heading has-normal-font-size\" id=\"h-sambucus-racemosa-golden-tower\"><a href=\"https:\/\/www.vallonchene.fr\/produit\/sambucus-racemosa-golden-tower\/\"><strong>SAMBUCUS racemosa &#8216;Golden Tower&#8217;<\/strong><\/a><\/h3>\n\n\n\n<p class=\"has-small-font-size\">28 juin 2023<\/p>\n\n\n\n<p>Le SAMBUCUS racemosa \u2018Golden Tower\u2019 appartient aux plantes de l\u2019avenir. Ce sureau r\u00e9siste parfaitement \u00e0 la s\u00e8cheresse (apr\u00e8s environ deux ann\u00e9es de plantation). Il pousse  &#8230;<br><strong><a href=\"https:\/\/www.vallonchene.fr\/produit\/sambucus-racemosa-golden-tower\/\">Lire la suite<\/a><\/strong> (rubrique description)<\/p>\n<\/div><\/div>\n\n\n\n<div class=\"wp-block-media-text is-stacked-on-mobile\" style=\"grid-template-columns:25% auto\"><figure class=\"wp-block-media-text__media\"><a href=\"https:\/\/www.vallonchene.fr\/es\/como-regar-bien-el-jardin-y-ahorrar-agua\/\"><img decoding=\"async\" width=\"1000\" height=\"1000\" src=\"https:\/\/www.vallonchene.fr\/wp-content\/uploads\/2023\/06\/FILE_NAME_03.webp\" alt=\"Tuyau d'arrosage avec jet d'eau\" class=\"wp-image-41376 size-medium\" srcset=\"https:\/\/www.vallonchene.fr\/wp-content\/uploads\/2023\/06\/FILE_NAME_03.webp 1000w, https:\/\/www.vallonchene.fr\/wp-content\/uploads\/2023\/06\/FILE_NAME_03-324x324.webp 324w, https:\/\/www.vallonchene.fr\/wp-content\/uploads\/2023\/06\/FILE_NAME_03-100x100.webp 100w, https:\/\/www.vallonchene.fr\/wp-content\/uploads\/2023\/06\/FILE_NAME_03-416x416.webp 416w, https:\/\/www.vallonchene.fr\/wp-content\/uploads\/2023\/06\/FILE_NAME_03-64x64.webp 64w, https:\/\/www.vallonchene.fr\/wp-content\/uploads\/2023\/06\/FILE_NAME_03-300x300.webp 300w, https:\/\/www.vallonchene.fr\/wp-content\/uploads\/2023\/06\/FILE_NAME_03-150x150.webp 150w, https:\/\/www.vallonchene.fr\/wp-content\/uploads\/2023\/06\/FILE_NAME_03-768x768.webp 768w, https:\/\/www.vallonchene.fr\/wp-content\/uploads\/2023\/06\/FILE_NAME_03-32x32.webp 32w\" sizes=\"(max-width: 1000px) 100vw, 1000px\" \/><\/a><\/figure><div class=\"wp-block-media-text__content\">\n<h3 class=\"wp-block-heading has-normal-font-size\" id=\"h-como-regar-bien-el-jardin-y-ahorrar-agua\"><a href=\"https:\/\/www.vallonchene.fr\/es\/como-regar-bien-el-jardin-y-ahorrar-agua\/\"><strong>C\u00f3mo regar bien el jard\u00edn y ahorrar agua<\/strong><\/a><\/h3>\n\n\n\n<p class=\"has-small-font-size\">21 juin 2023<\/p>\n\n\n\n<p>Aunque pueda parecer contradictorio, le mostraremos algunas t\u00e9cnicas sencillas y efectivas para lograrlo. Como todo buen jardinero sabe, la primavera, el verano y el oto\u00f1o se&#8230;<br><a href=\"https:\/\/www.vallonchene.fr\/es\/como-regar-bien-el-jardin-y-ahorrar-agua\/\"><strong>Leer m\u00e1s<\/strong><\/a> (secci\u00f3n descripci\u00f3n)<\/p>\n<\/div><\/div>\n\n\n\n<div class=\"wp-block-media-text is-stacked-on-mobile\" style=\"grid-template-columns:25% auto\"><figure class=\"wp-block-media-text__media\"><a href=\"https:\/\/www.vallonchene.fr\/produit\/musella-lasiocarpa\/\"><img decoding=\"async\" width=\"1000\" height=\"1000\" src=\"https:\/\/www.vallonchene.fr\/wp-content\/uploads\/2023\/06\/MUSELLA-lasiocarpa_01.webp\" alt=\"Fleurs jaune du MUSELLA lasiocarpa qui peut perdurer plusiuers ann\u00e9es !\" class=\"wp-image-41136 size-medium\" srcset=\"https:\/\/www.vallonchene.fr\/wp-content\/uploads\/2023\/06\/MUSELLA-lasiocarpa_01.webp 1000w, https:\/\/www.vallonchene.fr\/wp-content\/uploads\/2023\/06\/MUSELLA-lasiocarpa_01-324x324.webp 324w, https:\/\/www.vallonchene.fr\/wp-content\/uploads\/2023\/06\/MUSELLA-lasiocarpa_01-100x100.webp 100w, https:\/\/www.vallonchene.fr\/wp-content\/uploads\/2023\/06\/MUSELLA-lasiocarpa_01-416x416.webp 416w, https:\/\/www.vallonchene.fr\/wp-content\/uploads\/2023\/06\/MUSELLA-lasiocarpa_01-64x64.webp 64w, https:\/\/www.vallonchene.fr\/wp-content\/uploads\/2023\/06\/MUSELLA-lasiocarpa_01-300x300.webp 300w, https:\/\/www.vallonchene.fr\/wp-content\/uploads\/2023\/06\/MUSELLA-lasiocarpa_01-150x150.webp 150w, https:\/\/www.vallonchene.fr\/wp-content\/uploads\/2023\/06\/MUSELLA-lasiocarpa_01-768x768.webp 768w, https:\/\/www.vallonchene.fr\/wp-content\/uploads\/2023\/06\/MUSELLA-lasiocarpa_01-32x32.webp 32w\" sizes=\"(max-width: 1000px) 100vw, 1000px\" \/><\/a><\/figure><div class=\"wp-block-media-text__content\">\n<h3 class=\"wp-block-heading has-normal-font-size\" id=\"h-musella-lasiocarpa\"><a href=\"https:\/\/www.vallonchene.fr\/produit\/musella-lasiocarpa\/\"><strong>MUSELLA lasiocarpa<\/strong><\/a><\/h3>\n\n\n\n<p class=\"has-small-font-size\">14 juin 2023<\/p>\n\n\n\n<p>L\u2019ARMORACIA rusticana \u2018Variegata\u2019 est une plante vivace plus connue sous le nom de raifort panach\u00e9. Bien qu\u2019il se cultive au potager habituellement, la s\u00e9lection que nous vous proposons d\u00e9core par &#8230;<br><strong><a href=\"https:\/\/www.vallonchene.fr\/produit\/musella-lasiocarpa\/\">Lire la suite<\/a><\/strong> (rubrique description)<\/p>\n<\/div><\/div>\n\n\n\n<div class=\"wp-block-media-text is-stacked-on-mobile\" style=\"grid-template-columns:25% auto\"><figure class=\"wp-block-media-text__media\"><a href=\"https:\/\/www.vallonchene.fr\/produit\/picea-pungens-maigold\/\"><img decoding=\"async\" width=\"1000\" height=\"1000\" src=\"https:\/\/www.vallonchene.fr\/wp-content\/uploads\/2023\/05\/PICEA-pungens-Maigold_01.webp\" alt=\"Un PICEA pungens 'Maigold' en toute sa splendeur avec ses pousses jaunes fin mai\" class=\"wp-image-40838 size-medium\" srcset=\"https:\/\/www.vallonchene.fr\/wp-content\/uploads\/2023\/05\/PICEA-pungens-Maigold_01.webp 1000w, https:\/\/www.vallonchene.fr\/wp-content\/uploads\/2023\/05\/PICEA-pungens-Maigold_01-324x324.webp 324w, https:\/\/www.vallonchene.fr\/wp-content\/uploads\/2023\/05\/PICEA-pungens-Maigold_01-100x100.webp 100w, https:\/\/www.vallonchene.fr\/wp-content\/uploads\/2023\/05\/PICEA-pungens-Maigold_01-416x416.webp 416w, https:\/\/www.vallonchene.fr\/wp-content\/uploads\/2023\/05\/PICEA-pungens-Maigold_01-64x64.webp 64w, https:\/\/www.vallonchene.fr\/wp-content\/uploads\/2023\/05\/PICEA-pungens-Maigold_01-300x300.webp 300w, https:\/\/www.vallonchene.fr\/wp-content\/uploads\/2023\/05\/PICEA-pungens-Maigold_01-150x150.webp 150w, https:\/\/www.vallonchene.fr\/wp-content\/uploads\/2023\/05\/PICEA-pungens-Maigold_01-768x768.webp 768w, https:\/\/www.vallonchene.fr\/wp-content\/uploads\/2023\/05\/PICEA-pungens-Maigold_01-32x32.webp 32w\" sizes=\"(max-width: 1000px) 100vw, 1000px\" \/><\/a><\/figure><div class=\"wp-block-media-text__content\">\n<h3 class=\"wp-block-heading has-normal-font-size\" id=\"h-picea-pungens-maigold\"><a href=\"https:\/\/www.vallonchene.fr\/produit\/picea-pungens-maigold\/\"><strong>PICEA pungens &#8216;Maigold&#8217;<\/strong><\/a><\/h3>\n\n\n\n<p class=\"has-small-font-size\">31 mai 2023<\/p>\n\n\n\n<p>Le PICEA pungens \u2018Maigold\u2019 est \u00e0 lui seul un conif\u00e8re vraiment pas banal. En effet, durant environ deux mois, les nouvelles pousses de cet \u00e9pic\u00e9a du Colorado sont tout d\u2019abord blanches pour devenir jaunes\u2026<br><strong><a href=\"https:\/\/www.vallonchene.fr\/produit\/picea-pungens-maigold\/\">Lire la suite<\/a><\/strong> (rubrique description)<\/p>\n<\/div><\/div>\n\n\n\n<div class=\"wp-block-media-text is-stacked-on-mobile\" style=\"grid-template-columns:25% auto\"><figure class=\"wp-block-media-text__media\"><a href=\"https:\/\/www.vallonchene.fr\/produit\/davidia-involucrata-vilmoriniana\/\"><img decoding=\"async\" width=\"1000\" height=\"1000\" src=\"https:\/\/www.vallonchene.fr\/wp-content\/uploads\/2021\/08\/DAVIDIA-involucrata-vilmoriniana_01.webp\" alt=\"Gros plan sur fleurs du DAVIDIA involucrata vilmoriniana\" class=\"wp-image-40646 size-medium\" srcset=\"https:\/\/www.vallonchene.fr\/wp-content\/uploads\/2021\/08\/DAVIDIA-involucrata-vilmoriniana_01.webp 1000w, https:\/\/www.vallonchene.fr\/wp-content\/uploads\/2021\/08\/DAVIDIA-involucrata-vilmoriniana_01-324x324.webp 324w, https:\/\/www.vallonchene.fr\/wp-content\/uploads\/2021\/08\/DAVIDIA-involucrata-vilmoriniana_01-100x100.webp 100w, https:\/\/www.vallonchene.fr\/wp-content\/uploads\/2021\/08\/DAVIDIA-involucrata-vilmoriniana_01-416x416.webp 416w, https:\/\/www.vallonchene.fr\/wp-content\/uploads\/2021\/08\/DAVIDIA-involucrata-vilmoriniana_01-64x64.webp 64w, https:\/\/www.vallonchene.fr\/wp-content\/uploads\/2021\/08\/DAVIDIA-involucrata-vilmoriniana_01-300x300.webp 300w, https:\/\/www.vallonchene.fr\/wp-content\/uploads\/2021\/08\/DAVIDIA-involucrata-vilmoriniana_01-150x150.webp 150w, https:\/\/www.vallonchene.fr\/wp-content\/uploads\/2021\/08\/DAVIDIA-involucrata-vilmoriniana_01-768x768.webp 768w, https:\/\/www.vallonchene.fr\/wp-content\/uploads\/2021\/08\/DAVIDIA-involucrata-vilmoriniana_01-32x32.webp 32w\" sizes=\"(max-width: 1000px) 100vw, 1000px\" \/><\/a><\/figure><div class=\"wp-block-media-text__content\">\n<h3 class=\"wp-block-heading has-normal-font-size\" id=\"h-davidia-involucrata-vilmoriniana\"><a href=\"https:\/\/www.vallonchene.fr\/produit\/davidia-involucrata-vilmoriniana\/\"><strong>DAVIDIA involucrata vilmoriniana<\/strong><\/a><\/h3>\n\n\n\n<p class=\"has-small-font-size\">24 mai 2023<\/p>\n\n\n\n<p>Pour les amateurs de plantes extraordinaires, ce petit arbre de croissance assez lente, procure un spectacle fabuleux en mai par sa floraison. En effet, Les petites fleurs globulaires du DAVIDIA involucrata vilmoriniana portent d\u2019\u00e9normes bract\u00e9es\u2026<br><strong><a href=\"https:\/\/www.vallonchene.fr\/produit\/davidia-involucrata-vilmoriniana\/\">Lire la suite<\/a><\/strong> (rubrique description)<\/p>\n<\/div><\/div>\n\n\n\n<div class=\"wp-block-media-text is-stacked-on-mobile\" style=\"grid-template-columns:25% auto\"><figure class=\"wp-block-media-text__media\"><a href=\"https:\/\/www.vallonchene.fr\/produit\/syringa-vulgaris-sensation-lilas\/\"><img decoding=\"async\" width=\"1000\" height=\"1000\" src=\"https:\/\/www.vallonchene.fr\/wp-content\/uploads\/2021\/08\/SYRINGA-vulgaris-Sensation.webp\" alt=\"Fleurs mauves margin\u00e9es de blancs du SYRINGA vulgaris 'Sensation'\" class=\"wp-image-40534 size-medium\" srcset=\"https:\/\/www.vallonchene.fr\/wp-content\/uploads\/2021\/08\/SYRINGA-vulgaris-Sensation.webp 1000w, https:\/\/www.vallonchene.fr\/wp-content\/uploads\/2021\/08\/SYRINGA-vulgaris-Sensation-324x324.webp 324w, https:\/\/www.vallonchene.fr\/wp-content\/uploads\/2021\/08\/SYRINGA-vulgaris-Sensation-100x100.webp 100w, https:\/\/www.vallonchene.fr\/wp-content\/uploads\/2021\/08\/SYRINGA-vulgaris-Sensation-416x416.webp 416w, https:\/\/www.vallonchene.fr\/wp-content\/uploads\/2021\/08\/SYRINGA-vulgaris-Sensation-64x64.webp 64w, https:\/\/www.vallonchene.fr\/wp-content\/uploads\/2021\/08\/SYRINGA-vulgaris-Sensation-300x300.webp 300w, https:\/\/www.vallonchene.fr\/wp-content\/uploads\/2021\/08\/SYRINGA-vulgaris-Sensation-150x150.webp 150w, https:\/\/www.vallonchene.fr\/wp-content\/uploads\/2021\/08\/SYRINGA-vulgaris-Sensation-768x768.webp 768w, https:\/\/www.vallonchene.fr\/wp-content\/uploads\/2021\/08\/SYRINGA-vulgaris-Sensation-32x32.webp 32w\" sizes=\"(max-width: 1000px) 100vw, 1000px\" \/><\/a><\/figure><div class=\"wp-block-media-text__content\">\n<h3 class=\"wp-block-heading has-normal-font-size\" id=\"h-syringa-vulgaris-sensation\"><a href=\"https:\/\/www.vallonchene.fr\/produit\/syringa-vulgaris-sensation-lilas\/\"><strong>SYRINGA vulgaris &#8216;Sensation&#8217;<\/strong><\/a><\/h3>\n\n\n\n<p class=\"has-small-font-size\">17 mai 2023<\/p>\n\n\n\n<p>Le SYRINGA vulgaris \u2018Sensation\u2019 fait partie des lilas communs alors qu\u2019il n\u2019a rien de r\u00e9ellement commun. En effet, ses fleurs mauves margin\u00e9es de blanc font de lui un arbuste tr\u00e8s original. Il ne passera pas inaper\u00e7u\u2026<br><strong><a href=\"https:\/\/www.vallonchene.fr\/produit\/syringa-vulgaris-sensation-lilas\/\">Lire la suite<\/a><\/strong> (rubrique description)<\/p>\n<\/div><\/div>\n\n\n\n<div class=\"wp-block-media-text is-stacked-on-mobile\" style=\"grid-template-columns:25% auto\"><figure class=\"wp-block-media-text__media\"><a href=\"https:\/\/www.vallonchene.fr\/produit\/exochorda-x-macrantha-the-bride\/\"><img decoding=\"async\" width=\"800\" height=\"800\" src=\"https:\/\/www.vallonchene.fr\/wp-content\/uploads\/2021\/08\/EXOCHORDA-x-macrantha-The-Bride_01.webp\" alt=\"Fleurs blanches de l'EXOCHORDA x macrantha 'The Bride' au printemps\" class=\"wp-image-31967 size-medium\" srcset=\"https:\/\/www.vallonchene.fr\/wp-content\/uploads\/2021\/08\/EXOCHORDA-x-macrantha-The-Bride_01.webp 800w, https:\/\/www.vallonchene.fr\/wp-content\/uploads\/2021\/08\/EXOCHORDA-x-macrantha-The-Bride_01-324x324.webp 324w, https:\/\/www.vallonchene.fr\/wp-content\/uploads\/2021\/08\/EXOCHORDA-x-macrantha-The-Bride_01-100x100.webp 100w, https:\/\/www.vallonchene.fr\/wp-content\/uploads\/2021\/08\/EXOCHORDA-x-macrantha-The-Bride_01-416x416.webp 416w, https:\/\/www.vallonchene.fr\/wp-content\/uploads\/2021\/08\/EXOCHORDA-x-macrantha-The-Bride_01-64x64.webp 64w, https:\/\/www.vallonchene.fr\/wp-content\/uploads\/2021\/08\/EXOCHORDA-x-macrantha-The-Bride_01-300x300.webp 300w, https:\/\/www.vallonchene.fr\/wp-content\/uploads\/2021\/08\/EXOCHORDA-x-macrantha-The-Bride_01-150x150.webp 150w, https:\/\/www.vallonchene.fr\/wp-content\/uploads\/2021\/08\/EXOCHORDA-x-macrantha-The-Bride_01-768x768.webp 768w, https:\/\/www.vallonchene.fr\/wp-content\/uploads\/2021\/08\/EXOCHORDA-x-macrantha-The-Bride_01-32x32.webp 32w\" sizes=\"(max-width: 800px) 100vw, 800px\" \/><\/a><\/figure><div class=\"wp-block-media-text__content\">\n<h3 class=\"wp-block-heading has-normal-font-size\" id=\"h-exochorda-x-macrantha-the-bride\"><a href=\"https:\/\/www.vallonchene.fr\/produit\/exochorda-x-macrantha-the-bride\/\"><strong>EXOCHORDA x macrantha &#8216;The Bride&#8217;<\/strong><\/a><\/h3>\n\n\n\n<p class=\"has-small-font-size\">10 mai 2023<\/p>\n\n\n\n<p>Pour les amateurs de plantes faciles \u00e0 cultiver, l\u2019EXOCHORDA x macrantha \u2018The Bride\u2019 se profile comme choix par excellence pour vous. Son graphisme fera de lui un spot pour votre jardin. Avec une emprise\u2026<br><strong><a href=\"https:\/\/www.vallonchene.fr\/produit\/exochorda-x-macrantha-the-bride\/\">Lire la suite<\/a><\/strong> (rubrique description)<\/p>\n<\/div><\/div>\n\n\n\n<div class=\"wp-block-media-text is-stacked-on-mobile\" style=\"grid-template-columns:25% auto\"><figure class=\"wp-block-media-text__media\"><a href=\"https:\/\/www.vallonchene.fr\/produit\/syringa-microphylla-superba\/\"><img decoding=\"async\" width=\"800\" height=\"800\" src=\"https:\/\/www.vallonchene.fr\/wp-content\/uploads\/2023\/05\/SYRINGA-pubescens-ssp.-microphylla-Superba_01.webp\" alt=\"Fleurs roses du SYRINGA microphylla 'Superba' dans le soleil\" class=\"wp-image-31862 size-medium\" srcset=\"https:\/\/www.vallonchene.fr\/wp-content\/uploads\/2023\/05\/SYRINGA-pubescens-ssp.-microphylla-Superba_01.webp 800w, https:\/\/www.vallonchene.fr\/wp-content\/uploads\/2023\/05\/SYRINGA-pubescens-ssp.-microphylla-Superba_01-324x324.webp 324w, https:\/\/www.vallonchene.fr\/wp-content\/uploads\/2023\/05\/SYRINGA-pubescens-ssp.-microphylla-Superba_01-100x100.webp 100w, https:\/\/www.vallonchene.fr\/wp-content\/uploads\/2023\/05\/SYRINGA-pubescens-ssp.-microphylla-Superba_01-416x416.webp 416w, https:\/\/www.vallonchene.fr\/wp-content\/uploads\/2023\/05\/SYRINGA-pubescens-ssp.-microphylla-Superba_01-64x64.webp 64w, https:\/\/www.vallonchene.fr\/wp-content\/uploads\/2023\/05\/SYRINGA-pubescens-ssp.-microphylla-Superba_01-300x300.webp 300w, https:\/\/www.vallonchene.fr\/wp-content\/uploads\/2023\/05\/SYRINGA-pubescens-ssp.-microphylla-Superba_01-150x150.webp 150w, https:\/\/www.vallonchene.fr\/wp-content\/uploads\/2023\/05\/SYRINGA-pubescens-ssp.-microphylla-Superba_01-768x768.webp 768w, https:\/\/www.vallonchene.fr\/wp-content\/uploads\/2023\/05\/SYRINGA-pubescens-ssp.-microphylla-Superba_01-32x32.webp 32w\" sizes=\"(max-width: 800px) 100vw, 800px\" \/><\/a><\/figure><div class=\"wp-block-media-text__content\">\n<h3 class=\"wp-block-heading has-normal-font-size\" id=\"h-syringa-microphylla-superba\"><a href=\"https:\/\/www.vallonchene.fr\/produit\/syringa-microphylla-superba\/\"><strong>SYRINGA microphylla &#8216;Superba&#8217;<\/strong><\/a><\/h3>\n\n\n\n<p class=\"has-small-font-size\">3 mai 2023<\/p>\n\n\n\n<p>S\u2019il ne fallait retenir qu\u2019un seul lilas pour son jardin, ce serait bien le SYRINGA microphylla \u2018Superba\u2019. Cette s\u00e9lection, nous garantit une premi\u00e8re floraison en avril\/mai et une seconde en \u00e9t\u00e9. Cela est assez\u2026<br><strong><a href=\"https:\/\/www.vallonchene.fr\/produit\/syringa-microphylla-superba\/\">Lire la suite<\/a><\/strong> (rubrique description)<\/p>\n<\/div><\/div>\n\n\n\n<div class=\"wp-block-media-text is-stacked-on-mobile\" style=\"grid-template-columns:25% auto\"><figure class=\"wp-block-media-text__media\"><a href=\"https:\/\/www.vallonchene.fr\/es\/producto\/acer-palmatum-wills-devine\/#tab-title-description\"><img decoding=\"async\" width=\"800\" height=\"800\" src=\"https:\/\/www.vallonchene.fr\/wp-content\/uploads\/2023\/04\/ACER-palmatum-Wills-Devine_05.webp\" alt=\"Feuillage printanier de l'ACER palmatum 'Will's Devine'\" class=\"wp-image-29171 size-medium\" srcset=\"https:\/\/www.vallonchene.fr\/wp-content\/uploads\/2023\/04\/ACER-palmatum-Wills-Devine_05.webp 800w, https:\/\/www.vallonchene.fr\/wp-content\/uploads\/2023\/04\/ACER-palmatum-Wills-Devine_05-324x324.webp 324w, https:\/\/www.vallonchene.fr\/wp-content\/uploads\/2023\/04\/ACER-palmatum-Wills-Devine_05-100x100.webp 100w, https:\/\/www.vallonchene.fr\/wp-content\/uploads\/2023\/04\/ACER-palmatum-Wills-Devine_05-416x416.webp 416w, https:\/\/www.vallonchene.fr\/wp-content\/uploads\/2023\/04\/ACER-palmatum-Wills-Devine_05-64x64.webp 64w, https:\/\/www.vallonchene.fr\/wp-content\/uploads\/2023\/04\/ACER-palmatum-Wills-Devine_05-300x300.webp 300w, https:\/\/www.vallonchene.fr\/wp-content\/uploads\/2023\/04\/ACER-palmatum-Wills-Devine_05-150x150.webp 150w, https:\/\/www.vallonchene.fr\/wp-content\/uploads\/2023\/04\/ACER-palmatum-Wills-Devine_05-768x768.webp 768w, https:\/\/www.vallonchene.fr\/wp-content\/uploads\/2023\/04\/ACER-palmatum-Wills-Devine_05-32x32.webp 32w\" sizes=\"(max-width: 800px) 100vw, 800px\" \/><\/a><\/figure><div class=\"wp-block-media-text__content\">\n<h3 class=\"wp-block-heading has-normal-font-size\" id=\"h-acer-palmatum-will-s-devine\"><a href=\"https:\/\/www.vallonchene.fr\/es\/producto\/acer-palmatum-wills-devine\/#tab-title-description\"><strong>ACER palmatum &#8216;Will&#8217;s Devine&#8217;<\/strong><\/a><\/h3>\n\n\n\n<p class=\"has-small-font-size\">26 de abril de 2023<\/p>\n\n\n\n<p>La familia de los arces japoneses no deja de maravillarnos. En esta ocasi\u00f3n, nuestra selecci\u00f3n se centra en el ACER palmatum \u2018Will\u2019s Devine\u2019. Este peque\u00f1o arce japon\u00e9s cambia perpetuamente\u2026<br><a href=\"https:\/\/www.vallonchene.fr\/es\/producto\/acer-palmatum-wills-devine\/#tab-title-description\"><strong>Leer m\u00e1s<\/strong><\/a> (secci\u00f3n descripci\u00f3n)<\/p>\n<\/div><\/div>\n\n\n\n<div class=\"wp-block-columns is-layout-flex wp-container-core-columns-is-layout-28f84493 wp-block-columns-is-layout-flex\">\n<div class=\"wp-block-column is-layout-flow wp-block-column-is-layout-flow\" style=\"flex-basis:100%\">\n<div class=\"wp-block-media-text is-stacked-on-mobile\" style=\"grid-template-columns:25% auto\"><figure class=\"wp-block-media-text__media\"><a href=\"https:\/\/www.vallonchene.fr\/producto\/tetradium-daniellii\/\"><img decoding=\"async\" width=\"1024\" height=\"1024\" src=\"https:\/\/www.vallonchene.fr\/wp-content\/uploads\/2023\/10\/TETRADIUM-daniellii_04-1024x1024.webp\" alt=\"Fleurs avant l'\u00e9closion du TETRADIUM daniellii avec son feuillage vert\" class=\"wp-image-44559 size-medium\" srcset=\"https:\/\/www.vallonchene.fr\/wp-content\/uploads\/2023\/10\/TETRADIUM-daniellii_04-1024x1024.webp 1024w, https:\/\/www.vallonchene.fr\/wp-content\/uploads\/2023\/10\/TETRADIUM-daniellii_04-324x324.webp 324w, https:\/\/www.vallonchene.fr\/wp-content\/uploads\/2023\/10\/TETRADIUM-daniellii_04-100x100.webp 100w, https:\/\/www.vallonchene.fr\/wp-content\/uploads\/2023\/10\/TETRADIUM-daniellii_04-416x416.webp 416w, https:\/\/www.vallonchene.fr\/wp-content\/uploads\/2023\/10\/TETRADIUM-daniellii_04-64x64.webp 64w, https:\/\/www.vallonchene.fr\/wp-content\/uploads\/2023\/10\/TETRADIUM-daniellii_04-300x300.webp 300w, https:\/\/www.vallonchene.fr\/wp-content\/uploads\/2023\/10\/TETRADIUM-daniellii_04-150x150.webp 150w, https:\/\/www.vallonchene.fr\/wp-content\/uploads\/2023\/10\/TETRADIUM-daniellii_04-768x768.webp 768w, https:\/\/www.vallonchene.fr\/wp-content\/uploads\/2023\/10\/TETRADIUM-daniellii_04-32x32.webp 32w, https:\/\/www.vallonchene.fr\/wp-content\/uploads\/2023\/10\/TETRADIUM-daniellii_04.webp 1200w\" sizes=\"(max-width: 1024px) 100vw, 1024px\" \/><\/a><\/figure><div class=\"wp-block-media-text__content\">\n<h3 class=\"wp-block-heading has-normal-font-size\" id=\"h-tetradium-daniellii\"><a href=\"https:\/\/www.vallonchene.fr\/producto\/tetradium-daniellii\/\"><strong>TETRADIUM daniellii<\/strong><\/a><\/h3>\n\n\n\n<p class=\"has-small-font-size\">19 avril 2023<\/p>\n\n\n\n<p>Le TETRADIUM daniellii (autrefois EVODIA daniellii) porte \u00e9galement le nom d\u2019arbre \u00e0 miel. Les apiculteurs l\u2019appr\u00e9cient \u00e9norm\u00e9ment puisqu\u2019il repr\u00e9sente une excellente source\u2026<br><strong><a href=\"https:\/\/www.vallonchene.fr\/producto\/tetradium-daniellii\/\">Lire la suite<\/a><\/strong> (rubrique description)<\/p>\n<\/div><\/div>\n<\/div>\n<\/div>\n\n\n\n<div class=\"wp-block-columns is-layout-flex wp-container-core-columns-is-layout-28f84493 wp-block-columns-is-layout-flex\">\n<div class=\"wp-block-column is-layout-flow wp-block-column-is-layout-flow\" style=\"flex-basis:100%\"><\/div>\n<\/div>\n\n\n\n<h2 class=\"wp-block-heading\" id=\"h-suscribase-a-nuestra-newsletter-gratuita\">\u00a1Suscr\u00edbase a nuestra newsletter gratuita!<\/h2>\n\n\n\n<p>Suscr\u00edbase a nuestra newsletter gratuita y reciba autom\u00e1ticamente nuestras nuevas publicaciones sobre plantas y jardiner\u00eda en general. Si ya no desea recibirla, puede darse de baja con un simple clic.<\/p>\n\n\n<div class='fluentform ff-default fluentform_wrapper_18 ffs_default_wrap'><form data-form_id=\"18\" id=\"fluentform_18\" class=\"frm-fluent-form fluent_form_18 ff-el-form-top ff_form_instance_18_1 ff-form-loading ffs_default\" data-form_instance=\"ff_form_instance_18_1\" method=\"POST\" ><fieldset  style=\"border: none!important;margin: 0!important;padding: 0!important;background-color: transparent!important;box-shadow: none!important;outline: none!important; min-inline-size: 100%;\">\n                    <legend class=\"ff_screen_reader_title\" style=\"display: block; margin: 0!important;padding: 0!important;height: 0!important;text-indent: -999999px;width: 0!important;overflow:hidden;\">Souscription G\u00e9n\u00e9rale ES sans OPT-IN<\/legend>        <div\n                style=\"display: none!important; position: absolute!important; transform: translateX(1000%)!important;\"\n                class=\"ff-el-group ff-hpsf-container\"\n        >\n            <div class=\"ff-el-input--label asterisk-right\">\n                <label for=\"ff_18_item_sf\" aria-label=\"Newsletter\">\n                    Newsletter                <\/label>\n            <\/div>\n            <div class=\"ff-el-input--content\">\n                <input type=\"text\"\n                       name=\"item_18__fluent_sf\"\n                       class=\"ff-el-form-control\"\n                       id=\"ff_18_item_sf\"\n                \/>\n            <\/div>\n        <\/div>\n        <input type='hidden' name='__fluent_form_embded_post_id' value='50520' \/><input type=\"hidden\" id=\"_fluentform_18_fluentformnonce\" name=\"_fluentform_18_fluentformnonce\" value=\"cdf7bc50b0\" \/><input type=\"hidden\" name=\"_wp_http_referer\" value=\"\/es\/wp-json\/wp\/v2\/pages\/50520\" \/><div data-type=\"name-element\" data-name=\"names\" class=\" ff-field_container ff-name-field-wrapper\" ><div class='ff-t-container'><div class='ff-t-cell '><div class='ff-el-group'><div class=\"ff-el-input--label ff-el-is-required asterisk-right\"><label for='ff_18_names_first_name_' id='label_ff_18_names_first_name_' >Nombre<\/label><\/div><div class='ff-el-input--content'><input type=\"text\" name=\"names[first_name]\" id=\"ff_18_names_first_name_\" class=\"ff-el-form-control\" aria-invalid=\"false\" aria-required=true><\/div><\/div><\/div><div class='ff-t-cell '><div class='ff-el-group'><div class=\"ff-el-input--label ff-el-is-required asterisk-right\"><label for='ff_18_names_last_name_' id='label_ff_18_names_last_name_' >Apellito<\/label><\/div><div class='ff-el-input--content'><input type=\"text\" name=\"names[last_name]\" id=\"ff_18_names_last_name_\" class=\"ff-el-form-control\" aria-invalid=\"false\" aria-required=true><\/div><\/div><\/div><\/div><\/div><div class='ff-el-group'><div class=\"ff-el-input--label ff-el-is-required asterisk-right\"><label for='ff_18_email' id='label_ff_18_email' aria-label=\"Email\">Email<\/label><\/div><div class='ff-el-input--content'><input type=\"email\" name=\"email\" id=\"ff_18_email\" class=\"ff-el-form-control\" data-name=\"email\"  aria-invalid=\"false\" aria-required=true><\/div><\/div><div class='ff-el-group    ff-el-input--content'><div class='ff-el-form-check ff-el-tc'><label aria-label='Consiento que este sitio web guarde mis datos para gestionar mi suscripci\u00f3n de acuerdo con su pol\u00edtica de privacidad.\nPuedo darme de baja en cualquier momento utilizando el enlace que aparece al final de cada correo electr\u00f3nico.' class='ff-el-form-check-label ff_tc_label' for=gdpr-agreement_bf673c8247c56dc71463ced5b675cdf2><span class='ff_tc_checkbox'><input type=\"checkbox\" name=\"gdpr-agreement\" class=\"ff-el-form-check-input ff_gdpr_field\" data-name=\"gdpr-agreement\" id=\"gdpr-agreement_bf673c8247c56dc71463ced5b675cdf2\"  value='on' aria-invalid='false' aria-required=true><\/span> <div class='ff_t_c'>Consiento que este sitio web guarde mis datos para gestionar mi suscripci\u00f3n de acuerdo con su pol\u00edtica de privacidad.\nPuedo darme de baja en cualquier momento utilizando el enlace que aparece al final de cada correo electr\u00f3nico.<\/div><\/label><\/div><\/div><div class='ff-el-group ff-text-left ff_submit_btn_wrapper'><button type=\"submit\" class=\"ff-btn ff-btn-submit ff-btn-md ff_btn_style\"  aria-label=\"Suscribirse gratuitamente\">Suscribirse gratuitamente<\/button><\/div>\t\t<div id=\"cf-turnstile-fluent-4173477118\"\r\n\t\tclass=\"cf-turnstile\" \t\tdata-sitekey=\"0x4AAAAAAAEQmtNTo7HKVVoq\"\r\n\t\tdata-theme=\"light\"\r\n\t\tdata-language=\"auto\"\r\n\t\tdata-size=\"normal\"\r\n\t\tdata-retry=\"auto\" data-retry-interval=\"1000\"\r\n\t\tdata-refresh-expired=\"auto\"\r\n\t\tdata-refresh-timeout=\"auto\"\r\n\t\tdata-action=\"fluent-form-18\"\r\n\t\tdata-callback=\"turnstileFluentCallback\"\r\n\t\t\t\tdata-appearance=\"always\"><\/div>\r\n\t\t\t<script>document.addEventListener(\"DOMContentLoaded\", function() { setTimeout(function(){ var e=document.getElementById(\"cf-turnstile-fluent-4173477118\"); if(e&&!e.innerHTML.trim()){turnstile.render(e, {sitekey:\"0x4AAAAAAAEQmtNTo7HKVVoq\"});} }, 200); });<\/script>\r\n\t\t\t<br class=\"cf-turnstile-br cf-turnstile-br-fluent-4173477118\">\r\n\t\t\t\t<style>#cf-turnstile-fluent-4173477118 { margin-left: -15px; }<\/style>\r\n\t\t<\/fieldset><\/form><div id='fluentform_18_errors' class='ff-errors-in-stack ff_form_instance_18_1 ff-form-loading_errors ff_form_instance_18_1_errors'><\/div><\/div>            <script type=\"text\/javascript\">\n                window.fluent_form_ff_form_instance_18_1 = {\"id\":\"18\",\"ajaxUrl\":\"https:\\\/\\\/www.vallonchene.fr\\\/wp-admin\\\/admin-ajax.php\",\"settings\":{\"layout\":{\"labelPlacement\":\"top\",\"helpMessagePlacement\":\"with_label\",\"errorMessagePlacement\":\"inline\"},\"restrictions\":{\"denyEmptySubmission\":{\"enabled\":false}}},\"form_instance\":\"ff_form_instance_18_1\",\"form_id_selector\":\"fluentform_18\",\"rules\":{\"names[first_name]\":{\"required\":{\"value\":true,\"message\":\"Este campo es obligatorio\",\"global\":false,\"global_message\":\"Ce champ est requis\"}},\"names[middle_name]\":{\"required\":{\"value\":false,\"message\":\"This field is required\",\"global\":false,\"global_message\":\"Ce champ est requis\"}},\"names[last_name]\":{\"required\":{\"value\":true,\"message\":\"Este campo es obligatorio\",\"global\":false,\"global_message\":\"Ce champ est requis\"}},\"email\":{\"required\":{\"value\":true,\"message\":\"Dieses Feld ist erforderlich\",\"global\":false,\"global_message\":\"Ce champ est requis\"},\"email\":{\"value\":true,\"message\":\"Bitte geben Sie eine g\\u00fcltige Email-Adresse ein\",\"global\":false,\"global_message\":\"Ce champ doit contenir un e-mail valide\"}},\"gdpr-agreement\":{\"required\":{\"value\":true,\"message\":\"Dieses K\\u00e4stchen ist erforderlich\",\"global\":false,\"global_message\":\"Ce champ est requis\"}}},\"debounce_time\":300};\n                            <\/script>\n            \n","protected":false},"excerpt":{"rendered":"<p>En Vallonch\u00eane, nos comprometemos con la preservaci\u00f3n de especies y la promoci\u00f3n de la jardiner\u00eda. Para ello, ofrecemos una amplia gama de publicaciones sobre plantas y temas relacionados, pensadas para inspirar y ayudar a jardineros de todos los niveles. En esta secci\u00f3n, encontrar\u00e1 nuestros \u00faltimos art\u00edculos, ordenados de m\u00e1s reciente a m\u00e1s antiguo. Para acceder [&hellip;]<\/p>\n","protected":false},"author":1,"featured_media":0,"parent":0,"menu_order":0,"comment_status":"closed","ping_status":"closed","template":"","meta":{"footnotes":""},"class_list":["post-50520","page","type-page","status-publish","hentry"],"yoast_head":"<!-- This site is optimized with the Yoast SEO Premium plugin v27.5 (Yoast SEO v27.5) - https:\/\/yoast.com\/product\/yoast-seo-premium-wordpress\/ -->\n<title>Recursos de jardiner\u00eda - Vallonch\u00eane<\/title>\n<meta name=\"robots\" content=\"index, follow, max-snippet:-1, max-image-preview:large, max-video-preview:-1\" \/>\n<link rel=\"canonical\" href=\"https:\/\/www.vallonchene.fr\/es\/recursos-de-jardineria\/\" \/>\n<meta property=\"og:locale\" content=\"es_ES\" \/>\n<meta property=\"og:type\" content=\"article\" \/>\n<meta property=\"og:title\" content=\"Recursos de jardiner\u00eda\" \/>\n<meta property=\"og:description\" content=\"En Vallonch\u00eane, nos comprometemos con la preservaci\u00f3n de especies y la promoci\u00f3n de la jardiner\u00eda. Para ello, ofrecemos una amplia gama de publicaciones sobre plantas y temas relacionados, pensadas para inspirar y ayudar a jardineros de todos los niveles. En esta secci\u00f3n, encontrar\u00e1 nuestros \u00faltimos art\u00edculos, ordenados de m\u00e1s reciente a m\u00e1s antiguo. Para acceder [&hellip;]\" \/>\n<meta property=\"og:url\" content=\"https:\/\/www.vallonchene.fr\/es\/recursos-de-jardineria\/\" \/>\n<meta property=\"og:site_name\" content=\"Vallonch\u00eane\" \/>\n<meta property=\"article:publisher\" content=\"https:\/\/www.facebook.com\/vallonchene.fr\" \/>\n<meta property=\"article:modified_time\" content=\"2026-05-01T08:39:20+00:00\" \/>\n<meta property=\"og:image\" content=\"https:\/\/www.vallonchene.fr\/wp-content\/uploads\/2026\/04\/CERCIDIPHYLLUM-japonicum-Rotfuchs.jpg\" \/>\n\t<meta property=\"og:image:width\" content=\"1200\" \/>\n\t<meta property=\"og:image:height\" content=\"1200\" \/>\n\t<meta property=\"og:image:type\" content=\"image\/jpeg\" \/>\n<meta name=\"twitter:card\" content=\"summary_large_image\" \/>\n<meta name=\"twitter:label1\" content=\"Tiempo de lectura\" \/>\n\t<meta name=\"twitter:data1\" content=\"42 minutos\" \/>\n<script type=\"application\/ld+json\" class=\"yoast-schema-graph\">{\"@context\":\"https:\\\/\\\/schema.org\",\"@graph\":[{\"@type\":\"WebPage\",\"@id\":\"https:\\\/\\\/www.vallonchene.fr\\\/es\\\/recursos-de-jardineria\\\/\",\"url\":\"https:\\\/\\\/www.vallonchene.fr\\\/es\\\/recursos-de-jardineria\\\/\",\"name\":\"Recursos de jardiner\u00eda - Vallonch\u00eane\",\"isPartOf\":{\"@id\":\"https:\\\/\\\/www.vallonchene.fr\\\/es\\\/#website\"},\"primaryImageOfPage\":{\"@id\":\"https:\\\/\\\/www.vallonchene.fr\\\/es\\\/recursos-de-jardineria\\\/#primaryimage\"},\"image\":{\"@id\":\"https:\\\/\\\/www.vallonchene.fr\\\/es\\\/recursos-de-jardineria\\\/#primaryimage\"},\"thumbnailUrl\":\"https:\\\/\\\/www.vallonchene.fr\\\/wp-content\\\/uploads\\\/2026\\\/04\\\/CERCIDIPHYLLUM-japonicum-Rotfuchs-1024x1024.jpg\",\"datePublished\":\"2023-09-06T12:50:00+00:00\",\"dateModified\":\"2026-05-01T08:39:20+00:00\",\"breadcrumb\":{\"@id\":\"https:\\\/\\\/www.vallonchene.fr\\\/es\\\/recursos-de-jardineria\\\/#breadcrumb\"},\"inLanguage\":\"es\",\"potentialAction\":[{\"@type\":\"ReadAction\",\"target\":[\"https:\\\/\\\/www.vallonchene.fr\\\/es\\\/recursos-de-jardineria\\\/\"]}]},{\"@type\":\"ImageObject\",\"inLanguage\":\"es\",\"@id\":\"https:\\\/\\\/www.vallonchene.fr\\\/es\\\/recursos-de-jardineria\\\/#primaryimage\",\"url\":\"https:\\\/\\\/www.vallonchene.fr\\\/wp-content\\\/uploads\\\/2026\\\/04\\\/CERCIDIPHYLLUM-japonicum-Rotfuchs-1024x1024.jpg\",\"contentUrl\":\"https:\\\/\\\/www.vallonchene.fr\\\/wp-content\\\/uploads\\\/2026\\\/04\\\/CERCIDIPHYLLUM-japonicum-Rotfuchs-1024x1024.jpg\"},{\"@type\":\"BreadcrumbList\",\"@id\":\"https:\\\/\\\/www.vallonchene.fr\\\/es\\\/recursos-de-jardineria\\\/#breadcrumb\",\"itemListElement\":[{\"@type\":\"ListItem\",\"position\":1,\"name\":\"Home\",\"item\":\"https:\\\/\\\/www.vallonchene.fr\\\/es\\\/\"},{\"@type\":\"ListItem\",\"position\":2,\"name\":\"Recursos de jardiner\u00eda\"}]},{\"@type\":\"WebSite\",\"@id\":\"https:\\\/\\\/www.vallonchene.fr\\\/es\\\/#website\",\"url\":\"https:\\\/\\\/www.vallonchene.fr\\\/es\\\/\",\"name\":\"Vallonch\u00eane\",\"description\":\"El vivero donde la calidad tiene sus ra\u00edces \u2013 Tel.: +33 (0)2.35.90.02.02\",\"publisher\":{\"@id\":\"https:\\\/\\\/www.vallonchene.fr\\\/es\\\/#organization\"},\"potentialAction\":[{\"@type\":\"SearchAction\",\"target\":{\"@type\":\"EntryPoint\",\"urlTemplate\":\"https:\\\/\\\/www.vallonchene.fr\\\/es\\\/?s={search_term_string}\"},\"query-input\":{\"@type\":\"PropertyValueSpecification\",\"valueRequired\":true,\"valueName\":\"search_term_string\"}}],\"inLanguage\":\"es\"},{\"@type\":\"Organization\",\"@id\":\"https:\\\/\\\/www.vallonchene.fr\\\/es\\\/#organization\",\"name\":\"VALLONCHENE\",\"url\":\"https:\\\/\\\/www.vallonchene.fr\\\/es\\\/\",\"logo\":{\"@type\":\"ImageObject\",\"inLanguage\":\"es\",\"@id\":\"https:\\\/\\\/www.vallonchene.fr\\\/es\\\/#\\\/schema\\\/logo\\\/image\\\/\",\"url\":\"https:\\\/\\\/www.vallonchene.fr\\\/wp-content\\\/uploads\\\/2023\\\/03\\\/Logo-Vallonchene-site-et-R_hauteur_100.png\",\"contentUrl\":\"https:\\\/\\\/www.vallonchene.fr\\\/wp-content\\\/uploads\\\/2023\\\/03\\\/Logo-Vallonchene-site-et-R_hauteur_100.png\",\"width\":221,\"height\":100,\"caption\":\"VALLONCHENE\"},\"image\":{\"@id\":\"https:\\\/\\\/www.vallonchene.fr\\\/es\\\/#\\\/schema\\\/logo\\\/image\\\/\"},\"sameAs\":[\"https:\\\/\\\/www.facebook.com\\\/vallonchene.fr\",\"https:\\\/\\\/www.instagram.com\\\/vallonchene\\\/\",\"https:\\\/\\\/www.pinterest.fr\\\/vallonchene\\\/\"],\"taxID\":\"49454502300017\",\"hasMerchantReturnPolicy\":{\"@type\":\"MerchantReturnPolicy\",\"merchantReturnLink\":\"https:\\\/\\\/www.vallonchene.fr\\\/remboursements_retours\\\/\"}}]}<\/script>\n<!-- \/ Yoast SEO Premium plugin. -->","yoast_head_json":{"title":"Recursos de jardiner\u00eda - Vallonch\u00eane","robots":{"index":"index","follow":"follow","max-snippet":"max-snippet:-1","max-image-preview":"max-image-preview:large","max-video-preview":"max-video-preview:-1"},"canonical":"https:\/\/www.vallonchene.fr\/es\/recursos-de-jardineria\/","og_locale":"es_ES","og_type":"article","og_title":"Recursos de jardiner\u00eda","og_description":"En Vallonch\u00eane, nos comprometemos con la preservaci\u00f3n de especies y la promoci\u00f3n de la jardiner\u00eda. Para ello, ofrecemos una amplia gama de publicaciones sobre plantas y temas relacionados, pensadas para inspirar y ayudar a jardineros de todos los niveles. En esta secci\u00f3n, encontrar\u00e1 nuestros \u00faltimos art\u00edculos, ordenados de m\u00e1s reciente a m\u00e1s antiguo. Para acceder [&hellip;]","og_url":"https:\/\/www.vallonchene.fr\/es\/recursos-de-jardineria\/","og_site_name":"Vallonch\u00eane","article_publisher":"https:\/\/www.facebook.com\/vallonchene.fr","article_modified_time":"2026-05-01T08:39:20+00:00","og_image":[{"width":1200,"height":1200,"url":"https:\/\/www.vallonchene.fr\/wp-content\/uploads\/2026\/04\/CERCIDIPHYLLUM-japonicum-Rotfuchs.jpg","type":"image\/jpeg"}],"twitter_card":"summary_large_image","twitter_misc":{"Tiempo de lectura":"42 minutos"},"schema":{"@context":"https:\/\/schema.org","@graph":[{"@type":"WebPage","@id":"https:\/\/www.vallonchene.fr\/es\/recursos-de-jardineria\/","url":"https:\/\/www.vallonchene.fr\/es\/recursos-de-jardineria\/","name":"Recursos de jardiner\u00eda - Vallonch\u00eane","isPartOf":{"@id":"https:\/\/www.vallonchene.fr\/es\/#website"},"primaryImageOfPage":{"@id":"https:\/\/www.vallonchene.fr\/es\/recursos-de-jardineria\/#primaryimage"},"image":{"@id":"https:\/\/www.vallonchene.fr\/es\/recursos-de-jardineria\/#primaryimage"},"thumbnailUrl":"https:\/\/www.vallonchene.fr\/wp-content\/uploads\/2026\/04\/CERCIDIPHYLLUM-japonicum-Rotfuchs-1024x1024.jpg","datePublished":"2023-09-06T12:50:00+00:00","dateModified":"2026-05-01T08:39:20+00:00","breadcrumb":{"@id":"https:\/\/www.vallonchene.fr\/es\/recursos-de-jardineria\/#breadcrumb"},"inLanguage":"es","potentialAction":[{"@type":"ReadAction","target":["https:\/\/www.vallonchene.fr\/es\/recursos-de-jardineria\/"]}]},{"@type":"ImageObject","inLanguage":"es","@id":"https:\/\/www.vallonchene.fr\/es\/recursos-de-jardineria\/#primaryimage","url":"https:\/\/www.vallonchene.fr\/wp-content\/uploads\/2026\/04\/CERCIDIPHYLLUM-japonicum-Rotfuchs-1024x1024.jpg","contentUrl":"https:\/\/www.vallonchene.fr\/wp-content\/uploads\/2026\/04\/CERCIDIPHYLLUM-japonicum-Rotfuchs-1024x1024.jpg"},{"@type":"BreadcrumbList","@id":"https:\/\/www.vallonchene.fr\/es\/recursos-de-jardineria\/#breadcrumb","itemListElement":[{"@type":"ListItem","position":1,"name":"Home","item":"https:\/\/www.vallonchene.fr\/es\/"},{"@type":"ListItem","position":2,"name":"Recursos de jardiner\u00eda"}]},{"@type":"WebSite","@id":"https:\/\/www.vallonchene.fr\/es\/#website","url":"https:\/\/www.vallonchene.fr\/es\/","name":"Vallonch\u00eane","description":"El vivero donde la calidad tiene sus ra\u00edces \u2013 Tel.: +33 (0)2.35.90.02.02","publisher":{"@id":"https:\/\/www.vallonchene.fr\/es\/#organization"},"potentialAction":[{"@type":"SearchAction","target":{"@type":"EntryPoint","urlTemplate":"https:\/\/www.vallonchene.fr\/es\/?s={search_term_string}"},"query-input":{"@type":"PropertyValueSpecification","valueRequired":true,"valueName":"search_term_string"}}],"inLanguage":"es"},{"@type":"Organization","@id":"https:\/\/www.vallonchene.fr\/es\/#organization","name":"VALLONCHENE","url":"https:\/\/www.vallonchene.fr\/es\/","logo":{"@type":"ImageObject","inLanguage":"es","@id":"https:\/\/www.vallonchene.fr\/es\/#\/schema\/logo\/image\/","url":"https:\/\/www.vallonchene.fr\/wp-content\/uploads\/2023\/03\/Logo-Vallonchene-site-et-R_hauteur_100.png","contentUrl":"https:\/\/www.vallonchene.fr\/wp-content\/uploads\/2023\/03\/Logo-Vallonchene-site-et-R_hauteur_100.png","width":221,"height":100,"caption":"VALLONCHENE"},"image":{"@id":"https:\/\/www.vallonchene.fr\/es\/#\/schema\/logo\/image\/"},"sameAs":["https:\/\/www.facebook.com\/vallonchene.fr","https:\/\/www.instagram.com\/vallonchene\/","https:\/\/www.pinterest.fr\/vallonchene\/"],"taxID":"49454502300017","hasMerchantReturnPolicy":{"@type":"MerchantReturnPolicy","merchantReturnLink":"https:\/\/www.vallonchene.fr\/remboursements_retours\/"}}]}},"_links":{"self":[{"href":"https:\/\/www.vallonchene.fr\/es\/wp-json\/wp\/v2\/pages\/50520","targetHints":{"allow":["GET"]}}],"collection":[{"href":"https:\/\/www.vallonchene.fr\/es\/wp-json\/wp\/v2\/pages"}],"about":[{"href":"https:\/\/www.vallonchene.fr\/es\/wp-json\/wp\/v2\/types\/page"}],"author":[{"embeddable":true,"href":"https:\/\/www.vallonchene.fr\/es\/wp-json\/wp\/v2\/users\/1"}],"replies":[{"embeddable":true,"href":"https:\/\/www.vallonchene.fr\/es\/wp-json\/wp\/v2\/comments?post=50520"}],"version-history":[{"count":9,"href":"https:\/\/www.vallonchene.fr\/es\/wp-json\/wp\/v2\/pages\/50520\/revisions"}],"predecessor-version":[{"id":58752,"href":"https:\/\/www.vallonchene.fr\/es\/wp-json\/wp\/v2\/pages\/50520\/revisions\/58752"}],"wp:attachment":[{"href":"https:\/\/www.vallonchene.fr\/es\/wp-json\/wp\/v2\/media?parent=50520"}],"curies":[{"name":"wp","href":"https:\/\/api.w.org\/{rel}","templated":true}]}}