{"id":50459,"date":"2023-04-08T15:39:56","date_gmt":"2023-04-08T14:39:56","guid":{"rendered":"https:\/\/www.vallonchene.fr\/?page_id=50459"},"modified":"2024-12-04T19:05:55","modified_gmt":"2024-12-04T18:05:55","slug":"guia-para-plantar-y-cuidar-arboles-arbustos-y-coniferas","status":"publish","type":"page","link":"https:\/\/www.vallonchene.fr\/es\/como-plantar-y-mantener-plantas\/guia-para-plantar-y-cuidar-arboles-arbustos-y-coniferas\/","title":{"rendered":"Gu\u00eda para plantar y cuidar \u00e1rboles, arbustos y con\u00edferas"},"content":{"rendered":"\n<p>Descubre con esta pr\u00e1ctica ficha <strong>c\u00f3mo plantar y cuidar \u00e1rboles, arbustos y con\u00edferas:<\/strong><\/p>\n\n\n\n<h2 class=\"wp-block-heading\" id=\"block-220e892b-f553-4033-b8d3-4e48344c50bb\">C\u00f3mo plantar \u00e1rboles, arbustos y con\u00edferas<\/h2>\n\n\n<div class=\"wp-block-image\">\n<figure class=\"alignright has-custom-border\"><a href=\"https:\/\/www.vallonchene.fr\/wp-content\/uploads\/2023\/04\/Collet-dune-plante-depotee.webp\"><img decoding=\"async\" src=\"https:\/\/www.vallonchene.fr\/wp-content\/uploads\/2023\/04\/Collet-dune-plante-depotee-282x300.webp\" alt=\"Collet d'une plante\" style=\"border-radius:150px\"\/><\/a><figcaption class=\"wp-element-caption\">Ilustraci\u00f3n donde se localiza el cuello de una planta (despu\u00e9s de quitar la maceta)<\/figcaption><\/figure>\n<\/div>\n\n\n<ol id=\"block-0b973c0c-5b96-4a97-ae6b-49f652eed2af\" class=\"wp-block-list\">\n<li><strong>Elija cuidadosamente la ubicaci\u00f3n en funci\u00f3n de la insolaci\u00f3n<\/strong> (encontrar\u00e1 m\u00e1s informaci\u00f3n sobre la exposici\u00f3n de su planta en su etiqueta Vallonch\u00eane\u00ae o en nuestra p\u00e1gina web). Para entender bien las denominaciones como \u00abpleno sol\u00bb, no se deje influenciar por la orientaci\u00f3n \u00absur\u00bb del lugar. Lo que cuenta es el horario de sol. El \u00abpleno sol\u00bb es una insolaci\u00f3n de 12 a 17 horas (m\u00e1s explicaciones en las fichas de plantas de nuestra p\u00e1gina web).<\/li>\n\n\n\n<li><strong>Prepare un buen hoyo de plantaci\u00f3n: para \u00e1rboles y arbustos, se recomienda un hoyo de 1m x 1m x 1m. Separe la primera capa de tierra buena de la mala, m\u00e1s profunda, y reempl\u00e1cela en un 50% con un compost (a la venta en Vallonch\u00eane\u00ae)<\/strong>. Las plantas necesitan alimentarse, al igual que usted, y el aporte de compost constituir\u00e1 un aporte de materia org\u00e1nica. <strong>No utilice NUNCA tierra de brezo<\/strong> (\u00a1ni siquiera para las plantas de brezo!). Se seca demasiado en per\u00edodos de poca lluvia y es dif\u00edcil de rehidratar despu\u00e9s. Resultado: sus plantas sufrir\u00e1n de falta de agua o de exceso de agua.<\/li>\n\n\n\n<li><strong>Al rellenar el hoyo y plantar la planta, no debe poner tierra o composto por encima del cepell\u00f3n inicial de la planta.<\/strong> Si cubre el cuello, el crecimiento puede ralentizarse mucho, detenerse o incluso la planta puede morir a largo plazo. Por eso, plante un poco m\u00e1s alto que el nivel inicial del suelo.<\/li>\n\n\n\n<li><strong>Riegue abundantemente directamente al pie de la planta<\/strong> (al menos un riego de 12 litros).<\/li>\n\n\n\n<li><strong>Si dispone de mantillo o mulch (mezcla de hojas y agujas de pino), cubra la superficie del agujero de plantaci\u00f3n con al menos 20 cm de espesor (evitando el cuello de la planta).<\/strong> Esto le permitir\u00e1 reducir el desarrollo de malas hierbas y conservar la frescura del suelo durante m\u00e1s tiempo. <strong>No utilice NUNCA el c\u00e9sped cortado<\/strong>. El \u00abcompost\u00bb a base de c\u00e9sped cortado debe evitarse absolutamente.<\/li>\n\n\n\n<li><strong>Desconf\u00ede de la orina de los animales<\/strong> dom\u00e9sticos, especialmente gatos y perros. El riego por parte de los animales es muy a menudo fatal para las plantas. La orina sobre las perennes, especialmente tejos, bojes y con\u00edferas, puede actuar como un verdadero herbicida sist\u00e9mico: destruye la planta comenzando por el lugar de la rama en contacto y contin\u00faa por el resto de la planta. Las orinas de zorros o tejones tambi\u00e9n pueden ser peligrosas.<\/li>\n\n\n\n<li><strong>Si se trata de un \u00e1rbol, puede ser \u00fatil atarlo (seg\u00fan el tama\u00f1o).<\/strong> Esto estabiliza el cepell\u00f3n y favorece un buen enraizamiento. Controla regularmente la atadura para evitar estrangulamientos con el tiempo.<\/li>\n<\/ol>\n\n\n\n<h2 class=\"wp-block-heading\" id=\"block-267c09b9-9545-4053-b75d-23c0bd4fa048\">C\u00f3mo cuidar \u00e1rboles, arbustos y con\u00edferas<\/h2>\n\n\n\n<p id=\"block-702f6151-9c7e-445e-a671-fb0124336beb\">Si ha seguido bien las instrucciones de plantaci\u00f3n anteriores, el cuidado de sus plantas ser\u00e1 mucho m\u00e1s f\u00e1cil (tanto en t\u00e9rminos de riego como de deshierbe):<\/p>\n\n\n\n<ol id=\"block-7ccd0662-4b3e-4df4-8737-8feeb0761dd4\" class=\"wp-block-list\">\n<li><strong>Mant\u00e9n una buena humedad para tu planta durante al menos doce meses y especialmente durante los per\u00edodos secos.<\/strong> <strong>\u00a1ATENCI\u00d3N!<\/strong> Es muy enga\u00f1oso creer que la lluvia aporta suficiente agua a las plantas reci\u00e9n plantadas. \u00a1Esto es falso! Si quiere tener \u00e9xito con su jard\u00edn y asegurar un buen riego a sus plantas, proc\u00farese un pluvi\u00f3metro b\u00e1sico. Es la \u00fanica forma de controlar la humedad en el jard\u00edn. <strong>\u00a1El pluvi\u00f3metro es tan importante como la pala o la azada<\/strong>! Si tu pluvi\u00f3metro no ha registrado al menos 10 mm de agua en la semana, tanto en primavera como en verano, considera que debes regar. Adem\u00e1s, la observaci\u00f3n de la buena humedad es a\u00fan m\u00e1s importante en las plantas perennes que en las caducas, ya que las perennes a menudo muestran falta de agua por el amarillamiento o la ca\u00edda de las hojas cuando ya es demasiado tarde.<\/li>\n\n\n\n<li>Si no ha cubierto la zona de plantaci\u00f3n con mantillo, <strong>rompa regularmente la costra superficial que se desarrolla con el tiempo.<\/strong> Esto permitir\u00e1 que el agua de riego y de lluvia penetre mejor en el suelo y llegue m\u00e1s eficazmente a las ra\u00edces.<\/li>\n\n\n\n<li><strong>Elimine las flores marchitas.<\/strong> Agotan las plantas con la producci\u00f3n de semillas. Su planta ser\u00e1 a\u00fan m\u00e1s fuerte y m\u00e1s bella al a\u00f1o siguiente.<\/li>\n<\/ol>\n\n\n\n<p id=\"block-3c152456-6875-40c2-91be-e450b6d2b5ef\"><strong><strong>\u00bfTiene alguna pregunta?<\/strong><br><\/strong>Estamos a su disposici\u00f3n en el +33 (0)2.35.90.02.02.<\/p>\n\n\n\n<h2 class=\"wp-block-heading\" id=\"block-131005a0-26fa-4efd-bbd4-db126a9b5796\">\u00a1Suscr\u00edbase a nuestra newsletter gratuita!<\/h2>\n\n\n\n<p id=\"block-8224cbb0-e145-4e1c-b276-f9d8df46a089\">Suscr\u00edbase a nuestra newsletter gratuita y reciba autom\u00e1ticamente nuestras nuevas publicaciones sobre plantas y jardiner\u00eda en general. Si ya no desea recibirla, puede darse de baja con un simple clic.<\/p>\n\n\n<div class='fluentform ff-default fluentform_wrapper_18 ffs_default_wrap'><form data-form_id=\"18\" id=\"fluentform_18\" class=\"frm-fluent-form fluent_form_18 ff-el-form-top ff_form_instance_18_1 ff-form-loading ffs_default\" data-form_instance=\"ff_form_instance_18_1\" method=\"POST\" ><fieldset  style=\"border: none!important;margin: 0!important;padding: 0!important;background-color: transparent!important;box-shadow: none!important;outline: none!important; min-inline-size: 100%;\">\n                    <legend class=\"ff_screen_reader_title\" style=\"display: block; margin: 0!important;padding: 0!important;height: 0!important;text-indent: -999999px;width: 0!important;overflow:hidden;\">Souscription G\u00e9n\u00e9rale ES sans OPT-IN<\/legend>        <div\n                style=\"display: none!important; position: absolute!important; transform: translateX(1000%)!important;\"\n                class=\"ff-el-group ff-hpsf-container\"\n        >\n            <div class=\"ff-el-input--label asterisk-right\">\n                <label for=\"ff_18_item_sf\" aria-label=\"Updates\">\n                    Updates                <\/label>\n            <\/div>\n            <div class=\"ff-el-input--content\">\n                <input type=\"text\"\n                       name=\"item_18__fluent_sf\"\n                       class=\"ff-el-form-control\"\n                       id=\"ff_18_item_sf\"\n                \/>\n            <\/div>\n        <\/div>\n        <input type='hidden' name='__fluent_form_embded_post_id' value='50459' \/><input type=\"hidden\" id=\"_fluentform_18_fluentformnonce\" name=\"_fluentform_18_fluentformnonce\" value=\"9c5b0e4023\" \/><input type=\"hidden\" name=\"_wp_http_referer\" value=\"\/es\/wp-json\/wp\/v2\/pages\/50459\" \/><div data-type=\"name-element\" data-name=\"names\" class=\" ff-field_container ff-name-field-wrapper\" ><div class='ff-t-container'><div class='ff-t-cell '><div class='ff-el-group'><div class=\"ff-el-input--label ff-el-is-required asterisk-right\"><label for='ff_18_names_first_name_' id='label_ff_18_names_first_name_' >Nombre<\/label><\/div><div class='ff-el-input--content'><input type=\"text\" name=\"names[first_name]\" id=\"ff_18_names_first_name_\" class=\"ff-el-form-control\" aria-invalid=\"false\" aria-required=true><\/div><\/div><\/div><div class='ff-t-cell '><div class='ff-el-group'><div class=\"ff-el-input--label ff-el-is-required asterisk-right\"><label for='ff_18_names_last_name_' id='label_ff_18_names_last_name_' >Apellito<\/label><\/div><div class='ff-el-input--content'><input type=\"text\" name=\"names[last_name]\" id=\"ff_18_names_last_name_\" class=\"ff-el-form-control\" aria-invalid=\"false\" aria-required=true><\/div><\/div><\/div><\/div><\/div><div class='ff-el-group'><div class=\"ff-el-input--label ff-el-is-required asterisk-right\"><label for='ff_18_email' id='label_ff_18_email' aria-label=\"Email\">Email<\/label><\/div><div class='ff-el-input--content'><input type=\"email\" name=\"email\" id=\"ff_18_email\" class=\"ff-el-form-control\" data-name=\"email\"  aria-invalid=\"false\" aria-required=true><\/div><\/div><div class='ff-el-group    ff-el-input--content'><div class='ff-el-form-check ff-el-tc'><label aria-label='Consiento que este sitio web guarde mis datos para gestionar mi suscripci\u00f3n de acuerdo con su pol\u00edtica de privacidad.\nPuedo darme de baja en cualquier momento utilizando el enlace que aparece al final de cada correo electr\u00f3nico.' class='ff-el-form-check-label ff_tc_label' for=gdpr-agreement_1785f1280d2ba60adc711b17a75bf89f><span class='ff_tc_checkbox'><input type=\"checkbox\" name=\"gdpr-agreement\" class=\"ff-el-form-check-input ff_gdpr_field\" data-name=\"gdpr-agreement\" id=\"gdpr-agreement_1785f1280d2ba60adc711b17a75bf89f\"  value='on' aria-invalid='false' aria-required=true><\/span> <div class='ff_t_c'>Consiento que este sitio web guarde mis datos para gestionar mi suscripci\u00f3n de acuerdo con su pol\u00edtica de privacidad.\nPuedo darme de baja en cualquier momento utilizando el enlace que aparece al final de cada correo electr\u00f3nico.<\/div><\/label><\/div><\/div><div class='ff-el-group ff-text-left ff_submit_btn_wrapper'><button type=\"submit\" class=\"ff-btn ff-btn-submit ff-btn-md ff_btn_style\"  aria-label=\"Suscribirse gratuitamente\">Suscribirse gratuitamente<\/button><\/div>\t\t<div id=\"cf-turnstile-fluent-204001700\"\r\n\t\tclass=\"cf-turnstile\" \t\tdata-sitekey=\"0x4AAAAAAAEQmtNTo7HKVVoq\"\r\n\t\tdata-theme=\"light\"\r\n\t\tdata-language=\"auto\"\r\n\t\tdata-size=\"normal\"\r\n\t\tdata-retry=\"auto\" data-retry-interval=\"1000\"\r\n\t\tdata-refresh-expired=\"auto\"\r\n\t\tdata-refresh-timeout=\"auto\"\r\n\t\tdata-action=\"fluent-form-18\"\r\n\t\tdata-callback=\"turnstileFluentCallback\"\r\n\t\t\t\tdata-appearance=\"always\"><\/div>\r\n\t\t\t<script>document.addEventListener(\"DOMContentLoaded\", function() { setTimeout(function(){ var e=document.getElementById(\"cf-turnstile-fluent-204001700\"); if(e&&!e.innerHTML.trim()){turnstile.render(e, {sitekey:\"0x4AAAAAAAEQmtNTo7HKVVoq\"});} }, 200); });<\/script>\r\n\t\t\t<br class=\"cf-turnstile-br cf-turnstile-br-fluent-204001700\">\r\n\t\t\t\t<style>#cf-turnstile-fluent-204001700 { margin-left: -15px; }<\/style>\r\n\t\t<\/fieldset><\/form><div id='fluentform_18_errors' class='ff-errors-in-stack ff_form_instance_18_1 ff-form-loading_errors ff_form_instance_18_1_errors'><\/div><\/div>            <script type=\"text\/javascript\">\n                window.fluent_form_ff_form_instance_18_1 = {\"id\":\"18\",\"ajaxUrl\":\"https:\\\/\\\/www.vallonchene.fr\\\/wp-admin\\\/admin-ajax.php\",\"settings\":{\"layout\":{\"labelPlacement\":\"top\",\"helpMessagePlacement\":\"with_label\",\"errorMessagePlacement\":\"inline\"},\"restrictions\":{\"denyEmptySubmission\":{\"enabled\":false}}},\"form_instance\":\"ff_form_instance_18_1\",\"form_id_selector\":\"fluentform_18\",\"rules\":{\"names[first_name]\":{\"required\":{\"value\":true,\"message\":\"Este campo es obligatorio\",\"global\":false,\"global_message\":\"Ce champ est requis\"}},\"names[middle_name]\":{\"required\":{\"value\":false,\"message\":\"This field is required\",\"global\":false,\"global_message\":\"Ce champ est requis\"}},\"names[last_name]\":{\"required\":{\"value\":true,\"message\":\"Este campo es obligatorio\",\"global\":false,\"global_message\":\"Ce champ est requis\"}},\"email\":{\"required\":{\"value\":true,\"message\":\"Dieses Feld ist erforderlich\",\"global\":false,\"global_message\":\"Ce champ est requis\"},\"email\":{\"value\":true,\"message\":\"Bitte geben Sie eine g\\u00fcltige Email-Adresse ein\",\"global\":false,\"global_message\":\"Ce champ doit contenir un e-mail valide\"}},\"gdpr-agreement\":{\"required\":{\"value\":true,\"message\":\"Dieses K\\u00e4stchen ist erforderlich\",\"global\":false,\"global_message\":\"Ce champ est requis\"}}},\"debounce_time\":300};\n                            <\/script>\n            \n","protected":false},"excerpt":{"rendered":"<p>Descubre con esta pr\u00e1ctica ficha c\u00f3mo plantar y cuidar \u00e1rboles, arbustos y con\u00edferas: C\u00f3mo plantar \u00e1rboles, arbustos y con\u00edferas C\u00f3mo cuidar \u00e1rboles, arbustos y con\u00edferas Si ha seguido bien las instrucciones de plantaci\u00f3n anteriores, el cuidado de sus plantas ser\u00e1 mucho m\u00e1s f\u00e1cil (tanto en t\u00e9rminos de riego como de deshierbe): \u00bfTiene alguna pregunta?Estamos a [&hellip;]<\/p>\n","protected":false},"author":1,"featured_media":0,"parent":50457,"menu_order":0,"comment_status":"closed","ping_status":"closed","template":"","meta":{"footnotes":""},"class_list":["post-50459","page","type-page","status-publish","hentry"],"yoast_head":"<!-- This site is optimized with the Yoast SEO Premium plugin v27.5 (Yoast SEO v27.5) - https:\/\/yoast.com\/product\/yoast-seo-premium-wordpress\/ -->\n<title>Gu\u00eda para plantar y cuidar \u00e1rboles, arbustos y con\u00edferas - Vallonch\u00eane<\/title>\n<meta name=\"robots\" content=\"index, follow, max-snippet:-1, max-image-preview:large, max-video-preview:-1\" \/>\n<link rel=\"canonical\" href=\"https:\/\/www.vallonchene.fr\/es\/como-plantar-y-mantener-plantas\/guia-para-plantar-y-cuidar-arboles-arbustos-y-coniferas\/\" \/>\n<meta property=\"og:locale\" content=\"es_ES\" \/>\n<meta property=\"og:type\" content=\"article\" \/>\n<meta property=\"og:title\" content=\"Gu\u00eda para plantar y cuidar \u00e1rboles, arbustos y con\u00edferas\" \/>\n<meta property=\"og:description\" content=\"Descubre con esta pr\u00e1ctica ficha c\u00f3mo plantar y cuidar \u00e1rboles, arbustos y con\u00edferas: C\u00f3mo plantar \u00e1rboles, arbustos y con\u00edferas C\u00f3mo cuidar \u00e1rboles, arbustos y con\u00edferas Si ha seguido bien las instrucciones de plantaci\u00f3n anteriores, el cuidado de sus plantas ser\u00e1 mucho m\u00e1s f\u00e1cil (tanto en t\u00e9rminos de riego como de deshierbe): \u00bfTiene alguna pregunta?Estamos a [&hellip;]\" \/>\n<meta property=\"og:url\" content=\"https:\/\/www.vallonchene.fr\/es\/como-plantar-y-mantener-plantas\/guia-para-plantar-y-cuidar-arboles-arbustos-y-coniferas\/\" \/>\n<meta property=\"og:site_name\" content=\"Vallonch\u00eane\" \/>\n<meta property=\"article:publisher\" content=\"https:\/\/www.facebook.com\/vallonchene.fr\" \/>\n<meta property=\"article:modified_time\" content=\"2024-12-04T18:05:55+00:00\" \/>\n<meta property=\"og:image\" content=\"https:\/\/www.vallonchene.fr\/wp-content\/uploads\/2023\/04\/Collet-dune-plante-depotee-282x300.webp\" \/>\n<meta name=\"twitter:card\" content=\"summary_large_image\" \/>\n<meta name=\"twitter:label1\" content=\"Tiempo de lectura\" \/>\n\t<meta name=\"twitter:data1\" content=\"5 minutos\" \/>\n<script type=\"application\/ld+json\" class=\"yoast-schema-graph\">{\"@context\":\"https:\\\/\\\/schema.org\",\"@graph\":[{\"@type\":\"WebPage\",\"@id\":\"https:\\\/\\\/www.vallonchene.fr\\\/es\\\/como-plantar-y-mantener-plantas\\\/guia-para-plantar-y-cuidar-arboles-arbustos-y-coniferas\\\/\",\"url\":\"https:\\\/\\\/www.vallonchene.fr\\\/es\\\/como-plantar-y-mantener-plantas\\\/guia-para-plantar-y-cuidar-arboles-arbustos-y-coniferas\\\/\",\"name\":\"Gu\u00eda para plantar y cuidar \u00e1rboles, arbustos y con\u00edferas - Vallonch\u00eane\",\"isPartOf\":{\"@id\":\"https:\\\/\\\/www.vallonchene.fr\\\/es\\\/#website\"},\"primaryImageOfPage\":{\"@id\":\"https:\\\/\\\/www.vallonchene.fr\\\/es\\\/como-plantar-y-mantener-plantas\\\/guia-para-plantar-y-cuidar-arboles-arbustos-y-coniferas\\\/#primaryimage\"},\"image\":{\"@id\":\"https:\\\/\\\/www.vallonchene.fr\\\/es\\\/como-plantar-y-mantener-plantas\\\/guia-para-plantar-y-cuidar-arboles-arbustos-y-coniferas\\\/#primaryimage\"},\"thumbnailUrl\":\"https:\\\/\\\/www.vallonchene.fr\\\/wp-content\\\/uploads\\\/2023\\\/04\\\/Collet-dune-plante-depotee-282x300.webp\",\"datePublished\":\"2023-04-08T14:39:56+00:00\",\"dateModified\":\"2024-12-04T18:05:55+00:00\",\"breadcrumb\":{\"@id\":\"https:\\\/\\\/www.vallonchene.fr\\\/es\\\/como-plantar-y-mantener-plantas\\\/guia-para-plantar-y-cuidar-arboles-arbustos-y-coniferas\\\/#breadcrumb\"},\"inLanguage\":\"es\",\"potentialAction\":[{\"@type\":\"ReadAction\",\"target\":[\"https:\\\/\\\/www.vallonchene.fr\\\/es\\\/como-plantar-y-mantener-plantas\\\/guia-para-plantar-y-cuidar-arboles-arbustos-y-coniferas\\\/\"]}]},{\"@type\":\"ImageObject\",\"inLanguage\":\"es\",\"@id\":\"https:\\\/\\\/www.vallonchene.fr\\\/es\\\/como-plantar-y-mantener-plantas\\\/guia-para-plantar-y-cuidar-arboles-arbustos-y-coniferas\\\/#primaryimage\",\"url\":\"https:\\\/\\\/www.vallonchene.fr\\\/wp-content\\\/uploads\\\/2023\\\/04\\\/Collet-dune-plante-depotee-282x300.webp\",\"contentUrl\":\"https:\\\/\\\/www.vallonchene.fr\\\/wp-content\\\/uploads\\\/2023\\\/04\\\/Collet-dune-plante-depotee-282x300.webp\"},{\"@type\":\"BreadcrumbList\",\"@id\":\"https:\\\/\\\/www.vallonchene.fr\\\/es\\\/como-plantar-y-mantener-plantas\\\/guia-para-plantar-y-cuidar-arboles-arbustos-y-coniferas\\\/#breadcrumb\",\"itemListElement\":[{\"@type\":\"ListItem\",\"position\":1,\"name\":\"Home\",\"item\":\"https:\\\/\\\/www.vallonchene.fr\\\/es\\\/\"},{\"@type\":\"ListItem\",\"position\":2,\"name\":\"C\u00f3mo plantar y mantener plantas\",\"item\":\"https:\\\/\\\/www.vallonchene.fr\\\/es\\\/como-plantar-y-mantener-plantas\\\/\"},{\"@type\":\"ListItem\",\"position\":3,\"name\":\"Gu\u00eda para plantar y cuidar \u00e1rboles, arbustos y con\u00edferas\"}]},{\"@type\":\"WebSite\",\"@id\":\"https:\\\/\\\/www.vallonchene.fr\\\/es\\\/#website\",\"url\":\"https:\\\/\\\/www.vallonchene.fr\\\/es\\\/\",\"name\":\"Vallonch\u00eane\",\"description\":\"El vivero donde la calidad tiene sus ra\u00edces \u2013 Tel.: +33 (0)2.35.90.02.02\",\"publisher\":{\"@id\":\"https:\\\/\\\/www.vallonchene.fr\\\/es\\\/#organization\"},\"potentialAction\":[{\"@type\":\"SearchAction\",\"target\":{\"@type\":\"EntryPoint\",\"urlTemplate\":\"https:\\\/\\\/www.vallonchene.fr\\\/es\\\/?s={search_term_string}\"},\"query-input\":{\"@type\":\"PropertyValueSpecification\",\"valueRequired\":true,\"valueName\":\"search_term_string\"}}],\"inLanguage\":\"es\"},{\"@type\":\"Organization\",\"@id\":\"https:\\\/\\\/www.vallonchene.fr\\\/es\\\/#organization\",\"name\":\"VALLONCHENE\",\"url\":\"https:\\\/\\\/www.vallonchene.fr\\\/es\\\/\",\"logo\":{\"@type\":\"ImageObject\",\"inLanguage\":\"es\",\"@id\":\"https:\\\/\\\/www.vallonchene.fr\\\/es\\\/#\\\/schema\\\/logo\\\/image\\\/\",\"url\":\"https:\\\/\\\/www.vallonchene.fr\\\/wp-content\\\/uploads\\\/2023\\\/03\\\/Logo-Vallonchene-site-et-R_hauteur_100.png\",\"contentUrl\":\"https:\\\/\\\/www.vallonchene.fr\\\/wp-content\\\/uploads\\\/2023\\\/03\\\/Logo-Vallonchene-site-et-R_hauteur_100.png\",\"width\":221,\"height\":100,\"caption\":\"VALLONCHENE\"},\"image\":{\"@id\":\"https:\\\/\\\/www.vallonchene.fr\\\/es\\\/#\\\/schema\\\/logo\\\/image\\\/\"},\"sameAs\":[\"https:\\\/\\\/www.facebook.com\\\/vallonchene.fr\",\"https:\\\/\\\/www.instagram.com\\\/vallonchene\\\/\",\"https:\\\/\\\/www.pinterest.fr\\\/vallonchene\\\/\"],\"taxID\":\"49454502300017\",\"hasMerchantReturnPolicy\":{\"@type\":\"MerchantReturnPolicy\",\"merchantReturnLink\":\"https:\\\/\\\/www.vallonchene.fr\\\/remboursements_retours\\\/\"}}]}<\/script>\n<!-- \/ Yoast SEO Premium plugin. -->","yoast_head_json":{"title":"Gu\u00eda para plantar y cuidar \u00e1rboles, arbustos y con\u00edferas - Vallonch\u00eane","robots":{"index":"index","follow":"follow","max-snippet":"max-snippet:-1","max-image-preview":"max-image-preview:large","max-video-preview":"max-video-preview:-1"},"canonical":"https:\/\/www.vallonchene.fr\/es\/como-plantar-y-mantener-plantas\/guia-para-plantar-y-cuidar-arboles-arbustos-y-coniferas\/","og_locale":"es_ES","og_type":"article","og_title":"Gu\u00eda para plantar y cuidar \u00e1rboles, arbustos y con\u00edferas","og_description":"Descubre con esta pr\u00e1ctica ficha c\u00f3mo plantar y cuidar \u00e1rboles, arbustos y con\u00edferas: C\u00f3mo plantar \u00e1rboles, arbustos y con\u00edferas C\u00f3mo cuidar \u00e1rboles, arbustos y con\u00edferas Si ha seguido bien las instrucciones de plantaci\u00f3n anteriores, el cuidado de sus plantas ser\u00e1 mucho m\u00e1s f\u00e1cil (tanto en t\u00e9rminos de riego como de deshierbe): \u00bfTiene alguna pregunta?Estamos a [&hellip;]","og_url":"https:\/\/www.vallonchene.fr\/es\/como-plantar-y-mantener-plantas\/guia-para-plantar-y-cuidar-arboles-arbustos-y-coniferas\/","og_site_name":"Vallonch\u00eane","article_publisher":"https:\/\/www.facebook.com\/vallonchene.fr","article_modified_time":"2024-12-04T18:05:55+00:00","og_image":[{"url":"https:\/\/www.vallonchene.fr\/wp-content\/uploads\/2023\/04\/Collet-dune-plante-depotee-282x300.webp","type":"","width":"","height":""}],"twitter_card":"summary_large_image","twitter_misc":{"Tiempo de lectura":"5 minutos"},"schema":{"@context":"https:\/\/schema.org","@graph":[{"@type":"WebPage","@id":"https:\/\/www.vallonchene.fr\/es\/como-plantar-y-mantener-plantas\/guia-para-plantar-y-cuidar-arboles-arbustos-y-coniferas\/","url":"https:\/\/www.vallonchene.fr\/es\/como-plantar-y-mantener-plantas\/guia-para-plantar-y-cuidar-arboles-arbustos-y-coniferas\/","name":"Gu\u00eda para plantar y cuidar \u00e1rboles, arbustos y con\u00edferas - Vallonch\u00eane","isPartOf":{"@id":"https:\/\/www.vallonchene.fr\/es\/#website"},"primaryImageOfPage":{"@id":"https:\/\/www.vallonchene.fr\/es\/como-plantar-y-mantener-plantas\/guia-para-plantar-y-cuidar-arboles-arbustos-y-coniferas\/#primaryimage"},"image":{"@id":"https:\/\/www.vallonchene.fr\/es\/como-plantar-y-mantener-plantas\/guia-para-plantar-y-cuidar-arboles-arbustos-y-coniferas\/#primaryimage"},"thumbnailUrl":"https:\/\/www.vallonchene.fr\/wp-content\/uploads\/2023\/04\/Collet-dune-plante-depotee-282x300.webp","datePublished":"2023-04-08T14:39:56+00:00","dateModified":"2024-12-04T18:05:55+00:00","breadcrumb":{"@id":"https:\/\/www.vallonchene.fr\/es\/como-plantar-y-mantener-plantas\/guia-para-plantar-y-cuidar-arboles-arbustos-y-coniferas\/#breadcrumb"},"inLanguage":"es","potentialAction":[{"@type":"ReadAction","target":["https:\/\/www.vallonchene.fr\/es\/como-plantar-y-mantener-plantas\/guia-para-plantar-y-cuidar-arboles-arbustos-y-coniferas\/"]}]},{"@type":"ImageObject","inLanguage":"es","@id":"https:\/\/www.vallonchene.fr\/es\/como-plantar-y-mantener-plantas\/guia-para-plantar-y-cuidar-arboles-arbustos-y-coniferas\/#primaryimage","url":"https:\/\/www.vallonchene.fr\/wp-content\/uploads\/2023\/04\/Collet-dune-plante-depotee-282x300.webp","contentUrl":"https:\/\/www.vallonchene.fr\/wp-content\/uploads\/2023\/04\/Collet-dune-plante-depotee-282x300.webp"},{"@type":"BreadcrumbList","@id":"https:\/\/www.vallonchene.fr\/es\/como-plantar-y-mantener-plantas\/guia-para-plantar-y-cuidar-arboles-arbustos-y-coniferas\/#breadcrumb","itemListElement":[{"@type":"ListItem","position":1,"name":"Home","item":"https:\/\/www.vallonchene.fr\/es\/"},{"@type":"ListItem","position":2,"name":"C\u00f3mo plantar y mantener plantas","item":"https:\/\/www.vallonchene.fr\/es\/como-plantar-y-mantener-plantas\/"},{"@type":"ListItem","position":3,"name":"Gu\u00eda para plantar y cuidar \u00e1rboles, arbustos y con\u00edferas"}]},{"@type":"WebSite","@id":"https:\/\/www.vallonchene.fr\/es\/#website","url":"https:\/\/www.vallonchene.fr\/es\/","name":"Vallonch\u00eane","description":"El vivero donde la calidad tiene sus ra\u00edces \u2013 Tel.: +33 (0)2.35.90.02.02","publisher":{"@id":"https:\/\/www.vallonchene.fr\/es\/#organization"},"potentialAction":[{"@type":"SearchAction","target":{"@type":"EntryPoint","urlTemplate":"https:\/\/www.vallonchene.fr\/es\/?s={search_term_string}"},"query-input":{"@type":"PropertyValueSpecification","valueRequired":true,"valueName":"search_term_string"}}],"inLanguage":"es"},{"@type":"Organization","@id":"https:\/\/www.vallonchene.fr\/es\/#organization","name":"VALLONCHENE","url":"https:\/\/www.vallonchene.fr\/es\/","logo":{"@type":"ImageObject","inLanguage":"es","@id":"https:\/\/www.vallonchene.fr\/es\/#\/schema\/logo\/image\/","url":"https:\/\/www.vallonchene.fr\/wp-content\/uploads\/2023\/03\/Logo-Vallonchene-site-et-R_hauteur_100.png","contentUrl":"https:\/\/www.vallonchene.fr\/wp-content\/uploads\/2023\/03\/Logo-Vallonchene-site-et-R_hauteur_100.png","width":221,"height":100,"caption":"VALLONCHENE"},"image":{"@id":"https:\/\/www.vallonchene.fr\/es\/#\/schema\/logo\/image\/"},"sameAs":["https:\/\/www.facebook.com\/vallonchene.fr","https:\/\/www.instagram.com\/vallonchene\/","https:\/\/www.pinterest.fr\/vallonchene\/"],"taxID":"49454502300017","hasMerchantReturnPolicy":{"@type":"MerchantReturnPolicy","merchantReturnLink":"https:\/\/www.vallonchene.fr\/remboursements_retours\/"}}]}},"_links":{"self":[{"href":"https:\/\/www.vallonchene.fr\/es\/wp-json\/wp\/v2\/pages\/50459","targetHints":{"allow":["GET"]}}],"collection":[{"href":"https:\/\/www.vallonchene.fr\/es\/wp-json\/wp\/v2\/pages"}],"about":[{"href":"https:\/\/www.vallonchene.fr\/es\/wp-json\/wp\/v2\/types\/page"}],"author":[{"embeddable":true,"href":"https:\/\/www.vallonchene.fr\/es\/wp-json\/wp\/v2\/users\/1"}],"replies":[{"embeddable":true,"href":"https:\/\/www.vallonchene.fr\/es\/wp-json\/wp\/v2\/comments?post=50459"}],"version-history":[{"count":0,"href":"https:\/\/www.vallonchene.fr\/es\/wp-json\/wp\/v2\/pages\/50459\/revisions"}],"up":[{"embeddable":true,"href":"https:\/\/www.vallonchene.fr\/es\/wp-json\/wp\/v2\/pages\/50457"}],"wp:attachment":[{"href":"https:\/\/www.vallonchene.fr\/es\/wp-json\/wp\/v2\/media?parent=50459"}],"curies":[{"name":"wp","href":"https:\/\/api.w.org\/{rel}","templated":true}]}}