{"id":50413,"date":"2023-03-26T09:03:22","date_gmt":"2023-03-26T07:03:22","guid":{"rendered":"https:\/\/www.vallonchene.fr\/?page_id=50413"},"modified":"2026-04-30T15:06:49","modified_gmt":"2026-04-30T13:06:49","slug":"vallonchene-vivero-y-jardineria","status":"publish","type":"page","link":"https:\/\/www.vallonchene.fr\/es\/","title":{"rendered":"Vallonch\u00eane vivero y jardiner\u00eda"},"content":{"rendered":"<div class=\"n2-section-smartslider fitvidsignore  n2_clear\" data-ssid=\"7\"><div id=\"n2-ss-7-align\" class=\"n2-ss-align\"><div class=\"n2-padding\"><div id=\"n2-ss-7\" data-creator=\"Smart Slider 3\" data-responsive=\"auto\" class=\"n2-ss-slider n2-ow n2-has-hover n2notransition  \">\n\n\n\n<div class=\"n2-ss-slider-wrapper-inside\">\n        <div class=\"n2-ss-slider-1 n2_ss__touch_element n2-ow\">\n            <div class=\"n2-ss-slider-2 n2-ow\">\n                                                    <div class=\"n2-ss-background-animation n2-ow\"><\/div>\n                                <div class=\"n2-ss-slider-3 n2-ow\">\n\n                    <div class=\"n2-ss-slide-backgrounds n2-ow-all\"><div class=\"n2-ss-slide-background\" data-public-id=\"1\" data-mode=\"fill\"><div class=\"n2-ss-slide-background-image\" data-blur=\"0\" data-opacity=\"100\" data-x=\"50\" data-y=\"50\" data-alt=\"\" data-title=\"\"><picture class=\"skip-lazy\" data-skip-lazy=\"1\"><img decoding=\"async\" src=\"\/\/www.vallonchene.fr\/wp-content\/uploads\/2025\/03\/delivery.jpg\" alt=\"\" title=\"\" loading=\"lazy\" class=\"skip-lazy\" data-skip-lazy=\"1\"><\/picture><\/div><div data-color=\"RGBA(255,255,255,0)\" style=\"background-color: RGBA(255,255,255,0);\" class=\"n2-ss-slide-background-color\"><\/div><\/div><div class=\"n2-ss-slide-background\" data-public-id=\"2\" data-mode=\"fill\" aria-hidden=\"true\"><div class=\"n2-ss-slide-background-image\" data-blur=\"0\" data-opacity=\"100\" data-x=\"50\" data-y=\"50\" data-alt=\"\" data-title=\"\"><picture class=\"skip-lazy\" data-skip-lazy=\"1\"><img decoding=\"async\" src=\"\/\/www.vallonchene.fr\/wp-content\/uploads\/2025\/03\/fleurs-de-printemps.png\" alt=\"\" title=\"\" loading=\"lazy\" class=\"skip-lazy\" data-skip-lazy=\"1\"><\/picture><\/div><div data-color=\"RGBA(255,255,255,0)\" style=\"background-color: RGBA(255,255,255,0);\" class=\"n2-ss-slide-background-color\"><\/div><\/div><div class=\"n2-ss-slide-background\" data-public-id=\"3\" data-mode=\"fill\" aria-hidden=\"true\"><div class=\"n2-ss-slide-background-image\" data-blur=\"0\" data-opacity=\"100\" data-x=\"50\" data-y=\"50\" data-alt=\"\" data-title=\"\"><picture class=\"skip-lazy\" data-skip-lazy=\"1\"><img decoding=\"async\" src=\"\/\/www.vallonchene.fr\/wp-content\/uploads\/2025\/03\/Vallonchene-jardin-Bergerie-Gite-SLIDE.webp\" alt=\"\" title=\"\" loading=\"lazy\" class=\"skip-lazy\" data-skip-lazy=\"1\"><\/picture><\/div><div data-color=\"RGBA(255,255,255,0)\" style=\"background-color: RGBA(255,255,255,0);\" class=\"n2-ss-slide-background-color\"><\/div><\/div><\/div>                    <div class=\"n2-ss-slider-4 n2-ow\">\n                        <svg xmlns=\"http:\/\/www.w3.org\/2000\/svg\" viewBox=\"0 0 1110 340\" data-related-device=\"desktopPortrait\" class=\"n2-ow n2-ss-preserve-size n2-ss-preserve-size--slider n2-ss-slide-limiter\"><\/svg><div data-first=\"1\" data-slide-duration=\"0\" data-id=\"22\" data-slide-public-id=\"1\" data-title=\"Slide\" class=\"n2-ss-slide n2-ow  n2-ss-slide-22\"><div role=\"note\" class=\"n2-ss-slide--focus\" tabindex=\"-1\">Slide<\/div><div class=\"n2-ss-layers-container n2-ss-slide-limiter n2-ow\"><div class=\"n2-ss-layer n2-ow n-uc-cVosqz300C6K\" data-sstype=\"slide\" data-pm=\"default\"><div class=\"n2-ss-layer n2-ow n-uc-Ta5VHdAwmvKS\" data-pm=\"default\" data-sstype=\"content\" data-hasbackground=\"0\"><div class=\"n2-ss-section-main-content n2-ss-layer-with-background n2-ss-layer-content n2-ow n-uc-Ta5VHdAwmvKS-inner\"><div class=\"n2-ss-layer n2-ow n-uc-ZGUAZd9tEPBv\" data-pm=\"normal\" data-sstype=\"layer\"><div id=\"n2-ss-7item1\" class=\"n2-font-1d307b6dad0d10802667c266d9e59be6-hover   n2-ss-item-content n2-ss-text n2-ow\" style=\"display:block;\">ENTREGA <br>EXPR\u00c9S<\/div><\/div><div class=\"n2-ss-layer n2-ow n-uc-4Llk6BpJFzxG\" data-pm=\"normal\" data-sstype=\"layer\"><div class=\"n2-ss-item-content n2-ss-text n2-ow-all\"><div class=\"\"><p class=\"n2-font-a5318481d849e3b75a6c53efcd42f4ac-paragraph   \"><b>a partir de 9,90 \u20ac por pedido<\/b><\/p>\n<\/div><\/div><\/div><div class=\"n2-ss-layer n2-ow n-uc-jLjyLuAx6SU3\" data-pm=\"normal\" data-sstype=\"layer\"><div class=\"n2-ss-item-content n2-ss-text n2-ow-all\"><div class=\"\"><p class=\"n2-font-3046ce1d3dbdfcd7ac1987ccb8fe7856-paragraph   \">para toda la Uni\u00f3n Europea<\/p>\n<\/div><\/div><\/div><\/div><\/div><\/div><\/div><\/div><div data-slide-duration=\"0\" data-id=\"23\" data-slide-public-id=\"2\" aria-hidden=\"true\" data-title=\"Slide\" class=\"n2-ss-slide n2-ow  n2-ss-slide-23\"><div role=\"note\" class=\"n2-ss-slide--focus\" tabindex=\"-1\">Slide<\/div><div class=\"n2-ss-layers-container n2-ss-slide-limiter n2-ow\"><div class=\"n2-ss-layer n2-ow n-uc-pw3WBHlYIqZ7\" data-sstype=\"slide\" data-pm=\"default\"><div class=\"n2-ss-layer n2-ow n-uc-4Q8L0VpWCfNk\" data-pm=\"default\" data-sstype=\"content\" data-hasbackground=\"0\"><div class=\"n2-ss-section-main-content n2-ss-layer-with-background n2-ss-layer-content n2-ow n-uc-4Q8L0VpWCfNk-inner\"><div class=\"n2-ss-layer n2-ow n-uc-I6iCrXDHk3lh\" data-pm=\"normal\" data-sstype=\"layer\"><div id=\"n2-ss-7item4\" class=\"n2-font-2f3bd08088691a7bd51f07877917cb1a-hover   n2-ss-item-content n2-ss-text n2-ow\" style=\"display:block;\">\u00a1Plante ahora!<\/div><\/div><div class=\"n2-ss-layer n2-ow n-uc-Ziqxrk51rwnv\" data-pm=\"normal\" data-sstype=\"layer\"><div class=\"n2-ss-item-content n2-ss-text n2-ow-all\"><div class=\"\"><p class=\"n2-font-03490908a6f497785d13d5bec126fdf4-paragraph   \">Disfrute de todo el verano<\/p>\n<\/div><\/div><\/div><\/div><\/div><\/div><\/div><\/div><div data-slide-duration=\"0\" data-id=\"24\" data-slide-public-id=\"3\" aria-hidden=\"true\" data-title=\"Slide\" class=\"n2-ss-slide n2-ow  n2-ss-slide-24\"><div role=\"note\" class=\"n2-ss-slide--focus\" tabindex=\"-1\">Slide<\/div><div class=\"n2-ss-layers-container n2-ss-slide-limiter n2-ow\"><div class=\"n2-ss-layer n2-ow n-uc-feqDlPvnewtJ\" data-sstype=\"slide\" data-pm=\"default\"><div class=\"n2-ss-layer n2-ow n-uc-Xr9FEdjgXmIp\" data-pm=\"default\" data-sstype=\"content\" data-hasbackground=\"1\"><div class=\"n2-ss-section-main-content n2-ss-layer-with-background n2-ss-layer-content n2-ow n-uc-Xr9FEdjgXmIp-inner\"><div class=\"n2-ss-layer n2-ow n-uc-ZiMIHmdVxN5r\" data-pm=\"normal\" data-sstype=\"layer\"><div id=\"n2-ss-7item6\" class=\"n2-font-c449232dca82cf7ed80f3f7ff65643af-hover   n2-ss-item-content n2-ss-text n2-ow\" style=\"display:block;\">ALQUILE LA<br>casa rural de Vallonch\u00eane<\/div><\/div><div class=\"n2-ss-layer n2-ow n-uc-H5HmVlrxVq3t\" data-pm=\"normal\" data-hidemobileportrait=\"1\" data-sstype=\"layer\"><div class=\"n2-ss-item-content n2-ss-text n2-ow-all\"><div class=\"\"><p class=\"n2-font-69fdb25e1a94f000fee2da567ec46747-paragraph   \">Pase un buen momento en calma<\/p>\n<\/div><\/div><\/div><div class=\"n2-ss-layer n2-ow n-uc-m8jqbjBRXZh2 n2-ss-layer--auto\" data-pm=\"normal\" data-sstype=\"layer\"><div class=\"n2-ss-button-container n2-ss-item-content n2-ow n2-font-59be189978ca7c60e02bb890c996d5b3-link  n2-ss-nowrap n2-ss-button-container--non-full-width\"><a class=\"n2-style-fd38549eee9ab23b7211fa4859786f10-heading  n2-ow \" href=\"https:\/\/cottage-landhaus-gite.vallonchene.fr\/es\/\"><div><div>M\u00c1S AQU\u00cd<\/div><\/div><\/a><\/div><\/div><\/div><\/div><\/div><\/div><\/div>                    <\/div>\n\n                                    <\/div>\n            <\/div>\n        <\/div>\n        <div class=\"n2-ss-slider-controls n2-ss-slider-controls-absolute-left-center\"><div style=\"--widget-offset:15px;\" class=\"n2-ss-widget nextend-arrow n2-ow-all nextend-arrow-previous  nextend-arrow-animated-fade\" data-hide-mobileportrait=\"1\" id=\"n2-ss-7-arrow-previous\" role=\"button\" aria-label=\"previous arrow\" tabindex=\"0\"><img decoding=\"async\" width=\"32\" height=\"32\" class=\"skip-lazy\" data-skip-lazy=\"1\" src=\"data:image\/svg+xml;base64,PHN2ZyB3aWR0aD0iMzIiIGhlaWdodD0iMzIiIHZpZXdCb3g9IjAgMCAzMiAzMiIgeG1sbnM9Imh0dHA6Ly93d3cudzMub3JnLzIwMDAvc3ZnIj4KICAgIDxwYXRoIGQ9Ik0xMS40MzMgMTUuOTkyTDIyLjY5IDUuNzEyYy4zOTMtLjM5LjM5My0xLjAzIDAtMS40Mi0uMzkzLS4zOS0xLjAzLS4zOS0xLjQyMyAwbC0xMS45OCAxMC45NGMtLjIxLjIxLS4zLjQ5LS4yODUuNzYtLjAxNS4yOC4wNzUuNTYuMjg0Ljc3bDExLjk4IDEwLjk0Yy4zOTMuMzkgMS4wMy4zOSAxLjQyNCAwIC4zOTMtLjQuMzkzLTEuMDMgMC0xLjQybC0xMS4yNTctMTAuMjkiCiAgICAgICAgICBmaWxsPSIjZmZmZmZmIiBvcGFjaXR5PSIwLjgiIGZpbGwtcnVsZT0iZXZlbm9kZCIvPgo8L3N2Zz4=\" alt=\"previous arrow\"><\/div><\/div><div class=\"n2-ss-slider-controls n2-ss-slider-controls-absolute-right-center\"><div style=\"--widget-offset:15px;\" class=\"n2-ss-widget nextend-arrow n2-ow-all nextend-arrow-next  nextend-arrow-animated-fade\" data-hide-mobileportrait=\"1\" id=\"n2-ss-7-arrow-next\" role=\"button\" aria-label=\"next arrow\" tabindex=\"0\"><img decoding=\"async\" width=\"32\" height=\"32\" class=\"skip-lazy\" data-skip-lazy=\"1\" src=\"data:image\/svg+xml;base64,PHN2ZyB3aWR0aD0iMzIiIGhlaWdodD0iMzIiIHZpZXdCb3g9IjAgMCAzMiAzMiIgeG1sbnM9Imh0dHA6Ly93d3cudzMub3JnLzIwMDAvc3ZnIj4KICAgIDxwYXRoIGQ9Ik0xMC43MjIgNC4yOTNjLS4zOTQtLjM5LTEuMDMyLS4zOS0xLjQyNyAwLS4zOTMuMzktLjM5MyAxLjAzIDAgMS40MmwxMS4yODMgMTAuMjgtMTEuMjgzIDEwLjI5Yy0uMzkzLjM5LS4zOTMgMS4wMiAwIDEuNDIuMzk1LjM5IDEuMDMzLjM5IDEuNDI3IDBsMTIuMDA3LTEwLjk0Yy4yMS0uMjEuMy0uNDkuMjg0LS43Ny4wMTQtLjI3LS4wNzYtLjU1LS4yODYtLjc2TDEwLjcyIDQuMjkzeiIKICAgICAgICAgIGZpbGw9IiNmZmZmZmYiIG9wYWNpdHk9IjAuOCIgZmlsbC1ydWxlPSJldmVub2RkIi8+Cjwvc3ZnPg==\" alt=\"next arrow\"><\/div><\/div><div class=\"n2-ss-slider-controls n2-ss-slider-controls-absolute-center-bottom\"><div style=\"--widget-offset:10px;\" class=\"n2-ss-widget n2-ss-control-bullet n2-ow-all n2-ss-control-bullet-horizontal\" data-hide-mobileportrait=\"1\"><div class=\" nextend-bullet-bar n2-bar-justify-content-center\" role=\"group\" aria-label=\"Choose slide to display.\"><div class=\"n2-bullet n2-style-785355f374be86c332d4665aae819858-dot \" style=\"visibility:hidden;\"><\/div><\/div><\/div><\/div><\/div><\/div><ss3-loader><\/ss3-loader><\/div><\/div><div class=\"n2_clear\"><\/div><\/div>\n\n\n<div style=\"height:27px\" aria-hidden=\"true\" class=\"wp-block-spacer\"><\/div>\n\n\n\n<div class=\"wp-block-media-text alignfull has-media-on-the-right is-stacked-on-mobile is-vertically-aligned-center is-style-default has-background\" style=\"background-color:#f8f5f0;grid-template-columns:auto 49%\"><div class=\"wp-block-media-text__content\">\n<h2 class=\"wp-block-heading has-text-color\" id=\"h-vallonchene\" style=\"color:#000000\"><strong>Vallonch\u00eane<\/strong><\/h2>\n\n\n\n<p class=\"has-text-color\" style=\"color:#636363;font-size:17px;line-height:1.1\"><strong>El vivero donde la calidad tiene sus ra\u00edces<\/strong><\/p>\n\n\n\n<p>Ubicado entre Rouen, Beauvais, Amiens y Dieppe, nuestro vivero, fruto de una colaboraci\u00f3n franco-alemana en torno a <a href=\"https:\/\/jardin.vallonchene.fr\"><strong>un jard\u00edn bot\u00e1nico<\/strong><\/a> privado, se dedica a cultivar y ofrecer una amplia variedad de plantas excepcionales, resistentes al clima adverso y de una calidad impecable. Descubra nuestras maravillas en nuestra <a href=\"https:\/\/www.vallonchene.fr\/es\/tienda\/?filter_stock_status=instock\"><strong>tienda online<\/strong><\/a> o vis\u00edtenos.<\/p>\n<\/div><figure class=\"wp-block-media-text__media\"><img decoding=\"async\" width=\"400\" height=\"342\" src=\"https:\/\/www.vallonchene.fr\/wp-content\/uploads\/2023\/03\/Vallonchene-pepiniere_01.webp\" alt=\"Vue sur la P\u00e9pini\u00e8re Vallonch\u00eane\" class=\"wp-image-26652 size-full\" srcset=\"https:\/\/www.vallonchene.fr\/wp-content\/uploads\/2023\/03\/Vallonchene-pepiniere_01.webp 400w, https:\/\/www.vallonchene.fr\/wp-content\/uploads\/2023\/03\/Vallonchene-pepiniere_01-64x55.webp 64w, https:\/\/www.vallonchene.fr\/wp-content\/uploads\/2023\/03\/Vallonchene-pepiniere_01-300x257.webp 300w\" sizes=\"(max-width: 400px) 100vw, 400px\" \/><\/figure><\/div>\n\n\n\n<hr class=\"wp-block-separator has-alpha-channel-opacity\"\/>\n\n\n\n<div style=\"height:27px\" aria-hidden=\"true\" class=\"wp-block-spacer\"><\/div>\n\n\n<div data-block-name=\"woocommerce\/featured-product\" data-dim-ratio=\"10\" data-focal-point=\"{&quot;x&quot;:0.5,&quot;y&quot;:0.42}\" data-image-fit=\"cover\" data-product-id=\"58709\" class=\"wc-block-featured-product alignnone has-background-dim has-background-dim-10 wp-block-woocommerce-featured-product\" style=\"min-height:500px;\"><div class=\"wc-block-featured-product__wrapper\"><div class=\"background-dim__overlay\" style=\"background-color: #000000\"><\/div><img decoding=\"async\" alt=\"CERCIDIPHYLLUM japonicum &#039;Rotfuchs&#039;\" class=\"wc-block-featured-product__background-image\" src=\"https:\/\/www.vallonchene.fr\/wp-content\/uploads\/2026\/04\/CERCIDIPHYLLUM-japonicum-Rotfuchs.webp\" style=\"object-fit: cover;object-position: 50% 42%;\" \/><div class=\"wc-block-featured-product__inner-blocks\">\n<h2 class=\"has-text-align-center wp-block-post-title\">CERCIDIPHYLLUM japonicum &#8216;Rotfuchs&#8217;<\/h2>\n\n<div data-block-name=\"woocommerce\/product-summary\" data-show-description-if-empty=\"true\" data-style=\"{&quot;typography&quot;:{&quot;textAlign&quot;:&quot;center&quot;}}\" data-summary-length=\"80\" class=\"wp-block-woocommerce-product-summary\"><div class=\"wc-block-components-product-summary has-text-align-center\" style=\"\">\n\t\t\t\t<p>Este <strong>\u00e1rbol de Katsura<\/strong> crece en forma columnar. El follaje del <strong>CERCIDIPHYLLUM japonicum &#8216;Rotfuchs&#8217;<\/strong> es p\u00farpura en primavera y cambia a verde para el verano.<\/p>\n\n\t\t\t<\/div><\/div>\n\n<div data-block-name=\"woocommerce\/product-price\" data-style=\"{&quot;spacing&quot;:{&quot;padding&quot;:{&quot;bottom&quot;:&quot;16px&quot;}}}\" data-text-align=\"center\" style=\"padding-bottom:16px; padding-bottom:16px;\" class=\"has-text-align-center wp-block-woocommerce-product-price\" data-wp-interactive=\"woocommerce\/product-elements\" data-wp-context='{\"productElementKey\":\"price_html\"}'><div class=\"wc-block-components-product-price wc-block-grid__product-price\" data-wp-watch=\"callbacks.updateValue\" aria-live=\"polite\" aria-atomic=\"true\">\n\t\t\t\t\t<span class=\"woocommerce-Price-amount amount\" aria-hidden=\"true\"><bdi>59,90&nbsp;<span class=\"woocommerce-Price-currencySymbol\">&euro;<\/span><\/bdi><\/span> <span aria-hidden=\"true\">&#8211;<\/span> <span class=\"woocommerce-Price-amount amount\" aria-hidden=\"true\"><bdi>79,90&nbsp;<span class=\"woocommerce-Price-currencySymbol\">&euro;<\/span><\/bdi><\/span><span class=\"screen-reader-text\">Rango de precios: desde 59,90&nbsp;&euro; hasta 79,90&nbsp;&euro;<\/span>\n\t\t\t\t<\/div><\/div>\n\n\n<div class=\"wp-block-buttons is-content-justification-center is-layout-flex wp-container-core-buttons-is-layout-a89b3969 wp-block-buttons-is-layout-flex\">\n<div class=\"wp-block-button\"><a class=\"wp-block-button__link wp-element-button\" href=\"https:\/\/www.vallonchene.fr\/es\/producto\/cercidiphyllum-japonicum-rotfuchs\/\">Compra ahora<\/a><\/div>\n<\/div>\n\n<\/div><\/div><\/div>\n\n\n<div class=\"wp-block-group\"><div class=\"wp-block-group__inner-container is-layout-constrained wp-block-group-is-layout-constrained\">\n<div style=\"height:27px\" aria-hidden=\"true\" class=\"wp-block-spacer\"><\/div>\n\n\n\n<div class=\"wp-block-group\"><div class=\"wp-block-group__inner-container is-layout-constrained wp-block-group-is-layout-constrained\">\n<h2 class=\"wp-block-heading\" id=\"h-productos-populares\">Productos populares<\/h2>\n\n\n<div data-align-buttons=\"true\" data-block-name=\"woocommerce\/handpicked-products\" data-columns=\"4\" data-products=\"[57387,57423,58209,57433,58526,57991,52581,57803]\" class=\"wc-block-grid wp-block-handpicked-products wp-block-woocommerce-handpicked-products wc-block-handpicked-products has-4-columns has-multiple-rows has-aligned-buttons\"><ul class=\"wc-block-grid__products\"><li class=\"wc-block-grid__product\">\n\t\t\t\t<a href=\"https:\/\/www.vallonchene.fr\/es\/producto\/sciadopitys-verticillata\/\" class=\"wc-block-grid__product-link\">\n\t\t\t\t\t\n\t\t\t\t\t<div class=\"wc-block-grid__product-image\"><img decoding=\"async\" width=\"324\" height=\"324\" src=\"https:\/\/www.vallonchene.fr\/wp-content\/uploads\/2026\/03\/SCIADOPITYS-verticillata_01-324x324.webp\" class=\"attachment-woocommerce_thumbnail size-woocommerce_thumbnail\" alt=\"Primer plano del follaje verde intenso de SCIADOPITYS verticillata, que deja ver la madera de color cobrizo\" srcset=\"https:\/\/www.vallonchene.fr\/wp-content\/uploads\/2026\/03\/SCIADOPITYS-verticillata_01-324x324.webp 324w, https:\/\/www.vallonchene.fr\/wp-content\/uploads\/2026\/03\/SCIADOPITYS-verticillata_01-300x300.webp 300w, https:\/\/www.vallonchene.fr\/wp-content\/uploads\/2026\/03\/SCIADOPITYS-verticillata_01-150x150.webp 150w, https:\/\/www.vallonchene.fr\/wp-content\/uploads\/2026\/03\/SCIADOPITYS-verticillata_01-768x768.webp 768w, https:\/\/www.vallonchene.fr\/wp-content\/uploads\/2026\/03\/SCIADOPITYS-verticillata_01-416x416.webp 416w, https:\/\/www.vallonchene.fr\/wp-content\/uploads\/2026\/03\/SCIADOPITYS-verticillata_01-100x100.webp 100w, https:\/\/www.vallonchene.fr\/wp-content\/uploads\/2026\/03\/SCIADOPITYS-verticillata_01-32x32.webp 32w, https:\/\/www.vallonchene.fr\/wp-content\/uploads\/2026\/03\/SCIADOPITYS-verticillata_01.webp 1000w\" sizes=\"(max-width: 324px) 100vw, 324px\" \/><\/div>\n\t\t\t\t\t<div class=\"wc-block-grid__product-title\">SCIADOPITYS verticillata<\/div>\n\t\t\t\t<\/a>\n\t\t\t\t<div class=\"wc-block-grid__product-price price\"><span class=\"woocommerce-Price-amount amount\">69,90&nbsp;<span class=\"woocommerce-Price-currencySymbol\">&euro;<\/span><\/span><\/div>\n\t\t\t\t\n\t\t\t\t<div class=\"wp-block-button wc-block-grid__product-add-to-cart\"><a href=\"https:\/\/www.vallonchene.fr\/es\/producto\/sciadopitys-verticillata\/\" aria-label=\"Elige las opciones para &ldquo;SCIADOPITYS verticillata&rdquo;\" data-quantity=\"1\" data-product_id=\"57387\" data-product_sku=\"26772\" data-price=\"69.9\" rel=\"nofollow\" class=\"wp-block-button__link  add_to_cart_button\">Elegir opciones<\/a><\/div>\n\t\t\t<\/li><li class=\"wc-block-grid__product\">\n\t\t\t\t<a href=\"https:\/\/www.vallonchene.fr\/es\/producto\/prunus-x-yedoensis\/\" class=\"wc-block-grid__product-link\">\n\t\t\t\t\t\n\t\t\t\t\t<div class=\"wc-block-grid__product-image\"><img decoding=\"async\" width=\"324\" height=\"324\" src=\"https:\/\/www.vallonchene.fr\/wp-content\/uploads\/2026\/03\/PRUNUS-yedoensis_04-324x324.webp\" class=\"attachment-woocommerce_thumbnail size-woocommerce_thumbnail\" alt=\"Primer plano de las flores a\u00fan no completamente blancas de PRUNUS yedoensis\" srcset=\"https:\/\/www.vallonchene.fr\/wp-content\/uploads\/2026\/03\/PRUNUS-yedoensis_04-324x324.webp 324w, https:\/\/www.vallonchene.fr\/wp-content\/uploads\/2026\/03\/PRUNUS-yedoensis_04-300x300.webp 300w, https:\/\/www.vallonchene.fr\/wp-content\/uploads\/2026\/03\/PRUNUS-yedoensis_04-150x150.webp 150w, https:\/\/www.vallonchene.fr\/wp-content\/uploads\/2026\/03\/PRUNUS-yedoensis_04-768x768.webp 768w, https:\/\/www.vallonchene.fr\/wp-content\/uploads\/2026\/03\/PRUNUS-yedoensis_04-416x416.webp 416w, https:\/\/www.vallonchene.fr\/wp-content\/uploads\/2026\/03\/PRUNUS-yedoensis_04-100x100.webp 100w, https:\/\/www.vallonchene.fr\/wp-content\/uploads\/2026\/03\/PRUNUS-yedoensis_04-32x32.webp 32w, https:\/\/www.vallonchene.fr\/wp-content\/uploads\/2026\/03\/PRUNUS-yedoensis_04.webp 1000w\" sizes=\"(max-width: 324px) 100vw, 324px\" \/><\/div>\n\t\t\t\t\t<div class=\"wc-block-grid__product-title\">PRUNUS x yedoensis<\/div>\n\t\t\t\t<\/a>\n\t\t\t\t<div class=\"wc-block-grid__product-price price\"><span class=\"woocommerce-Price-amount amount\">64,90&nbsp;<span class=\"woocommerce-Price-currencySymbol\">&euro;<\/span><\/span><\/div>\n\t\t\t\t\n\t\t\t\t<div class=\"wp-block-button wc-block-grid__product-add-to-cart\"><a href=\"https:\/\/www.vallonchene.fr\/es\/producto\/prunus-x-yedoensis\/\" aria-label=\"Elige las opciones para &ldquo;PRUNUS x yedoensis&rdquo;\" data-quantity=\"1\" data-product_id=\"57423\" data-product_sku=\"59426\" data-price=\"64.9\" rel=\"nofollow\" class=\"wp-block-button__link  add_to_cart_button\">Elegir opciones<\/a><\/div>\n\t\t\t<\/li><li class=\"wc-block-grid__product\">\n\t\t\t\t<a href=\"https:\/\/www.vallonchene.fr\/es\/producto\/prunus-the-bride\/\" class=\"wc-block-grid__product-link\">\n\t\t\t\t\t\n\t\t\t\t\t<div class=\"wc-block-grid__product-image\"><img decoding=\"async\" width=\"324\" height=\"324\" src=\"https:\/\/www.vallonchene.fr\/wp-content\/uploads\/2026\/03\/P1000300-324x324.webp\" class=\"attachment-woocommerce_thumbnail size-woocommerce_thumbnail\" alt=\"Primer plano de las flores de PRUNUS &#039;The Bride&#039;\" srcset=\"https:\/\/www.vallonchene.fr\/wp-content\/uploads\/2026\/03\/P1000300-324x324.webp 324w, https:\/\/www.vallonchene.fr\/wp-content\/uploads\/2026\/03\/P1000300-300x300.webp 300w, https:\/\/www.vallonchene.fr\/wp-content\/uploads\/2026\/03\/P1000300-150x150.webp 150w, https:\/\/www.vallonchene.fr\/wp-content\/uploads\/2026\/03\/P1000300-768x768.webp 768w, https:\/\/www.vallonchene.fr\/wp-content\/uploads\/2026\/03\/P1000300-416x416.webp 416w, https:\/\/www.vallonchene.fr\/wp-content\/uploads\/2026\/03\/P1000300-100x100.webp 100w, https:\/\/www.vallonchene.fr\/wp-content\/uploads\/2026\/03\/P1000300-32x32.webp 32w, https:\/\/www.vallonchene.fr\/wp-content\/uploads\/2026\/03\/P1000300.webp 1000w\" sizes=\"(max-width: 324px) 100vw, 324px\" \/><\/div>\n\t\t\t\t\t<div class=\"wc-block-grid__product-title\">PRUNUS &#8216;The Bride&#8217;<\/div>\n\t\t\t\t<\/a>\n\t\t\t\t<div class=\"wc-block-grid__product-price price\"><span class=\"woocommerce-Price-amount amount\">84,90&nbsp;<span class=\"woocommerce-Price-currencySymbol\">&euro;<\/span><\/span><\/div>\n\t\t\t\t\n\t\t\t\t<div class=\"wp-block-button wc-block-grid__product-add-to-cart\"><a href=\"https:\/\/www.vallonchene.fr\/es\/producto\/prunus-the-bride\/\" aria-label=\"Elige las opciones para &ldquo;PRUNUS &#039;The Bride&#039;&rdquo;\" data-quantity=\"1\" data-product_id=\"58209\" data-product_sku=\"17351\" data-price=\"84.9\" rel=\"nofollow\" class=\"wp-block-button__link  add_to_cart_button\">Elegir opciones<\/a><\/div>\n\t\t\t<\/li><li class=\"wc-block-grid__product\">\n\t\t\t\t<a href=\"https:\/\/www.vallonchene.fr\/es\/producto\/prunus-tai-haku\/\" class=\"wc-block-grid__product-link\">\n\t\t\t\t\t\n\t\t\t\t\t<div class=\"wc-block-grid__product-image\"><img decoding=\"async\" width=\"324\" height=\"324\" src=\"https:\/\/www.vallonchene.fr\/wp-content\/uploads\/2023\/11\/FILE_NAME_09-324x324.webp\" class=\"attachment-woocommerce_thumbnail size-woocommerce_thumbnail\" alt=\"Flores de PRUNUS &#039;Tai-Haku&#039;\" srcset=\"https:\/\/www.vallonchene.fr\/wp-content\/uploads\/2023\/11\/FILE_NAME_09-324x324.webp 324w, https:\/\/www.vallonchene.fr\/wp-content\/uploads\/2023\/11\/FILE_NAME_09-300x300.webp 300w, https:\/\/www.vallonchene.fr\/wp-content\/uploads\/2023\/11\/FILE_NAME_09-1024x1024.webp 1024w, https:\/\/www.vallonchene.fr\/wp-content\/uploads\/2023\/11\/FILE_NAME_09-150x150.webp 150w, https:\/\/www.vallonchene.fr\/wp-content\/uploads\/2023\/11\/FILE_NAME_09-768x768.webp 768w, https:\/\/www.vallonchene.fr\/wp-content\/uploads\/2023\/11\/FILE_NAME_09-416x416.webp 416w, https:\/\/www.vallonchene.fr\/wp-content\/uploads\/2023\/11\/FILE_NAME_09-100x100.webp 100w, https:\/\/www.vallonchene.fr\/wp-content\/uploads\/2023\/11\/FILE_NAME_09-32x32.webp 32w, https:\/\/www.vallonchene.fr\/wp-content\/uploads\/2023\/11\/FILE_NAME_09-64x64.webp 64w, https:\/\/www.vallonchene.fr\/wp-content\/uploads\/2023\/11\/FILE_NAME_09.webp 1200w\" sizes=\"(max-width: 324px) 100vw, 324px\" \/><\/div>\n\t\t\t\t\t<div class=\"wc-block-grid__product-title\">PRUNUS &#8216;Tai-haku&#8217;<\/div>\n\t\t\t\t<\/a>\n\t\t\t\t<div class=\"wc-block-grid__product-price price\"><span class=\"woocommerce-Price-amount amount\" aria-hidden=\"true\">49,90&nbsp;<span class=\"woocommerce-Price-currencySymbol\">&euro;<\/span><\/span> <span aria-hidden=\"true\">&#8211;<\/span> <span class=\"woocommerce-Price-amount amount\" aria-hidden=\"true\">79,90&nbsp;<span class=\"woocommerce-Price-currencySymbol\">&euro;<\/span><\/span><span class=\"screen-reader-text\">Rango de precios: desde 49,90&nbsp;&euro; hasta 79,90&nbsp;&euro;<\/span><\/div>\n\t\t\t\t\n\t\t\t\t<div class=\"wp-block-button wc-block-grid__product-add-to-cart\"><a href=\"https:\/\/www.vallonchene.fr\/es\/producto\/prunus-tai-haku\/\" aria-label=\"Elige las opciones para &ldquo;PRUNUS &#039;Tai-haku&#039;&rdquo;\" data-quantity=\"1\" data-product_id=\"57433\" data-product_sku=\"71353\" data-price=\"49.9\" rel=\"nofollow\" class=\"wp-block-button__link  add_to_cart_button\">Elegir opciones<\/a><\/div>\n\t\t\t<\/li><li class=\"wc-block-grid__product\">\n\t\t\t\t<a href=\"https:\/\/www.vallonchene.fr\/es\/producto\/magnolia-judy-zuk\/\" class=\"wc-block-grid__product-link\">\n\t\t\t\t\t\n\t\t\t\t\t<div class=\"wc-block-grid__product-image\"><img decoding=\"async\" width=\"324\" height=\"324\" src=\"https:\/\/www.vallonchene.fr\/wp-content\/uploads\/2026\/04\/MAGNOLIA-Judy-Zuk_03-324x324.webp\" class=\"attachment-woocommerce_thumbnail size-woocommerce_thumbnail\" alt=\"Flor amarilla casi abierta de MAGNOLIA &#039;Judy Zuk&#039;\" srcset=\"https:\/\/www.vallonchene.fr\/wp-content\/uploads\/2026\/04\/MAGNOLIA-Judy-Zuk_03-324x324.webp 324w, https:\/\/www.vallonchene.fr\/wp-content\/uploads\/2026\/04\/MAGNOLIA-Judy-Zuk_03-300x300.webp 300w, https:\/\/www.vallonchene.fr\/wp-content\/uploads\/2026\/04\/MAGNOLIA-Judy-Zuk_03-150x150.webp 150w, https:\/\/www.vallonchene.fr\/wp-content\/uploads\/2026\/04\/MAGNOLIA-Judy-Zuk_03-768x768.webp 768w, https:\/\/www.vallonchene.fr\/wp-content\/uploads\/2026\/04\/MAGNOLIA-Judy-Zuk_03-416x416.webp 416w, https:\/\/www.vallonchene.fr\/wp-content\/uploads\/2026\/04\/MAGNOLIA-Judy-Zuk_03-100x100.webp 100w, https:\/\/www.vallonchene.fr\/wp-content\/uploads\/2026\/04\/MAGNOLIA-Judy-Zuk_03-32x32.webp 32w, https:\/\/www.vallonchene.fr\/wp-content\/uploads\/2026\/04\/MAGNOLIA-Judy-Zuk_03.webp 1000w\" sizes=\"(max-width: 324px) 100vw, 324px\" \/><\/div>\n\t\t\t\t\t<div class=\"wc-block-grid__product-title\">MAGNOLIA &#8216;Judy Zuk&#8217;<\/div>\n\t\t\t\t<\/a>\n\t\t\t\t<div class=\"wc-block-grid__product-price price\"><span class=\"woocommerce-Price-amount amount\">99,90&nbsp;<span class=\"woocommerce-Price-currencySymbol\">&euro;<\/span><\/span><\/div>\n\t\t\t\t\n\t\t\t\t<div class=\"wp-block-button wc-block-grid__product-add-to-cart\"><a href=\"https:\/\/www.vallonchene.fr\/es\/producto\/magnolia-judy-zuk\/\" aria-label=\"Elige las opciones para &ldquo;MAGNOLIA &#039;Judy Zuk&#039;&rdquo;\" data-quantity=\"1\" data-product_id=\"58526\" data-product_sku=\"84161\" data-price=\"99.9\" rel=\"nofollow\" class=\"wp-block-button__link  add_to_cart_button\">Elegir opciones<\/a><\/div>\n\t\t\t<\/li><li class=\"wc-block-grid__product\">\n\t\t\t\t<a href=\"https:\/\/www.vallonchene.fr\/es\/producto\/magnolia-coral-lake\/\" class=\"wc-block-grid__product-link\">\n\t\t\t\t\t\n\t\t\t\t\t<div class=\"wc-block-grid__product-image\"><img decoding=\"async\" width=\"324\" height=\"324\" src=\"https:\/\/www.vallonchene.fr\/wp-content\/uploads\/2024\/04\/MAGNOLIA-Coral-Lake-324x324.webp\" class=\"attachment-woocommerce_thumbnail size-woocommerce_thumbnail\" alt=\"Primer plano de una flor rosa del MAGNOLIA &#039;Coral Lake&#039;\" srcset=\"https:\/\/www.vallonchene.fr\/wp-content\/uploads\/2024\/04\/MAGNOLIA-Coral-Lake-324x324.webp 324w, https:\/\/www.vallonchene.fr\/wp-content\/uploads\/2024\/04\/MAGNOLIA-Coral-Lake-300x300.webp 300w, https:\/\/www.vallonchene.fr\/wp-content\/uploads\/2024\/04\/MAGNOLIA-Coral-Lake-150x150.webp 150w, https:\/\/www.vallonchene.fr\/wp-content\/uploads\/2024\/04\/MAGNOLIA-Coral-Lake-768x768.webp 768w, https:\/\/www.vallonchene.fr\/wp-content\/uploads\/2024\/04\/MAGNOLIA-Coral-Lake-416x416.webp 416w, https:\/\/www.vallonchene.fr\/wp-content\/uploads\/2024\/04\/MAGNOLIA-Coral-Lake-100x100.webp 100w, https:\/\/www.vallonchene.fr\/wp-content\/uploads\/2024\/04\/MAGNOLIA-Coral-Lake-32x32.webp 32w, https:\/\/www.vallonchene.fr\/wp-content\/uploads\/2024\/04\/MAGNOLIA-Coral-Lake-64x64.webp 64w, https:\/\/www.vallonchene.fr\/wp-content\/uploads\/2024\/04\/MAGNOLIA-Coral-Lake.webp 1024w\" sizes=\"(max-width: 324px) 100vw, 324px\" \/><\/div>\n\t\t\t\t\t<div class=\"wc-block-grid__product-title\">MAGNOLIA &#8216;Coral Lake&#8217;<\/div>\n\t\t\t\t<\/a>\n\t\t\t\t<div class=\"wc-block-grid__product-price price\"><span class=\"woocommerce-Price-amount amount\">79,90&nbsp;<span class=\"woocommerce-Price-currencySymbol\">&euro;<\/span><\/span><\/div>\n\t\t\t\t\n\t\t\t\t<div class=\"wp-block-button wc-block-grid__product-add-to-cart\"><a href=\"https:\/\/www.vallonchene.fr\/es\/producto\/magnolia-coral-lake\/\" aria-label=\"Elige las opciones para &ldquo;MAGNOLIA &#039;Coral Lake&#039;&rdquo;\" data-quantity=\"1\" data-product_id=\"57803\" data-product_sku=\"93963\" data-price=\"79.9\" rel=\"nofollow\" class=\"wp-block-button__link  add_to_cart_button\">Elegir opciones<\/a><\/div>\n\t\t\t<\/li><li class=\"wc-block-grid__product\">\n\t\t\t\t<a href=\"https:\/\/www.vallonchene.fr\/es\/producto\/koelreuteria-paniculata-coral-sun-savonnier\/\" class=\"wc-block-grid__product-link\">\n\t\t\t\t\t\n\t\t\t\t\t<div class=\"wc-block-grid__product-image\"><img decoding=\"async\" width=\"324\" height=\"324\" src=\"https:\/\/www.vallonchene.fr\/wp-content\/uploads\/2024\/03\/KOELREUTERIA-paniculata-Coral-Sun_02-1-324x324.webp\" class=\"attachment-woocommerce_thumbnail size-woocommerce_thumbnail\" alt=\"Follaje rosado de la KOELREUTERIA paniculata &#039;Coral Sun&#039; a principios de primavera\" srcset=\"https:\/\/www.vallonchene.fr\/wp-content\/uploads\/2024\/03\/KOELREUTERIA-paniculata-Coral-Sun_02-1-324x324.webp 324w, https:\/\/www.vallonchene.fr\/wp-content\/uploads\/2024\/03\/KOELREUTERIA-paniculata-Coral-Sun_02-1-300x300.webp 300w, https:\/\/www.vallonchene.fr\/wp-content\/uploads\/2024\/03\/KOELREUTERIA-paniculata-Coral-Sun_02-1-1024x1024.webp 1024w, https:\/\/www.vallonchene.fr\/wp-content\/uploads\/2024\/03\/KOELREUTERIA-paniculata-Coral-Sun_02-1-150x150.webp 150w, https:\/\/www.vallonchene.fr\/wp-content\/uploads\/2024\/03\/KOELREUTERIA-paniculata-Coral-Sun_02-1-768x768.webp 768w, https:\/\/www.vallonchene.fr\/wp-content\/uploads\/2024\/03\/KOELREUTERIA-paniculata-Coral-Sun_02-1-416x416.webp 416w, https:\/\/www.vallonchene.fr\/wp-content\/uploads\/2024\/03\/KOELREUTERIA-paniculata-Coral-Sun_02-1-100x100.webp 100w, https:\/\/www.vallonchene.fr\/wp-content\/uploads\/2024\/03\/KOELREUTERIA-paniculata-Coral-Sun_02-1-32x32.webp 32w, https:\/\/www.vallonchene.fr\/wp-content\/uploads\/2024\/03\/KOELREUTERIA-paniculata-Coral-Sun_02-1-64x64.webp 64w, https:\/\/www.vallonchene.fr\/wp-content\/uploads\/2024\/03\/KOELREUTERIA-paniculata-Coral-Sun_02-1.webp 1200w\" sizes=\"(max-width: 324px) 100vw, 324px\" \/><\/div>\n\t\t\t\t\t<div class=\"wc-block-grid__product-title\">KOELREUTERIA paniculata &#8216;Coral Sun&#8217;<\/div>\n\t\t\t\t<\/a>\n\t\t\t\t<div class=\"wc-block-grid__product-price price\"><span class=\"woocommerce-Price-amount amount\">69,90&nbsp;<span class=\"woocommerce-Price-currencySymbol\">&euro;<\/span><\/span><\/div>\n\t\t\t\t<div class=\"wc-block-grid__product-rating\"><div class=\"star-rating\" role=\"img\" aria-label=\"Valorado con 5.00 de 5\"><span style=\"width:100%\">Valorado con <strong class=\"rating\">5.00<\/strong> de 5 en base a <span class=\"rating\">2<\/span> valoraci\u00f3n de un cliente<\/span><\/div><\/div>\n\t\t\t\t<div class=\"wp-block-button wc-block-grid__product-add-to-cart\"><a href=\"https:\/\/www.vallonchene.fr\/es\/producto\/koelreuteria-paniculata-coral-sun-savonnier\/\" aria-label=\"Elige las opciones para &ldquo;KOELREUTERIA paniculata &#039;Coral Sun&#039;&rdquo;\" data-quantity=\"1\" data-product_id=\"57991\" data-product_sku=\"42938\" data-price=\"69.9\" rel=\"nofollow\" class=\"wp-block-button__link  add_to_cart_button\">Elegir opciones<\/a><\/div>\n\t\t\t<\/li><li class=\"wc-block-grid__product\">\n\t\t\t\t<a href=\"https:\/\/www.vallonchene.fr\/es\/producto\/aesculus-neglecta-erythroblastos\/\" class=\"wc-block-grid__product-link\">\n\t\t\t\t\t\n\t\t\t\t\t<div class=\"wc-block-grid__product-image\"><img decoding=\"async\" width=\"324\" height=\"324\" src=\"https:\/\/www.vallonchene.fr\/wp-content\/uploads\/2025\/02\/AESCULUS-neglecta-Erythroblastos_05-324x324.webp\" class=\"attachment-woocommerce_thumbnail size-woocommerce_thumbnail\" alt=\"Primer plano del follaje rosa y gofrado del AESCULUS neglecta &#039;Erythroblastos&#039;\" srcset=\"https:\/\/www.vallonchene.fr\/wp-content\/uploads\/2025\/02\/AESCULUS-neglecta-Erythroblastos_05-324x324.webp 324w, https:\/\/www.vallonchene.fr\/wp-content\/uploads\/2025\/02\/AESCULUS-neglecta-Erythroblastos_05-300x300.webp 300w, https:\/\/www.vallonchene.fr\/wp-content\/uploads\/2025\/02\/AESCULUS-neglecta-Erythroblastos_05-1024x1024.webp 1024w, https:\/\/www.vallonchene.fr\/wp-content\/uploads\/2025\/02\/AESCULUS-neglecta-Erythroblastos_05-150x150.webp 150w, https:\/\/www.vallonchene.fr\/wp-content\/uploads\/2025\/02\/AESCULUS-neglecta-Erythroblastos_05-768x768.webp 768w, https:\/\/www.vallonchene.fr\/wp-content\/uploads\/2025\/02\/AESCULUS-neglecta-Erythroblastos_05-416x416.webp 416w, https:\/\/www.vallonchene.fr\/wp-content\/uploads\/2025\/02\/AESCULUS-neglecta-Erythroblastos_05-100x100.webp 100w, https:\/\/www.vallonchene.fr\/wp-content\/uploads\/2025\/02\/AESCULUS-neglecta-Erythroblastos_05-32x32.webp 32w, https:\/\/www.vallonchene.fr\/wp-content\/uploads\/2025\/02\/AESCULUS-neglecta-Erythroblastos_05-64x64.webp 64w, https:\/\/www.vallonchene.fr\/wp-content\/uploads\/2025\/02\/AESCULUS-neglecta-Erythroblastos_05.webp 1200w\" sizes=\"(max-width: 324px) 100vw, 324px\" \/><\/div>\n\t\t\t\t\t<div class=\"wc-block-grid__product-title\">AESCULUS neglecta &#8216;Erythroblastos&#8217;<\/div>\n\t\t\t\t<\/a>\n\t\t\t\t<div class=\"wc-block-grid__product-price price\"><span class=\"woocommerce-Price-amount amount\">59,90&nbsp;<span class=\"woocommerce-Price-currencySymbol\">&euro;<\/span><\/span><\/div>\n\t\t\t\t\n\t\t\t\t<div class=\"wp-block-button wc-block-grid__product-add-to-cart\"><a href=\"https:\/\/www.vallonchene.fr\/es\/producto\/aesculus-neglecta-erythroblastos\/\" aria-label=\"Elige las opciones para &ldquo;AESCULUS neglecta &#039;Erythroblastos&#039;&rdquo;\" data-quantity=\"1\" data-product_id=\"52581\" data-product_sku=\"35187\" data-price=\"59.9\" rel=\"nofollow\" class=\"wp-block-button__link  add_to_cart_button\">Elegir opciones<\/a><\/div>\n\t\t\t<\/li><\/ul><\/div>\n\n\n<div class=\"wp-block-buttons is-content-justification-right is-layout-flex wp-container-core-buttons-is-layout-d445cf74 wp-block-buttons-is-layout-flex\">\n<div class=\"wp-block-button\"><a class=\"wp-block-button__link wp-element-button\" href=\"https:\/\/www.vallonchene.fr\/boutique\/?filter_stock_status=instock\">Todos los productos<\/a><\/div>\n<\/div>\n<\/div><\/div>\n<\/div><\/div>\n\n\n\n<div style=\"height:27px\" aria-hidden=\"true\" class=\"wp-block-spacer\"><\/div>\n\n\n\n<div class=\"wp-block-cover is-light\"><img decoding=\"async\" width=\"1024\" height=\"341\" class=\"wp-block-cover__image-background wp-image-47702\" alt=\"Vallonch\u00eane produit de meilleures plantes de haute qualit\u00e9 avec des m\u00e9thodes de culture durables\" src=\"https:\/\/www.vallonchene.fr\/wp-content\/uploads\/2024\/06\/production-durable-et-de-qualite-a-Vallonchene-1.webp\" data-object-fit=\"cover\" srcset=\"https:\/\/www.vallonchene.fr\/wp-content\/uploads\/2024\/06\/production-durable-et-de-qualite-a-Vallonchene-1.webp 1024w, https:\/\/www.vallonchene.fr\/wp-content\/uploads\/2024\/06\/production-durable-et-de-qualite-a-Vallonchene-1-300x100.webp 300w, https:\/\/www.vallonchene.fr\/wp-content\/uploads\/2024\/06\/production-durable-et-de-qualite-a-Vallonchene-1-768x256.webp 768w, https:\/\/www.vallonchene.fr\/wp-content\/uploads\/2024\/06\/production-durable-et-de-qualite-a-Vallonchene-1-416x139.webp 416w, https:\/\/www.vallonchene.fr\/wp-content\/uploads\/2024\/06\/production-durable-et-de-qualite-a-Vallonchene-1-64x21.webp 64w\" sizes=\"(max-width: 1024px) 100vw, 1024px\" \/><span aria-hidden=\"true\" class=\"wp-block-cover__background has-background-dim-10 has-background-dim\" style=\"background-color:#818676\"><\/span><div class=\"wp-block-cover__inner-container is-layout-constrained wp-block-cover-is-layout-constrained\">\n<p class=\"has-text-align-center has-white-color has-text-color has-link-color has-large-font-size wp-elements-71e4b172fc3966ea3e6e772f5ba21874\"><a href=\"https:\/\/www.vallonchene.fr\/es\/vallonchene-conozca-nuestros-compromisos-con-la-excelencia-y-la-sostenibilidad\/\"><strong>Conozca nuestros compromisos con la excelencia y la sostenibilidad<\/strong><\/a><\/p>\n<\/div><\/div>\n\n\n\n<div style=\"height:27px\" aria-hidden=\"true\" class=\"wp-block-spacer\"><\/div>\n\n\n\n<div class=\"wp-block-group\"><div class=\"wp-block-group__inner-container is-layout-constrained wp-block-group-is-layout-constrained\">\n<h2 class=\"wp-block-heading\" id=\"h-algunas-novedades\">Algunas novedades<\/h2>\n\n\n\n<div class=\"wp-block-query is-layout-flow wp-block-query-is-layout-flow\"><\/div>\n\n\n<div data-align-buttons=\"true\" data-block-name=\"woocommerce\/product-new\" data-columns=\"4\" data-stock-status=\"[&quot;&quot;,&quot;instock&quot;,&quot;onbackorder&quot;]\" class=\"wc-block-grid wp-block-product-new wp-block-woocommerce-product-new wc-block-product-new has-4-columns has-multiple-rows has-aligned-buttons\"><ul class=\"wc-block-grid__products\"><li class=\"wc-block-grid__product\">\n\t\t\t\t<a href=\"https:\/\/www.vallonchene.fr\/es\/producto\/sycoparrotia-semidecidua-purple-haze\/\" class=\"wc-block-grid__product-link\">\n\t\t\t\t\t\n\t\t\t\t\t<div class=\"wc-block-grid__product-image\"><img decoding=\"async\" width=\"324\" height=\"324\" src=\"https:\/\/www.vallonchene.fr\/wp-content\/uploads\/2025\/12\/IMG_20251217_095614-324x324.webp\" class=\"attachment-woocommerce_thumbnail size-woocommerce_thumbnail\" alt=\"Colores oto\u00f1ales iniciales en el SYCOPARROTIA semidecidua &#039;Purple Haze&#039;\" srcset=\"https:\/\/www.vallonchene.fr\/wp-content\/uploads\/2025\/12\/IMG_20251217_095614-324x324.webp 324w, https:\/\/www.vallonchene.fr\/wp-content\/uploads\/2025\/12\/IMG_20251217_095614-300x300.webp 300w, https:\/\/www.vallonchene.fr\/wp-content\/uploads\/2025\/12\/IMG_20251217_095614-150x150.webp 150w, https:\/\/www.vallonchene.fr\/wp-content\/uploads\/2025\/12\/IMG_20251217_095614-768x768.webp 768w, https:\/\/www.vallonchene.fr\/wp-content\/uploads\/2025\/12\/IMG_20251217_095614-416x416.webp 416w, https:\/\/www.vallonchene.fr\/wp-content\/uploads\/2025\/12\/IMG_20251217_095614-100x100.webp 100w, https:\/\/www.vallonchene.fr\/wp-content\/uploads\/2025\/12\/IMG_20251217_095614-32x32.webp 32w, https:\/\/www.vallonchene.fr\/wp-content\/uploads\/2025\/12\/IMG_20251217_095614.webp 1024w\" sizes=\"(max-width: 324px) 100vw, 324px\" \/><\/div>\n\t\t\t\t\t<div class=\"wc-block-grid__product-title\">SYCOPARROTIA semidecidua &#8216;Purple Haze&#8217;<\/div>\n\t\t\t\t<\/a>\n\t\t\t\t<div class=\"wc-block-grid__product-price price\"><span class=\"woocommerce-Price-amount amount\">129,90&nbsp;<span class=\"woocommerce-Price-currencySymbol\">&euro;<\/span><\/span><\/div>\n\t\t\t\t\n\t\t\t\t<div class=\"wp-block-button wc-block-grid__product-add-to-cart\"><a href=\"https:\/\/www.vallonchene.fr\/es\/producto\/sycoparrotia-semidecidua-purple-haze\/\" aria-label=\"Elige las opciones para &ldquo;SYCOPARROTIA semidecidua &#039;Purple Haze&#039;&rdquo;\" data-quantity=\"1\" data-product_id=\"56575\" data-product_sku=\"\" data-price=\"129.9\" rel=\"nofollow\" class=\"wp-block-button__link  add_to_cart_button\">Elegir opciones<\/a><\/div>\n\t\t\t<\/li><li class=\"wc-block-grid__product\">\n\t\t\t\t<a href=\"https:\/\/www.vallonchene.fr\/es\/producto\/magnolia-officinalis\/\" class=\"wc-block-grid__product-link\">\n\t\t\t\t\t\n\t\t\t\t\t<div class=\"wc-block-grid__product-image\"><img decoding=\"async\" width=\"324\" height=\"324\" src=\"https:\/\/www.vallonchene.fr\/wp-content\/uploads\/2025\/12\/IMG_20251006_114134-324x324.webp\" class=\"attachment-woocommerce_thumbnail size-woocommerce_thumbnail\" alt=\"Follaje del MAGNOLIA officinalis comenzando su coloraci\u00f3n oto\u00f1al en el Begdebury National Pinetum.\" srcset=\"https:\/\/www.vallonchene.fr\/wp-content\/uploads\/2025\/12\/IMG_20251006_114134-324x324.webp 324w, https:\/\/www.vallonchene.fr\/wp-content\/uploads\/2025\/12\/IMG_20251006_114134-300x300.webp 300w, https:\/\/www.vallonchene.fr\/wp-content\/uploads\/2025\/12\/IMG_20251006_114134-150x150.webp 150w, https:\/\/www.vallonchene.fr\/wp-content\/uploads\/2025\/12\/IMG_20251006_114134-768x768.webp 768w, https:\/\/www.vallonchene.fr\/wp-content\/uploads\/2025\/12\/IMG_20251006_114134-416x416.webp 416w, https:\/\/www.vallonchene.fr\/wp-content\/uploads\/2025\/12\/IMG_20251006_114134-100x100.webp 100w, https:\/\/www.vallonchene.fr\/wp-content\/uploads\/2025\/12\/IMG_20251006_114134-32x32.webp 32w, https:\/\/www.vallonchene.fr\/wp-content\/uploads\/2025\/12\/IMG_20251006_114134.webp 1024w\" sizes=\"(max-width: 324px) 100vw, 324px\" \/><\/div>\n\t\t\t\t\t<div class=\"wc-block-grid__product-title\">MAGNOLIA officinalis<\/div>\n\t\t\t\t<\/a>\n\t\t\t\t<div class=\"wc-block-grid__product-price price\"><span class=\"woocommerce-Price-amount amount\">79,90&nbsp;<span class=\"woocommerce-Price-currencySymbol\">&euro;<\/span><\/span><\/div>\n\t\t\t\t\n\t\t\t\t<div class=\"wp-block-button wc-block-grid__product-add-to-cart\"><a href=\"https:\/\/www.vallonchene.fr\/es\/producto\/magnolia-officinalis\/\" aria-label=\"Elige las opciones para &ldquo;MAGNOLIA officinalis&rdquo;\" data-quantity=\"1\" data-product_id=\"56563\" data-product_sku=\"\" data-price=\"79.9\" rel=\"nofollow\" class=\"wp-block-button__link  add_to_cart_button\">Elegir opciones<\/a><\/div>\n\t\t\t<\/li><li class=\"wc-block-grid__product\">\n\t\t\t\t<a href=\"https:\/\/www.vallonchene.fr\/es\/producto\/chamaecyparis-lawsoniana-filips-twinkle-tails-sport\/\" class=\"wc-block-grid__product-link\">\n\t\t\t\t\t\n\t\t\t\t\t<div class=\"wc-block-grid__product-image\"><img decoding=\"async\" width=\"324\" height=\"324\" src=\"https:\/\/www.vallonchene.fr\/wp-content\/uploads\/2025\/12\/IMG_20251214_140536-324x324.webp\" class=\"attachment-woocommerce_thumbnail size-woocommerce_thumbnail\" alt=\"Follaje de color amarillo del CHAMAECYPARIS lawsoniana &#039;Filip&#039;s Twinkle Tails&#039; sport\" srcset=\"https:\/\/www.vallonchene.fr\/wp-content\/uploads\/2025\/12\/IMG_20251214_140536-324x324.webp 324w, https:\/\/www.vallonchene.fr\/wp-content\/uploads\/2025\/12\/IMG_20251214_140536-300x300.webp 300w, https:\/\/www.vallonchene.fr\/wp-content\/uploads\/2025\/12\/IMG_20251214_140536-150x150.webp 150w, https:\/\/www.vallonchene.fr\/wp-content\/uploads\/2025\/12\/IMG_20251214_140536-768x768.webp 768w, https:\/\/www.vallonchene.fr\/wp-content\/uploads\/2025\/12\/IMG_20251214_140536-416x416.webp 416w, https:\/\/www.vallonchene.fr\/wp-content\/uploads\/2025\/12\/IMG_20251214_140536-100x100.webp 100w, https:\/\/www.vallonchene.fr\/wp-content\/uploads\/2025\/12\/IMG_20251214_140536-32x32.webp 32w, https:\/\/www.vallonchene.fr\/wp-content\/uploads\/2025\/12\/IMG_20251214_140536.webp 1023w\" sizes=\"(max-width: 324px) 100vw, 324px\" \/><\/div>\n\t\t\t\t\t<div class=\"wc-block-grid__product-title\">CHAMAECYPARIS lawsoniana &#8216;Filip&#8217;s Twinkle Tails&#8217; sport<\/div>\n\t\t\t\t<\/a>\n\t\t\t\t<div class=\"wc-block-grid__product-price price\"><span class=\"woocommerce-Price-amount amount\">69,90&nbsp;<span class=\"woocommerce-Price-currencySymbol\">&euro;<\/span><\/span><\/div>\n\t\t\t\t\n\t\t\t\t<div class=\"wp-block-button wc-block-grid__product-add-to-cart\"><a href=\"https:\/\/www.vallonchene.fr\/es\/producto\/chamaecyparis-lawsoniana-filips-twinkle-tails-sport\/\" aria-label=\"Elige las opciones para &ldquo;CHAMAECYPARIS lawsoniana &#039;Filip&#039;s Twinkle Tails&#039; sport&rdquo;\" data-quantity=\"1\" data-product_id=\"56523\" data-product_sku=\"\" data-price=\"69.9\" rel=\"nofollow\" class=\"wp-block-button__link  add_to_cart_button\">Elegir opciones<\/a><\/div>\n\t\t\t<\/li><li class=\"wc-block-grid__product\">\n\t\t\t\t<a href=\"https:\/\/www.vallonchene.fr\/es\/producto\/pinus-pungens-mountain-gold\/\" class=\"wc-block-grid__product-link\">\n\t\t\t\t\t\n\t\t\t\t\t<div class=\"wc-block-grid__product-image\"><img decoding=\"async\" width=\"324\" height=\"324\" src=\"https:\/\/www.vallonchene.fr\/wp-content\/uploads\/2025\/12\/IMG_20251214_140757-324x324.webp\" class=\"attachment-woocommerce_thumbnail size-woocommerce_thumbnail\" alt=\"Agujas de un amarillo intenso de PINUS pungens &#039;Mountain Gold&#039;\" srcset=\"https:\/\/www.vallonchene.fr\/wp-content\/uploads\/2025\/12\/IMG_20251214_140757-324x324.webp 324w, https:\/\/www.vallonchene.fr\/wp-content\/uploads\/2025\/12\/IMG_20251214_140757-300x300.webp 300w, https:\/\/www.vallonchene.fr\/wp-content\/uploads\/2025\/12\/IMG_20251214_140757-150x150.webp 150w, https:\/\/www.vallonchene.fr\/wp-content\/uploads\/2025\/12\/IMG_20251214_140757-768x768.webp 768w, https:\/\/www.vallonchene.fr\/wp-content\/uploads\/2025\/12\/IMG_20251214_140757-416x416.webp 416w, https:\/\/www.vallonchene.fr\/wp-content\/uploads\/2025\/12\/IMG_20251214_140757-100x100.webp 100w, https:\/\/www.vallonchene.fr\/wp-content\/uploads\/2025\/12\/IMG_20251214_140757-32x32.webp 32w, https:\/\/www.vallonchene.fr\/wp-content\/uploads\/2025\/12\/IMG_20251214_140757.webp 1024w\" sizes=\"(max-width: 324px) 100vw, 324px\" \/><\/div>\n\t\t\t\t\t<div class=\"wc-block-grid__product-title\">PINUS pungens &#8216;Mountain Gold&#8217;<\/div>\n\t\t\t\t<\/a>\n\t\t\t\t<div class=\"wc-block-grid__product-price price\"><span class=\"woocommerce-Price-amount amount\">89,90&nbsp;<span class=\"woocommerce-Price-currencySymbol\">&euro;<\/span><\/span><\/div>\n\t\t\t\t\n\t\t\t\t<div class=\"wp-block-button wc-block-grid__product-add-to-cart\"><a href=\"https:\/\/www.vallonchene.fr\/es\/producto\/pinus-pungens-mountain-gold\/\" aria-label=\"Elige las opciones para &ldquo;PINUS pungens &#039;Mountain Gold&#039;&rdquo;\" data-quantity=\"1\" data-product_id=\"56514\" data-product_sku=\"\" data-price=\"89.9\" rel=\"nofollow\" class=\"wp-block-button__link  add_to_cart_button\">Elegir opciones<\/a><\/div>\n\t\t\t<\/li><li class=\"wc-block-grid__product\">\n\t\t\t\t<a href=\"https:\/\/www.vallonchene.fr\/es\/producto\/cryptomeria-japonica-serama-gold\/\" class=\"wc-block-grid__product-link\">\n\t\t\t\t\t\n\t\t\t\t\t<div class=\"wc-block-grid__product-image\"><img decoding=\"async\" width=\"324\" height=\"324\" src=\"https:\/\/www.vallonchene.fr\/wp-content\/uploads\/2025\/12\/IMG_20251214_140632-324x324.webp\" class=\"attachment-woocommerce_thumbnail size-woocommerce_thumbnail\" alt=\"Fasciaciones con puntas amarillas del CRYPTOMERIA japonica &#039;Serama Gold&#039;\" srcset=\"https:\/\/www.vallonchene.fr\/wp-content\/uploads\/2025\/12\/IMG_20251214_140632-324x324.webp 324w, https:\/\/www.vallonchene.fr\/wp-content\/uploads\/2025\/12\/IMG_20251214_140632-300x300.webp 300w, https:\/\/www.vallonchene.fr\/wp-content\/uploads\/2025\/12\/IMG_20251214_140632-150x150.webp 150w, https:\/\/www.vallonchene.fr\/wp-content\/uploads\/2025\/12\/IMG_20251214_140632-768x768.webp 768w, https:\/\/www.vallonchene.fr\/wp-content\/uploads\/2025\/12\/IMG_20251214_140632-416x416.webp 416w, https:\/\/www.vallonchene.fr\/wp-content\/uploads\/2025\/12\/IMG_20251214_140632-100x100.webp 100w, https:\/\/www.vallonchene.fr\/wp-content\/uploads\/2025\/12\/IMG_20251214_140632-32x32.webp 32w, https:\/\/www.vallonchene.fr\/wp-content\/uploads\/2025\/12\/IMG_20251214_140632.webp 1024w\" sizes=\"(max-width: 324px) 100vw, 324px\" \/><\/div>\n\t\t\t\t\t<div class=\"wc-block-grid__product-title\">CRYPTOMERIA japonica &#8216;Serama Gold&#8217;<\/div>\n\t\t\t\t<\/a>\n\t\t\t\t<div class=\"wc-block-grid__product-price price\"><span class=\"woocommerce-Price-amount amount\" aria-hidden=\"true\">84,90&nbsp;<span class=\"woocommerce-Price-currencySymbol\">&euro;<\/span><\/span> <span aria-hidden=\"true\">&#8211;<\/span> <span class=\"woocommerce-Price-amount amount\" aria-hidden=\"true\">106,90&nbsp;<span class=\"woocommerce-Price-currencySymbol\">&euro;<\/span><\/span><span class=\"screen-reader-text\">Rango de precios: desde 84,90&nbsp;&euro; hasta 106,90&nbsp;&euro;<\/span><\/div>\n\t\t\t\t\n\t\t\t\t<div class=\"wp-block-button wc-block-grid__product-add-to-cart\"><a href=\"https:\/\/www.vallonchene.fr\/es\/producto\/cryptomeria-japonica-serama-gold\/\" aria-label=\"Elige las opciones para &ldquo;CRYPTOMERIA japonica &#039;Serama Gold&#039;&rdquo;\" data-quantity=\"1\" data-product_id=\"56492\" data-product_sku=\"\" data-price=\"84.9\" rel=\"nofollow\" class=\"wp-block-button__link  add_to_cart_button\">Elegir opciones<\/a><\/div>\n\t\t\t<\/li><li class=\"wc-block-grid__product\">\n\t\t\t\t<a href=\"https:\/\/www.vallonchene.fr\/es\/producto\/chamaecyparis-lawsoniana-pembury-blue\/\" class=\"wc-block-grid__product-link\">\n\t\t\t\t\t\n\t\t\t\t\t<div class=\"wc-block-grid__product-image\"><img decoding=\"async\" width=\"324\" height=\"324\" src=\"https:\/\/www.vallonchene.fr\/wp-content\/uploads\/2023\/09\/CHAMAECYPARIS-lawsoniana-Pembury-Blue-324x324.webp\" class=\"attachment-woocommerce_thumbnail size-woocommerce_thumbnail\" alt=\"Primer plano del follaje azul del CHAMAECYPARIS lawsoniana &#039;Pembury Blue&#039;\" srcset=\"https:\/\/www.vallonchene.fr\/wp-content\/uploads\/2023\/09\/CHAMAECYPARIS-lawsoniana-Pembury-Blue-324x324.webp 324w, https:\/\/www.vallonchene.fr\/wp-content\/uploads\/2023\/09\/CHAMAECYPARIS-lawsoniana-Pembury-Blue-100x100.webp 100w, https:\/\/www.vallonchene.fr\/wp-content\/uploads\/2023\/09\/CHAMAECYPARIS-lawsoniana-Pembury-Blue-416x416.webp 416w, https:\/\/www.vallonchene.fr\/wp-content\/uploads\/2023\/09\/CHAMAECYPARIS-lawsoniana-Pembury-Blue-64x64.webp 64w, https:\/\/www.vallonchene.fr\/wp-content\/uploads\/2023\/09\/CHAMAECYPARIS-lawsoniana-Pembury-Blue-300x300.webp 300w, https:\/\/www.vallonchene.fr\/wp-content\/uploads\/2023\/09\/CHAMAECYPARIS-lawsoniana-Pembury-Blue-1024x1024.webp 1024w, https:\/\/www.vallonchene.fr\/wp-content\/uploads\/2023\/09\/CHAMAECYPARIS-lawsoniana-Pembury-Blue-150x150.webp 150w, https:\/\/www.vallonchene.fr\/wp-content\/uploads\/2023\/09\/CHAMAECYPARIS-lawsoniana-Pembury-Blue-768x768.webp 768w, https:\/\/www.vallonchene.fr\/wp-content\/uploads\/2023\/09\/CHAMAECYPARIS-lawsoniana-Pembury-Blue-32x32.webp 32w, https:\/\/www.vallonchene.fr\/wp-content\/uploads\/2023\/09\/CHAMAECYPARIS-lawsoniana-Pembury-Blue.webp 1200w\" sizes=\"(max-width: 324px) 100vw, 324px\" \/><\/div>\n\t\t\t\t\t<div class=\"wc-block-grid__product-title\">CHAMAECYPARIS lawsoniana &#8216;Pembury Blue&#8217;<\/div>\n\t\t\t\t<\/a>\n\t\t\t\t<div class=\"wc-block-grid__product-price price\"><span class=\"woocommerce-Price-amount amount\" aria-hidden=\"true\">119,90&nbsp;<span class=\"woocommerce-Price-currencySymbol\">&euro;<\/span><\/span> <span aria-hidden=\"true\">&#8211;<\/span> <span class=\"woocommerce-Price-amount amount\" aria-hidden=\"true\">129,90&nbsp;<span class=\"woocommerce-Price-currencySymbol\">&euro;<\/span><\/span><span class=\"screen-reader-text\">Rango de precios: desde 119,90&nbsp;&euro; hasta 129,90&nbsp;&euro;<\/span><\/div>\n\t\t\t\t\n\t\t\t\t<div class=\"wp-block-button wc-block-grid__product-add-to-cart\"><a href=\"https:\/\/www.vallonchene.fr\/es\/producto\/chamaecyparis-lawsoniana-pembury-blue\/\" aria-label=\"Elige las opciones para &ldquo;CHAMAECYPARIS lawsoniana &#039;Pembury Blue&#039;&rdquo;\" data-quantity=\"1\" data-product_id=\"56149\" data-product_sku=\"\" data-price=\"119.9\" rel=\"nofollow\" class=\"wp-block-button__link  add_to_cart_button\">Elegir opciones<\/a><\/div>\n\t\t\t<\/li><li class=\"wc-block-grid__product\">\n\t\t\t\t<a href=\"https:\/\/www.vallonchene.fr\/es\/producto\/carpinus-fangiana\/\" class=\"wc-block-grid__product-link\">\n\t\t\t\t\t\n\t\t\t\t\t<div class=\"wc-block-grid__product-image\"><img decoding=\"async\" width=\"324\" height=\"324\" src=\"https:\/\/www.vallonchene.fr\/wp-content\/uploads\/2025\/11\/CARPINUS-fangiana-1-324x324.webp\" class=\"attachment-woocommerce_thumbnail size-woocommerce_thumbnail\" alt=\"Hojas y flores de un CARPINUS fangiana\" srcset=\"https:\/\/www.vallonchene.fr\/wp-content\/uploads\/2025\/11\/CARPINUS-fangiana-1-324x324.webp 324w, https:\/\/www.vallonchene.fr\/wp-content\/uploads\/2025\/11\/CARPINUS-fangiana-1-300x300.webp 300w, https:\/\/www.vallonchene.fr\/wp-content\/uploads\/2025\/11\/CARPINUS-fangiana-1-150x150.webp 150w, https:\/\/www.vallonchene.fr\/wp-content\/uploads\/2025\/11\/CARPINUS-fangiana-1-768x768.webp 768w, https:\/\/www.vallonchene.fr\/wp-content\/uploads\/2025\/11\/CARPINUS-fangiana-1-416x416.webp 416w, https:\/\/www.vallonchene.fr\/wp-content\/uploads\/2025\/11\/CARPINUS-fangiana-1-100x100.webp 100w, https:\/\/www.vallonchene.fr\/wp-content\/uploads\/2025\/11\/CARPINUS-fangiana-1-32x32.webp 32w, https:\/\/www.vallonchene.fr\/wp-content\/uploads\/2025\/11\/CARPINUS-fangiana-1.webp 1024w\" sizes=\"(max-width: 324px) 100vw, 324px\" \/><\/div>\n\t\t\t\t\t<div class=\"wc-block-grid__product-title\">CARPINUS fangiana<\/div>\n\t\t\t\t<\/a>\n\t\t\t\t<div class=\"wc-block-grid__product-price price\"><span class=\"woocommerce-Price-amount amount\" aria-hidden=\"true\">74,90&nbsp;<span class=\"woocommerce-Price-currencySymbol\">&euro;<\/span><\/span> <span aria-hidden=\"true\">&#8211;<\/span> <span class=\"woocommerce-Price-amount amount\" aria-hidden=\"true\">84,90&nbsp;<span class=\"woocommerce-Price-currencySymbol\">&euro;<\/span><\/span><span class=\"screen-reader-text\">Rango de precios: desde 74,90&nbsp;&euro; hasta 84,90&nbsp;&euro;<\/span><\/div>\n\t\t\t\t\n\t\t\t\t<div class=\"wp-block-button wc-block-grid__product-add-to-cart\"><a href=\"https:\/\/www.vallonchene.fr\/es\/producto\/carpinus-fangiana\/\" aria-label=\"Elige las opciones para &ldquo;CARPINUS fangiana&rdquo;\" data-quantity=\"1\" data-product_id=\"56073\" data-product_sku=\"\" data-price=\"74.9\" rel=\"nofollow\" class=\"wp-block-button__link  add_to_cart_button\">Elegir opciones<\/a><\/div>\n\t\t\t<\/li><li class=\"wc-block-grid__product\">\n\t\t\t\t<a href=\"https:\/\/www.vallonchene.fr\/es\/producto\/acer-palmatum-scolopendrifolium\/\" class=\"wc-block-grid__product-link\">\n\t\t\t\t\t\n\t\t\t\t\t<div class=\"wc-block-grid__product-image\"><img decoding=\"async\" width=\"324\" height=\"324\" src=\"https:\/\/www.vallonchene.fr\/wp-content\/uploads\/2025\/11\/IMG_20251107_120059-324x324.webp\" class=\"attachment-woocommerce_thumbnail size-woocommerce_thumbnail\" alt=\"Follaje oto\u00f1al en verde, amarillo y rojo del ACER palmatum &#039;Scolopendrifolium&#039;\" srcset=\"https:\/\/www.vallonchene.fr\/wp-content\/uploads\/2025\/11\/IMG_20251107_120059-324x324.webp 324w, https:\/\/www.vallonchene.fr\/wp-content\/uploads\/2025\/11\/IMG_20251107_120059-300x300.webp 300w, https:\/\/www.vallonchene.fr\/wp-content\/uploads\/2025\/11\/IMG_20251107_120059-1024x1024.webp 1024w, https:\/\/www.vallonchene.fr\/wp-content\/uploads\/2025\/11\/IMG_20251107_120059-150x150.webp 150w, https:\/\/www.vallonchene.fr\/wp-content\/uploads\/2025\/11\/IMG_20251107_120059-768x768.webp 768w, https:\/\/www.vallonchene.fr\/wp-content\/uploads\/2025\/11\/IMG_20251107_120059-416x416.webp 416w, https:\/\/www.vallonchene.fr\/wp-content\/uploads\/2025\/11\/IMG_20251107_120059-100x100.webp 100w, https:\/\/www.vallonchene.fr\/wp-content\/uploads\/2025\/11\/IMG_20251107_120059-32x32.webp 32w, https:\/\/www.vallonchene.fr\/wp-content\/uploads\/2025\/11\/IMG_20251107_120059.webp 1200w\" sizes=\"(max-width: 324px) 100vw, 324px\" \/><\/div>\n\t\t\t\t\t<div class=\"wc-block-grid__product-title\">ACER palmatum &#8216;Scolopendrifolium&#8217;<\/div>\n\t\t\t\t<\/a>\n\t\t\t\t<div class=\"wc-block-grid__product-price price\"><span class=\"woocommerce-Price-amount amount\">69,90&nbsp;<span class=\"woocommerce-Price-currencySymbol\">&euro;<\/span><\/span><\/div>\n\t\t\t\t\n\t\t\t\t<div class=\"wp-block-button wc-block-grid__product-add-to-cart\"><a href=\"https:\/\/www.vallonchene.fr\/es\/producto\/acer-palmatum-scolopendrifolium\/\" aria-label=\"Elige las opciones para &ldquo;ACER palmatum &#039;Scolopendrifolium&#039;&rdquo;\" data-quantity=\"1\" data-product_id=\"55734\" data-product_sku=\"\" data-price=\"69.9\" rel=\"nofollow\" class=\"wp-block-button__link  add_to_cart_button\">Elegir opciones<\/a><\/div>\n\t\t\t<\/li><li class=\"wc-block-grid__product\">\n\t\t\t\t<a href=\"https:\/\/www.vallonchene.fr\/es\/producto\/fagus-sylvatica-midnight-feather\/\" class=\"wc-block-grid__product-link\">\n\t\t\t\t\t\n\t\t\t\t\t<div class=\"wc-block-grid__product-image\"><img decoding=\"async\" width=\"324\" height=\"324\" src=\"https:\/\/www.vallonchene.fr\/wp-content\/uploads\/2025\/09\/IMG_20250928_150334-324x324.webp\" class=\"attachment-woocommerce_thumbnail size-woocommerce_thumbnail\" alt=\"Follaje finamente recortado y yema terminal del FAGUS sylvatica &#039;Midnight Feather&#039;\" srcset=\"https:\/\/www.vallonchene.fr\/wp-content\/uploads\/2025\/09\/IMG_20250928_150334-324x324.webp 324w, https:\/\/www.vallonchene.fr\/wp-content\/uploads\/2025\/09\/IMG_20250928_150334-300x300.webp 300w, https:\/\/www.vallonchene.fr\/wp-content\/uploads\/2025\/09\/IMG_20250928_150334-1024x1024.webp 1024w, https:\/\/www.vallonchene.fr\/wp-content\/uploads\/2025\/09\/IMG_20250928_150334-150x150.webp 150w, https:\/\/www.vallonchene.fr\/wp-content\/uploads\/2025\/09\/IMG_20250928_150334-768x768.webp 768w, https:\/\/www.vallonchene.fr\/wp-content\/uploads\/2025\/09\/IMG_20250928_150334-416x416.webp 416w, https:\/\/www.vallonchene.fr\/wp-content\/uploads\/2025\/09\/IMG_20250928_150334-100x100.webp 100w, https:\/\/www.vallonchene.fr\/wp-content\/uploads\/2025\/09\/IMG_20250928_150334-32x32.webp 32w, https:\/\/www.vallonchene.fr\/wp-content\/uploads\/2025\/09\/IMG_20250928_150334-64x64.webp 64w, https:\/\/www.vallonchene.fr\/wp-content\/uploads\/2025\/09\/IMG_20250928_150334.webp 1200w\" sizes=\"(max-width: 324px) 100vw, 324px\" \/><\/div>\n\t\t\t\t\t<div class=\"wc-block-grid__product-title\">FAGUS sylvatica &#8216;Midnight Feather&#8217;<\/div>\n\t\t\t\t<\/a>\n\t\t\t\t<div class=\"wc-block-grid__product-price price\"><span class=\"woocommerce-Price-amount amount\">79,90&nbsp;<span class=\"woocommerce-Price-currencySymbol\">&euro;<\/span><\/span><\/div>\n\t\t\t\t\n\t\t\t\t<div class=\"wp-block-button wc-block-grid__product-add-to-cart\"><a href=\"https:\/\/www.vallonchene.fr\/es\/producto\/fagus-sylvatica-midnight-feather\/\" aria-label=\"Elige las opciones para &ldquo;FAGUS sylvatica &#039;Midnight Feather&#039;&rdquo;\" data-quantity=\"1\" data-product_id=\"54999\" data-product_sku=\"\" data-price=\"79.9\" rel=\"nofollow\" class=\"wp-block-button__link  add_to_cart_button\">Elegir opciones<\/a><\/div>\n\t\t\t<\/li><li class=\"wc-block-grid__product\">\n\t\t\t\t<a href=\"https:\/\/www.vallonchene.fr\/es\/producto\/prunus-yedoensis-ivensii\/\" class=\"wc-block-grid__product-link\">\n\t\t\t\t\t\n\t\t\t\t\t<div class=\"wc-block-grid__product-image\"><img decoding=\"async\" width=\"324\" height=\"324\" src=\"https:\/\/www.vallonchene.fr\/wp-content\/uploads\/2025\/09\/IMG_20250928_150030-324x324.webp\" class=\"attachment-woocommerce_thumbnail size-woocommerce_thumbnail\" alt=\"Follaje verde en la rama colgante del PRUNUS yedoensis &#039;Ivensii&#039;\" srcset=\"https:\/\/www.vallonchene.fr\/wp-content\/uploads\/2025\/09\/IMG_20250928_150030-324x324.webp 324w, https:\/\/www.vallonchene.fr\/wp-content\/uploads\/2025\/09\/IMG_20250928_150030-300x300.webp 300w, https:\/\/www.vallonchene.fr\/wp-content\/uploads\/2025\/09\/IMG_20250928_150030-1024x1024.webp 1024w, https:\/\/www.vallonchene.fr\/wp-content\/uploads\/2025\/09\/IMG_20250928_150030-150x150.webp 150w, https:\/\/www.vallonchene.fr\/wp-content\/uploads\/2025\/09\/IMG_20250928_150030-768x768.webp 768w, https:\/\/www.vallonchene.fr\/wp-content\/uploads\/2025\/09\/IMG_20250928_150030-416x416.webp 416w, https:\/\/www.vallonchene.fr\/wp-content\/uploads\/2025\/09\/IMG_20250928_150030-100x100.webp 100w, https:\/\/www.vallonchene.fr\/wp-content\/uploads\/2025\/09\/IMG_20250928_150030-32x32.webp 32w, https:\/\/www.vallonchene.fr\/wp-content\/uploads\/2025\/09\/IMG_20250928_150030-64x64.webp 64w, https:\/\/www.vallonchene.fr\/wp-content\/uploads\/2025\/09\/IMG_20250928_150030.webp 1200w\" sizes=\"(max-width: 324px) 100vw, 324px\" \/><\/div>\n\t\t\t\t\t<div class=\"wc-block-grid__product-title\">PRUNUS yedoensis &#8216;Ivensii&#8217;<\/div>\n\t\t\t\t<\/a>\n\t\t\t\t<div class=\"wc-block-grid__product-price price\"><span class=\"woocommerce-Price-amount amount\">59,90&nbsp;<span class=\"woocommerce-Price-currencySymbol\">&euro;<\/span><\/span><\/div>\n\t\t\t\t\n\t\t\t\t<div class=\"wp-block-button wc-block-grid__product-add-to-cart\"><a href=\"https:\/\/www.vallonchene.fr\/es\/producto\/prunus-yedoensis-ivensii\/\" aria-label=\"Elige las opciones para &ldquo;PRUNUS yedoensis &#039;Ivensii&#039;&rdquo;\" data-quantity=\"1\" data-product_id=\"55002\" data-product_sku=\"\" data-price=\"59.9\" rel=\"nofollow\" class=\"wp-block-button__link  add_to_cart_button\">Elegir opciones<\/a><\/div>\n\t\t\t<\/li><li class=\"wc-block-grid__product\">\n\t\t\t\t<a href=\"https:\/\/www.vallonchene.fr\/es\/producto\/hamamelis-x-intermedia-double-gold\/\" class=\"wc-block-grid__product-link\">\n\t\t\t\t\t\n\t\t\t\t\t<div class=\"wc-block-grid__product-image\"><img decoding=\"async\" width=\"324\" height=\"324\" src=\"https:\/\/www.vallonchene.fr\/wp-content\/uploads\/2025\/09\/20250511_144931-324x324.webp\" class=\"attachment-woocommerce_thumbnail size-woocommerce_thumbnail\" alt=\"Follaje verde con bordes amarillos del HAMAMELIS \u00d7 intermedia \u2018Double Gold\u2019 en primavera\" srcset=\"https:\/\/www.vallonchene.fr\/wp-content\/uploads\/2025\/09\/20250511_144931-324x324.webp 324w, https:\/\/www.vallonchene.fr\/wp-content\/uploads\/2025\/09\/20250511_144931-300x300.webp 300w, https:\/\/www.vallonchene.fr\/wp-content\/uploads\/2025\/09\/20250511_144931-1024x1024.webp 1024w, https:\/\/www.vallonchene.fr\/wp-content\/uploads\/2025\/09\/20250511_144931-150x150.webp 150w, https:\/\/www.vallonchene.fr\/wp-content\/uploads\/2025\/09\/20250511_144931-768x768.webp 768w, https:\/\/www.vallonchene.fr\/wp-content\/uploads\/2025\/09\/20250511_144931-416x416.webp 416w, https:\/\/www.vallonchene.fr\/wp-content\/uploads\/2025\/09\/20250511_144931-100x100.webp 100w, https:\/\/www.vallonchene.fr\/wp-content\/uploads\/2025\/09\/20250511_144931-32x32.webp 32w, https:\/\/www.vallonchene.fr\/wp-content\/uploads\/2025\/09\/20250511_144931-64x64.webp 64w, https:\/\/www.vallonchene.fr\/wp-content\/uploads\/2025\/09\/20250511_144931.webp 1200w\" sizes=\"(max-width: 324px) 100vw, 324px\" \/><\/div>\n\t\t\t\t\t<div class=\"wc-block-grid__product-title\">HAMAMELIS \u00d7 intermedia &#8216;Double Gold&#8217;<\/div>\n\t\t\t\t<\/a>\n\t\t\t\t<div class=\"wc-block-grid__product-price price\"><\/div>\n\t\t\t\t\n\t\t\t\t<div class=\"wp-block-button wc-block-grid__product-add-to-cart\"><a href=\"https:\/\/www.vallonchene.fr\/es\/producto\/hamamelis-x-intermedia-double-gold\/\" aria-label=\"Elige las opciones para &ldquo;HAMAMELIS \u00d7 intermedia &#039;Double Gold&#039;&rdquo;\" data-quantity=\"1\" data-product_id=\"54962\" data-product_sku=\"\" data-price=\"94.9\" rel=\"nofollow\" class=\"wp-block-button__link  add_to_cart_button\">Elegir opciones<\/a><\/div>\n\t\t\t<\/li><li class=\"wc-block-grid__product\">\n\t\t\t\t<a href=\"https:\/\/www.vallonchene.fr\/es\/producto\/quercus-robur-concordia\/\" class=\"wc-block-grid__product-link\">\n\t\t\t\t\t\n\t\t\t\t\t<div class=\"wc-block-grid__product-image\"><img decoding=\"async\" width=\"324\" height=\"324\" src=\"https:\/\/www.vallonchene.fr\/wp-content\/uploads\/2021\/08\/3210-961-QUERCUS-robur-Concordia-en-Mai-324x324.jpg\" class=\"attachment-woocommerce_thumbnail size-woocommerce_thumbnail\" alt=\"QUERCUS robur &#039;Concordia&#039; en Mai\" srcset=\"https:\/\/www.vallonchene.fr\/wp-content\/uploads\/2021\/08\/3210-961-QUERCUS-robur-Concordia-en-Mai-324x324.jpg 324w, https:\/\/www.vallonchene.fr\/wp-content\/uploads\/2021\/08\/3210-961-QUERCUS-robur-Concordia-en-Mai-100x100.jpg 100w, https:\/\/www.vallonchene.fr\/wp-content\/uploads\/2021\/08\/3210-961-QUERCUS-robur-Concordia-en-Mai-416x416.jpg 416w, https:\/\/www.vallonchene.fr\/wp-content\/uploads\/2021\/08\/3210-961-QUERCUS-robur-Concordia-en-Mai-64x64.jpg 64w, https:\/\/www.vallonchene.fr\/wp-content\/uploads\/2021\/08\/3210-961-QUERCUS-robur-Concordia-en-Mai-300x300.jpg 300w, https:\/\/www.vallonchene.fr\/wp-content\/uploads\/2021\/08\/3210-961-QUERCUS-robur-Concordia-en-Mai-1024x1024.jpg 1024w, https:\/\/www.vallonchene.fr\/wp-content\/uploads\/2021\/08\/3210-961-QUERCUS-robur-Concordia-en-Mai-150x150.jpg 150w, https:\/\/www.vallonchene.fr\/wp-content\/uploads\/2021\/08\/3210-961-QUERCUS-robur-Concordia-en-Mai-768x768.jpg 768w, https:\/\/www.vallonchene.fr\/wp-content\/uploads\/2021\/08\/3210-961-QUERCUS-robur-Concordia-en-Mai-1536x1536.jpg 1536w, https:\/\/www.vallonchene.fr\/wp-content\/uploads\/2021\/08\/3210-961-QUERCUS-robur-Concordia-en-Mai-1320x1320.jpg 1320w, https:\/\/www.vallonchene.fr\/wp-content\/uploads\/2021\/08\/3210-961-QUERCUS-robur-Concordia-en-Mai-32x32.jpg 32w, https:\/\/www.vallonchene.fr\/wp-content\/uploads\/2021\/08\/3210-961-QUERCUS-robur-Concordia-en-Mai.jpg 1600w\" sizes=\"(max-width: 324px) 100vw, 324px\" \/><\/div>\n\t\t\t\t\t<div class=\"wc-block-grid__product-title\">QUERCUS robur &#8216;Concordia&#8217;<\/div>\n\t\t\t\t<\/a>\n\t\t\t\t<div class=\"wc-block-grid__product-price price\"><span class=\"woocommerce-Price-amount amount\">79,90&nbsp;<span class=\"woocommerce-Price-currencySymbol\">&euro;<\/span><\/span><\/div>\n\t\t\t\t\n\t\t\t\t<div class=\"wp-block-button wc-block-grid__product-add-to-cart\"><a href=\"https:\/\/www.vallonchene.fr\/es\/producto\/quercus-robur-concordia\/\" aria-label=\"Elige las opciones para &ldquo;QUERCUS robur &#039;Concordia&#039;&rdquo;\" data-quantity=\"1\" data-product_id=\"54940\" data-product_sku=\"71318\" data-price=\"79.9\" rel=\"nofollow\" class=\"wp-block-button__link  add_to_cart_button\">Elegir opciones<\/a><\/div>\n\t\t\t<\/li><\/ul><\/div><\/div><\/div>\n\n\n\n<div class=\"wp-block-buttons is-content-justification-right is-layout-flex wp-container-core-buttons-is-layout-d445cf74 wp-block-buttons-is-layout-flex\">\n<div class=\"wp-block-button\"><a class=\"wp-block-button__link wp-element-button\" href=\"https:\/\/www.vallonchene.fr\/es\/categorie-produit\/venta-en-linea\/?filter_stock_status=instock&amp;orderby=date&amp;order=DESC\">Descubre todas las novedades<\/a><\/div>\n<\/div>\n","protected":false},"excerpt":{"rendered":"<p>Vallonch\u00eane El vivero donde la calidad tiene sus ra\u00edces Ubicado entre Rouen, Beauvais, Amiens y Dieppe, nuestro vivero, fruto de una colaboraci\u00f3n franco-alemana en torno a un jard\u00edn bot\u00e1nico privado, se dedica a cultivar y ofrecer una amplia variedad de plantas excepcionales, resistentes al clima adverso y de una calidad impecable. Descubra nuestras maravillas en [&hellip;]<\/p>\n","protected":false},"author":1,"featured_media":0,"parent":0,"menu_order":0,"comment_status":"closed","ping_status":"closed","template":"","meta":{"footnotes":""},"class_list":["post-50413","page","type-page","status-publish","hentry"],"yoast_head":"<!-- This site is optimized with the Yoast SEO Premium plugin v27.5 (Yoast SEO v27.5) - https:\/\/yoast.com\/product\/yoast-seo-premium-wordpress\/ -->\n<title>Vallonch\u00eane vivero y jardiner\u00eda - Vallonch\u00eane<\/title>\n<meta name=\"robots\" content=\"index, follow, max-snippet:-1, max-image-preview:large, max-video-preview:-1\" \/>\n<link rel=\"canonical\" href=\"https:\/\/www.vallonchene.fr\/es\/\" \/>\n<meta property=\"og:locale\" content=\"es_ES\" \/>\n<meta property=\"og:type\" content=\"article\" \/>\n<meta property=\"og:title\" content=\"Vallonch\u00eane vivero y jardiner\u00eda\" \/>\n<meta property=\"og:description\" content=\"Vallonch\u00eane El vivero donde la calidad tiene sus ra\u00edces Ubicado entre Rouen, Beauvais, Amiens y Dieppe, nuestro vivero, fruto de una colaboraci\u00f3n franco-alemana en torno a un jard\u00edn bot\u00e1nico privado, se dedica a cultivar y ofrecer una amplia variedad de plantas excepcionales, resistentes al clima adverso y de una calidad impecable. Descubra nuestras maravillas en [&hellip;]\" \/>\n<meta property=\"og:url\" content=\"https:\/\/www.vallonchene.fr\/es\/\" \/>\n<meta property=\"og:site_name\" content=\"Vallonch\u00eane\" \/>\n<meta property=\"article:publisher\" content=\"https:\/\/www.facebook.com\/vallonchene.fr\" \/>\n<meta property=\"article:modified_time\" content=\"2026-04-30T13:06:49+00:00\" \/>\n<meta property=\"og:image\" content=\"https:\/\/www.vallonchene.fr\/wp-content\/uploads\/2023\/03\/Vallonchene-pepiniere_01.webp\" \/>\n<meta name=\"twitter:card\" content=\"summary_large_image\" \/>\n<meta name=\"twitter:label1\" content=\"Tiempo de lectura\" \/>\n\t<meta name=\"twitter:data1\" content=\"1 minuto\" \/>\n<script type=\"application\/ld+json\" class=\"yoast-schema-graph\">{\"@context\":\"https:\\\/\\\/schema.org\",\"@graph\":[{\"@type\":\"WebPage\",\"@id\":\"https:\\\/\\\/www.vallonchene.fr\\\/es\\\/\",\"url\":\"https:\\\/\\\/www.vallonchene.fr\\\/es\\\/\",\"name\":\"Vallonch\u00eane vivero y jardiner\u00eda - Vallonch\u00eane\",\"isPartOf\":{\"@id\":\"https:\\\/\\\/www.vallonchene.fr\\\/es\\\/#website\"},\"primaryImageOfPage\":{\"@id\":\"https:\\\/\\\/www.vallonchene.fr\\\/es\\\/#primaryimage\"},\"image\":{\"@id\":\"https:\\\/\\\/www.vallonchene.fr\\\/es\\\/#primaryimage\"},\"thumbnailUrl\":\"https:\\\/\\\/www.vallonchene.fr\\\/wp-content\\\/uploads\\\/2023\\\/03\\\/Vallonchene-pepiniere_01.webp\",\"datePublished\":\"2023-03-26T07:03:22+00:00\",\"dateModified\":\"2026-04-30T13:06:49+00:00\",\"breadcrumb\":{\"@id\":\"https:\\\/\\\/www.vallonchene.fr\\\/es\\\/#breadcrumb\"},\"inLanguage\":\"es\",\"potentialAction\":[{\"@type\":\"ReadAction\",\"target\":[\"https:\\\/\\\/www.vallonchene.fr\\\/es\\\/\"]}]},{\"@type\":\"ImageObject\",\"inLanguage\":\"es\",\"@id\":\"https:\\\/\\\/www.vallonchene.fr\\\/es\\\/#primaryimage\",\"url\":\"https:\\\/\\\/www.vallonchene.fr\\\/wp-content\\\/uploads\\\/2023\\\/03\\\/Vallonchene-pepiniere_01.webp\",\"contentUrl\":\"https:\\\/\\\/www.vallonchene.fr\\\/wp-content\\\/uploads\\\/2023\\\/03\\\/Vallonchene-pepiniere_01.webp\"},{\"@type\":\"BreadcrumbList\",\"@id\":\"https:\\\/\\\/www.vallonchene.fr\\\/es\\\/#breadcrumb\",\"itemListElement\":[{\"@type\":\"ListItem\",\"position\":1,\"name\":\"Home\",\"item\":\"https:\\\/\\\/www.vallonchene.fr\\\/es\\\/\"},{\"@type\":\"ListItem\",\"position\":2,\"name\":\"Vallonch\u00eane vivero y jardiner\u00eda\"}]},{\"@type\":\"WebSite\",\"@id\":\"https:\\\/\\\/www.vallonchene.fr\\\/es\\\/#website\",\"url\":\"https:\\\/\\\/www.vallonchene.fr\\\/es\\\/\",\"name\":\"Vallonch\u00eane\",\"description\":\"El vivero donde la calidad tiene sus ra\u00edces \u2013 Tel.: +33 (0)2.35.90.02.02\",\"publisher\":{\"@id\":\"https:\\\/\\\/www.vallonchene.fr\\\/es\\\/#organization\"},\"potentialAction\":[{\"@type\":\"SearchAction\",\"target\":{\"@type\":\"EntryPoint\",\"urlTemplate\":\"https:\\\/\\\/www.vallonchene.fr\\\/es\\\/?s={search_term_string}\"},\"query-input\":{\"@type\":\"PropertyValueSpecification\",\"valueRequired\":true,\"valueName\":\"search_term_string\"}}],\"inLanguage\":\"es\"},{\"@type\":\"Organization\",\"@id\":\"https:\\\/\\\/www.vallonchene.fr\\\/es\\\/#organization\",\"name\":\"VALLONCHENE\",\"url\":\"https:\\\/\\\/www.vallonchene.fr\\\/es\\\/\",\"logo\":{\"@type\":\"ImageObject\",\"inLanguage\":\"es\",\"@id\":\"https:\\\/\\\/www.vallonchene.fr\\\/es\\\/#\\\/schema\\\/logo\\\/image\\\/\",\"url\":\"https:\\\/\\\/www.vallonchene.fr\\\/wp-content\\\/uploads\\\/2023\\\/03\\\/Logo-Vallonchene-site-et-R_hauteur_100.png\",\"contentUrl\":\"https:\\\/\\\/www.vallonchene.fr\\\/wp-content\\\/uploads\\\/2023\\\/03\\\/Logo-Vallonchene-site-et-R_hauteur_100.png\",\"width\":221,\"height\":100,\"caption\":\"VALLONCHENE\"},\"image\":{\"@id\":\"https:\\\/\\\/www.vallonchene.fr\\\/es\\\/#\\\/schema\\\/logo\\\/image\\\/\"},\"sameAs\":[\"https:\\\/\\\/www.facebook.com\\\/vallonchene.fr\",\"https:\\\/\\\/www.instagram.com\\\/vallonchene\\\/\",\"https:\\\/\\\/www.pinterest.fr\\\/vallonchene\\\/\"],\"taxID\":\"49454502300017\",\"hasMerchantReturnPolicy\":{\"@type\":\"MerchantReturnPolicy\",\"merchantReturnLink\":\"https:\\\/\\\/www.vallonchene.fr\\\/remboursements_retours\\\/\"}}]}<\/script>\n<meta property=\"og:availability\" content=\"instock\" \/>\n<meta property=\"product:availability\" content=\"instock\" \/>\n<meta property=\"product:retailer_item_id\" content=\"89825\" \/>\n<meta property=\"product:condition\" content=\"new\" \/>\n<!-- \/ Yoast SEO Premium plugin. -->","yoast_head_json":{"title":"Vallonch\u00eane vivero y jardiner\u00eda - Vallonch\u00eane","robots":{"index":"index","follow":"follow","max-snippet":"max-snippet:-1","max-image-preview":"max-image-preview:large","max-video-preview":"max-video-preview:-1"},"canonical":"https:\/\/www.vallonchene.fr\/es\/","og_locale":"es_ES","og_type":"article","og_title":"Vallonch\u00eane vivero y jardiner\u00eda","og_description":"Vallonch\u00eane El vivero donde la calidad tiene sus ra\u00edces Ubicado entre Rouen, Beauvais, Amiens y Dieppe, nuestro vivero, fruto de una colaboraci\u00f3n franco-alemana en torno a un jard\u00edn bot\u00e1nico privado, se dedica a cultivar y ofrecer una amplia variedad de plantas excepcionales, resistentes al clima adverso y de una calidad impecable. Descubra nuestras maravillas en [&hellip;]","og_url":"https:\/\/www.vallonchene.fr\/es\/","og_site_name":"Vallonch\u00eane","article_publisher":"https:\/\/www.facebook.com\/vallonchene.fr","article_modified_time":"2026-04-30T13:06:49+00:00","og_image":[{"url":"https:\/\/www.vallonchene.fr\/wp-content\/uploads\/2023\/03\/Vallonchene-pepiniere_01.webp","type":"","width":"","height":""}],"twitter_card":"summary_large_image","twitter_misc":{"Tiempo de lectura":"1 minuto"},"schema":{"@context":"https:\/\/schema.org","@graph":[{"@type":"WebPage","@id":"https:\/\/www.vallonchene.fr\/es\/","url":"https:\/\/www.vallonchene.fr\/es\/","name":"Vallonch\u00eane vivero y jardiner\u00eda - Vallonch\u00eane","isPartOf":{"@id":"https:\/\/www.vallonchene.fr\/es\/#website"},"primaryImageOfPage":{"@id":"https:\/\/www.vallonchene.fr\/es\/#primaryimage"},"image":{"@id":"https:\/\/www.vallonchene.fr\/es\/#primaryimage"},"thumbnailUrl":"https:\/\/www.vallonchene.fr\/wp-content\/uploads\/2023\/03\/Vallonchene-pepiniere_01.webp","datePublished":"2023-03-26T07:03:22+00:00","dateModified":"2026-04-30T13:06:49+00:00","breadcrumb":{"@id":"https:\/\/www.vallonchene.fr\/es\/#breadcrumb"},"inLanguage":"es","potentialAction":[{"@type":"ReadAction","target":["https:\/\/www.vallonchene.fr\/es\/"]}]},{"@type":"ImageObject","inLanguage":"es","@id":"https:\/\/www.vallonchene.fr\/es\/#primaryimage","url":"https:\/\/www.vallonchene.fr\/wp-content\/uploads\/2023\/03\/Vallonchene-pepiniere_01.webp","contentUrl":"https:\/\/www.vallonchene.fr\/wp-content\/uploads\/2023\/03\/Vallonchene-pepiniere_01.webp"},{"@type":"BreadcrumbList","@id":"https:\/\/www.vallonchene.fr\/es\/#breadcrumb","itemListElement":[{"@type":"ListItem","position":1,"name":"Home","item":"https:\/\/www.vallonchene.fr\/es\/"},{"@type":"ListItem","position":2,"name":"Vallonch\u00eane vivero y jardiner\u00eda"}]},{"@type":"WebSite","@id":"https:\/\/www.vallonchene.fr\/es\/#website","url":"https:\/\/www.vallonchene.fr\/es\/","name":"Vallonch\u00eane","description":"El vivero donde la calidad tiene sus ra\u00edces \u2013 Tel.: +33 (0)2.35.90.02.02","publisher":{"@id":"https:\/\/www.vallonchene.fr\/es\/#organization"},"potentialAction":[{"@type":"SearchAction","target":{"@type":"EntryPoint","urlTemplate":"https:\/\/www.vallonchene.fr\/es\/?s={search_term_string}"},"query-input":{"@type":"PropertyValueSpecification","valueRequired":true,"valueName":"search_term_string"}}],"inLanguage":"es"},{"@type":"Organization","@id":"https:\/\/www.vallonchene.fr\/es\/#organization","name":"VALLONCHENE","url":"https:\/\/www.vallonchene.fr\/es\/","logo":{"@type":"ImageObject","inLanguage":"es","@id":"https:\/\/www.vallonchene.fr\/es\/#\/schema\/logo\/image\/","url":"https:\/\/www.vallonchene.fr\/wp-content\/uploads\/2023\/03\/Logo-Vallonchene-site-et-R_hauteur_100.png","contentUrl":"https:\/\/www.vallonchene.fr\/wp-content\/uploads\/2023\/03\/Logo-Vallonchene-site-et-R_hauteur_100.png","width":221,"height":100,"caption":"VALLONCHENE"},"image":{"@id":"https:\/\/www.vallonchene.fr\/es\/#\/schema\/logo\/image\/"},"sameAs":["https:\/\/www.facebook.com\/vallonchene.fr","https:\/\/www.instagram.com\/vallonchene\/","https:\/\/www.pinterest.fr\/vallonchene\/"],"taxID":"49454502300017","hasMerchantReturnPolicy":{"@type":"MerchantReturnPolicy","merchantReturnLink":"https:\/\/www.vallonchene.fr\/remboursements_retours\/"}}]},"og_availability":"instock","product_availability":"instock","product_retailer_item_id":"89825","product_condition":"new"},"_links":{"self":[{"href":"https:\/\/www.vallonchene.fr\/es\/wp-json\/wp\/v2\/pages\/50413","targetHints":{"allow":["GET"]}}],"collection":[{"href":"https:\/\/www.vallonchene.fr\/es\/wp-json\/wp\/v2\/pages"}],"about":[{"href":"https:\/\/www.vallonchene.fr\/es\/wp-json\/wp\/v2\/types\/page"}],"author":[{"embeddable":true,"href":"https:\/\/www.vallonchene.fr\/es\/wp-json\/wp\/v2\/users\/1"}],"replies":[{"embeddable":true,"href":"https:\/\/www.vallonchene.fr\/es\/wp-json\/wp\/v2\/comments?post=50413"}],"version-history":[{"count":9,"href":"https:\/\/www.vallonchene.fr\/es\/wp-json\/wp\/v2\/pages\/50413\/revisions"}],"predecessor-version":[{"id":58721,"href":"https:\/\/www.vallonchene.fr\/es\/wp-json\/wp\/v2\/pages\/50413\/revisions\/58721"}],"wp:attachment":[{"href":"https:\/\/www.vallonchene.fr\/es\/wp-json\/wp\/v2\/media?parent=50413"}],"curies":[{"name":"wp","href":"https:\/\/api.w.org\/{rel}","templated":true}]}}