{"id":41083,"date":"2023-09-06T14:50:00","date_gmt":"2023-09-06T12:50:00","guid":{"rendered":"https:\/\/www.vallonchene.fr\/?page_id=41083"},"modified":"2026-04-23T14:56:15","modified_gmt":"2026-04-23T12:56:15","slug":"posts","status":"publish","type":"page","link":"https:\/\/www.vallonchene.fr\/en\/posts\/","title":{"rendered":"Posts"},"content":{"rendered":"\n<p>Vallonch\u00eane is a nursery committed to the <strong>preservation of species<\/strong> and the <strong>promotion of gardening<\/strong> in general. To this end, we regularly publish articles on <strong>interesting or unusual plants<\/strong> and any other subject that may be useful for passionate and motivated gardeners.<\/p>\n\n\n\n<p>Below are our most recent articles in reverse chronological order. For older articles, we invite you to consult the dedicated page on the <a href=\"https:\/\/jardin.vallonchene.fr\/en\/posts\/\" target=\"_blank\" rel=\"noreferrer noopener\"><strong>website of Vallonch\u00eane Garden here<\/strong><\/a>.<\/p>\n\n\n\n<p>If you are looking for planting advice, <a href=\"https:\/\/www.vallonchene.fr\/en\/how-to-plant-and-maintain-plants\/\"><strong>take a look at our sheets specially designed for this purpose here<\/strong><\/a>.<\/p>\n\n\n\n<p><strong>Subscribe for free at the bottom of this page!<\/strong><\/p>\n\n\n\n<h2 class=\"wp-block-heading\" id=\"h-our-latest-posts-about-interesting-plants-and-gardening\">Our latest posts about interesting plants and gardening<\/h2>\n\n\n\n<div class=\"wp-block-media-text is-stacked-on-mobile\" style=\"grid-template-columns:25% auto\"><figure class=\"wp-block-media-text__media\"><a href=\"https:\/\/www.vallonchene.fr\/en\/product\/magnolia-coral-lake\/#tab-title-description\"><img decoding=\"async\" width=\"1024\" height=\"1024\" src=\"https:\/\/www.vallonchene.fr\/wp-content\/uploads\/2024\/04\/MAGNOLIA-Coral-Lake.webp\" alt=\"Close-up of a pink flower of MAGNOLIA 'Coral Lake'\" class=\"wp-image-46485 size-medium\" srcset=\"https:\/\/www.vallonchene.fr\/wp-content\/uploads\/2024\/04\/MAGNOLIA-Coral-Lake.webp 1024w, https:\/\/www.vallonchene.fr\/wp-content\/uploads\/2024\/04\/MAGNOLIA-Coral-Lake-300x300.webp 300w, https:\/\/www.vallonchene.fr\/wp-content\/uploads\/2024\/04\/MAGNOLIA-Coral-Lake-150x150.webp 150w, https:\/\/www.vallonchene.fr\/wp-content\/uploads\/2024\/04\/MAGNOLIA-Coral-Lake-768x768.webp 768w, https:\/\/www.vallonchene.fr\/wp-content\/uploads\/2024\/04\/MAGNOLIA-Coral-Lake-324x324.webp 324w, https:\/\/www.vallonchene.fr\/wp-content\/uploads\/2024\/04\/MAGNOLIA-Coral-Lake-416x416.webp 416w, https:\/\/www.vallonchene.fr\/wp-content\/uploads\/2024\/04\/MAGNOLIA-Coral-Lake-100x100.webp 100w, https:\/\/www.vallonchene.fr\/wp-content\/uploads\/2024\/04\/MAGNOLIA-Coral-Lake-32x32.webp 32w, https:\/\/www.vallonchene.fr\/wp-content\/uploads\/2024\/04\/MAGNOLIA-Coral-Lake-64x64.webp 64w\" sizes=\"(max-width: 1024px) 100vw, 1024px\" \/><\/a><\/figure><div class=\"wp-block-media-text__content\">\n<h3 class=\"wp-block-heading has-normal-font-size\" id=\"h-magnolia-coral-lake\"><a href=\"https:\/\/www.vallonchene.fr\/en\/product\/magnolia-coral-lake\/#tab-title-description\"><strong>MAGNOLIA &#8216;Coral Lake&#8217;<\/strong><\/a><\/h3>\n\n\n\n<p class=\"has-small-font-size\">22 April 2026<\/p>\n\n\n\n<p>The <em>MAGNOLIA \u2018Coral Lake\u2019<\/em> is a fabulous <em>magnolia<\/em> and undoubtedly belongs to the exceptional varieties for more than one reason. First of all, it lives up to its name. Its flowers present a\u2026<br><strong><a href=\"https:\/\/www.vallonchene.fr\/en\/product\/magnolia-coral-lake\/#tab-title-description\">Read more<\/a><\/strong><\/p>\n<\/div><\/div>\n\n\n\n<div class=\"wp-block-media-text is-stacked-on-mobile\" style=\"grid-template-columns:25% auto\"><figure class=\"wp-block-media-text__media\"><a href=\"https:\/\/www.vallonchene.fr\/en\/product\/magnolia-judy-zuk\/#tab-title-description\"><img decoding=\"async\" width=\"1000\" height=\"1000\" src=\"https:\/\/www.vallonchene.fr\/wp-content\/uploads\/2026\/04\/MAGNOLIA-Judy-Zuk_03.webp\" alt=\"Nearly open yellow flower of MAGNOLIA 'Judy Zuk'\" class=\"wp-image-58501 size-medium\" srcset=\"https:\/\/www.vallonchene.fr\/wp-content\/uploads\/2026\/04\/MAGNOLIA-Judy-Zuk_03.webp 1000w, https:\/\/www.vallonchene.fr\/wp-content\/uploads\/2026\/04\/MAGNOLIA-Judy-Zuk_03-300x300.webp 300w, https:\/\/www.vallonchene.fr\/wp-content\/uploads\/2026\/04\/MAGNOLIA-Judy-Zuk_03-150x150.webp 150w, https:\/\/www.vallonchene.fr\/wp-content\/uploads\/2026\/04\/MAGNOLIA-Judy-Zuk_03-768x768.webp 768w, https:\/\/www.vallonchene.fr\/wp-content\/uploads\/2026\/04\/MAGNOLIA-Judy-Zuk_03-324x324.webp 324w, https:\/\/www.vallonchene.fr\/wp-content\/uploads\/2026\/04\/MAGNOLIA-Judy-Zuk_03-416x416.webp 416w, https:\/\/www.vallonchene.fr\/wp-content\/uploads\/2026\/04\/MAGNOLIA-Judy-Zuk_03-100x100.webp 100w, https:\/\/www.vallonchene.fr\/wp-content\/uploads\/2026\/04\/MAGNOLIA-Judy-Zuk_03-32x32.webp 32w\" sizes=\"(max-width: 1000px) 100vw, 1000px\" \/><\/a><\/figure><div class=\"wp-block-media-text__content\">\n<h3 class=\"wp-block-heading has-normal-font-size\" id=\"h-magnolia-judy-zuk-0\"><a href=\"https:\/\/www.vallonchene.fr\/en\/product\/magnolia-judy-zuk\/#tab-title-description\"><strong>MAGNOLIA &#8216;Judy Zuk&#8217;<\/strong><\/a><\/h3>\n\n\n\n<p class=\"has-small-font-size\">15 April 2026<\/p>\n\n\n\n<p><em>MAGNOLIA \u2018Judy Zuk\u2019<\/em> can be considered one of the most spectacular yellow-flowered <em>magnolias<\/em>. It stands out not only for its colors but also for its multi-sensory experience. Indeed, many yellow-flowered magnolias show\u2026<br><strong><a href=\"https:\/\/www.vallonchene.fr\/en\/product\/magnolia-judy-zuk\/#tab-title-description\">Read more<\/a><\/strong><\/p>\n<\/div><\/div>\n\n\n\n<div class=\"wp-block-media-text is-stacked-on-mobile\" style=\"grid-template-columns:25% auto\"><figure class=\"wp-block-media-text__media\"><a href=\"https:\/\/www.vallonchene.fr\/en\/product\/koelreuteria-paniculata-coral-sun\/#tab-title-description\"><img decoding=\"async\" width=\"1024\" height=\"1024\" src=\"https:\/\/www.vallonchene.fr\/wp-content\/uploads\/2024\/03\/KOELREUTERIA-paniculata-Coral-Sun_02-1-1024x1024.webp\" alt=\"Pink foliage of KOELREUTERIA paniculata 'Coral Sun' in early spring\" class=\"wp-image-45911 size-medium\" srcset=\"https:\/\/www.vallonchene.fr\/wp-content\/uploads\/2024\/03\/KOELREUTERIA-paniculata-Coral-Sun_02-1-1024x1024.webp 1024w, https:\/\/www.vallonchene.fr\/wp-content\/uploads\/2024\/03\/KOELREUTERIA-paniculata-Coral-Sun_02-1-300x300.webp 300w, https:\/\/www.vallonchene.fr\/wp-content\/uploads\/2024\/03\/KOELREUTERIA-paniculata-Coral-Sun_02-1-150x150.webp 150w, https:\/\/www.vallonchene.fr\/wp-content\/uploads\/2024\/03\/KOELREUTERIA-paniculata-Coral-Sun_02-1-768x768.webp 768w, https:\/\/www.vallonchene.fr\/wp-content\/uploads\/2024\/03\/KOELREUTERIA-paniculata-Coral-Sun_02-1-324x324.webp 324w, https:\/\/www.vallonchene.fr\/wp-content\/uploads\/2024\/03\/KOELREUTERIA-paniculata-Coral-Sun_02-1-416x416.webp 416w, https:\/\/www.vallonchene.fr\/wp-content\/uploads\/2024\/03\/KOELREUTERIA-paniculata-Coral-Sun_02-1-100x100.webp 100w, https:\/\/www.vallonchene.fr\/wp-content\/uploads\/2024\/03\/KOELREUTERIA-paniculata-Coral-Sun_02-1-32x32.webp 32w, https:\/\/www.vallonchene.fr\/wp-content\/uploads\/2024\/03\/KOELREUTERIA-paniculata-Coral-Sun_02-1-64x64.webp 64w, https:\/\/www.vallonchene.fr\/wp-content\/uploads\/2024\/03\/KOELREUTERIA-paniculata-Coral-Sun_02-1.webp 1200w\" sizes=\"(max-width: 1024px) 100vw, 1024px\" \/><\/a><\/figure><div class=\"wp-block-media-text__content\">\n<h3 class=\"wp-block-heading has-normal-font-size\" id=\"h-koelreuteria-paniculata-coral-sun\"><a href=\"https:\/\/www.vallonchene.fr\/en\/product\/koelreuteria-paniculata-coral-sun\/#tab-title-description\"><strong>KOELREUTERIA paniculata &#8216;Coral Sun&#8217;<\/strong><\/a><\/h3>\n\n\n\n<p class=\"has-small-font-size\">8 April 2026<\/p>\n\n\n\n<p><em>KOELREUTERIA paniculata \u2018Coral Sun\u2019<\/em> is a <em>golden rain tree<\/em> that develops impressive coral-colored shoots in spring. This phenomenon affects both the leaves and the stems. Later, the foliage takes on a soft\u2026<br><strong><a href=\"https:\/\/www.vallonchene.fr\/en\/product\/koelreuteria-paniculata-coral-sun\/#tab-title-description\">Read more<\/a><\/strong><\/p>\n<\/div><\/div>\n\n\n\n<div class=\"wp-block-media-text is-stacked-on-mobile\" style=\"grid-template-columns:25% auto\"><figure class=\"wp-block-media-text__media\"><a href=\"https:\/\/www.vallonchene.fr\/en\/product\/aesculus-neglecta-erythroblastos\/#tab-title-description\"><img decoding=\"async\" width=\"1024\" height=\"1024\" src=\"https:\/\/www.vallonchene.fr\/wp-content\/uploads\/2025\/02\/AESCULUS-neglecta-Erythroblastos_05-1024x1024.webp\" alt=\"Close-up of the pink and crinkled foliage of AESCULUS neglecta 'Erythroblastos'\" class=\"wp-image-52563 size-medium\" srcset=\"https:\/\/www.vallonchene.fr\/wp-content\/uploads\/2025\/02\/AESCULUS-neglecta-Erythroblastos_05-1024x1024.webp 1024w, https:\/\/www.vallonchene.fr\/wp-content\/uploads\/2025\/02\/AESCULUS-neglecta-Erythroblastos_05-300x300.webp 300w, https:\/\/www.vallonchene.fr\/wp-content\/uploads\/2025\/02\/AESCULUS-neglecta-Erythroblastos_05-150x150.webp 150w, https:\/\/www.vallonchene.fr\/wp-content\/uploads\/2025\/02\/AESCULUS-neglecta-Erythroblastos_05-768x768.webp 768w, https:\/\/www.vallonchene.fr\/wp-content\/uploads\/2025\/02\/AESCULUS-neglecta-Erythroblastos_05-324x324.webp 324w, https:\/\/www.vallonchene.fr\/wp-content\/uploads\/2025\/02\/AESCULUS-neglecta-Erythroblastos_05-416x416.webp 416w, https:\/\/www.vallonchene.fr\/wp-content\/uploads\/2025\/02\/AESCULUS-neglecta-Erythroblastos_05-100x100.webp 100w, https:\/\/www.vallonchene.fr\/wp-content\/uploads\/2025\/02\/AESCULUS-neglecta-Erythroblastos_05-32x32.webp 32w, https:\/\/www.vallonchene.fr\/wp-content\/uploads\/2025\/02\/AESCULUS-neglecta-Erythroblastos_05-64x64.webp 64w, https:\/\/www.vallonchene.fr\/wp-content\/uploads\/2025\/02\/AESCULUS-neglecta-Erythroblastos_05.webp 1200w\" sizes=\"(max-width: 1024px) 100vw, 1024px\" \/><\/a><\/figure><div class=\"wp-block-media-text__content\">\n<h3 class=\"wp-block-heading has-normal-font-size\" id=\"h-aesculus-neglecta-erythroblastos\"><a href=\"https:\/\/www.vallonchene.fr\/en\/product\/aesculus-neglecta-erythroblastos\/#tab-title-description\"><strong>AESCULUS neglecta &#8216;Erythroblastos&#8217;<\/strong><\/a><\/h3>\n\n\n\n<p class=\"has-small-font-size\">2 April 2026<\/p>\n\n\n\n<p><em>AESCULUS neglecta \u2018Erythroblastos\u2019<\/em>, also known as the <em>Sunrise Horse Chestnut<\/em>, is a true horticultural marvel, very rare, that enhances your outdoor space at first glance. First, its\u2026<br><strong><a href=\"https:\/\/www.vallonchene.fr\/en\/product\/aesculus-neglecta-erythroblastos\/#tab-title-description\">Read more<\/a><\/strong><\/p>\n<\/div><\/div>\n\n\n\n<div class=\"wp-block-media-text is-stacked-on-mobile\" style=\"grid-template-columns:25% auto\"><figure class=\"wp-block-media-text__media\"><a href=\"https:\/\/www.vallonchene.fr\/en\/product\/prunus-tai-haku\/#tab-title-description\"><img decoding=\"async\" width=\"1024\" height=\"1024\" src=\"https:\/\/www.vallonchene.fr\/wp-content\/uploads\/2023\/11\/FILE_NAME_08-1024x1024.webp\" alt=\"White flowers of PRUNUS 'Tai-Haku'\" class=\"wp-image-44881 size-medium\" srcset=\"https:\/\/www.vallonchene.fr\/wp-content\/uploads\/2023\/11\/FILE_NAME_08-1024x1024.webp 1024w, https:\/\/www.vallonchene.fr\/wp-content\/uploads\/2023\/11\/FILE_NAME_08-300x300.webp 300w, https:\/\/www.vallonchene.fr\/wp-content\/uploads\/2023\/11\/FILE_NAME_08-150x150.webp 150w, https:\/\/www.vallonchene.fr\/wp-content\/uploads\/2023\/11\/FILE_NAME_08-768x768.webp 768w, https:\/\/www.vallonchene.fr\/wp-content\/uploads\/2023\/11\/FILE_NAME_08-324x324.webp 324w, https:\/\/www.vallonchene.fr\/wp-content\/uploads\/2023\/11\/FILE_NAME_08-416x416.webp 416w, https:\/\/www.vallonchene.fr\/wp-content\/uploads\/2023\/11\/FILE_NAME_08-100x100.webp 100w, https:\/\/www.vallonchene.fr\/wp-content\/uploads\/2023\/11\/FILE_NAME_08-32x32.webp 32w, https:\/\/www.vallonchene.fr\/wp-content\/uploads\/2023\/11\/FILE_NAME_08-64x64.webp 64w, https:\/\/www.vallonchene.fr\/wp-content\/uploads\/2023\/11\/FILE_NAME_08.webp 1200w\" sizes=\"(max-width: 1024px) 100vw, 1024px\" \/><\/a><\/figure><div class=\"wp-block-media-text__content\">\n<h3 class=\"wp-block-heading has-normal-font-size\" id=\"h-prunus-tai-haku\"><a href=\"https:\/\/www.vallonchene.fr\/en\/product\/prunus-tai-haku\/#tab-title-description\"><strong>PRUNUS &#8216;Tai-Haku&#8217;<\/strong><\/a><\/h3>\n\n\n\n<p class=\"has-small-font-size\">25 March 2026<\/p>\n\n\n\n<p><em>PRUNUS \u2018Tai-Haku\u2019<\/em> is the <em>Great White Cherry<\/em> with an extraordinary history. In its native country, Japan, it was long considered extinct. Only ancestral drawings recalled its former existence\u2026<br><strong><a href=\"https:\/\/www.vallonchene.fr\/en\/product\/prunus-tai-haku\/#tab-title-description\">Read more<\/a><\/strong><\/p>\n<\/div><\/div>\n\n\n\n<div class=\"wp-block-media-text is-stacked-on-mobile\" style=\"grid-template-columns:25% auto\"><figure class=\"wp-block-media-text__media\"><a href=\"https:\/\/www.vallonchene.fr\/en\/product\/prunus-the-bride\/#tab-title-description\"><img decoding=\"async\" width=\"1000\" height=\"1000\" src=\"https:\/\/www.vallonchene.fr\/wp-content\/uploads\/2026\/03\/P1000299.webp\" alt=\"Close-up of the flowers of PRUNUS 'The Bride'\" class=\"wp-image-58195 size-medium\" srcset=\"https:\/\/www.vallonchene.fr\/wp-content\/uploads\/2026\/03\/P1000299.webp 1000w, https:\/\/www.vallonchene.fr\/wp-content\/uploads\/2026\/03\/P1000299-300x300.webp 300w, https:\/\/www.vallonchene.fr\/wp-content\/uploads\/2026\/03\/P1000299-150x150.webp 150w, https:\/\/www.vallonchene.fr\/wp-content\/uploads\/2026\/03\/P1000299-768x768.webp 768w, https:\/\/www.vallonchene.fr\/wp-content\/uploads\/2026\/03\/P1000299-324x324.webp 324w, https:\/\/www.vallonchene.fr\/wp-content\/uploads\/2026\/03\/P1000299-416x416.webp 416w, https:\/\/www.vallonchene.fr\/wp-content\/uploads\/2026\/03\/P1000299-100x100.webp 100w, https:\/\/www.vallonchene.fr\/wp-content\/uploads\/2026\/03\/P1000299-32x32.webp 32w\" sizes=\"(max-width: 1000px) 100vw, 1000px\" \/><\/a><\/figure><div class=\"wp-block-media-text__content\">\n<h3 class=\"wp-block-heading has-normal-font-size\" id=\"h-prunus-the-bride\"><a href=\"https:\/\/www.vallonchene.fr\/en\/product\/prunus-the-bride\/#tab-title-description\"><strong>PRUNUS &#8216;The Bride&#8217;<\/strong><\/a><\/h3>\n\n\n\n<p class=\"has-small-font-size\">18 March 2026<\/p>\n\n\n\n<p><em>PRUNUS \u2018The Bride\u2019<\/em> presents itself as a <em>flowering cherry tree<\/em> that can be considered a jewel. Indeed, it is less well known than the great classics of Japanese cherry trees. This does not prevent it from surprising\u2026<br><strong><a href=\"https:\/\/www.vallonchene.fr\/en\/product\/prunus-the-bride\/#tab-title-description\">Read more<\/a><\/strong><\/p>\n<\/div><\/div>\n\n\n\n<div class=\"wp-block-media-text is-stacked-on-mobile\" style=\"grid-template-columns:25% auto\"><figure class=\"wp-block-media-text__media\"><a href=\"https:\/\/www.vallonchene.fr\/en\/product\/prunus-x-yedoensis\/#tab-title-description\"><img decoding=\"async\" width=\"1000\" height=\"1000\" src=\"https:\/\/www.vallonchene.fr\/wp-content\/uploads\/2026\/03\/PRUNUS-yedoensis_04.webp\" alt=\"Close-up of the not-yet completely white flowers of PRUNUS yedoensis\" class=\"wp-image-58068 size-medium\" srcset=\"https:\/\/www.vallonchene.fr\/wp-content\/uploads\/2026\/03\/PRUNUS-yedoensis_04.webp 1000w, https:\/\/www.vallonchene.fr\/wp-content\/uploads\/2026\/03\/PRUNUS-yedoensis_04-300x300.webp 300w, https:\/\/www.vallonchene.fr\/wp-content\/uploads\/2026\/03\/PRUNUS-yedoensis_04-150x150.webp 150w, https:\/\/www.vallonchene.fr\/wp-content\/uploads\/2026\/03\/PRUNUS-yedoensis_04-768x768.webp 768w, https:\/\/www.vallonchene.fr\/wp-content\/uploads\/2026\/03\/PRUNUS-yedoensis_04-324x324.webp 324w, https:\/\/www.vallonchene.fr\/wp-content\/uploads\/2026\/03\/PRUNUS-yedoensis_04-416x416.webp 416w, https:\/\/www.vallonchene.fr\/wp-content\/uploads\/2026\/03\/PRUNUS-yedoensis_04-100x100.webp 100w, https:\/\/www.vallonchene.fr\/wp-content\/uploads\/2026\/03\/PRUNUS-yedoensis_04-32x32.webp 32w\" sizes=\"(max-width: 1000px) 100vw, 1000px\" \/><\/a><\/figure><div class=\"wp-block-media-text__content\">\n<h3 class=\"wp-block-heading has-normal-font-size\" id=\"h-prunus-x-yedoensis\"><a href=\"https:\/\/www.vallonchene.fr\/en\/product\/prunus-x-yedoensis\/#tab-title-description\"><strong>PRUNUS x yedoensis<\/strong><\/a><\/h3>\n\n\n\n<p class=\"has-small-font-size\">11 March 2026<\/p>\n\n\n\n<p><em>PRUNUS x yedoensis<\/em>, also called <em>Yoshino cherry<\/em>, is highly regarded for its spectacular and abundant flowering very early in spring (even late winter). Its large flowers begin slightly pink and then become perfectly\u2026<br><strong><a href=\"https:\/\/www.vallonchene.fr\/en\/product\/prunus-x-yedoensis\/#tab-title-description\">Read more<\/a><\/strong><\/p>\n<\/div><\/div>\n\n\n\n<div class=\"wp-block-media-text is-stacked-on-mobile\" style=\"grid-template-columns:25% auto\"><figure class=\"wp-block-media-text__media\"><a href=\"https:\/\/www.vallonchene.fr\/en\/product\/sciadopitys-verticillata\/#tab-title-description\"><img decoding=\"async\" width=\"1000\" height=\"1000\" src=\"https:\/\/www.vallonchene.fr\/wp-content\/uploads\/2026\/03\/SCIADOPITYS-verticillata_01.webp\" alt=\"Close-up of the deep green foliage of SCIADOPITYS verticillata, revealing the copper\u2011colored wood\" class=\"wp-image-57948 size-medium\" srcset=\"https:\/\/www.vallonchene.fr\/wp-content\/uploads\/2026\/03\/SCIADOPITYS-verticillata_01.webp 1000w, https:\/\/www.vallonchene.fr\/wp-content\/uploads\/2026\/03\/SCIADOPITYS-verticillata_01-300x300.webp 300w, https:\/\/www.vallonchene.fr\/wp-content\/uploads\/2026\/03\/SCIADOPITYS-verticillata_01-150x150.webp 150w, https:\/\/www.vallonchene.fr\/wp-content\/uploads\/2026\/03\/SCIADOPITYS-verticillata_01-768x768.webp 768w, https:\/\/www.vallonchene.fr\/wp-content\/uploads\/2026\/03\/SCIADOPITYS-verticillata_01-324x324.webp 324w, https:\/\/www.vallonchene.fr\/wp-content\/uploads\/2026\/03\/SCIADOPITYS-verticillata_01-416x416.webp 416w, https:\/\/www.vallonchene.fr\/wp-content\/uploads\/2026\/03\/SCIADOPITYS-verticillata_01-100x100.webp 100w, https:\/\/www.vallonchene.fr\/wp-content\/uploads\/2026\/03\/SCIADOPITYS-verticillata_01-32x32.webp 32w\" sizes=\"(max-width: 1000px) 100vw, 1000px\" \/><\/a><\/figure><div class=\"wp-block-media-text__content\">\n<h3 class=\"wp-block-heading has-normal-font-size\" id=\"h-sciadopitys-verticillata\"><a href=\"https:\/\/www.vallonchene.fr\/en\/product\/sciadopitys-verticillata\/#tab-title-description\"><strong>SCIADOPITYS verticillata<\/strong><\/a><\/h3>\n\n\n\n<p class=\"has-small-font-size\">4 March 2026<\/p>\n\n\n\n<p><em>SCIADOPITYS verticillata<\/em> represents a botanically isolated and visually striking plant. Also called <em>Japanese umbrella pine<\/em>, it is intimately linked to Japanese culture. This conifer is both the only\u2026<br><strong><a href=\"https:\/\/www.vallonchene.fr\/en\/product\/sciadopitys-verticillata\/#tab-title-description\">Read more<\/a><\/strong><\/p>\n<\/div><\/div>\n\n\n\n<div class=\"wp-block-media-text is-stacked-on-mobile\" style=\"grid-template-columns:25% auto\"><figure class=\"wp-block-media-text__media\"><a href=\"https:\/\/www.vallonchene.fr\/en\/product\/magnolia-officinalis\/#tab-title-description\"><img decoding=\"async\" width=\"1024\" height=\"1024\" src=\"https:\/\/www.vallonchene.fr\/wp-content\/uploads\/2025\/12\/IMG_20251006_114134.webp\" alt=\"Foliage of MAGNOLIA officinalis beginning its autumnal coloration in the Begdebury National Pinetum\" class=\"wp-image-56553 size-medium\" srcset=\"https:\/\/www.vallonchene.fr\/wp-content\/uploads\/2025\/12\/IMG_20251006_114134.webp 1024w, https:\/\/www.vallonchene.fr\/wp-content\/uploads\/2025\/12\/IMG_20251006_114134-300x300.webp 300w, https:\/\/www.vallonchene.fr\/wp-content\/uploads\/2025\/12\/IMG_20251006_114134-150x150.webp 150w, https:\/\/www.vallonchene.fr\/wp-content\/uploads\/2025\/12\/IMG_20251006_114134-768x768.webp 768w, https:\/\/www.vallonchene.fr\/wp-content\/uploads\/2025\/12\/IMG_20251006_114134-324x324.webp 324w, https:\/\/www.vallonchene.fr\/wp-content\/uploads\/2025\/12\/IMG_20251006_114134-416x416.webp 416w, https:\/\/www.vallonchene.fr\/wp-content\/uploads\/2025\/12\/IMG_20251006_114134-100x100.webp 100w, https:\/\/www.vallonchene.fr\/wp-content\/uploads\/2025\/12\/IMG_20251006_114134-32x32.webp 32w\" sizes=\"(max-width: 1024px) 100vw, 1024px\" \/><\/a><\/figure><div class=\"wp-block-media-text__content\">\n<h3 class=\"wp-block-heading has-normal-font-size\" id=\"h-magnolia-officinalis\"><a href=\"https:\/\/www.vallonchene.fr\/en\/product\/magnolia-officinalis\/#tab-title-description\"><strong>MAGNOLIA officinalis<\/strong><\/a><\/h3>\n\n\n\n<p class=\"has-small-font-size\">18 February 2026<\/p>\n\n\n\n<p><em>MAGNOLIA officinalis<\/em>, commonly called <em>Houpu magnolia<\/em>, is a deciduous tree. It develops enormous leaves that can reach 50 cm in length. Moreover, its spectacular foliage does not detract from the interest of its\u2026<br><strong><a href=\"https:\/\/www.vallonchene.fr\/en\/product\/magnolia-officinalis\/#tab-title-description\">Read more<\/a><\/strong><\/p>\n<\/div><\/div>\n\n\n\n<div class=\"wp-block-media-text is-stacked-on-mobile\" style=\"grid-template-columns:25% auto\"><figure class=\"wp-block-media-text__media\"><a href=\"https:\/\/www.vallonchene.fr\/en\/product\/pinus-mugo-wintersonne\/#tab-title-description\"><img decoding=\"async\" width=\"1000\" height=\"1000\" src=\"https:\/\/www.vallonchene.fr\/wp-content\/uploads\/2026\/02\/PINUS-mugo-Wintersonne.webp\" alt=\"Winter foliage of PINUS mugo 'Wintersonne' of a remarkable intense yellow\" class=\"wp-image-56886 size-medium\" srcset=\"https:\/\/www.vallonchene.fr\/wp-content\/uploads\/2026\/02\/PINUS-mugo-Wintersonne.webp 1000w, https:\/\/www.vallonchene.fr\/wp-content\/uploads\/2026\/02\/PINUS-mugo-Wintersonne-300x300.webp 300w, https:\/\/www.vallonchene.fr\/wp-content\/uploads\/2026\/02\/PINUS-mugo-Wintersonne-150x150.webp 150w, https:\/\/www.vallonchene.fr\/wp-content\/uploads\/2026\/02\/PINUS-mugo-Wintersonne-768x768.webp 768w, https:\/\/www.vallonchene.fr\/wp-content\/uploads\/2026\/02\/PINUS-mugo-Wintersonne-324x324.webp 324w, https:\/\/www.vallonchene.fr\/wp-content\/uploads\/2026\/02\/PINUS-mugo-Wintersonne-416x416.webp 416w, https:\/\/www.vallonchene.fr\/wp-content\/uploads\/2026\/02\/PINUS-mugo-Wintersonne-100x100.webp 100w, https:\/\/www.vallonchene.fr\/wp-content\/uploads\/2026\/02\/PINUS-mugo-Wintersonne-32x32.webp 32w\" sizes=\"(max-width: 1000px) 100vw, 1000px\" \/><\/a><\/figure><div class=\"wp-block-media-text__content\">\n<h3 class=\"wp-block-heading has-normal-font-size\" id=\"h-pinus-mugo-wintersonne-winter-sun\"><a href=\"https:\/\/www.vallonchene.fr\/en\/product\/pinus-mugo-wintersonne\/#tab-title-description\"><strong>PINUS mugo &#8216;Wintersonne&#8217; (Winter Sun)<\/strong><\/a><\/h3>\n\n\n\n<p class=\"has-small-font-size\">11 February 2026<\/p>\n\n\n\n<p><em>PINUS mugo \u2018Wintersonne\u2019<\/em> is part of the <em>dwarf pines<\/em>. Its name means winter sun in French and it well deserves it. Indeed, with its very compact dwarf shape, it could be similar to many other dwarf pines. It is however in full winter that it\u2026<br><strong><a href=\"https:\/\/www.vallonchene.fr\/en\/product\/pinus-mugo-wintersonne\/#tab-title-description\">Read more<\/a><\/strong><\/p>\n<\/div><\/div>\n\n\n\n<div class=\"wp-block-media-text is-stacked-on-mobile\" style=\"grid-template-columns:25% auto\"><figure class=\"wp-block-media-text__media\"><a href=\"https:\/\/www.vallonchene.fr\/en\/product\/davidia-involucrata-lady-sunshine\/#tab-title-description\"><img decoding=\"async\" width=\"1024\" height=\"1024\" src=\"https:\/\/www.vallonchene.fr\/wp-content\/uploads\/2026\/02\/DAVIDIA-involucrata-Lady-Sunshine.webp\" alt=\"The flower of DAVIDIA involucrata 'Lady Sunshine' and its variegated foliage\" class=\"wp-image-56790 size-medium\" srcset=\"https:\/\/www.vallonchene.fr\/wp-content\/uploads\/2026\/02\/DAVIDIA-involucrata-Lady-Sunshine.webp 1024w, https:\/\/www.vallonchene.fr\/wp-content\/uploads\/2026\/02\/DAVIDIA-involucrata-Lady-Sunshine-300x300.webp 300w, https:\/\/www.vallonchene.fr\/wp-content\/uploads\/2026\/02\/DAVIDIA-involucrata-Lady-Sunshine-150x150.webp 150w, https:\/\/www.vallonchene.fr\/wp-content\/uploads\/2026\/02\/DAVIDIA-involucrata-Lady-Sunshine-768x768.webp 768w, https:\/\/www.vallonchene.fr\/wp-content\/uploads\/2026\/02\/DAVIDIA-involucrata-Lady-Sunshine-324x324.webp 324w, https:\/\/www.vallonchene.fr\/wp-content\/uploads\/2026\/02\/DAVIDIA-involucrata-Lady-Sunshine-416x416.webp 416w, https:\/\/www.vallonchene.fr\/wp-content\/uploads\/2026\/02\/DAVIDIA-involucrata-Lady-Sunshine-100x100.webp 100w, https:\/\/www.vallonchene.fr\/wp-content\/uploads\/2026\/02\/DAVIDIA-involucrata-Lady-Sunshine-32x32.webp 32w\" sizes=\"(max-width: 1024px) 100vw, 1024px\" \/><\/a><\/figure><div class=\"wp-block-media-text__content\">\n<h3 class=\"wp-block-heading has-normal-font-size\" id=\"h-davidia-involucrata-lady-sunshine\"><a href=\"https:\/\/www.vallonchene.fr\/en\/product\/davidia-involucrata-lady-sunshine\/#tab-title-description\"><strong>DAVIDIA involucrata &#8216;Lady Sunshine&#8217;<\/strong><\/a><\/h3>\n\n\n\n<p class=\"has-small-font-size\">5 February 2026<\/p>\n\n\n\n<p><em>DAVIDIA involucrata \u2018Lady Sunshine\u2019<\/em> is an extremely rare variegated handkerchief tree, highly sought after by collectors. Please note that this variegation is particularly stable, unlike\u2026<br><strong><a href=\"https:\/\/www.vallonchene.fr\/en\/product\/davidia-involucrata-lady-sunshine\/#tab-title-description\">Read more<\/a><\/strong><\/p>\n<\/div><\/div>\n\n\n\n<div class=\"wp-block-media-text is-stacked-on-mobile\" style=\"grid-template-columns:25% auto\"><figure class=\"wp-block-media-text__media\"><a href=\"https:\/\/www.vallonchene.fr\/en\/product\/juniperus-recurva-var-coxii\/#tab-title-description\"><img decoding=\"async\" width=\"1024\" height=\"1024\" src=\"https:\/\/www.vallonchene.fr\/wp-content\/uploads\/2025\/12\/IMG_20251007_114816.webp\" alt=\"A very old JUNIPERUS recurva coxii at Sheffield Park, United Kingdom\" class=\"wp-image-56588 size-medium\" srcset=\"https:\/\/www.vallonchene.fr\/wp-content\/uploads\/2025\/12\/IMG_20251007_114816.webp 1024w, https:\/\/www.vallonchene.fr\/wp-content\/uploads\/2025\/12\/IMG_20251007_114816-300x300.webp 300w, https:\/\/www.vallonchene.fr\/wp-content\/uploads\/2025\/12\/IMG_20251007_114816-150x150.webp 150w, https:\/\/www.vallonchene.fr\/wp-content\/uploads\/2025\/12\/IMG_20251007_114816-768x768.webp 768w, https:\/\/www.vallonchene.fr\/wp-content\/uploads\/2025\/12\/IMG_20251007_114816-324x324.webp 324w, https:\/\/www.vallonchene.fr\/wp-content\/uploads\/2025\/12\/IMG_20251007_114816-416x416.webp 416w, https:\/\/www.vallonchene.fr\/wp-content\/uploads\/2025\/12\/IMG_20251007_114816-100x100.webp 100w, https:\/\/www.vallonchene.fr\/wp-content\/uploads\/2025\/12\/IMG_20251007_114816-32x32.webp 32w\" sizes=\"(max-width: 1024px) 100vw, 1024px\" \/><\/a><\/figure><div class=\"wp-block-media-text__content\">\n<h3 class=\"wp-block-heading has-normal-font-size\" id=\"h-juniperus-recurva-var-coxii-juniperus-coxii\"><a href=\"https:\/\/www.vallonchene.fr\/en\/product\/juniperus-recurva-var-coxii\/#tab-title-description\"><strong>JUNIPERUS recurva var. coxii (JUNIPERUS coxii)<\/strong><\/a><\/h3>\n\n\n\n<p class=\"has-small-font-size\">28 January 2026<\/p>\n\n\n\n<p><em>JUNIPERUS recurva var. coxii <\/em>, also called Cox juniper or <em>JUNIPERUS coxii<\/em>, is a rare graceful Juniperus that comes to us from the Himalayas. Its pendulous branches give it an absolutely harmonious and supple appearance. It is a far more\u2026<br><strong><a href=\"https:\/\/www.vallonchene.fr\/en\/product\/juniperus-recurva-var-coxii\/#tab-title-description\">Read more<\/a><\/strong><\/p>\n<\/div><\/div>\n\n\n\n<div class=\"wp-block-media-text is-stacked-on-mobile\" style=\"grid-template-columns:25% auto\"><figure class=\"wp-block-media-text__media\"><a href=\"https:\/\/www.vallonchene.fr\/en\/product\/carpinus-fangiana\/#tab-title-description\"><img decoding=\"async\" width=\"1024\" height=\"1024\" src=\"https:\/\/www.vallonchene.fr\/wp-content\/uploads\/2025\/11\/CARPINUS-fangiana-1.webp\" alt=\"Leaves and flowers of a CARPINUS fangiana\" class=\"wp-image-56068 size-medium\" srcset=\"https:\/\/www.vallonchene.fr\/wp-content\/uploads\/2025\/11\/CARPINUS-fangiana-1.webp 1024w, https:\/\/www.vallonchene.fr\/wp-content\/uploads\/2025\/11\/CARPINUS-fangiana-1-300x300.webp 300w, https:\/\/www.vallonchene.fr\/wp-content\/uploads\/2025\/11\/CARPINUS-fangiana-1-150x150.webp 150w, https:\/\/www.vallonchene.fr\/wp-content\/uploads\/2025\/11\/CARPINUS-fangiana-1-768x768.webp 768w, https:\/\/www.vallonchene.fr\/wp-content\/uploads\/2025\/11\/CARPINUS-fangiana-1-324x324.webp 324w, https:\/\/www.vallonchene.fr\/wp-content\/uploads\/2025\/11\/CARPINUS-fangiana-1-416x416.webp 416w, https:\/\/www.vallonchene.fr\/wp-content\/uploads\/2025\/11\/CARPINUS-fangiana-1-100x100.webp 100w, https:\/\/www.vallonchene.fr\/wp-content\/uploads\/2025\/11\/CARPINUS-fangiana-1-32x32.webp 32w\" sizes=\"(max-width: 1024px) 100vw, 1024px\" \/><\/a><\/figure><div class=\"wp-block-media-text__content\">\n<h3 class=\"wp-block-heading has-normal-font-size\" id=\"h-carpinus-fangiana\"><a href=\"https:\/\/www.vallonchene.fr\/en\/product\/carpinus-fangiana\/#tab-title-description\"><strong>CARPINUS fangiana<\/strong><\/a><\/h3>\n\n\n\n<p class=\"has-small-font-size\">3 December 2025<\/p>\n\n\n\n<p>CARPINUS fangiana, also called&nbsp;Fang hornbeam or monkeytail hornbeam, is one of the extremely rare ornamental trees. It is distinguished above all by its&nbsp;enormous\u2026<br><strong><a href=\"https:\/\/www.vallonchene.fr\/en\/product\/carpinus-fangiana\/#tab-title-description\">Read more<\/a><\/strong><\/p>\n<\/div><\/div>\n\n\n\n<div class=\"wp-block-media-text is-stacked-on-mobile\" style=\"grid-template-columns:25% auto\"><figure class=\"wp-block-media-text__media\"><a href=\"https:\/\/www.vallonchene.fr\/en\/product\/callicarpa-kwangtungensis\/#tab-title-description\"><img decoding=\"async\" width=\"1024\" height=\"1024\" src=\"https:\/\/www.vallonchene.fr\/wp-content\/uploads\/2025\/11\/IMG_20251125_131421.webp\" alt=\"Flower buds of CALLICARPA kwangtungensis in autumn\" class=\"wp-image-55977 size-medium\" srcset=\"https:\/\/www.vallonchene.fr\/wp-content\/uploads\/2025\/11\/IMG_20251125_131421.webp 1024w, https:\/\/www.vallonchene.fr\/wp-content\/uploads\/2025\/11\/IMG_20251125_131421-300x300.webp 300w, https:\/\/www.vallonchene.fr\/wp-content\/uploads\/2025\/11\/IMG_20251125_131421-150x150.webp 150w, https:\/\/www.vallonchene.fr\/wp-content\/uploads\/2025\/11\/IMG_20251125_131421-768x768.webp 768w, https:\/\/www.vallonchene.fr\/wp-content\/uploads\/2025\/11\/IMG_20251125_131421-324x324.webp 324w, https:\/\/www.vallonchene.fr\/wp-content\/uploads\/2025\/11\/IMG_20251125_131421-416x416.webp 416w, https:\/\/www.vallonchene.fr\/wp-content\/uploads\/2025\/11\/IMG_20251125_131421-100x100.webp 100w, https:\/\/www.vallonchene.fr\/wp-content\/uploads\/2025\/11\/IMG_20251125_131421-32x32.webp 32w\" sizes=\"(max-width: 1024px) 100vw, 1024px\" \/><\/a><\/figure><div class=\"wp-block-media-text__content\">\n<h3 class=\"wp-block-heading has-normal-font-size\" id=\"h-callicarpa-kwangtungensis\"><a href=\"https:\/\/www.vallonchene.fr\/en\/product\/callicarpa-kwangtungensis\/#tab-title-description\"><strong>CALLICARPA kwangtungensis<\/strong><\/a><\/h3>\n\n\n\n<p class=\"has-small-font-size\">26 November 2025<\/p>\n\n\n\n<p>CALLICARPA kwangtungensis, also called&nbsp;Chinese beautyberry or simply beautyberry, is not comparable to other common forms of CALLICARPA. This shrub is&nbsp;particularly spectacular\u2026<br><strong><a href=\"https:\/\/www.vallonchene.fr\/en\/product\/callicarpa-kwangtungensis\/#tab-title-description\">Read more<\/a><\/strong><\/p>\n<\/div><\/div>\n\n\n\n<div class=\"wp-block-media-text is-stacked-on-mobile\" style=\"grid-template-columns:25% auto\"><figure class=\"wp-block-media-text__media\"><a href=\"https:\/\/www.vallonchene.fr\/en\/product\/davidia-involucrata-sonoma\/#tab-title-description\"><img decoding=\"async\" width=\"1000\" height=\"1000\" src=\"https:\/\/www.vallonchene.fr\/wp-content\/uploads\/2025\/11\/IMG_20180430_092430935.webp\" alt=\"White flowers with a red center of Davidia involucrata 'Sonoma'\" class=\"wp-image-55771 size-medium\" srcset=\"https:\/\/www.vallonchene.fr\/wp-content\/uploads\/2025\/11\/IMG_20180430_092430935.webp 1000w, https:\/\/www.vallonchene.fr\/wp-content\/uploads\/2025\/11\/IMG_20180430_092430935-300x300.webp 300w, https:\/\/www.vallonchene.fr\/wp-content\/uploads\/2025\/11\/IMG_20180430_092430935-150x150.webp 150w, https:\/\/www.vallonchene.fr\/wp-content\/uploads\/2025\/11\/IMG_20180430_092430935-768x768.webp 768w, https:\/\/www.vallonchene.fr\/wp-content\/uploads\/2025\/11\/IMG_20180430_092430935-324x324.webp 324w, https:\/\/www.vallonchene.fr\/wp-content\/uploads\/2025\/11\/IMG_20180430_092430935-416x416.webp 416w, https:\/\/www.vallonchene.fr\/wp-content\/uploads\/2025\/11\/IMG_20180430_092430935-100x100.webp 100w, https:\/\/www.vallonchene.fr\/wp-content\/uploads\/2025\/11\/IMG_20180430_092430935-32x32.webp 32w\" sizes=\"(max-width: 1000px) 100vw, 1000px\" \/><\/a><\/figure><div class=\"wp-block-media-text__content\">\n<h3 class=\"wp-block-heading has-normal-font-size\" id=\"h-davidia-involucrata-sonoma\"><a href=\"https:\/\/www.vallonchene.fr\/en\/product\/davidia-involucrata-sonoma\/#tab-title-description\"><strong>DAVIDIA involucrata &#8216;Sonoma&#8217;<\/strong><\/a><\/h3>\n\n\n\n<p class=\"has-small-font-size\">19 November 2025<\/p>\n\n\n\n<p>DAVIDIA involucrata \u2018Sonoma\u2019&nbsp;is a very rare and fairly recent form of the&nbsp;handkerchief tree. The flowers of this tree, whose&nbsp;bracts can reach 15 cm, look like\u2026<br><strong><a href=\"https:\/\/www.vallonchene.fr\/en\/product\/davidia-involucrata-sonoma\/#tab-title-description\">Read more<\/a><\/strong><\/p>\n<\/div><\/div>\n\n\n\n<div class=\"wp-block-media-text is-stacked-on-mobile\" style=\"grid-template-columns:25% auto\"><figure class=\"wp-block-media-text__media\"><a href=\"https:\/\/www.vallonchene.fr\/en\/product\/quercus-x-hispanica-waasland-select\/#tab-title-description\"><img decoding=\"async\" width=\"1024\" height=\"1024\" src=\"https:\/\/www.vallonchene.fr\/wp-content\/uploads\/2025\/11\/IMG_20251105_104124-1024x1024.webp\" alt=\"A QUERCUS x hispanica 'Waasland Select' about twenty years old in the Jardin de Vallonch\u00eane\" class=\"wp-image-55636 size-medium\" srcset=\"https:\/\/www.vallonchene.fr\/wp-content\/uploads\/2025\/11\/IMG_20251105_104124-1024x1024.webp 1024w, https:\/\/www.vallonchene.fr\/wp-content\/uploads\/2025\/11\/IMG_20251105_104124-300x300.webp 300w, https:\/\/www.vallonchene.fr\/wp-content\/uploads\/2025\/11\/IMG_20251105_104124-150x150.webp 150w, https:\/\/www.vallonchene.fr\/wp-content\/uploads\/2025\/11\/IMG_20251105_104124-768x768.webp 768w, https:\/\/www.vallonchene.fr\/wp-content\/uploads\/2025\/11\/IMG_20251105_104124-324x324.webp 324w, https:\/\/www.vallonchene.fr\/wp-content\/uploads\/2025\/11\/IMG_20251105_104124-416x416.webp 416w, https:\/\/www.vallonchene.fr\/wp-content\/uploads\/2025\/11\/IMG_20251105_104124-100x100.webp 100w, https:\/\/www.vallonchene.fr\/wp-content\/uploads\/2025\/11\/IMG_20251105_104124-32x32.webp 32w, https:\/\/www.vallonchene.fr\/wp-content\/uploads\/2025\/11\/IMG_20251105_104124-64x64.webp 64w, https:\/\/www.vallonchene.fr\/wp-content\/uploads\/2025\/11\/IMG_20251105_104124.webp 1200w\" sizes=\"(max-width: 1024px) 100vw, 1024px\" \/><\/a><\/figure><div class=\"wp-block-media-text__content\">\n<h3 class=\"wp-block-heading has-normal-font-size\" id=\"h-quercus-x-hispanica-waasland-select\"><a href=\"https:\/\/www.vallonchene.fr\/en\/product\/quercus-x-hispanica-waasland-select\/#tab-title-description\"><strong>QUERCUS x hispanica &#8216;Waasland Select&#8217;<\/strong><\/a><\/h3>\n\n\n\n<p class=\"has-small-font-size\">5 November 2025<\/p>\n\n\n\n<p>QUERCUS x hispanica \u2018Waasland Select\u2019 (syn. Q. hispanica \u2018Waasland\u2019), also known as hybrid Spanish oak, is a remarkable evergreen oak. Its lovely foliage, deep green on top and white\u2026<br><strong><a href=\"https:\/\/www.vallonchene.fr\/en\/product\/quercus-x-hispanica-waasland-select\/#tab-title-description\">Read more<\/a><\/strong> <\/p>\n<\/div><\/div>\n\n\n\n<div class=\"wp-block-media-text is-stacked-on-mobile\" style=\"grid-template-columns:25% auto\"><figure class=\"wp-block-media-text__media\"><a href=\"https:\/\/www.vallonchene.fr\/en\/product\/acer-cappadocicum-aureum-2\/#tab-title-description\"><img decoding=\"async\" width=\"1024\" height=\"1024\" src=\"https:\/\/www.vallonchene.fr\/wp-content\/uploads\/2025\/10\/IMG_20191105_105934-1024x1024.webp\" alt=\"Foliage of ACER cappadocicum 'Aureum' in a vibrant yellow-orange hue at its autumn peak<br&gt;\" class=\"wp-image-55509 size-medium\" srcset=\"https:\/\/www.vallonchene.fr\/wp-content\/uploads\/2025\/10\/IMG_20191105_105934-1024x1024.webp 1024w, https:\/\/www.vallonchene.fr\/wp-content\/uploads\/2025\/10\/IMG_20191105_105934-300x300.webp 300w, https:\/\/www.vallonchene.fr\/wp-content\/uploads\/2025\/10\/IMG_20191105_105934-150x150.webp 150w, https:\/\/www.vallonchene.fr\/wp-content\/uploads\/2025\/10\/IMG_20191105_105934-768x768.webp 768w, https:\/\/www.vallonchene.fr\/wp-content\/uploads\/2025\/10\/IMG_20191105_105934-324x324.webp 324w, https:\/\/www.vallonchene.fr\/wp-content\/uploads\/2025\/10\/IMG_20191105_105934-416x416.webp 416w, https:\/\/www.vallonchene.fr\/wp-content\/uploads\/2025\/10\/IMG_20191105_105934-100x100.webp 100w, https:\/\/www.vallonchene.fr\/wp-content\/uploads\/2025\/10\/IMG_20191105_105934-32x32.webp 32w, https:\/\/www.vallonchene.fr\/wp-content\/uploads\/2025\/10\/IMG_20191105_105934-64x64.webp 64w, https:\/\/www.vallonchene.fr\/wp-content\/uploads\/2025\/10\/IMG_20191105_105934.webp 1200w\" sizes=\"(max-width: 1024px) 100vw, 1024px\" \/><\/a><\/figure><div class=\"wp-block-media-text__content\">\n<h3 class=\"wp-block-heading has-normal-font-size\" id=\"h-acer-cappadocicum-aureum\"><a href=\"https:\/\/www.vallonchene.fr\/en\/product\/acer-cappadocicum-aureum-2\/#tab-title-description\"><strong>ACER cappadocicum &#8216;Aureum&#8217;<\/strong><\/a><\/h3>\n\n\n\n<p class=\"has-small-font-size\">29 October 2025<\/p>\n\n\n\n<p>ACER cappadocicum \u2018Aureum\u2019&nbsp;is one of the dazzling small trees in many respects. It is commonly called&nbsp;yellow Cappadocian maple. In spring, it develops&nbsp;bronze-red shoots&nbsp;that\u2026<br><strong><a href=\"https:\/\/www.vallonchene.fr\/en\/product\/acer-cappadocicum-aureum-2\/#tab-title-description\">Read more<\/a><\/strong> (description section)<\/p>\n<\/div><\/div>\n\n\n\n<div class=\"wp-block-media-text is-stacked-on-mobile\" style=\"grid-template-columns:25% auto\"><figure class=\"wp-block-media-text__media\"><a href=\"https:\/\/www.vallonchene.fr\/en\/product\/franklinia-alatamaha\/#tab-title-description\"><img decoding=\"async\" width=\"1024\" height=\"1024\" src=\"https:\/\/www.vallonchene.fr\/wp-content\/uploads\/2025\/10\/4248-8ae-FRANKLINIA-alatamaha-1024x1024.webp\" alt=\"White flowers with yellow centers of FRANKLINIA alatamaha, similar in size and shape to those of a camellia.\" class=\"wp-image-55285 size-medium\" srcset=\"https:\/\/www.vallonchene.fr\/wp-content\/uploads\/2025\/10\/4248-8ae-FRANKLINIA-alatamaha-1024x1024.webp 1024w, https:\/\/www.vallonchene.fr\/wp-content\/uploads\/2025\/10\/4248-8ae-FRANKLINIA-alatamaha-300x300.webp 300w, https:\/\/www.vallonchene.fr\/wp-content\/uploads\/2025\/10\/4248-8ae-FRANKLINIA-alatamaha-150x150.webp 150w, https:\/\/www.vallonchene.fr\/wp-content\/uploads\/2025\/10\/4248-8ae-FRANKLINIA-alatamaha-768x768.webp 768w, https:\/\/www.vallonchene.fr\/wp-content\/uploads\/2025\/10\/4248-8ae-FRANKLINIA-alatamaha-324x324.webp 324w, https:\/\/www.vallonchene.fr\/wp-content\/uploads\/2025\/10\/4248-8ae-FRANKLINIA-alatamaha-416x416.webp 416w, https:\/\/www.vallonchene.fr\/wp-content\/uploads\/2025\/10\/4248-8ae-FRANKLINIA-alatamaha-100x100.webp 100w, https:\/\/www.vallonchene.fr\/wp-content\/uploads\/2025\/10\/4248-8ae-FRANKLINIA-alatamaha-32x32.webp 32w, https:\/\/www.vallonchene.fr\/wp-content\/uploads\/2025\/10\/4248-8ae-FRANKLINIA-alatamaha-64x64.webp 64w, https:\/\/www.vallonchene.fr\/wp-content\/uploads\/2025\/10\/4248-8ae-FRANKLINIA-alatamaha.webp 1200w\" sizes=\"(max-width: 1024px) 100vw, 1024px\" \/><\/a><\/figure><div class=\"wp-block-media-text__content\">\n<h3 class=\"wp-block-heading has-normal-font-size\" id=\"h-franklinia-alatamaha\"><a href=\"https:\/\/www.vallonchene.fr\/en\/product\/franklinia-alatamaha\/#tab-title-description\"><strong>FRANKLINIA alatamaha<\/strong><\/a><\/h3>\n\n\n\n<p class=\"has-small-font-size\">22 October 2025<\/p>\n\n\n\n<p>The&nbsp;FRANKLINIA alatamaha, or&nbsp;Franklin tree, is an&nbsp;extremely rare&nbsp;species. We consider it a true botanical gem. This marvelous plant possesses&nbsp;remarkable ornamental\u2026<br><strong><a href=\"https:\/\/www.vallonchene.fr\/en\/product\/franklinia-alatamaha\/#tab-title-description\">Read more<\/a><\/strong> (description section)<\/p>\n<\/div><\/div>\n\n\n\n<div class=\"wp-block-media-text is-stacked-on-mobile\" style=\"grid-template-columns:25% auto\"><figure class=\"wp-block-media-text__media\"><a href=\"https:\/\/www.vallonchene.fr\/en\/product\/hamamelis-x-intermedia-double-gold\/#tab-title-description\"><img decoding=\"async\" width=\"1024\" height=\"1024\" src=\"https:\/\/www.vallonchene.fr\/wp-content\/uploads\/2025\/09\/20250511_144931-1024x1024.webp\" alt=\"Green foliage with yellow edges of HAMAMELIS x intermedia 'Double Gold' in spring\" class=\"wp-image-54954 size-medium\" srcset=\"https:\/\/www.vallonchene.fr\/wp-content\/uploads\/2025\/09\/20250511_144931-1024x1024.webp 1024w, https:\/\/www.vallonchene.fr\/wp-content\/uploads\/2025\/09\/20250511_144931-300x300.webp 300w, https:\/\/www.vallonchene.fr\/wp-content\/uploads\/2025\/09\/20250511_144931-150x150.webp 150w, https:\/\/www.vallonchene.fr\/wp-content\/uploads\/2025\/09\/20250511_144931-768x768.webp 768w, https:\/\/www.vallonchene.fr\/wp-content\/uploads\/2025\/09\/20250511_144931-324x324.webp 324w, https:\/\/www.vallonchene.fr\/wp-content\/uploads\/2025\/09\/20250511_144931-416x416.webp 416w, https:\/\/www.vallonchene.fr\/wp-content\/uploads\/2025\/09\/20250511_144931-100x100.webp 100w, https:\/\/www.vallonchene.fr\/wp-content\/uploads\/2025\/09\/20250511_144931-32x32.webp 32w, https:\/\/www.vallonchene.fr\/wp-content\/uploads\/2025\/09\/20250511_144931-64x64.webp 64w, https:\/\/www.vallonchene.fr\/wp-content\/uploads\/2025\/09\/20250511_144931.webp 1200w\" sizes=\"(max-width: 1024px) 100vw, 1024px\" \/><\/a><\/figure><div class=\"wp-block-media-text__content\">\n<h3 class=\"wp-block-heading has-normal-font-size\" id=\"h-hamamelis-x-intermedia-double-gold\"><a href=\"https:\/\/www.vallonchene.fr\/en\/product\/hamamelis-x-intermedia-double-gold\/#tab-title-description\"><strong>HAMAMELIS x intermedia &#8216;Double Gold&#8217;<\/strong><\/a><\/h3>\n\n\n\n<p class=\"has-small-font-size\">16 October 2025<\/p>\n\n\n\n<p>HAMAMELIS x intermedia \u2018Double Gold\u2019&nbsp;is a very&nbsp;rare and particularly interesting witch hazel. Its variegated foliage, green with yellow edges, is exceptional for this species. It makes\u2026<br><strong><a href=\"https:\/\/www.vallonchene.fr\/en\/product\/hamamelis-x-intermedia-double-gold\/#tab-title-description\">Read more<\/a><\/strong> (description section)<\/p>\n<\/div><\/div>\n\n\n\n<div class=\"wp-block-media-text is-stacked-on-mobile\" style=\"grid-template-columns:25% auto\"><figure class=\"wp-block-media-text__media\"><a href=\"https:\/\/www.vallonchene.fr\/en\/product\/aesculus-hippocastanum-f-laciniata\/#tab-title-description\"><img decoding=\"async\" width=\"1024\" height=\"1024\" src=\"https:\/\/www.vallonchene.fr\/wp-content\/uploads\/2025\/10\/IMG_20251001_100030-1024x1024.webp\" alt=\"Close-up of the laciniate foliage of AESCULUS hippocastanum f. laciniata\" class=\"wp-image-55027 size-medium\" srcset=\"https:\/\/www.vallonchene.fr\/wp-content\/uploads\/2025\/10\/IMG_20251001_100030-1024x1024.webp 1024w, https:\/\/www.vallonchene.fr\/wp-content\/uploads\/2025\/10\/IMG_20251001_100030-300x300.webp 300w, https:\/\/www.vallonchene.fr\/wp-content\/uploads\/2025\/10\/IMG_20251001_100030-150x150.webp 150w, https:\/\/www.vallonchene.fr\/wp-content\/uploads\/2025\/10\/IMG_20251001_100030-768x768.webp 768w, https:\/\/www.vallonchene.fr\/wp-content\/uploads\/2025\/10\/IMG_20251001_100030-324x324.webp 324w, https:\/\/www.vallonchene.fr\/wp-content\/uploads\/2025\/10\/IMG_20251001_100030-416x416.webp 416w, https:\/\/www.vallonchene.fr\/wp-content\/uploads\/2025\/10\/IMG_20251001_100030-100x100.webp 100w, https:\/\/www.vallonchene.fr\/wp-content\/uploads\/2025\/10\/IMG_20251001_100030-32x32.webp 32w, https:\/\/www.vallonchene.fr\/wp-content\/uploads\/2025\/10\/IMG_20251001_100030-64x64.webp 64w, https:\/\/www.vallonchene.fr\/wp-content\/uploads\/2025\/10\/IMG_20251001_100030.webp 1200w\" sizes=\"(max-width: 1024px) 100vw, 1024px\" \/><\/a><\/figure><div class=\"wp-block-media-text__content\">\n<h3 class=\"wp-block-heading has-normal-font-size\" id=\"h-aesculus-hippocastanum-f-laciniata\"><a href=\"https:\/\/www.vallonchene.fr\/en\/product\/aesculus-hippocastanum-f-laciniata\/#tab-title-description\"><strong>AESCULUS hippocastanum f. laciniata<\/strong><\/a><\/h3>\n\n\n\n<p class=\"has-small-font-size\">1 October 2025<\/p>\n\n\n\n<p>AESCULUS hippocastanum f. laciniata&nbsp;represents a rare and elegant form of the&nbsp;horse chestnut. Its foliage is finely laciniate and grows literally in strips with filaments. It remains\u2026<br><strong><a href=\"https:\/\/www.vallonchene.fr\/en\/product\/aesculus-hippocastanum-f-laciniata\/#tab-title-description\">Read more<\/a><\/strong> (description section)<\/p>\n<\/div><\/div>\n\n\n\n<div class=\"wp-block-media-text is-stacked-on-mobile\" style=\"grid-template-columns:25% auto\"><figure class=\"wp-block-media-text__media\"><a href=\"https:\/\/www.vallonchene.fr\/en\/product\/pinus-strobus-blue-clovers-eastern-white-pine-weymouth-pine-soft-pine\/#tab-title-description\"><img decoding=\"async\" width=\"1024\" height=\"1024\" src=\"https:\/\/www.vallonchene.fr\/wp-content\/uploads\/2025\/09\/IMG_20211119_145020-1024x1024.jpg\" alt=\"Bluish needles of PINUS strobus 'Blue Clovers'\" class=\"wp-image-54835 size-medium\" srcset=\"https:\/\/www.vallonchene.fr\/wp-content\/uploads\/2025\/09\/IMG_20211119_145020-1024x1024.jpg 1024w, https:\/\/www.vallonchene.fr\/wp-content\/uploads\/2025\/09\/IMG_20211119_145020-300x300.jpg 300w, https:\/\/www.vallonchene.fr\/wp-content\/uploads\/2025\/09\/IMG_20211119_145020-150x150.jpg 150w, https:\/\/www.vallonchene.fr\/wp-content\/uploads\/2025\/09\/IMG_20211119_145020-768x768.jpg 768w, https:\/\/www.vallonchene.fr\/wp-content\/uploads\/2025\/09\/IMG_20211119_145020-324x324.jpg 324w, https:\/\/www.vallonchene.fr\/wp-content\/uploads\/2025\/09\/IMG_20211119_145020-416x416.jpg 416w, https:\/\/www.vallonchene.fr\/wp-content\/uploads\/2025\/09\/IMG_20211119_145020-100x100.jpg 100w, https:\/\/www.vallonchene.fr\/wp-content\/uploads\/2025\/09\/IMG_20211119_145020-32x32.jpg 32w, https:\/\/www.vallonchene.fr\/wp-content\/uploads\/2025\/09\/IMG_20211119_145020-64x64.jpg 64w, https:\/\/www.vallonchene.fr\/wp-content\/uploads\/2025\/09\/IMG_20211119_145020.jpg 1200w\" sizes=\"(max-width: 1024px) 100vw, 1024px\" \/><\/a><\/figure><div class=\"wp-block-media-text__content\">\n<h3 class=\"wp-block-heading has-normal-font-size\" id=\"h-pinus-strobus-blue-clovers\"><a href=\"https:\/\/www.vallonchene.fr\/en\/product\/pinus-strobus-blue-clovers-eastern-white-pine-weymouth-pine-soft-pine\/#tab-title-description\"><strong>PINUS strobus &#8216;Blue Clovers&#8217;<\/strong><\/a><\/h3>\n\n\n\n<p class=\"has-small-font-size\">24 September 2025<\/p>\n\n\n\n<p>PINUS strobus \u2018Blue Clovers\u2019&nbsp;surprises with its&nbsp;lovely, very fine needles&nbsp;and a&nbsp;rather pronounced blue color&nbsp;in spring. They are&nbsp;not prickly&nbsp;and give this Weymouth pine a\u2026<br><strong><a href=\"https:\/\/www.vallonchene.fr\/en\/product\/pinus-strobus-blue-clovers-eastern-white-pine-weymouth-pine-soft-pine\/#tab-title-description\">Read more<\/a><\/strong> (description section)<\/p>\n<\/div><\/div>\n\n\n\n<div class=\"wp-block-media-text is-stacked-on-mobile\" style=\"grid-template-columns:25% auto\"><figure class=\"wp-block-media-text__media\"><a href=\"https:\/\/www.vallonchene.fr\/en\/product\/deutzia-scabra-punctata\/#tab-title-description\"><img decoding=\"async\" width=\"1024\" height=\"1024\" src=\"https:\/\/www.vallonchene.fr\/wp-content\/uploads\/2025\/09\/IMG_20250910_110056-1024x1024.webp\" alt=\"Deutzia scabra 'Punctata' has dark green, spotted summer foliage\" class=\"wp-image-54639 size-medium\" srcset=\"https:\/\/www.vallonchene.fr\/wp-content\/uploads\/2025\/09\/IMG_20250910_110056-1024x1024.webp 1024w, https:\/\/www.vallonchene.fr\/wp-content\/uploads\/2025\/09\/IMG_20250910_110056-300x300.webp 300w, https:\/\/www.vallonchene.fr\/wp-content\/uploads\/2025\/09\/IMG_20250910_110056-150x150.webp 150w, https:\/\/www.vallonchene.fr\/wp-content\/uploads\/2025\/09\/IMG_20250910_110056-768x768.webp 768w, https:\/\/www.vallonchene.fr\/wp-content\/uploads\/2025\/09\/IMG_20250910_110056-324x324.webp 324w, https:\/\/www.vallonchene.fr\/wp-content\/uploads\/2025\/09\/IMG_20250910_110056-416x416.webp 416w, https:\/\/www.vallonchene.fr\/wp-content\/uploads\/2025\/09\/IMG_20250910_110056-100x100.webp 100w, https:\/\/www.vallonchene.fr\/wp-content\/uploads\/2025\/09\/IMG_20250910_110056-32x32.webp 32w, https:\/\/www.vallonchene.fr\/wp-content\/uploads\/2025\/09\/IMG_20250910_110056-64x64.webp 64w, https:\/\/www.vallonchene.fr\/wp-content\/uploads\/2025\/09\/IMG_20250910_110056.webp 1200w\" sizes=\"(max-width: 1024px) 100vw, 1024px\" \/><\/a><\/figure><div class=\"wp-block-media-text__content\">\n<h3 class=\"wp-block-heading has-normal-font-size\" id=\"h-deutzia-scabra-punctata\"><a href=\"https:\/\/www.vallonchene.fr\/en\/product\/deutzia-scabra-punctata\/#tab-title-description\"><strong>DEUTZIA scabra &#8216;Punctata&#8217;<\/strong><\/a><\/h3>\n\n\n\n<p class=\"has-small-font-size\">11 September 2025<\/p>\n\n\n\n<p>DEUTZIA scabra \u2018Punctata\u2019 is a rough deutzia that develops magnificent white leaves speckled with green. The more you plant it in the shade, the more pronounced the\u2026<br><strong><a href=\"https:\/\/www.vallonchene.fr\/en\/product\/deutzia-scabra-punctata\/#tab-title-description\">Read more<\/a><\/strong> (description section)<\/p>\n<\/div><\/div>\n\n\n\n<div class=\"wp-block-media-text is-stacked-on-mobile\" style=\"grid-template-columns:25% auto\"><figure class=\"wp-block-media-text__media\"><a href=\"https:\/\/www.vallonchene.fr\/en\/product\/cornus-sanguinea-compressa\/#tab-title-description\"><img decoding=\"async\" src=\"https:\/\/www.vallonchene.fr\/wp-content\/uploads\/2023\/07\/CORNUS-sanguinea-Compressa.webp\" alt=\"Dark green foliage of CORNUS sanguinea 'Compressa'\" class=\"wp-image-42003 size-medium\"\/><\/a><\/figure><div class=\"wp-block-media-text__content\">\n<h3 class=\"wp-block-heading has-normal-font-size\" id=\"h-cornus-sanguinea-compressa\"><a href=\"https:\/\/www.vallonchene.fr\/en\/product\/ginkgo-biloba-mariken\/#tab-title-description\"><strong>CORNUS sanguinea &#8216;Compressa&#8217;<\/strong><\/a><\/h3>\n\n\n\n<p class=\"has-small-font-size\">4 September 2025<\/p>\n\n\n\n<p>Cornus sanguinea \u2018Compressa\u2019&nbsp;is a&nbsp;dwarf dogwood&nbsp;with crinkled foliage and an architectural habit. It is ideal for small gardens, bonsai, and lovers of original forms. Easy to plant, low\u2026<br><strong><a href=\"https:\/\/www.vallonchene.fr\/en\/product\/cornus-sanguinea-compressa\/#tab-title-description\">Read more<\/a><\/strong> (description section)<\/p>\n<\/div><\/div>\n\n\n\n<div class=\"wp-block-media-text is-stacked-on-mobile is-image-fill-element\" style=\"grid-template-columns:25% auto\"><figure class=\"wp-block-media-text__media\"><a href=\"https:\/\/www.vallonchene.fr\/en\/garden-trees-natural-air-conditioners-carbon-capturers-and-silent-heroes\/\"><img decoding=\"async\" width=\"1024\" height=\"683\" src=\"https:\/\/www.vallonchene.fr\/wp-content\/uploads\/2025\/07\/Personnes-a-lombre-dun-abre-1024x683.webp\" alt=\"Relaxation in the shade of a tree\" class=\"wp-image-54167 size-medium\" style=\"object-position:50% 50%\" srcset=\"https:\/\/www.vallonchene.fr\/wp-content\/uploads\/2025\/07\/Personnes-a-lombre-dun-abre-1024x683.webp 1024w, https:\/\/www.vallonchene.fr\/wp-content\/uploads\/2025\/07\/Personnes-a-lombre-dun-abre-300x200.webp 300w, https:\/\/www.vallonchene.fr\/wp-content\/uploads\/2025\/07\/Personnes-a-lombre-dun-abre-768x512.webp 768w, https:\/\/www.vallonchene.fr\/wp-content\/uploads\/2025\/07\/Personnes-a-lombre-dun-abre-416x277.webp 416w, https:\/\/www.vallonchene.fr\/wp-content\/uploads\/2025\/07\/Personnes-a-lombre-dun-abre-64x43.webp 64w, https:\/\/www.vallonchene.fr\/wp-content\/uploads\/2025\/07\/Personnes-a-lombre-dun-abre.webp 1200w\" sizes=\"(max-width: 1024px) 100vw, 1024px\" \/><\/a><\/figure><div class=\"wp-block-media-text__content\">\n<h3 class=\"wp-block-heading has-normal-font-size\" id=\"h-garden-trees-natural-air-conditioners-carbon-capturers-and-silent-heroes\"><a href=\"https:\/\/www.vallonchene.fr\/en\/garden-trees-natural-air-conditioners-carbon-capturers-and-silent-heroes\/\"><strong>Garden trees: natural air conditioners, carbon capturers, and silent heroes<\/strong><\/a><\/h3>\n\n\n\n<p class=\"has-small-font-size\">2 July 2025<\/p>\n\n\n\n<p>As global temperatures rise and cities become heat islands, trees emerge as our most elegant allies. They cool the air through\u2026<br><strong><a href=\"https:\/\/www.vallonchene.fr\/en\/garden-trees-natural-air-conditioners-carbon-capturers-and-silent-heroes\/\">Read more<\/a><\/strong><\/p>\n<\/div><\/div>\n\n\n\n<div class=\"wp-block-media-text is-stacked-on-mobile\" style=\"grid-template-columns:25% auto\"><figure class=\"wp-block-media-text__media\"><a href=\"https:\/\/www.vallonchene.fr\/en\/product\/ginkgo-biloba-mariken\/#tab-title-description\"><img decoding=\"async\" width=\"1024\" height=\"1024\" src=\"https:\/\/www.vallonchene.fr\/wp-content\/uploads\/2025\/06\/IMG_20250611_101043-1024x1024.webp\" alt=\"Overhead view showcasing the foliage of GINKGO biloba 'Mariken'\" class=\"wp-image-54034 size-medium\" srcset=\"https:\/\/www.vallonchene.fr\/wp-content\/uploads\/2025\/06\/IMG_20250611_101043-1024x1024.webp 1024w, https:\/\/www.vallonchene.fr\/wp-content\/uploads\/2025\/06\/IMG_20250611_101043-300x300.webp 300w, https:\/\/www.vallonchene.fr\/wp-content\/uploads\/2025\/06\/IMG_20250611_101043-150x150.webp 150w, https:\/\/www.vallonchene.fr\/wp-content\/uploads\/2025\/06\/IMG_20250611_101043-768x768.webp 768w, https:\/\/www.vallonchene.fr\/wp-content\/uploads\/2025\/06\/IMG_20250611_101043-324x324.webp 324w, https:\/\/www.vallonchene.fr\/wp-content\/uploads\/2025\/06\/IMG_20250611_101043-416x416.webp 416w, https:\/\/www.vallonchene.fr\/wp-content\/uploads\/2025\/06\/IMG_20250611_101043-100x100.webp 100w, https:\/\/www.vallonchene.fr\/wp-content\/uploads\/2025\/06\/IMG_20250611_101043-32x32.webp 32w, https:\/\/www.vallonchene.fr\/wp-content\/uploads\/2025\/06\/IMG_20250611_101043-64x64.webp 64w, https:\/\/www.vallonchene.fr\/wp-content\/uploads\/2025\/06\/IMG_20250611_101043.webp 1200w\" sizes=\"(max-width: 1024px) 100vw, 1024px\" \/><\/a><\/figure><div class=\"wp-block-media-text__content\">\n<h3 class=\"wp-block-heading has-normal-font-size\" id=\"h-ginkgo-biloba-mariken\"><a href=\"https:\/\/www.vallonchene.fr\/en\/product\/ginkgo-biloba-mariken\/#tab-title-description\"><strong>GINKGO biloba &#8216;Mariken&#8217;<\/strong><\/a><\/h3>\n\n\n\n<p class=\"has-small-font-size\">12 June 2025<\/p>\n\n\n\n<p>The GINKGO biloba \u2018Mariken\u2019 is a miniature maidenhair tree. Unlike its rather upright ancestors, it grows only a few centimeters per year in a globular and compact shape. However, this tiny\u2026<br><strong><a href=\"https:\/\/www.vallonchene.fr\/en\/product\/ginkgo-biloba-mariken\/#tab-title-description\">Read more<\/a><\/strong> (description section)<\/p>\n<\/div><\/div>\n\n\n\n<div class=\"wp-block-media-text is-stacked-on-mobile\" style=\"grid-template-columns:25% auto\"><figure class=\"wp-block-media-text__media\"><a href=\"https:\/\/www.vallonchene.fr\/en\/product\/betula-pendula-ssp-pendula-karaca-r\/#tab-title-description\"><img decoding=\"async\" width=\"1024\" height=\"1024\" src=\"https:\/\/www.vallonchene.fr\/wp-content\/uploads\/2025\/05\/BETULA-pendula-ssp.-pendula-Karaca-R-1024x1024.webp\" alt=\"Le feuillage du Betula pendula ssp. pendula 'Karaca' est fin comme de la dentelle\" class=\"wp-image-53957 size-medium\" srcset=\"https:\/\/www.vallonchene.fr\/wp-content\/uploads\/2025\/05\/BETULA-pendula-ssp.-pendula-Karaca-R-1024x1024.webp 1024w, https:\/\/www.vallonchene.fr\/wp-content\/uploads\/2025\/05\/BETULA-pendula-ssp.-pendula-Karaca-R-300x300.webp 300w, https:\/\/www.vallonchene.fr\/wp-content\/uploads\/2025\/05\/BETULA-pendula-ssp.-pendula-Karaca-R-150x150.webp 150w, https:\/\/www.vallonchene.fr\/wp-content\/uploads\/2025\/05\/BETULA-pendula-ssp.-pendula-Karaca-R-768x768.webp 768w, https:\/\/www.vallonchene.fr\/wp-content\/uploads\/2025\/05\/BETULA-pendula-ssp.-pendula-Karaca-R-324x324.webp 324w, https:\/\/www.vallonchene.fr\/wp-content\/uploads\/2025\/05\/BETULA-pendula-ssp.-pendula-Karaca-R-416x416.webp 416w, https:\/\/www.vallonchene.fr\/wp-content\/uploads\/2025\/05\/BETULA-pendula-ssp.-pendula-Karaca-R-100x100.webp 100w, https:\/\/www.vallonchene.fr\/wp-content\/uploads\/2025\/05\/BETULA-pendula-ssp.-pendula-Karaca-R-32x32.webp 32w, https:\/\/www.vallonchene.fr\/wp-content\/uploads\/2025\/05\/BETULA-pendula-ssp.-pendula-Karaca-R-64x64.webp 64w, https:\/\/www.vallonchene.fr\/wp-content\/uploads\/2025\/05\/BETULA-pendula-ssp.-pendula-Karaca-R.webp 1200w\" sizes=\"(max-width: 1024px) 100vw, 1024px\" \/><\/a><\/figure><div class=\"wp-block-media-text__content\">\n<h3 class=\"wp-block-heading has-normal-font-size\" id=\"h-betula-pendula-ssp-pendula-karaca\"><a href=\"https:\/\/www.vallonchene.fr\/en\/product\/betula-pendula-ssp-pendula-karaca-r\/#tab-title-description\"><strong>BETULA pendula ssp. pendula &#8216;Karaca&#8217;<\/strong><\/a><\/h3>\n\n\n\n<p class=\"has-small-font-size\">28 May 2025<\/p>\n\n\n\n<p>BETULA pendula ssp. pendula \u2018Karaca\u2019 (R) is a fascinating silver birch. Indeed, the leaves are extremely fine, like lace. One could even describe them as clusters of threads. They resemble those of\u2026<br><strong><a href=\"https:\/\/www.vallonchene.fr\/en\/product\/betula-pendula-ssp-pendula-karaca-r\/#tab-title-description\">Read more<\/a><\/strong> (description section)<\/p>\n<\/div><\/div>\n\n\n\n<div class=\"wp-block-media-text is-stacked-on-mobile\" style=\"grid-template-columns:25% auto\"><figure class=\"wp-block-media-text__media\"><a href=\"https:\/\/www.vallonchene.fr\/en\/product\/acer-pseuodplatanus-f-variegatum-simon-louis-freres-sycamore-maple\/#tab-title-description\"><img decoding=\"async\" width=\"999\" height=\"999\" src=\"https:\/\/www.vallonchene.fr\/wp-content\/uploads\/2023\/09\/ACER-pseudoplatanus-Simon-Louis-Freres.webp\" alt=\"Pink spring foliage of ACER pseudoplatanus 'Simon-Louis Fr\u00e8res'\" class=\"wp-image-43527 size-medium\" srcset=\"https:\/\/www.vallonchene.fr\/wp-content\/uploads\/2023\/09\/ACER-pseudoplatanus-Simon-Louis-Freres.webp 999w, https:\/\/www.vallonchene.fr\/wp-content\/uploads\/2023\/09\/ACER-pseudoplatanus-Simon-Louis-Freres-324x324.webp 324w, https:\/\/www.vallonchene.fr\/wp-content\/uploads\/2023\/09\/ACER-pseudoplatanus-Simon-Louis-Freres-100x100.webp 100w, https:\/\/www.vallonchene.fr\/wp-content\/uploads\/2023\/09\/ACER-pseudoplatanus-Simon-Louis-Freres-416x416.webp 416w, https:\/\/www.vallonchene.fr\/wp-content\/uploads\/2023\/09\/ACER-pseudoplatanus-Simon-Louis-Freres-64x64.webp 64w, https:\/\/www.vallonchene.fr\/wp-content\/uploads\/2023\/09\/ACER-pseudoplatanus-Simon-Louis-Freres-300x300.webp 300w, https:\/\/www.vallonchene.fr\/wp-content\/uploads\/2023\/09\/ACER-pseudoplatanus-Simon-Louis-Freres-150x150.webp 150w, https:\/\/www.vallonchene.fr\/wp-content\/uploads\/2023\/09\/ACER-pseudoplatanus-Simon-Louis-Freres-768x768.webp 768w, https:\/\/www.vallonchene.fr\/wp-content\/uploads\/2023\/09\/ACER-pseudoplatanus-Simon-Louis-Freres-32x32.webp 32w\" sizes=\"(max-width: 999px) 100vw, 999px\" \/><\/a><\/figure><div class=\"wp-block-media-text__content\">\n<h3 class=\"wp-block-heading has-normal-font-size\" id=\"h-acer-pseudoplatanus-f-variegatum-simon-louis-freres\"><a href=\"https:\/\/www.vallonchene.fr\/en\/product\/acer-pseuodplatanus-f-variegatum-simon-louis-freres-sycamore-maple\/#tab-title-description\"><strong>ACER pseudoplatanus f. variegatum &#8216;Simon-Louis Fr\u00e8res&#8217;<\/strong><\/a><\/h3>\n\n\n\n<p class=\"has-small-font-size\">21 May 2025<\/p>\n\n\n\n<p>ACER pseudoplatanus f. variegatum \u2018Simon-Louis Fr\u00e8res\u2019 is part of the sycamore maples and produces spectacular colors. Indeed, in spring, it begins its performance with distinctly\u2026<br><strong><a href=\"https:\/\/www.vallonchene.fr\/en\/product\/acer-pseuodplatanus-f-variegatum-simon-louis-freres-sycamore-maple\/#tab-title-description\">Read more<\/a><\/strong> (description section)<\/p>\n<\/div><\/div>\n\n\n\n<div class=\"wp-block-media-text is-stacked-on-mobile\" style=\"grid-template-columns:25% auto\"><figure class=\"wp-block-media-text__media\"><a href=\"https:\/\/www.vallonchene.fr\/en\/product\/populus-tremula-erecta-fastigiata-aspen-eurasian-aspen-european-aspen\/#tab-title-description\"><img decoding=\"async\" width=\"1024\" height=\"1024\" src=\"https:\/\/www.vallonchene.fr\/wp-content\/uploads\/2025\/05\/POPULUS-tremula-Erecta_02-1024x1024.webp\" alt=\"Two POPULUS tremula 'Erecta' (Fastigiata) with a very small footprint\" class=\"wp-image-53824 size-medium\" srcset=\"https:\/\/www.vallonchene.fr\/wp-content\/uploads\/2025\/05\/POPULUS-tremula-Erecta_02-1024x1024.webp 1024w, https:\/\/www.vallonchene.fr\/wp-content\/uploads\/2025\/05\/POPULUS-tremula-Erecta_02-300x300.webp 300w, https:\/\/www.vallonchene.fr\/wp-content\/uploads\/2025\/05\/POPULUS-tremula-Erecta_02-150x150.webp 150w, https:\/\/www.vallonchene.fr\/wp-content\/uploads\/2025\/05\/POPULUS-tremula-Erecta_02-768x768.webp 768w, https:\/\/www.vallonchene.fr\/wp-content\/uploads\/2025\/05\/POPULUS-tremula-Erecta_02-324x324.webp 324w, https:\/\/www.vallonchene.fr\/wp-content\/uploads\/2025\/05\/POPULUS-tremula-Erecta_02-416x416.webp 416w, https:\/\/www.vallonchene.fr\/wp-content\/uploads\/2025\/05\/POPULUS-tremula-Erecta_02-100x100.webp 100w, https:\/\/www.vallonchene.fr\/wp-content\/uploads\/2025\/05\/POPULUS-tremula-Erecta_02-32x32.webp 32w, https:\/\/www.vallonchene.fr\/wp-content\/uploads\/2025\/05\/POPULUS-tremula-Erecta_02-64x64.webp 64w, https:\/\/www.vallonchene.fr\/wp-content\/uploads\/2025\/05\/POPULUS-tremula-Erecta_02.webp 1200w\" sizes=\"(max-width: 1024px) 100vw, 1024px\" \/><\/a><\/figure><div class=\"wp-block-media-text__content\">\n<h3 class=\"wp-block-heading has-normal-font-size\" id=\"h-populus-tremula-erecta\"><a href=\"https:\/\/www.vallonchene.fr\/en\/product\/populus-tremula-erecta-fastigiata-aspen-eurasian-aspen-european-aspen\/#tab-title-description\"><strong>POPULUS tremula &#8216;Erecta&#8217;<\/strong><\/a><\/h3>\n\n\n\n<p class=\"has-small-font-size\">14 May 2025<\/p>\n\n\n\n<p>The POPULUS tremula \u2018Erecta\u2019 (syn. Fastigiata), commonly known as the fastigiate quaking aspen, provides an important structural and decorative element for any garden, whether large or small. Indeed, this\u2026<br><strong><a href=\"https:\/\/www.vallonchene.fr\/en\/product\/populus-tremula-erecta-fastigiata-aspen-eurasian-aspen-european-aspen\/#tab-title-description\">Read more<\/a><\/strong> (description section)<\/p>\n<\/div><\/div>\n\n\n\n<div class=\"wp-block-media-text is-stacked-on-mobile\" style=\"grid-template-columns:25% auto\"><figure class=\"wp-block-media-text__media\"><a href=\"https:\/\/www.vallonchene.fr\/en\/product\/juglans-regia-purpurea\/#tab-title-description\"><img decoding=\"async\" width=\"1024\" height=\"1024\" src=\"https:\/\/www.vallonchene.fr\/wp-content\/uploads\/2025\/05\/JUGLANS-regia-Purpurea-1024x1024.webp\" alt=\"Purple foliage of JUGLANS regia 'Purpurea'\" class=\"wp-image-53770 size-medium\" srcset=\"https:\/\/www.vallonchene.fr\/wp-content\/uploads\/2025\/05\/JUGLANS-regia-Purpurea-1024x1024.webp 1024w, https:\/\/www.vallonchene.fr\/wp-content\/uploads\/2025\/05\/JUGLANS-regia-Purpurea-300x300.webp 300w, https:\/\/www.vallonchene.fr\/wp-content\/uploads\/2025\/05\/JUGLANS-regia-Purpurea-150x150.webp 150w, https:\/\/www.vallonchene.fr\/wp-content\/uploads\/2025\/05\/JUGLANS-regia-Purpurea-768x768.webp 768w, https:\/\/www.vallonchene.fr\/wp-content\/uploads\/2025\/05\/JUGLANS-regia-Purpurea-324x324.webp 324w, https:\/\/www.vallonchene.fr\/wp-content\/uploads\/2025\/05\/JUGLANS-regia-Purpurea-416x416.webp 416w, https:\/\/www.vallonchene.fr\/wp-content\/uploads\/2025\/05\/JUGLANS-regia-Purpurea-100x100.webp 100w, https:\/\/www.vallonchene.fr\/wp-content\/uploads\/2025\/05\/JUGLANS-regia-Purpurea-32x32.webp 32w, https:\/\/www.vallonchene.fr\/wp-content\/uploads\/2025\/05\/JUGLANS-regia-Purpurea-64x64.webp 64w, https:\/\/www.vallonchene.fr\/wp-content\/uploads\/2025\/05\/JUGLANS-regia-Purpurea.webp 1200w\" sizes=\"(max-width: 1024px) 100vw, 1024px\" \/><\/a><\/figure><div class=\"wp-block-media-text__content\">\n<h3 class=\"wp-block-heading has-normal-font-size\" id=\"h-juglans-regia-purpurea\"><a href=\"https:\/\/www.vallonchene.fr\/en\/product\/juglans-regia-purpurea\/#tab-title-description\"><strong>JUGLANS regia &#8216;Purpurea&#8217;<\/strong><\/a><\/h3>\n\n\n\n<p class=\"has-small-font-size\">7 May 2025<\/p>\n\n\n\n<p>The Juglans regia \u2018Purpurea\u2019, commonly known as the purple walnut, develops, as its name suggests, a magnificent purple-coloured foliage. In spring, it is lighter, whereas in summer, the tones become\u2026<br><strong><a href=\"https:\/\/www.vallonchene.fr\/en\/product\/juglans-regia-purpurea\/#tab-title-description\">Read more<\/a><\/strong> (description section)<\/p>\n<\/div><\/div>\n\n\n\n<div class=\"wp-block-media-text is-stacked-on-mobile\" style=\"grid-template-columns:25% auto\"><figure class=\"wp-block-media-text__media\"><a href=\"https:\/\/www.vallonchene.fr\/en\/product\/cornus-x-rutgersensis-celestial-shadow-japanese-dogwood\/#tab-title-description\"><img decoding=\"async\" width=\"1024\" height=\"1024\" src=\"https:\/\/www.vallonchene.fr\/wp-content\/uploads\/2025\/04\/CORNUS-x-rutgersensis-Celestial-Shadow-1024x1024.webp\" alt=\"Starting white flowers and green leaves with bright yellow border of CORNUS x rutgersensis 'Celestial Shadow'\" class=\"wp-image-53710 size-medium\" srcset=\"https:\/\/www.vallonchene.fr\/wp-content\/uploads\/2025\/04\/CORNUS-x-rutgersensis-Celestial-Shadow-1024x1024.webp 1024w, https:\/\/www.vallonchene.fr\/wp-content\/uploads\/2025\/04\/CORNUS-x-rutgersensis-Celestial-Shadow-300x300.webp 300w, https:\/\/www.vallonchene.fr\/wp-content\/uploads\/2025\/04\/CORNUS-x-rutgersensis-Celestial-Shadow-150x150.webp 150w, https:\/\/www.vallonchene.fr\/wp-content\/uploads\/2025\/04\/CORNUS-x-rutgersensis-Celestial-Shadow-768x768.webp 768w, https:\/\/www.vallonchene.fr\/wp-content\/uploads\/2025\/04\/CORNUS-x-rutgersensis-Celestial-Shadow-324x324.webp 324w, https:\/\/www.vallonchene.fr\/wp-content\/uploads\/2025\/04\/CORNUS-x-rutgersensis-Celestial-Shadow-416x416.webp 416w, https:\/\/www.vallonchene.fr\/wp-content\/uploads\/2025\/04\/CORNUS-x-rutgersensis-Celestial-Shadow-100x100.webp 100w, https:\/\/www.vallonchene.fr\/wp-content\/uploads\/2025\/04\/CORNUS-x-rutgersensis-Celestial-Shadow-32x32.webp 32w, https:\/\/www.vallonchene.fr\/wp-content\/uploads\/2025\/04\/CORNUS-x-rutgersensis-Celestial-Shadow-64x64.webp 64w, https:\/\/www.vallonchene.fr\/wp-content\/uploads\/2025\/04\/CORNUS-x-rutgersensis-Celestial-Shadow.webp 1200w\" sizes=\"(max-width: 1024px) 100vw, 1024px\" \/><\/a><\/figure><div class=\"wp-block-media-text__content\">\n<h3 class=\"wp-block-heading has-normal-font-size\" id=\"h-cornus-x-rutgersensis-celestial-shadow\"><a href=\"https:\/\/www.vallonchene.fr\/en\/product\/cornus-x-rutgersensis-celestial-shadow-japanese-dogwood\/#tab-title-description\"><strong>CORNUS x rutgersensis &#8216;Celestial Shadow&#8217;<\/strong><\/a><\/h3>\n\n\n\n<p class=\"has-small-font-size\">30 April 2025<\/p>\n\n\n\n<p>CORNUS x rutgersensis \u2018Celestial Shadow\u2019, also known as&nbsp;flowering dogwood or Rutgers dogwood, stands out with its&nbsp;very bright foliage, green edged quite broadly with a very\u2026<br><strong><a href=\"https:\/\/www.vallonchene.fr\/en\/product\/cornus-x-rutgersensis-celestial-shadow-japanese-dogwood\/#tab-title-description\">Read more<\/a><\/strong> (description section)<\/p>\n<\/div><\/div>\n\n\n\n<div class=\"wp-block-media-text is-stacked-on-mobile\" style=\"grid-template-columns:25% auto\"><figure class=\"wp-block-media-text__media\"><a href=\"https:\/\/www.vallonchene.fr\/en\/product\/chamaecyparis-lawsoniana-wissel-s-saguaro\/#tab-title-description\"><img decoding=\"async\" width=\"1024\" height=\"1024\" src=\"https:\/\/www.vallonchene.fr\/wp-content\/uploads\/2025\/04\/CHAMAECYPARIS-lawsoniana-Wissels-Saguaro_03-1024x1024.webp\" alt=\"Upright shape of CHAMAECYPARIS lawsoniana 'Wissel's Saguaro'\" class=\"wp-image-53656 size-medium\" srcset=\"https:\/\/www.vallonchene.fr\/wp-content\/uploads\/2025\/04\/CHAMAECYPARIS-lawsoniana-Wissels-Saguaro_03-1024x1024.webp 1024w, https:\/\/www.vallonchene.fr\/wp-content\/uploads\/2025\/04\/CHAMAECYPARIS-lawsoniana-Wissels-Saguaro_03-300x300.webp 300w, https:\/\/www.vallonchene.fr\/wp-content\/uploads\/2025\/04\/CHAMAECYPARIS-lawsoniana-Wissels-Saguaro_03-150x150.webp 150w, https:\/\/www.vallonchene.fr\/wp-content\/uploads\/2025\/04\/CHAMAECYPARIS-lawsoniana-Wissels-Saguaro_03-768x768.webp 768w, https:\/\/www.vallonchene.fr\/wp-content\/uploads\/2025\/04\/CHAMAECYPARIS-lawsoniana-Wissels-Saguaro_03-324x324.webp 324w, https:\/\/www.vallonchene.fr\/wp-content\/uploads\/2025\/04\/CHAMAECYPARIS-lawsoniana-Wissels-Saguaro_03-416x416.webp 416w, https:\/\/www.vallonchene.fr\/wp-content\/uploads\/2025\/04\/CHAMAECYPARIS-lawsoniana-Wissels-Saguaro_03-100x100.webp 100w, https:\/\/www.vallonchene.fr\/wp-content\/uploads\/2025\/04\/CHAMAECYPARIS-lawsoniana-Wissels-Saguaro_03-32x32.webp 32w, https:\/\/www.vallonchene.fr\/wp-content\/uploads\/2025\/04\/CHAMAECYPARIS-lawsoniana-Wissels-Saguaro_03-64x64.webp 64w, https:\/\/www.vallonchene.fr\/wp-content\/uploads\/2025\/04\/CHAMAECYPARIS-lawsoniana-Wissels-Saguaro_03.webp 1200w\" sizes=\"(max-width: 1024px) 100vw, 1024px\" \/><\/a><\/figure><div class=\"wp-block-media-text__content\">\n<h3 class=\"wp-block-heading has-normal-font-size\" id=\"h-chamaecyparis-lawsoniana-wissel-s-saguaro\"><a href=\"https:\/\/www.vallonchene.fr\/en\/product\/chamaecyparis-lawsoniana-wissel-s-saguaro\/#tab-title-description\"><strong>CHAMAECYPARIS lawsoniana &#8216;Wissel&#8217;s Saguaro&#8217;<\/strong><\/a><\/h3>\n\n\n\n<p class=\"has-small-font-size\">24 April 2025<\/p>\n\n\n\n<p>CHAMAECYPARIS lawsoniana \u2018Wissel\u2019s Saguaro\u2019 (Lawson\u2019s cypress) ranks among exceptional plants. Indeed, its extremely narrow and highly vertical growth habit is rarely found in\u2026<br><strong><a href=\"https:\/\/www.vallonchene.fr\/en\/product\/chamaecyparis-lawsoniana-wissel-s-saguaro\/#tab-title-description\">Read more<\/a><\/strong> (description section)<\/p>\n<\/div><\/div>\n\n\n\n<div class=\"wp-block-media-text is-stacked-on-mobile\" style=\"grid-template-columns:25% auto\"><figure class=\"wp-block-media-text__media\"><a href=\"https:\/\/www.vallonchene.fr\/en\/product\/acer-negundo-kelly-s-gold\/#tab-title-description\"><img decoding=\"async\" width=\"1024\" height=\"1024\" src=\"https:\/\/www.vallonchene.fr\/wp-content\/uploads\/2025\/04\/ACER-negundo-Kellys-Gold_01-1024x1024.webp\" alt=\"An ACER negundo 'Kelly's Gold' of about 25 years in spring in the Vallonch\u00eane Garden\" class=\"wp-image-53587 size-medium\" srcset=\"https:\/\/www.vallonchene.fr\/wp-content\/uploads\/2025\/04\/ACER-negundo-Kellys-Gold_01-1024x1024.webp 1024w, https:\/\/www.vallonchene.fr\/wp-content\/uploads\/2025\/04\/ACER-negundo-Kellys-Gold_01-300x300.webp 300w, https:\/\/www.vallonchene.fr\/wp-content\/uploads\/2025\/04\/ACER-negundo-Kellys-Gold_01-150x150.webp 150w, https:\/\/www.vallonchene.fr\/wp-content\/uploads\/2025\/04\/ACER-negundo-Kellys-Gold_01-768x768.webp 768w, https:\/\/www.vallonchene.fr\/wp-content\/uploads\/2025\/04\/ACER-negundo-Kellys-Gold_01-324x324.webp 324w, https:\/\/www.vallonchene.fr\/wp-content\/uploads\/2025\/04\/ACER-negundo-Kellys-Gold_01-416x416.webp 416w, https:\/\/www.vallonchene.fr\/wp-content\/uploads\/2025\/04\/ACER-negundo-Kellys-Gold_01-100x100.webp 100w, https:\/\/www.vallonchene.fr\/wp-content\/uploads\/2025\/04\/ACER-negundo-Kellys-Gold_01-32x32.webp 32w, https:\/\/www.vallonchene.fr\/wp-content\/uploads\/2025\/04\/ACER-negundo-Kellys-Gold_01-64x64.webp 64w, https:\/\/www.vallonchene.fr\/wp-content\/uploads\/2025\/04\/ACER-negundo-Kellys-Gold_01.webp 1200w\" sizes=\"(max-width: 1024px) 100vw, 1024px\" \/><\/a><\/figure><div class=\"wp-block-media-text__content\">\n<h3 class=\"wp-block-heading has-normal-font-size\" id=\"h-acer-negundo-kelly-s-gold\"><a href=\"https:\/\/www.vallonchene.fr\/en\/product\/acer-negundo-kelly-s-gold\/#tab-title-description\"><strong>ACER negundo &#8216;Kelly&#8217;s Gold&#8217;<\/strong><\/a><\/h3>\n\n\n\n<p class=\"has-small-font-size\">16 April 2025<\/p>\n\n\n\n<p>ACER negunda \u2018Kelly\u2019s Gold\u2019 is a box elder maple that develops male flowers on bare wood in early spring. These are composed of clusters of hanging\u2026<br><strong><a href=\"https:\/\/www.vallonchene.fr\/en\/product\/acer-negundo-kelly-s-gold\/#tab-title-description\">Read more<\/a><\/strong> (description section)<\/p>\n<\/div><\/div>\n\n\n\n<div class=\"wp-block-media-text is-stacked-on-mobile\" style=\"grid-template-columns:25% auto\"><figure class=\"wp-block-media-text__media\"><a href=\"https:\/\/www.vallonchene.fr\/en\/product\/alchornea-davidii\/#tab-title-description\"><img decoding=\"async\" width=\"1024\" height=\"1024\" src=\"https:\/\/www.vallonchene.fr\/wp-content\/uploads\/2025\/04\/ALCHORNEA-davidii_03-1024x1024.webp\" alt=\"Red foliage of ALCHORNEA davidii in spring\" class=\"wp-image-53507 size-medium\" srcset=\"https:\/\/www.vallonchene.fr\/wp-content\/uploads\/2025\/04\/ALCHORNEA-davidii_03-1024x1024.webp 1024w, https:\/\/www.vallonchene.fr\/wp-content\/uploads\/2025\/04\/ALCHORNEA-davidii_03-300x300.webp 300w, https:\/\/www.vallonchene.fr\/wp-content\/uploads\/2025\/04\/ALCHORNEA-davidii_03-150x150.webp 150w, https:\/\/www.vallonchene.fr\/wp-content\/uploads\/2025\/04\/ALCHORNEA-davidii_03-768x768.webp 768w, https:\/\/www.vallonchene.fr\/wp-content\/uploads\/2025\/04\/ALCHORNEA-davidii_03-324x324.webp 324w, https:\/\/www.vallonchene.fr\/wp-content\/uploads\/2025\/04\/ALCHORNEA-davidii_03-416x416.webp 416w, https:\/\/www.vallonchene.fr\/wp-content\/uploads\/2025\/04\/ALCHORNEA-davidii_03-100x100.webp 100w, https:\/\/www.vallonchene.fr\/wp-content\/uploads\/2025\/04\/ALCHORNEA-davidii_03-32x32.webp 32w, https:\/\/www.vallonchene.fr\/wp-content\/uploads\/2025\/04\/ALCHORNEA-davidii_03-64x64.webp 64w, https:\/\/www.vallonchene.fr\/wp-content\/uploads\/2025\/04\/ALCHORNEA-davidii_03.webp 1200w\" sizes=\"(max-width: 1024px) 100vw, 1024px\" \/><\/a><\/figure><div class=\"wp-block-media-text__content\">\n<h3 class=\"wp-block-heading has-normal-font-size\" id=\"h-alchornea-davidii\"><a href=\"https:\/\/www.vallonchene.fr\/en\/product\/alchornea-davidii\/#tab-title-description\"><strong>ALCHORNEA davidii<\/strong><\/a><\/h3>\n\n\n\n<p class=\"has-small-font-size\">9 April 2025<\/p>\n\n\n\n<p>The ALCHORNEA davidii, also known as David\u2019s Alchornea, is a deciduous plant originating from China. In spring, it develops foliage of a bright\u2026<br><strong><a href=\"https:\/\/www.vallonchene.fr\/en\/product\/alchornea-davidii\/#tab-title-description\">Read more<\/a><\/strong> (description section)<\/p>\n<\/div><\/div>\n\n\n\n<div class=\"wp-block-media-text is-stacked-on-mobile\" style=\"grid-template-columns:25% auto\"><figure class=\"wp-block-media-text__media\"><a href=\"https:\/\/www.vallonchene.fr\/en\/product\/aesculus-x-carnea-aureomarginata\/#tab-title-description\"><img decoding=\"async\" width=\"1024\" height=\"1024\" src=\"https:\/\/www.vallonchene.fr\/wp-content\/uploads\/2024\/10\/AESCULUS-x-carnea-Aureomarginata-1024x1024.webp\" alt=\"Green leaves with yellow edges of AESCULUS x carnea 'Aureomarginata' (syn. A. carnea 'Variegata')\" class=\"wp-image-49863 size-medium\" srcset=\"https:\/\/www.vallonchene.fr\/wp-content\/uploads\/2024\/10\/AESCULUS-x-carnea-Aureomarginata-1024x1024.webp 1024w, https:\/\/www.vallonchene.fr\/wp-content\/uploads\/2024\/10\/AESCULUS-x-carnea-Aureomarginata-300x300.webp 300w, https:\/\/www.vallonchene.fr\/wp-content\/uploads\/2024\/10\/AESCULUS-x-carnea-Aureomarginata-150x150.webp 150w, https:\/\/www.vallonchene.fr\/wp-content\/uploads\/2024\/10\/AESCULUS-x-carnea-Aureomarginata-768x768.webp 768w, https:\/\/www.vallonchene.fr\/wp-content\/uploads\/2024\/10\/AESCULUS-x-carnea-Aureomarginata-324x324.webp 324w, https:\/\/www.vallonchene.fr\/wp-content\/uploads\/2024\/10\/AESCULUS-x-carnea-Aureomarginata-416x416.webp 416w, https:\/\/www.vallonchene.fr\/wp-content\/uploads\/2024\/10\/AESCULUS-x-carnea-Aureomarginata-100x100.webp 100w, https:\/\/www.vallonchene.fr\/wp-content\/uploads\/2024\/10\/AESCULUS-x-carnea-Aureomarginata-32x32.webp 32w, https:\/\/www.vallonchene.fr\/wp-content\/uploads\/2024\/10\/AESCULUS-x-carnea-Aureomarginata-64x64.webp 64w, https:\/\/www.vallonchene.fr\/wp-content\/uploads\/2024\/10\/AESCULUS-x-carnea-Aureomarginata.webp 1200w\" sizes=\"(max-width: 1024px) 100vw, 1024px\" \/><\/a><\/figure><div class=\"wp-block-media-text__content\">\n<h3 class=\"wp-block-heading has-normal-font-size\" id=\"h-aesculus-x-carnea-aureomarginata\"><a href=\"https:\/\/www.vallonchene.fr\/en\/product\/aesculus-x-carnea-aureomarginata\/#tab-title-description\"><strong>AESCULUS x carnea &#8216;Aureomarginata&#8217;<\/strong><\/a><\/h3>\n\n\n\n<p class=\"has-small-font-size\">2 April 2025<\/p>\n\n\n\n<p>The AESCULUS x carnea \u2018Aureomarginata\u2019 (syn. AESCULUS x carnea \u2018Variegata\u2019), also known as the red horse chestnut, is a marvelous small tree. Firstly, it grows much slower than\u2026<br><strong><a href=\"https:\/\/www.vallonchene.fr\/en\/product\/aesculus-x-carnea-aureomarginata\/#tab-title-description\">Read more<\/a><\/strong> (description section)<\/p>\n<\/div><\/div>\n\n\n\n<div class=\"wp-block-media-text is-stacked-on-mobile\" style=\"grid-template-columns:25% auto\"><figure class=\"wp-block-media-text__media\"><a href=\"https:\/\/www.vallonchene.fr\/en\/product\/abies-koreana-blue-emperor\/#tab-title-description\"><img decoding=\"async\" width=\"1024\" height=\"1024\" src=\"https:\/\/www.vallonchene.fr\/wp-content\/uploads\/2025\/03\/ABIES-koreana-Blue-Emperor_02-1024x1024.webp\" alt=\"Close-up of the blue cones of ABIES koreana 'Blue Emperor'\" class=\"wp-image-53287 size-medium\" srcset=\"https:\/\/www.vallonchene.fr\/wp-content\/uploads\/2025\/03\/ABIES-koreana-Blue-Emperor_02-1024x1024.webp 1024w, https:\/\/www.vallonchene.fr\/wp-content\/uploads\/2025\/03\/ABIES-koreana-Blue-Emperor_02-300x300.webp 300w, https:\/\/www.vallonchene.fr\/wp-content\/uploads\/2025\/03\/ABIES-koreana-Blue-Emperor_02-150x150.webp 150w, https:\/\/www.vallonchene.fr\/wp-content\/uploads\/2025\/03\/ABIES-koreana-Blue-Emperor_02-768x768.webp 768w, https:\/\/www.vallonchene.fr\/wp-content\/uploads\/2025\/03\/ABIES-koreana-Blue-Emperor_02-324x324.webp 324w, https:\/\/www.vallonchene.fr\/wp-content\/uploads\/2025\/03\/ABIES-koreana-Blue-Emperor_02-416x416.webp 416w, https:\/\/www.vallonchene.fr\/wp-content\/uploads\/2025\/03\/ABIES-koreana-Blue-Emperor_02-100x100.webp 100w, https:\/\/www.vallonchene.fr\/wp-content\/uploads\/2025\/03\/ABIES-koreana-Blue-Emperor_02-32x32.webp 32w, https:\/\/www.vallonchene.fr\/wp-content\/uploads\/2025\/03\/ABIES-koreana-Blue-Emperor_02-64x64.webp 64w, https:\/\/www.vallonchene.fr\/wp-content\/uploads\/2025\/03\/ABIES-koreana-Blue-Emperor_02.webp 1200w\" sizes=\"(max-width: 1024px) 100vw, 1024px\" \/><\/a><\/figure><div class=\"wp-block-media-text__content\">\n<h3 class=\"wp-block-heading has-normal-font-size\" id=\"h-abies-koreana-blue-emperor\"><a href=\"https:\/\/www.vallonchene.fr\/en\/product\/abies-koreana-blue-emperor\/#tab-title-description\"><strong>ABIES koreana &#8216;Blue Emperor&#8217;<\/strong><\/a><\/h3>\n\n\n\n<p class=\"has-small-font-size\">27 March 2025<\/p>\n\n\n\n<p>The ABIES koreana \u2018Blue Emperor\u2019 is classified among Korean Firs. It is a<br>rather fascinating plant. In fact, this small conifer develops in the spring with large\u2026<br><strong><a href=\"https:\/\/www.vallonchene.fr\/en\/product\/abies-koreana-blue-emperor\/#tab-title-description\">Read more<\/a><\/strong> (description section)<\/p>\n<\/div><\/div>\n\n\n\n<div class=\"wp-block-media-text is-stacked-on-mobile\" style=\"grid-template-columns:25% auto\"><figure class=\"wp-block-media-text__media\"><a href=\"https:\/\/www.vallonchene.fr\/en\/product\/cornus-mas-aurea-yellow-leaved-cornelian-cherry\/#tab-title-description\"><img decoding=\"async\" width=\"1023\" height=\"1023\" src=\"https:\/\/www.vallonchene.fr\/wp-content\/uploads\/2024\/05\/CORNUS-mas-Aurea.webp\" alt=\"Bright yellow foliage of CORNUS mas 'Aurea'\" class=\"wp-image-47193 size-medium\" srcset=\"https:\/\/www.vallonchene.fr\/wp-content\/uploads\/2024\/05\/CORNUS-mas-Aurea.webp 1023w, https:\/\/www.vallonchene.fr\/wp-content\/uploads\/2024\/05\/CORNUS-mas-Aurea-300x300.webp 300w, https:\/\/www.vallonchene.fr\/wp-content\/uploads\/2024\/05\/CORNUS-mas-Aurea-150x150.webp 150w, https:\/\/www.vallonchene.fr\/wp-content\/uploads\/2024\/05\/CORNUS-mas-Aurea-768x768.webp 768w, https:\/\/www.vallonchene.fr\/wp-content\/uploads\/2024\/05\/CORNUS-mas-Aurea-324x324.webp 324w, https:\/\/www.vallonchene.fr\/wp-content\/uploads\/2024\/05\/CORNUS-mas-Aurea-416x416.webp 416w, https:\/\/www.vallonchene.fr\/wp-content\/uploads\/2024\/05\/CORNUS-mas-Aurea-100x100.webp 100w, https:\/\/www.vallonchene.fr\/wp-content\/uploads\/2024\/05\/CORNUS-mas-Aurea-32x32.webp 32w, https:\/\/www.vallonchene.fr\/wp-content\/uploads\/2024\/05\/CORNUS-mas-Aurea-64x64.webp 64w\" sizes=\"(max-width: 1023px) 100vw, 1023px\" \/><\/a><\/figure><div class=\"wp-block-media-text__content\">\n<h3 class=\"wp-block-heading has-normal-font-size\" id=\"h-cornus-mas-aurea\"><a href=\"https:\/\/www.vallonchene.fr\/en\/product\/cornus-mas-aurea-yellow-leaved-cornelian-cherry\/#tab-title-description\"><strong>CORNUS mas &#8216;Aurea&#8217;<\/strong><\/a><\/h3>\n\n\n\n<p class=\"has-small-font-size\">19 March 2025<\/p>\n\n\n\n<p>The CORNUS mas \u2018Aurea\u2019 is a remarkable shrub that will brighten your garden throughout the seasons. In summer, the bright golden-yellow foliage of this Cornelian Cherry enhances the\u2026<br><strong><a href=\"https:\/\/www.vallonchene.fr\/en\/product\/cornus-mas-aurea-yellow-leaved-cornelian-cherry\/#tab-title-description\">Read more<\/a><\/strong> (description section)<\/p>\n<\/div><\/div>\n\n\n\n<div class=\"wp-block-media-text is-stacked-on-mobile\" style=\"grid-template-columns:25% auto\"><figure class=\"wp-block-media-text__media\"><a href=\"https:\/\/www.vallonchene.fr\/en\/product\/cedrus-libani-ssp-atlantica-saphire-nymph\/#tab-title-description\"><img decoding=\"async\" width=\"1024\" height=\"1024\" src=\"https:\/\/www.vallonchene.fr\/wp-content\/uploads\/2025\/03\/CEDRUS-libani-ssp.-atlantica-Saphire-Nymph_01-1024x1024.jpg\" alt=\"Blue needles of CEDRUS libani ssp. atlantica 'Saphire Nymph'\" class=\"wp-image-52732 size-medium\" srcset=\"https:\/\/www.vallonchene.fr\/wp-content\/uploads\/2025\/03\/CEDRUS-libani-ssp.-atlantica-Saphire-Nymph_01-1024x1024.jpg 1024w, https:\/\/www.vallonchene.fr\/wp-content\/uploads\/2025\/03\/CEDRUS-libani-ssp.-atlantica-Saphire-Nymph_01-300x300.jpg 300w, https:\/\/www.vallonchene.fr\/wp-content\/uploads\/2025\/03\/CEDRUS-libani-ssp.-atlantica-Saphire-Nymph_01-150x150.jpg 150w, https:\/\/www.vallonchene.fr\/wp-content\/uploads\/2025\/03\/CEDRUS-libani-ssp.-atlantica-Saphire-Nymph_01-768x768.jpg 768w, https:\/\/www.vallonchene.fr\/wp-content\/uploads\/2025\/03\/CEDRUS-libani-ssp.-atlantica-Saphire-Nymph_01-324x324.jpg 324w, https:\/\/www.vallonchene.fr\/wp-content\/uploads\/2025\/03\/CEDRUS-libani-ssp.-atlantica-Saphire-Nymph_01-416x416.jpg 416w, https:\/\/www.vallonchene.fr\/wp-content\/uploads\/2025\/03\/CEDRUS-libani-ssp.-atlantica-Saphire-Nymph_01-100x100.jpg 100w, https:\/\/www.vallonchene.fr\/wp-content\/uploads\/2025\/03\/CEDRUS-libani-ssp.-atlantica-Saphire-Nymph_01-32x32.jpg 32w, https:\/\/www.vallonchene.fr\/wp-content\/uploads\/2025\/03\/CEDRUS-libani-ssp.-atlantica-Saphire-Nymph_01-64x64.jpg 64w, https:\/\/www.vallonchene.fr\/wp-content\/uploads\/2025\/03\/CEDRUS-libani-ssp.-atlantica-Saphire-Nymph_01.jpg 1200w\" sizes=\"(max-width: 1024px) 100vw, 1024px\" \/><\/a><\/figure><div class=\"wp-block-media-text__content\">\n<h3 class=\"wp-block-heading has-normal-font-size\" id=\"h-cedrus-libani-ssp-atlantica-saphire-nymph\"><a href=\"https:\/\/www.vallonchene.fr\/en\/product\/cedrus-libani-ssp-atlantica-saphire-nymph\/#tab-title-description\"><strong>CEDRUS libani ssp atlantica &#8216;Saphire Nymph&#8217;<\/strong><\/a><\/h3>\n\n\n\n<p class=\"has-small-font-size\">13 March 2025<\/p>\n\n\n\n<p>Let yourself be captivated by the unique splendor of the CEDRUS libani ssp. atlantica \u2018Saphire Nymph\u2019 , commonly known as the Dwarf Blue Atlas Cedar. This majestic cedar is distinguished by its striking\u2026<br><strong><a href=\"https:\/\/www.vallonchene.fr\/en\/product\/cedrus-libani-ssp-atlantica-saphire-nymph\/#tab-title-description\">Read more<\/a><\/strong> (description section)<\/p>\n<\/div><\/div>\n\n\n\n<div class=\"wp-block-media-text is-stacked-on-mobile\" style=\"grid-template-columns:25% auto\"><figure class=\"wp-block-media-text__media\"><a href=\"https:\/\/www.vallonchene.fr\/en\/product\/stewartia-malacodendron-silky-camellia-silky-stewartia\/#tab-title-description\"><img decoding=\"async\" width=\"1024\" height=\"866\" src=\"https:\/\/www.vallonchene.fr\/wp-content\/uploads\/2025\/03\/Stewartia_malacodendron-1024x866.jpg\" alt=\"White flowers of STEWARTIA malacodendron\" class=\"wp-image-52651 size-medium\" srcset=\"https:\/\/www.vallonchene.fr\/wp-content\/uploads\/2025\/03\/Stewartia_malacodendron-1024x866.jpg 1024w, https:\/\/www.vallonchene.fr\/wp-content\/uploads\/2025\/03\/Stewartia_malacodendron-300x254.jpg 300w, https:\/\/www.vallonchene.fr\/wp-content\/uploads\/2025\/03\/Stewartia_malacodendron-768x649.jpg 768w, https:\/\/www.vallonchene.fr\/wp-content\/uploads\/2025\/03\/Stewartia_malacodendron-416x352.jpg 416w, https:\/\/www.vallonchene.fr\/wp-content\/uploads\/2025\/03\/Stewartia_malacodendron-64x54.jpg 64w, https:\/\/www.vallonchene.fr\/wp-content\/uploads\/2025\/03\/Stewartia_malacodendron.jpg 1183w\" sizes=\"(max-width: 1024px) 100vw, 1024px\" \/><\/a><\/figure><div class=\"wp-block-media-text__content\">\n<h3 class=\"wp-block-heading has-normal-font-size\" id=\"h-stewartia-malacodendron\"><a href=\"https:\/\/www.vallonchene.fr\/en\/product\/stewartia-malacodendron-silky-camellia-silky-stewartia\/#tab-title-description\"><strong>STEWARTIA malacodendron<\/strong><\/a><\/h3>\n\n\n\n<p class=\"has-small-font-size\">5 March 2025<\/p>\n\n\n\n<p>First of all, the STEWARTIA malacodendron stands out for its exceptional qualities. Indeed, this rare plant produces radiant white flowers, symbolizing purity and elegance. But that\u2019s not all: the\u2026<br><strong><a href=\"https:\/\/www.vallonchene.fr\/en\/product\/stewartia-malacodendron-silky-camellia-silky-stewartia\/#tab-title-description\">Read more<\/a><\/strong> (description section)<\/p>\n<\/div><\/div>\n\n\n\n<div class=\"wp-block-media-text is-stacked-on-mobile\" style=\"grid-template-columns:25% auto\"><figure class=\"wp-block-media-text__media\"><a href=\"https:\/\/www.vallonchene.fr\/en\/product\/pinus-jeffreyi-joppi\/#tab-title-description\"><img decoding=\"async\" width=\"1024\" height=\"1024\" src=\"https:\/\/www.vallonchene.fr\/wp-content\/uploads\/2025\/02\/PINUS-jeffreyi-Joppi_04-1024x1024.webp\" alt=\"Close-up of the needles of PINUS jeffreyi 'Joppi' compared to a hand\" class=\"wp-image-52517 size-medium\" srcset=\"https:\/\/www.vallonchene.fr\/wp-content\/uploads\/2025\/02\/PINUS-jeffreyi-Joppi_04-1024x1024.webp 1024w, https:\/\/www.vallonchene.fr\/wp-content\/uploads\/2025\/02\/PINUS-jeffreyi-Joppi_04-300x300.webp 300w, https:\/\/www.vallonchene.fr\/wp-content\/uploads\/2025\/02\/PINUS-jeffreyi-Joppi_04-150x150.webp 150w, https:\/\/www.vallonchene.fr\/wp-content\/uploads\/2025\/02\/PINUS-jeffreyi-Joppi_04-768x768.webp 768w, https:\/\/www.vallonchene.fr\/wp-content\/uploads\/2025\/02\/PINUS-jeffreyi-Joppi_04-324x324.webp 324w, https:\/\/www.vallonchene.fr\/wp-content\/uploads\/2025\/02\/PINUS-jeffreyi-Joppi_04-416x416.webp 416w, https:\/\/www.vallonchene.fr\/wp-content\/uploads\/2025\/02\/PINUS-jeffreyi-Joppi_04-100x100.webp 100w, https:\/\/www.vallonchene.fr\/wp-content\/uploads\/2025\/02\/PINUS-jeffreyi-Joppi_04-32x32.webp 32w, https:\/\/www.vallonchene.fr\/wp-content\/uploads\/2025\/02\/PINUS-jeffreyi-Joppi_04-64x64.webp 64w, https:\/\/www.vallonchene.fr\/wp-content\/uploads\/2025\/02\/PINUS-jeffreyi-Joppi_04.webp 1200w\" sizes=\"(max-width: 1024px) 100vw, 1024px\" \/><\/a><\/figure><div class=\"wp-block-media-text__content\">\n<h3 class=\"wp-block-heading has-normal-font-size\" id=\"h-pinus-jeffreyi-joppi\"><a href=\"https:\/\/www.vallonchene.fr\/en\/product\/pinus-jeffreyi-joppi\/#tab-title-description\"><strong>PINUS jeffreyi &#8216;Joppi&#8217;<\/strong><\/a><\/h3>\n\n\n\n<p class=\"has-small-font-size\">20 February 2025<\/p>\n\n\n\n<p>If you are looking for an exceptional plant to enhance your garden, the PINUS jeffreyi \u2018Joppi\u2019 is an ideal option. It is also known as the Dwarf Jeffrey Pine. Indeed, this rare conifer charms with its\u2026<br><strong><a href=\"https:\/\/www.vallonchene.fr\/en\/product\/pinus-jeffreyi-joppi\/#tab-title-description\">Read more<\/a><\/strong> (description section)<\/p>\n<\/div><\/div>\n\n\n\n<div class=\"wp-block-media-text is-stacked-on-mobile\" style=\"grid-template-columns:25% auto\"><figure class=\"wp-block-media-text__media\"><a href=\"https:\/\/www.vallonchene.fr\/en\/product\/cryptomeria-japonica-elegans\/#tab-title-description\"><img decoding=\"async\" width=\"1024\" height=\"1024\" src=\"https:\/\/www.vallonchene.fr\/wp-content\/uploads\/2025\/02\/CRYPTOMERIA-japonica-Elegans_01-1024x1024.webp\" alt=\"Close-up of green foliage of CRYPTOMERIA japonica 'Elegans'\" class=\"wp-image-52294 size-medium\" srcset=\"https:\/\/www.vallonchene.fr\/wp-content\/uploads\/2025\/02\/CRYPTOMERIA-japonica-Elegans_01-1024x1024.webp 1024w, https:\/\/www.vallonchene.fr\/wp-content\/uploads\/2025\/02\/CRYPTOMERIA-japonica-Elegans_01-300x300.webp 300w, https:\/\/www.vallonchene.fr\/wp-content\/uploads\/2025\/02\/CRYPTOMERIA-japonica-Elegans_01-150x150.webp 150w, https:\/\/www.vallonchene.fr\/wp-content\/uploads\/2025\/02\/CRYPTOMERIA-japonica-Elegans_01-768x768.webp 768w, https:\/\/www.vallonchene.fr\/wp-content\/uploads\/2025\/02\/CRYPTOMERIA-japonica-Elegans_01-324x324.webp 324w, https:\/\/www.vallonchene.fr\/wp-content\/uploads\/2025\/02\/CRYPTOMERIA-japonica-Elegans_01-416x416.webp 416w, https:\/\/www.vallonchene.fr\/wp-content\/uploads\/2025\/02\/CRYPTOMERIA-japonica-Elegans_01-100x100.webp 100w, https:\/\/www.vallonchene.fr\/wp-content\/uploads\/2025\/02\/CRYPTOMERIA-japonica-Elegans_01-32x32.webp 32w, https:\/\/www.vallonchene.fr\/wp-content\/uploads\/2025\/02\/CRYPTOMERIA-japonica-Elegans_01-64x64.webp 64w, https:\/\/www.vallonchene.fr\/wp-content\/uploads\/2025\/02\/CRYPTOMERIA-japonica-Elegans_01.webp 1200w\" sizes=\"(max-width: 1024px) 100vw, 1024px\" \/><\/a><\/figure><div class=\"wp-block-media-text__content\">\n<h3 class=\"wp-block-heading has-normal-font-size\" id=\"h-cryptomeria-japonica-elegans\"><a href=\"https:\/\/www.vallonchene.fr\/en\/product\/cryptomeria-japonica-elegans\/#tab-title-description\"><strong>CRYPTOMERIA japonica &#8216;Elegans&#8217;<\/strong><\/a><\/h3>\n\n\n\n<p class=\"has-small-font-size\">6 February 2025<\/p>\n\n\n\n<p>CRYPTOMERIA japonica \u2018Elegans\u2019 is an exceptional Japanese cedar that will captivate gardening enthusiasts and exotic plant lovers. This botanical marvel is distinguished by its fine and\u2026<br><strong><a href=\"https:\/\/www.vallonchene.fr\/en\/product\/cryptomeria-japonica-elegans\/#tab-title-description\">Read more<\/a><\/strong> (description section)<\/p>\n<\/div><\/div>\n\n\n\n<div class=\"wp-block-media-text is-stacked-on-mobile\" style=\"grid-template-columns:25% auto\"><figure class=\"wp-block-media-text__media\"><a href=\"https:\/\/www.vallonchene.fr\/en\/product\/chamaecyparis-lawsoniana-luna\/#tab-title-description\"><img decoding=\"async\" width=\"1024\" height=\"1024\" src=\"https:\/\/www.vallonchene.fr\/wp-content\/uploads\/2024\/10\/CHAMAECYPARIS-lawsoniana-Luna_02-1024x1024.webp\" alt=\"Close-up of the white foliage of the CHAMAECYPARIS lawsoniana 'Luna'\" class=\"wp-image-49437 size-medium\" srcset=\"https:\/\/www.vallonchene.fr\/wp-content\/uploads\/2024\/10\/CHAMAECYPARIS-lawsoniana-Luna_02-1024x1024.webp 1024w, https:\/\/www.vallonchene.fr\/wp-content\/uploads\/2024\/10\/CHAMAECYPARIS-lawsoniana-Luna_02-300x300.webp 300w, https:\/\/www.vallonchene.fr\/wp-content\/uploads\/2024\/10\/CHAMAECYPARIS-lawsoniana-Luna_02-150x150.webp 150w, https:\/\/www.vallonchene.fr\/wp-content\/uploads\/2024\/10\/CHAMAECYPARIS-lawsoniana-Luna_02-768x768.webp 768w, https:\/\/www.vallonchene.fr\/wp-content\/uploads\/2024\/10\/CHAMAECYPARIS-lawsoniana-Luna_02-324x324.webp 324w, https:\/\/www.vallonchene.fr\/wp-content\/uploads\/2024\/10\/CHAMAECYPARIS-lawsoniana-Luna_02-416x416.webp 416w, https:\/\/www.vallonchene.fr\/wp-content\/uploads\/2024\/10\/CHAMAECYPARIS-lawsoniana-Luna_02-100x100.webp 100w, https:\/\/www.vallonchene.fr\/wp-content\/uploads\/2024\/10\/CHAMAECYPARIS-lawsoniana-Luna_02-32x32.webp 32w, https:\/\/www.vallonchene.fr\/wp-content\/uploads\/2024\/10\/CHAMAECYPARIS-lawsoniana-Luna_02-64x64.webp 64w, https:\/\/www.vallonchene.fr\/wp-content\/uploads\/2024\/10\/CHAMAECYPARIS-lawsoniana-Luna_02.webp 1200w\" sizes=\"(max-width: 1024px) 100vw, 1024px\" \/><\/a><\/figure><div class=\"wp-block-media-text__content\">\n<h3 class=\"wp-block-heading has-normal-font-size\" id=\"h-chamaecyparis-lawsoniana-luna\"><a href=\"https:\/\/www.vallonchene.fr\/en\/product\/chamaecyparis-lawsoniana-luna\/#tab-title-description\"><strong>CHAMAECYPARIS lawsoniana &#8216;Luna&#8217;<\/strong><\/a><\/h3>\n\n\n\n<p class=\"has-small-font-size\">30 January 2025<\/p>\n\n\n\n<p>First, the CHAMAECYPARIS lawsoniana \u2018Luna\u2019 is a marvel of nature that will bring a focal point to your garden. This exceptional variety of Lawson cypress stands out with its strikingly white\u2026<br><strong><a href=\"https:\/\/www.vallonchene.fr\/en\/product\/chamaecyparis-lawsoniana-luna\/#tab-title-description\">Read more<\/a><\/strong> (description section)<\/p>\n<\/div><\/div>\n\n\n\n<div class=\"wp-block-media-text is-stacked-on-mobile\" style=\"grid-template-columns:25% auto\"><figure class=\"wp-block-media-text__media\"><a href=\"https:\/\/www.vallonchene.fr\/en\/product\/cornus-wilsoniana-swida-wilsoniana\/#tab-title-description\"><img decoding=\"async\" width=\"1024\" height=\"1024\" src=\"https:\/\/www.vallonchene.fr\/wp-content\/uploads\/2024\/12\/CORNUS-wilsoniana-SWIDA-wilsoniana-1024x1024.jpg\" alt=\"Green foliage of CORNUS wilsoniana (SWIDA wilsoniana)\" class=\"wp-image-50490 size-medium\" srcset=\"https:\/\/www.vallonchene.fr\/wp-content\/uploads\/2024\/12\/CORNUS-wilsoniana-SWIDA-wilsoniana-1024x1024.jpg 1024w, https:\/\/www.vallonchene.fr\/wp-content\/uploads\/2024\/12\/CORNUS-wilsoniana-SWIDA-wilsoniana-300x300.jpg 300w, https:\/\/www.vallonchene.fr\/wp-content\/uploads\/2024\/12\/CORNUS-wilsoniana-SWIDA-wilsoniana-150x150.jpg 150w, https:\/\/www.vallonchene.fr\/wp-content\/uploads\/2024\/12\/CORNUS-wilsoniana-SWIDA-wilsoniana-768x768.jpg 768w, https:\/\/www.vallonchene.fr\/wp-content\/uploads\/2024\/12\/CORNUS-wilsoniana-SWIDA-wilsoniana-324x324.jpg 324w, https:\/\/www.vallonchene.fr\/wp-content\/uploads\/2024\/12\/CORNUS-wilsoniana-SWIDA-wilsoniana-416x416.jpg 416w, https:\/\/www.vallonchene.fr\/wp-content\/uploads\/2024\/12\/CORNUS-wilsoniana-SWIDA-wilsoniana-100x100.jpg 100w, https:\/\/www.vallonchene.fr\/wp-content\/uploads\/2024\/12\/CORNUS-wilsoniana-SWIDA-wilsoniana-32x32.jpg 32w, https:\/\/www.vallonchene.fr\/wp-content\/uploads\/2024\/12\/CORNUS-wilsoniana-SWIDA-wilsoniana-64x64.jpg 64w, https:\/\/www.vallonchene.fr\/wp-content\/uploads\/2024\/12\/CORNUS-wilsoniana-SWIDA-wilsoniana.jpg 1200w\" sizes=\"(max-width: 1024px) 100vw, 1024px\" \/><\/a><\/figure><div class=\"wp-block-media-text__content\">\n<h3 class=\"wp-block-heading has-normal-font-size\" id=\"h-cornus-wilsoniana\"><a href=\"https:\/\/www.vallonchene.fr\/en\/product\/cornus-wilsoniana-swida-wilsoniana\/#tab-title-description\"><strong>CORNUS wilsoniana<\/strong><\/a><\/h3>\n\n\n\n<p class=\"has-small-font-size\">6 December 2024<\/p>\n\n\n\n<p>CORNUS wilsoniana (syn. SWIDA wilsoniana), or Wilson\u2019s dogwood, is an ornamental tree that stands out for the unique beauty of its bark. Indeed, it exfoliates to reveal vibrant hues of\u2026<br><strong><a href=\"https:\/\/www.vallonchene.fr\/en\/product\/cornus-wilsoniana-swida-wilsoniana\/#tab-title-description\">Read more<\/a><\/strong> (description section)<\/p>\n<\/div><\/div>\n\n\n\n<div class=\"wp-block-media-text is-stacked-on-mobile\" style=\"grid-template-columns:25% auto\"><figure class=\"wp-block-media-text__media\"><a href=\"https:\/\/www.vallonchene.fr\/en\/product\/aesculus-hippocastanum-monstrosa\/#tab-title-description\"><img decoding=\"async\" width=\"1024\" height=\"1024\" src=\"https:\/\/www.vallonchene.fr\/wp-content\/uploads\/2024\/11\/AESCULUS-hippocastanum-Monstrosa-1024x1024.webp\" alt=\"Wood of the AESCULUS hippocastanum 'Monstrosa' after leaf fall showing the fasciation on its wood\" class=\"wp-image-50192 size-medium\" srcset=\"https:\/\/www.vallonchene.fr\/wp-content\/uploads\/2024\/11\/AESCULUS-hippocastanum-Monstrosa-1024x1024.webp 1024w, https:\/\/www.vallonchene.fr\/wp-content\/uploads\/2024\/11\/AESCULUS-hippocastanum-Monstrosa-300x300.webp 300w, https:\/\/www.vallonchene.fr\/wp-content\/uploads\/2024\/11\/AESCULUS-hippocastanum-Monstrosa-150x150.webp 150w, https:\/\/www.vallonchene.fr\/wp-content\/uploads\/2024\/11\/AESCULUS-hippocastanum-Monstrosa-768x768.webp 768w, https:\/\/www.vallonchene.fr\/wp-content\/uploads\/2024\/11\/AESCULUS-hippocastanum-Monstrosa-324x324.webp 324w, https:\/\/www.vallonchene.fr\/wp-content\/uploads\/2024\/11\/AESCULUS-hippocastanum-Monstrosa-416x416.webp 416w, https:\/\/www.vallonchene.fr\/wp-content\/uploads\/2024\/11\/AESCULUS-hippocastanum-Monstrosa-100x100.webp 100w, https:\/\/www.vallonchene.fr\/wp-content\/uploads\/2024\/11\/AESCULUS-hippocastanum-Monstrosa-32x32.webp 32w, https:\/\/www.vallonchene.fr\/wp-content\/uploads\/2024\/11\/AESCULUS-hippocastanum-Monstrosa-64x64.webp 64w, https:\/\/www.vallonchene.fr\/wp-content\/uploads\/2024\/11\/AESCULUS-hippocastanum-Monstrosa.webp 1200w\" sizes=\"(max-width: 1024px) 100vw, 1024px\" \/><\/a><\/figure><div class=\"wp-block-media-text__content\">\n<h3 class=\"wp-block-heading has-normal-font-size\" id=\"h-aesculus-hippocastanum-monstrosa\"><a href=\"https:\/\/www.vallonchene.fr\/en\/product\/aesculus-hippocastanum-monstrosa\/#tab-title-description\"><strong>AESCULUS hippocastanum &#8216;Monstrosa&#8217;<\/strong><\/a><\/h3>\n\n\n\n<p class=\"has-small-font-size\">21 November 2024<\/p>\n\n\n\n<p>The AESCULUS hippocastanum \u2018Monstrosa\u2019 belongs to the members of the horse chestnut family. It is a tiny ornamental tree of singular beauty.<br>Moreover, its compact shape and twisted\u2026<br><strong><a href=\"https:\/\/www.vallonchene.fr\/en\/product\/aesculus-hippocastanum-monstrosa\/#tab-title-description\">Read more<\/a><\/strong> (description section)<\/p>\n<\/div><\/div>\n\n\n\n<div class=\"wp-block-media-text is-stacked-on-mobile\" style=\"grid-template-columns:25% auto\"><figure class=\"wp-block-media-text__media\"><a href=\"https:\/\/www.vallonchene.fr\/en\/product\/pilgerodendron-uviferum\/#tab-title-description\"><img decoding=\"async\" width=\"1024\" height=\"1024\" src=\"https:\/\/www.vallonchene.fr\/wp-content\/uploads\/2024\/11\/PILGERODENDRON-uviferum-1024x1024.webp\" alt=\"Close-up of green foliage of PILGERODENDRON uviferum\" class=\"wp-image-50070 size-medium\" srcset=\"https:\/\/www.vallonchene.fr\/wp-content\/uploads\/2024\/11\/PILGERODENDRON-uviferum-1024x1024.webp 1024w, https:\/\/www.vallonchene.fr\/wp-content\/uploads\/2024\/11\/PILGERODENDRON-uviferum-300x300.webp 300w, https:\/\/www.vallonchene.fr\/wp-content\/uploads\/2024\/11\/PILGERODENDRON-uviferum-150x150.webp 150w, https:\/\/www.vallonchene.fr\/wp-content\/uploads\/2024\/11\/PILGERODENDRON-uviferum-768x768.webp 768w, https:\/\/www.vallonchene.fr\/wp-content\/uploads\/2024\/11\/PILGERODENDRON-uviferum-324x324.webp 324w, https:\/\/www.vallonchene.fr\/wp-content\/uploads\/2024\/11\/PILGERODENDRON-uviferum-416x416.webp 416w, https:\/\/www.vallonchene.fr\/wp-content\/uploads\/2024\/11\/PILGERODENDRON-uviferum-100x100.webp 100w, https:\/\/www.vallonchene.fr\/wp-content\/uploads\/2024\/11\/PILGERODENDRON-uviferum-32x32.webp 32w, https:\/\/www.vallonchene.fr\/wp-content\/uploads\/2024\/11\/PILGERODENDRON-uviferum-64x64.webp 64w, https:\/\/www.vallonchene.fr\/wp-content\/uploads\/2024\/11\/PILGERODENDRON-uviferum.webp 1200w\" sizes=\"(max-width: 1024px) 100vw, 1024px\" \/><\/a><\/figure><div class=\"wp-block-media-text__content\">\n<h3 class=\"wp-block-heading has-normal-font-size\" id=\"h-pilgerodendron-uviferum\"><a href=\"https:\/\/www.vallonchene.fr\/en\/product\/pilgerodendron-uviferum\/#tab-title-description\"><strong>PILGERODENDRON uviferum<\/strong><\/a><\/h3>\n\n\n\n<p class=\"has-small-font-size\">14 November 2024<\/p>\n\n\n\n<p>The Cypress of Las Guaitecas is a highly sought-after conifer among connoisseurs. As the sole species of its genus, Pilgerodendron uviferum is truly unique. It will add a touch of\u2026<br><strong><a href=\"https:\/\/www.vallonchene.fr\/en\/product\/pilgerodendron-uviferum\/#tab-title-description\">Read more<\/a><\/strong> (description section)<\/p>\n<\/div><\/div>\n\n\n\n<div class=\"wp-block-media-text is-stacked-on-mobile\" style=\"grid-template-columns:25% auto\"><figure class=\"wp-block-media-text__media\"><a href=\"https:\/\/www.vallonchene.fr\/en\/product\/frangula-alnus-fine-line\/#tab-title-description\"><img decoding=\"async\" width=\"1024\" height=\"1024\" src=\"https:\/\/www.vallonchene.fr\/wp-content\/uploads\/2024\/11\/FRANGULA-alnus-Fine-Line-1024x1024.webp\" alt=\"The highly vertical graphic of the FRANGULA alnus 'Fine Line' branches, with its foliage beginning to turn a deep yellow for autumn.\" class=\"wp-image-50009 size-medium\" srcset=\"https:\/\/www.vallonchene.fr\/wp-content\/uploads\/2024\/11\/FRANGULA-alnus-Fine-Line-1024x1024.webp 1024w, https:\/\/www.vallonchene.fr\/wp-content\/uploads\/2024\/11\/FRANGULA-alnus-Fine-Line-300x300.webp 300w, https:\/\/www.vallonchene.fr\/wp-content\/uploads\/2024\/11\/FRANGULA-alnus-Fine-Line-150x150.webp 150w, https:\/\/www.vallonchene.fr\/wp-content\/uploads\/2024\/11\/FRANGULA-alnus-Fine-Line-768x768.webp 768w, https:\/\/www.vallonchene.fr\/wp-content\/uploads\/2024\/11\/FRANGULA-alnus-Fine-Line-324x324.webp 324w, https:\/\/www.vallonchene.fr\/wp-content\/uploads\/2024\/11\/FRANGULA-alnus-Fine-Line-416x416.webp 416w, https:\/\/www.vallonchene.fr\/wp-content\/uploads\/2024\/11\/FRANGULA-alnus-Fine-Line-100x100.webp 100w, https:\/\/www.vallonchene.fr\/wp-content\/uploads\/2024\/11\/FRANGULA-alnus-Fine-Line-32x32.webp 32w, https:\/\/www.vallonchene.fr\/wp-content\/uploads\/2024\/11\/FRANGULA-alnus-Fine-Line-64x64.webp 64w, https:\/\/www.vallonchene.fr\/wp-content\/uploads\/2024\/11\/FRANGULA-alnus-Fine-Line.webp 1200w\" sizes=\"(max-width: 1024px) 100vw, 1024px\" \/><\/a><\/figure><div class=\"wp-block-media-text__content\">\n<h3 class=\"wp-block-heading has-normal-font-size\" id=\"h-frangula-alnus-fine-line\"><a href=\"https:\/\/www.vallonchene.fr\/en\/product\/frangula-alnus-fine-line\/#tab-title-description\"><strong>FRANGULA alnus &#8216;Fine Line&#8217;<\/strong><\/a><\/h3>\n\n\n\n<p class=\"has-small-font-size\">07 November 2024<\/p>\n\n\n\n<p><strong>FRANGULA alnus \u2018Fine Line\u2019<\/strong> is also known as <strong>alder buckthorn<\/strong>. This plant is sure to captivate lovers of minimalist, graphic gardens. Indeed, its <strong>upright and narrow growth habit<\/strong> makes\u2026<br><strong><a href=\"https:\/\/www.vallonchene.fr\/en\/product\/frangula-alnus-fine-line\/#tab-title-description\">Read more<\/a><\/strong> (description section)<\/p>\n<\/div><\/div>\n\n\n\n<div class=\"wp-block-media-text is-stacked-on-mobile\" style=\"grid-template-columns:25% auto\"><figure class=\"wp-block-media-text__media\"><a href=\"https:\/\/www.vallonchene.fr\/en\/product\/acer-rubrum-brandywine\/#tab-title-description\"><img decoding=\"async\" width=\"1024\" height=\"1024\" src=\"https:\/\/www.vallonchene.fr\/wp-content\/uploads\/2024\/10\/ACER-rubrum-Brandywine_01-1024x1024.webp\" alt=\"Spectacular fall foliage of the ACER rubrum 'Brandywine'\" class=\"wp-image-49926 size-medium\" srcset=\"https:\/\/www.vallonchene.fr\/wp-content\/uploads\/2024\/10\/ACER-rubrum-Brandywine_01-1024x1024.webp 1024w, https:\/\/www.vallonchene.fr\/wp-content\/uploads\/2024\/10\/ACER-rubrum-Brandywine_01-300x300.webp 300w, https:\/\/www.vallonchene.fr\/wp-content\/uploads\/2024\/10\/ACER-rubrum-Brandywine_01-150x150.webp 150w, https:\/\/www.vallonchene.fr\/wp-content\/uploads\/2024\/10\/ACER-rubrum-Brandywine_01-768x768.webp 768w, https:\/\/www.vallonchene.fr\/wp-content\/uploads\/2024\/10\/ACER-rubrum-Brandywine_01-324x324.webp 324w, https:\/\/www.vallonchene.fr\/wp-content\/uploads\/2024\/10\/ACER-rubrum-Brandywine_01-416x416.webp 416w, https:\/\/www.vallonchene.fr\/wp-content\/uploads\/2024\/10\/ACER-rubrum-Brandywine_01-100x100.webp 100w, https:\/\/www.vallonchene.fr\/wp-content\/uploads\/2024\/10\/ACER-rubrum-Brandywine_01-32x32.webp 32w, https:\/\/www.vallonchene.fr\/wp-content\/uploads\/2024\/10\/ACER-rubrum-Brandywine_01-64x64.webp 64w, https:\/\/www.vallonchene.fr\/wp-content\/uploads\/2024\/10\/ACER-rubrum-Brandywine_01.webp 1200w\" sizes=\"(max-width: 1024px) 100vw, 1024px\" \/><\/a><\/figure><div class=\"wp-block-media-text__content\">\n<h3 class=\"wp-block-heading has-normal-font-size\" id=\"h-acer-rubrum-brandywine\"><a href=\"https:\/\/www.vallonchene.fr\/en\/product\/acer-rubrum-brandywine\/#tab-title-description\"><strong>ACER rubrum &#8216;Brandywine&#8217;<\/strong><\/a><\/h3>\n\n\n\n<p class=\"has-small-font-size\">31 October 2024<\/p>\n\n\n\n<p>ACER rubrum \u2018Brandywine\u2019 is a red maple (swamp maple) cultivar particularly prized for its spectacular autumn colors. Indeed, this medium-sized tree\u2026<br><strong><a href=\"https:\/\/www.vallonchene.fr\/en\/product\/acer-rubrum-brandywine\/#tab-title-description\">Read more<\/a><\/strong> (description section)<\/p>\n<\/div><\/div>\n\n\n\n<div class=\"wp-block-media-text is-stacked-on-mobile\" style=\"grid-template-columns:25% auto\"><figure class=\"wp-block-media-text__media\"><a href=\"https:\/\/www.vallonchene.fr\/en\/product\/quercus-dentata-carl-ferris-miller\/#tab-title-description\"><img decoding=\"async\" width=\"1024\" height=\"1024\" src=\"https:\/\/www.vallonchene.fr\/wp-content\/uploads\/2024\/10\/QUERCUS-dentata-Carl-Ferris-Miller-1024x1024.webp\" alt=\"Macro shot of the green leaves of QUERCUS dentata 'Carl Ferris Miller' edged with white fuzz\" class=\"wp-image-49879 size-medium\" srcset=\"https:\/\/www.vallonchene.fr\/wp-content\/uploads\/2024\/10\/QUERCUS-dentata-Carl-Ferris-Miller-1024x1024.webp 1024w, https:\/\/www.vallonchene.fr\/wp-content\/uploads\/2024\/10\/QUERCUS-dentata-Carl-Ferris-Miller-300x300.webp 300w, https:\/\/www.vallonchene.fr\/wp-content\/uploads\/2024\/10\/QUERCUS-dentata-Carl-Ferris-Miller-150x150.webp 150w, https:\/\/www.vallonchene.fr\/wp-content\/uploads\/2024\/10\/QUERCUS-dentata-Carl-Ferris-Miller-768x768.webp 768w, https:\/\/www.vallonchene.fr\/wp-content\/uploads\/2024\/10\/QUERCUS-dentata-Carl-Ferris-Miller-324x324.webp 324w, https:\/\/www.vallonchene.fr\/wp-content\/uploads\/2024\/10\/QUERCUS-dentata-Carl-Ferris-Miller-416x416.webp 416w, https:\/\/www.vallonchene.fr\/wp-content\/uploads\/2024\/10\/QUERCUS-dentata-Carl-Ferris-Miller-100x100.webp 100w, https:\/\/www.vallonchene.fr\/wp-content\/uploads\/2024\/10\/QUERCUS-dentata-Carl-Ferris-Miller-32x32.webp 32w, https:\/\/www.vallonchene.fr\/wp-content\/uploads\/2024\/10\/QUERCUS-dentata-Carl-Ferris-Miller-64x64.webp 64w, https:\/\/www.vallonchene.fr\/wp-content\/uploads\/2024\/10\/QUERCUS-dentata-Carl-Ferris-Miller.webp 1200w\" sizes=\"(max-width: 1024px) 100vw, 1024px\" \/><\/a><\/figure><div class=\"wp-block-media-text__content\">\n<h3 class=\"wp-block-heading has-normal-font-size\" id=\"h-quercus-dentata-carl-ferris-miller\"><a href=\"https:\/\/www.vallonchene.fr\/en\/product\/quercus-dentata-carl-ferris-miller\/#tab-title-description\"><strong>QUERCUS dentata &#8216;Carl Ferris Miller&#8217;<\/strong><\/a><\/h3>\n\n\n\n<p class=\"has-small-font-size\">24 October 2024<\/p>\n\n\n\n<p>QUERCUS dentata \u2018Carl Ferris Miller\u2019 is sure to capture attention. Indeed, its leaves can reach more than 30 cm in length. They are among the largest of\u2026<br><strong><a href=\"https:\/\/www.vallonchene.fr\/en\/product\/quercus-dentata-carl-ferris-miller\/#tab-title-description\">Read more<\/a><\/strong> (description section)<\/p>\n<\/div><\/div>\n\n\n\n<div class=\"wp-block-media-text is-stacked-on-mobile\" style=\"grid-template-columns:25% auto\"><figure class=\"wp-block-media-text__media\"><a href=\"https:\/\/www.vallonchene.fr\/en\/product\/acer-conspicuum-phoenix\/#tab-title-description\"><img decoding=\"async\" width=\"1024\" height=\"1024\" src=\"https:\/\/www.vallonchene.fr\/wp-content\/uploads\/2024\/10\/ACER-x-conspicuum-Phoenix-1024x1024.webp\" alt=\"In winter, the bark of the ACER conspicuum 'Phoenix' becomes flamboyant.\" class=\"wp-image-49549 size-medium\" srcset=\"https:\/\/www.vallonchene.fr\/wp-content\/uploads\/2024\/10\/ACER-x-conspicuum-Phoenix-1024x1024.webp 1024w, https:\/\/www.vallonchene.fr\/wp-content\/uploads\/2024\/10\/ACER-x-conspicuum-Phoenix-300x300.webp 300w, https:\/\/www.vallonchene.fr\/wp-content\/uploads\/2024\/10\/ACER-x-conspicuum-Phoenix-150x150.webp 150w, https:\/\/www.vallonchene.fr\/wp-content\/uploads\/2024\/10\/ACER-x-conspicuum-Phoenix-768x768.webp 768w, https:\/\/www.vallonchene.fr\/wp-content\/uploads\/2024\/10\/ACER-x-conspicuum-Phoenix-324x324.webp 324w, https:\/\/www.vallonchene.fr\/wp-content\/uploads\/2024\/10\/ACER-x-conspicuum-Phoenix-416x416.webp 416w, https:\/\/www.vallonchene.fr\/wp-content\/uploads\/2024\/10\/ACER-x-conspicuum-Phoenix-100x100.webp 100w, https:\/\/www.vallonchene.fr\/wp-content\/uploads\/2024\/10\/ACER-x-conspicuum-Phoenix-32x32.webp 32w, https:\/\/www.vallonchene.fr\/wp-content\/uploads\/2024\/10\/ACER-x-conspicuum-Phoenix-64x64.webp 64w, https:\/\/www.vallonchene.fr\/wp-content\/uploads\/2024\/10\/ACER-x-conspicuum-Phoenix.webp 1200w\" sizes=\"(max-width: 1024px) 100vw, 1024px\" \/><\/a><\/figure><div class=\"wp-block-media-text__content\">\n<h3 class=\"wp-block-heading has-normal-font-size\" id=\"h-acer-conspicuum-phoenix\"><a href=\"https:\/\/www.vallonchene.fr\/en\/product\/acer-conspicuum-phoenix\/#tab-title-description\"><strong>ACER conspicuum &#8216;Phoenix&#8217;<\/strong><\/a><\/h3>\n\n\n\n<p class=\"has-small-font-size\">10 October 2024<\/p>\n\n\n\n<p>Often nicknamed the snakebark maple, the ACER conspicuum \u2018Phoenix\u2019 is a true treasure for garden enthusiasts. This small tree grows slowly but surely. In summer\u2026<br><strong><a href=\"https:\/\/www.vallonchene.fr\/en\/product\/acer-conspicuum-phoenix\/#tab-title-description\">Read more<\/a><\/strong> (description section)<\/p>\n<\/div><\/div>\n\n\n\n<div class=\"wp-block-media-text is-stacked-on-mobile\" style=\"grid-template-columns:25% auto\"><figure class=\"wp-block-media-text__media\"><a href=\"https:\/\/www.vallonchene.fr\/en\/product\/quercus-palustris-isabel\/#tab-title-description\"><img decoding=\"async\" width=\"1024\" height=\"1024\" src=\"https:\/\/www.vallonchene.fr\/wp-content\/uploads\/2024\/10\/QUERCUS-palustris-Isabel_05-1024x1024.webp\" alt=\"Vibrant red foliage of QUERCUS palustris 'Isabel'\" class=\"wp-image-49455 size-medium\" srcset=\"https:\/\/www.vallonchene.fr\/wp-content\/uploads\/2024\/10\/QUERCUS-palustris-Isabel_05-1024x1024.webp 1024w, https:\/\/www.vallonchene.fr\/wp-content\/uploads\/2024\/10\/QUERCUS-palustris-Isabel_05-300x300.webp 300w, https:\/\/www.vallonchene.fr\/wp-content\/uploads\/2024\/10\/QUERCUS-palustris-Isabel_05-150x150.webp 150w, https:\/\/www.vallonchene.fr\/wp-content\/uploads\/2024\/10\/QUERCUS-palustris-Isabel_05-768x768.webp 768w, https:\/\/www.vallonchene.fr\/wp-content\/uploads\/2024\/10\/QUERCUS-palustris-Isabel_05-324x324.webp 324w, https:\/\/www.vallonchene.fr\/wp-content\/uploads\/2024\/10\/QUERCUS-palustris-Isabel_05-416x416.webp 416w, https:\/\/www.vallonchene.fr\/wp-content\/uploads\/2024\/10\/QUERCUS-palustris-Isabel_05-100x100.webp 100w, https:\/\/www.vallonchene.fr\/wp-content\/uploads\/2024\/10\/QUERCUS-palustris-Isabel_05-32x32.webp 32w, https:\/\/www.vallonchene.fr\/wp-content\/uploads\/2024\/10\/QUERCUS-palustris-Isabel_05-64x64.webp 64w, https:\/\/www.vallonchene.fr\/wp-content\/uploads\/2024\/10\/QUERCUS-palustris-Isabel_05.webp 1200w\" sizes=\"(max-width: 1024px) 100vw, 1024px\" \/><\/a><\/figure><div class=\"wp-block-media-text__content\">\n<h3 class=\"wp-block-heading has-normal-font-size\" id=\"h-quercus-palustris-isabel\"><a href=\"https:\/\/www.vallonchene.fr\/en\/product\/quercus-palustris-isabel\/#tab-title-description\"><strong>QUERCUS palustris &#8216;Isabel&#8217;<\/strong><\/a><\/h3>\n\n\n\n<p class=\"has-small-font-size\">03 October 2024<\/p>\n\n\n\n<p>QUERCUS palustris \u2018Isabel\u2019, more commonly known as the dwarf sawtooth oak, is a true treasure for garden enthusiasts. Indeed, this dwarf variety of the sawtooth oak develops into a globular and\u2026<br><strong><a href=\"https:\/\/www.vallonchene.fr\/en\/product\/quercus-palustris-isabel\/#tab-title-description\">Read more<\/a><\/strong> (description section)<\/p>\n<\/div><\/div>\n\n\n\n<div class=\"wp-block-media-text is-stacked-on-mobile\" style=\"grid-template-columns:25% auto\"><figure class=\"wp-block-media-text__media\"><a href=\"https:\/\/www.vallonchene.fr\/en\/product\/fagus-sylvatica-f-tortuosa\/#tab-title-description\"><img decoding=\"async\" width=\"1024\" height=\"1024\" src=\"https:\/\/www.vallonchene.fr\/wp-content\/uploads\/2024\/09\/FAGUS-sylvatica-f.-tortuosa-1024x1024.webp\" alt=\"A FAGUS sylvatica f. tortuosa with its twisted and drooping branches\" class=\"wp-image-49386 size-medium\" srcset=\"https:\/\/www.vallonchene.fr\/wp-content\/uploads\/2024\/09\/FAGUS-sylvatica-f.-tortuosa-1024x1024.webp 1024w, https:\/\/www.vallonchene.fr\/wp-content\/uploads\/2024\/09\/FAGUS-sylvatica-f.-tortuosa-300x300.webp 300w, https:\/\/www.vallonchene.fr\/wp-content\/uploads\/2024\/09\/FAGUS-sylvatica-f.-tortuosa-150x150.webp 150w, https:\/\/www.vallonchene.fr\/wp-content\/uploads\/2024\/09\/FAGUS-sylvatica-f.-tortuosa-768x768.webp 768w, https:\/\/www.vallonchene.fr\/wp-content\/uploads\/2024\/09\/FAGUS-sylvatica-f.-tortuosa-324x324.webp 324w, https:\/\/www.vallonchene.fr\/wp-content\/uploads\/2024\/09\/FAGUS-sylvatica-f.-tortuosa-416x416.webp 416w, https:\/\/www.vallonchene.fr\/wp-content\/uploads\/2024\/09\/FAGUS-sylvatica-f.-tortuosa-100x100.webp 100w, https:\/\/www.vallonchene.fr\/wp-content\/uploads\/2024\/09\/FAGUS-sylvatica-f.-tortuosa-32x32.webp 32w, https:\/\/www.vallonchene.fr\/wp-content\/uploads\/2024\/09\/FAGUS-sylvatica-f.-tortuosa-64x64.webp 64w, https:\/\/www.vallonchene.fr\/wp-content\/uploads\/2024\/09\/FAGUS-sylvatica-f.-tortuosa.webp 1200w\" sizes=\"(max-width: 1024px) 100vw, 1024px\" \/><\/a><\/figure><div class=\"wp-block-media-text__content\">\n<h3 class=\"wp-block-heading has-normal-font-size\" id=\"h-fagus-sylvatica-f-tortuosa\"><a href=\"https:\/\/www.vallonchene.fr\/en\/product\/fagus-sylvatica-f-tortuosa\/#tab-title-description\"><strong>FAGUS sylvatica f. tortuosa<\/strong><\/a><\/h3>\n\n\n\n<p class=\"has-small-font-size\">26 September 2024<\/p>\n\n\n\n<p>The FAGUS sylvatica f. tortuosa , or contorted European beech, is a truly captivating tree. Its unique appearance makes it a living sculpture. Indeed, its twisted and gnarled branches seem to dance in\u2026<br><strong><a href=\"https:\/\/www.vallonchene.fr\/en\/product\/fagus-sylvatica-f-tortuosa\/#tab-title-description\">Read more<\/a><\/strong> (description section)<\/p>\n<\/div><\/div>\n\n\n\n<div class=\"wp-block-media-text is-stacked-on-mobile\" style=\"grid-template-columns:25% auto\"><figure class=\"wp-block-media-text__media\"><a href=\"https:\/\/www.vallonchene.fr\/en\/product\/cryptomeria-japonica-cristata\/#tab-title-description\"><img decoding=\"async\" width=\"1024\" height=\"1022\" src=\"https:\/\/www.vallonchene.fr\/wp-content\/uploads\/2024\/09\/CRYPTOMERIA-japonica-Cristata_01-1024x1022.webp\" alt=\"Crested fasciation in a CRYPTOMERIA japonica 'Cristata\" class=\"wp-image-49117 size-medium\" srcset=\"https:\/\/www.vallonchene.fr\/wp-content\/uploads\/2024\/09\/CRYPTOMERIA-japonica-Cristata_01-1024x1022.webp 1024w, https:\/\/www.vallonchene.fr\/wp-content\/uploads\/2024\/09\/CRYPTOMERIA-japonica-Cristata_01-300x300.webp 300w, https:\/\/www.vallonchene.fr\/wp-content\/uploads\/2024\/09\/CRYPTOMERIA-japonica-Cristata_01-150x150.webp 150w, https:\/\/www.vallonchene.fr\/wp-content\/uploads\/2024\/09\/CRYPTOMERIA-japonica-Cristata_01-768x767.webp 768w, https:\/\/www.vallonchene.fr\/wp-content\/uploads\/2024\/09\/CRYPTOMERIA-japonica-Cristata_01-324x324.webp 324w, https:\/\/www.vallonchene.fr\/wp-content\/uploads\/2024\/09\/CRYPTOMERIA-japonica-Cristata_01-416x415.webp 416w, https:\/\/www.vallonchene.fr\/wp-content\/uploads\/2024\/09\/CRYPTOMERIA-japonica-Cristata_01-100x100.webp 100w, https:\/\/www.vallonchene.fr\/wp-content\/uploads\/2024\/09\/CRYPTOMERIA-japonica-Cristata_01-32x32.webp 32w, https:\/\/www.vallonchene.fr\/wp-content\/uploads\/2024\/09\/CRYPTOMERIA-japonica-Cristata_01-64x64.webp 64w, https:\/\/www.vallonchene.fr\/wp-content\/uploads\/2024\/09\/CRYPTOMERIA-japonica-Cristata_01.webp 1200w\" sizes=\"(max-width: 1024px) 100vw, 1024px\" \/><\/a><\/figure><div class=\"wp-block-media-text__content\">\n<h3 class=\"wp-block-heading has-normal-font-size\" id=\"h-cryptomeria-japonica-cristata\"><a href=\"https:\/\/www.vallonchene.fr\/en\/product\/cryptomeria-japonica-cristata\/#tab-title-description\"><strong>CRYPTOMERIA japonica &#8216;Cristata&#8217;<\/strong><\/a><\/h3>\n\n\n\n<p class=\"has-small-font-size\">11 September 2024<\/p>\n\n\n\n<p>CRYPTOMERIA japonica \u2018Cristata\u2019, also known as the Japanese cedar with cock\u2019s comb foliage, is a conifer that never fails to surprise with its original\u2026<br><strong><a href=\"https:\/\/www.vallonchene.fr\/en\/product\/cryptomeria-japonica-cristata\/#tab-title-description\">Read more<\/a><\/strong> (description section)<\/p>\n<\/div><\/div>\n\n\n\n<div class=\"wp-block-media-text is-stacked-on-mobile\" style=\"grid-template-columns:25% auto\"><figure class=\"wp-block-media-text__media\"><a href=\"https:\/\/www.vallonchene.fr\/en\/product\/aralia-schmidtii-var-verticillata\/#tab-title-description\"><img decoding=\"async\" width=\"1024\" height=\"1022\" src=\"https:\/\/www.vallonchene.fr\/wp-content\/uploads\/2024\/09\/AMPELOPSIS-megalophylla_01-1024x1022.webp\" alt=\"Foliage and flowes of AMPELOPSIS megalophylla\" class=\"wp-image-49076 size-medium\" srcset=\"https:\/\/www.vallonchene.fr\/wp-content\/uploads\/2024\/09\/AMPELOPSIS-megalophylla_01-1024x1022.webp 1024w, https:\/\/www.vallonchene.fr\/wp-content\/uploads\/2024\/09\/AMPELOPSIS-megalophylla_01-300x300.webp 300w, https:\/\/www.vallonchene.fr\/wp-content\/uploads\/2024\/09\/AMPELOPSIS-megalophylla_01-150x150.webp 150w, https:\/\/www.vallonchene.fr\/wp-content\/uploads\/2024\/09\/AMPELOPSIS-megalophylla_01-768x767.webp 768w, https:\/\/www.vallonchene.fr\/wp-content\/uploads\/2024\/09\/AMPELOPSIS-megalophylla_01-324x324.webp 324w, https:\/\/www.vallonchene.fr\/wp-content\/uploads\/2024\/09\/AMPELOPSIS-megalophylla_01-416x415.webp 416w, https:\/\/www.vallonchene.fr\/wp-content\/uploads\/2024\/09\/AMPELOPSIS-megalophylla_01-100x100.webp 100w, https:\/\/www.vallonchene.fr\/wp-content\/uploads\/2024\/09\/AMPELOPSIS-megalophylla_01-32x32.webp 32w, https:\/\/www.vallonchene.fr\/wp-content\/uploads\/2024\/09\/AMPELOPSIS-megalophylla_01-64x64.webp 64w, https:\/\/www.vallonchene.fr\/wp-content\/uploads\/2024\/09\/AMPELOPSIS-megalophylla_01.webp 1200w\" sizes=\"(max-width: 1024px) 100vw, 1024px\" \/><\/a><\/figure><div class=\"wp-block-media-text__content\">\n<h3 class=\"wp-block-heading has-normal-font-size\" id=\"h-aralia-schmidtii-var-verticillata\"><a href=\"https:\/\/www.vallonchene.fr\/en\/product\/aralia-schmidtii-var-verticillata\/#tab-title-description\"><strong>ARALIA schmidtii var. verticillata<\/strong><\/a><\/h3>\n\n\n\n<p class=\"has-small-font-size\">04 September 2024<\/p>\n\n\n\n<p>ARALIA schmidtii var. verticillata is an impressive perennial plant with large, deeply cut, glossy green leaves. This spikenard will add an exotic touch to your garden. Its shrubby habit and\u2026<br><strong><a href=\"https:\/\/www.vallonchene.fr\/en\/product\/aralia-schmidtii-var-verticillata\/#tab-title-description\">Read more<\/a><\/strong> (description section)<\/p>\n<\/div><\/div>\n\n\n\n<div class=\"wp-block-media-text is-stacked-on-mobile\" style=\"grid-template-columns:25% auto\"><figure class=\"wp-block-media-text__media\"><a href=\"https:\/\/www.vallonchene.fr\/en\/product\/robinia-pseudoacacia-twisty-babyb-black-locust-false-acacia\/#tab-title-description\"><img decoding=\"async\" width=\"1024\" height=\"1024\" src=\"https:\/\/www.vallonchene.fr\/wp-content\/uploads\/2024\/06\/ROBINIA-pseudoacacia-Twisty-Baby_02.webp\" alt=\"A majestic specimen of ROBINIA pseudoacacia 'Twisty Baby' in the Valerianes Garden\" class=\"wp-image-47827 size-medium\" srcset=\"https:\/\/www.vallonchene.fr\/wp-content\/uploads\/2024\/06\/ROBINIA-pseudoacacia-Twisty-Baby_02.webp 1024w, https:\/\/www.vallonchene.fr\/wp-content\/uploads\/2024\/06\/ROBINIA-pseudoacacia-Twisty-Baby_02-300x300.webp 300w, https:\/\/www.vallonchene.fr\/wp-content\/uploads\/2024\/06\/ROBINIA-pseudoacacia-Twisty-Baby_02-150x150.webp 150w, https:\/\/www.vallonchene.fr\/wp-content\/uploads\/2024\/06\/ROBINIA-pseudoacacia-Twisty-Baby_02-768x768.webp 768w, https:\/\/www.vallonchene.fr\/wp-content\/uploads\/2024\/06\/ROBINIA-pseudoacacia-Twisty-Baby_02-324x324.webp 324w, https:\/\/www.vallonchene.fr\/wp-content\/uploads\/2024\/06\/ROBINIA-pseudoacacia-Twisty-Baby_02-416x416.webp 416w, https:\/\/www.vallonchene.fr\/wp-content\/uploads\/2024\/06\/ROBINIA-pseudoacacia-Twisty-Baby_02-100x100.webp 100w, https:\/\/www.vallonchene.fr\/wp-content\/uploads\/2024\/06\/ROBINIA-pseudoacacia-Twisty-Baby_02-32x32.webp 32w, https:\/\/www.vallonchene.fr\/wp-content\/uploads\/2024\/06\/ROBINIA-pseudoacacia-Twisty-Baby_02-64x64.webp 64w\" sizes=\"(max-width: 1024px) 100vw, 1024px\" \/><\/a><\/figure><div class=\"wp-block-media-text__content\">\n<h3 class=\"wp-block-heading has-normal-font-size\" id=\"h-robinia-pseudoacacia-twisty-baby\"><a href=\"https:\/\/www.vallonchene.fr\/en\/product\/robinia-pseudoacacia-twisty-babyb-black-locust-false-acacia\/#tab-title-description\"><strong>ROBINIA pseudoacacia &#8216;Twisty Baby&#8217;<\/strong><\/a><\/h3>\n\n\n\n<p class=\"has-small-font-size\">27 June 2024<\/p>\n\n\n\n<p>Are you looking for a tree that is as decorative as it is durable for your garden? Look no further than&nbsp;ROBINIA pseudoacacia \u2018Twisty Baby\u2019. This true, very\u2026<br><strong><a href=\"https:\/\/www.vallonchene.fr\/en\/product\/robinia-pseudoacacia-twisty-babyb-black-locust-false-acacia\/#tab-title-description\">Read more<\/a><\/strong> (description section)<\/p>\n<\/div><\/div>\n\n\n\n<div class=\"wp-block-media-text is-stacked-on-mobile\" style=\"grid-template-columns:25% auto\"><figure class=\"wp-block-media-text__media\"><a href=\"https:\/\/www.vallonchene.fr\/en\/product\/abies-koreana-silberlocke\/#tab-title-description\"><img decoding=\"async\" width=\"1024\" height=\"1024\" src=\"https:\/\/www.vallonchene.fr\/wp-content\/uploads\/2024\/06\/ABIES-koreana-Silberlocke.webp\" alt=\"Branches with curved white needles of the ABIES koreana 'Silberlocke'\" class=\"wp-image-47783 size-medium\" srcset=\"https:\/\/www.vallonchene.fr\/wp-content\/uploads\/2024\/06\/ABIES-koreana-Silberlocke.webp 1024w, https:\/\/www.vallonchene.fr\/wp-content\/uploads\/2024\/06\/ABIES-koreana-Silberlocke-300x300.webp 300w, https:\/\/www.vallonchene.fr\/wp-content\/uploads\/2024\/06\/ABIES-koreana-Silberlocke-150x150.webp 150w, https:\/\/www.vallonchene.fr\/wp-content\/uploads\/2024\/06\/ABIES-koreana-Silberlocke-768x768.webp 768w, https:\/\/www.vallonchene.fr\/wp-content\/uploads\/2024\/06\/ABIES-koreana-Silberlocke-324x324.webp 324w, https:\/\/www.vallonchene.fr\/wp-content\/uploads\/2024\/06\/ABIES-koreana-Silberlocke-416x416.webp 416w, https:\/\/www.vallonchene.fr\/wp-content\/uploads\/2024\/06\/ABIES-koreana-Silberlocke-100x100.webp 100w, https:\/\/www.vallonchene.fr\/wp-content\/uploads\/2024\/06\/ABIES-koreana-Silberlocke-32x32.webp 32w, https:\/\/www.vallonchene.fr\/wp-content\/uploads\/2024\/06\/ABIES-koreana-Silberlocke-64x64.webp 64w\" sizes=\"(max-width: 1024px) 100vw, 1024px\" \/><\/a><\/figure><div class=\"wp-block-media-text__content\">\n<h3 class=\"wp-block-heading has-normal-font-size\" id=\"h-abies-koreana-silberlocke\"><a href=\"https:\/\/www.vallonchene.fr\/en\/product\/abies-koreana-silberlocke\/#tab-title-description\"><strong>ABIES koreana &#8216;Silberlocke&#8217;<\/strong><\/a><\/h3>\n\n\n\n<p class=\"has-small-font-size\">19 June 2024<\/p>\n\n\n\n<p>Splendid among the Korean firs, Abies koreana \u2018Silberlocke\u2019 stands out for its refined appearance and unique foliage. Indeed, its leaves, delicately curved\u2026<br><strong><a href=\"https:\/\/www.vallonchene.fr\/en\/product\/abies-koreana-silberlocke\/#tab-title-description\">Read more<\/a><\/strong> (description section)<\/p>\n<\/div><\/div>\n\n\n\n<div class=\"wp-block-media-text is-stacked-on-mobile\" style=\"grid-template-columns:25% auto\"><figure class=\"wp-block-media-text__media\"><a href=\"https:\/\/www.vallonchene.fr\/en\/vallonchene-exceptional-plants-at-a-quality-price\/\"><img decoding=\"async\" width=\"1024\" height=\"1024\" src=\"https:\/\/www.vallonchene.fr\/wp-content\/uploads\/2024\/06\/production-durable-et-de-qualite-a-Vallonchene_01.jpg\" alt=\"Vallonch\u00eane produit de meilleures plantes de haute qualit\u00e9 avec des m\u00e9thodes de culture durables\" class=\"wp-image-47706 size-medium\" srcset=\"https:\/\/www.vallonchene.fr\/wp-content\/uploads\/2024\/06\/production-durable-et-de-qualite-a-Vallonchene_01.jpg 1024w, https:\/\/www.vallonchene.fr\/wp-content\/uploads\/2024\/06\/production-durable-et-de-qualite-a-Vallonchene_01-300x300.jpg 300w, https:\/\/www.vallonchene.fr\/wp-content\/uploads\/2024\/06\/production-durable-et-de-qualite-a-Vallonchene_01-150x150.jpg 150w, https:\/\/www.vallonchene.fr\/wp-content\/uploads\/2024\/06\/production-durable-et-de-qualite-a-Vallonchene_01-768x768.jpg 768w, https:\/\/www.vallonchene.fr\/wp-content\/uploads\/2024\/06\/production-durable-et-de-qualite-a-Vallonchene_01-324x324.jpg 324w, https:\/\/www.vallonchene.fr\/wp-content\/uploads\/2024\/06\/production-durable-et-de-qualite-a-Vallonchene_01-416x416.jpg 416w, https:\/\/www.vallonchene.fr\/wp-content\/uploads\/2024\/06\/production-durable-et-de-qualite-a-Vallonchene_01-100x100.jpg 100w, https:\/\/www.vallonchene.fr\/wp-content\/uploads\/2024\/06\/production-durable-et-de-qualite-a-Vallonchene_01-32x32.jpg 32w, https:\/\/www.vallonchene.fr\/wp-content\/uploads\/2024\/06\/production-durable-et-de-qualite-a-Vallonchene_01-64x64.jpg 64w\" sizes=\"(max-width: 1024px) 100vw, 1024px\" \/><\/a><\/figure><div class=\"wp-block-media-text__content\">\n<h3 class=\"wp-block-heading has-normal-font-size\" id=\"h-vallonchene-exceptional-plants-at-a-quality-price\"><a href=\"https:\/\/www.vallonchene.fr\/en\/vallonchene-exceptional-plants-at-a-quality-price\/\"><strong>Vallonch\u00eane: Exceptional plants at a quality price<\/strong><\/a><\/h3>\n\n\n\n<p class=\"has-small-font-size\">12 June 2024<\/p>\n\n\n\n<p>At Vallonch\u00eane, we have a deep-seated belief: plants are not mere commodities. They are living beings, endowed with unique strength and beauty, that\u2026<br><strong><a href=\"https:\/\/www.vallonchene.fr\/en\/vallonchene-exceptional-plants-at-a-quality-price\/\">Read more<\/a><\/strong> <\/p>\n<\/div><\/div>\n\n\n\n<div class=\"wp-block-media-text is-stacked-on-mobile\" style=\"grid-template-columns:25% auto\"><figure class=\"wp-block-media-text__media\"><a href=\"https:\/\/www.vallonchene.fr\/en\/product\/aesculus-wilsonii-chinese-chestnut\/#tab-title-description\"><img decoding=\"async\" width=\"1024\" height=\"1024\" src=\"https:\/\/www.vallonchene.fr\/wp-content\/uploads\/2024\/06\/AESCULUS-wilsonii_02.webp\" alt=\"Red-veined green spring foliage of AESCULUS wilsonii\" class=\"wp-image-47515 size-medium\" srcset=\"https:\/\/www.vallonchene.fr\/wp-content\/uploads\/2024\/06\/AESCULUS-wilsonii_02.webp 1024w, https:\/\/www.vallonchene.fr\/wp-content\/uploads\/2024\/06\/AESCULUS-wilsonii_02-300x300.webp 300w, https:\/\/www.vallonchene.fr\/wp-content\/uploads\/2024\/06\/AESCULUS-wilsonii_02-150x150.webp 150w, https:\/\/www.vallonchene.fr\/wp-content\/uploads\/2024\/06\/AESCULUS-wilsonii_02-768x768.webp 768w, https:\/\/www.vallonchene.fr\/wp-content\/uploads\/2024\/06\/AESCULUS-wilsonii_02-324x324.webp 324w, https:\/\/www.vallonchene.fr\/wp-content\/uploads\/2024\/06\/AESCULUS-wilsonii_02-416x416.webp 416w, https:\/\/www.vallonchene.fr\/wp-content\/uploads\/2024\/06\/AESCULUS-wilsonii_02-100x100.webp 100w, https:\/\/www.vallonchene.fr\/wp-content\/uploads\/2024\/06\/AESCULUS-wilsonii_02-32x32.webp 32w, https:\/\/www.vallonchene.fr\/wp-content\/uploads\/2024\/06\/AESCULUS-wilsonii_02-64x64.webp 64w\" sizes=\"(max-width: 1024px) 100vw, 1024px\" \/><\/a><\/figure><div class=\"wp-block-media-text__content\">\n<h3 class=\"wp-block-heading has-normal-font-size\" id=\"h-aesculus-wilsonii\"><a href=\"https:\/\/www.vallonchene.fr\/en\/product\/aesculus-wilsonii-chinese-chestnut\/#tab-title-description\"><strong>AESCULUS wilsonii<\/strong><\/a><\/h3>\n\n\n\n<p class=\"has-small-font-size\">05 June 2024<\/p>\n\n\n\n<p>The Willson\u2019s horse chestnut, also known as the Chinese horse chestnut, is an exceptional tree and still particularly rare in Europe. Indeed, AESCULUS wilsonii starts spring off with\u2026<br><strong><a href=\"https:\/\/www.vallonchene.fr\/en\/product\/aesculus-wilsonii-chinese-chestnut\/#tab-title-description\">Read more<\/a><\/strong> (description section)<\/p>\n<\/div><\/div>\n\n\n\n<div class=\"wp-block-media-text is-stacked-on-mobile\" style=\"grid-template-columns:25% auto\"><figure class=\"wp-block-media-text__media\"><a href=\"https:\/\/www.vallonchene.fr\/en\/product\/brassaiopsis-hispida\/#tab-title-description\"><img decoding=\"async\" width=\"1024\" height=\"1021\" src=\"https:\/\/www.vallonchene.fr\/wp-content\/uploads\/2024\/05\/BRASSAIOPSIS-hispida.webp\" alt=\"Young bronze-colored shoot of BRASSAIOPSIS hispida\" class=\"wp-image-47458 size-medium\" srcset=\"https:\/\/www.vallonchene.fr\/wp-content\/uploads\/2024\/05\/BRASSAIOPSIS-hispida.webp 1024w, https:\/\/www.vallonchene.fr\/wp-content\/uploads\/2024\/05\/BRASSAIOPSIS-hispida-300x300.webp 300w, https:\/\/www.vallonchene.fr\/wp-content\/uploads\/2024\/05\/BRASSAIOPSIS-hispida-150x150.webp 150w, https:\/\/www.vallonchene.fr\/wp-content\/uploads\/2024\/05\/BRASSAIOPSIS-hispida-768x766.webp 768w, https:\/\/www.vallonchene.fr\/wp-content\/uploads\/2024\/05\/BRASSAIOPSIS-hispida-324x324.webp 324w, https:\/\/www.vallonchene.fr\/wp-content\/uploads\/2024\/05\/BRASSAIOPSIS-hispida-416x415.webp 416w, https:\/\/www.vallonchene.fr\/wp-content\/uploads\/2024\/05\/BRASSAIOPSIS-hispida-100x100.webp 100w, https:\/\/www.vallonchene.fr\/wp-content\/uploads\/2024\/05\/BRASSAIOPSIS-hispida-32x32.webp 32w, https:\/\/www.vallonchene.fr\/wp-content\/uploads\/2024\/05\/BRASSAIOPSIS-hispida-64x64.webp 64w\" sizes=\"(max-width: 1024px) 100vw, 1024px\" \/><\/a><\/figure><div class=\"wp-block-media-text__content\">\n<h3 class=\"wp-block-heading has-normal-font-size\" id=\"h-brassaiopsis-hispida\"><a href=\"https:\/\/www.vallonchene.fr\/en\/product\/brassaiopsis-hispida\/#tab-title-description\"><strong>BRASSAIOPSIS hispida<\/strong><\/a><\/h3>\n\n\n\n<p class=\"has-small-font-size\">29 May 2024<\/p>\n\n\n\n<p>BRASSAIOPSIS hispida, like <strong><a href=\"https:\/\/www.vallonchene.fr\/en\/product\/brassaiopsis-mitis\/\">BRASSAIOPSIS mitis<\/a><\/strong> or <strong><a href=\"https:\/\/www.vallonchene.fr\/en\/product\/brassaiopsis-hainla\/\">BRASSAIOPSIS hainla<\/a><\/strong>, are undoubtedly among THE collector\u2019s plants of recent years. They\u2026<br><strong><a href=\"https:\/\/www.vallonchene.fr\/en\/product\/brassaiopsis-hispida\/#tab-title-description\">Read more<\/a><\/strong> (description section)<\/p>\n<\/div><\/div>\n\n\n\n<div class=\"wp-block-media-text is-stacked-on-mobile\" style=\"grid-template-columns:25% auto\"><figure class=\"wp-block-media-text__media\"><a href=\"https:\/\/www.vallonchene.fr\/en\/product\/armoracia-rusticana-variegata\/#tab-title-description\"><img decoding=\"async\" width=\"1000\" height=\"1000\" src=\"https:\/\/www.vallonchene.fr\/wp-content\/uploads\/2023\/06\/ARMORACIA-rusticana-Variegata_02-1.webp\" alt=\"Green and white variegated leaves of l'ARMORACIA rusticana 'Variegata' in spring\" class=\"wp-image-41022 size-medium\" srcset=\"https:\/\/www.vallonchene.fr\/wp-content\/uploads\/2023\/06\/ARMORACIA-rusticana-Variegata_02-1.webp 1000w, https:\/\/www.vallonchene.fr\/wp-content\/uploads\/2023\/06\/ARMORACIA-rusticana-Variegata_02-1-324x324.webp 324w, https:\/\/www.vallonchene.fr\/wp-content\/uploads\/2023\/06\/ARMORACIA-rusticana-Variegata_02-1-100x100.webp 100w, https:\/\/www.vallonchene.fr\/wp-content\/uploads\/2023\/06\/ARMORACIA-rusticana-Variegata_02-1-416x416.webp 416w, https:\/\/www.vallonchene.fr\/wp-content\/uploads\/2023\/06\/ARMORACIA-rusticana-Variegata_02-1-64x64.webp 64w, https:\/\/www.vallonchene.fr\/wp-content\/uploads\/2023\/06\/ARMORACIA-rusticana-Variegata_02-1-300x300.webp 300w, https:\/\/www.vallonchene.fr\/wp-content\/uploads\/2023\/06\/ARMORACIA-rusticana-Variegata_02-1-150x150.webp 150w, https:\/\/www.vallonchene.fr\/wp-content\/uploads\/2023\/06\/ARMORACIA-rusticana-Variegata_02-1-768x768.webp 768w, https:\/\/www.vallonchene.fr\/wp-content\/uploads\/2023\/06\/ARMORACIA-rusticana-Variegata_02-1-32x32.webp 32w\" sizes=\"(max-width: 1000px) 100vw, 1000px\" \/><\/a><\/figure><div class=\"wp-block-media-text__content\">\n<h3 class=\"wp-block-heading has-normal-font-size\" id=\"h-armoracia-rusticana-variegata\"><a href=\"https:\/\/www.vallonchene.fr\/en\/product\/armoracia-rusticana-variegata\/#tab-title-description\"><strong>ARMORACIA rusticana &#8216;Variegata&#8217;<\/strong><\/a><\/h3>\n\n\n\n<p class=\"has-small-font-size\">22 May 2024<\/p>\n\n\n\n<p>ARMORACIA rusticana \u2018Variegata\u2019 is a perennial plant better known as variegated horseradish. Although it is usually grown in the vegetable garden, the selection we offer decorates with its \u2026<br><strong><a href=\"https:\/\/www.vallonchene.fr\/en\/product\/armoracia-rusticana-variegata\/#tab-title-description\">Read more<\/a><\/strong> (description section)<\/p>\n<\/div><\/div>\n\n\n\n<div class=\"wp-block-media-text is-stacked-on-mobile\" style=\"grid-template-columns:25% auto\"><figure class=\"wp-block-media-text__media\"><a href=\"https:\/\/www.vallonchene.fr\/en\/product\/picea-abies-pusch\/#tab-title-description\"><img decoding=\"async\" width=\"1024\" height=\"1024\" src=\"https:\/\/www.vallonchene.fr\/wp-content\/uploads\/2024\/05\/PICEA-abies-Pusch_01.webp\" alt=\"Light green shoots and pink cones of PICEA abies 'Pusch' in spring\" class=\"wp-image-47357 size-medium\" srcset=\"https:\/\/www.vallonchene.fr\/wp-content\/uploads\/2024\/05\/PICEA-abies-Pusch_01.webp 1024w, https:\/\/www.vallonchene.fr\/wp-content\/uploads\/2024\/05\/PICEA-abies-Pusch_01-300x300.webp 300w, https:\/\/www.vallonchene.fr\/wp-content\/uploads\/2024\/05\/PICEA-abies-Pusch_01-150x150.webp 150w, https:\/\/www.vallonchene.fr\/wp-content\/uploads\/2024\/05\/PICEA-abies-Pusch_01-768x768.webp 768w, https:\/\/www.vallonchene.fr\/wp-content\/uploads\/2024\/05\/PICEA-abies-Pusch_01-324x324.webp 324w, https:\/\/www.vallonchene.fr\/wp-content\/uploads\/2024\/05\/PICEA-abies-Pusch_01-416x416.webp 416w, https:\/\/www.vallonchene.fr\/wp-content\/uploads\/2024\/05\/PICEA-abies-Pusch_01-100x100.webp 100w, https:\/\/www.vallonchene.fr\/wp-content\/uploads\/2024\/05\/PICEA-abies-Pusch_01-32x32.webp 32w, https:\/\/www.vallonchene.fr\/wp-content\/uploads\/2024\/05\/PICEA-abies-Pusch_01-64x64.webp 64w\" sizes=\"(max-width: 1024px) 100vw, 1024px\" \/><\/a><\/figure><div class=\"wp-block-media-text__content\">\n<h3 class=\"wp-block-heading has-normal-font-size\" id=\"h-picea-abies-pusch\"><a href=\"https:\/\/www.vallonchene.fr\/en\/product\/picea-abies-pusch\/#tab-title-description\"><strong>PICEA abies &#8216;Pusch&#8217;<\/strong><\/a><\/h3>\n\n\n\n<p class=\"has-small-font-size\">15 May 2024<\/p>\n\n\n\n<p>PICEA abies \u2018Pusch\u2019 belongs to the Norway spruce genus, although this form was voted conifer of the year. In fact, it is a very\u2026<br><strong><a href=\"https:\/\/www.vallonchene.fr\/en\/product\/picea-abies-pusch\/#tab-title-description\">Read more<\/a><\/strong> (description section)<\/p>\n<\/div><\/div>\n\n\n\n<div class=\"wp-block-media-text is-stacked-on-mobile\" style=\"grid-template-columns:25% auto\"><figure class=\"wp-block-media-text__media\"><a href=\"https:\/\/www.vallonchene.fr\/en\/product\/larix-kaempferi-magic-gold\/#tab-title-description\"><img decoding=\"async\" width=\"1024\" height=\"1024\" src=\"https:\/\/www.vallonchene.fr\/wp-content\/uploads\/2024\/05\/LARIX-kaempferi-Magic-Gold-d.webp\" alt=\"Bright yellow foliage of LARIX kaempferi 'Magic Gold'\" class=\"wp-image-47199 size-medium\" srcset=\"https:\/\/www.vallonchene.fr\/wp-content\/uploads\/2024\/05\/LARIX-kaempferi-Magic-Gold-d.webp 1024w, https:\/\/www.vallonchene.fr\/wp-content\/uploads\/2024\/05\/LARIX-kaempferi-Magic-Gold-d-300x300.webp 300w, https:\/\/www.vallonchene.fr\/wp-content\/uploads\/2024\/05\/LARIX-kaempferi-Magic-Gold-d-150x150.webp 150w, https:\/\/www.vallonchene.fr\/wp-content\/uploads\/2024\/05\/LARIX-kaempferi-Magic-Gold-d-768x768.webp 768w, https:\/\/www.vallonchene.fr\/wp-content\/uploads\/2024\/05\/LARIX-kaempferi-Magic-Gold-d-324x324.webp 324w, https:\/\/www.vallonchene.fr\/wp-content\/uploads\/2024\/05\/LARIX-kaempferi-Magic-Gold-d-416x416.webp 416w, https:\/\/www.vallonchene.fr\/wp-content\/uploads\/2024\/05\/LARIX-kaempferi-Magic-Gold-d-100x100.webp 100w, https:\/\/www.vallonchene.fr\/wp-content\/uploads\/2024\/05\/LARIX-kaempferi-Magic-Gold-d-32x32.webp 32w, https:\/\/www.vallonchene.fr\/wp-content\/uploads\/2024\/05\/LARIX-kaempferi-Magic-Gold-d-64x64.webp 64w\" sizes=\"(max-width: 1024px) 100vw, 1024px\" \/><\/a><\/figure><div class=\"wp-block-media-text__content\">\n<h3 class=\"wp-block-heading has-normal-font-size\" id=\"h-larix-kaempferi-magic-gold\"><a href=\"https:\/\/www.vallonchene.fr\/en\/product\/larix-kaempferi-magic-gold\/#tab-title-description\"><strong>LARIX kaempferi &#8216;Magic Gold&#8217;<\/strong><\/a><\/h3>\n\n\n\n<p class=\"has-small-font-size\">09 May 2024<\/p>\n\n\n\n<p>LARIX kaempferi \u2018Magic Gold\u2019 is an absolutely fabulous and unusual Japanese larch. As soon as its bright yellow foliage emerges at the very beginning of spring, this deciduous conifer lights up\u2026<br><strong><a href=\"https:\/\/www.vallonchene.fr\/en\/product\/larix-kaempferi-magic-gold\/#tab-title-description\">Read more<\/a><\/strong> (description section)<\/p>\n<\/div><\/div>\n\n\n\n<div class=\"wp-block-media-text is-stacked-on-mobile\" style=\"grid-template-columns:25% auto\"><figure class=\"wp-block-media-text__media\"><a href=\"https:\/\/www.vallonchene.fr\/en\/product\/fitzroya-cupressoides\/#tab-title-description\"><img decoding=\"async\" width=\"1024\" height=\"1024\" src=\"https:\/\/www.vallonchene.fr\/wp-content\/uploads\/2024\/05\/FITZROYA-cupressoides_01.webp\" alt=\"Very old specimen of a FITZROYA cupressoides in an Irish garden\" class=\"wp-image-46714 size-medium\" srcset=\"https:\/\/www.vallonchene.fr\/wp-content\/uploads\/2024\/05\/FITZROYA-cupressoides_01.webp 1024w, https:\/\/www.vallonchene.fr\/wp-content\/uploads\/2024\/05\/FITZROYA-cupressoides_01-300x300.webp 300w, https:\/\/www.vallonchene.fr\/wp-content\/uploads\/2024\/05\/FITZROYA-cupressoides_01-150x150.webp 150w, https:\/\/www.vallonchene.fr\/wp-content\/uploads\/2024\/05\/FITZROYA-cupressoides_01-768x768.webp 768w, https:\/\/www.vallonchene.fr\/wp-content\/uploads\/2024\/05\/FITZROYA-cupressoides_01-324x324.webp 324w, https:\/\/www.vallonchene.fr\/wp-content\/uploads\/2024\/05\/FITZROYA-cupressoides_01-416x416.webp 416w, https:\/\/www.vallonchene.fr\/wp-content\/uploads\/2024\/05\/FITZROYA-cupressoides_01-100x100.webp 100w, https:\/\/www.vallonchene.fr\/wp-content\/uploads\/2024\/05\/FITZROYA-cupressoides_01-32x32.webp 32w, https:\/\/www.vallonchene.fr\/wp-content\/uploads\/2024\/05\/FITZROYA-cupressoides_01-64x64.webp 64w\" sizes=\"(max-width: 1024px) 100vw, 1024px\" \/><\/a><\/figure><div class=\"wp-block-media-text__content\">\n<h3 class=\"wp-block-heading has-normal-font-size\" id=\"h-fitzroya-cupressoides\"><a href=\"https:\/\/www.vallonchene.fr\/en\/product\/fitzroya-cupressoides\/#tab-title-description\"><strong>FITZROYA cupressoides<\/strong><\/a><\/h3>\n\n\n\n<p class=\"has-small-font-size\">01 May 2024<\/p>\n\n\n\n<p>The Patagonian cypress is a plant extremely sought after by collectors. FITZROYA cupressoides has foliage with a bluish reflection and very dense hanging branches. Its magnificent\u2026<br><strong><a href=\"https:\/\/www.vallonchene.fr\/en\/product\/fitzroya-cupressoides\/#tab-title-description\">Read more<\/a><\/strong> (description section)<\/p>\n<\/div><\/div>\n\n\n\n<div class=\"wp-block-media-text is-stacked-on-mobile\" style=\"grid-template-columns:25% auto\"><figure class=\"wp-block-media-text__media\"><a href=\"https:\/\/www.vallonchene.fr\/en\/product\/carpinus-x-betulus-williamson-s-gold-european-hornbeam-common-hornbeam\/#tab-title-description\"><img decoding=\"async\" width=\"1024\" height=\"1024\" src=\"https:\/\/www.vallonchene.fr\/wp-content\/uploads\/2024\/04\/CARPINUS-x-betulus-Williamsons-Gold_02.webp\" alt=\"Yellow foliage and young growth of CARPINUS x betulus 'Williamson's Gold'\" class=\"wp-image-46653 size-medium\" srcset=\"https:\/\/www.vallonchene.fr\/wp-content\/uploads\/2024\/04\/CARPINUS-x-betulus-Williamsons-Gold_02.webp 1024w, https:\/\/www.vallonchene.fr\/wp-content\/uploads\/2024\/04\/CARPINUS-x-betulus-Williamsons-Gold_02-300x300.webp 300w, https:\/\/www.vallonchene.fr\/wp-content\/uploads\/2024\/04\/CARPINUS-x-betulus-Williamsons-Gold_02-150x150.webp 150w, https:\/\/www.vallonchene.fr\/wp-content\/uploads\/2024\/04\/CARPINUS-x-betulus-Williamsons-Gold_02-768x768.webp 768w, https:\/\/www.vallonchene.fr\/wp-content\/uploads\/2024\/04\/CARPINUS-x-betulus-Williamsons-Gold_02-324x324.webp 324w, https:\/\/www.vallonchene.fr\/wp-content\/uploads\/2024\/04\/CARPINUS-x-betulus-Williamsons-Gold_02-416x416.webp 416w, https:\/\/www.vallonchene.fr\/wp-content\/uploads\/2024\/04\/CARPINUS-x-betulus-Williamsons-Gold_02-100x100.webp 100w, https:\/\/www.vallonchene.fr\/wp-content\/uploads\/2024\/04\/CARPINUS-x-betulus-Williamsons-Gold_02-32x32.webp 32w, https:\/\/www.vallonchene.fr\/wp-content\/uploads\/2024\/04\/CARPINUS-x-betulus-Williamsons-Gold_02-64x64.webp 64w\" sizes=\"(max-width: 1024px) 100vw, 1024px\" \/><\/a><\/figure><div class=\"wp-block-media-text__content\">\n<h3 class=\"wp-block-heading has-normal-font-size\" id=\"h-carpinus-x-betulus-williamson-s-gold\"><a href=\"https:\/\/www.vallonchene.fr\/en\/product\/carpinus-x-betulus-williamson-s-gold-european-hornbeam-common-hornbeam\/#tab-title-description\"><strong>CARPINUS x betulus &#8216;Williamson&#8217;s Gold&#8217;<\/strong><\/a><\/h3>\n\n\n\n<p class=\"has-small-font-size\">24 April 2024<\/p>\n\n\n\n<p>CARPINUS x betulus \u2018Williamson\u2019s Gold\u2019 surprises with its distinctly yellow foliage (see photos). This exceptional European hornbeam really stands out from other hornbeams. It truly shines among\u2026<br><strong><a href=\"https:\/\/www.vallonchene.fr\/en\/product\/carpinus-x-betulus-williamson-s-gold-european-hornbeam-common-hornbeam\/#tab-title-description\">Read more<\/a><\/strong> (description section)<\/p>\n<\/div><\/div>\n\n\n\n<div class=\"wp-block-media-text is-stacked-on-mobile\" style=\"grid-template-columns:25% auto\"><figure class=\"wp-block-media-text__media\"><a href=\"https:\/\/www.vallonchene.fr\/en\/product\/prunus-serrulata-royal-burgundy\/#tab-title-description\"><img decoding=\"async\" width=\"1024\" height=\"1024\" src=\"https:\/\/www.vallonchene.fr\/wp-content\/uploads\/2024\/04\/PRUNUS-serrulata-Royal-Burgundy.webp\" alt=\"Close-up of the flowers of PRUNUS serrulata 'Royal Burgundy'\" class=\"wp-image-46509 size-medium\" srcset=\"https:\/\/www.vallonchene.fr\/wp-content\/uploads\/2024\/04\/PRUNUS-serrulata-Royal-Burgundy.webp 1024w, https:\/\/www.vallonchene.fr\/wp-content\/uploads\/2024\/04\/PRUNUS-serrulata-Royal-Burgundy-300x300.webp 300w, https:\/\/www.vallonchene.fr\/wp-content\/uploads\/2024\/04\/PRUNUS-serrulata-Royal-Burgundy-150x150.webp 150w, https:\/\/www.vallonchene.fr\/wp-content\/uploads\/2024\/04\/PRUNUS-serrulata-Royal-Burgundy-768x768.webp 768w, https:\/\/www.vallonchene.fr\/wp-content\/uploads\/2024\/04\/PRUNUS-serrulata-Royal-Burgundy-324x324.webp 324w, https:\/\/www.vallonchene.fr\/wp-content\/uploads\/2024\/04\/PRUNUS-serrulata-Royal-Burgundy-416x416.webp 416w, https:\/\/www.vallonchene.fr\/wp-content\/uploads\/2024\/04\/PRUNUS-serrulata-Royal-Burgundy-100x100.webp 100w, https:\/\/www.vallonchene.fr\/wp-content\/uploads\/2024\/04\/PRUNUS-serrulata-Royal-Burgundy-32x32.webp 32w, https:\/\/www.vallonchene.fr\/wp-content\/uploads\/2024\/04\/PRUNUS-serrulata-Royal-Burgundy-64x64.webp 64w\" sizes=\"(max-width: 1024px) 100vw, 1024px\" \/><\/a><\/figure><div class=\"wp-block-media-text__content\">\n<h3 class=\"wp-block-heading has-normal-font-size\" id=\"h-prunus-serrulata-royal-burgundy\"><a href=\"https:\/\/www.vallonchene.fr\/en\/product\/prunus-serrulata-royal-burgundy\/#tab-title-description\"><strong>PRUNUS serrulata &#8216;Royal Burgundy&#8217;<\/strong><\/a><\/h3>\n\n\n\n<p class=\"has-small-font-size\">17 April 2024<\/p>\n\n\n\n<p>PRUNUS serrulata \u2018Royal Burgundy\u2019 is a real marvel in spring, summer and fall. Indeed, in spring, it produces a veritable tidal wave of large double pink flowers in bouquets (see photos). Each flower\u2026<br><strong><a href=\"https:\/\/www.vallonchene.fr\/en\/product\/prunus-serrulata-royal-burgundy\/#tab-title-description\">Read more<\/a><\/strong> (description section)<\/p>\n<\/div><\/div>\n\n\n\n<div class=\"wp-block-media-text is-stacked-on-mobile\" style=\"grid-template-columns:25% auto\"><figure class=\"wp-block-media-text__media\"><a href=\"https:\/\/www.vallonchene.fr\/en\/product\/pinus-schwerinii-wiethorst\/#tab-title-description\"><img decoding=\"async\" width=\"1024\" height=\"1024\" src=\"https:\/\/www.vallonchene.fr\/wp-content\/uploads\/2024\/04\/PINUS-schwerinii-Wiethorst_03.webp\" alt=\"Impressive open cones of PINUS schwerinii 'Wiethorst'\" class=\"wp-image-46430 size-medium\" srcset=\"https:\/\/www.vallonchene.fr\/wp-content\/uploads\/2024\/04\/PINUS-schwerinii-Wiethorst_03.webp 1024w, https:\/\/www.vallonchene.fr\/wp-content\/uploads\/2024\/04\/PINUS-schwerinii-Wiethorst_03-300x300.webp 300w, https:\/\/www.vallonchene.fr\/wp-content\/uploads\/2024\/04\/PINUS-schwerinii-Wiethorst_03-150x150.webp 150w, https:\/\/www.vallonchene.fr\/wp-content\/uploads\/2024\/04\/PINUS-schwerinii-Wiethorst_03-768x768.webp 768w, https:\/\/www.vallonchene.fr\/wp-content\/uploads\/2024\/04\/PINUS-schwerinii-Wiethorst_03-324x324.webp 324w, https:\/\/www.vallonchene.fr\/wp-content\/uploads\/2024\/04\/PINUS-schwerinii-Wiethorst_03-416x416.webp 416w, https:\/\/www.vallonchene.fr\/wp-content\/uploads\/2024\/04\/PINUS-schwerinii-Wiethorst_03-100x100.webp 100w, https:\/\/www.vallonchene.fr\/wp-content\/uploads\/2024\/04\/PINUS-schwerinii-Wiethorst_03-32x32.webp 32w, https:\/\/www.vallonchene.fr\/wp-content\/uploads\/2024\/04\/PINUS-schwerinii-Wiethorst_03-64x64.webp 64w\" sizes=\"(max-width: 1024px) 100vw, 1024px\" \/><\/a><\/figure><div class=\"wp-block-media-text__content\">\n<h3 class=\"wp-block-heading has-normal-font-size\" id=\"h-pinus-schwerinii-wiethorst\"><a href=\"https:\/\/www.vallonchene.fr\/en\/product\/pinus-schwerinii-wiethorst\/#tab-title-description\"><strong>PINUS schwerinii &#8216;Wiethorst&#8217;<\/strong><\/a><\/h3>\n\n\n\n<p class=\"has-small-font-size\">10 April 2024<\/p>\n\n\n\n<p>PINUS schwerinii \u2018Wiethorst\u2019 is a conifer that is as hardy as it is unusual. Indeed, its green-blue needles are very fine and long. Like its branches, they are also\u2026<br><strong><a href=\"https:\/\/www.vallonchene.fr\/en\/product\/pinus-schwerinii-wiethorst\/#tab-title-description\">Read more<\/a><\/strong> (description section)<\/p>\n<\/div><\/div>\n\n\n\n<div class=\"wp-block-media-text is-stacked-on-mobile\" style=\"grid-template-columns:25% auto\"><figure class=\"wp-block-media-text__media\"><a href=\"https:\/\/www.vallonchene.fr\/en\/product\/magnolia-black-tulip\/#tab-title-description\"><img decoding=\"async\" width=\"1024\" height=\"1024\" src=\"https:\/\/www.vallonchene.fr\/wp-content\/uploads\/2024\/04\/MAGNOLIA-Black-Tulip-1.avif\" alt=\"Close-up of the open flower of a MAGNOLIA 'Black Tulip' fully open\" class=\"wp-image-46257 size-medium\" srcset=\"https:\/\/www.vallonchene.fr\/wp-content\/uploads\/2024\/04\/MAGNOLIA-Black-Tulip-1.avif 1024w, https:\/\/www.vallonchene.fr\/wp-content\/uploads\/2024\/04\/MAGNOLIA-Black-Tulip-1-300x300.avif 300w, https:\/\/www.vallonchene.fr\/wp-content\/uploads\/2024\/04\/MAGNOLIA-Black-Tulip-1-150x150.avif 150w, https:\/\/www.vallonchene.fr\/wp-content\/uploads\/2024\/04\/MAGNOLIA-Black-Tulip-1-768x768.avif 768w, https:\/\/www.vallonchene.fr\/wp-content\/uploads\/2024\/04\/MAGNOLIA-Black-Tulip-1-324x324.avif 324w, https:\/\/www.vallonchene.fr\/wp-content\/uploads\/2024\/04\/MAGNOLIA-Black-Tulip-1-416x416.avif 416w, https:\/\/www.vallonchene.fr\/wp-content\/uploads\/2024\/04\/MAGNOLIA-Black-Tulip-1-100x100.avif 100w, https:\/\/www.vallonchene.fr\/wp-content\/uploads\/2024\/04\/MAGNOLIA-Black-Tulip-1-32x32.avif 32w, https:\/\/www.vallonchene.fr\/wp-content\/uploads\/2024\/04\/MAGNOLIA-Black-Tulip-1-64x64.avif 64w\" sizes=\"(max-width: 1024px) 100vw, 1024px\" \/><\/a><\/figure><div class=\"wp-block-media-text__content\">\n<h3 class=\"wp-block-heading has-normal-font-size\" id=\"h-magnolia-tulip\"><a href=\"https:\/\/www.vallonchene.fr\/en\/product\/magnolia-black-tulip\/#tab-title-description\"><strong>MAGNOLIA &#8216;Tulip&#8217;<\/strong><\/a><\/h3>\n\n\n\n<p class=\"has-small-font-size\">03 April 2024<\/p>\n\n\n\n<p>MAGNOLIA \u2018Black Tulip\u2019 develops an abundance of large, double, deep pink flowers. However, this deciduous magnolia is classified among the magnolias with reduced development. It is almost shrubby. The one\u2026<br><strong><a href=\"https:\/\/www.vallonchene.fr\/en\/product\/magnolia-black-tulip\/#tab-title-description\">Read more<\/a><\/strong> (description section)<\/p>\n<\/div><\/div>\n\n\n\n<div class=\"wp-block-media-text is-stacked-on-mobile\" style=\"grid-template-columns:25% auto\"><figure class=\"wp-block-media-text__media\"><a href=\"https:\/\/www.vallonchene.fr\/en\/product\/acer-platanoides-princeton-gold\/#tab-title-description\"><img decoding=\"async\" width=\"1023\" height=\"1023\" src=\"https:\/\/www.vallonchene.fr\/wp-content\/uploads\/2024\/03\/ACER-pseudoplatanus-Princeton-Gold.webp\" alt=\"Specimen of about fifteen years of ACER platanoides 'Princeton Gold' with its bright yellow foliage\" class=\"wp-image-46074 size-medium\" srcset=\"https:\/\/www.vallonchene.fr\/wp-content\/uploads\/2024\/03\/ACER-pseudoplatanus-Princeton-Gold.webp 1023w, https:\/\/www.vallonchene.fr\/wp-content\/uploads\/2024\/03\/ACER-pseudoplatanus-Princeton-Gold-300x300.webp 300w, https:\/\/www.vallonchene.fr\/wp-content\/uploads\/2024\/03\/ACER-pseudoplatanus-Princeton-Gold-150x150.webp 150w, https:\/\/www.vallonchene.fr\/wp-content\/uploads\/2024\/03\/ACER-pseudoplatanus-Princeton-Gold-768x768.webp 768w, https:\/\/www.vallonchene.fr\/wp-content\/uploads\/2024\/03\/ACER-pseudoplatanus-Princeton-Gold-324x324.webp 324w, https:\/\/www.vallonchene.fr\/wp-content\/uploads\/2024\/03\/ACER-pseudoplatanus-Princeton-Gold-416x416.webp 416w, https:\/\/www.vallonchene.fr\/wp-content\/uploads\/2024\/03\/ACER-pseudoplatanus-Princeton-Gold-100x100.webp 100w, https:\/\/www.vallonchene.fr\/wp-content\/uploads\/2024\/03\/ACER-pseudoplatanus-Princeton-Gold-32x32.webp 32w, https:\/\/www.vallonchene.fr\/wp-content\/uploads\/2024\/03\/ACER-pseudoplatanus-Princeton-Gold-64x64.webp 64w\" sizes=\"(max-width: 1023px) 100vw, 1023px\" \/><\/a><\/figure><div class=\"wp-block-media-text__content\">\n<h3 class=\"wp-block-heading has-normal-font-size\" id=\"h-acer-platanoides-princeton-gold\"><a href=\"https:\/\/www.vallonchene.fr\/en\/product\/acer-platanoides-princeton-gold\/#tab-title-description\"><strong>ACER platanoides &#8216;Princeton Gold&#8217;<\/strong><\/a><\/h3>\n\n\n\n<p class=\"has-small-font-size\">20 March 2024<\/p>\n\n\n\n<p>ACER platanoides \u2018Princeton Gold\u2019 (R) is one of the exceptional Norway maples. Its yellow flowers appear on bare wood. Then the leaves of a bright yellow color develop. Thus\u2026<br><strong><a href=\"https:\/\/www.vallonchene.fr\/en\/product\/acer-platanoides-princeton-gold\/#tab-title-description\">Read more<\/a><\/strong> (description section)<\/p>\n<\/div><\/div>\n\n\n\n<div class=\"wp-block-media-text is-stacked-on-mobile\" style=\"grid-template-columns:25% auto\"><figure class=\"wp-block-media-text__media\"><a href=\"https:\/\/www.vallonchene.fr\/en\/product\/tsuga-canadensis-gentsch-white\/#tab-title-description\"><img decoding=\"async\" width=\"1000\" height=\"1000\" src=\"https:\/\/www.vallonchene.fr\/wp-content\/uploads\/2024\/03\/TSUGA-canadensis-Gentsch-White_01.webp\" alt=\"Close-up of the white shoots and green foliage of TSUGA canadensis 'Gentsch White'\" class=\"wp-image-46001 size-medium\" srcset=\"https:\/\/www.vallonchene.fr\/wp-content\/uploads\/2024\/03\/TSUGA-canadensis-Gentsch-White_01.webp 1000w, https:\/\/www.vallonchene.fr\/wp-content\/uploads\/2024\/03\/TSUGA-canadensis-Gentsch-White_01-300x300.webp 300w, https:\/\/www.vallonchene.fr\/wp-content\/uploads\/2024\/03\/TSUGA-canadensis-Gentsch-White_01-150x150.webp 150w, https:\/\/www.vallonchene.fr\/wp-content\/uploads\/2024\/03\/TSUGA-canadensis-Gentsch-White_01-768x768.webp 768w, https:\/\/www.vallonchene.fr\/wp-content\/uploads\/2024\/03\/TSUGA-canadensis-Gentsch-White_01-324x324.webp 324w, https:\/\/www.vallonchene.fr\/wp-content\/uploads\/2024\/03\/TSUGA-canadensis-Gentsch-White_01-416x416.webp 416w, https:\/\/www.vallonchene.fr\/wp-content\/uploads\/2024\/03\/TSUGA-canadensis-Gentsch-White_01-100x100.webp 100w, https:\/\/www.vallonchene.fr\/wp-content\/uploads\/2024\/03\/TSUGA-canadensis-Gentsch-White_01-32x32.webp 32w, https:\/\/www.vallonchene.fr\/wp-content\/uploads\/2024\/03\/TSUGA-canadensis-Gentsch-White_01-64x64.webp 64w\" sizes=\"(max-width: 1000px) 100vw, 1000px\" \/><\/a><\/figure><div class=\"wp-block-media-text__content\">\n<h3 class=\"wp-block-heading has-normal-font-size\" id=\"h-tsuga-canadensis-gentsch-white\"><a href=\"https:\/\/www.vallonchene.fr\/en\/product\/tsuga-canadensis-gentsch-white\/#tab-title-description\"><strong>TSUGA canadensis &#8216;Gentsch White&#8217;<\/strong><\/a><\/h3>\n\n\n\n<p class=\"has-small-font-size\">13 March 2024<\/p>\n\n\n\n<p>TSUGA canadensis \u2018Gentsch White\u2019 is an eastern hemlock. It has many qualities: In spring, the shoots are white. This is very surprising and rare in the plant world. They then\u2026<br><strong><a href=\"https:\/\/www.vallonchene.fr\/en\/product\/tsuga-canadensis-gentsch-white\/#tab-title-description\">Read more<\/a><\/strong> (description section)<\/p>\n<\/div><\/div>\n\n\n\n<div class=\"wp-block-media-text is-stacked-on-mobile\" style=\"grid-template-columns:25% auto\"><figure class=\"wp-block-media-text__media\"><a href=\"https:\/\/www.vallonchene.fr\/en\/product\/viburnum-furcatum\/#tab-title-description\"><img decoding=\"async\" width=\"1024\" height=\"1024\" src=\"https:\/\/www.vallonchene.fr\/wp-content\/uploads\/2024\/03\/5953-1024x1024.webp\" alt=\"Close-up of the white flowers of VIBURNUM furcatum\" class=\"wp-image-45870 size-medium\" srcset=\"https:\/\/www.vallonchene.fr\/wp-content\/uploads\/2024\/03\/5953-1024x1024.webp 1024w, https:\/\/www.vallonchene.fr\/wp-content\/uploads\/2024\/03\/5953-300x300.webp 300w, https:\/\/www.vallonchene.fr\/wp-content\/uploads\/2024\/03\/5953-150x150.webp 150w, https:\/\/www.vallonchene.fr\/wp-content\/uploads\/2024\/03\/5953-768x768.webp 768w, https:\/\/www.vallonchene.fr\/wp-content\/uploads\/2024\/03\/5953-324x324.webp 324w, https:\/\/www.vallonchene.fr\/wp-content\/uploads\/2024\/03\/5953-416x416.webp 416w, https:\/\/www.vallonchene.fr\/wp-content\/uploads\/2024\/03\/5953-100x100.webp 100w, https:\/\/www.vallonchene.fr\/wp-content\/uploads\/2024\/03\/5953-32x32.webp 32w, https:\/\/www.vallonchene.fr\/wp-content\/uploads\/2024\/03\/5953-64x64.webp 64w, https:\/\/www.vallonchene.fr\/wp-content\/uploads\/2024\/03\/5953.webp 1200w\" sizes=\"(max-width: 1024px) 100vw, 1024px\" \/><\/a><\/figure><div class=\"wp-block-media-text__content\">\n<h3 class=\"wp-block-heading has-normal-font-size\" id=\"h-viburnum-furcatum\"><a href=\"https:\/\/www.vallonchene.fr\/en\/product\/viburnum-furcatum\/#tab-title-description\"><strong>VIBURNUM furcatum<\/strong><\/a><\/h3>\n\n\n\n<p class=\"has-small-font-size\">07 March 2024<\/p>\n\n\n\n<p>VIBURNUM furcatum also bears the name of Forked Viburnum. This rare shrub, much appreciated by collectors, is a true marvel: In spring, it is one of the first viburnum to\u2026<br><strong><a href=\"https:\/\/www.vallonchene.fr\/en\/product\/viburnum-furcatum\/#tab-title-description\">Read more<\/a><\/strong> (description section)<\/p>\n<\/div><\/div>\n\n\n\n<div class=\"wp-block-media-text is-stacked-on-mobile\" style=\"grid-template-columns:25% auto\"><figure class=\"wp-block-media-text__media\"><a href=\"https:\/\/www.vallonchene.fr\/en\/product\/cedrus-libanii-ssp-brevifolia-kenwith\/#tab-title-description\"><img decoding=\"async\" width=\"1024\" height=\"1024\" src=\"https:\/\/www.vallonchene.fr\/wp-content\/uploads\/2024\/02\/CEDRUS-libanii-ssp.-brevifolia-Kenwith-1024x1024.webp\" alt=\"A specimen of CEDRUS libanii ssp. brevifolia 'Kenwith' with a height of 40 cm\" class=\"wp-image-45785 size-medium\" srcset=\"https:\/\/www.vallonchene.fr\/wp-content\/uploads\/2024\/02\/CEDRUS-libanii-ssp.-brevifolia-Kenwith-1024x1024.webp 1024w, https:\/\/www.vallonchene.fr\/wp-content\/uploads\/2024\/02\/CEDRUS-libanii-ssp.-brevifolia-Kenwith-300x300.webp 300w, https:\/\/www.vallonchene.fr\/wp-content\/uploads\/2024\/02\/CEDRUS-libanii-ssp.-brevifolia-Kenwith-150x150.webp 150w, https:\/\/www.vallonchene.fr\/wp-content\/uploads\/2024\/02\/CEDRUS-libanii-ssp.-brevifolia-Kenwith-768x768.webp 768w, https:\/\/www.vallonchene.fr\/wp-content\/uploads\/2024\/02\/CEDRUS-libanii-ssp.-brevifolia-Kenwith-324x324.webp 324w, https:\/\/www.vallonchene.fr\/wp-content\/uploads\/2024\/02\/CEDRUS-libanii-ssp.-brevifolia-Kenwith-416x416.webp 416w, https:\/\/www.vallonchene.fr\/wp-content\/uploads\/2024\/02\/CEDRUS-libanii-ssp.-brevifolia-Kenwith-100x100.webp 100w, https:\/\/www.vallonchene.fr\/wp-content\/uploads\/2024\/02\/CEDRUS-libanii-ssp.-brevifolia-Kenwith-32x32.webp 32w, https:\/\/www.vallonchene.fr\/wp-content\/uploads\/2024\/02\/CEDRUS-libanii-ssp.-brevifolia-Kenwith-64x64.webp 64w, https:\/\/www.vallonchene.fr\/wp-content\/uploads\/2024\/02\/CEDRUS-libanii-ssp.-brevifolia-Kenwith.webp 1200w\" sizes=\"(max-width: 1024px) 100vw, 1024px\" \/><\/a><\/figure><div class=\"wp-block-media-text__content\">\n<h3 class=\"wp-block-heading has-normal-font-size\" id=\"h-cedrus-libanii-ssp-brevifolia-kenwith\"><a href=\"https:\/\/www.vallonchene.fr\/en\/product\/cedrus-libanii-ssp-brevifolia-kenwith\/#tab-title-description\"><strong>CEDRUS libanii ssp. brevifolia &#8216;Kenwith&#8217;<\/strong><\/a><\/h3>\n\n\n\n<p class=\"has-small-font-size\">29 February 2024<\/p>\n\n\n\n<p>CEDRUS libanii ssp. brevifolia \u2018Kenwith\u2019 is one of the preferred plants for Bonsai. Indeed, this extremely rare Cyprus cedar is classified among the miniature plants. Botanists\u2026<br><strong><a href=\"https:\/\/www.vallonchene.fr\/en\/product\/cedrus-libanii-ssp-brevifolia-kenwith\/#tab-title-description\">Read more<\/a><\/strong> (description section)<\/p>\n<\/div><\/div>\n\n\n\n<div class=\"wp-block-media-text is-stacked-on-mobile\" style=\"grid-template-columns:25% auto\"><figure class=\"wp-block-media-text__media\"><a href=\"https:\/\/www.vallonchene.fr\/en\/product\/cornus-officinalis\/#tab-title-description\"><img decoding=\"async\" width=\"1024\" height=\"1024\" src=\"https:\/\/www.vallonchene.fr\/wp-content\/uploads\/2024\/02\/IMG_20240216_144031-1024x1024.webp\" alt=\"Close-up of the yellow flowers of CORNUS officinalis in midwinter\" class=\"wp-image-45678 size-medium\" srcset=\"https:\/\/www.vallonchene.fr\/wp-content\/uploads\/2024\/02\/IMG_20240216_144031-1024x1024.webp 1024w, https:\/\/www.vallonchene.fr\/wp-content\/uploads\/2024\/02\/IMG_20240216_144031-300x300.webp 300w, https:\/\/www.vallonchene.fr\/wp-content\/uploads\/2024\/02\/IMG_20240216_144031-150x150.webp 150w, https:\/\/www.vallonchene.fr\/wp-content\/uploads\/2024\/02\/IMG_20240216_144031-768x768.webp 768w, https:\/\/www.vallonchene.fr\/wp-content\/uploads\/2024\/02\/IMG_20240216_144031-324x324.webp 324w, https:\/\/www.vallonchene.fr\/wp-content\/uploads\/2024\/02\/IMG_20240216_144031-416x416.webp 416w, https:\/\/www.vallonchene.fr\/wp-content\/uploads\/2024\/02\/IMG_20240216_144031-100x100.webp 100w, https:\/\/www.vallonchene.fr\/wp-content\/uploads\/2024\/02\/IMG_20240216_144031-32x32.webp 32w, https:\/\/www.vallonchene.fr\/wp-content\/uploads\/2024\/02\/IMG_20240216_144031-64x64.webp 64w, https:\/\/www.vallonchene.fr\/wp-content\/uploads\/2024\/02\/IMG_20240216_144031.webp 1200w\" sizes=\"(max-width: 1024px) 100vw, 1024px\" \/><\/a><\/figure><div class=\"wp-block-media-text__content\">\n<h3 class=\"wp-block-heading has-normal-font-size\" id=\"h-cornus-officinalis\"><a href=\"https:\/\/www.vallonchene.fr\/en\/product\/cornus-officinalis\/#tab-title-description\"><strong>CORNUS officinalis<\/strong><\/a><\/h3>\n\n\n\n<p class=\"has-small-font-size\">22 February 2024<\/p>\n\n\n\n<p>CORNUS officinalis also has the vernacular names of Japanese cornel and Japanese cornelian cherry. Indeed, this type species is a fabulous plant in more than one way\u2026<br><strong><a href=\"https:\/\/www.vallonchene.fr\/en\/product\/cornus-officinalis\/#tab-title-description\">Read more<\/a><\/strong> (description section)<\/p>\n<\/div><\/div>\n\n\n\n<div class=\"wp-block-media-text is-stacked-on-mobile\" style=\"grid-template-columns:25% auto\"><figure class=\"wp-block-media-text__media\"><a href=\"https:\/\/www.vallonchene.fr\/en\/product\/nothofagus-betuloides\/#tab-title-description\"><img decoding=\"async\" width=\"1024\" height=\"1024\" src=\"https:\/\/www.vallonchene.fr\/wp-content\/uploads\/2024\/02\/IMG_20240211_163218-1024x1024.webp\" alt=\"Close-up of the green foliage and the copper-colored buds of NOTHOFAGUS betuloides\" class=\"wp-image-45633 size-medium\" srcset=\"https:\/\/www.vallonchene.fr\/wp-content\/uploads\/2024\/02\/IMG_20240211_163218-1024x1024.webp 1024w, https:\/\/www.vallonchene.fr\/wp-content\/uploads\/2024\/02\/IMG_20240211_163218-300x300.webp 300w, https:\/\/www.vallonchene.fr\/wp-content\/uploads\/2024\/02\/IMG_20240211_163218-150x150.webp 150w, https:\/\/www.vallonchene.fr\/wp-content\/uploads\/2024\/02\/IMG_20240211_163218-768x768.webp 768w, https:\/\/www.vallonchene.fr\/wp-content\/uploads\/2024\/02\/IMG_20240211_163218-324x324.webp 324w, https:\/\/www.vallonchene.fr\/wp-content\/uploads\/2024\/02\/IMG_20240211_163218-416x416.webp 416w, https:\/\/www.vallonchene.fr\/wp-content\/uploads\/2024\/02\/IMG_20240211_163218-100x100.webp 100w, https:\/\/www.vallonchene.fr\/wp-content\/uploads\/2024\/02\/IMG_20240211_163218-32x32.webp 32w, https:\/\/www.vallonchene.fr\/wp-content\/uploads\/2024\/02\/IMG_20240211_163218-64x64.webp 64w, https:\/\/www.vallonchene.fr\/wp-content\/uploads\/2024\/02\/IMG_20240211_163218.webp 1200w\" sizes=\"(max-width: 1024px) 100vw, 1024px\" \/><\/a><\/figure><div class=\"wp-block-media-text__content\">\n<h3 class=\"wp-block-heading has-normal-font-size\" id=\"h-nothofagus-betuloides\"><a href=\"https:\/\/www.vallonchene.fr\/en\/product\/nothofagus-betuloides\/#tab-title-description\"><strong>NOTHOFAGUS betuloides<\/strong><\/a><\/h3>\n\n\n\n<p class=\"has-small-font-size\">15 February 2024<\/p>\n\n\n\n<p>NOTHOFAGUS betuloides is also called Magellan\u2019s beech or guindo (in its region of origin). It is a small tree highly sought after by collectors for\u2026<br><strong><a href=\"https:\/\/www.vallonchene.fr\/en\/product\/nothofagus-betuloides\/#tab-title-description\">Read more<\/a><\/strong> (description section)<\/p>\n<\/div><\/div>\n\n\n\n<div class=\"wp-block-media-text is-stacked-on-mobile\" style=\"grid-template-columns:25% auto\"><figure class=\"wp-block-media-text__media\"><a href=\"https:\/\/www.vallonchene.fr\/en\/product\/chamaecyparis-lawsoniana-pembury-blue-lawson-cypress\/#tab-title-description\"><img decoding=\"async\" src=\"https:\/\/www.vallonchene.fr\/wp-content\/uploads\/2023\/09\/CHAMAECYPARIS-lawsoniana-Pembury-Blue-1024x1024.webp\" alt=\"Gros plan du feuillage bleu du CHAMAECYPARIS lawsoniana 'Pembury Blue'\" class=\"wp-image-43925 size-medium\"\/><\/a><\/figure><div class=\"wp-block-media-text__content\">\n<h3 class=\"wp-block-heading has-normal-font-size\" id=\"h-chamaecyparis-lawsoniana-pembury-blue\"><a href=\"https:\/\/www.vallonchene.fr\/en\/product\/chamaecyparis-lawsoniana-pembury-blue-lawson-cypress\/#tab-title-description\"><strong>CHAMAECYPARIS lawsoniana &#8216;Pembury Blue&#8217;<\/strong><\/a><\/h3>\n\n\n\n<p class=\"has-small-font-size\">07 February 2024<\/p>\n\n\n\n<p>CHAMAECYPARIS lawsoniana \u2018Pembury Blue\u2019, commonly known as Blue Lawson Cypress or Blue Port Orford cedar, is renowned for its exceptionally colored foliage (see photos). It is one of the \u2026<br><strong><a href=\"https:\/\/www.vallonchene.fr\/en\/product\/chamaecyparis-lawsoniana-pembury-blue-lawson-cypress\/#tab-title-description\">Read more<\/a><\/strong> (description section)<\/p>\n<\/div><\/div>\n\n\n\n<div class=\"wp-block-media-text is-stacked-on-mobile\" style=\"grid-template-columns:25% auto\"><figure class=\"wp-block-media-text__media\"><a href=\"https:\/\/www.vallonchene.fr\/en\/product\/cryptomeria-japonica-tomahawk-japanese-cedar-japanese-redwood\/#tab-title-description\"><img decoding=\"async\" width=\"1024\" height=\"1024\" src=\"https:\/\/www.vallonchene.fr\/wp-content\/uploads\/2023\/11\/CRYPTOMERIA-japonica-Tomahawk_02-1024x1024.webp\" alt=\"Close-up of the cockscomb-shaped foliage of CRYPTOMERIA japonica 'Tomahawk'\" class=\"wp-image-45217 size-medium\" srcset=\"https:\/\/www.vallonchene.fr\/wp-content\/uploads\/2023\/11\/CRYPTOMERIA-japonica-Tomahawk_02-1024x1024.webp 1024w, https:\/\/www.vallonchene.fr\/wp-content\/uploads\/2023\/11\/CRYPTOMERIA-japonica-Tomahawk_02-300x300.webp 300w, https:\/\/www.vallonchene.fr\/wp-content\/uploads\/2023\/11\/CRYPTOMERIA-japonica-Tomahawk_02-150x150.webp 150w, https:\/\/www.vallonchene.fr\/wp-content\/uploads\/2023\/11\/CRYPTOMERIA-japonica-Tomahawk_02-768x768.webp 768w, https:\/\/www.vallonchene.fr\/wp-content\/uploads\/2023\/11\/CRYPTOMERIA-japonica-Tomahawk_02-324x324.webp 324w, https:\/\/www.vallonchene.fr\/wp-content\/uploads\/2023\/11\/CRYPTOMERIA-japonica-Tomahawk_02-416x416.webp 416w, https:\/\/www.vallonchene.fr\/wp-content\/uploads\/2023\/11\/CRYPTOMERIA-japonica-Tomahawk_02-100x100.webp 100w, https:\/\/www.vallonchene.fr\/wp-content\/uploads\/2023\/11\/CRYPTOMERIA-japonica-Tomahawk_02-32x32.webp 32w, https:\/\/www.vallonchene.fr\/wp-content\/uploads\/2023\/11\/CRYPTOMERIA-japonica-Tomahawk_02-64x64.webp 64w, https:\/\/www.vallonchene.fr\/wp-content\/uploads\/2023\/11\/CRYPTOMERIA-japonica-Tomahawk_02.webp 1200w\" sizes=\"(max-width: 1024px) 100vw, 1024px\" \/><\/a><\/figure><div class=\"wp-block-media-text__content\">\n<h3 class=\"wp-block-heading has-normal-font-size\" id=\"h-cryptomeria-japonica-tomahawk\"><a href=\"https:\/\/www.vallonchene.fr\/en\/product\/cryptomeria-japonica-tomahawk-japanese-cedar-japanese-redwood\/#tab-title-description\"><strong>CRYPTOMERIA japonica &#8216;Tomahawk&#8217;<\/strong><\/a><\/h3>\n\n\n\n<p class=\"has-small-font-size\">28 November 2023<\/p>\n\n\n\n<p>This extraordinary Japanese cedar develops quite dense shoots similar to cockscombs. This gives CRYTPOMERIA japonica \u2018Tomahawk\u2019 a very curious appearance. It looks nothing like\u2026<br><strong><a href=\"https:\/\/www.vallonchene.fr\/en\/product\/cryptomeria-japonica-tomahawk-japanese-cedar-japanese-redwood\/#tab-title-description\">Read more<\/a><\/strong> (description section)<\/p>\n<\/div><\/div>\n\n\n\n<div class=\"wp-block-media-text is-stacked-on-mobile\" style=\"grid-template-columns:25% auto\"><figure class=\"wp-block-media-text__media\"><a href=\"https:\/\/www.vallonchene.fr\/en\/product\/tilia-cordata-winter-orange-small-leaved-lime\/#tab-title-description\"><img decoding=\"async\" width=\"1024\" height=\"1024\" src=\"https:\/\/www.vallonchene.fr\/wp-content\/uploads\/2023\/11\/TILIA-cordata-Winter-Orange_01-1024x1024.webp\" alt=\"Orange branches and foliage at bud break of TILIA cordata 'Winter Orange'\" class=\"wp-image-44963 size-medium\" srcset=\"https:\/\/www.vallonchene.fr\/wp-content\/uploads\/2023\/11\/TILIA-cordata-Winter-Orange_01-1024x1024.webp 1024w, https:\/\/www.vallonchene.fr\/wp-content\/uploads\/2023\/11\/TILIA-cordata-Winter-Orange_01-300x300.webp 300w, https:\/\/www.vallonchene.fr\/wp-content\/uploads\/2023\/11\/TILIA-cordata-Winter-Orange_01-150x150.webp 150w, https:\/\/www.vallonchene.fr\/wp-content\/uploads\/2023\/11\/TILIA-cordata-Winter-Orange_01-768x768.webp 768w, https:\/\/www.vallonchene.fr\/wp-content\/uploads\/2023\/11\/TILIA-cordata-Winter-Orange_01-324x324.webp 324w, https:\/\/www.vallonchene.fr\/wp-content\/uploads\/2023\/11\/TILIA-cordata-Winter-Orange_01-416x416.webp 416w, https:\/\/www.vallonchene.fr\/wp-content\/uploads\/2023\/11\/TILIA-cordata-Winter-Orange_01-100x100.webp 100w, https:\/\/www.vallonchene.fr\/wp-content\/uploads\/2023\/11\/TILIA-cordata-Winter-Orange_01-32x32.webp 32w, https:\/\/www.vallonchene.fr\/wp-content\/uploads\/2023\/11\/TILIA-cordata-Winter-Orange_01-64x64.webp 64w, https:\/\/www.vallonchene.fr\/wp-content\/uploads\/2023\/11\/TILIA-cordata-Winter-Orange_01.webp 1200w\" sizes=\"(max-width: 1024px) 100vw, 1024px\" \/><\/a><\/figure><div class=\"wp-block-media-text__content\">\n<h3 class=\"wp-block-heading has-normal-font-size\" id=\"h-tilia-cordata-winter-orange\"><a href=\"https:\/\/www.vallonchene.fr\/en\/product\/tilia-cordata-winter-orange-small-leaved-lime\/#tab-title-description\"><strong>TILIA cordata &#8216;Winter Orange&#8217;<\/strong><\/a><\/h3>\n\n\n\n<p class=\"has-small-font-size\">22 November 2023<\/p>\n\n\n\n<p>TILIA cordata \u2018Winter Orange\u2019 belongs to plants with plenty of advantages: First, the wood of this small-leaved lime takes on a bright orange tone in winter. Then, its foliage\u2026<br><strong><a href=\"https:\/\/www.vallonchene.fr\/en\/product\/tilia-cordata-winter-orange-small-leaved-lime\/#tab-title-description\">Read more<\/a><\/strong> (description section)<\/p>\n<\/div><\/div>\n\n\n\n<div class=\"wp-block-media-text is-stacked-on-mobile\" style=\"grid-template-columns:25% auto\"><figure class=\"wp-block-media-text__media\"><a href=\"https:\/\/www.vallonchene.fr\/en\/product\/pinus-thunbergii-thunderhead-japanese-black-pine\/#tab-title-description\"><img decoding=\"async\" width=\"1024\" height=\"1024\" src=\"https:\/\/www.vallonchene.fr\/wp-content\/uploads\/2023\/11\/PINUS-thunbergi-Thunderhead-1024x1024.webp\" alt=\"A specimen of PINUS thunbergii 'Thunderhead' around twenty years old in Vallonch\u00eane\" class=\"wp-image-44839 size-medium\" srcset=\"https:\/\/www.vallonchene.fr\/wp-content\/uploads\/2023\/11\/PINUS-thunbergi-Thunderhead-1024x1024.webp 1024w, https:\/\/www.vallonchene.fr\/wp-content\/uploads\/2023\/11\/PINUS-thunbergi-Thunderhead-300x300.webp 300w, https:\/\/www.vallonchene.fr\/wp-content\/uploads\/2023\/11\/PINUS-thunbergi-Thunderhead-150x150.webp 150w, https:\/\/www.vallonchene.fr\/wp-content\/uploads\/2023\/11\/PINUS-thunbergi-Thunderhead-768x768.webp 768w, https:\/\/www.vallonchene.fr\/wp-content\/uploads\/2023\/11\/PINUS-thunbergi-Thunderhead-324x324.webp 324w, https:\/\/www.vallonchene.fr\/wp-content\/uploads\/2023\/11\/PINUS-thunbergi-Thunderhead-416x416.webp 416w, https:\/\/www.vallonchene.fr\/wp-content\/uploads\/2023\/11\/PINUS-thunbergi-Thunderhead-100x100.webp 100w, https:\/\/www.vallonchene.fr\/wp-content\/uploads\/2023\/11\/PINUS-thunbergi-Thunderhead-32x32.webp 32w, https:\/\/www.vallonchene.fr\/wp-content\/uploads\/2023\/11\/PINUS-thunbergi-Thunderhead-64x64.webp 64w, https:\/\/www.vallonchene.fr\/wp-content\/uploads\/2023\/11\/PINUS-thunbergi-Thunderhead.webp 1200w\" sizes=\"(max-width: 1024px) 100vw, 1024px\" \/><\/a><\/figure><div class=\"wp-block-media-text__content\">\n<h3 class=\"wp-block-heading has-normal-font-size\" id=\"h-pinus-thunbergii-thunderhead\"><a href=\"https:\/\/www.vallonchene.fr\/en\/product\/pinus-thunbergii-thunderhead-japanese-black-pine\/#tab-title-description\"><strong>PINUS thunbergii &#8216;Thunderhead&#8217;<\/strong><\/a><\/h3>\n\n\n\n<p class=\"has-small-font-size\">15 November 2023<\/p>\n\n\n\n<p>PINUS thunbergii \u2018Thunderhead\u2019&nbsp;grows slowly. As a result, this&nbsp;Japanese black pine&nbsp;will not exceed 2 m after around twenty years (see the example in our photo). Eventually, it\u2026<br><strong><a href=\"https:\/\/www.vallonchene.fr\/en\/product\/pinus-thunbergii-thunderhead-japanese-black-pine\/#tab-title-description\">Read more<\/a><\/strong> (description section)<\/p>\n<\/div><\/div>\n\n\n\n<div class=\"wp-block-media-text is-stacked-on-mobile\" style=\"grid-template-columns:25% auto\"><figure class=\"wp-block-media-text__media\"><a href=\"https:\/\/www.vallonchene.fr\/en\/product\/pyrus-salicifolia-pendula-weeping-willow-leaved-pear\/#tab-title-description\"><img decoding=\"async\" width=\"1024\" height=\"1024\" src=\"https:\/\/www.vallonchene.fr\/wp-content\/uploads\/2023\/11\/ACER-rubrum-Schlesingeri_03-1024x1024.jpg\" alt=\"An ACER rubrum 'Schlesingeri' with its flamboyant red foliage in autumn\" class=\"wp-image-44697 size-medium\" srcset=\"https:\/\/www.vallonchene.fr\/wp-content\/uploads\/2023\/11\/ACER-rubrum-Schlesingeri_03-1024x1024.jpg 1024w, https:\/\/www.vallonchene.fr\/wp-content\/uploads\/2023\/11\/ACER-rubrum-Schlesingeri_03-300x300.jpg 300w, https:\/\/www.vallonchene.fr\/wp-content\/uploads\/2023\/11\/ACER-rubrum-Schlesingeri_03-150x150.jpg 150w, https:\/\/www.vallonchene.fr\/wp-content\/uploads\/2023\/11\/ACER-rubrum-Schlesingeri_03-768x768.jpg 768w, https:\/\/www.vallonchene.fr\/wp-content\/uploads\/2023\/11\/ACER-rubrum-Schlesingeri_03-324x324.jpg 324w, https:\/\/www.vallonchene.fr\/wp-content\/uploads\/2023\/11\/ACER-rubrum-Schlesingeri_03-416x416.jpg 416w, https:\/\/www.vallonchene.fr\/wp-content\/uploads\/2023\/11\/ACER-rubrum-Schlesingeri_03-100x100.jpg 100w, https:\/\/www.vallonchene.fr\/wp-content\/uploads\/2023\/11\/ACER-rubrum-Schlesingeri_03-32x32.jpg 32w, https:\/\/www.vallonchene.fr\/wp-content\/uploads\/2023\/11\/ACER-rubrum-Schlesingeri_03-64x64.jpg 64w, https:\/\/www.vallonchene.fr\/wp-content\/uploads\/2023\/11\/ACER-rubrum-Schlesingeri_03.jpg 1200w\" sizes=\"(max-width: 1024px) 100vw, 1024px\" \/><\/a><\/figure><div class=\"wp-block-media-text__content\">\n<h3 class=\"wp-block-heading has-normal-font-size\" id=\"h-acer-rubrum-schlesingeri\"><a href=\"https:\/\/www.vallonchene.fr\/en\/product\/pyrus-salicifolia-pendula-weeping-willow-leaved-pear\/#tab-title-description\"><strong>ACER rubrum &#8216;Schlesingeri&#8217;<\/strong><\/a><\/h3>\n\n\n\n<p class=\"has-small-font-size\">08 November 2023<\/p>\n\n\n\n<p>ACER rubrum \u2018Schlesingeri\u2019 is a red maple or swamp maple. Over time, it has crystallized as THE reference among red maples. In fact, its usually\u2026<br><strong><a href=\"https:\/\/www.vallonchene.fr\/en\/product\/pyrus-salicifolia-pendula-weeping-willow-leaved-pear\/#tab-title-description\">Read more<\/a><\/strong> (description section)<\/p>\n<\/div><\/div>\n\n\n\n<div class=\"wp-block-media-text is-stacked-on-mobile\" style=\"grid-template-columns:25% auto\"><figure class=\"wp-block-media-text__media\"><a href=\"https:\/\/www.vallonchene.fr\/en\/product\/pyrus-salicifolia-pendula-weeping-willow-leaved-pear\/\"><img decoding=\"async\" width=\"1024\" height=\"1024\" src=\"https:\/\/www.vallonchene.fr\/wp-content\/uploads\/2023\/11\/PYRUS-salicifolia-Pendula-1024x1024.webp\" alt=\"Close-up of the white flowers of PYRUS salicifolia 'Pendula' and its gray foliage\" class=\"wp-image-44596 size-medium\" srcset=\"https:\/\/www.vallonchene.fr\/wp-content\/uploads\/2023\/11\/PYRUS-salicifolia-Pendula-1024x1024.webp 1024w, https:\/\/www.vallonchene.fr\/wp-content\/uploads\/2023\/11\/PYRUS-salicifolia-Pendula-324x324.webp 324w, https:\/\/www.vallonchene.fr\/wp-content\/uploads\/2023\/11\/PYRUS-salicifolia-Pendula-100x100.webp 100w, https:\/\/www.vallonchene.fr\/wp-content\/uploads\/2023\/11\/PYRUS-salicifolia-Pendula-416x416.webp 416w, https:\/\/www.vallonchene.fr\/wp-content\/uploads\/2023\/11\/PYRUS-salicifolia-Pendula-64x64.webp 64w, https:\/\/www.vallonchene.fr\/wp-content\/uploads\/2023\/11\/PYRUS-salicifolia-Pendula-300x300.webp 300w, https:\/\/www.vallonchene.fr\/wp-content\/uploads\/2023\/11\/PYRUS-salicifolia-Pendula-150x150.webp 150w, https:\/\/www.vallonchene.fr\/wp-content\/uploads\/2023\/11\/PYRUS-salicifolia-Pendula-768x768.webp 768w, https:\/\/www.vallonchene.fr\/wp-content\/uploads\/2023\/11\/PYRUS-salicifolia-Pendula-32x32.webp 32w, https:\/\/www.vallonchene.fr\/wp-content\/uploads\/2023\/11\/PYRUS-salicifolia-Pendula.webp 1200w\" sizes=\"(max-width: 1024px) 100vw, 1024px\" \/><\/a><\/figure><div class=\"wp-block-media-text__content\">\n<h3 class=\"wp-block-heading has-normal-font-size\" id=\"h-sassafras-albidum\"><a href=\"https:\/\/www.vallonchene.fr\/en\/product\/pyrus-salicifolia-pendula-weeping-willow-leaved-pear\/\"><strong>SASSAFRAS albidum<\/strong><\/a><\/h3>\n\n\n\n<p class=\"has-small-font-size\">01 Novembre 2023<\/p>\n\n\n\n<p>PYRUS salicifolia \u2018Pendula\u2019 represents a small weeping tree with decidedly drooping branches. As a result, this rather extraordinary plant\u2026<br><strong><a href=\"https:\/\/www.vallonchene.fr\/en\/product\/pyrus-salicifolia-pendula-weeping-willow-leaved-pear\/\">Read more<\/a><\/strong> (description section)<\/p>\n<\/div><\/div>\n\n\n\n<div class=\"wp-block-media-text is-stacked-on-mobile\" style=\"grid-template-columns:25% auto\"><figure class=\"wp-block-media-text__media\"><a href=\"https:\/\/www.vallonchene.fr\/en\/product\/sassafras-albidum-white-sassafras-silky-sassafras\/\"><img decoding=\"async\" width=\"1024\" height=\"1024\" src=\"https:\/\/www.vallonchene.fr\/wp-content\/uploads\/2023\/10\/SASSAFRAS-albidum-1024x1024.webp\" alt=\"Bright red and yellow autumn leaf of SASSAFRAS albidum\" class=\"wp-image-44442 size-medium\" srcset=\"https:\/\/www.vallonchene.fr\/wp-content\/uploads\/2023\/10\/SASSAFRAS-albidum-1024x1024.webp 1024w, https:\/\/www.vallonchene.fr\/wp-content\/uploads\/2023\/10\/SASSAFRAS-albidum-324x324.webp 324w, https:\/\/www.vallonchene.fr\/wp-content\/uploads\/2023\/10\/SASSAFRAS-albidum-100x100.webp 100w, https:\/\/www.vallonchene.fr\/wp-content\/uploads\/2023\/10\/SASSAFRAS-albidum-416x416.webp 416w, https:\/\/www.vallonchene.fr\/wp-content\/uploads\/2023\/10\/SASSAFRAS-albidum-64x64.webp 64w, https:\/\/www.vallonchene.fr\/wp-content\/uploads\/2023\/10\/SASSAFRAS-albidum-300x300.webp 300w, https:\/\/www.vallonchene.fr\/wp-content\/uploads\/2023\/10\/SASSAFRAS-albidum-150x150.webp 150w, https:\/\/www.vallonchene.fr\/wp-content\/uploads\/2023\/10\/SASSAFRAS-albidum-768x768.webp 768w, https:\/\/www.vallonchene.fr\/wp-content\/uploads\/2023\/10\/SASSAFRAS-albidum-32x32.webp 32w, https:\/\/www.vallonchene.fr\/wp-content\/uploads\/2023\/10\/SASSAFRAS-albidum.webp 1200w\" sizes=\"(max-width: 1024px) 100vw, 1024px\" \/><\/a><\/figure><div class=\"wp-block-media-text__content\">\n<h3 class=\"wp-block-heading has-normal-font-size\" id=\"h-sassafras-albidum-0\"><a href=\"https:\/\/www.vallonchene.fr\/en\/product\/sassafras-albidum-white-sassafras-silky-sassafras\/\"><strong>SASSAFRAS albidum<\/strong><\/a><\/h3>\n\n\n\n<p class=\"has-small-font-size\">25 October 2023<\/p>\n\n\n\n<p>SASSAFRAS albidum, also called white sassafras or silky sassafras, is an unusual plant. Curiously, this deciduous plant produces three forms of\u2026<br><strong><a href=\"https:\/\/www.vallonchene.fr\/en\/product\/sassafras-albidum-white-sassafras-silky-sassafras\/\">Read more<\/a><\/strong> (description section)<\/p>\n<\/div><\/div>\n\n\n\n<div class=\"wp-block-media-text is-stacked-on-mobile\" style=\"grid-template-columns:25% auto\"><figure class=\"wp-block-media-text__media\"><a href=\"https:\/\/www.vallonchene.fr\/en\/product\/glyptostrobus-pensilis-chinese-swamp-cypress\/\"><img decoding=\"async\" width=\"1024\" height=\"1024\" src=\"https:\/\/www.vallonchene.fr\/wp-content\/uploads\/2022\/09\/GLYPTOSTROBUS-pensilis-1024x1024.webp\" alt=\"Branches and green foliage of GLYPTOSTROBUS pensilis\" class=\"wp-image-44313 size-medium\" srcset=\"https:\/\/www.vallonchene.fr\/wp-content\/uploads\/2022\/09\/GLYPTOSTROBUS-pensilis-1024x1024.webp 1024w, https:\/\/www.vallonchene.fr\/wp-content\/uploads\/2022\/09\/GLYPTOSTROBUS-pensilis-324x324.webp 324w, https:\/\/www.vallonchene.fr\/wp-content\/uploads\/2022\/09\/GLYPTOSTROBUS-pensilis-100x100.webp 100w, https:\/\/www.vallonchene.fr\/wp-content\/uploads\/2022\/09\/GLYPTOSTROBUS-pensilis-416x416.webp 416w, https:\/\/www.vallonchene.fr\/wp-content\/uploads\/2022\/09\/GLYPTOSTROBUS-pensilis-64x64.webp 64w, https:\/\/www.vallonchene.fr\/wp-content\/uploads\/2022\/09\/GLYPTOSTROBUS-pensilis-300x300.webp 300w, https:\/\/www.vallonchene.fr\/wp-content\/uploads\/2022\/09\/GLYPTOSTROBUS-pensilis-150x150.webp 150w, https:\/\/www.vallonchene.fr\/wp-content\/uploads\/2022\/09\/GLYPTOSTROBUS-pensilis-768x768.webp 768w, https:\/\/www.vallonchene.fr\/wp-content\/uploads\/2022\/09\/GLYPTOSTROBUS-pensilis-32x32.webp 32w, https:\/\/www.vallonchene.fr\/wp-content\/uploads\/2022\/09\/GLYPTOSTROBUS-pensilis.webp 1200w\" sizes=\"(max-width: 1024px) 100vw, 1024px\" \/><\/a><\/figure><div class=\"wp-block-media-text__content\">\n<h3 class=\"wp-block-heading has-normal-font-size\" id=\"h-glyptostrobus-pensilis\"><a href=\"https:\/\/www.vallonchene.fr\/en\/product\/glyptostrobus-pensilis-chinese-swamp-cypress\/\"><strong>GLYPTOSTROBUS pensilis<\/strong><\/a><\/h3>\n\n\n\n<p class=\"has-small-font-size\">18 October 2023<\/p>\n\n\n\n<p>GLYPTOSTROBUS pensilis is an extremely rare conifer and highly appreciated by collectors. Moreover, it is classified as \u201ccritically endangered\u201d. The Chinese swamp cypress has almost\u2026<br><strong><a href=\"https:\/\/www.vallonchene.fr\/en\/product\/glyptostrobus-pensilis-chinese-swamp-cypress\/\">Read more<\/a><\/strong> (description section)<\/p>\n<\/div><\/div>\n\n\n\n<div class=\"wp-block-media-text is-stacked-on-mobile\" style=\"grid-template-columns:25% auto\"><figure class=\"wp-block-media-text__media\"><a href=\"https:\/\/www.vallonchene.fr\/en\/product\/acer-palmatum-shishigashira-crispifoliu-mejishi\/\"><img decoding=\"async\" width=\"1024\" height=\"1024\" src=\"https:\/\/www.vallonchene.fr\/wp-content\/uploads\/2023\/10\/ACER-palmatum-Shishigashira-1024x1024.webp\" alt=\"Crisp green foliage of ACER palmatum 'Shishigashira'\" class=\"wp-image-44269 size-medium\" srcset=\"https:\/\/www.vallonchene.fr\/wp-content\/uploads\/2023\/10\/ACER-palmatum-Shishigashira-1024x1024.webp 1024w, https:\/\/www.vallonchene.fr\/wp-content\/uploads\/2023\/10\/ACER-palmatum-Shishigashira-324x324.webp 324w, https:\/\/www.vallonchene.fr\/wp-content\/uploads\/2023\/10\/ACER-palmatum-Shishigashira-100x100.webp 100w, https:\/\/www.vallonchene.fr\/wp-content\/uploads\/2023\/10\/ACER-palmatum-Shishigashira-416x416.webp 416w, https:\/\/www.vallonchene.fr\/wp-content\/uploads\/2023\/10\/ACER-palmatum-Shishigashira-64x64.webp 64w, https:\/\/www.vallonchene.fr\/wp-content\/uploads\/2023\/10\/ACER-palmatum-Shishigashira-300x300.webp 300w, https:\/\/www.vallonchene.fr\/wp-content\/uploads\/2023\/10\/ACER-palmatum-Shishigashira-150x150.webp 150w, https:\/\/www.vallonchene.fr\/wp-content\/uploads\/2023\/10\/ACER-palmatum-Shishigashira-768x768.webp 768w, https:\/\/www.vallonchene.fr\/wp-content\/uploads\/2023\/10\/ACER-palmatum-Shishigashira-32x32.webp 32w, https:\/\/www.vallonchene.fr\/wp-content\/uploads\/2023\/10\/ACER-palmatum-Shishigashira.webp 1200w\" sizes=\"(max-width: 1024px) 100vw, 1024px\" \/><\/a><\/figure><div class=\"wp-block-media-text__content\">\n<h3 class=\"wp-block-heading has-normal-font-size\" id=\"h-acer-palmatum-shishigashira\"><a href=\"https:\/\/www.vallonchene.fr\/en\/product\/acer-palmatum-shishigashira-crispifoliu-mejishi\/\"><strong>ACER palmatum &#8216;Shishigashira&#8217;<\/strong><\/a><\/h3>\n\n\n\n<p class=\"has-small-font-size\">11 October 2023<\/p>\n\n\n\n<p>ACER palmatum \u2018Shishigashira\u2019 is a wonderful little Japanese maple growing very slowly. Moreover, this makes it suited perfectly to small gardens as well. It stands out among\u2026<br><strong><a href=\"https:\/\/www.vallonchene.fr\/en\/product\/acer-palmatum-shishigashira-crispifoliu-mejishi\/\">Read more<\/a><\/strong> (description section)<\/p>\n<\/div><\/div>\n\n\n\n<div class=\"wp-block-media-text is-stacked-on-mobile\" style=\"grid-template-columns:25% auto\"><figure class=\"wp-block-media-text__media\"><a href=\"https:\/\/www.vallonchene.fr\/en\/product\/liquidambar-styraciflua-aurea-variegated-american-sweetgum\/\"><img decoding=\"async\" width=\"1024\" height=\"1024\" src=\"https:\/\/www.vallonchene.fr\/wp-content\/uploads\/2023\/10\/LIQUIDAMBAR-styraciflua-Aurea-1024x1024.webp\" alt=\"Bright yellow and green summer foliage of LIQUIDAMBAR styraciflua 'Aurea'\" class=\"wp-image-44074 size-medium\" srcset=\"https:\/\/www.vallonchene.fr\/wp-content\/uploads\/2023\/10\/LIQUIDAMBAR-styraciflua-Aurea-1024x1024.webp 1024w, https:\/\/www.vallonchene.fr\/wp-content\/uploads\/2023\/10\/LIQUIDAMBAR-styraciflua-Aurea-324x324.webp 324w, https:\/\/www.vallonchene.fr\/wp-content\/uploads\/2023\/10\/LIQUIDAMBAR-styraciflua-Aurea-100x100.webp 100w, https:\/\/www.vallonchene.fr\/wp-content\/uploads\/2023\/10\/LIQUIDAMBAR-styraciflua-Aurea-416x416.webp 416w, https:\/\/www.vallonchene.fr\/wp-content\/uploads\/2023\/10\/LIQUIDAMBAR-styraciflua-Aurea-64x64.webp 64w, https:\/\/www.vallonchene.fr\/wp-content\/uploads\/2023\/10\/LIQUIDAMBAR-styraciflua-Aurea-300x300.webp 300w, https:\/\/www.vallonchene.fr\/wp-content\/uploads\/2023\/10\/LIQUIDAMBAR-styraciflua-Aurea-150x150.webp 150w, https:\/\/www.vallonchene.fr\/wp-content\/uploads\/2023\/10\/LIQUIDAMBAR-styraciflua-Aurea-768x768.webp 768w, https:\/\/www.vallonchene.fr\/wp-content\/uploads\/2023\/10\/LIQUIDAMBAR-styraciflua-Aurea-32x32.webp 32w, https:\/\/www.vallonchene.fr\/wp-content\/uploads\/2023\/10\/LIQUIDAMBAR-styraciflua-Aurea.webp 1200w\" sizes=\"(max-width: 1024px) 100vw, 1024px\" \/><\/a><\/figure><div class=\"wp-block-media-text__content\">\n<h3 class=\"wp-block-heading has-normal-font-size\" id=\"h-liquidambar-styraciflua-aurea\"><a href=\"https:\/\/www.vallonchene.fr\/en\/product\/liquidambar-styraciflua-aurea-variegated-american-sweetgum\/\"><strong>LIQUIDAMBAR styraciflua &#8216;Aurea&#8217;<\/strong><\/a><\/h3>\n\n\n\n<p class=\"has-small-font-size\">4 October 2023<\/p>\n\n\n\n<p>LIQUIDAMBAR styraciflua \u2018Aurea\u2019 has beautiful starry foliage variegated with yellow and green. The yellow color resists the summer sun perfectly and does not burn. Then\u2026<br><strong><a href=\"https:\/\/www.vallonchene.fr\/en\/product\/liquidambar-styraciflua-aurea-variegated-american-sweetgum\/\">Read more<\/a><\/strong> (description section)<\/p>\n<\/div><\/div>\n\n\n\n<div class=\"wp-block-media-text is-stacked-on-mobile\" style=\"grid-template-columns:25% auto\"><figure class=\"wp-block-media-text__media\"><a href=\"https:\/\/www.vallonchene.fr\/en\/product\/cercidiphyllum-japonicum-katsura\/\"><img decoding=\"async\" width=\"1024\" height=\"1024\" src=\"https:\/\/www.vallonchene.fr\/wp-content\/uploads\/2023\/09\/CERCIDIPHYLLUM-japonicum-Rotfuchs_01-1024x1024.webp\" alt=\"Autumn foliage in yellow, orange and green of CERCIDIPHYLLUM japonicum\" class=\"wp-image-43972 size-medium\" srcset=\"https:\/\/www.vallonchene.fr\/wp-content\/uploads\/2023\/09\/CERCIDIPHYLLUM-japonicum-Rotfuchs_01-1024x1024.webp 1024w, https:\/\/www.vallonchene.fr\/wp-content\/uploads\/2023\/09\/CERCIDIPHYLLUM-japonicum-Rotfuchs_01-324x324.webp 324w, https:\/\/www.vallonchene.fr\/wp-content\/uploads\/2023\/09\/CERCIDIPHYLLUM-japonicum-Rotfuchs_01-100x100.webp 100w, https:\/\/www.vallonchene.fr\/wp-content\/uploads\/2023\/09\/CERCIDIPHYLLUM-japonicum-Rotfuchs_01-416x416.webp 416w, https:\/\/www.vallonchene.fr\/wp-content\/uploads\/2023\/09\/CERCIDIPHYLLUM-japonicum-Rotfuchs_01-64x64.webp 64w, https:\/\/www.vallonchene.fr\/wp-content\/uploads\/2023\/09\/CERCIDIPHYLLUM-japonicum-Rotfuchs_01-300x300.webp 300w, https:\/\/www.vallonchene.fr\/wp-content\/uploads\/2023\/09\/CERCIDIPHYLLUM-japonicum-Rotfuchs_01-150x150.webp 150w, https:\/\/www.vallonchene.fr\/wp-content\/uploads\/2023\/09\/CERCIDIPHYLLUM-japonicum-Rotfuchs_01-768x768.webp 768w, https:\/\/www.vallonchene.fr\/wp-content\/uploads\/2023\/09\/CERCIDIPHYLLUM-japonicum-Rotfuchs_01-32x32.webp 32w, https:\/\/www.vallonchene.fr\/wp-content\/uploads\/2023\/09\/CERCIDIPHYLLUM-japonicum-Rotfuchs_01.webp 1200w\" sizes=\"(max-width: 1024px) 100vw, 1024px\" \/><\/a><\/figure><div class=\"wp-block-media-text__content\">\n<h3 class=\"wp-block-heading has-normal-font-size\" id=\"h-cercidiphyllum-japonicum\"><a href=\"https:\/\/www.vallonchene.fr\/en\/product\/cercidiphyllum-japonicum-katsura\/\"><strong>CERCIDIPHYLLUM japonicum<\/strong><\/a><\/h3>\n\n\n\n<p class=\"has-small-font-size\">27 September 2023<\/p>\n\n\n\n<p>CERCIDIPHYLLUM japonicum is a wonderful tree in more than one way. Its green, almost round foliage with its red petioles (see photo) is simply magnificent. In addition\u2026<br><strong><a href=\"https:\/\/www.vallonchene.fr\/en\/product\/cercidiphyllum-japonicum-katsura\/\">Read more<\/a><\/strong> (description section)<\/p>\n<\/div><\/div>\n\n\n\n<div class=\"wp-block-media-text is-stacked-on-mobile\" style=\"grid-template-columns:25% auto\"><figure class=\"wp-block-media-text__media\"><a href=\"https:\/\/www.vallonchene.fr\/produit\/taxodium-distichum-nutans\/\"><img decoding=\"async\" width=\"300\" height=\"300\" src=\"https:\/\/www.vallonchene.fr\/wp-content\/uploads\/2023\/09\/TAXODIUM-disticum-Nutans-300x300.webp\" alt=\"Feuillage vert du TAXODIUM distichum 'Nutans'\" class=\"wp-image-43242 size-medium\" srcset=\"https:\/\/www.vallonchene.fr\/wp-content\/uploads\/2023\/09\/TAXODIUM-disticum-Nutans-300x300.webp 300w, https:\/\/www.vallonchene.fr\/wp-content\/uploads\/2023\/09\/TAXODIUM-disticum-Nutans-324x324.webp 324w, https:\/\/www.vallonchene.fr\/wp-content\/uploads\/2023\/09\/TAXODIUM-disticum-Nutans-100x100.webp 100w, https:\/\/www.vallonchene.fr\/wp-content\/uploads\/2023\/09\/TAXODIUM-disticum-Nutans-416x416.webp 416w, https:\/\/www.vallonchene.fr\/wp-content\/uploads\/2023\/09\/TAXODIUM-disticum-Nutans-64x64.webp 64w, https:\/\/www.vallonchene.fr\/wp-content\/uploads\/2023\/09\/TAXODIUM-disticum-Nutans-150x150.webp 150w, https:\/\/www.vallonchene.fr\/wp-content\/uploads\/2023\/09\/TAXODIUM-disticum-Nutans-768x768.webp 768w, https:\/\/www.vallonchene.fr\/wp-content\/uploads\/2023\/09\/TAXODIUM-disticum-Nutans-32x32.webp 32w, https:\/\/www.vallonchene.fr\/wp-content\/uploads\/2023\/09\/TAXODIUM-disticum-Nutans.webp 1000w\" sizes=\"(max-width: 300px) 100vw, 300px\" \/><\/a><\/figure><div class=\"wp-block-media-text__content\">\n<h3 class=\"wp-block-heading has-normal-font-size\" id=\"h-taxodium-distichum-nutans\"><a href=\"https:\/\/www.vallonchene.fr\/en\/product\/taxodium-distichum-nutans\/\"><strong>TAXODIUM distichum &#8216;Nutans&#8217;<\/strong><\/a><a href=\"https:\/\/www.vallonchene.fr\/produit\/taxodium-distichum-nutans\/\"><\/a><\/h3>\n\n\n\n<p class=\"has-small-font-size\">13 September 2023<\/p>\n\n\n\n<p>TAXODIUM distichum \u2018Nutans\u2019 is a bald cypress with fine, elegant green foliage that is unlike of any other conifer. Its leaves give it a \u201ccloudy\u201d appearance. Then, in the fall, the foliage\u2026<br><strong><a href=\"https:\/\/www.vallonchene.fr\/en\/product\/taxodium-distichum-nutans\/\">Read more<\/a><\/strong> (description section)<\/p>\n<\/div><\/div>\n\n\n\n<div class=\"wp-block-media-text is-stacked-on-mobile\" style=\"grid-template-columns:25% auto\"><figure class=\"wp-block-media-text__media\"><a href=\"https:\/\/www.vallonchene.fr\/en\/product\/frangula-alnus-aspleniifolia-rhamnus-frangula-aspleniifolia\/\"><img decoding=\"async\" width=\"1000\" height=\"1000\" src=\"https:\/\/www.vallonchene.fr\/wp-content\/uploads\/2023\/09\/FRANGULA-alnus-Fine-Line_01.webp\" alt=\"Macro shot of green foliage of FRANGULA alnus 'Aspleniifolia'\" class=\"wp-image-42790 size-medium\" srcset=\"https:\/\/www.vallonchene.fr\/wp-content\/uploads\/2023\/09\/FRANGULA-alnus-Fine-Line_01.webp 1000w, https:\/\/www.vallonchene.fr\/wp-content\/uploads\/2023\/09\/FRANGULA-alnus-Fine-Line_01-324x324.webp 324w, https:\/\/www.vallonchene.fr\/wp-content\/uploads\/2023\/09\/FRANGULA-alnus-Fine-Line_01-100x100.webp 100w, https:\/\/www.vallonchene.fr\/wp-content\/uploads\/2023\/09\/FRANGULA-alnus-Fine-Line_01-416x416.webp 416w, https:\/\/www.vallonchene.fr\/wp-content\/uploads\/2023\/09\/FRANGULA-alnus-Fine-Line_01-64x64.webp 64w, https:\/\/www.vallonchene.fr\/wp-content\/uploads\/2023\/09\/FRANGULA-alnus-Fine-Line_01-300x300.webp 300w, https:\/\/www.vallonchene.fr\/wp-content\/uploads\/2023\/09\/FRANGULA-alnus-Fine-Line_01-150x150.webp 150w, https:\/\/www.vallonchene.fr\/wp-content\/uploads\/2023\/09\/FRANGULA-alnus-Fine-Line_01-768x768.webp 768w, https:\/\/www.vallonchene.fr\/wp-content\/uploads\/2023\/09\/FRANGULA-alnus-Fine-Line_01-32x32.webp 32w\" sizes=\"(max-width: 1000px) 100vw, 1000px\" \/><\/a><\/figure><div class=\"wp-block-media-text__content\">\n<h3 class=\"wp-block-heading has-normal-font-size\" id=\"h-frangula-alnus-aspleniifolia\"><a href=\"https:\/\/www.vallonchene.fr\/en\/product\/frangula-alnus-aspleniifolia-rhamnus-frangula-aspleniifolia\/\"><strong>FRANGULA alnus &#8216;Aspleniifolia&#8217;<\/strong><\/a><a href=\"https:\/\/www.vallonchene.fr\/produit\/taxodium-distichum-nutans\/\"><\/a><\/h3>\n\n\n\n<p class=\"has-small-font-size\">6 September 2023<\/p>\n\n\n\n<p>TAXODIUM distichum \u2018Nutans\u2019 is a bald cypress with fine, elegant green foliage that is unlike of any other conifer. Its leaves give it a \u201ccloudy\u201d appearance. Then, in the fall, the foliage\u2026<br><strong><a href=\"https:\/\/www.vallonchene.fr\/en\/product\/frangula-alnus-aspleniifolia-rhamnus-frangula-aspleniifolia\/\">Read more<\/a><\/strong> (description section)<\/p>\n<\/div><\/div>\n\n\n\n<div class=\"wp-block-media-text is-stacked-on-mobile\" style=\"grid-template-columns:25% auto\"><figure class=\"wp-block-media-text__media\"><a href=\"https:\/\/www.vallonchene.fr\/en\/product\/hydrangea-panciluata-hercules-grhp14\/\"><img decoding=\"async\" width=\"1000\" height=\"1000\" src=\"https:\/\/www.vallonchene.fr\/wp-content\/uploads\/2023\/08\/HYDRANGEA-paniculata-Hercules.webp\" alt=\"A pink and a white flower of l'HYDRANGEA paniculata 'Hercules' (R)\" class=\"wp-image-42622 size-medium\" srcset=\"https:\/\/www.vallonchene.fr\/wp-content\/uploads\/2023\/08\/HYDRANGEA-paniculata-Hercules.webp 1000w, https:\/\/www.vallonchene.fr\/wp-content\/uploads\/2023\/08\/HYDRANGEA-paniculata-Hercules-324x324.webp 324w, https:\/\/www.vallonchene.fr\/wp-content\/uploads\/2023\/08\/HYDRANGEA-paniculata-Hercules-100x100.webp 100w, https:\/\/www.vallonchene.fr\/wp-content\/uploads\/2023\/08\/HYDRANGEA-paniculata-Hercules-416x416.webp 416w, https:\/\/www.vallonchene.fr\/wp-content\/uploads\/2023\/08\/HYDRANGEA-paniculata-Hercules-64x64.webp 64w, https:\/\/www.vallonchene.fr\/wp-content\/uploads\/2023\/08\/HYDRANGEA-paniculata-Hercules-300x300.webp 300w, https:\/\/www.vallonchene.fr\/wp-content\/uploads\/2023\/08\/HYDRANGEA-paniculata-Hercules-150x150.webp 150w, https:\/\/www.vallonchene.fr\/wp-content\/uploads\/2023\/08\/HYDRANGEA-paniculata-Hercules-768x768.webp 768w, https:\/\/www.vallonchene.fr\/wp-content\/uploads\/2023\/08\/HYDRANGEA-paniculata-Hercules-32x32.webp 32w\" sizes=\"(max-width: 1000px) 100vw, 1000px\" \/><\/a><\/figure><div class=\"wp-block-media-text__content\">\n<h3 class=\"wp-block-heading has-normal-font-size\" id=\"h-hydrangea-paniculata-hercules\"><a href=\"https:\/\/www.vallonchene.fr\/en\/product\/hydrangea-panciluata-hercules-grhp14\/\"><strong>HYDRANGEA paniculata &#8216;Hercules&#8217;<\/strong><\/a><a href=\"https:\/\/www.vallonchene.fr\/produit\/taxodium-distichum-nutans\/\"><\/a><\/h3>\n\n\n\n<p class=\"has-small-font-size\">30 August 2023<\/p>\n\n\n\n<p>HYDRANGEA paniculata \u2018Hercules\u2019 (R) is one of the panicle hydrangeas that you truly must have. Indeed, it develops large and numerous flowers. They begin in cream color to become white and finish pink, later\u2026<br><strong><a href=\"https:\/\/www.vallonchene.fr\/en\/product\/hydrangea-panciluata-hercules-grhp14\/\">Read more<\/a><\/strong> (description section)<\/p>\n<\/div><\/div>\n\n\n\n<div class=\"wp-block-media-text is-stacked-on-mobile\" style=\"grid-template-columns:25% auto\"><figure class=\"wp-block-media-text__media\"><a href=\"https:\/\/www.vallonchene.fr\/en\/product\/brassaiopsis-mitis\/\"><img decoding=\"async\" width=\"1000\" height=\"1000\" src=\"https:\/\/www.vallonchene.fr\/wp-content\/uploads\/2021\/08\/BRASSAIOPSIS-mitis_03.webp\" alt=\"Leave of BRASSAIOPSIS mitis\" class=\"wp-image-32040 size-medium\" srcset=\"https:\/\/www.vallonchene.fr\/wp-content\/uploads\/2021\/08\/BRASSAIOPSIS-mitis_03.webp 1000w, https:\/\/www.vallonchene.fr\/wp-content\/uploads\/2021\/08\/BRASSAIOPSIS-mitis_03-324x324.webp 324w, https:\/\/www.vallonchene.fr\/wp-content\/uploads\/2021\/08\/BRASSAIOPSIS-mitis_03-100x100.webp 100w, https:\/\/www.vallonchene.fr\/wp-content\/uploads\/2021\/08\/BRASSAIOPSIS-mitis_03-416x416.webp 416w, https:\/\/www.vallonchene.fr\/wp-content\/uploads\/2021\/08\/BRASSAIOPSIS-mitis_03-64x64.webp 64w, https:\/\/www.vallonchene.fr\/wp-content\/uploads\/2021\/08\/BRASSAIOPSIS-mitis_03-300x300.webp 300w, https:\/\/www.vallonchene.fr\/wp-content\/uploads\/2021\/08\/BRASSAIOPSIS-mitis_03-150x150.webp 150w, https:\/\/www.vallonchene.fr\/wp-content\/uploads\/2021\/08\/BRASSAIOPSIS-mitis_03-768x768.webp 768w, https:\/\/www.vallonchene.fr\/wp-content\/uploads\/2021\/08\/BRASSAIOPSIS-mitis_03-32x32.webp 32w\" sizes=\"(max-width: 1000px) 100vw, 1000px\" \/><\/a><\/figure><div class=\"wp-block-media-text__content\">\n<h3 class=\"wp-block-heading has-normal-font-size\" id=\"h-brassaiopsis-mitis\"><a href=\"https:\/\/www.vallonchene.fr\/en\/product\/brassaiopsis-mitis\/\"><strong>BRASSAIOPSIS mitis<\/strong><\/a><a href=\"https:\/\/www.vallonchene.fr\/en\/product\/hydrangea-panciluata-hercules-grhp14\/\"><\/a><\/h3>\n\n\n\n<p class=\"has-small-font-size\">19 July 2023<\/p>\n\n\n\n<p>The BRASSAIOPSIS mitis is probably THE plant for collectors at the moment. Its towering juvenile leaves with their truly unusual cutout at the end of their long stem give the garden a real exotic vibe. They look like \u2026<br><strong><a href=\"https:\/\/www.vallonchene.fr\/en\/product\/brassaiopsis-mitis\/\">Read more<\/a><\/strong> (description section)<\/p>\n<\/div><\/div>\n\n\n\n<div class=\"wp-block-media-text is-stacked-on-mobile\" style=\"grid-template-columns:25% auto\"><figure class=\"wp-block-media-text__media\"><a href=\"https:\/\/www.vallonchene.fr\/en\/product\/ligustrum-japonicum-texanum\/\"><img decoding=\"async\" src=\"https:\/\/www.vallonchene.fr\/wp-content\/uploads\/2023\/07\/LIGUSTRUM-japonicum-Texanum_04-1024x1024.webp\" alt=\"Fleurs blanches avec avec une abeille du LIGUSTRUM japonicum 'Texanum'\" class=\"wp-image-41851 size-medium\"\/><\/a><\/figure><div class=\"wp-block-media-text__content\">\n<h3 class=\"wp-block-heading has-normal-font-size\" id=\"h-ligustrum-japonicum-texanum\"><a href=\"https:\/\/www.vallonchene.fr\/en\/product\/ligustrum-japonicum-texanum\/\"><strong>LIGUSTRUM japonicum &#8216;Texanum&#8217;<\/strong><\/a><a href=\"https:\/\/www.vallonchene.fr\/en\/product\/hydrangea-panciluata-hercules-grhp14\/\"><\/a><\/h3>\n\n\n\n<p class=\"has-small-font-size\">13 July 2023<\/p>\n\n\n\n<p>LIGUSTRUM japonicum \u2018Texanum\u2019 develops magnificent shiny and slightly wavy leaves. They are thicker than those of other Japanese privet. Occasionally \u2026<br><strong><a href=\"https:\/\/www.vallonchene.fr\/en\/product\/ligustrum-japonicum-texanum\/\">Read more<\/a><\/strong> (description section)<\/p>\n<\/div><\/div>\n\n\n\n<div class=\"wp-block-media-text is-stacked-on-mobile\" style=\"grid-template-columns:25% auto\"><figure class=\"wp-block-media-text__media\"><a href=\"https:\/\/www.vallonchene.fr\/en\/product\/cryptomeria-japonica-little-champion\/\"><img decoding=\"async\" width=\"1024\" height=\"1024\" src=\"https:\/\/www.vallonchene.fr\/wp-content\/uploads\/2023\/07\/CRYPTOMERIA-japonica-Little-Champion_02-1024x1024.webp\" alt=\"Green foliage of CRYPTOMERIA japonica 'Little Champion'\" class=\"wp-image-41685 size-medium\" srcset=\"https:\/\/www.vallonchene.fr\/wp-content\/uploads\/2023\/07\/CRYPTOMERIA-japonica-Little-Champion_02-1024x1024.webp 1024w, https:\/\/www.vallonchene.fr\/wp-content\/uploads\/2023\/07\/CRYPTOMERIA-japonica-Little-Champion_02-324x324.webp 324w, https:\/\/www.vallonchene.fr\/wp-content\/uploads\/2023\/07\/CRYPTOMERIA-japonica-Little-Champion_02-100x100.webp 100w, https:\/\/www.vallonchene.fr\/wp-content\/uploads\/2023\/07\/CRYPTOMERIA-japonica-Little-Champion_02-416x416.webp 416w, https:\/\/www.vallonchene.fr\/wp-content\/uploads\/2023\/07\/CRYPTOMERIA-japonica-Little-Champion_02-64x64.webp 64w, https:\/\/www.vallonchene.fr\/wp-content\/uploads\/2023\/07\/CRYPTOMERIA-japonica-Little-Champion_02-300x300.webp 300w, https:\/\/www.vallonchene.fr\/wp-content\/uploads\/2023\/07\/CRYPTOMERIA-japonica-Little-Champion_02-150x150.webp 150w, https:\/\/www.vallonchene.fr\/wp-content\/uploads\/2023\/07\/CRYPTOMERIA-japonica-Little-Champion_02-768x768.webp 768w, https:\/\/www.vallonchene.fr\/wp-content\/uploads\/2023\/07\/CRYPTOMERIA-japonica-Little-Champion_02-32x32.webp 32w, https:\/\/www.vallonchene.fr\/wp-content\/uploads\/2023\/07\/CRYPTOMERIA-japonica-Little-Champion_02.webp 1200w\" sizes=\"(max-width: 1024px) 100vw, 1024px\" \/><\/a><\/figure><div class=\"wp-block-media-text__content\">\n<h3 class=\"wp-block-heading has-normal-font-size\" id=\"h-cryptomeria-japonica-little-champion\"><a href=\"https:\/\/www.vallonchene.fr\/en\/cryptomeria-japonica-little-champion\/\"><strong>CRYPTOMERIA japonica &#8216;Little Champion&#8217;<\/strong><\/a><\/h3>\n\n\n\n<p class=\"has-small-font-size\">5 July 2023<\/p>\n\n\n\n<p>CRYPTOMERIA japonica \u2018Little Champion\u2019 surprises with its truly unusual foliage and shape. Indeed, this Japanese cedar is a dwarf plant because it grows very slowly and will not exceed 1 m. In addition, \u2026<br><strong><a href=\"https:\/\/www.vallonchene.fr\/en\/product\/cryptomeria-japonica-little-champion\/\">Read more<\/a><\/strong> (description section)<\/p>\n<\/div><\/div>\n\n\n\n<div class=\"wp-block-media-text is-stacked-on-mobile\" style=\"grid-template-columns:25% auto\"><figure class=\"wp-block-media-text__media\"><a href=\"https:\/\/www.vallonchene.fr\/en\/product\/sambucus-racemosa-golden-tower\/\"><img decoding=\"async\" width=\"1000\" height=\"1000\" src=\"https:\/\/www.vallonchene.fr\/wp-content\/uploads\/2023\/06\/SAMBUCUS-racemosa-Golden-Tower_01.webp\" alt=\"Very laciniated yellow foliage of SAMBUCUS racemosa 'Golden Tower'\" class=\"wp-image-41529 size-medium\" srcset=\"https:\/\/www.vallonchene.fr\/wp-content\/uploads\/2023\/06\/SAMBUCUS-racemosa-Golden-Tower_01.webp 1000w, https:\/\/www.vallonchene.fr\/wp-content\/uploads\/2023\/06\/SAMBUCUS-racemosa-Golden-Tower_01-324x324.webp 324w, https:\/\/www.vallonchene.fr\/wp-content\/uploads\/2023\/06\/SAMBUCUS-racemosa-Golden-Tower_01-100x100.webp 100w, https:\/\/www.vallonchene.fr\/wp-content\/uploads\/2023\/06\/SAMBUCUS-racemosa-Golden-Tower_01-416x416.webp 416w, https:\/\/www.vallonchene.fr\/wp-content\/uploads\/2023\/06\/SAMBUCUS-racemosa-Golden-Tower_01-64x64.webp 64w, https:\/\/www.vallonchene.fr\/wp-content\/uploads\/2023\/06\/SAMBUCUS-racemosa-Golden-Tower_01-300x300.webp 300w, https:\/\/www.vallonchene.fr\/wp-content\/uploads\/2023\/06\/SAMBUCUS-racemosa-Golden-Tower_01-150x150.webp 150w, https:\/\/www.vallonchene.fr\/wp-content\/uploads\/2023\/06\/SAMBUCUS-racemosa-Golden-Tower_01-768x768.webp 768w, https:\/\/www.vallonchene.fr\/wp-content\/uploads\/2023\/06\/SAMBUCUS-racemosa-Golden-Tower_01-32x32.webp 32w\" sizes=\"(max-width: 1000px) 100vw, 1000px\" \/><\/a><\/figure><div class=\"wp-block-media-text__content\">\n<h3 class=\"wp-block-heading has-normal-font-size\" id=\"h-sambucus-racemosa-golden-tower\"><a href=\"https:\/\/www.vallonchene.fr\/en\/product\/sambucus-racemosa-golden-tower\/\"><strong>SAMBUCUS racemosa &#8216;Golden Tower&#8217;<\/strong><\/a><\/h3>\n\n\n\n<p class=\"has-small-font-size\">28 June 2023<\/p>\n\n\n\n<p>SAMBUCUS racemosa \u2018Golden Tower\u2019 belongs to the plants of the future. This elderberry is perfectly resistant to drought (after about two years of planting). It grows \u2026<br><strong><a href=\"https:\/\/www.vallonchene.fr\/en\/product\/sambucus-racemosa-golden-tower\/\">Read more<\/a><\/strong> (description section)<\/p>\n<\/div><\/div>\n\n\n\n<div class=\"wp-block-media-text is-stacked-on-mobile\" style=\"grid-template-columns:25% auto\"><figure class=\"wp-block-media-text__media\"><a href=\"https:\/\/www.vallonchene.fr\/en\/how-to-water-a-garden-and-save-water\/\"><img decoding=\"async\" width=\"1000\" height=\"1000\" src=\"https:\/\/www.vallonchene.fr\/wp-content\/uploads\/2023\/06\/FILE_NAME_03.webp\" alt=\"Hose pipe with water jet\" class=\"wp-image-41377 size-medium\" srcset=\"https:\/\/www.vallonchene.fr\/wp-content\/uploads\/2023\/06\/FILE_NAME_03.webp 1000w, https:\/\/www.vallonchene.fr\/wp-content\/uploads\/2023\/06\/FILE_NAME_03-324x324.webp 324w, https:\/\/www.vallonchene.fr\/wp-content\/uploads\/2023\/06\/FILE_NAME_03-100x100.webp 100w, https:\/\/www.vallonchene.fr\/wp-content\/uploads\/2023\/06\/FILE_NAME_03-416x416.webp 416w, https:\/\/www.vallonchene.fr\/wp-content\/uploads\/2023\/06\/FILE_NAME_03-64x64.webp 64w, https:\/\/www.vallonchene.fr\/wp-content\/uploads\/2023\/06\/FILE_NAME_03-300x300.webp 300w, https:\/\/www.vallonchene.fr\/wp-content\/uploads\/2023\/06\/FILE_NAME_03-150x150.webp 150w, https:\/\/www.vallonchene.fr\/wp-content\/uploads\/2023\/06\/FILE_NAME_03-768x768.webp 768w, https:\/\/www.vallonchene.fr\/wp-content\/uploads\/2023\/06\/FILE_NAME_03-32x32.webp 32w\" sizes=\"(max-width: 1000px) 100vw, 1000px\" \/><\/a><\/figure><div class=\"wp-block-media-text__content\">\n<h3 class=\"wp-block-heading has-normal-font-size\" id=\"h-how-to-water-a-garden-and-save-water\"><a href=\"https:\/\/www.vallonchene.fr\/en\/how-to-water-a-garden-and-save-water\/\"><strong>How to water a garden and save water<\/strong><\/a><\/h3>\n\n\n\n<p class=\"has-small-font-size\">21 June 2023<\/p>\n\n\n\n<p>We will explain to you in this article how to water a garden properly and at the same time save water. Even if it seems contradictory, we promise to show \u2026<br><strong><a href=\"https:\/\/www.vallonchene.fr\/en\/how-to-water-a-garden-and-save-water\/\">Read more<\/a><\/strong><\/p>\n<\/div><\/div>\n\n\n\n<div class=\"wp-block-media-text is-stacked-on-mobile\" style=\"grid-template-columns:25% auto\"><figure class=\"wp-block-media-text__media\"><a href=\"https:\/\/www.vallonchene.fr\/en\/product\/sambucus-racemosa-golden-tower\/\"><img decoding=\"async\" width=\"1000\" height=\"1000\" src=\"https:\/\/www.vallonchene.fr\/wp-content\/uploads\/2023\/06\/MUSELLA-lasiocarpa_01.webp\" alt=\"Yellow flower of MUSELLA lasiocarpa which can last several years !\" class=\"wp-image-41137 size-medium\" srcset=\"https:\/\/www.vallonchene.fr\/wp-content\/uploads\/2023\/06\/MUSELLA-lasiocarpa_01.webp 1000w, https:\/\/www.vallonchene.fr\/wp-content\/uploads\/2023\/06\/MUSELLA-lasiocarpa_01-324x324.webp 324w, https:\/\/www.vallonchene.fr\/wp-content\/uploads\/2023\/06\/MUSELLA-lasiocarpa_01-100x100.webp 100w, https:\/\/www.vallonchene.fr\/wp-content\/uploads\/2023\/06\/MUSELLA-lasiocarpa_01-416x416.webp 416w, https:\/\/www.vallonchene.fr\/wp-content\/uploads\/2023\/06\/MUSELLA-lasiocarpa_01-64x64.webp 64w, https:\/\/www.vallonchene.fr\/wp-content\/uploads\/2023\/06\/MUSELLA-lasiocarpa_01-300x300.webp 300w, https:\/\/www.vallonchene.fr\/wp-content\/uploads\/2023\/06\/MUSELLA-lasiocarpa_01-150x150.webp 150w, https:\/\/www.vallonchene.fr\/wp-content\/uploads\/2023\/06\/MUSELLA-lasiocarpa_01-768x768.webp 768w, https:\/\/www.vallonchene.fr\/wp-content\/uploads\/2023\/06\/MUSELLA-lasiocarpa_01-32x32.webp 32w\" sizes=\"(max-width: 1000px) 100vw, 1000px\" \/><\/a><\/figure><div class=\"wp-block-media-text__content\">\n<h3 class=\"wp-block-heading has-normal-font-size\" id=\"h-musella-lasiocarpa\"><a href=\"https:\/\/www.vallonchene.fr\/en\/product\/musella-lasiocarpa\/\"><strong>MUSELLA lasiocarpa<\/strong><\/a><\/h3>\n\n\n\n<p class=\"has-small-font-size\">14 June 2023<\/p>\n\n\n\n<p>You can plant this Chinese dwarf banana tree in the ground or in a pot. If you plant it in the ground, you must protect it in winter. It will then start from zero each year. While if you keep it in a pot&#8230;<br><strong><a href=\"https:\/\/www.vallonchene.fr\/en\/product\/musella-lasiocarpa\/\">Read more<\/a><\/strong> (description section)<\/p>\n<\/div><\/div>\n\n\n\n<div class=\"wp-block-media-text is-stacked-on-mobile\" style=\"grid-template-columns:25% auto\"><figure class=\"wp-block-media-text__media\"><a href=\"https:\/\/www.vallonchene.fr\/en\/product\/picea-pungens-maigold\/\"><img decoding=\"async\" width=\"1000\" height=\"1000\" src=\"https:\/\/www.vallonchene.fr\/wp-content\/uploads\/2023\/05\/PICEA-pungens-Maigold_01.webp\" alt=\"A beautiful PICEA pungens 'Maigold' with its yellow shoots in May\" class=\"wp-image-40839 size-medium\" srcset=\"https:\/\/www.vallonchene.fr\/wp-content\/uploads\/2023\/05\/PICEA-pungens-Maigold_01.webp 1000w, https:\/\/www.vallonchene.fr\/wp-content\/uploads\/2023\/05\/PICEA-pungens-Maigold_01-324x324.webp 324w, https:\/\/www.vallonchene.fr\/wp-content\/uploads\/2023\/05\/PICEA-pungens-Maigold_01-100x100.webp 100w, https:\/\/www.vallonchene.fr\/wp-content\/uploads\/2023\/05\/PICEA-pungens-Maigold_01-416x416.webp 416w, https:\/\/www.vallonchene.fr\/wp-content\/uploads\/2023\/05\/PICEA-pungens-Maigold_01-64x64.webp 64w, https:\/\/www.vallonchene.fr\/wp-content\/uploads\/2023\/05\/PICEA-pungens-Maigold_01-300x300.webp 300w, https:\/\/www.vallonchene.fr\/wp-content\/uploads\/2023\/05\/PICEA-pungens-Maigold_01-150x150.webp 150w, https:\/\/www.vallonchene.fr\/wp-content\/uploads\/2023\/05\/PICEA-pungens-Maigold_01-768x768.webp 768w, https:\/\/www.vallonchene.fr\/wp-content\/uploads\/2023\/05\/PICEA-pungens-Maigold_01-32x32.webp 32w\" sizes=\"(max-width: 1000px) 100vw, 1000px\" \/><\/a><\/figure><div class=\"wp-block-media-text__content\">\n<h3 class=\"wp-block-heading has-normal-font-size\" id=\"h-picea-pungens-maigold\"><a href=\"https:\/\/www.vallonchene.fr\/en\/product\/picea-pungens-maigold\/\"><strong>PICEA pungens &#8216;Maigold&#8217;<\/strong><\/a> <\/h3>\n\n\n\n<p class=\"has-small-font-size\">31 May 2023<\/p>\n\n\n\n<p>PICEA pungens \u2018Maigold\u2019 is a truly unusual conifer on its own. Indeed, for about two months, the new shoots of this Colorado spruce are first white to turn \u2026<br><strong><a href=\"https:\/\/www.vallonchene.fr\/en\/product\/picea-pungens-maigold\/\">Read more<\/a><\/strong> (description section)<\/p>\n<\/div><\/div>\n\n\n\n<div class=\"wp-block-media-text is-stacked-on-mobile\" style=\"grid-template-columns:25% auto\"><figure class=\"wp-block-media-text__media\"><a href=\"https:\/\/www.vallonchene.fr\/en\/product\/davidia-involucrata-vilmoriniana\/\"><img decoding=\"async\" width=\"1000\" height=\"1000\" src=\"https:\/\/www.vallonchene.fr\/wp-content\/uploads\/2021\/08\/DAVIDIA-involucrata-vilmoriniana_01.webp\" alt=\"Macro shot of white flowers of DAVIDIA involucrata vilmoriniana\" class=\"wp-image-40647 size-medium\" srcset=\"https:\/\/www.vallonchene.fr\/wp-content\/uploads\/2021\/08\/DAVIDIA-involucrata-vilmoriniana_01.webp 1000w, https:\/\/www.vallonchene.fr\/wp-content\/uploads\/2021\/08\/DAVIDIA-involucrata-vilmoriniana_01-324x324.webp 324w, https:\/\/www.vallonchene.fr\/wp-content\/uploads\/2021\/08\/DAVIDIA-involucrata-vilmoriniana_01-100x100.webp 100w, https:\/\/www.vallonchene.fr\/wp-content\/uploads\/2021\/08\/DAVIDIA-involucrata-vilmoriniana_01-416x416.webp 416w, https:\/\/www.vallonchene.fr\/wp-content\/uploads\/2021\/08\/DAVIDIA-involucrata-vilmoriniana_01-64x64.webp 64w, https:\/\/www.vallonchene.fr\/wp-content\/uploads\/2021\/08\/DAVIDIA-involucrata-vilmoriniana_01-300x300.webp 300w, https:\/\/www.vallonchene.fr\/wp-content\/uploads\/2021\/08\/DAVIDIA-involucrata-vilmoriniana_01-150x150.webp 150w, https:\/\/www.vallonchene.fr\/wp-content\/uploads\/2021\/08\/DAVIDIA-involucrata-vilmoriniana_01-768x768.webp 768w, https:\/\/www.vallonchene.fr\/wp-content\/uploads\/2021\/08\/DAVIDIA-involucrata-vilmoriniana_01-32x32.webp 32w\" sizes=\"(max-width: 1000px) 100vw, 1000px\" \/><\/a><\/figure><div class=\"wp-block-media-text__content\">\n<h3 class=\"wp-block-heading has-normal-font-size\" id=\"h-davidia-involucrata-vilmoriniana\"><a href=\"https:\/\/www.vallonchene.fr\/en\/product\/davidia-involucrata-vilmoriniana\/\"><strong>DAVIDIA involucrata vilmoriniana<\/strong><\/a> <\/h3>\n\n\n\n<p class=\"has-small-font-size\">24 May 2023<\/p>\n\n\n\n<p>For lovers of extraordinary plants, this small, fairly slow-growing tree provides a fabulous spectacle in May with its flowering. Indeed, the small globular flowers of DAVIDIA involucrata vilmoriniana carry enormous \u2026<br><strong><a href=\"https:\/\/www.vallonchene.fr\/en\/product\/davidia-involucrata-vilmoriniana\/\">Read more<\/a><\/strong> (description section)<\/p>\n<\/div><\/div>\n\n\n\n<div class=\"wp-block-media-text is-stacked-on-mobile\" style=\"grid-template-columns:25% auto\"><figure class=\"wp-block-media-text__media\"><a href=\"https:\/\/www.vallonchene.fr\/en\/product\/syringa-vulgaris-sensation-common-lilac\/\"><img decoding=\"async\" width=\"1000\" height=\"1000\" src=\"https:\/\/www.vallonchene.fr\/wp-content\/uploads\/2021\/08\/SYRINGA-vulgaris-Sensation.webp\" alt=\"Macro shot of mauve flowers with white edges of SYRINGA vulgaris 'Sensation'\" class=\"wp-image-40535 size-medium\" srcset=\"https:\/\/www.vallonchene.fr\/wp-content\/uploads\/2021\/08\/SYRINGA-vulgaris-Sensation.webp 1000w, https:\/\/www.vallonchene.fr\/wp-content\/uploads\/2021\/08\/SYRINGA-vulgaris-Sensation-324x324.webp 324w, https:\/\/www.vallonchene.fr\/wp-content\/uploads\/2021\/08\/SYRINGA-vulgaris-Sensation-100x100.webp 100w, https:\/\/www.vallonchene.fr\/wp-content\/uploads\/2021\/08\/SYRINGA-vulgaris-Sensation-416x416.webp 416w, https:\/\/www.vallonchene.fr\/wp-content\/uploads\/2021\/08\/SYRINGA-vulgaris-Sensation-64x64.webp 64w, https:\/\/www.vallonchene.fr\/wp-content\/uploads\/2021\/08\/SYRINGA-vulgaris-Sensation-300x300.webp 300w, https:\/\/www.vallonchene.fr\/wp-content\/uploads\/2021\/08\/SYRINGA-vulgaris-Sensation-150x150.webp 150w, https:\/\/www.vallonchene.fr\/wp-content\/uploads\/2021\/08\/SYRINGA-vulgaris-Sensation-768x768.webp 768w, https:\/\/www.vallonchene.fr\/wp-content\/uploads\/2021\/08\/SYRINGA-vulgaris-Sensation-32x32.webp 32w\" sizes=\"(max-width: 1000px) 100vw, 1000px\" \/><\/a><\/figure><div class=\"wp-block-media-text__content\">\n<h3 class=\"wp-block-heading has-normal-font-size\" id=\"h-syringa-vulgaris-sensation\"><a href=\"https:\/\/www.vallonchene.fr\/en\/product\/syringa-vulgaris-sensation-common-lilac\/\"><strong>SYRINGA vulgaris &#8216;Sensation&#8217;<\/strong><\/a> <\/h3>\n\n\n\n<p class=\"has-small-font-size\">17 May 2023<\/p>\n\n\n\n<p>SYRINGA vulgaris \u2018Sensation\u2019 is one of the common lilacs, even though it has nothing really common. Indeed, its purple flowers edged with white make it a very original shrub. It will not go unnoticed \u2026<br><strong><a href=\"https:\/\/www.vallonchene.fr\/en\/product\/syringa-vulgaris-sensation-common-lilac\/\">Read more<\/a><\/strong> (description section)<\/p>\n<\/div><\/div>\n\n\n\n<div class=\"wp-block-media-text is-stacked-on-mobile\" style=\"grid-template-columns:25% auto\"><figure class=\"wp-block-media-text__media\"><a href=\"https:\/\/www.vallonchene.fr\/en\/product\/exochorda-x-macrantha-the-bride-pearl-bush\/\"><img decoding=\"async\" width=\"800\" height=\"800\" src=\"https:\/\/www.vallonchene.fr\/wp-content\/uploads\/2021\/08\/EXOCHORDA-x-macrantha-The-Bride_01.webp\" alt=\"White flowers of EXOCHORDA x macrantha 'The Bride' in spring\" class=\"wp-image-31968 size-medium\" srcset=\"https:\/\/www.vallonchene.fr\/wp-content\/uploads\/2021\/08\/EXOCHORDA-x-macrantha-The-Bride_01.webp 800w, https:\/\/www.vallonchene.fr\/wp-content\/uploads\/2021\/08\/EXOCHORDA-x-macrantha-The-Bride_01-324x324.webp 324w, https:\/\/www.vallonchene.fr\/wp-content\/uploads\/2021\/08\/EXOCHORDA-x-macrantha-The-Bride_01-100x100.webp 100w, https:\/\/www.vallonchene.fr\/wp-content\/uploads\/2021\/08\/EXOCHORDA-x-macrantha-The-Bride_01-416x416.webp 416w, https:\/\/www.vallonchene.fr\/wp-content\/uploads\/2021\/08\/EXOCHORDA-x-macrantha-The-Bride_01-64x64.webp 64w, https:\/\/www.vallonchene.fr\/wp-content\/uploads\/2021\/08\/EXOCHORDA-x-macrantha-The-Bride_01-300x300.webp 300w, https:\/\/www.vallonchene.fr\/wp-content\/uploads\/2021\/08\/EXOCHORDA-x-macrantha-The-Bride_01-150x150.webp 150w, https:\/\/www.vallonchene.fr\/wp-content\/uploads\/2021\/08\/EXOCHORDA-x-macrantha-The-Bride_01-768x768.webp 768w, https:\/\/www.vallonchene.fr\/wp-content\/uploads\/2021\/08\/EXOCHORDA-x-macrantha-The-Bride_01-32x32.webp 32w\" sizes=\"(max-width: 800px) 100vw, 800px\" \/><\/a><\/figure><div class=\"wp-block-media-text__content\">\n<h3 class=\"wp-block-heading has-normal-font-size\" id=\"h-exochorda-x-macrantha-the-bride\"><a href=\"https:\/\/www.vallonchene.fr\/en\/product\/exochorda-x-macrantha-the-bride-pearl-bush\/\"><strong>EXOCHORDA x macrantha &#8216;The Bride&#8217;<\/strong><\/a> <\/h3>\n\n\n\n<p class=\"has-small-font-size\">10 May 2023<\/p>\n\n\n\n<p>For lovers of easy-to-grow plants, <strong>EXOCHORDA x macrantha \u2018The Bride\u2019<\/strong> is the perfect choice for you. Its shape will make it a highlight for your garden. With a footprint \u2026<br><strong><a href=\"https:\/\/www.vallonchene.fr\/en\/product\/exochorda-x-macrantha-the-bride-pearl-bush\/\">Read more<\/a><\/strong> (description section)<\/p>\n<\/div><\/div>\n\n\n\n<div class=\"wp-block-media-text is-stacked-on-mobile\" style=\"grid-template-columns:25% auto\"><figure class=\"wp-block-media-text__media\"><a href=\"https:\/\/www.vallonchene.fr\/en\/product\/syringa-microphylla-superba\/\"><img decoding=\"async\" src=\"https:\/\/www.vallonchene.fr\/wp-content\/uploads\/2023\/05\/SYRINGA-pubescens-ssp.-microphylla-Superba_01.webp\" alt=\"Fleurs roses du SYRINGA microphylla 'Superba' dans le soleil\" class=\"wp-image-31863 size-medium\"\/><\/a><\/figure><div class=\"wp-block-media-text__content\">\n<h3 class=\"wp-block-heading has-normal-font-size\" id=\"h-syringa-microphylla-superba\"><a href=\"https:\/\/www.vallonchene.fr\/en\/product\/syringa-microphylla-superba\/\"><strong>SYRINGA microphylla &#8216;Superba&#8217;<\/strong><\/a> <\/h3>\n\n\n\n<p class=\"has-small-font-size\">3 May 2023<\/p>\n\n\n\n<p>If you had to choose just one lilac for your garden, it would be SYRINGA microphylla \u2018Superba\u2019. This selection guarantees a first flowering in April\/May and a second in summer. This is quite unusual \u2026<br><strong><a href=\"https:\/\/www.vallonchene.fr\/en\/product\/syringa-microphylla-superba\/\">Read more<\/a><\/strong> (description section)<\/p>\n<\/div><\/div>\n\n\n\n<div class=\"wp-block-media-text is-stacked-on-mobile\" style=\"grid-template-columns:25% auto\"><figure class=\"wp-block-media-text__media\"><a href=\"https:\/\/www.vallonchene.fr\/en\/product\/acer-palmatum-will-s-devine\/\"><img decoding=\"async\" width=\"800\" height=\"800\" src=\"https:\/\/www.vallonchene.fr\/wp-content\/uploads\/2023\/04\/ACER-palmatum-Wills-Devine_05.webp\" alt=\"Spring foliage of ACER palmatum 'Will's Devine'_05\" class=\"wp-image-29172 size-medium\" srcset=\"https:\/\/www.vallonchene.fr\/wp-content\/uploads\/2023\/04\/ACER-palmatum-Wills-Devine_05.webp 800w, https:\/\/www.vallonchene.fr\/wp-content\/uploads\/2023\/04\/ACER-palmatum-Wills-Devine_05-324x324.webp 324w, https:\/\/www.vallonchene.fr\/wp-content\/uploads\/2023\/04\/ACER-palmatum-Wills-Devine_05-100x100.webp 100w, https:\/\/www.vallonchene.fr\/wp-content\/uploads\/2023\/04\/ACER-palmatum-Wills-Devine_05-416x416.webp 416w, https:\/\/www.vallonchene.fr\/wp-content\/uploads\/2023\/04\/ACER-palmatum-Wills-Devine_05-64x64.webp 64w, https:\/\/www.vallonchene.fr\/wp-content\/uploads\/2023\/04\/ACER-palmatum-Wills-Devine_05-300x300.webp 300w, https:\/\/www.vallonchene.fr\/wp-content\/uploads\/2023\/04\/ACER-palmatum-Wills-Devine_05-150x150.webp 150w, https:\/\/www.vallonchene.fr\/wp-content\/uploads\/2023\/04\/ACER-palmatum-Wills-Devine_05-768x768.webp 768w, https:\/\/www.vallonchene.fr\/wp-content\/uploads\/2023\/04\/ACER-palmatum-Wills-Devine_05-32x32.webp 32w\" sizes=\"(max-width: 800px) 100vw, 800px\" \/><\/a><\/figure><div class=\"wp-block-media-text__content\">\n<h3 class=\"wp-block-heading has-normal-font-size\" id=\"h-acer-palmatum-will-s-devine\"><a href=\"https:\/\/www.vallonchene.fr\/en\/product\/acer-palmatum-will-s-devine\/\"><strong>ACER palmatum &#8216;Will&#8217;s Devine&#8217;<\/strong><\/a> <\/h3>\n\n\n\n<p class=\"has-small-font-size\">26 April 2023<\/p>\n\n\n\n<p>The Japanese maple family never ceases to amaze us. For example, <strong>ACER palmatum \u2018Will\u2019s Devine\u2019<\/strong>. This little maple tree is <strong>constantly changing color<\/strong>. In spring \u2026<br><strong><a href=\"https:\/\/www.vallonchene.fr\/en\/product\/acer-palmatum-will-s-devine\/\">Read more<\/a><\/strong> (description section)<\/p>\n<\/div><\/div>\n\n\n\n<div class=\"wp-block-columns is-layout-flex wp-container-core-columns-is-layout-28f84493 wp-block-columns-is-layout-flex\">\n<div class=\"wp-block-column is-layout-flow wp-block-column-is-layout-flow\" style=\"flex-basis:100%\">\n<div class=\"wp-block-media-text is-stacked-on-mobile\" style=\"grid-template-columns:25% auto\"><figure class=\"wp-block-media-text__media\"><a href=\"https:\/\/www.vallonchene.fr\/en\/product\/tetradium-daniellii\/\"><img decoding=\"async\" width=\"1024\" height=\"1024\" src=\"https:\/\/www.vallonchene.fr\/wp-content\/uploads\/2023\/10\/TETRADIUM-daniellii_04-1024x1024.webp\" alt=\"Flowers before hatching of TETRADIUM daniellii with green foliage\" class=\"wp-image-44560 size-medium\" srcset=\"https:\/\/www.vallonchene.fr\/wp-content\/uploads\/2023\/10\/TETRADIUM-daniellii_04-1024x1024.webp 1024w, https:\/\/www.vallonchene.fr\/wp-content\/uploads\/2023\/10\/TETRADIUM-daniellii_04-324x324.webp 324w, https:\/\/www.vallonchene.fr\/wp-content\/uploads\/2023\/10\/TETRADIUM-daniellii_04-100x100.webp 100w, https:\/\/www.vallonchene.fr\/wp-content\/uploads\/2023\/10\/TETRADIUM-daniellii_04-416x416.webp 416w, https:\/\/www.vallonchene.fr\/wp-content\/uploads\/2023\/10\/TETRADIUM-daniellii_04-64x64.webp 64w, https:\/\/www.vallonchene.fr\/wp-content\/uploads\/2023\/10\/TETRADIUM-daniellii_04-300x300.webp 300w, https:\/\/www.vallonchene.fr\/wp-content\/uploads\/2023\/10\/TETRADIUM-daniellii_04-150x150.webp 150w, https:\/\/www.vallonchene.fr\/wp-content\/uploads\/2023\/10\/TETRADIUM-daniellii_04-768x768.webp 768w, https:\/\/www.vallonchene.fr\/wp-content\/uploads\/2023\/10\/TETRADIUM-daniellii_04-32x32.webp 32w, https:\/\/www.vallonchene.fr\/wp-content\/uploads\/2023\/10\/TETRADIUM-daniellii_04.webp 1200w\" sizes=\"(max-width: 1024px) 100vw, 1024px\" \/><\/a><\/figure><div class=\"wp-block-media-text__content\">\n<h3 class=\"wp-block-heading has-normal-font-size\" id=\"h-tetradium-daniellii\"><a href=\"https:\/\/www.vallonchene.fr\/en\/product\/tetradium-daniellii\/\"><strong>TETRADIUM daniellii<\/strong><\/a><\/h3>\n\n\n\n<p class=\"has-small-font-size\">20 April 2023<\/p>\n\n\n\n<p>TETRADIUM daniellii (formerly EVODIA daniellii) also bears the name of bee-bee tree. Beekeepers appreciate it enormously since it represents an excellent source \u2026<br><strong><a href=\"https:\/\/www.vallonchene.fr\/en\/product\/tetradium-daniellii\/\">Read more<\/a><\/strong> (description section)<\/p>\n<\/div><\/div>\n<\/div>\n<\/div>\n\n\n\n<div class=\"wp-block-columns is-layout-flex wp-container-core-columns-is-layout-28f84493 wp-block-columns-is-layout-flex\">\n<div class=\"wp-block-column is-layout-flow wp-block-column-is-layout-flow\" style=\"flex-basis:100%\"><\/div>\n<\/div>\n\n\n\n<h2 class=\"wp-block-heading\" id=\"h-subscribe-to-our-free-newsletter\">Subscribe to our free newsletter!<\/h2>\n\n\n\n<p>Subscribe to our free newsletter and automatically receive our new publications on plants and gardening in general. If you no longer want it, you can unsubscribe with a simple click.<\/p>\n\n\n<div class='fluentform ff-default fluentform_wrapper_12 ffs_default_wrap'><form data-form_id=\"12\" id=\"fluentform_12\" class=\"frm-fluent-form fluent_form_12 ff-el-form-top ff_form_instance_12_1 ff-form-loading ffs_default\" data-form_instance=\"ff_form_instance_12_1\" method=\"POST\" ><fieldset  style=\"border: none!important;margin: 0!important;padding: 0!important;background-color: transparent!important;box-shadow: none!important;outline: none!important; min-inline-size: 100%;\">\n                    <legend class=\"ff_screen_reader_title\" style=\"display: block; margin: 0!important;padding: 0!important;height: 0!important;text-indent: -999999px;width: 0!important;overflow:hidden;\">Souscription G\u00e9n\u00e9rale EN sans OPT-IN<\/legend>        <div\n                style=\"display: none!important; position: absolute!important; transform: translateX(1000%)!important;\"\n                class=\"ff-el-group ff-hpsf-container\"\n        >\n            <div class=\"ff-el-input--label asterisk-right\">\n                <label for=\"ff_12_item_sf\" aria-label=\"Updates\">\n                    Updates                <\/label>\n            <\/div>\n            <div class=\"ff-el-input--content\">\n                <input type=\"text\"\n                       name=\"item_12__fluent_sf\"\n                       class=\"ff-el-form-control\"\n                       id=\"ff_12_item_sf\"\n                \/>\n            <\/div>\n        <\/div>\n        <input type='hidden' name='__fluent_form_embded_post_id' value='41083' \/><input type=\"hidden\" id=\"_fluentform_12_fluentformnonce\" name=\"_fluentform_12_fluentformnonce\" value=\"9c5b0e4023\" \/><input type=\"hidden\" name=\"_wp_http_referer\" value=\"\/en\/wp-json\/wp\/v2\/pages\/41083\" \/><div data-type=\"name-element\" data-name=\"names\" class=\" ff-field_container ff-name-field-wrapper\" ><div class='ff-t-container'><div class='ff-t-cell '><div class='ff-el-group'><div class=\"ff-el-input--label ff-el-is-required asterisk-right\"><label for='ff_12_names_first_name_' id='label_ff_12_names_first_name_' >First Name<\/label><\/div><div class='ff-el-input--content'><input type=\"text\" name=\"names[first_name]\" id=\"ff_12_names_first_name_\" class=\"ff-el-form-control\" placeholder=\"First Name\" aria-invalid=\"false\" aria-required=true><\/div><\/div><\/div><div class='ff-t-cell '><div class='ff-el-group'><div class=\"ff-el-input--label ff-el-is-required asterisk-right\"><label for='ff_12_names_last_name_' id='label_ff_12_names_last_name_' >Last Name<\/label><\/div><div class='ff-el-input--content'><input type=\"text\" name=\"names[last_name]\" id=\"ff_12_names_last_name_\" class=\"ff-el-form-control\" placeholder=\"Last Name\" aria-invalid=\"false\" aria-required=true><\/div><\/div><\/div><\/div><\/div><div class='ff-el-group'><div class=\"ff-el-input--label ff-el-is-required asterisk-right\"><label for='ff_12_email' id='label_ff_12_email' aria-label=\"Email\">Email<\/label><\/div><div class='ff-el-input--content'><input type=\"email\" name=\"email\" id=\"ff_12_email\" class=\"ff-el-form-control\" placeholder=\"Email Address\" data-name=\"email\"  aria-invalid=\"false\" aria-required=true><\/div><\/div><div class='ff-el-group    ff-el-input--content'><div class='ff-el-form-check ff-el-tc'><label aria-label='I consent to have this site store my submitted information, so they can respond to my enquiry.\nI can unsubscribe from this newsletter at any time by clicking on the link for this purpose at the bottom of each newsletter.' class='ff-el-form-check-label ff_tc_label' for=gdpr-agreement_e6a69f9771f3ac34acd18fc0f913a279><span class='ff_tc_checkbox'><input type=\"checkbox\" name=\"gdpr-agreement\" class=\"ff-el-form-check-input ff_gdpr_field\" data-name=\"gdpr-agreement\" id=\"gdpr-agreement_e6a69f9771f3ac34acd18fc0f913a279\"  value='on' aria-invalid='false' aria-required=true><\/span> <div class='ff_t_c'>I consent to have this site store my submitted information, so they can respond to my enquiry.\nI can unsubscribe from this newsletter at any time by clicking on the link for this purpose at the bottom of each newsletter.<\/div><\/label><\/div><\/div><div class='ff-el-group ff-text-left ff_submit_btn_wrapper'><button type=\"submit\" class=\"ff-btn ff-btn-submit ff-btn-md ff_btn_style\"  aria-label=\"Subscribe the free newsletter\">Subscribe the free newsletter<\/button><\/div>\t\t<div id=\"cf-turnstile-fluent-127615287\"\r\n\t\tclass=\"cf-turnstile\" \t\tdata-sitekey=\"0x4AAAAAAAEQmtNTo7HKVVoq\"\r\n\t\tdata-theme=\"light\"\r\n\t\tdata-language=\"auto\"\r\n\t\tdata-size=\"normal\"\r\n\t\tdata-retry=\"auto\" data-retry-interval=\"1000\"\r\n\t\tdata-refresh-expired=\"auto\"\r\n\t\tdata-refresh-timeout=\"auto\"\r\n\t\tdata-action=\"fluent-form-12\"\r\n\t\tdata-callback=\"turnstileFluentCallback\"\r\n\t\t\t\tdata-appearance=\"always\"><\/div>\r\n\t\t\t<script>document.addEventListener(\"DOMContentLoaded\", function() { setTimeout(function(){ var e=document.getElementById(\"cf-turnstile-fluent-127615287\"); if(e&&!e.innerHTML.trim()){turnstile.render(e, {sitekey:\"0x4AAAAAAAEQmtNTo7HKVVoq\"});} }, 200); });<\/script>\r\n\t\t\t<br class=\"cf-turnstile-br cf-turnstile-br-fluent-127615287\">\r\n\t\t\t\t<style>#cf-turnstile-fluent-127615287 { margin-left: -15px; }<\/style>\r\n\t\t<\/fieldset><\/form><div id='fluentform_12_errors' class='ff-errors-in-stack ff_form_instance_12_1 ff-form-loading_errors ff_form_instance_12_1_errors'><\/div><\/div>            <script type=\"text\/javascript\">\n                window.fluent_form_ff_form_instance_12_1 = {\"id\":\"12\",\"ajaxUrl\":\"https:\\\/\\\/www.vallonchene.fr\\\/wp-admin\\\/admin-ajax.php\",\"settings\":{\"layout\":{\"labelPlacement\":\"top\",\"helpMessagePlacement\":\"with_label\",\"errorMessagePlacement\":\"inline\"},\"restrictions\":{\"denyEmptySubmission\":{\"enabled\":false}}},\"form_instance\":\"ff_form_instance_12_1\",\"form_id_selector\":\"fluentform_12\",\"rules\":{\"names[first_name]\":{\"required\":{\"value\":true,\"message\":\"This field is required\"}},\"names[middle_name]\":{\"required\":{\"value\":false,\"message\":\"This field is required\"}},\"names[last_name]\":{\"required\":{\"value\":true,\"message\":\"This field is required\"}},\"email\":{\"required\":{\"value\":true,\"message\":\"This field is required\"},\"email\":{\"value\":true,\"message\":\"This field must contain a valid email\"}},\"gdpr-agreement\":{\"required\":{\"value\":true,\"message\":\"Ce champ est requis\"}}},\"debounce_time\":300};\n                            <\/script>\n            \n","protected":false},"excerpt":{"rendered":"<p>Vallonch\u00eane is a nursery committed to the preservation of species and the promotion of gardening in general. To this end, we regularly publish articles on interesting or unusual plants and any other subject that may be useful for passionate and motivated gardeners. Below are our most recent articles in reverse chronological order. For older articles, [&hellip;]<\/p>\n","protected":false},"author":1,"featured_media":0,"parent":0,"menu_order":0,"comment_status":"closed","ping_status":"closed","template":"","meta":{"footnotes":""},"class_list":["post-41083","page","type-page","status-publish","hentry"],"yoast_head":"<!-- This site is optimized with the Yoast SEO Premium plugin v27.5 (Yoast SEO v27.5) - https:\/\/yoast.com\/product\/yoast-seo-premium-wordpress\/ -->\n<title>Posts - Vallonch\u00eane<\/title>\n<meta name=\"robots\" content=\"index, follow, max-snippet:-1, max-image-preview:large, max-video-preview:-1\" \/>\n<link rel=\"canonical\" href=\"https:\/\/www.vallonchene.fr\/en\/posts\/\" \/>\n<meta property=\"og:locale\" content=\"en_US\" \/>\n<meta property=\"og:type\" content=\"article\" \/>\n<meta property=\"og:title\" content=\"Posts\" \/>\n<meta property=\"og:description\" content=\"Vallonch\u00eane is a nursery committed to the preservation of species and the promotion of gardening in general. To this end, we regularly publish articles on interesting or unusual plants and any other subject that may be useful for passionate and motivated gardeners. Below are our most recent articles in reverse chronological order. For older articles, [&hellip;]\" \/>\n<meta property=\"og:url\" content=\"https:\/\/www.vallonchene.fr\/en\/posts\/\" \/>\n<meta property=\"og:site_name\" content=\"Vallonch\u00eane\" \/>\n<meta property=\"article:publisher\" content=\"https:\/\/www.facebook.com\/vallonchene.fr\" \/>\n<meta property=\"article:modified_time\" content=\"2026-04-23T12:56:15+00:00\" \/>\n<meta property=\"og:image\" content=\"https:\/\/www.vallonchene.fr\/wp-content\/uploads\/2024\/04\/MAGNOLIA-Coral-Lake.webp\" \/>\n\t<meta property=\"og:image:width\" content=\"1024\" \/>\n\t<meta property=\"og:image:height\" content=\"1024\" \/>\n\t<meta property=\"og:image:type\" content=\"image\/webp\" \/>\n<meta name=\"twitter:card\" content=\"summary_large_image\" \/>\n<meta name=\"twitter:label1\" content=\"Est. reading time\" \/>\n\t<meta name=\"twitter:data1\" content=\"40 minutes\" \/>\n<script type=\"application\/ld+json\" class=\"yoast-schema-graph\">{\"@context\":\"https:\\\/\\\/schema.org\",\"@graph\":[{\"@type\":\"WebPage\",\"@id\":\"https:\\\/\\\/www.vallonchene.fr\\\/en\\\/posts\\\/\",\"url\":\"https:\\\/\\\/www.vallonchene.fr\\\/en\\\/posts\\\/\",\"name\":\"Posts - Vallonch\u00eane\",\"isPartOf\":{\"@id\":\"https:\\\/\\\/www.vallonchene.fr\\\/en\\\/#website\"},\"primaryImageOfPage\":{\"@id\":\"https:\\\/\\\/www.vallonchene.fr\\\/en\\\/posts\\\/#primaryimage\"},\"image\":{\"@id\":\"https:\\\/\\\/www.vallonchene.fr\\\/en\\\/posts\\\/#primaryimage\"},\"thumbnailUrl\":\"https:\\\/\\\/www.vallonchene.fr\\\/wp-content\\\/uploads\\\/2024\\\/04\\\/MAGNOLIA-Coral-Lake.webp\",\"datePublished\":\"2023-09-06T12:50:00+00:00\",\"dateModified\":\"2026-04-23T12:56:15+00:00\",\"breadcrumb\":{\"@id\":\"https:\\\/\\\/www.vallonchene.fr\\\/en\\\/posts\\\/#breadcrumb\"},\"inLanguage\":\"en-US\",\"potentialAction\":[{\"@type\":\"ReadAction\",\"target\":[\"https:\\\/\\\/www.vallonchene.fr\\\/en\\\/posts\\\/\"]}]},{\"@type\":\"ImageObject\",\"inLanguage\":\"en-US\",\"@id\":\"https:\\\/\\\/www.vallonchene.fr\\\/en\\\/posts\\\/#primaryimage\",\"url\":\"https:\\\/\\\/www.vallonchene.fr\\\/wp-content\\\/uploads\\\/2024\\\/04\\\/MAGNOLIA-Coral-Lake.webp\",\"contentUrl\":\"https:\\\/\\\/www.vallonchene.fr\\\/wp-content\\\/uploads\\\/2024\\\/04\\\/MAGNOLIA-Coral-Lake.webp\"},{\"@type\":\"BreadcrumbList\",\"@id\":\"https:\\\/\\\/www.vallonchene.fr\\\/en\\\/posts\\\/#breadcrumb\",\"itemListElement\":[{\"@type\":\"ListItem\",\"position\":1,\"name\":\"Home\",\"item\":\"https:\\\/\\\/www.vallonchene.fr\\\/en\\\/\"},{\"@type\":\"ListItem\",\"position\":2,\"name\":\"Posts\"}]},{\"@type\":\"WebSite\",\"@id\":\"https:\\\/\\\/www.vallonchene.fr\\\/en\\\/#website\",\"url\":\"https:\\\/\\\/www.vallonchene.fr\\\/en\\\/\",\"name\":\"Vallonch\u00eane\",\"description\":\"The nursery where quality has its roots \u2013 Call: +33 (0)2 35 90 02 02\",\"publisher\":{\"@id\":\"https:\\\/\\\/www.vallonchene.fr\\\/en\\\/#organization\"},\"potentialAction\":[{\"@type\":\"SearchAction\",\"target\":{\"@type\":\"EntryPoint\",\"urlTemplate\":\"https:\\\/\\\/www.vallonchene.fr\\\/en\\\/?s={search_term_string}\"},\"query-input\":{\"@type\":\"PropertyValueSpecification\",\"valueRequired\":true,\"valueName\":\"search_term_string\"}}],\"inLanguage\":\"en-US\"},{\"@type\":\"Organization\",\"@id\":\"https:\\\/\\\/www.vallonchene.fr\\\/en\\\/#organization\",\"name\":\"VALLONCHENE\",\"url\":\"https:\\\/\\\/www.vallonchene.fr\\\/en\\\/\",\"logo\":{\"@type\":\"ImageObject\",\"inLanguage\":\"en-US\",\"@id\":\"https:\\\/\\\/www.vallonchene.fr\\\/en\\\/#\\\/schema\\\/logo\\\/image\\\/\",\"url\":\"https:\\\/\\\/www.vallonchene.fr\\\/wp-content\\\/uploads\\\/2023\\\/03\\\/Logo-Vallonchene-site-et-R_hauteur_100.png\",\"contentUrl\":\"https:\\\/\\\/www.vallonchene.fr\\\/wp-content\\\/uploads\\\/2023\\\/03\\\/Logo-Vallonchene-site-et-R_hauteur_100.png\",\"width\":221,\"height\":100,\"caption\":\"VALLONCHENE\"},\"image\":{\"@id\":\"https:\\\/\\\/www.vallonchene.fr\\\/en\\\/#\\\/schema\\\/logo\\\/image\\\/\"},\"sameAs\":[\"https:\\\/\\\/www.facebook.com\\\/vallonchene.fr\",\"https:\\\/\\\/www.instagram.com\\\/vallonchene\\\/\",\"https:\\\/\\\/www.pinterest.fr\\\/vallonchene\\\/\"],\"taxID\":\"49454502300017\",\"hasMerchantReturnPolicy\":{\"@type\":\"MerchantReturnPolicy\",\"merchantReturnLink\":\"https:\\\/\\\/www.vallonchene.fr\\\/remboursements_retours\\\/\"}}]}<\/script>\n<!-- \/ Yoast SEO Premium plugin. -->","yoast_head_json":{"title":"Posts - Vallonch\u00eane","robots":{"index":"index","follow":"follow","max-snippet":"max-snippet:-1","max-image-preview":"max-image-preview:large","max-video-preview":"max-video-preview:-1"},"canonical":"https:\/\/www.vallonchene.fr\/en\/posts\/","og_locale":"en_US","og_type":"article","og_title":"Posts","og_description":"Vallonch\u00eane is a nursery committed to the preservation of species and the promotion of gardening in general. To this end, we regularly publish articles on interesting or unusual plants and any other subject that may be useful for passionate and motivated gardeners. Below are our most recent articles in reverse chronological order. For older articles, [&hellip;]","og_url":"https:\/\/www.vallonchene.fr\/en\/posts\/","og_site_name":"Vallonch\u00eane","article_publisher":"https:\/\/www.facebook.com\/vallonchene.fr","article_modified_time":"2026-04-23T12:56:15+00:00","og_image":[{"width":1024,"height":1024,"url":"https:\/\/www.vallonchene.fr\/wp-content\/uploads\/2024\/04\/MAGNOLIA-Coral-Lake.webp","type":"image\/webp"}],"twitter_card":"summary_large_image","twitter_misc":{"Est. reading time":"40 minutes"},"schema":{"@context":"https:\/\/schema.org","@graph":[{"@type":"WebPage","@id":"https:\/\/www.vallonchene.fr\/en\/posts\/","url":"https:\/\/www.vallonchene.fr\/en\/posts\/","name":"Posts - Vallonch\u00eane","isPartOf":{"@id":"https:\/\/www.vallonchene.fr\/en\/#website"},"primaryImageOfPage":{"@id":"https:\/\/www.vallonchene.fr\/en\/posts\/#primaryimage"},"image":{"@id":"https:\/\/www.vallonchene.fr\/en\/posts\/#primaryimage"},"thumbnailUrl":"https:\/\/www.vallonchene.fr\/wp-content\/uploads\/2024\/04\/MAGNOLIA-Coral-Lake.webp","datePublished":"2023-09-06T12:50:00+00:00","dateModified":"2026-04-23T12:56:15+00:00","breadcrumb":{"@id":"https:\/\/www.vallonchene.fr\/en\/posts\/#breadcrumb"},"inLanguage":"en-US","potentialAction":[{"@type":"ReadAction","target":["https:\/\/www.vallonchene.fr\/en\/posts\/"]}]},{"@type":"ImageObject","inLanguage":"en-US","@id":"https:\/\/www.vallonchene.fr\/en\/posts\/#primaryimage","url":"https:\/\/www.vallonchene.fr\/wp-content\/uploads\/2024\/04\/MAGNOLIA-Coral-Lake.webp","contentUrl":"https:\/\/www.vallonchene.fr\/wp-content\/uploads\/2024\/04\/MAGNOLIA-Coral-Lake.webp"},{"@type":"BreadcrumbList","@id":"https:\/\/www.vallonchene.fr\/en\/posts\/#breadcrumb","itemListElement":[{"@type":"ListItem","position":1,"name":"Home","item":"https:\/\/www.vallonchene.fr\/en\/"},{"@type":"ListItem","position":2,"name":"Posts"}]},{"@type":"WebSite","@id":"https:\/\/www.vallonchene.fr\/en\/#website","url":"https:\/\/www.vallonchene.fr\/en\/","name":"Vallonch\u00eane","description":"The nursery where quality has its roots \u2013 Call: +33 (0)2 35 90 02 02","publisher":{"@id":"https:\/\/www.vallonchene.fr\/en\/#organization"},"potentialAction":[{"@type":"SearchAction","target":{"@type":"EntryPoint","urlTemplate":"https:\/\/www.vallonchene.fr\/en\/?s={search_term_string}"},"query-input":{"@type":"PropertyValueSpecification","valueRequired":true,"valueName":"search_term_string"}}],"inLanguage":"en-US"},{"@type":"Organization","@id":"https:\/\/www.vallonchene.fr\/en\/#organization","name":"VALLONCHENE","url":"https:\/\/www.vallonchene.fr\/en\/","logo":{"@type":"ImageObject","inLanguage":"en-US","@id":"https:\/\/www.vallonchene.fr\/en\/#\/schema\/logo\/image\/","url":"https:\/\/www.vallonchene.fr\/wp-content\/uploads\/2023\/03\/Logo-Vallonchene-site-et-R_hauteur_100.png","contentUrl":"https:\/\/www.vallonchene.fr\/wp-content\/uploads\/2023\/03\/Logo-Vallonchene-site-et-R_hauteur_100.png","width":221,"height":100,"caption":"VALLONCHENE"},"image":{"@id":"https:\/\/www.vallonchene.fr\/en\/#\/schema\/logo\/image\/"},"sameAs":["https:\/\/www.facebook.com\/vallonchene.fr","https:\/\/www.instagram.com\/vallonchene\/","https:\/\/www.pinterest.fr\/vallonchene\/"],"taxID":"49454502300017","hasMerchantReturnPolicy":{"@type":"MerchantReturnPolicy","merchantReturnLink":"https:\/\/www.vallonchene.fr\/remboursements_retours\/"}}]}},"_links":{"self":[{"href":"https:\/\/www.vallonchene.fr\/en\/wp-json\/wp\/v2\/pages\/41083","targetHints":{"allow":["GET"]}}],"collection":[{"href":"https:\/\/www.vallonchene.fr\/en\/wp-json\/wp\/v2\/pages"}],"about":[{"href":"https:\/\/www.vallonchene.fr\/en\/wp-json\/wp\/v2\/types\/page"}],"author":[{"embeddable":true,"href":"https:\/\/www.vallonchene.fr\/en\/wp-json\/wp\/v2\/users\/1"}],"replies":[{"embeddable":true,"href":"https:\/\/www.vallonchene.fr\/en\/wp-json\/wp\/v2\/comments?post=41083"}],"version-history":[{"count":9,"href":"https:\/\/www.vallonchene.fr\/en\/wp-json\/wp\/v2\/pages\/41083\/revisions"}],"predecessor-version":[{"id":58633,"href":"https:\/\/www.vallonchene.fr\/en\/wp-json\/wp\/v2\/pages\/41083\/revisions\/58633"}],"wp:attachment":[{"href":"https:\/\/www.vallonchene.fr\/en\/wp-json\/wp\/v2\/media?parent=41083"}],"curies":[{"name":"wp","href":"https:\/\/api.w.org\/{rel}","templated":true}]}}