{"id":9996,"date":"2021-08-31T11:15:26","date_gmt":"2021-08-31T11:15:26","guid":{"rendered":"https:\/\/testing.vallonchene.fr\/produit\/magnolia-black-tulip\/"},"modified":"2026-03-08T14:58:15","modified_gmt":"2026-03-08T13:58:15","slug":"magnolia-black-tulip","status":"publish","type":"product","link":"https:\/\/www.vallonchene.fr\/de\/produkt\/magnolia-black-tulip\/","title":{"rendered":"MAGNOLIA &#8218;Black Tulip&#8216;"},"content":{"rendered":"<h2>Die Pflanze<\/h2>\n<p><strong>MAGNOLIA &#8218;Black Tulip&#8216;<\/strong> entwickelt eine F\u00fclle <strong>gro\u00dfer, gef\u00fcllter, tief rosa Bl\u00fcten<\/strong>. Diese <strong>sommergr\u00fcne Magnolie<\/strong> z\u00e4hlt jedoch zu den kleineren Magnolien. Sie ist fast strauchartig. Die im <strong><a href=\"https:\/\/jardin.vallonchene.fr\" target=\"_blank\" rel=\"noopener\">Jardin de Vallonch\u00eane<\/a><\/strong> \u00fcberschreitet nach rund zwanzig Jahren nicht mehr als 4 Meter.<br \/>\nDie <strong>von der Form her recht einzigartigen Bl\u00fcten<\/strong> (siehe Foto) erscheinen im Fr\u00fchling auf nacktem Holz. Allerdings bietet diese wundersch\u00f6ne Magnolie manchmal am Ende des Sommers eine zweite Bl\u00fcte. Die Farbintensit\u00e4t kann je nach Temperatur variieren.<br \/>\nIm Herbst nehmen die gr\u00fcnen Bl\u00e4tter dann eine <strong>sch\u00f6ne, ziemlich intensive gelbe Farbe<\/strong> an und erhellen so den Garten wieder. Alles in allem ist diese Pflanze \u00fcber viele Monate hin interessant.<\/p>\n<p><strong><a href=\"https:\/\/www.vallonchene.fr\/de\/?s=magnolia&amp;post_type=product&amp;dgwt_wcas=1&amp;lang=de&amp;filter_stock_status=instock\">Um alle zur Zeit verf\u00fcgbaren MAGNOLIEN anzuzeigen, klicken Sie bitte hier.<\/a><\/strong><\/p>\n<h2>Wie man MAGNOLIA &#8218;Black Tulip&#8216; pflanzt und pflegt<\/h2>\n<h3>Pflanzung<\/h3>\n<ol>\n<li>Pflanzen Sie sie dort, wo sie den <strong>ganzen Tag volle Sonne<\/strong> hat. Im Halbschatten entwickelt sie weniger Bl\u00fcten.<\/li>\n<li>Dies kann in einem <strong>Beet oder isoliert<\/strong> sein.<\/li>\n<li>Der Boden kann <strong>feucht oder m\u00e4\u00dfig feucht<\/strong> sein, mit <strong>leichter oder normaler Erde<\/strong> und einem <strong>sauren oder neutralen pH-Wert<\/strong>.<\/li>\n<\/ol>\n<p>F\u00fcr eine gute Vorbereitung des Topfes oder des Pflanzlochs haben wir <a href=\"https:\/\/www.vallonchene.fr\/de\/wie-man-pflanzen-pflanzt-und-pflegt\/\" target=\"_blank\" rel=\"noreferrer noopener\"><strong>hier eine spezielle Anleitung zusammengestellt<\/strong><\/a>. Entdecken Sie hier, <a href=\"https:\/\/www.vallonchene.fr\/de\/den-garten-richtig-bewaessern-und-wasser-sparen\/\"><strong>wie man den Garten richtig bew\u00e4ssert und gleichzeitig Wasser spart<\/strong><\/a>.<\/p>\n<h3>Pflege<\/h3>\n<p>Diese Magnolie bedarf im Allgemeinen keiner besonderen Pflege.<br \/>\n<strong>Schneiden Sie sie bei Bedarf im August zur\u00fcck<\/strong> und tragen Sie einen Balsam auf die trockenen Wunden auf, damit diese sich schneller schlie\u00dfen.<br \/>\nWenn die Pflanze jung ist, <strong>entfernen Sie verbl\u00fchte Bl\u00fcten so schnell wie m\u00f6glich<\/strong>, um die Fruchtbildung zu verhindern. Die Fr\u00fcchte sind uninteressant und ersch\u00f6pfen die Pflanze.<\/p>\n<h2>Geschichte und Herkunft<\/h2>\n<p>MAGNOLIA ist eine sehr alte Gattung. Sie erschien vor dem der Bienen. Es wurden Fossilien von M. acuminata entdeckt, die 20 Millionen Jahre alt sind.<\/p>\n<p>Der Name MAGNOLIA taucht erstmals 1703 in einer Schrift des franz\u00f6sischen Botanikers <strong><a href=\"https:\/\/de.wikipedia.org\/wiki\/Charles_Plumier\" target=\"_blank\" rel=\"noopener\">Charles Plumier<\/a><\/strong> auf. Er leitete ihn vom Namen des franz\u00f6sischen Botanikers <strong><a href=\"https:\/\/de.wikipedia.org\/wiki\/Pierre_Magnol\" target=\"_blank\" rel=\"noopener\">Pierre Magnol<\/a><\/strong> ab.<\/p>\n<p>Ende des 18. Jahrhunderts begannen Botaniker und Pflanzenj\u00e4ger, die den asiatischen Kontinent erkundeten, mit der Beschreibung asiatischer Magnolien.<\/p>\n<p>Die <strong><a href=\"https:\/\/de.wikipedia.org\/wiki\/Bournemouth_University\" target=\"_blank\" rel=\"noopener\">Universit\u00e4t Bournemouth<\/a><\/strong> berichtete am 4. April 2007, dass die Rote Liste der Magnoliaceae 132 Arten umfasst. Die gr\u00f6\u00dfte Bedrohung ist die Zerst\u00f6rung des nat\u00fcrlichen Lebensraums durch die Landwirtschaft.<\/p>\n<p>MAGNOLIEN wie die MAGNOLIA &#8218;Black Tulip&#8216; werden vor allem wegen ihrer pr\u00e4chtigen Bl\u00fcten gepflanzt. Allerdings wird die Art MAGNOLIA officinalis in der traditionellen chinesischen Medizin verwendet und das Holz von MAGNOLIA obovata wird in Japan zur Herstellung von Schwertgriffen verwendet.<\/p>\n","protected":false},"excerpt":{"rendered":"<p>Diese <strong>Magnolie<\/strong> bl\u00fcht, bevor die Bl\u00e4tter erscheinen. Die <strong>MAGNOLIA &#8218;Black Tulip&#8216;<\/strong> bedeckt sich im Fr\u00fchling ausgiebig mit tiefrosa, gef\u00fcllten Bl\u00fcten. Es handelt sich um eine absolut winterharte Pflanze.<\/p>\n","protected":false},"featured_media":46258,"comment_status":"open","ping_status":"closed","template":"","meta":[],"product_brand":[],"product_cat":[225,252],"product_tag":[11405],"class_list":{"0":"post-9996","1":"product","2":"type-product","3":"status-publish","4":"has-post-thumbnail","6":"product_cat-online-verkauf-de","7":"product_cat-straucher-und-baume-de","8":"product_tag-magnolia-de","9":"pa_99-hauteurapproximativeapres1-2_3m-de","10":"pa_couleurdesfleurs-rosa-de","11":"pa_couleurdufeuillage-grun-de","12":"pa_exigencesenhumidite-feucht-de","13":"pa_exigencesenhumidite-normal-de","14":"pa_expositionspossibles-sonnigvon12bis17uhr-de","15":"pa_hauteurlivree-100-bis-125-cm","16":"pa_hauteurlivree-125-bis-150-cm","17":"pa_hauteurlivree-15-bis-20-cm","18":"pa_hauteurlivree-150-bis-175-cm","19":"pa_hauteurlivree-175-bis-200-cm","20":"pa_hauteurlivree-20-bis-30-cm","21":"pa_hauteurlivree-200-bis-250-cm","22":"pa_hauteurlivree-25-bis-30-cm","23":"pa_hauteurlivree-30-bis-40-cm","24":"pa_hauteurlivree-40-bis-50-cm","25":"pa_hauteurlivree-40-bis-60-cm","26":"pa_hauteurlivree-50-bis-60-cm","27":"pa_hauteurlivree-60-bis-80-cm","28":"pa_hauteurlivree-70-bis-80-cm","29":"pa_hauteurlivree-80-bis-100-cm","30":"pa_interetauprintemps-bluten-de","31":"pa_interetauprintemps-laub-de","32":"pa_interetenautomne-laub-de","33":"pa_interetenete-laub-de","34":"pa_naturedufeuillage-nichtimmergrun-de","35":"pa_naturesdesolpossibles-leicht-de","36":"pa_naturesdesolpossibles-normal-de","37":"pa_periodedefloraison-fruhling-de","38":"pa_periodedetaille-aug-de","39":"pa_phdusolacceptable-neutralzw65u75-de","40":"pa_phdusolacceptable-sauerwenigerals65-de","41":"pa_portgraphisme-rund-de","42":"pa_resistanceaufroidrusticite-frostbestandigunter_20c-de","43":"pa_tailledepot-10liter_topf-de","44":"pa_tailledepot-12liter_topf-de","45":"pa_tailledepot-15liter_topf-de","46":"pa_tailledepot-2liter_topf-de","47":"pa_tailledepot-20liter_topf-de","48":"pa_tailledepot-3liter_topf-de","49":"pa_tailledepot-30liter_topf-de","50":"pa_tailledepot-4liter_topf-de","51":"pa_tailledepot-40liter_topf-de","52":"pa_tailledepot-45liter_topf-de","53":"pa_tailledepot-5liter_topf-de","54":"pa_tailledepot-7_cm_topf-de","55":"pa_tailledepot-75liter_topf-de","56":"pa_tailledepot-ballen-de","57":"pa_utilisationpossible-alleinstehend-de","58":"pa_utilisationpossible-beet-de","60":"first","61":"instock","62":"taxable","63":"shipping-taxable","64":"purchasable","65":"product-type-variable","66":"has-default-attributes"},"supplier_id":null,"supplier_sku":"","barcode":null,"atum_controlled":true,"out_stock_date":null,"out_stock_threshold":null,"inheritable":true,"inbound_stock":0,"stock_on_hold":0,"sold_today":0,"sales_last_days":0,"reserved_stock":0,"customer_returns":0,"warehouse_damage":0,"lost_in_post":0,"other_logs":0,"out_stock_days":null,"lost_sales":0,"has_location":false,"update_date":"2026-03-11T15:08:13","atum_locations":[],"atum_stock_status":"instock","restock_status":false,"low_stock_amount":"","sales_update_date":"2026-03-08T13:57:53","calc_backorders":null,"yoast_head":"<!-- This site is optimized with the Yoast SEO Premium plugin v27.5 (Yoast SEO v27.5) - https:\/\/yoast.com\/product\/yoast-seo-premium-wordpress\/ -->\n<title>MAGNOLIA &#039;Black Tulip&#039; - Magnolie<\/title>\n<meta name=\"description\" content=\"Diese Magnolie bl\u00fcht, bevor die Bl\u00e4tter erscheinen. Die\u00a0MAGNOLIA &#039;Black Tulip&#039; bedeckt sich im Fr\u00fchling ausgiebig mit tiefrosa, gef\u00fcllten Bl\u00fcten.\" \/>\n<meta name=\"robots\" content=\"index, follow, max-snippet:-1, max-image-preview:large, max-video-preview:-1\" \/>\n<link rel=\"canonical\" href=\"https:\/\/www.vallonchene.fr\/de\/produkt\/magnolia-black-tulip\/\" \/>\n<meta property=\"og:locale\" content=\"de_DE\" \/>\n<meta property=\"og:type\" content=\"article\" \/>\n<meta property=\"og:title\" content=\"MAGNOLIA &#039;Black Tulip&#039;\" \/>\n<meta property=\"og:description\" content=\"Diese Magnolie bl\u00fcht, bevor die Bl\u00e4tter erscheinen. Die\u00a0MAGNOLIA &#039;Black Tulip&#039; bedeckt sich im Fr\u00fchling ausgiebig mit tiefrosa, gef\u00fcllten Bl\u00fcten.\" \/>\n<meta property=\"og:url\" content=\"https:\/\/www.vallonchene.fr\/de\/produkt\/magnolia-black-tulip\/\" \/>\n<meta property=\"og:site_name\" content=\"Vallonch\u00eane\" \/>\n<meta property=\"article:publisher\" content=\"https:\/\/www.facebook.com\/vallonchene.fr\" \/>\n<meta property=\"article:modified_time\" content=\"2026-03-08T13:58:15+00:00\" \/>\n<meta name=\"twitter:card\" content=\"summary_large_image\" \/>\n<meta name=\"twitter:label1\" content=\"Verf\u00fcgbarkeit\" \/>\n\t<meta name=\"twitter:data1\" content=\"Vorr\u00e4tig\" \/>\n<script type=\"application\/ld+json\" class=\"yoast-schema-graph\">{\"@context\":\"https:\\\/\\\/schema.org\",\"@graph\":[{\"@type\":\"WebPage\",\"@id\":\"https:\\\/\\\/www.vallonchene.fr\\\/de\\\/produkt\\\/magnolia-black-tulip\\\/\",\"url\":\"https:\\\/\\\/www.vallonchene.fr\\\/de\\\/produkt\\\/magnolia-black-tulip\\\/\",\"name\":\"MAGNOLIA 'Black Tulip' - Magnolie\",\"isPartOf\":{\"@id\":\"https:\\\/\\\/www.vallonchene.fr\\\/de\\\/#website\"},\"primaryImageOfPage\":{\"@id\":\"https:\\\/\\\/www.vallonchene.fr\\\/de\\\/produkt\\\/magnolia-black-tulip\\\/#primaryimage\"},\"image\":{\"@id\":\"https:\\\/\\\/www.vallonchene.fr\\\/de\\\/produkt\\\/magnolia-black-tulip\\\/#primaryimage\"},\"thumbnailUrl\":\"https:\\\/\\\/www.vallonchene.fr\\\/wp-content\\\/uploads\\\/2024\\\/04\\\/MAGNOLIA-Black-Tulip-1.avif\",\"datePublished\":\"2021-08-31T11:15:26+00:00\",\"dateModified\":\"2026-03-08T13:58:15+00:00\",\"description\":\"Diese Magnolie bl\u00fcht, bevor die Bl\u00e4tter erscheinen. Die\u00a0MAGNOLIA 'Black Tulip' bedeckt sich im Fr\u00fchling ausgiebig mit tiefrosa, gef\u00fcllten Bl\u00fcten.\",\"breadcrumb\":{\"@id\":\"https:\\\/\\\/www.vallonchene.fr\\\/de\\\/produkt\\\/magnolia-black-tulip\\\/#breadcrumb\"},\"inLanguage\":\"de\",\"potentialAction\":[{\"@type\":\"ReadAction\",\"target\":[\"https:\\\/\\\/www.vallonchene.fr\\\/de\\\/produkt\\\/magnolia-black-tulip\\\/\"]}]},{\"@type\":\"ImageObject\",\"inLanguage\":\"de\",\"@id\":\"https:\\\/\\\/www.vallonchene.fr\\\/de\\\/produkt\\\/magnolia-black-tulip\\\/#primaryimage\",\"url\":\"https:\\\/\\\/www.vallonchene.fr\\\/wp-content\\\/uploads\\\/2024\\\/04\\\/MAGNOLIA-Black-Tulip-1.avif\",\"contentUrl\":\"https:\\\/\\\/www.vallonchene.fr\\\/wp-content\\\/uploads\\\/2024\\\/04\\\/MAGNOLIA-Black-Tulip-1.avif\",\"width\":1024,\"height\":1024,\"caption\":\"Nahaufnahme der ge\u00f6ffneten Bl\u00fcte einer vollst\u00e4ndig ge\u00f6ffneten MAGNOLIA 'Black Tulip'\"},{\"@type\":\"BreadcrumbList\",\"@id\":\"https:\\\/\\\/www.vallonchene.fr\\\/de\\\/produkt\\\/magnolia-black-tulip\\\/#breadcrumb\",\"itemListElement\":[{\"@type\":\"ListItem\",\"position\":1,\"name\":\"Home\",\"item\":\"https:\\\/\\\/www.vallonchene.fr\\\/de\\\/\"},{\"@type\":\"ListItem\",\"position\":2,\"name\":\"Shop\",\"item\":\"https:\\\/\\\/www.vallonchene.fr\\\/de\\\/shop\\\/\"},{\"@type\":\"ListItem\",\"position\":3,\"name\":\"Online-Verkauf\",\"item\":\"https:\\\/\\\/www.vallonchene.fr\\\/de\\\/produkt-kategorie\\\/online-verkauf-de\\\/\"},{\"@type\":\"ListItem\",\"position\":4,\"name\":\"Baumschule\",\"item\":\"https:\\\/\\\/www.vallonchene.fr\\\/de\\\/produkt-kategorie\\\/online-verkauf-de\\\/baumschule-gaertnerei-de\\\/\"},{\"@type\":\"ListItem\",\"position\":5,\"name\":\"Str\u00e4ucher und B\u00e4ume\",\"item\":\"https:\\\/\\\/www.vallonchene.fr\\\/de\\\/produkt-kategorie\\\/online-verkauf-de\\\/baumschule-gaertnerei-de\\\/straucher-und-baume-de\\\/\"},{\"@type\":\"ListItem\",\"position\":6,\"name\":\"MAGNOLIA &lsquo;Black Tulip&rsquo;\"}]},{\"@type\":\"WebSite\",\"@id\":\"https:\\\/\\\/www.vallonchene.fr\\\/de\\\/#website\",\"url\":\"https:\\\/\\\/www.vallonchene.fr\\\/de\\\/\",\"name\":\"Vallonch\u00eane\",\"description\":\"Die Baumschule, bei der Qualit\u00e4t ihre Wurzeln hat \u2013 Tel.: +49 (0)6838-5399840\",\"publisher\":{\"@id\":\"https:\\\/\\\/www.vallonchene.fr\\\/de\\\/#organization\"},\"potentialAction\":[{\"@type\":\"SearchAction\",\"target\":{\"@type\":\"EntryPoint\",\"urlTemplate\":\"https:\\\/\\\/www.vallonchene.fr\\\/de\\\/?s={search_term_string}\"},\"query-input\":{\"@type\":\"PropertyValueSpecification\",\"valueRequired\":true,\"valueName\":\"search_term_string\"}}],\"inLanguage\":\"de\"},{\"@type\":\"Organization\",\"@id\":\"https:\\\/\\\/www.vallonchene.fr\\\/de\\\/#organization\",\"name\":\"VALLONCHENE\",\"url\":\"https:\\\/\\\/www.vallonchene.fr\\\/de\\\/\",\"logo\":{\"@type\":\"ImageObject\",\"inLanguage\":\"de\",\"@id\":\"https:\\\/\\\/www.vallonchene.fr\\\/de\\\/#\\\/schema\\\/logo\\\/image\\\/\",\"url\":\"https:\\\/\\\/www.vallonchene.fr\\\/wp-content\\\/uploads\\\/2023\\\/03\\\/Logo-Vallonchene-site-et-R_hauteur_100.png\",\"contentUrl\":\"https:\\\/\\\/www.vallonchene.fr\\\/wp-content\\\/uploads\\\/2023\\\/03\\\/Logo-Vallonchene-site-et-R_hauteur_100.png\",\"width\":221,\"height\":100,\"caption\":\"VALLONCHENE\"},\"image\":{\"@id\":\"https:\\\/\\\/www.vallonchene.fr\\\/de\\\/#\\\/schema\\\/logo\\\/image\\\/\"},\"sameAs\":[\"https:\\\/\\\/www.facebook.com\\\/vallonchene.fr\",\"https:\\\/\\\/www.instagram.com\\\/vallonchene\\\/\",\"https:\\\/\\\/www.pinterest.fr\\\/vallonchene\\\/\"],\"taxID\":\"49454502300017\",\"hasMerchantReturnPolicy\":{\"@type\":\"MerchantReturnPolicy\",\"merchantReturnLink\":\"https:\\\/\\\/www.vallonchene.fr\\\/remboursements_retours\\\/\"}}]}<\/script>\n<meta property=\"og:availability\" content=\"instock\" \/>\n<meta property=\"product:availability\" content=\"instock\" \/>\n<meta property=\"product:condition\" content=\"new\" \/>\n<!-- \/ Yoast SEO Premium plugin. -->","yoast_head_json":{"title":"MAGNOLIA 'Black Tulip' - Magnolie","description":"Diese Magnolie bl\u00fcht, bevor die Bl\u00e4tter erscheinen. Die\u00a0MAGNOLIA 'Black Tulip' bedeckt sich im Fr\u00fchling ausgiebig mit tiefrosa, gef\u00fcllten Bl\u00fcten.","robots":{"index":"index","follow":"follow","max-snippet":"max-snippet:-1","max-image-preview":"max-image-preview:large","max-video-preview":"max-video-preview:-1"},"canonical":"https:\/\/www.vallonchene.fr\/de\/produkt\/magnolia-black-tulip\/","og_locale":"de_DE","og_type":"article","og_title":"MAGNOLIA 'Black Tulip'","og_description":"Diese Magnolie bl\u00fcht, bevor die Bl\u00e4tter erscheinen. Die\u00a0MAGNOLIA 'Black Tulip' bedeckt sich im Fr\u00fchling ausgiebig mit tiefrosa, gef\u00fcllten Bl\u00fcten.","og_url":"https:\/\/www.vallonchene.fr\/de\/produkt\/magnolia-black-tulip\/","og_site_name":"Vallonch\u00eane","article_publisher":"https:\/\/www.facebook.com\/vallonchene.fr","article_modified_time":"2026-03-08T13:58:15+00:00","twitter_card":"summary_large_image","twitter_misc":{"Verf\u00fcgbarkeit":"Vorr\u00e4tig"},"schema":{"@context":"https:\/\/schema.org","@graph":[{"@type":"WebPage","@id":"https:\/\/www.vallonchene.fr\/de\/produkt\/magnolia-black-tulip\/","url":"https:\/\/www.vallonchene.fr\/de\/produkt\/magnolia-black-tulip\/","name":"MAGNOLIA 'Black Tulip' - Magnolie","isPartOf":{"@id":"https:\/\/www.vallonchene.fr\/de\/#website"},"primaryImageOfPage":{"@id":"https:\/\/www.vallonchene.fr\/de\/produkt\/magnolia-black-tulip\/#primaryimage"},"image":{"@id":"https:\/\/www.vallonchene.fr\/de\/produkt\/magnolia-black-tulip\/#primaryimage"},"thumbnailUrl":"https:\/\/www.vallonchene.fr\/wp-content\/uploads\/2024\/04\/MAGNOLIA-Black-Tulip-1.avif","datePublished":"2021-08-31T11:15:26+00:00","dateModified":"2026-03-08T13:58:15+00:00","description":"Diese Magnolie bl\u00fcht, bevor die Bl\u00e4tter erscheinen. Die\u00a0MAGNOLIA 'Black Tulip' bedeckt sich im Fr\u00fchling ausgiebig mit tiefrosa, gef\u00fcllten Bl\u00fcten.","breadcrumb":{"@id":"https:\/\/www.vallonchene.fr\/de\/produkt\/magnolia-black-tulip\/#breadcrumb"},"inLanguage":"de","potentialAction":[{"@type":"ReadAction","target":["https:\/\/www.vallonchene.fr\/de\/produkt\/magnolia-black-tulip\/"]}]},{"@type":"ImageObject","inLanguage":"de","@id":"https:\/\/www.vallonchene.fr\/de\/produkt\/magnolia-black-tulip\/#primaryimage","url":"https:\/\/www.vallonchene.fr\/wp-content\/uploads\/2024\/04\/MAGNOLIA-Black-Tulip-1.avif","contentUrl":"https:\/\/www.vallonchene.fr\/wp-content\/uploads\/2024\/04\/MAGNOLIA-Black-Tulip-1.avif","width":1024,"height":1024,"caption":"Nahaufnahme der ge\u00f6ffneten Bl\u00fcte einer vollst\u00e4ndig ge\u00f6ffneten MAGNOLIA 'Black Tulip'"},{"@type":"BreadcrumbList","@id":"https:\/\/www.vallonchene.fr\/de\/produkt\/magnolia-black-tulip\/#breadcrumb","itemListElement":[{"@type":"ListItem","position":1,"name":"Home","item":"https:\/\/www.vallonchene.fr\/de\/"},{"@type":"ListItem","position":2,"name":"Shop","item":"https:\/\/www.vallonchene.fr\/de\/shop\/"},{"@type":"ListItem","position":3,"name":"Online-Verkauf","item":"https:\/\/www.vallonchene.fr\/de\/produkt-kategorie\/online-verkauf-de\/"},{"@type":"ListItem","position":4,"name":"Baumschule","item":"https:\/\/www.vallonchene.fr\/de\/produkt-kategorie\/online-verkauf-de\/baumschule-gaertnerei-de\/"},{"@type":"ListItem","position":5,"name":"Str\u00e4ucher und B\u00e4ume","item":"https:\/\/www.vallonchene.fr\/de\/produkt-kategorie\/online-verkauf-de\/baumschule-gaertnerei-de\/straucher-und-baume-de\/"},{"@type":"ListItem","position":6,"name":"MAGNOLIA &lsquo;Black Tulip&rsquo;"}]},{"@type":"WebSite","@id":"https:\/\/www.vallonchene.fr\/de\/#website","url":"https:\/\/www.vallonchene.fr\/de\/","name":"Vallonch\u00eane","description":"Die Baumschule, bei der Qualit\u00e4t ihre Wurzeln hat \u2013 Tel.: +49 (0)6838-5399840","publisher":{"@id":"https:\/\/www.vallonchene.fr\/de\/#organization"},"potentialAction":[{"@type":"SearchAction","target":{"@type":"EntryPoint","urlTemplate":"https:\/\/www.vallonchene.fr\/de\/?s={search_term_string}"},"query-input":{"@type":"PropertyValueSpecification","valueRequired":true,"valueName":"search_term_string"}}],"inLanguage":"de"},{"@type":"Organization","@id":"https:\/\/www.vallonchene.fr\/de\/#organization","name":"VALLONCHENE","url":"https:\/\/www.vallonchene.fr\/de\/","logo":{"@type":"ImageObject","inLanguage":"de","@id":"https:\/\/www.vallonchene.fr\/de\/#\/schema\/logo\/image\/","url":"https:\/\/www.vallonchene.fr\/wp-content\/uploads\/2023\/03\/Logo-Vallonchene-site-et-R_hauteur_100.png","contentUrl":"https:\/\/www.vallonchene.fr\/wp-content\/uploads\/2023\/03\/Logo-Vallonchene-site-et-R_hauteur_100.png","width":221,"height":100,"caption":"VALLONCHENE"},"image":{"@id":"https:\/\/www.vallonchene.fr\/de\/#\/schema\/logo\/image\/"},"sameAs":["https:\/\/www.facebook.com\/vallonchene.fr","https:\/\/www.instagram.com\/vallonchene\/","https:\/\/www.pinterest.fr\/vallonchene\/"],"taxID":"49454502300017","hasMerchantReturnPolicy":{"@type":"MerchantReturnPolicy","merchantReturnLink":"https:\/\/www.vallonchene.fr\/remboursements_retours\/"}}]},"og_availability":"instock","product_availability":"instock","product_condition":"new"},"_links":{"self":[{"href":"https:\/\/www.vallonchene.fr\/de\/wp-json\/wp\/v2\/product\/9996","targetHints":{"allow":["GET"]}}],"collection":[{"href":"https:\/\/www.vallonchene.fr\/de\/wp-json\/wp\/v2\/product"}],"about":[{"href":"https:\/\/www.vallonchene.fr\/de\/wp-json\/wp\/v2\/types\/product"}],"replies":[{"embeddable":true,"href":"https:\/\/www.vallonchene.fr\/de\/wp-json\/wp\/v2\/comments?post=9996"}],"wp:featuredmedia":[{"embeddable":true,"href":"https:\/\/www.vallonchene.fr\/de\/wp-json\/wp\/v2\/media\/46258"}],"wp:attachment":[{"href":"https:\/\/www.vallonchene.fr\/de\/wp-json\/wp\/v2\/media?parent=9996"}],"wp:term":[{"taxonomy":"product_brand","embeddable":true,"href":"https:\/\/www.vallonchene.fr\/de\/wp-json\/wp\/v2\/product_brand?post=9996"},{"taxonomy":"product_cat","embeddable":true,"href":"https:\/\/www.vallonchene.fr\/de\/wp-json\/wp\/v2\/product_cat?post=9996"},{"taxonomy":"product_tag","embeddable":true,"href":"https:\/\/www.vallonchene.fr\/de\/wp-json\/wp\/v2\/product_tag?post=9996"}],"curies":[{"name":"wp","href":"https:\/\/api.w.org\/{rel}","templated":true}]}}