{"id":9539,"date":"2021-08-31T11:37:37","date_gmt":"2021-08-31T09:37:37","guid":{"rendered":"https:\/\/testing.vallonchene.fr\/produit\/sequoiadendron-giganteum-glaucum\/"},"modified":"2023-05-12T13:14:53","modified_gmt":"2023-05-12T13:14:53","slug":"sequoiadendron-giganteum-glaucum","status":"publish","type":"product","link":"https:\/\/www.vallonchene.fr\/de\/produkt\/sequoiadendron-giganteum-glaucum\/","title":{"rendered":"SEQUOIADENDRON giganteum &#8218;Glaucum&#8216; (blaubl\u00e4ttriger Riesenmammutbaum)"},"content":{"rendered":"<p>Dieser <strong>Riesenmammutbaum<\/strong> ist die blaulaubige Variante der Typusart.\u00a0<strong>SEQUOIADENDRON giganteum &#8218;Glaucum&#8216;<\/strong> w\u00e4chst langsamer als diese. Wie alle Riesenmammutb\u00e4ume hat er ein hervorragendes Wurzelsystem, das es leicht macht, St\u00fcrmen standzuhalten. Diese Konifere w\u00e4chst die ersten 20 Jahre in konischer Form und entwickelt sich dann zu einer S\u00e4ule. Trotz des Zusatzes \u201eRiesen\u201c im Namen nimmt sie im Garten nicht viel Platz ein und kann auch in mittelgro\u00dfen G\u00e4rten gepflanzt werden.<\/p>\n","protected":false},"excerpt":{"rendered":"<p>Dieser <strong>Riesenmammutbaum<\/strong> hat bl\u00e4uliches Laub. Le\u00a0<strong>SEQUOIADENDRON giganteum &#8218;Glaucum&#8216;<\/strong> w\u00e4chst nur langsam. Er hat eine ausgezeichnete Verwurzelung und h\u00e4lt St\u00fcrme leicht stand.<\/p>\n","protected":false},"featured_media":9528,"comment_status":"open","ping_status":"closed","template":"","meta":[],"product_brand":[],"product_cat":[255],"product_tag":[12120,12119],"class_list":{"0":"post-9539","1":"product","2":"type-product","3":"status-publish","4":"has-post-thumbnail","6":"product_cat-koniferen-de","7":"product_tag-sequoiadendron-de","8":"product_tag-sequoiadendron-giganteum-de","9":"pa_99-hauteurapproximativeapres1-3_5m-de","10":"pa_couleurdufeuillage-blau-de","11":"pa_exigencesenhumidite-feucht-de","12":"pa_exigencesenhumidite-normal-de","13":"pa_exigencesenhumidite-sehrfeucht-de","14":"pa_exigencesenhumidite-trocken-de","15":"pa_expositionspossibles-ce-halbschattigsonnezw12und17-de","16":"pa_expositionspossibles-sonnigvon12bis17uhr-de","17":"pa_hauteurlivree-100-bis-125-cm","18":"pa_hauteurlivree-125-bis-150-cm","19":"pa_hauteurlivree-150-bis-175-cm","20":"pa_hauteurlivree-175-bis-200-cm","21":"pa_hauteurlivree-25-bis-30-cm","22":"pa_hauteurlivree-30-bis-40-cm","23":"pa_hauteurlivree-300-bis-350-cm","24":"pa_hauteurlivree-40-bis-50-cm","25":"pa_hauteurlivree-40-bis-60-cm","26":"pa_hauteurlivree-50-bis-60-cm","27":"pa_hauteurlivree-60-bis-80-cm","28":"pa_hauteurlivree-70-bis-80-cm","29":"pa_hauteurlivree-80-bis-100-cm","30":"pa_interetauprintemps-form-de","31":"pa_interetauprintemps-laub-de","32":"pa_interetenautomne-form-de","33":"pa_interetenautomne-laub-de","34":"pa_interetenete-form-de","35":"pa_interetenete-laub-de","36":"pa_interetenhiver-form-de","37":"pa_interetenhiver-laub-de","38":"pa_naturedufeuillage-immergrun-de","39":"pa_naturesdesolpossibles-leicht-de","40":"pa_naturesdesolpossibles-normal-de","41":"pa_naturesdesolpossibles-schwer-de","42":"pa_naturesdesolpossibles-sehrschwer-de","43":"pa_particularites-form-de","44":"pa_periodedetaille-febr-de","45":"pa_periodedetaille-marz-de","46":"pa_phdusolacceptable-kalkigmehrals75-de","47":"pa_phdusolacceptable-neutralzw65u75-de","48":"pa_phdusolacceptable-sauerwenigerals65-de","49":"pa_portgraphisme-kolonnenformig-de","50":"pa_portgraphisme-konisch-de","51":"pa_resistanceaufroidrusticite-frostbestandigunter_20c-de","52":"pa_tailledepot-1liter_topf-de","53":"pa_tailledepot-10liter_topf-de","54":"pa_tailledepot-15liter_topf-de","55":"pa_tailledepot-2liter_topf-de","56":"pa_tailledepot-3liter_topf-de","57":"pa_tailledepot-30liter_topf-de","58":"pa_tailledepot-4liter_topf-de","59":"pa_tailledepot-5liter_topf-de","60":"pa_tailledepot-75liter_topf-de","61":"pa_utilisationpossible-alleinstehend-de","62":"pa_utilisationpossible-beet-de","64":"first","65":"instock","66":"taxable","67":"shipping-taxable","68":"purchasable","69":"product-type-variable","70":"has-default-attributes"},"supplier_id":null,"supplier_sku":"","barcode":null,"atum_controlled":true,"out_stock_date":null,"out_stock_threshold":null,"inheritable":true,"inbound_stock":0,"stock_on_hold":0,"sold_today":0,"sales_last_days":0,"reserved_stock":0,"customer_returns":0,"warehouse_damage":0,"lost_in_post":0,"other_logs":0,"out_stock_days":null,"lost_sales":0,"has_location":false,"update_date":"2026-03-05T09:09:21","atum_locations":[],"atum_stock_status":"instock","restock_status":false,"low_stock_amount":"","sales_update_date":"2026-03-05T09:09:21","calc_backorders":null,"yoast_head":"<!-- This site is optimized with the Yoast SEO Premium plugin v27.5 (Yoast SEO v27.5) - https:\/\/yoast.com\/product\/yoast-seo-premium-wordpress\/ -->\n<title>SEQUOIADENDRON giganteum &#039;Glaucum&#039; (blaubl\u00e4ttriger Riesenmammutbaum)<\/title>\n<meta name=\"description\" content=\"Dieser Riesenmammutbaum hat bl\u00e4uliches Laub. Le SEQUOIADENDRON giganteum &#039;Glaucum&#039; w\u00e4chst nur langsam. Er hat eine ausgezeichnete Verwurzelung und h\u00e4lt St\u00fcrme leicht stand.\" \/>\n<meta name=\"robots\" content=\"index, follow, max-snippet:-1, max-image-preview:large, max-video-preview:-1\" \/>\n<link rel=\"canonical\" href=\"https:\/\/www.vallonchene.fr\/de\/produkt\/sequoiadendron-giganteum-glaucum\/\" \/>\n<meta property=\"og:locale\" content=\"de_DE\" \/>\n<meta property=\"og:type\" content=\"article\" \/>\n<meta property=\"og:title\" content=\"SEQUOIADENDRON giganteum &#039;Glaucum&#039; (blaubl\u00e4ttriger Riesenmammutbaum)\" \/>\n<meta property=\"og:description\" content=\"Dieser Riesenmammutbaum hat bl\u00e4uliches Laub. Le SEQUOIADENDRON giganteum &#039;Glaucum&#039; w\u00e4chst nur langsam. Er hat eine ausgezeichnete Verwurzelung und h\u00e4lt St\u00fcrme leicht stand.\" \/>\n<meta property=\"og:url\" content=\"https:\/\/www.vallonchene.fr\/de\/produkt\/sequoiadendron-giganteum-glaucum\/\" \/>\n<meta property=\"og:site_name\" content=\"Vallonch\u00eane\" \/>\n<meta property=\"article:publisher\" content=\"https:\/\/www.facebook.com\/vallonchene.fr\" \/>\n<meta property=\"article:modified_time\" content=\"2023-05-12T13:14:53+00:00\" \/>\n<meta property=\"og:image\" content=\"https:\/\/www.vallonchene.fr\/wp-content\/uploads\/2021\/08\/3596-5e7-Port-conique-du-SEQUOIADENDRON-giganteum-Glaucum-en-juin.jpg\" \/>\n\t<meta property=\"og:image:width\" content=\"1600\" \/>\n\t<meta property=\"og:image:height\" content=\"1600\" \/>\n\t<meta property=\"og:image:type\" content=\"image\/jpeg\" \/>\n<meta name=\"twitter:card\" content=\"summary_large_image\" \/>\n<meta name=\"twitter:label1\" content=\"Verf\u00fcgbarkeit\" \/>\n\t<meta name=\"twitter:data1\" content=\"Vorr\u00e4tig\" \/>\n<script type=\"application\/ld+json\" class=\"yoast-schema-graph\">{\"@context\":\"https:\\\/\\\/schema.org\",\"@graph\":[{\"@type\":\"WebPage\",\"@id\":\"https:\\\/\\\/www.vallonchene.fr\\\/de\\\/produkt\\\/sequoiadendron-giganteum-glaucum\\\/\",\"url\":\"https:\\\/\\\/www.vallonchene.fr\\\/de\\\/produkt\\\/sequoiadendron-giganteum-glaucum\\\/\",\"name\":\"SEQUOIADENDRON giganteum 'Glaucum' (blaubl\u00e4ttriger Riesenmammutbaum)\",\"isPartOf\":{\"@id\":\"https:\\\/\\\/www.vallonchene.fr\\\/de\\\/#website\"},\"primaryImageOfPage\":{\"@id\":\"https:\\\/\\\/www.vallonchene.fr\\\/de\\\/produkt\\\/sequoiadendron-giganteum-glaucum\\\/#primaryimage\"},\"image\":{\"@id\":\"https:\\\/\\\/www.vallonchene.fr\\\/de\\\/produkt\\\/sequoiadendron-giganteum-glaucum\\\/#primaryimage\"},\"thumbnailUrl\":\"https:\\\/\\\/www.vallonchene.fr\\\/wp-content\\\/uploads\\\/2021\\\/08\\\/3596-5e7-Port-conique-du-SEQUOIADENDRON-giganteum-Glaucum-en-juin.jpg\",\"datePublished\":\"2021-08-31T09:37:37+00:00\",\"dateModified\":\"2023-05-12T13:14:53+00:00\",\"description\":\"Dieser Riesenmammutbaum hat bl\u00e4uliches Laub. Le SEQUOIADENDRON giganteum 'Glaucum' w\u00e4chst nur langsam. Er hat eine ausgezeichnete Verwurzelung und h\u00e4lt St\u00fcrme leicht stand.\",\"breadcrumb\":{\"@id\":\"https:\\\/\\\/www.vallonchene.fr\\\/de\\\/produkt\\\/sequoiadendron-giganteum-glaucum\\\/#breadcrumb\"},\"inLanguage\":\"de\",\"potentialAction\":[{\"@type\":\"ReadAction\",\"target\":[\"https:\\\/\\\/www.vallonchene.fr\\\/de\\\/produkt\\\/sequoiadendron-giganteum-glaucum\\\/\"]}]},{\"@type\":\"ImageObject\",\"inLanguage\":\"de\",\"@id\":\"https:\\\/\\\/www.vallonchene.fr\\\/de\\\/produkt\\\/sequoiadendron-giganteum-glaucum\\\/#primaryimage\",\"url\":\"https:\\\/\\\/www.vallonchene.fr\\\/wp-content\\\/uploads\\\/2021\\\/08\\\/3596-5e7-Port-conique-du-SEQUOIADENDRON-giganteum-Glaucum-en-juin.jpg\",\"contentUrl\":\"https:\\\/\\\/www.vallonchene.fr\\\/wp-content\\\/uploads\\\/2021\\\/08\\\/3596-5e7-Port-conique-du-SEQUOIADENDRON-giganteum-Glaucum-en-juin.jpg\",\"width\":1600,\"height\":1600},{\"@type\":\"BreadcrumbList\",\"@id\":\"https:\\\/\\\/www.vallonchene.fr\\\/de\\\/produkt\\\/sequoiadendron-giganteum-glaucum\\\/#breadcrumb\",\"itemListElement\":[{\"@type\":\"ListItem\",\"position\":1,\"name\":\"Home\",\"item\":\"https:\\\/\\\/www.vallonchene.fr\\\/de\\\/\"},{\"@type\":\"ListItem\",\"position\":2,\"name\":\"Shop\",\"item\":\"https:\\\/\\\/www.vallonchene.fr\\\/de\\\/shop\\\/\"},{\"@type\":\"ListItem\",\"position\":3,\"name\":\"Online-Verkauf\",\"item\":\"https:\\\/\\\/www.vallonchene.fr\\\/de\\\/produkt-kategorie\\\/online-verkauf-de\\\/\"},{\"@type\":\"ListItem\",\"position\":4,\"name\":\"Baumschule\",\"item\":\"https:\\\/\\\/www.vallonchene.fr\\\/de\\\/produkt-kategorie\\\/online-verkauf-de\\\/baumschule-gaertnerei-de\\\/\"},{\"@type\":\"ListItem\",\"position\":5,\"name\":\"Koniferen\",\"item\":\"https:\\\/\\\/www.vallonchene.fr\\\/de\\\/produkt-kategorie\\\/online-verkauf-de\\\/baumschule-gaertnerei-de\\\/koniferen-de\\\/\"},{\"@type\":\"ListItem\",\"position\":6,\"name\":\"SEQUOIADENDRON giganteum &#8216;Glaucum&#8217; (blaubl\u00e4ttriger Riesenmammutbaum)\"}]},{\"@type\":\"WebSite\",\"@id\":\"https:\\\/\\\/www.vallonchene.fr\\\/de\\\/#website\",\"url\":\"https:\\\/\\\/www.vallonchene.fr\\\/de\\\/\",\"name\":\"Vallonch\u00eane\",\"description\":\"Die Baumschule, bei der Qualit\u00e4t ihre Wurzeln hat \u2013 Tel.: +49 (0)6838-5399840\",\"publisher\":{\"@id\":\"https:\\\/\\\/www.vallonchene.fr\\\/de\\\/#organization\"},\"potentialAction\":[{\"@type\":\"SearchAction\",\"target\":{\"@type\":\"EntryPoint\",\"urlTemplate\":\"https:\\\/\\\/www.vallonchene.fr\\\/de\\\/?s={search_term_string}\"},\"query-input\":{\"@type\":\"PropertyValueSpecification\",\"valueRequired\":true,\"valueName\":\"search_term_string\"}}],\"inLanguage\":\"de\"},{\"@type\":\"Organization\",\"@id\":\"https:\\\/\\\/www.vallonchene.fr\\\/de\\\/#organization\",\"name\":\"VALLONCHENE\",\"url\":\"https:\\\/\\\/www.vallonchene.fr\\\/de\\\/\",\"logo\":{\"@type\":\"ImageObject\",\"inLanguage\":\"de\",\"@id\":\"https:\\\/\\\/www.vallonchene.fr\\\/de\\\/#\\\/schema\\\/logo\\\/image\\\/\",\"url\":\"https:\\\/\\\/www.vallonchene.fr\\\/wp-content\\\/uploads\\\/2023\\\/03\\\/Logo-Vallonchene-site-et-R_hauteur_100.png\",\"contentUrl\":\"https:\\\/\\\/www.vallonchene.fr\\\/wp-content\\\/uploads\\\/2023\\\/03\\\/Logo-Vallonchene-site-et-R_hauteur_100.png\",\"width\":221,\"height\":100,\"caption\":\"VALLONCHENE\"},\"image\":{\"@id\":\"https:\\\/\\\/www.vallonchene.fr\\\/de\\\/#\\\/schema\\\/logo\\\/image\\\/\"},\"sameAs\":[\"https:\\\/\\\/www.facebook.com\\\/vallonchene.fr\",\"https:\\\/\\\/www.instagram.com\\\/vallonchene\\\/\",\"https:\\\/\\\/www.pinterest.fr\\\/vallonchene\\\/\"],\"taxID\":\"49454502300017\",\"hasMerchantReturnPolicy\":{\"@type\":\"MerchantReturnPolicy\",\"merchantReturnLink\":\"https:\\\/\\\/www.vallonchene.fr\\\/remboursements_retours\\\/\"}}]}<\/script>\n<meta property=\"og:availability\" content=\"instock\" \/>\n<meta property=\"product:availability\" content=\"instock\" \/>\n<meta property=\"product:retailer_item_id\" content=\"83133\" \/>\n<meta property=\"product:condition\" content=\"new\" \/>\n<!-- \/ Yoast SEO Premium plugin. -->","yoast_head_json":{"title":"SEQUOIADENDRON giganteum 'Glaucum' (blaubl\u00e4ttriger Riesenmammutbaum)","description":"Dieser Riesenmammutbaum hat bl\u00e4uliches Laub. Le SEQUOIADENDRON giganteum 'Glaucum' w\u00e4chst nur langsam. Er hat eine ausgezeichnete Verwurzelung und h\u00e4lt St\u00fcrme leicht stand.","robots":{"index":"index","follow":"follow","max-snippet":"max-snippet:-1","max-image-preview":"max-image-preview:large","max-video-preview":"max-video-preview:-1"},"canonical":"https:\/\/www.vallonchene.fr\/de\/produkt\/sequoiadendron-giganteum-glaucum\/","og_locale":"de_DE","og_type":"article","og_title":"SEQUOIADENDRON giganteum 'Glaucum' (blaubl\u00e4ttriger Riesenmammutbaum)","og_description":"Dieser Riesenmammutbaum hat bl\u00e4uliches Laub. Le SEQUOIADENDRON giganteum 'Glaucum' w\u00e4chst nur langsam. Er hat eine ausgezeichnete Verwurzelung und h\u00e4lt St\u00fcrme leicht stand.","og_url":"https:\/\/www.vallonchene.fr\/de\/produkt\/sequoiadendron-giganteum-glaucum\/","og_site_name":"Vallonch\u00eane","article_publisher":"https:\/\/www.facebook.com\/vallonchene.fr","article_modified_time":"2023-05-12T13:14:53+00:00","og_image":[{"width":1600,"height":1600,"url":"https:\/\/www.vallonchene.fr\/wp-content\/uploads\/2021\/08\/3596-5e7-Port-conique-du-SEQUOIADENDRON-giganteum-Glaucum-en-juin.jpg","type":"image\/jpeg"}],"twitter_card":"summary_large_image","twitter_misc":{"Verf\u00fcgbarkeit":"Vorr\u00e4tig"},"schema":{"@context":"https:\/\/schema.org","@graph":[{"@type":"WebPage","@id":"https:\/\/www.vallonchene.fr\/de\/produkt\/sequoiadendron-giganteum-glaucum\/","url":"https:\/\/www.vallonchene.fr\/de\/produkt\/sequoiadendron-giganteum-glaucum\/","name":"SEQUOIADENDRON giganteum 'Glaucum' (blaubl\u00e4ttriger Riesenmammutbaum)","isPartOf":{"@id":"https:\/\/www.vallonchene.fr\/de\/#website"},"primaryImageOfPage":{"@id":"https:\/\/www.vallonchene.fr\/de\/produkt\/sequoiadendron-giganteum-glaucum\/#primaryimage"},"image":{"@id":"https:\/\/www.vallonchene.fr\/de\/produkt\/sequoiadendron-giganteum-glaucum\/#primaryimage"},"thumbnailUrl":"https:\/\/www.vallonchene.fr\/wp-content\/uploads\/2021\/08\/3596-5e7-Port-conique-du-SEQUOIADENDRON-giganteum-Glaucum-en-juin.jpg","datePublished":"2021-08-31T09:37:37+00:00","dateModified":"2023-05-12T13:14:53+00:00","description":"Dieser Riesenmammutbaum hat bl\u00e4uliches Laub. Le SEQUOIADENDRON giganteum 'Glaucum' w\u00e4chst nur langsam. Er hat eine ausgezeichnete Verwurzelung und h\u00e4lt St\u00fcrme leicht stand.","breadcrumb":{"@id":"https:\/\/www.vallonchene.fr\/de\/produkt\/sequoiadendron-giganteum-glaucum\/#breadcrumb"},"inLanguage":"de","potentialAction":[{"@type":"ReadAction","target":["https:\/\/www.vallonchene.fr\/de\/produkt\/sequoiadendron-giganteum-glaucum\/"]}]},{"@type":"ImageObject","inLanguage":"de","@id":"https:\/\/www.vallonchene.fr\/de\/produkt\/sequoiadendron-giganteum-glaucum\/#primaryimage","url":"https:\/\/www.vallonchene.fr\/wp-content\/uploads\/2021\/08\/3596-5e7-Port-conique-du-SEQUOIADENDRON-giganteum-Glaucum-en-juin.jpg","contentUrl":"https:\/\/www.vallonchene.fr\/wp-content\/uploads\/2021\/08\/3596-5e7-Port-conique-du-SEQUOIADENDRON-giganteum-Glaucum-en-juin.jpg","width":1600,"height":1600},{"@type":"BreadcrumbList","@id":"https:\/\/www.vallonchene.fr\/de\/produkt\/sequoiadendron-giganteum-glaucum\/#breadcrumb","itemListElement":[{"@type":"ListItem","position":1,"name":"Home","item":"https:\/\/www.vallonchene.fr\/de\/"},{"@type":"ListItem","position":2,"name":"Shop","item":"https:\/\/www.vallonchene.fr\/de\/shop\/"},{"@type":"ListItem","position":3,"name":"Online-Verkauf","item":"https:\/\/www.vallonchene.fr\/de\/produkt-kategorie\/online-verkauf-de\/"},{"@type":"ListItem","position":4,"name":"Baumschule","item":"https:\/\/www.vallonchene.fr\/de\/produkt-kategorie\/online-verkauf-de\/baumschule-gaertnerei-de\/"},{"@type":"ListItem","position":5,"name":"Koniferen","item":"https:\/\/www.vallonchene.fr\/de\/produkt-kategorie\/online-verkauf-de\/baumschule-gaertnerei-de\/koniferen-de\/"},{"@type":"ListItem","position":6,"name":"SEQUOIADENDRON giganteum &#8216;Glaucum&#8217; (blaubl\u00e4ttriger Riesenmammutbaum)"}]},{"@type":"WebSite","@id":"https:\/\/www.vallonchene.fr\/de\/#website","url":"https:\/\/www.vallonchene.fr\/de\/","name":"Vallonch\u00eane","description":"Die Baumschule, bei der Qualit\u00e4t ihre Wurzeln hat \u2013 Tel.: +49 (0)6838-5399840","publisher":{"@id":"https:\/\/www.vallonchene.fr\/de\/#organization"},"potentialAction":[{"@type":"SearchAction","target":{"@type":"EntryPoint","urlTemplate":"https:\/\/www.vallonchene.fr\/de\/?s={search_term_string}"},"query-input":{"@type":"PropertyValueSpecification","valueRequired":true,"valueName":"search_term_string"}}],"inLanguage":"de"},{"@type":"Organization","@id":"https:\/\/www.vallonchene.fr\/de\/#organization","name":"VALLONCHENE","url":"https:\/\/www.vallonchene.fr\/de\/","logo":{"@type":"ImageObject","inLanguage":"de","@id":"https:\/\/www.vallonchene.fr\/de\/#\/schema\/logo\/image\/","url":"https:\/\/www.vallonchene.fr\/wp-content\/uploads\/2023\/03\/Logo-Vallonchene-site-et-R_hauteur_100.png","contentUrl":"https:\/\/www.vallonchene.fr\/wp-content\/uploads\/2023\/03\/Logo-Vallonchene-site-et-R_hauteur_100.png","width":221,"height":100,"caption":"VALLONCHENE"},"image":{"@id":"https:\/\/www.vallonchene.fr\/de\/#\/schema\/logo\/image\/"},"sameAs":["https:\/\/www.facebook.com\/vallonchene.fr","https:\/\/www.instagram.com\/vallonchene\/","https:\/\/www.pinterest.fr\/vallonchene\/"],"taxID":"49454502300017","hasMerchantReturnPolicy":{"@type":"MerchantReturnPolicy","merchantReturnLink":"https:\/\/www.vallonchene.fr\/remboursements_retours\/"}}]},"og_availability":"instock","product_availability":"instock","product_retailer_item_id":"83133","product_condition":"new"},"_links":{"self":[{"href":"https:\/\/www.vallonchene.fr\/de\/wp-json\/wp\/v2\/product\/9539","targetHints":{"allow":["GET"]}}],"collection":[{"href":"https:\/\/www.vallonchene.fr\/de\/wp-json\/wp\/v2\/product"}],"about":[{"href":"https:\/\/www.vallonchene.fr\/de\/wp-json\/wp\/v2\/types\/product"}],"replies":[{"embeddable":true,"href":"https:\/\/www.vallonchene.fr\/de\/wp-json\/wp\/v2\/comments?post=9539"}],"wp:featuredmedia":[{"embeddable":true,"href":"https:\/\/www.vallonchene.fr\/de\/wp-json\/wp\/v2\/media\/9528"}],"wp:attachment":[{"href":"https:\/\/www.vallonchene.fr\/de\/wp-json\/wp\/v2\/media?parent=9539"}],"wp:term":[{"taxonomy":"product_brand","embeddable":true,"href":"https:\/\/www.vallonchene.fr\/de\/wp-json\/wp\/v2\/product_brand?post=9539"},{"taxonomy":"product_cat","embeddable":true,"href":"https:\/\/www.vallonchene.fr\/de\/wp-json\/wp\/v2\/product_cat?post=9539"},{"taxonomy":"product_tag","embeddable":true,"href":"https:\/\/www.vallonchene.fr\/de\/wp-json\/wp\/v2\/product_tag?post=9539"}],"curies":[{"name":"wp","href":"https:\/\/api.w.org\/{rel}","templated":true}]}}