{"id":856,"date":"2021-08-31T11:22:53","date_gmt":"2021-08-31T11:22:53","guid":{"rendered":"https:\/\/testing.vallonchene.fr\/produit\/picea-pungens-maigold\/"},"modified":"2024-05-11T12:52:24","modified_gmt":"2024-05-11T12:52:24","slug":"picea-pungens-maigold","status":"publish","type":"product","link":"https:\/\/www.vallonchene.fr\/de\/produkt\/picea-pungens-maigold\/","title":{"rendered":"PICEA pungens &#8218;Maigold&#8216;"},"content":{"rendered":"<p><strong>PICEA pungens \u2018Maigold\u2019<\/strong> ist ein wirklich ungew\u00f6hnlicher Nadelbaum. Tats\u00e4chlich sind die <strong>neuen Triebe<\/strong> dieser Blau-Fichte etwa zwei Monate lang <strong>zun\u00e4chst wei\u00df und verf\u00e4rben sich dann gelb<\/strong>.<br \/>\nWie der Name schon sagt, spielt sich dieser Zauber im Mai ab und garantiert uns ein au\u00dfergew\u00f6hnliches Spektakel. Danach nehmen die neuen Triebe bis zum n\u00e4chsten Jahr eine gr\u00fcnblaue Farbe an.<br \/>\nIhre <strong>konische Form<\/strong> und ihr <strong>moderates Wachstum<\/strong> (ca. 2,50 m H\u00f6he nach 10 Jahren) machen sie zu einer Pflanze, die sich hervorragend auch f\u00fcr kleine G\u00e4rten eignet.<br \/>\nWie viele andere Nadelb\u00e4ume <strong>\u00fcbersteht auch dieser gut Trockenheit<\/strong> (nach zweij\u00e4hriger Pflanzung).<\/p>\n<h2>Wie man PICEA pungens &#8218;Maigold&#8216; pflanzt<\/h2>\n<p>Suchen Sie ihr einen Platz <strong>im Halbschatten oder in der vollen Sonne<\/strong> (dann wird es blauer). Sie k\u00f6nnen sie in einen <strong>Beh\u00e4lter<\/strong> (<strong>Topf<\/strong>), in <strong>Beet<\/strong> oder <strong>isoliert<\/strong> pflanzen.<br \/>\nDieser Nadelbaum vertr\u00e4gt <strong>jeden pH-Wert<\/strong> und <strong>feuchte, leicht feuchte und trockene B\u00f6den<\/strong>. Die Erde kann <strong>leicht, normal oder schwer<\/strong> sein.<br \/>\nDiese Blau-Fichte <strong>\u00fcbersteht problemlos Temperaturen unter \u221220 \u00b0C<\/strong>.<\/p>\n<p>Weitere Informationen zur richtigen <a href=\"https:\/\/www.vallonchene.fr\/de\/wie-man-pflanzen-pflanzt-und-pflegt\/praktische-hinweise-wie-man-straeucher-baeume-und-koniferen-pflanzt\/\"><strong>Vorbereitung des Pflanzlochs f\u00fcr einen Baum finden Sie hier<\/strong><\/a>.<\/p>\n<h2>Geschichte und Herkunft<\/h2>\n<p>Die PICEA pungens tr\u00e4gt mehrere umgangssprachliche Namen wie <em>Stech-Fichte<\/em> oder <em>Blau-Fichte<\/em>.<\/p>\n<p>Dieser Nadelbaum ist in Nordamerika und insbesondere in Arizona, Colorado, Idaho, New Mexico, Utah und Wyoming endemisch. Er w\u00e4chst dort an feuchten, aber gut durchl\u00e4ssigen Orten. \u00dcberdies hat Colorado ihn zu seinem Staatsbaum gemacht.<\/p>\n<p>Die Typusart PICEA pungens hat sich mit ihren gr\u00fcnlich-blauen Nadeln zu einem sehr gesch\u00e4tzten Zierbaum entwickelt. Sie wird auch als Weihnachtsbaum verwendet.<\/p>\n<p>Die Navajo- und Keres-V\u00f6lker verwendeten diesen Baum nicht nur f\u00fcr ihre traditionelle Medizin, sondern auch als zeremonielles Objekt. Als Gl\u00fccksbringer werden Zweige verschenkt. Fr\u00fcher wurde das Holz zum Bauen verwendet.<\/p>\n","protected":false},"excerpt":{"rendered":"<p>Diese <strong>Blau-Fichte<\/strong> ist eine kleinw\u00fcchsige Form. <strong>PICEA pungens &#8218;Maigold&#8216;<\/strong> hat einen schlanken Wuchs. Die Fr\u00fchlingstriebe sind zuerst cremewei\u00df, dann gelb und verf\u00e4rben sich danach hellblau.<\/p>\n","protected":false},"featured_media":40840,"comment_status":"open","ping_status":"closed","template":"","meta":[],"product_brand":[],"product_cat":[255],"product_tag":[10562,10563,10564,10566,10560,10561,10565],"class_list":{"0":"post-856","1":"product","2":"type-product","3":"status-publish","4":"has-post-thumbnail","6":"product_cat-koniferen-de","7":"product_tag-blau-fichte-de","8":"product_tag-blau-fichte-de-2","9":"product_tag-blau-fichte-de-3","10":"product_tag-maigold-de","11":"product_tag-picea-de","12":"product_tag-picea-pungens-de","13":"product_tag-picea-pungens-maigold-de","14":"pa_99-hauteurapproximativeapres1-150a200m-de","15":"pa_couleurdufeuillage-blau-de","16":"pa_exigencesenhumidite-feucht-de","17":"pa_exigencesenhumidite-normal-de","18":"pa_exigencesenhumidite-trocken-de","19":"pa_expositionspossibles-ce-halbschattigsonnezw12und17-de","20":"pa_expositionspossibles-sonnigvon12bis17uhr-de","21":"pa_hauteurlivree-100-bis-125-cm","22":"pa_hauteurlivree-40-bis-50-cm","23":"pa_hauteurlivree-50-bis-60-cm","24":"pa_hauteurlivree-60-bis-80-cm","25":"pa_hauteurlivree-80-bis-100-cm","26":"pa_interetauprintemps-form-de","27":"pa_interetauprintemps-jungesprossen-de","28":"pa_interetauprintemps-laub-de","29":"pa_interetenautomne-form-de","30":"pa_interetenautomne-laub-de","31":"pa_interetenete-form-de","32":"pa_interetenete-laub-de","33":"pa_interetenhiver-form-de","34":"pa_interetenhiver-laub-de","35":"pa_naturedufeuillage-immergrun-de","36":"pa_naturesdesolpossibles-leicht-de","37":"pa_naturesdesolpossibles-normal-de","38":"pa_naturesdesolpossibles-schwer-de","39":"pa_particularites-form-de","40":"pa_periodedetaille-marz-de","41":"pa_phdusolacceptable-kalkigmehrals75-de","42":"pa_phdusolacceptable-neutralzw65u75-de","43":"pa_phdusolacceptable-sauerwenigerals65-de","44":"pa_portgraphisme-konisch-de","45":"pa_resistanceaufroidrusticite-frostbestandigunter_20c-de","46":"pa_tailledepot-10liter_topf-de","47":"pa_tailledepot-15liter_topf-de","48":"pa_tailledepot-75liter_topf-de","49":"pa_utilisationpossible-alleinstehend-de","50":"pa_utilisationpossible-beet-de","51":"pa_utilisationpossible-kubelodertopf-de","53":"first","54":"outofstock","55":"taxable","56":"shipping-taxable","57":"purchasable","58":"product-type-variable","59":"has-default-attributes"},"supplier_id":null,"supplier_sku":"","barcode":null,"atum_controlled":true,"out_stock_date":null,"out_stock_threshold":null,"inheritable":true,"inbound_stock":0,"stock_on_hold":0,"sold_today":0,"sales_last_days":0,"reserved_stock":0,"customer_returns":0,"warehouse_damage":0,"lost_in_post":0,"other_logs":0,"out_stock_days":0,"lost_sales":0,"has_location":false,"update_date":"2024-09-26T13:09:17","atum_locations":[],"atum_stock_status":"outofstock","restock_status":false,"low_stock_amount":"","sales_update_date":"2024-05-11T10:51:24","calc_backorders":null,"yoast_head":"<!-- This site is optimized with the Yoast SEO Premium plugin v27.5 (Yoast SEO v27.5) - https:\/\/yoast.com\/product\/yoast-seo-premium-wordpress\/ -->\n<title>PICEA pungens &#039;Maigold&#039; - Blau-Fichte<\/title>\n<meta name=\"description\" content=\"Diese Blaufichte ist eine kleinw\u00fcchsige Form. PICEA pungens &#039;Maigold&#039; hat Fr\u00fchlingstriebe, die cremewei\u00df sind und sp\u00e4ter gelb und danach hellblau werden.\" \/>\n<meta name=\"robots\" content=\"index, follow, max-snippet:-1, max-image-preview:large, max-video-preview:-1\" \/>\n<link rel=\"canonical\" href=\"https:\/\/www.vallonchene.fr\/de\/produkt\/picea-pungens-maigold\/\" \/>\n<meta property=\"og:locale\" content=\"de_DE\" \/>\n<meta property=\"og:type\" content=\"article\" \/>\n<meta property=\"og:title\" content=\"PICEA pungens &#039;Maigold&#039;\" \/>\n<meta property=\"og:description\" content=\"Diese Blaufichte ist eine kleinw\u00fcchsige Form. PICEA pungens &#039;Maigold&#039; hat Fr\u00fchlingstriebe, die cremewei\u00df sind und sp\u00e4ter gelb und danach hellblau werden.\" \/>\n<meta property=\"og:url\" content=\"https:\/\/www.vallonchene.fr\/de\/produkt\/picea-pungens-maigold\/\" \/>\n<meta property=\"og:site_name\" content=\"Vallonch\u00eane\" \/>\n<meta property=\"article:publisher\" content=\"https:\/\/www.facebook.com\/vallonchene.fr\" \/>\n<meta property=\"article:modified_time\" content=\"2024-05-11T12:52:24+00:00\" \/>\n<meta property=\"og:image\" content=\"https:\/\/www.vallonchene.fr\/wp-content\/uploads\/2023\/05\/PICEA-pungens-Maigold_01.webp\" \/>\n\t<meta property=\"og:image:width\" content=\"1000\" \/>\n\t<meta property=\"og:image:height\" content=\"1000\" \/>\n\t<meta property=\"og:image:type\" content=\"image\/webp\" \/>\n<meta name=\"twitter:card\" content=\"summary_large_image\" \/>\n<meta name=\"twitter:label1\" content=\"Verf\u00fcgbarkeit\" \/>\n\t<meta name=\"twitter:data1\" content=\"Nicht vorr\u00e4tig\" \/>\n<script type=\"application\/ld+json\" class=\"yoast-schema-graph\">{\"@context\":\"https:\\\/\\\/schema.org\",\"@graph\":[{\"@type\":\"WebPage\",\"@id\":\"https:\\\/\\\/www.vallonchene.fr\\\/de\\\/produkt\\\/picea-pungens-maigold\\\/\",\"url\":\"https:\\\/\\\/www.vallonchene.fr\\\/de\\\/produkt\\\/picea-pungens-maigold\\\/\",\"name\":\"PICEA pungens 'Maigold' - Blau-Fichte\",\"isPartOf\":{\"@id\":\"https:\\\/\\\/www.vallonchene.fr\\\/de\\\/#website\"},\"primaryImageOfPage\":{\"@id\":\"https:\\\/\\\/www.vallonchene.fr\\\/de\\\/produkt\\\/picea-pungens-maigold\\\/#primaryimage\"},\"image\":{\"@id\":\"https:\\\/\\\/www.vallonchene.fr\\\/de\\\/produkt\\\/picea-pungens-maigold\\\/#primaryimage\"},\"thumbnailUrl\":\"https:\\\/\\\/www.vallonchene.fr\\\/wp-content\\\/uploads\\\/2023\\\/05\\\/PICEA-pungens-Maigold_01.webp\",\"datePublished\":\"2021-08-31T11:22:53+00:00\",\"dateModified\":\"2024-05-11T12:52:24+00:00\",\"description\":\"Diese Blaufichte ist eine kleinw\u00fcchsige Form. PICEA pungens 'Maigold' hat Fr\u00fchlingstriebe, die cremewei\u00df sind und sp\u00e4ter gelb und danach hellblau werden.\",\"breadcrumb\":{\"@id\":\"https:\\\/\\\/www.vallonchene.fr\\\/de\\\/produkt\\\/picea-pungens-maigold\\\/#breadcrumb\"},\"inLanguage\":\"de\",\"potentialAction\":[{\"@type\":\"ReadAction\",\"target\":[\"https:\\\/\\\/www.vallonchene.fr\\\/de\\\/produkt\\\/picea-pungens-maigold\\\/\"]}]},{\"@type\":\"ImageObject\",\"inLanguage\":\"de\",\"@id\":\"https:\\\/\\\/www.vallonchene.fr\\\/de\\\/produkt\\\/picea-pungens-maigold\\\/#primaryimage\",\"url\":\"https:\\\/\\\/www.vallonchene.fr\\\/wp-content\\\/uploads\\\/2023\\\/05\\\/PICEA-pungens-Maigold_01.webp\",\"contentUrl\":\"https:\\\/\\\/www.vallonchene.fr\\\/wp-content\\\/uploads\\\/2023\\\/05\\\/PICEA-pungens-Maigold_01.webp\",\"width\":1000,\"height\":1000,\"caption\":\"Eine wundersch\u00f6ne PICEA pungens 'Maigold' mit ihren gelben Trieben im Mai\"},{\"@type\":\"BreadcrumbList\",\"@id\":\"https:\\\/\\\/www.vallonchene.fr\\\/de\\\/produkt\\\/picea-pungens-maigold\\\/#breadcrumb\",\"itemListElement\":[{\"@type\":\"ListItem\",\"position\":1,\"name\":\"Home\",\"item\":\"https:\\\/\\\/www.vallonchene.fr\\\/de\\\/\"},{\"@type\":\"ListItem\",\"position\":2,\"name\":\"Shop\",\"item\":\"https:\\\/\\\/www.vallonchene.fr\\\/de\\\/shop\\\/\"},{\"@type\":\"ListItem\",\"position\":3,\"name\":\"Online-Verkauf\",\"item\":\"https:\\\/\\\/www.vallonchene.fr\\\/de\\\/produkt-kategorie\\\/online-verkauf-de\\\/\"},{\"@type\":\"ListItem\",\"position\":4,\"name\":\"Baumschule\",\"item\":\"https:\\\/\\\/www.vallonchene.fr\\\/de\\\/produkt-kategorie\\\/online-verkauf-de\\\/baumschule-gaertnerei-de\\\/\"},{\"@type\":\"ListItem\",\"position\":5,\"name\":\"Koniferen\",\"item\":\"https:\\\/\\\/www.vallonchene.fr\\\/de\\\/produkt-kategorie\\\/online-verkauf-de\\\/baumschule-gaertnerei-de\\\/koniferen-de\\\/\"},{\"@type\":\"ListItem\",\"position\":6,\"name\":\"PICEA pungens &#8216;Maigold&#8217;\"}]},{\"@type\":\"WebSite\",\"@id\":\"https:\\\/\\\/www.vallonchene.fr\\\/de\\\/#website\",\"url\":\"https:\\\/\\\/www.vallonchene.fr\\\/de\\\/\",\"name\":\"Vallonch\u00eane\",\"description\":\"Die Baumschule, bei der Qualit\u00e4t ihre Wurzeln hat \u2013 Tel.: +49 (0)6838-5399840\",\"publisher\":{\"@id\":\"https:\\\/\\\/www.vallonchene.fr\\\/de\\\/#organization\"},\"potentialAction\":[{\"@type\":\"SearchAction\",\"target\":{\"@type\":\"EntryPoint\",\"urlTemplate\":\"https:\\\/\\\/www.vallonchene.fr\\\/de\\\/?s={search_term_string}\"},\"query-input\":{\"@type\":\"PropertyValueSpecification\",\"valueRequired\":true,\"valueName\":\"search_term_string\"}}],\"inLanguage\":\"de\"},{\"@type\":\"Organization\",\"@id\":\"https:\\\/\\\/www.vallonchene.fr\\\/de\\\/#organization\",\"name\":\"VALLONCHENE\",\"url\":\"https:\\\/\\\/www.vallonchene.fr\\\/de\\\/\",\"logo\":{\"@type\":\"ImageObject\",\"inLanguage\":\"de\",\"@id\":\"https:\\\/\\\/www.vallonchene.fr\\\/de\\\/#\\\/schema\\\/logo\\\/image\\\/\",\"url\":\"https:\\\/\\\/www.vallonchene.fr\\\/wp-content\\\/uploads\\\/2023\\\/03\\\/Logo-Vallonchene-site-et-R_hauteur_100.png\",\"contentUrl\":\"https:\\\/\\\/www.vallonchene.fr\\\/wp-content\\\/uploads\\\/2023\\\/03\\\/Logo-Vallonchene-site-et-R_hauteur_100.png\",\"width\":221,\"height\":100,\"caption\":\"VALLONCHENE\"},\"image\":{\"@id\":\"https:\\\/\\\/www.vallonchene.fr\\\/de\\\/#\\\/schema\\\/logo\\\/image\\\/\"},\"sameAs\":[\"https:\\\/\\\/www.facebook.com\\\/vallonchene.fr\",\"https:\\\/\\\/www.instagram.com\\\/vallonchene\\\/\",\"https:\\\/\\\/www.pinterest.fr\\\/vallonchene\\\/\"],\"taxID\":\"49454502300017\",\"hasMerchantReturnPolicy\":{\"@type\":\"MerchantReturnPolicy\",\"merchantReturnLink\":\"https:\\\/\\\/www.vallonchene.fr\\\/remboursements_retours\\\/\"}}]}<\/script>\n<meta property=\"og:availability\" content=\"out of stock\" \/>\n<meta property=\"product:availability\" content=\"out of stock\" \/>\n<meta property=\"product:retailer_item_id\" content=\"83724\" \/>\n<meta property=\"product:condition\" content=\"new\" \/>\n<!-- \/ Yoast SEO Premium plugin. -->","yoast_head_json":{"title":"PICEA pungens 'Maigold' - Blau-Fichte","description":"Diese Blaufichte ist eine kleinw\u00fcchsige Form. PICEA pungens 'Maigold' hat Fr\u00fchlingstriebe, die cremewei\u00df sind und sp\u00e4ter gelb und danach hellblau werden.","robots":{"index":"index","follow":"follow","max-snippet":"max-snippet:-1","max-image-preview":"max-image-preview:large","max-video-preview":"max-video-preview:-1"},"canonical":"https:\/\/www.vallonchene.fr\/de\/produkt\/picea-pungens-maigold\/","og_locale":"de_DE","og_type":"article","og_title":"PICEA pungens 'Maigold'","og_description":"Diese Blaufichte ist eine kleinw\u00fcchsige Form. PICEA pungens 'Maigold' hat Fr\u00fchlingstriebe, die cremewei\u00df sind und sp\u00e4ter gelb und danach hellblau werden.","og_url":"https:\/\/www.vallonchene.fr\/de\/produkt\/picea-pungens-maigold\/","og_site_name":"Vallonch\u00eane","article_publisher":"https:\/\/www.facebook.com\/vallonchene.fr","article_modified_time":"2024-05-11T12:52:24+00:00","og_image":[{"width":1000,"height":1000,"url":"https:\/\/www.vallonchene.fr\/wp-content\/uploads\/2023\/05\/PICEA-pungens-Maigold_01.webp","type":"image\/webp"}],"twitter_card":"summary_large_image","twitter_misc":{"Verf\u00fcgbarkeit":"Nicht vorr\u00e4tig"},"schema":{"@context":"https:\/\/schema.org","@graph":[{"@type":"WebPage","@id":"https:\/\/www.vallonchene.fr\/de\/produkt\/picea-pungens-maigold\/","url":"https:\/\/www.vallonchene.fr\/de\/produkt\/picea-pungens-maigold\/","name":"PICEA pungens 'Maigold' - Blau-Fichte","isPartOf":{"@id":"https:\/\/www.vallonchene.fr\/de\/#website"},"primaryImageOfPage":{"@id":"https:\/\/www.vallonchene.fr\/de\/produkt\/picea-pungens-maigold\/#primaryimage"},"image":{"@id":"https:\/\/www.vallonchene.fr\/de\/produkt\/picea-pungens-maigold\/#primaryimage"},"thumbnailUrl":"https:\/\/www.vallonchene.fr\/wp-content\/uploads\/2023\/05\/PICEA-pungens-Maigold_01.webp","datePublished":"2021-08-31T11:22:53+00:00","dateModified":"2024-05-11T12:52:24+00:00","description":"Diese Blaufichte ist eine kleinw\u00fcchsige Form. PICEA pungens 'Maigold' hat Fr\u00fchlingstriebe, die cremewei\u00df sind und sp\u00e4ter gelb und danach hellblau werden.","breadcrumb":{"@id":"https:\/\/www.vallonchene.fr\/de\/produkt\/picea-pungens-maigold\/#breadcrumb"},"inLanguage":"de","potentialAction":[{"@type":"ReadAction","target":["https:\/\/www.vallonchene.fr\/de\/produkt\/picea-pungens-maigold\/"]}]},{"@type":"ImageObject","inLanguage":"de","@id":"https:\/\/www.vallonchene.fr\/de\/produkt\/picea-pungens-maigold\/#primaryimage","url":"https:\/\/www.vallonchene.fr\/wp-content\/uploads\/2023\/05\/PICEA-pungens-Maigold_01.webp","contentUrl":"https:\/\/www.vallonchene.fr\/wp-content\/uploads\/2023\/05\/PICEA-pungens-Maigold_01.webp","width":1000,"height":1000,"caption":"Eine wundersch\u00f6ne PICEA pungens 'Maigold' mit ihren gelben Trieben im Mai"},{"@type":"BreadcrumbList","@id":"https:\/\/www.vallonchene.fr\/de\/produkt\/picea-pungens-maigold\/#breadcrumb","itemListElement":[{"@type":"ListItem","position":1,"name":"Home","item":"https:\/\/www.vallonchene.fr\/de\/"},{"@type":"ListItem","position":2,"name":"Shop","item":"https:\/\/www.vallonchene.fr\/de\/shop\/"},{"@type":"ListItem","position":3,"name":"Online-Verkauf","item":"https:\/\/www.vallonchene.fr\/de\/produkt-kategorie\/online-verkauf-de\/"},{"@type":"ListItem","position":4,"name":"Baumschule","item":"https:\/\/www.vallonchene.fr\/de\/produkt-kategorie\/online-verkauf-de\/baumschule-gaertnerei-de\/"},{"@type":"ListItem","position":5,"name":"Koniferen","item":"https:\/\/www.vallonchene.fr\/de\/produkt-kategorie\/online-verkauf-de\/baumschule-gaertnerei-de\/koniferen-de\/"},{"@type":"ListItem","position":6,"name":"PICEA pungens &#8216;Maigold&#8217;"}]},{"@type":"WebSite","@id":"https:\/\/www.vallonchene.fr\/de\/#website","url":"https:\/\/www.vallonchene.fr\/de\/","name":"Vallonch\u00eane","description":"Die Baumschule, bei der Qualit\u00e4t ihre Wurzeln hat \u2013 Tel.: +49 (0)6838-5399840","publisher":{"@id":"https:\/\/www.vallonchene.fr\/de\/#organization"},"potentialAction":[{"@type":"SearchAction","target":{"@type":"EntryPoint","urlTemplate":"https:\/\/www.vallonchene.fr\/de\/?s={search_term_string}"},"query-input":{"@type":"PropertyValueSpecification","valueRequired":true,"valueName":"search_term_string"}}],"inLanguage":"de"},{"@type":"Organization","@id":"https:\/\/www.vallonchene.fr\/de\/#organization","name":"VALLONCHENE","url":"https:\/\/www.vallonchene.fr\/de\/","logo":{"@type":"ImageObject","inLanguage":"de","@id":"https:\/\/www.vallonchene.fr\/de\/#\/schema\/logo\/image\/","url":"https:\/\/www.vallonchene.fr\/wp-content\/uploads\/2023\/03\/Logo-Vallonchene-site-et-R_hauteur_100.png","contentUrl":"https:\/\/www.vallonchene.fr\/wp-content\/uploads\/2023\/03\/Logo-Vallonchene-site-et-R_hauteur_100.png","width":221,"height":100,"caption":"VALLONCHENE"},"image":{"@id":"https:\/\/www.vallonchene.fr\/de\/#\/schema\/logo\/image\/"},"sameAs":["https:\/\/www.facebook.com\/vallonchene.fr","https:\/\/www.instagram.com\/vallonchene\/","https:\/\/www.pinterest.fr\/vallonchene\/"],"taxID":"49454502300017","hasMerchantReturnPolicy":{"@type":"MerchantReturnPolicy","merchantReturnLink":"https:\/\/www.vallonchene.fr\/remboursements_retours\/"}}]},"og_availability":"out of stock","product_availability":"out of stock","product_retailer_item_id":"83724","product_condition":"new"},"_links":{"self":[{"href":"https:\/\/www.vallonchene.fr\/de\/wp-json\/wp\/v2\/product\/856","targetHints":{"allow":["GET"]}}],"collection":[{"href":"https:\/\/www.vallonchene.fr\/de\/wp-json\/wp\/v2\/product"}],"about":[{"href":"https:\/\/www.vallonchene.fr\/de\/wp-json\/wp\/v2\/types\/product"}],"replies":[{"embeddable":true,"href":"https:\/\/www.vallonchene.fr\/de\/wp-json\/wp\/v2\/comments?post=856"}],"wp:featuredmedia":[{"embeddable":true,"href":"https:\/\/www.vallonchene.fr\/de\/wp-json\/wp\/v2\/media\/40840"}],"wp:attachment":[{"href":"https:\/\/www.vallonchene.fr\/de\/wp-json\/wp\/v2\/media?parent=856"}],"wp:term":[{"taxonomy":"product_brand","embeddable":true,"href":"https:\/\/www.vallonchene.fr\/de\/wp-json\/wp\/v2\/product_brand?post=856"},{"taxonomy":"product_cat","embeddable":true,"href":"https:\/\/www.vallonchene.fr\/de\/wp-json\/wp\/v2\/product_cat?post=856"},{"taxonomy":"product_tag","embeddable":true,"href":"https:\/\/www.vallonchene.fr\/de\/wp-json\/wp\/v2\/product_tag?post=856"}],"curies":[{"name":"wp","href":"https:\/\/api.w.org\/{rel}","templated":true}]}}