{"id":8234,"date":"2025-08-31T11:31:36","date_gmt":"2025-08-31T09:31:36","guid":{"rendered":"https:\/\/testing.vallonchene.fr\/produit\/quercus-robur-concordia\/"},"modified":"2025-09-26T16:18:21","modified_gmt":"2025-09-26T14:18:21","slug":"quercus-robur-concordia","status":"publish","type":"product","link":"https:\/\/www.vallonchene.fr\/de\/produkt\/quercus-robur-concordia\/","title":{"rendered":"QUERCUS robur &#8218;Concordia&#8216;"},"content":{"rendered":"","protected":false},"excerpt":{"rendered":"<p>Die <strong>QUERCUS robur &#8218;Concordia&#8216;<\/strong> (<strong>Gelbe Stieleiche<\/strong>) ist ein majest\u00e4tischer Baum mit leuchtend gelbem Laub, das besonders im Fr\u00fchling strahlt. Diese seltene und dekorative Sorte besitzt eine regelm\u00e4\u00dfige Wuchsform und ein langsames Wachstum, ideal f\u00fcr Zierg\u00e4rten und Parks, in denen sie einen Hauch von Licht und nat\u00fcrlicher Eleganz verleiht. <\/p>\n","protected":false},"featured_media":8232,"comment_status":"open","ping_status":"closed","template":"","meta":[],"product_brand":[],"product_cat":[252],"product_tag":[12635,11382,12266,12634],"class_list":{"0":"post-8234","1":"product","2":"type-product","3":"status-publish","4":"has-post-thumbnail","6":"product_cat-straucher-und-baume-de","7":"product_tag-concordia-de","8":"product_tag-quercus-de","9":"product_tag-quercus-robur-de","10":"product_tag-quercus-robur-concordia-de","11":"pa_99-hauteurapproximativeapres1-3_5m-de","12":"pa_couleurdufeuillage-gelb-de","13":"pa_exigencesenhumidite-feucht-de","14":"pa_exigencesenhumidite-normal-de","15":"pa_exigencesenhumidite-trocken-de","16":"pa_expositionspossibles-ce-halbschattigsonnezw12und17-de","17":"pa_expositionspossibles-sonnigvon12bis17uhr-de","18":"pa_hauteurlivree-40-bis-60-cm","19":"pa_interetauprintemps-jungesprossen-de","20":"pa_interetauprintemps-laub-de","21":"pa_interetenautomne-laub-de","22":"pa_interetenete-laub-de","23":"pa_interetenhiver-form-de","24":"pa_naturedufeuillage-nichtimmergrun-de","25":"pa_naturesdesolpossibles-leicht-de","26":"pa_naturesdesolpossibles-normal-de","27":"pa_naturesdesolpossibles-schwer-de","28":"pa_particularites-furbonsaigeeignet-de","29":"pa_periodedetaille-febr-de","30":"pa_periodedetaille-jan-de","31":"pa_phdusolacceptable-kalkigmehrals75-de","32":"pa_phdusolacceptable-neutralzw65u75-de","33":"pa_phdusolacceptable-sauerwenigerals65-de","34":"pa_portgraphisme-rund-de","35":"pa_resistanceaufroidrusticite-frostbestandigunter_20c-de","36":"pa_tailledepot-2liter_topf-de","37":"pa_utilisationpossible-alleinstehend-de","38":"pa_utilisationpossible-beet-de","40":"first","41":"instock","42":"taxable","43":"shipping-taxable","44":"purchasable","45":"product-type-variable"},"supplier_id":null,"supplier_sku":"","barcode":null,"atum_controlled":true,"out_stock_date":"2024-09-26 14:53:27","out_stock_threshold":null,"inheritable":true,"inbound_stock":0,"stock_on_hold":0,"sold_today":0,"sales_last_days":0,"reserved_stock":0,"customer_returns":0,"warehouse_damage":0,"lost_in_post":0,"other_logs":0,"out_stock_days":427,"lost_sales":0,"has_location":false,"update_date":"2026-04-24T14:39:02","atum_locations":[],"atum_stock_status":"instock","restock_status":false,"low_stock_amount":"","sales_update_date":"2026-04-24T14:39:02","calc_backorders":null,"yoast_head":"<!-- This site is optimized with the Yoast SEO Premium plugin v27.4 (Yoast SEO v27.4) - https:\/\/yoast.com\/product\/yoast-seo-premium-wordpress\/ -->\n<title>QUERCUS robur &#039;Concordia&#039; - gelbe Stieleiche<\/title>\n<meta name=\"description\" content=\"Der QUERCUS robur &#039;Concordia&#039; (Gelbe Stieleiche) ist ein majest\u00e4tischer Baum mit leuchtend gelbem Laub, das besonders im Fr\u00fchling strahlt.\" \/>\n<meta name=\"robots\" content=\"index, follow, max-snippet:-1, max-image-preview:large, max-video-preview:-1\" \/>\n<link rel=\"canonical\" href=\"https:\/\/www.vallonchene.fr\/de\/produkt\/quercus-robur-concordia\/\" \/>\n<meta property=\"og:locale\" content=\"de_DE\" \/>\n<meta property=\"og:type\" content=\"article\" \/>\n<meta property=\"og:title\" content=\"QUERCUS robur &#039;Concordia&#039;\" \/>\n<meta property=\"og:description\" content=\"Der QUERCUS robur &#039;Concordia&#039; (Gelbe Stieleiche) ist ein majest\u00e4tischer Baum mit leuchtend gelbem Laub, das besonders im Fr\u00fchling strahlt.\" \/>\n<meta property=\"og:url\" content=\"https:\/\/www.vallonchene.fr\/de\/produkt\/quercus-robur-concordia\/\" \/>\n<meta property=\"og:site_name\" content=\"Vallonch\u00eane\" \/>\n<meta property=\"article:publisher\" content=\"https:\/\/www.facebook.com\/vallonchene.fr\" \/>\n<meta property=\"article:modified_time\" content=\"2025-09-26T14:18:21+00:00\" \/>\n<meta property=\"og:image\" content=\"https:\/\/www.vallonchene.fr\/wp-content\/uploads\/2021\/08\/3210-961-QUERCUS-robur-Concordia-en-Mai.jpg\" \/>\n\t<meta property=\"og:image:width\" content=\"1600\" \/>\n\t<meta property=\"og:image:height\" content=\"1600\" \/>\n\t<meta property=\"og:image:type\" content=\"image\/jpeg\" \/>\n<meta name=\"twitter:card\" content=\"summary_large_image\" \/>\n<meta name=\"twitter:label1\" content=\"Verf\u00fcgbarkeit\" \/>\n\t<meta name=\"twitter:data1\" content=\"Vorr\u00e4tig\" \/>\n<script type=\"application\/ld+json\" class=\"yoast-schema-graph\">{\"@context\":\"https:\\\/\\\/schema.org\",\"@graph\":[{\"@type\":\"WebPage\",\"@id\":\"https:\\\/\\\/www.vallonchene.fr\\\/de\\\/produkt\\\/quercus-robur-concordia\\\/\",\"url\":\"https:\\\/\\\/www.vallonchene.fr\\\/de\\\/produkt\\\/quercus-robur-concordia\\\/\",\"name\":\"QUERCUS robur 'Concordia' - gelbe Stieleiche\",\"isPartOf\":{\"@id\":\"https:\\\/\\\/www.vallonchene.fr\\\/de\\\/#website\"},\"primaryImageOfPage\":{\"@id\":\"https:\\\/\\\/www.vallonchene.fr\\\/de\\\/produkt\\\/quercus-robur-concordia\\\/#primaryimage\"},\"image\":{\"@id\":\"https:\\\/\\\/www.vallonchene.fr\\\/de\\\/produkt\\\/quercus-robur-concordia\\\/#primaryimage\"},\"thumbnailUrl\":\"https:\\\/\\\/www.vallonchene.fr\\\/wp-content\\\/uploads\\\/2021\\\/08\\\/3210-961-QUERCUS-robur-Concordia-en-Mai.jpg\",\"datePublished\":\"2025-08-31T09:31:36+00:00\",\"dateModified\":\"2025-09-26T14:18:21+00:00\",\"description\":\"Der QUERCUS robur 'Concordia' (Gelbe Stieleiche) ist ein majest\u00e4tischer Baum mit leuchtend gelbem Laub, das besonders im Fr\u00fchling strahlt.\",\"breadcrumb\":{\"@id\":\"https:\\\/\\\/www.vallonchene.fr\\\/de\\\/produkt\\\/quercus-robur-concordia\\\/#breadcrumb\"},\"inLanguage\":\"de\",\"potentialAction\":[{\"@type\":\"ReadAction\",\"target\":[\"https:\\\/\\\/www.vallonchene.fr\\\/de\\\/produkt\\\/quercus-robur-concordia\\\/\"]}]},{\"@type\":\"ImageObject\",\"inLanguage\":\"de\",\"@id\":\"https:\\\/\\\/www.vallonchene.fr\\\/de\\\/produkt\\\/quercus-robur-concordia\\\/#primaryimage\",\"url\":\"https:\\\/\\\/www.vallonchene.fr\\\/wp-content\\\/uploads\\\/2021\\\/08\\\/3210-961-QUERCUS-robur-Concordia-en-Mai.jpg\",\"contentUrl\":\"https:\\\/\\\/www.vallonchene.fr\\\/wp-content\\\/uploads\\\/2021\\\/08\\\/3210-961-QUERCUS-robur-Concordia-en-Mai.jpg\",\"width\":1600,\"height\":1600},{\"@type\":\"BreadcrumbList\",\"@id\":\"https:\\\/\\\/www.vallonchene.fr\\\/de\\\/produkt\\\/quercus-robur-concordia\\\/#breadcrumb\",\"itemListElement\":[{\"@type\":\"ListItem\",\"position\":1,\"name\":\"Home\",\"item\":\"https:\\\/\\\/www.vallonchene.fr\\\/de\\\/\"},{\"@type\":\"ListItem\",\"position\":2,\"name\":\"Shop\",\"item\":\"https:\\\/\\\/www.vallonchene.fr\\\/de\\\/shop\\\/\"},{\"@type\":\"ListItem\",\"position\":3,\"name\":\"Online-Verkauf\",\"item\":\"https:\\\/\\\/www.vallonchene.fr\\\/de\\\/produkt-kategorie\\\/online-verkauf-de\\\/\"},{\"@type\":\"ListItem\",\"position\":4,\"name\":\"Baumschule\",\"item\":\"https:\\\/\\\/www.vallonchene.fr\\\/de\\\/produkt-kategorie\\\/online-verkauf-de\\\/baumschule-gaertnerei-de\\\/\"},{\"@type\":\"ListItem\",\"position\":5,\"name\":\"Str\u00e4ucher und B\u00e4ume\",\"item\":\"https:\\\/\\\/www.vallonchene.fr\\\/de\\\/produkt-kategorie\\\/online-verkauf-de\\\/baumschule-gaertnerei-de\\\/straucher-und-baume-de\\\/\"},{\"@type\":\"ListItem\",\"position\":6,\"name\":\"QUERCUS robur &#8218;Concordia&#8216;\"}]},{\"@type\":\"WebSite\",\"@id\":\"https:\\\/\\\/www.vallonchene.fr\\\/de\\\/#website\",\"url\":\"https:\\\/\\\/www.vallonchene.fr\\\/de\\\/\",\"name\":\"Vallonch\u00eane\",\"description\":\"Die Baumschule, bei der Qualit\u00e4t ihre Wurzeln hat \u2013 Tel.: +49 (0)6838-5399840\",\"publisher\":{\"@id\":\"https:\\\/\\\/www.vallonchene.fr\\\/de\\\/#organization\"},\"potentialAction\":[{\"@type\":\"SearchAction\",\"target\":{\"@type\":\"EntryPoint\",\"urlTemplate\":\"https:\\\/\\\/www.vallonchene.fr\\\/de\\\/?s={search_term_string}\"},\"query-input\":{\"@type\":\"PropertyValueSpecification\",\"valueRequired\":true,\"valueName\":\"search_term_string\"}}],\"inLanguage\":\"de\"},{\"@type\":\"Organization\",\"@id\":\"https:\\\/\\\/www.vallonchene.fr\\\/de\\\/#organization\",\"name\":\"VALLONCHENE\",\"url\":\"https:\\\/\\\/www.vallonchene.fr\\\/de\\\/\",\"logo\":{\"@type\":\"ImageObject\",\"inLanguage\":\"de\",\"@id\":\"https:\\\/\\\/www.vallonchene.fr\\\/de\\\/#\\\/schema\\\/logo\\\/image\\\/\",\"url\":\"https:\\\/\\\/www.vallonchene.fr\\\/wp-content\\\/uploads\\\/2023\\\/03\\\/Logo-Vallonchene-site-et-R_hauteur_100.png\",\"contentUrl\":\"https:\\\/\\\/www.vallonchene.fr\\\/wp-content\\\/uploads\\\/2023\\\/03\\\/Logo-Vallonchene-site-et-R_hauteur_100.png\",\"width\":221,\"height\":100,\"caption\":\"VALLONCHENE\"},\"image\":{\"@id\":\"https:\\\/\\\/www.vallonchene.fr\\\/de\\\/#\\\/schema\\\/logo\\\/image\\\/\"},\"sameAs\":[\"https:\\\/\\\/www.facebook.com\\\/vallonchene.fr\",\"https:\\\/\\\/www.instagram.com\\\/vallonchene\\\/\",\"https:\\\/\\\/www.pinterest.fr\\\/vallonchene\\\/\"],\"taxID\":\"49454502300017\",\"hasMerchantReturnPolicy\":{\"@type\":\"MerchantReturnPolicy\",\"merchantReturnLink\":\"https:\\\/\\\/www.vallonchene.fr\\\/remboursements_retours\\\/\"}}]}<\/script>\n<meta property=\"og:availability\" content=\"instock\" \/>\n<meta property=\"product:availability\" content=\"instock\" \/>\n<meta property=\"product:retailer_item_id\" content=\"71318\" \/>\n<meta property=\"product:condition\" content=\"new\" \/>\n<!-- \/ Yoast SEO Premium plugin. -->","yoast_head_json":{"title":"QUERCUS robur 'Concordia' - gelbe Stieleiche","description":"Der QUERCUS robur 'Concordia' (Gelbe Stieleiche) ist ein majest\u00e4tischer Baum mit leuchtend gelbem Laub, das besonders im Fr\u00fchling strahlt.","robots":{"index":"index","follow":"follow","max-snippet":"max-snippet:-1","max-image-preview":"max-image-preview:large","max-video-preview":"max-video-preview:-1"},"canonical":"https:\/\/www.vallonchene.fr\/de\/produkt\/quercus-robur-concordia\/","og_locale":"de_DE","og_type":"article","og_title":"QUERCUS robur 'Concordia'","og_description":"Der QUERCUS robur 'Concordia' (Gelbe Stieleiche) ist ein majest\u00e4tischer Baum mit leuchtend gelbem Laub, das besonders im Fr\u00fchling strahlt.","og_url":"https:\/\/www.vallonchene.fr\/de\/produkt\/quercus-robur-concordia\/","og_site_name":"Vallonch\u00eane","article_publisher":"https:\/\/www.facebook.com\/vallonchene.fr","article_modified_time":"2025-09-26T14:18:21+00:00","og_image":[{"width":1600,"height":1600,"url":"https:\/\/www.vallonchene.fr\/wp-content\/uploads\/2021\/08\/3210-961-QUERCUS-robur-Concordia-en-Mai.jpg","type":"image\/jpeg"}],"twitter_card":"summary_large_image","twitter_misc":{"Verf\u00fcgbarkeit":"Vorr\u00e4tig"},"schema":{"@context":"https:\/\/schema.org","@graph":[{"@type":"WebPage","@id":"https:\/\/www.vallonchene.fr\/de\/produkt\/quercus-robur-concordia\/","url":"https:\/\/www.vallonchene.fr\/de\/produkt\/quercus-robur-concordia\/","name":"QUERCUS robur 'Concordia' - gelbe Stieleiche","isPartOf":{"@id":"https:\/\/www.vallonchene.fr\/de\/#website"},"primaryImageOfPage":{"@id":"https:\/\/www.vallonchene.fr\/de\/produkt\/quercus-robur-concordia\/#primaryimage"},"image":{"@id":"https:\/\/www.vallonchene.fr\/de\/produkt\/quercus-robur-concordia\/#primaryimage"},"thumbnailUrl":"https:\/\/www.vallonchene.fr\/wp-content\/uploads\/2021\/08\/3210-961-QUERCUS-robur-Concordia-en-Mai.jpg","datePublished":"2025-08-31T09:31:36+00:00","dateModified":"2025-09-26T14:18:21+00:00","description":"Der QUERCUS robur 'Concordia' (Gelbe Stieleiche) ist ein majest\u00e4tischer Baum mit leuchtend gelbem Laub, das besonders im Fr\u00fchling strahlt.","breadcrumb":{"@id":"https:\/\/www.vallonchene.fr\/de\/produkt\/quercus-robur-concordia\/#breadcrumb"},"inLanguage":"de","potentialAction":[{"@type":"ReadAction","target":["https:\/\/www.vallonchene.fr\/de\/produkt\/quercus-robur-concordia\/"]}]},{"@type":"ImageObject","inLanguage":"de","@id":"https:\/\/www.vallonchene.fr\/de\/produkt\/quercus-robur-concordia\/#primaryimage","url":"https:\/\/www.vallonchene.fr\/wp-content\/uploads\/2021\/08\/3210-961-QUERCUS-robur-Concordia-en-Mai.jpg","contentUrl":"https:\/\/www.vallonchene.fr\/wp-content\/uploads\/2021\/08\/3210-961-QUERCUS-robur-Concordia-en-Mai.jpg","width":1600,"height":1600},{"@type":"BreadcrumbList","@id":"https:\/\/www.vallonchene.fr\/de\/produkt\/quercus-robur-concordia\/#breadcrumb","itemListElement":[{"@type":"ListItem","position":1,"name":"Home","item":"https:\/\/www.vallonchene.fr\/de\/"},{"@type":"ListItem","position":2,"name":"Shop","item":"https:\/\/www.vallonchene.fr\/de\/shop\/"},{"@type":"ListItem","position":3,"name":"Online-Verkauf","item":"https:\/\/www.vallonchene.fr\/de\/produkt-kategorie\/online-verkauf-de\/"},{"@type":"ListItem","position":4,"name":"Baumschule","item":"https:\/\/www.vallonchene.fr\/de\/produkt-kategorie\/online-verkauf-de\/baumschule-gaertnerei-de\/"},{"@type":"ListItem","position":5,"name":"Str\u00e4ucher und B\u00e4ume","item":"https:\/\/www.vallonchene.fr\/de\/produkt-kategorie\/online-verkauf-de\/baumschule-gaertnerei-de\/straucher-und-baume-de\/"},{"@type":"ListItem","position":6,"name":"QUERCUS robur &#8218;Concordia&#8216;"}]},{"@type":"WebSite","@id":"https:\/\/www.vallonchene.fr\/de\/#website","url":"https:\/\/www.vallonchene.fr\/de\/","name":"Vallonch\u00eane","description":"Die Baumschule, bei der Qualit\u00e4t ihre Wurzeln hat \u2013 Tel.: +49 (0)6838-5399840","publisher":{"@id":"https:\/\/www.vallonchene.fr\/de\/#organization"},"potentialAction":[{"@type":"SearchAction","target":{"@type":"EntryPoint","urlTemplate":"https:\/\/www.vallonchene.fr\/de\/?s={search_term_string}"},"query-input":{"@type":"PropertyValueSpecification","valueRequired":true,"valueName":"search_term_string"}}],"inLanguage":"de"},{"@type":"Organization","@id":"https:\/\/www.vallonchene.fr\/de\/#organization","name":"VALLONCHENE","url":"https:\/\/www.vallonchene.fr\/de\/","logo":{"@type":"ImageObject","inLanguage":"de","@id":"https:\/\/www.vallonchene.fr\/de\/#\/schema\/logo\/image\/","url":"https:\/\/www.vallonchene.fr\/wp-content\/uploads\/2023\/03\/Logo-Vallonchene-site-et-R_hauteur_100.png","contentUrl":"https:\/\/www.vallonchene.fr\/wp-content\/uploads\/2023\/03\/Logo-Vallonchene-site-et-R_hauteur_100.png","width":221,"height":100,"caption":"VALLONCHENE"},"image":{"@id":"https:\/\/www.vallonchene.fr\/de\/#\/schema\/logo\/image\/"},"sameAs":["https:\/\/www.facebook.com\/vallonchene.fr","https:\/\/www.instagram.com\/vallonchene\/","https:\/\/www.pinterest.fr\/vallonchene\/"],"taxID":"49454502300017","hasMerchantReturnPolicy":{"@type":"MerchantReturnPolicy","merchantReturnLink":"https:\/\/www.vallonchene.fr\/remboursements_retours\/"}}]},"og_availability":"instock","product_availability":"instock","product_retailer_item_id":"71318","product_condition":"new"},"_links":{"self":[{"href":"https:\/\/www.vallonchene.fr\/de\/wp-json\/wp\/v2\/product\/8234","targetHints":{"allow":["GET"]}}],"collection":[{"href":"https:\/\/www.vallonchene.fr\/de\/wp-json\/wp\/v2\/product"}],"about":[{"href":"https:\/\/www.vallonchene.fr\/de\/wp-json\/wp\/v2\/types\/product"}],"replies":[{"embeddable":true,"href":"https:\/\/www.vallonchene.fr\/de\/wp-json\/wp\/v2\/comments?post=8234"}],"wp:featuredmedia":[{"embeddable":true,"href":"https:\/\/www.vallonchene.fr\/de\/wp-json\/wp\/v2\/media\/8232"}],"wp:attachment":[{"href":"https:\/\/www.vallonchene.fr\/de\/wp-json\/wp\/v2\/media?parent=8234"}],"wp:term":[{"taxonomy":"product_brand","embeddable":true,"href":"https:\/\/www.vallonchene.fr\/de\/wp-json\/wp\/v2\/product_brand?post=8234"},{"taxonomy":"product_cat","embeddable":true,"href":"https:\/\/www.vallonchene.fr\/de\/wp-json\/wp\/v2\/product_cat?post=8234"},{"taxonomy":"product_tag","embeddable":true,"href":"https:\/\/www.vallonchene.fr\/de\/wp-json\/wp\/v2\/product_tag?post=8234"}],"curies":[{"name":"wp","href":"https:\/\/api.w.org\/{rel}","templated":true}]}}