{"id":798,"date":"2021-08-31T11:20:58","date_gmt":"2021-08-31T10:20:58","guid":{"rendered":"https:\/\/testing.vallonchene.fr\/produit\/picea-abies-pusch\/"},"modified":"2025-10-31T11:58:24","modified_gmt":"2025-10-31T10:58:24","slug":"picea-abies-pusch","status":"publish","type":"product","link":"https:\/\/www.vallonchene.fr\/de\/produkt\/picea-abies-pusch\/","title":{"rendered":"PICEA abies &#8218;Pusch&#8216;"},"content":{"rendered":"<h2>Die Pflanze<\/h2>\n<p><strong>PICEA abies &#8218;Pusch&#8216;<\/strong> geh\u00f6rt zur Gattung der <strong>Gemeinen Fichten<\/strong>, dennoch wurde diese Form zum Nadelbaum des Jahres gew\u00e4hlt.<br \/>\nTats\u00e4chlich handelt es sich um eine <strong>sehr kompakte Form<\/strong>, die nach zehn Jahren nicht mehr als 50 cm betr\u00e4gt.<br \/>\nDieser <strong>Miniatur-Nadelbaum<\/strong> \u00fcberrascht im Fr\u00fchjahr, wenn er am Ende des Vorjahreswachstums seine <strong>roten und dann leuchtend rosa Zapfen<\/strong> (siehe Foto) entwickelt. Diese bleiben bis zum folgenden Winter an der Pflanze.<br \/>\nDar\u00fcber hinaus sind die Fr\u00fchlingstriebe hellgr\u00fcn und sehr leuchtend, wie bei der Typusart.<br \/>\nSie k\u00f6nnen diese Zwergkonifere in einen Topf, ein Beet oder einen Steingarten pflanzen.<\/p>\n<p>Um alle derzeit zum Verkauf stehenden <strong>PICEA<\/strong> anzuzeigen, <strong><a href=\"https:\/\/www.vallonchene.fr\/de\/?s=picea&amp;post_type=product&amp;dgwt_wcas=1&amp;lang=de&amp;filter_stock_status=instock\">klicken Sie bitte hier<\/a><\/strong>.<\/p>\n<h2>Wie pflanzt und pflegt man Picea abies &#8218;Pusch&#8216;?<\/h2>\n<h3>Die Pflanzung<\/h3>\n<ol>\n<li>Finden Sie einen Platz f\u00fcr P. abies &#8218;Pusch&#8216; <strong>in der vollen Sonne oder im Halbschatten<\/strong> <strong>in einem Topf, Blumenbeet oder Steingarten<\/strong>.<\/li>\n<li>Der Boden kann <strong>leicht, normal oder schwer<\/strong> sein und einen <strong>sauren, neutralen oder kalkhaltigen pH-Wert<\/strong> haben.<\/li>\n<li>Sie vertr\u00e4gt <strong>feuchte, m\u00e4\u00dfig feuchte und trockene Standorte<\/strong>. Wenn Sie sie jedoch in einem Topf aufbewahren, m\u00fcssen Sie das Gie\u00dfen \u00fcberwachen, da die Feuchtigkeit nicht auf nat\u00fcrliche Weise reguliert werden kann (wie im Boden).<\/li>\n<\/ol>\n<p><a href=\"https:\/\/www.vallonchene.fr\/comment-planter-et-entretenir-des-vegetaux\/\" target=\"_blank\" rel=\"noreferrer noopener\"><strong>F\u00fcr die richtige Vorbereitung des Topfes oder Pflanzlochs haben wir hier spezielle Anleitungen zusammengestellt<\/strong><\/a>.<\/p>\n<h3>Die Pflege<\/h3>\n<p>Es handelt sich um eine Pflanze, die keiner besonderen Wartung bedarf.<br \/>\nIm Boden widersteht sie extremer K\u00e4lte (unter -20\u00b0C) und Trockenheit gut (nach vollst\u00e4ndigem Anwachsen nach etwa zwei Jahren).<br \/>\nWenn Sie P. abies &#8218;Pusch&#8216; in einen Beh\u00e4lter oder eine Schale pflanzen, achten Sie darauf, regelm\u00e4\u00dfig zu gie\u00dfen, da der Regen nicht ausreicht, um eine gute Feuchtigkeit zu gew\u00e4hrleisten.<br \/>\n<a href=\"https:\/\/www.vallonchene.fr\/comment-bien-arroser-le-jardin-et-economiser-leau\/\"><strong>Lesen Sie hier auch unsere Tipps zum richtigen Gie\u00dfen und Wassersparen<\/strong><\/a>.<\/p>\n<h2>Geschichte und Herkunft<\/h2>\n<p>Die Typusart PICEA abies, auch Gemeine Fichte genannt, ist in ganz Europa endemisch, mit Ausnahme der Britischen Inseln und der Iberischen Halbinsel. Sie kommt jedoch haupts\u00e4chlich im Norden, Osten und in der Mitte Europas vor.<\/p>\n<p>W\u00e4hrend die klassische PICEA abies jedoch Wuchsh\u00f6hen von 50 m erreichen kann, handelt es sich bei der PICEA abies &#8218;Pusch&#8216; tats\u00e4chlich um eine Konifere, die man als Miniatur-Konifere bezeichnen kann. Tats\u00e4chlich w\u00e4chst sie nur wenige Zentimeter pro Jahr.<\/p>\n<p>Die Sorte P. abies &#8218;Pusch&#8216; wurde 1980 in Deutschland von Hans Pusch gefunden und 1990 auf den Markt gebracht. 2008 gewann sie die Auszeichnung \u201eNadelbaum des Jahres\u201c des Deutschen Baumschulverbandes.<\/p>\n<p>Gemeine Fichten sind ein wichtiger Unterschlupf f\u00fcr V\u00f6gel und Nahrungsquelle f\u00fcr Insekten, von denen einige vom Aussterben bedroht sind (z. B. das <strong><a href=\"https:\/\/de.wikipedia.org\/wiki\/Alpenbock\" target=\"_blank\" rel=\"noopener\">Alpenbock<\/a><\/strong>, ROSALIA alpina).<\/p>\n<p>&nbsp;<\/p>\n<p>&nbsp;<\/p>\n","protected":false},"excerpt":{"rendered":"<p>Diese <strong>Zwergfichte<\/strong> hat eine unregelm\u00e4\u00dfige Form. Am Ende der hellgr\u00fcnen Fr\u00fchlingstriebe von <strong>PICEA abies &#8218;Pusch&#8216;<\/strong> entwickeln sich <strong>leuchtend rosafarbene Zapfen<\/strong>. Es ist eine Attraktion f\u00fcr jeden Garten.<\/p>\n","protected":false},"featured_media":47358,"comment_status":"open","ping_status":"closed","template":"","meta":[],"product_brand":[],"product_cat":[255],"product_tag":[10755,10756,10560,10754,10757,10758],"class_list":{"0":"post-798","1":"product","2":"type-product","3":"status-publish","4":"has-post-thumbnail","6":"product_cat-koniferen-de","7":"product_tag-epicea-de","8":"product_tag-gemeine-fichte-de","9":"product_tag-picea-de","10":"product_tag-picea-abies-de","11":"product_tag-picea-abies-pusch-de","12":"product_tag-pusch-de","13":"pa_99-hauteurapproximativeapres1-20_50cm-de","14":"pa_couleurdesfruits-rosa-de","15":"pa_couleurdufeuillage-grun-de","16":"pa_exigencesenhumidite-feucht-de","17":"pa_exigencesenhumidite-normal-de","18":"pa_exigencesenhumidite-trocken-de","19":"pa_expositionspossibles-ce-halbschattigsonnezw12und17-de","20":"pa_expositionspossibles-fc-schattigkeindirektessonnen-de","21":"pa_expositionspossibles-sonnigvon12bis17uhr-de","22":"pa_hauteurlivree-25-bis-30-cm","23":"pa_hauteurlivree-30-bis-40-cm","24":"pa_interetauprintemps-form-de","25":"pa_interetauprintemps-jungesprossen-de","26":"pa_interetauprintemps-laub-de","27":"pa_interetauprintemps-zapfen-de","28":"pa_interetenautomne-form-de","29":"pa_interetenautomne-laub-de","30":"pa_interetenautomne-zapfen-de","31":"pa_interetenete-form-de","32":"pa_interetenete-laub-de","33":"pa_interetenete-zapfen-de","34":"pa_interetenhiver-form-de","35":"pa_interetenhiver-laub-de","36":"pa_interetenhiver-zapfen-de","37":"pa_naturedufeuillage-immergrun-de","38":"pa_naturesdesolpossibles-leicht-de","39":"pa_naturesdesolpossibles-normal-de","40":"pa_naturesdesolpossibles-schwer-de","41":"pa_particularites-form-de","42":"pa_periodedetaille-marz-de","43":"pa_phdusolacceptable-kalkigmehrals75-de","44":"pa_phdusolacceptable-neutralzw65u75-de","45":"pa_phdusolacceptable-sauerwenigerals65-de","46":"pa_portgraphisme-ausgebreitet-de","47":"pa_resistanceaufroidrusticite-frostbestandigunter_20c-de","48":"pa_tailledepot-5liter_topf-de","49":"pa_utilisationpossible-beet-de","50":"pa_utilisationpossible-kubelodertopf-de","52":"first","53":"outofstock","54":"taxable","55":"shipping-taxable","56":"purchasable","57":"product-type-variable","58":"has-default-attributes"},"supplier_id":null,"supplier_sku":"","barcode":null,"atum_controlled":true,"out_stock_date":null,"out_stock_threshold":null,"inheritable":true,"inbound_stock":0,"stock_on_hold":0,"sold_today":0,"sales_last_days":0,"reserved_stock":0,"customer_returns":0,"warehouse_damage":0,"lost_in_post":0,"other_logs":0,"out_stock_days":null,"lost_sales":0,"has_location":false,"update_date":"2025-11-03T07:51:27","atum_locations":[],"atum_stock_status":"outofstock","restock_status":false,"low_stock_amount":"","sales_update_date":"2025-05-15T07:31:18","calc_backorders":null,"yoast_head":"<!-- This site is optimized with the Yoast SEO Premium plugin v27.5 (Yoast SEO v27.5) - https:\/\/yoast.com\/product\/yoast-seo-premium-wordpress\/ -->\n<title>PICEA abies &#039;Pusch&#039; - Gemeine Fichte<\/title>\n<meta name=\"description\" content=\"Diese Gemeine Fichte hat eine unregelm\u00e4\u00dfige Form. Am Ende der hellgr\u00fcnen Triebe von PICEA abies &#039;Pusch&#039; entwickeln sich leuchtend rosafarbene Zapfen.\" \/>\n<meta name=\"robots\" content=\"index, follow, max-snippet:-1, max-image-preview:large, max-video-preview:-1\" \/>\n<link rel=\"canonical\" href=\"https:\/\/www.vallonchene.fr\/de\/produkt\/picea-abies-pusch\/\" \/>\n<meta property=\"og:locale\" content=\"de_DE\" \/>\n<meta property=\"og:type\" content=\"article\" \/>\n<meta property=\"og:title\" content=\"PICEA abies &#039;Pusch&#039;\" \/>\n<meta property=\"og:description\" content=\"Diese Gemeine Fichte hat eine unregelm\u00e4\u00dfige Form. Am Ende der hellgr\u00fcnen Triebe von PICEA abies &#039;Pusch&#039; entwickeln sich leuchtend rosafarbene Zapfen.\" \/>\n<meta property=\"og:url\" content=\"https:\/\/www.vallonchene.fr\/de\/produkt\/picea-abies-pusch\/\" \/>\n<meta property=\"og:site_name\" content=\"Vallonch\u00eane\" \/>\n<meta property=\"article:publisher\" content=\"https:\/\/www.facebook.com\/vallonchene.fr\" \/>\n<meta property=\"article:modified_time\" content=\"2025-10-31T10:58:24+00:00\" \/>\n<meta property=\"og:image\" content=\"https:\/\/www.vallonchene.fr\/wp-content\/uploads\/2024\/05\/PICEA-abies-Pusch_01.webp\" \/>\n\t<meta property=\"og:image:width\" content=\"1024\" \/>\n\t<meta property=\"og:image:height\" content=\"1024\" \/>\n\t<meta property=\"og:image:type\" content=\"image\/webp\" \/>\n<meta name=\"twitter:card\" content=\"summary_large_image\" \/>\n<meta name=\"twitter:label1\" content=\"Verf\u00fcgbarkeit\" \/>\n\t<meta name=\"twitter:data1\" content=\"Nicht vorr\u00e4tig\" \/>\n<script type=\"application\/ld+json\" class=\"yoast-schema-graph\">{\"@context\":\"https:\\\/\\\/schema.org\",\"@graph\":[{\"@type\":\"WebPage\",\"@id\":\"https:\\\/\\\/www.vallonchene.fr\\\/de\\\/produkt\\\/picea-abies-pusch\\\/\",\"url\":\"https:\\\/\\\/www.vallonchene.fr\\\/de\\\/produkt\\\/picea-abies-pusch\\\/\",\"name\":\"PICEA abies 'Pusch' - Gemeine Fichte\",\"isPartOf\":{\"@id\":\"https:\\\/\\\/www.vallonchene.fr\\\/de\\\/#website\"},\"primaryImageOfPage\":{\"@id\":\"https:\\\/\\\/www.vallonchene.fr\\\/de\\\/produkt\\\/picea-abies-pusch\\\/#primaryimage\"},\"image\":{\"@id\":\"https:\\\/\\\/www.vallonchene.fr\\\/de\\\/produkt\\\/picea-abies-pusch\\\/#primaryimage\"},\"thumbnailUrl\":\"https:\\\/\\\/www.vallonchene.fr\\\/wp-content\\\/uploads\\\/2024\\\/05\\\/PICEA-abies-Pusch_01.webp\",\"datePublished\":\"2021-08-31T10:20:58+00:00\",\"dateModified\":\"2025-10-31T10:58:24+00:00\",\"description\":\"Diese Gemeine Fichte hat eine unregelm\u00e4\u00dfige Form. Am Ende der hellgr\u00fcnen Triebe von PICEA abies 'Pusch' entwickeln sich leuchtend rosafarbene Zapfen.\",\"breadcrumb\":{\"@id\":\"https:\\\/\\\/www.vallonchene.fr\\\/de\\\/produkt\\\/picea-abies-pusch\\\/#breadcrumb\"},\"inLanguage\":\"de\",\"potentialAction\":[{\"@type\":\"ReadAction\",\"target\":[\"https:\\\/\\\/www.vallonchene.fr\\\/de\\\/produkt\\\/picea-abies-pusch\\\/\"]}]},{\"@type\":\"ImageObject\",\"inLanguage\":\"de\",\"@id\":\"https:\\\/\\\/www.vallonchene.fr\\\/de\\\/produkt\\\/picea-abies-pusch\\\/#primaryimage\",\"url\":\"https:\\\/\\\/www.vallonchene.fr\\\/wp-content\\\/uploads\\\/2024\\\/05\\\/PICEA-abies-Pusch_01.webp\",\"contentUrl\":\"https:\\\/\\\/www.vallonchene.fr\\\/wp-content\\\/uploads\\\/2024\\\/05\\\/PICEA-abies-Pusch_01.webp\",\"width\":1024,\"height\":1024,\"caption\":\"Hellgr\u00fcne Triebe und rosa Zapfen von PICEA abies 'Pusch' im Fr\u00fchling\"},{\"@type\":\"BreadcrumbList\",\"@id\":\"https:\\\/\\\/www.vallonchene.fr\\\/de\\\/produkt\\\/picea-abies-pusch\\\/#breadcrumb\",\"itemListElement\":[{\"@type\":\"ListItem\",\"position\":1,\"name\":\"Home\",\"item\":\"https:\\\/\\\/www.vallonchene.fr\\\/de\\\/\"},{\"@type\":\"ListItem\",\"position\":2,\"name\":\"Shop\",\"item\":\"https:\\\/\\\/www.vallonchene.fr\\\/de\\\/shop\\\/\"},{\"@type\":\"ListItem\",\"position\":3,\"name\":\"Online-Verkauf\",\"item\":\"https:\\\/\\\/www.vallonchene.fr\\\/de\\\/produkt-kategorie\\\/online-verkauf-de\\\/\"},{\"@type\":\"ListItem\",\"position\":4,\"name\":\"Baumschule\",\"item\":\"https:\\\/\\\/www.vallonchene.fr\\\/de\\\/produkt-kategorie\\\/online-verkauf-de\\\/baumschule-gaertnerei-de\\\/\"},{\"@type\":\"ListItem\",\"position\":5,\"name\":\"Koniferen\",\"item\":\"https:\\\/\\\/www.vallonchene.fr\\\/de\\\/produkt-kategorie\\\/online-verkauf-de\\\/baumschule-gaertnerei-de\\\/koniferen-de\\\/\"},{\"@type\":\"ListItem\",\"position\":6,\"name\":\"PICEA abies &#8218;Pusch&#8216;\"}]},{\"@type\":\"WebSite\",\"@id\":\"https:\\\/\\\/www.vallonchene.fr\\\/de\\\/#website\",\"url\":\"https:\\\/\\\/www.vallonchene.fr\\\/de\\\/\",\"name\":\"Vallonch\u00eane\",\"description\":\"Die Baumschule, bei der Qualit\u00e4t ihre Wurzeln hat \u2013 Tel.: +49 (0)6838-5399840\",\"publisher\":{\"@id\":\"https:\\\/\\\/www.vallonchene.fr\\\/de\\\/#organization\"},\"potentialAction\":[{\"@type\":\"SearchAction\",\"target\":{\"@type\":\"EntryPoint\",\"urlTemplate\":\"https:\\\/\\\/www.vallonchene.fr\\\/de\\\/?s={search_term_string}\"},\"query-input\":{\"@type\":\"PropertyValueSpecification\",\"valueRequired\":true,\"valueName\":\"search_term_string\"}}],\"inLanguage\":\"de\"},{\"@type\":\"Organization\",\"@id\":\"https:\\\/\\\/www.vallonchene.fr\\\/de\\\/#organization\",\"name\":\"VALLONCHENE\",\"url\":\"https:\\\/\\\/www.vallonchene.fr\\\/de\\\/\",\"logo\":{\"@type\":\"ImageObject\",\"inLanguage\":\"de\",\"@id\":\"https:\\\/\\\/www.vallonchene.fr\\\/de\\\/#\\\/schema\\\/logo\\\/image\\\/\",\"url\":\"https:\\\/\\\/www.vallonchene.fr\\\/wp-content\\\/uploads\\\/2023\\\/03\\\/Logo-Vallonchene-site-et-R_hauteur_100.png\",\"contentUrl\":\"https:\\\/\\\/www.vallonchene.fr\\\/wp-content\\\/uploads\\\/2023\\\/03\\\/Logo-Vallonchene-site-et-R_hauteur_100.png\",\"width\":221,\"height\":100,\"caption\":\"VALLONCHENE\"},\"image\":{\"@id\":\"https:\\\/\\\/www.vallonchene.fr\\\/de\\\/#\\\/schema\\\/logo\\\/image\\\/\"},\"sameAs\":[\"https:\\\/\\\/www.facebook.com\\\/vallonchene.fr\",\"https:\\\/\\\/www.instagram.com\\\/vallonchene\\\/\",\"https:\\\/\\\/www.pinterest.fr\\\/vallonchene\\\/\"],\"taxID\":\"49454502300017\",\"hasMerchantReturnPolicy\":{\"@type\":\"MerchantReturnPolicy\",\"merchantReturnLink\":\"https:\\\/\\\/www.vallonchene.fr\\\/remboursements_retours\\\/\"}}]}<\/script>\n<meta property=\"og:availability\" content=\"out of stock\" \/>\n<meta property=\"product:availability\" content=\"out of stock\" \/>\n<meta property=\"product:retailer_item_id\" content=\"36891\" \/>\n<meta property=\"product:condition\" content=\"new\" \/>\n<!-- \/ Yoast SEO Premium plugin. -->","yoast_head_json":{"title":"PICEA abies 'Pusch' - Gemeine Fichte","description":"Diese Gemeine Fichte hat eine unregelm\u00e4\u00dfige Form. Am Ende der hellgr\u00fcnen Triebe von PICEA abies 'Pusch' entwickeln sich leuchtend rosafarbene Zapfen.","robots":{"index":"index","follow":"follow","max-snippet":"max-snippet:-1","max-image-preview":"max-image-preview:large","max-video-preview":"max-video-preview:-1"},"canonical":"https:\/\/www.vallonchene.fr\/de\/produkt\/picea-abies-pusch\/","og_locale":"de_DE","og_type":"article","og_title":"PICEA abies 'Pusch'","og_description":"Diese Gemeine Fichte hat eine unregelm\u00e4\u00dfige Form. Am Ende der hellgr\u00fcnen Triebe von PICEA abies 'Pusch' entwickeln sich leuchtend rosafarbene Zapfen.","og_url":"https:\/\/www.vallonchene.fr\/de\/produkt\/picea-abies-pusch\/","og_site_name":"Vallonch\u00eane","article_publisher":"https:\/\/www.facebook.com\/vallonchene.fr","article_modified_time":"2025-10-31T10:58:24+00:00","og_image":[{"width":1024,"height":1024,"url":"https:\/\/www.vallonchene.fr\/wp-content\/uploads\/2024\/05\/PICEA-abies-Pusch_01.webp","type":"image\/webp"}],"twitter_card":"summary_large_image","twitter_misc":{"Verf\u00fcgbarkeit":"Nicht vorr\u00e4tig"},"schema":{"@context":"https:\/\/schema.org","@graph":[{"@type":"WebPage","@id":"https:\/\/www.vallonchene.fr\/de\/produkt\/picea-abies-pusch\/","url":"https:\/\/www.vallonchene.fr\/de\/produkt\/picea-abies-pusch\/","name":"PICEA abies 'Pusch' - Gemeine Fichte","isPartOf":{"@id":"https:\/\/www.vallonchene.fr\/de\/#website"},"primaryImageOfPage":{"@id":"https:\/\/www.vallonchene.fr\/de\/produkt\/picea-abies-pusch\/#primaryimage"},"image":{"@id":"https:\/\/www.vallonchene.fr\/de\/produkt\/picea-abies-pusch\/#primaryimage"},"thumbnailUrl":"https:\/\/www.vallonchene.fr\/wp-content\/uploads\/2024\/05\/PICEA-abies-Pusch_01.webp","datePublished":"2021-08-31T10:20:58+00:00","dateModified":"2025-10-31T10:58:24+00:00","description":"Diese Gemeine Fichte hat eine unregelm\u00e4\u00dfige Form. Am Ende der hellgr\u00fcnen Triebe von PICEA abies 'Pusch' entwickeln sich leuchtend rosafarbene Zapfen.","breadcrumb":{"@id":"https:\/\/www.vallonchene.fr\/de\/produkt\/picea-abies-pusch\/#breadcrumb"},"inLanguage":"de","potentialAction":[{"@type":"ReadAction","target":["https:\/\/www.vallonchene.fr\/de\/produkt\/picea-abies-pusch\/"]}]},{"@type":"ImageObject","inLanguage":"de","@id":"https:\/\/www.vallonchene.fr\/de\/produkt\/picea-abies-pusch\/#primaryimage","url":"https:\/\/www.vallonchene.fr\/wp-content\/uploads\/2024\/05\/PICEA-abies-Pusch_01.webp","contentUrl":"https:\/\/www.vallonchene.fr\/wp-content\/uploads\/2024\/05\/PICEA-abies-Pusch_01.webp","width":1024,"height":1024,"caption":"Hellgr\u00fcne Triebe und rosa Zapfen von PICEA abies 'Pusch' im Fr\u00fchling"},{"@type":"BreadcrumbList","@id":"https:\/\/www.vallonchene.fr\/de\/produkt\/picea-abies-pusch\/#breadcrumb","itemListElement":[{"@type":"ListItem","position":1,"name":"Home","item":"https:\/\/www.vallonchene.fr\/de\/"},{"@type":"ListItem","position":2,"name":"Shop","item":"https:\/\/www.vallonchene.fr\/de\/shop\/"},{"@type":"ListItem","position":3,"name":"Online-Verkauf","item":"https:\/\/www.vallonchene.fr\/de\/produkt-kategorie\/online-verkauf-de\/"},{"@type":"ListItem","position":4,"name":"Baumschule","item":"https:\/\/www.vallonchene.fr\/de\/produkt-kategorie\/online-verkauf-de\/baumschule-gaertnerei-de\/"},{"@type":"ListItem","position":5,"name":"Koniferen","item":"https:\/\/www.vallonchene.fr\/de\/produkt-kategorie\/online-verkauf-de\/baumschule-gaertnerei-de\/koniferen-de\/"},{"@type":"ListItem","position":6,"name":"PICEA abies &#8218;Pusch&#8216;"}]},{"@type":"WebSite","@id":"https:\/\/www.vallonchene.fr\/de\/#website","url":"https:\/\/www.vallonchene.fr\/de\/","name":"Vallonch\u00eane","description":"Die Baumschule, bei der Qualit\u00e4t ihre Wurzeln hat \u2013 Tel.: +49 (0)6838-5399840","publisher":{"@id":"https:\/\/www.vallonchene.fr\/de\/#organization"},"potentialAction":[{"@type":"SearchAction","target":{"@type":"EntryPoint","urlTemplate":"https:\/\/www.vallonchene.fr\/de\/?s={search_term_string}"},"query-input":{"@type":"PropertyValueSpecification","valueRequired":true,"valueName":"search_term_string"}}],"inLanguage":"de"},{"@type":"Organization","@id":"https:\/\/www.vallonchene.fr\/de\/#organization","name":"VALLONCHENE","url":"https:\/\/www.vallonchene.fr\/de\/","logo":{"@type":"ImageObject","inLanguage":"de","@id":"https:\/\/www.vallonchene.fr\/de\/#\/schema\/logo\/image\/","url":"https:\/\/www.vallonchene.fr\/wp-content\/uploads\/2023\/03\/Logo-Vallonchene-site-et-R_hauteur_100.png","contentUrl":"https:\/\/www.vallonchene.fr\/wp-content\/uploads\/2023\/03\/Logo-Vallonchene-site-et-R_hauteur_100.png","width":221,"height":100,"caption":"VALLONCHENE"},"image":{"@id":"https:\/\/www.vallonchene.fr\/de\/#\/schema\/logo\/image\/"},"sameAs":["https:\/\/www.facebook.com\/vallonchene.fr","https:\/\/www.instagram.com\/vallonchene\/","https:\/\/www.pinterest.fr\/vallonchene\/"],"taxID":"49454502300017","hasMerchantReturnPolicy":{"@type":"MerchantReturnPolicy","merchantReturnLink":"https:\/\/www.vallonchene.fr\/remboursements_retours\/"}}]},"og_availability":"out of stock","product_availability":"out of stock","product_retailer_item_id":"36891","product_condition":"new"},"_links":{"self":[{"href":"https:\/\/www.vallonchene.fr\/de\/wp-json\/wp\/v2\/product\/798","targetHints":{"allow":["GET"]}}],"collection":[{"href":"https:\/\/www.vallonchene.fr\/de\/wp-json\/wp\/v2\/product"}],"about":[{"href":"https:\/\/www.vallonchene.fr\/de\/wp-json\/wp\/v2\/types\/product"}],"replies":[{"embeddable":true,"href":"https:\/\/www.vallonchene.fr\/de\/wp-json\/wp\/v2\/comments?post=798"}],"wp:featuredmedia":[{"embeddable":true,"href":"https:\/\/www.vallonchene.fr\/de\/wp-json\/wp\/v2\/media\/47358"}],"wp:attachment":[{"href":"https:\/\/www.vallonchene.fr\/de\/wp-json\/wp\/v2\/media?parent=798"}],"wp:term":[{"taxonomy":"product_brand","embeddable":true,"href":"https:\/\/www.vallonchene.fr\/de\/wp-json\/wp\/v2\/product_brand?post=798"},{"taxonomy":"product_cat","embeddable":true,"href":"https:\/\/www.vallonchene.fr\/de\/wp-json\/wp\/v2\/product_cat?post=798"},{"taxonomy":"product_tag","embeddable":true,"href":"https:\/\/www.vallonchene.fr\/de\/wp-json\/wp\/v2\/product_tag?post=798"}],"curies":[{"name":"wp","href":"https:\/\/api.w.org\/{rel}","templated":true}]}}