{"id":6881,"date":"2021-08-31T11:25:42","date_gmt":"2021-08-31T11:25:42","guid":{"rendered":"https:\/\/testing.vallonchene.fr\/produit\/pinus-mugo-wintersonne\/"},"modified":"2026-02-11T15:09:12","modified_gmt":"2026-02-11T14:09:12","slug":"pinus-mugo-wintersonne","status":"publish","type":"product","link":"https:\/\/www.vallonchene.fr\/de\/produkt\/pinus-mugo-wintersonne\/","title":{"rendered":"PINUS mugo &#8218;Wintersonne&#8216; (Winter Sun)"},"content":{"rendered":"<h2>Die Pflanze<\/h2>\n<p>Die <em>PINUS mugo &#8218;Wintersonne&#8216;<\/em> geh\u00f6rt zu den <em>Bergkiefern<\/em>. Sie tr\u00e4gt diesen Namen mit Recht.<\/p>\n<p>In der Tat zeichnet sie sich durch ihre sehr kompakte, Zwerg-Wuchsform aus, die sie von vielen anderen Bergkiefern kaum unterscheidet. Es ist jedoch vor allem im Winter, wenn sie ihr volles Attraktionspotential entfaltet. Ihr normalerweise gr\u00fcnes Laubwerk wird dann zu einem leuchtenden Gelb.<\/p>\n<p>Auf den Fotos kann man deutlich die Farbver\u00e4nderung erkennen, die im Herbst beginnt und im Winter ihren H\u00f6hepunkt erreicht. Sie verwandelt sich dann in eine wahre Lichtquelle in dieser oft dunklen Jahreszeit. Es handelt sich hierbei um eine photoadaptive Schutzma\u00dfnahme. Die Pigmente helfen der Pflanze dabei, die intensive Wintersonne zu regulieren, wenn die Photosynthese begrenzt ist.<\/p>\n<p>Au\u00dferdem ist sie sehr widerstandsf\u00e4hig gegen\u00fcber Temperaturen unter -25 \u00b0C und kann auch Trockenperioden gut \u00fcberstehen (einmal gut angewachsen).<\/p>\n<p>Schlie\u00dflich eignet sich diese Mini-Kiefer sehr gut f\u00fcr Bonsai- und Steingartenanlagen, Container und sehr kleine G\u00e4rten.<\/p>\n<h2> Geschichte und Ursprung<\/h2>\n<p>In den 80er Jahren entdeckte die australische G\u00e4rtnerei Yamina Rare Plant Nursery die <em>PINUS mugo &#8218;Wintersonne&#8216;<\/em> (auch als <em>&#8218;Winter Sun&#8216;<\/em> bekannt) als S\u00e4mling. Damit ist sie eine der wenigen Sorten von <em>PINUS mugo<\/em>, die au\u00dferhalb Europas gefunden wurden. In den 90er Jahren wurde sie dann kommerziell erh\u00e4ltlich.<\/p>\n<p>Die Art <em>PINUS mugo<\/em> selbst stammt urspr\u00fcnglich aus dem Zentrum und S\u00fcden Europas, insbesondere aus den Bergen. Hier findet man sie:<\/p>\n<ul>\n<li>in den Alpen<\/li>\n<li>in den Karpaten<\/li>\n<li>in den Balkan-Gebirgen<\/li>\n<li>in den Pyren\u00e4en (einzelne Populationen)<\/li>\n<\/ul>\n<p>Sie w\u00e4chst in H\u00f6henlagen zwischen 1000 und 2700 Metern, wo sie sich in Form von Teppichen auf H\u00e4ngen ausbreitet.<\/p>\n<p>Dar\u00fcber hinaus ist die <em>PINUS mugo<\/em> sehr widerstandsf\u00e4hig gegen\u00fcber rauen Umweltbedingungen wie:<\/p>\n<ul>\n<li>extremer K\u00e4lte<\/li>\n<li>Wind<\/li>\n<li>intensiver UV-Strahlung<\/li>\n<li>schlechten, kalkigen, sauren und felsigen B\u00f6den<\/li>\n<\/ul>\n<p>Schlie\u00dflich spielt sie eine wichtige Rolle bei:<\/p>\n<ul>\n<li>Erosionsschutz<\/li>\n<li>Stabilisierung von Lawinengebieten<\/li>\n<li>Wiederaufforstung in schlechten B\u00f6den<\/li>\n<\/ul>\n<h2>Pflanzung und Pflege der PINUS mugo &#8218;Wintersonne&#8216;<\/h2>\n<h3>Pflanzung<\/h3>\n<p>Beachten Sie bei der Pflanzung folgende Punkte:<\/p>\n<ol>\n<li>W\u00e4hlen Sie einen Platz in <strong>Vollem Sonnenlicht<\/strong>. Dies ist notwendig, um die intensivste Winterfarbe zu erzielen.<\/li>\n<li>Sie kann in einen <strong>Topf oder ein Beet<\/strong> gepflanzt werden.<\/li>\n<li>Der Boden kann <strong>leicht, normal oder schwer<\/strong> sein und einen <strong>sauren, neutralen oder kalkigen pH-Wert<\/strong> aufweisen.<\/li>\n<li>Sie w\u00e4chst in <strong>leichten, normalen oder schweren B\u00f6den<\/strong>.<\/li>\n<li>F\u00fcr eine optimale Pflanzung finden Sie <a href=\"https:\/\/www.vallonchene.fr\/comment-planter-et-entretenir-des-vegetaux\/comment-planter-et-entretenir-arbres-arbustes-et-coniferes\/\" target=\"_blank\" rel=\"noreferrer noopener\">hier spezielle Anweisungen<\/a>.<\/li>\n<\/ol>\n<h3>Pflege<\/h3>\n<p>Die <em>PINUS mugo &#8218;Wintersonne&#8216;<\/em> ist eine sehr widerstandsf\u00e4hige Pflanze. Beachten Sie jedoch eine regelm\u00e4\u00dfige <strong>Wasserzufuhr<\/strong> in den ersten zwei Jahren, bis sie gut angewachsen ist. Achten Sie darauf, <strong>nicht zu viel Wasser<\/strong> zu geben, wenn sie in Containern gepflanzt wird.<\/p>\n<p>Wenn Sie sie schneiden m\u00f6chten, tun Sie dies im Februar oder M\u00e4rz, aber auf jeden Fall vor dem <strong>Saftresen<\/strong>. Andernfalls kann es zu starken Blutungen kommen.<\/p>\n","protected":false},"excerpt":{"rendered":"<p>Diese <strong>Bergkiefer<\/strong> hat gelbe Nadeln. Die <strong>PINUS mugo &#8218;Wintersonne&#8216;<\/strong> ist eine Zwergform, die winterhart ist. Sie kann auch f\u00fcr Bonsai verwendet werden.<\/p>\n","protected":false},"featured_media":56887,"comment_status":"open","ping_status":"closed","template":"","meta":[],"product_brand":[],"product_cat":[255],"product_tag":[12906,12907,12908],"class_list":{"0":"post-6881","1":"product","2":"type-product","3":"status-publish","4":"has-post-thumbnail","6":"product_cat-koniferen-de","7":"product_tag-bergkiefer-2","8":"product_tag-latschenkiefer","9":"product_tag-mugo-kiefer","10":"pa_99-hauteurapproximativeapres1-100a150m-de","11":"pa_couleurdufeuillage-gelb-de","12":"pa_exigencesenhumidite-feucht-de","13":"pa_exigencesenhumidite-normal-de","14":"pa_exigencesenhumidite-trocken-de","15":"pa_expositionspossibles-sonnigvon12bis17uhr-de","16":"pa_hauteurlivree-100-bis-125-cm","17":"pa_hauteurlivree-125-bis-150-cm","18":"pa_hauteurlivree-150-bis-175-cm","19":"pa_hauteurlivree-175-bis-200-cm","20":"pa_hauteurlivree-25-bis-30-cm","21":"pa_hauteurlivree-30-bis-40-cm","22":"pa_hauteurlivree-300-bis-350-cm","23":"pa_hauteurlivree-35-bis-40-cm","24":"pa_hauteurlivree-40-bis-50-cm","25":"pa_hauteurlivree-40-bis-60-cm","26":"pa_hauteurlivree-50-bis-60-cm","27":"pa_hauteurlivree-60-bis-80-cm","28":"pa_hauteurlivree-70-bis-80-cm","29":"pa_hauteurlivree-80-bis-100-cm","30":"pa_interetauprintemps-form-de","31":"pa_interetauprintemps-laub-de","32":"pa_interetenautomne-form-de","33":"pa_interetenautomne-laub-de","34":"pa_interetenete-form-de","35":"pa_interetenete-laub-de","36":"pa_interetenhiver-form-de","37":"pa_interetenhiver-laub-de","38":"pa_naturedufeuillage-immergrun-de","39":"pa_naturesdesolpossibles-leicht-de","40":"pa_naturesdesolpossibles-normal-de","41":"pa_naturesdesolpossibles-schwer-de","42":"pa_particularites-form-de","43":"pa_particularites-furbonsaigeeignet-de","44":"pa_periodedetaille-febr-de","45":"pa_periodedetaille-marz-de","46":"pa_phdusolacceptable-kalkigmehrals75-de","47":"pa_phdusolacceptable-neutralzw65u75-de","48":"pa_phdusolacceptable-sauerwenigerals65-de","49":"pa_portgraphisme-rund-de","50":"pa_resistanceaufroidrusticite-frostbestandigunter_20c-de","51":"pa_tailledepot-1liter_topf-de","52":"pa_tailledepot-10liter_topf-de","53":"pa_tailledepot-15liter_topf-de","54":"pa_tailledepot-2liter_topf-de","55":"pa_tailledepot-3liter_topf-de","56":"pa_tailledepot-30liter_topf-de","57":"pa_tailledepot-35liter_topf-de","58":"pa_tailledepot-4liter_topf-de","59":"pa_tailledepot-5liter_topf-de","60":"pa_tailledepot-7_cm_topf-de","61":"pa_tailledepot-75liter_topf-de","62":"pa_tailledepot-ballen-de","63":"pa_tailledepot-nackte-wurzeln","64":"pa_utilisationpossible-beet-de","65":"pa_utilisationpossible-kubelodertopf-de","67":"first","68":"instock","69":"taxable","70":"shipping-taxable","71":"purchasable","72":"product-type-variable"},"supplier_id":null,"supplier_sku":"","barcode":null,"atum_controlled":true,"out_stock_date":null,"out_stock_threshold":null,"inheritable":true,"inbound_stock":0,"stock_on_hold":0,"sold_today":0,"sales_last_days":0,"reserved_stock":0,"customer_returns":0,"warehouse_damage":0,"lost_in_post":0,"other_logs":0,"out_stock_days":null,"lost_sales":0,"has_location":false,"update_date":"2026-03-23T08:38:52","atum_locations":[],"atum_stock_status":"instock","restock_status":false,"low_stock_amount":"","sales_update_date":"2026-02-04T14:05:45","calc_backorders":null,"yoast_head":"<!-- This site is optimized with the Yoast SEO Premium plugin v27.5 (Yoast SEO v27.5) - https:\/\/yoast.com\/product\/yoast-seo-premium-wordpress\/ -->\n<title>PINUS mugo &#039;Wintersonne&#039; (Winter Sun) - Bergkiefer<\/title>\n<meta name=\"description\" content=\"Diese Bergkiefer hat gelbe Nadeln. Die PINUS mugo &#039;Wintersonne&#039; (Winter Sun) ist eine winterharte Zwergform. Sie wird auch f\u00fcr Bonsai verwendet.\" \/>\n<meta name=\"robots\" content=\"index, follow, max-snippet:-1, max-image-preview:large, max-video-preview:-1\" \/>\n<link rel=\"canonical\" href=\"https:\/\/www.vallonchene.fr\/de\/produkt\/pinus-mugo-wintersonne\/\" \/>\n<meta property=\"og:locale\" content=\"de_DE\" \/>\n<meta property=\"og:type\" content=\"article\" \/>\n<meta property=\"og:title\" content=\"PINUS mugo &#039;Wintersonne&#039; (Winter Sun)\" \/>\n<meta property=\"og:description\" content=\"Diese Bergkiefer hat gelbe Nadeln. Die PINUS mugo &#039;Wintersonne&#039; (Winter Sun) ist eine winterharte Zwergform. Sie wird auch f\u00fcr Bonsai verwendet.\" \/>\n<meta property=\"og:url\" content=\"https:\/\/www.vallonchene.fr\/de\/produkt\/pinus-mugo-wintersonne\/\" \/>\n<meta property=\"og:site_name\" content=\"Vallonch\u00eane\" \/>\n<meta property=\"article:publisher\" content=\"https:\/\/www.facebook.com\/vallonchene.fr\" \/>\n<meta property=\"article:modified_time\" content=\"2026-02-11T14:09:12+00:00\" \/>\n<meta property=\"og:image\" content=\"https:\/\/www.vallonchene.fr\/wp-content\/uploads\/2026\/02\/PINUS-mugo-Wintersonne.webp\" \/>\n\t<meta property=\"og:image:width\" content=\"1000\" \/>\n\t<meta property=\"og:image:height\" content=\"1000\" \/>\n\t<meta property=\"og:image:type\" content=\"image\/webp\" \/>\n<meta name=\"twitter:card\" content=\"summary_large_image\" \/>\n<meta name=\"twitter:label1\" content=\"Verf\u00fcgbarkeit\" \/>\n\t<meta name=\"twitter:data1\" content=\"Vorr\u00e4tig\" \/>\n<script type=\"application\/ld+json\" class=\"yoast-schema-graph\">{\"@context\":\"https:\\\/\\\/schema.org\",\"@graph\":[{\"@type\":\"WebPage\",\"@id\":\"https:\\\/\\\/www.vallonchene.fr\\\/de\\\/produkt\\\/pinus-mugo-wintersonne\\\/\",\"url\":\"https:\\\/\\\/www.vallonchene.fr\\\/de\\\/produkt\\\/pinus-mugo-wintersonne\\\/\",\"name\":\"PINUS mugo 'Wintersonne' (Winter Sun) - Bergkiefer\",\"isPartOf\":{\"@id\":\"https:\\\/\\\/www.vallonchene.fr\\\/de\\\/#website\"},\"primaryImageOfPage\":{\"@id\":\"https:\\\/\\\/www.vallonchene.fr\\\/de\\\/produkt\\\/pinus-mugo-wintersonne\\\/#primaryimage\"},\"image\":{\"@id\":\"https:\\\/\\\/www.vallonchene.fr\\\/de\\\/produkt\\\/pinus-mugo-wintersonne\\\/#primaryimage\"},\"thumbnailUrl\":\"https:\\\/\\\/www.vallonchene.fr\\\/wp-content\\\/uploads\\\/2026\\\/02\\\/PINUS-mugo-Wintersonne.webp\",\"datePublished\":\"2021-08-31T11:25:42+00:00\",\"dateModified\":\"2026-02-11T14:09:12+00:00\",\"description\":\"Diese Bergkiefer hat gelbe Nadeln. Die PINUS mugo 'Wintersonne' (Winter Sun) ist eine winterharte Zwergform. Sie wird auch f\u00fcr Bonsai verwendet.\",\"breadcrumb\":{\"@id\":\"https:\\\/\\\/www.vallonchene.fr\\\/de\\\/produkt\\\/pinus-mugo-wintersonne\\\/#breadcrumb\"},\"inLanguage\":\"de\",\"potentialAction\":[{\"@type\":\"ReadAction\",\"target\":[\"https:\\\/\\\/www.vallonchene.fr\\\/de\\\/produkt\\\/pinus-mugo-wintersonne\\\/\"]}]},{\"@type\":\"ImageObject\",\"inLanguage\":\"de\",\"@id\":\"https:\\\/\\\/www.vallonchene.fr\\\/de\\\/produkt\\\/pinus-mugo-wintersonne\\\/#primaryimage\",\"url\":\"https:\\\/\\\/www.vallonchene.fr\\\/wp-content\\\/uploads\\\/2026\\\/02\\\/PINUS-mugo-Wintersonne.webp\",\"contentUrl\":\"https:\\\/\\\/www.vallonchene.fr\\\/wp-content\\\/uploads\\\/2026\\\/02\\\/PINUS-mugo-Wintersonne.webp\",\"width\":1000,\"height\":1000,\"caption\":\"Winterpracht von PINUS mugo 'Wintersonne' in einem bemerkenswert intensiven Gelb\"},{\"@type\":\"BreadcrumbList\",\"@id\":\"https:\\\/\\\/www.vallonchene.fr\\\/de\\\/produkt\\\/pinus-mugo-wintersonne\\\/#breadcrumb\",\"itemListElement\":[{\"@type\":\"ListItem\",\"position\":1,\"name\":\"Home\",\"item\":\"https:\\\/\\\/www.vallonchene.fr\\\/de\\\/\"},{\"@type\":\"ListItem\",\"position\":2,\"name\":\"Shop\",\"item\":\"https:\\\/\\\/www.vallonchene.fr\\\/de\\\/shop\\\/\"},{\"@type\":\"ListItem\",\"position\":3,\"name\":\"Online-Verkauf\",\"item\":\"https:\\\/\\\/www.vallonchene.fr\\\/de\\\/produkt-kategorie\\\/online-verkauf-de\\\/\"},{\"@type\":\"ListItem\",\"position\":4,\"name\":\"Baumschule\",\"item\":\"https:\\\/\\\/www.vallonchene.fr\\\/de\\\/produkt-kategorie\\\/online-verkauf-de\\\/baumschule-gaertnerei-de\\\/\"},{\"@type\":\"ListItem\",\"position\":5,\"name\":\"Koniferen\",\"item\":\"https:\\\/\\\/www.vallonchene.fr\\\/de\\\/produkt-kategorie\\\/online-verkauf-de\\\/baumschule-gaertnerei-de\\\/koniferen-de\\\/\"},{\"@type\":\"ListItem\",\"position\":6,\"name\":\"PINUS mugo &lsquo;Wintersonne&rsquo; (Winter Sun)\"}]},{\"@type\":\"WebSite\",\"@id\":\"https:\\\/\\\/www.vallonchene.fr\\\/de\\\/#website\",\"url\":\"https:\\\/\\\/www.vallonchene.fr\\\/de\\\/\",\"name\":\"Vallonch\u00eane\",\"description\":\"Die Baumschule, bei der Qualit\u00e4t ihre Wurzeln hat \u2013 Tel.: +49 (0)6838-5399840\",\"publisher\":{\"@id\":\"https:\\\/\\\/www.vallonchene.fr\\\/de\\\/#organization\"},\"potentialAction\":[{\"@type\":\"SearchAction\",\"target\":{\"@type\":\"EntryPoint\",\"urlTemplate\":\"https:\\\/\\\/www.vallonchene.fr\\\/de\\\/?s={search_term_string}\"},\"query-input\":{\"@type\":\"PropertyValueSpecification\",\"valueRequired\":true,\"valueName\":\"search_term_string\"}}],\"inLanguage\":\"de\"},{\"@type\":\"Organization\",\"@id\":\"https:\\\/\\\/www.vallonchene.fr\\\/de\\\/#organization\",\"name\":\"VALLONCHENE\",\"url\":\"https:\\\/\\\/www.vallonchene.fr\\\/de\\\/\",\"logo\":{\"@type\":\"ImageObject\",\"inLanguage\":\"de\",\"@id\":\"https:\\\/\\\/www.vallonchene.fr\\\/de\\\/#\\\/schema\\\/logo\\\/image\\\/\",\"url\":\"https:\\\/\\\/www.vallonchene.fr\\\/wp-content\\\/uploads\\\/2023\\\/03\\\/Logo-Vallonchene-site-et-R_hauteur_100.png\",\"contentUrl\":\"https:\\\/\\\/www.vallonchene.fr\\\/wp-content\\\/uploads\\\/2023\\\/03\\\/Logo-Vallonchene-site-et-R_hauteur_100.png\",\"width\":221,\"height\":100,\"caption\":\"VALLONCHENE\"},\"image\":{\"@id\":\"https:\\\/\\\/www.vallonchene.fr\\\/de\\\/#\\\/schema\\\/logo\\\/image\\\/\"},\"sameAs\":[\"https:\\\/\\\/www.facebook.com\\\/vallonchene.fr\",\"https:\\\/\\\/www.instagram.com\\\/vallonchene\\\/\",\"https:\\\/\\\/www.pinterest.fr\\\/vallonchene\\\/\"],\"taxID\":\"49454502300017\",\"hasMerchantReturnPolicy\":{\"@type\":\"MerchantReturnPolicy\",\"merchantReturnLink\":\"https:\\\/\\\/www.vallonchene.fr\\\/remboursements_retours\\\/\"}}]}<\/script>\n<meta property=\"og:availability\" content=\"instock\" \/>\n<meta property=\"product:availability\" content=\"instock\" \/>\n<meta property=\"product:retailer_item_id\" content=\"87122\" \/>\n<meta property=\"product:condition\" content=\"new\" \/>\n<!-- \/ Yoast SEO Premium plugin. -->","yoast_head_json":{"title":"PINUS mugo 'Wintersonne' (Winter Sun) - Bergkiefer","description":"Diese Bergkiefer hat gelbe Nadeln. Die PINUS mugo 'Wintersonne' (Winter Sun) ist eine winterharte Zwergform. Sie wird auch f\u00fcr Bonsai verwendet.","robots":{"index":"index","follow":"follow","max-snippet":"max-snippet:-1","max-image-preview":"max-image-preview:large","max-video-preview":"max-video-preview:-1"},"canonical":"https:\/\/www.vallonchene.fr\/de\/produkt\/pinus-mugo-wintersonne\/","og_locale":"de_DE","og_type":"article","og_title":"PINUS mugo 'Wintersonne' (Winter Sun)","og_description":"Diese Bergkiefer hat gelbe Nadeln. Die PINUS mugo 'Wintersonne' (Winter Sun) ist eine winterharte Zwergform. Sie wird auch f\u00fcr Bonsai verwendet.","og_url":"https:\/\/www.vallonchene.fr\/de\/produkt\/pinus-mugo-wintersonne\/","og_site_name":"Vallonch\u00eane","article_publisher":"https:\/\/www.facebook.com\/vallonchene.fr","article_modified_time":"2026-02-11T14:09:12+00:00","og_image":[{"width":1000,"height":1000,"url":"https:\/\/www.vallonchene.fr\/wp-content\/uploads\/2026\/02\/PINUS-mugo-Wintersonne.webp","type":"image\/webp"}],"twitter_card":"summary_large_image","twitter_misc":{"Verf\u00fcgbarkeit":"Vorr\u00e4tig"},"schema":{"@context":"https:\/\/schema.org","@graph":[{"@type":"WebPage","@id":"https:\/\/www.vallonchene.fr\/de\/produkt\/pinus-mugo-wintersonne\/","url":"https:\/\/www.vallonchene.fr\/de\/produkt\/pinus-mugo-wintersonne\/","name":"PINUS mugo 'Wintersonne' (Winter Sun) - Bergkiefer","isPartOf":{"@id":"https:\/\/www.vallonchene.fr\/de\/#website"},"primaryImageOfPage":{"@id":"https:\/\/www.vallonchene.fr\/de\/produkt\/pinus-mugo-wintersonne\/#primaryimage"},"image":{"@id":"https:\/\/www.vallonchene.fr\/de\/produkt\/pinus-mugo-wintersonne\/#primaryimage"},"thumbnailUrl":"https:\/\/www.vallonchene.fr\/wp-content\/uploads\/2026\/02\/PINUS-mugo-Wintersonne.webp","datePublished":"2021-08-31T11:25:42+00:00","dateModified":"2026-02-11T14:09:12+00:00","description":"Diese Bergkiefer hat gelbe Nadeln. Die PINUS mugo 'Wintersonne' (Winter Sun) ist eine winterharte Zwergform. Sie wird auch f\u00fcr Bonsai verwendet.","breadcrumb":{"@id":"https:\/\/www.vallonchene.fr\/de\/produkt\/pinus-mugo-wintersonne\/#breadcrumb"},"inLanguage":"de","potentialAction":[{"@type":"ReadAction","target":["https:\/\/www.vallonchene.fr\/de\/produkt\/pinus-mugo-wintersonne\/"]}]},{"@type":"ImageObject","inLanguage":"de","@id":"https:\/\/www.vallonchene.fr\/de\/produkt\/pinus-mugo-wintersonne\/#primaryimage","url":"https:\/\/www.vallonchene.fr\/wp-content\/uploads\/2026\/02\/PINUS-mugo-Wintersonne.webp","contentUrl":"https:\/\/www.vallonchene.fr\/wp-content\/uploads\/2026\/02\/PINUS-mugo-Wintersonne.webp","width":1000,"height":1000,"caption":"Winterpracht von PINUS mugo 'Wintersonne' in einem bemerkenswert intensiven Gelb"},{"@type":"BreadcrumbList","@id":"https:\/\/www.vallonchene.fr\/de\/produkt\/pinus-mugo-wintersonne\/#breadcrumb","itemListElement":[{"@type":"ListItem","position":1,"name":"Home","item":"https:\/\/www.vallonchene.fr\/de\/"},{"@type":"ListItem","position":2,"name":"Shop","item":"https:\/\/www.vallonchene.fr\/de\/shop\/"},{"@type":"ListItem","position":3,"name":"Online-Verkauf","item":"https:\/\/www.vallonchene.fr\/de\/produkt-kategorie\/online-verkauf-de\/"},{"@type":"ListItem","position":4,"name":"Baumschule","item":"https:\/\/www.vallonchene.fr\/de\/produkt-kategorie\/online-verkauf-de\/baumschule-gaertnerei-de\/"},{"@type":"ListItem","position":5,"name":"Koniferen","item":"https:\/\/www.vallonchene.fr\/de\/produkt-kategorie\/online-verkauf-de\/baumschule-gaertnerei-de\/koniferen-de\/"},{"@type":"ListItem","position":6,"name":"PINUS mugo &lsquo;Wintersonne&rsquo; (Winter Sun)"}]},{"@type":"WebSite","@id":"https:\/\/www.vallonchene.fr\/de\/#website","url":"https:\/\/www.vallonchene.fr\/de\/","name":"Vallonch\u00eane","description":"Die Baumschule, bei der Qualit\u00e4t ihre Wurzeln hat \u2013 Tel.: +49 (0)6838-5399840","publisher":{"@id":"https:\/\/www.vallonchene.fr\/de\/#organization"},"potentialAction":[{"@type":"SearchAction","target":{"@type":"EntryPoint","urlTemplate":"https:\/\/www.vallonchene.fr\/de\/?s={search_term_string}"},"query-input":{"@type":"PropertyValueSpecification","valueRequired":true,"valueName":"search_term_string"}}],"inLanguage":"de"},{"@type":"Organization","@id":"https:\/\/www.vallonchene.fr\/de\/#organization","name":"VALLONCHENE","url":"https:\/\/www.vallonchene.fr\/de\/","logo":{"@type":"ImageObject","inLanguage":"de","@id":"https:\/\/www.vallonchene.fr\/de\/#\/schema\/logo\/image\/","url":"https:\/\/www.vallonchene.fr\/wp-content\/uploads\/2023\/03\/Logo-Vallonchene-site-et-R_hauteur_100.png","contentUrl":"https:\/\/www.vallonchene.fr\/wp-content\/uploads\/2023\/03\/Logo-Vallonchene-site-et-R_hauteur_100.png","width":221,"height":100,"caption":"VALLONCHENE"},"image":{"@id":"https:\/\/www.vallonchene.fr\/de\/#\/schema\/logo\/image\/"},"sameAs":["https:\/\/www.facebook.com\/vallonchene.fr","https:\/\/www.instagram.com\/vallonchene\/","https:\/\/www.pinterest.fr\/vallonchene\/"],"taxID":"49454502300017","hasMerchantReturnPolicy":{"@type":"MerchantReturnPolicy","merchantReturnLink":"https:\/\/www.vallonchene.fr\/remboursements_retours\/"}}]},"og_availability":"instock","product_availability":"instock","product_retailer_item_id":"87122","product_condition":"new"},"_links":{"self":[{"href":"https:\/\/www.vallonchene.fr\/de\/wp-json\/wp\/v2\/product\/6881","targetHints":{"allow":["GET"]}}],"collection":[{"href":"https:\/\/www.vallonchene.fr\/de\/wp-json\/wp\/v2\/product"}],"about":[{"href":"https:\/\/www.vallonchene.fr\/de\/wp-json\/wp\/v2\/types\/product"}],"replies":[{"embeddable":true,"href":"https:\/\/www.vallonchene.fr\/de\/wp-json\/wp\/v2\/comments?post=6881"}],"wp:featuredmedia":[{"embeddable":true,"href":"https:\/\/www.vallonchene.fr\/de\/wp-json\/wp\/v2\/media\/56887"}],"wp:attachment":[{"href":"https:\/\/www.vallonchene.fr\/de\/wp-json\/wp\/v2\/media?parent=6881"}],"wp:term":[{"taxonomy":"product_brand","embeddable":true,"href":"https:\/\/www.vallonchene.fr\/de\/wp-json\/wp\/v2\/product_brand?post=6881"},{"taxonomy":"product_cat","embeddable":true,"href":"https:\/\/www.vallonchene.fr\/de\/wp-json\/wp\/v2\/product_cat?post=6881"},{"taxonomy":"product_tag","embeddable":true,"href":"https:\/\/www.vallonchene.fr\/de\/wp-json\/wp\/v2\/product_tag?post=6881"}],"curies":[{"name":"wp","href":"https:\/\/api.w.org\/{rel}","templated":true}]}}