{"id":6638,"date":"2021-08-31T11:04:38","date_gmt":"2021-08-31T11:04:38","guid":{"rendered":"https:\/\/testing.vallonchene.fr\/produit\/ginkgo-biloba-mariken\/"},"modified":"2025-09-22T10:36:00","modified_gmt":"2025-09-22T08:36:00","slug":"ginkgo-biloba-mariken","status":"publish","type":"product","link":"https:\/\/www.vallonchene.fr\/de\/produkt\/ginkgo-biloba-mariken\/","title":{"rendered":"GINKGO biloba &#8218;Mariken&#8216;"},"content":{"rendered":"<h2>Die Pflanze<\/h2>\n<p>Der <strong>GINKGO biloba &#8218;Mariken&#8216;<\/strong> ist ein <strong>winziger F\u00e4cherblattbaum<\/strong>. Im Gegensatz zu seinen eher aufrecht wachsenden Vorfahren w\u00e4chst er nur wenige Zentimeter pro Jahr in einer <strong>kugeligen und kompakten Form<\/strong>. Dennoch ist dieser Mini-Baum genauso <strong>widerstandsf\u00e4hig, auch gegen\u00fcber Krankheiten und Umweltverschmutzung<\/strong>.  <\/p>\n<p>Au\u00dferdem sind die <strong>gr\u00fcnen Bl\u00e4tter von normaler Gr\u00f6\u00dfe, aber sehr dicht<\/strong>. Im Herbst f\u00e4rben sie sich intensiv gelb. <\/p>\n<p>Angesichts ihrer \u00e4u\u00dferst geringen Gr\u00f6\u00dfe ist diese Pflanze nat\u00fcrlich <strong>f\u00fcr G\u00e4rten jeder Gr\u00f6\u00dfe geeignet<\/strong>, selbst f\u00fcr die kleinsten. Sie l\u00e4sst sich auch <strong>hervorragend in T\u00f6pfen<\/strong> auf einer Terrasse oder in einem Innenhof kultivieren. <\/p>\n<p>Nat\u00fcrlich werden Bonsai-Liebhaber begeistert sein, denn dieses <strong>lebende Fossil aus der Urzeit<\/strong> eignet sich hervorragend f\u00fcr diese \u00e4u\u00dferst filigrane Kunst.<\/p>\n<p>Um alle derzeit verf\u00fcgbaren GINKGO zu sehen, <strong><a href=\"https:\/\/www.vallonchene.fr\/de\/?s=ginkgo&amp;post_type=product&amp;dgwt_wcas=1&amp;lang=fr&amp;filter_stock_status=instock\">klicken Sie bitte hier<\/a><\/strong>.<\/p>\n<h2>Wie pflanzt und pflegt man GINKGO biloba &#8218;Mariken&#8216;?<\/h2>\n<h3>Pflanzung<\/h3>\n<p>Trotz der Tatsache, dass es sich um eine anspruchslose Pflanze handelt, beachten Sie bitte die folgenden Punkte:<\/p>\n<ol>\n<li>Der Pflanzort kann <strong>in voller Sonne, im Schatten oder im Halbschatten<\/strong> liegen. Unabh\u00e4ngig von der Belichtung entwickelt sich diese Pflanze problemlos. <\/li>\n<li>Sie toleriert <strong>leichten, normalen oder schweren Boden<\/strong> mit <strong>saurem, neutralem oder kalkhaltigem pH-Wert<\/strong>.<\/li>\n<li>W\u00e4hlen Sie einen <strong>feuchten, m\u00e4\u00dfig feuchten oder trockenen Standort<\/strong>.<\/li>\n<li><a href=\"https:\/\/www.vallonchene.fr\/comment-planter-et-entretenir-des-vegetaux\/comment-planter-et-entretenir-arbres-arbustes-et-coniferes\/\" target=\"_blank\" rel=\"noreferrer noopener\"><strong>F\u00fcr eine gute Vorbereitung des Pflanzlochs haben wir spezielle Anweisungen entwickelt, die hier verf\u00fcgbar sind. <\/strong><\/a><\/li>\n<\/ol>\n<h3>Pflege<\/h3>\n<p>Dieser Mini-Baum erfordert keine besondere Pflege. Dennoch sollten Sie w\u00e4hrend Trockenperioden in den ersten zwei Jahren die Bew\u00e4sserung im Auge behalten, bis sich die Pflanze gut etabliert hat.  <a href=\"https:\/\/www.vallonchene.fr\/comment-bien-arroser-le-jardin-et-economiser-leau\/\"><strong>Lesen Sie hier auch unsere Tipps zum richtigen Gie\u00dfen und Wassersparen<\/strong><\/a>.<\/p>\n<p>Wenn Sie die Pflanze schneiden m\u00f6chten, tun Sie dies im M\u00e4rz vor dem Neuaustrieb.<\/p>\n<h2>Geschichte und Herkunft<\/h2>\n<p>Die GINKGO biloba stellen eine Baumlinie dar, die vor \u00fcber 270 Millionen Jahren entstanden ist \u2013 lange vor den Dinosauriern. Sie hat Eiszeiten und geologische Umw\u00e4lzungen \u00fcberstanden. Diese B\u00e4ume wurden in buddhistischen Tempeln kultiviert.  <\/p>\n<p>Was diese Art so faszinierend macht, ist auch ihre Widerstandsf\u00e4higkeit: Sie hat den Atombombenabwurf auf Hiroshima \u00fcberlebt und wurde so zu einem Symbol f\u00fcr Frieden und Langlebigkeit.<\/p>\n<p>Die Miniaturform GINKGO biloba &#8218;Mariken&#8216; wurde in den 1990er-Jahren in den Niederlanden, in der Stadt Nijmegen, entdeckt. Sie zeichnet sich durch ihre besonderen Zierqualit\u00e4ten aus. <\/p><\/p>\n","protected":false},"excerpt":{"rendered":"<p class=\"ai-optimize-27\">Dieser <strong>F\u00e4cherblattbaum<\/strong> ist eine zwergw\u00fcchsige und kugelf\u00f6rmige Variante. Der <strong>GINKGO biloba &#8218;Mariken&#8216;<\/strong> besitzt ein sehr dichtes Laub. Er ist vollkommen winterhart und eignet sich ideal f\u00fcr kleine G\u00e4rten, Steing\u00e4rten und f\u00fcr die Bonsai-Gestaltung. Es handelt sich um eine m\u00e4nnliche Pflanze.   <\/p>\n","protected":false},"featured_media":54035,"comment_status":"open","ping_status":"closed","template":"","meta":[],"product_brand":[],"product_cat":[255],"product_tag":[12593,12592,12591],"class_list":{"0":"post-6638","1":"product","2":"type-product","3":"status-publish","4":"has-post-thumbnail","6":"product_cat-koniferen-de","7":"product_tag-facherblattbaum","8":"product_tag-ginkgo-de","9":"product_tag-ginkgo-biloba-de","10":"pa_99-hauteurapproximativeapres1-50_100cm-de","11":"pa_couleurdufeuillage-grun-de","12":"pa_exigencesenhumidite-feucht-de","13":"pa_exigencesenhumidite-normal-de","14":"pa_exigencesenhumidite-trocken-de","15":"pa_expositionspossibles-ce-halbschattigsonnezw12und17-de","16":"pa_expositionspossibles-fc-schattigkeindirektessonnen-de","17":"pa_expositionspossibles-sonnigvon12bis17uhr-de","18":"pa_hauteurlivree-30-bis-40-cm","19":"pa_hauteurlivree-40-bis-50-cm","20":"pa_interetauprintemps-form-de","21":"pa_interetauprintemps-jungesprossen-de","22":"pa_interetauprintemps-laub-de","23":"pa_interetenautomne-form-de","24":"pa_interetenautomne-laub-de","25":"pa_interetenete-form-de","26":"pa_interetenete-laub-de","27":"pa_interetenhiver-form-de","28":"pa_naturedufeuillage-nichtimmergrun-de","29":"pa_naturesdesolpossibles-leicht-de","30":"pa_naturesdesolpossibles-normal-de","31":"pa_naturesdesolpossibles-schwer-de","32":"pa_particularites-form-de","33":"pa_particularites-furbonsaigeeignet-de","34":"pa_periodedetaille-marz-de","35":"pa_phdusolacceptable-kalkigmehrals75-de","36":"pa_phdusolacceptable-neutralzw65u75-de","37":"pa_phdusolacceptable-sauerwenigerals65-de","38":"pa_portgraphisme-rund-de","39":"pa_resistanceaufroidrusticite-frostbestandigunter_20c-de","40":"pa_tailledepot-3liter_topf-de","41":"pa_utilisationpossible-beet-de","42":"pa_utilisationpossible-kubelodertopf-de","44":"first","45":"instock","46":"taxable","47":"shipping-taxable","48":"purchasable","49":"product-type-variable"},"supplier_id":null,"supplier_sku":"","barcode":null,"atum_controlled":true,"out_stock_date":"2024-09-27 08:15:39","out_stock_threshold":null,"inheritable":true,"inbound_stock":0,"stock_on_hold":0,"sold_today":0,"sales_last_days":0,"reserved_stock":0,"customer_returns":0,"warehouse_damage":0,"lost_in_post":0,"other_logs":0,"out_stock_days":394,"lost_sales":0,"has_location":false,"update_date":"2025-10-26T09:52:30","atum_locations":[],"atum_stock_status":"instock","restock_status":false,"low_stock_amount":"","sales_update_date":"2025-09-22T08:34:55","calc_backorders":null,"yoast_head":"<!-- This site is optimized with the Yoast SEO Premium plugin v27.5 (Yoast SEO v27.5) - https:\/\/yoast.com\/product\/yoast-seo-premium-wordpress\/ -->\n<title>GINKGO biloba &#039;Mariken&#039; -Zwerg-F\u00e4cherblattbaum<\/title>\n<meta name=\"description\" content=\"Dieser F\u00e4cherblattbaum ist eine zwergw\u00fcchsige und kugelf\u00f6rmige Form. Der GINKGO biloba &#039;Mariken&#039; tr\u00e4gt gr\u00fcne Bl\u00e4tter, die sich im Herbst leuchtend gelb verf\u00e4rben.\" \/>\n<meta name=\"robots\" content=\"index, follow, max-snippet:-1, max-image-preview:large, max-video-preview:-1\" \/>\n<link rel=\"canonical\" href=\"https:\/\/www.vallonchene.fr\/de\/produkt\/ginkgo-biloba-mariken\/\" \/>\n<meta property=\"og:locale\" content=\"de_DE\" \/>\n<meta property=\"og:type\" content=\"article\" \/>\n<meta property=\"og:title\" content=\"GINKGO biloba &#039;Mariken&#039;\" \/>\n<meta property=\"og:description\" content=\"Dieser F\u00e4cherblattbaum ist eine zwergw\u00fcchsige und kugelf\u00f6rmige Form. Der GINKGO biloba &#039;Mariken&#039; tr\u00e4gt gr\u00fcne Bl\u00e4tter, die sich im Herbst leuchtend gelb verf\u00e4rben.\" \/>\n<meta property=\"og:url\" content=\"https:\/\/www.vallonchene.fr\/de\/produkt\/ginkgo-biloba-mariken\/\" \/>\n<meta property=\"og:site_name\" content=\"Vallonch\u00eane\" \/>\n<meta property=\"article:publisher\" content=\"https:\/\/www.facebook.com\/vallonchene.fr\" \/>\n<meta property=\"article:modified_time\" content=\"2025-09-22T08:36:00+00:00\" \/>\n<meta property=\"og:image\" content=\"https:\/\/www.vallonchene.fr\/wp-content\/uploads\/2025\/06\/IMG_20250611_101043.webp\" \/>\n\t<meta property=\"og:image:width\" content=\"1200\" \/>\n\t<meta property=\"og:image:height\" content=\"1200\" \/>\n\t<meta property=\"og:image:type\" content=\"image\/webp\" \/>\n<meta name=\"twitter:card\" content=\"summary_large_image\" \/>\n<meta name=\"twitter:label1\" content=\"Verf\u00fcgbarkeit\" \/>\n\t<meta name=\"twitter:data1\" content=\"Vorr\u00e4tig\" \/>\n<script type=\"application\/ld+json\" class=\"yoast-schema-graph\">{\"@context\":\"https:\\\/\\\/schema.org\",\"@graph\":[{\"@type\":\"WebPage\",\"@id\":\"https:\\\/\\\/www.vallonchene.fr\\\/de\\\/produkt\\\/ginkgo-biloba-mariken\\\/\",\"url\":\"https:\\\/\\\/www.vallonchene.fr\\\/de\\\/produkt\\\/ginkgo-biloba-mariken\\\/\",\"name\":\"GINKGO biloba 'Mariken' -Zwerg-F\u00e4cherblattbaum\",\"isPartOf\":{\"@id\":\"https:\\\/\\\/www.vallonchene.fr\\\/de\\\/#website\"},\"primaryImageOfPage\":{\"@id\":\"https:\\\/\\\/www.vallonchene.fr\\\/de\\\/produkt\\\/ginkgo-biloba-mariken\\\/#primaryimage\"},\"image\":{\"@id\":\"https:\\\/\\\/www.vallonchene.fr\\\/de\\\/produkt\\\/ginkgo-biloba-mariken\\\/#primaryimage\"},\"thumbnailUrl\":\"https:\\\/\\\/www.vallonchene.fr\\\/wp-content\\\/uploads\\\/2025\\\/06\\\/IMG_20250611_101043.webp\",\"datePublished\":\"2021-08-31T11:04:38+00:00\",\"dateModified\":\"2025-09-22T08:36:00+00:00\",\"description\":\"Dieser F\u00e4cherblattbaum ist eine zwergw\u00fcchsige und kugelf\u00f6rmige Form. Der GINKGO biloba 'Mariken' tr\u00e4gt gr\u00fcne Bl\u00e4tter, die sich im Herbst leuchtend gelb verf\u00e4rben.\",\"breadcrumb\":{\"@id\":\"https:\\\/\\\/www.vallonchene.fr\\\/de\\\/produkt\\\/ginkgo-biloba-mariken\\\/#breadcrumb\"},\"inLanguage\":\"de\",\"potentialAction\":[{\"@type\":\"ReadAction\",\"target\":[\"https:\\\/\\\/www.vallonchene.fr\\\/de\\\/produkt\\\/ginkgo-biloba-mariken\\\/\"]}]},{\"@type\":\"ImageObject\",\"inLanguage\":\"de\",\"@id\":\"https:\\\/\\\/www.vallonchene.fr\\\/de\\\/produkt\\\/ginkgo-biloba-mariken\\\/#primaryimage\",\"url\":\"https:\\\/\\\/www.vallonchene.fr\\\/wp-content\\\/uploads\\\/2025\\\/06\\\/IMG_20250611_101043.webp\",\"contentUrl\":\"https:\\\/\\\/www.vallonchene.fr\\\/wp-content\\\/uploads\\\/2025\\\/06\\\/IMG_20250611_101043.webp\",\"width\":1200,\"height\":1200,\"caption\":\"Draufsicht auf die Bl\u00e4tter des GINKGO biloba 'Mariken'\"},{\"@type\":\"BreadcrumbList\",\"@id\":\"https:\\\/\\\/www.vallonchene.fr\\\/de\\\/produkt\\\/ginkgo-biloba-mariken\\\/#breadcrumb\",\"itemListElement\":[{\"@type\":\"ListItem\",\"position\":1,\"name\":\"Home\",\"item\":\"https:\\\/\\\/www.vallonchene.fr\\\/de\\\/\"},{\"@type\":\"ListItem\",\"position\":2,\"name\":\"Shop\",\"item\":\"https:\\\/\\\/www.vallonchene.fr\\\/de\\\/shop\\\/\"},{\"@type\":\"ListItem\",\"position\":3,\"name\":\"Online-Verkauf\",\"item\":\"https:\\\/\\\/www.vallonchene.fr\\\/de\\\/produkt-kategorie\\\/online-verkauf-de\\\/\"},{\"@type\":\"ListItem\",\"position\":4,\"name\":\"Baumschule\",\"item\":\"https:\\\/\\\/www.vallonchene.fr\\\/de\\\/produkt-kategorie\\\/online-verkauf-de\\\/baumschule-gaertnerei-de\\\/\"},{\"@type\":\"ListItem\",\"position\":5,\"name\":\"Koniferen\",\"item\":\"https:\\\/\\\/www.vallonchene.fr\\\/de\\\/produkt-kategorie\\\/online-verkauf-de\\\/baumschule-gaertnerei-de\\\/koniferen-de\\\/\"},{\"@type\":\"ListItem\",\"position\":6,\"name\":\"GINKGO biloba &#8216;Mariken&#8217;\"}]},{\"@type\":\"WebSite\",\"@id\":\"https:\\\/\\\/www.vallonchene.fr\\\/de\\\/#website\",\"url\":\"https:\\\/\\\/www.vallonchene.fr\\\/de\\\/\",\"name\":\"Vallonch\u00eane\",\"description\":\"Die Baumschule, bei der Qualit\u00e4t ihre Wurzeln hat \u2013 Tel.: +49 (0)6838-5399840\",\"publisher\":{\"@id\":\"https:\\\/\\\/www.vallonchene.fr\\\/de\\\/#organization\"},\"potentialAction\":[{\"@type\":\"SearchAction\",\"target\":{\"@type\":\"EntryPoint\",\"urlTemplate\":\"https:\\\/\\\/www.vallonchene.fr\\\/de\\\/?s={search_term_string}\"},\"query-input\":{\"@type\":\"PropertyValueSpecification\",\"valueRequired\":true,\"valueName\":\"search_term_string\"}}],\"inLanguage\":\"de\"},{\"@type\":\"Organization\",\"@id\":\"https:\\\/\\\/www.vallonchene.fr\\\/de\\\/#organization\",\"name\":\"VALLONCHENE\",\"url\":\"https:\\\/\\\/www.vallonchene.fr\\\/de\\\/\",\"logo\":{\"@type\":\"ImageObject\",\"inLanguage\":\"de\",\"@id\":\"https:\\\/\\\/www.vallonchene.fr\\\/de\\\/#\\\/schema\\\/logo\\\/image\\\/\",\"url\":\"https:\\\/\\\/www.vallonchene.fr\\\/wp-content\\\/uploads\\\/2023\\\/03\\\/Logo-Vallonchene-site-et-R_hauteur_100.png\",\"contentUrl\":\"https:\\\/\\\/www.vallonchene.fr\\\/wp-content\\\/uploads\\\/2023\\\/03\\\/Logo-Vallonchene-site-et-R_hauteur_100.png\",\"width\":221,\"height\":100,\"caption\":\"VALLONCHENE\"},\"image\":{\"@id\":\"https:\\\/\\\/www.vallonchene.fr\\\/de\\\/#\\\/schema\\\/logo\\\/image\\\/\"},\"sameAs\":[\"https:\\\/\\\/www.facebook.com\\\/vallonchene.fr\",\"https:\\\/\\\/www.instagram.com\\\/vallonchene\\\/\",\"https:\\\/\\\/www.pinterest.fr\\\/vallonchene\\\/\"],\"taxID\":\"49454502300017\",\"hasMerchantReturnPolicy\":{\"@type\":\"MerchantReturnPolicy\",\"merchantReturnLink\":\"https:\\\/\\\/www.vallonchene.fr\\\/remboursements_retours\\\/\"}}]}<\/script>\n<meta property=\"og:availability\" content=\"instock\" \/>\n<meta property=\"product:availability\" content=\"instock\" \/>\n<meta property=\"product:retailer_item_id\" content=\"82961\" \/>\n<meta property=\"product:condition\" content=\"new\" \/>\n<!-- \/ Yoast SEO Premium plugin. -->","yoast_head_json":{"title":"GINKGO biloba 'Mariken' -Zwerg-F\u00e4cherblattbaum","description":"Dieser F\u00e4cherblattbaum ist eine zwergw\u00fcchsige und kugelf\u00f6rmige Form. Der GINKGO biloba 'Mariken' tr\u00e4gt gr\u00fcne Bl\u00e4tter, die sich im Herbst leuchtend gelb verf\u00e4rben.","robots":{"index":"index","follow":"follow","max-snippet":"max-snippet:-1","max-image-preview":"max-image-preview:large","max-video-preview":"max-video-preview:-1"},"canonical":"https:\/\/www.vallonchene.fr\/de\/produkt\/ginkgo-biloba-mariken\/","og_locale":"de_DE","og_type":"article","og_title":"GINKGO biloba 'Mariken'","og_description":"Dieser F\u00e4cherblattbaum ist eine zwergw\u00fcchsige und kugelf\u00f6rmige Form. Der GINKGO biloba 'Mariken' tr\u00e4gt gr\u00fcne Bl\u00e4tter, die sich im Herbst leuchtend gelb verf\u00e4rben.","og_url":"https:\/\/www.vallonchene.fr\/de\/produkt\/ginkgo-biloba-mariken\/","og_site_name":"Vallonch\u00eane","article_publisher":"https:\/\/www.facebook.com\/vallonchene.fr","article_modified_time":"2025-09-22T08:36:00+00:00","og_image":[{"width":1200,"height":1200,"url":"https:\/\/www.vallonchene.fr\/wp-content\/uploads\/2025\/06\/IMG_20250611_101043.webp","type":"image\/webp"}],"twitter_card":"summary_large_image","twitter_misc":{"Verf\u00fcgbarkeit":"Vorr\u00e4tig"},"schema":{"@context":"https:\/\/schema.org","@graph":[{"@type":"WebPage","@id":"https:\/\/www.vallonchene.fr\/de\/produkt\/ginkgo-biloba-mariken\/","url":"https:\/\/www.vallonchene.fr\/de\/produkt\/ginkgo-biloba-mariken\/","name":"GINKGO biloba 'Mariken' -Zwerg-F\u00e4cherblattbaum","isPartOf":{"@id":"https:\/\/www.vallonchene.fr\/de\/#website"},"primaryImageOfPage":{"@id":"https:\/\/www.vallonchene.fr\/de\/produkt\/ginkgo-biloba-mariken\/#primaryimage"},"image":{"@id":"https:\/\/www.vallonchene.fr\/de\/produkt\/ginkgo-biloba-mariken\/#primaryimage"},"thumbnailUrl":"https:\/\/www.vallonchene.fr\/wp-content\/uploads\/2025\/06\/IMG_20250611_101043.webp","datePublished":"2021-08-31T11:04:38+00:00","dateModified":"2025-09-22T08:36:00+00:00","description":"Dieser F\u00e4cherblattbaum ist eine zwergw\u00fcchsige und kugelf\u00f6rmige Form. Der GINKGO biloba 'Mariken' tr\u00e4gt gr\u00fcne Bl\u00e4tter, die sich im Herbst leuchtend gelb verf\u00e4rben.","breadcrumb":{"@id":"https:\/\/www.vallonchene.fr\/de\/produkt\/ginkgo-biloba-mariken\/#breadcrumb"},"inLanguage":"de","potentialAction":[{"@type":"ReadAction","target":["https:\/\/www.vallonchene.fr\/de\/produkt\/ginkgo-biloba-mariken\/"]}]},{"@type":"ImageObject","inLanguage":"de","@id":"https:\/\/www.vallonchene.fr\/de\/produkt\/ginkgo-biloba-mariken\/#primaryimage","url":"https:\/\/www.vallonchene.fr\/wp-content\/uploads\/2025\/06\/IMG_20250611_101043.webp","contentUrl":"https:\/\/www.vallonchene.fr\/wp-content\/uploads\/2025\/06\/IMG_20250611_101043.webp","width":1200,"height":1200,"caption":"Draufsicht auf die Bl\u00e4tter des GINKGO biloba 'Mariken'"},{"@type":"BreadcrumbList","@id":"https:\/\/www.vallonchene.fr\/de\/produkt\/ginkgo-biloba-mariken\/#breadcrumb","itemListElement":[{"@type":"ListItem","position":1,"name":"Home","item":"https:\/\/www.vallonchene.fr\/de\/"},{"@type":"ListItem","position":2,"name":"Shop","item":"https:\/\/www.vallonchene.fr\/de\/shop\/"},{"@type":"ListItem","position":3,"name":"Online-Verkauf","item":"https:\/\/www.vallonchene.fr\/de\/produkt-kategorie\/online-verkauf-de\/"},{"@type":"ListItem","position":4,"name":"Baumschule","item":"https:\/\/www.vallonchene.fr\/de\/produkt-kategorie\/online-verkauf-de\/baumschule-gaertnerei-de\/"},{"@type":"ListItem","position":5,"name":"Koniferen","item":"https:\/\/www.vallonchene.fr\/de\/produkt-kategorie\/online-verkauf-de\/baumschule-gaertnerei-de\/koniferen-de\/"},{"@type":"ListItem","position":6,"name":"GINKGO biloba &#8216;Mariken&#8217;"}]},{"@type":"WebSite","@id":"https:\/\/www.vallonchene.fr\/de\/#website","url":"https:\/\/www.vallonchene.fr\/de\/","name":"Vallonch\u00eane","description":"Die Baumschule, bei der Qualit\u00e4t ihre Wurzeln hat \u2013 Tel.: +49 (0)6838-5399840","publisher":{"@id":"https:\/\/www.vallonchene.fr\/de\/#organization"},"potentialAction":[{"@type":"SearchAction","target":{"@type":"EntryPoint","urlTemplate":"https:\/\/www.vallonchene.fr\/de\/?s={search_term_string}"},"query-input":{"@type":"PropertyValueSpecification","valueRequired":true,"valueName":"search_term_string"}}],"inLanguage":"de"},{"@type":"Organization","@id":"https:\/\/www.vallonchene.fr\/de\/#organization","name":"VALLONCHENE","url":"https:\/\/www.vallonchene.fr\/de\/","logo":{"@type":"ImageObject","inLanguage":"de","@id":"https:\/\/www.vallonchene.fr\/de\/#\/schema\/logo\/image\/","url":"https:\/\/www.vallonchene.fr\/wp-content\/uploads\/2023\/03\/Logo-Vallonchene-site-et-R_hauteur_100.png","contentUrl":"https:\/\/www.vallonchene.fr\/wp-content\/uploads\/2023\/03\/Logo-Vallonchene-site-et-R_hauteur_100.png","width":221,"height":100,"caption":"VALLONCHENE"},"image":{"@id":"https:\/\/www.vallonchene.fr\/de\/#\/schema\/logo\/image\/"},"sameAs":["https:\/\/www.facebook.com\/vallonchene.fr","https:\/\/www.instagram.com\/vallonchene\/","https:\/\/www.pinterest.fr\/vallonchene\/"],"taxID":"49454502300017","hasMerchantReturnPolicy":{"@type":"MerchantReturnPolicy","merchantReturnLink":"https:\/\/www.vallonchene.fr\/remboursements_retours\/"}}]},"og_availability":"instock","product_availability":"instock","product_retailer_item_id":"82961","product_condition":"new"},"_links":{"self":[{"href":"https:\/\/www.vallonchene.fr\/de\/wp-json\/wp\/v2\/product\/6638","targetHints":{"allow":["GET"]}}],"collection":[{"href":"https:\/\/www.vallonchene.fr\/de\/wp-json\/wp\/v2\/product"}],"about":[{"href":"https:\/\/www.vallonchene.fr\/de\/wp-json\/wp\/v2\/types\/product"}],"replies":[{"embeddable":true,"href":"https:\/\/www.vallonchene.fr\/de\/wp-json\/wp\/v2\/comments?post=6638"}],"wp:featuredmedia":[{"embeddable":true,"href":"https:\/\/www.vallonchene.fr\/de\/wp-json\/wp\/v2\/media\/54035"}],"wp:attachment":[{"href":"https:\/\/www.vallonchene.fr\/de\/wp-json\/wp\/v2\/media?parent=6638"}],"wp:term":[{"taxonomy":"product_brand","embeddable":true,"href":"https:\/\/www.vallonchene.fr\/de\/wp-json\/wp\/v2\/product_brand?post=6638"},{"taxonomy":"product_cat","embeddable":true,"href":"https:\/\/www.vallonchene.fr\/de\/wp-json\/wp\/v2\/product_cat?post=6638"},{"taxonomy":"product_tag","embeddable":true,"href":"https:\/\/www.vallonchene.fr\/de\/wp-json\/wp\/v2\/product_tag?post=6638"}],"curies":[{"name":"wp","href":"https:\/\/api.w.org\/{rel}","templated":true}]}}