{"id":5937,"date":"2021-08-31T11:13:03","date_gmt":"2021-08-31T11:13:03","guid":{"rendered":"https:\/\/testing.vallonchene.fr\/produit\/koelreuteria-paniculata-coral-sun\/"},"modified":"2026-04-20T11:35:24","modified_gmt":"2026-04-20T09:35:24","slug":"koelreuteria-paniculata-coral-sun","status":"publish","type":"product","link":"https:\/\/www.vallonchene.fr\/de\/produkt\/koelreuteria-paniculata-coral-sun\/","title":{"rendered":"KOELREUTERIA paniculata &#8218;Coral Sun&#8216;"},"content":{"rendered":"<h2>Die Pflanze<\/h2>\n<p>Die <em>KOELREUTERIA paniculata &#8218;Coral Sun&#8216;<\/em> ist eine <em>Blasenesche<\/em> die im Fr\u00fchjahr beeindruckend korallenfarbene Triebe entwickelt. Dieses Ph\u00e4nomen betrifft sowohl die Bl\u00e4tter als auch die Triebe. Sp\u00e4ter nimmt das Laub eine zarte gr\u00fcne Farbe an, wobei ein leichtes Goldgelb sichtbar ist, wie auf unserem Foto.<\/p>\n<p>Dar\u00fcber hinaus f\u00e4rben sich die Bl\u00e4tter dieser au\u00dfergew\u00f6hnlichen Pflanze im Herbst in leuchtenden Orange- und Goldgelbt\u00f6nen.<\/p>\n<p>Diese Blasenesche stellt eine langsam wachsende Variante dar. Sie bildet im Gegensatz zum Typus, der zu den B\u00e4umen geh\u00f6rt, einen kleinen Strauch oder im besten Fall einen kleinen Baum. Ihre geringe Gr\u00f6\u00dfe macht sie zu einer ausgezeichneten Pflanze f\u00fcr kleine G\u00e4rten und Beete.<\/p>\n<p>Schlie\u00dflich sind Blaseneschen sehr widerstandsf\u00e4hig gegen Umweltverschmutzung, Trockenheit und den pH-Wert des Bodens.<\/p>\n<h2>Geschichte und Herkunft<\/h2>\n<p>Obwohl der Typus <em>KOELREUTERIA paniculata<\/em> seit Jahrhunderten gepflanzt wird, stammt er aus China und Korea. Im Jahr 1747 schickte Pierre d&#8217;Incarville Samen dieser Pflanze nach Europa. Die Pflanze ist nach Joseph Gottlieb K\u00f6lreuter (1733-1806) benannt, einem deutschen Professor f\u00fcr Naturgeschichte und Pionier der Pflanzenstudien und -hybridisierung.<\/p>\n<p>Dar\u00fcber hinaus geh\u00f6rte sie im alten China (Zhou-Dynastie) zu den f\u00fcnf offiziellen Gedenkb\u00e4umen. Es war der Baum der Gelehrten, der in der N\u00e4he der Gr\u00e4ber der Wissenschaftler gepflanzt wurde. Au\u00dferdem wurden die Samen zur Herstellung von Seife in l\u00e4ndlichen Gebieten verwendet.<\/p>\n<p>Allerdings ist die <em>KOELREUTERIA paniculata &#8218;Coral Sun&#8216;<\/em> eine relativ neue Entdeckung. Henny Kolster entdeckte sie 1993 in den Niederlanden. Es handelt sich um einen Sport (eine nat\u00fcrliche genetische Mutation) unter S\u00e4mlingen.<\/p>\n<p>Anschlie\u00dfend wurde die Pflanze rechtlich gesch\u00fctzt und Anfang der 2000er Jahre auf den internationalen Markt gebracht. Sie erhielt dann den renommierten Award of Garden Merit der RHS (Royal Horticultural Society).<\/p>\n<h2>Wie pflanzt und pflegt man die KOELREUTERIA paniculata &#8218;Coral Sun&#8216;?<\/h2>\n<h3>Die Pflanzung<\/h3>\n<p>Wie bereits erw\u00e4hnt, verf\u00fcgt diese Blasenesche \u00fcber eine beeindruckende Widerstandsf\u00e4higkeit. Wir empfehlen jedoch, die folgenden Punkte zu ber\u00fccksichtigen, um ein gutes Anwachsen zu gew\u00e4hrleisten:<\/p>\n<ol>\n<li>Suchen Sie einen halbschattigen oder sonnigen Standort. Wenn die Sonne die Pflanze morgens oder abends von hinten beleuchtet, entsteht ein spektakul\u00e4rer Effekt.<\/li>\n<li>Sie akzeptiert frische bis feuchte, m\u00e4\u00dfig feuchte oder sogar trockene B\u00f6den.<\/li>\n<li>Der Boden kann leicht, normal oder schwer mit einem sauren, neutralen oder kalkhaltigen pH-Wert sein.<\/li>\n<li>F\u00fcr eine gute Vorbereitung des Pflanzlochs haben wir <a href=\"https:\/\/www.vallonchene.fr\/comment-planter-et-entretenir-des-vegetaux\/comment-planter-et-entretenir-arbres-arbustes-et-coniferes\/\" target=\"_blank\" rel=\"noreferrer noopener\"><strong>spezifische Anweisungen hier verf\u00fcgbar<\/strong><\/a>.<\/li>\n<\/ol>\n<h3>Die Pflege<\/h3>\n<p>Wie bei jeder frisch gepflanzten Pflanze empfehlen wir, die ersten zwei Jahre regelm\u00e4\u00dfig zu gie\u00dfen, insbesondere w\u00e4hrend trockener Perioden. Lesen Sie auch <a href=\"https:\/\/www.vallonchene.fr\/comment-bien-arroser-le-jardin-et-economiser-leau\/\"><strong>unsere Tipps zum richtigen Gie\u00dfen und Wassersparen hier<\/strong><\/a>.<\/p>\n<p>Andernfalls ist dies eine Pflanze, die sehr wenig Pflege ben\u00f6tigt. Wenn Sie sie beschneiden m\u00fcssen, tun Sie dies vor dem Austrieb neuer Triebe im Februar oder M\u00e4rz.<\/p>\n<p>&nbsp;<\/p>\n","protected":false},"excerpt":{"rendered":"<p>Diese <strong>Blasenesche<\/strong> ist au\u00dfergew\u00f6hnlich wegen ihrer korallenfarbenen Fr\u00fchlingssprosse. Das Laub der <strong>KOELREUTERIA paniculata &#8218;Coral Sun&#8216;<\/strong> wird danach gr\u00fcn. Es ist ein Baum f\u00fcr kleine G\u00e4rten, der gelb bl\u00fcht.<\/p>\n<p>&nbsp;<\/p>\n","protected":false},"featured_media":45912,"comment_status":"open","ping_status":"closed","template":"","meta":[],"product_brand":[],"product_cat":[252],"product_tag":[13510,13509,13508],"class_list":{"0":"post-5937","1":"product","2":"type-product","3":"status-publish","4":"has-post-thumbnail","6":"product_cat-straucher-und-baume-de","7":"product_tag-blasenesche-2","8":"product_tag-koelreuteria","9":"product_tag-koelreuteria-paniculata","10":"pa_99-hauteurapproximativeapres1-2_3m-de","11":"pa_couleurdesfleurs-gelb-de","12":"pa_couleurdufeuillage-grun-de","13":"pa_couleurdufeuillage-orange-de","14":"pa_exigencesenhumidite-feucht-de","15":"pa_exigencesenhumidite-normal-de","16":"pa_exigencesenhumidite-trocken-de","17":"pa_expositionspossibles-ce-halbschattigsonnezw12und17-de","18":"pa_expositionspossibles-sonnigvon12bis17uhr-de","19":"pa_hauteurlivree-80-bis-100-cm","20":"pa_interetauprintemps-bluten-de","21":"pa_interetauprintemps-jungesprossen-de","22":"pa_interetauprintemps-laub-de","23":"pa_interetenautomne-laub-de","24":"pa_interetenete-bluten-de","25":"pa_interetenete-laub-de","26":"pa_naturedufeuillage-nichtimmergrun-de","27":"pa_naturesdesolpossibles-leicht-de","28":"pa_naturesdesolpossibles-normal-de","29":"pa_naturesdesolpossibles-schwer-de","30":"pa_periodedefloraison-fruhling-de","31":"pa_periodedefloraison-sommer-de","32":"pa_periodedetaille-marz-de","33":"pa_phdusolacceptable-kalkigmehrals75-de","34":"pa_phdusolacceptable-neutralzw65u75-de","35":"pa_phdusolacceptable-sauerwenigerals65-de","36":"pa_portgraphisme-ausgebreitet-de","37":"pa_resistanceaufroidrusticite-frostbestandigunter_20c-de","38":"pa_tailledepot-3liter_topf-de","39":"pa_utilisationpossible-alleinstehend-de","40":"pa_utilisationpossible-beet-de","41":"pa_utilisationpossible-kubelodertopf-de","43":"first","44":"instock","45":"taxable","46":"shipping-taxable","47":"purchasable","48":"product-type-variable"},"supplier_id":null,"supplier_sku":"","barcode":null,"atum_controlled":true,"out_stock_date":null,"out_stock_threshold":null,"inheritable":true,"inbound_stock":0,"stock_on_hold":0,"sold_today":0,"sales_last_days":0,"reserved_stock":0,"customer_returns":0,"warehouse_damage":0,"lost_in_post":0,"other_logs":0,"out_stock_days":null,"lost_sales":0,"has_location":false,"update_date":"2026-04-20T09:35:26","atum_locations":[],"atum_stock_status":"instock","restock_status":false,"low_stock_amount":"","sales_update_date":"2024-03-30T12:35:36","calc_backorders":null,"yoast_head":"<!-- This site is optimized with the Yoast SEO Premium plugin v27.5 (Yoast SEO v27.5) - https:\/\/yoast.com\/product\/yoast-seo-premium-wordpress\/ -->\n<title>KOELREUTERIA paniculata &#039;Coral Sun&#039; - Blasenesche<\/title>\n<meta name=\"description\" content=\"Diese Blasenesche ist au\u00dfergew\u00f6hnlich f\u00fcr ihre rosafarbenen Fr\u00fchlingstriebe. Das Laub der KOELREUTERIA paniculata &#039;Coral Sun&#039; wird dann gr\u00fcn.\" \/>\n<meta name=\"robots\" content=\"index, follow, max-snippet:-1, max-image-preview:large, max-video-preview:-1\" \/>\n<link rel=\"canonical\" href=\"https:\/\/www.vallonchene.fr\/de\/produkt\/koelreuteria-paniculata-coral-sun\/\" \/>\n<meta property=\"og:locale\" content=\"de_DE\" \/>\n<meta property=\"og:type\" content=\"article\" \/>\n<meta property=\"og:title\" content=\"KOELREUTERIA paniculata &#039;Coral Sun&#039;\" \/>\n<meta property=\"og:description\" content=\"Diese Blasenesche ist au\u00dfergew\u00f6hnlich f\u00fcr ihre rosafarbenen Fr\u00fchlingstriebe. Das Laub der KOELREUTERIA paniculata &#039;Coral Sun&#039; wird dann gr\u00fcn.\" \/>\n<meta property=\"og:url\" content=\"https:\/\/www.vallonchene.fr\/de\/produkt\/koelreuteria-paniculata-coral-sun\/\" \/>\n<meta property=\"og:site_name\" content=\"Vallonch\u00eane\" \/>\n<meta property=\"article:publisher\" content=\"https:\/\/www.facebook.com\/vallonchene.fr\" \/>\n<meta property=\"article:modified_time\" content=\"2026-04-20T09:35:24+00:00\" \/>\n<meta property=\"og:image\" content=\"https:\/\/www.vallonchene.fr\/wp-content\/uploads\/2024\/03\/KOELREUTERIA-paniculata-Coral-Sun_02-1.webp\" \/>\n\t<meta property=\"og:image:width\" content=\"1200\" \/>\n\t<meta property=\"og:image:height\" content=\"1200\" \/>\n\t<meta property=\"og:image:type\" content=\"image\/webp\" \/>\n<meta name=\"twitter:card\" content=\"summary_large_image\" \/>\n<meta name=\"twitter:label1\" content=\"Verf\u00fcgbarkeit\" \/>\n\t<meta name=\"twitter:data1\" content=\"Vorr\u00e4tig\" \/>\n<script type=\"application\/ld+json\" class=\"yoast-schema-graph\">{\"@context\":\"https:\\\/\\\/schema.org\",\"@graph\":[{\"@type\":\"WebPage\",\"@id\":\"https:\\\/\\\/www.vallonchene.fr\\\/de\\\/produkt\\\/koelreuteria-paniculata-coral-sun\\\/\",\"url\":\"https:\\\/\\\/www.vallonchene.fr\\\/de\\\/produkt\\\/koelreuteria-paniculata-coral-sun\\\/\",\"name\":\"KOELREUTERIA paniculata 'Coral Sun' - Blasenesche\",\"isPartOf\":{\"@id\":\"https:\\\/\\\/www.vallonchene.fr\\\/de\\\/#website\"},\"primaryImageOfPage\":{\"@id\":\"https:\\\/\\\/www.vallonchene.fr\\\/de\\\/produkt\\\/koelreuteria-paniculata-coral-sun\\\/#primaryimage\"},\"image\":{\"@id\":\"https:\\\/\\\/www.vallonchene.fr\\\/de\\\/produkt\\\/koelreuteria-paniculata-coral-sun\\\/#primaryimage\"},\"thumbnailUrl\":\"https:\\\/\\\/www.vallonchene.fr\\\/wp-content\\\/uploads\\\/2024\\\/03\\\/KOELREUTERIA-paniculata-Coral-Sun_02-1.webp\",\"datePublished\":\"2021-08-31T11:13:03+00:00\",\"dateModified\":\"2026-04-20T09:35:24+00:00\",\"description\":\"Diese Blasenesche ist au\u00dfergew\u00f6hnlich f\u00fcr ihre rosafarbenen Fr\u00fchlingstriebe. Das Laub der KOELREUTERIA paniculata 'Coral Sun' wird dann gr\u00fcn.\",\"breadcrumb\":{\"@id\":\"https:\\\/\\\/www.vallonchene.fr\\\/de\\\/produkt\\\/koelreuteria-paniculata-coral-sun\\\/#breadcrumb\"},\"inLanguage\":\"de\",\"potentialAction\":[{\"@type\":\"ReadAction\",\"target\":[\"https:\\\/\\\/www.vallonchene.fr\\\/de\\\/produkt\\\/koelreuteria-paniculata-coral-sun\\\/\"]}]},{\"@type\":\"ImageObject\",\"inLanguage\":\"de\",\"@id\":\"https:\\\/\\\/www.vallonchene.fr\\\/de\\\/produkt\\\/koelreuteria-paniculata-coral-sun\\\/#primaryimage\",\"url\":\"https:\\\/\\\/www.vallonchene.fr\\\/wp-content\\\/uploads\\\/2024\\\/03\\\/KOELREUTERIA-paniculata-Coral-Sun_02-1.webp\",\"contentUrl\":\"https:\\\/\\\/www.vallonchene.fr\\\/wp-content\\\/uploads\\\/2024\\\/03\\\/KOELREUTERIA-paniculata-Coral-Sun_02-1.webp\",\"width\":1200,\"height\":1200,\"caption\":\"Rosafarbenes Laub der KOELREUTERIA paniculata 'Coral Sun' am Beginn des Fr\u00fchjahrs\"},{\"@type\":\"BreadcrumbList\",\"@id\":\"https:\\\/\\\/www.vallonchene.fr\\\/de\\\/produkt\\\/koelreuteria-paniculata-coral-sun\\\/#breadcrumb\",\"itemListElement\":[{\"@type\":\"ListItem\",\"position\":1,\"name\":\"Home\",\"item\":\"https:\\\/\\\/www.vallonchene.fr\\\/de\\\/\"},{\"@type\":\"ListItem\",\"position\":2,\"name\":\"Shop\",\"item\":\"https:\\\/\\\/www.vallonchene.fr\\\/de\\\/shop\\\/\"},{\"@type\":\"ListItem\",\"position\":3,\"name\":\"Online-Verkauf\",\"item\":\"https:\\\/\\\/www.vallonchene.fr\\\/de\\\/produkt-kategorie\\\/online-verkauf-de\\\/\"},{\"@type\":\"ListItem\",\"position\":4,\"name\":\"Baumschule\",\"item\":\"https:\\\/\\\/www.vallonchene.fr\\\/de\\\/produkt-kategorie\\\/online-verkauf-de\\\/baumschule-gaertnerei-de\\\/\"},{\"@type\":\"ListItem\",\"position\":5,\"name\":\"Str\u00e4ucher und B\u00e4ume\",\"item\":\"https:\\\/\\\/www.vallonchene.fr\\\/de\\\/produkt-kategorie\\\/online-verkauf-de\\\/baumschule-gaertnerei-de\\\/straucher-und-baume-de\\\/\"},{\"@type\":\"ListItem\",\"position\":6,\"name\":\"KOELREUTERIA paniculata &#8218;Coral Sun&#8216;\"}]},{\"@type\":\"WebSite\",\"@id\":\"https:\\\/\\\/www.vallonchene.fr\\\/de\\\/#website\",\"url\":\"https:\\\/\\\/www.vallonchene.fr\\\/de\\\/\",\"name\":\"Vallonch\u00eane\",\"description\":\"Die Baumschule, bei der Qualit\u00e4t ihre Wurzeln hat \u2013 Tel.: +49 (0)6838-5399840\",\"publisher\":{\"@id\":\"https:\\\/\\\/www.vallonchene.fr\\\/de\\\/#organization\"},\"potentialAction\":[{\"@type\":\"SearchAction\",\"target\":{\"@type\":\"EntryPoint\",\"urlTemplate\":\"https:\\\/\\\/www.vallonchene.fr\\\/de\\\/?s={search_term_string}\"},\"query-input\":{\"@type\":\"PropertyValueSpecification\",\"valueRequired\":true,\"valueName\":\"search_term_string\"}}],\"inLanguage\":\"de\"},{\"@type\":\"Organization\",\"@id\":\"https:\\\/\\\/www.vallonchene.fr\\\/de\\\/#organization\",\"name\":\"VALLONCHENE\",\"url\":\"https:\\\/\\\/www.vallonchene.fr\\\/de\\\/\",\"logo\":{\"@type\":\"ImageObject\",\"inLanguage\":\"de\",\"@id\":\"https:\\\/\\\/www.vallonchene.fr\\\/de\\\/#\\\/schema\\\/logo\\\/image\\\/\",\"url\":\"https:\\\/\\\/www.vallonchene.fr\\\/wp-content\\\/uploads\\\/2023\\\/03\\\/Logo-Vallonchene-site-et-R_hauteur_100.png\",\"contentUrl\":\"https:\\\/\\\/www.vallonchene.fr\\\/wp-content\\\/uploads\\\/2023\\\/03\\\/Logo-Vallonchene-site-et-R_hauteur_100.png\",\"width\":221,\"height\":100,\"caption\":\"VALLONCHENE\"},\"image\":{\"@id\":\"https:\\\/\\\/www.vallonchene.fr\\\/de\\\/#\\\/schema\\\/logo\\\/image\\\/\"},\"sameAs\":[\"https:\\\/\\\/www.facebook.com\\\/vallonchene.fr\",\"https:\\\/\\\/www.instagram.com\\\/vallonchene\\\/\",\"https:\\\/\\\/www.pinterest.fr\\\/vallonchene\\\/\"],\"taxID\":\"49454502300017\",\"hasMerchantReturnPolicy\":{\"@type\":\"MerchantReturnPolicy\",\"merchantReturnLink\":\"https:\\\/\\\/www.vallonchene.fr\\\/remboursements_retours\\\/\"}}]}<\/script>\n<meta property=\"og:availability\" content=\"instock\" \/>\n<meta property=\"product:availability\" content=\"instock\" \/>\n<meta property=\"product:retailer_item_id\" content=\"42938\" \/>\n<meta property=\"product:condition\" content=\"new\" \/>\n<!-- \/ Yoast SEO Premium plugin. -->","yoast_head_json":{"title":"KOELREUTERIA paniculata 'Coral Sun' - Blasenesche","description":"Diese Blasenesche ist au\u00dfergew\u00f6hnlich f\u00fcr ihre rosafarbenen Fr\u00fchlingstriebe. Das Laub der KOELREUTERIA paniculata 'Coral Sun' wird dann gr\u00fcn.","robots":{"index":"index","follow":"follow","max-snippet":"max-snippet:-1","max-image-preview":"max-image-preview:large","max-video-preview":"max-video-preview:-1"},"canonical":"https:\/\/www.vallonchene.fr\/de\/produkt\/koelreuteria-paniculata-coral-sun\/","og_locale":"de_DE","og_type":"article","og_title":"KOELREUTERIA paniculata 'Coral Sun'","og_description":"Diese Blasenesche ist au\u00dfergew\u00f6hnlich f\u00fcr ihre rosafarbenen Fr\u00fchlingstriebe. Das Laub der KOELREUTERIA paniculata 'Coral Sun' wird dann gr\u00fcn.","og_url":"https:\/\/www.vallonchene.fr\/de\/produkt\/koelreuteria-paniculata-coral-sun\/","og_site_name":"Vallonch\u00eane","article_publisher":"https:\/\/www.facebook.com\/vallonchene.fr","article_modified_time":"2026-04-20T09:35:24+00:00","og_image":[{"width":1200,"height":1200,"url":"https:\/\/www.vallonchene.fr\/wp-content\/uploads\/2024\/03\/KOELREUTERIA-paniculata-Coral-Sun_02-1.webp","type":"image\/webp"}],"twitter_card":"summary_large_image","twitter_misc":{"Verf\u00fcgbarkeit":"Vorr\u00e4tig"},"schema":{"@context":"https:\/\/schema.org","@graph":[{"@type":"WebPage","@id":"https:\/\/www.vallonchene.fr\/de\/produkt\/koelreuteria-paniculata-coral-sun\/","url":"https:\/\/www.vallonchene.fr\/de\/produkt\/koelreuteria-paniculata-coral-sun\/","name":"KOELREUTERIA paniculata 'Coral Sun' - Blasenesche","isPartOf":{"@id":"https:\/\/www.vallonchene.fr\/de\/#website"},"primaryImageOfPage":{"@id":"https:\/\/www.vallonchene.fr\/de\/produkt\/koelreuteria-paniculata-coral-sun\/#primaryimage"},"image":{"@id":"https:\/\/www.vallonchene.fr\/de\/produkt\/koelreuteria-paniculata-coral-sun\/#primaryimage"},"thumbnailUrl":"https:\/\/www.vallonchene.fr\/wp-content\/uploads\/2024\/03\/KOELREUTERIA-paniculata-Coral-Sun_02-1.webp","datePublished":"2021-08-31T11:13:03+00:00","dateModified":"2026-04-20T09:35:24+00:00","description":"Diese Blasenesche ist au\u00dfergew\u00f6hnlich f\u00fcr ihre rosafarbenen Fr\u00fchlingstriebe. Das Laub der KOELREUTERIA paniculata 'Coral Sun' wird dann gr\u00fcn.","breadcrumb":{"@id":"https:\/\/www.vallonchene.fr\/de\/produkt\/koelreuteria-paniculata-coral-sun\/#breadcrumb"},"inLanguage":"de","potentialAction":[{"@type":"ReadAction","target":["https:\/\/www.vallonchene.fr\/de\/produkt\/koelreuteria-paniculata-coral-sun\/"]}]},{"@type":"ImageObject","inLanguage":"de","@id":"https:\/\/www.vallonchene.fr\/de\/produkt\/koelreuteria-paniculata-coral-sun\/#primaryimage","url":"https:\/\/www.vallonchene.fr\/wp-content\/uploads\/2024\/03\/KOELREUTERIA-paniculata-Coral-Sun_02-1.webp","contentUrl":"https:\/\/www.vallonchene.fr\/wp-content\/uploads\/2024\/03\/KOELREUTERIA-paniculata-Coral-Sun_02-1.webp","width":1200,"height":1200,"caption":"Rosafarbenes Laub der KOELREUTERIA paniculata 'Coral Sun' am Beginn des Fr\u00fchjahrs"},{"@type":"BreadcrumbList","@id":"https:\/\/www.vallonchene.fr\/de\/produkt\/koelreuteria-paniculata-coral-sun\/#breadcrumb","itemListElement":[{"@type":"ListItem","position":1,"name":"Home","item":"https:\/\/www.vallonchene.fr\/de\/"},{"@type":"ListItem","position":2,"name":"Shop","item":"https:\/\/www.vallonchene.fr\/de\/shop\/"},{"@type":"ListItem","position":3,"name":"Online-Verkauf","item":"https:\/\/www.vallonchene.fr\/de\/produkt-kategorie\/online-verkauf-de\/"},{"@type":"ListItem","position":4,"name":"Baumschule","item":"https:\/\/www.vallonchene.fr\/de\/produkt-kategorie\/online-verkauf-de\/baumschule-gaertnerei-de\/"},{"@type":"ListItem","position":5,"name":"Str\u00e4ucher und B\u00e4ume","item":"https:\/\/www.vallonchene.fr\/de\/produkt-kategorie\/online-verkauf-de\/baumschule-gaertnerei-de\/straucher-und-baume-de\/"},{"@type":"ListItem","position":6,"name":"KOELREUTERIA paniculata &#8218;Coral Sun&#8216;"}]},{"@type":"WebSite","@id":"https:\/\/www.vallonchene.fr\/de\/#website","url":"https:\/\/www.vallonchene.fr\/de\/","name":"Vallonch\u00eane","description":"Die Baumschule, bei der Qualit\u00e4t ihre Wurzeln hat \u2013 Tel.: +49 (0)6838-5399840","publisher":{"@id":"https:\/\/www.vallonchene.fr\/de\/#organization"},"potentialAction":[{"@type":"SearchAction","target":{"@type":"EntryPoint","urlTemplate":"https:\/\/www.vallonchene.fr\/de\/?s={search_term_string}"},"query-input":{"@type":"PropertyValueSpecification","valueRequired":true,"valueName":"search_term_string"}}],"inLanguage":"de"},{"@type":"Organization","@id":"https:\/\/www.vallonchene.fr\/de\/#organization","name":"VALLONCHENE","url":"https:\/\/www.vallonchene.fr\/de\/","logo":{"@type":"ImageObject","inLanguage":"de","@id":"https:\/\/www.vallonchene.fr\/de\/#\/schema\/logo\/image\/","url":"https:\/\/www.vallonchene.fr\/wp-content\/uploads\/2023\/03\/Logo-Vallonchene-site-et-R_hauteur_100.png","contentUrl":"https:\/\/www.vallonchene.fr\/wp-content\/uploads\/2023\/03\/Logo-Vallonchene-site-et-R_hauteur_100.png","width":221,"height":100,"caption":"VALLONCHENE"},"image":{"@id":"https:\/\/www.vallonchene.fr\/de\/#\/schema\/logo\/image\/"},"sameAs":["https:\/\/www.facebook.com\/vallonchene.fr","https:\/\/www.instagram.com\/vallonchene\/","https:\/\/www.pinterest.fr\/vallonchene\/"],"taxID":"49454502300017","hasMerchantReturnPolicy":{"@type":"MerchantReturnPolicy","merchantReturnLink":"https:\/\/www.vallonchene.fr\/remboursements_retours\/"}}]},"og_availability":"instock","product_availability":"instock","product_retailer_item_id":"42938","product_condition":"new"},"_links":{"self":[{"href":"https:\/\/www.vallonchene.fr\/de\/wp-json\/wp\/v2\/product\/5937","targetHints":{"allow":["GET"]}}],"collection":[{"href":"https:\/\/www.vallonchene.fr\/de\/wp-json\/wp\/v2\/product"}],"about":[{"href":"https:\/\/www.vallonchene.fr\/de\/wp-json\/wp\/v2\/types\/product"}],"replies":[{"embeddable":true,"href":"https:\/\/www.vallonchene.fr\/de\/wp-json\/wp\/v2\/comments?post=5937"}],"wp:featuredmedia":[{"embeddable":true,"href":"https:\/\/www.vallonchene.fr\/de\/wp-json\/wp\/v2\/media\/45912"}],"wp:attachment":[{"href":"https:\/\/www.vallonchene.fr\/de\/wp-json\/wp\/v2\/media?parent=5937"}],"wp:term":[{"taxonomy":"product_brand","embeddable":true,"href":"https:\/\/www.vallonchene.fr\/de\/wp-json\/wp\/v2\/product_brand?post=5937"},{"taxonomy":"product_cat","embeddable":true,"href":"https:\/\/www.vallonchene.fr\/de\/wp-json\/wp\/v2\/product_cat?post=5937"},{"taxonomy":"product_tag","embeddable":true,"href":"https:\/\/www.vallonchene.fr\/de\/wp-json\/wp\/v2\/product_tag?post=5937"}],"curies":[{"name":"wp","href":"https:\/\/api.w.org\/{rel}","templated":true}]}}