{"id":5826,"date":"2021-08-31T11:39:29","date_gmt":"2021-08-31T09:39:29","guid":{"rendered":"https:\/\/testing.vallonchene.fr\/produit\/syringa-vulgaris-sensation\/"},"modified":"2026-04-20T10:21:35","modified_gmt":"2026-04-20T08:21:35","slug":"syringa-vulgaris-sensation-gemeiner-flieder","status":"publish","type":"product","link":"https:\/\/www.vallonchene.fr\/de\/produkt\/syringa-vulgaris-sensation-gemeiner-flieder\/","title":{"rendered":"SYRINGA vulgaris &#8218;Sensation&#8216;"},"content":{"rendered":"<h2>Die Pflanze<\/h2>\n<p>Der <strong>SYRINGA vulgaris \u2018Sensation\u2019<\/strong> geh\u00f6rt zu den <strong>gew\u00f6hnlichen Fliedern<\/strong>, obwohl er nichts wirklich Gew\u00f6hnliches an sich hat. Seine <strong>violetten Bl\u00fcten mit wei\u00dfen R\u00e4ndern<\/strong> machen ihn zu einem sehr originellen Strauch. Er wird in Ihrem Garten sicherlich nicht unbemerkt bleiben.<br \/>\nEs handelt sich um eine <strong>nat\u00fcrliche Mutation aus dem Jahr 1938<\/strong>.<br \/>\nSie k\u00f6nnen die Bl\u00fcten f\u00fcr Ihre Str\u00e4u\u00dfe schneiden. Sein <strong>wunderbarer Duft<\/strong> wird Ihr Zuhause mit einem herrlichen Aroma erf\u00fcllen.   <\/p>\n<p>Um alle derzeit zum Verkauf stehenden Flieder zu sehen, <strong><a href=\"https:\/\/www.vallonchene.fr\/?s=syringa&amp;post_type=product&amp;dgwt_wcas=1&amp;lang=fr&amp;filter_stock_status=instock\">klicken Sie bitte hier<\/a><\/strong>.<\/p>\n<h2>Wie pflanzt man SYRINGA vulgaris &#8218;Sensation&#8216;?<\/h2>\n<p>Wie die meisten Flieder ist auch dieser \u00e4u\u00dferst <strong>widerstandsf\u00e4hig gegen\u00fcber nahezu allen Bedingungen<\/strong>, sei es K\u00e4lte, Hitze oder minderwertige Bodenqualit\u00e4t.<br \/>\nPflanzen Sie ihn in <strong>voller Sonne<\/strong>, damit er sich im April\/Mai pr\u00e4chtig entfaltet.<br \/>\nDieser Flieder geh\u00f6rt zu den bevorzugten Pflanzen f\u00fcr sowohl Hobbyg\u00e4rtner als auch erfahrene G\u00e4rtner.<\/p>\n<p><strong>Tipp<\/strong>: F\u00fcr eine noch intensivere Bl\u00fcte im n\u00e4chsten Jahr entfernen Sie die verbl\u00fchten Bl\u00fcten.<\/p>\n<p><a href=\"https:\/\/www.vallonchene.fr\/comment-planter-et-entretenir-des-vegetaux\/\" target=\"_blank\" rel=\"noreferrer noopener\"><strong>F\u00fcr die richtige Vorbereitung des Topfes oder Pflanzlochs haben wir hier spezielle Anleitungen zusammengestellt<\/strong><\/a>. <a href=\"https:\/\/www.vallonchene.fr\/comment-bien-arroser-le-jardin-et-economiser-leau\/\"><strong>Lesen Sie hier auch unsere Tipps zum richtigen Gie\u00dfen und Wassersparen<\/strong><\/a>.<\/p>\n<h2>Geschichte und Herkunft<\/h2>\n<p>Flieder (S. vulgaris und S. x persica) wurden im sp\u00e4ten 16. Jahrhundert aus den osmanischen G\u00e4rten in die europ\u00e4ischen G\u00e4rten eingef\u00fchrt. In den amerikanischen Kolonien (USA) wurden Flieder im 18. Jahrhundert eingef\u00fchrt. <\/p>\n<p>Flieder gelten als eingeb\u00fcrgert in West- und Nordeuropa. In den USA hat der Bundesstaat <strong><a href=\"https:\/\/fr.wikipedia.org\/wiki\/New_Hampshire\" target=\"_blank\" rel=\"noopener\">New Hampshire<\/a><\/strong> sie sogar zu seiner Staatsblume erkl\u00e4rt. <\/p>\n<p>Bonsai-Liebhaber entscheiden sich immer h\u00e4ufiger f\u00fcr diese pr\u00e4chtigen Pflanzen wegen ihrer wundersch\u00f6nen Bl\u00fcten und ihrer nat\u00fcrlichen, mehrst\u00e4mmigen Wuchsform, die sich hervorragend f\u00fcr k\u00fcnstlerische Gestaltungen eignet.<\/p>\n<p>Viele Fliedersorten wurden sogar mit den prestigetr\u00e4chtigen Auszeichnungen (<strong><a href=\"https:\/\/fr.wikipedia.org\/wiki\/Award_of_Garden_Merit\" target=\"_blank\" rel=\"noopener\">Award of Garden Merit<\/a><\/strong>) der RHS (<strong><a href=\"https:\/\/fr.wikipedia.org\/wiki\/Royal_Horticultural_Society\" target=\"_blank\" rel=\"noopener\">Royal Horticultural Society<\/a><\/strong>) im Vereinigten K\u00f6nigreich geehrt.<\/p>\n","protected":false},"excerpt":{"rendered":"<p>Dieser <strong>zweifarbige Flieder<\/strong> ist \u00e4u\u00dferst winterhart. Die Bl\u00fcten des <strong>SYRINGA vulgaris &#8218;Sensation&#8216;<\/strong> sind wunderbar duftend. Es handelt sich um eine robuste und einfach zu pflegende Pflanze.  <\/p>\n","protected":false},"featured_media":40536,"comment_status":"open","ping_status":"closed","template":"","meta":[],"product_brand":[],"product_cat":[252],"product_tag":[10717,10718,12533],"class_list":{"0":"post-5826","1":"product","2":"type-product","3":"status-publish","4":"has-post-thumbnail","6":"product_cat-straucher-und-baume-de","7":"product_tag-syringa-de","8":"product_tag-syringa-vulgaris-de","9":"product_tag-zweifarbiger-flieder","10":"pa_99-hauteurapproximativeapres1-150a200m-de","11":"pa_couleurdesfleurs-mauve-de","12":"pa_couleurdesfleurs-weiss-de","13":"pa_couleurdufeuillage-grun-de","14":"pa_exigencesenhumidite-feucht-de","15":"pa_exigencesenhumidite-normal-de","16":"pa_exigencesenhumidite-trocken-de","17":"pa_expositionspossibles-sonnigvon12bis17uhr-de","18":"pa_hauteurlivree-100-bis-125-cm","19":"pa_hauteurlivree-40-bis-50-cm","20":"pa_hauteurlivree-50-bis-60-cm","21":"pa_hauteurlivree-60-bis-80-cm","22":"pa_interetauprintemps-bluten-de","23":"pa_interetauprintemps-laub-de","24":"pa_interetauprintemps-parfum-de","25":"pa_interetenautomne-laub-de","26":"pa_interetenete-laub-de","27":"pa_naturedufeuillage-nichtimmergrun-de","28":"pa_naturesdesolpossibles-leicht-de","29":"pa_naturesdesolpossibles-normal-de","30":"pa_naturesdesolpossibles-schwer-de","31":"pa_particularites-duftend-de","32":"pa_particularites-schnittblumen-de","33":"pa_periodedefloraison-fruhling-de","34":"pa_periodedetaille-juni-de","35":"pa_phdusolacceptable-kalkigmehrals75-de","36":"pa_phdusolacceptable-neutralzw65u75-de","37":"pa_phdusolacceptable-sauerwenigerals65-de","38":"pa_portgraphisme-oval-de","39":"pa_resistanceaufroidrusticite-frostbestandigunter_20c-de","40":"pa_tailledepot-2liter_topf-de","41":"pa_tailledepot-4liter_topf-de","42":"pa_tailledepot-5liter_topf-de","43":"pa_tailledepot-75liter_topf-de","44":"pa_utilisationpossible-beet-de","45":"pa_utilisationpossible-hecke-de","46":"pa_utilisationpossible-kubelodertopf-de","48":"first","49":"instock","50":"taxable","51":"shipping-taxable","52":"purchasable","53":"product-type-variable","54":"has-default-attributes"},"supplier_id":null,"supplier_sku":"","barcode":null,"atum_controlled":true,"out_stock_date":null,"out_stock_threshold":null,"inheritable":true,"inbound_stock":0,"stock_on_hold":1,"sold_today":0,"sales_last_days":0,"reserved_stock":0,"customer_returns":0,"warehouse_damage":0,"lost_in_post":0,"other_logs":0,"out_stock_days":null,"lost_sales":0,"has_location":false,"update_date":"2026-04-22T12:14:41","atum_locations":[],"atum_stock_status":"instock","restock_status":false,"low_stock_amount":"","sales_update_date":"2024-06-08T12:11:11","calc_backorders":null,"yoast_head":"<!-- This site is optimized with the Yoast SEO Premium plugin v27.5 (Yoast SEO v27.5) - https:\/\/yoast.com\/product\/yoast-seo-premium-wordpress\/ -->\n<title>SYRINGA vulgaris &#039;Sensation&#039; - Gew\u00f6hnlicher Flieder<\/title>\n<meta name=\"description\" content=\"Dieser Flieder ist zweifarbig und vollkommen winterhart. Die Bl\u00fcten des SYRINGA vulgaris &#039;Sensation&#039; sind sehr duftend. Es ist eine robuste und einfach zu ziehende Pflanze.\" \/>\n<meta name=\"robots\" content=\"index, follow, max-snippet:-1, max-image-preview:large, max-video-preview:-1\" \/>\n<link rel=\"canonical\" href=\"https:\/\/www.vallonchene.fr\/de\/produkt\/syringa-vulgaris-sensation-gemeiner-flieder\/\" \/>\n<meta property=\"og:locale\" content=\"de_DE\" \/>\n<meta property=\"og:type\" content=\"article\" \/>\n<meta property=\"og:title\" content=\"SYRINGA vulgaris &#039;Sensation&#039;\" \/>\n<meta property=\"og:description\" content=\"Dieser Flieder ist zweifarbig und vollkommen winterhart. Die Bl\u00fcten des SYRINGA vulgaris &#039;Sensation&#039; sind sehr duftend. Es ist eine robuste und einfach zu ziehende Pflanze.\" \/>\n<meta property=\"og:url\" content=\"https:\/\/www.vallonchene.fr\/de\/produkt\/syringa-vulgaris-sensation-gemeiner-flieder\/\" \/>\n<meta property=\"og:site_name\" content=\"Vallonch\u00eane\" \/>\n<meta property=\"article:publisher\" content=\"https:\/\/www.facebook.com\/vallonchene.fr\" \/>\n<meta property=\"article:modified_time\" content=\"2026-04-20T08:21:35+00:00\" \/>\n<meta property=\"og:image\" content=\"https:\/\/www.vallonchene.fr\/wp-content\/uploads\/2021\/08\/SYRINGA-vulgaris-Sensation.webp\" \/>\n\t<meta property=\"og:image:width\" content=\"1000\" \/>\n\t<meta property=\"og:image:height\" content=\"1000\" \/>\n\t<meta property=\"og:image:type\" content=\"image\/webp\" \/>\n<meta name=\"twitter:card\" content=\"summary_large_image\" \/>\n<meta name=\"twitter:label1\" content=\"Verf\u00fcgbarkeit\" \/>\n\t<meta name=\"twitter:data1\" content=\"Vorr\u00e4tig\" \/>\n<script type=\"application\/ld+json\" class=\"yoast-schema-graph\">{\"@context\":\"https:\\\/\\\/schema.org\",\"@graph\":[{\"@type\":\"WebPage\",\"@id\":\"https:\\\/\\\/www.vallonchene.fr\\\/de\\\/produkt\\\/syringa-vulgaris-sensation-gemeiner-flieder\\\/\",\"url\":\"https:\\\/\\\/www.vallonchene.fr\\\/de\\\/produkt\\\/syringa-vulgaris-sensation-gemeiner-flieder\\\/\",\"name\":\"SYRINGA vulgaris 'Sensation' - Gew\u00f6hnlicher Flieder\",\"isPartOf\":{\"@id\":\"https:\\\/\\\/www.vallonchene.fr\\\/de\\\/#website\"},\"primaryImageOfPage\":{\"@id\":\"https:\\\/\\\/www.vallonchene.fr\\\/de\\\/produkt\\\/syringa-vulgaris-sensation-gemeiner-flieder\\\/#primaryimage\"},\"image\":{\"@id\":\"https:\\\/\\\/www.vallonchene.fr\\\/de\\\/produkt\\\/syringa-vulgaris-sensation-gemeiner-flieder\\\/#primaryimage\"},\"thumbnailUrl\":\"https:\\\/\\\/www.vallonchene.fr\\\/wp-content\\\/uploads\\\/2021\\\/08\\\/SYRINGA-vulgaris-Sensation.webp\",\"datePublished\":\"2021-08-31T09:39:29+00:00\",\"dateModified\":\"2026-04-20T08:21:35+00:00\",\"description\":\"Dieser Flieder ist zweifarbig und vollkommen winterhart. Die Bl\u00fcten des SYRINGA vulgaris 'Sensation' sind sehr duftend. Es ist eine robuste und einfach zu ziehende Pflanze.\",\"breadcrumb\":{\"@id\":\"https:\\\/\\\/www.vallonchene.fr\\\/de\\\/produkt\\\/syringa-vulgaris-sensation-gemeiner-flieder\\\/#breadcrumb\"},\"inLanguage\":\"de\",\"potentialAction\":[{\"@type\":\"ReadAction\",\"target\":[\"https:\\\/\\\/www.vallonchene.fr\\\/de\\\/produkt\\\/syringa-vulgaris-sensation-gemeiner-flieder\\\/\"]}]},{\"@type\":\"ImageObject\",\"inLanguage\":\"de\",\"@id\":\"https:\\\/\\\/www.vallonchene.fr\\\/de\\\/produkt\\\/syringa-vulgaris-sensation-gemeiner-flieder\\\/#primaryimage\",\"url\":\"https:\\\/\\\/www.vallonchene.fr\\\/wp-content\\\/uploads\\\/2021\\\/08\\\/SYRINGA-vulgaris-Sensation.webp\",\"contentUrl\":\"https:\\\/\\\/www.vallonchene.fr\\\/wp-content\\\/uploads\\\/2021\\\/08\\\/SYRINGA-vulgaris-Sensation.webp\",\"width\":1000,\"height\":1000,\"caption\":\"Gro\u00dfaufnahme von purpurfarbenen Bl\u00fcten mit wei\u00dfem Rand von SYRINGA vulgaris 'Sensation'\"},{\"@type\":\"BreadcrumbList\",\"@id\":\"https:\\\/\\\/www.vallonchene.fr\\\/de\\\/produkt\\\/syringa-vulgaris-sensation-gemeiner-flieder\\\/#breadcrumb\",\"itemListElement\":[{\"@type\":\"ListItem\",\"position\":1,\"name\":\"Home\",\"item\":\"https:\\\/\\\/www.vallonchene.fr\\\/de\\\/\"},{\"@type\":\"ListItem\",\"position\":2,\"name\":\"Shop\",\"item\":\"https:\\\/\\\/www.vallonchene.fr\\\/de\\\/shop\\\/\"},{\"@type\":\"ListItem\",\"position\":3,\"name\":\"Online-Verkauf\",\"item\":\"https:\\\/\\\/www.vallonchene.fr\\\/de\\\/produkt-kategorie\\\/online-verkauf-de\\\/\"},{\"@type\":\"ListItem\",\"position\":4,\"name\":\"Baumschule\",\"item\":\"https:\\\/\\\/www.vallonchene.fr\\\/de\\\/produkt-kategorie\\\/online-verkauf-de\\\/baumschule-gaertnerei-de\\\/\"},{\"@type\":\"ListItem\",\"position\":5,\"name\":\"Str\u00e4ucher und B\u00e4ume\",\"item\":\"https:\\\/\\\/www.vallonchene.fr\\\/de\\\/produkt-kategorie\\\/online-verkauf-de\\\/baumschule-gaertnerei-de\\\/straucher-und-baume-de\\\/\"},{\"@type\":\"ListItem\",\"position\":6,\"name\":\"SYRINGA vulgaris &#8218;Sensation&#8216;\"}]},{\"@type\":\"WebSite\",\"@id\":\"https:\\\/\\\/www.vallonchene.fr\\\/de\\\/#website\",\"url\":\"https:\\\/\\\/www.vallonchene.fr\\\/de\\\/\",\"name\":\"Vallonch\u00eane\",\"description\":\"Die Baumschule, bei der Qualit\u00e4t ihre Wurzeln hat \u2013 Tel.: +49 (0)6838-5399840\",\"publisher\":{\"@id\":\"https:\\\/\\\/www.vallonchene.fr\\\/de\\\/#organization\"},\"potentialAction\":[{\"@type\":\"SearchAction\",\"target\":{\"@type\":\"EntryPoint\",\"urlTemplate\":\"https:\\\/\\\/www.vallonchene.fr\\\/de\\\/?s={search_term_string}\"},\"query-input\":{\"@type\":\"PropertyValueSpecification\",\"valueRequired\":true,\"valueName\":\"search_term_string\"}}],\"inLanguage\":\"de\"},{\"@type\":\"Organization\",\"@id\":\"https:\\\/\\\/www.vallonchene.fr\\\/de\\\/#organization\",\"name\":\"VALLONCHENE\",\"url\":\"https:\\\/\\\/www.vallonchene.fr\\\/de\\\/\",\"logo\":{\"@type\":\"ImageObject\",\"inLanguage\":\"de\",\"@id\":\"https:\\\/\\\/www.vallonchene.fr\\\/de\\\/#\\\/schema\\\/logo\\\/image\\\/\",\"url\":\"https:\\\/\\\/www.vallonchene.fr\\\/wp-content\\\/uploads\\\/2023\\\/03\\\/Logo-Vallonchene-site-et-R_hauteur_100.png\",\"contentUrl\":\"https:\\\/\\\/www.vallonchene.fr\\\/wp-content\\\/uploads\\\/2023\\\/03\\\/Logo-Vallonchene-site-et-R_hauteur_100.png\",\"width\":221,\"height\":100,\"caption\":\"VALLONCHENE\"},\"image\":{\"@id\":\"https:\\\/\\\/www.vallonchene.fr\\\/de\\\/#\\\/schema\\\/logo\\\/image\\\/\"},\"sameAs\":[\"https:\\\/\\\/www.facebook.com\\\/vallonchene.fr\",\"https:\\\/\\\/www.instagram.com\\\/vallonchene\\\/\",\"https:\\\/\\\/www.pinterest.fr\\\/vallonchene\\\/\"],\"taxID\":\"49454502300017\",\"hasMerchantReturnPolicy\":{\"@type\":\"MerchantReturnPolicy\",\"merchantReturnLink\":\"https:\\\/\\\/www.vallonchene.fr\\\/remboursements_retours\\\/\"}}]}<\/script>\n<meta property=\"og:availability\" content=\"instock\" \/>\n<meta property=\"product:availability\" content=\"instock\" \/>\n<meta property=\"product:retailer_item_id\" content=\"92574\" \/>\n<meta property=\"product:condition\" content=\"new\" \/>\n<!-- \/ Yoast SEO Premium plugin. -->","yoast_head_json":{"title":"SYRINGA vulgaris 'Sensation' - Gew\u00f6hnlicher Flieder","description":"Dieser Flieder ist zweifarbig und vollkommen winterhart. Die Bl\u00fcten des SYRINGA vulgaris 'Sensation' sind sehr duftend. Es ist eine robuste und einfach zu ziehende Pflanze.","robots":{"index":"index","follow":"follow","max-snippet":"max-snippet:-1","max-image-preview":"max-image-preview:large","max-video-preview":"max-video-preview:-1"},"canonical":"https:\/\/www.vallonchene.fr\/de\/produkt\/syringa-vulgaris-sensation-gemeiner-flieder\/","og_locale":"de_DE","og_type":"article","og_title":"SYRINGA vulgaris 'Sensation'","og_description":"Dieser Flieder ist zweifarbig und vollkommen winterhart. Die Bl\u00fcten des SYRINGA vulgaris 'Sensation' sind sehr duftend. Es ist eine robuste und einfach zu ziehende Pflanze.","og_url":"https:\/\/www.vallonchene.fr\/de\/produkt\/syringa-vulgaris-sensation-gemeiner-flieder\/","og_site_name":"Vallonch\u00eane","article_publisher":"https:\/\/www.facebook.com\/vallonchene.fr","article_modified_time":"2026-04-20T08:21:35+00:00","og_image":[{"width":1000,"height":1000,"url":"https:\/\/www.vallonchene.fr\/wp-content\/uploads\/2021\/08\/SYRINGA-vulgaris-Sensation.webp","type":"image\/webp"}],"twitter_card":"summary_large_image","twitter_misc":{"Verf\u00fcgbarkeit":"Vorr\u00e4tig"},"schema":{"@context":"https:\/\/schema.org","@graph":[{"@type":"WebPage","@id":"https:\/\/www.vallonchene.fr\/de\/produkt\/syringa-vulgaris-sensation-gemeiner-flieder\/","url":"https:\/\/www.vallonchene.fr\/de\/produkt\/syringa-vulgaris-sensation-gemeiner-flieder\/","name":"SYRINGA vulgaris 'Sensation' - Gew\u00f6hnlicher Flieder","isPartOf":{"@id":"https:\/\/www.vallonchene.fr\/de\/#website"},"primaryImageOfPage":{"@id":"https:\/\/www.vallonchene.fr\/de\/produkt\/syringa-vulgaris-sensation-gemeiner-flieder\/#primaryimage"},"image":{"@id":"https:\/\/www.vallonchene.fr\/de\/produkt\/syringa-vulgaris-sensation-gemeiner-flieder\/#primaryimage"},"thumbnailUrl":"https:\/\/www.vallonchene.fr\/wp-content\/uploads\/2021\/08\/SYRINGA-vulgaris-Sensation.webp","datePublished":"2021-08-31T09:39:29+00:00","dateModified":"2026-04-20T08:21:35+00:00","description":"Dieser Flieder ist zweifarbig und vollkommen winterhart. Die Bl\u00fcten des SYRINGA vulgaris 'Sensation' sind sehr duftend. Es ist eine robuste und einfach zu ziehende Pflanze.","breadcrumb":{"@id":"https:\/\/www.vallonchene.fr\/de\/produkt\/syringa-vulgaris-sensation-gemeiner-flieder\/#breadcrumb"},"inLanguage":"de","potentialAction":[{"@type":"ReadAction","target":["https:\/\/www.vallonchene.fr\/de\/produkt\/syringa-vulgaris-sensation-gemeiner-flieder\/"]}]},{"@type":"ImageObject","inLanguage":"de","@id":"https:\/\/www.vallonchene.fr\/de\/produkt\/syringa-vulgaris-sensation-gemeiner-flieder\/#primaryimage","url":"https:\/\/www.vallonchene.fr\/wp-content\/uploads\/2021\/08\/SYRINGA-vulgaris-Sensation.webp","contentUrl":"https:\/\/www.vallonchene.fr\/wp-content\/uploads\/2021\/08\/SYRINGA-vulgaris-Sensation.webp","width":1000,"height":1000,"caption":"Gro\u00dfaufnahme von purpurfarbenen Bl\u00fcten mit wei\u00dfem Rand von SYRINGA vulgaris 'Sensation'"},{"@type":"BreadcrumbList","@id":"https:\/\/www.vallonchene.fr\/de\/produkt\/syringa-vulgaris-sensation-gemeiner-flieder\/#breadcrumb","itemListElement":[{"@type":"ListItem","position":1,"name":"Home","item":"https:\/\/www.vallonchene.fr\/de\/"},{"@type":"ListItem","position":2,"name":"Shop","item":"https:\/\/www.vallonchene.fr\/de\/shop\/"},{"@type":"ListItem","position":3,"name":"Online-Verkauf","item":"https:\/\/www.vallonchene.fr\/de\/produkt-kategorie\/online-verkauf-de\/"},{"@type":"ListItem","position":4,"name":"Baumschule","item":"https:\/\/www.vallonchene.fr\/de\/produkt-kategorie\/online-verkauf-de\/baumschule-gaertnerei-de\/"},{"@type":"ListItem","position":5,"name":"Str\u00e4ucher und B\u00e4ume","item":"https:\/\/www.vallonchene.fr\/de\/produkt-kategorie\/online-verkauf-de\/baumschule-gaertnerei-de\/straucher-und-baume-de\/"},{"@type":"ListItem","position":6,"name":"SYRINGA vulgaris &#8218;Sensation&#8216;"}]},{"@type":"WebSite","@id":"https:\/\/www.vallonchene.fr\/de\/#website","url":"https:\/\/www.vallonchene.fr\/de\/","name":"Vallonch\u00eane","description":"Die Baumschule, bei der Qualit\u00e4t ihre Wurzeln hat \u2013 Tel.: +49 (0)6838-5399840","publisher":{"@id":"https:\/\/www.vallonchene.fr\/de\/#organization"},"potentialAction":[{"@type":"SearchAction","target":{"@type":"EntryPoint","urlTemplate":"https:\/\/www.vallonchene.fr\/de\/?s={search_term_string}"},"query-input":{"@type":"PropertyValueSpecification","valueRequired":true,"valueName":"search_term_string"}}],"inLanguage":"de"},{"@type":"Organization","@id":"https:\/\/www.vallonchene.fr\/de\/#organization","name":"VALLONCHENE","url":"https:\/\/www.vallonchene.fr\/de\/","logo":{"@type":"ImageObject","inLanguage":"de","@id":"https:\/\/www.vallonchene.fr\/de\/#\/schema\/logo\/image\/","url":"https:\/\/www.vallonchene.fr\/wp-content\/uploads\/2023\/03\/Logo-Vallonchene-site-et-R_hauteur_100.png","contentUrl":"https:\/\/www.vallonchene.fr\/wp-content\/uploads\/2023\/03\/Logo-Vallonchene-site-et-R_hauteur_100.png","width":221,"height":100,"caption":"VALLONCHENE"},"image":{"@id":"https:\/\/www.vallonchene.fr\/de\/#\/schema\/logo\/image\/"},"sameAs":["https:\/\/www.facebook.com\/vallonchene.fr","https:\/\/www.instagram.com\/vallonchene\/","https:\/\/www.pinterest.fr\/vallonchene\/"],"taxID":"49454502300017","hasMerchantReturnPolicy":{"@type":"MerchantReturnPolicy","merchantReturnLink":"https:\/\/www.vallonchene.fr\/remboursements_retours\/"}}]},"og_availability":"instock","product_availability":"instock","product_retailer_item_id":"92574","product_condition":"new"},"_links":{"self":[{"href":"https:\/\/www.vallonchene.fr\/de\/wp-json\/wp\/v2\/product\/5826","targetHints":{"allow":["GET"]}}],"collection":[{"href":"https:\/\/www.vallonchene.fr\/de\/wp-json\/wp\/v2\/product"}],"about":[{"href":"https:\/\/www.vallonchene.fr\/de\/wp-json\/wp\/v2\/types\/product"}],"replies":[{"embeddable":true,"href":"https:\/\/www.vallonchene.fr\/de\/wp-json\/wp\/v2\/comments?post=5826"}],"wp:featuredmedia":[{"embeddable":true,"href":"https:\/\/www.vallonchene.fr\/de\/wp-json\/wp\/v2\/media\/40536"}],"wp:attachment":[{"href":"https:\/\/www.vallonchene.fr\/de\/wp-json\/wp\/v2\/media?parent=5826"}],"wp:term":[{"taxonomy":"product_brand","embeddable":true,"href":"https:\/\/www.vallonchene.fr\/de\/wp-json\/wp\/v2\/product_brand?post=5826"},{"taxonomy":"product_cat","embeddable":true,"href":"https:\/\/www.vallonchene.fr\/de\/wp-json\/wp\/v2\/product_cat?post=5826"},{"taxonomy":"product_tag","embeddable":true,"href":"https:\/\/www.vallonchene.fr\/de\/wp-json\/wp\/v2\/product_tag?post=5826"}],"curies":[{"name":"wp","href":"https:\/\/api.w.org\/{rel}","templated":true}]}}