{"id":5786,"date":"2021-08-31T11:31:22","date_gmt":"2021-08-31T11:31:22","guid":{"rendered":"https:\/\/testing.vallonchene.fr\/produit\/quercus-dentata-carl-ferris-miller\/"},"modified":"2025-11-11T11:12:50","modified_gmt":"2025-11-11T10:12:50","slug":"quercus-dentata-carl-ferris-miller","status":"publish","type":"product","link":"https:\/\/www.vallonchene.fr\/de\/produkt\/quercus-dentata-carl-ferris-miller\/","title":{"rendered":"QUERCUS dentata &#8218;Carl Ferris Miller&#8216;"},"content":{"rendered":"<h2>Die Pflanze<\/h2>\n<p data-sourcepos=\"5:1-5:645\">Die <strong>QUERCUS dentata &#8218;Carl Ferris Miller&#8216;<\/strong> wird zweifellos alle Blicke auf sich ziehen. Ihre Bl\u00e4tter k\u00f6nnen n\u00e4mlich <strong>\u00fcber 30 cm lang<\/strong> werden und geh\u00f6ren damit zu den Gr\u00f6\u00dften der Gattung Quercus. Ihre <strong>bemerkenswerte Dicke<\/strong> und ihre <strong>ledrige Textur<\/strong> verleihen ihnen eine au\u00dfergew\u00f6hnliche Widerstandsf\u00e4higkeit gegen Witterungseinfl\u00fcsse.<br \/>\nDar\u00fcber hinaus bietet dieser Eichenbaum im Laufe der Jahreszeiten ein bezauberndes Schauspiel: ein <strong>leuchtend gr\u00fcnes Laub<\/strong> im Sommer, gefolgt von einem <strong>pr\u00e4chtigen Herbstkleid in Oranget\u00f6nen<\/strong>. Dieses h\u00e4lt bis zum Ende des Winters an. Diese Langlebigkeit der Herbstf\u00e4rbung ist eine seltene und sehr gesch\u00e4tzte Eigenschaft bei B\u00e4umen.<br \/>\nZudem sorgt das <strong>langsame Wachstum<\/strong> dieses Baumes daf\u00fcr, dass er sich hervorragend <strong>f\u00fcr G\u00e4rten mittlerer Gr\u00f6\u00dfe<\/strong> eignet. So kann man die majest\u00e4tische Pr\u00e4senz einer Eiche genie\u00dfen, ohne viel Platz opfern zu m\u00fcssen.<br \/>\nDar\u00fcber hinaus macht ihre <strong>Robustheit<\/strong> und ihre <strong>Anpassungsf\u00e4higkeit an alle Bodenarten<\/strong> sie zu einer besonders interessanten Art f\u00fcr G\u00e4rtner. Anf\u00e4nger werden sie ebenso sch\u00e4tzen wie erfahrene G\u00e4rtner. Schlie\u00dflich ist die QUERCUS dentata &#8218;Carl Ferris Miller&#8216; ein erstklassiger Baum, der in jedem Garten seinen Platz finden wird.        <\/p>\n<h2 data-sourcepos=\"5:1-5:645\">Wie pflanzt und pflegt man QUERCUS dentata &#8218;Carl Ferris Miller&#8216; ?<\/h2>\n<p>Diese kleine Eiche ist \u00e4u\u00dferst robust und gedeiht auf nahezu jedem Boden. Am wohlsten f\u00fchlt sie sich jedoch in feuchten, durchl\u00e4ssigen B\u00f6den.<br \/>\nEin sonniger oder halbschattiger Standort ist ideal. Nach der Anpflanzung ist nur wenig Pflege n\u00f6tig. Regelm\u00e4\u00dfiges Gie\u00dfen in den ersten Jahren sichert ein gutes Anwachsen.<br \/>\nEin R\u00fcckschnitt kann im M\u00e4rz erfolgen.<br \/>\n<strong><a href=\"https:\/\/www.vallonchene.fr\/comment-planter-et-entretenir-des-vegetaux\/\"> Detaillierte Pflanzanleitungen finden Sie hier<\/a><\/strong>.<br \/>\n <a href=\"https:\/\/www.vallonchene.fr\/comment-bien-arroser-le-jardin-et-economiser-leau\/\"><strong>Tipps zum sparsamen Umgang mit Wasser finden Sie hier<\/strong><\/a>.   <\/p>\n<h2>Geschichte und Herkunft<\/h2>\n<p>Die QUERCUS dentata &#8218;Carl Ferris Miller&#8216; stammt urspr\u00fcnglich aus Nordamerika. Sie wurde 1935 von dem amerikanischen Botaniker Carl Ferris Miller entdeckt und in den 1950er Jahren nach Europa eingef\u00fchrt. Diese kleine Eiche ist heute bei G\u00e4rtnern aufgrund ihrer Sch\u00f6nheit und Robustheit sehr beliebt. Die urspr\u00fcngliche Art, QUERCUS dentata, kommt aus Ostasien. Sie wird auch Daimyo-Eiche oder Japanische Kaiser-Eiche genannt. Die Briten f\u00fchrten sie 1830 nach Europa ein und verwenden sie als Zierbaum. Die Eicheln dienen als Nahrungsquelle f\u00fcr viele Tiere, darunter V\u00f6gel, Eichh\u00f6rnchen und Hirsche. In Japan, aufgrund ihrer gro\u00dfen Sch\u00f6nheit, wird die Q. dentata in japanischen G\u00e4rten verwendet, um traditionelle Landschaften zu schaffen. Manchmal wird sie auch f\u00fcr Bonsai verwendet.   <\/p>\n<h2>Fazit <br \/><\/h2>\n<p>Die QUERCUS dentata &#8218;Carl Ferris Miller&#8216; ist eine Eiche der besonderen Art. Ihre Bl\u00e4tter sind von beeindruckender Dicke, ihre Herbstf\u00e4rbung ein wahres Schauspiel und ihr Wachstum wirklich langsam. F\u00fcr kleine G\u00e4rten ist sie die perfekte Wahl, da sie wenig Pflege ben\u00f6tigt. Wer einen au\u00dfergew\u00f6hnlichen Baum sucht, wird mit dieser Eiche seine Freude haben.   <\/p>\n<p data-sourcepos=\"5:1-5:645\">\n","protected":false},"excerpt":{"rendered":"<p>Die Bl\u00e4tter der <strong>Daimyo-Eiche<\/strong> geh\u00f6ren zu den gr\u00f6\u00dften unter den Eichen. Das Laub der <strong>QUERCUS dentata &#8218;Carl Ferris Miller&#8216;<\/strong> ist gr\u00fcn und f\u00e4rbt sich im Herbst sch\u00f6n orange-apricot. Sie ist sehr robust.  <\/p>\n","protected":false},"featured_media":49880,"comment_status":"open","ping_status":"closed","template":"","meta":[],"product_brand":[],"product_cat":[252],"product_tag":[11439,11436,11437,11382,11435,11438,11440],"class_list":{"0":"post-5786","1":"product","2":"type-product","3":"status-publish","4":"has-post-thumbnail","6":"product_cat-straucher-und-baume-de","7":"product_tag-carl-ferris-miller-de","8":"product_tag-daimyo-eiche","9":"product_tag-grosblattrige-eiche","10":"product_tag-quercus-de","11":"product_tag-quercus-dentata-de","12":"product_tag-quercus-dentata-carl-ferris-mill-de","13":"product_tag-quercus-dentata-carl-ferris-miller-de","14":"pa_99-hauteurapproximativeapres1-3_5m-de","15":"pa_couleurdufeuillage-grun-de","16":"pa_exigencesenhumidite-feucht-de","17":"pa_exigencesenhumidite-normal-de-2","18":"pa_exigencesenhumidite-trocken-de","19":"pa_expositionspossibles-ce-halbschattigsonnezw12und17-de","20":"pa_expositionspossibles-sonnigvon12bis17uhr-de","21":"pa_hauteurlivree-100-bis-125-cm","22":"pa_hauteurlivree-150-bis-175-cm","23":"pa_hauteurlivree-25-bis-30-cm","24":"pa_hauteurlivree-30-bis-40-cm","25":"pa_hauteurlivree-40-bis-60-cm","26":"pa_hauteurlivree-60-bis-80-cm","27":"pa_hauteurlivree-80-bis-100-cm","28":"pa_interetauprintemps-jungesprossen-de","29":"pa_interetauprintemps-laub-de","30":"pa_interetenautomne-laub-de","31":"pa_interetenete-laub-de","32":"pa_naturedufeuillage-marcescent-de","33":"pa_naturedufeuillage-nichtimmergrun-de","34":"pa_naturesdesolpossibles-leicht-de","35":"pa_naturesdesolpossibles-normal-de","36":"pa_naturesdesolpossibles-schwer-de","37":"pa_periodedetaille-marz-de","38":"pa_phdusolacceptable-kalkigmehrals75-de","39":"pa_phdusolacceptable-neutralzw65u75-de","40":"pa_phdusolacceptable-sauerwenigerals65-de","41":"pa_portgraphisme-oval-de","42":"pa_resistanceaufroidrusticite-frostbestandigunter_20c-de","43":"pa_tailledepot-10liter_topf-de","44":"pa_tailledepot-3liter_topf-de","45":"pa_tailledepot-5liter_topf-de","46":"pa_tailledepot-75liter_topf-de","47":"pa_utilisationpossible-alleinstehend-de","48":"pa_utilisationpossible-beet-de","50":"first","51":"outofstock","52":"taxable","53":"shipping-taxable","54":"purchasable","55":"product-type-variable"},"supplier_id":null,"supplier_sku":"","barcode":null,"atum_controlled":true,"out_stock_date":null,"out_stock_threshold":null,"inheritable":true,"inbound_stock":0,"stock_on_hold":0,"sold_today":0,"sales_last_days":0,"reserved_stock":0,"customer_returns":0,"warehouse_damage":0,"lost_in_post":0,"other_logs":0,"out_stock_days":0,"lost_sales":0,"has_location":false,"update_date":"2026-03-11T15:13:50","atum_locations":[],"atum_stock_status":"instock","restock_status":false,"low_stock_amount":"","sales_update_date":"2025-11-12T16:16:53","calc_backorders":null,"yoast_head":"<!-- This site is optimized with the Yoast SEO Premium plugin v27.4 (Yoast SEO v27.4) - https:\/\/yoast.com\/product\/yoast-seo-premium-wordpress\/ -->\n<title>QUERCUS dentata &#039;Carl Ferris Miller&#039; - Japanische Kaiser-Eiche<\/title>\n<meta name=\"description\" content=\"Die Bl\u00e4tter dieser Daimyo-Eiche geh\u00f6ren zu den gr\u00f6\u00dften unter den Eichen. Das Laub der Quercus dentata &#039;Carl Ferris Miller&#039; ist gr\u00fcn und f\u00e4rbt sich im Herbst orange.\" \/>\n<meta name=\"robots\" content=\"index, follow, max-snippet:-1, max-image-preview:large, max-video-preview:-1\" \/>\n<link rel=\"canonical\" href=\"https:\/\/www.vallonchene.fr\/de\/produkt\/quercus-dentata-carl-ferris-miller\/\" \/>\n<meta property=\"og:locale\" content=\"de_DE\" \/>\n<meta property=\"og:type\" content=\"article\" \/>\n<meta property=\"og:title\" content=\"QUERCUS dentata &#039;Carl Ferris Miller&#039; - Japanische Kaiser-Eiche\" \/>\n<meta property=\"og:description\" content=\"Die Bl\u00e4tter dieser Daimyo-Eiche geh\u00f6ren zu den gr\u00f6\u00dften unter den Eichen. Das Laub der Quercus dentata &#039;Carl Ferris Miller&#039; ist gr\u00fcn und f\u00e4rbt sich im Herbst orange.\" \/>\n<meta property=\"og:url\" content=\"https:\/\/www.vallonchene.fr\/de\/produkt\/quercus-dentata-carl-ferris-miller\/\" \/>\n<meta property=\"og:site_name\" content=\"Vallonch\u00eane\" \/>\n<meta property=\"article:publisher\" content=\"https:\/\/www.facebook.com\/vallonchene.fr\" \/>\n<meta property=\"article:modified_time\" content=\"2025-11-11T10:12:50+00:00\" \/>\n<meta property=\"og:image\" content=\"https:\/\/www.vallonchene.fr\/wp-content\/uploads\/2024\/10\/QUERCUS-dentata-Carl-Ferris-Miller-300x300.webp\" \/>\n<meta name=\"twitter:card\" content=\"summary_large_image\" \/>\n<meta name=\"twitter:title\" content=\"QUERCUS dentata &#039;Carl Ferris Miller&#039;\" \/>\n<meta name=\"twitter:label1\" content=\"Verf\u00fcgbarkeit\" \/>\n\t<meta name=\"twitter:data1\" content=\"Nicht vorr\u00e4tig\" \/>\n<script type=\"application\/ld+json\" class=\"yoast-schema-graph\">{\"@context\":\"https:\\\/\\\/schema.org\",\"@graph\":[{\"@type\":\"WebPage\",\"@id\":\"https:\\\/\\\/www.vallonchene.fr\\\/de\\\/produkt\\\/quercus-dentata-carl-ferris-miller\\\/\",\"url\":\"https:\\\/\\\/www.vallonchene.fr\\\/de\\\/produkt\\\/quercus-dentata-carl-ferris-miller\\\/\",\"name\":\"QUERCUS dentata 'Carl Ferris Miller' - Japanische Kaiser-Eiche\",\"isPartOf\":{\"@id\":\"https:\\\/\\\/www.vallonchene.fr\\\/de\\\/#website\"},\"primaryImageOfPage\":{\"@id\":\"https:\\\/\\\/www.vallonchene.fr\\\/de\\\/produkt\\\/quercus-dentata-carl-ferris-miller\\\/#primaryimage\"},\"image\":{\"@id\":\"https:\\\/\\\/www.vallonchene.fr\\\/de\\\/produkt\\\/quercus-dentata-carl-ferris-miller\\\/#primaryimage\"},\"thumbnailUrl\":\"https:\\\/\\\/www.vallonchene.fr\\\/wp-content\\\/uploads\\\/2024\\\/10\\\/QUERCUS-dentata-Carl-Ferris-Miller.webp\",\"datePublished\":\"2021-08-31T11:31:22+00:00\",\"dateModified\":\"2025-11-11T10:12:50+00:00\",\"description\":\"Die Bl\u00e4tter dieser Daimyo-Eiche geh\u00f6ren zu den gr\u00f6\u00dften unter den Eichen. Das Laub der Quercus dentata 'Carl Ferris Miller' ist gr\u00fcn und f\u00e4rbt sich im Herbst orange.\",\"breadcrumb\":{\"@id\":\"https:\\\/\\\/www.vallonchene.fr\\\/de\\\/produkt\\\/quercus-dentata-carl-ferris-miller\\\/#breadcrumb\"},\"inLanguage\":\"de\",\"potentialAction\":[{\"@type\":\"ReadAction\",\"target\":[\"https:\\\/\\\/www.vallonchene.fr\\\/de\\\/produkt\\\/quercus-dentata-carl-ferris-miller\\\/\"]}]},{\"@type\":\"ImageObject\",\"inLanguage\":\"de\",\"@id\":\"https:\\\/\\\/www.vallonchene.fr\\\/de\\\/produkt\\\/quercus-dentata-carl-ferris-miller\\\/#primaryimage\",\"url\":\"https:\\\/\\\/www.vallonchene.fr\\\/wp-content\\\/uploads\\\/2024\\\/10\\\/QUERCUS-dentata-Carl-Ferris-Miller.webp\",\"contentUrl\":\"https:\\\/\\\/www.vallonchene.fr\\\/wp-content\\\/uploads\\\/2024\\\/10\\\/QUERCUS-dentata-Carl-Ferris-Miller.webp\",\"width\":1200,\"height\":1200,\"caption\":\"Makroaufnahme der gr\u00fcnen Bl\u00e4tter von QUERCUS dentata 'Carl Ferris Miller' mit wei\u00dfem Rand\"},{\"@type\":\"BreadcrumbList\",\"@id\":\"https:\\\/\\\/www.vallonchene.fr\\\/de\\\/produkt\\\/quercus-dentata-carl-ferris-miller\\\/#breadcrumb\",\"itemListElement\":[{\"@type\":\"ListItem\",\"position\":1,\"name\":\"Home\",\"item\":\"https:\\\/\\\/www.vallonchene.fr\\\/de\\\/\"},{\"@type\":\"ListItem\",\"position\":2,\"name\":\"Shop\",\"item\":\"https:\\\/\\\/www.vallonchene.fr\\\/de\\\/shop\\\/\"},{\"@type\":\"ListItem\",\"position\":3,\"name\":\"Online-Verkauf\",\"item\":\"https:\\\/\\\/www.vallonchene.fr\\\/de\\\/produkt-kategorie\\\/online-verkauf-de\\\/\"},{\"@type\":\"ListItem\",\"position\":4,\"name\":\"Baumschule\",\"item\":\"https:\\\/\\\/www.vallonchene.fr\\\/de\\\/produkt-kategorie\\\/online-verkauf-de\\\/baumschule-gaertnerei-de\\\/\"},{\"@type\":\"ListItem\",\"position\":5,\"name\":\"Str\u00e4ucher und B\u00e4ume\",\"item\":\"https:\\\/\\\/www.vallonchene.fr\\\/de\\\/produkt-kategorie\\\/online-verkauf-de\\\/baumschule-gaertnerei-de\\\/straucher-und-baume-de\\\/\"},{\"@type\":\"ListItem\",\"position\":6,\"name\":\"QUERCUS dentata &#8218;Carl Ferris Miller&#8216;\"}]},{\"@type\":\"WebSite\",\"@id\":\"https:\\\/\\\/www.vallonchene.fr\\\/de\\\/#website\",\"url\":\"https:\\\/\\\/www.vallonchene.fr\\\/de\\\/\",\"name\":\"Vallonch\u00eane\",\"description\":\"Die Baumschule, bei der Qualit\u00e4t ihre Wurzeln hat \u2013 Tel.: +49 (0)6838-5399840\",\"publisher\":{\"@id\":\"https:\\\/\\\/www.vallonchene.fr\\\/de\\\/#organization\"},\"potentialAction\":[{\"@type\":\"SearchAction\",\"target\":{\"@type\":\"EntryPoint\",\"urlTemplate\":\"https:\\\/\\\/www.vallonchene.fr\\\/de\\\/?s={search_term_string}\"},\"query-input\":{\"@type\":\"PropertyValueSpecification\",\"valueRequired\":true,\"valueName\":\"search_term_string\"}}],\"inLanguage\":\"de\"},{\"@type\":\"Organization\",\"@id\":\"https:\\\/\\\/www.vallonchene.fr\\\/de\\\/#organization\",\"name\":\"VALLONCHENE\",\"url\":\"https:\\\/\\\/www.vallonchene.fr\\\/de\\\/\",\"logo\":{\"@type\":\"ImageObject\",\"inLanguage\":\"de\",\"@id\":\"https:\\\/\\\/www.vallonchene.fr\\\/de\\\/#\\\/schema\\\/logo\\\/image\\\/\",\"url\":\"https:\\\/\\\/www.vallonchene.fr\\\/wp-content\\\/uploads\\\/2023\\\/03\\\/Logo-Vallonchene-site-et-R_hauteur_100.png\",\"contentUrl\":\"https:\\\/\\\/www.vallonchene.fr\\\/wp-content\\\/uploads\\\/2023\\\/03\\\/Logo-Vallonchene-site-et-R_hauteur_100.png\",\"width\":221,\"height\":100,\"caption\":\"VALLONCHENE\"},\"image\":{\"@id\":\"https:\\\/\\\/www.vallonchene.fr\\\/de\\\/#\\\/schema\\\/logo\\\/image\\\/\"},\"sameAs\":[\"https:\\\/\\\/www.facebook.com\\\/vallonchene.fr\",\"https:\\\/\\\/www.instagram.com\\\/vallonchene\\\/\",\"https:\\\/\\\/www.pinterest.fr\\\/vallonchene\\\/\"],\"taxID\":\"49454502300017\",\"hasMerchantReturnPolicy\":{\"@type\":\"MerchantReturnPolicy\",\"merchantReturnLink\":\"https:\\\/\\\/www.vallonchene.fr\\\/remboursements_retours\\\/\"}}]}<\/script>\n<meta property=\"og:availability\" content=\"out of stock\" \/>\n<meta property=\"product:availability\" content=\"out of stock\" \/>\n<meta property=\"product:retailer_item_id\" content=\"58871\" \/>\n<meta property=\"product:condition\" content=\"new\" \/>\n<!-- \/ Yoast SEO Premium plugin. -->","yoast_head_json":{"title":"QUERCUS dentata 'Carl Ferris Miller' - Japanische Kaiser-Eiche","description":"Die Bl\u00e4tter dieser Daimyo-Eiche geh\u00f6ren zu den gr\u00f6\u00dften unter den Eichen. Das Laub der Quercus dentata 'Carl Ferris Miller' ist gr\u00fcn und f\u00e4rbt sich im Herbst orange.","robots":{"index":"index","follow":"follow","max-snippet":"max-snippet:-1","max-image-preview":"max-image-preview:large","max-video-preview":"max-video-preview:-1"},"canonical":"https:\/\/www.vallonchene.fr\/de\/produkt\/quercus-dentata-carl-ferris-miller\/","og_locale":"de_DE","og_type":"article","og_title":"QUERCUS dentata 'Carl Ferris Miller' - Japanische Kaiser-Eiche","og_description":"Die Bl\u00e4tter dieser Daimyo-Eiche geh\u00f6ren zu den gr\u00f6\u00dften unter den Eichen. Das Laub der Quercus dentata 'Carl Ferris Miller' ist gr\u00fcn und f\u00e4rbt sich im Herbst orange.","og_url":"https:\/\/www.vallonchene.fr\/de\/produkt\/quercus-dentata-carl-ferris-miller\/","og_site_name":"Vallonch\u00eane","article_publisher":"https:\/\/www.facebook.com\/vallonchene.fr","article_modified_time":"2025-11-11T10:12:50+00:00","og_image":[{"url":"https:\/\/www.vallonchene.fr\/wp-content\/uploads\/2024\/10\/QUERCUS-dentata-Carl-Ferris-Miller-300x300.webp","type":"","width":"","height":""}],"twitter_card":"summary_large_image","twitter_title":"QUERCUS dentata 'Carl Ferris Miller'","twitter_misc":{"Verf\u00fcgbarkeit":"Nicht vorr\u00e4tig"},"schema":{"@context":"https:\/\/schema.org","@graph":[{"@type":"WebPage","@id":"https:\/\/www.vallonchene.fr\/de\/produkt\/quercus-dentata-carl-ferris-miller\/","url":"https:\/\/www.vallonchene.fr\/de\/produkt\/quercus-dentata-carl-ferris-miller\/","name":"QUERCUS dentata 'Carl Ferris Miller' - Japanische Kaiser-Eiche","isPartOf":{"@id":"https:\/\/www.vallonchene.fr\/de\/#website"},"primaryImageOfPage":{"@id":"https:\/\/www.vallonchene.fr\/de\/produkt\/quercus-dentata-carl-ferris-miller\/#primaryimage"},"image":{"@id":"https:\/\/www.vallonchene.fr\/de\/produkt\/quercus-dentata-carl-ferris-miller\/#primaryimage"},"thumbnailUrl":"https:\/\/www.vallonchene.fr\/wp-content\/uploads\/2024\/10\/QUERCUS-dentata-Carl-Ferris-Miller.webp","datePublished":"2021-08-31T11:31:22+00:00","dateModified":"2025-11-11T10:12:50+00:00","description":"Die Bl\u00e4tter dieser Daimyo-Eiche geh\u00f6ren zu den gr\u00f6\u00dften unter den Eichen. Das Laub der Quercus dentata 'Carl Ferris Miller' ist gr\u00fcn und f\u00e4rbt sich im Herbst orange.","breadcrumb":{"@id":"https:\/\/www.vallonchene.fr\/de\/produkt\/quercus-dentata-carl-ferris-miller\/#breadcrumb"},"inLanguage":"de","potentialAction":[{"@type":"ReadAction","target":["https:\/\/www.vallonchene.fr\/de\/produkt\/quercus-dentata-carl-ferris-miller\/"]}]},{"@type":"ImageObject","inLanguage":"de","@id":"https:\/\/www.vallonchene.fr\/de\/produkt\/quercus-dentata-carl-ferris-miller\/#primaryimage","url":"https:\/\/www.vallonchene.fr\/wp-content\/uploads\/2024\/10\/QUERCUS-dentata-Carl-Ferris-Miller.webp","contentUrl":"https:\/\/www.vallonchene.fr\/wp-content\/uploads\/2024\/10\/QUERCUS-dentata-Carl-Ferris-Miller.webp","width":1200,"height":1200,"caption":"Makroaufnahme der gr\u00fcnen Bl\u00e4tter von QUERCUS dentata 'Carl Ferris Miller' mit wei\u00dfem Rand"},{"@type":"BreadcrumbList","@id":"https:\/\/www.vallonchene.fr\/de\/produkt\/quercus-dentata-carl-ferris-miller\/#breadcrumb","itemListElement":[{"@type":"ListItem","position":1,"name":"Home","item":"https:\/\/www.vallonchene.fr\/de\/"},{"@type":"ListItem","position":2,"name":"Shop","item":"https:\/\/www.vallonchene.fr\/de\/shop\/"},{"@type":"ListItem","position":3,"name":"Online-Verkauf","item":"https:\/\/www.vallonchene.fr\/de\/produkt-kategorie\/online-verkauf-de\/"},{"@type":"ListItem","position":4,"name":"Baumschule","item":"https:\/\/www.vallonchene.fr\/de\/produkt-kategorie\/online-verkauf-de\/baumschule-gaertnerei-de\/"},{"@type":"ListItem","position":5,"name":"Str\u00e4ucher und B\u00e4ume","item":"https:\/\/www.vallonchene.fr\/de\/produkt-kategorie\/online-verkauf-de\/baumschule-gaertnerei-de\/straucher-und-baume-de\/"},{"@type":"ListItem","position":6,"name":"QUERCUS dentata &#8218;Carl Ferris Miller&#8216;"}]},{"@type":"WebSite","@id":"https:\/\/www.vallonchene.fr\/de\/#website","url":"https:\/\/www.vallonchene.fr\/de\/","name":"Vallonch\u00eane","description":"Die Baumschule, bei der Qualit\u00e4t ihre Wurzeln hat \u2013 Tel.: +49 (0)6838-5399840","publisher":{"@id":"https:\/\/www.vallonchene.fr\/de\/#organization"},"potentialAction":[{"@type":"SearchAction","target":{"@type":"EntryPoint","urlTemplate":"https:\/\/www.vallonchene.fr\/de\/?s={search_term_string}"},"query-input":{"@type":"PropertyValueSpecification","valueRequired":true,"valueName":"search_term_string"}}],"inLanguage":"de"},{"@type":"Organization","@id":"https:\/\/www.vallonchene.fr\/de\/#organization","name":"VALLONCHENE","url":"https:\/\/www.vallonchene.fr\/de\/","logo":{"@type":"ImageObject","inLanguage":"de","@id":"https:\/\/www.vallonchene.fr\/de\/#\/schema\/logo\/image\/","url":"https:\/\/www.vallonchene.fr\/wp-content\/uploads\/2023\/03\/Logo-Vallonchene-site-et-R_hauteur_100.png","contentUrl":"https:\/\/www.vallonchene.fr\/wp-content\/uploads\/2023\/03\/Logo-Vallonchene-site-et-R_hauteur_100.png","width":221,"height":100,"caption":"VALLONCHENE"},"image":{"@id":"https:\/\/www.vallonchene.fr\/de\/#\/schema\/logo\/image\/"},"sameAs":["https:\/\/www.facebook.com\/vallonchene.fr","https:\/\/www.instagram.com\/vallonchene\/","https:\/\/www.pinterest.fr\/vallonchene\/"],"taxID":"49454502300017","hasMerchantReturnPolicy":{"@type":"MerchantReturnPolicy","merchantReturnLink":"https:\/\/www.vallonchene.fr\/remboursements_retours\/"}}]},"og_availability":"out of stock","product_availability":"out of stock","product_retailer_item_id":"58871","product_condition":"new"},"_links":{"self":[{"href":"https:\/\/www.vallonchene.fr\/de\/wp-json\/wp\/v2\/product\/5786","targetHints":{"allow":["GET"]}}],"collection":[{"href":"https:\/\/www.vallonchene.fr\/de\/wp-json\/wp\/v2\/product"}],"about":[{"href":"https:\/\/www.vallonchene.fr\/de\/wp-json\/wp\/v2\/types\/product"}],"replies":[{"embeddable":true,"href":"https:\/\/www.vallonchene.fr\/de\/wp-json\/wp\/v2\/comments?post=5786"}],"wp:featuredmedia":[{"embeddable":true,"href":"https:\/\/www.vallonchene.fr\/de\/wp-json\/wp\/v2\/media\/49880"}],"wp:attachment":[{"href":"https:\/\/www.vallonchene.fr\/de\/wp-json\/wp\/v2\/media?parent=5786"}],"wp:term":[{"taxonomy":"product_brand","embeddable":true,"href":"https:\/\/www.vallonchene.fr\/de\/wp-json\/wp\/v2\/product_brand?post=5786"},{"taxonomy":"product_cat","embeddable":true,"href":"https:\/\/www.vallonchene.fr\/de\/wp-json\/wp\/v2\/product_cat?post=5786"},{"taxonomy":"product_tag","embeddable":true,"href":"https:\/\/www.vallonchene.fr\/de\/wp-json\/wp\/v2\/product_tag?post=5786"}],"curies":[{"name":"wp","href":"https:\/\/api.w.org\/{rel}","templated":true}]}}