{"id":56072,"date":"2025-11-28T15:00:36","date_gmt":"2025-11-28T14:00:36","guid":{"rendered":"https:\/\/www.vallonchene.fr\/produit\/carpinus-fangiana\/"},"modified":"2025-12-04T10:13:31","modified_gmt":"2025-12-04T09:13:31","slug":"carpinus-fangiana","status":"publish","type":"product","link":"https:\/\/www.vallonchene.fr\/de\/produkt\/carpinus-fangiana\/","title":{"rendered":"CARPINUS fangiana"},"content":{"rendered":"<h2>Die Pflanze<\/h2>\n<p>Die <strong>CARPINUS FANGIANA<\/strong>, auch <strong>Fang-Hainbuche oder Affenschwanz-Hainbuche<\/strong> genannt, geh\u00f6rt zu den \u00e4u\u00dferst seltenen Zierb\u00e4umen. Sie zeichnet sich vor allem durch ihre <strong>riesigen K\u00e4tzchen<\/strong> aus, die eine L\u00e4nge von bis zu 50 cm erreichen k\u00f6nnen. Stellen Sie sich das einmal an einem Baum vor! Es handelt sich um die <strong>l\u00e4ngsten K\u00e4tzchen aller Hainbuchenarten<\/strong>.   <\/p>\n<p>Diese beeindruckenden <strong>Bl\u00fcten erscheinen im Mai-Juni<\/strong>. Sie beginnen mit einer wei\u00df-gr\u00fcnen Farbe und werden dann braun, wenn sie reif sind. <\/p>\n<p>Au\u00dferdem sind ihre Fr\u00fchjahrstriebe<strong> purpur- bis braunfarben<\/strong> und ihr <strong>Laub gl\u00e4nzt<\/strong>. Die <strong>Bl\u00e4tter erreichen eine L\u00e4nge von bis zu 27 cm<\/strong>. Im Sommer zeigen sie ein reizvolles Gr\u00fcn, w\u00e4hrend sie sich <strong>im Herbst orange f\u00e4rben<\/strong>.  <\/p>\n<p>Schlie\u00dflich vereint die Affenschwanz-Hainbuche die Widerstandskraft der Hainbuchen mit einem unvergleichlichen Bl\u00fctenschauspiel.<\/p>\n<h2>Geschichte und Herkunft<\/h2>\n<p>Die CARPINUS fangiana stammt aus dem S\u00fcden Chinas (Sichuan, Osten von Yunnan, Norden von Guangxi und Guizhou). Man findet sie dort in Bergt\u00e4lern in H\u00f6henlagen von 900 bis 2000 m. <\/p>\n<p>Au\u00dferdem wurde sie 1929 von <em>Hu Hsen-Hsu<\/em> im <em>Journal of the Arnold Arboretum<\/em> erstmals formell beschrieben. Sie wurde zu Ehren von <em>W. C. Fang<\/em> benannt, einem chinesischen Pflanzensammler, der erheblich zur Erforschung der chinesischen Flora beigetragen hat. <\/p>\n<p>Man beschreibt sie manchmal als mythische Hainbuche in der Gartenbauwelt wegen ihrer Seltenheit und ihrer au\u00dfergew\u00f6hnlichen K\u00e4tzchen. Au\u00dferdem geh\u00f6ren zu ihren Synonymen <em>CARPINUS wilsoniana &#8218;Hu&#8216;<\/em>. <\/p>\n<h2>Wie pflanzt und pflegt man CARPINUS fangiana?<\/h2>\n<h3>Die Pflanzung <br \/><\/h3>\n<p>F\u00fcr eine gute Pflanzung ber\u00fccksichtigen Sie die folgenden Punkte:<\/p>\n<ol>\n<li>Geben Sie ihr einen Platz <strong>in voller Sonne oder im Halbschatten<\/strong>.<\/li>\n<li>Der Standort sollte <strong>m\u00e4\u00dfig feucht<\/strong> sein.<\/li>\n<li>Der Boden kann <strong>leicht oder normal<\/strong> sein mit einem <strong>sauren, neutralen oder kalkhaltigen pH-Wert<\/strong>.<\/li>\n<li>F\u00fcr eine gute Vorbereitung des Pflanzlochs haben wir <a href=\"https:\/\/www.vallonchene.fr\/comment-planter-et-entretenir-des-vegetaux\/comment-planter-et-entretenir-arbres-arbustes-et-coniferes\/\" target=\"_blank\" rel=\"noreferrer noopener\"><strong>spezielle Anweisungen entwickelt, die hier verf\u00fcgbar<\/strong><\/a> sind.<\/li>\n<\/ol>\n<h3>Die Pflege <br \/><\/h3>\n<p>Stellen Sie w\u00e4hrend der ersten zwei Pflanzjahre in Trockenperioden eine regelm\u00e4\u00dfige Bew\u00e4sserung sicher, um ein gutes Anwachsen zu gew\u00e4hrleisten. <a href=\"https:\/\/www.vallonchene.fr\/comment-bien-arroser-le-jardin-et-economiser-leau\/\"><strong>Lesen Sie auch unsere Tipps, wie Sie richtig gie\u00dfen und Wasser sparen k\u00f6nnen, hier<\/strong><\/a>. <\/p>\n<p>Wenn Sie einen Schnitt durchf\u00fchren m\u00fcssen, tun Sie dies im Januar oder Februar vor dem neuen Austrieb.<\/p>\n","protected":false},"excerpt":{"rendered":"<p>Die <strong>CARPINUS fangiana<\/strong>, auch <strong>Fang-Hainbuche oder Affenschwanz-Hainbuche<\/strong> genannt, entwickelt au\u00dfergew\u00f6hnlich lange Bl\u00fcten und Bl\u00e4tter. Diese Hainbuche ist extrem selten.<\/p>\n","protected":false},"featured_media":56069,"comment_status":"open","ping_status":"closed","template":"","meta":[],"product_brand":[],"product_cat":[10733,252],"product_tag":[12749],"class_list":{"0":"post-56072","1":"product","2":"type-product","3":"status-publish","4":"has-post-thumbnail","6":"product_cat-seltene-pflanzen-sammlerpflanzen","7":"product_cat-straucher-und-baume-de","8":"product_tag-carpinus","9":"pa_99-hauteurapproximativeapres1-3_5m-de","10":"pa_couleurautomnaledufeuillage-orange-de","11":"pa_couleurdesfleurs-grun-de","12":"pa_couleurnormaledufeuillage-grun-de","13":"pa_exigencesenhumidite-normal-de","14":"pa_expositionspossibles-ce-halbschattigsonnezw12und17-de","15":"pa_expositionspossibles-sonnigvon12bis17uhr-de","16":"pa_hauteurlivree-30-bis-40-cm","17":"pa_hauteurlivree-40-bis-50-cm","18":"pa_interetauprintemps-bluten-de","19":"pa_interetauprintemps-laub-de","20":"pa_interetenautomne-laub-de","21":"pa_interetenete-bluten-de","22":"pa_interetenete-laub-de","23":"pa_naturedufeuillage-nichtimmergrun-de","24":"pa_naturesdesolpossibles-leicht-de","25":"pa_naturesdesolpossibles-normal-de","26":"pa_periodedefloraison-fruhling-de","27":"pa_periodedetaille-febr-de","28":"pa_periodedetaille-jan-de","29":"pa_phdusolacceptable-kalkigmehrals75-de","30":"pa_phdusolacceptable-neutralzw65u75-de","31":"pa_phdusolacceptable-sauerwenigerals65-de","32":"pa_portgraphisme-ausgebreitet-de","33":"pa_resistanceaufroidrusticite-frostbestandigbis_20c-de","34":"pa_tailledepot-jungpflanze-3-litertopf","35":"pa_utilisationpossible-alleinstehend-de","36":"pa_utilisationpossible-beet-de","37":"pa_utilisationpossible-kubelodertopf-de","39":"first","40":"instock","41":"taxable","42":"shipping-taxable","43":"purchasable","44":"product-type-variable"},"supplier_id":null,"supplier_sku":"","barcode":null,"atum_controlled":true,"out_stock_date":null,"out_stock_threshold":null,"inheritable":true,"inbound_stock":0,"stock_on_hold":0,"sold_today":0,"sales_last_days":0,"reserved_stock":0,"customer_returns":0,"warehouse_damage":0,"lost_in_post":0,"other_logs":0,"out_stock_days":null,"lost_sales":0,"has_location":false,"update_date":"2026-04-24T14:39:02","atum_locations":[],"atum_stock_status":"instock","restock_status":false,"low_stock_amount":"","sales_update_date":"2026-04-24T14:39:02","calc_backorders":null,"yoast_head":"<!-- This site is optimized with the Yoast SEO Premium plugin v27.4 (Yoast SEO v27.4) - https:\/\/yoast.com\/product\/yoast-seo-premium-wordpress\/ -->\n<title>CARPINUS fangiana - Fang-Hainbuche, Affenschwanz-Hainbuche<\/title>\n<meta name=\"description\" content=\"Die CARPINUS fangiana, auch Fang-Hainbuche oder Affenschwanz-Hainbuche genannt, entwickelt au\u00dfergew\u00f6hnlich lange Bl\u00fcten und Bl\u00e4tter.\" \/>\n<meta name=\"robots\" content=\"index, follow, max-snippet:-1, max-image-preview:large, max-video-preview:-1\" \/>\n<link rel=\"canonical\" href=\"https:\/\/www.vallonchene.fr\/de\/produkt\/carpinus-fangiana\/\" \/>\n<meta property=\"og:locale\" content=\"de_DE\" \/>\n<meta property=\"og:type\" content=\"article\" \/>\n<meta property=\"og:title\" content=\"CARPINUS fangiana\" \/>\n<meta property=\"og:description\" content=\"Die CARPINUS fangiana, auch Fang-Hainbuche oder Affenschwanz-Hainbuche genannt, entwickelt au\u00dfergew\u00f6hnlich lange Bl\u00fcten und Bl\u00e4tter.\" \/>\n<meta property=\"og:url\" content=\"https:\/\/www.vallonchene.fr\/de\/produkt\/carpinus-fangiana\/\" \/>\n<meta property=\"og:site_name\" content=\"Vallonch\u00eane\" \/>\n<meta property=\"article:publisher\" content=\"https:\/\/www.facebook.com\/vallonchene.fr\" \/>\n<meta property=\"article:modified_time\" content=\"2025-12-04T09:13:31+00:00\" \/>\n<meta property=\"og:image\" content=\"https:\/\/www.vallonchene.fr\/wp-content\/uploads\/2025\/11\/CARPINUS-fangiana-1.webp\" \/>\n\t<meta property=\"og:image:width\" content=\"1024\" \/>\n\t<meta property=\"og:image:height\" content=\"1024\" \/>\n\t<meta property=\"og:image:type\" content=\"image\/webp\" \/>\n<meta name=\"twitter:card\" content=\"summary_large_image\" \/>\n<meta name=\"twitter:label1\" content=\"Verf\u00fcgbarkeit\" \/>\n\t<meta name=\"twitter:data1\" content=\"Vorr\u00e4tig\" \/>\n<script type=\"application\/ld+json\" class=\"yoast-schema-graph\">{\"@context\":\"https:\\\/\\\/schema.org\",\"@graph\":[{\"@type\":\"WebPage\",\"@id\":\"https:\\\/\\\/www.vallonchene.fr\\\/de\\\/produkt\\\/carpinus-fangiana\\\/\",\"url\":\"https:\\\/\\\/www.vallonchene.fr\\\/de\\\/produkt\\\/carpinus-fangiana\\\/\",\"name\":\"CARPINUS fangiana - Fang-Hainbuche, Affenschwanz-Hainbuche\",\"isPartOf\":{\"@id\":\"https:\\\/\\\/www.vallonchene.fr\\\/de\\\/#website\"},\"primaryImageOfPage\":{\"@id\":\"https:\\\/\\\/www.vallonchene.fr\\\/de\\\/produkt\\\/carpinus-fangiana\\\/#primaryimage\"},\"image\":{\"@id\":\"https:\\\/\\\/www.vallonchene.fr\\\/de\\\/produkt\\\/carpinus-fangiana\\\/#primaryimage\"},\"thumbnailUrl\":\"https:\\\/\\\/www.vallonchene.fr\\\/wp-content\\\/uploads\\\/2025\\\/11\\\/CARPINUS-fangiana-1.webp\",\"datePublished\":\"2025-11-28T14:00:36+00:00\",\"dateModified\":\"2025-12-04T09:13:31+00:00\",\"description\":\"Die CARPINUS fangiana, auch Fang-Hainbuche oder Affenschwanz-Hainbuche genannt, entwickelt au\u00dfergew\u00f6hnlich lange Bl\u00fcten und Bl\u00e4tter.\",\"breadcrumb\":{\"@id\":\"https:\\\/\\\/www.vallonchene.fr\\\/de\\\/produkt\\\/carpinus-fangiana\\\/#breadcrumb\"},\"inLanguage\":\"de\",\"potentialAction\":[{\"@type\":\"ReadAction\",\"target\":[\"https:\\\/\\\/www.vallonchene.fr\\\/de\\\/produkt\\\/carpinus-fangiana\\\/\"]}]},{\"@type\":\"ImageObject\",\"inLanguage\":\"de\",\"@id\":\"https:\\\/\\\/www.vallonchene.fr\\\/de\\\/produkt\\\/carpinus-fangiana\\\/#primaryimage\",\"url\":\"https:\\\/\\\/www.vallonchene.fr\\\/wp-content\\\/uploads\\\/2025\\\/11\\\/CARPINUS-fangiana-1.webp\",\"contentUrl\":\"https:\\\/\\\/www.vallonchene.fr\\\/wp-content\\\/uploads\\\/2025\\\/11\\\/CARPINUS-fangiana-1.webp\",\"width\":1024,\"height\":1024,\"caption\":\"Bl\u00e4tter und Bl\u00fcten einer CARPINUS fangiana\"},{\"@type\":\"BreadcrumbList\",\"@id\":\"https:\\\/\\\/www.vallonchene.fr\\\/de\\\/produkt\\\/carpinus-fangiana\\\/#breadcrumb\",\"itemListElement\":[{\"@type\":\"ListItem\",\"position\":1,\"name\":\"Home\",\"item\":\"https:\\\/\\\/www.vallonchene.fr\\\/de\\\/\"},{\"@type\":\"ListItem\",\"position\":2,\"name\":\"Shop\",\"item\":\"https:\\\/\\\/www.vallonchene.fr\\\/de\\\/shop\\\/\"},{\"@type\":\"ListItem\",\"position\":3,\"name\":\"Online-Verkauf\",\"item\":\"https:\\\/\\\/www.vallonchene.fr\\\/de\\\/produkt-kategorie\\\/online-verkauf-de\\\/\"},{\"@type\":\"ListItem\",\"position\":4,\"name\":\"Baumschule\",\"item\":\"https:\\\/\\\/www.vallonchene.fr\\\/de\\\/produkt-kategorie\\\/online-verkauf-de\\\/baumschule-gaertnerei-de\\\/\"},{\"@type\":\"ListItem\",\"position\":5,\"name\":\"Str\u00e4ucher und B\u00e4ume\",\"item\":\"https:\\\/\\\/www.vallonchene.fr\\\/de\\\/produkt-kategorie\\\/online-verkauf-de\\\/baumschule-gaertnerei-de\\\/straucher-und-baume-de\\\/\"},{\"@type\":\"ListItem\",\"position\":6,\"name\":\"CARPINUS fangiana\"}]},{\"@type\":\"WebSite\",\"@id\":\"https:\\\/\\\/www.vallonchene.fr\\\/de\\\/#website\",\"url\":\"https:\\\/\\\/www.vallonchene.fr\\\/de\\\/\",\"name\":\"Vallonch\u00eane\",\"description\":\"Die Baumschule, bei der Qualit\u00e4t ihre Wurzeln hat \u2013 Tel.: +49 (0)6838-5399840\",\"publisher\":{\"@id\":\"https:\\\/\\\/www.vallonchene.fr\\\/de\\\/#organization\"},\"potentialAction\":[{\"@type\":\"SearchAction\",\"target\":{\"@type\":\"EntryPoint\",\"urlTemplate\":\"https:\\\/\\\/www.vallonchene.fr\\\/de\\\/?s={search_term_string}\"},\"query-input\":{\"@type\":\"PropertyValueSpecification\",\"valueRequired\":true,\"valueName\":\"search_term_string\"}}],\"inLanguage\":\"de\"},{\"@type\":\"Organization\",\"@id\":\"https:\\\/\\\/www.vallonchene.fr\\\/de\\\/#organization\",\"name\":\"VALLONCHENE\",\"url\":\"https:\\\/\\\/www.vallonchene.fr\\\/de\\\/\",\"logo\":{\"@type\":\"ImageObject\",\"inLanguage\":\"de\",\"@id\":\"https:\\\/\\\/www.vallonchene.fr\\\/de\\\/#\\\/schema\\\/logo\\\/image\\\/\",\"url\":\"https:\\\/\\\/www.vallonchene.fr\\\/wp-content\\\/uploads\\\/2023\\\/03\\\/Logo-Vallonchene-site-et-R_hauteur_100.png\",\"contentUrl\":\"https:\\\/\\\/www.vallonchene.fr\\\/wp-content\\\/uploads\\\/2023\\\/03\\\/Logo-Vallonchene-site-et-R_hauteur_100.png\",\"width\":221,\"height\":100,\"caption\":\"VALLONCHENE\"},\"image\":{\"@id\":\"https:\\\/\\\/www.vallonchene.fr\\\/de\\\/#\\\/schema\\\/logo\\\/image\\\/\"},\"sameAs\":[\"https:\\\/\\\/www.facebook.com\\\/vallonchene.fr\",\"https:\\\/\\\/www.instagram.com\\\/vallonchene\\\/\",\"https:\\\/\\\/www.pinterest.fr\\\/vallonchene\\\/\"],\"taxID\":\"49454502300017\",\"hasMerchantReturnPolicy\":{\"@type\":\"MerchantReturnPolicy\",\"merchantReturnLink\":\"https:\\\/\\\/www.vallonchene.fr\\\/remboursements_retours\\\/\"}}]}<\/script>\n<meta property=\"og:availability\" content=\"instock\" \/>\n<meta property=\"product:availability\" content=\"instock\" \/>\n<meta property=\"product:condition\" content=\"new\" \/>\n<!-- \/ Yoast SEO Premium plugin. -->","yoast_head_json":{"title":"CARPINUS fangiana - Fang-Hainbuche, Affenschwanz-Hainbuche","description":"Die CARPINUS fangiana, auch Fang-Hainbuche oder Affenschwanz-Hainbuche genannt, entwickelt au\u00dfergew\u00f6hnlich lange Bl\u00fcten und Bl\u00e4tter.","robots":{"index":"index","follow":"follow","max-snippet":"max-snippet:-1","max-image-preview":"max-image-preview:large","max-video-preview":"max-video-preview:-1"},"canonical":"https:\/\/www.vallonchene.fr\/de\/produkt\/carpinus-fangiana\/","og_locale":"de_DE","og_type":"article","og_title":"CARPINUS fangiana","og_description":"Die CARPINUS fangiana, auch Fang-Hainbuche oder Affenschwanz-Hainbuche genannt, entwickelt au\u00dfergew\u00f6hnlich lange Bl\u00fcten und Bl\u00e4tter.","og_url":"https:\/\/www.vallonchene.fr\/de\/produkt\/carpinus-fangiana\/","og_site_name":"Vallonch\u00eane","article_publisher":"https:\/\/www.facebook.com\/vallonchene.fr","article_modified_time":"2025-12-04T09:13:31+00:00","og_image":[{"width":1024,"height":1024,"url":"https:\/\/www.vallonchene.fr\/wp-content\/uploads\/2025\/11\/CARPINUS-fangiana-1.webp","type":"image\/webp"}],"twitter_card":"summary_large_image","twitter_misc":{"Verf\u00fcgbarkeit":"Vorr\u00e4tig"},"schema":{"@context":"https:\/\/schema.org","@graph":[{"@type":"WebPage","@id":"https:\/\/www.vallonchene.fr\/de\/produkt\/carpinus-fangiana\/","url":"https:\/\/www.vallonchene.fr\/de\/produkt\/carpinus-fangiana\/","name":"CARPINUS fangiana - Fang-Hainbuche, Affenschwanz-Hainbuche","isPartOf":{"@id":"https:\/\/www.vallonchene.fr\/de\/#website"},"primaryImageOfPage":{"@id":"https:\/\/www.vallonchene.fr\/de\/produkt\/carpinus-fangiana\/#primaryimage"},"image":{"@id":"https:\/\/www.vallonchene.fr\/de\/produkt\/carpinus-fangiana\/#primaryimage"},"thumbnailUrl":"https:\/\/www.vallonchene.fr\/wp-content\/uploads\/2025\/11\/CARPINUS-fangiana-1.webp","datePublished":"2025-11-28T14:00:36+00:00","dateModified":"2025-12-04T09:13:31+00:00","description":"Die CARPINUS fangiana, auch Fang-Hainbuche oder Affenschwanz-Hainbuche genannt, entwickelt au\u00dfergew\u00f6hnlich lange Bl\u00fcten und Bl\u00e4tter.","breadcrumb":{"@id":"https:\/\/www.vallonchene.fr\/de\/produkt\/carpinus-fangiana\/#breadcrumb"},"inLanguage":"de","potentialAction":[{"@type":"ReadAction","target":["https:\/\/www.vallonchene.fr\/de\/produkt\/carpinus-fangiana\/"]}]},{"@type":"ImageObject","inLanguage":"de","@id":"https:\/\/www.vallonchene.fr\/de\/produkt\/carpinus-fangiana\/#primaryimage","url":"https:\/\/www.vallonchene.fr\/wp-content\/uploads\/2025\/11\/CARPINUS-fangiana-1.webp","contentUrl":"https:\/\/www.vallonchene.fr\/wp-content\/uploads\/2025\/11\/CARPINUS-fangiana-1.webp","width":1024,"height":1024,"caption":"Bl\u00e4tter und Bl\u00fcten einer CARPINUS fangiana"},{"@type":"BreadcrumbList","@id":"https:\/\/www.vallonchene.fr\/de\/produkt\/carpinus-fangiana\/#breadcrumb","itemListElement":[{"@type":"ListItem","position":1,"name":"Home","item":"https:\/\/www.vallonchene.fr\/de\/"},{"@type":"ListItem","position":2,"name":"Shop","item":"https:\/\/www.vallonchene.fr\/de\/shop\/"},{"@type":"ListItem","position":3,"name":"Online-Verkauf","item":"https:\/\/www.vallonchene.fr\/de\/produkt-kategorie\/online-verkauf-de\/"},{"@type":"ListItem","position":4,"name":"Baumschule","item":"https:\/\/www.vallonchene.fr\/de\/produkt-kategorie\/online-verkauf-de\/baumschule-gaertnerei-de\/"},{"@type":"ListItem","position":5,"name":"Str\u00e4ucher und B\u00e4ume","item":"https:\/\/www.vallonchene.fr\/de\/produkt-kategorie\/online-verkauf-de\/baumschule-gaertnerei-de\/straucher-und-baume-de\/"},{"@type":"ListItem","position":6,"name":"CARPINUS fangiana"}]},{"@type":"WebSite","@id":"https:\/\/www.vallonchene.fr\/de\/#website","url":"https:\/\/www.vallonchene.fr\/de\/","name":"Vallonch\u00eane","description":"Die Baumschule, bei der Qualit\u00e4t ihre Wurzeln hat \u2013 Tel.: +49 (0)6838-5399840","publisher":{"@id":"https:\/\/www.vallonchene.fr\/de\/#organization"},"potentialAction":[{"@type":"SearchAction","target":{"@type":"EntryPoint","urlTemplate":"https:\/\/www.vallonchene.fr\/de\/?s={search_term_string}"},"query-input":{"@type":"PropertyValueSpecification","valueRequired":true,"valueName":"search_term_string"}}],"inLanguage":"de"},{"@type":"Organization","@id":"https:\/\/www.vallonchene.fr\/de\/#organization","name":"VALLONCHENE","url":"https:\/\/www.vallonchene.fr\/de\/","logo":{"@type":"ImageObject","inLanguage":"de","@id":"https:\/\/www.vallonchene.fr\/de\/#\/schema\/logo\/image\/","url":"https:\/\/www.vallonchene.fr\/wp-content\/uploads\/2023\/03\/Logo-Vallonchene-site-et-R_hauteur_100.png","contentUrl":"https:\/\/www.vallonchene.fr\/wp-content\/uploads\/2023\/03\/Logo-Vallonchene-site-et-R_hauteur_100.png","width":221,"height":100,"caption":"VALLONCHENE"},"image":{"@id":"https:\/\/www.vallonchene.fr\/de\/#\/schema\/logo\/image\/"},"sameAs":["https:\/\/www.facebook.com\/vallonchene.fr","https:\/\/www.instagram.com\/vallonchene\/","https:\/\/www.pinterest.fr\/vallonchene\/"],"taxID":"49454502300017","hasMerchantReturnPolicy":{"@type":"MerchantReturnPolicy","merchantReturnLink":"https:\/\/www.vallonchene.fr\/remboursements_retours\/"}}]},"og_availability":"instock","product_availability":"instock","product_condition":"new"},"_links":{"self":[{"href":"https:\/\/www.vallonchene.fr\/de\/wp-json\/wp\/v2\/product\/56072","targetHints":{"allow":["GET"]}}],"collection":[{"href":"https:\/\/www.vallonchene.fr\/de\/wp-json\/wp\/v2\/product"}],"about":[{"href":"https:\/\/www.vallonchene.fr\/de\/wp-json\/wp\/v2\/types\/product"}],"replies":[{"embeddable":true,"href":"https:\/\/www.vallonchene.fr\/de\/wp-json\/wp\/v2\/comments?post=56072"}],"wp:featuredmedia":[{"embeddable":true,"href":"https:\/\/www.vallonchene.fr\/de\/wp-json\/wp\/v2\/media\/56069"}],"wp:attachment":[{"href":"https:\/\/www.vallonchene.fr\/de\/wp-json\/wp\/v2\/media?parent=56072"}],"wp:term":[{"taxonomy":"product_brand","embeddable":true,"href":"https:\/\/www.vallonchene.fr\/de\/wp-json\/wp\/v2\/product_brand?post=56072"},{"taxonomy":"product_cat","embeddable":true,"href":"https:\/\/www.vallonchene.fr\/de\/wp-json\/wp\/v2\/product_cat?post=56072"},{"taxonomy":"product_tag","embeddable":true,"href":"https:\/\/www.vallonchene.fr\/de\/wp-json\/wp\/v2\/product_tag?post=56072"}],"curies":[{"name":"wp","href":"https:\/\/api.w.org\/{rel}","templated":true}]}}